{"id":1034,"date":"2019-05-22T17:17:07","date_gmt":"2019-05-22T15:17:07","guid":{"rendered":"https:\/\/ahorn-camp.de\/?page_id=1034"},"modified":"2024-02-20T13:28:31","modified_gmt":"2024-02-20T12:28:31","slug":"novice-ahorn","status":"publish","type":"page","link":"https:\/\/ahorn-camp.de\/sl\/ahorn-news\/","title":{"rendered":"Ahorn novice in tisk"},"content":{"rendered":"<div class=\"wpb-content-wrapper\" id=\"wpb-content-root\"><section class=\"vc_section vc_section-o-content-top vc_section-flex\"><div class=\"vc_row wpb_row vc_row-fluid\"><div class=\"wpb_column vc_column_container vc_col-sm-12\"><div class=\"vc_column-inner\"><div class=\"wpb_wrapper\">\n<div class=\"vc_grid-container-wrapper vc_clearfix vc_grid-animation-none\">\n\t<div class=\"vc_grid-container vc_clearfix wpb_content_element vc_basic_grid\" style=\"--vc-grid-gap:30px;--vc-grid-arrows-color:#5472D2;--vc-grid-paging-color:#EBEBEB;\" data-initial-loading-animation=\"none\" data-vc-grid-settings=\"{&quot;page_id&quot;:1034,&quot;style&quot;:&quot;load-more&quot;,&quot;action&quot;:&quot;vc_get_vc_grid_data&quot;,&quot;shortcode_id&quot;:&quot;1672678791664-d4ab8c92-42f5-10&quot;,&quot;items_per_page&quot;:&quot;6&quot;,&quot;btn_data&quot;:{&quot;title&quot;:&quot;Load more&quot;,&quot;shape&quot;:&quot;square&quot;,&quot;align&quot;:&quot;center&quot;,&quot;size&quot;:&quot;md&quot;,&quot;style&quot;:&quot;flat&quot;,&quot;gradient_custom_color_1&quot;:&quot;#dd3333&quot;,&quot;gradient_custom_color_2&quot;:&quot;#eeee22&quot;,&quot;gradient_text_color&quot;:&quot;#ffffff&quot;,&quot;custom_background&quot;:&quot;#EBEBEB&quot;,&quot;custom_hover_background&quot;:&quot;#dcdcdc&quot;,&quot;custom_text&quot;:&quot;#666&quot;,&quot;custom_hover_text&quot;:&quot;#5e5e5e&quot;,&quot;custom_border&quot;:&quot;&quot;,&quot;custom_hover_border&quot;:&quot;&quot;,&quot;outline_custom_color&quot;:&quot;#666&quot;,&quot;outline_custom_hover_background&quot;:&quot;#666&quot;,&quot;outline_custom_hover_text&quot;:&quot;#fff&quot;,&quot;button_block&quot;:&quot;&quot;,&quot;custom_onclick&quot;:&quot;&quot;,&quot;custom_onclick_code&quot;:&quot;&quot;,&quot;add_icon&quot;:&quot;&quot;,&quot;i_align&quot;:&quot;left&quot;,&quot;i_type&quot;:&quot;fontawesome&quot;,&quot;i_icon_fontawesome&quot;:&quot;fas fa-adjust&quot;,&quot;i_icon_openiconic&quot;:&quot;vc-oi vc-oi-dial&quot;,&quot;i_icon_typicons&quot;:&quot;typcn typcn-adjust-brightness&quot;,&quot;i_icon_entypo&quot;:&quot;entypo-icon entypo-icon-note&quot;,&quot;i_icon_linecons&quot;:&quot;vc_li vc_li-heart&quot;,&quot;i_icon_pixelicons&quot;:&quot;vc_pixel_icon vc_pixel_icon-alert&quot;,&quot;el_id&quot;:&quot;&quot;,&quot;color&quot;:&quot;blue&quot;},&quot;tag&quot;:&quot;vc_basic_grid&quot;}\" data-vc-request=\"https:\/\/ahorn-camp.de\/wp-admin\/admin-ajax.php\" data-vc-post-id=\"1034\" data-vc-public-nonce=\"fcab567e5f\">\n\t\t<style data-type=\"vc_shortcodes-custom-css\">.vc_custom_1419328663991{background-color: #f4f4f4 !important;}<\/style><ul class=\"vc_grid-filter vc_clearfix vc_grid-filter-default vc_grid-filter-size-md vc_grid-filter-center vc_grid-filter-color-custom\" style=\"--vc-filter-bg:#EBEBEB;\" data-vc-grid-filter=\"category\"><li class=\"vc_active vc_grid-filter-item\"><span data-vc-grid-filter-value=\"*\">All<\/span><\/li><li class=\"vc_grid-filter-item\"><span data-vc-grid-filter-value=\".vc_grid-term-593\">Nagrade<\/span><\/li><li class=\"vc_grid-filter-item\"><span data-vc-grid-filter-value=\".vc_grid-term-54\">Dogodki &amp; Sejmi<\/span><\/li><li class=\"vc_grid-filter-item\"><span data-vc-grid-filter-value=\".vc_grid-term-68\">Poro\u010dila o vozilu<\/span><\/li><li class=\"vc_grid-filter-item\"><span data-vc-grid-filter-value=\".vc_grid-term-277\">Sporo\u010dila za javnost<\/span><\/li><li class=\"vc_grid-filter-item\"><span data-vc-grid-filter-value=\".vc_grid-term-67\">Podjetje<\/span><\/li><\/ul><div class=\"vc_grid-filter-select vc_grid-filter-center vc_grid-filter-color-custom\" style=\"--vc-filter-bg:#EBEBEB;\" data-vc-grid-filter-select=\"category\"><div class=\"vc_grid-styled-select\"><select data-filter=\"category\"><option class=\"vc_active\" value=\"*\">All&nbsp;&nbsp;&nbsp;&nbsp;&nbsp;&nbsp;&nbsp;&nbsp;&nbsp;&nbsp;<\/option><option value=\".vc_grid-term-593\">Nagrade&nbsp;&nbsp;&nbsp;&nbsp;&nbsp;&nbsp;&nbsp;&nbsp;&nbsp;&nbsp;<\/option><option value=\".vc_grid-term-54\">Dogodki &amp; Sejmi&nbsp;&nbsp;&nbsp;&nbsp;&nbsp;&nbsp;&nbsp;&nbsp;&nbsp;&nbsp;<\/option><option value=\".vc_grid-term-68\">Poro\u010dila o vozilu&nbsp;&nbsp;&nbsp;&nbsp;&nbsp;&nbsp;&nbsp;&nbsp;&nbsp;&nbsp;<\/option><option value=\".vc_grid-term-277\">Sporo\u010dila za javnost&nbsp;&nbsp;&nbsp;&nbsp;&nbsp;&nbsp;&nbsp;&nbsp;&nbsp;&nbsp;<\/option><option value=\".vc_grid-term-67\">Podjetje&nbsp;&nbsp;&nbsp;&nbsp;&nbsp;&nbsp;&nbsp;&nbsp;&nbsp;&nbsp;<\/option><\/select><i class=\"vc_arrow-icon-navicon\"><\/i>\n\t\t<\/div>\n\t<\/div><div class=\"vc_grid vc_row vc_grid-gutter vc_pageable-wrapper vc_hook_hover\" data-vc-pageable-content=\"true\"><div class=\"vc_pageable-slide-wrapper vc_clearfix\" data-vc-grid-content=\"true\"><div class=\"vc_grid-item vc_clearfix vc_col-sm-4 vc_grid-item-zone-c-bottom vc_grid-term-277\"><div class=\"vc_grid-item-mini vc_clearfix\"><div class=\"vc_gitem-animated-block\" ><div class=\"vc_gitem-zone vc_gitem-zone-a vc_gitem-is-link\" style=\"background-image: url('https:\/\/ahorn-camp.de\/wp-content\/uploads\/2026\/01\/DSC04271-1024x683.jpg') !important;\"><a href=\"https:\/\/ahorn-camp.de\/sl\/ahorn-camp-gewinnt-promobil-award-2026\/\" title=\"Ahorn Camp osvojil nagrado Promobil Award: avtodom leta 2026\" class=\"vc_gitem-link vc-zone-link\" ><\/a><img decoding=\"async\" class=\"vc_gitem-zone-img\" src=\"https:\/\/ahorn-camp.de\/wp-content\/uploads\/2026\/01\/DSC04271-1024x683.jpg\" alt=\"Reisemobil leta\"><div class=\"vc_gitem-zone-mini\"><\/div><\/div><\/div><div class=\"vc_gitem-zone vc_gitem-zone-c vc_custom_1419328663991\"><div class=\"vc_gitem-zone-mini\"><div class=\"vc_gitem_row vc_row vc_gitem-row-position-top\"><div class=\"vc_col-sm-12 vc_gitem-col vc_gitem-col-align-\"><div class=\"vc_custom_heading vc_gitem-post-data vc_gitem-post-data-source-post_title\" ><h4 style=\"text-align: left\" >Ahorn Camp osvojil nagrado Promobil Award: avtodom leta 2026<\/h4><\/div><div class=\"vc_custom_heading vc_gitem-post-data vc_gitem-post-data-source-post_excerpt\" ><p style=\"text-align: left\" ><p>Bralci revije Promobil so se odlo\u010dili: Ahorn Camp je med zmagovalci nate\u010daja \u201eAvtodomi leta 2026\u201c. V kategoriji avtodomov z alkovom do 70.000 evrov so modeli Ahorn Camp osvojili 2. mesto<\/p>\n<\/p><\/div><div class=\"vc_btn3-container vc_btn3-left\" ><a onmouseenter=\"this.style.backgroundColor='#f23630'; this.style.color='#f7f7f7';\" onmouseleave=\"this.style.backgroundColor='#F4524D'; this.style.color='#fff';\" style=\"background-color:#F4524D; color:#fff;\" class=\"vc_general vc_btn3 vc_btn3-size-md vc_btn3-shape-rounded vc_btn3-style-flat\" href=\"https:\/\/ahorn-camp.de\/sl\/ahorn-camp-gewinnt-promobil-award-2026\/\" title=\"\">Read more<\/a><\/div><\/div><\/div><\/div><\/div><\/div><div class=\"vc_clearfix\"><\/div><\/div><div class=\"vc_grid-item vc_clearfix vc_col-sm-4 vc_grid-item-zone-c-bottom vc_grid-term-277\"><div class=\"vc_grid-item-mini vc_clearfix\"><div class=\"vc_gitem-animated-block\" ><div class=\"vc_gitem-zone vc_gitem-zone-a vc_gitem-is-link\" style=\"background-image: url('https:\/\/ahorn-camp.de\/wp-content\/uploads\/2026\/01\/T680-1024x341.webp') !important;\"><a href=\"https:\/\/ahorn-camp.de\/sl\/ahorn-camp-praesentiert-den-neuen-t-680-premiere-eines-einzigartigen-grundrisses-auf-der-cmt-2026\/\" title=\"Ahorn Camp predstavlja novi model T 680 \u2013 premiera edinstvene tlorisne zasnove na sejmu CMT 2026\" class=\"vc_gitem-link vc-zone-link\" ><\/a><img decoding=\"async\" class=\"vc_gitem-zone-img\" src=\"https:\/\/ahorn-camp.de\/wp-content\/uploads\/2026\/01\/T680-1024x341.webp\" alt=\"t680 veliki brat\"><div class=\"vc_gitem-zone-mini\"><\/div><\/div><\/div><div class=\"vc_gitem-zone vc_gitem-zone-c vc_custom_1419328663991\"><div class=\"vc_gitem-zone-mini\"><div class=\"vc_gitem_row vc_row vc_gitem-row-position-top\"><div class=\"vc_col-sm-12 vc_gitem-col vc_gitem-col-align-\"><div class=\"vc_custom_heading vc_gitem-post-data vc_gitem-post-data-source-post_title\" ><h4 style=\"text-align: left\" >Ahorn Camp predstavlja novi model T 680 \u2013 premiera edinstvene tlorisne zasnove na sejmu CMT 2026<\/h4><\/div><div class=\"vc_custom_heading vc_gitem-post-data vc_gitem-post-data-source-post_excerpt\" ><p style=\"text-align: left\" ><p>Na sejmu CMT 2026 bo svojo svetovno premiero do\u017eivel izjemno vsestranski polintegrirani avtodom Ahorn Camp T 680. Inovativna notranja ureditev z dvigalno posteljo, prostorno kopalnico in sodobnim dizajnom zdru\u017euje udobje in ob\u010dutek prostora na dol\u017eini manj kot sedem metrov. Izvedite ve\u010d o novem modelu, tehnologiji na osnovi Renault Masterja in najpomembnej\u0161ih novostih podjetja Ahorn Camp na sejmu.<\/p>\n<\/p><\/div><div class=\"vc_btn3-container vc_btn3-left\" ><a onmouseenter=\"this.style.backgroundColor='#f23630'; this.style.color='#f7f7f7';\" onmouseleave=\"this.style.backgroundColor='#F4524D'; this.style.color='#fff';\" style=\"background-color:#F4524D; color:#fff;\" class=\"vc_general vc_btn3 vc_btn3-size-md vc_btn3-shape-rounded vc_btn3-style-flat\" href=\"https:\/\/ahorn-camp.de\/sl\/ahorn-camp-praesentiert-den-neuen-t-680-premiere-eines-einzigartigen-grundrisses-auf-der-cmt-2026\/\" title=\"\">Read more<\/a><\/div><\/div><\/div><\/div><\/div><\/div><div class=\"vc_clearfix\"><\/div><\/div><div class=\"vc_grid-item vc_clearfix vc_col-sm-4 vc_grid-item-zone-c-bottom vc_grid-term-54 vc_grid-term-277\"><div class=\"vc_grid-item-mini vc_clearfix\"><div class=\"vc_gitem-animated-block\" ><div class=\"vc_gitem-zone vc_gitem-zone-a vc_gitem-is-link\" style=\"background-image: url('https:\/\/ahorn-camp.de\/wp-content\/uploads\/2025\/12\/Logistikzentrum.webp') !important;\"><a href=\"https:\/\/ahorn-camp.de\/sl\/ahorn-camps-neues-logistikzentrum\/\" title=\"Ahorn Camp odpre novo logisti\u010dno sredi\u0161\u010de v Speyerju \u2013 v ospredju so u\u010dinkovitost, trajnost in strate\u0161ka rast\" class=\"vc_gitem-link vc-zone-link\" ><\/a><img decoding=\"async\" class=\"vc_gitem-zone-img\" src=\"https:\/\/ahorn-camp.de\/wp-content\/uploads\/2025\/12\/Logistikzentrum.webp\" alt=\"Ahornov novi logisti\u010dni center ob odprtju\"><div class=\"vc_gitem-zone-mini\"><\/div><\/div><\/div><div class=\"vc_gitem-zone vc_gitem-zone-c vc_custom_1419328663991\"><div class=\"vc_gitem-zone-mini\"><div class=\"vc_gitem_row vc_row vc_gitem-row-position-top\"><div class=\"vc_col-sm-12 vc_gitem-col vc_gitem-col-align-\"><div class=\"vc_custom_heading vc_gitem-post-data vc_gitem-post-data-source-post_title\" ><h4 style=\"text-align: left\" >Ahorn Camp odpre novo logisti\u010dno sredi\u0161\u010de v Speyerju \u2013 v ospredju so u\u010dinkovitost, trajnost in strate\u0161ka rast<\/h4><\/div><div class=\"vc_custom_heading vc_gitem-post-data vc_gitem-post-data-source-post_excerpt\" ><p style=\"text-align: left\" ><p>Ponudnik avtodomov Ahorn Camp je v svojem glavnem sede\u017eu v Speyerju uradno odprl novo logisti\u010dno sredi\u0161\u010de za rezervne dele in dodatno opremo. Z nalo\u017ebo v vi\u0161ini pribli\u017eno 750.000 evrov in gradbenim \u010dasom, ki je trajal le \u0161est mesecev, je to dru\u017einsko podjetje s tem doseglo pomemben mejnik v svoji strategiji rasti in hkrati optimiziralo celotno dobavno verigo.<\/p>\n<\/p><\/div><div class=\"vc_btn3-container vc_btn3-left\" ><a onmouseenter=\"this.style.backgroundColor='#f23630'; this.style.color='#f7f7f7';\" onmouseleave=\"this.style.backgroundColor='#F4524D'; this.style.color='#fff';\" style=\"background-color:#F4524D; color:#fff;\" class=\"vc_general vc_btn3 vc_btn3-size-md vc_btn3-shape-rounded vc_btn3-style-flat\" href=\"https:\/\/ahorn-camp.de\/sl\/ahorn-camps-neues-logistikzentrum\/\" title=\"\">Read more<\/a><\/div><\/div><\/div><\/div><\/div><\/div><div class=\"vc_clearfix\"><\/div><\/div><div class=\"vc_grid-item vc_clearfix vc_col-sm-4 vc_grid-item-zone-c-bottom vc_grid-term-54 vc_grid-term-277\"><div class=\"vc_grid-item-mini vc_clearfix\"><div class=\"vc_gitem-animated-block\" ><div class=\"vc_gitem-zone vc_gitem-zone-a vc_gitem-is-link\" style=\"background-image: url('https:\/\/ahorn-camp.de\/wp-content\/uploads\/2025\/11\/Ahorn_T_640_MG_5017-min-1-1024x683.webp') !important;\"><a href=\"https:\/\/ahorn-camp.de\/sl\/premiere-des-t640\/\" title=\"Ahorn Camp predstavlja novi model T 640 \u2013 premiera edinstvene tlorisne zasnove in tehnolo\u0161kega mejnika\" class=\"vc_gitem-link vc-zone-link\" ><\/a><img decoding=\"async\" class=\"vc_gitem-zone-img\" src=\"https:\/\/ahorn-camp.de\/wp-content\/uploads\/2025\/11\/Ahorn_T_640_MG_5017-min-1-1024x683.webp\" alt=\"Bivalni prostor T 640\"><div class=\"vc_gitem-zone-mini\"><\/div><\/div><\/div><div class=\"vc_gitem-zone vc_gitem-zone-c vc_custom_1419328663991\"><div class=\"vc_gitem-zone-mini\"><div class=\"vc_gitem_row vc_row vc_gitem-row-position-top\"><div class=\"vc_col-sm-12 vc_gitem-col vc_gitem-col-align-\"><div class=\"vc_custom_heading vc_gitem-post-data vc_gitem-post-data-source-post_title\" ><h4 style=\"text-align: left\" >Ahorn Camp predstavlja novi model T 640 \u2013 premiera edinstvene tlorisne zasnove in tehnolo\u0161kega mejnika<\/h4><\/div><div class=\"vc_custom_heading vc_gitem-post-data vc_gitem-post-data-source-post_excerpt\" ><p style=\"text-align: left\" ><p>Z novim polintegriranim avtodomom T 640 podjetje Ahorn Camp praznuje premiero v ve\u010d pogledih: Ta model je prva tlorisna re\u0161itev te vrste, ki se proizvaja v tovarni skupine Erwin Hymer Group (EHG) v San Cascianu, hkrati pa predstavlja naslednji korak v razvoju uspe\u0161nega sodelovanja med podjetjema Ahorn Camp in EHG.<\/p>\n<\/p><\/div><div class=\"vc_btn3-container vc_btn3-left\" ><a onmouseenter=\"this.style.backgroundColor='#f23630'; this.style.color='#f7f7f7';\" onmouseleave=\"this.style.backgroundColor='#F4524D'; this.style.color='#fff';\" style=\"background-color:#F4524D; color:#fff;\" class=\"vc_general vc_btn3 vc_btn3-size-md vc_btn3-shape-rounded vc_btn3-style-flat\" href=\"https:\/\/ahorn-camp.de\/sl\/premiere-des-t640\/\" title=\"\">Read more<\/a><\/div><\/div><\/div><\/div><\/div><\/div><div class=\"vc_clearfix\"><\/div><\/div><div class=\"vc_grid-item vc_clearfix vc_col-sm-4 vc_grid-item-zone-c-bottom vc_grid-term-54 vc_grid-term-277\"><div class=\"vc_grid-item-mini vc_clearfix\"><div class=\"vc_gitem-animated-block\" ><div class=\"vc_gitem-zone vc_gitem-zone-a vc_gitem-is-link\" style=\"background-image: url('https:\/\/ahorn-camp.de\/wp-content\/uploads\/2025\/07\/202507-Haendlertagung-FRA-53-1024x576.webp') !important;\"><a href=\"https:\/\/ahorn-camp.de\/sl\/launch-event-artikel\/\" title=\"Ahorn Camp za\u010denja novo obdobje \u2013 ekskluzivni dogodek ob predstavitvi je navdu\u0161il partnerje in novinarje v Frankfurtu\" class=\"vc_gitem-link vc-zone-link\" ><\/a><img decoding=\"async\" class=\"vc_gitem-zone-img\" src=\"https:\/\/ahorn-camp.de\/wp-content\/uploads\/2025\/07\/202507-Haendlertagung-FRA-53-1024x576.webp\" alt=\"V elegantnem ambientu hotela Roomers v Frankfurtu je podjetje Ahorn Camp poslalo mo\u010dno sporo\u010dilo za prihodnost: pod geslom \u201eA new era begins\u201c je to dru\u017einsko podjetje z ve\u010d kot 30-letnimi izku\u0161njami v panogi prvi\u010d predstavilo svoje nove modele CV 630 in T 690.\"><div class=\"vc_gitem-zone-mini\"><\/div><\/div><\/div><div class=\"vc_gitem-zone vc_gitem-zone-c vc_custom_1419328663991\"><div class=\"vc_gitem-zone-mini\"><div class=\"vc_gitem_row vc_row vc_gitem-row-position-top\"><div class=\"vc_col-sm-12 vc_gitem-col vc_gitem-col-align-\"><div class=\"vc_custom_heading vc_gitem-post-data vc_gitem-post-data-source-post_title\" ><h4 style=\"text-align: left\" >Ahorn Camp za\u010denja novo obdobje \u2013 ekskluzivni dogodek ob predstavitvi je navdu\u0161il partnerje in novinarje v Frankfurtu<\/h4><\/div><div class=\"vc_custom_heading vc_gitem-post-data vc_gitem-post-data-source-post_excerpt\" ><p style=\"text-align: left\" ><p>V elegantnem ambientu hotela Roomers v Frankfurtu je podjetje Ahorn Camp poslalo mo\u010dno sporo\u010dilo za prihodnost: pod geslom \u201eA new era begins\u201c je to dru\u017einsko podjetje z ve\u010d kot 30-letnimi izku\u0161njami v panogi prvi\u010d predstavilo svoje nove modele CV 630 in T 690.<\/p>\n<\/p><\/div><div class=\"vc_btn3-container vc_btn3-left\" ><a onmouseenter=\"this.style.backgroundColor='#f23630'; this.style.color='#f7f7f7';\" onmouseleave=\"this.style.backgroundColor='#F4524D'; this.style.color='#fff';\" style=\"background-color:#F4524D; color:#fff;\" class=\"vc_general vc_btn3 vc_btn3-size-md vc_btn3-shape-rounded vc_btn3-style-flat\" href=\"https:\/\/ahorn-camp.de\/sl\/launch-event-artikel\/\" title=\"\">Read more<\/a><\/div><\/div><\/div><\/div><\/div><\/div><div class=\"vc_clearfix\"><\/div><\/div><div class=\"vc_grid-item vc_clearfix vc_col-sm-4 vc_grid-item-zone-c-bottom vc_grid-term-54 vc_grid-term-277\"><div class=\"vc_grid-item-mini vc_clearfix\"><div class=\"vc_gitem-animated-block\" ><div class=\"vc_gitem-zone vc_gitem-zone-a vc_gitem-is-link\" style=\"background-image: url('https:\/\/ahorn-camp.de\/wp-content\/uploads\/2025\/07\/Renault.webp') !important;\"><a href=\"https:\/\/ahorn-camp.de\/sl\/ahorn-camp-wohnmobile-auf-renault\/\" title=\"Renault in Ahorn Camp z Renault Masterjem \u010detrte generacije odpirata novo obdobje na podro\u010dju avtodomov\" class=\"vc_gitem-link vc-zone-link\" ><\/a><img decoding=\"async\" class=\"vc_gitem-zone-img\" src=\"https:\/\/ahorn-camp.de\/wp-content\/uploads\/2025\/07\/Renault.webp\" alt=\"Renault in Ahorn Camp z Renault Master 4\"><div class=\"vc_gitem-zone-mini\"><\/div><\/div><\/div><div class=\"vc_gitem-zone vc_gitem-zone-c vc_custom_1419328663991\"><div class=\"vc_gitem-zone-mini\"><div class=\"vc_gitem_row vc_row vc_gitem-row-position-top\"><div class=\"vc_col-sm-12 vc_gitem-col vc_gitem-col-align-\"><div class=\"vc_custom_heading vc_gitem-post-data vc_gitem-post-data-source-post_title\" ><h4 style=\"text-align: left\" >Renault in Ahorn Camp z Renault Masterjem \u010detrte generacije odpirata novo obdobje na podro\u010dju avtodomov<\/h4><\/div><div class=\"vc_custom_heading vc_gitem-post-data vc_gitem-post-data-source-post_excerpt\" ><p style=\"text-align: left\" ><p>Renault, eden od vodilnih proizvajalcev lahkih gospodarskih vozil v Evropi, in Ahorn Camp, uveljavljena blagovna znamka avtodomov v Nem\u010diji, skupaj praznujeta uradno predstavitev nove generacije vozil za prosti \u010das.<\/p>\n<\/p><\/div><div class=\"vc_btn3-container vc_btn3-left\" ><a onmouseenter=\"this.style.backgroundColor='#f23630'; this.style.color='#f7f7f7';\" onmouseleave=\"this.style.backgroundColor='#F4524D'; this.style.color='#fff';\" style=\"background-color:#F4524D; color:#fff;\" class=\"vc_general vc_btn3 vc_btn3-size-md vc_btn3-shape-rounded vc_btn3-style-flat\" href=\"https:\/\/ahorn-camp.de\/sl\/ahorn-camp-wohnmobile-auf-renault\/\" title=\"\">Read more<\/a><\/div><\/div><\/div><\/div><\/div><\/div><div class=\"vc_clearfix\"><\/div><\/div><div class=\"vc_grid-item vc_clearfix vc_col-sm-4 vc_grid-item-zone-c-bottom vc_grid-term-54 vc_grid-term-277\"><div class=\"vc_grid-item-mini vc_clearfix\"><div class=\"vc_gitem-animated-block\" ><div class=\"vc_gitem-zone vc_gitem-zone-a vc_gitem-is-link\" style=\"background-image: url('https:\/\/ahorn-camp.de\/wp-content\/uploads\/2025\/03\/DSC00071-Kopie-1024x683.jpg') !important;\"><a href=\"https:\/\/ahorn-camp.de\/sl\/einlaufkinder-weltfrauentag\/\" title=\"Neosegljiv trenutek za enajst deklic na tekmi Eintrachta Frankfurt proti Union Berlin\" class=\"vc_gitem-link vc-zone-link\" ><\/a><img decoding=\"async\" class=\"vc_gitem-zone-img\" src=\"https:\/\/ahorn-camp.de\/wp-content\/uploads\/2025\/03\/DSC00071-Kopie-1024x683.jpg\" alt=\"Ahorn Camp Otroci iz programa \u00bbEinlaufkinder\u00ab v parku Deutsche Bank Park ob svetovnem dnevu \u017eensk\"><div class=\"vc_gitem-zone-mini\"><\/div><\/div><\/div><div class=\"vc_gitem-zone vc_gitem-zone-c vc_custom_1419328663991\"><div class=\"vc_gitem-zone-mini\"><div class=\"vc_gitem_row vc_row vc_gitem-row-position-top\"><div class=\"vc_col-sm-12 vc_gitem-col vc_gitem-col-align-\"><div class=\"vc_custom_heading vc_gitem-post-data vc_gitem-post-data-source-post_title\" ><h4 style=\"text-align: left\" >Neosegljiv trenutek za enajst deklic na tekmi Eintrachta Frankfurt proti Union Berlin<\/h4><\/div><div class=\"vc_custom_heading vc_gitem-post-data vc_gitem-post-data-source-post_excerpt\" ><p style=\"text-align: left\" ><p>Na doma\u010di tekmi Bundeslige med Eintrachtom Frankfurtom in 1. FC Union Berlinom je enajst deklet do\u017eivelo dan, ki ga ne bodo tako kmalu pozabile. Zahvaljujo\u010d organizaciji Ahorn Camp so kot spremljevalke igralcev smele stopiti na igri\u0161\u010de skupaj s profesionalnimi igralci \u2013 edinstvena izku\u0161nja pred 58.000 gledalci.<\/p>\n<\/p><\/div><div class=\"vc_btn3-container vc_btn3-left\" ><a onmouseenter=\"this.style.backgroundColor='#f23630'; this.style.color='#f7f7f7';\" onmouseleave=\"this.style.backgroundColor='#F4524D'; this.style.color='#fff';\" style=\"background-color:#F4524D; color:#fff;\" class=\"vc_general vc_btn3 vc_btn3-size-md vc_btn3-shape-rounded vc_btn3-style-flat\" href=\"https:\/\/ahorn-camp.de\/sl\/einlaufkinder-weltfrauentag\/\" title=\"\">Read more<\/a><\/div><\/div><\/div><\/div><\/div><\/div><div class=\"vc_clearfix\"><\/div><\/div><div class=\"vc_grid-item vc_clearfix vc_col-sm-4 vc_grid-item-zone-c-bottom vc_grid-term-277 vc_grid-term-67\"><div class=\"vc_grid-item-mini vc_clearfix\"><div class=\"vc_gitem-animated-block\" ><div class=\"vc_gitem-zone vc_gitem-zone-a vc_gitem-is-link\" style=\"background-image: url('https:\/\/ahorn-camp.de\/wp-content\/uploads\/2025\/03\/Aktuelles_EHG-1024x768.png') !important;\"><a href=\"https:\/\/ahorn-camp.de\/sl\/erwin-hymer-group\/\" title=\"Erwin Hymer Group X Ahorn Camp\" class=\"vc_gitem-link vc-zone-link\" ><\/a><img decoding=\"async\" class=\"vc_gitem-zone-img\" src=\"https:\/\/ahorn-camp.de\/wp-content\/uploads\/2025\/03\/Aktuelles_EHG-1024x768.png\" alt=\"Erwin Hymer Group X Ahorn Camp\"><div class=\"vc_gitem-zone-mini\"><\/div><\/div><\/div><div class=\"vc_gitem-zone vc_gitem-zone-c vc_custom_1419328663991\"><div class=\"vc_gitem-zone-mini\"><div class=\"vc_gitem_row vc_row vc_gitem-row-position-top\"><div class=\"vc_col-sm-12 vc_gitem-col vc_gitem-col-align-\"><div class=\"vc_custom_heading vc_gitem-post-data vc_gitem-post-data-source-post_title\" ><h4 style=\"text-align: left\" >Erwin Hymer Group X Ahorn Camp<\/h4><\/div><div class=\"vc_custom_heading vc_gitem-post-data vc_gitem-post-data-source-post_excerpt\" ><p style=\"text-align: left\" ><p>Podjetje Ahorn Camp bo v prihodnje svoje avtodome in kamping avtomobile proizvajalo v najsodobnej\u0161i tovarni skupine Erwin Hymer Group v San Cascianu. To partnerstvo obeta najvi\u0161jo kakovost proizvodnje in postavlja nove standarde na evropskem trgu avtodomov.<\/p>\n<\/p><\/div><div class=\"vc_btn3-container vc_btn3-left\" ><a onmouseenter=\"this.style.backgroundColor='#f23630'; this.style.color='#f7f7f7';\" onmouseleave=\"this.style.backgroundColor='#F4524D'; this.style.color='#fff';\" style=\"background-color:#F4524D; color:#fff;\" class=\"vc_general vc_btn3 vc_btn3-size-md vc_btn3-shape-rounded vc_btn3-style-flat\" href=\"https:\/\/ahorn-camp.de\/sl\/erwin-hymer-group\/\" title=\"\">Read more<\/a><\/div><\/div><\/div><\/div><\/div><\/div><div class=\"vc_clearfix\"><\/div><\/div><div class=\"vc_grid-item vc_clearfix vc_col-sm-4 vc_grid-item-zone-c-bottom vc_grid-term-593 vc_grid-term-277 vc_grid-term-67\"><div class=\"vc_grid-item-mini vc_clearfix\"><div class=\"vc_gitem-animated-block\" ><div class=\"vc_gitem-zone vc_gitem-zone-a vc_gitem-is-link\" style=\"background-image: url('https:\/\/ahorn-camp.de\/wp-content\/uploads\/2025\/01\/Aktuelles_Promobil-1024x768.jpg') !important;\"><a href=\"https:\/\/ahorn-camp.de\/sl\/promobil-leserwahlen-2025\/\" title=\"Glasovanje bralcev revije Promobil 2025: Ahorn Camp ponovno med vodilnimi\" class=\"vc_gitem-link vc-zone-link\" ><\/a><img decoding=\"async\" class=\"vc_gitem-zone-img\" src=\"https:\/\/ahorn-camp.de\/wp-content\/uploads\/2025\/01\/Aktuelles_Promobil-1024x768.jpg\" alt=\"Promobil Leserwahlen 2025\"><div class=\"vc_gitem-zone-mini\"><\/div><\/div><\/div><div class=\"vc_gitem-zone vc_gitem-zone-c vc_custom_1419328663991\"><div class=\"vc_gitem-zone-mini\"><div class=\"vc_gitem_row vc_row vc_gitem-row-position-top\"><div class=\"vc_col-sm-12 vc_gitem-col vc_gitem-col-align-\"><div class=\"vc_custom_heading vc_gitem-post-data vc_gitem-post-data-source-post_title\" ><h4 style=\"text-align: left\" >Glasovanje bralcev revije Promobil 2025: Ahorn Camp ponovno med vodilnimi<\/h4><\/div><div class=\"vc_custom_heading vc_gitem-post-data vc_gitem-post-data-source-post_excerpt\" ><p style=\"text-align: left\" ><p>Rezultati letnih bralskih glasovanj uglednih strokovnih revij \u00bbCaravaning\u00ab in \u00bbpromobil\u00ab so znani. Bralci in bralke so izbrali najbolj\u0161e avtodome in osnovna vozila, prikolice ter blagovne znamke leta \u2013 in Ahorn Camp je med zmagovalci!<\/p>\n<\/p><\/div><div class=\"vc_btn3-container vc_btn3-left\" ><a onmouseenter=\"this.style.backgroundColor='#f23630'; this.style.color='#f7f7f7';\" onmouseleave=\"this.style.backgroundColor='#F4524D'; this.style.color='#fff';\" style=\"background-color:#F4524D; color:#fff;\" class=\"vc_general vc_btn3 vc_btn3-size-md vc_btn3-shape-rounded vc_btn3-style-flat\" href=\"https:\/\/ahorn-camp.de\/sl\/promobil-leserwahlen-2025\/\" title=\"\">Read more<\/a><\/div><\/div><\/div><\/div><\/div><\/div><div class=\"vc_clearfix\"><\/div><\/div><div class=\"vc_grid-item vc_clearfix vc_col-sm-4 vc_grid-item-zone-c-bottom vc_grid-term-54 vc_grid-term-277\"><div class=\"vc_grid-item-mini vc_clearfix\"><div class=\"vc_gitem-animated-block\" ><div class=\"vc_gitem-zone vc_gitem-zone-a vc_gitem-is-link\" style=\"background-image: url('https:\/\/ahorn-camp.de\/wp-content\/uploads\/2024\/10\/Aktuelles-Website-6.png') !important;\"><a href=\"https:\/\/ahorn-camp.de\/sl\/podiumsdiskussion\/\" title=\"Okrogla miza z uglednimi gosti na dogodku Ahorn Camp\" class=\"vc_gitem-link vc-zone-link\" ><\/a><img decoding=\"async\" class=\"vc_gitem-zone-img\" src=\"https:\/\/ahorn-camp.de\/wp-content\/uploads\/2024\/10\/Aktuelles-Website-6.png\" alt=\"Okrogla miza\"><div class=\"vc_gitem-zone-mini\"><\/div><\/div><\/div><div class=\"vc_gitem-zone vc_gitem-zone-c vc_custom_1419328663991\"><div class=\"vc_gitem-zone-mini\"><div class=\"vc_gitem_row vc_row vc_gitem-row-position-top\"><div class=\"vc_col-sm-12 vc_gitem-col vc_gitem-col-align-\"><div class=\"vc_custom_heading vc_gitem-post-data vc_gitem-post-data-source-post_title\" ><h4 style=\"text-align: left\" >Okrogla miza z uglednimi gosti na dogodku Ahorn Camp<\/h4><\/div><div class=\"vc_custom_heading vc_gitem-post-data vc_gitem-post-data-source-post_excerpt\" ><p style=\"text-align: left\" ><p>Pod naslovom \u201eTurizem v Porenju-Pfal\u0161kem \u2013 Regionalna gospodarska sila \u2013 in \u0161e veliko ve\u010d!\u201c so strokovnjaki iz gospodarstva, turizma, hotelirstva in kampiranja izmenjali mnenja z \u010dastno gostjo, ministrico za gospodarstvo, promet, kmetijstvo in vinogradni\u0161tvo Danielo Schmitt, o trenutnih izzivih in prilo\u017enostih gospodarske panoge.<\/p>\n<\/p><\/div><div class=\"vc_btn3-container vc_btn3-left\" ><a onmouseenter=\"this.style.backgroundColor='#f23630'; this.style.color='#f7f7f7';\" onmouseleave=\"this.style.backgroundColor='#F4524D'; this.style.color='#fff';\" style=\"background-color:#F4524D; color:#fff;\" class=\"vc_general vc_btn3 vc_btn3-size-md vc_btn3-shape-rounded vc_btn3-style-flat\" href=\"https:\/\/ahorn-camp.de\/sl\/podiumsdiskussion\/\" title=\"\">Read more<\/a><\/div><\/div><\/div><\/div><\/div><\/div><div class=\"vc_clearfix\"><\/div><\/div><div class=\"vc_grid-item vc_clearfix vc_col-sm-4 vc_grid-item-zone-c-bottom vc_grid-term-277 vc_grid-term-67\"><div class=\"vc_grid-item-mini vc_clearfix\"><div class=\"vc_gitem-animated-block\" ><div class=\"vc_gitem-zone vc_gitem-zone-a vc_gitem-is-link\" style=\"background-image: url('https:\/\/ahorn-camp.de\/wp-content\/uploads\/2024\/06\/Design-ohne-Titel-3-1024x768.png') !important;\"><a href=\"https:\/\/ahorn-camp.de\/sl\/anpfiff-ins-leben-masterclass\/\" title=\"Ahorn Camp podpira mojstrski te\u010daj \u201eAnpfiff ins Leben\u201c 2023\/24\" class=\"vc_gitem-link vc-zone-link\" ><\/a><img decoding=\"async\" class=\"vc_gitem-zone-img\" src=\"https:\/\/ahorn-camp.de\/wp-content\/uploads\/2024\/06\/Design-ohne-Titel-3-1024x768.png\" alt=\"Mojstrski te\u010daj Anpfiff ins Leben 2023\/24\"><div class=\"vc_gitem-zone-mini\"><\/div><\/div><\/div><div class=\"vc_gitem-zone vc_gitem-zone-c vc_custom_1419328663991\"><div class=\"vc_gitem-zone-mini\"><div class=\"vc_gitem_row vc_row vc_gitem-row-position-top\"><div class=\"vc_col-sm-12 vc_gitem-col vc_gitem-col-align-\"><div class=\"vc_custom_heading vc_gitem-post-data vc_gitem-post-data-source-post_title\" ><h4 style=\"text-align: left\" >Ahorn Camp podpira mojstrski te\u010daj \u201eAnpfiff ins Leben\u201c 2023\/24<\/h4><\/div><div class=\"vc_custom_heading vc_gitem-post-data vc_gitem-post-data-source-post_excerpt\" ><p style=\"text-align: left\" ><p>Z anlaufom za celostno podporo dru\u0161tev in jim zagotavljanje orodij za uspe\u0161no prihodnost \u2013 to je cilj pobude Anpfiff ins Leben z Masterclassom za klube v regiji.<br \/>\nKot dolgoletni partner je podjetje Ahorn Camp podprlo 9-mese\u010dni projekt.<\/p>\n<\/p><\/div><div class=\"vc_btn3-container vc_btn3-left\" ><a onmouseenter=\"this.style.backgroundColor='#f23630'; this.style.color='#f7f7f7';\" onmouseleave=\"this.style.backgroundColor='#F4524D'; this.style.color='#fff';\" style=\"background-color:#F4524D; color:#fff;\" class=\"vc_general vc_btn3 vc_btn3-size-md vc_btn3-shape-rounded vc_btn3-style-flat\" href=\"https:\/\/ahorn-camp.de\/sl\/anpfiff-ins-leben-masterclass\/\" title=\"\">Read more<\/a><\/div><\/div><\/div><\/div><\/div><\/div><div class=\"vc_clearfix\"><\/div><\/div><div class=\"vc_grid-item vc_clearfix vc_col-sm-4 vc_grid-item-zone-c-bottom vc_grid-term-593 vc_grid-term-54 vc_grid-term-277 vc_grid-term-67\"><div class=\"vc_grid-item-mini vc_clearfix\"><div class=\"vc_gitem-animated-block\" ><div class=\"vc_gitem-zone vc_gitem-zone-a vc_gitem-is-link\" style=\"background-image: url('https:\/\/ahorn-camp.de\/wp-content\/uploads\/2023\/02\/Wohnmobil-fuer-Klimaschutza-1024x668.png') !important;\"><a href=\"https:\/\/ahorn-camp.de\/sl\/baumpflanzaktion\/\" title=\"1000 novih dreves za gozdno rekreacijo Mutterstadt\" class=\"vc_gitem-link vc-zone-link\" ><\/a><img decoding=\"async\" class=\"vc_gitem-zone-img\" src=\"https:\/\/ahorn-camp.de\/wp-content\/uploads\/2023\/02\/Wohnmobil-fuer-Klimaschutza-1024x668.png\" alt=\"Akcija saditve dreves, ki jo organizirata Ahorn Camp in Wohnmobil za za\u0161\u010dito podnebja\"><div class=\"vc_gitem-zone-mini\"><\/div><\/div><\/div><div class=\"vc_gitem-zone vc_gitem-zone-c vc_custom_1419328663991\"><div class=\"vc_gitem-zone-mini\"><div class=\"vc_gitem_row vc_row vc_gitem-row-position-top\"><div class=\"vc_col-sm-12 vc_gitem-col vc_gitem-col-align-\"><div class=\"vc_custom_heading vc_gitem-post-data vc_gitem-post-data-source-post_title\" ><h4 style=\"text-align: left\" >1000 novih dreves za gozdno rekreacijo Mutterstadt<\/h4><\/div><div class=\"vc_custom_heading vc_gitem-post-data vc_gitem-post-data-source-post_excerpt\" ><p style=\"text-align: left\" ><p>Podjetje Ahorn Camp skupaj z dru\u0161tvom \u00bbWohnmobil f\u00fcr Klimaschutz\u00ab za\u010denja obse\u017eno akcijo saditve dreves v gozdnem rekreacijskem obmo\u010dju Mutterstadt pri Speyerju in bo posadilo 1000 dreves.<\/p>\n<\/p><\/div><div class=\"vc_btn3-container vc_btn3-left\" ><a onmouseenter=\"this.style.backgroundColor='#f23630'; this.style.color='#f7f7f7';\" onmouseleave=\"this.style.backgroundColor='#F4524D'; this.style.color='#fff';\" style=\"background-color:#F4524D; color:#fff;\" class=\"vc_general vc_btn3 vc_btn3-size-md vc_btn3-shape-rounded vc_btn3-style-flat\" href=\"https:\/\/ahorn-camp.de\/sl\/baumpflanzaktion\/\" title=\"\">Read more<\/a><\/div><\/div><\/div><\/div><\/div><\/div><div class=\"vc_clearfix\"><\/div><\/div><div class=\"vc_grid-item vc_clearfix vc_col-sm-4 vc_grid-item-zone-c-bottom vc_grid-term-593 vc_grid-term-277 vc_grid-term-67\"><div class=\"vc_grid-item-mini vc_clearfix\"><div class=\"vc_gitem-animated-block\" ><div class=\"vc_gitem-zone vc_gitem-zone-a vc_gitem-is-link\" style=\"background-image: url('https:\/\/ahorn-camp.de\/wp-content\/uploads\/2022\/10\/2022_9_27_Bundeswirtschaftsverband-2-1024x711.jpg') !important;\"><a href=\"https:\/\/ahorn-camp.de\/sl\/aufnahme-in-den-bundeswirtschaftssenat\/\" title=\"Sprejem v Zvezni gospodarski senat\" class=\"vc_gitem-link vc-zone-link\" ><\/a><img decoding=\"async\" class=\"vc_gitem-zone-img\" src=\"https:\/\/ahorn-camp.de\/wp-content\/uploads\/2022\/10\/2022_9_27_Bundeswirtschaftsverband-2-1024x711.jpg\" alt=\"Alexander Reichmann, direktor podjetja Ahorn Camp, in Hans-Josef D\u00f6llgen, direktor Zveznega gospodarskega senata Ju\u017ene Nem\u010dije, ob slovesni podelitvi listine v podjetju Ahorn Camp GmbH v Speyerju\"><div class=\"vc_gitem-zone-mini\"><\/div><\/div><\/div><div class=\"vc_gitem-zone vc_gitem-zone-c vc_custom_1419328663991\"><div class=\"vc_gitem-zone-mini\"><div class=\"vc_gitem_row vc_row vc_gitem-row-position-top\"><div class=\"vc_col-sm-12 vc_gitem-col vc_gitem-col-align-\"><div class=\"vc_custom_heading vc_gitem-post-data vc_gitem-post-data-source-post_title\" ><h4 style=\"text-align: left\" >Sprejem v Zvezni gospodarski senat<\/h4><\/div><div class=\"vc_custom_heading vc_gitem-post-data vc_gitem-post-data-source-post_excerpt\" ><p style=\"text-align: left\" ><p>Kot priznan podjetnik je bil Alexander Reichmann sprejet v Zvezni gospodarski senat, strokovni odbor Zveznega zdru\u017eenja malih in srednjih podjetij.<\/p>\n<\/p><\/div><div class=\"vc_btn3-container vc_btn3-left\" ><a onmouseenter=\"this.style.backgroundColor='#f23630'; this.style.color='#f7f7f7';\" onmouseleave=\"this.style.backgroundColor='#F4524D'; this.style.color='#fff';\" style=\"background-color:#F4524D; color:#fff;\" class=\"vc_general vc_btn3 vc_btn3-size-md vc_btn3-shape-rounded vc_btn3-style-flat\" href=\"https:\/\/ahorn-camp.de\/sl\/aufnahme-in-den-bundeswirtschaftssenat\/\" title=\"\">Read more<\/a><\/div><\/div><\/div><\/div><\/div><\/div><div class=\"vc_clearfix\"><\/div><\/div><div class=\"vc_grid-item vc_clearfix vc_col-sm-4 vc_grid-item-zone-c-bottom vc_grid-term-593 vc_grid-term-277\"><div class=\"vc_grid-item-mini vc_clearfix\"><div class=\"vc_gitem-animated-block\" ><div class=\"vc_gitem-zone vc_gitem-zone-a vc_gitem-is-link\" style=\"background-image: url('https:\/\/ahorn-camp.de\/wp-content\/uploads\/2022\/09\/DGRM-2022-auszeichnung.png') !important;\"><a href=\"https:\/\/ahorn-camp.de\/sl\/das-goldene-reisemobil\/\" title=\"\u0160tirikratni zmagovalec zlatega avtodoma\" class=\"vc_gitem-link vc-zone-link\" ><\/a><img decoding=\"async\" class=\"vc_gitem-zone-img\" src=\"https:\/\/ahorn-camp.de\/wp-content\/uploads\/2022\/09\/DGRM-2022-auszeichnung.png\" alt=\"Zlata mobilna hi\u0161ka 2022\"><div class=\"vc_gitem-zone-mini\"><\/div><\/div><\/div><div class=\"vc_gitem-zone vc_gitem-zone-c vc_custom_1419328663991\"><div class=\"vc_gitem-zone-mini\"><div class=\"vc_gitem_row vc_row vc_gitem-row-position-top\"><div class=\"vc_col-sm-12 vc_gitem-col vc_gitem-col-align-\"><div class=\"vc_custom_heading vc_gitem-post-data vc_gitem-post-data-source-post_title\" ><h4 style=\"text-align: left\" >\u0160tirikratni zmagovalec zlatega avtodoma<\/h4><\/div><div class=\"vc_custom_heading vc_gitem-post-data vc_gitem-post-data-source-post_excerpt\" ><p style=\"text-align: left\" ><p>Ahorn Camp je zmagal v \u0161tirih od devetih kategorij na nate\u010daju \u00bbZlati avtodom 2022\u00ab in dosegel vrhunske uvrstitve. <\/p>\n<\/p><\/div><div class=\"vc_btn3-container vc_btn3-left\" ><a onmouseenter=\"this.style.backgroundColor='#f23630'; this.style.color='#f7f7f7';\" onmouseleave=\"this.style.backgroundColor='#F4524D'; this.style.color='#fff';\" style=\"background-color:#F4524D; color:#fff;\" class=\"vc_general vc_btn3 vc_btn3-size-md vc_btn3-shape-rounded vc_btn3-style-flat\" href=\"https:\/\/ahorn-camp.de\/sl\/das-goldene-reisemobil\/\" title=\"\">Read more<\/a><\/div><\/div><\/div><\/div><\/div><\/div><div class=\"vc_clearfix\"><\/div><\/div><div class=\"vc_grid-item vc_clearfix vc_col-sm-4 vc_grid-item-zone-c-bottom vc_grid-term-277\"><div class=\"vc_grid-item-mini vc_clearfix\"><div class=\"vc_gitem-animated-block\" ><div class=\"vc_gitem-zone vc_gitem-zone-a vc_gitem-is-link\" style=\"background-image: url('https:\/\/ahorn-camp.de\/wp-content\/uploads\/2022\/07\/Aktuelles-Recruitingmobil.jpg') !important;\"><a href=\"https:\/\/ahorn-camp.de\/sl\/recruitingmobil\/\" title=\"Od re\u0161evalnega vozila do mobilnega kadrovanja\" class=\"vc_gitem-link vc-zone-link\" ><\/a><img decoding=\"async\" class=\"vc_gitem-zone-img\" src=\"https:\/\/ahorn-camp.de\/wp-content\/uploads\/2022\/07\/Aktuelles-Recruitingmobil.jpg\" alt=\"Mobilni regrutirni center Diakonissen-Stiftungs-Krankenhaus\"><div class=\"vc_gitem-zone-mini\"><\/div><\/div><\/div><div class=\"vc_gitem-zone vc_gitem-zone-c vc_custom_1419328663991\"><div class=\"vc_gitem-zone-mini\"><div class=\"vc_gitem_row vc_row vc_gitem-row-position-top\"><div class=\"vc_col-sm-12 vc_gitem-col vc_gitem-col-align-\"><div class=\"vc_custom_heading vc_gitem-post-data vc_gitem-post-data-source-post_title\" ><h4 style=\"text-align: left\" >Od re\u0161evalnega vozila do mobilnega kadrovanja<\/h4><\/div><div class=\"vc_custom_heading vc_gitem-post-data vc_gitem-post-data-source-post_excerpt\" ><p style=\"text-align: left\" ><p>Da bi pritegnili pozornost k poklicem v zdravstvu, ki zahtevajo poklicno usposabljanje, podjetje Ahorn Camp predeluje re\u0161evalno vozilo v mobilno enoto za pridobivanje kadrov za bolni\u0161nico Diakonissen-Stiftungs-Krankenhaus v Speyerju <\/p>\n<\/p><\/div><div class=\"vc_btn3-container vc_btn3-left\" ><a onmouseenter=\"this.style.backgroundColor='#f23630'; this.style.color='#f7f7f7';\" onmouseleave=\"this.style.backgroundColor='#F4524D'; this.style.color='#fff';\" style=\"background-color:#F4524D; color:#fff;\" class=\"vc_general vc_btn3 vc_btn3-size-md vc_btn3-shape-rounded vc_btn3-style-flat\" href=\"https:\/\/ahorn-camp.de\/sl\/recruitingmobil\/\" title=\"\">Read more<\/a><\/div><\/div><\/div><\/div><\/div><\/div><div class=\"vc_clearfix\"><\/div><\/div><div class=\"vc_grid-item vc_clearfix vc_col-sm-4 vc_grid-item-zone-c-bottom vc_grid-term-593 vc_grid-term-67\"><div class=\"vc_grid-item-mini vc_clearfix\"><div class=\"vc_gitem-animated-block\" ><div class=\"vc_gitem-zone vc_gitem-zone-a vc_gitem-is-link\" style=\"background-image: url('https:\/\/ahorn-camp.de\/wp-content\/uploads\/2022\/06\/Aktuelles-Bester-Reisemobilhaendler-2022.png') !important;\"><a href=\"https:\/\/ahorn-camp.de\/sl\/bester-caravan-und-reisemobilhaendler-2022\/\" title=\"Najbolj\u0161i trgovec s po\u010ditni\u0161kimi prikolicami in avtodomi 2022\" class=\"vc_gitem-link vc-zone-link\" ><\/a><img decoding=\"async\" class=\"vc_gitem-zone-img\" src=\"https:\/\/ahorn-camp.de\/wp-content\/uploads\/2022\/06\/Aktuelles-Bester-Reisemobilhaendler-2022.png\" alt=\"Podjetje Ahorn Camp GmbH iz Speyerja spada v izbrani krog \u201enajbolj\u0161ih prodajalcev po\u010ditni\u0161kih prikolic in avtodomov leta 2022\u201c.\"><div class=\"vc_gitem-zone-mini\"><\/div><\/div><\/div><div class=\"vc_gitem-zone vc_gitem-zone-c vc_custom_1419328663991\"><div class=\"vc_gitem-zone-mini\"><div class=\"vc_gitem_row vc_row vc_gitem-row-position-top\"><div class=\"vc_col-sm-12 vc_gitem-col vc_gitem-col-align-\"><div class=\"vc_custom_heading vc_gitem-post-data vc_gitem-post-data-source-post_title\" ><h4 style=\"text-align: left\" >Najbolj\u0161i trgovec s po\u010ditni\u0161kimi prikolicami in avtodomi 2022<\/h4><\/div><div class=\"vc_custom_heading vc_gitem-post-data vc_gitem-post-data-source-post_excerpt\" ><p style=\"text-align: left\" ><p>Podjetje Ahorn Camp GmbH iz Speyerja spada v izbrani krog \u201enajbolj\u0161ih prodajalcev po\u010ditni\u0161kih prikolic in avtodomov leta 2022\u201c.<\/p>\n<\/p><\/div><div class=\"vc_btn3-container vc_btn3-left\" ><a onmouseenter=\"this.style.backgroundColor='#f23630'; this.style.color='#f7f7f7';\" onmouseleave=\"this.style.backgroundColor='#F4524D'; this.style.color='#fff';\" style=\"background-color:#F4524D; color:#fff;\" class=\"vc_general vc_btn3 vc_btn3-size-md vc_btn3-shape-rounded vc_btn3-style-flat\" href=\"https:\/\/ahorn-camp.de\/sl\/bester-caravan-und-reisemobilhaendler-2022\/\" title=\"\">Read more<\/a><\/div><\/div><\/div><\/div><\/div><\/div><div class=\"vc_clearfix\"><\/div><\/div><div class=\"vc_grid-item vc_clearfix vc_col-sm-4 vc_grid-item-zone-c-bottom vc_grid-term-277\"><div class=\"vc_grid-item-mini vc_clearfix\"><div class=\"vc_gitem-animated-block\" ><div class=\"vc_gitem-zone vc_gitem-zone-a vc_gitem-is-link\" style=\"background-image: url('https:\/\/ahorn-camp.de\/wp-content\/uploads\/2022\/05\/Ahorn-Camp-Service-Center-1024x683.png') !important;\"><a href=\"https:\/\/ahorn-camp.de\/sl\/eroeffnung-service-center-speyer\/\" title=\"Novo servisno sredi\u0161\u010de v Speyerju\" class=\"vc_gitem-link vc-zone-link\" ><\/a><img decoding=\"async\" class=\"vc_gitem-zone-img\" src=\"https:\/\/ahorn-camp.de\/wp-content\/uploads\/2022\/05\/Ahorn-Camp-Service-Center-1024x683.png\" alt=\"Servisni center Ahorn Camp\"><div class=\"vc_gitem-zone-mini\"><\/div><\/div><\/div><div class=\"vc_gitem-zone vc_gitem-zone-c vc_custom_1419328663991\"><div class=\"vc_gitem-zone-mini\"><div class=\"vc_gitem_row vc_row vc_gitem-row-position-top\"><div class=\"vc_col-sm-12 vc_gitem-col vc_gitem-col-align-\"><div class=\"vc_custom_heading vc_gitem-post-data vc_gitem-post-data-source-post_title\" ><h4 style=\"text-align: left\" >Novo servisno sredi\u0161\u010de v Speyerju<\/h4><\/div><div class=\"vc_custom_heading vc_gitem-post-data vc_gitem-post-data-source-post_excerpt\" ><p style=\"text-align: left\" ><p>Slovesno smo odprli vrata na\u0161ega novega Ahorn Servis Centra in Ahorn Rent Rentne postaje v Speyeru 8. aprila 2022. <\/p>\n<\/p><\/div><div class=\"vc_btn3-container vc_btn3-left\" ><a onmouseenter=\"this.style.backgroundColor='#f23630'; this.style.color='#f7f7f7';\" onmouseleave=\"this.style.backgroundColor='#F4524D'; this.style.color='#fff';\" style=\"background-color:#F4524D; color:#fff;\" class=\"vc_general vc_btn3 vc_btn3-size-md vc_btn3-shape-rounded vc_btn3-style-flat\" href=\"https:\/\/ahorn-camp.de\/sl\/eroeffnung-service-center-speyer\/\" title=\"\">Read more<\/a><\/div><\/div><\/div><\/div><\/div><\/div><div class=\"vc_clearfix\"><\/div><\/div><div class=\"vc_grid-item vc_clearfix vc_col-sm-4 vc_grid-item-zone-c-bottom vc_grid-term-67\"><div class=\"vc_grid-item-mini vc_clearfix\"><div class=\"vc_gitem-animated-block\" ><div class=\"vc_gitem-zone vc_gitem-zone-a vc_gitem-is-link\" style=\"background-image: url('https:\/\/ahorn-camp.de\/wp-content\/uploads\/2022\/04\/Ukraine-Bild-1024x683.png') !important;\"><a href=\"https:\/\/ahorn-camp.de\/sl\/spende-fuer-die-ukraine\/\" title=\"Donacije za Ukrajino\" class=\"vc_gitem-link vc-zone-link\" ><\/a><img decoding=\"async\" class=\"vc_gitem-zone-img\" src=\"https:\/\/ahorn-camp.de\/wp-content\/uploads\/2022\/04\/Ukraine-Bild-1024x683.png\" alt=\"Donacije Ukrajina\"><div class=\"vc_gitem-zone-mini\"><\/div><\/div><\/div><div class=\"vc_gitem-zone vc_gitem-zone-c vc_custom_1419328663991\"><div class=\"vc_gitem-zone-mini\"><div class=\"vc_gitem_row vc_row vc_gitem-row-position-top\"><div class=\"vc_col-sm-12 vc_gitem-col vc_gitem-col-align-\"><div class=\"vc_custom_heading vc_gitem-post-data vc_gitem-post-data-source-post_title\" ><h4 style=\"text-align: left\" >Donacije za Ukrajino<\/h4><\/div><div class=\"vc_custom_heading vc_gitem-post-data vc_gitem-post-data-source-post_excerpt\" ><p style=\"text-align: left\" ><p>Ahorn Camp podpira mesto Speyer v okviru njegove pobude za pomo\u010d beguncem iz Ukrajine. <\/p>\n<\/p><\/div><div class=\"vc_btn3-container vc_btn3-left\" ><a onmouseenter=\"this.style.backgroundColor='#f23630'; this.style.color='#f7f7f7';\" onmouseleave=\"this.style.backgroundColor='#F4524D'; this.style.color='#fff';\" style=\"background-color:#F4524D; color:#fff;\" class=\"vc_general vc_btn3 vc_btn3-size-md vc_btn3-shape-rounded vc_btn3-style-flat\" href=\"https:\/\/ahorn-camp.de\/sl\/spende-fuer-die-ukraine\/\" title=\"\">Read more<\/a><\/div><\/div><\/div><\/div><\/div><\/div><div class=\"vc_clearfix\"><\/div><\/div><div class=\"vc_grid-item vc_clearfix vc_col-sm-4 vc_grid-item-zone-c-bottom vc_grid-term-277 vc_grid-term-67\"><div class=\"vc_grid-item-mini vc_clearfix\"><div class=\"vc_gitem-animated-block\" ><div class=\"vc_gitem-zone vc_gitem-zone-a vc_gitem-is-link\" style=\"background-image: url('https:\/\/ahorn-camp.de\/wp-content\/uploads\/2022\/04\/Ahoernchen-1024x682.png') !important;\"><a href=\"https:\/\/ahorn-camp.de\/sl\/ahoernchen\/\" title=\"Na\u0161a nova maskota Ahorn Camp: Ah\u00f6rnchen\" class=\"vc_gitem-link vc-zone-link\" ><\/a><img decoding=\"async\" class=\"vc_gitem-zone-img\" src=\"https:\/\/ahorn-camp.de\/wp-content\/uploads\/2022\/04\/Ahoernchen-1024x682.png\" alt=\"Pocukran, radoveden in prisr\u010den! Pred kratkim smo v dru\u017eino javorjev sprejeli na\u0161o maskoto, malo veverico. Iz &quot;Ahorn&quot; (javor) in &quot;Eichh\u00f6rnchen&quot; (veverica) je nastalo &quot;Ah\u00f6rnchen&quot;.\"><div class=\"vc_gitem-zone-mini\"><\/div><\/div><\/div><div class=\"vc_gitem-zone vc_gitem-zone-c vc_custom_1419328663991\"><div class=\"vc_gitem-zone-mini\"><div class=\"vc_gitem_row vc_row vc_gitem-row-position-top\"><div class=\"vc_col-sm-12 vc_gitem-col vc_gitem-col-align-\"><div class=\"vc_custom_heading vc_gitem-post-data vc_gitem-post-data-source-post_title\" ><h4 style=\"text-align: left\" >Na\u0161a nova maskota Ahorn Camp: Ah\u00f6rnchen<\/h4><\/div><div class=\"vc_custom_heading vc_gitem-post-data vc_gitem-post-data-source-post_excerpt\" ><p style=\"text-align: left\" ><p>Pocukran, radoveden in prisr\u010den! Pred kratkim smo v dru\u017eino javorjev sprejeli na\u0161o maskoto, malo veverico. Iz \"Ahorn\" (javor) in \"Eichh\u00f6rnchen\" (veverica) je nastalo \"Ah\u00f6rnchen\". <\/p>\n<\/p><\/div><div class=\"vc_btn3-container vc_btn3-left\" ><a onmouseenter=\"this.style.backgroundColor='#f23630'; this.style.color='#f7f7f7';\" onmouseleave=\"this.style.backgroundColor='#F4524D'; this.style.color='#fff';\" style=\"background-color:#F4524D; color:#fff;\" class=\"vc_general vc_btn3 vc_btn3-size-md vc_btn3-shape-rounded vc_btn3-style-flat\" href=\"https:\/\/ahorn-camp.de\/sl\/ahoernchen\/\" title=\"\">Read more<\/a><\/div><\/div><\/div><\/div><\/div><\/div><div class=\"vc_clearfix\"><\/div><\/div><div class=\"vc_grid-item vc_clearfix vc_col-sm-4 vc_grid-item-zone-c-bottom vc_grid-term-593 vc_grid-term-67\"><div class=\"vc_grid-item-mini vc_clearfix\"><div class=\"vc_gitem-animated-block\" ><div class=\"vc_gitem-zone vc_gitem-zone-a vc_gitem-is-link\" style=\"background-image: url('https:\/\/ahorn-camp.de\/wp-content\/uploads\/2022\/02\/Wachstumschampion-2022-Ahorn-Camp-1024x682.jpg') !important;\"><a href=\"https:\/\/ahorn-camp.de\/sl\/wachstumschampion-2022\/\" title=\"Prvak rasti 2022\" class=\"vc_gitem-link vc-zone-link\" ><\/a><img decoding=\"async\" class=\"vc_gitem-zone-img\" src=\"https:\/\/ahorn-camp.de\/wp-content\/uploads\/2022\/02\/Wachstumschampion-2022-Ahorn-Camp-1024x682.jpg\" alt=\"Ahorn Camp sodi med najhitreje rasto\u010da podjetja leta 2022\"><div class=\"vc_gitem-zone-mini\"><\/div><\/div><\/div><div class=\"vc_gitem-zone vc_gitem-zone-c vc_custom_1419328663991\"><div class=\"vc_gitem-zone-mini\"><div class=\"vc_gitem_row vc_row vc_gitem-row-position-top\"><div class=\"vc_col-sm-12 vc_gitem-col vc_gitem-col-align-\"><div class=\"vc_custom_heading vc_gitem-post-data vc_gitem-post-data-source-post_title\" ><h4 style=\"text-align: left\" >Prvak rasti 2022<\/h4><\/div><div class=\"vc_custom_heading vc_gitem-post-data vc_gitem-post-data-source-post_excerpt\" ><p style=\"text-align: left\" ><p>\u201eSo ustvarjalni in pro\u017eni ter ustvarijo idealen poslovni model za vsako ni\u0161o,\u201c tako Focus opisuje leto\u0161nje zmagovalce rasti. Ponosni smo, da \u0161tejemo med teh top 500 podjetij. <\/p>\n<\/p><\/div><div class=\"vc_btn3-container vc_btn3-left\" ><a onmouseenter=\"this.style.backgroundColor='#f23630'; this.style.color='#f7f7f7';\" onmouseleave=\"this.style.backgroundColor='#F4524D'; this.style.color='#fff';\" style=\"background-color:#F4524D; color:#fff;\" class=\"vc_general vc_btn3 vc_btn3-size-md vc_btn3-shape-rounded vc_btn3-style-flat\" href=\"https:\/\/ahorn-camp.de\/sl\/wachstumschampion-2022\/\" title=\"\">Read more<\/a><\/div><\/div><\/div><\/div><\/div><\/div><div class=\"vc_clearfix\"><\/div><\/div><div class=\"vc_grid-item vc_clearfix vc_col-sm-4 vc_grid-item-zone-c-bottom vc_grid-term-277\"><div class=\"vc_grid-item-mini vc_clearfix\"><div class=\"vc_gitem-animated-block\" ><div class=\"vc_gitem-zone vc_gitem-zone-a vc_gitem-is-link\" style=\"background-image: url('https:\/\/ahorn-camp.de\/wp-content\/uploads\/2022\/03\/Ahorn-Camp-Speyer-Service-Center.png') !important;\"><a href=\"https:\/\/ahorn-camp.de\/sl\/ahorn-camp-service-center\/\" title=\"Ahorn Camp Servisni center in izposoja v Speyerju\" class=\"vc_gitem-link vc-zone-link\" ><\/a><img decoding=\"async\" class=\"vc_gitem-zone-img\" src=\"https:\/\/ahorn-camp.de\/wp-content\/uploads\/2022\/03\/Ahorn-Camp-Speyer-Service-Center.png\" alt=\"Zrasli smo! Tako na lokaciji Speyer kot na lokaciji M\u00fclheim an der Ruhr lahko sedaj z dvema popolnoma novima servisnima centroma \u0161e u\u010dinkoviteje obravnavamo servisne zahteve.\"><div class=\"vc_gitem-zone-mini\"><\/div><\/div><\/div><div class=\"vc_gitem-zone vc_gitem-zone-c vc_custom_1419328663991\"><div class=\"vc_gitem-zone-mini\"><div class=\"vc_gitem_row vc_row vc_gitem-row-position-top\"><div class=\"vc_col-sm-12 vc_gitem-col vc_gitem-col-align-\"><div class=\"vc_custom_heading vc_gitem-post-data vc_gitem-post-data-source-post_title\" ><h4 style=\"text-align: left\" >Ahorn Camp Servisni center in izposoja v Speyerju<\/h4><\/div><div class=\"vc_custom_heading vc_gitem-post-data vc_gitem-post-data-source-post_excerpt\" ><p style=\"text-align: left\" ><p>Zrasli smo! Tako na lokaciji Speyer kot na lokaciji M\u00fclheim an der Ruhr lahko sedaj z dvema popolnoma novima servisnima centroma \u0161e u\u010dinkoviteje obravnavamo servisne zahteve.<\/p>\n<\/p><\/div><div class=\"vc_btn3-container vc_btn3-left\" ><a onmouseenter=\"this.style.backgroundColor='#f23630'; this.style.color='#f7f7f7';\" onmouseleave=\"this.style.backgroundColor='#F4524D'; this.style.color='#fff';\" style=\"background-color:#F4524D; color:#fff;\" class=\"vc_general vc_btn3 vc_btn3-size-md vc_btn3-shape-rounded vc_btn3-style-flat\" href=\"https:\/\/ahorn-camp.de\/sl\/ahorn-camp-service-center\/\" title=\"\">Read more<\/a><\/div><\/div><\/div><\/div><\/div><\/div><div class=\"vc_clearfix\"><\/div><\/div><div class=\"vc_grid-item vc_clearfix vc_col-sm-4 vc_grid-item-zone-c-bottom vc_grid-term-68\"><div class=\"vc_grid-item-mini vc_clearfix\"><div class=\"vc_gitem-animated-block\" ><div class=\"vc_gitem-zone vc_gitem-zone-a vc_gitem-is-link\" style=\"background-image: url('https:\/\/ahorn-camp.de\/wp-content\/uploads\/2022\/01\/Autozeitung-Camping-life-ahorn-Camp-20-TIPPS-fuer-Frankfurt-Camper-Kopie-1024x554.png') !important;\"><a href=\"https:\/\/ahorn-camp.de\/sl\/frankfurt-camper\/\" title=\"20 NASVETOV za kamperje v Frankfurtu\" class=\"vc_gitem-link vc-zone-link\" ><\/a><img decoding=\"async\" class=\"vc_gitem-zone-img\" src=\"https:\/\/ahorn-camp.de\/wp-content\/uploads\/2022\/01\/Autozeitung-Camping-life-ahorn-Camp-20-TIPPS-fuer-Frankfurt-Camper-Kopie-1024x554.png\" alt=\"Ahorn Camp Van 550 Ta znamka iz Pfalza je znana po svojih polintegriranih avtodomih, vendar se oddelek za kombije pri podjetju Ahorn mo\u010dno \u0161iri. Med novostmi modelnega leta 2022 je tudi Ahorn Camp Van 550. Z dol\u017eino 5,50 metra in \u0161irino 2,07 metra je ta kombi na osnovi Renaulta Master \u0161e ravno primeren za mestne izlete, od mnogih kraj\u0161ih avtodomov pa se razlikuje po serijsko vgrajeni kopalnici. Cena: od 41.900 evrov.\"><div class=\"vc_gitem-zone-mini\"><\/div><\/div><\/div><div class=\"vc_gitem-zone vc_gitem-zone-c vc_custom_1419328663991\"><div class=\"vc_gitem-zone-mini\"><div class=\"vc_gitem_row vc_row vc_gitem-row-position-top\"><div class=\"vc_col-sm-12 vc_gitem-col vc_gitem-col-align-\"><div class=\"vc_custom_heading vc_gitem-post-data vc_gitem-post-data-source-post_title\" ><h4 style=\"text-align: left\" >20 NASVETOV za kamperje v Frankfurtu<\/h4><\/div><div class=\"vc_custom_heading vc_gitem-post-data vc_gitem-post-data-source-post_excerpt\" ><p style=\"text-align: left\" ><p>Ahorn Camp Van 550 Ta znamka iz Pfalza je znana po svojih polintegriranih avtodomih, vendar se oddelek za kombije pri podjetju Ahorn mo\u010dno \u0161iri. Med novostmi modelnega leta 2022 je tudi Ahorn Camp Van 550. Z dol\u017eino 5,50 metra in \u0161irino 2,07 metra je ta kombi na osnovi Renaulta Master \u0161e ravno primeren za mestne izlete, od mnogih kraj\u0161ih avtodomov pa se razlikuje po serijsko vgrajeni kopalnici. Cena: od 41.900 evrov.<\/p>\n<\/p><\/div><div class=\"vc_btn3-container vc_btn3-left\" ><a onmouseenter=\"this.style.backgroundColor='#f23630'; this.style.color='#f7f7f7';\" onmouseleave=\"this.style.backgroundColor='#F4524D'; this.style.color='#fff';\" style=\"background-color:#F4524D; color:#fff;\" class=\"vc_general vc_btn3 vc_btn3-size-md vc_btn3-shape-rounded vc_btn3-style-flat\" href=\"https:\/\/ahorn-camp.de\/sl\/frankfurt-camper\/\" title=\"\">Read more<\/a><\/div><\/div><\/div><\/div><\/div><\/div><div class=\"vc_clearfix\"><\/div><\/div><div class=\"vc_grid-item vc_clearfix vc_col-sm-4 vc_grid-item-zone-c-bottom vc_grid-term-593 vc_grid-term-67\"><div class=\"vc_grid-item-mini vc_clearfix\"><div class=\"vc_gitem-animated-block\" ><div class=\"vc_gitem-zone vc_gitem-zone-a vc_gitem-is-link\" style=\"background-image: url('https:\/\/ahorn-camp.de\/wp-content\/uploads\/2021\/11\/Ahorn-Camp-gewinnt-den-Preis-des-Mittelstandes-1024x682.jpg') !important;\"><a href=\"https:\/\/ahorn-camp.de\/sl\/ahorn-camp-wird-in-das-netzwerk-der-besten-aufgenommen\/\" title=\"Nagrada za srednje gospodarstvo\" class=\"vc_gitem-link vc-zone-link\" ><\/a><img decoding=\"async\" class=\"vc_gitem-zone-img\" src=\"https:\/\/ahorn-camp.de\/wp-content\/uploads\/2021\/11\/Ahorn-Camp-gewinnt-den-Preis-des-Mittelstandes-1024x682.jpg\" alt=\"Nagrada za srednje gospodarstvo\"><div class=\"vc_gitem-zone-mini\"><\/div><\/div><\/div><div class=\"vc_gitem-zone vc_gitem-zone-c vc_custom_1419328663991\"><div class=\"vc_gitem-zone-mini\"><div class=\"vc_gitem_row vc_row vc_gitem-row-position-top\"><div class=\"vc_col-sm-12 vc_gitem-col vc_gitem-col-align-\"><div class=\"vc_custom_heading vc_gitem-post-data vc_gitem-post-data-source-post_title\" ><h4 style=\"text-align: left\" >Nagrada za srednje gospodarstvo<\/h4><\/div><div class=\"vc_custom_heading vc_gitem-post-data vc_gitem-post-data-source-post_excerpt\" ><p style=\"text-align: left\" ><p>Veseli smo, da smo med finalisti nagrade Gro\u00dfer Preis des Mittelstandes 2021, ki jo vsako leto podeljuje fundacija Oskar-Patzelt, in smo ponosni, da skupaj krepimo mala in srednja podjetja v Nem\u010diji. <\/p>\n<\/p><\/div><div class=\"vc_btn3-container vc_btn3-left\" ><a onmouseenter=\"this.style.backgroundColor='#f23630'; this.style.color='#f7f7f7';\" onmouseleave=\"this.style.backgroundColor='#F4524D'; this.style.color='#fff';\" style=\"background-color:#F4524D; color:#fff;\" class=\"vc_general vc_btn3 vc_btn3-size-md vc_btn3-shape-rounded vc_btn3-style-flat\" href=\"https:\/\/ahorn-camp.de\/sl\/ahorn-camp-wird-in-das-netzwerk-der-besten-aufgenommen\/\" title=\"\">Read more<\/a><\/div><\/div><\/div><\/div><\/div><\/div><div class=\"vc_clearfix\"><\/div><\/div><div class=\"vc_grid-item vc_clearfix vc_col-sm-4 vc_grid-item-zone-c-bottom vc_grid-term-68\"><div class=\"vc_grid-item-mini vc_clearfix\"><div class=\"vc_gitem-animated-block\" ><div class=\"vc_gitem-zone vc_gitem-zone-a vc_gitem-is-link\" style=\"background-image: url('https:\/\/ahorn-camp.de\/wp-content\/uploads\/2021\/11\/Canada-TU-2021-Vorschaubild.jpg') !important;\"><a href=\"https:\/\/ahorn-camp.de\/sl\/wohnmobil-test\/\" title=\"Kanada test avtodomov TU\" class=\"vc_gitem-link vc-zone-link\" ><\/a><img decoding=\"async\" class=\"vc_gitem-zone-img\" src=\"https:\/\/ahorn-camp.de\/wp-content\/uploads\/2021\/11\/Canada-TU-2021-Vorschaubild.jpg\" alt=\"Maj 2021: Test avtodoma \u2013 Ahorn Canada TU Plus ponuja obilo prostora. Ahorn Camp si utira pot v senci velikih imen. Canada TU Plus na kratko pojasni skrivnost tega uspeha. AUTOBILD REISEMOBIL\"><div class=\"vc_gitem-zone-mini\"><\/div><\/div><\/div><div class=\"vc_gitem-zone vc_gitem-zone-c vc_custom_1419328663991\"><div class=\"vc_gitem-zone-mini\"><div class=\"vc_gitem_row vc_row vc_gitem-row-position-top\"><div class=\"vc_col-sm-12 vc_gitem-col vc_gitem-col-align-\"><div class=\"vc_custom_heading vc_gitem-post-data vc_gitem-post-data-source-post_title\" ><h4 style=\"text-align: left\" >Kanada test avtodomov TU<\/h4><\/div><div class=\"vc_custom_heading vc_gitem-post-data vc_gitem-post-data-source-post_excerpt\" ><p style=\"text-align: left\" ><p>Maj 2021<br \/>\nTest avtodomov \u2013 Ahorn Canada TU Plus ponuja prostor v izobilju.<br \/>\nAhorn Camp si utira pot v senci velikih imen. Model Canada TU Plus na kratko pojasni skrivnost tega uspeha.<br \/>\nAUTOBILD REISEMOBIL<\/p>\n<\/p><\/div><div class=\"vc_btn3-container vc_btn3-left\" ><a onmouseenter=\"this.style.backgroundColor='#f23630'; this.style.color='#f7f7f7';\" onmouseleave=\"this.style.backgroundColor='#F4524D'; this.style.color='#fff';\" style=\"background-color:#F4524D; color:#fff;\" class=\"vc_general vc_btn3 vc_btn3-size-md vc_btn3-shape-rounded vc_btn3-style-flat\" href=\"https:\/\/ahorn-camp.de\/sl\/wohnmobil-test\/\" title=\"\">Read more<\/a><\/div><\/div><\/div><\/div><\/div><\/div><div class=\"vc_clearfix\"><\/div><\/div><div class=\"vc_grid-item vc_clearfix vc_col-sm-4 vc_grid-item-zone-c-bottom vc_grid-term-68\"><div class=\"vc_grid-item-mini vc_clearfix\"><div class=\"vc_gitem-animated-block\" ><div class=\"vc_gitem-zone vc_gitem-zone-a vc_gitem-is-link\" style=\"background-image: url('https:\/\/ahorn-camp.de\/wp-content\/uploads\/2021\/09\/Promobil-Lisa-Geiger-Kopie.jpg') !important;\"><a href=\"https:\/\/ahorn-camp.de\/sl\/wohnmobilurlaub-mit-der-ganzen-familie\/\" title=\"Po\u010ditnice z avtodomom z vso dru\u017eino\" class=\"vc_gitem-link vc-zone-link\" ><\/a><img decoding=\"async\" class=\"vc_gitem-zone-img\" src=\"https:\/\/ahorn-camp.de\/wp-content\/uploads\/2021\/09\/Promobil-Lisa-Geiger-Kopie.jpg\" alt=\"Potovanje z vso dru\u017eino. In to \u0161e neodvisno in prilagodljivo. Prelepo, da bi bilo res? Lisa Geiger iz Promobila je preizkusila v praksi. Je po\u010ditnice v avtodomu z otroki resni\u010dno bolj spro\u0161\u010dujo\u010de kot naporen letalski dopust? Kaj je treba upo\u0161tevati in katere nasvete ter trike ima na zalogi, boste izvedeli tukaj.\"><div class=\"vc_gitem-zone-mini\"><\/div><\/div><\/div><div class=\"vc_gitem-zone vc_gitem-zone-c vc_custom_1419328663991\"><div class=\"vc_gitem-zone-mini\"><div class=\"vc_gitem_row vc_row vc_gitem-row-position-top\"><div class=\"vc_col-sm-12 vc_gitem-col vc_gitem-col-align-\"><div class=\"vc_custom_heading vc_gitem-post-data vc_gitem-post-data-source-post_title\" ><h4 style=\"text-align: left\" >Po\u010ditnice z avtodomom z vso dru\u017eino<\/h4><\/div><div class=\"vc_custom_heading vc_gitem-post-data vc_gitem-post-data-source-post_excerpt\" ><p style=\"text-align: left\" ><p>Potovanje z vso dru\u017eino. In to \u0161e neodvisno in prilagodljivo. Prelepo, da bi bilo res? Lisa Geiger iz Promobila je preizkusila v praksi. Je po\u010ditnice v avtodomu z otroki resni\u010dno bolj spro\u0161\u010dujo\u010de kot naporen letalski dopust? Kaj je treba upo\u0161tevati in katere nasvete ter trike ima na zalogi, boste izvedeli tukaj. <\/p>\n<\/p><\/div><div class=\"vc_btn3-container vc_btn3-left\" ><a onmouseenter=\"this.style.backgroundColor='#f23630'; this.style.color='#f7f7f7';\" onmouseleave=\"this.style.backgroundColor='#F4524D'; this.style.color='#fff';\" style=\"background-color:#F4524D; color:#fff;\" class=\"vc_general vc_btn3 vc_btn3-size-md vc_btn3-shape-rounded vc_btn3-style-flat\" href=\"https:\/\/ahorn-camp.de\/sl\/wohnmobilurlaub-mit-der-ganzen-familie\/\" title=\"\">Read more<\/a><\/div><\/div><\/div><\/div><\/div><\/div><div class=\"vc_clearfix\"><\/div><\/div><div class=\"vc_grid-item vc_clearfix vc_col-sm-4 vc_grid-item-zone-c-bottom vc_grid-term-277 vc_grid-term-67\"><div class=\"vc_grid-item-mini vc_clearfix\"><div class=\"vc_gitem-animated-block\" ><div class=\"vc_gitem-zone vc_gitem-zone-a vc_gitem-is-link\" style=\"background-image: url('https:\/\/ahorn-camp.de\/wp-content\/uploads\/2021\/06\/thumbnail_Logo.png') !important;\"><a href=\"https:\/\/ahorn-camp.de\/sl\/wohnmobile-und-klimaschutz\/\" title=\"Ahorn Camp podpira trajnostne projekte\" class=\"vc_gitem-link vc-zone-link\" ><\/a><img decoding=\"async\" class=\"vc_gitem-zone-img\" src=\"https:\/\/ahorn-camp.de\/wp-content\/uploads\/2021\/06\/thumbnail_Logo.png\" alt=\"Varovanje podnebja zadeva vse. Zato si prizadevamo za trajnostna potovanja z avtodomom in kot podporni \u010dlan podpiramo zdru\u017eenje WOHNmobile za varovanje podnebja. Skupaj pogozdujemo nem\u0161ke gozdove.\"><div class=\"vc_gitem-zone-mini\"><\/div><\/div><\/div><div class=\"vc_gitem-zone vc_gitem-zone-c vc_custom_1419328663991\"><div class=\"vc_gitem-zone-mini\"><div class=\"vc_gitem_row vc_row vc_gitem-row-position-top\"><div class=\"vc_col-sm-12 vc_gitem-col vc_gitem-col-align-\"><div class=\"vc_custom_heading vc_gitem-post-data vc_gitem-post-data-source-post_title\" ><h4 style=\"text-align: left\" >Ahorn Camp podpira trajnostne projekte<\/h4><\/div><div class=\"vc_custom_heading vc_gitem-post-data vc_gitem-post-data-source-post_excerpt\" ><p style=\"text-align: left\" ><p>Varovanje podnebja zadeva vse. Zato si prizadevamo za trajnostna potovanja z avtodomom in kot podporni \u010dlan podpiramo zdru\u017eenje WOHNmobile za varovanje podnebja. Skupaj pogozdujemo nem\u0161ke gozdove. <\/p>\n<\/p><\/div><div class=\"vc_btn3-container vc_btn3-left\" ><a onmouseenter=\"this.style.backgroundColor='#f23630'; this.style.color='#f7f7f7';\" onmouseleave=\"this.style.backgroundColor='#F4524D'; this.style.color='#fff';\" style=\"background-color:#F4524D; color:#fff;\" class=\"vc_general vc_btn3 vc_btn3-size-md vc_btn3-shape-rounded vc_btn3-style-flat\" href=\"https:\/\/ahorn-camp.de\/sl\/wohnmobile-und-klimaschutz\/\" title=\"\">Read more<\/a><\/div><\/div><\/div><\/div><\/div><\/div><div class=\"vc_clearfix\"><\/div><\/div><div class=\"vc_grid-item vc_clearfix vc_col-sm-4 vc_grid-item-zone-c-bottom vc_grid-term-277\"><div class=\"vc_grid-item-mini vc_clearfix\"><div class=\"vc_gitem-animated-block\" ><div class=\"vc_gitem-zone vc_gitem-zone-a vc_gitem-is-link\" style=\"background-image: url('https:\/\/ahorn-camp.de\/wp-content\/uploads\/2021\/06\/Flotte-Ahorn-Camp-2000-1024x576.png') !important;\"><a href=\"https:\/\/ahorn-camp.de\/sl\/campen-mit-der-familie\/\" title=\"Kampiranje z dru\u017eino\" class=\"vc_gitem-link vc-zone-link\" ><\/a><img decoding=\"async\" class=\"vc_gitem-zone-img\" src=\"https:\/\/ahorn-camp.de\/wp-content\/uploads\/2021\/06\/Flotte-Ahorn-Camp-2000-1024x576.png\" alt=\"Letni dopust je za ve\u010dino dru\u017ein vrhunec. Skupaj pre\u017eiveti \u010das, se odklopiti od vsakdanjika in u\u017eivati v oddihu. Prilagodljivost, ki jo ponuja potovalno vozilo, ustvarja nekaj novih mo\u017enosti, da dopust z dru\u017eino ne bo le spro\u0161\u010den, temve\u010d tudi cenovno ugoden.\"><div class=\"vc_gitem-zone-mini\"><\/div><\/div><\/div><div class=\"vc_gitem-zone vc_gitem-zone-c vc_custom_1419328663991\"><div class=\"vc_gitem-zone-mini\"><div class=\"vc_gitem_row vc_row vc_gitem-row-position-top\"><div class=\"vc_col-sm-12 vc_gitem-col vc_gitem-col-align-\"><div class=\"vc_custom_heading vc_gitem-post-data vc_gitem-post-data-source-post_title\" ><h4 style=\"text-align: left\" >Kampiranje z dru\u017eino<\/h4><\/div><div class=\"vc_custom_heading vc_gitem-post-data vc_gitem-post-data-source-post_excerpt\" ><p style=\"text-align: left\" ><p>Letni dopust je za ve\u010dino dru\u017ein vrhunec. Skupaj pre\u017eiveti \u010das, se odklopiti od vsakdanjika in u\u017eivati v oddihu. Prilagodljivost, ki jo ponuja potovalno vozilo, ustvarja nekaj novih mo\u017enosti, da dopust z dru\u017eino ne bo le spro\u0161\u010den, temve\u010d tudi cenovno ugoden.<\/p>\n<\/p><\/div><div class=\"vc_btn3-container vc_btn3-left\" ><a onmouseenter=\"this.style.backgroundColor='#f23630'; this.style.color='#f7f7f7';\" onmouseleave=\"this.style.backgroundColor='#F4524D'; this.style.color='#fff';\" style=\"background-color:#F4524D; color:#fff;\" class=\"vc_general vc_btn3 vc_btn3-size-md vc_btn3-shape-rounded vc_btn3-style-flat\" href=\"https:\/\/ahorn-camp.de\/sl\/campen-mit-der-familie\/\" title=\"\">Read more<\/a><\/div><\/div><\/div><\/div><\/div><\/div><div class=\"vc_clearfix\"><\/div><\/div><div class=\"vc_grid-item vc_clearfix vc_col-sm-4 vc_grid-item-zone-c-bottom vc_grid-term-277\"><div class=\"vc_grid-item-mini vc_clearfix\"><div class=\"vc_gitem-animated-block\" ><div class=\"vc_gitem-zone vc_gitem-zone-a vc_gitem-is-link\" style=\"background-image: url('https:\/\/ahorn-camp.de\/wp-content\/uploads\/2021\/05\/Van-620-1-1024x577.jpg') !important;\"><a href=\"https:\/\/ahorn-camp.de\/sl\/sommerurlaub-2021\/\" title=\"Nasveti za va\u0161 dopust s po\u010ditni\u0161ko prikolico\" class=\"vc_gitem-link vc-zone-link\" ><\/a><img decoding=\"async\" class=\"vc_gitem-zone-img\" src=\"https:\/\/ahorn-camp.de\/wp-content\/uploads\/2021\/05\/Van-620-1-1024x577.jpg\" alt=\"Razmere se opazno izbolj\u0161ujejo ne le v Nem\u010diji, ampak se \u017eivljenje ob kampiranju v nekaterih sosednjih dr\u017eavah ponovno budi \u017ee nekaj tednov. Zbrali smo nekaj nasvetov za poletne po\u010ditnice s kamperjem v modelu Van 620 leta 2021.\"><div class=\"vc_gitem-zone-mini\"><\/div><\/div><\/div><div class=\"vc_gitem-zone vc_gitem-zone-c vc_custom_1419328663991\"><div class=\"vc_gitem-zone-mini\"><div class=\"vc_gitem_row vc_row vc_gitem-row-position-top\"><div class=\"vc_col-sm-12 vc_gitem-col vc_gitem-col-align-\"><div class=\"vc_custom_heading vc_gitem-post-data vc_gitem-post-data-source-post_title\" ><h4 style=\"text-align: left\" >Nasveti za va\u0161 dopust s po\u010ditni\u0161ko prikolico<\/h4><\/div><div class=\"vc_custom_heading vc_gitem-post-data vc_gitem-post-data-source-post_excerpt\" ><p style=\"text-align: left\" ><p>Razmere se opazno izbolj\u0161ujejo ne le v Nem\u010diji, ampak se \u017eivljenje ob kampiranju v nekaterih sosednjih dr\u017eavah ponovno budi \u017ee nekaj tednov. Zbrali smo nekaj nasvetov za poletne po\u010ditnice s kamperjem v modelu Van 620 leta 2021. <\/p>\n<\/p><\/div><div class=\"vc_btn3-container vc_btn3-left\" ><a onmouseenter=\"this.style.backgroundColor='#f23630'; this.style.color='#f7f7f7';\" onmouseleave=\"this.style.backgroundColor='#F4524D'; this.style.color='#fff';\" style=\"background-color:#F4524D; color:#fff;\" class=\"vc_general vc_btn3 vc_btn3-size-md vc_btn3-shape-rounded vc_btn3-style-flat\" href=\"https:\/\/ahorn-camp.de\/sl\/sommerurlaub-2021\/\" title=\"\">Read more<\/a><\/div><\/div><\/div><\/div><\/div><\/div><div class=\"vc_clearfix\"><\/div><\/div><div class=\"vc_grid-item vc_clearfix vc_col-sm-4 vc_grid-item-zone-c-bottom vc_grid-term-277\"><div class=\"vc_grid-item-mini vc_clearfix\"><div class=\"vc_gitem-animated-block\" ><div class=\"vc_gitem-zone vc_gitem-zone-a vc_gitem-is-link\" style=\"background-image: url('https:\/\/ahorn-camp.de\/wp-content\/uploads\/2020\/10\/EY-Entrepreneur-Of-The-Year-1024x512.png') !important;\"><a href=\"https:\/\/ahorn-camp.de\/sl\/ey-entrepreneur-of-the-year-finalisten-award-2\/\" title=\"EY Podjetnik leta \u2013 Finalisti nagrada\" class=\"vc_gitem-link vc-zone-link\" ><\/a><img decoding=\"async\" class=\"vc_gitem-zone-img\" src=\"https:\/\/ahorn-camp.de\/wp-content\/uploads\/2020\/10\/EY-Entrepreneur-Of-The-Year-1024x512.png\" alt=\"EY Podjetnik leta 2020\"><div class=\"vc_gitem-zone-mini\"><\/div><\/div><\/div><div class=\"vc_gitem-zone vc_gitem-zone-c vc_custom_1419328663991\"><div class=\"vc_gitem-zone-mini\"><div class=\"vc_gitem_row vc_row vc_gitem-row-position-top\"><div class=\"vc_col-sm-12 vc_gitem-col vc_gitem-col-align-\"><div class=\"vc_custom_heading vc_gitem-post-data vc_gitem-post-data-source-post_title\" ><h4 style=\"text-align: left\" >EY Podjetnik leta \u2013 Finalisti nagrada<\/h4><\/div><div class=\"vc_custom_heading vc_gitem-post-data vc_gitem-post-data-source-post_excerpt\" ><p style=\"text-align: left\" ><p>EY \u017ee 24 let nagrajuje izjemne podjetnike in podjetnice, za katere so klju\u010dne vrednote pogum, vizija in odlo\u010dnost. Med leto\u0161njimi 19 finalisti je tudi na\u0161 direktor Alexander Reichmann. Poro\u010damo o slovesni podelitvi nagrade finalistov.<\/p>\n<\/p><\/div><div class=\"vc_btn3-container vc_btn3-left\" ><a onmouseenter=\"this.style.backgroundColor='#f23630'; this.style.color='#f7f7f7';\" onmouseleave=\"this.style.backgroundColor='#F4524D'; this.style.color='#fff';\" style=\"background-color:#F4524D; color:#fff;\" class=\"vc_general vc_btn3 vc_btn3-size-md vc_btn3-shape-rounded vc_btn3-style-flat\" href=\"https:\/\/ahorn-camp.de\/sl\/ey-entrepreneur-of-the-year-finalisten-award-2\/\" title=\"\">Read more<\/a><\/div><\/div><\/div><\/div><\/div><\/div><div class=\"vc_clearfix\"><\/div><\/div><div class=\"vc_grid-item vc_clearfix vc_col-sm-4 vc_grid-item-zone-c-bottom vc_grid-term-277 vc_grid-term-67\"><div class=\"vc_grid-item-mini vc_clearfix\"><div class=\"vc_gitem-animated-block\" ><div class=\"vc_gitem-zone vc_gitem-zone-a vc_gitem-is-link\" style=\"background-image: url('https:\/\/ahorn-camp.de\/wp-content\/uploads\/2020\/10\/Bis-Baskets-1024x512.png') !important;\"><a href=\"https:\/\/ahorn-camp.de\/sl\/namenssponsor-bis-baskets-speyer\/\" title=\"Novi imenski sponzor BIS Baskets Speyer\" class=\"vc_gitem-link vc-zone-link\" ><\/a><img decoding=\"async\" class=\"vc_gitem-zone-img\" src=\"https:\/\/ahorn-camp.de\/wp-content\/uploads\/2020\/10\/Bis-Baskets-1024x512.png\" alt=\"Z izjemnim veseljem sporo\u010damo, da od zdaj naprej podpiramo klub BIS Baskets Speyer kot novega glavnega sponzorja. Ekipa Ahorn Camp Bis Baskets za\u010denja z geslom: \"hustle, hit and never quit - immer k\u00e4mpfen, nie aufgeben\"! in die neue saison.\"><div class=\"vc_gitem-zone-mini\"><\/div><\/div><\/div><div class=\"vc_gitem-zone vc_gitem-zone-c vc_custom_1419328663991\"><div class=\"vc_gitem-zone-mini\"><div class=\"vc_gitem_row vc_row vc_gitem-row-position-top\"><div class=\"vc_col-sm-12 vc_gitem-col vc_gitem-col-align-\"><div class=\"vc_custom_heading vc_gitem-post-data vc_gitem-post-data-source-post_title\" ><h4 style=\"text-align: left\" >Novi imenski sponzor BIS Baskets Speyer<\/h4><\/div><div class=\"vc_custom_heading vc_gitem-post-data vc_gitem-post-data-source-post_excerpt\" ><p style=\"text-align: left\" ><p>Z izjemnim veseljem sporo\u010damo, da od zdaj naprej podpiramo ekipo BIS Baskets Speyer kot novega glavnega sponzorja. Ekipa Ahorn Camp Bis Baskets za\u010denja novo sezono z geslom: \u201eHustle, hit and never quit \u2013 vedno se boriti, nikoli se ne predajati\u201c!. <\/p>\n<\/p><\/div><div class=\"vc_btn3-container vc_btn3-left\" ><a onmouseenter=\"this.style.backgroundColor='#f23630'; this.style.color='#f7f7f7';\" onmouseleave=\"this.style.backgroundColor='#F4524D'; this.style.color='#fff';\" style=\"background-color:#F4524D; color:#fff;\" class=\"vc_general vc_btn3 vc_btn3-size-md vc_btn3-shape-rounded vc_btn3-style-flat\" href=\"https:\/\/ahorn-camp.de\/sl\/namenssponsor-bis-baskets-speyer\/\" title=\"\">Read more<\/a><\/div><\/div><\/div><\/div><\/div><\/div><div class=\"vc_clearfix\"><\/div><\/div><\/div><div class=\"vc_pageable-load-more-btn\" data-vc-grid-load-more-btn=\"true\"><div class=\"vc_btn3-container  vc_grid-btn-load_more vc_btn3-center\" ><button onmouseenter=\"this.style.backgroundColor='#3c5ecc'; this.style.color='#f7f7f7';\" onmouseleave=\"this.style.backgroundColor='#5472D2'; this.style.color='#fff';\" style=\"background-color:#5472D2; color:#fff;\" class=\"vc_general vc_btn3 vc_btn3-size-md vc_btn3-shape-square vc_btn3-style-flat\">Nalo\u017ei ve\u010d<\/button><\/div><\/div><\/div>\n\t<\/div>\n<\/div><\/div><\/div><\/div><\/div><\/section>\n<\/div>","protected":false},"excerpt":{"rendered":"AllAuszeichnungenEvents &amp; MessenFahrzeugberichtePressemitteilungenUnternehmenAll&nbsp;&nbsp;&nbsp;&nbsp;&nbsp;&nbsp;&nbsp;&nbsp;&nbsp;&nbsp;Auszeichnungen&nbsp;&nbsp;&nbsp;&nbsp;&nbsp;&nbsp;&nbsp;&nbsp;&nbsp;&nbsp;Events &amp; Messen&nbsp;&nbsp;&nbsp;&nbsp;&nbsp;&nbsp;&nbsp;&nbsp;&nbsp;&nbsp;Fahrzeugberichte&nbsp;&nbsp;&nbsp;&nbsp;&nbsp;&nbsp;&nbsp;&nbsp;&nbsp;&nbsp;Pressemitteilungen&nbsp;&nbsp;&nbsp;&nbsp;&nbsp;&nbsp;&nbsp;&nbsp;&nbsp;&nbsp;Unternehmen&nbsp;&nbsp;&nbsp;&nbsp;&nbsp;&nbsp;&nbsp;&nbsp;&nbsp;&nbsp; Ahorn Camp gewinnt Promobil Award: Reisemobile des Jahres 2026Die Leserinnen und Leser von Promobil haben entschieden: Ahorn Camp z\u00e4hlt zu den Siegern der \u201eReisemobile des Jahres 2026\u201c. In der Kategorie Alkovenmobile bis 70.000 Euro erreichten die Ahorn Camp Modelle den 2. Platz Read moreAhorn Camp pr\u00e4sentiert den neuen T 680 [...]","protected":false},"author":2,"featured_media":0,"parent":0,"menu_order":38,"comment_status":"closed","ping_status":"closed","template":"","meta":{"content-type":"","footnotes":""},"class_list":["post-1034","page","type-page","status-publish","hentry"],"yoast_head":"<!-- This site is optimized with the Yoast SEO plugin v28.4 - https:\/\/yoast.com\/product\/yoast-seo-wordpress\/ -->\n<title>Ahorn News und Presse - Ahorn Camp | Reisemobile und Kastenwagen<\/title>\n<meta name=\"description\" content=\"Erfahren Sie alles \u00fcber die neuesten Nachrichten von Ahorn Camp! Bleiben Sie informiert \u00fcber Angebote, Events und mehr!\" \/>\n<meta name=\"robots\" content=\"index, follow, max-snippet:-1, max-image-preview:large, max-video-preview:-1\" \/>\n<link rel=\"canonical\" href=\"https:\/\/ahorn-camp.de\/sl\/novice-ahorn\/\" \/>\n<meta property=\"og:locale\" content=\"sl_SI\" \/>\n<meta property=\"og:type\" content=\"article\" \/>\n<meta property=\"og:title\" content=\"Ahorn News und Presse - Ahorn Camp | Reisemobile und Kastenwagen\" \/>\n<meta property=\"og:description\" content=\"Erfahren Sie alles \u00fcber die neuesten Nachrichten von Ahorn Camp! Bleiben Sie informiert \u00fcber Angebote, Events und mehr!\" \/>\n<meta property=\"og:url\" content=\"https:\/\/ahorn-camp.de\/sl\/novice-ahorn\/\" \/>\n<meta property=\"og:site_name\" content=\"Ahorn Camp | Reisemobile und Kastenwagen\" \/>\n<meta property=\"article:publisher\" content=\"https:\/\/www.facebook.com\/ahorn.wohnmobile\/\" \/>\n<meta property=\"article:modified_time\" content=\"2024-02-20T12:28:31+00:00\" \/>\n<meta name=\"twitter:card\" content=\"summary_large_image\" \/>\n<meta name=\"twitter:label1\" content=\"Est. reading time\" \/>\n\t<meta name=\"twitter:data1\" content=\"1 minuta\" \/>\n<script type=\"application\/ld+json\" class=\"yoast-schema-graph\">{\"@context\":\"https:\\\/\\\/schema.org\",\"@graph\":[{\"@type\":\"WebPage\",\"@id\":\"https:\\\/\\\/ahorn-camp.de\\\/ahorn-news\\\/\",\"url\":\"https:\\\/\\\/ahorn-camp.de\\\/ahorn-news\\\/\",\"name\":\"Ahorn News und Presse - Ahorn Camp | Reisemobile und Kastenwagen\",\"isPartOf\":{\"@id\":\"https:\\\/\\\/ahorn-camp.de\\\/#website\"},\"datePublished\":\"2019-05-22T15:17:07+00:00\",\"dateModified\":\"2024-02-20T12:28:31+00:00\",\"description\":\"Erfahren Sie alles \u00fcber die neuesten Nachrichten von Ahorn Camp! Bleiben Sie informiert \u00fcber Angebote, Events und mehr!\",\"breadcrumb\":{\"@id\":\"https:\\\/\\\/ahorn-camp.de\\\/ahorn-news\\\/#breadcrumb\"},\"inLanguage\":\"sl-SI\",\"potentialAction\":[{\"@type\":\"ReadAction\",\"target\":[\"https:\\\/\\\/ahorn-camp.de\\\/ahorn-news\\\/\"]}]},{\"@type\":\"BreadcrumbList\",\"@id\":\"https:\\\/\\\/ahorn-camp.de\\\/ahorn-news\\\/#breadcrumb\",\"itemListElement\":[{\"@type\":\"ListItem\",\"position\":1,\"name\":\"Startseite\",\"item\":\"https:\\\/\\\/ahorn-camp.de\\\/\"},{\"@type\":\"ListItem\",\"position\":2,\"name\":\"Ahorn News und Presse\"}]},{\"@type\":\"WebSite\",\"@id\":\"https:\\\/\\\/ahorn-camp.de\\\/#website\",\"url\":\"https:\\\/\\\/ahorn-camp.de\\\/\",\"name\":\"Ahorn Camp | Reisemobile und Kastenwagen\",\"description\":\"Seit \u00fcber 30 Jahren vermarktet das Familienunternehmen, Ahorn Camp in Speyer, erfolgreich Wohnmobile und Kastenwagen zum besten Preis-Leistungsverh\u00e4ltnis.\",\"publisher\":{\"@id\":\"https:\\\/\\\/ahorn-camp.de\\\/#organization\"},\"potentialAction\":[{\"@type\":\"SearchAction\",\"target\":{\"@type\":\"EntryPoint\",\"urlTemplate\":\"https:\\\/\\\/ahorn-camp.de\\\/?s={search_term_string}\"},\"query-input\":{\"@type\":\"PropertyValueSpecification\",\"valueRequired\":true,\"valueName\":\"search_term_string\"}}],\"inLanguage\":\"sl-SI\"},{\"@type\":\"Organization\",\"@id\":\"https:\\\/\\\/ahorn-camp.de\\\/#organization\",\"name\":\"Ahorn Camp GmbH & Co. KG\",\"url\":\"https:\\\/\\\/ahorn-camp.de\\\/\",\"logo\":{\"@type\":\"ImageObject\",\"inLanguage\":\"sl-SI\",\"@id\":\"https:\\\/\\\/ahorn-camp.de\\\/#\\\/schema\\\/logo\\\/image\\\/\",\"url\":\"https:\\\/\\\/ahorn-camp.de\\\/wp-content\\\/uploads\\\/2018\\\/12\\\/Ahorn_Logo.jpg\",\"contentUrl\":\"https:\\\/\\\/ahorn-camp.de\\\/wp-content\\\/uploads\\\/2018\\\/12\\\/Ahorn_Logo.jpg\",\"width\":1437,\"height\":1000,\"caption\":\"Ahorn Camp GmbH & Co. KG\"},\"image\":{\"@id\":\"https:\\\/\\\/ahorn-camp.de\\\/#\\\/schema\\\/logo\\\/image\\\/\"},\"sameAs\":[\"https:\\\/\\\/www.facebook.com\\\/ahorn.wohnmobile\\\/\",\"https:\\\/\\\/www.instagram.com\\\/ahorn.camp\\\/\",\"https:\\\/\\\/www.youtube.com\\\/channel\\\/UCPFbPCts1JJ_A1k9vyH0yOQ\"]}]}<\/script>\n<!-- \/ Yoast SEO plugin. -->","yoast_head_json":{"title":"Ahorn Novice in mediji \u2013 Ahorn Camp | Avtodomi in kombiji","description":"Izvedite vse o najnovej\u0161ih novicah na Ahorn Camp! Bodite na teko\u010dem z akcijami, dogodki in \u0161e ve\u010d!","robots":{"index":"index","follow":"follow","max-snippet":"max-snippet:-1","max-image-preview":"max-image-preview:large","max-video-preview":"max-video-preview:-1"},"canonical":"https:\/\/ahorn-camp.de\/sl\/novice-ahorn\/","og_locale":"sl_SI","og_type":"article","og_title":"Ahorn News und Presse - Ahorn Camp | Reisemobile und Kastenwagen","og_description":"Erfahren Sie alles \u00fcber die neuesten Nachrichten von Ahorn Camp! Bleiben Sie informiert \u00fcber Angebote, Events und mehr!","og_url":"https:\/\/ahorn-camp.de\/sl\/novice-ahorn\/","og_site_name":"Ahorn Camp | Reisemobile und Kastenwagen","article_publisher":"https:\/\/www.facebook.com\/ahorn.wohnmobile\/","article_modified_time":"2024-02-20T12:28:31+00:00","twitter_card":"summary_large_image","twitter_misc":{"Est. reading time":"1 minuta"},"schema":{"@context":"https:\/\/schema.org","@graph":[{"@type":"WebPage","@id":"https:\/\/ahorn-camp.de\/ahorn-news\/","url":"https:\/\/ahorn-camp.de\/ahorn-news\/","name":"Ahorn Novice in mediji \u2013 Ahorn Camp | Avtodomi in kombiji","isPartOf":{"@id":"https:\/\/ahorn-camp.de\/#website"},"datePublished":"2019-05-22T15:17:07+00:00","dateModified":"2024-02-20T12:28:31+00:00","description":"Izvedite vse o najnovej\u0161ih novicah na Ahorn Camp! Bodite na teko\u010dem z akcijami, dogodki in \u0161e ve\u010d!","breadcrumb":{"@id":"https:\/\/ahorn-camp.de\/ahorn-news\/#breadcrumb"},"inLanguage":"sl-SI","potentialAction":[{"@type":"ReadAction","target":["https:\/\/ahorn-camp.de\/ahorn-news\/"]}]},{"@type":"BreadcrumbList","@id":"https:\/\/ahorn-camp.de\/ahorn-news\/#breadcrumb","itemListElement":[{"@type":"ListItem","position":1,"name":"Startseite","item":"https:\/\/ahorn-camp.de\/"},{"@type":"ListItem","position":2,"name":"Ahorn News und Presse"}]},{"@type":"WebSite","@id":"https:\/\/ahorn-camp.de\/#website","url":"https:\/\/ahorn-camp.de\/","name":"Ahorn Camp | Avtodomi in kombiji","description":"\u017de ve\u010d kot 30 let dru\u017einsko podjetje Ahorn Camp iz Speyerja uspe\u0161no prodaja avtodome in kombije z najbolj\u0161im razmerjem med ceno in kakovostjo.","publisher":{"@id":"https:\/\/ahorn-camp.de\/#organization"},"potentialAction":[{"@type":"SearchAction","target":{"@type":"EntryPoint","urlTemplate":"https:\/\/ahorn-camp.de\/?s={search_term_string}"},"query-input":{"@type":"PropertyValueSpecification","valueRequired":true,"valueName":"search_term_string"}}],"inLanguage":"sl-SI"},{"@type":"Organization","@id":"https:\/\/ahorn-camp.de\/#organization","name":"Ahorn Camp GmbH &amp; Co. KG","url":"https:\/\/ahorn-camp.de\/","logo":{"@type":"ImageObject","inLanguage":"sl-SI","@id":"https:\/\/ahorn-camp.de\/#\/schema\/logo\/image\/","url":"https:\/\/ahorn-camp.de\/wp-content\/uploads\/2018\/12\/Ahorn_Logo.jpg","contentUrl":"https:\/\/ahorn-camp.de\/wp-content\/uploads\/2018\/12\/Ahorn_Logo.jpg","width":1437,"height":1000,"caption":"Ahorn Camp GmbH & Co. KG"},"image":{"@id":"https:\/\/ahorn-camp.de\/#\/schema\/logo\/image\/"},"sameAs":["https:\/\/www.facebook.com\/ahorn.wohnmobile\/","https:\/\/www.instagram.com\/ahorn.camp\/","https:\/\/www.youtube.com\/channel\/UCPFbPCts1JJ_A1k9vyH0yOQ"]}]}},"_links":{"self":[{"href":"https:\/\/ahorn-camp.de\/sl\/wp-json\/wp\/v2\/pages\/1034","targetHints":{"allow":["GET"]}}],"collection":[{"href":"https:\/\/ahorn-camp.de\/sl\/wp-json\/wp\/v2\/pages"}],"about":[{"href":"https:\/\/ahorn-camp.de\/sl\/wp-json\/wp\/v2\/types\/page"}],"author":[{"embeddable":true,"href":"https:\/\/ahorn-camp.de\/sl\/wp-json\/wp\/v2\/users\/2"}],"replies":[{"embeddable":true,"href":"https:\/\/ahorn-camp.de\/sl\/wp-json\/wp\/v2\/comments?post=1034"}],"version-history":[{"count":0,"href":"https:\/\/ahorn-camp.de\/sl\/wp-json\/wp\/v2\/pages\/1034\/revisions"}],"wp:attachment":[{"href":"https:\/\/ahorn-camp.de\/sl\/wp-json\/wp\/v2\/media?parent=1034"}],"curies":[{"name":"wp","href":"https:\/\/api.w.org\/{rel}","templated":true}]}}