{"id":4861,"date":"2020-03-26T17:31:58","date_gmt":"2020-03-26T16:31:58","guid":{"rendered":"https:\/\/ahorn-camp.de\/?page_id=4861"},"modified":"2024-09-24T10:29:10","modified_gmt":"2024-09-24T08:29:10","slug":"blog","status":"publish","type":"page","link":"https:\/\/ahorn-camp.de\/pl\/blog\/","title":{"rendered":"Blog"},"content":{"rendered":"<div class=\"wpb-content-wrapper\" id=\"wpb-content-root\"><section class=\"vc_section vc_section-o-content-top vc_section-flex\"><div class=\"vc_row wpb_row vc_row-fluid\"><div class=\"wpb_column vc_column_container vc_col-sm-12\"><div class=\"vc_column-inner\"><div class=\"wpb_wrapper\">\n<div class=\"vc_grid-container-wrapper vc_clearfix vc_grid-animation-none\">\n\t<div class=\"vc_grid-container vc_clearfix wpb_content_element vc_basic_grid\" style=\"--vc-grid-gap:30px;--vc-grid-arrows-color:#5472D2;--vc-grid-paging-color:#EBEBEB;\" data-initial-loading-animation=\"none\" data-vc-grid-settings=\"{&quot;page_id&quot;:4861,&quot;style&quot;:&quot;lazy&quot;,&quot;action&quot;:&quot;vc_get_vc_grid_data&quot;,&quot;shortcode_id&quot;:&quot;1724677137205-1f290633-e060-0&quot;,&quot;items_per_page&quot;:&quot;6&quot;,&quot;tag&quot;:&quot;vc_basic_grid&quot;}\" data-vc-request=\"https:\/\/ahorn-camp.de\/wp-admin\/admin-ajax.php\" data-vc-post-id=\"4861\" data-vc-public-nonce=\"fcab567e5f\">\n\t\t<style data-type=\"vc_shortcodes-custom-css\">.vc_custom_1419240516480{background-color: #f9f9f9 !important;}<\/style><div class=\"vc_grid vc_row vc_grid-gutter vc_pageable-wrapper vc_hook_hover\" data-vc-pageable-content=\"true\"><div class=\"vc_pageable-slide-wrapper vc_clearfix\" data-vc-grid-content=\"true\"><div class=\"vc_grid-item vc_clearfix vc_col-sm-4 vc_grid-item-zone-c-bottom\"><div class=\"vc_grid-item-mini vc_clearfix \"><div class=\"vc_gitem-animated-block\" ><div class=\"vc_gitem-zone vc_gitem-zone-a vc-gitem-zone-height-mode-auto vc-gitem-zone-height-mode-auto-1-1 vc_gitem-is-link\" style=\"background-image: url('https:\/\/ahorn-camp.de\/wp-content\/uploads\/2026\/05\/Was-kostet-Was-Thumbnail-Kopie-1024x573.jpg') !important;\"><a href=\"https:\/\/ahorn-camp.de\/pl\/wohnmobil-kostencheck\/\" title=\"Wohnmobil Kostencheck\" class=\"vc_gitem-link vc-zone-link\" ><\/a><img decoding=\"async\" class=\"vc_gitem-zone-img\" src=\"https:\/\/ahorn-camp.de\/wp-content\/uploads\/2026\/05\/Was-kostet-Was-Thumbnail-Kopie-1024x573.jpg\" alt=\"Reisemobil Kostencheck\"><div class=\"vc_gitem-zone-mini\"><\/div><\/div><\/div><div class=\"vc_gitem-zone vc_gitem-zone-c vc_custom_1419240516480\"><div class=\"vc_gitem-zone-mini\"><div class=\"vc_gitem_row vc_row vc_gitem-row-position-top\"><div class=\"vc_col-sm-12 vc_gitem-col vc_gitem-col-align-\"><div class=\"vc_custom_heading vc_gitem-post-data vc_gitem-post-data-source-post_title\" ><h4 style=\"text-align: left\" >Wohnmobil Kostencheck<\/h4><\/div><div class=\"vc_custom_heading vc_gitem-post-data vc_gitem-post-data-source-post_excerpt\" ><p style=\"text-align: left\" ><p>Was kostet ein Wohnmobil wirklich?<br \/> Der gro\u00dfe Kostencheck 2026 <\/p>\n<p>Camper mieten oder kaufen? Oder doch Flug und Hotel? Alexander und Franziska, Gesch\u00e4ftsf\u00fchrer von Ahorn Camp, rechnen alle drei Wege ehrlich und transparent durch \u2013 inklusive Wertverlust, Finanzierung und einem direkten Vergleich.<\/p>\n<ul>\n<li>Miete, Gebrauchtwagen, Neuwagen Vergleich<\/li>\n<li>Lesedauer ca 12 Min.<\/li>\n<\/ul>\n<p> Inhalt dieses Beitrages <\/p>\n<ol>\n<li style=\"font-family: Roobert; font-size: 1.25rem;\">Urlaub 2026: Warum das Wohnmobil gerade so relevant ist<\/li>\n<li style=\"font-family: Roobert; font-size: 1.25rem;\">Wohnmobil mieten: Was kostet das konkret?<\/li>\n<li style=\"font-family: Roobert; font-size: 1.25rem;\">Wann mieten, wann kaufen?<\/li>\n<li style=\"font-family: Roobert; font-size: 1.25rem;\">Der Neuwagen im Kostencheck: Was steckt in 69.900 \u20ac<\/li>\n<li style=\"font-family: Roobert; font-size: 1.25rem;\">Wertverlust: Das meist untersch\u00e4tzte Thema<\/li>\n<li style=\"font-family: Roobert; font-size: 1.25rem;\">Finanzierung: 515 \u20ac im Monat f\u00fcr ein Wohnmobil<\/li>\n<li style=\"font-family: Roobert; font-size: 1.25rem;\">Alle j\u00e4hrlichen Fixkosten im \u00dcberblick<\/li>\n<li style=\"font-family: Roobert; font-size: 1.25rem;\">Variable Kosten: Diesel und Campingpl\u00e4tze<\/li>\n<li style=\"font-family: Roobert; font-size: 1.25rem;\">Gebrauchtwagen: Lohnt sich die Ersparnis wirklich?<\/li>\n<li style=\"font-family: Roobert; font-size: 1.25rem;\">Das [&#8230;]<\/li>\n<\/ol>\n<\/p><\/div><div class=\"vc_btn3-container vc_btn3-left\" ><a onmouseenter=\"this.style.backgroundColor='#f23630'; this.style.color='#f7f7f7';\" onmouseleave=\"this.style.backgroundColor='#F4524D'; this.style.color='#fff';\" style=\"background-color:#F4524D; color:#fff;\" class=\"vc_general vc_btn3 vc_btn3-size-md vc_btn3-shape-rounded vc_btn3-style-flat\" href=\"https:\/\/ahorn-camp.de\/pl\/wohnmobil-kostencheck\/\" title=\"\">Zobacz wi\u0119cej<\/a><\/div><\/div><\/div><\/div><\/div><\/div><div class=\"vc_clearfix\"><\/div><\/div><div class=\"vc_grid-item vc_clearfix vc_col-sm-4 vc_grid-item-zone-c-bottom\"><div class=\"vc_grid-item-mini vc_clearfix \"><div class=\"vc_gitem-animated-block\" ><div class=\"vc_gitem-zone vc_gitem-zone-a vc-gitem-zone-height-mode-auto vc-gitem-zone-height-mode-auto-1-1 vc_gitem-is-link\" style=\"background-image: url('https:\/\/ahorn-camp.de\/wp-content\/plugins\/js_composer\/assets\/vc\/vc_gitem_image.png') !important;\"><a href=\"https:\/\/ahorn-camp.de\/pl\/wohnmobil-fruehjahrscheck-schritt-fuer-schritt\/\" title=\"Wohnmobil Fr\u00fchjahrscheck\" class=\"vc_gitem-link vc-zone-link\" ><\/a><img decoding=\"async\" class=\"vc_gitem-zone-img\" src=\"https:\/\/ahorn-camp.de\/wp-content\/plugins\/js_composer\/assets\/vc\/vc_gitem_image.png\" alt=\"\"><div class=\"vc_gitem-zone-mini\"><\/div><\/div><\/div><div class=\"vc_gitem-zone vc_gitem-zone-c vc_custom_1419240516480\"><div class=\"vc_gitem-zone-mini\"><div class=\"vc_gitem_row vc_row vc_gitem-row-position-top\"><div class=\"vc_col-sm-12 vc_gitem-col vc_gitem-col-align-\"><div class=\"vc_custom_heading vc_gitem-post-data vc_gitem-post-data-source-post_title\" ><h4 style=\"text-align: left\" >Wohnmobil Fr\u00fchjahrscheck<\/h4><\/div><div class=\"vc_custom_heading vc_gitem-post-data vc_gitem-post-data-source-post_excerpt\" ><p style=\"text-align: left\" ><p>Wohnmobil Fr\u00fchjahrscheck: Schritt f\u00fcr Schritt fit f\u00fcr die Saison <\/p>\n<p>Alles was du wissen musst, um dein Wohnmobil nach dem Winterschlaf sicher und zuverl\u00e4ssig wieder auf die Stra\u00dfe zu bringen \u2013 erkl\u00e4rt von Werkstatt-Experte J\u00fcrgen.<\/p>\n<ul>\n<li> Experten-Tipps aus der Praxis <\/li>\n<li> Lesedauer ca 10 Min. <\/li>\n<\/ul>\n<p> <iframe title=\"7 Dinge, die du VOR der ersten Campingtour pr\u00fcfen MUSST \ud83d\ude90\u2705 | Ahorn Camp Experten Tipps\" width=\"1170\" height=\"658\" src=\"https:\/\/www.youtube.com\/embed\/pcn7vc5aHy8?feature=oembed\" frameborder=\"0\" allow=\"accelerometer; autoplay; clipboard-write; encrypted-media; gyroscope; picture-in-picture; web-share\" referrerpolicy=\"strict-origin-when-cross-origin\" allowfullscreen><\/iframe> <\/p>\n<p> Inhalt dieses Beitrages <\/p>\n<ol>\n<li style=\"font-family: Roobert; font-size: 1.25rem;\">Fahrzeug &amp; Fahrgestell \u2013 Sichtkontrolle<\/li>\n<li style=\"font-family: Roobert; font-size: 1.25rem;\">Fahrerhaus &amp; Motor<\/li>\n<li style=\"font-family: Roobert; font-size: 1.25rem;\">Gasanlage, Heizung &amp; Energieversorgung<\/li>\n<li style=\"font-family: Roobert; font-size: 1.25rem;\">Wasser, Sanit\u00e4r &amp; Innenraum<\/li>\n<li style=\"font-family: Roobert; font-size: 1.25rem;\">Elektrische Trittstufe &amp; Extras<\/li>\n<li style=\"font-family: Roobert; font-size: 1.25rem;\">Reinigung &amp; Hygiene<\/li>\n<li style=\"font-family: Roobert; font-size: 1.25rem;\">Abschlusskontrolle &amp; Experten-Tipp<\/li>\n<li style=\"font-family: Roobert; font-size: 1.25rem;\">Unsere Checkliste zum Download<\/li>\n<li style=\"font-family: Roobert; font-size: 1.25rem;\">FAQ<\/li>\n<\/ol>\n<p>Der Winter ist vorbei, die ersten warmen Sonnenstrahlen locken \u2013 und das Wohnmobil wartet auf seinen gro\u00dfen Auftritt. Doch bevor die erste Reise der Saison startet, steht der <strong>Wohnmobil Fr\u00fchjahrscheck<\/strong> an. Wer [&#8230;]<\/p>\n<\/p><\/div><div class=\"vc_btn3-container vc_btn3-left\" ><a onmouseenter=\"this.style.backgroundColor='#f23630'; this.style.color='#f7f7f7';\" onmouseleave=\"this.style.backgroundColor='#F4524D'; this.style.color='#fff';\" style=\"background-color:#F4524D; color:#fff;\" class=\"vc_general vc_btn3 vc_btn3-size-md vc_btn3-shape-rounded vc_btn3-style-flat\" href=\"https:\/\/ahorn-camp.de\/pl\/wohnmobil-fruehjahrscheck-schritt-fuer-schritt\/\" title=\"\">Zobacz wi\u0119cej<\/a><\/div><\/div><\/div><\/div><\/div><\/div><div class=\"vc_clearfix\"><\/div><\/div><div class=\"vc_grid-item vc_clearfix vc_col-sm-4 vc_grid-item-zone-c-bottom\"><div class=\"vc_grid-item-mini vc_clearfix \"><div class=\"vc_gitem-animated-block\" ><div class=\"vc_gitem-zone vc_gitem-zone-a vc-gitem-zone-height-mode-auto vc-gitem-zone-height-mode-auto-1-1 vc_gitem-is-link\" style=\"background-image: url('https:\/\/ahorn-camp.de\/wp-content\/uploads\/2026\/02\/Renault-vs-Fiat-Vergleich_Blog-Kopie-1024x400.webp') !important;\"><a href=\"https:\/\/ahorn-camp.de\/pl\/fiat-ducato-oder-renault-master-wohnmobil-vergleich-2026\/\" title=\"Fiat Ducato oder Renault Master? Wohnmobil-Vergleich 2026\" class=\"vc_gitem-link vc-zone-link\" ><\/a><img decoding=\"async\" class=\"vc_gitem-zone-img\" src=\"https:\/\/ahorn-camp.de\/wp-content\/uploads\/2026\/02\/Renault-vs-Fiat-Vergleich_Blog-Kopie-1024x400.webp\" alt=\"Fiat Ducato oder Renault Master Wohnmobil\"><div class=\"vc_gitem-zone-mini\"><\/div><\/div><\/div><div class=\"vc_gitem-zone vc_gitem-zone-c vc_custom_1419240516480\"><div class=\"vc_gitem-zone-mini\"><div class=\"vc_gitem_row vc_row vc_gitem-row-position-top\"><div class=\"vc_col-sm-12 vc_gitem-col vc_gitem-col-align-\"><div class=\"vc_custom_heading vc_gitem-post-data vc_gitem-post-data-source-post_title\" ><h4 style=\"text-align: left\" >Fiat Ducato oder Renault Master? Wohnmobil-Vergleich 2026<\/h4><\/div><div class=\"vc_custom_heading vc_gitem-post-data vc_gitem-post-data-source-post_excerpt\" ><p style=\"text-align: left\" ><p>Renault Master oder Fiat Ducato Wohnmobil \u2013<br \/> Der gro\u00dfe Basisfahrzeug-Vergleich <\/p>\n<ul>\n<li>Technik &amp; Kaufberatung<\/li>\n<li>Lesedauer ca 10 Min.<\/li>\n<\/ul>\n<p>Wer sich fragt, ob Fiat Ducato oder Renault Master das bessere Wohnmobil-Basisfahrzeug ist, stellt die richtige Frage \u2013 denn das Chassis entscheidet \u00fcber Fahrkomfort, Wartungskosten, Zukunftssicherheit und Wiederverkaufswert. Wer ein Wohnmobil kauft, sollte wissen, worauf er sitzt.<\/p>\n<p> Warum das Basisfahrzeug so wichtig ist <\/p>\n<p>Beim Wohnmobilkauf steht der Grundriss im Vordergrund: Wie ist das Bett positioniert? Gibt es eine feste Dusche? Passt das Fahrzeug in die Garage? Was dabei h\u00e4ufig untersch\u00e4tzt wird: Das Fahrgestell unter dem Aufbau pr\u00e4gt die t\u00e4gliche Nutzung entscheidend mit.<\/p>\n<p>Fahrkomfort, Motorger\u00e4usch, Sitzposition, Assistenzsysteme, Multimedia \u2013 all das kommt vom Chassishersteller, nicht vom Wohnmobilaufbauer. Ebenso das Werkstattnetz, die Ersatzteilversorgung und die Frage, ob das Fahrzeug in zehn Jahren noch problemlos zu warten ist.<\/p>\n<p>Marktdominant ist dabei seit Jahrzehnten der\u00a0<strong>Fiat Ducato<\/strong>. Wer ein Wohnmobil kauft, kauft meistens einen Ducato \u2013 ob er will oder [&#8230;]<\/p>\n<\/p><\/div><div class=\"vc_btn3-container vc_btn3-left\" ><a onmouseenter=\"this.style.backgroundColor='#f23630'; this.style.color='#f7f7f7';\" onmouseleave=\"this.style.backgroundColor='#F4524D'; this.style.color='#fff';\" style=\"background-color:#F4524D; color:#fff;\" class=\"vc_general vc_btn3 vc_btn3-size-md vc_btn3-shape-rounded vc_btn3-style-flat\" href=\"https:\/\/ahorn-camp.de\/pl\/fiat-ducato-oder-renault-master-wohnmobil-vergleich-2026\/\" title=\"\">Zobacz wi\u0119cej<\/a><\/div><\/div><\/div><\/div><\/div><\/div><div class=\"vc_clearfix\"><\/div><\/div><div class=\"vc_grid-item vc_clearfix vc_col-sm-4 vc_grid-item-zone-c-bottom\"><div class=\"vc_grid-item-mini vc_clearfix \"><div class=\"vc_gitem-animated-block\" ><div class=\"vc_gitem-zone vc_gitem-zone-a vc-gitem-zone-height-mode-auto vc-gitem-zone-height-mode-auto-1-1 vc_gitem-is-link\" style=\"background-image: url('https:\/\/ahorn-camp.de\/wp-content\/uploads\/2026\/01\/GSR2-Beitragsbild.webp') !important;\"><a href=\"https:\/\/ahorn-camp.de\/pl\/gsrii\/\" title=\"GSR II &#038; Cyber Security: Was sich ab 2026 \u00e4ndert \u2013 und warum Ahorn Camp schon heute bereit ist\" class=\"vc_gitem-link vc-zone-link\" ><\/a><img decoding=\"async\" class=\"vc_gitem-zone-img\" src=\"https:\/\/ahorn-camp.de\/wp-content\/uploads\/2026\/01\/GSR2-Beitragsbild.webp\" alt=\"GSRII Beitragsbild\"><div class=\"vc_gitem-zone-mini\"><\/div><\/div><\/div><div class=\"vc_gitem-zone vc_gitem-zone-c vc_custom_1419240516480\"><div class=\"vc_gitem-zone-mini\"><div class=\"vc_gitem_row vc_row vc_gitem-row-position-top\"><div class=\"vc_col-sm-12 vc_gitem-col vc_gitem-col-align-\"><div class=\"vc_custom_heading vc_gitem-post-data vc_gitem-post-data-source-post_title\" ><h4 style=\"text-align: left\" >GSR II &#038; Cyber Security: Was sich ab 2026 \u00e4ndert \u2013 und warum Ahorn Camp schon heute bereit ist<\/h4><\/div><div class=\"vc_custom_heading vc_gitem-post-data vc_gitem-post-data-source-post_excerpt\" ><p style=\"text-align: left\" ><p>Ab 2026 gelten in der EU neue, verbindliche Sicherheits- und Cyber-Standards f\u00fcr Fahrzeuge \u2013 auch f\u00fcr Reisemobile. In unserem Blog erkl\u00e4ren wir, was die General Safety Regulation II (GSR II) bedeutet, welche Assistenz- und Schutzsysteme k\u00fcnftig vorgeschrieben sind und wie Ahorn Camp bereits heute vorbereitet ist. Erfahrt, warum moderne Assistenzsysteme, digitale Sicherheitskonzepte und Update-Management nicht nur gesetzliche Pflicht, sondern ein echter Gewinn f\u00fcr eure Sicherheit unterwegs sind<\/p>\n<\/p><\/div><div class=\"vc_btn3-container vc_btn3-left\" ><a onmouseenter=\"this.style.backgroundColor='#f23630'; this.style.color='#f7f7f7';\" onmouseleave=\"this.style.backgroundColor='#F4524D'; this.style.color='#fff';\" style=\"background-color:#F4524D; color:#fff;\" class=\"vc_general vc_btn3 vc_btn3-size-md vc_btn3-shape-rounded vc_btn3-style-flat\" href=\"https:\/\/ahorn-camp.de\/pl\/gsrii\/\" title=\"\">Zobacz wi\u0119cej<\/a><\/div><\/div><\/div><\/div><\/div><\/div><div class=\"vc_clearfix\"><\/div><\/div><div class=\"vc_grid-item vc_clearfix vc_col-sm-4 vc_grid-item-zone-c-bottom\"><div class=\"vc_grid-item-mini vc_clearfix \"><div class=\"vc_gitem-animated-block\" ><div class=\"vc_gitem-zone vc_gitem-zone-a vc-gitem-zone-height-mode-auto vc-gitem-zone-height-mode-auto-1-1 vc_gitem-is-link\" style=\"background-image: url('https:\/\/ahorn-camp.de\/wp-content\/uploads\/2025\/04\/Expertenblog.png') !important;\"><a href=\"https:\/\/ahorn-camp.de\/pl\/autarkes-reisen-mit-wohnmobil\/\" title=\"Autark unterwegs mit Ahorn Camp \u2013 Strom im Wohnmobil richtig planen\" class=\"vc_gitem-link vc-zone-link\" ><\/a><img decoding=\"async\" class=\"vc_gitem-zone-img\" src=\"https:\/\/ahorn-camp.de\/wp-content\/uploads\/2025\/04\/Expertenblog.png\" alt=\"Autark unterwegs mit Ahorn Camp \u2013 Strom im Wohnmobil richtig planen\"><div class=\"vc_gitem-zone-mini\"><\/div><\/div><\/div><div class=\"vc_gitem-zone vc_gitem-zone-c vc_custom_1419240516480\"><div class=\"vc_gitem-zone-mini\"><div class=\"vc_gitem_row vc_row vc_gitem-row-position-top\"><div class=\"vc_col-sm-12 vc_gitem-col vc_gitem-col-align-\"><div class=\"vc_custom_heading vc_gitem-post-data vc_gitem-post-data-source-post_title\" ><h4 style=\"text-align: left\" >Autark unterwegs mit Ahorn Camp \u2013 Strom im Wohnmobil richtig planen<\/h4><\/div><div class=\"vc_custom_heading vc_gitem-post-data vc_gitem-post-data-source-post_excerpt\" ><p style=\"text-align: left\" ><p>Autarkes Camping \u2013 unabh\u00e4ngig von Campingpl\u00e4tzen, Stroms\u00e4ulen und festen Stellpl\u00e4tzen. Damit das funktioniert, braucht es das richtige Stromkonzept im Wohnmobil. Wir erkl\u00e4ren, wie man mit passendem Zubeh\u00f6r die Standzeit verl\u00e4ngert und worauf man bei Batterie, Solaranlage und Co. achten sollte. <\/p>\n<\/p><\/div><div class=\"vc_btn3-container vc_btn3-left\" ><a onmouseenter=\"this.style.backgroundColor='#f23630'; this.style.color='#f7f7f7';\" onmouseleave=\"this.style.backgroundColor='#F4524D'; this.style.color='#fff';\" style=\"background-color:#F4524D; color:#fff;\" class=\"vc_general vc_btn3 vc_btn3-size-md vc_btn3-shape-rounded vc_btn3-style-flat\" href=\"https:\/\/ahorn-camp.de\/pl\/autarkes-reisen-mit-wohnmobil\/\" title=\"\">Zobacz wi\u0119cej<\/a><\/div><\/div><\/div><\/div><\/div><\/div><div class=\"vc_clearfix\"><\/div><\/div><div class=\"vc_grid-item vc_clearfix vc_col-sm-4 vc_grid-item-zone-c-bottom\"><div class=\"vc_grid-item-mini vc_clearfix \"><div class=\"vc_gitem-animated-block\" ><div class=\"vc_gitem-zone vc_gitem-zone-a vc-gitem-zone-height-mode-auto vc-gitem-zone-height-mode-auto-1-1 vc_gitem-is-link\" style=\"background-image: url('https:\/\/ahorn-camp.de\/wp-content\/uploads\/2025\/03\/Expertenblog.png') !important;\"><a href=\"https:\/\/ahorn-camp.de\/pl\/wohnmobilfinanzierung-einfach-und-flexibel\/\" title=\"Wohnmobilfinanzierung \u2013 Traum-Wohnmobil einfach und flexibel finanzieren\" class=\"vc_gitem-link vc-zone-link\" ><\/a><img decoding=\"async\" class=\"vc_gitem-zone-img\" src=\"https:\/\/ahorn-camp.de\/wp-content\/uploads\/2025\/03\/Expertenblog.png\" alt=\"Sie tr\u00e4umen von einem eigenen Wohnmobil? Mit einer ma\u00dfgeschneiderten Wohnmobilfinanzierung k\u00f6nnen Sie sich diesen Traum schneller erf\u00fcllen. Erfahren Sie alles \u00fcber flexible Finanzierungsmodelle, niedrige Zinsen und attraktive Konditionen. Jetzt informieren und sorgenfrei losfahren!\"><div class=\"vc_gitem-zone-mini\"><\/div><\/div><\/div><div class=\"vc_gitem-zone vc_gitem-zone-c vc_custom_1419240516480\"><div class=\"vc_gitem-zone-mini\"><div class=\"vc_gitem_row vc_row vc_gitem-row-position-top\"><div class=\"vc_col-sm-12 vc_gitem-col vc_gitem-col-align-\"><div class=\"vc_custom_heading vc_gitem-post-data vc_gitem-post-data-source-post_title\" ><h4 style=\"text-align: left\" >Wohnmobilfinanzierung \u2013 Traum-Wohnmobil einfach und flexibel finanzieren<\/h4><\/div><div class=\"vc_custom_heading vc_gitem-post-data vc_gitem-post-data-source-post_excerpt\" ><p style=\"text-align: left\" ><p>Sie tr\u00e4umen von einem eigenen Wohnmobil? Mit einer ma\u00dfgeschneiderten Wohnmobilfinanzierung k\u00f6nnen Sie sich diesen Traum schneller erf\u00fcllen. Erfahren Sie alles \u00fcber flexible Finanzierungsmodelle, niedrige Zinsen und attraktive Konditionen. Jetzt informieren und sorgenfrei losfahren!<\/p>\n<\/p><\/div><div class=\"vc_btn3-container vc_btn3-left\" ><a onmouseenter=\"this.style.backgroundColor='#f23630'; this.style.color='#f7f7f7';\" onmouseleave=\"this.style.backgroundColor='#F4524D'; this.style.color='#fff';\" style=\"background-color:#F4524D; color:#fff;\" class=\"vc_general vc_btn3 vc_btn3-size-md vc_btn3-shape-rounded vc_btn3-style-flat\" href=\"https:\/\/ahorn-camp.de\/pl\/wohnmobilfinanzierung-einfach-und-flexibel\/\" title=\"\">Zobacz wi\u0119cej<\/a><\/div><\/div><\/div><\/div><\/div><\/div><div class=\"vc_clearfix\"><\/div><\/div><div class=\"vc_grid-item vc_clearfix vc_col-sm-4 vc_grid-item-zone-c-bottom\"><div class=\"vc_grid-item-mini vc_clearfix \"><div class=\"vc_gitem-animated-block\" ><div class=\"vc_gitem-zone vc_gitem-zone-a vc-gitem-zone-height-mode-auto vc-gitem-zone-height-mode-auto-1-1 vc_gitem-is-link\" style=\"background-image: url('https:\/\/ahorn-camp.de\/wp-content\/uploads\/2024\/12\/Ahorn-Van550-Vanlife-819x1024.jpg') !important;\"><a href=\"https:\/\/ahorn-camp.de\/pl\/alleine-reisen-wohnmobil\/\" title=\"Alleine reisen mit dem Wohnmobil\" class=\"vc_gitem-link vc-zone-link\" ><\/a><img decoding=\"async\" class=\"vc_gitem-zone-img\" src=\"https:\/\/ahorn-camp.de\/wp-content\/uploads\/2024\/12\/Ahorn-Van550-Vanlife-819x1024.jpg\" alt=\"Alleine reisen mit dem Wohnmobil\"><div class=\"vc_gitem-zone-mini\"><\/div><\/div><\/div><div class=\"vc_gitem-zone vc_gitem-zone-c vc_custom_1419240516480\"><div class=\"vc_gitem-zone-mini\"><div class=\"vc_gitem_row vc_row vc_gitem-row-position-top\"><div class=\"vc_col-sm-12 vc_gitem-col vc_gitem-col-align-\"><div class=\"vc_custom_heading vc_gitem-post-data vc_gitem-post-data-source-post_title\" ><h4 style=\"text-align: left\" >Alleine reisen mit dem Wohnmobil<\/h4><\/div><div class=\"vc_custom_heading vc_gitem-post-data vc_gitem-post-data-source-post_excerpt\" ><p style=\"text-align: left\" ><p>Sie m\u00f6chten die Freiheit des Alleinreisens im Camper f\u00fcr sich entdecken? In diesem Blogartikel erfahren Sie die Vorteile von Solo-Abenteuer und worauf Sie achten sollten, um sicher und gl\u00fccklich unterwegs zu sein.<\/p>\n<\/p><\/div><div class=\"vc_btn3-container vc_btn3-left\" ><a onmouseenter=\"this.style.backgroundColor='#f23630'; this.style.color='#f7f7f7';\" onmouseleave=\"this.style.backgroundColor='#F4524D'; this.style.color='#fff';\" style=\"background-color:#F4524D; color:#fff;\" class=\"vc_general vc_btn3 vc_btn3-size-md vc_btn3-shape-rounded vc_btn3-style-flat\" href=\"https:\/\/ahorn-camp.de\/pl\/alleine-reisen-wohnmobil\/\" title=\"\">Zobacz wi\u0119cej<\/a><\/div><\/div><\/div><\/div><\/div><\/div><div class=\"vc_clearfix\"><\/div><\/div><div class=\"vc_grid-item vc_clearfix vc_col-sm-4 vc_grid-item-zone-c-bottom\"><div class=\"vc_grid-item-mini vc_clearfix \"><div class=\"vc_gitem-animated-block\" ><div class=\"vc_gitem-zone vc_gitem-zone-a vc-gitem-zone-height-mode-auto vc-gitem-zone-height-mode-auto-1-1 vc_gitem-is-link\" style=\"background-image: url('https:\/\/ahorn-camp.de\/wp-content\/uploads\/2024\/12\/ahorn-Van550-See-Abendaemmerung-01-1024x576.jpg') !important;\"><a href=\"https:\/\/ahorn-camp.de\/pl\/camping-am-see\/\" title=\"Camping am See: Unsere Top 10 Campingpl\u00e4tze\" class=\"vc_gitem-link vc-zone-link\" ><\/a><img decoding=\"async\" class=\"vc_gitem-zone-img\" src=\"https:\/\/ahorn-camp.de\/wp-content\/uploads\/2024\/12\/ahorn-Van550-See-Abendaemmerung-01-1024x576.jpg\" alt=\"Camping am See: Die Top zehn Campingpl\u00e4tze in Deutschland\"><div class=\"vc_gitem-zone-mini\"><\/div><\/div><\/div><div class=\"vc_gitem-zone vc_gitem-zone-c vc_custom_1419240516480\"><div class=\"vc_gitem-zone-mini\"><div class=\"vc_gitem_row vc_row vc_gitem-row-position-top\"><div class=\"vc_col-sm-12 vc_gitem-col vc_gitem-col-align-\"><div class=\"vc_custom_heading vc_gitem-post-data vc_gitem-post-data-source-post_title\" ><h4 style=\"text-align: left\" >Camping am See: Unsere Top 10 Campingpl\u00e4tze<\/h4><\/div><div class=\"vc_custom_heading vc_gitem-post-data vc_gitem-post-data-source-post_excerpt\" ><p style=\"text-align: left\" ><p>Bereit f\u00fcr ein unvergessliches Outdoor-Erlebnis am See? Erfahren Sie alles \u00fcber die besten Campingpl\u00e4tze, die Natur und Komfort perfekt vereinen. Von malerischen Ufern bis zu erstklassigen Einrichtungen &#8211; wir zeigen Ihnen die Top 10 Pl\u00e4tze, die Sie nicht verpassen sollten. Tauchen Sie ein in die Welt des Campings und lassen Sie sich von unseren Empfehlungen inspirieren!<\/p>\n<\/p><\/div><div class=\"vc_btn3-container vc_btn3-left\" ><a onmouseenter=\"this.style.backgroundColor='#f23630'; this.style.color='#f7f7f7';\" onmouseleave=\"this.style.backgroundColor='#F4524D'; this.style.color='#fff';\" style=\"background-color:#F4524D; color:#fff;\" class=\"vc_general vc_btn3 vc_btn3-size-md vc_btn3-shape-rounded vc_btn3-style-flat\" href=\"https:\/\/ahorn-camp.de\/pl\/camping-am-see\/\" title=\"\">Zobacz wi\u0119cej<\/a><\/div><\/div><\/div><\/div><\/div><\/div><div class=\"vc_clearfix\"><\/div><\/div><div class=\"vc_grid-item vc_clearfix vc_col-sm-4 vc_grid-item-zone-c-bottom\"><div class=\"vc_grid-item-mini vc_clearfix \"><div class=\"vc_gitem-animated-block\" ><div class=\"vc_gitem-zone vc_gitem-zone-a vc-gitem-zone-height-mode-auto vc-gitem-zone-height-mode-auto-1-1 vc_gitem-is-link\" style=\"background-image: url('https:\/\/ahorn-camp.de\/wp-content\/uploads\/2024\/08\/11-Banner-1024x410.jpg') !important;\"><a href=\"https:\/\/ahorn-camp.de\/pl\/ganzjahrescampingplaetze-europa\/\" title=\"Die sch\u00f6nsten Ganzjahrescampingpl\u00e4tze in Europa\" class=\"vc_gitem-link vc-zone-link\" ><\/a><img decoding=\"async\" class=\"vc_gitem-zone-img\" src=\"https:\/\/ahorn-camp.de\/wp-content\/uploads\/2024\/08\/11-Banner-1024x410.jpg\" alt=\"Entdecken Sie die sch\u00f6nsten Ganzjahrescampingpl\u00e4tze Europas: Von atemberaubenden K\u00fcsten bis hin zu malerischen Berglandschaften bietet Europa eine Vielzahl an Campingm\u00f6glichkeiten, die Natur und Komfort perfekt vereinen. In meinem Artikel pr\u00e4sentiere ich Ihnen die sieben besten Campingpl\u00e4tze aus den Niederlanden, Frankreich, Deutschland, Italien und \u00d6sterreich.\"><div class=\"vc_gitem-zone-mini\"><\/div><\/div><\/div><div class=\"vc_gitem-zone vc_gitem-zone-c vc_custom_1419240516480\"><div class=\"vc_gitem-zone-mini\"><div class=\"vc_gitem_row vc_row vc_gitem-row-position-top\"><div class=\"vc_col-sm-12 vc_gitem-col vc_gitem-col-align-\"><div class=\"vc_custom_heading vc_gitem-post-data vc_gitem-post-data-source-post_title\" ><h4 style=\"text-align: left\" >Die sch\u00f6nsten Ganzjahrescampingpl\u00e4tze in Europa<\/h4><\/div><div class=\"vc_custom_heading vc_gitem-post-data vc_gitem-post-data-source-post_excerpt\" ><p style=\"text-align: left\" ><p>Entdecken Sie die sch\u00f6nsten Ganzjahrescampingpl\u00e4tze Europas: Von atemberaubenden K\u00fcsten bis hin zu malerischen Berglandschaften bietet Europa eine Vielzahl an Campingm\u00f6glichkeiten, die Natur und Komfort perfekt vereinen. In meinem Artikel pr\u00e4sentiere ich Ihnen die sieben besten Campingpl\u00e4tze aus den Niederlanden, Frankreich, Deutschland, Italien und \u00d6sterreich.<\/p>\n<\/p><\/div><div class=\"vc_btn3-container vc_btn3-left\" ><a onmouseenter=\"this.style.backgroundColor='#f23630'; this.style.color='#f7f7f7';\" onmouseleave=\"this.style.backgroundColor='#F4524D'; this.style.color='#fff';\" style=\"background-color:#F4524D; color:#fff;\" class=\"vc_general vc_btn3 vc_btn3-size-md vc_btn3-shape-rounded vc_btn3-style-flat\" href=\"https:\/\/ahorn-camp.de\/pl\/ganzjahrescampingplaetze-europa\/\" title=\"\">Zobacz wi\u0119cej<\/a><\/div><\/div><\/div><\/div><\/div><\/div><div class=\"vc_clearfix\"><\/div><\/div><div class=\"vc_grid-item vc_clearfix vc_col-sm-4 vc_grid-item-zone-c-bottom\"><div class=\"vc_grid-item-mini vc_clearfix \"><div class=\"vc_gitem-animated-block\" ><div class=\"vc_gitem-zone vc_gitem-zone-a vc-gitem-zone-height-mode-auto vc-gitem-zone-height-mode-auto-1-1 vc_gitem-is-link\" style=\"background-image: url('https:\/\/ahorn-camp.de\/wp-content\/uploads\/2024\/12\/AHORNCAMP-79-1024x683.jpg') !important;\"><a href=\"https:\/\/ahorn-camp.de\/pl\/camping-sardinien\/\" title=\"Camping auf Sardinien: Unsere Top 5 Campingpl\u00e4tze\" class=\"vc_gitem-link vc-zone-link\" ><\/a><img decoding=\"async\" class=\"vc_gitem-zone-img\" src=\"https:\/\/ahorn-camp.de\/wp-content\/uploads\/2024\/12\/AHORNCAMP-79-1024x683.jpg\" alt=\"Camping auf Sardinien: Die Top Campingpl\u00e4tze auf der italienischen Insel\"><div class=\"vc_gitem-zone-mini\"><\/div><\/div><\/div><div class=\"vc_gitem-zone vc_gitem-zone-c vc_custom_1419240516480\"><div class=\"vc_gitem-zone-mini\"><div class=\"vc_gitem_row vc_row vc_gitem-row-position-top\"><div class=\"vc_col-sm-12 vc_gitem-col vc_gitem-col-align-\"><div class=\"vc_custom_heading vc_gitem-post-data vc_gitem-post-data-source-post_title\" ><h4 style=\"text-align: left\" >Camping auf Sardinien: Unsere Top 5 Campingpl\u00e4tze<\/h4><\/div><div class=\"vc_custom_heading vc_gitem-post-data vc_gitem-post-data-source-post_excerpt\" ><p style=\"text-align: left\" ><p>Lust auf ein unvergessliches Campingabenteuer auf Sardinien? Tauchen Sie ein in die Welt der besten Campingpl\u00e4tze der Insel. Erfahren Sie alles \u00fcber die Do&#8217;s and Don&#8217;ts des Campings auf der paradiesischen Insel, inklusive unserer Top 5 Campingpl\u00e4tze, die Sie keinesfalls verpassen d\u00fcrfen.<\/p>\n<\/p><\/div><div class=\"vc_btn3-container vc_btn3-left\" ><a onmouseenter=\"this.style.backgroundColor='#f23630'; this.style.color='#f7f7f7';\" onmouseleave=\"this.style.backgroundColor='#F4524D'; this.style.color='#fff';\" style=\"background-color:#F4524D; color:#fff;\" class=\"vc_general vc_btn3 vc_btn3-size-md vc_btn3-shape-rounded vc_btn3-style-flat\" href=\"https:\/\/ahorn-camp.de\/pl\/camping-sardinien\/\" title=\"\">Zobacz wi\u0119cej<\/a><\/div><\/div><\/div><\/div><\/div><\/div><div class=\"vc_clearfix\"><\/div><\/div><div class=\"vc_grid-item vc_clearfix vc_col-sm-4 vc_grid-item-zone-c-bottom\"><div class=\"vc_grid-item-mini vc_clearfix \"><div class=\"vc_gitem-animated-block\" ><div class=\"vc_gitem-zone vc_gitem-zone-a vc-gitem-zone-height-mode-auto vc-gitem-zone-height-mode-auto-1-1 vc_gitem-is-link\" style=\"background-image: url('https:\/\/ahorn-camp.de\/wp-content\/uploads\/2024\/12\/LUK06470-683x1024.jpg') !important;\"><a href=\"https:\/\/ahorn-camp.de\/pl\/kindersitz-im-wohnmobil\/\" title=\"Kindersitz im Wohnmobil: Sicherheit an Bord\" class=\"vc_gitem-link vc-zone-link\" ><\/a><img decoding=\"async\" class=\"vc_gitem-zone-img\" src=\"https:\/\/ahorn-camp.de\/wp-content\/uploads\/2024\/12\/LUK06470-683x1024.jpg\" alt=\"Kindersitz im Wohnmobil: Sicherheit an Bord\"><div class=\"vc_gitem-zone-mini\"><\/div><\/div><\/div><div class=\"vc_gitem-zone vc_gitem-zone-c vc_custom_1419240516480\"><div class=\"vc_gitem-zone-mini\"><div class=\"vc_gitem_row vc_row vc_gitem-row-position-top\"><div class=\"vc_col-sm-12 vc_gitem-col vc_gitem-col-align-\"><div class=\"vc_custom_heading vc_gitem-post-data vc_gitem-post-data-source-post_title\" ><h4 style=\"text-align: left\" >Kindersitz im Wohnmobil: Sicherheit an Bord<\/h4><\/div><div class=\"vc_custom_heading vc_gitem-post-data vc_gitem-post-data-source-post_excerpt\" ><p style=\"text-align: left\" ><p>Reisen mit Kindern im Wohnmobil stellt besondere Anforderungen an Sicherheit und Komfort. Wir erkl\u00e4ren, wie Sie den richtigen Kindersitz basierend auf Alter, Gr\u00f6\u00dfe und Gewicht des Kindes ausw\u00e4hlen, unter Ber\u00fccksichtigung von Sicherheitsnormen und Gurtarten. Au\u00dferdem erhalten Sie praktische Tipps zur korrekten Befestigung und Positionierung im Wohnmobil, erg\u00e4nzt durch Sicherheitschecks vor jeder Fahrt. Unser Ziel ist es, die Reise f\u00fcr Ihre Kleinsten so sicher und angenehm wie m\u00f6glich zu gestalten, ohne dabei den Spa\u00df am Entdecken zu vernachl\u00e4ssigen.<\/p>\n<\/p><\/div><div class=\"vc_btn3-container vc_btn3-left\" ><a onmouseenter=\"this.style.backgroundColor='#f23630'; this.style.color='#f7f7f7';\" onmouseleave=\"this.style.backgroundColor='#F4524D'; this.style.color='#fff';\" style=\"background-color:#F4524D; color:#fff;\" class=\"vc_general vc_btn3 vc_btn3-size-md vc_btn3-shape-rounded vc_btn3-style-flat\" href=\"https:\/\/ahorn-camp.de\/pl\/kindersitz-im-wohnmobil\/\" title=\"\">Zobacz wi\u0119cej<\/a><\/div><\/div><\/div><\/div><\/div><\/div><div class=\"vc_clearfix\"><\/div><\/div><div class=\"vc_grid-item vc_clearfix vc_col-sm-4 vc_grid-item-zone-c-bottom\"><div class=\"vc_grid-item-mini vc_clearfix \"><div class=\"vc_gitem-animated-block\" ><div class=\"vc_gitem-zone vc_gitem-zone-a vc-gitem-zone-height-mode-auto vc-gitem-zone-height-mode-auto-1-1 vc_gitem-is-link\" style=\"background-image: url('https:\/\/ahorn-camp.de\/wp-content\/uploads\/2024\/11\/Design-ohne-Titel-5-768x1024.png') !important;\"><a href=\"https:\/\/ahorn-camp.de\/pl\/illo-und-mops\/\" title=\"YouTuber Illo und Mops mit dem T690 unterwegs\" class=\"vc_gitem-link vc-zone-link\" ><\/a><img decoding=\"async\" class=\"vc_gitem-zone-img\" src=\"https:\/\/ahorn-camp.de\/wp-content\/uploads\/2024\/11\/Design-ohne-Titel-5-768x1024.png\" alt=\"YouTuber Illo und Mops sind mit einem Ahorn Camp Wohnmobil auf Reise\"><div class=\"vc_gitem-zone-mini\"><\/div><\/div><\/div><div class=\"vc_gitem-zone vc_gitem-zone-c vc_custom_1419240516480\"><div class=\"vc_gitem-zone-mini\"><div class=\"vc_gitem_row vc_row vc_gitem-row-position-top\"><div class=\"vc_col-sm-12 vc_gitem-col vc_gitem-col-align-\"><div class=\"vc_custom_heading vc_gitem-post-data vc_gitem-post-data-source-post_title\" ><h4 style=\"text-align: left\" >YouTuber Illo und Mops mit dem T690 unterwegs<\/h4><\/div><div class=\"vc_custom_heading vc_gitem-post-data vc_gitem-post-data-source-post_excerpt\" ><p style=\"text-align: left\" ><p>Camping bedeutet Freiheit: Keine festen Essenszeiten, neue Bekanntschaften und die M\u00f6glichkeit, jederzeit weiterzuziehen. Genau das sch\u00e4tzen die YouTuber am Leben im Wohnmobil. Mops (34) und Illo (36) sind seit Mai 2022 mit Sohn (damals 5) im Wohnmobil unterwegs, um Europa zu bereisen. Lesen Sie \u00fcber die Camping-Reise im T690 von den YouTubern.<\/p>\n<\/p><\/div><div class=\"vc_btn3-container vc_btn3-left\" ><a onmouseenter=\"this.style.backgroundColor='#f23630'; this.style.color='#f7f7f7';\" onmouseleave=\"this.style.backgroundColor='#F4524D'; this.style.color='#fff';\" style=\"background-color:#F4524D; color:#fff;\" class=\"vc_general vc_btn3 vc_btn3-size-md vc_btn3-shape-rounded vc_btn3-style-flat\" href=\"https:\/\/ahorn-camp.de\/pl\/illo-und-mops\/\" title=\"\">Zobacz wi\u0119cej<\/a><\/div><\/div><\/div><\/div><\/div><\/div><div class=\"vc_clearfix\"><\/div><\/div><div class=\"vc_grid-item vc_clearfix vc_col-sm-4 vc_grid-item-zone-c-bottom\"><div class=\"vc_grid-item-mini vc_clearfix \"><div class=\"vc_gitem-animated-block\" ><div class=\"vc_gitem-zone vc_gitem-zone-a vc-gitem-zone-height-mode-auto vc-gitem-zone-height-mode-auto-1-1 vc_gitem-is-link\" style=\"background-image: url('https:\/\/ahorn-camp.de\/wp-content\/uploads\/2024\/09\/MG_8950-683x1024.jpg') !important;\"><a href=\"https:\/\/ahorn-camp.de\/pl\/wohnmobil-urlaub-mit-baby-und-kleinkind\/\" title=\"Wohnmobil-Urlaub mit Baby und Kleinkind\" class=\"vc_gitem-link vc-zone-link\" ><\/a><img decoding=\"async\" class=\"vc_gitem-zone-img\" src=\"https:\/\/ahorn-camp.de\/wp-content\/uploads\/2024\/09\/MG_8950-683x1024.jpg\" alt=\"Urlaub im Wohnmobil mit Baby und Kleinkind\"><div class=\"vc_gitem-zone-mini\"><\/div><\/div><\/div><div class=\"vc_gitem-zone vc_gitem-zone-c vc_custom_1419240516480\"><div class=\"vc_gitem-zone-mini\"><div class=\"vc_gitem_row vc_row vc_gitem-row-position-top\"><div class=\"vc_col-sm-12 vc_gitem-col vc_gitem-col-align-\"><div class=\"vc_custom_heading vc_gitem-post-data vc_gitem-post-data-source-post_title\" ><h4 style=\"text-align: left\" >Wohnmobil-Urlaub mit Baby und Kleinkind<\/h4><\/div><div class=\"vc_custom_heading vc_gitem-post-data vc_gitem-post-data-source-post_excerpt\" ><p style=\"text-align: left\" ><p>Der n\u00e4chste Familienurlaub steht vor der T\u00fcr und Sie \u00fcberlegen noch wo es hingehen soll? Ob ein Wohnmobil Urlaub mit zwei Kindern unter 2 m\u00f6glich ist, welchen Stress man vermeiden kann und wie es zu einem der sch\u00f6nsten Urlaube als Familie werden kann, lesen Sie hier in unserem Blogbeitrag von der Familienfotografin Sophia.<\/p>\n<\/p><\/div><div class=\"vc_btn3-container vc_btn3-left\" ><a onmouseenter=\"this.style.backgroundColor='#f23630'; this.style.color='#f7f7f7';\" onmouseleave=\"this.style.backgroundColor='#F4524D'; this.style.color='#fff';\" style=\"background-color:#F4524D; color:#fff;\" class=\"vc_general vc_btn3 vc_btn3-size-md vc_btn3-shape-rounded vc_btn3-style-flat\" href=\"https:\/\/ahorn-camp.de\/pl\/wohnmobil-urlaub-mit-baby-und-kleinkind\/\" title=\"\">Zobacz wi\u0119cej<\/a><\/div><\/div><\/div><\/div><\/div><\/div><div class=\"vc_clearfix\"><\/div><\/div><div class=\"vc_grid-item vc_clearfix vc_col-sm-4 vc_grid-item-zone-c-bottom\"><div class=\"vc_grid-item-mini vc_clearfix \"><div class=\"vc_gitem-animated-block\" ><div class=\"vc_gitem-zone vc_gitem-zone-a vc-gitem-zone-height-mode-auto vc-gitem-zone-height-mode-auto-1-1 vc_gitem-is-link\" style=\"background-image: url('https:\/\/ahorn-camp.de\/wp-content\/uploads\/2024\/09\/AC_Plansee14-xs-1024x683.jpg') !important;\"><a href=\"https:\/\/ahorn-camp.de\/pl\/wohnmobil-gadgets\/\" title=\"Top Wohnmobil Gadgets: Eine Auswahl f\u00fcr jedes Budget\" class=\"vc_gitem-link vc-zone-link\" ><\/a><img decoding=\"async\" class=\"vc_gitem-zone-img\" src=\"https:\/\/ahorn-camp.de\/wp-content\/uploads\/2024\/09\/AC_Plansee14-xs-1024x683.jpg\" alt=\"In diesem Artikel finden Sie eine Auswahl der besten Wohnmobil-Gadgets f\u00fcr jedes Budget. Entdecken Sie praktische Alltagshelfer f\u00fcr unter 30 \u20ac bis hin zu exklusiven Luxus-Tools. Dieser Guide hilft Ihnen, die passende Ausr\u00fcstung f\u00fcr Ihre Bed\u00fcrfnisse zu finden, egal ob Sie auf der Suche nach Budget-L\u00f6sungen oder dem ultimativen Reise-Gadget sind.\"><div class=\"vc_gitem-zone-mini\"><\/div><\/div><\/div><div class=\"vc_gitem-zone vc_gitem-zone-c vc_custom_1419240516480\"><div class=\"vc_gitem-zone-mini\"><div class=\"vc_gitem_row vc_row vc_gitem-row-position-top\"><div class=\"vc_col-sm-12 vc_gitem-col vc_gitem-col-align-\"><div class=\"vc_custom_heading vc_gitem-post-data vc_gitem-post-data-source-post_title\" ><h4 style=\"text-align: left\" >Top Wohnmobil Gadgets: Eine Auswahl f\u00fcr jedes Budget<\/h4><\/div><div class=\"vc_custom_heading vc_gitem-post-data vc_gitem-post-data-source-post_excerpt\" ><p style=\"text-align: left\" ><p>In diesem Artikel finden Sie eine Auswahl der besten Wohnmobil-Gadgets f\u00fcr jedes Budget. Entdecken Sie praktische Alltagshelfer f\u00fcr unter 30 \u20ac bis hin zu exklusiven Luxus-Tools. Dieser Guide hilft Ihnen, die passende Ausr\u00fcstung f\u00fcr Ihre Bed\u00fcrfnisse zu finden, egal ob Sie auf der Suche nach Budget-L\u00f6sungen oder dem ultimativen Reise-Gadget sind. <\/p>\n<\/p><\/div><div class=\"vc_btn3-container vc_btn3-left\" ><a onmouseenter=\"this.style.backgroundColor='#f23630'; this.style.color='#f7f7f7';\" onmouseleave=\"this.style.backgroundColor='#F4524D'; this.style.color='#fff';\" style=\"background-color:#F4524D; color:#fff;\" class=\"vc_general vc_btn3 vc_btn3-size-md vc_btn3-shape-rounded vc_btn3-style-flat\" href=\"https:\/\/ahorn-camp.de\/pl\/wohnmobil-gadgets\/\" title=\"\">Zobacz wi\u0119cej<\/a><\/div><\/div><\/div><\/div><\/div><\/div><div class=\"vc_clearfix\"><\/div><\/div><div class=\"vc_grid-item vc_clearfix vc_col-sm-4 vc_grid-item-zone-c-bottom\"><div class=\"vc_grid-item-mini vc_clearfix \"><div class=\"vc_gitem-animated-block\" ><div class=\"vc_gitem-zone vc_gitem-zone-a vc-gitem-zone-height-mode-auto vc-gitem-zone-height-mode-auto-1-1 vc_gitem-is-link\" style=\"background-image: url('https:\/\/ahorn-camp.de\/wp-content\/uploads\/2024\/08\/17-1024x683.jpg') !important;\"><a href=\"https:\/\/ahorn-camp.de\/pl\/korsika-mit-dem-wohnmobil\/\" title=\"Mit dem Wohnmobil nach Korsika: Unsere Tipps\" class=\"vc_gitem-link vc-zone-link\" ><\/a><img decoding=\"async\" class=\"vc_gitem-zone-img\" src=\"https:\/\/ahorn-camp.de\/wp-content\/uploads\/2024\/08\/17-1024x683.jpg\" alt=\"Erleben Sie die franz\u00f6sische Mittelmeerinsel wie nie zuvor \u2013 mit dem Wohnmobil! Diese kleine, aber faszinierende Insel bietet eine perfekte Mischung aus traumhaften Str\u00e4nden und beeindruckender Gebirgslandschaft. Zwischen den malerischen K\u00fcstenabschnitten finden sich im Landesinneren charmante Ortschaften und idyllische Fl\u00fcsse, die ideale Bedingungen f\u00fcr Camping, Mountainbiken und Wandern bieten.\"><div class=\"vc_gitem-zone-mini\"><\/div><\/div><\/div><div class=\"vc_gitem-zone vc_gitem-zone-c vc_custom_1419240516480\"><div class=\"vc_gitem-zone-mini\"><div class=\"vc_gitem_row vc_row vc_gitem-row-position-top\"><div class=\"vc_col-sm-12 vc_gitem-col vc_gitem-col-align-\"><div class=\"vc_custom_heading vc_gitem-post-data vc_gitem-post-data-source-post_title\" ><h4 style=\"text-align: left\" >Mit dem Wohnmobil nach Korsika: Unsere Tipps<\/h4><\/div><div class=\"vc_custom_heading vc_gitem-post-data vc_gitem-post-data-source-post_excerpt\" ><p style=\"text-align: left\" ><p>Erleben Sie die franz\u00f6sische Mittelmeerinsel wie nie zuvor \u2013 mit dem Wohnmobil! Diese kleine, aber faszinierende Insel bietet eine perfekte Mischung aus traumhaften Str\u00e4nden und beeindruckender Gebirgslandschaft. Zwischen den malerischen K\u00fcstenabschnitten finden sich im Landesinneren charmante Ortschaften und idyllische Fl\u00fcsse, die ideale Bedingungen f\u00fcr Camping, Mountainbiken und Wandern bieten.<\/p>\n<\/p><\/div><div class=\"vc_btn3-container vc_btn3-left\" ><a onmouseenter=\"this.style.backgroundColor='#f23630'; this.style.color='#f7f7f7';\" onmouseleave=\"this.style.backgroundColor='#F4524D'; this.style.color='#fff';\" style=\"background-color:#F4524D; color:#fff;\" class=\"vc_general vc_btn3 vc_btn3-size-md vc_btn3-shape-rounded vc_btn3-style-flat\" href=\"https:\/\/ahorn-camp.de\/pl\/korsika-mit-dem-wohnmobil\/\" title=\"\">Zobacz wi\u0119cej<\/a><\/div><\/div><\/div><\/div><\/div><\/div><div class=\"vc_clearfix\"><\/div><\/div><div class=\"vc_grid-item vc_clearfix vc_col-sm-4 vc_grid-item-zone-c-bottom\"><div class=\"vc_grid-item-mini vc_clearfix \"><div class=\"vc_gitem-animated-block\" ><div class=\"vc_gitem-zone vc_gitem-zone-a vc-gitem-zone-height-mode-auto vc-gitem-zone-height-mode-auto-1-1 vc_gitem-is-link\" style=\"background-image: url('https:\/\/ahorn-camp.de\/wp-content\/uploads\/2024\/08\/DSF6800-3-1024x768.jpg') !important;\"><a href=\"https:\/\/ahorn-camp.de\/pl\/top-reiseziele-mit-dem-wohnmobil\/\" title=\"Die Top Reiseziele mit dem Wohnmobil 2024\" class=\"vc_gitem-link vc-zone-link\" ><\/a><img decoding=\"async\" class=\"vc_gitem-zone-img\" src=\"https:\/\/ahorn-camp.de\/wp-content\/uploads\/2024\/08\/DSF6800-3-1024x768.jpg\" alt=\"Eine Reise mit dem Wohnmobil er\u00f6ffnet eine Welt voller Freiheit und Flexibilit\u00e4t. Sie haben die M\u00f6glichkeit, Ihre Reiseroute nach Belieben anzupassen und spontane Abstecher zu unternehmen, die Sie zu neuen, unerwarteten Zielen f\u00fchren. Ahorn Camp pr\u00e4sentiert Ihnen die sch\u00f6nsten Reiseziele f\u00fcr 2024, die perfekt auf Wohnmobil-Abenteuer zugeschnitten sind. Lassen Sie sich inspirieren und entdecken Sie die besten Orte, die dieses Jahr zu bieten hat.\"><div class=\"vc_gitem-zone-mini\"><\/div><\/div><\/div><div class=\"vc_gitem-zone vc_gitem-zone-c vc_custom_1419240516480\"><div class=\"vc_gitem-zone-mini\"><div class=\"vc_gitem_row vc_row vc_gitem-row-position-top\"><div class=\"vc_col-sm-12 vc_gitem-col vc_gitem-col-align-\"><div class=\"vc_custom_heading vc_gitem-post-data vc_gitem-post-data-source-post_title\" ><h4 style=\"text-align: left\" >Die Top Reiseziele mit dem Wohnmobil 2024<\/h4><\/div><div class=\"vc_custom_heading vc_gitem-post-data vc_gitem-post-data-source-post_excerpt\" ><p style=\"text-align: left\" ><p>Eine Reise mit dem Wohnmobil er\u00f6ffnet eine Welt voller Freiheit und Flexibilit\u00e4t. Sie haben die M\u00f6glichkeit, Ihre Reiseroute nach Belieben anzupassen und spontane Abstecher zu unternehmen, die Sie zu neuen, unerwarteten Zielen f\u00fchren. Ahorn Camp pr\u00e4sentiert Ihnen die sch\u00f6nsten Reiseziele f\u00fcr 2024, die perfekt auf Wohnmobil-Abenteuer zugeschnitten sind. Lassen Sie sich inspirieren und entdecken Sie die besten Orte, die dieses Jahr zu bieten hat.<\/p>\n<\/p><\/div><div class=\"vc_btn3-container vc_btn3-left\" ><a onmouseenter=\"this.style.backgroundColor='#f23630'; this.style.color='#f7f7f7';\" onmouseleave=\"this.style.backgroundColor='#F4524D'; this.style.color='#fff';\" style=\"background-color:#F4524D; color:#fff;\" class=\"vc_general vc_btn3 vc_btn3-size-md vc_btn3-shape-rounded vc_btn3-style-flat\" href=\"https:\/\/ahorn-camp.de\/pl\/top-reiseziele-mit-dem-wohnmobil\/\" title=\"\">Zobacz wi\u0119cej<\/a><\/div><\/div><\/div><\/div><\/div><\/div><div class=\"vc_clearfix\"><\/div><\/div><div class=\"vc_grid-item vc_clearfix vc_col-sm-4 vc_grid-item-zone-c-bottom\"><div class=\"vc_grid-item-mini vc_clearfix \"><div class=\"vc_gitem-animated-block\" ><div class=\"vc_gitem-zone vc_gitem-zone-a vc-gitem-zone-height-mode-auto vc-gitem-zone-height-mode-auto-1-1 vc_gitem-is-link\" style=\"background-image: url('https:\/\/ahorn-camp.de\/wp-content\/uploads\/2024\/06\/Matterhorn-1024x656.jpg') !important;\"><a href=\"https:\/\/ahorn-camp.de\/pl\/reiseziele-schweiz\/\" title=\"Entdecken Sie die Schweiz: Top-Reiseziele f\u00fcr Wohnmobil-Reisende\" class=\"vc_gitem-link vc-zone-link\" ><\/a><img decoding=\"async\" class=\"vc_gitem-zone-img\" src=\"https:\/\/ahorn-camp.de\/wp-content\/uploads\/2024\/06\/Matterhorn-1024x656.jpg\" alt=\"Camping in der Schweiz: Matterhorn\"><div class=\"vc_gitem-zone-mini\"><\/div><\/div><\/div><div class=\"vc_gitem-zone vc_gitem-zone-c vc_custom_1419240516480\"><div class=\"vc_gitem-zone-mini\"><div class=\"vc_gitem_row vc_row vc_gitem-row-position-top\"><div class=\"vc_col-sm-12 vc_gitem-col vc_gitem-col-align-\"><div class=\"vc_custom_heading vc_gitem-post-data vc_gitem-post-data-source-post_title\" ><h4 style=\"text-align: left\" >Entdecken Sie die Schweiz: Top-Reiseziele f\u00fcr Wohnmobil-Reisende<\/h4><\/div><div class=\"vc_custom_heading vc_gitem-post-data vc_gitem-post-data-source-post_excerpt\" ><p style=\"text-align: left\" ><p>Die Schweiz, bekannt f\u00fcr ihre atemberaubenden Landschaften, charmanten St\u00e4dte und reiche Kultur, ist das perfekte Reiseziel f\u00fcr Wohnmobil-Enthusiasten. Mit der bevorstehenden Europameisterschaft und dem spannenden Fu\u00dfballspiel Deutschland gegen die Schweiz gibt es keinen besseren Zeitpunkt, dieses wundersch\u00f6ne Land zu erkunden. Hier sind f\u00fcnf Reiseziele, die Sie mit Ihrem Wohnmobil unbedingt besuchen sollten.<\/p>\n<\/p><\/div><div class=\"vc_btn3-container vc_btn3-left\" ><a onmouseenter=\"this.style.backgroundColor='#f23630'; this.style.color='#f7f7f7';\" onmouseleave=\"this.style.backgroundColor='#F4524D'; this.style.color='#fff';\" style=\"background-color:#F4524D; color:#fff;\" class=\"vc_general vc_btn3 vc_btn3-size-md vc_btn3-shape-rounded vc_btn3-style-flat\" href=\"https:\/\/ahorn-camp.de\/pl\/reiseziele-schweiz\/\" title=\"\">Zobacz wi\u0119cej<\/a><\/div><\/div><\/div><\/div><\/div><\/div><div class=\"vc_clearfix\"><\/div><\/div><div class=\"vc_grid-item vc_clearfix vc_col-sm-4 vc_grid-item-zone-c-bottom\"><div class=\"vc_grid-item-mini vc_clearfix \"><div class=\"vc_gitem-animated-block\" ><div class=\"vc_gitem-zone vc_gitem-zone-a vc-gitem-zone-height-mode-auto vc-gitem-zone-height-mode-auto-1-1 vc_gitem-is-link\" style=\"background-image: url('https:\/\/ahorn-camp.de\/wp-content\/uploads\/2024\/06\/Architektur-in-Budapest-Ungarn.jpeg') !important;\"><a href=\"https:\/\/ahorn-camp.de\/pl\/camping-ungarn\/\" title=\"F\u00fcnf spannende Ungarn-Reiseziele f\u00fcr Camper und Wohnmobil-Reisende\" class=\"vc_gitem-link vc-zone-link\" ><\/a><img decoding=\"async\" class=\"vc_gitem-zone-img\" src=\"https:\/\/ahorn-camp.de\/wp-content\/uploads\/2024\/06\/Architektur-in-Budapest-Ungarn.jpeg\" alt=\"Architektur in Budapest, Ungarn\"><div class=\"vc_gitem-zone-mini\"><\/div><\/div><\/div><div class=\"vc_gitem-zone vc_gitem-zone-c vc_custom_1419240516480\"><div class=\"vc_gitem-zone-mini\"><div class=\"vc_gitem_row vc_row vc_gitem-row-position-top\"><div class=\"vc_col-sm-12 vc_gitem-col vc_gitem-col-align-\"><div class=\"vc_custom_heading vc_gitem-post-data vc_gitem-post-data-source-post_title\" ><h4 style=\"text-align: left\" >F\u00fcnf spannende Ungarn-Reiseziele f\u00fcr Camper und Wohnmobil-Reisende<\/h4><\/div><div class=\"vc_custom_heading vc_gitem-post-data vc_gitem-post-data-source-post_excerpt\" ><p style=\"text-align: left\" ><p>Ungarn bietet eine F\u00fclle an nat\u00fcrlichen Sch\u00f6nheiten, historischen St\u00e4tten und aufregenden Outdoor-Aktivit\u00e4ten, die ideal f\u00fcr Camping- und Wohnmobil-Abenteuer sind. Hier sind f\u00fcnf faszinierende Reiseziele in Ungarn, die Sie besuchen sollten.<\/p>\n<\/p><\/div><div class=\"vc_btn3-container vc_btn3-left\" ><a onmouseenter=\"this.style.backgroundColor='#f23630'; this.style.color='#f7f7f7';\" onmouseleave=\"this.style.backgroundColor='#F4524D'; this.style.color='#fff';\" style=\"background-color:#F4524D; color:#fff;\" class=\"vc_general vc_btn3 vc_btn3-size-md vc_btn3-shape-rounded vc_btn3-style-flat\" href=\"https:\/\/ahorn-camp.de\/pl\/camping-ungarn\/\" title=\"\">Zobacz wi\u0119cej<\/a><\/div><\/div><\/div><\/div><\/div><\/div><div class=\"vc_clearfix\"><\/div><\/div><div class=\"vc_grid-item vc_clearfix vc_col-sm-4 vc_grid-item-zone-c-bottom\"><div class=\"vc_grid-item-mini vc_clearfix \"><div class=\"vc_gitem-animated-block\" ><div class=\"vc_gitem-zone vc_gitem-zone-a vc-gitem-zone-height-mode-auto vc-gitem-zone-height-mode-auto-1-1 vc_gitem-is-link\" style=\"background-image: url('https:\/\/ahorn-camp.de\/wp-content\/uploads\/2022\/06\/Ahorn-Camp_-AlaskaTD_hikebike-8-1024x742.jpg') !important;\"><a href=\"https:\/\/ahorn-camp.de\/pl\/6-tipps-zum-reisen-mit-fahrradtraeger-am-wohnmobil\/\" title=\"6 Tipps zum Reisen mit Fahrradtr\u00e4ger am Wohnmobil\" class=\"vc_gitem-link vc-zone-link\" ><\/a><img decoding=\"async\" class=\"vc_gitem-zone-img\" src=\"https:\/\/ahorn-camp.de\/wp-content\/uploads\/2022\/06\/Ahorn-Camp_-AlaskaTD_hikebike-8-1024x742.jpg\" alt=\"Camper repariert sein Fahrrad neben einem Wohnmobil mit Fahrradtr\u00e4gerdtr\u00e4ger am Wohnmobil\"><div class=\"vc_gitem-zone-mini\"><\/div><\/div><\/div><div class=\"vc_gitem-zone vc_gitem-zone-c vc_custom_1419240516480\"><div class=\"vc_gitem-zone-mini\"><div class=\"vc_gitem_row vc_row vc_gitem-row-position-top\"><div class=\"vc_col-sm-12 vc_gitem-col vc_gitem-col-align-\"><div class=\"vc_custom_heading vc_gitem-post-data vc_gitem-post-data-source-post_title\" ><h4 style=\"text-align: left\" >6 Tipps zum Reisen mit Fahrradtr\u00e4ger am Wohnmobil<\/h4><\/div><div class=\"vc_custom_heading vc_gitem-post-data vc_gitem-post-data-source-post_excerpt\" ><p style=\"text-align: left\" ><p>Flexibilit\u00e4t und Freiheit wie bei keiner anderen Reiseform \u2013 das ist es, was  immer mehr Menschen am Verreisen mit dem Wohnmobil oder Campervan ganz besonders sch\u00e4tzen.  Und wer die maximale Freiheit aus seiner Reise herausholen m\u00f6chte, packt noch das eigene Fahrrad oder E-Bike ein. Damit Reisemobil und R\u00e4der unversehrt bleiben und es zu keinen Konflikten mit dem Gesetzt kommt, gibt es ein paar Dinge zu beachten.<\/p>\n<\/p><\/div><div class=\"vc_btn3-container vc_btn3-left\" ><a onmouseenter=\"this.style.backgroundColor='#f23630'; this.style.color='#f7f7f7';\" onmouseleave=\"this.style.backgroundColor='#F4524D'; this.style.color='#fff';\" style=\"background-color:#F4524D; color:#fff;\" class=\"vc_general vc_btn3 vc_btn3-size-md vc_btn3-shape-rounded vc_btn3-style-flat\" href=\"https:\/\/ahorn-camp.de\/pl\/6-tipps-zum-reisen-mit-fahrradtraeger-am-wohnmobil\/\" title=\"\">Zobacz wi\u0119cej<\/a><\/div><\/div><\/div><\/div><\/div><\/div><div class=\"vc_clearfix\"><\/div><\/div><div class=\"vc_grid-item vc_clearfix vc_col-sm-4 vc_grid-item-zone-c-bottom\"><div class=\"vc_grid-item-mini vc_clearfix \"><div class=\"vc_gitem-animated-block\" ><div class=\"vc_gitem-zone vc_gitem-zone-a vc-gitem-zone-height-mode-auto vc-gitem-zone-height-mode-auto-1-1 vc_gitem-is-link\" style=\"background-image: url('https:\/\/ahorn-camp.de\/wp-content\/uploads\/2022\/06\/Ahorn-Camp_-AlaskaTD_hikebike-11-1024x819.jpg') !important;\"><a href=\"https:\/\/ahorn-camp.de\/pl\/welches-fahrradtraegersystem-passt-fuer-mein-reisemobil\/\" title=\"Welches Fahrradtr\u00e4gersystem passt f\u00fcr mein Reisemobil?\" class=\"vc_gitem-link vc-zone-link\" ><\/a><img decoding=\"async\" class=\"vc_gitem-zone-img\" src=\"https:\/\/ahorn-camp.de\/wp-content\/uploads\/2022\/06\/Ahorn-Camp_-AlaskaTD_hikebike-11-1024x819.jpg\" alt=\"Sie m\u00f6chten Ihr Fahrrad mit in den Reisemobilurlaub nehmen und \u00fcberlegen, wie Sie das anstellen sollen? Zum Gl\u00fcck liefern sowohl Wohnmobile als auch Campervans hierf\u00fcr einige praktische M\u00f6glichkeiten in Form von verschiedenen Fahrradtr\u00e4gersystemen. Um Ihnen eine aufwendige Recherche zu ersparen, haben wir Ihnen die wichtigsten Fakten zu den verschiedenen Fahrradtr\u00e4gersystemen aufgelistet.\"><div class=\"vc_gitem-zone-mini\"><\/div><\/div><\/div><div class=\"vc_gitem-zone vc_gitem-zone-c vc_custom_1419240516480\"><div class=\"vc_gitem-zone-mini\"><div class=\"vc_gitem_row vc_row vc_gitem-row-position-top\"><div class=\"vc_col-sm-12 vc_gitem-col vc_gitem-col-align-\"><div class=\"vc_custom_heading vc_gitem-post-data vc_gitem-post-data-source-post_title\" ><h4 style=\"text-align: left\" >Welches Fahrradtr\u00e4gersystem passt f\u00fcr mein Reisemobil?<\/h4><\/div><div class=\"vc_custom_heading vc_gitem-post-data vc_gitem-post-data-source-post_excerpt\" ><p style=\"text-align: left\" ><p>Sie m\u00f6chten Ihr Fahrrad mit in den Reisemobilurlaub nehmen und \u00fcberlegen, wie Sie das anstellen sollen? Zum Gl\u00fcck liefern sowohl Wohnmobile als auch Campervans hierf\u00fcr einige praktische M\u00f6glichkeiten in Form von verschiedenen Fahrradtr\u00e4gersystemen. Um Ihnen eine aufwendige Recherche zu ersparen, haben wir Ihnen die wichtigsten Fakten zu den verschiedenen Fahrradtr\u00e4gersystemen aufgelistet.<\/p>\n<\/p><\/div><div class=\"vc_btn3-container vc_btn3-left\" ><a onmouseenter=\"this.style.backgroundColor='#f23630'; this.style.color='#f7f7f7';\" onmouseleave=\"this.style.backgroundColor='#F4524D'; this.style.color='#fff';\" style=\"background-color:#F4524D; color:#fff;\" class=\"vc_general vc_btn3 vc_btn3-size-md vc_btn3-shape-rounded vc_btn3-style-flat\" href=\"https:\/\/ahorn-camp.de\/pl\/welches-fahrradtraegersystem-passt-fuer-mein-reisemobil\/\" title=\"\">Zobacz wi\u0119cej<\/a><\/div><\/div><\/div><\/div><\/div><\/div><div class=\"vc_clearfix\"><\/div><\/div><div class=\"vc_grid-item vc_clearfix vc_col-sm-4 vc_grid-item-zone-c-bottom\"><div class=\"vc_grid-item-mini vc_clearfix \"><div class=\"vc_gitem-animated-block\" ><div class=\"vc_gitem-zone vc_gitem-zone-a vc-gitem-zone-height-mode-auto vc-gitem-zone-height-mode-auto-1-1 vc_gitem-is-link\" style=\"background-image: url('https:\/\/ahorn-camp.de\/wp-content\/uploads\/2022\/01\/Van-550-4-1024x682.jpg') !important;\"><a href=\"https:\/\/ahorn-camp.de\/pl\/camper-geheimtipps-2022\/\" title=\"Camper Geheimtipps 2022\" class=\"vc_gitem-link vc-zone-link\" ><\/a><img decoding=\"async\" class=\"vc_gitem-zone-img\" src=\"https:\/\/ahorn-camp.de\/wp-content\/uploads\/2022\/01\/Van-550-4-1024x682.jpg\" alt=\"Egal ob mit dem Wohnmobil oder dem Camper, ob ganz autark oder mit Landversorgung - Wir haben die sch\u00f6nsten, aufregendsten und geheimsten Ziele f\u00fcr Sie gefunden, die Sie auf jeden Fall entdecken m\u00fcssen.\"><div class=\"vc_gitem-zone-mini\"><\/div><\/div><\/div><div class=\"vc_gitem-zone vc_gitem-zone-c vc_custom_1419240516480\"><div class=\"vc_gitem-zone-mini\"><div class=\"vc_gitem_row vc_row vc_gitem-row-position-top\"><div class=\"vc_col-sm-12 vc_gitem-col vc_gitem-col-align-\"><div class=\"vc_custom_heading vc_gitem-post-data vc_gitem-post-data-source-post_title\" ><h4 style=\"text-align: left\" >Camper Geheimtipps 2022<\/h4><\/div><div class=\"vc_custom_heading vc_gitem-post-data vc_gitem-post-data-source-post_excerpt\" ><p style=\"text-align: left\" ><p>Egal ob mit dem Wohnmobil oder dem Camper, ob ganz autark oder mit Landversorgung &#8211; Wir haben die sch\u00f6nsten, aufregendsten und geheimsten Ziele f\u00fcr Sie gefunden, die Sie auf jeden Fall entdecken m\u00fcssen. <\/p>\n<\/p><\/div><div class=\"vc_btn3-container vc_btn3-left\" ><a onmouseenter=\"this.style.backgroundColor='#f23630'; this.style.color='#f7f7f7';\" onmouseleave=\"this.style.backgroundColor='#F4524D'; this.style.color='#fff';\" style=\"background-color:#F4524D; color:#fff;\" class=\"vc_general vc_btn3 vc_btn3-size-md vc_btn3-shape-rounded vc_btn3-style-flat\" href=\"https:\/\/ahorn-camp.de\/pl\/camper-geheimtipps-2022\/\" title=\"\">Zobacz wi\u0119cej<\/a><\/div><\/div><\/div><\/div><\/div><\/div><div class=\"vc_clearfix\"><\/div><\/div><div class=\"vc_grid-item vc_clearfix vc_col-sm-4 vc_grid-item-zone-c-bottom\"><div class=\"vc_grid-item-mini vc_clearfix \"><div class=\"vc_gitem-animated-block\" ><div class=\"vc_gitem-zone vc_gitem-zone-a vc-gitem-zone-height-mode-auto vc-gitem-zone-height-mode-auto-1-1 vc_gitem-is-link\" style=\"background-image: url('https:\/\/ahorn-camp.de\/wp-content\/uploads\/2022\/01\/Aussenbild-mit-Hund-1024x576.jpeg') !important;\"><a href=\"https:\/\/ahorn-camp.de\/pl\/campen-mit-hunden\/\" title=\"Campen mit Hunden\" class=\"vc_gitem-link vc-zone-link\" ><\/a><img decoding=\"async\" class=\"vc_gitem-zone-img\" src=\"https:\/\/ahorn-camp.de\/wp-content\/uploads\/2022\/01\/Aussenbild-mit-Hund-1024x576.jpeg\" alt=\"Wohnmobilurlaub mit Hund leicht gemacht. Wir zeigen Ihnen wie Sie unkompliziert mit Ihrem liebsten Haustier verreisen k\u00f6nnen und wie es zu einem unvergesslichen Urlaub wird. Tipps und Tricks lesen Sie hier.\"><div class=\"vc_gitem-zone-mini\"><\/div><\/div><\/div><div class=\"vc_gitem-zone vc_gitem-zone-c vc_custom_1419240516480\"><div class=\"vc_gitem-zone-mini\"><div class=\"vc_gitem_row vc_row vc_gitem-row-position-top\"><div class=\"vc_col-sm-12 vc_gitem-col vc_gitem-col-align-\"><div class=\"vc_custom_heading vc_gitem-post-data vc_gitem-post-data-source-post_title\" ><h4 style=\"text-align: left\" >Campen mit Hunden<\/h4><\/div><div class=\"vc_custom_heading vc_gitem-post-data vc_gitem-post-data-source-post_excerpt\" ><p style=\"text-align: left\" ><p>Wohnmobilurlaub mit Hund leicht gemacht. Wir zeigen Ihnen wie Sie unkompliziert mit Ihrem liebsten Haustier verreisen k\u00f6nnen und wie es zu einem unvergesslichen Urlaub wird. Tipps und Tricks lesen Sie hier. <\/p>\n<\/p><\/div><div class=\"vc_btn3-container vc_btn3-left\" ><a onmouseenter=\"this.style.backgroundColor='#f23630'; this.style.color='#f7f7f7';\" onmouseleave=\"this.style.backgroundColor='#F4524D'; this.style.color='#fff';\" style=\"background-color:#F4524D; color:#fff;\" class=\"vc_general vc_btn3 vc_btn3-size-md vc_btn3-shape-rounded vc_btn3-style-flat\" href=\"https:\/\/ahorn-camp.de\/pl\/campen-mit-hunden\/\" title=\"\">Zobacz wi\u0119cej<\/a><\/div><\/div><\/div><\/div><\/div><\/div><div class=\"vc_clearfix\"><\/div><\/div><div class=\"vc_grid-item vc_clearfix vc_col-sm-4 vc_grid-item-zone-c-bottom\"><div class=\"vc_grid-item-mini vc_clearfix \"><div class=\"vc_gitem-animated-block\" ><div class=\"vc_gitem-zone vc_gitem-zone-a vc-gitem-zone-height-mode-auto vc-gitem-zone-height-mode-auto-1-1 vc_gitem-is-link\" style=\"background-image: url('https:\/\/ahorn-camp.de\/wp-content\/uploads\/2021\/08\/IMGL6447-1024x683.jpg') !important;\"><a href=\"https:\/\/ahorn-camp.de\/pl\/stellplatzfinder\/\" title=\"Der ideale Stellplatzfinder\" class=\"vc_gitem-link vc-zone-link\" ><\/a><img decoding=\"async\" class=\"vc_gitem-zone-img\" src=\"https:\/\/ahorn-camp.de\/wp-content\/uploads\/2021\/08\/IMGL6447-1024x683.jpg\" alt=\"Volle Campingpl\u00e4tze? Nicht bei Alpaca Camping. Hier finden Sie naturnahe Stellpl\u00e4tze auf H\u00f6fen, Weing\u00fctern oder Privatgrundst\u00fccken und k\u00f6nnen diese spontan und mit wenigen Klicks buchen.\"><div class=\"vc_gitem-zone-mini\"><\/div><\/div><\/div><div class=\"vc_gitem-zone vc_gitem-zone-c vc_custom_1419240516480\"><div class=\"vc_gitem-zone-mini\"><div class=\"vc_gitem_row vc_row vc_gitem-row-position-top\"><div class=\"vc_col-sm-12 vc_gitem-col vc_gitem-col-align-\"><div class=\"vc_custom_heading vc_gitem-post-data vc_gitem-post-data-source-post_title\" ><h4 style=\"text-align: left\" >Der ideale Stellplatzfinder<\/h4><\/div><div class=\"vc_custom_heading vc_gitem-post-data vc_gitem-post-data-source-post_excerpt\" ><p style=\"text-align: left\" ><p>Volle Campingpl\u00e4tze? Nicht bei Alpaca Camping. Hier finden Sie naturnahe Stellpl\u00e4tze auf H\u00f6fen, Weing\u00fctern oder Privatgrundst\u00fccken und k\u00f6nnen diese spontan und mit wenigen Klicks buchen. <\/p>\n<\/p><\/div><div class=\"vc_btn3-container vc_btn3-left\" ><a onmouseenter=\"this.style.backgroundColor='#f23630'; this.style.color='#f7f7f7';\" onmouseleave=\"this.style.backgroundColor='#F4524D'; this.style.color='#fff';\" style=\"background-color:#F4524D; color:#fff;\" class=\"vc_general vc_btn3 vc_btn3-size-md vc_btn3-shape-rounded vc_btn3-style-flat\" href=\"https:\/\/ahorn-camp.de\/pl\/stellplatzfinder\/\" title=\"\">Zobacz wi\u0119cej<\/a><\/div><\/div><\/div><\/div><\/div><\/div><div class=\"vc_clearfix\"><\/div><\/div><div class=\"vc_grid-item vc_clearfix vc_col-sm-4 vc_grid-item-zone-c-bottom\"><div class=\"vc_grid-item-mini vc_clearfix \"><div class=\"vc_gitem-animated-block\" ><div class=\"vc_gitem-zone vc_gitem-zone-a vc-gitem-zone-height-mode-auto vc-gitem-zone-height-mode-auto-1-1 vc_gitem-is-link\" style=\"background-image: url('https:\/\/ahorn-camp.de\/wp-content\/uploads\/2021\/06\/AhornCamp_sol.and_.pepper_Canada-AE-1-1024x1008.jpg') !important;\"><a href=\"https:\/\/ahorn-camp.de\/pl\/norwegen-mit-camper\/\" title=\"Hei, Norwegen!\" class=\"vc_gitem-link vc-zone-link\" ><\/a><img decoding=\"async\" class=\"vc_gitem-zone-img\" src=\"https:\/\/ahorn-camp.de\/wp-content\/uploads\/2021\/06\/AhornCamp_sol.and_.pepper_Canada-AE-1-1024x1008.jpg\" alt=\"Lagerfeuer vor dem Wohnmobil\"><div class=\"vc_gitem-zone-mini\"><\/div><\/div><\/div><div class=\"vc_gitem-zone vc_gitem-zone-c vc_custom_1419240516480\"><div class=\"vc_gitem-zone-mini\"><div class=\"vc_gitem_row vc_row vc_gitem-row-position-top\"><div class=\"vc_col-sm-12 vc_gitem-col vc_gitem-col-align-\"><div class=\"vc_custom_heading vc_gitem-post-data vc_gitem-post-data-source-post_title\" ><h4 style=\"text-align: left\" >Hei, Norwegen!<\/h4><\/div><div class=\"vc_custom_heading vc_gitem-post-data vc_gitem-post-data-source-post_excerpt\" ><p style=\"text-align: left\" ><p>Traumhafte Landschaft, viele Wanderm\u00f6glichkeiten, rote Holzh\u00e4user, Elche, Dorsche, Fjorde und Natur so weit das Auge reicht.  @Sol.and.Pepper nehmen euch mit auf eine Reise durch Norwegen mit dem Canada AE.<\/p>\n<\/p><\/div><div class=\"vc_btn3-container vc_btn3-left\" ><a onmouseenter=\"this.style.backgroundColor='#f23630'; this.style.color='#f7f7f7';\" onmouseleave=\"this.style.backgroundColor='#F4524D'; this.style.color='#fff';\" style=\"background-color:#F4524D; color:#fff;\" class=\"vc_general vc_btn3 vc_btn3-size-md vc_btn3-shape-rounded vc_btn3-style-flat\" href=\"https:\/\/ahorn-camp.de\/pl\/norwegen-mit-camper\/\" title=\"\">Zobacz wi\u0119cej<\/a><\/div><\/div><\/div><\/div><\/div><\/div><div class=\"vc_clearfix\"><\/div><\/div><div class=\"vc_grid-item vc_clearfix vc_col-sm-4 vc_grid-item-zone-c-bottom\"><div class=\"vc_grid-item-mini vc_clearfix \"><div class=\"vc_gitem-animated-block\" ><div class=\"vc_gitem-zone vc_gitem-zone-a vc-gitem-zone-height-mode-auto vc-gitem-zone-height-mode-auto-1-1 vc_gitem-is-link\" style=\"background-image: url('https:\/\/ahorn-camp.de\/wp-content\/uploads\/2021\/01\/AC_Nordsee44-1024x683.jpg') !important;\"><a href=\"https:\/\/ahorn-camp.de\/pl\/wohnmobil-gerichte\/\" title=\"Schnelle und leckere Wohnmobil-Gerichte\" class=\"vc_gitem-link vc-zone-link\" ><\/a><img decoding=\"async\" class=\"vc_gitem-zone-img\" src=\"https:\/\/ahorn-camp.de\/wp-content\/uploads\/2021\/01\/AC_Nordsee44-1024x683.jpg\" alt=\"Kochen im Wohnmobil\"><div class=\"vc_gitem-zone-mini\"><\/div><\/div><\/div><div class=\"vc_gitem-zone vc_gitem-zone-c vc_custom_1419240516480\"><div class=\"vc_gitem-zone-mini\"><div class=\"vc_gitem_row vc_row vc_gitem-row-position-top\"><div class=\"vc_col-sm-12 vc_gitem-col vc_gitem-col-align-\"><div class=\"vc_custom_heading vc_gitem-post-data vc_gitem-post-data-source-post_title\" ><h4 style=\"text-align: left\" >Schnelle und leckere Wohnmobil-Gerichte<\/h4><\/div><div class=\"vc_custom_heading vc_gitem-post-data vc_gitem-post-data-source-post_excerpt\" ><p style=\"text-align: left\" ><p>Mit einfachen Mittel und m\u00f6glichst wenig Zutaten ein leckeres Essen beim n\u00e4chsten Wohnmobil Urlaub zaubern. Wir zeigen Ihnen mit unseren 3 Lieblingsgerichte wie das geht. <\/p>\n<\/p><\/div><div class=\"vc_btn3-container vc_btn3-left\" ><a onmouseenter=\"this.style.backgroundColor='#f23630'; this.style.color='#f7f7f7';\" onmouseleave=\"this.style.backgroundColor='#F4524D'; this.style.color='#fff';\" style=\"background-color:#F4524D; color:#fff;\" class=\"vc_general vc_btn3 vc_btn3-size-md vc_btn3-shape-rounded vc_btn3-style-flat\" href=\"https:\/\/ahorn-camp.de\/pl\/wohnmobil-gerichte\/\" title=\"\">Zobacz wi\u0119cej<\/a><\/div><\/div><\/div><\/div><\/div><\/div><div class=\"vc_clearfix\"><\/div><\/div><div class=\"vc_grid-item vc_clearfix vc_col-sm-4 vc_grid-item-zone-c-bottom\"><div class=\"vc_grid-item-mini vc_clearfix \"><div class=\"vc_gitem-animated-block\" ><div class=\"vc_gitem-zone vc_gitem-zone-a vc-gitem-zone-height-mode-auto vc-gitem-zone-height-mode-auto-1-1 vc_gitem-is-link\" style=\"background-image: url('https:\/\/ahorn-camp.de\/wp-content\/uploads\/2020\/10\/AhornCamp_Switzerland24-2000-1024x682.jpg') !important;\"><a href=\"https:\/\/ahorn-camp.de\/pl\/wohnmobil-winterfest\/\" title=\"So machen Sie Ihr Wohnmobil winterfest\" class=\"vc_gitem-link vc-zone-link\" ><\/a><img decoding=\"async\" class=\"vc_gitem-zone-img\" src=\"https:\/\/ahorn-camp.de\/wp-content\/uploads\/2020\/10\/AhornCamp_Switzerland24-2000-1024x682.jpg\" alt=\"Wohnmobil im Winter\"><div class=\"vc_gitem-zone-mini\"><\/div><\/div><\/div><div class=\"vc_gitem-zone vc_gitem-zone-c vc_custom_1419240516480\"><div class=\"vc_gitem-zone-mini\"><div class=\"vc_gitem_row vc_row vc_gitem-row-position-top\"><div class=\"vc_col-sm-12 vc_gitem-col vc_gitem-col-align-\"><div class=\"vc_custom_heading vc_gitem-post-data vc_gitem-post-data-source-post_title\" ><h4 style=\"text-align: left\" >So machen Sie Ihr Wohnmobil winterfest<\/h4><\/div><div class=\"vc_custom_heading vc_gitem-post-data vc_gitem-post-data-source-post_excerpt\" ><p style=\"text-align: left\" ><p>Der Winter steht vor der T\u00fcr. Die Tage werden k\u00e4lter und l\u00e4nger. Wir verraten Ihnen die wichtigsten Tipps und Tricks, wie Sie Ihr Wohnmobil winterfest machen und Ihr Liebling den Winterschlaf unbeschadet \u00fcbersteht. <\/p>\n<\/p><\/div><div class=\"vc_btn3-container vc_btn3-left\" ><a onmouseenter=\"this.style.backgroundColor='#f23630'; this.style.color='#f7f7f7';\" onmouseleave=\"this.style.backgroundColor='#F4524D'; this.style.color='#fff';\" style=\"background-color:#F4524D; color:#fff;\" class=\"vc_general vc_btn3 vc_btn3-size-md vc_btn3-shape-rounded vc_btn3-style-flat\" href=\"https:\/\/ahorn-camp.de\/pl\/wohnmobil-winterfest\/\" title=\"\">Zobacz wi\u0119cej<\/a><\/div><\/div><\/div><\/div><\/div><\/div><div class=\"vc_clearfix\"><\/div><\/div><div class=\"vc_grid-item vc_clearfix vc_col-sm-4 vc_grid-item-zone-c-bottom\"><div class=\"vc_grid-item-mini vc_clearfix \"><div class=\"vc_gitem-animated-block\" ><div class=\"vc_gitem-zone vc_gitem-zone-a vc-gitem-zone-height-mode-auto vc-gitem-zone-height-mode-auto-1-1 vc_gitem-is-link\" style=\"background-image: url('https:\/\/ahorn-camp.de\/wp-content\/uploads\/2020\/09\/AC_Nordsee53-scaled.jpg') !important;\"><a href=\"https:\/\/ahorn-camp.de\/pl\/kaufen-oder-mieten\/\" title=\"Wohnmobil kaufen oder mieten?\" class=\"vc_gitem-link vc-zone-link\" ><\/a><img decoding=\"async\" class=\"vc_gitem-zone-img\" src=\"https:\/\/ahorn-camp.de\/wp-content\/uploads\/2020\/09\/AC_Nordsee53-scaled.jpg\" alt=\"Alkoven Wohnmobil am Strand\"><div class=\"vc_gitem-zone-mini\"><\/div><\/div><\/div><div class=\"vc_gitem-zone vc_gitem-zone-c vc_custom_1419240516480\"><div class=\"vc_gitem-zone-mini\"><div class=\"vc_gitem_row vc_row vc_gitem-row-position-top\"><div class=\"vc_col-sm-12 vc_gitem-col vc_gitem-col-align-\"><div class=\"vc_custom_heading vc_gitem-post-data vc_gitem-post-data-source-post_title\" ><h4 style=\"text-align: left\" >Wohnmobil kaufen oder mieten?<\/h4><\/div><div class=\"vc_custom_heading vc_gitem-post-data vc_gitem-post-data-source-post_excerpt\" ><p style=\"text-align: left\" ><p>Mieten oder doch kaufen? Ab wann lohnt sich ein Wohnmobil und welche Kosten gehe ich damit ein? Um Ihnen diese Entscheidung etwas zu erleichtern, haben wir Ihnen ein paar Tipps zusammengestellt.<\/p>\n<\/p><\/div><div class=\"vc_btn3-container vc_btn3-left\" ><a onmouseenter=\"this.style.backgroundColor='#f23630'; this.style.color='#f7f7f7';\" onmouseleave=\"this.style.backgroundColor='#F4524D'; this.style.color='#fff';\" style=\"background-color:#F4524D; color:#fff;\" class=\"vc_general vc_btn3 vc_btn3-size-md vc_btn3-shape-rounded vc_btn3-style-flat\" href=\"https:\/\/ahorn-camp.de\/pl\/kaufen-oder-mieten\/\" title=\"\">Zobacz wi\u0119cej<\/a><\/div><\/div><\/div><\/div><\/div><\/div><div class=\"vc_clearfix\"><\/div><\/div><div class=\"vc_grid-item vc_clearfix vc_col-sm-4 vc_grid-item-zone-c-bottom\"><div class=\"vc_grid-item-mini vc_clearfix \"><div class=\"vc_gitem-animated-block\" ><div class=\"vc_gitem-zone vc_gitem-zone-a vc-gitem-zone-height-mode-auto vc-gitem-zone-height-mode-auto-1-1 vc_gitem-is-link\" style=\"background-image: url('https:\/\/ahorn-camp.de\/wp-content\/uploads\/2020\/09\/Ahorn-Van-620-Sonnenuntergang-1024x683.jpg') !important;\"><a href=\"https:\/\/ahorn-camp.de\/pl\/reisemobil-checkliste\/\" title=\"Reisemobil Checkliste\" class=\"vc_gitem-link vc-zone-link\" ><\/a><img decoding=\"async\" class=\"vc_gitem-zone-img\" src=\"https:\/\/ahorn-camp.de\/wp-content\/uploads\/2020\/09\/Ahorn-Van-620-Sonnenuntergang-1024x683.jpg\" alt=\"Van im Sonnenuntergang\"><div class=\"vc_gitem-zone-mini\"><\/div><\/div><\/div><div class=\"vc_gitem-zone vc_gitem-zone-c vc_custom_1419240516480\"><div class=\"vc_gitem-zone-mini\"><div class=\"vc_gitem_row vc_row vc_gitem-row-position-top\"><div class=\"vc_col-sm-12 vc_gitem-col vc_gitem-col-align-\"><div class=\"vc_custom_heading vc_gitem-post-data vc_gitem-post-data-source-post_title\" ><h4 style=\"text-align: left\" >Reisemobil Checkliste<\/h4><\/div><div class=\"vc_custom_heading vc_gitem-post-data vc_gitem-post-data-source-post_excerpt\" ><p style=\"text-align: left\" ><p> In diesem Blogbeitrag erfahren Sie, welche Dinge Sie bei der technischen Ausstattung des Reisemobils beachten sollten und weitere Tricks und Tipps f\u00fcr Ihren idealen Wohnmobilurlaub. <\/p>\n<\/p><\/div><div class=\"vc_btn3-container vc_btn3-left\" ><a onmouseenter=\"this.style.backgroundColor='#f23630'; this.style.color='#f7f7f7';\" onmouseleave=\"this.style.backgroundColor='#F4524D'; this.style.color='#fff';\" style=\"background-color:#F4524D; color:#fff;\" class=\"vc_general vc_btn3 vc_btn3-size-md vc_btn3-shape-rounded vc_btn3-style-flat\" href=\"https:\/\/ahorn-camp.de\/pl\/reisemobil-checkliste\/\" title=\"\">Zobacz wi\u0119cej<\/a><\/div><\/div><\/div><\/div><\/div><\/div><div class=\"vc_clearfix\"><\/div><\/div><div class=\"vc_grid-item vc_clearfix vc_col-sm-4 vc_grid-item-zone-c-bottom\"><div class=\"vc_grid-item-mini vc_clearfix \"><div class=\"vc_gitem-animated-block\" ><div class=\"vc_gitem-zone vc_gitem-zone-a vc-gitem-zone-height-mode-auto vc-gitem-zone-height-mode-auto-1-1 vc_gitem-is-link\" style=\"background-image: url('https:\/\/ahorn-camp.de\/wp-content\/uploads\/2020\/09\/ahorn-camp-Alaska-Bluemoonthecrew-Berg-klein-1024x683.jpg') !important;\"><a href=\"https:\/\/ahorn-camp.de\/pl\/nachhaltiges-campen\/\" title=\"Nachhaltiges Campen\" class=\"vc_gitem-link vc-zone-link\" ><\/a><img decoding=\"async\" class=\"vc_gitem-zone-img\" src=\"https:\/\/ahorn-camp.de\/wp-content\/uploads\/2020\/09\/ahorn-camp-Alaska-Bluemoonthecrew-Berg-klein-1024x683.jpg\" alt=\"Bild von Ahorn Alaska vor den Bergen\"><div class=\"vc_gitem-zone-mini\"><\/div><\/div><\/div><div class=\"vc_gitem-zone vc_gitem-zone-c vc_custom_1419240516480\"><div class=\"vc_gitem-zone-mini\"><div class=\"vc_gitem_row vc_row vc_gitem-row-position-top\"><div class=\"vc_col-sm-12 vc_gitem-col vc_gitem-col-align-\"><div class=\"vc_custom_heading vc_gitem-post-data vc_gitem-post-data-source-post_title\" ><h4 style=\"text-align: left\" >Nachhaltiges Campen<\/h4><\/div><div class=\"vc_custom_heading vc_gitem-post-data vc_gitem-post-data-source-post_excerpt\" ><p style=\"text-align: left\" ><p>Campingurlaub ist mit die nachhaltigste Form des Reisens. Hier erhalten Sie einige Tipps und Tricks f\u00fcr Ihren n\u00e4chsten \u00f6kologisch sauberen Campingausflug. <\/p>\n<\/p><\/div><div class=\"vc_btn3-container vc_btn3-left\" ><a onmouseenter=\"this.style.backgroundColor='#f23630'; this.style.color='#f7f7f7';\" onmouseleave=\"this.style.backgroundColor='#F4524D'; this.style.color='#fff';\" style=\"background-color:#F4524D; color:#fff;\" class=\"vc_general vc_btn3 vc_btn3-size-md vc_btn3-shape-rounded vc_btn3-style-flat\" href=\"https:\/\/ahorn-camp.de\/pl\/nachhaltiges-campen\/\" title=\"\">Zobacz wi\u0119cej<\/a><\/div><\/div><\/div><\/div><\/div><\/div><div class=\"vc_clearfix\"><\/div><\/div><div class=\"vc_grid-item vc_clearfix vc_col-sm-4 vc_grid-item-zone-c-bottom\"><div class=\"vc_grid-item-mini vc_clearfix \"><div class=\"vc_gitem-animated-block\" ><div class=\"vc_gitem-zone vc_gitem-zone-a vc-gitem-zone-height-mode-auto vc-gitem-zone-height-mode-auto-1-1 vc_gitem-is-link\" style=\"background-image: url('https:\/\/ahorn-camp.de\/wp-content\/uploads\/2020\/09\/Bluemoonthecrew-Plansee-Deutschland-erfahren.jpg') !important;\"><a href=\"https:\/\/ahorn-camp.de\/pl\/die-besten-campingspots\/\" title=\"Die sch\u00f6nsten Campingpl\u00e4tze Deutschlands\" class=\"vc_gitem-link vc-zone-link\" ><\/a><img decoding=\"async\" class=\"vc_gitem-zone-img\" src=\"https:\/\/ahorn-camp.de\/wp-content\/uploads\/2020\/09\/Bluemoonthecrew-Plansee-Deutschland-erfahren.jpg\" alt=\"Bergen und Seen vom Campingurlaub\"><div class=\"vc_gitem-zone-mini\"><\/div><\/div><\/div><div class=\"vc_gitem-zone vc_gitem-zone-c vc_custom_1419240516480\"><div class=\"vc_gitem-zone-mini\"><div class=\"vc_gitem_row vc_row vc_gitem-row-position-top\"><div class=\"vc_col-sm-12 vc_gitem-col vc_gitem-col-align-\"><div class=\"vc_custom_heading vc_gitem-post-data vc_gitem-post-data-source-post_title\" ><h4 style=\"text-align: left\" >Die sch\u00f6nsten Campingpl\u00e4tze Deutschlands<\/h4><\/div><div class=\"vc_custom_heading vc_gitem-post-data vc_gitem-post-data-source-post_excerpt\" ><p style=\"text-align: left\" ><p>Von Sylt bis zur Vulkaneifel ist unsere Heimat sehr vielseitig. Wir verraten Ihnen mehr \u00fcber die tollsten Spots und deren Umgebung. F\u00fcr Kulturentdecker oder Naturliebhaber &#8211; hier ist f\u00fcr alle was dabei.   <\/p>\n<\/p><\/div><div class=\"vc_btn3-container vc_btn3-left\" ><a onmouseenter=\"this.style.backgroundColor='#f23630'; this.style.color='#f7f7f7';\" onmouseleave=\"this.style.backgroundColor='#F4524D'; this.style.color='#fff';\" style=\"background-color:#F4524D; color:#fff;\" class=\"vc_general vc_btn3 vc_btn3-size-md vc_btn3-shape-rounded vc_btn3-style-flat\" href=\"https:\/\/ahorn-camp.de\/pl\/die-besten-campingspots\/\" title=\"\">Zobacz wi\u0119cej<\/a><\/div><\/div><\/div><\/div><\/div><\/div><div class=\"vc_clearfix\"><\/div><\/div><div class=\"vc_grid-item vc_clearfix vc_col-sm-4 vc_grid-item-zone-c-bottom\"><div class=\"vc_grid-item-mini vc_clearfix \"><div class=\"vc_gitem-animated-block\" ><div class=\"vc_gitem-zone vc_gitem-zone-a vc-gitem-zone-height-mode-auto vc-gitem-zone-height-mode-auto-1-1 vc_gitem-is-link\" style=\"background-image: url('https:\/\/ahorn-camp.de\/wp-content\/uploads\/2020\/05\/Kochen-im-Wohnmobil_Blog_Ahorn-Camp_-Header-1024x717.jpg') !important;\"><a href=\"https:\/\/ahorn-camp.de\/pl\/kochen-im-wohnmobil\/\" title=\"Kochen im Wohnmobil\" class=\"vc_gitem-link vc-zone-link\" ><\/a><img decoding=\"async\" class=\"vc_gitem-zone-img\" src=\"https:\/\/ahorn-camp.de\/wp-content\/uploads\/2020\/05\/Kochen-im-Wohnmobil_Blog_Ahorn-Camp_-Header-1024x717.jpg\" alt=\"Kochen im Van\"><div class=\"vc_gitem-zone-mini\"><\/div><\/div><\/div><div class=\"vc_gitem-zone vc_gitem-zone-c vc_custom_1419240516480\"><div class=\"vc_gitem-zone-mini\"><div class=\"vc_gitem_row vc_row vc_gitem-row-position-top\"><div class=\"vc_col-sm-12 vc_gitem-col vc_gitem-col-align-\"><div class=\"vc_custom_heading vc_gitem-post-data vc_gitem-post-data-source-post_title\" ><h4 style=\"text-align: left\" >Kochen im Wohnmobil<\/h4><\/div><div class=\"vc_custom_heading vc_gitem-post-data vc_gitem-post-data-source-post_excerpt\" ><p style=\"text-align: left\" ><p>Sie haben noch nie richtig in Ihrem Wohnmobil gekocht oder sind das erste Mal mit einem Reisemobil unterwegs? Wie funktioniert eigentlich Kochen im Wohnmobil? Unsere Tipps bereiten Ihnen ein unbeschwertes Campingvergn\u00fcgen.<\/p>\n<\/p><\/div><div class=\"vc_btn3-container vc_btn3-left\" ><a onmouseenter=\"this.style.backgroundColor='#f23630'; this.style.color='#f7f7f7';\" onmouseleave=\"this.style.backgroundColor='#F4524D'; this.style.color='#fff';\" style=\"background-color:#F4524D; color:#fff;\" class=\"vc_general vc_btn3 vc_btn3-size-md vc_btn3-shape-rounded vc_btn3-style-flat\" href=\"https:\/\/ahorn-camp.de\/pl\/kochen-im-wohnmobil\/\" title=\"\">Zobacz wi\u0119cej<\/a><\/div><\/div><\/div><\/div><\/div><\/div><div class=\"vc_clearfix\"><\/div><\/div><div class=\"vc_grid-item vc_clearfix vc_col-sm-4 vc_grid-item-zone-c-bottom\"><div class=\"vc_grid-item-mini vc_clearfix \"><div class=\"vc_gitem-animated-block\" ><div class=\"vc_gitem-zone vc_gitem-zone-a vc-gitem-zone-height-mode-auto vc-gitem-zone-height-mode-auto-1-1 vc_gitem-is-link\" style=\"background-image: url('https:\/\/ahorn-camp.de\/wp-content\/uploads\/2020\/04\/AhornCamp_AlaskaTD_Bayern-11-1024x683.jpg') !important;\"><a href=\"https:\/\/ahorn-camp.de\/pl\/der-fruehjahrsputz-fuer-ihr-wohnmobil\/\" title=\"Der Fr\u00fchjahrsputz f\u00fcr Ihr Wohnmobil\" class=\"vc_gitem-link vc-zone-link\" ><\/a><img decoding=\"async\" class=\"vc_gitem-zone-img\" src=\"https:\/\/ahorn-camp.de\/wp-content\/uploads\/2020\/04\/AhornCamp_AlaskaTD_Bayern-11-1024x683.jpg\" alt=\"Wohnmobil Alaska\"><div class=\"vc_gitem-zone-mini\"><\/div><\/div><\/div><div class=\"vc_gitem-zone vc_gitem-zone-c vc_custom_1419240516480\"><div class=\"vc_gitem-zone-mini\"><div class=\"vc_gitem_row vc_row vc_gitem-row-position-top\"><div class=\"vc_col-sm-12 vc_gitem-col vc_gitem-col-align-\"><div class=\"vc_custom_heading vc_gitem-post-data vc_gitem-post-data-source-post_title\" ><h4 style=\"text-align: left\" >Der Fr\u00fchjahrsputz f\u00fcr Ihr Wohnmobil<\/h4><\/div><div class=\"vc_custom_heading vc_gitem-post-data vc_gitem-post-data-source-post_excerpt\" ><p style=\"text-align: left\" ><p>Der Fr\u00fchjahrsputz f\u00fcr Ihr Wohnmobil ist wie jedes Jahr der Beginn einer aufregenden Reisemobilsaison. Der perfekte Saisonstart beginnt jedoch nicht etwa mit der Planung Ihres ersten Reisezieles. Zun\u00e4chst m\u00fcssen Sie Ihr Gef\u00e4hrt fit f\u00fcr die bevorstehenden Touren machen. Dazu geh\u00f6rt nicht nur ein ausgiebiger Fr\u00fchjahrsputz, sondern auch eine wichtige Kontrolle von Zul\u00e4ufen, Abl\u00e4ufen, Gas und Wasserst\u00e4nden. Wie organisiere ich den Fr\u00fchjahrsputz am besten? Und was muss ich nach dem langen Stehen im Winter beachten? Wir haben Ihnen im Folgende n\u00fctzliche Schritte und Tipps zusammengestellt, damit Sie Ihr Reisemobil fit f\u00fcr die neue Saison bekommen und sorgenfrei Ihre n\u00e4chsten Touren planen k\u00f6nnen.<\/p>\n<\/p><\/div><div class=\"vc_btn3-container vc_btn3-left\" ><a onmouseenter=\"this.style.backgroundColor='#f23630'; this.style.color='#f7f7f7';\" onmouseleave=\"this.style.backgroundColor='#F4524D'; this.style.color='#fff';\" style=\"background-color:#F4524D; color:#fff;\" class=\"vc_general vc_btn3 vc_btn3-size-md vc_btn3-shape-rounded vc_btn3-style-flat\" href=\"https:\/\/ahorn-camp.de\/pl\/der-fruehjahrsputz-fuer-ihr-wohnmobil\/\" title=\"\">Zobacz wi\u0119cej<\/a><\/div><\/div><\/div><\/div><\/div><\/div><div class=\"vc_clearfix\"><\/div><\/div><div class=\"vc_grid-item vc_clearfix vc_col-sm-4 vc_grid-item-zone-c-bottom\"><div class=\"vc_grid-item-mini vc_clearfix \"><div class=\"vc_gitem-animated-block\" ><div class=\"vc_gitem-zone vc_gitem-zone-a vc-gitem-zone-height-mode-auto vc-gitem-zone-height-mode-auto-1-1 vc_gitem-is-link\" style=\"background-image: url('https:\/\/ahorn-camp.de\/wp-content\/uploads\/2020\/04\/Reisebericht_Wintercampen-Schweiz_Ahorn-1024x683.jpg') !important;\"><a href=\"https:\/\/ahorn-camp.de\/pl\/wintercamping-in-der-schweiz\/\" title=\"Wintercamping in der Schweiz\" class=\"vc_gitem-link vc-zone-link\" ><\/a><img decoding=\"async\" class=\"vc_gitem-zone-img\" src=\"https:\/\/ahorn-camp.de\/wp-content\/uploads\/2020\/04\/Reisebericht_Wintercampen-Schweiz_Ahorn-1024x683.jpg\" alt=\"Anfang Februar starteten Michael, Stefan und Lukas mit unserem ACT 690 New Face Edition, in die Schweiz zum Skitourengehen. Die Fahrt begann mit der Abholung des Reisemobils bei unserer Ahorn Camp Hauptniederlassung in Speyer am Rhein. Sie packten Ihr ganzes Equipment in den Camper und fuhren zu dritt los Richtung Engadin in der Schweiz. Jetzt konnte das 2-w\u00f6chige Abenteuer \"Wintercamping in der Schweiz\" starten.\"><div class=\"vc_gitem-zone-mini\"><\/div><\/div><\/div><div class=\"vc_gitem-zone vc_gitem-zone-c vc_custom_1419240516480\"><div class=\"vc_gitem-zone-mini\"><div class=\"vc_gitem_row vc_row vc_gitem-row-position-top\"><div class=\"vc_col-sm-12 vc_gitem-col vc_gitem-col-align-\"><div class=\"vc_custom_heading vc_gitem-post-data vc_gitem-post-data-source-post_title\" ><h4 style=\"text-align: left\" >Wintercamping in der Schweiz<\/h4><\/div><div class=\"vc_custom_heading vc_gitem-post-data vc_gitem-post-data-source-post_excerpt\" ><p style=\"text-align: left\" ><p>Anfang Februar starteten Michael, Stefan und Lukas mit unserem ACT 690 New Face Edition, in die Schweiz zum Skitourengehen. Die Fahrt begann mit der Abholung des Reisemobils bei unserer Ahorn Camp Hauptniederlassung in Speyer am Rhein. Sie packten Ihr ganzes Equipment in den Camper und fuhren zu dritt los Richtung Engadin in der Schweiz. Jetzt konnte das 2-w\u00f6chige Abenteuer &#8222;Wintercamping in der Schweiz&#8220; starten. <\/p>\n<\/p><\/div><div class=\"vc_btn3-container vc_btn3-left\" ><a onmouseenter=\"this.style.backgroundColor='#f23630'; this.style.color='#f7f7f7';\" onmouseleave=\"this.style.backgroundColor='#F4524D'; this.style.color='#fff';\" style=\"background-color:#F4524D; color:#fff;\" class=\"vc_general vc_btn3 vc_btn3-size-md vc_btn3-shape-rounded vc_btn3-style-flat\" href=\"https:\/\/ahorn-camp.de\/pl\/wintercamping-in-der-schweiz\/\" title=\"\">Zobacz wi\u0119cej<\/a><\/div><\/div><\/div><\/div><\/div><\/div><div class=\"vc_clearfix\"><\/div><\/div><div class=\"vc_grid-item vc_clearfix vc_col-sm-4 vc_grid-item-zone-c-bottom\"><div class=\"vc_grid-item-mini vc_clearfix \"><div class=\"vc_gitem-animated-block\" ><div class=\"vc_gitem-zone vc_gitem-zone-a vc-gitem-zone-height-mode-auto vc-gitem-zone-height-mode-auto-1-1 vc_gitem-is-link\" style=\"background-image: url('https:\/\/ahorn-camp.de\/wp-content\/uploads\/2020\/04\/Header_Ahorn-Camp_reisemobil-Autark-1024x438.jpg') !important;\"><a href=\"https:\/\/ahorn-camp.de\/pl\/autark-im-wohnmobil\/\" title=\"Autark im Wohnmobil\" class=\"vc_gitem-link vc-zone-link\" ><\/a><img decoding=\"async\" class=\"vc_gitem-zone-img\" src=\"https:\/\/ahorn-camp.de\/wp-content\/uploads\/2020\/04\/Header_Ahorn-Camp_reisemobil-Autark-1024x438.jpg\" alt=\"Autark im Wohnmobil unterwegs zu sein ist f\u00fcr viele Reisende der Traum schlechthin. Abseits vom klischeebehafteten Urlaub auf dem Campingplatz. Aber trotzdem nicht auf Strom und Wasser zu verzichten. Neue Wege erkunden, fernab von den bekannten Touristen Hotspots und unter dem klaren Sternenhimmel \u00fcbernachten. Doch wie kann ich mir diesen Traum erf\u00fcllen? Wie lange kann ich mit einem autarken Wohnmobil unterwegs sein? Was muss ich bei einer Umr\u00fcstung beachten? Gibt es Umr\u00fcstpakete f\u00fcr mein Reisemobil? Wo darf ich mit meinem autarken Wohnmobil stehen? Wir zeigen, wie Sie sich diesen Traum erf\u00fcllen k\u00f6nnen!\"><div class=\"vc_gitem-zone-mini\"><\/div><\/div><\/div><div class=\"vc_gitem-zone vc_gitem-zone-c vc_custom_1419240516480\"><div class=\"vc_gitem-zone-mini\"><div class=\"vc_gitem_row vc_row vc_gitem-row-position-top\"><div class=\"vc_col-sm-12 vc_gitem-col vc_gitem-col-align-\"><div class=\"vc_custom_heading vc_gitem-post-data vc_gitem-post-data-source-post_title\" ><h4 style=\"text-align: left\" >Autark im Wohnmobil<\/h4><\/div><div class=\"vc_custom_heading vc_gitem-post-data vc_gitem-post-data-source-post_excerpt\" ><p style=\"text-align: left\" ><p>Autark im Wohnmobil unterwegs zu sein ist f\u00fcr viele Reisende der Traum schlechthin. Abseits vom klischeebehafteten Urlaub auf dem Campingplatz. Aber trotzdem nicht auf Strom und Wasser zu verzichten. Neue Wege erkunden, fernab von den bekannten Touristen Hotspots und unter dem klaren Sternenhimmel \u00fcbernachten. Doch wie kann ich mir diesen Traum erf\u00fcllen? Wie lange kann ich mit einem autarken Wohnmobil unterwegs sein? Was muss ich bei einer Umr\u00fcstung beachten? Gibt es Umr\u00fcstpakete f\u00fcr mein Reisemobil? Wo darf ich mit meinem autarken Wohnmobil stehen? Wir zeigen, wie Sie sich diesen Traum erf\u00fcllen k\u00f6nnen!<\/p>\n<\/p><\/div><div class=\"vc_btn3-container vc_btn3-left\" ><a onmouseenter=\"this.style.backgroundColor='#f23630'; this.style.color='#f7f7f7';\" onmouseleave=\"this.style.backgroundColor='#F4524D'; this.style.color='#fff';\" style=\"background-color:#F4524D; color:#fff;\" class=\"vc_general vc_btn3 vc_btn3-size-md vc_btn3-shape-rounded vc_btn3-style-flat\" href=\"https:\/\/ahorn-camp.de\/pl\/autark-im-wohnmobil\/\" title=\"\">Zobacz wi\u0119cej<\/a><\/div><\/div><\/div><\/div><\/div><\/div><div class=\"vc_clearfix\"><\/div><\/div><div class=\"vc_grid-item vc_clearfix vc_col-sm-4 vc_grid-item-zone-c-bottom\"><div class=\"vc_grid-item-mini vc_clearfix \"><div class=\"vc_gitem-animated-block\" ><div class=\"vc_gitem-zone vc_gitem-zone-a vc-gitem-zone-height-mode-auto vc-gitem-zone-height-mode-auto-1-1 vc_gitem-is-link\" style=\"background-image: url('https:\/\/ahorn-camp.de\/wp-content\/uploads\/2019\/12\/Toskana-mit-dem-Wohnmobil-1024x578.jpg') !important;\"><a href=\"https:\/\/ahorn-camp.de\/pl\/mit-dem-camper-van-durch-die-toskana\/\" title=\"Mit dem Camper Van durch die Toskana\" class=\"vc_gitem-link vc-zone-link\" ><\/a><img decoding=\"async\" class=\"vc_gitem-zone-img\" src=\"https:\/\/ahorn-camp.de\/wp-content\/uploads\/2019\/12\/Toskana-mit-dem-Wohnmobil-1024x578.jpg\" alt=\"\"Die Atmosph\u00e4re am Morgen war super sch\u00f6n, sehr leise und ruhig und wir hatten richtig gl\u00fcck mit dem Wetter. Nach zwei weiteren N\u00e4chten in der Toskana wo wir uns noch ein paar kleine St\u00e4dte, weitere Fotospots und ein Thermalbad angeguckt haben ging es nach Florenz auf einen Campingplatz. Er befand sich in dem Ort Fiesole, von dort hatten wir einen Blick \u00fcber die ganze Stadt.\"\"><div class=\"vc_gitem-zone-mini\"><\/div><\/div><\/div><div class=\"vc_gitem-zone vc_gitem-zone-c vc_custom_1419240516480\"><div class=\"vc_gitem-zone-mini\"><div class=\"vc_gitem_row vc_row vc_gitem-row-position-top\"><div class=\"vc_col-sm-12 vc_gitem-col vc_gitem-col-align-\"><div class=\"vc_custom_heading vc_gitem-post-data vc_gitem-post-data-source-post_title\" ><h4 style=\"text-align: left\" >Mit dem Camper Van durch die Toskana<\/h4><\/div><div class=\"vc_custom_heading vc_gitem-post-data vc_gitem-post-data-source-post_excerpt\" ><p style=\"text-align: left\" ><p>&#8222;Die Atmosph\u00e4re am Morgen war super sch\u00f6n, sehr leise und ruhig und wir hatten richtig gl\u00fcck mit dem Wetter. Nach zwei weiteren N\u00e4chten in der Toskana wo wir uns noch ein paar kleine St\u00e4dte, weitere Fotospots und ein Thermalbad angeguckt haben ging es nach Florenz auf einen Campingplatz. Er befand sich in dem Ort Fiesole, von dort hatten wir einen Blick \u00fcber die ganze Stadt.&#8220;<\/p>\n<\/p><\/div><div class=\"vc_btn3-container vc_btn3-left\" ><a onmouseenter=\"this.style.backgroundColor='#f23630'; this.style.color='#f7f7f7';\" onmouseleave=\"this.style.backgroundColor='#F4524D'; this.style.color='#fff';\" style=\"background-color:#F4524D; color:#fff;\" class=\"vc_general vc_btn3 vc_btn3-size-md vc_btn3-shape-rounded vc_btn3-style-flat\" href=\"https:\/\/ahorn-camp.de\/pl\/mit-dem-camper-van-durch-die-toskana\/\" title=\"\">Zobacz wi\u0119cej<\/a><\/div><\/div><\/div><\/div><\/div><\/div><div class=\"vc_clearfix\"><\/div><\/div><\/div><div data-lazy-loading-btn=\"true\" style=\"display: none;\"><a href=\"https:\/\/ahorn-camp.de\/pl\/blog\/\"><\/a><\/div><\/div>\n\t<\/div>\n<\/div><\/div><\/div><\/div><\/div><\/section>\n<\/div>","protected":false},"excerpt":{"rendered":"<p><strong>Mit dem Camper Van durch die Toskana &#8211; Die Reise begann mit einem Abstecher und \u00dcbernachtung in der N\u00e4he von Heidelberg, da die Abholung in Speyer stattfand.<\/strong><br \/> <strong>Am Samstagmorgen wurde ich sehr freundlich vom Ahorn-Team begr\u00fc\u00dft und in das Fahrzeug eingewiesen.<\/strong><\/p>\n<p>Mit all den neuen Eindr\u00fccken ging es auch schon los in Richtung M\u00fcnchen um meine Reisebegleitung abzuholen. Nachdem wir noch fix alle Lebensmittel f\u00fcr die n\u00e4chsten zwei Wochen eingekauft hatten, waren wir auch schon auf dem Weg zum ersten Ziel. Angekommen in S\u00fcdtirol, an den Drei Zinnen war auch der erste Tag vorbei und die Nacht ist eingekehrt. Wir haben nur noch schnell etwas gegessen, denn da wir den Sonnenaufgang fotografieren wollten, stand uns eine sehr kurze Nacht bevor.<\/p>\n<p>Die Fotos waren im Kasten und wir hatten bereits schon ca. 15 km Fu\u00dfmarsch auf unseren Schrittz\u00e4hlern. Somit kam das Fr\u00fchst\u00fcck genau richtig, welches wir vor dem Camper in der Sonne genossen haben. Weiter [&#8230;]<\/p>\n","protected":false},"author":2,"featured_media":0,"parent":0,"menu_order":47,"comment_status":"closed","ping_status":"closed","template":"","meta":{"content-type":"","footnotes":""},"class_list":["post-4861","page","type-page","status-publish","hentry"],"yoast_head":"<!-- This site is optimized with the Yoast SEO plugin v28.4 - https:\/\/yoast.com\/product\/yoast-seo-wordpress\/ -->\n<title>Blog - Ahorn Camp | Reisemobile und Kastenwagen<\/title>\n<meta name=\"description\" content=\"Entdecken Sie hier unsere aktuellen Beitr\u00e4ge und News in unserem Blog! Alles Wissenswerte \u00fcber Ahorn Camp auf einer Seite. Schauen Sie rein!\" \/>\n<meta name=\"robots\" content=\"index, follow, max-snippet:-1, max-image-preview:large, max-video-preview:-1\" \/>\n<link rel=\"canonical\" href=\"https:\/\/ahorn-camp.de\/pl\/blog\/\" \/>\n<meta property=\"og:locale\" content=\"pl_PL\" \/>\n<meta property=\"og:type\" content=\"article\" \/>\n<meta property=\"og:title\" content=\"Blog - Ahorn Camp | Reisemobile und Kastenwagen\" \/>\n<meta property=\"og:description\" content=\"Entdecken Sie hier unsere aktuellen Beitr\u00e4ge und News in unserem Blog! Alles Wissenswerte \u00fcber Ahorn Camp auf einer Seite. Schauen Sie rein!\" \/>\n<meta property=\"og:url\" content=\"https:\/\/ahorn-camp.de\/pl\/blog\/\" \/>\n<meta property=\"og:site_name\" content=\"Ahorn Camp | Reisemobile und Kastenwagen\" \/>\n<meta property=\"article:publisher\" content=\"https:\/\/www.facebook.com\/ahorn.wohnmobile\/\" \/>\n<meta property=\"article:modified_time\" content=\"2024-09-24T08:29:10+00:00\" \/>\n<meta name=\"twitter:card\" content=\"summary_large_image\" \/>\n<meta name=\"twitter:label1\" content=\"Szacowany czas czytania\" \/>\n\t<meta name=\"twitter:data1\" content=\"1 minuta\" \/>\n<script type=\"application\/ld+json\" class=\"yoast-schema-graph\">{\"@context\":\"https:\\\/\\\/schema.org\",\"@graph\":[{\"@type\":\"WebPage\",\"@id\":\"https:\\\/\\\/ahorn-camp.de\\\/blog\\\/\",\"url\":\"https:\\\/\\\/ahorn-camp.de\\\/blog\\\/\",\"name\":\"Blog - Ahorn Camp | Reisemobile und Kastenwagen\",\"isPartOf\":{\"@id\":\"https:\\\/\\\/ahorn-camp.de\\\/#website\"},\"datePublished\":\"2020-03-26T16:31:58+00:00\",\"dateModified\":\"2024-09-24T08:29:10+00:00\",\"description\":\"Entdecken Sie hier unsere aktuellen Beitr\u00e4ge und News in unserem Blog! Alles Wissenswerte \u00fcber Ahorn Camp auf einer Seite. Schauen Sie rein!\",\"breadcrumb\":{\"@id\":\"https:\\\/\\\/ahorn-camp.de\\\/blog\\\/#breadcrumb\"},\"inLanguage\":\"pl-PL\",\"potentialAction\":[{\"@type\":\"ReadAction\",\"target\":[\"https:\\\/\\\/ahorn-camp.de\\\/blog\\\/\"]}]},{\"@type\":\"BreadcrumbList\",\"@id\":\"https:\\\/\\\/ahorn-camp.de\\\/blog\\\/#breadcrumb\",\"itemListElement\":[{\"@type\":\"ListItem\",\"position\":1,\"name\":\"Startseite\",\"item\":\"https:\\\/\\\/ahorn-camp.de\\\/\"},{\"@type\":\"ListItem\",\"position\":2,\"name\":\"Blog\"}]},{\"@type\":\"WebSite\",\"@id\":\"https:\\\/\\\/ahorn-camp.de\\\/#website\",\"url\":\"https:\\\/\\\/ahorn-camp.de\\\/\",\"name\":\"Ahorn Camp | Reisemobile und Kastenwagen\",\"description\":\"Seit \u00fcber 30 Jahren vermarktet das Familienunternehmen, Ahorn Camp in Speyer, erfolgreich Wohnmobile und Kastenwagen zum besten Preis-Leistungsverh\u00e4ltnis.\",\"publisher\":{\"@id\":\"https:\\\/\\\/ahorn-camp.de\\\/#organization\"},\"potentialAction\":[{\"@type\":\"SearchAction\",\"target\":{\"@type\":\"EntryPoint\",\"urlTemplate\":\"https:\\\/\\\/ahorn-camp.de\\\/?s={search_term_string}\"},\"query-input\":{\"@type\":\"PropertyValueSpecification\",\"valueRequired\":true,\"valueName\":\"search_term_string\"}}],\"inLanguage\":\"pl-PL\"},{\"@type\":\"Organization\",\"@id\":\"https:\\\/\\\/ahorn-camp.de\\\/#organization\",\"name\":\"Ahorn Camp GmbH & Co. KG\",\"url\":\"https:\\\/\\\/ahorn-camp.de\\\/\",\"logo\":{\"@type\":\"ImageObject\",\"inLanguage\":\"pl-PL\",\"@id\":\"https:\\\/\\\/ahorn-camp.de\\\/#\\\/schema\\\/logo\\\/image\\\/\",\"url\":\"https:\\\/\\\/ahorn-camp.de\\\/wp-content\\\/uploads\\\/2018\\\/12\\\/Ahorn_Logo.jpg\",\"contentUrl\":\"https:\\\/\\\/ahorn-camp.de\\\/wp-content\\\/uploads\\\/2018\\\/12\\\/Ahorn_Logo.jpg\",\"width\":1437,\"height\":1000,\"caption\":\"Ahorn Camp GmbH & Co. KG\"},\"image\":{\"@id\":\"https:\\\/\\\/ahorn-camp.de\\\/#\\\/schema\\\/logo\\\/image\\\/\"},\"sameAs\":[\"https:\\\/\\\/www.facebook.com\\\/ahorn.wohnmobile\\\/\",\"https:\\\/\\\/www.instagram.com\\\/ahorn.camp\\\/\",\"https:\\\/\\\/www.youtube.com\\\/channel\\\/UCPFbPCts1JJ_A1k9vyH0yOQ\"]}]}<\/script>\n<!-- \/ Yoast SEO plugin. -->","yoast_head_json":{"title":"Blog \u2013 Ahorn Camp | Kampery i samochody dostawcze","description":"Zapraszamy do zapoznania si\u0119 z najnowszymi wpisami i aktualno\u015bciami na naszym blogu! Wszystko, co warto wiedzie\u0107 o Ahorn Camp, na jednej stronie. Zapraszamy do lektury!","robots":{"index":"index","follow":"follow","max-snippet":"max-snippet:-1","max-image-preview":"max-image-preview:large","max-video-preview":"max-video-preview:-1"},"canonical":"https:\/\/ahorn-camp.de\/pl\/blog\/","og_locale":"pl_PL","og_type":"article","og_title":"Blog - Ahorn Camp | Reisemobile und Kastenwagen","og_description":"Entdecken Sie hier unsere aktuellen Beitr\u00e4ge und News in unserem Blog! Alles Wissenswerte \u00fcber Ahorn Camp auf einer Seite. Schauen Sie rein!","og_url":"https:\/\/ahorn-camp.de\/pl\/blog\/","og_site_name":"Ahorn Camp | Reisemobile und Kastenwagen","article_publisher":"https:\/\/www.facebook.com\/ahorn.wohnmobile\/","article_modified_time":"2024-09-24T08:29:10+00:00","twitter_card":"summary_large_image","twitter_misc":{"Szacowany czas czytania":"1 minuta"},"schema":{"@context":"https:\/\/schema.org","@graph":[{"@type":"WebPage","@id":"https:\/\/ahorn-camp.de\/blog\/","url":"https:\/\/ahorn-camp.de\/blog\/","name":"Blog \u2013 Ahorn Camp | Kampery i samochody dostawcze","isPartOf":{"@id":"https:\/\/ahorn-camp.de\/#website"},"datePublished":"2020-03-26T16:31:58+00:00","dateModified":"2024-09-24T08:29:10+00:00","description":"Zapraszamy do zapoznania si\u0119 z najnowszymi wpisami i aktualno\u015bciami na naszym blogu! Wszystko, co warto wiedzie\u0107 o Ahorn Camp, na jednej stronie. Zapraszamy do lektury!","breadcrumb":{"@id":"https:\/\/ahorn-camp.de\/blog\/#breadcrumb"},"inLanguage":"pl-PL","potentialAction":[{"@type":"ReadAction","target":["https:\/\/ahorn-camp.de\/blog\/"]}]},{"@type":"BreadcrumbList","@id":"https:\/\/ahorn-camp.de\/blog\/#breadcrumb","itemListElement":[{"@type":"ListItem","position":1,"name":"Startseite","item":"https:\/\/ahorn-camp.de\/"},{"@type":"ListItem","position":2,"name":"Blog"}]},{"@type":"WebSite","@id":"https:\/\/ahorn-camp.de\/#website","url":"https:\/\/ahorn-camp.de\/","name":"Ahorn Camp | Kampery i samochody dostawcze","description":"Od ponad 30 lat rodzinna firma Ahorn Camp z siedzib\u0105 w Speyer z powodzeniem zajmuje si\u0119 sprzeda\u017c\u0105 kamper\u00f3w i samochod\u00f3w dostawczych o najlepszym stosunku ceny do jako\u015bci.","publisher":{"@id":"https:\/\/ahorn-camp.de\/#organization"},"potentialAction":[{"@type":"SearchAction","target":{"@type":"EntryPoint","urlTemplate":"https:\/\/ahorn-camp.de\/?s={search_term_string}"},"query-input":{"@type":"PropertyValueSpecification","valueRequired":true,"valueName":"search_term_string"}}],"inLanguage":"pl-PL"},{"@type":"Organization","@id":"https:\/\/ahorn-camp.de\/#organization","name":"Ahorn Camp GmbH &amp; Co. KG","url":"https:\/\/ahorn-camp.de\/","logo":{"@type":"ImageObject","inLanguage":"pl-PL","@id":"https:\/\/ahorn-camp.de\/#\/schema\/logo\/image\/","url":"https:\/\/ahorn-camp.de\/wp-content\/uploads\/2018\/12\/Ahorn_Logo.jpg","contentUrl":"https:\/\/ahorn-camp.de\/wp-content\/uploads\/2018\/12\/Ahorn_Logo.jpg","width":1437,"height":1000,"caption":"Ahorn Camp GmbH & Co. KG"},"image":{"@id":"https:\/\/ahorn-camp.de\/#\/schema\/logo\/image\/"},"sameAs":["https:\/\/www.facebook.com\/ahorn.wohnmobile\/","https:\/\/www.instagram.com\/ahorn.camp\/","https:\/\/www.youtube.com\/channel\/UCPFbPCts1JJ_A1k9vyH0yOQ"]}]}},"_links":{"self":[{"href":"https:\/\/ahorn-camp.de\/pl\/wp-json\/wp\/v2\/pages\/4861","targetHints":{"allow":["GET"]}}],"collection":[{"href":"https:\/\/ahorn-camp.de\/pl\/wp-json\/wp\/v2\/pages"}],"about":[{"href":"https:\/\/ahorn-camp.de\/pl\/wp-json\/wp\/v2\/types\/page"}],"author":[{"embeddable":true,"href":"https:\/\/ahorn-camp.de\/pl\/wp-json\/wp\/v2\/users\/2"}],"replies":[{"embeddable":true,"href":"https:\/\/ahorn-camp.de\/pl\/wp-json\/wp\/v2\/comments?post=4861"}],"version-history":[{"count":0,"href":"https:\/\/ahorn-camp.de\/pl\/wp-json\/wp\/v2\/pages\/4861\/revisions"}],"wp:attachment":[{"href":"https:\/\/ahorn-camp.de\/pl\/wp-json\/wp\/v2\/media?parent=4861"}],"curies":[{"name":"wp","href":"https:\/\/api.w.org\/{rel}","templated":true}]}}