{"id":32154,"date":"2025-07-24T09:05:21","date_gmt":"2025-07-24T07:05:21","guid":{"rendered":"https:\/\/ahorn-camp.de\/?page_id=32154"},"modified":"2026-08-27T16:26:00","modified_gmt":"2026-08-27T14:26:00","slug":"ahorn-camp-wohnmobile-und-campervans","status":"publish","type":"page","link":"https:\/\/ahorn-camp.de\/pl\/","title":{"rendered":"Strona g\u0142\u00f3wna"},"content":{"rendered":"<div data-elementor-type=\"wp-page\" data-elementor-id=\"32154\" class=\"elementor elementor-32154\" data-elementor-post-type=\"page\">\n\t\t\t\t\t\t<section class=\"elementor-section elementor-top-section elementor-element elementor-element-5ea42422 elementor-section-full_width elementor-section-stretched elementor-section-height-default elementor-section-height-default\" data-id=\"5ea42422\" data-element_type=\"section\" data-e-type=\"section\" data-settings=\"{&quot;stretch_section&quot;:&quot;section-stretched&quot;}\">\n\t\t\t\t\t\t<div class=\"elementor-container elementor-column-gap-default\">\n\t\t\t\t\t<div class=\"elementor-column elementor-col-100 elementor-top-column elementor-element elementor-element-1962a3fb\" data-id=\"1962a3fb\" data-element_type=\"column\" data-e-type=\"column\">\n\t\t\t<div class=\"elementor-widget-wrap elementor-element-populated\">\n\t\t\t\t\t\t<div class=\"elementor-element elementor-element-740a675c elementor-widget__width-initial elementor--h-position-left elementor--v-position-top elementor-hidden-desktop elementor-hidden-tablet elementor-arrows-position-inside elementor-pagination-position-inside elementor-widget elementor-widget-slides\" data-id=\"740a675c\" data-element_type=\"widget\" data-e-type=\"widget\" data-settings=\"{&quot;navigation&quot;:&quot;both&quot;,&quot;autoplay&quot;:&quot;yes&quot;,&quot;pause_on_hover&quot;:&quot;yes&quot;,&quot;pause_on_interaction&quot;:&quot;yes&quot;,&quot;autoplay_speed&quot;:5000,&quot;infinite&quot;:&quot;yes&quot;,&quot;transition&quot;:&quot;slide&quot;,&quot;transition_speed&quot;:500}\" data-widget_type=\"slides.default\">\n\t\t\t\t<div class=\"elementor-widget-container\">\n\t\t\t\t\t\t\t\t\t<div class=\"elementor-swiper\">\n\t\t\t\t\t<div class=\"elementor-slides-wrapper elementor-main-swiper swiper\" role=\"region\" aria-roledescription=\"carousel\" aria-label=\"Suwak\" dir=\"ltr\" data-animation=\"\">\n\t\t\t\t<div class=\"swiper-wrapper elementor-slides\">\n\t\t\t\t\t\t\t\t\t\t<div class=\"elementor-repeater-item-8d231d7 swiper-slide\" role=\"group\" aria-roledescription=\"slide\"><div class=\"swiper-slide-bg\" role=\"img\" aria-label=\"CSD Angebote Mobil 1280\"><\/div><a class=\"swiper-slide-inner\" href=\"https:\/\/ahorn-camp.de\/pl\/oferty\/\"><div class=\"swiper-slide-contents\"><div class=\"elementor-slide-heading\">Messeangebote ganz in Ihrer N\u00e4he<\/div><div class=\"elementor-slide-description\">Sichern Sie sich unsere Angebote zum Caravan Salon schon jetzt in Speyer, Dietzenbach und M\u00fclheim an der Ruhr.<\/div><div  class=\"elementor-button elementor-slide-button elementor-size-sm\">Aktuelle Angebote entdecken<\/div><\/div><\/a><\/div><div class=\"elementor-repeater-item-3293af9 swiper-slide\" role=\"group\" aria-roledescription=\"slide\"><div class=\"swiper-slide-bg\" role=\"img\" aria-label=\"CSD Slider mobil 1280\"><\/div><a class=\"swiper-slide-inner\" href=\"https:\/\/ahorn-camp.de\/pl\/salon-caravaningowy\/?utm_source=index\"><div class=\"swiper-slide-contents\"><div  class=\"elementor-button elementor-slide-button elementor-size-sm\">Jetzt Termin sichern<\/div><\/div><\/a><\/div><div class=\"elementor-repeater-item-b6dfee9 swiper-slide\" role=\"group\" aria-roledescription=\"slide\"><div class=\"swiper-slide-bg\" role=\"img\" aria-label=\"Eclipse (1)\"><\/div><a class=\"swiper-slide-inner\" href=\"https:\/\/ahorn-camp.de\/pl\/przyczepy-kempingowe-ahorn\/eclipse\/\"><div class=\"swiper-slide-contents\"><div class=\"elementor-slide-heading\">ECLIPSE - Impossible to ignore<\/div><div class=\"elementor-slide-description\">Selbstbewusstes Exterieur, modernes Interieur und smarte Technik an Bord. <br>\nF\u00fcr alle, die sich bewusst f\u00fcr mehr Stil, Komfort und Exklusivit\u00e4t entscheiden<\/div><div  class=\"elementor-button elementor-slide-button elementor-size-sm\">ECLIPSE entdecken<\/div><\/div><\/a><\/div>\t\t\t\t<\/div>\n\t\t\t\t\t\t\t\t\t\t\t\t\t\t\t<div class=\"elementor-swiper-button elementor-swiper-button-prev\" role=\"button\" tabindex=\"0\" aria-label=\"Previous slide\">\n\t\t\t\t\t\t\t<i aria-hidden=\"true\" class=\"eicon-chevron-left\"><\/i>\t\t\t\t\t\t<\/div>\n\t\t\t\t\t\t<div class=\"elementor-swiper-button elementor-swiper-button-next\" role=\"button\" tabindex=\"0\" aria-label=\"Next slide\">\n\t\t\t\t\t\t\t<i aria-hidden=\"true\" class=\"eicon-chevron-right\"><\/i>\t\t\t\t\t\t<\/div>\n\t\t\t\t\t\t\t\t\t\t\t\t\t\t\t\t<div class=\"swiper-pagination\"><\/div>\n\t\t\t\t\t\t\t\t\t\t\t\t<\/div>\n\t\t\t\t<\/div>\n\t\t\t\t\t\t\t\t<\/div>\n\t\t\t\t<\/div>\n\t\t\t\t<div class=\"elementor-element elementor-element-13bccbb elementor-widget__width-initial elementor-hidden-mobile elementor--h-position-left elementor--v-position-top animated-slow elementor-pagination-position-inside elementor-widget elementor-widget-slides\" data-id=\"13bccbb\" data-element_type=\"widget\" data-e-type=\"widget\" data-settings=\"{&quot;navigation&quot;:&quot;dots&quot;,&quot;_animation&quot;:&quot;none&quot;,&quot;autoplay&quot;:&quot;yes&quot;,&quot;pause_on_hover&quot;:&quot;yes&quot;,&quot;pause_on_interaction&quot;:&quot;yes&quot;,&quot;autoplay_speed&quot;:5000,&quot;infinite&quot;:&quot;yes&quot;,&quot;transition&quot;:&quot;slide&quot;,&quot;transition_speed&quot;:500}\" data-widget_type=\"slides.default\">\n\t\t\t\t<div class=\"elementor-widget-container\">\n\t\t\t\t\t\t\t\t\t<div class=\"elementor-swiper\">\n\t\t\t\t\t<div class=\"elementor-slides-wrapper elementor-main-swiper swiper\" role=\"region\" aria-roledescription=\"carousel\" aria-label=\"Suwak\" dir=\"ltr\" data-animation=\"\">\n\t\t\t\t<div class=\"swiper-wrapper elementor-slides\">\n\t\t\t\t\t\t\t\t\t\t<div class=\"elementor-repeater-item-b81903b swiper-slide\" role=\"group\" aria-roledescription=\"slide\"><div class=\"swiper-slide-bg\" role=\"img\" aria-label=\"CSD Angebote Web\"><\/div><a class=\"swiper-slide-inner\" href=\"https:\/\/ahorn-camp.de\/pl\/oferty\/\"><div class=\"swiper-slide-contents\"><h2 class=\"elementor-slide-heading\">Messeangebote ganz in Ihrer N\u00e4he<\/h2><div class=\"elementor-slide-description\">Sichern Sie sich unsere Angebote <br>zum Caravan Salon in Speyer, <br>Dietzenbach und M\u00fclheim an der Ruhr.<\/div><div  class=\"elementor-button elementor-slide-button elementor-size-md\">Odkryj teraz oferty<\/div><\/div><\/a><\/div><div class=\"elementor-repeater-item-fef0eb3 swiper-slide\" role=\"group\" aria-roledescription=\"slide\"><div class=\"swiper-slide-bg\" role=\"img\" aria-label=\"CSD Slider web\"><\/div><a class=\"swiper-slide-inner\" href=\"https:\/\/ahorn-camp.de\/pl\/salon-caravaningowy\/?utm_source=index\"><div class=\"swiper-slide-contents\"><div  class=\"elementor-button elementor-slide-button elementor-size-md\">Jetzt Termin sichern<\/div><\/div><\/a><\/div><div class=\"elementor-repeater-item-5733a82 swiper-slide\" role=\"group\" aria-roledescription=\"slide\"><div class=\"swiper-slide-bg\" role=\"img\" aria-label=\"Eclipse Hero\"><\/div><a class=\"swiper-slide-inner\" href=\"https:\/\/ahorn-camp.de\/pl\/przyczepy-kempingowe-ahorn\/eclipse\/?utm_source=slider\/\"><div class=\"swiper-slide-contents\"><h2 class=\"elementor-slide-heading\">ECLIPSE \u2013 Impossible to ignore<\/h2><div class=\"elementor-slide-description\">Selbstbewusstes Exterieur, modernes Interieur und smarte Technik an Bord. <br>\nF\u00fcr alle, die sich  f\u00fcr mehr Stil, Komfort und Exklusivit\u00e4t entscheiden.<\/div><div  class=\"elementor-button elementor-slide-button elementor-size-md\">ECLIPSE entdecken<\/div><\/div><\/a><\/div>\t\t\t\t<\/div>\n\t\t\t\t\t\t\t\t\t\t\t\t\t\t\t\t\t\t\t\t<div class=\"swiper-pagination\"><\/div>\n\t\t\t\t\t\t\t\t\t\t\t\t<\/div>\n\t\t\t\t<\/div>\n\t\t\t\t\t\t\t\t<\/div>\n\t\t\t\t<\/div>\n\t\t\t\t\t<\/div>\n\t\t<\/div>\n\t\t\t\t\t<\/div>\n\t\t<\/section>\n\t\t\t\t<section class=\"elementor-section elementor-top-section elementor-element elementor-element-6b5f7f75 elementor-section-stretched elementor-section-boxed elementor-section-height-default elementor-section-height-default\" data-id=\"6b5f7f75\" data-element_type=\"section\" data-e-type=\"section\" data-settings=\"{&quot;stretch_section&quot;:&quot;section-stretched&quot;}\">\n\t\t\t\t\t\t<div class=\"elementor-container elementor-column-gap-default\">\n\t\t\t\t\t<div class=\"elementor-column elementor-col-100 elementor-top-column elementor-element elementor-element-29f87634\" data-id=\"29f87634\" data-element_type=\"column\" data-e-type=\"column\">\n\t\t\t<div class=\"elementor-widget-wrap elementor-element-populated\">\n\t\t\t\t\t\t<div class=\"elementor-element elementor-element-4cfb3d74 elementor-widget elementor-widget-heading\" data-id=\"4cfb3d74\" data-element_type=\"widget\" data-e-type=\"widget\" data-widget_type=\"heading.default\">\n\t\t\t\t<div class=\"elementor-widget-container\">\n\t\t\t\t\t<h1 class=\"elementor-heading-title elementor-size-default\">Ahorn Camp Samochody kempingowe i kampery<\/h1>\t\t\t\t<\/div>\n\t\t\t\t<\/div>\n\t\t\t\t<div class=\"elementor-element elementor-element-2de9faaf elementor-widget elementor-widget-text-editor\" data-id=\"2de9faaf\" data-element_type=\"widget\" data-e-type=\"widget\" data-widget_type=\"text-editor.default\">\n\t\t\t\t<div class=\"elementor-widget-container\">\n\t\t\t\t\t\t\t\t\t<p><span style=\"font-family: Roobert, sans-serif\">Kemping to Twoja pasja? Najch\u0119tniej podr\u00f3\u017cujesz bez ogranicze\u0144 i chcesz spontanicznie oraz niezale\u017cnie odkrywa\u0107 najpi\u0119kniejsze miejsca? Dzi\u0119ki naszym kamperom i samochodom kempingowym Ahorn Camp prze\u017cyjesz najpi\u0119kniejsze wakacje na kempingu. Spe\u0142nij swoje marzenie o w\u0142asnym domu na czterech ko\u0142ach.<\/span><\/p>\t\t\t\t\t\t\t\t<\/div>\n\t\t\t\t<\/div>\n\t\t\t\t\t<\/div>\n\t\t<\/div>\n\t\t\t\t\t<\/div>\n\t\t<\/section>\n\t\t\t\t<section class=\"elementor-section elementor-top-section elementor-element elementor-element-3cc3ef75 elementor-section-stretched elementor-section-boxed elementor-section-height-default elementor-section-height-default\" data-id=\"3cc3ef75\" data-element_type=\"section\" data-e-type=\"section\" data-settings=\"{&quot;stretch_section&quot;:&quot;section-stretched&quot;,&quot;background_background&quot;:&quot;classic&quot;}\">\n\t\t\t\t\t\t<div class=\"elementor-container elementor-column-gap-default\">\n\t\t\t\t\t<div class=\"elementor-column elementor-col-33 elementor-top-column elementor-element elementor-element-19be3118\" data-id=\"19be3118\" data-element_type=\"column\" data-e-type=\"column\">\n\t\t\t<div class=\"elementor-widget-wrap elementor-element-populated\">\n\t\t\t\t\t\t<div class=\"elementor-element elementor-element-58637ed2 elementor-widget__width-initial elementor-widget elementor-widget-image\" data-id=\"58637ed2\" data-element_type=\"widget\" data-e-type=\"widget\" data-widget_type=\"image.default\">\n\t\t\t\t<div class=\"elementor-widget-container\">\n\t\t\t\t\t\t\t\t\t\t\t\t\t\t\t\t<a href=\"https:\/\/ahorn-camp.de\/pl\/przyczepy-kempingowe-ahorn\/campery-czesciowo-zintegrowane\/\">\n\t\t\t\t\t\t\t<img decoding=\"async\" src=\"https:\/\/ahorn-camp.de\/wp-content\/uploads\/elementor\/thumbs\/T690-Eclipse-00092-HQ-scaled-rprcfbwygqonpesdhpj72innnmyywuft935k6l7i10.png\" title=\"T690-Eclipse-00092-HQ\" alt=\"T690-Eclipse-00092-HQ\" loading=\"lazy\" \/>\t\t\t\t\t\t\t\t<\/a>\n\t\t\t\t\t\t\t\t\t\t\t\t\t\t\t<\/div>\n\t\t\t\t<\/div>\n\t\t\t\t<div class=\"elementor-element elementor-element-767abc0f elementor-widget elementor-widget-heading\" data-id=\"767abc0f\" data-element_type=\"widget\" data-e-type=\"widget\" data-widget_type=\"heading.default\">\n\t\t\t\t<div class=\"elementor-widget-container\">\n\t\t\t\t\t<h2 class=\"elementor-heading-title elementor-size-default\">P\u00f3\u0142zintegrowane<\/h2>\t\t\t\t<\/div>\n\t\t\t\t<\/div>\n\t\t\t\t<div class=\"elementor-element elementor-element-13ecee24 elementor-widget elementor-widget-text-editor\" data-id=\"13ecee24\" data-element_type=\"widget\" data-e-type=\"widget\" data-widget_type=\"text-editor.default\">\n\t\t\t\t<div class=\"elementor-widget-container\">\n\t\t\t\t\t\t\t\t\t<p>Kompaktowe kampery z optymaln\u0105 r\u00f3wnowag\u0105 komfortu i wydajno\u015bci.<\/p>\t\t\t\t\t\t\t\t<\/div>\n\t\t\t\t<\/div>\n\t\t\t\t<div class=\"elementor-element elementor-element-50e5932b elementor-align-justify elementor-widget elementor-widget-button\" data-id=\"50e5932b\" data-element_type=\"widget\" data-e-type=\"widget\" data-widget_type=\"button.default\">\n\t\t\t\t<div class=\"elementor-widget-container\">\n\t\t\t\t\t\t\t\t\t<div class=\"elementor-button-wrapper\">\n\t\t\t\t\t<a class=\"elementor-button elementor-button-link elementor-size-sm elementor-animation-grow\" href=\"https:\/\/ahorn-camp.de\/pl\/przyczepy-kempingowe-ahorn\/campery-czesciowo-zintegrowane\/\">\n\t\t\t\t\t\t<span class=\"elementor-button-content-wrapper\">\n\t\t\t\t\t\t\t\t\t<span class=\"elementor-button-text\">Nasze p\u00f3\u0142integrowane<\/span>\n\t\t\t\t\t<\/span>\n\t\t\t\t\t<\/a>\n\t\t\t\t<\/div>\n\t\t\t\t\t\t\t\t<\/div>\n\t\t\t\t<\/div>\n\t\t\t\t\t<\/div>\n\t\t<\/div>\n\t\t\t\t<div class=\"elementor-column elementor-col-33 elementor-top-column elementor-element elementor-element-33faa1bb\" data-id=\"33faa1bb\" data-element_type=\"column\" data-e-type=\"column\">\n\t\t\t<div class=\"elementor-widget-wrap elementor-element-populated\">\n\t\t\t\t\t\t<div class=\"elementor-element elementor-element-18431eb5 elementor-widget__width-initial elementor-widget elementor-widget-image\" data-id=\"18431eb5\" data-element_type=\"widget\" data-e-type=\"widget\" data-widget_type=\"image.default\">\n\t\t\t\t<div class=\"elementor-widget-container\">\n\t\t\t\t\t\t\t\t\t\t\t\t\t\t\t\t<a href=\"https:\/\/ahorn-camp.de\/pl\/przyczepy-kempingowe-ahorn\/alkowy-kampery\/\">\n\t\t\t\t\t\t\t<img decoding=\"async\" src=\"https:\/\/ahorn-camp.de\/wp-content\/uploads\/2025\/07\/Alkoven-800x533.webp\" title=\"Alkowa\" alt=\"Ahorn Camp \u2013 kamper z alkow\u0105\" loading=\"lazy\" \/>\t\t\t\t\t\t\t\t<\/a>\n\t\t\t\t\t\t\t\t\t\t\t\t\t\t\t<\/div>\n\t\t\t\t<\/div>\n\t\t\t\t<div class=\"elementor-element elementor-element-6c3c8590 elementor-widget elementor-widget-heading\" data-id=\"6c3c8590\" data-element_type=\"widget\" data-e-type=\"widget\" data-widget_type=\"heading.default\">\n\t\t\t\t<div class=\"elementor-widget-container\">\n\t\t\t\t\t<h2 class=\"elementor-heading-title elementor-size-default\">Alkowa<\/h2>\t\t\t\t<\/div>\n\t\t\t\t<\/div>\n\t\t\t\t<div class=\"elementor-element elementor-element-701eec48 elementor-widget elementor-widget-text-editor\" data-id=\"701eec48\" data-element_type=\"widget\" data-e-type=\"widget\" data-widget_type=\"text-editor.default\">\n\t\t\t\t<div class=\"elementor-widget-container\">\n\t\t\t\t\t\t\t\t\t<p>Przestronne modele z \u0142\u00f3\u017ckiem dwuosobowym nad kabin\u0105.<\/p>\t\t\t\t\t\t\t\t<\/div>\n\t\t\t\t<\/div>\n\t\t\t\t<div class=\"elementor-element elementor-element-2a3798b4 elementor-align-justify elementor-widget elementor-widget-button\" data-id=\"2a3798b4\" data-element_type=\"widget\" data-e-type=\"widget\" data-widget_type=\"button.default\">\n\t\t\t\t<div class=\"elementor-widget-container\">\n\t\t\t\t\t\t\t\t\t<div class=\"elementor-button-wrapper\">\n\t\t\t\t\t<a class=\"elementor-button elementor-button-link elementor-size-sm elementor-animation-grow\" href=\"https:\/\/ahorn-camp.de\/pl\/przyczepy-kempingowe-ahorn\/alkowy-kampery\/\">\n\t\t\t\t\t\t<span class=\"elementor-button-content-wrapper\">\n\t\t\t\t\t\t\t\t\t<span class=\"elementor-button-text\">Nasze alkowy<\/span>\n\t\t\t\t\t<\/span>\n\t\t\t\t\t<\/a>\n\t\t\t\t<\/div>\n\t\t\t\t\t\t\t\t<\/div>\n\t\t\t\t<\/div>\n\t\t\t\t\t<\/div>\n\t\t<\/div>\n\t\t\t\t<div class=\"elementor-column elementor-col-33 elementor-top-column elementor-element elementor-element-6d67931d\" data-id=\"6d67931d\" data-element_type=\"column\" data-e-type=\"column\">\n\t\t\t<div class=\"elementor-widget-wrap elementor-element-populated\">\n\t\t\t\t\t\t<div class=\"elementor-element elementor-element-39a00427 elementor-widget__width-initial elementor-widget elementor-widget-image\" data-id=\"39a00427\" data-element_type=\"widget\" data-e-type=\"widget\" data-widget_type=\"image.default\">\n\t\t\t\t<div class=\"elementor-widget-container\">\n\t\t\t\t\t\t\t\t\t\t\t\t\t\t\t\t<a href=\"https:\/\/ahorn-camp.de\/pl\/przyczepy-kempingowe-ahorn\/kamper\/\">\n\t\t\t\t\t\t\t<img decoding=\"async\" src=\"https:\/\/ahorn-camp.de\/wp-content\/uploads\/elementor\/thumbs\/CV-630-Eclipse-00092-LQ-scaled-rrd180c1wpw5mex6a5i0ewu33pdzbr12fvydyyvhfo.jpg\" title=\"CV 630-Eclipse-00092-LQ\" alt=\"CV 630-Eclipse-00092-LQ\" loading=\"lazy\" \/>\t\t\t\t\t\t\t\t<\/a>\n\t\t\t\t\t\t\t\t\t\t\t\t\t\t\t<\/div>\n\t\t\t\t<\/div>\n\t\t\t\t<div class=\"elementor-element elementor-element-73e5eb59 elementor-widget elementor-widget-heading\" data-id=\"73e5eb59\" data-element_type=\"widget\" data-e-type=\"widget\" data-widget_type=\"heading.default\">\n\t\t\t\t<div class=\"elementor-widget-container\">\n\t\t\t\t\t<h2 class=\"elementor-heading-title elementor-size-default\">Kampery<\/h2>\t\t\t\t<\/div>\n\t\t\t\t<\/div>\n\t\t\t\t<div class=\"elementor-element elementor-element-6a617d92 elementor-widget elementor-widget-text-editor\" data-id=\"6a617d92\" data-element_type=\"widget\" data-e-type=\"widget\" data-widget_type=\"text-editor.default\">\n\t\t\t\t<div class=\"elementor-widget-container\">\n\t\t\t\t\t\t\t\t\t<p>Elastyczny na co dzie\u0144 i w podr\u00f3\u017cy. Kompaktowy i z bogatym wyposa\u017ceniem.<\/p>\t\t\t\t\t\t\t\t<\/div>\n\t\t\t\t<\/div>\n\t\t\t\t<div class=\"elementor-element elementor-element-7c0b68d6 elementor-align-justify elementor-widget elementor-widget-button\" data-id=\"7c0b68d6\" data-element_type=\"widget\" data-e-type=\"widget\" data-widget_type=\"button.default\">\n\t\t\t\t<div class=\"elementor-widget-container\">\n\t\t\t\t\t\t\t\t\t<div class=\"elementor-button-wrapper\">\n\t\t\t\t\t<a class=\"elementor-button elementor-button-link elementor-size-sm elementor-animation-grow\" href=\"https:\/\/ahorn-camp.de\/pl\/przyczepy-kempingowe-ahorn\/kamper\/\">\n\t\t\t\t\t\t<span class=\"elementor-button-content-wrapper\">\n\t\t\t\t\t\t\t\t\t<span class=\"elementor-button-text\">Nasze kampery<\/span>\n\t\t\t\t\t<\/span>\n\t\t\t\t\t<\/a>\n\t\t\t\t<\/div>\n\t\t\t\t\t\t\t\t<\/div>\n\t\t\t\t<\/div>\n\t\t\t\t\t<\/div>\n\t\t<\/div>\n\t\t\t\t\t<\/div>\n\t\t<\/section>\n\t\t\t\t<section class=\"elementor-section elementor-top-section elementor-element elementor-element-79e64d4b elementor-section-boxed elementor-section-height-default elementor-section-height-default\" data-id=\"79e64d4b\" data-element_type=\"section\" data-e-type=\"section\">\n\t\t\t\t\t\t<div class=\"elementor-container elementor-column-gap-default\">\n\t\t\t\t\t<div class=\"elementor-column elementor-col-100 elementor-top-column elementor-element elementor-element-59db7510\" data-id=\"59db7510\" data-element_type=\"column\" data-e-type=\"column\">\n\t\t\t<div class=\"elementor-widget-wrap elementor-element-populated\">\n\t\t\t\t\t\t<div class=\"elementor-element elementor-element-1c70e097 elementor-widget elementor-widget-spacer\" data-id=\"1c70e097\" data-element_type=\"widget\" data-e-type=\"widget\" data-widget_type=\"spacer.default\">\n\t\t\t\t<div class=\"elementor-widget-container\">\n\t\t\t\t\t\t\t<div class=\"elementor-spacer\">\n\t\t\t<div class=\"elementor-spacer-inner\"><\/div>\n\t\t<\/div>\n\t\t\t\t\t\t<\/div>\n\t\t\t\t<\/div>\n\t\t\t\t\t<\/div>\n\t\t<\/div>\n\t\t\t\t\t<\/div>\n\t\t<\/section>\n\t\t\t\t<section class=\"elementor-section elementor-top-section elementor-element elementor-element-129eaa1d elementor-section-boxed elementor-section-height-default elementor-section-height-default\" data-id=\"129eaa1d\" data-element_type=\"section\" data-e-type=\"section\">\n\t\t\t\t\t\t<div class=\"elementor-container elementor-column-gap-default\">\n\t\t\t\t\t<div class=\"elementor-column elementor-col-100 elementor-top-column elementor-element elementor-element-7cb07357\" data-id=\"7cb07357\" data-element_type=\"column\" data-e-type=\"column\">\n\t\t\t<div class=\"elementor-widget-wrap elementor-element-populated\">\n\t\t\t\t\t\t<div class=\"elementor-element elementor-element-61370c93 elementor-widget elementor-widget-spacer\" data-id=\"61370c93\" data-element_type=\"widget\" data-e-type=\"widget\" data-widget_type=\"spacer.default\">\n\t\t\t\t<div class=\"elementor-widget-container\">\n\t\t\t\t\t\t\t<div class=\"elementor-spacer\">\n\t\t\t<div class=\"elementor-spacer-inner\"><\/div>\n\t\t<\/div>\n\t\t\t\t\t\t<\/div>\n\t\t\t\t<\/div>\n\t\t\t\t\t<\/div>\n\t\t<\/div>\n\t\t\t\t\t<\/div>\n\t\t<\/section>\n\t\t\t\t<section class=\"elementor-section elementor-top-section elementor-element elementor-element-449991ad elementor-section-stretched elementor-section-boxed elementor-section-height-default elementor-section-height-default\" data-id=\"449991ad\" data-element_type=\"section\" data-e-type=\"section\" data-settings=\"{&quot;stretch_section&quot;:&quot;section-stretched&quot;}\">\n\t\t\t\t\t\t<div class=\"elementor-container elementor-column-gap-default\">\n\t\t\t\t\t<div class=\"elementor-column elementor-col-100 elementor-top-column elementor-element elementor-element-30bde309\" data-id=\"30bde309\" data-element_type=\"column\" data-e-type=\"column\">\n\t\t\t<div class=\"elementor-widget-wrap elementor-element-populated\">\n\t\t\t\t\t\t<div class=\"elementor-element elementor-element-199e13e5 elementor-widget elementor-widget-heading\" data-id=\"199e13e5\" data-element_type=\"widget\" data-e-type=\"widget\" data-widget_type=\"heading.default\">\n\t\t\t\t<div class=\"elementor-widget-container\">\n\t\t\t\t\t<h2 class=\"elementor-heading-title elementor-size-default\">Odkryj nasze kampery Ahorn Camp<\/h2>\t\t\t\t<\/div>\n\t\t\t\t<\/div>\n\t\t\t\t\t<\/div>\n\t\t<\/div>\n\t\t\t\t\t<\/div>\n\t\t<\/section>\n\t\t<div class=\"elementor-element elementor-element-382e294 e-flex e-con-boxed e-con e-parent\" data-id=\"382e294\" data-element_type=\"container\" data-e-type=\"container\">\n\t\t\t\t\t<div class=\"e-con-inner\">\n\t\t<div class=\"elementor-element elementor-element-24589a7 e-con-full e-flex e-con e-child\" data-id=\"24589a7\" data-element_type=\"container\" data-e-type=\"container\">\n\t\t\t\t<div class=\"elementor-element elementor-element-2a3aae3 elementor-widget elementor-widget-video\" data-id=\"2a3aae3\" data-element_type=\"widget\" data-e-type=\"widget\" data-settings=\"{&quot;video_type&quot;:&quot;hosted&quot;,&quot;autoplay&quot;:&quot;yes&quot;,&quot;loop&quot;:&quot;yes&quot;}\" data-widget_type=\"video.default\">\n\t\t\t\t<div class=\"elementor-widget-container\">\n\t\t\t\t\t\t\t<div class=\"e-hosted-video elementor-wrapper elementor-open-inline\">\n\t\t\t\t\t<video class=\"elementor-video\" src=\"https:\/\/ahorn-camp.de\/wp-content\/uploads\/2025\/07\/Sneak-Preview-Web-720p.mp4\" autoplay=\"\" loop=\"\" controlslist=\"nodownload\"><\/video>\n\t\t\t\t<\/div>\n\t\t\t\t\t\t<\/div>\n\t\t\t\t<\/div>\n\t\t\t\t<\/div>\n\t\t<div class=\"elementor-element elementor-element-732ec64 e-con-full e-flex e-con e-child\" data-id=\"732ec64\" data-element_type=\"container\" data-e-type=\"container\">\n\t\t<div class=\"elementor-element elementor-element-6783bfa e-con-full e-flex e-con e-child\" data-id=\"6783bfa\" data-element_type=\"container\" data-e-type=\"container\">\n\t\t\t\t<div class=\"elementor-element elementor-element-37694d7 elementor-widget elementor-widget-text-editor\" data-id=\"37694d7\" data-element_type=\"widget\" data-e-type=\"widget\" data-widget_type=\"text-editor.default\">\n\t\t\t\t<div class=\"elementor-widget-container\">\n\t\t\t\t\t\t\t\t\t<h3><span style=\"color: #158380;\">Modernste technische Basis\u00a0<\/span><\/h3><p><span data-teams=\"true\">Wir bauen exklusiv in Serie auf dem neuen Renault Master \u2013 dem Van of the Year 2025.<\/span><\/p>\t\t\t\t\t\t\t\t<\/div>\n\t\t\t\t<\/div>\n\t\t\t\t<\/div>\n\t\t<div class=\"elementor-element elementor-element-b9541a1 e-con-full e-flex e-con e-child\" data-id=\"b9541a1\" data-element_type=\"container\" data-e-type=\"container\">\n\t\t\t\t<div class=\"elementor-element elementor-element-4b93f6e elementor-widget elementor-widget-text-editor\" data-id=\"4b93f6e\" data-element_type=\"widget\" data-e-type=\"widget\" data-widget_type=\"text-editor.default\">\n\t\t\t\t<div class=\"elementor-widget-container\">\n\t\t\t\t\t\t\t\t\t<h3><span style=\"color: #158380;\"><span data-teams=\"true\"><strong>Sicherheit &amp; Komfort auf h\u00f6chstem Niveau<\/strong><\/span><\/span><\/h3><p><span data-teams=\"true\">Serienm\u00e4\u00dfige GSR II-Konformit\u00e4t und zahlreiche Assistenzsysteme sorgen f\u00fcr ein Fahrgef\u00fchl wie im PKW.<\/span><\/p>\t\t\t\t\t\t\t\t<\/div>\n\t\t\t\t<\/div>\n\t\t\t\t<\/div>\n\t\t<div class=\"elementor-element elementor-element-9651302 e-con-full e-flex e-con e-child\" data-id=\"9651302\" data-element_type=\"container\" data-e-type=\"container\">\n\t\t\t\t<div class=\"elementor-element elementor-element-25ddc5d elementor-widget elementor-widget-text-editor\" data-id=\"25ddc5d\" data-element_type=\"widget\" data-e-type=\"widget\" data-widget_type=\"text-editor.default\">\n\t\t\t\t<div class=\"elementor-widget-container\">\n\t\t\t\t\t\t\t\t\t<h3><span style=\"color: #158380;\">Qualit\u00e4t die man sp\u00fcrt<\/span><\/h3><p><span data-teams=\"true\">In Produktionskooperation mit der Erwin Hymer Group entstehen durchdachte Grundrisse mit hochwertiger Markenausstattung.<\/span><\/p>\t\t\t\t\t\t\t\t<\/div>\n\t\t\t\t<\/div>\n\t\t\t\t<\/div>\n\t\t\t\t<\/div>\n\t\t\t\t\t<\/div>\n\t\t\t\t<\/div>\n\t\t\t\t<section class=\"elementor-section elementor-top-section elementor-element elementor-element-14b75a25 elementor-section-stretched elementor-section-boxed elementor-section-height-default elementor-section-height-default\" data-id=\"14b75a25\" data-element_type=\"section\" data-e-type=\"section\" data-settings=\"{&quot;stretch_section&quot;:&quot;section-stretched&quot;}\">\n\t\t\t\t\t\t<div class=\"elementor-container elementor-column-gap-default\">\n\t\t\t\t\t<div class=\"elementor-column elementor-col-100 elementor-top-column elementor-element elementor-element-31e642fa\" data-id=\"31e642fa\" data-element_type=\"column\" data-e-type=\"column\">\n\t\t\t<div class=\"elementor-widget-wrap elementor-element-populated\">\n\t\t\t\t\t\t<section class=\"elementor-section elementor-inner-section elementor-element elementor-element-4dad2b99 elementor-section-boxed elementor-section-height-default elementor-section-height-default\" data-id=\"4dad2b99\" data-element_type=\"section\" data-e-type=\"section\">\n\t\t\t\t\t\t<div class=\"elementor-container elementor-column-gap-default\">\n\t\t\t\t\t<div class=\"elementor-column elementor-col-25 elementor-inner-column elementor-element elementor-element-ab632a0\" data-id=\"ab632a0\" data-element_type=\"column\" data-e-type=\"column\">\n\t\t\t<div class=\"elementor-widget-wrap elementor-element-populated\">\n\t\t\t\t\t\t<div class=\"elementor-element elementor-element-302f9ae4 elementor-cta--skin-classic elementor-animated-content elementor-bg-transform elementor-bg-transform-zoom-in elementor-widget elementor-widget-call-to-action\" data-id=\"302f9ae4\" data-element_type=\"widget\" data-e-type=\"widget\" data-widget_type=\"call-to-action.default\">\n\t\t\t\t<div class=\"elementor-widget-container\">\n\t\t\t\t\t\t\t<a class=\"elementor-cta\" href=\"https:\/\/ahorn-camp.de\/pl\/przyczepy-kempingowe-ahorn\/\">\n\t\t\t\t\t<div class=\"elementor-cta__bg-wrapper\">\n\t\t\t\t<div class=\"elementor-cta__bg elementor-bg\" style=\"background-image: url(https:\/\/ahorn-camp.de\/wp-content\/uploads\/2026\/07\/AC_ECLIPSE_04-1024x572.webp);\" role=\"img\" aria-label=\"AC_ECLIPSE_04\"><\/div>\n\t\t\t\t<div class=\"elementor-cta__bg-overlay\"><\/div>\n\t\t\t<\/div>\n\t\t\t\t\t\t\t<div class=\"elementor-cta__content\">\n\t\t\t\t\n\t\t\t\t\t\t\t\t\t<h2 class=\"elementor-cta__title elementor-cta__content-item elementor-content-item\">\n\t\t\t\t\t\tCamp Modelle\t\t\t\t\t<\/h2>\n\t\t\t\t\n\t\t\t\t\t\t\t\t\t<div class=\"elementor-cta__description elementor-cta__content-item elementor-content-item\">\n\t\t\t\t\t\tAhorn Camp und Eclipse Modelle\t\t\t\t\t<\/div>\n\t\t\t\t\n\t\t\t\t\t\t\t\t\t<div class=\"elementor-cta__button-wrapper elementor-cta__content-item elementor-content-item\">\n\t\t\t\t\t<span class=\"elementor-cta__button elementor-button elementor-size-\">\n\t\t\t\t\t\tZobacz modele\t\t\t\t\t<\/span>\n\t\t\t\t\t<\/div>\n\t\t\t\t\t\t\t<\/div>\n\t\t\t\t\t\t<\/a>\n\t\t\t\t\t\t<\/div>\n\t\t\t\t<\/div>\n\t\t\t\t\t<\/div>\n\t\t<\/div>\n\t\t\t\t<div class=\"elementor-column elementor-col-25 elementor-inner-column elementor-element elementor-element-0a61126\" data-id=\"0a61126\" data-element_type=\"column\" data-e-type=\"column\">\n\t\t\t<div class=\"elementor-widget-wrap elementor-element-populated\">\n\t\t\t\t\t\t<div class=\"elementor-element elementor-element-a3f4dfd elementor-cta--skin-classic elementor-animated-content elementor-bg-transform elementor-bg-transform-zoom-in elementor-widget elementor-widget-call-to-action\" data-id=\"a3f4dfd\" data-element_type=\"widget\" data-e-type=\"widget\" data-widget_type=\"call-to-action.default\">\n\t\t\t\t<div class=\"elementor-widget-container\">\n\t\t\t\t\t\t\t<a class=\"elementor-cta\" href=\"https:\/\/ahorn-camp.de\/pl\/przyczepy-kempingowe-ahorn\/move\/\">\n\t\t\t\t\t<div class=\"elementor-cta__bg-wrapper\">\n\t\t\t\t<div class=\"elementor-cta__bg elementor-bg\" style=\"background-image: url(https:\/\/ahorn-camp.de\/wp-content\/uploads\/2026\/07\/Header-Move2-1024x505.webp);\" role=\"img\" aria-label=\"Header Move2\"><\/div>\n\t\t\t\t<div class=\"elementor-cta__bg-overlay\"><\/div>\n\t\t\t<\/div>\n\t\t\t\t\t\t\t<div class=\"elementor-cta__content\">\n\t\t\t\t\n\t\t\t\t\t\t\t\t\t<h2 class=\"elementor-cta__title elementor-cta__content-item elementor-content-item\">\n\t\t\t\t\t\tMove Modelle\t\t\t\t\t<\/h2>\n\t\t\t\t\n\t\t\t\t\t\t\t\t\t<div class=\"elementor-cta__description elementor-cta__content-item elementor-content-item\">\n\t\t\t\t\t\tModerne Fahrzeuge zum Einstiegspreis\t\t\t\t\t<\/div>\n\t\t\t\t\n\t\t\t\t\t\t\t\t\t<div class=\"elementor-cta__button-wrapper elementor-cta__content-item elementor-content-item\">\n\t\t\t\t\t<span class=\"elementor-cta__button elementor-button elementor-size-\">\n\t\t\t\t\t\tZobacz modele\t\t\t\t\t<\/span>\n\t\t\t\t\t<\/div>\n\t\t\t\t\t\t\t<\/div>\n\t\t\t\t\t\t<\/a>\n\t\t\t\t\t\t<\/div>\n\t\t\t\t<\/div>\n\t\t\t\t\t<\/div>\n\t\t<\/div>\n\t\t\t\t<div class=\"elementor-column elementor-col-25 elementor-inner-column elementor-element elementor-element-346ca0d\" data-id=\"346ca0d\" data-element_type=\"column\" data-e-type=\"column\">\n\t\t\t<div class=\"elementor-widget-wrap elementor-element-populated\">\n\t\t\t\t\t\t<div class=\"elementor-element elementor-element-95feb81 elementor-cta--skin-classic elementor-animated-content elementor-bg-transform elementor-bg-transform-zoom-in elementor-widget elementor-widget-call-to-action\" data-id=\"95feb81\" data-element_type=\"widget\" data-e-type=\"widget\" data-widget_type=\"call-to-action.default\">\n\t\t\t\t<div class=\"elementor-widget-container\">\n\t\t\t\t\t\t\t<div class=\"elementor-cta\">\n\t\t\t\t\t<div class=\"elementor-cta__bg-wrapper\">\n\t\t\t\t<div class=\"elementor-cta__bg elementor-bg\" style=\"background-image: url(https:\/\/ahorn-camp.de\/wp-content\/uploads\/2025\/10\/Oktober-Deals-1024x576.webp);\" role=\"img\" aria-label=\"Zakup u\u017cywanych kamper\u00f3w. Kampery typu campervan, p\u00f3\u0142integrowane i z alkow\u0105 od Ahorn Camp\"><\/div>\n\t\t\t\t<div class=\"elementor-cta__bg-overlay\"><\/div>\n\t\t\t<\/div>\n\t\t\t\t\t\t\t<div class=\"elementor-cta__content\">\n\t\t\t\t\n\t\t\t\t\t\t\t\t\t<h2 class=\"elementor-cta__title elementor-cta__content-item elementor-content-item\">\n\t\t\t\t\t\tU\u017cywane\t\t\t\t\t<\/h2>\n\t\t\t\t\n\t\t\t\t\t\t\t\t\t<div class=\"elementor-cta__description elementor-cta__content-item elementor-content-item\">\n\t\t\t\t\t\tJunge Gebrauchte oder R\u00fcckl\u00e4ufer. Top geflegt.\t\t\t\t\t<\/div>\n\t\t\t\t\n\t\t\t\t\t\t\t\t\t<div class=\"elementor-cta__button-wrapper elementor-cta__content-item elementor-content-item\">\n\t\t\t\t\t<a class=\"elementor-cta__button elementor-button elementor-size-\" href=\"https:\/\/ahorn-camp.de\/pl\/kupic-uzywanego-kampera\/\">\n\t\t\t\t\t\tZobacz modele\t\t\t\t\t<\/a>\n\t\t\t\t\t<\/div>\n\t\t\t\t\t\t\t<\/div>\n\t\t\t\t\t\t<\/div>\n\t\t\t\t\t\t<\/div>\n\t\t\t\t<\/div>\n\t\t\t\t\t<\/div>\n\t\t<\/div>\n\t\t\t\t<div class=\"elementor-column elementor-col-25 elementor-inner-column elementor-element elementor-element-afa57df\" data-id=\"afa57df\" data-element_type=\"column\" data-e-type=\"column\">\n\t\t\t<div class=\"elementor-widget-wrap elementor-element-populated\">\n\t\t\t\t\t\t<div class=\"elementor-element elementor-element-3adec5e5 elementor-cta--skin-classic elementor-animated-content elementor-bg-transform elementor-bg-transform-zoom-in elementor-widget elementor-widget-call-to-action\" data-id=\"3adec5e5\" data-element_type=\"widget\" data-e-type=\"widget\" data-widget_type=\"call-to-action.default\">\n\t\t\t\t<div class=\"elementor-widget-container\">\n\t\t\t\t\t\t\t<div class=\"elementor-cta\">\n\t\t\t\t\t<div class=\"elementor-cta__bg-wrapper\">\n\t\t\t\t<div class=\"elementor-cta__bg elementor-bg\" style=\"background-image: url(https:\/\/ahorn-camp.de\/wp-content\/uploads\/2026\/06\/Groessenanpassung-1920x750-6-1024x400.png);\" role=\"img\" aria-label=\"Ahorn Camp ju\u017c w Polsce\"><\/div>\n\t\t\t\t<div class=\"elementor-cta__bg-overlay\"><\/div>\n\t\t\t<\/div>\n\t\t\t\t\t\t\t<div class=\"elementor-cta__content\">\n\t\t\t\t\n\t\t\t\t\t\t\t\t\t<h2 class=\"elementor-cta__title elementor-cta__content-item elementor-content-item\">\n\t\t\t\t\t\tOferty\t\t\t\t\t<\/h2>\n\t\t\t\t\n\t\t\t\t\t\t\t\t\t<div class=\"elementor-cta__description elementor-cta__content-item elementor-content-item\">\n\t\t\t\t\t\tWyj\u0105tkowe rabaty na wybrane modele \t\t\t\t\t<\/div>\n\t\t\t\t\n\t\t\t\t\t\t\t\t\t<div class=\"elementor-cta__button-wrapper elementor-cta__content-item elementor-content-item\">\n\t\t\t\t\t<a class=\"elementor-cta__button elementor-button elementor-size-\" href=\"https:\/\/ahorn-camp.de\/pl\/oferty\/?utm_source=index&#038;utm_medium=angebotebutton\">\n\t\t\t\t\t\tAngebote entdecken\t\t\t\t\t<\/a>\n\t\t\t\t\t<\/div>\n\t\t\t\t\t\t\t<\/div>\n\t\t\t\t\t\t<\/div>\n\t\t\t\t\t\t<\/div>\n\t\t\t\t<\/div>\n\t\t\t\t\t<\/div>\n\t\t<\/div>\n\t\t\t\t\t<\/div>\n\t\t<\/section>\n\t\t\t\t\t<\/div>\n\t\t<\/div>\n\t\t\t\t\t<\/div>\n\t\t<\/section>\n\t\t\t\t<section class=\"elementor-section elementor-top-section elementor-element elementor-element-23a783b6 elementor-section-stretched elementor-section-boxed elementor-section-height-default elementor-section-height-default\" data-id=\"23a783b6\" data-element_type=\"section\" data-e-type=\"section\" data-settings=\"{&quot;stretch_section&quot;:&quot;section-stretched&quot;,&quot;background_background&quot;:&quot;classic&quot;}\">\n\t\t\t\t\t\t<div class=\"elementor-container elementor-column-gap-default\">\n\t\t\t\t\t<div class=\"elementor-column elementor-col-33 elementor-top-column elementor-element elementor-element-4b6fe324\" data-id=\"4b6fe324\" data-element_type=\"column\" data-e-type=\"column\">\n\t\t\t<div class=\"elementor-widget-wrap elementor-element-populated\">\n\t\t\t\t\t\t<div class=\"elementor-element elementor-element-6d3b2dbd elementor-widget__width-initial elementor-widget elementor-widget-image\" data-id=\"6d3b2dbd\" data-element_type=\"widget\" data-e-type=\"widget\" data-widget_type=\"image.default\">\n\t\t\t\t<div class=\"elementor-widget-container\">\n\t\t\t\t\t\t\t\t\t\t\t\t\t\t\t<img decoding=\"async\" src=\"https:\/\/ahorn-camp.de\/wp-content\/uploads\/elementor\/thumbs\/04_AhornDays_Dietzenbach-22-scaled-rmgwz9pmy93lvfr6zkseu63bfqwtj29c6ehrcx7g6w.jpg\" title=\"04_AhornDays_Dietzenbach-22\" alt=\"04_AhornDays_Dietzenbach-22\" loading=\"lazy\" \/>\t\t\t\t\t\t\t\t\t\t\t\t\t\t\t<\/div>\n\t\t\t\t<\/div>\n\t\t\t\t\t<\/div>\n\t\t<\/div>\n\t\t\t\t<div class=\"elementor-column elementor-col-66 elementor-top-column elementor-element elementor-element-280296da\" data-id=\"280296da\" data-element_type=\"column\" data-e-type=\"column\">\n\t\t\t<div class=\"elementor-widget-wrap elementor-element-populated\">\n\t\t\t\t\t\t<div class=\"elementor-element elementor-element-3cd610b7 elementor-widget elementor-widget-heading\" data-id=\"3cd610b7\" data-element_type=\"widget\" data-e-type=\"widget\" data-widget_type=\"heading.default\">\n\t\t\t\t<div class=\"elementor-widget-container\">\n\t\t\t\t\t<h2 class=\"elementor-heading-title elementor-size-default\">Ahorn Camp \u2013 jako\u015b\u0107, kt\u00f3ra przekonuje<\/h2>\t\t\t\t<\/div>\n\t\t\t\t<\/div>\n\t\t\t\t<div class=\"elementor-element elementor-element-156de7ba elementor-icon-list--layout-traditional elementor-list-item-link-full_width elementor-widget elementor-widget-icon-list\" data-id=\"156de7ba\" data-element_type=\"widget\" data-e-type=\"widget\" data-widget_type=\"icon-list.default\">\n\t\t\t\t<div class=\"elementor-widget-container\">\n\t\t\t\t\t\t\t<ul class=\"elementor-icon-list-items\">\n\t\t\t\t\t\t\t<li class=\"elementor-icon-list-item\">\n\t\t\t\t\t\t\t\t\t\t\t<span class=\"elementor-icon-list-icon\">\n\t\t\t\t\t\t\t<i aria-hidden=\"true\" class=\"fas fa-check\"><\/i>\t\t\t\t\t\t<\/span>\n\t\t\t\t\t\t\t\t\t\t<span class=\"elementor-icon-list-text\">Renault jako ekskluzywne podwozie - wytrzyma\u0142e, bezpieczne, niezawodne<\/span>\n\t\t\t\t\t\t\t\t\t<\/li>\n\t\t\t\t\t\t\t\t<li class=\"elementor-icon-list-item\">\n\t\t\t\t\t\t\t\t\t\t\t<span class=\"elementor-icon-list-icon\">\n\t\t\t\t\t\t\t<i aria-hidden=\"true\" class=\"fas fa-check\"><\/i>\t\t\t\t\t\t<\/span>\n\t\t\t\t\t\t\t\t\t\t<span class=\"elementor-icon-list-text\">\u00dcber 35 Jahre Erfahrung - als familiengef\u00fchrte deutsche Reisemobilmarke<\/span>\n\t\t\t\t\t\t\t\t\t<\/li>\n\t\t\t\t\t\t\t\t<li class=\"elementor-icon-list-item\">\n\t\t\t\t\t\t\t\t\t\t\t<span class=\"elementor-icon-list-icon\">\n\t\t\t\t\t\t\t<i aria-hidden=\"true\" class=\"fas fa-check\"><\/i>\t\t\t\t\t\t<\/span>\n\t\t\t\t\t\t\t\t\t\t<span class=\"elementor-icon-list-text\">Przemy\u015blane uk\u0142ady z przejrzyst\u0105 struktur\u0105<\/span>\n\t\t\t\t\t\t\t\t\t<\/li>\n\t\t\t\t\t\t\t\t<li class=\"elementor-icon-list-item\">\n\t\t\t\t\t\t\t\t\t\t\t<span class=\"elementor-icon-list-icon\">\n\t\t\t\t\t\t\t<i aria-hidden=\"true\" class=\"fas fa-check\"><\/i>\t\t\t\t\t\t<\/span>\n\t\t\t\t\t\t\t\t\t\t<span class=\"elementor-icon-list-text\">Doradztwo, sprzeda\u017c i serwis \u2014 wszystko z jednego miejsca.<\/span>\n\t\t\t\t\t\t\t\t\t<\/li>\n\t\t\t\t\t\t\t\t<li class=\"elementor-icon-list-item\">\n\t\t\t\t\t\t\t\t\t\t\t<span class=\"elementor-icon-list-icon\">\n\t\t\t\t\t\t\t<i aria-hidden=\"true\" class=\"fas fa-check\"><\/i>\t\t\t\t\t\t<\/span>\n\t\t\t\t\t\t\t\t\t\t<span class=\"elementor-icon-list-text\">Uczciwe ceny za bogate wyposa\u017cenie serii<\/span>\n\t\t\t\t\t\t\t\t\t<\/li>\n\t\t\t\t\t\t\t\t<li class=\"elementor-icon-list-item\">\n\t\t\t\t\t\t\t\t\t\t\t<span class=\"elementor-icon-list-icon\">\n\t\t\t\t\t\t\t<i aria-hidden=\"true\" class=\"fas fa-check\"><\/i>\t\t\t\t\t\t<\/span>\n\t\t\t\t\t\t\t\t\t\t<span class=\"elementor-icon-list-text\">Silna sie\u0107 handlowa i serwisowa z trzema w\u0142asnymi oddzia\u0142ami<\/span>\n\t\t\t\t\t\t\t\t\t<\/li>\n\t\t\t\t\t\t<\/ul>\n\t\t\t\t\t\t<\/div>\n\t\t\t\t<\/div>\n\t\t\t\t\t<\/div>\n\t\t<\/div>\n\t\t\t\t\t<\/div>\n\t\t<\/section>\n\t\t\t\t<section class=\"elementor-section elementor-top-section elementor-element elementor-element-7b3e4102 elementor-section-stretched elementor-section-boxed elementor-section-height-default elementor-section-height-default\" data-id=\"7b3e4102\" data-element_type=\"section\" data-e-type=\"section\" data-settings=\"{&quot;stretch_section&quot;:&quot;section-stretched&quot;}\">\n\t\t\t\t\t\t<div class=\"elementor-container elementor-column-gap-default\">\n\t\t\t\t\t<div class=\"elementor-column elementor-col-100 elementor-top-column elementor-element elementor-element-2a91f1fd\" data-id=\"2a91f1fd\" data-element_type=\"column\" data-e-type=\"column\">\n\t\t\t<div class=\"elementor-widget-wrap elementor-element-populated\">\n\t\t\t\t\t\t<section class=\"elementor-section elementor-inner-section elementor-element elementor-element-92cae23 elementor-reverse-tablet elementor-reverse-mobile elementor-section-boxed elementor-section-height-default elementor-section-height-default\" data-id=\"92cae23\" data-element_type=\"section\" data-e-type=\"section\">\n\t\t\t\t\t\t<div class=\"elementor-container elementor-column-gap-default\">\n\t\t\t\t\t<div class=\"elementor-column elementor-col-50 elementor-inner-column elementor-element elementor-element-f9a8726\" data-id=\"f9a8726\" data-element_type=\"column\" data-e-type=\"column\">\n\t\t\t<div class=\"elementor-widget-wrap elementor-element-populated\">\n\t\t\t\t\t\t<div class=\"elementor-element elementor-element-ca5ee15 elementor-widget elementor-widget-heading\" data-id=\"ca5ee15\" data-element_type=\"widget\" data-e-type=\"widget\" data-widget_type=\"heading.default\">\n\t\t\t\t<div class=\"elementor-widget-container\">\n\t\t\t\t\t<h3 class=\"elementor-heading-title elementor-size-default\">Renualt Master<\/h3>\t\t\t\t<\/div>\n\t\t\t\t<\/div>\n\t\t\t\t<div class=\"elementor-element elementor-element-6b827d5 elementor-widget elementor-widget-text-editor\" data-id=\"6b827d5\" data-element_type=\"widget\" data-e-type=\"widget\" data-widget_type=\"text-editor.default\">\n\t\t\t\t<div class=\"elementor-widget-container\">\n\t\t\t\t\t\t\t\t\t<p><strong>Tw\u00f3j kamper. Twoja przygoda. Tw\u00f3j standard.<\/strong><\/p><p>Der Renault Master bildet die Basis unserer Modelle \u2013 und das nicht ohne Grund. Als \u201eVan of the Year 2025&#8243; ausgezeichnet, vereint er \u00fcberlegene Effizienz mit modernstem Fahrkomfort. Die Blue dCi-Motorenreihe (Euro 6e) senkt den Verbrauch sp\u00fcrbar, w\u00e4hrend das weiterentwickelte Air-Shaping-Design und die optionale 9-Gang-Wandlerautomatik f\u00fcr ein ruhiges, souver\u00e4nes Fahrgef\u00fchl sorgen. Umfangreiche Assistenzsysteme und ein durchdachtes Cockpit machen jeden Kilometer entspannt. Ob Kurztrip in die Stadt oder gro\u00dfe Reise.<\/p>\t\t\t\t\t\t\t\t<\/div>\n\t\t\t\t<\/div>\n\t\t\t\t\t<\/div>\n\t\t<\/div>\n\t\t\t\t<div class=\"elementor-column elementor-col-50 elementor-inner-column elementor-element elementor-element-a40957a\" data-id=\"a40957a\" data-element_type=\"column\" data-e-type=\"column\">\n\t\t\t<div class=\"elementor-widget-wrap elementor-element-populated\">\n\t\t\t\t\t\t<div class=\"elementor-element elementor-element-ded125d elementor-widget elementor-widget-gallery\" data-id=\"ded125d\" data-element_type=\"widget\" data-e-type=\"widget\" data-settings=\"{&quot;columns&quot;:1,&quot;lazyload&quot;:&quot;yes&quot;,&quot;gallery_layout&quot;:&quot;grid&quot;,&quot;columns_tablet&quot;:2,&quot;columns_mobile&quot;:1,&quot;gap&quot;:{&quot;unit&quot;:&quot;px&quot;,&quot;size&quot;:10,&quot;sizes&quot;:[]},&quot;gap_tablet&quot;:{&quot;unit&quot;:&quot;px&quot;,&quot;size&quot;:10,&quot;sizes&quot;:[]},&quot;gap_mobile&quot;:{&quot;unit&quot;:&quot;px&quot;,&quot;size&quot;:10,&quot;sizes&quot;:[]},&quot;link_to&quot;:&quot;file&quot;,&quot;aspect_ratio&quot;:&quot;3:2&quot;,&quot;overlay_background&quot;:&quot;yes&quot;,&quot;content_hover_animation&quot;:&quot;fade-in&quot;}\" data-widget_type=\"gallery.default\">\n\t\t\t\t<div class=\"elementor-widget-container\">\n\t\t\t\t\t\t\t<div class=\"elementor-gallery__container\">\n\t\t\t\t\t\t\t<a class=\"e-gallery-item elementor-gallery-item elementor-animated-content\" href=\"https:\/\/ahorn-camp.de\/wp-content\/uploads\/2025\/06\/R-DAM_1514355.jpg\" data-elementor-open-lightbox=\"yes\" data-elementor-lightbox-slideshow=\"ded125d\" data-elementor-lightbox-title=\"Licht Neuer Master 2026\" data-elementor-lightbox-description=\"Licht Neuer Master 2026\" data-e-action-hash=\"#elementor-action%3Aaction%3Dlightbox%26settings%3DeyJpZCI6MzExOTQsInVybCI6Imh0dHBzOlwvXC9haG9ybi1jYW1wLmRlXC93cC1jb250ZW50XC91cGxvYWRzXC8yMDI1XC8wNlwvUi1EQU1fMTUxNDM1NS5qcGciLCJzbGlkZXNob3ciOiJkZWQxMjVkIn0%3D\">\n\t\t\t\t\t<div class=\"e-gallery-image elementor-gallery-item__image\" data-thumbnail=\"https:\/\/ahorn-camp.de\/wp-content\/uploads\/2025\/06\/R-DAM_1514355-1024x682.jpg\" data-width=\"1024\" data-height=\"682\" aria-label=\"Jasne Nowy Master 2026\" role=\"img\" ><\/div>\n\t\t\t\t\t\t\t\t\t\t\t<div class=\"elementor-gallery-item__overlay\"><\/div>\n\t\t\t\t\t\t\t\t\t\t\t\t\t\t<\/a>\n\t\t\t\t\t<\/div>\n\t\t\t\t\t<\/div>\n\t\t\t\t<\/div>\n\t\t\t\t\t<\/div>\n\t\t<\/div>\n\t\t\t\t\t<\/div>\n\t\t<\/section>\n\t\t\t\t<section class=\"elementor-section elementor-inner-section elementor-element elementor-element-d69723f elementor-reverse-tablet elementor-reverse-mobile elementor-section-boxed elementor-section-height-default elementor-section-height-default\" data-id=\"d69723f\" data-element_type=\"section\" data-e-type=\"section\">\n\t\t\t\t\t\t<div class=\"elementor-container elementor-column-gap-default\">\n\t\t\t\t\t<div class=\"elementor-column elementor-col-50 elementor-inner-column elementor-element elementor-element-f37264a\" data-id=\"f37264a\" data-element_type=\"column\" data-e-type=\"column\">\n\t\t\t<div class=\"elementor-widget-wrap elementor-element-populated\">\n\t\t\t\t\t\t<div class=\"elementor-element elementor-element-6f442f4 elementor-widget elementor-widget-image\" data-id=\"6f442f4\" data-element_type=\"widget\" data-e-type=\"widget\" data-widget_type=\"image.default\">\n\t\t\t\t<div class=\"elementor-widget-container\">\n\t\t\t\t\t\t\t\t\t\t\t\t\t\t\t<img fetchpriority=\"high\" decoding=\"async\" width=\"1024\" height=\"497\" src=\"https:\/\/ahorn-camp.de\/wp-content\/uploads\/2025\/04\/EHG-Werk-San-Casciano-1024x497.png\" class=\"attachment-large size-large wp-image-30217\" alt=\"\" srcset=\"https:\/\/ahorn-camp.de\/wp-content\/uploads\/2025\/04\/EHG-Werk-San-Casciano-1024x497.png 1024w, https:\/\/ahorn-camp.de\/wp-content\/uploads\/2025\/04\/EHG-Werk-San-Casciano-300x146.png 300w, https:\/\/ahorn-camp.de\/wp-content\/uploads\/2025\/04\/EHG-Werk-San-Casciano-768x373.png 768w, https:\/\/ahorn-camp.de\/wp-content\/uploads\/2025\/04\/EHG-Werk-San-Casciano-800x388.png 800w, https:\/\/ahorn-camp.de\/wp-content\/uploads\/2025\/04\/EHG-Werk-San-Casciano-1536x746.png 1536w, https:\/\/ahorn-camp.de\/wp-content\/uploads\/2025\/04\/EHG-Werk-San-Casciano-2048x994.png 2048w\" sizes=\"(max-width: 1024px) 100vw, 1024px\" \/>\t\t\t\t\t\t\t\t\t\t\t\t\t\t\t<\/div>\n\t\t\t\t<\/div>\n\t\t\t\t\t<\/div>\n\t\t<\/div>\n\t\t\t\t<div class=\"elementor-column elementor-col-50 elementor-inner-column elementor-element elementor-element-5073b1e\" data-id=\"5073b1e\" data-element_type=\"column\" data-e-type=\"column\">\n\t\t\t<div class=\"elementor-widget-wrap elementor-element-populated\">\n\t\t\t\t\t\t<div class=\"elementor-element elementor-element-ca595ea elementor-widget elementor-widget-heading\" data-id=\"ca595ea\" data-element_type=\"widget\" data-e-type=\"widget\" data-widget_type=\"heading.default\">\n\t\t\t\t<div class=\"elementor-widget-container\">\n\t\t\t\t\t<h3 class=\"elementor-heading-title elementor-size-default\">Ahorn Camp  i Erwin Hymer Group \u2013 Przysz\u0142o\u015b\u0107 kempingu<\/h3>\t\t\t\t<\/div>\n\t\t\t\t<\/div>\n\t\t\t\t<div class=\"elementor-element elementor-element-1b05eec elementor-widget elementor-widget-text-editor\" data-id=\"1b05eec\" data-element_type=\"widget\" data-e-type=\"widget\" data-widget_type=\"text-editor.default\">\n\t\t\t\t<div class=\"elementor-widget-container\">\n\t\t\t\t\t\t\t\t\t<p data-start=\"244\" data-end=\"422\"><span style=\"color: #000000\">W marcu 2025 roku firma Ahorn Camp zawar\u0142a umow\u0119 o wsp\u00f3\u0142pracy produkcyjnej z renomowan\u0105 grup\u0105 Erwin Hymer \u2013 jednym z wiod\u0105cych europejskich producent\u00f3w pojazd\u00f3w rekreacyjnych. <\/span><span style=\"color: #000000\">Po\u0142\u0105czenie elastyczno\u015bci i innowacyjno\u015bci firmy Ahorn Camp oraz kompetencji w zakresie produkcji przemys\u0142owej grupy Erwin Hymer stanowi podstaw\u0119 dla wysokiej jako\u015bci i przysz\u0142o\u015bciowych kamper\u00f3w.<\/span><\/p>\t\t\t\t\t\t\t\t<\/div>\n\t\t\t\t<\/div>\n\t\t\t\t<div class=\"elementor-element elementor-element-21f99c6 elementor-align-left elementor-mobile-align-center elementor-widget elementor-widget-button\" data-id=\"21f99c6\" data-element_type=\"widget\" data-e-type=\"widget\" data-widget_type=\"button.default\">\n\t\t\t\t<div class=\"elementor-widget-container\">\n\t\t\t\t\t\t\t\t\t<div class=\"elementor-button-wrapper\">\n\t\t\t\t\t<a class=\"elementor-button elementor-button-link elementor-size-sm elementor-animation-grow\" href=\"https:\/\/ahorn-camp.de\/pl\/erwin-hymer-group\/\">\n\t\t\t\t\t\t<span class=\"elementor-button-content-wrapper\">\n\t\t\t\t\t\t\t\t\t<span class=\"elementor-button-text\">Dowiedz si\u0119 wi\u0119cej<\/span>\n\t\t\t\t\t<\/span>\n\t\t\t\t\t<\/a>\n\t\t\t\t<\/div>\n\t\t\t\t\t\t\t\t<\/div>\n\t\t\t\t<\/div>\n\t\t\t\t\t<\/div>\n\t\t<\/div>\n\t\t\t\t\t<\/div>\n\t\t<\/section>\n\t\t\t\t\t<\/div>\n\t\t<\/div>\n\t\t\t\t\t<\/div>\n\t\t<\/section>\n\t\t\t\t<section class=\"elementor-section elementor-top-section elementor-element elementor-element-3f12fc53 elementor-section-stretched elementor-section-boxed elementor-section-height-default elementor-section-height-default\" data-id=\"3f12fc53\" data-element_type=\"section\" data-e-type=\"section\" data-settings=\"{&quot;stretch_section&quot;:&quot;section-stretched&quot;}\">\n\t\t\t\t\t\t<div class=\"elementor-container elementor-column-gap-default\">\n\t\t\t\t\t<div class=\"elementor-column elementor-col-100 elementor-top-column elementor-element elementor-element-4a476bcc\" data-id=\"4a476bcc\" data-element_type=\"column\" data-e-type=\"column\">\n\t\t\t<div class=\"elementor-widget-wrap elementor-element-populated\">\n\t\t\t\t\t\t<div class=\"elementor-element elementor-element-4290f85a elementor-widget elementor-widget-heading\" data-id=\"4290f85a\" data-element_type=\"widget\" data-e-type=\"widget\" data-widget_type=\"heading.default\">\n\t\t\t\t<div class=\"elementor-widget-container\">\n\t\t\t\t\t<h2 class=\"elementor-heading-title elementor-size-default\">Aktualno\u015bci od Ahorn Camp<\/h2>\t\t\t\t<\/div>\n\t\t\t\t<\/div>\n\t\t\t\t<div class=\"elementor-element elementor-element-1752f92c elementor-widget elementor-widget-ucaddon_content_carousel_new\" data-id=\"1752f92c\" data-element_type=\"widget\" data-e-type=\"widget\" data-widget_type=\"ucaddon_content_carousel_new.default\">\n\t\t\t\t<div class=\"elementor-widget-container\">\n\t\t\t\t\t\n<!-- start Content Carousel -->\n\t\t<link id='font-awesome-css' href='https:\/\/ahorn-camp.de\/wp-content\/plugins\/unlimited-elements-for-elementor-premium\/assets_libraries\/font-awesome6\/fontawesome-all.min.css' type='text\/css' rel='stylesheet' >\n\t\t<link id='font-awesome-4-shim-css' href='https:\/\/ahorn-camp.de\/wp-content\/plugins\/unlimited-elements-for-elementor-premium\/assets_libraries\/font-awesome6\/fontawesome-v4-shims.min.css' type='text\/css' rel='stylesheet' >\n\t\t<link id='owl-carousel-css' href='https:\/\/ahorn-camp.de\/wp-content\/plugins\/unlimited-elements-for-elementor-premium\/assets_libraries\/owl-carousel-new\/assets\/owl.carousel.css' type='text\/css' rel='stylesheet' >\n\n<style>\/* widget: Content Carousel *\/\n\n#uc_content_carousel_new_elementor_1752f92c{\n  position:relative;\n  min-height:1px;\n}\n\n\n\n#uc_content_carousel_new_elementor_1752f92c .owl-nav .owl-prev{\n    position:absolute;\n    display:inline-block;\n    text-align:center;\n}\n#uc_content_carousel_new_elementor_1752f92c .owl-nav .owl-next{\n  position:absolute;\n  display:inline-block;\n  text-align:center;\n}\n\n\n#uc_content_carousel_new_elementor_1752f92c .owl-dots {\noverflow:hidden;\ntext-align:center;\n}\n\n#uc_content_carousel_new_elementor_1752f92c .owl-dot {\nborder-radius:50%;\ndisplay:inline-block;\n}\n\n.uc_post_title{\n  font-size:21px;\n}\n\n\n\n\n#uc_content_carousel_new_elementor_1752f92c .uc_image_carousel_container_holder{\n  overflow:hidden;\n}\n\n#uc_content_carousel_new_elementor_1752f92c .uc_more_btn{\n  \n    display:inline-block;\n  text-decoration:none;\n  text-align:center;\n  transition:0.3s;\n}\n\n\n\n#uc_content_carousel_new_elementor_1752f92c .uc_date{\n  color:gray;\n  padding-top:10px;\n  text-style:italic;\n}\n\n\n\n\n\n\n\n\n<\/style>\n\n<div class=\"uc_overlay_image_carousel\" >\n   <div class=\"uc_carousel owl-carousel owl-theme\" id=\"uc_content_carousel_new_elementor_1752f92c\" >\n   \t\t<div class=\"uc_image_carousel_container_holder\">\n    <div class=\"uc_image_carousel_placeholder\">\n    <div style=\"background-image:url(https:\/\/ahorn-camp.de\/wp-content\/uploads\/2026\/08\/Ahorn-Camp-CV-630-Eclipse-Award.png);background-position:center; background-repeat:no-repeat;\" class=\"carousel-image\"><\/div>\n  <\/div>\n  \n    <div class=\"uc_image_carousel_content content-padding\">\n    \n            <div class=\"ue-title\">Camping Life Trophy f\u00fcr den CV 630 Eclipse<\/div>        <div class=\"ue-text\" ><p>Gro\u00dfe Ehre f\u00fcr Ahorn Camp: Die Redaktion der Auto Zeitung hat unseren CV 630 Eclipse mit der Camping Life Trophy in der Kategorie Vans\/Kastenwagen \u00fcber 5,30 Meter ausgezeichnet.<\/p><\/div>        <a class=\"ue-btn uc_more_btn\"  href=\"https:\/\/ahorn-camp.de\/pl\/przyczepy-kempingowe-ahorn\/cv-630-eclipse\/?utm_source=index\/\" >Zum CV 630 Eclipse<\/a>        \n      <\/div>\n  <\/div>\n<div class=\"uc_image_carousel_container_holder\">\n    <div class=\"uc_image_carousel_placeholder\">\n    <div style=\"background-image:url(https:\/\/ahorn-camp.de\/wp-content\/uploads\/2026\/08\/CSD-Slider-mobil-1-scaled.webp);background-position:center; background-repeat:no-repeat;\" class=\"carousel-image\"><\/div>\n  <\/div>\n  \n    <div class=\"uc_image_carousel_content content-padding\">\n    \n            <div class=\"ue-title\">Ahorn Camp auf dem Caravan Salon<\/div>        <div class=\"ue-text\" ><p>Der Caravan Salon D\u00fcsseldorf ist das Highlight f\u00fcr alle Camping- und Wohnmobilfans. Nutzen Sie jetzt Ihre Chance und sichern Sie sich einen Beratungstermin auf unserem Stand.<\/p><\/div>        <a class=\"ue-btn uc_more_btn\"  href=\"https:\/\/ahorn-camp.de\/pl\/salon-caravaningowy\/\" >Beratungstermin sichern<\/a>        \n      <\/div>\n  <\/div>\n<div class=\"uc_image_carousel_container_holder\">\n    <div class=\"uc_image_carousel_placeholder\">\n    <div style=\"background-image:url(https:\/\/ahorn-camp.de\/wp-content\/uploads\/2026\/05\/Innovation-die-man-fahren-kann-800-x-600-px.jpg);background-position:center; background-repeat:no-repeat;\" class=\"carousel-image\"><\/div>\n  <\/div>\n  \n    <div class=\"uc_image_carousel_content content-padding\">\n    \n            <div class=\"ue-title\">Innowacja, kt\u00f3r\u0105 mo\u017cna je\u017adzi\u0107<\/div>        <div class=\"ue-text\" ><p>Wielki zaszczyt dla Ahorn Camp: nasz model TE 740 zdoby\u0142 nagrod\u0119 German Innovation Award. Jury doceni\u0142o innowacyjn\u0105, ca\u0142o\u015bciow\u0105 koncepcj\u0119 pojazdu. To dow\u00f3d na to, \u017ce zawsze d\u0105\u017cymy do tego, by oferowa\u0107 Pa\u0144stwu to, co najlepsze.<\/p><\/div>        <a class=\"ue-btn uc_more_btn\"  href=\"https:\/\/ahorn-camp.de\/pl\/przyczepy-kempingowe-ahorn\/campery-czesciowo-zintegrowane\/te-740\/\" >Do TE 740<\/a>        \n      <\/div>\n  <\/div>\n<div class=\"uc_image_carousel_container_holder\">\n    <div class=\"uc_image_carousel_placeholder\">\n    <div style=\"background-image:url(https:\/\/ahorn-camp.de\/wp-content\/uploads\/2026\/03\/Groessenanpassungen-800x600-1.webp);background-position:center; background-repeat:no-repeat;\" class=\"carousel-image\"><\/div>\n  <\/div>\n  \n    <div class=\"uc_image_carousel_content content-padding\">\n    \n            <div class=\"ue-title\">Nasza akcja jazd pr\u00f3bnych<\/div>        <div class=\"ue-text\" ><p>Nadal niepewny, kt\u00f3ry kamper jest dla Ciebie odpowiedni?\u00a0<\/p><p>Przetestujcie nasze nowe modele na \u017cywo w Spirze podczas jazdy pr\u00f3bnej i podejmijcie nast\u0119pnie bezpieczn\u0105 decyzj\u0119!<\/p><\/div>        <a class=\"ue-btn uc_more_btn\"  href=\"https:\/\/ahorn-camp.de\/pl\/umowic-sie-na-jazde-probna\/\" >Odkryj teraz!<\/a>        \n      <\/div>\n  <\/div>\n<div class=\"uc_image_carousel_container_holder\">\n    <div class=\"uc_image_carousel_placeholder\">\n    <div style=\"background-image:url(https:\/\/ahorn-camp.de\/wp-content\/uploads\/2025\/10\/Aktuelles-Fahrzeugfinder.webp);background-position:center; background-repeat:no-repeat;\" class=\"carousel-image\"><\/div>\n  <\/div>\n  \n    <div class=\"uc_image_carousel_content content-padding\">\n    \n            <div class=\"ue-title\">Znajd\u017a sw\u00f3j pojazd ju\u017c teraz!<\/div>        <div class=\"ue-text\" ><p>Odkryj teraz \u0142atwo, w jakiej lokalizacji znajduje si\u0119 Tw\u00f3j ulubiony model! Szybko, przejrzy\u015bcie i interaktywnie.<\/p><\/div>        <a class=\"ue-btn uc_more_btn\"  href=\"https:\/\/ahorn-camp.de\/pl\/wyszukiwarka-pojazdow\/\" >Wypr\u00f3buj teraz!<\/a>        \n      <\/div>\n  <\/div>\n<div class=\"uc_image_carousel_container_holder\">\n    <div class=\"uc_image_carousel_placeholder\">\n    <div style=\"background-image:url(https:\/\/ahorn-camp.de\/wp-content\/uploads\/2025\/07\/Erwin-Hymer-X-Ahorn-Camp.webp);background-position:center; background-repeat:no-repeat;\" class=\"carousel-image\"><\/div>\n  <\/div>\n  \n    <div class=\"uc_image_carousel_content content-padding\">\n    \n            <div class=\"ue-title\">Erwin Hymer Group X Ahorn Camp<\/div>        <div class=\"ue-text\" ><p>W przysz\u0142o\u015bci firma Ahorn Camp b\u0119dzie produkowa\u0107 swoje kampery i samochody kempingowe w ultranowoczesnej fabryce Erwin Hymer Group w San Casciano. Wsp\u00f3\u0142praca ta gwarantuje najwy\u017csz\u0105 jako\u015b\u0107 produkcji i wyznacza nowe standardy.\u00a0<\/p><\/div>        <a class=\"ue-btn uc_more_btn\"  href=\"https:\/\/ahorn-camp.de\/pl\/erwin-hymer-group\/\" >Dowiedz si\u0119 wi\u0119cej<\/a>        \n      <\/div>\n  <\/div>\n\n   <\/div>\t\n<\/div>\n<!-- end Content Carousel -->\t\t\t\t<\/div>\n\t\t\t\t<\/div>\n\t\t\t\t\t<\/div>\n\t\t<\/div>\n\t\t\t\t\t<\/div>\n\t\t<\/section>\n\t\t\t\t<section class=\"elementor-section elementor-top-section elementor-element elementor-element-1740525e elementor-section-boxed elementor-section-height-default elementor-section-height-default\" data-id=\"1740525e\" data-element_type=\"section\" data-e-type=\"section\">\n\t\t\t\t\t\t<div class=\"elementor-container elementor-column-gap-default\">\n\t\t\t\t\t<div class=\"elementor-column elementor-col-100 elementor-top-column elementor-element elementor-element-406ac0f9\" data-id=\"406ac0f9\" data-element_type=\"column\" data-e-type=\"column\">\n\t\t\t<div class=\"elementor-widget-wrap elementor-element-populated\">\n\t\t\t\t\t\t<div class=\"elementor-element elementor-element-3a3b3c78 elementor-widget elementor-widget-spacer\" data-id=\"3a3b3c78\" data-element_type=\"widget\" data-e-type=\"widget\" data-widget_type=\"spacer.default\">\n\t\t\t\t<div class=\"elementor-widget-container\">\n\t\t\t\t\t\t\t<div class=\"elementor-spacer\">\n\t\t\t<div class=\"elementor-spacer-inner\"><\/div>\n\t\t<\/div>\n\t\t\t\t\t\t<\/div>\n\t\t\t\t<\/div>\n\t\t\t\t\t<\/div>\n\t\t<\/div>\n\t\t\t\t\t<\/div>\n\t\t<\/section>\n\t\t\t\t<\/div>","protected":false},"excerpt":{"rendered":"<p>Messeangebote ganz in Ihrer N\u00e4heSichern Sie sich unsere Angebote zum Caravan Salon schon jetzt in Speyer, Dietzenbach und M\u00fclheim an der Ruhr.Aktuelle Angebote entdeckenJetzt Termin sichernECLIPSE &#8211; Impossible to ignoreSelbstbewusstes Exterieur, modernes Interieur und smarte Technik an Bord. <br \/> F\u00fcr alle, die sich bewusst f\u00fcr mehr Stil, Komfort und Exklusivit\u00e4t entscheidenECLIPSE entdecken <\/p>\n<p> Messeangebote ganz in Ihrer N\u00e4he <\/p>\n<p>Sichern Sie sich unsere Angebote <br \/>zum Caravan Salon in Speyer, <br \/>Dietzenbach und M\u00fclheim an der Ruhr.Jetzt Angebote entdeckenJetzt Termin sichern<\/p>\n<p> ECLIPSE \u2013 Impossible to ignore <\/p>\n<p>Selbstbewusstes Exterieur, modernes Interieur und smarte Technik an Bord. <br \/> F\u00fcr alle, die sich f\u00fcr mehr Stil, Komfort und Exklusivit\u00e4t entscheiden.ECLIPSE entdecken <\/p>\n<p> Ahorn Camp Wohnmobile und Campervans <\/p>\n<p>Camping ist Ihre Leidenschaft? Sie reisen am liebsten flexibel und m\u00f6chten spontan und unabh\u00e4ngig die sch\u00f6nsten Orte erleben? Mit unseren Ahorn Camp Wohnmobilen und Campervans erleben Sie die sch\u00f6nsten Campingurlaube. Erf\u00fcllen Sie sich Ihren Traum vom eigenen Zuhause auf [&#8230;]<\/p>\n","protected":false},"author":26,"featured_media":0,"parent":0,"menu_order":0,"comment_status":"closed","ping_status":"closed","template":"elementor_header_footer","meta":{"content-type":"","footnotes":""},"class_list":["post-32154","page","type-page","status-publish","hentry"],"yoast_head":"<!-- This site is optimized with the Yoast SEO plugin v28.3 - https:\/\/yoast.com\/product\/yoast-seo-wordpress\/ -->\n<title>Ahorn Camp Wohnmobile und Campervans<\/title>\n<meta name=\"description\" content=\"Erleben Sie Ahorn Camp Wohnmobile und Campervans - hochwertig und komfortabel. Entdecken Sie Modelle, Preise &amp; H\u00e4ndler in Ihrer N\u00e4he!\" \/>\n<meta name=\"robots\" content=\"index, follow, max-snippet:-1, max-image-preview:large, max-video-preview:-1\" \/>\n<link rel=\"canonical\" href=\"https:\/\/ahorn-camp.de\/pl\/\" \/>\n<meta property=\"og:locale\" content=\"pl_PL\" \/>\n<meta property=\"og:type\" content=\"article\" \/>\n<meta property=\"og:title\" content=\"Ahorn Camp Wohnmobile und Campervans\" \/>\n<meta property=\"og:description\" content=\"Erleben Sie Ahorn Camp Wohnmobile und Campervans - hochwertig und komfortabel. Entdecken Sie Modelle, Preise &amp; H\u00e4ndler in Ihrer N\u00e4he!\" \/>\n<meta property=\"og:url\" content=\"https:\/\/ahorn-camp.de\/pl\/\" \/>\n<meta property=\"og:site_name\" content=\"Ahorn Camp | Reisemobile und Kastenwagen\" \/>\n<meta property=\"article:publisher\" content=\"https:\/\/www.facebook.com\/ahorn.wohnmobile\/\" \/>\n<meta property=\"article:modified_time\" content=\"2026-08-27T14:26:00+00:00\" \/>\n<meta property=\"og:image\" content=\"https:\/\/ahorn-camp.de\/wp-content\/uploads\/elementor\/thumbs\/T690-Eclipse-00092-HQ-scaled-rprcfbwygqonpesdhpj72innnmyywuft935k6l7i10.png\" \/>\n<meta name=\"twitter:card\" content=\"summary_large_image\" \/>\n<meta name=\"twitter:label1\" content=\"Szacowany czas czytania\" \/>\n\t<meta name=\"twitter:data1\" content=\"8 minut\" \/>\n<script type=\"application\/ld+json\" class=\"yoast-schema-graph\">{\"@context\":\"https:\\\/\\\/schema.org\",\"@graph\":[{\"@type\":\"WebPage\",\"@id\":\"https:\\\/\\\/ahorn-camp.de\\\/\",\"url\":\"https:\\\/\\\/ahorn-camp.de\\\/\",\"name\":\"Ahorn Camp Wohnmobile und Campervans\",\"isPartOf\":{\"@id\":\"https:\\\/\\\/ahorn-camp.de\\\/#website\"},\"primaryImageOfPage\":{\"@id\":\"https:\\\/\\\/ahorn-camp.de\\\/#primaryimage\"},\"image\":{\"@id\":\"https:\\\/\\\/ahorn-camp.de\\\/#primaryimage\"},\"thumbnailUrl\":\"https:\\\/\\\/ahorn-camp.de\\\/wp-content\\\/uploads\\\/elementor\\\/thumbs\\\/T690-Eclipse-00092-HQ-scaled-rprcfbwygqonpesdhpj72innnmyywuft935k6l7i10.png\",\"datePublished\":\"2025-07-24T07:05:21+00:00\",\"dateModified\":\"2026-08-27T14:26:00+00:00\",\"description\":\"Erleben Sie Ahorn Camp Wohnmobile und Campervans - hochwertig und komfortabel. Entdecken Sie Modelle, Preise & H\u00e4ndler in Ihrer N\u00e4he!\",\"breadcrumb\":{\"@id\":\"https:\\\/\\\/ahorn-camp.de\\\/#breadcrumb\"},\"inLanguage\":\"pl-PL\",\"potentialAction\":[{\"@type\":\"ReadAction\",\"target\":[\"https:\\\/\\\/ahorn-camp.de\\\/\"]}]},{\"@type\":\"ImageObject\",\"inLanguage\":\"pl-PL\",\"@id\":\"https:\\\/\\\/ahorn-camp.de\\\/#primaryimage\",\"url\":\"https:\\\/\\\/ahorn-camp.de\\\/wp-content\\\/uploads\\\/elementor\\\/thumbs\\\/T690-Eclipse-00092-HQ-scaled-rprcfbwygqonpesdhpj72innnmyywuft935k6l7i10.png\",\"contentUrl\":\"https:\\\/\\\/ahorn-camp.de\\\/wp-content\\\/uploads\\\/elementor\\\/thumbs\\\/T690-Eclipse-00092-HQ-scaled-rprcfbwygqonpesdhpj72innnmyywuft935k6l7i10.png\"},{\"@type\":\"BreadcrumbList\",\"@id\":\"https:\\\/\\\/ahorn-camp.de\\\/#breadcrumb\",\"itemListElement\":[{\"@type\":\"ListItem\",\"position\":1,\"name\":\"Startseite\",\"item\":\"https:\\\/\\\/ahorn-camp.de\\\/\"},{\"@type\":\"ListItem\",\"position\":2,\"name\":\"Startseite\"}]},{\"@type\":\"WebSite\",\"@id\":\"https:\\\/\\\/ahorn-camp.de\\\/#website\",\"url\":\"https:\\\/\\\/ahorn-camp.de\\\/\",\"name\":\"Ahorn Camp | Reisemobile und Kastenwagen\",\"description\":\"Seit \u00fcber 30 Jahren vermarktet das Familienunternehmen, Ahorn Camp in Speyer, erfolgreich Wohnmobile und Kastenwagen zum besten Preis-Leistungsverh\u00e4ltnis.\",\"publisher\":{\"@id\":\"https:\\\/\\\/ahorn-camp.de\\\/#organization\"},\"potentialAction\":[{\"@type\":\"SearchAction\",\"target\":{\"@type\":\"EntryPoint\",\"urlTemplate\":\"https:\\\/\\\/ahorn-camp.de\\\/?s={search_term_string}\"},\"query-input\":{\"@type\":\"PropertyValueSpecification\",\"valueRequired\":true,\"valueName\":\"search_term_string\"}}],\"inLanguage\":\"pl-PL\"},{\"@type\":\"Organization\",\"@id\":\"https:\\\/\\\/ahorn-camp.de\\\/#organization\",\"name\":\"Ahorn Camp GmbH & Co. KG\",\"url\":\"https:\\\/\\\/ahorn-camp.de\\\/\",\"logo\":{\"@type\":\"ImageObject\",\"inLanguage\":\"pl-PL\",\"@id\":\"https:\\\/\\\/ahorn-camp.de\\\/#\\\/schema\\\/logo\\\/image\\\/\",\"url\":\"https:\\\/\\\/ahorn-camp.de\\\/wp-content\\\/uploads\\\/2018\\\/12\\\/Ahorn_Logo.jpg\",\"contentUrl\":\"https:\\\/\\\/ahorn-camp.de\\\/wp-content\\\/uploads\\\/2018\\\/12\\\/Ahorn_Logo.jpg\",\"width\":1437,\"height\":1000,\"caption\":\"Ahorn Camp GmbH & Co. KG\"},\"image\":{\"@id\":\"https:\\\/\\\/ahorn-camp.de\\\/#\\\/schema\\\/logo\\\/image\\\/\"},\"sameAs\":[\"https:\\\/\\\/www.facebook.com\\\/ahorn.wohnmobile\\\/\",\"https:\\\/\\\/www.instagram.com\\\/ahorn.camp\\\/\",\"https:\\\/\\\/www.youtube.com\\\/channel\\\/UCPFbPCts1JJ_A1k9vyH0yOQ\"]}]}<\/script>\n<!-- \/ Yoast SEO plugin. -->","yoast_head_json":{"title":"Ahorn Camp Samochody kempingowe i kampery","description":"Poznaj kampery i samochody kempingowe marki Ahorn Camp \u2013 wysokiej jako\u015bci i komfortowe. Odkryj modele, ceny i dealer\u00f3w w Twojej okolicy!","robots":{"index":"index","follow":"follow","max-snippet":"max-snippet:-1","max-image-preview":"max-image-preview:large","max-video-preview":"max-video-preview:-1"},"canonical":"https:\/\/ahorn-camp.de\/pl\/","og_locale":"pl_PL","og_type":"article","og_title":"Ahorn Camp Wohnmobile und Campervans","og_description":"Erleben Sie Ahorn Camp Wohnmobile und Campervans - hochwertig und komfortabel. Entdecken Sie Modelle, Preise & H\u00e4ndler in Ihrer N\u00e4he!","og_url":"https:\/\/ahorn-camp.de\/pl\/","og_site_name":"Ahorn Camp | Reisemobile und Kastenwagen","article_publisher":"https:\/\/www.facebook.com\/ahorn.wohnmobile\/","article_modified_time":"2026-08-27T14:26:00+00:00","og_image":[{"url":"https:\/\/ahorn-camp.de\/wp-content\/uploads\/elementor\/thumbs\/T690-Eclipse-00092-HQ-scaled-rprcfbwygqonpesdhpj72innnmyywuft935k6l7i10.png","type":"","width":"","height":""}],"twitter_card":"summary_large_image","twitter_misc":{"Szacowany czas czytania":"8 minut"},"schema":{"@context":"https:\/\/schema.org","@graph":[{"@type":"WebPage","@id":"https:\/\/ahorn-camp.de\/","url":"https:\/\/ahorn-camp.de\/","name":"Ahorn Camp Samochody kempingowe i kampery","isPartOf":{"@id":"https:\/\/ahorn-camp.de\/#website"},"primaryImageOfPage":{"@id":"https:\/\/ahorn-camp.de\/#primaryimage"},"image":{"@id":"https:\/\/ahorn-camp.de\/#primaryimage"},"thumbnailUrl":"https:\/\/ahorn-camp.de\/wp-content\/uploads\/elementor\/thumbs\/T690-Eclipse-00092-HQ-scaled-rprcfbwygqonpesdhpj72innnmyywuft935k6l7i10.png","datePublished":"2025-07-24T07:05:21+00:00","dateModified":"2026-08-27T14:26:00+00:00","description":"Poznaj kampery i samochody kempingowe marki Ahorn Camp \u2013 wysokiej jako\u015bci i komfortowe. Odkryj modele, ceny i dealer\u00f3w w Twojej okolicy!","breadcrumb":{"@id":"https:\/\/ahorn-camp.de\/#breadcrumb"},"inLanguage":"pl-PL","potentialAction":[{"@type":"ReadAction","target":["https:\/\/ahorn-camp.de\/"]}]},{"@type":"ImageObject","inLanguage":"pl-PL","@id":"https:\/\/ahorn-camp.de\/#primaryimage","url":"https:\/\/ahorn-camp.de\/wp-content\/uploads\/elementor\/thumbs\/T690-Eclipse-00092-HQ-scaled-rprcfbwygqonpesdhpj72innnmyywuft935k6l7i10.png","contentUrl":"https:\/\/ahorn-camp.de\/wp-content\/uploads\/elementor\/thumbs\/T690-Eclipse-00092-HQ-scaled-rprcfbwygqonpesdhpj72innnmyywuft935k6l7i10.png"},{"@type":"BreadcrumbList","@id":"https:\/\/ahorn-camp.de\/#breadcrumb","itemListElement":[{"@type":"ListItem","position":1,"name":"Startseite","item":"https:\/\/ahorn-camp.de\/"},{"@type":"ListItem","position":2,"name":"Startseite"}]},{"@type":"WebSite","@id":"https:\/\/ahorn-camp.de\/#website","url":"https:\/\/ahorn-camp.de\/","name":"Ahorn Camp | Kampery i samochody dostawcze","description":"Od ponad 30 lat rodzinna firma Ahorn Camp z siedzib\u0105 w Speyer z powodzeniem zajmuje si\u0119 sprzeda\u017c\u0105 kamper\u00f3w i samochod\u00f3w dostawczych o najlepszym stosunku ceny do jako\u015bci.","publisher":{"@id":"https:\/\/ahorn-camp.de\/#organization"},"potentialAction":[{"@type":"SearchAction","target":{"@type":"EntryPoint","urlTemplate":"https:\/\/ahorn-camp.de\/?s={search_term_string}"},"query-input":{"@type":"PropertyValueSpecification","valueRequired":true,"valueName":"search_term_string"}}],"inLanguage":"pl-PL"},{"@type":"Organization","@id":"https:\/\/ahorn-camp.de\/#organization","name":"Ahorn Camp GmbH &amp; Co. KG","url":"https:\/\/ahorn-camp.de\/","logo":{"@type":"ImageObject","inLanguage":"pl-PL","@id":"https:\/\/ahorn-camp.de\/#\/schema\/logo\/image\/","url":"https:\/\/ahorn-camp.de\/wp-content\/uploads\/2018\/12\/Ahorn_Logo.jpg","contentUrl":"https:\/\/ahorn-camp.de\/wp-content\/uploads\/2018\/12\/Ahorn_Logo.jpg","width":1437,"height":1000,"caption":"Ahorn Camp GmbH & Co. KG"},"image":{"@id":"https:\/\/ahorn-camp.de\/#\/schema\/logo\/image\/"},"sameAs":["https:\/\/www.facebook.com\/ahorn.wohnmobile\/","https:\/\/www.instagram.com\/ahorn.camp\/","https:\/\/www.youtube.com\/channel\/UCPFbPCts1JJ_A1k9vyH0yOQ"]}]}},"_links":{"self":[{"href":"https:\/\/ahorn-camp.de\/pl\/wp-json\/wp\/v2\/pages\/32154","targetHints":{"allow":["GET"]}}],"collection":[{"href":"https:\/\/ahorn-camp.de\/pl\/wp-json\/wp\/v2\/pages"}],"about":[{"href":"https:\/\/ahorn-camp.de\/pl\/wp-json\/wp\/v2\/types\/page"}],"author":[{"embeddable":true,"href":"https:\/\/ahorn-camp.de\/pl\/wp-json\/wp\/v2\/users\/26"}],"replies":[{"embeddable":true,"href":"https:\/\/ahorn-camp.de\/pl\/wp-json\/wp\/v2\/comments?post=32154"}],"version-history":[{"count":3,"href":"https:\/\/ahorn-camp.de\/pl\/wp-json\/wp\/v2\/pages\/32154\/revisions"}],"predecessor-version":[{"id":42361,"href":"https:\/\/ahorn-camp.de\/pl\/wp-json\/wp\/v2\/pages\/32154\/revisions\/42361"}],"wp:attachment":[{"href":"https:\/\/ahorn-camp.de\/pl\/wp-json\/wp\/v2\/media?parent=32154"}],"curies":[{"name":"wp","href":"https:\/\/api.w.org\/{rel}","templated":true}]}}