{"id":179,"date":"2017-09-10T16:47:15","date_gmt":"2017-09-10T14:47:15","guid":{"rendered":"http:\/\/demo.themesuite.com\/automotive-wp\/?page_id=53"},"modified":"2026-09-01T10:11:22","modified_gmt":"2026-09-01T08:11:22","slug":"czesto-zadawane-pytania","status":"publish","type":"page","link":"https:\/\/ahorn-camp.de\/pl\/faq\/","title":{"rendered":"FAQ \u2013 Najcz\u0119\u015bciej zadawane pytania"},"content":{"rendered":"<div data-elementor-type=\"wp-page\" data-elementor-id=\"179\" class=\"elementor elementor-179\" data-elementor-post-type=\"page\">\n\t\t\t\t\t\t<section class=\"elementor-section elementor-top-section elementor-element elementor-element-d765b4e elementor-section-full_width elementor-section-stretched elementor-section-height-default elementor-section-height-default\" data-id=\"d765b4e\" data-element_type=\"section\" data-e-type=\"section\" data-settings=\"{&quot;stretch_section&quot;:&quot;section-stretched&quot;}\">\n\t\t\t\t\t\t<div class=\"elementor-container elementor-column-gap-default\">\n\t\t\t\t\t<div class=\"elementor-column elementor-col-100 elementor-top-column elementor-element elementor-element-cd26333\" data-id=\"cd26333\" data-element_type=\"column\" data-e-type=\"column\">\n\t\t\t<div class=\"elementor-widget-wrap elementor-element-populated\">\n\t\t\t\t\t\t<div class=\"elementor-element elementor-element-11e7801 e-transform elementor--h-position-center elementor--v-position-middle elementor-widget elementor-widget-slides\" data-id=\"11e7801\" data-element_type=\"widget\" data-e-type=\"widget\" data-settings=\"{&quot;navigation&quot;:&quot;none&quot;,&quot;transition&quot;:&quot;slide&quot;,&quot;transition_speed&quot;:500,&quot;_transform_scale_effect&quot;:{&quot;unit&quot;:&quot;px&quot;,&quot;size&quot;:&quot;&quot;,&quot;sizes&quot;:[]},&quot;_transform_scale_effect_tablet&quot;:{&quot;unit&quot;:&quot;px&quot;,&quot;size&quot;:&quot;&quot;,&quot;sizes&quot;:[]},&quot;_transform_scale_effect_mobile&quot;:{&quot;unit&quot;:&quot;px&quot;,&quot;size&quot;:&quot;&quot;,&quot;sizes&quot;:[]}}\" data-widget_type=\"slides.default\">\n\t\t\t\t<div class=\"elementor-widget-container\">\n\t\t\t\t\t\t\t\t\t<div class=\"elementor-swiper\">\n\t\t\t\t\t<div class=\"elementor-slides-wrapper elementor-main-swiper swiper\" role=\"region\" aria-roledescription=\"carousel\" aria-label=\"Suwak\" dir=\"ltr\" data-animation=\"fadeInUp\">\n\t\t\t\t<div class=\"swiper-wrapper elementor-slides\">\n\t\t\t\t\t\t\t\t\t\t<div class=\"elementor-repeater-item-2d14573 swiper-slide\" role=\"group\" aria-roledescription=\"slide\"><div class=\"swiper-slide-bg\" role=\"img\" aria-label=\"Ahorn Camp \u2013 kamper w drodze nad jeziorem Plansee\"><\/div><div class=\"swiper-slide-inner\" ><div class=\"swiper-slide-contents\"><\/div><\/div><\/div>\t\t\t\t<\/div>\n\t\t\t\t\t\t\t<\/div>\n\t\t\t\t<\/div>\n\t\t\t\t\t\t\t\t<\/div>\n\t\t\t\t<\/div>\n\t\t\t\t\t<\/div>\n\t\t<\/div>\n\t\t\t\t\t<\/div>\n\t\t<\/section>\n\t\t\t\t<section class=\"elementor-section elementor-top-section elementor-element elementor-element-f233073 elementor-section-stretched elementor-section-boxed elementor-section-height-default elementor-section-height-default\" data-id=\"f233073\" data-element_type=\"section\" data-e-type=\"section\" data-settings=\"{&quot;background_background&quot;:&quot;classic&quot;,&quot;stretch_section&quot;:&quot;section-stretched&quot;}\">\n\t\t\t\t\t\t<div class=\"elementor-container elementor-column-gap-default\">\n\t\t\t\t\t<div class=\"elementor-column elementor-col-100 elementor-top-column elementor-element elementor-element-5e7d8fa\" data-id=\"5e7d8fa\" data-element_type=\"column\" data-e-type=\"column\">\n\t\t\t<div class=\"elementor-widget-wrap elementor-element-populated\">\n\t\t\t\t\t\t<div class=\"elementor-element elementor-element-c4afbad elementor-widget elementor-widget-heading\" data-id=\"c4afbad\" data-element_type=\"widget\" data-e-type=\"widget\" data-widget_type=\"heading.default\">\n\t\t\t\t<div class=\"elementor-widget-container\">\n\t\t\t\t\t<h1 class=\"elementor-heading-title elementor-size-default\">H\u00e4ufige Fragen zu Ahorn Camp Reisemobile und Serviceleistungen<\/h1>\t\t\t\t<\/div>\n\t\t\t\t<\/div>\n\t\t\t\t<div class=\"elementor-element elementor-element-1ebda84 elementor-widget elementor-widget-text-editor\" data-id=\"1ebda84\" data-element_type=\"widget\" data-e-type=\"widget\" data-widget_type=\"text-editor.default\">\n\t\t\t\t<div class=\"elementor-widget-container\">\n\t\t\t\t\t\t\t\t\t<p style=\"text-align: left;\"><span style=\"color: #000000;\">Finden Sie hier Antworten auf h\u00e4ufig gestellte Fragen in unserem FAQ-Bereich! <br \/><\/span><span style=\"color: #000000;\">Sie erhalten n\u00fctzliche Infos um die Ahorn Camp Wohnmobile und Vans.<\/span><\/p>\t\t\t\t\t\t\t\t<\/div>\n\t\t\t\t<\/div>\n\t\t\t\t<div class=\"elementor-element elementor-element-c4112e0 elementor-widget elementor-widget-heading\" data-id=\"c4112e0\" data-element_type=\"widget\" data-e-type=\"widget\" data-widget_type=\"heading.default\">\n\t\t\t\t<div class=\"elementor-widget-container\">\n\t\t\t\t\t<h2 class=\"elementor-heading-title elementor-size-default\">Podwozie Renault<\/h2>\t\t\t\t<\/div>\n\t\t\t\t<\/div>\n\t\t\t\t<div class=\"elementor-element elementor-element-e3c6008 elementor-widget elementor-widget-accordion\" data-id=\"e3c6008\" data-element_type=\"widget\" data-e-type=\"widget\" data-widget_type=\"accordion.default\">\n\t\t\t\t<div class=\"elementor-widget-container\">\n\t\t\t\t\t\t\t<div class=\"elementor-accordion\">\n\t\t\t\t\t\t\t<div class=\"elementor-accordion-item\">\n\t\t\t\t\t<div id=\"elementor-tab-title-2381\" class=\"elementor-tab-title\" data-tab=\"1\" role=\"button\" aria-controls=\"elementor-tab-content-2381\" aria-expanded=\"false\">\n\t\t\t\t\t\t\t\t\t\t\t\t\t<span class=\"elementor-accordion-icon elementor-accordion-icon-left\" aria-hidden=\"true\">\n\t\t\t\t\t\t\t\t\t\t\t\t\t\t\t<span class=\"elementor-accordion-icon-closed\"><i class=\"fas fa-plus\"><\/i><\/span>\n\t\t\t\t\t\t\t\t<span class=\"elementor-accordion-icon-opened\"><i class=\"fas fa-minus\"><\/i><\/span>\n\t\t\t\t\t\t\t\t\t\t\t\t\t\t<\/span>\n\t\t\t\t\t\t\t\t\t\t\t\t<a class=\"elementor-accordion-title\" tabindex=\"0\">Czy wszystkie pojazdy typu Ahorn Camp s\u0105 zbudowane na podwoziu Renault?<\/a>\n\t\t\t\t\t<\/div>\n\t\t\t\t\t<div id=\"elementor-tab-content-2381\" class=\"elementor-tab-content elementor-clearfix\" data-tab=\"1\" role=\"region\" aria-labelledby=\"elementor-tab-title-2381\"><p><span style=\"color: #000000;\">Tak, wszystkie nasze modele s\u0105 zbudowane na podwoziu Renault. Starsze modele z rocznika 2013 s\u0105 cz\u0119\u015bciowo nadal budowane na innych podwoziach, ale od 2014 roku budujemy wszystkie modele Ahorn na podwoziu Renault.<\/span><\/p><\/div>\n\t\t\t\t<\/div>\n\t\t\t\t\t\t\t<div class=\"elementor-accordion-item\">\n\t\t\t\t\t<div id=\"elementor-tab-title-2382\" class=\"elementor-tab-title\" data-tab=\"2\" role=\"button\" aria-controls=\"elementor-tab-content-2382\" aria-expanded=\"false\">\n\t\t\t\t\t\t\t\t\t\t\t\t\t<span class=\"elementor-accordion-icon elementor-accordion-icon-left\" aria-hidden=\"true\">\n\t\t\t\t\t\t\t\t\t\t\t\t\t\t\t<span class=\"elementor-accordion-icon-closed\"><i class=\"fas fa-plus\"><\/i><\/span>\n\t\t\t\t\t\t\t\t<span class=\"elementor-accordion-icon-opened\"><i class=\"fas fa-minus\"><\/i><\/span>\n\t\t\t\t\t\t\t\t\t\t\t\t\t\t<\/span>\n\t\t\t\t\t\t\t\t\t\t\t\t<a class=\"elementor-accordion-title\" tabindex=\"0\">Czy mog\u0119 zwi\u0119kszy\u0107 dopuszczaln\u0105 mas\u0119 ca\u0142kowit\u0105 mojego pojazdu?<\/a>\n\t\t\t\t\t<\/div>\n\t\t\t\t\t<div id=\"elementor-tab-content-2382\" class=\"elementor-tab-content elementor-clearfix\" data-tab=\"2\" role=\"region\" aria-labelledby=\"elementor-tab-title-2382\"><p><span style=\"color: #000000;\">Tak, na maksymalnie 4 tony dla podwozia Renault z zawieszeniem pneumatycznym i zwi\u0119kszeniem masy ca\u0142kowitej. Dla starych modeli Fiata maksymalnie do 3,85 tony.<\/span><\/p><\/div>\n\t\t\t\t<\/div>\n\t\t\t\t\t\t\t<div class=\"elementor-accordion-item\">\n\t\t\t\t\t<div id=\"elementor-tab-title-2383\" class=\"elementor-tab-title\" data-tab=\"3\" role=\"button\" aria-controls=\"elementor-tab-content-2383\" aria-expanded=\"false\">\n\t\t\t\t\t\t\t\t\t\t\t\t\t<span class=\"elementor-accordion-icon elementor-accordion-icon-left\" aria-hidden=\"true\">\n\t\t\t\t\t\t\t\t\t\t\t\t\t\t\t<span class=\"elementor-accordion-icon-closed\"><i class=\"fas fa-plus\"><\/i><\/span>\n\t\t\t\t\t\t\t\t<span class=\"elementor-accordion-icon-opened\"><i class=\"fas fa-minus\"><\/i><\/span>\n\t\t\t\t\t\t\t\t\t\t\t\t\t\t<\/span>\n\t\t\t\t\t\t\t\t\t\t\t\t<a class=\"elementor-accordion-title\" tabindex=\"0\">Czy mog\u0119 zwi\u0119kszy\u0107 dopuszczaln\u0105 mas\u0119 przyczepy mojego pojazdu?<\/a>\n\t\t\t\t\t<\/div>\n\t\t\t\t\t<div id=\"elementor-tab-content-2383\" class=\"elementor-tab-content elementor-clearfix\" data-tab=\"3\" role=\"region\" aria-labelledby=\"elementor-tab-title-2383\"><p><span style=\"color: #000000;\">Nie, maksymalne obci\u0105\u017cenie przyczepy dla kamper\u00f3w wynosi 2 tony. W przypadku van\u00f3w jest to 2,5 tony.<\/span><\/p><\/div>\n\t\t\t\t<\/div>\n\t\t\t\t\t\t\t<div class=\"elementor-accordion-item\">\n\t\t\t\t\t<div id=\"elementor-tab-title-2384\" class=\"elementor-tab-title\" data-tab=\"4\" role=\"button\" aria-controls=\"elementor-tab-content-2384\" aria-expanded=\"false\">\n\t\t\t\t\t\t\t\t\t\t\t\t\t<span class=\"elementor-accordion-icon elementor-accordion-icon-left\" aria-hidden=\"true\">\n\t\t\t\t\t\t\t\t\t\t\t\t\t\t\t<span class=\"elementor-accordion-icon-closed\"><i class=\"fas fa-plus\"><\/i><\/span>\n\t\t\t\t\t\t\t\t<span class=\"elementor-accordion-icon-opened\"><i class=\"fas fa-minus\"><\/i><\/span>\n\t\t\t\t\t\t\t\t\t\t\t\t\t\t<\/span>\n\t\t\t\t\t\t\t\t\t\t\t\t<a class=\"elementor-accordion-title\" tabindex=\"0\">Jak dzia\u0142a sonda grzewcza zbiornika na \u015bcieki w kamperze?<\/a>\n\t\t\t\t\t<\/div>\n\t\t\t\t\t<div id=\"elementor-tab-content-2384\" class=\"elementor-tab-content elementor-clearfix\" data-tab=\"4\" role=\"region\" aria-labelledby=\"elementor-tab-title-2384\"><p><span style=\"color: #000000;\">Sonda zbiornika na \u015bcieki \u2013 zwana r\u00f3wnie\u017c grza\u0142k\u0105 \u2013 chroni wod\u0119 w zbiorniku na \u015bcieki przed zamarzni\u0119ciem. Jest stale aktywna i zasilana pr\u0105dem 12 V. Zu\u017cywa 2,9 Amper\/h i automatycznie podgrzewa wod\u0119, gdy spadnie poni\u017cej 5 stopni Celsjusza.<\/span><\/p><\/div>\n\t\t\t\t<\/div>\n\t\t\t\t\t\t\t\t<\/div>\n\t\t\t\t\t\t<\/div>\n\t\t\t\t<\/div>\n\t\t\t\t<div class=\"elementor-element elementor-element-6454c37 elementor-widget elementor-widget-heading\" data-id=\"6454c37\" data-element_type=\"widget\" data-e-type=\"widget\" data-widget_type=\"heading.default\">\n\t\t\t\t<div class=\"elementor-widget-container\">\n\t\t\t\t\t<h2 class=\"elementor-heading-title elementor-size-default\">Sprzeda\u017c kamper\u00f3w<\/h2>\t\t\t\t<\/div>\n\t\t\t\t<\/div>\n\t\t\t\t<div class=\"elementor-element elementor-element-650938f elementor-widget elementor-widget-accordion\" data-id=\"650938f\" data-element_type=\"widget\" data-e-type=\"widget\" data-widget_type=\"accordion.default\">\n\t\t\t\t<div class=\"elementor-widget-container\">\n\t\t\t\t\t\t\t<div class=\"elementor-accordion\">\n\t\t\t\t\t\t\t<div class=\"elementor-accordion-item\">\n\t\t\t\t\t<div id=\"elementor-tab-title-1051\" class=\"elementor-tab-title\" data-tab=\"1\" role=\"button\" aria-controls=\"elementor-tab-content-1051\" aria-expanded=\"false\">\n\t\t\t\t\t\t\t\t\t\t\t\t\t<span class=\"elementor-accordion-icon elementor-accordion-icon-left\" aria-hidden=\"true\">\n\t\t\t\t\t\t\t\t\t\t\t\t\t\t\t<span class=\"elementor-accordion-icon-closed\"><i class=\"fas fa-plus\"><\/i><\/span>\n\t\t\t\t\t\t\t\t<span class=\"elementor-accordion-icon-opened\"><i class=\"fas fa-minus\"><\/i><\/span>\n\t\t\t\t\t\t\t\t\t\t\t\t\t\t<\/span>\n\t\t\t\t\t\t\t\t\t\t\t\t<a class=\"elementor-accordion-title\" tabindex=\"0\">Czy mog\u0119 po prostu przyj\u015b\u0107 bez umawiania wizyty?<\/a>\n\t\t\t\t\t<\/div>\n\t\t\t\t\t<div id=\"elementor-tab-content-1051\" class=\"elementor-tab-content elementor-clearfix\" data-tab=\"1\" role=\"region\" aria-labelledby=\"elementor-tab-title-1051\"><p><span style=\"color: #000000;\">Tak, jest to mo\u017cliwe. Je\u015bli jednak \u017cycz\u0105 sobie Pa\u0144stwo obszernych konsultacji, zalecamy um\u00f3wienie si\u0119 na wizyt\u0119, aby nasi doradcy mieli wystarczaj\u0105co du\u017co czasu na jej zaplanowanie.<\/span><\/p><\/div>\n\t\t\t\t<\/div>\n\t\t\t\t\t\t\t<div class=\"elementor-accordion-item\">\n\t\t\t\t\t<div id=\"elementor-tab-title-1052\" class=\"elementor-tab-title\" data-tab=\"2\" role=\"button\" aria-controls=\"elementor-tab-content-1052\" aria-expanded=\"false\">\n\t\t\t\t\t\t\t\t\t\t\t\t\t<span class=\"elementor-accordion-icon elementor-accordion-icon-left\" aria-hidden=\"true\">\n\t\t\t\t\t\t\t\t\t\t\t\t\t\t\t<span class=\"elementor-accordion-icon-closed\"><i class=\"fas fa-plus\"><\/i><\/span>\n\t\t\t\t\t\t\t\t<span class=\"elementor-accordion-icon-opened\"><i class=\"fas fa-minus\"><\/i><\/span>\n\t\t\t\t\t\t\t\t\t\t\t\t\t\t<\/span>\n\t\t\t\t\t\t\t\t\t\t\t\t<a class=\"elementor-accordion-title\" tabindex=\"0\">Czy wszystkie modele s\u0105 dost\u0119pne na wystawie w lokalu?<\/a>\n\t\t\t\t\t<\/div>\n\t\t\t\t\t<div id=\"elementor-tab-content-1052\" class=\"elementor-tab-content elementor-clearfix\" data-tab=\"2\" role=\"region\" aria-labelledby=\"elementor-tab-title-1052\"><p><span style=\"color: #000000;\">W naszych g\u0142\u00f3wnych oddzia\u0142ach w Speyer, M\u00fclheim a.d.R. i Dietzenbach zazwyczaj wszystkie modele Ahorn Camp s\u0105 dost\u0119pne na miejscu w salonie wystawowym. U naszych partner\u00f3w handlowych zazwyczaj dost\u0119pny jest szeroki wyb\u00f3r.<\/span><\/p><\/div>\n\t\t\t\t<\/div>\n\t\t\t\t\t\t\t<div class=\"elementor-accordion-item\">\n\t\t\t\t\t<div id=\"elementor-tab-title-1053\" class=\"elementor-tab-title\" data-tab=\"3\" role=\"button\" aria-controls=\"elementor-tab-content-1053\" aria-expanded=\"false\">\n\t\t\t\t\t\t\t\t\t\t\t\t\t<span class=\"elementor-accordion-icon elementor-accordion-icon-left\" aria-hidden=\"true\">\n\t\t\t\t\t\t\t\t\t\t\t\t\t\t\t<span class=\"elementor-accordion-icon-closed\"><i class=\"fas fa-plus\"><\/i><\/span>\n\t\t\t\t\t\t\t\t<span class=\"elementor-accordion-icon-opened\"><i class=\"fas fa-minus\"><\/i><\/span>\n\t\t\t\t\t\t\t\t\t\t\t\t\t\t<\/span>\n\t\t\t\t\t\t\t\t\t\t\t\t<a class=\"elementor-accordion-title\" tabindex=\"0\">Mog\u0119 od razu wzi\u0105\u0107 sw\u00f3j pojazd?<\/a>\n\t\t\t\t\t<\/div>\n\t\t\t\t\t<div id=\"elementor-tab-content-1053\" class=\"elementor-tab-content elementor-clearfix\" data-tab=\"3\" role=\"region\" aria-labelledby=\"elementor-tab-title-1053\"><p><span style=\"color: #000000;\">Poniewa\u017c pojazdy s\u0105 przez nas dok\u0142adnie sprawdzane przed ostatecznym odbiorem, niemo\u017cliwe jest ich bezpo\u015brednie odebranie. Ponadto pojazdy s\u0105 wcze\u015bniej rejestrowane w urz\u0119dzie rejestracyjnym.<\/span><\/p><\/div>\n\t\t\t\t<\/div>\n\t\t\t\t\t\t\t<div class=\"elementor-accordion-item\">\n\t\t\t\t\t<div id=\"elementor-tab-title-1054\" class=\"elementor-tab-title\" data-tab=\"4\" role=\"button\" aria-controls=\"elementor-tab-content-1054\" aria-expanded=\"false\">\n\t\t\t\t\t\t\t\t\t\t\t\t\t<span class=\"elementor-accordion-icon elementor-accordion-icon-left\" aria-hidden=\"true\">\n\t\t\t\t\t\t\t\t\t\t\t\t\t\t\t<span class=\"elementor-accordion-icon-closed\"><i class=\"fas fa-plus\"><\/i><\/span>\n\t\t\t\t\t\t\t\t<span class=\"elementor-accordion-icon-opened\"><i class=\"fas fa-minus\"><\/i><\/span>\n\t\t\t\t\t\t\t\t\t\t\t\t\t\t<\/span>\n\t\t\t\t\t\t\t\t\t\t\t\t<a class=\"elementor-accordion-title\" tabindex=\"0\">Czy w centrali w Spirze s\u0105 r\u00f3wnie\u017c samochody u\u017cywane?<\/a>\n\t\t\t\t\t<\/div>\n\t\t\t\t\t<div id=\"elementor-tab-content-1054\" class=\"elementor-tab-content elementor-clearfix\" data-tab=\"4\" role=\"region\" aria-labelledby=\"elementor-tab-title-1054\"><p><span style=\"color: #000000;\">Tak, w Speyer r\u00f3wnie\u017c znajduje si\u0119 kilka pojazd\u00f3w u\u017cywanych na miejscu. Najlepiej zajrze\u0107 do\u00a0<strong><a style=\"color: #000000;\" href=\"https:\/\/home.mobile.de\/AHORNWOHNMOBILEGMBHCOKG#ses\"><span style=\"color: #1b508c;\">mobile.de<\/span>\u00a0<\/a><\/strong>min\u0105\u0142. Mo\u017cesz r\u00f3wnie\u017c w ka\u017cdej chwili pod adresem<a href=\"tel:+496232100280\"> +49 (0) 6232\/100 28-0<\/a> \u00a0zadzwoni\u0107 lub wys\u0142a\u0107 maila na adres verkauf@ahorn-camp.de.<\/span><\/p><\/div>\n\t\t\t\t<\/div>\n\t\t\t\t\t\t\t<div class=\"elementor-accordion-item\">\n\t\t\t\t\t<div id=\"elementor-tab-title-1055\" class=\"elementor-tab-title\" data-tab=\"5\" role=\"button\" aria-controls=\"elementor-tab-content-1055\" aria-expanded=\"false\">\n\t\t\t\t\t\t\t\t\t\t\t\t\t<span class=\"elementor-accordion-icon elementor-accordion-icon-left\" aria-hidden=\"true\">\n\t\t\t\t\t\t\t\t\t\t\t\t\t\t\t<span class=\"elementor-accordion-icon-closed\"><i class=\"fas fa-plus\"><\/i><\/span>\n\t\t\t\t\t\t\t\t<span class=\"elementor-accordion-icon-opened\"><i class=\"fas fa-minus\"><\/i><\/span>\n\t\t\t\t\t\t\t\t\t\t\t\t\t\t<\/span>\n\t\t\t\t\t\t\t\t\t\t\t\t<a class=\"elementor-accordion-title\" tabindex=\"0\">Czy firma Ahorn Camp ma r\u00f3wnie\u017c partner\u00f3w poza Niemcami?<\/a>\n\t\t\t\t\t<\/div>\n\t\t\t\t\t<div id=\"elementor-tab-content-1055\" class=\"elementor-tab-content elementor-clearfix\" data-tab=\"5\" role=\"region\" aria-labelledby=\"elementor-tab-title-1055\"><p><span style=\"color: #000000;\">Tak, firma Ahorn Camp ma r\u00f3wnie\u017c partner\u00f3w poza granicami Niemiec.\u00a0<strong><span style=\"color: #1b508c;\"><a style=\"color: #1b508c;\" href=\"https:\/\/ahorn-camp.de\/pl\/partner-handlowy\/\">Tutaj<\/a><\/span><\/strong>\u00a0Znajd\u0105 Pa\u0144stwo wszystkich partner\u00f3w Ahorn Camp.<\/span><\/p><\/div>\n\t\t\t\t<\/div>\n\t\t\t\t\t\t\t\t<\/div>\n\t\t\t\t\t\t<\/div>\n\t\t\t\t<\/div>\n\t\t\t\t<div class=\"elementor-element elementor-element-393a5e8 elementor-widget elementor-widget-heading\" data-id=\"393a5e8\" data-element_type=\"widget\" data-e-type=\"widget\" data-widget_type=\"heading.default\">\n\t\t\t\t<div class=\"elementor-widget-container\">\n\t\t\t\t\t<h2 class=\"elementor-heading-title elementor-size-default\">Finansowanie\n<\/h2>\t\t\t\t<\/div>\n\t\t\t\t<\/div>\n\t\t\t\t<div class=\"elementor-element elementor-element-dad2750 elementor-widget elementor-widget-accordion\" data-id=\"dad2750\" data-element_type=\"widget\" data-e-type=\"widget\" data-widget_type=\"accordion.default\">\n\t\t\t\t<div class=\"elementor-widget-container\">\n\t\t\t\t\t\t\t<div class=\"elementor-accordion\">\n\t\t\t\t\t\t\t<div class=\"elementor-accordion-item\">\n\t\t\t\t\t<div id=\"elementor-tab-title-2291\" class=\"elementor-tab-title\" data-tab=\"1\" role=\"button\" aria-controls=\"elementor-tab-content-2291\" aria-expanded=\"false\">\n\t\t\t\t\t\t\t\t\t\t\t\t\t<span class=\"elementor-accordion-icon elementor-accordion-icon-left\" aria-hidden=\"true\">\n\t\t\t\t\t\t\t\t\t\t\t\t\t\t\t<span class=\"elementor-accordion-icon-closed\"><i class=\"fas fa-plus\"><\/i><\/span>\n\t\t\t\t\t\t\t\t<span class=\"elementor-accordion-icon-opened\"><i class=\"fas fa-minus\"><\/i><\/span>\n\t\t\t\t\t\t\t\t\t\t\t\t\t\t<\/span>\n\t\t\t\t\t\t\t\t\t\t\t\t<a class=\"elementor-accordion-title\" tabindex=\"0\">Czy mog\u0119 zap\u0142aci\u0107 za m\u00f3j pojazd bez finansowania?<\/a>\n\t\t\t\t\t<\/div>\n\t\t\t\t\t<div id=\"elementor-tab-content-2291\" class=\"elementor-tab-content elementor-clearfix\" data-tab=\"1\" role=\"region\" aria-labelledby=\"elementor-tab-title-2291\"><p><span style=\"color: #000000;\">Tak, oczywi\u015bcie mo\u017cliwe jest r\u00f3wnie\u017c nabycie wszystkich pojazd\u00f3w Ahorn Camp bez finansowania.<\/span><\/p><\/div>\n\t\t\t\t<\/div>\n\t\t\t\t\t\t\t<div class=\"elementor-accordion-item\">\n\t\t\t\t\t<div id=\"elementor-tab-title-2292\" class=\"elementor-tab-title\" data-tab=\"2\" role=\"button\" aria-controls=\"elementor-tab-content-2292\" aria-expanded=\"false\">\n\t\t\t\t\t\t\t\t\t\t\t\t\t<span class=\"elementor-accordion-icon elementor-accordion-icon-left\" aria-hidden=\"true\">\n\t\t\t\t\t\t\t\t\t\t\t\t\t\t\t<span class=\"elementor-accordion-icon-closed\"><i class=\"fas fa-plus\"><\/i><\/span>\n\t\t\t\t\t\t\t\t<span class=\"elementor-accordion-icon-opened\"><i class=\"fas fa-minus\"><\/i><\/span>\n\t\t\t\t\t\t\t\t\t\t\t\t\t\t<\/span>\n\t\t\t\t\t\t\t\t\t\t\t\t<a class=\"elementor-accordion-title\" tabindex=\"0\">Kiedy zaczyna si\u0119 finansowanie?<\/a>\n\t\t\t\t\t<\/div>\n\t\t\t\t\t<div id=\"elementor-tab-content-2292\" class=\"elementor-tab-content elementor-clearfix\" data-tab=\"2\" role=\"region\" aria-labelledby=\"elementor-tab-title-2292\"><p><span style=\"color: #000000;\">Najlepiej indywidualnie uzgodni\u0107 z w\u0142asnym bankiem lub naszym dzia\u0142em realizacji, kiedy rozpocznie si\u0119 finansowanie kampera. Zazwyczaj finansowanie rozpoczyna si\u0119 w miesi\u0105cu nast\u0119puj\u0105cym po otrzymaniu dokument\u00f3w przez bank.<\/span><\/p><\/div>\n\t\t\t\t<\/div>\n\t\t\t\t\t\t\t<div class=\"elementor-accordion-item\">\n\t\t\t\t\t<div id=\"elementor-tab-title-2293\" class=\"elementor-tab-title\" data-tab=\"3\" role=\"button\" aria-controls=\"elementor-tab-content-2293\" aria-expanded=\"false\">\n\t\t\t\t\t\t\t\t\t\t\t\t\t<span class=\"elementor-accordion-icon elementor-accordion-icon-left\" aria-hidden=\"true\">\n\t\t\t\t\t\t\t\t\t\t\t\t\t\t\t<span class=\"elementor-accordion-icon-closed\"><i class=\"fas fa-plus\"><\/i><\/span>\n\t\t\t\t\t\t\t\t<span class=\"elementor-accordion-icon-opened\"><i class=\"fas fa-minus\"><\/i><\/span>\n\t\t\t\t\t\t\t\t\t\t\t\t\t\t<\/span>\n\t\t\t\t\t\t\t\t\t\t\t\t<a class=\"elementor-accordion-title\" tabindex=\"0\">Otrzyma\u0142em faktur\u0119 z pe\u0142n\u0105 cen\u0105 zakupu. Jednak chcia\u0142em wp\u0142aci\u0107 tylko cz\u0119\u015b\u0107 kwoty, a reszta zostanie sfinansowana. Co musz\u0119 zrobi\u0107?<\/a>\n\t\t\t\t\t<\/div>\n\t\t\t\t\t<div id=\"elementor-tab-content-2293\" class=\"elementor-tab-content elementor-clearfix\" data-tab=\"3\" role=\"region\" aria-labelledby=\"elementor-tab-title-2293\"><p><span style=\"color: #000000;\">Prosz\u0119 r\u00f3wnie\u017c o przelanie tylko faktycznej kwoty cz\u0119\u015bciowej. Podane finansowanie jest zapisane w naszym systemie, a po otrzymaniu p\u0142atno\u015bci prze\u015blemy dokumenty do w\u0142a\u015bciwego urz\u0119du rejestracyjnego. Je\u015bli masz ju\u017c um\u00f3wiony termin odbioru, zaleca si\u0119 um\u00f3wienie terminu w urz\u0119dzie rejestracyjnym kilka dni wcze\u015bniej. W ten spos\u00f3b otrzymasz ju\u017c tablice rejestracyjne bezpo\u015brednio po odbiorze pojazdu.<\/span><\/p><\/div>\n\t\t\t\t<\/div>\n\t\t\t\t\t\t\t\t<\/div>\n\t\t\t\t\t\t<\/div>\n\t\t\t\t<\/div>\n\t\t\t\t<div class=\"elementor-element elementor-element-076b757 elementor-widget elementor-widget-heading\" data-id=\"076b757\" data-element_type=\"widget\" data-e-type=\"widget\" data-widget_type=\"heading.default\">\n\t\t\t\t<div class=\"elementor-widget-container\">\n\t\t\t\t\t<h2 class=\"elementor-heading-title elementor-size-default\">Akcesoria i cz\u0119\u015bci zamienne<\/h2>\t\t\t\t<\/div>\n\t\t\t\t<\/div>\n\t\t\t\t<div class=\"elementor-element elementor-element-1a7601e elementor-widget elementor-widget-accordion\" data-id=\"1a7601e\" data-element_type=\"widget\" data-e-type=\"widget\" data-widget_type=\"accordion.default\">\n\t\t\t\t<div class=\"elementor-widget-container\">\n\t\t\t\t\t\t\t<div class=\"elementor-accordion\">\n\t\t\t\t\t\t\t<div class=\"elementor-accordion-item\">\n\t\t\t\t\t<div id=\"elementor-tab-title-2771\" class=\"elementor-tab-title\" data-tab=\"1\" role=\"button\" aria-controls=\"elementor-tab-content-2771\" aria-expanded=\"false\">\n\t\t\t\t\t\t\t\t\t\t\t\t\t<span class=\"elementor-accordion-icon elementor-accordion-icon-left\" aria-hidden=\"true\">\n\t\t\t\t\t\t\t\t\t\t\t\t\t\t\t<span class=\"elementor-accordion-icon-closed\"><i class=\"fas fa-plus\"><\/i><\/span>\n\t\t\t\t\t\t\t\t<span class=\"elementor-accordion-icon-opened\"><i class=\"fas fa-minus\"><\/i><\/span>\n\t\t\t\t\t\t\t\t\t\t\t\t\t\t<\/span>\n\t\t\t\t\t\t\t\t\t\t\t\t<a class=\"elementor-accordion-title\" tabindex=\"0\">Mam pytanie techniczne. Do kogo mog\u0119 si\u0119 zwr\u00f3ci\u0107?<\/a>\n\t\t\t\t\t<\/div>\n\t\t\t\t\t<div id=\"elementor-tab-content-2771\" class=\"elementor-tab-content elementor-clearfix\" data-tab=\"1\" role=\"region\" aria-labelledby=\"elementor-tab-title-2771\"><p><span style=\"color: #000000;\">Je\u015bli maj\u0105 Pa\u0144stwo pytania techniczne dotycz\u0105ce kampera Ahorn Camp, zapraszamy do skontaktowania si\u0119 z naszym dzia\u0142em serwisowym! Infolinia serwisowa <a href=\"tel:+49623210028202\"><strong>+49 (0) 6232 10028-202<\/strong><\/a> lub wy\u015blij e-mail na <strong><a href=\"mail:service@ahorn-camp.de\">serwis@ahorn-camp.de.<\/a><\/strong><\/span><\/p><\/div>\n\t\t\t\t<\/div>\n\t\t\t\t\t\t\t<div class=\"elementor-accordion-item\">\n\t\t\t\t\t<div id=\"elementor-tab-title-2772\" class=\"elementor-tab-title\" data-tab=\"2\" role=\"button\" aria-controls=\"elementor-tab-content-2772\" aria-expanded=\"false\">\n\t\t\t\t\t\t\t\t\t\t\t\t\t<span class=\"elementor-accordion-icon elementor-accordion-icon-left\" aria-hidden=\"true\">\n\t\t\t\t\t\t\t\t\t\t\t\t\t\t\t<span class=\"elementor-accordion-icon-closed\"><i class=\"fas fa-plus\"><\/i><\/span>\n\t\t\t\t\t\t\t\t<span class=\"elementor-accordion-icon-opened\"><i class=\"fas fa-minus\"><\/i><\/span>\n\t\t\t\t\t\t\t\t\t\t\t\t\t\t<\/span>\n\t\t\t\t\t\t\t\t\t\t\t\t<a class=\"elementor-accordion-title\" tabindex=\"0\">Gdzie mog\u0119 zam\u00f3wi\u0107 cz\u0119\u015bci zamienne?<\/a>\n\t\t\t\t\t<\/div>\n\t\t\t\t\t<div id=\"elementor-tab-content-2772\" class=\"elementor-tab-content elementor-clearfix\" data-tab=\"2\" role=\"region\" aria-labelledby=\"elementor-tab-title-2772\"><p><span style=\"color: #000000;\">Cz\u0119\u015bci zamienne do kamper\u00f3w i van\u00f3w Ahorn Camp mo\u017cna znale\u017a\u0107 pod adresem <strong><a href=\"\/pl\/ersatzteile@ahorn-camp.de\/\">ersatzteile@ahorn-camp.de<\/a><\/strong> zam\u00f3wienia z numerem podwozia, opisem i zdj\u0119ciami. Uwaga: Zam\u00f3wienia telefoniczne nie s\u0105 mo\u017cliwe!<\/span><\/p><\/div>\n\t\t\t\t<\/div>\n\t\t\t\t\t\t\t<div class=\"elementor-accordion-item\">\n\t\t\t\t\t<div id=\"elementor-tab-title-2773\" class=\"elementor-tab-title\" data-tab=\"3\" role=\"button\" aria-controls=\"elementor-tab-content-2773\" aria-expanded=\"false\">\n\t\t\t\t\t\t\t\t\t\t\t\t\t<span class=\"elementor-accordion-icon elementor-accordion-icon-left\" aria-hidden=\"true\">\n\t\t\t\t\t\t\t\t\t\t\t\t\t\t\t<span class=\"elementor-accordion-icon-closed\"><i class=\"fas fa-plus\"><\/i><\/span>\n\t\t\t\t\t\t\t\t<span class=\"elementor-accordion-icon-opened\"><i class=\"fas fa-minus\"><\/i><\/span>\n\t\t\t\t\t\t\t\t\t\t\t\t\t\t<\/span>\n\t\t\t\t\t\t\t\t\t\t\t\t<a class=\"elementor-accordion-title\" tabindex=\"0\">Czy otrzymam r\u00f3wnie\u017c porad\u0119 dotycz\u0105c\u0105 akcesori\u00f3w na miejscu?<\/a>\n\t\t\t\t\t<\/div>\n\t\t\t\t\t<div id=\"elementor-tab-content-2773\" class=\"elementor-tab-content elementor-clearfix\" data-tab=\"3\" role=\"region\" aria-labelledby=\"elementor-tab-title-2773\"><div class=\"panel panel-default padding-top-20 padding-bottom-15\" data-categories=\"Zubeh\u00f6r und Ersatzteile\"><div id=\"collapse_iKlvirPmSw\" class=\"panel-collapse collapse show\"><div class=\"panel-body\"><div class=\"faq_post padding-left-40\"><div class=\"post-entry clearfix margin-top-10\"><div><span style=\"color: #000000;\">Niestety, na miejscu nie mo\u017cemy udzieli\u0107 porady dotycz\u0105cej Twoich akcesori\u00f3w. Jest to mo\u017cliwe jedynie przez e-mail pod adresem <strong><a href=\"\/pl\/ersatzteile@ahorn-camp.de\/\">ersatzteile@ahorn-camp.de<\/a><\/strong> mo\u017cliwe.<\/span><\/div><\/div><\/div><\/div><\/div><\/div><\/div>\n\t\t\t\t<\/div>\n\t\t\t\t\t\t\t<div class=\"elementor-accordion-item\">\n\t\t\t\t\t<div id=\"elementor-tab-title-2774\" class=\"elementor-tab-title\" data-tab=\"4\" role=\"button\" aria-controls=\"elementor-tab-content-2774\" aria-expanded=\"false\">\n\t\t\t\t\t\t\t\t\t\t\t\t\t<span class=\"elementor-accordion-icon elementor-accordion-icon-left\" aria-hidden=\"true\">\n\t\t\t\t\t\t\t\t\t\t\t\t\t\t\t<span class=\"elementor-accordion-icon-closed\"><i class=\"fas fa-plus\"><\/i><\/span>\n\t\t\t\t\t\t\t\t<span class=\"elementor-accordion-icon-opened\"><i class=\"fas fa-minus\"><\/i><\/span>\n\t\t\t\t\t\t\t\t\t\t\t\t\t\t<\/span>\n\t\t\t\t\t\t\t\t\t\t\t\t<a class=\"elementor-accordion-title\" tabindex=\"0\">Czy mog\u0119 zam\u00f3wi\u0107 cz\u0119\u015bci zamienne lub akcesoria, nawet je\u015bli nie kupi\u0142em pojazdu w Ahorn Camp?<\/a>\n\t\t\t\t\t<\/div>\n\t\t\t\t\t<div id=\"elementor-tab-content-2774\" class=\"elementor-tab-content elementor-clearfix\" data-tab=\"4\" role=\"region\" aria-labelledby=\"elementor-tab-title-2774\"><p><span style=\"color: #000000;\">Cz\u0119\u015bci zamienne pasuj\u0105 tylko do pojazd\u00f3w nale\u017c\u0105cych do grupy Trigano.<\/span><\/p><\/div>\n\t\t\t\t<\/div>\n\t\t\t\t\t\t\t<div class=\"elementor-accordion-item\">\n\t\t\t\t\t<div id=\"elementor-tab-title-2775\" class=\"elementor-tab-title\" data-tab=\"5\" role=\"button\" aria-controls=\"elementor-tab-content-2775\" aria-expanded=\"false\">\n\t\t\t\t\t\t\t\t\t\t\t\t\t<span class=\"elementor-accordion-icon elementor-accordion-icon-left\" aria-hidden=\"true\">\n\t\t\t\t\t\t\t\t\t\t\t\t\t\t\t<span class=\"elementor-accordion-icon-closed\"><i class=\"fas fa-plus\"><\/i><\/span>\n\t\t\t\t\t\t\t\t<span class=\"elementor-accordion-icon-opened\"><i class=\"fas fa-minus\"><\/i><\/span>\n\t\t\t\t\t\t\t\t\t\t\t\t\t\t<\/span>\n\t\t\t\t\t\t\t\t\t\t\t\t<a class=\"elementor-accordion-title\" tabindex=\"0\">Sk\u0105d mam wiedzie\u0107, kt\u00f3re akcesoria pasuj\u0105 do mojego pojazdu?<\/a>\n\t\t\t\t\t<\/div>\n\t\t\t\t\t<div id=\"elementor-tab-content-2775\" class=\"elementor-tab-content elementor-clearfix\" data-tab=\"5\" role=\"region\" aria-labelledby=\"elementor-tab-title-2775\"><p><span style=\"color: #000000;\">Aby sprawdzi\u0107, jakie akcesoria pasuj\u0105 do Twojego pojazdu, musimy sprawdzi\u0107 na podstawie numeru VIN. Prosz\u0119 wys\u0142a\u0107 zapytanie do <a href=\"mailto:ersatzteile@ahorn-camp.de\"><strong>ersatzteile@ahorn-camp.de<\/strong><\/a> z numerem rejestracyjnym pojazdu<\/span>.<\/p><\/div>\n\t\t\t\t<\/div>\n\t\t\t\t\t\t\t<div class=\"elementor-accordion-item\">\n\t\t\t\t\t<div id=\"elementor-tab-title-2776\" class=\"elementor-tab-title\" data-tab=\"6\" role=\"button\" aria-controls=\"elementor-tab-content-2776\" aria-expanded=\"false\">\n\t\t\t\t\t\t\t\t\t\t\t\t\t<span class=\"elementor-accordion-icon elementor-accordion-icon-left\" aria-hidden=\"true\">\n\t\t\t\t\t\t\t\t\t\t\t\t\t\t\t<span class=\"elementor-accordion-icon-closed\"><i class=\"fas fa-plus\"><\/i><\/span>\n\t\t\t\t\t\t\t\t<span class=\"elementor-accordion-icon-opened\"><i class=\"fas fa-minus\"><\/i><\/span>\n\t\t\t\t\t\t\t\t\t\t\t\t\t\t<\/span>\n\t\t\t\t\t\t\t\t\t\t\t\t<a class=\"elementor-accordion-title\" tabindex=\"0\">Jakie kombinacje k\u00f3\u0142\/opon s\u0105 mo\u017cliwe dla mojego pojazdu?<\/a>\n\t\t\t\t\t<\/div>\n\t\t\t\t\t<div id=\"elementor-tab-content-2776\" class=\"elementor-tab-content elementor-clearfix\" data-tab=\"6\" role=\"region\" aria-labelledby=\"elementor-tab-title-2776\"><p><span style=\"color: #000000;\">W przypadku kampera Ahorn Camp mo\u017cliwe s\u0105 nast\u0119puj\u0105ce kombinacje opon. Wszystkie 4 opony musz\u0105 by\u0107 identyczne.<\/span><br \/><span style=\"color: #000000;\">225\/65 R 16C 112\/110 R-6,5J16-66 225\/65 R 16CP 112R- 6,5J16-66 235\/65 R 16C 115\/113 R- 6,5J16-66<\/span><\/p><p><span style=\"color: #000000;\">W przypadku Twojego samochodu dostawczego typu Ahorn Camp dost\u0119pne s\u0105 nast\u0119puj\u0105ce kombinacje opon. Nie s\u0105 wymagane czujniki ci\u015bnienia w oponach (RDK).<\/span><br \/><span style=\"color: #000000;\">225\/65 R16 CP do maksymalnie 235\/65 R16 CP<\/span><br \/><span style=\"color: #000000;\">Dane felgi: 6.5J x 16 ET66<\/span><br \/><span style=\"color: #000000;\">Rozstaw \u015brub: 5\u00d7130<\/span><br \/><span style=\"color: #000000;\">Otw\u00f3r na piast\u0119: 89,1 mm<\/span><br \/><span style=\"color: #000000;\">\u015aruby k\u00f3\u0142 \/ Gwint: M14 x 1.5<\/span><\/p><p><span style=\"color: #000000;\">Zwi\u0119kszenie DMC do 4 ton:<\/span><\/p><p><span style=\"color: #000000;\">Je\u015bli tylna o\u015b zostanie obci\u0105\u017cona do 2,4 t, w ka\u017cdym przypadku nale\u017cy wymieni\u0107 opony.<\/span><br \/><span style=\"color: #000000;\">Potrzebny rozmiar: 235\/65 r 16, z indeksem no\u015bno\u015bci minimum 115<\/span><br \/><span style=\"color: #000000;\">Felgi powinny zosta\u0107 zast\u0105pione zgodnie z numerami KBA 44544 lub RE616013, zgodnie z opini\u0105 techniczn\u0105.<\/span><\/p><\/div>\n\t\t\t\t<\/div>\n\t\t\t\t\t\t\t<div class=\"elementor-accordion-item\">\n\t\t\t\t\t<div id=\"elementor-tab-title-2777\" class=\"elementor-tab-title\" data-tab=\"7\" role=\"button\" aria-controls=\"elementor-tab-content-2777\" aria-expanded=\"false\">\n\t\t\t\t\t\t\t\t\t\t\t\t\t<span class=\"elementor-accordion-icon elementor-accordion-icon-left\" aria-hidden=\"true\">\n\t\t\t\t\t\t\t\t\t\t\t\t\t\t\t<span class=\"elementor-accordion-icon-closed\"><i class=\"fas fa-plus\"><\/i><\/span>\n\t\t\t\t\t\t\t\t<span class=\"elementor-accordion-icon-opened\"><i class=\"fas fa-minus\"><\/i><\/span>\n\t\t\t\t\t\t\t\t\t\t\t\t\t\t<\/span>\n\t\t\t\t\t\t\t\t\t\t\t\t<a class=\"elementor-accordion-title\" tabindex=\"0\">Sk\u0105d mog\u0119 pobra\u0107 moj\u0105 instrukcj\u0119 obs\u0142ugi?<\/a>\n\t\t\t\t\t<\/div>\n\t\t\t\t\t<div id=\"elementor-tab-content-2777\" class=\"elementor-tab-content elementor-clearfix\" data-tab=\"7\" role=\"region\" aria-labelledby=\"elementor-tab-title-2777\"><p><span style=\"color: #000000;\">Je\u015bli s\u0105 Pa\u0144stwo zainteresowani instrukcj\u0105 obs\u0142ugi, prosimy o wys\u0142anie wiadomo\u015bci e-mail na adres <strong><a style=\"color: #000000;\" href=\"mailto:service@ahorn-camp.de\"><span style=\"color: #1b508c;\">service@ahorn-camp.de<\/span><\/a><\/strong> z numerem VIN Pa\u0144stwa pojazdu. Wy\u015blemy go do Pa\u0144stwa tak szybko, jak to mo\u017cliwe.<\/span><\/p><\/div>\n\t\t\t\t<\/div>\n\t\t\t\t\t\t\t<div class=\"elementor-accordion-item\">\n\t\t\t\t\t<div id=\"elementor-tab-title-2778\" class=\"elementor-tab-title\" data-tab=\"8\" role=\"button\" aria-controls=\"elementor-tab-content-2778\" aria-expanded=\"false\">\n\t\t\t\t\t\t\t\t\t\t\t\t\t<span class=\"elementor-accordion-icon elementor-accordion-icon-left\" aria-hidden=\"true\">\n\t\t\t\t\t\t\t\t\t\t\t\t\t\t\t<span class=\"elementor-accordion-icon-closed\"><i class=\"fas fa-plus\"><\/i><\/span>\n\t\t\t\t\t\t\t\t<span class=\"elementor-accordion-icon-opened\"><i class=\"fas fa-minus\"><\/i><\/span>\n\t\t\t\t\t\t\t\t\t\t\t\t\t\t<\/span>\n\t\t\t\t\t\t\t\t\t\t\t\t<a class=\"elementor-accordion-title\" tabindex=\"0\">Jakie opony b\u0119d\u0105 w moim kamperze?<\/a>\n\t\t\t\t\t<\/div>\n\t\t\t\t\t<div id=\"elementor-tab-content-2778\" class=\"elementor-tab-content elementor-clearfix\" data-tab=\"8\" role=\"region\" aria-labelledby=\"elementor-tab-title-2778\"><p><span style=\"color: #000000;\">Wszystkie nasze kampery s\u0105 wyposa\u017cone w opony letnie - 225\/65 R 16 CP 112 R - 70PSI.<\/span><\/p><\/div>\n\t\t\t\t<\/div>\n\t\t\t\t\t\t\t<div class=\"elementor-accordion-item\">\n\t\t\t\t\t<div id=\"elementor-tab-title-2779\" class=\"elementor-tab-title\" data-tab=\"9\" role=\"button\" aria-controls=\"elementor-tab-content-2779\" aria-expanded=\"false\">\n\t\t\t\t\t\t\t\t\t\t\t\t\t<span class=\"elementor-accordion-icon elementor-accordion-icon-left\" aria-hidden=\"true\">\n\t\t\t\t\t\t\t\t\t\t\t\t\t\t\t<span class=\"elementor-accordion-icon-closed\"><i class=\"fas fa-plus\"><\/i><\/span>\n\t\t\t\t\t\t\t\t<span class=\"elementor-accordion-icon-opened\"><i class=\"fas fa-minus\"><\/i><\/span>\n\t\t\t\t\t\t\t\t\t\t\t\t\t\t<\/span>\n\t\t\t\t\t\t\t\t\t\t\t\t<a class=\"elementor-accordion-title\" tabindex=\"0\">Mam pytania dotycz\u0105ce mojej nawigacji ESX<\/a>\n\t\t\t\t\t<\/div>\n\t\t\t\t\t<div id=\"elementor-tab-content-2779\" class=\"elementor-tab-content elementor-clearfix\" data-tab=\"9\" role=\"region\" aria-labelledby=\"elementor-tab-title-2779\"><p><span style=\"color: #000000;\">Aby u\u0142atwi\u0107 Pa\u0144stwu kontakt, prosimy o przes\u0142anie pyta\u0144\/uwag w tym\u00a0<strong><span style=\"color: #1b508c;\"><a style=\"color: #1b508c;\" href=\"http:\/\/www.esxaudio.de\/Kundensupport.\">Formularz kontaktowy<\/a><\/span><\/strong>\u00a0schildern. Skontaktujemy si\u0119 z Pa\u0144stwem tak szybko, jak to mo\u017cliwe.<\/span><\/p><p><span style=\"color: #000000;\">Tutaj znajduje si\u0119 formularz kontaktowy:\u00a0<span style=\"color: #1b508c;\"><strong><a style=\"color: #1b508c;\" href=\"http:\/\/www.esxaudio.de\/Kundensupport\">www.esxaudio.de\/PomocDlaKlienta<\/a><\/strong><\/span><\/span><\/p><\/div>\n\t\t\t\t<\/div>\n\t\t\t\t\t\t\t\t<\/div>\n\t\t\t\t\t\t<\/div>\n\t\t\t\t<\/div>\n\t\t\t\t<div class=\"elementor-element elementor-element-14dfe04 elementor-widget elementor-widget-heading\" data-id=\"14dfe04\" data-element_type=\"widget\" data-e-type=\"widget\" data-widget_type=\"heading.default\">\n\t\t\t\t<div class=\"elementor-widget-container\">\n\t\t\t\t\t<h2 class=\"elementor-heading-title elementor-size-default\">Us\u0142uga<\/h2>\t\t\t\t<\/div>\n\t\t\t\t<\/div>\n\t\t\t\t<div class=\"elementor-element elementor-element-6fb7d4c elementor-widget elementor-widget-text-editor\" data-id=\"6fb7d4c\" data-element_type=\"widget\" data-e-type=\"widget\" data-widget_type=\"text-editor.default\">\n\t\t\t\t<div class=\"elementor-widget-container\">\n\t\t\t\t\t\t\t\t\t<p style=\"text-align: left;\"><span style=\"color: #000000;\">Nasi partnerzy serwisowi w ca\u0142ych Niemczech ch\u0119tnie Pa\u0144stwu pomog\u0105.\u00a0<br \/><strong><a style=\"color: #000000;\" href=\"https:\/\/ahorn-camp.de\/pl\/partner-serwisowy\/\">Tutaj<\/a><\/strong>\u00a0Znajd\u017a odpowiedniego partnera serwisowego Ahorn Camp w swojej okolicy.<\/span><\/p>\t\t\t\t\t\t\t\t<\/div>\n\t\t\t\t<\/div>\n\t\t\t\t<div class=\"elementor-element elementor-element-f089fd8 elementor-widget elementor-widget-accordion\" data-id=\"f089fd8\" data-element_type=\"widget\" data-e-type=\"widget\" data-widget_type=\"accordion.default\">\n\t\t\t\t<div class=\"elementor-widget-container\">\n\t\t\t\t\t\t\t<div class=\"elementor-accordion\">\n\t\t\t\t\t\t\t<div class=\"elementor-accordion-item\">\n\t\t\t\t\t<div id=\"elementor-tab-title-2521\" class=\"elementor-tab-title\" data-tab=\"1\" role=\"button\" aria-controls=\"elementor-tab-content-2521\" aria-expanded=\"false\">\n\t\t\t\t\t\t\t\t\t\t\t\t\t<span class=\"elementor-accordion-icon elementor-accordion-icon-left\" aria-hidden=\"true\">\n\t\t\t\t\t\t\t\t\t\t\t\t\t\t\t<span class=\"elementor-accordion-icon-closed\"><i class=\"fas fa-plus\"><\/i><\/span>\n\t\t\t\t\t\t\t\t<span class=\"elementor-accordion-icon-opened\"><i class=\"fas fa-minus\"><\/i><\/span>\n\t\t\t\t\t\t\t\t\t\t\t\t\t\t<\/span>\n\t\t\t\t\t\t\t\t\t\t\t\t<a class=\"elementor-accordion-title\" tabindex=\"0\">Gdzie znajduje si\u0119 centrala serwisowa?<\/a>\n\t\t\t\t\t<\/div>\n\t\t\t\t\t<div id=\"elementor-tab-content-2521\" class=\"elementor-tab-content elementor-clearfix\" data-tab=\"1\" role=\"region\" aria-labelledby=\"elementor-tab-title-2521\"><p><span style=\"color: #000000;\">Centrala obs\u0142ugi klienta znajduje si\u0119 przy Franz-Kirrmeier-Stra\u00dfe 21a w 67346 Speyer.<\/span><\/p><\/div>\n\t\t\t\t<\/div>\n\t\t\t\t\t\t\t<div class=\"elementor-accordion-item\">\n\t\t\t\t\t<div id=\"elementor-tab-title-2522\" class=\"elementor-tab-title\" data-tab=\"2\" role=\"button\" aria-controls=\"elementor-tab-content-2522\" aria-expanded=\"false\">\n\t\t\t\t\t\t\t\t\t\t\t\t\t<span class=\"elementor-accordion-icon elementor-accordion-icon-left\" aria-hidden=\"true\">\n\t\t\t\t\t\t\t\t\t\t\t\t\t\t\t<span class=\"elementor-accordion-icon-closed\"><i class=\"fas fa-plus\"><\/i><\/span>\n\t\t\t\t\t\t\t\t<span class=\"elementor-accordion-icon-opened\"><i class=\"fas fa-minus\"><\/i><\/span>\n\t\t\t\t\t\t\t\t\t\t\t\t\t\t<\/span>\n\t\t\t\t\t\t\t\t\t\t\t\t<a class=\"elementor-accordion-title\" tabindex=\"0\">Czy potrzebuj\u0119 um\u00f3wi\u0107 si\u0119 na wizyt\u0119 serwisow\u0105, czy mog\u0119 po prostu podjecha\u0107?<\/a>\n\t\t\t\t\t<\/div>\n\t\t\t\t\t<div id=\"elementor-tab-content-2522\" class=\"elementor-tab-content elementor-clearfix\" data-tab=\"2\" role=\"region\" aria-labelledby=\"elementor-tab-title-2522\"><p><span style=\"color: #000000;\">Umowa terminowa jest bezwzgl\u0119dnie konieczna ze wzgl\u0119d\u00f3w pojemno\u015bciowych.<\/span><\/p><\/div>\n\t\t\t\t<\/div>\n\t\t\t\t\t\t\t<div class=\"elementor-accordion-item\">\n\t\t\t\t\t<div id=\"elementor-tab-title-2523\" class=\"elementor-tab-title\" data-tab=\"3\" role=\"button\" aria-controls=\"elementor-tab-content-2523\" aria-expanded=\"false\">\n\t\t\t\t\t\t\t\t\t\t\t\t\t<span class=\"elementor-accordion-icon elementor-accordion-icon-left\" aria-hidden=\"true\">\n\t\t\t\t\t\t\t\t\t\t\t\t\t\t\t<span class=\"elementor-accordion-icon-closed\"><i class=\"fas fa-plus\"><\/i><\/span>\n\t\t\t\t\t\t\t\t<span class=\"elementor-accordion-icon-opened\"><i class=\"fas fa-minus\"><\/i><\/span>\n\t\t\t\t\t\t\t\t\t\t\t\t\t\t<\/span>\n\t\t\t\t\t\t\t\t\t\t\t\t<a class=\"elementor-accordion-title\" tabindex=\"0\">Jestem na wakacjach lub mieszkam daleko od Speyer, do kogo mog\u0119 si\u0119 zwr\u00f3ci\u0107 w sprawie serwisu mojego pojazdu?<\/a>\n\t\t\t\t\t<\/div>\n\t\t\t\t\t<div id=\"elementor-tab-content-2523\" class=\"elementor-tab-content elementor-clearfix\" data-tab=\"3\" role=\"region\" aria-labelledby=\"elementor-tab-title-2523\"><p><span style=\"color: #000000;\">Je\u015bli nie mieszkaj\u0105 Pa\u0144stwo w pobli\u017cu naszej g\u0142\u00f3wnej siedziby w Spirze, mog\u0105 Pa\u0144stwo skorzysta\u0107 z us\u0142ug jednego z naszych partner\u00f3w na terenie ca\u0142ych Niemiec.<\/span>\u00a0<strong><a href=\"https:\/\/ahorn-camp.de\/pl\/partner-serwisowy\/\">Znajdziecie je Pa\u0144stwo tutaj.\u00a0<\/a><\/strong><\/p><\/div>\n\t\t\t\t<\/div>\n\t\t\t\t\t\t\t<div class=\"elementor-accordion-item\">\n\t\t\t\t\t<div id=\"elementor-tab-title-2524\" class=\"elementor-tab-title\" data-tab=\"4\" role=\"button\" aria-controls=\"elementor-tab-content-2524\" aria-expanded=\"false\">\n\t\t\t\t\t\t\t\t\t\t\t\t\t<span class=\"elementor-accordion-icon elementor-accordion-icon-left\" aria-hidden=\"true\">\n\t\t\t\t\t\t\t\t\t\t\t\t\t\t\t<span class=\"elementor-accordion-icon-closed\"><i class=\"fas fa-plus\"><\/i><\/span>\n\t\t\t\t\t\t\t\t<span class=\"elementor-accordion-icon-opened\"><i class=\"fas fa-minus\"><\/i><\/span>\n\t\t\t\t\t\t\t\t\t\t\t\t\t\t<\/span>\n\t\t\t\t\t\t\t\t\t\t\t\t<a class=\"elementor-accordion-title\" tabindex=\"0\">Gdzie przeprowadzana jest inspekcja?<\/a>\n\t\t\t\t\t<\/div>\n\t\t\t\t\t<div id=\"elementor-tab-content-2524\" class=\"elementor-tab-content elementor-clearfix\" data-tab=\"4\" role=\"region\" aria-labelledby=\"elementor-tab-title-2524\"><p><span style=\"color: #000000;\">Aby zg\u0142osi\u0107 si\u0119 na inspekcj\u0119, najlepiej skontaktowa\u0107 si\u0119 z lokalnymi<\/span><a href=\"https:\/\/www.renault.de\/haendlersuche.html\">\u00a0<strong>Renault Partner.<\/strong><\/a><\/p><\/div>\n\t\t\t\t<\/div>\n\t\t\t\t\t\t\t<div class=\"elementor-accordion-item\">\n\t\t\t\t\t<div id=\"elementor-tab-title-2525\" class=\"elementor-tab-title\" data-tab=\"5\" role=\"button\" aria-controls=\"elementor-tab-content-2525\" aria-expanded=\"false\">\n\t\t\t\t\t\t\t\t\t\t\t\t\t<span class=\"elementor-accordion-icon elementor-accordion-icon-left\" aria-hidden=\"true\">\n\t\t\t\t\t\t\t\t\t\t\t\t\t\t\t<span class=\"elementor-accordion-icon-closed\"><i class=\"fas fa-plus\"><\/i><\/span>\n\t\t\t\t\t\t\t\t<span class=\"elementor-accordion-icon-opened\"><i class=\"fas fa-minus\"><\/i><\/span>\n\t\t\t\t\t\t\t\t\t\t\t\t\t\t<\/span>\n\t\t\t\t\t\t\t\t\t\t\t\t<a class=\"elementor-accordion-title\" tabindex=\"0\">Jak cz\u0119sto m\u00f3j kamper musi przechodzi\u0107 przegl\u0105d?<\/a>\n\t\t\t\t\t<\/div>\n\t\t\t\t\t<div id=\"elementor-tab-content-2525\" class=\"elementor-tab-content elementor-clearfix\" data-tab=\"5\" role=\"region\" aria-labelledby=\"elementor-tab-title-2525\"><p><span style=\"color: #000000;\">Inspekcja musi zosta\u0107 przeprowadzona albo po 2 latach, albo po przejechaniu 40 000 kilometr\u00f3w. W zale\u017cno\u015bci od tego, co nast\u0105pi wcze\u015bniej.<\/span><\/p><\/div>\n\t\t\t\t<\/div>\n\t\t\t\t\t\t\t<div class=\"elementor-accordion-item\">\n\t\t\t\t\t<div id=\"elementor-tab-title-2526\" class=\"elementor-tab-title\" data-tab=\"6\" role=\"button\" aria-controls=\"elementor-tab-content-2526\" aria-expanded=\"false\">\n\t\t\t\t\t\t\t\t\t\t\t\t\t<span class=\"elementor-accordion-icon elementor-accordion-icon-left\" aria-hidden=\"true\">\n\t\t\t\t\t\t\t\t\t\t\t\t\t\t\t<span class=\"elementor-accordion-icon-closed\"><i class=\"fas fa-plus\"><\/i><\/span>\n\t\t\t\t\t\t\t\t<span class=\"elementor-accordion-icon-opened\"><i class=\"fas fa-minus\"><\/i><\/span>\n\t\t\t\t\t\t\t\t\t\t\t\t\t\t<\/span>\n\t\t\t\t\t\t\t\t\t\t\t\t<a class=\"elementor-accordion-title\" tabindex=\"0\">Gdzie znale\u017a\u0107 numer podwozia lub numer VIN?<\/a>\n\t\t\t\t\t<\/div>\n\t\t\t\t\t<div id=\"elementor-tab-content-2526\" class=\"elementor-tab-content elementor-clearfix\" data-tab=\"6\" role=\"region\" aria-labelledby=\"elementor-tab-title-2526\"><p>17-cyfrowy numer, sk\u0142adaj\u0105cy si\u0119 z liter i cyfr, przypisany jednorazowo pojazdowi do podwozia, znajduje si\u0119 w kolumnie \u201eE\u201c w dowodzie rejestracyjnym lub po stronie kierowcy na szybie przedniej.<\/p><\/div>\n\t\t\t\t<\/div>\n\t\t\t\t\t\t\t<div class=\"elementor-accordion-item\">\n\t\t\t\t\t<div id=\"elementor-tab-title-2527\" class=\"elementor-tab-title\" data-tab=\"7\" role=\"button\" aria-controls=\"elementor-tab-content-2527\" aria-expanded=\"false\">\n\t\t\t\t\t\t\t\t\t\t\t\t\t<span class=\"elementor-accordion-icon elementor-accordion-icon-left\" aria-hidden=\"true\">\n\t\t\t\t\t\t\t\t\t\t\t\t\t\t\t<span class=\"elementor-accordion-icon-closed\"><i class=\"fas fa-plus\"><\/i><\/span>\n\t\t\t\t\t\t\t\t<span class=\"elementor-accordion-icon-opened\"><i class=\"fas fa-minus\"><\/i><\/span>\n\t\t\t\t\t\t\t\t\t\t\t\t\t\t<\/span>\n\t\t\t\t\t\t\t\t\t\t\t\t<a class=\"elementor-accordion-title\" tabindex=\"0\">Jak mog\u0119 unikn\u0105\u0107 g\u0142\u0119bokiego roz\u0142adowania akumulatora pok\u0142adowego?<\/a>\n\t\t\t\t\t<\/div>\n\t\t\t\t\t<div id=\"elementor-tab-content-2527\" class=\"elementor-tab-content elementor-clearfix\" data-tab=\"7\" role=\"region\" aria-labelledby=\"elementor-tab-title-2527\"><p><span style=\"color: #000000;\">Je\u015bli pojazd nie jest u\u017cywany przez d\u0142u\u017cszy czas (od 3 dni), w pe\u0142ni na\u0142aduj akumulator, a nast\u0119pnie od\u0142\u0105cz bieguny akumulatora od szybkoz\u0142\u0105czki, aby ca\u0142kowicie odci\u0105\u0107 zasilanie. Alternatywnie mo\u017cemy zamontowa\u0107 wy\u0142\u0105cznik akumulatora, wystarczy si\u0119 do nas zg\u0142osi\u0107 pod numerem <a href=\"mailto:service@ahorn-camp.de\"><strong>service@ahorn-camp.de<\/strong><\/a>.<\/span><\/p><\/div>\n\t\t\t\t<\/div>\n\t\t\t\t\t\t\t<div class=\"elementor-accordion-item\">\n\t\t\t\t\t<div id=\"elementor-tab-title-2528\" class=\"elementor-tab-title\" data-tab=\"8\" role=\"button\" aria-controls=\"elementor-tab-content-2528\" aria-expanded=\"false\">\n\t\t\t\t\t\t\t\t\t\t\t\t\t<span class=\"elementor-accordion-icon elementor-accordion-icon-left\" aria-hidden=\"true\">\n\t\t\t\t\t\t\t\t\t\t\t\t\t\t\t<span class=\"elementor-accordion-icon-closed\"><i class=\"fas fa-plus\"><\/i><\/span>\n\t\t\t\t\t\t\t\t<span class=\"elementor-accordion-icon-opened\"><i class=\"fas fa-minus\"><\/i><\/span>\n\t\t\t\t\t\t\t\t\t\t\t\t\t\t<\/span>\n\t\t\t\t\t\t\t\t\t\t\t\t<a class=\"elementor-accordion-title\" tabindex=\"0\">Czy akumulator dodatkowy jest \u0142adowany podczas jazdy?<\/a>\n\t\t\t\t\t<\/div>\n\t\t\t\t\t<div id=\"elementor-tab-content-2528\" class=\"elementor-tab-content elementor-clearfix\" data-tab=\"8\" role=\"region\" aria-labelledby=\"elementor-tab-title-2528\"><p><span style=\"color: #000000;\">W normie Euro 6b alternator jest aktywny do momentu, a\u017c akumulator rozruchowy osi\u0105gnie \u0142adunek umo\u017cliwiaj\u0105cy ponowne uruchomienie, po czym magistrala CAN od\u0142\u0105cza alternator, kt\u00f3ry przestaje \u0142adowa\u0107 akumulator rozruchowy. Poniewa\u017c przy pracuj\u0105cym silniku oba akumulatory s\u0105 po\u0142\u0105czone r\u00f3wnolegle, akumulator dodatkowy r\u00f3wnie\u017c nie jest \u0142adowany. Rozwi\u0105zaniem jest tutaj wzmacniacz \u0142adowania, kt\u00f3ry utrzymuje sta\u0142e \u0142adowanie do momentu pe\u0142nego na\u0142adowania akumulatora dodatkowego.<\/span><\/p><\/div>\n\t\t\t\t<\/div>\n\t\t\t\t\t\t\t<div class=\"elementor-accordion-item\">\n\t\t\t\t\t<div id=\"elementor-tab-title-2529\" class=\"elementor-tab-title\" data-tab=\"9\" role=\"button\" aria-controls=\"elementor-tab-content-2529\" aria-expanded=\"false\">\n\t\t\t\t\t\t\t\t\t\t\t\t\t<span class=\"elementor-accordion-icon elementor-accordion-icon-left\" aria-hidden=\"true\">\n\t\t\t\t\t\t\t\t\t\t\t\t\t\t\t<span class=\"elementor-accordion-icon-closed\"><i class=\"fas fa-plus\"><\/i><\/span>\n\t\t\t\t\t\t\t\t<span class=\"elementor-accordion-icon-opened\"><i class=\"fas fa-minus\"><\/i><\/span>\n\t\t\t\t\t\t\t\t\t\t\t\t\t\t<\/span>\n\t\t\t\t\t\t\t\t\t\t\t\t<a class=\"elementor-accordion-title\" tabindex=\"0\">Co to jest test szczelno\u015bci?<\/a>\n\t\t\t\t\t<\/div>\n\t\t\t\t\t<div id=\"elementor-tab-content-2529\" class=\"elementor-tab-content elementor-clearfix\" data-tab=\"9\" role=\"region\" aria-labelledby=\"elementor-tab-title-2529\"><p><span style=\"color: #000000;\">Dla pojazd\u00f3w z dat\u0105 pierwszej rejestracji do 31 sierpnia 2017 roku, kontrola szczelno\u015bci musi by\u0107 przeprowadzana co 6 miesi\u0119cy, licz\u0105c od daty pierwszej rejestracji. Je\u015bli na przyk\u0142ad pierwsza rejestracja Pa\u0144stwa pojazdu przypada na 07.01.2016 r., pierwsza kontrola szczelno\u015bci musi zosta\u0107 przeprowadzona do 07.07.2016 r. Ka\u017cda kolejna kontrola szczelno\u015bci w odst\u0119pie 6 miesi\u0119cy, czyli 07.01. \/07.07. \/07.01 itd. Takie s\u0105 dane producenta.\n\nDla pojazd\u00f3w z dat\u0105 pierwszej rejestracji od 01 wrze\u015bnia 2017 roku, kontrola szczelno\u015bci musi by\u0107 przeprowadzana co 12 miesi\u0119cy, licz\u0105c od daty pierwszej rejestracji. Aby sprosta\u0107 tym wymogom, zalecamy naszym klientom wcze\u015bniejszy kontakt z jednym z naszych<\/span>\u00a0<strong><a href=\"https:\/\/ahorn-camp.de\/pl\/partner-serwisowy\/\">Partner Serwisowy.\u00a0<\/a><\/strong><\/p><\/div>\n\t\t\t\t<\/div>\n\t\t\t\t\t\t\t<div class=\"elementor-accordion-item\">\n\t\t\t\t\t<div id=\"elementor-tab-title-25210\" class=\"elementor-tab-title\" data-tab=\"10\" role=\"button\" aria-controls=\"elementor-tab-content-25210\" aria-expanded=\"false\">\n\t\t\t\t\t\t\t\t\t\t\t\t\t<span class=\"elementor-accordion-icon elementor-accordion-icon-left\" aria-hidden=\"true\">\n\t\t\t\t\t\t\t\t\t\t\t\t\t\t\t<span class=\"elementor-accordion-icon-closed\"><i class=\"fas fa-plus\"><\/i><\/span>\n\t\t\t\t\t\t\t\t<span class=\"elementor-accordion-icon-opened\"><i class=\"fas fa-minus\"><\/i><\/span>\n\t\t\t\t\t\t\t\t\t\t\t\t\t\t<\/span>\n\t\t\t\t\t\t\t\t\t\t\t\t<a class=\"elementor-accordion-title\" tabindex=\"0\">Podczas pr\u00f3by szczelno\u015bci sprawdza si\u0119 mi\u0119dzy innymi:\n\n*   **Poprawno\u015b\u0107 monta\u017cu:** Czy wszystkie elementy s\u0105 prawid\u0142owo po\u0142\u0105czone i uszczelnione.\n*   **Stan uszczelek:** Czy nie s\u0105 uszkodzone, p\u0119kni\u0119te lub zu\u017cyte.\n*   **Nieszczelno\u015bci:** Czy nie wyst\u0119puj\u0105 wycieki lub przedmuchy.\n*   **Ci\u015bnienie:** Czy system utrzymuje odpowiednie ci\u015bnienie przez okre\u015blony czas.\n*   **Temperatura:** W niekt\u00f3rych przypadkach sprawdza si\u0119 r\u00f3wnie\u017c stabilno\u015b\u0107 temperatury.\n*   **Zgodno\u015b\u0107 z normami:** Czy wykonana pr\u00f3ba spe\u0142nia wymagane normy i specyfikacje.<\/a>\n\t\t\t\t\t<\/div>\n\t\t\t\t\t<div id=\"elementor-tab-content-25210\" class=\"elementor-tab-content elementor-clearfix\" data-tab=\"10\" role=\"region\" aria-labelledby=\"elementor-tab-title-25210\"><p><span style=\"color: #000000;\">Podczas testu szczelno\u015bci sprawdzane s\u0105 miejsca na poje\u017adzie pod k\u0105tem wilgoci, w razie potrzeby regulowane s\u0105 zewn\u0119trzne klapy, w tym drzwi zabudowy, a tak\u017ce sprawdzane s\u0105 zawiasy klap meblowych oraz uszczelki gumowe w oknach i klapach zewn\u0119trznych.<\/span><\/p><\/div>\n\t\t\t\t<\/div>\n\t\t\t\t\t\t\t<div class=\"elementor-accordion-item\">\n\t\t\t\t\t<div id=\"elementor-tab-title-25211\" class=\"elementor-tab-title\" data-tab=\"11\" role=\"button\" aria-controls=\"elementor-tab-content-25211\" aria-expanded=\"false\">\n\t\t\t\t\t\t\t\t\t\t\t\t\t<span class=\"elementor-accordion-icon elementor-accordion-icon-left\" aria-hidden=\"true\">\n\t\t\t\t\t\t\t\t\t\t\t\t\t\t\t<span class=\"elementor-accordion-icon-closed\"><i class=\"fas fa-plus\"><\/i><\/span>\n\t\t\t\t\t\t\t\t<span class=\"elementor-accordion-icon-opened\"><i class=\"fas fa-minus\"><\/i><\/span>\n\t\t\t\t\t\t\t\t\t\t\t\t\t\t<\/span>\n\t\t\t\t\t\t\t\t\t\t\t\t<a class=\"elementor-accordion-title\" tabindex=\"0\">Jak cz\u0119sto potrzebuj\u0119 testu szczelno\u015bci?<\/a>\n\t\t\t\t\t<\/div>\n\t\t\t\t\t<div id=\"elementor-tab-content-25211\" class=\"elementor-tab-content elementor-clearfix\" data-tab=\"11\" role=\"region\" aria-labelledby=\"elementor-tab-title-25211\"><p><span style=\"color: #000000;\">Badanie musi zosta\u0107 przeprowadzone w ci\u0105gu +\/- 14 dni od daty pierwszej rejestracji. Przekroczenie daty kontroli o ponad 14 dni spowoduje utrat\u0119 gwarancji.<\/span><\/p><\/div>\n\t\t\t\t<\/div>\n\t\t\t\t\t\t\t<div class=\"elementor-accordion-item\">\n\t\t\t\t\t<div id=\"elementor-tab-title-25212\" class=\"elementor-tab-title\" data-tab=\"12\" role=\"button\" aria-controls=\"elementor-tab-content-25212\" aria-expanded=\"false\">\n\t\t\t\t\t\t\t\t\t\t\t\t\t<span class=\"elementor-accordion-icon elementor-accordion-icon-left\" aria-hidden=\"true\">\n\t\t\t\t\t\t\t\t\t\t\t\t\t\t\t<span class=\"elementor-accordion-icon-closed\"><i class=\"fas fa-plus\"><\/i><\/span>\n\t\t\t\t\t\t\t\t<span class=\"elementor-accordion-icon-opened\"><i class=\"fas fa-minus\"><\/i><\/span>\n\t\t\t\t\t\t\t\t\t\t\t\t\t\t<\/span>\n\t\t\t\t\t\t\t\t\t\t\t\t<a class=\"elementor-accordion-title\" tabindex=\"0\">Obla\u0142em egzamin. Co mam teraz zrobi\u0107?<\/a>\n\t\t\t\t\t<\/div>\n\t\t\t\t\t<div id=\"elementor-tab-content-25212\" class=\"elementor-tab-content elementor-clearfix\" data-tab=\"12\" role=\"region\" aria-labelledby=\"elementor-tab-title-25212\"><p><span style=\"color: #000000;\">Nadal zalecamy przeprowadzanie przegl\u0105d\u00f3w. Gwarancja szczelno\u015bci wygas\u0142a.<\/span><\/p><\/div>\n\t\t\t\t<\/div>\n\t\t\t\t\t\t\t<div class=\"elementor-accordion-item\">\n\t\t\t\t\t<div id=\"elementor-tab-title-25213\" class=\"elementor-tab-title\" data-tab=\"13\" role=\"button\" aria-controls=\"elementor-tab-content-25213\" aria-expanded=\"false\">\n\t\t\t\t\t\t\t\t\t\t\t\t\t<span class=\"elementor-accordion-icon elementor-accordion-icon-left\" aria-hidden=\"true\">\n\t\t\t\t\t\t\t\t\t\t\t\t\t\t\t<span class=\"elementor-accordion-icon-closed\"><i class=\"fas fa-plus\"><\/i><\/span>\n\t\t\t\t\t\t\t\t<span class=\"elementor-accordion-icon-opened\"><i class=\"fas fa-minus\"><\/i><\/span>\n\t\t\t\t\t\t\t\t\t\t\t\t\t\t<\/span>\n\t\t\t\t\t\t\t\t\t\t\t\t<a class=\"elementor-accordion-title\" tabindex=\"0\">Czy w Ahorn Camp mog\u0119 r\u00f3wnie\u017c wynaj\u0105\u0107 kampery?<\/a>\n\t\t\t\t\t<\/div>\n\t\t\t\t\t<div id=\"elementor-tab-content-25213\" class=\"elementor-tab-content elementor-clearfix\" data-tab=\"13\" role=\"region\" aria-labelledby=\"elementor-tab-title-25213\"><p><span style=\"color: #000000;\">Tak, r\u00f3wnie\u017c wynajmujemy kampery i busy kempingowe pod nasz\u0105 mark\u0105 wynajmu.<span style=\"color: #1b508c;\"><strong>\u00a0<\/strong><\/span><a style=\"color: #000000;\" href=\"https:\/\/www.ahorn-rent.de\/\"><span style=\"color: #1b508c;\"><strong>A<\/strong><strong>Wynajem rog\u00f3w<\/strong><\/span>.\u00a0<\/a>Obecnie posiadamy do 60 stacji wynajmu w ca\u0142ych Niemczech.\u00a0<a style=\"color: #000000;\" href=\"https:\/\/www.ahorn-rent.de\/vermietstationen\/\">Tutaj<\/a>\u00a0Czy mo\u017cesz po prostu <strong><span style=\"color: #1b508c;\"><a style=\"color: #1b508c;\" href=\"https:\/\/ahorn-rent.de\/vermietstationen\/\">Ahorn Partner Wynajmu<\/a><\/span><\/strong> w pobli\u017cu.<\/span><\/p><\/div>\n\t\t\t\t<\/div>\n\t\t\t\t\t\t\t<div class=\"elementor-accordion-item\">\n\t\t\t\t\t<div id=\"elementor-tab-title-25214\" class=\"elementor-tab-title\" data-tab=\"14\" role=\"button\" aria-controls=\"elementor-tab-content-25214\" aria-expanded=\"false\">\n\t\t\t\t\t\t\t\t\t\t\t\t\t<span class=\"elementor-accordion-icon elementor-accordion-icon-left\" aria-hidden=\"true\">\n\t\t\t\t\t\t\t\t\t\t\t\t\t\t\t<span class=\"elementor-accordion-icon-closed\"><i class=\"fas fa-plus\"><\/i><\/span>\n\t\t\t\t\t\t\t\t<span class=\"elementor-accordion-icon-opened\"><i class=\"fas fa-minus\"><\/i><\/span>\n\t\t\t\t\t\t\t\t\t\t\t\t\t\t<\/span>\n\t\t\t\t\t\t\t\t\t\t\t\t<a class=\"elementor-accordion-title\" tabindex=\"0\">Gdzie mog\u0119 ubezpieczy\u0107 m\u00f3j kamper?<\/a>\n\t\t\t\t\t<\/div>\n\t\t\t\t\t<div id=\"elementor-tab-content-25214\" class=\"elementor-tab-content elementor-clearfix\" data-tab=\"14\" role=\"region\" aria-labelledby=\"elementor-tab-title-25214\"><p><span style=\"color: #000000;\">Ahorn Camp \u015bci\u015ble wsp\u00f3\u0142pracuje w tej kwestii z RMV. Informacje na ten temat mo\u017cna znale\u017a\u0107 na naszej stronie\u00a0<span style=\"color: #1b508c;\"><strong><a style=\"color: #1b508c;\" href=\"https:\/\/ahorn-camp.de\/pl\/reisemobil-versicherung\/\">Strona ubezpieczeniowa<\/a>\u00a0<\/strong><\/span>i w naszym kalkulatorze. Ch\u0119tnie prze\u015blemy Pa\u0144stwu niezobowi\u0105zuj\u0105c\u0105 ofert\u0119 cenow\u0105. Wi\u0119cej informacji znajd\u0105 Pa\u0144stwo r\u00f3wnie\u017c bezpo\u015brednio na stronie internetowej<span style=\"color: #1b508c;\"><strong>\u00a0<\/strong><\/span><a style=\"color: #000000;\" href=\"http:\/\/www.rmv.de\/\"><span style=\"color: #1b508c;\"><strong>RMV<\/strong><\/span>.<\/a><\/span><\/p><\/div>\n\t\t\t\t<\/div>\n\t\t\t\t\t\t\t<div class=\"elementor-accordion-item\">\n\t\t\t\t\t<div id=\"elementor-tab-title-25215\" class=\"elementor-tab-title\" data-tab=\"15\" role=\"button\" aria-controls=\"elementor-tab-content-25215\" aria-expanded=\"false\">\n\t\t\t\t\t\t\t\t\t\t\t\t\t<span class=\"elementor-accordion-icon elementor-accordion-icon-left\" aria-hidden=\"true\">\n\t\t\t\t\t\t\t\t\t\t\t\t\t\t\t<span class=\"elementor-accordion-icon-closed\"><i class=\"fas fa-plus\"><\/i><\/span>\n\t\t\t\t\t\t\t\t<span class=\"elementor-accordion-icon-opened\"><i class=\"fas fa-minus\"><\/i><\/span>\n\t\t\t\t\t\t\t\t\t\t\t\t\t\t<\/span>\n\t\t\t\t\t\t\t\t\t\t\t\t<a class=\"elementor-accordion-title\" tabindex=\"0\">Jak przygotowa\u0107 m\u00f3j bojler Webasto Whale na zim\u0119?<\/a>\n\t\t\t\t\t<\/div>\n\t\t\t\t\t<div id=\"elementor-tab-content-25215\" class=\"elementor-tab-content elementor-clearfix\" data-tab=\"15\" role=\"region\" aria-labelledby=\"elementor-tab-title-25215\"><p><span style=\"color: #000000;\">Dowiedz si\u0119 wi\u0119cej bezpo\u015brednio od producenta.<\/span>\u00a0<strong><a href=\"https:\/\/ahorn-camp.de\/wp-content\/uploads\/2024\/02\/Whale-Boiler-winterfest-machen.pdf\">Kliknij tutaj.<\/a><\/strong><\/p><\/div>\n\t\t\t\t<\/div>\n\t\t\t\t\t\t\t<div class=\"elementor-accordion-item\">\n\t\t\t\t\t<div id=\"elementor-tab-title-25216\" class=\"elementor-tab-title\" data-tab=\"16\" role=\"button\" aria-controls=\"elementor-tab-content-25216\" aria-expanded=\"false\">\n\t\t\t\t\t\t\t\t\t\t\t\t\t<span class=\"elementor-accordion-icon elementor-accordion-icon-left\" aria-hidden=\"true\">\n\t\t\t\t\t\t\t\t\t\t\t\t\t\t\t<span class=\"elementor-accordion-icon-closed\"><i class=\"fas fa-plus\"><\/i><\/span>\n\t\t\t\t\t\t\t\t<span class=\"elementor-accordion-icon-opened\"><i class=\"fas fa-minus\"><\/i><\/span>\n\t\t\t\t\t\t\t\t\t\t\t\t\t\t<\/span>\n\t\t\t\t\t\t\t\t\t\t\t\t<a class=\"elementor-accordion-title\" tabindex=\"0\">Chcia\u0142bym rozszerzy\u0107 instalacj\u0119 solarn\u0105 o mocy 100W do 200W. Czy zamontowany fabrycznie regulator jest wystarczaj\u0105cy do rozszerzenia o drugi panel, czy trzeba wymieni\u0107 regulator?<\/a>\n\t\t\t\t\t<\/div>\n\t\t\t\t\t<div id=\"elementor-tab-content-25216\" class=\"elementor-tab-content elementor-clearfix\" data-tab=\"16\" role=\"region\" aria-labelledby=\"elementor-tab-title-25216\"><p><span style=\"color: #000000;\">W tym przypadku potrzebny jest wi\u0119kszy kontroler \u0142adowania s\u0142onecznego. Nale\u017cy go zatem wymieni\u0107, ale jest on wliczony w cen\u0119 modernizacji.<\/span><\/p><\/div>\n\t\t\t\t<\/div>\n\t\t\t\t\t\t\t<div class=\"elementor-accordion-item\">\n\t\t\t\t\t<div id=\"elementor-tab-title-25217\" class=\"elementor-tab-title\" data-tab=\"17\" role=\"button\" aria-controls=\"elementor-tab-content-25217\" aria-expanded=\"false\">\n\t\t\t\t\t\t\t\t\t\t\t\t\t<span class=\"elementor-accordion-icon elementor-accordion-icon-left\" aria-hidden=\"true\">\n\t\t\t\t\t\t\t\t\t\t\t\t\t\t\t<span class=\"elementor-accordion-icon-closed\"><i class=\"fas fa-plus\"><\/i><\/span>\n\t\t\t\t\t\t\t\t<span class=\"elementor-accordion-icon-opened\"><i class=\"fas fa-minus\"><\/i><\/span>\n\t\t\t\t\t\t\t\t\t\t\t\t\t\t<\/span>\n\t\t\t\t\t\t\t\t\t\t\t\t<a class=\"elementor-accordion-title\" tabindex=\"0\">Na co zwr\u00f3ci\u0107 uwag\u0119 przy akumulatorze pomocniczym?<\/a>\n\t\t\t\t\t<\/div>\n\t\t\t\t\t<div id=\"elementor-tab-content-25217\" class=\"elementor-tab-content elementor-clearfix\" data-tab=\"17\" role=\"region\" aria-labelledby=\"elementor-tab-title-25217\"><p><span style=\"color: #000000;\">Prosz\u0119 unika\u0107 g\u0142\u0119bokiego roz\u0142adowania akumulator\u00f3w pojazdu, poniewa\u017c mo\u017ce to doprowadzi\u0107 do ich uszkodzenia. Zalecamy regularne sprawdzanie wska\u017anika na\u0142adowania akumulatora. Nale\u017cy je na\u0142adowa\u0107 najp\u00f3\u017aniej, gdy wska\u017anik poka\u017ce trzy kreski. Napi\u0119cie akumulator\u00f3w nigdy nie powinno spada\u0107 poni\u017cej 11,9 V. Je\u015bli akumulator mimo to zostanie niemal ca\u0142kowicie roz\u0142adowany, nale\u017cy go od\u0142\u0105czy\u0107 i pod\u0142\u0105czy\u0107 pojazd do zasilania zewn\u0119trznego. Podczas zimowego postoju, a tak\u017ce w przypadku postoju d\u0142u\u017cszego ni\u017c 3 dni, akumulator nale\u017cy od\u0142\u0105czy\u0107. W przypadku d\u0142u\u017cszych przestoj\u00f3w zalecamy r\u00f3wnie\u017c regularne \u0142adowanie.<\/span><\/p><\/div>\n\t\t\t\t<\/div>\n\t\t\t\t\t\t\t<div class=\"elementor-accordion-item\">\n\t\t\t\t\t<div id=\"elementor-tab-title-25218\" class=\"elementor-tab-title\" data-tab=\"18\" role=\"button\" aria-controls=\"elementor-tab-content-25218\" aria-expanded=\"false\">\n\t\t\t\t\t\t\t\t\t\t\t\t\t<span class=\"elementor-accordion-icon elementor-accordion-icon-left\" aria-hidden=\"true\">\n\t\t\t\t\t\t\t\t\t\t\t\t\t\t\t<span class=\"elementor-accordion-icon-closed\"><i class=\"fas fa-plus\"><\/i><\/span>\n\t\t\t\t\t\t\t\t<span class=\"elementor-accordion-icon-opened\"><i class=\"fas fa-minus\"><\/i><\/span>\n\t\t\t\t\t\t\t\t\t\t\t\t\t\t<\/span>\n\t\t\t\t\t\t\t\t\t\t\t\t<a class=\"elementor-accordion-title\" tabindex=\"0\">Gdzie jest zabezpieczenie przeciwmrozowe w moim kamperze?<\/a>\n\t\t\t\t\t<\/div>\n\t\t\t\t\t<div id=\"elementor-tab-content-25218\" class=\"elementor-tab-content elementor-clearfix\" data-tab=\"18\" role=\"region\" aria-labelledby=\"elementor-tab-title-25218\"><p><span style=\"color: #000000;\">Czujnik zamarzania jest zazwyczaj zamontowany w pobli\u017cu ogrzewania lub w szafce kuchennej kampera. Jedynym wyj\u0105tkiem jest model Ahorn Camp T640, w kt\u00f3rym czujnik zamarzania znajduje si\u0119 za fotelem kierowcy. Jest to czarna skrzynka wielko\u015bci d\u0142oni z jasnoniebieskim przyciskiem i jasnoniebiesk\u0105 d\u017awigni\u0105.<\/span><\/p><\/div>\n\t\t\t\t<\/div>\n\t\t\t\t\t\t\t<div class=\"elementor-accordion-item\">\n\t\t\t\t\t<div id=\"elementor-tab-title-25219\" class=\"elementor-tab-title\" data-tab=\"19\" role=\"button\" aria-controls=\"elementor-tab-content-25219\" aria-expanded=\"false\">\n\t\t\t\t\t\t\t\t\t\t\t\t\t<span class=\"elementor-accordion-icon elementor-accordion-icon-left\" aria-hidden=\"true\">\n\t\t\t\t\t\t\t\t\t\t\t\t\t\t\t<span class=\"elementor-accordion-icon-closed\"><i class=\"fas fa-plus\"><\/i><\/span>\n\t\t\t\t\t\t\t\t<span class=\"elementor-accordion-icon-opened\"><i class=\"fas fa-minus\"><\/i><\/span>\n\t\t\t\t\t\t\t\t\t\t\t\t\t\t<\/span>\n\t\t\t\t\t\t\t\t\t\t\t\t<a class=\"elementor-accordion-title\" tabindex=\"0\">Podczas nape\u0142niania zbiornika czystej wody woda cieknie pod pojazdem, co mog\u0119 zrobi\u0107?<\/a>\n\t\t\t\t\t<\/div>\n\t\t\t\t\t<div id=\"elementor-tab-content-25219\" class=\"elementor-tab-content elementor-clearfix\" data-tab=\"19\" role=\"region\" aria-labelledby=\"elementor-tab-title-25219\"><p><span style=\"color: #000000;\">Tutaj mo\u017ce by\u0107 otwarty zaw\u00f3r przeciwzamro\u017ceniowy. Musi on by\u0107 zamkni\u0119ty, aby mo\u017cna by\u0142o nape\u0142ni\u0107 zbiornik. W tym celu nale\u017cy wcisn\u0105\u0107 niebieski przycisk i ustawi\u0107 d\u017awigni\u0119 w pozycji poziomej.<\/span><\/p><\/div>\n\t\t\t\t<\/div>\n\t\t\t\t\t\t\t<div class=\"elementor-accordion-item\">\n\t\t\t\t\t<div id=\"elementor-tab-title-25220\" class=\"elementor-tab-title\" data-tab=\"20\" role=\"button\" aria-controls=\"elementor-tab-content-25220\" aria-expanded=\"false\">\n\t\t\t\t\t\t\t\t\t\t\t\t\t<span class=\"elementor-accordion-icon elementor-accordion-icon-left\" aria-hidden=\"true\">\n\t\t\t\t\t\t\t\t\t\t\t\t\t\t\t<span class=\"elementor-accordion-icon-closed\"><i class=\"fas fa-plus\"><\/i><\/span>\n\t\t\t\t\t\t\t\t<span class=\"elementor-accordion-icon-opened\"><i class=\"fas fa-minus\"><\/i><\/span>\n\t\t\t\t\t\t\t\t\t\t\t\t\t\t<\/span>\n\t\t\t\t\t\t\t\t\t\t\t\t<a class=\"elementor-accordion-title\" tabindex=\"0\">Na co zwr\u00f3ci\u0107 uwag\u0119 przy monta\u017cu zawieszenia pneumatycznego lub przy zwi\u0119kszeniu dopuszczalnej masy ca\u0142kowitej do 4000 kg w Renault Master (kampery)?<\/a>\n\t\t\t\t\t<\/div>\n\t\t\t\t\t<div id=\"elementor-tab-content-25220\" class=\"elementor-tab-content elementor-clearfix\" data-tab=\"20\" role=\"region\" aria-labelledby=\"elementor-tab-title-25220\"><p><span style=\"color: #000000;\"><strong>Monta\u017c resor\u00f3w pneumatycznych bez zwi\u0119kszenia dopuszczalnej masy ca\u0142kowitej:<\/strong><\/span><\/p><ul><li><span style=\"color: #000000;\">Wpis przez T\u00dcV<\/span><\/li><li><span style=\"color: #000000;\">Tylna o\u015b otrzymuje zamiast 2100 kg, 2200 kg<\/span><\/li><\/ul><p><span style=\"color: #000000;\"><strong>Monta\u017c pneumatycznego zawieszenia z zwi\u0119kszeniem \u0142adowno\u015bci:<\/strong><\/span><\/p><ul><li><span style=\"color: #000000;\">Wpis przez T\u00dcV<\/span><\/li><li><span style=\"color: #000000;\">Tylna o\u015b otrzymuje zamiast 2100 kg, 2200 kg<\/span><\/li><li><span style=\"color: #000000;\">Opony i felgi musz\u0105\u00a0<strong>nie<\/strong>\u00a0zmienione<\/span><\/li><li><span style=\"color: #000000;\">Wymagane jest prawo jazdy kategorii C1 (Koszt prawa jazdy kategorii C1 r\u00f3\u017cni si\u0119 w zale\u017cno\u015bci od regionu)<\/span><\/li><li><span style=\"color: #000000;\">Interwa\u0142y T\u00dcV si\u0119 zmieniaj\u0105 \u2013 w przypadku nowych modeli co 24 miesi\u0105ce przez pierwsze 72 miesi\u0105ce, a w przypadku dalszych bada\u0144 co 12 miesi\u0119cy<\/span><\/li><li><span style=\"color: #000000;\">Je\u015bli tylna o\u015b zostanie podniesiona do 2,4 tony, w ka\u017cdym przypadku nale\u017cy wymieni\u0107 opony. Wymagany rozmiar: 235\/65 r 16, z indeksem no\u015bno\u015bci co najmniej 115. Felgi powinny zosta\u0107 wymienione zgodnie z KBA 44544 lub RE616013, zgodnie z opini\u0105 techniczn\u0105.<\/span><\/li><\/ul><\/div>\n\t\t\t\t<\/div>\n\t\t\t\t\t\t\t<div class=\"elementor-accordion-item\">\n\t\t\t\t\t<div id=\"elementor-tab-title-25221\" class=\"elementor-tab-title\" data-tab=\"21\" role=\"button\" aria-controls=\"elementor-tab-content-25221\" aria-expanded=\"false\">\n\t\t\t\t\t\t\t\t\t\t\t\t\t<span class=\"elementor-accordion-icon elementor-accordion-icon-left\" aria-hidden=\"true\">\n\t\t\t\t\t\t\t\t\t\t\t\t\t\t\t<span class=\"elementor-accordion-icon-closed\"><i class=\"fas fa-plus\"><\/i><\/span>\n\t\t\t\t\t\t\t\t<span class=\"elementor-accordion-icon-opened\"><i class=\"fas fa-minus\"><\/i><\/span>\n\t\t\t\t\t\t\t\t\t\t\t\t\t\t<\/span>\n\t\t\t\t\t\t\t\t\t\t\t\t<a class=\"elementor-accordion-title\" tabindex=\"0\">Jak dezaktywowa\u0107 poduszk\u0119 powietrzn\u0105 pasa\u017cera w kamperze?<\/a>\n\t\t\t\t\t<\/div>\n\t\t\t\t\t<div id=\"elementor-tab-content-25221\" class=\"elementor-tab-content elementor-clearfix\" data-tab=\"21\" role=\"region\" aria-labelledby=\"elementor-tab-title-25221\"><p><span style=\"color: #000000;\">We wszystkich kamperach marki Ahorn Camp mo\u017cna wy\u0142\u0105czy\u0107 poduszk\u0119 powietrzn\u0105 pasa\u017cera. W tym celu nale\u017cy ustawi\u0107 prze\u0142\u0105cznik \u201eOn-Off\u201d znajduj\u0105cy si\u0119 po prawej stronie poduszki powietrznej w pozycji \u201eOff\u201d.<\/span><\/p><\/div>\n\t\t\t\t<\/div>\n\t\t\t\t\t\t\t<div class=\"elementor-accordion-item\">\n\t\t\t\t\t<div id=\"elementor-tab-title-25222\" class=\"elementor-tab-title\" data-tab=\"22\" role=\"button\" aria-controls=\"elementor-tab-content-25222\" aria-expanded=\"false\">\n\t\t\t\t\t\t\t\t\t\t\t\t\t<span class=\"elementor-accordion-icon elementor-accordion-icon-left\" aria-hidden=\"true\">\n\t\t\t\t\t\t\t\t\t\t\t\t\t\t\t<span class=\"elementor-accordion-icon-closed\"><i class=\"fas fa-plus\"><\/i><\/span>\n\t\t\t\t\t\t\t\t<span class=\"elementor-accordion-icon-opened\"><i class=\"fas fa-minus\"><\/i><\/span>\n\t\t\t\t\t\t\t\t\t\t\t\t\t\t<\/span>\n\t\t\t\t\t\t\t\t\t\t\t\t<a class=\"elementor-accordion-title\" tabindex=\"0\">Jak dostosowa\u0107 ci\u015bnienie w miechu zawieszenia mojego kampera?<\/a>\n\t\t\t\t\t<\/div>\n\t\t\t\t\t<div id=\"elementor-tab-content-25222\" class=\"elementor-tab-content elementor-clearfix\" data-tab=\"22\" role=\"region\" aria-labelledby=\"elementor-tab-title-25222\"><p><span style=\"color: #000000;\">Aby zwi\u0119kszy\u0107 ci\u015bnienie w miechu pneumatycznym kampera, nale\u017cy nacisn\u0105\u0107 i przytrzyma\u0107 prze\u0142\u0105cznik po\u015brodku panelu sterowania. Aby zmniejszy\u0107 ci\u015bnienie w miechu pneumatycznym \/ wypu\u015bci\u0107 powietrze, nale\u017cy nacisn\u0105\u0107 oddzielnie zawory po lewej i prawej stronie.<\/span><\/p><\/div>\n\t\t\t\t<\/div>\n\t\t\t\t\t\t\t<div class=\"elementor-accordion-item\">\n\t\t\t\t\t<div id=\"elementor-tab-title-25223\" class=\"elementor-tab-title\" data-tab=\"23\" role=\"button\" aria-controls=\"elementor-tab-content-25223\" aria-expanded=\"false\">\n\t\t\t\t\t\t\t\t\t\t\t\t\t<span class=\"elementor-accordion-icon elementor-accordion-icon-left\" aria-hidden=\"true\">\n\t\t\t\t\t\t\t\t\t\t\t\t\t\t\t<span class=\"elementor-accordion-icon-closed\"><i class=\"fas fa-plus\"><\/i><\/span>\n\t\t\t\t\t\t\t\t<span class=\"elementor-accordion-icon-opened\"><i class=\"fas fa-minus\"><\/i><\/span>\n\t\t\t\t\t\t\t\t\t\t\t\t\t\t<\/span>\n\t\t\t\t\t\t\t\t\t\t\t\t<a class=\"elementor-accordion-title\" tabindex=\"0\">B\u0142\u0105d E621 na sterowniku ogrzewania Truma po pod\u0142\u0105czeniu akumulatora<\/a>\n\t\t\t\t\t<\/div>\n\t\t\t\t\t<div id=\"elementor-tab-content-25223\" class=\"elementor-tab-content elementor-clearfix\" data-tab=\"23\" role=\"region\" aria-labelledby=\"elementor-tab-title-25223\"><p><span style=\"color: #000000;\">Po od\u0142\u0105czeniu akumulatora pok\u0142adowego na jaki\u015b czas, na przyk\u0142ad po zimowej przerwie, mo\u017ce si\u0119 zdarzy\u0107, \u017ce ogrzewanie Truma wy\u015bwietli kod b\u0142\u0119du E621 na wy\u015bwietlaczu po pierwszym w\u0142\u0105czeniu. Odczekaj 15 minut, a\u017c ta wiadomo\u015b\u0107 przestanie miga\u0107, a nast\u0119pnie nale\u017cy potwierdzi\u0107 ten b\u0142\u0105d proste naci\u015bni\u0119cie pokr\u0119t\u0142a\/przycisku na CP Plus, a ogrzewanie powinno ponownie dzia\u0142a\u0107 jak zwykle. Je\u015bli panel sterowania jest w trybie czuwania, najpierw nale\u017cy aktywowa\u0107 pod\u015bwietlenie naciskaj\u0105c je, zanim b\u0119dzie mo\u017cna potwierdzi\u0107 komunikat drugim naci\u015bni\u0119ciem.<\/span><\/p><\/div>\n\t\t\t\t<\/div>\n\t\t\t\t\t\t\t\t<\/div>\n\t\t\t\t\t\t<\/div>\n\t\t\t\t<\/div>\n\t\t\t\t<div class=\"elementor-element elementor-element-01f4b91 elementor-widget elementor-widget-heading\" data-id=\"01f4b91\" data-element_type=\"widget\" data-e-type=\"widget\" data-widget_type=\"heading.default\">\n\t\t\t\t<div class=\"elementor-widget-container\">\n\t\t\t\t\t<h2 class=\"elementor-heading-title elementor-size-default\">Gwarancja<\/h2>\t\t\t\t<\/div>\n\t\t\t\t<\/div>\n\t\t\t\t<div class=\"elementor-element elementor-element-4a4b5c2 elementor-widget elementor-widget-text-editor\" data-id=\"4a4b5c2\" data-element_type=\"widget\" data-e-type=\"widget\" data-widget_type=\"text-editor.default\">\n\t\t\t\t<div class=\"elementor-widget-container\">\n\t\t\t\t\t\t\t\t\t<p style=\"text-align: left;\"><span style=\"color: #000000;\">Wichtiger Hinweis: 1 Jahr Garantie auf die Aufbaubatterie besteht nur, sofern diese nicht tiefentladen wird.<br \/>Das bedeutet ordnungsgem\u00e4\u00df abgeklemmt bei einer Nicht-Benutzung des Wohnraums von mehr als <br \/>3 Tagenund bei Vermeidung einer zu tiefen Entladung w\u00e4hrend der Benutzung (unter 11,9V).<\/span><\/p>\t\t\t\t\t\t\t\t<\/div>\n\t\t\t\t<\/div>\n\t\t\t\t<div class=\"elementor-element elementor-element-e71c9c1 elementor-widget elementor-widget-accordion\" data-id=\"e71c9c1\" data-element_type=\"widget\" data-e-type=\"widget\" data-widget_type=\"accordion.default\">\n\t\t\t\t<div class=\"elementor-widget-container\">\n\t\t\t\t\t\t\t<div class=\"elementor-accordion\">\n\t\t\t\t\t\t\t<div class=\"elementor-accordion-item\">\n\t\t\t\t\t<div id=\"elementor-tab-title-2421\" class=\"elementor-tab-title\" data-tab=\"1\" role=\"button\" aria-controls=\"elementor-tab-content-2421\" aria-expanded=\"false\">\n\t\t\t\t\t\t\t\t\t\t\t\t\t<span class=\"elementor-accordion-icon elementor-accordion-icon-left\" aria-hidden=\"true\">\n\t\t\t\t\t\t\t\t\t\t\t\t\t\t\t<span class=\"elementor-accordion-icon-closed\"><i class=\"fas fa-plus\"><\/i><\/span>\n\t\t\t\t\t\t\t\t<span class=\"elementor-accordion-icon-opened\"><i class=\"fas fa-minus\"><\/i><\/span>\n\t\t\t\t\t\t\t\t\t\t\t\t\t\t<\/span>\n\t\t\t\t\t\t\t\t\t\t\t\t<a class=\"elementor-accordion-title\" tabindex=\"0\">Jak rozpocz\u0105\u0107 gwarancj\u0119 mojego pojazdu?<\/a>\n\t\t\t\t\t<\/div>\n\t\t\t\t\t<div id=\"elementor-tab-content-2421\" class=\"elementor-tab-content elementor-clearfix\" data-tab=\"1\" role=\"region\" aria-labelledby=\"elementor-tab-title-2421\"><p><span style=\"color: #000000;\">Aby uruchomi\u0107 gwarancj\u0119 na kampera marki Ahorn Camp, prosimy o przes\u0142anie dowodu rejestracyjnego oraz, w razie potrzeby, karty gwarancyjnej z ksi\u0105\u017ceczki serwisowej na adres <strong><a href=\"mailto:service@ahorn-camp.de\">service@ahorn-camp.de<\/a><\/strong>.<\/span><\/p><\/div>\n\t\t\t\t<\/div>\n\t\t\t\t\t\t\t<div class=\"elementor-accordion-item\">\n\t\t\t\t\t<div id=\"elementor-tab-title-2422\" class=\"elementor-tab-title\" data-tab=\"2\" role=\"button\" aria-controls=\"elementor-tab-content-2422\" aria-expanded=\"false\">\n\t\t\t\t\t\t\t\t\t\t\t\t\t<span class=\"elementor-accordion-icon elementor-accordion-icon-left\" aria-hidden=\"true\">\n\t\t\t\t\t\t\t\t\t\t\t\t\t\t\t<span class=\"elementor-accordion-icon-closed\"><i class=\"fas fa-plus\"><\/i><\/span>\n\t\t\t\t\t\t\t\t<span class=\"elementor-accordion-icon-opened\"><i class=\"fas fa-minus\"><\/i><\/span>\n\t\t\t\t\t\t\t\t\t\t\t\t\t\t<\/span>\n\t\t\t\t\t\t\t\t\t\t\t\t<a class=\"elementor-accordion-title\" tabindex=\"0\">Czy gwarancja jest liczona od pierwszej rejestracji, czy od daty zakupu?<\/a>\n\t\t\t\t\t<\/div>\n\t\t\t\t\t<div id=\"elementor-tab-content-2422\" class=\"elementor-tab-content elementor-clearfix\" data-tab=\"2\" role=\"region\" aria-labelledby=\"elementor-tab-title-2422\"><p><span style=\"color: #000000;\">Gwarancja rozpoczyna si\u0119 od daty pierwszej rejestracji.<\/span><\/p><\/div>\n\t\t\t\t<\/div>\n\t\t\t\t\t\t\t<div class=\"elementor-accordion-item\">\n\t\t\t\t\t<div id=\"elementor-tab-title-2423\" class=\"elementor-tab-title\" data-tab=\"3\" role=\"button\" aria-controls=\"elementor-tab-content-2423\" aria-expanded=\"false\">\n\t\t\t\t\t\t\t\t\t\t\t\t\t<span class=\"elementor-accordion-icon elementor-accordion-icon-left\" aria-hidden=\"true\">\n\t\t\t\t\t\t\t\t\t\t\t\t\t\t\t<span class=\"elementor-accordion-icon-closed\"><i class=\"fas fa-plus\"><\/i><\/span>\n\t\t\t\t\t\t\t\t<span class=\"elementor-accordion-icon-opened\"><i class=\"fas fa-minus\"><\/i><\/span>\n\t\t\t\t\t\t\t\t\t\t\t\t\t\t<\/span>\n\t\t\t\t\t\t\t\t\t\t\t\t<a class=\"elementor-accordion-title\" tabindex=\"0\">Ile lat gwarancji mam?<\/a>\n\t\t\t\t\t<\/div>\n\t\t\t\t\t<div id=\"elementor-tab-content-2423\" class=\"elementor-tab-content elementor-clearfix\" data-tab=\"3\" role=\"region\" aria-labelledby=\"elementor-tab-title-2423\"><p><span style=\"color: #000000;\">Gwarancja szczelno\u015bci: 5 lat (pod warunkiem przeprowadzania regularnych przegl\u0105d\u00f3w szczelno\u015bci), Gwarancja na zabudow\u0119, wyposa\u017cenie, urz\u0105dzenia i podwozie: 2 lata Gwarancja na akumulator zabudowy: 12 miesi\u0119cy.<\/span><\/p><\/div>\n\t\t\t\t<\/div>\n\t\t\t\t\t\t\t<div class=\"elementor-accordion-item\">\n\t\t\t\t\t<div id=\"elementor-tab-title-2424\" class=\"elementor-tab-title\" data-tab=\"4\" role=\"button\" aria-controls=\"elementor-tab-content-2424\" aria-expanded=\"false\">\n\t\t\t\t\t\t\t\t\t\t\t\t\t<span class=\"elementor-accordion-icon elementor-accordion-icon-left\" aria-hidden=\"true\">\n\t\t\t\t\t\t\t\t\t\t\t\t\t\t\t<span class=\"elementor-accordion-icon-closed\"><i class=\"fas fa-plus\"><\/i><\/span>\n\t\t\t\t\t\t\t\t<span class=\"elementor-accordion-icon-opened\"><i class=\"fas fa-minus\"><\/i><\/span>\n\t\t\t\t\t\t\t\t\t\t\t\t\t\t<\/span>\n\t\t\t\t\t\t\t\t\t\t\t\t<a class=\"elementor-accordion-title\" tabindex=\"0\">Czy samochody u\u017cywane r\u00f3wnie\u017c maj\u0105 prawo do gwarancji?<\/a>\n\t\t\t\t\t<\/div>\n\t\t\t\t\t<div id=\"elementor-tab-content-2424\" class=\"elementor-tab-content elementor-clearfix\" data-tab=\"4\" role=\"region\" aria-labelledby=\"elementor-tab-title-2424\"><p><span style=\"color: #000000;\">Tak, r\u00f3wnie\u017c u\u017cywane kampery i samochody kempingowe firmy Ahorn Camp obj\u0119te s\u0105 roczn\u0105 gwarancj\u0105.<\/span><\/p><\/div>\n\t\t\t\t<\/div>\n\t\t\t\t\t\t\t<div class=\"elementor-accordion-item\">\n\t\t\t\t\t<div id=\"elementor-tab-title-2425\" class=\"elementor-tab-title\" data-tab=\"5\" role=\"button\" aria-controls=\"elementor-tab-content-2425\" aria-expanded=\"false\">\n\t\t\t\t\t\t\t\t\t\t\t\t\t<span class=\"elementor-accordion-icon elementor-accordion-icon-left\" aria-hidden=\"true\">\n\t\t\t\t\t\t\t\t\t\t\t\t\t\t\t<span class=\"elementor-accordion-icon-closed\"><i class=\"fas fa-plus\"><\/i><\/span>\n\t\t\t\t\t\t\t\t<span class=\"elementor-accordion-icon-opened\"><i class=\"fas fa-minus\"><\/i><\/span>\n\t\t\t\t\t\t\t\t\t\t\t\t\t\t<\/span>\n\t\t\t\t\t\t\t\t\t\t\t\t<a class=\"elementor-accordion-title\" tabindex=\"0\">Co mam zrobi\u0107, je\u015bli uwa\u017cam, \u017ce wyst\u0105pi\u0142 przypadek obj\u0119ty gwarancj\u0105?<\/a>\n\t\t\t\t\t<\/div>\n\t\t\t\t\t<div id=\"elementor-tab-content-2425\" class=\"elementor-tab-content elementor-clearfix\" data-tab=\"5\" role=\"region\" aria-labelledby=\"elementor-tab-title-2425\"><p><span style=\"color: #000000;\">Ch\u0119tnie mog\u0105 Pa\u0144stwo skontaktowa\u0107 si\u0119 z jednym z naszych wykwalifikowanych partner\u00f3w serwisowych. Alternatywnie, prosimy o wys\u0142anie wiadomo\u015bci e-mail na adres <strong><a href=\"mailto:service@ahorn-camp.de\">service@ahorn-camp.de<\/a><\/strong>\u00a0z numerem podwozia, opisem i zdj\u0119ciami. Prosimy o przes\u0142anie precyzyjnego opisu uszkodzenia (samo \u201ecz\u0119\u015b\u0107 uszkodzona\u201c nie wystarczy) oraz wyra\u017anych zdj\u0119\u0107 z bliska i z daleka. Niekompletne informacje mog\u0105 spowodowa\u0107 op\u00f3\u017anienie w rozpatrzeniu.<\/span><\/p><\/div>\n\t\t\t\t<\/div>\n\t\t\t\t\t\t\t<div class=\"elementor-accordion-item\">\n\t\t\t\t\t<div id=\"elementor-tab-title-2426\" class=\"elementor-tab-title\" data-tab=\"6\" role=\"button\" aria-controls=\"elementor-tab-content-2426\" aria-expanded=\"false\">\n\t\t\t\t\t\t\t\t\t\t\t\t\t<span class=\"elementor-accordion-icon elementor-accordion-icon-left\" aria-hidden=\"true\">\n\t\t\t\t\t\t\t\t\t\t\t\t\t\t\t<span class=\"elementor-accordion-icon-closed\"><i class=\"fas fa-plus\"><\/i><\/span>\n\t\t\t\t\t\t\t\t<span class=\"elementor-accordion-icon-opened\"><i class=\"fas fa-minus\"><\/i><\/span>\n\t\t\t\t\t\t\t\t\t\t\t\t\t\t<\/span>\n\t\t\t\t\t\t\t\t\t\t\t\t<a class=\"elementor-accordion-title\" tabindex=\"0\">Czy mog\u0119 wykona\u0107 naprawy gwarancyjne w warsztatach nieautoryzowanych przez firm\u0119 Acer?<\/a>\n\t\t\t\t\t<\/div>\n\t\t\t\t\t<div id=\"elementor-tab-content-2426\" class=\"elementor-tab-content elementor-clearfix\" data-tab=\"6\" role=\"region\" aria-labelledby=\"elementor-tab-title-2426\"><p><span style=\"color: #000000;\">Nie, tylko nasz<\/span><strong>\u00a0<a href=\"https:\/\/ahorn-camp.de\/pl\/partner-serwisowy\/\">Partner serwisowy<\/a>r<\/strong> <span style=\"color: #000000;\">s\u0105 upowa\u017cnieni do przeprowadzania prac gwarancyjnych. Dzi\u0119ki wcze\u015bniejszym szkoleniom dla naszych<\/span><strong>\u00a0<a href=\"https:\/\/ahorn-camp.de\/pl\/partner-serwisowy\/\">Partner Serwisowy<\/a>\u00a0<\/strong><span style=\"color: #000000;\">zapewniona jest jednolita i doskona\u0142a praca.<\/span><\/p><\/div>\n\t\t\t\t<\/div>\n\t\t\t\t\t\t\t<div class=\"elementor-accordion-item\">\n\t\t\t\t\t<div id=\"elementor-tab-title-2427\" class=\"elementor-tab-title\" data-tab=\"7\" role=\"button\" aria-controls=\"elementor-tab-content-2427\" aria-expanded=\"false\">\n\t\t\t\t\t\t\t\t\t\t\t\t\t<span class=\"elementor-accordion-icon elementor-accordion-icon-left\" aria-hidden=\"true\">\n\t\t\t\t\t\t\t\t\t\t\t\t\t\t\t<span class=\"elementor-accordion-icon-closed\"><i class=\"fas fa-plus\"><\/i><\/span>\n\t\t\t\t\t\t\t\t<span class=\"elementor-accordion-icon-opened\"><i class=\"fas fa-minus\"><\/i><\/span>\n\t\t\t\t\t\t\t\t\t\t\t\t\t\t<\/span>\n\t\t\t\t\t\t\t\t\t\t\t\t<a class=\"elementor-accordion-title\" tabindex=\"0\">Pilnie potrzebuj\u0119 nowej ksi\u0105\u017ceczki serwisowej lub gwarancyjnej. Gdzie mog\u0119 j\u0105 zdoby\u0107?<\/a>\n\t\t\t\t\t<\/div>\n\t\t\t\t\t<div id=\"elementor-tab-content-2427\" class=\"elementor-tab-content elementor-clearfix\" data-tab=\"7\" role=\"region\" aria-labelledby=\"elementor-tab-title-2427\"><p><span style=\"color: #000000;\">Je\u015bli potrzebujesz nowego dziennika konserwacji lub gwarancji, napisz do nas na adres e-mail: <strong><a href=\"mailto:service@ahorn-camp.de\">service@ahorn-camp.de<\/a><\/strong> z numerem VIN. Nowa ksi\u0105\u017cka serwisowa kosztuje 25,- euro plus koszty wysy\u0142ki.<\/span><\/p><\/div>\n\t\t\t\t<\/div>\n\t\t\t\t\t\t\t\t<\/div>\n\t\t\t\t\t\t<\/div>\n\t\t\t\t<\/div>\n\t\t\t\t<div class=\"elementor-element elementor-element-cd38670 elementor-widget elementor-widget-heading\" data-id=\"cd38670\" data-element_type=\"widget\" data-e-type=\"widget\" data-widget_type=\"heading.default\">\n\t\t\t\t<div class=\"elementor-widget-container\">\n\t\t\t\t\t<h2 class=\"elementor-heading-title elementor-size-default\">Potrawa<\/h2>\t\t\t\t<\/div>\n\t\t\t\t<\/div>\n\t\t\t\t<div class=\"elementor-element elementor-element-909fb3d elementor-widget elementor-widget-accordion\" data-id=\"909fb3d\" data-element_type=\"widget\" data-e-type=\"widget\" data-widget_type=\"accordion.default\">\n\t\t\t\t<div class=\"elementor-widget-container\">\n\t\t\t\t\t\t\t<div class=\"elementor-accordion\">\n\t\t\t\t\t\t\t<div class=\"elementor-accordion-item\">\n\t\t\t\t\t<div id=\"elementor-tab-title-1511\" class=\"elementor-tab-title\" data-tab=\"1\" role=\"button\" aria-controls=\"elementor-tab-content-1511\" aria-expanded=\"false\">\n\t\t\t\t\t\t\t\t\t\t\t\t\t<span class=\"elementor-accordion-icon elementor-accordion-icon-left\" aria-hidden=\"true\">\n\t\t\t\t\t\t\t\t\t\t\t\t\t\t\t<span class=\"elementor-accordion-icon-closed\"><i class=\"fas fa-plus\"><\/i><\/span>\n\t\t\t\t\t\t\t\t<span class=\"elementor-accordion-icon-opened\"><i class=\"fas fa-minus\"><\/i><\/span>\n\t\t\t\t\t\t\t\t\t\t\t\t\t\t<\/span>\n\t\t\t\t\t\t\t\t\t\t\t\t<a class=\"elementor-accordion-title\" tabindex=\"0\">Jak post\u0119powa\u0107 w przypadku awarii?<\/a>\n\t\t\t\t\t<\/div>\n\t\t\t\t\t<div id=\"elementor-tab-content-1511\" class=\"elementor-tab-content elementor-clearfix\" data-tab=\"1\" role=\"region\" aria-labelledby=\"elementor-tab-title-1511\"><p><span style=\"color: #000000;\">W przypadku awarii nale\u017cy wezwa\u0107 pomoc drogow\u0105 RENAULT Assistance. RENAULT Assistance jest dost\u0119pna przez ca\u0142y rok, 24 godziny na dob\u0119, w nast\u0119puj\u0105cy spos\u00f3b: Telefon na terenie Niemiec: +49 (0) 1806 365 365 (stawka za po\u0142\u0105czenie z telefonu stacjonarnego: 0,20 \u20ac; stawka za po\u0142\u0105czenie z telefonu kom\u00f3rkowego: maks. 0,60 \u20ac) Telefon poza terenem Niemiec: +49 (0) 223 273 78 00. E-mail:<strong>\u00a0<\/strong><\/span><strong><a href=\"mailto:renault%40europ-assistance.de\">renault@europ-assistance.de<\/a><\/strong>\u00a0<span style=\"color: #000000;\">Jednak\u017ce nie zleca\u0107 nale\u017cy innym us\u0142ugodawcom. W przypadku zlecenia us\u0142ug innemu us\u0142ugodawcy, powsta\u0142e koszty nie zostan\u0105 zwr\u00f3cone.<\/span><\/p><\/div>\n\t\t\t\t<\/div>\n\t\t\t\t\t\t\t<div class=\"elementor-accordion-item\">\n\t\t\t\t\t<div id=\"elementor-tab-title-1512\" class=\"elementor-tab-title\" data-tab=\"2\" role=\"button\" aria-controls=\"elementor-tab-content-1512\" aria-expanded=\"false\">\n\t\t\t\t\t\t\t\t\t\t\t\t\t<span class=\"elementor-accordion-icon elementor-accordion-icon-left\" aria-hidden=\"true\">\n\t\t\t\t\t\t\t\t\t\t\t\t\t\t\t<span class=\"elementor-accordion-icon-closed\"><i class=\"fas fa-plus\"><\/i><\/span>\n\t\t\t\t\t\t\t\t<span class=\"elementor-accordion-icon-opened\"><i class=\"fas fa-minus\"><\/i><\/span>\n\t\t\t\t\t\t\t\t\t\t\t\t\t\t<\/span>\n\t\t\t\t\t\t\t\t\t\t\t\t<a class=\"elementor-accordion-title\" tabindex=\"0\">Jakie dane s\u0105 mi potrzebne w razie awarii?<\/a>\n\t\t\t\t\t<\/div>\n\t\t\t\t\t<div id=\"elementor-tab-content-1512\" class=\"elementor-tab-content elementor-clearfix\" data-tab=\"2\" role=\"region\" aria-labelledby=\"elementor-tab-title-1512\"><p><span style=\"color: #000000;\">W razie awarii kampera Ahorn Camp potrzebujemy Pa\u0144stwa nazwy u\u017cytkownika i numeru telefonu. Model pojazdu, numer identyfikacyjny pojazdu (VIN), stan licznika oraz dat\u0119 rejestracji. Ponadto numer rejestracyjny, lokalizacj\u0119 pojazdu oraz rodzaj awarii.<\/span><\/p><\/div>\n\t\t\t\t<\/div>\n\t\t\t\t\t\t\t<div class=\"elementor-accordion-item\">\n\t\t\t\t\t<div id=\"elementor-tab-title-1513\" class=\"elementor-tab-title\" data-tab=\"3\" role=\"button\" aria-controls=\"elementor-tab-content-1513\" aria-expanded=\"false\">\n\t\t\t\t\t\t\t\t\t\t\t\t\t<span class=\"elementor-accordion-icon elementor-accordion-icon-left\" aria-hidden=\"true\">\n\t\t\t\t\t\t\t\t\t\t\t\t\t\t\t<span class=\"elementor-accordion-icon-closed\"><i class=\"fas fa-plus\"><\/i><\/span>\n\t\t\t\t\t\t\t\t<span class=\"elementor-accordion-icon-opened\"><i class=\"fas fa-minus\"><\/i><\/span>\n\t\t\t\t\t\t\t\t\t\t\t\t\t\t<\/span>\n\t\t\t\t\t\t\t\t\t\t\t\t<a class=\"elementor-accordion-title\" tabindex=\"0\">Czy mog\u0119 skorzysta\u0107 z pomocy drogowej Renault r\u00f3wnie\u017c za granic\u0105?<\/a>\n\t\t\t\t\t<\/div>\n\t\t\t\t\t<div id=\"elementor-tab-content-1513\" class=\"elementor-tab-content elementor-clearfix\" data-tab=\"3\" role=\"region\" aria-labelledby=\"elementor-tab-title-1513\"><p><span style=\"color: #000000;\">Za granic\u0105 masz prawo do \u015bwiadcze\u0144 takich samych jak w kraju, pod warunkiem, \u017ce awaria wyst\u0105pi na wy\u017cej wymienionym obszarze geograficznym. Ponadto istniej\u0105 dodatkowe \u015bwiadczenia, takie jak mo\u017cliwo\u015b\u0107 wysy\u0142ki cz\u0119\u015bci zamiennych. Transport uszkodzonego pojazdu do kraju mo\u017ce by\u0107 w razie potrzeby uzgodniony z RENAULT Assistance, je\u015bli naprawa pojazdu nie jest mo\u017cliwa w ci\u0105gu 5 dni roboczych.<\/span><\/p><\/div>\n\t\t\t\t<\/div>\n\t\t\t\t\t\t\t\t<\/div>\n\t\t\t\t\t\t<\/div>\n\t\t\t\t<\/div>\n\t\t\t\t<div class=\"elementor-element elementor-element-39e9ae0 elementor-widget elementor-widget-heading\" data-id=\"39e9ae0\" data-element_type=\"widget\" data-e-type=\"widget\" data-widget_type=\"heading.default\">\n\t\t\t\t<div class=\"elementor-widget-container\">\n\t\t\t\t\t<h2 class=\"elementor-heading-title elementor-size-default\">Nasze oddzia\u0142y Ahorn Camp<\/h2>\t\t\t\t<\/div>\n\t\t\t\t<\/div>\n\t\t\t\t<section class=\"elementor-section elementor-inner-section elementor-element elementor-element-130846b elementor-section-full_width elementor-section-height-default elementor-section-height-default\" data-id=\"130846b\" data-element_type=\"section\" data-e-type=\"section\">\n\t\t\t\t\t\t<div class=\"elementor-container elementor-column-gap-default\">\n\t\t\t\t\t<div class=\"elementor-column elementor-col-33 elementor-inner-column elementor-element elementor-element-1f06d06\" data-id=\"1f06d06\" data-element_type=\"column\" data-e-type=\"column\" data-settings=\"{&quot;background_background&quot;:&quot;classic&quot;}\">\n\t\t\t<div class=\"elementor-widget-wrap elementor-element-populated\">\n\t\t\t\t\t\t<div class=\"elementor-element elementor-element-bbcb436 elementor-widget elementor-widget-heading\" data-id=\"bbcb436\" data-element_type=\"widget\" data-e-type=\"widget\" data-widget_type=\"heading.default\">\n\t\t\t\t<div class=\"elementor-widget-container\">\n\t\t\t\t\t<h4 class=\"elementor-heading-title elementor-size-default\"><a href=\"https:\/\/ahorn-camp.de\/pl\/speyer\/\" target=\"_blank\">Ahorn Camp Speyer<\/a><\/h4>\t\t\t\t<\/div>\n\t\t\t\t<\/div>\n\t\t\t\t<div class=\"elementor-element elementor-element-b36f842 elementor-widget elementor-widget-image\" data-id=\"b36f842\" data-element_type=\"widget\" data-e-type=\"widget\" data-widget_type=\"image.default\">\n\t\t\t\t<div class=\"elementor-widget-container\">\n\t\t\t\t\t\t\t\t\t\t\t\t\t\t\t\t<a href=\"https:\/\/ahorn-camp.de\/pl\/speyer\/\" target=\"_blank\">\n\t\t\t\t\t\t\t<img fetchpriority=\"high\" decoding=\"async\" width=\"1024\" height=\"400\" src=\"https:\/\/ahorn-camp.de\/wp-content\/uploads\/2026\/02\/Speyer-Hero-image-1024x400.webp\" class=\"attachment-large size-large wp-image-37700\" alt=\"Blick in die Ausstellungshalle in Speyer als Hero Image\" srcset=\"https:\/\/ahorn-camp.de\/wp-content\/uploads\/2026\/02\/Speyer-Hero-image-1024x400.webp 1024w, https:\/\/ahorn-camp.de\/wp-content\/uploads\/2026\/02\/Speyer-Hero-image-300x117.webp 300w, https:\/\/ahorn-camp.de\/wp-content\/uploads\/2026\/02\/Speyer-Hero-image-768x300.webp 768w, https:\/\/ahorn-camp.de\/wp-content\/uploads\/2026\/02\/Speyer-Hero-image-800x313.webp 800w, https:\/\/ahorn-camp.de\/wp-content\/uploads\/2026\/02\/Speyer-Hero-image-1536x600.webp 1536w, https:\/\/ahorn-camp.de\/wp-content\/uploads\/2026\/02\/Speyer-Hero-image-18x7.webp 18w, https:\/\/ahorn-camp.de\/wp-content\/uploads\/2026\/02\/Speyer-Hero-image.webp 1920w\" sizes=\"(max-width: 1024px) 100vw, 1024px\" \/>\t\t\t\t\t\t\t\t<\/a>\n\t\t\t\t\t\t\t\t\t\t\t\t\t\t\t<\/div>\n\t\t\t\t<\/div>\n\t\t\t\t<div class=\"elementor-element elementor-element-2b5401e elementor-widget elementor-widget-heading\" data-id=\"2b5401e\" data-element_type=\"widget\" data-e-type=\"widget\" data-widget_type=\"heading.default\">\n\t\t\t\t<div class=\"elementor-widget-container\">\n\t\t\t\t\t<h3 class=\"elementor-heading-title elementor-size-default\">Sprzeda\u017c Speyer<\/h3>\t\t\t\t<\/div>\n\t\t\t\t<\/div>\n\t\t\t\t<div class=\"elementor-element elementor-element-ba1d3af elementor-widget elementor-widget-text-editor\" data-id=\"ba1d3af\" data-element_type=\"widget\" data-e-type=\"widget\" data-widget_type=\"text-editor.default\">\n\t\t\t\t<div class=\"elementor-widget-container\">\n\t\t\t\t\t\t\t\t\t<p><a href=\"https:\/\/ahorn-camp.de\/pl\/speyer\/\">Ahorn Camp GmbH<\/a><br \/>ul. Franza Kirrmeiera 8<br \/>67346 Speyer<\/p><p>Tel.:\u00a0<a href=\"tel:0623210028120\">+49 (0) 6232 10028120<\/a><br \/>WhatsApp:\u00a0<a href=\"tel:01718866003\">+49 (0) 160 99388 366<\/a>\u00a0<br \/>E-mail:\u00a0<a href=\"mailto:verkauf@ahorn-camp.de\">verkauf@ahorn-camp.de<\/a><\/p>\t\t\t\t\t\t\t\t<\/div>\n\t\t\t\t<\/div>\n\t\t\t\t<div class=\"elementor-element elementor-element-3ac2f7e elementor-widget elementor-widget-text-editor\" data-id=\"3ac2f7e\" data-element_type=\"widget\" data-e-type=\"widget\" data-widget_type=\"text-editor.default\">\n\t\t\t\t<div class=\"elementor-widget-container\">\n\t\t\t\t\t\t\t\t\t<p style=\"text-align: left;\"><strong>Pon. \u2013 pt.:\u00a0<\/strong>\u00a010:00 \u2013 18:00<br \/><strong>Sawanna<\/strong>\u00a010:00 \u2013 16:00<br \/><strong>Tak i \u015bwi\u0119to:<\/strong>\u00a0Dzie\u0144 otwarty 10:00 \u2013 16:00<\/p>\t\t\t\t\t\t\t\t<\/div>\n\t\t\t\t<\/div>\n\t\t\t\t<div class=\"elementor-element elementor-element-a356384 elementor-widget-divider--view-line elementor-widget elementor-widget-divider\" data-id=\"a356384\" data-element_type=\"widget\" data-e-type=\"widget\" data-widget_type=\"divider.default\">\n\t\t\t\t<div class=\"elementor-widget-container\">\n\t\t\t\t\t\t\t<div class=\"elementor-divider\">\n\t\t\t<span class=\"elementor-divider-separator\">\n\t\t\t\t\t\t<\/span>\n\t\t<\/div>\n\t\t\t\t\t\t<\/div>\n\t\t\t\t<\/div>\n\t\t\t\t<div class=\"elementor-element elementor-element-c37922b elementor-widget elementor-widget-heading\" data-id=\"c37922b\" data-element_type=\"widget\" data-e-type=\"widget\" data-widget_type=\"heading.default\">\n\t\t\t\t<div class=\"elementor-widget-container\">\n\t\t\t\t\t<h3 class=\"elementor-heading-title elementor-size-default\">Serwis Speyer<\/h3>\t\t\t\t<\/div>\n\t\t\t\t<\/div>\n\t\t\t\t<div class=\"elementor-element elementor-element-f035af2 elementor-widget elementor-widget-text-editor\" data-id=\"f035af2\" data-element_type=\"widget\" data-e-type=\"widget\" data-widget_type=\"text-editor.default\">\n\t\t\t\t<div class=\"elementor-widget-container\">\n\t\t\t\t\t\t\t\t\t<p>Franz-Kirrmeier-Stra\u00dfe 21 <br \/>67346 Speyer<br \/>Tel.:\u00a0<a href=\"tel:0623210028202\">+49 (0) 6232 10028202<\/a><br \/>E-mail:<a href=\"https:\/\/ahorn-camp.de\/pl\/kontakt\/service%40ahorn-camp.de\/\">\u00a0service@ahorn-camp.de<\/a><\/p><p><strong>Pon. \u2013 pt.:\u00a0<\/strong>09.00 \u2013 17.30<\/p>\t\t\t\t\t\t\t\t<\/div>\n\t\t\t\t<\/div>\n\t\t\t\t<div class=\"elementor-element elementor-element-321cc60 elementor-align-left elementor-widget elementor-widget-button\" data-id=\"321cc60\" data-element_type=\"widget\" data-e-type=\"widget\" data-widget_type=\"button.default\">\n\t\t\t\t<div class=\"elementor-widget-container\">\n\t\t\t\t\t\t\t\t\t<div class=\"elementor-button-wrapper\">\n\t\t\t\t\t<a class=\"elementor-button elementor-button-link elementor-size-sm elementor-animation-grow\" href=\"https:\/\/ahorn-camp.de\/pl\/speyer\/\">\n\t\t\t\t\t\t<span class=\"elementor-button-content-wrapper\">\n\t\t\t\t\t\t\t\t\t<span class=\"elementor-button-text\">Zobacz wi\u0119cej<\/span>\n\t\t\t\t\t<\/span>\n\t\t\t\t\t<\/a>\n\t\t\t\t<\/div>\n\t\t\t\t\t\t\t\t<\/div>\n\t\t\t\t<\/div>\n\t\t\t\t\t<\/div>\n\t\t<\/div>\n\t\t\t\t<div class=\"elementor-column elementor-col-33 elementor-inner-column elementor-element elementor-element-11c7c9a\" data-id=\"11c7c9a\" data-element_type=\"column\" data-e-type=\"column\" data-settings=\"{&quot;background_background&quot;:&quot;classic&quot;}\">\n\t\t\t<div class=\"elementor-widget-wrap elementor-element-populated\">\n\t\t\t\t\t\t<div class=\"elementor-element elementor-element-c7b827c elementor-widget elementor-widget-heading\" data-id=\"c7b827c\" data-element_type=\"widget\" data-e-type=\"widget\" data-widget_type=\"heading.default\">\n\t\t\t\t<div class=\"elementor-widget-container\">\n\t\t\t\t\t<h4 class=\"elementor-heading-title elementor-size-default\"><a href=\"https:\/\/ahorn-camp.de\/pl\/frankfurt\/\" target=\"_blank\">Kampery Ahorn Frankfurt<\/a><\/h4>\t\t\t\t<\/div>\n\t\t\t\t<\/div>\n\t\t\t\t<div class=\"elementor-element elementor-element-300621c elementor-widget elementor-widget-image\" data-id=\"300621c\" data-element_type=\"widget\" data-e-type=\"widget\" data-widget_type=\"image.default\">\n\t\t\t\t<div class=\"elementor-widget-container\">\n\t\t\t\t\t\t\t\t\t\t\t\t\t\t\t\t<a href=\"https:\/\/ahorn-camp.de\/pl\/frankfurt\/\" target=\"_blank\">\n\t\t\t\t\t\t\t<img decoding=\"async\" width=\"1024\" height=\"400\" src=\"https:\/\/ahorn-camp.de\/wp-content\/uploads\/2025\/11\/Ahorn-Camp-Frankfurt-Hero-1024x400.png\" class=\"attachment-large size-large wp-image-36185\" alt=\"Unsere Ahorn Camp Niederlassung Frankfurt\" srcset=\"https:\/\/ahorn-camp.de\/wp-content\/uploads\/2025\/11\/Ahorn-Camp-Frankfurt-Hero-1024x400.png 1024w, https:\/\/ahorn-camp.de\/wp-content\/uploads\/2025\/11\/Ahorn-Camp-Frankfurt-Hero-300x117.png 300w, https:\/\/ahorn-camp.de\/wp-content\/uploads\/2025\/11\/Ahorn-Camp-Frankfurt-Hero-768x300.png 768w, https:\/\/ahorn-camp.de\/wp-content\/uploads\/2025\/11\/Ahorn-Camp-Frankfurt-Hero-800x313.png 800w, https:\/\/ahorn-camp.de\/wp-content\/uploads\/2025\/11\/Ahorn-Camp-Frankfurt-Hero-1536x600.png 1536w, https:\/\/ahorn-camp.de\/wp-content\/uploads\/2025\/11\/Ahorn-Camp-Frankfurt-Hero-18x7.png 18w, https:\/\/ahorn-camp.de\/wp-content\/uploads\/2025\/11\/Ahorn-Camp-Frankfurt-Hero.png 1920w\" sizes=\"(max-width: 1024px) 100vw, 1024px\" \/>\t\t\t\t\t\t\t\t<\/a>\n\t\t\t\t\t\t\t\t\t\t\t\t\t\t\t<\/div>\n\t\t\t\t<\/div>\n\t\t\t\t<div class=\"elementor-element elementor-element-757f910 elementor-widget elementor-widget-heading\" data-id=\"757f910\" data-element_type=\"widget\" data-e-type=\"widget\" data-widget_type=\"heading.default\">\n\t\t\t\t<div class=\"elementor-widget-container\">\n\t\t\t\t\t<h3 class=\"elementor-heading-title elementor-size-default\">Sprzeda\u017c Frankfurt<\/h3>\t\t\t\t<\/div>\n\t\t\t\t<\/div>\n\t\t\t\t<div class=\"elementor-element elementor-element-423c720 elementor-widget elementor-widget-text-editor\" data-id=\"423c720\" data-element_type=\"widget\" data-e-type=\"widget\" data-widget_type=\"text-editor.default\">\n\t\t\t\t<div class=\"elementor-widget-container\">\n\t\t\t\t\t\t\t\t\t<p><a href=\"https:\/\/ahorn-camp.de\/pl\/frankfurt\/\">Ahorn Wohnmobile Frankfurt GmbH<\/a><br \/>ul. Justusa von Liebiga 24\u201326<br \/>63128 Dietzenbach<\/p><p>Tel.:\u00a0<a href=\"tel:060748160610\">+49 (0) 6074 8160610<\/a><br \/>WhatsApp:\u00a0<a href=\"https:\/\/api.whatsapp.com\/send?phone=+49 (0)176 45043 560\" data-wplink-url-error=\"true\">+49 (0)176 45043 560 <\/a><br \/>E-mail:\u00a0<a href=\"mailto:verkauf@ahorn-camp-frankfurt.de\">verkauf@ahorn-camp-frankfurt.de<\/a><\/p>\t\t\t\t\t\t\t\t<\/div>\n\t\t\t\t<\/div>\n\t\t\t\t<div class=\"elementor-element elementor-element-5f8fd4d elementor-widget elementor-widget-text-editor\" data-id=\"5f8fd4d\" data-element_type=\"widget\" data-e-type=\"widget\" data-widget_type=\"text-editor.default\">\n\t\t\t\t<div class=\"elementor-widget-container\">\n\t\t\t\t\t\t\t\t\t<p style=\"text-align: left;\"><strong>Pon \u2013 Pt<\/strong>10:00 \u2013 17:00<br \/><strong>Sawanna<\/strong>\u00a010:00 \u2013 16:00<br \/><strong>Tak i \u015bwi\u0119to: <\/strong>po um\u00f3wieniu terminu<\/p>\t\t\t\t\t\t\t\t<\/div>\n\t\t\t\t<\/div>\n\t\t\t\t<div class=\"elementor-element elementor-element-e0202fe elementor-widget-divider--view-line elementor-widget elementor-widget-divider\" data-id=\"e0202fe\" data-element_type=\"widget\" data-e-type=\"widget\" data-widget_type=\"divider.default\">\n\t\t\t\t<div class=\"elementor-widget-container\">\n\t\t\t\t\t\t\t<div class=\"elementor-divider\">\n\t\t\t<span class=\"elementor-divider-separator\">\n\t\t\t\t\t\t<\/span>\n\t\t<\/div>\n\t\t\t\t\t\t<\/div>\n\t\t\t\t<\/div>\n\t\t\t\t<div class=\"elementor-element elementor-element-1c36f76 elementor-widget elementor-widget-heading\" data-id=\"1c36f76\" data-element_type=\"widget\" data-e-type=\"widget\" data-widget_type=\"heading.default\">\n\t\t\t\t<div class=\"elementor-widget-container\">\n\t\t\t\t\t<h3 class=\"elementor-heading-title elementor-size-default\">Serwis Frankfurt<\/h3>\t\t\t\t<\/div>\n\t\t\t\t<\/div>\n\t\t\t\t<div class=\"elementor-element elementor-element-4bf3096 elementor-widget elementor-widget-text-editor\" data-id=\"4bf3096\" data-element_type=\"widget\" data-e-type=\"widget\" data-widget_type=\"text-editor.default\">\n\t\t\t\t<div class=\"elementor-widget-container\">\n\t\t\t\t\t\t\t\t\t<p>ul. Justusa von Liebiga 24\u201326\u00a0<br \/>63128 Dietzenbach<br \/>Tel.:\u00a0\u00a0<a href=\"tel: 060748160630\">+49 (0) 6074 8160630<\/a><br \/>E-mail:\u00a0<a href=\"https:\/\/ahorn-camp.de\/pl\/kontakt\/service%40ahorn-camp-frankfurt.de\/\">service@ahorn-camp-frankfurt.de<\/a><\/p><p><strong>Pon. \u2013 pt.:\u00a0<\/strong>10.00 \u2013 17.00<\/p>\t\t\t\t\t\t\t\t<\/div>\n\t\t\t\t<\/div>\n\t\t\t\t<div class=\"elementor-element elementor-element-f8a66b5 elementor-align-left elementor-widget elementor-widget-button\" data-id=\"f8a66b5\" data-element_type=\"widget\" data-e-type=\"widget\" data-widget_type=\"button.default\">\n\t\t\t\t<div class=\"elementor-widget-container\">\n\t\t\t\t\t\t\t\t\t<div class=\"elementor-button-wrapper\">\n\t\t\t\t\t<a class=\"elementor-button elementor-button-link elementor-size-sm elementor-animation-grow\" href=\"https:\/\/ahorn-camp.de\/pl\/frankfurt\/\">\n\t\t\t\t\t\t<span class=\"elementor-button-content-wrapper\">\n\t\t\t\t\t\t\t\t\t<span class=\"elementor-button-text\">Zobacz wi\u0119cej<\/span>\n\t\t\t\t\t<\/span>\n\t\t\t\t\t<\/a>\n\t\t\t\t<\/div>\n\t\t\t\t\t\t\t\t<\/div>\n\t\t\t\t<\/div>\n\t\t\t\t\t<\/div>\n\t\t<\/div>\n\t\t\t\t<div class=\"elementor-column elementor-col-33 elementor-inner-column elementor-element elementor-element-c2cccee\" data-id=\"c2cccee\" data-element_type=\"column\" data-e-type=\"column\" data-settings=\"{&quot;background_background&quot;:&quot;classic&quot;}\">\n\t\t\t<div class=\"elementor-widget-wrap elementor-element-populated\">\n\t\t\t\t\t\t<div class=\"elementor-element elementor-element-792e848 elementor-widget elementor-widget-heading\" data-id=\"792e848\" data-element_type=\"widget\" data-e-type=\"widget\" data-widget_type=\"heading.default\">\n\t\t\t\t<div class=\"elementor-widget-container\">\n\t\t\t\t\t<h4 class=\"elementor-heading-title elementor-size-default\"><a href=\"https:\/\/ahorn-camp.de\/pl\/muelheim\/\" target=\"_blank\">Ahorn Camp M\u00fclheim<\/a><\/h4>\t\t\t\t<\/div>\n\t\t\t\t<\/div>\n\t\t\t\t<div class=\"elementor-element elementor-element-d585acd elementor-widget elementor-widget-image\" data-id=\"d585acd\" data-element_type=\"widget\" data-e-type=\"widget\" data-widget_type=\"image.default\">\n\t\t\t\t<div class=\"elementor-widget-container\">\n\t\t\t\t\t\t\t\t\t\t\t\t\t\t\t\t<a href=\"https:\/\/ahorn-camp.de\/pl\/muelheim\/\" target=\"_blank\">\n\t\t\t\t\t\t\t<img decoding=\"async\" width=\"1024\" height=\"400\" src=\"https:\/\/ahorn-camp.de\/wp-content\/uploads\/2026\/02\/Groessenanpassung-1920x750-11-1024x400.webp\" class=\"attachment-large size-large wp-image-37718\" alt=\"Ahorn Camp Niederlassung in M\u00fclheim\" srcset=\"https:\/\/ahorn-camp.de\/wp-content\/uploads\/2026\/02\/Groessenanpassung-1920x750-11-1024x400.webp 1024w, https:\/\/ahorn-camp.de\/wp-content\/uploads\/2026\/02\/Groessenanpassung-1920x750-11-300x117.webp 300w, https:\/\/ahorn-camp.de\/wp-content\/uploads\/2026\/02\/Groessenanpassung-1920x750-11-768x300.webp 768w, https:\/\/ahorn-camp.de\/wp-content\/uploads\/2026\/02\/Groessenanpassung-1920x750-11-800x313.webp 800w, https:\/\/ahorn-camp.de\/wp-content\/uploads\/2026\/02\/Groessenanpassung-1920x750-11-1536x600.webp 1536w, https:\/\/ahorn-camp.de\/wp-content\/uploads\/2026\/02\/Groessenanpassung-1920x750-11-18x7.webp 18w, https:\/\/ahorn-camp.de\/wp-content\/uploads\/2026\/02\/Groessenanpassung-1920x750-11.webp 1920w\" sizes=\"(max-width: 1024px) 100vw, 1024px\" \/>\t\t\t\t\t\t\t\t<\/a>\n\t\t\t\t\t\t\t\t\t\t\t\t\t\t\t<\/div>\n\t\t\t\t<\/div>\n\t\t\t\t<div class=\"elementor-element elementor-element-9b57826 elementor-widget elementor-widget-heading\" data-id=\"9b57826\" data-element_type=\"widget\" data-e-type=\"widget\" data-widget_type=\"heading.default\">\n\t\t\t\t<div class=\"elementor-widget-container\">\n\t\t\t\t\t<h3 class=\"elementor-heading-title elementor-size-default\">Sprzeda\u017c M\u00fclheim<\/h3>\t\t\t\t<\/div>\n\t\t\t\t<\/div>\n\t\t\t\t<div class=\"elementor-element elementor-element-8b06418 elementor-widget elementor-widget-text-editor\" data-id=\"8b06418\" data-element_type=\"widget\" data-e-type=\"widget\" data-widget_type=\"text-editor.default\">\n\t\t\t\t<div class=\"elementor-widget-container\">\n\t\t\t\t\t\t\t\t\t<p><a href=\"https:\/\/ahorn-camp.de\/pl\/muelheim\/\">Ahorn Camp GmbH<\/a><br \/>K\u00f6lner Stra\u00dfe 342<br \/>45481 M\u00fclheim an der Ruhr<\/p><p>Tel.: <a href=\"tel:020869405400\">+49 (0) 208 69405400<\/a><br \/>WhatsApp:\u00a0<a href=\"https:\/\/api.whatsapp.com\/send?phone=+49 (0)17641569640\">+49 (0)176 41569 640<\/a><br \/>E-mail: <a href=\"mailto:verkauf-nrw@ahorn-camp.de\">verkauf-nrw@ahorn-camp.de<\/a><\/p>\t\t\t\t\t\t\t\t<\/div>\n\t\t\t\t<\/div>\n\t\t\t\t<div class=\"elementor-element elementor-element-2067cc6 elementor-widget elementor-widget-text-editor\" data-id=\"2067cc6\" data-element_type=\"widget\" data-e-type=\"widget\" data-widget_type=\"text-editor.default\">\n\t\t\t\t<div class=\"elementor-widget-container\">\n\t\t\t\t\t\t\t\t\t<p style=\"text-align: left;\"><strong>Pon. \u2013 pt.:<\/strong>\u00a010:00 \u2013 18:00<br \/><strong>Sawanna<\/strong>\u00a010:00 \u2013 16:00<br \/><strong>Tak i \u015bwi\u0119to:<\/strong> zamkni\u0119te<span style=\"color: #1b508c;\"><br \/><\/span><\/p>\t\t\t\t\t\t\t\t<\/div>\n\t\t\t\t<\/div>\n\t\t\t\t<div class=\"elementor-element elementor-element-de7c3ae elementor-widget-divider--view-line elementor-widget elementor-widget-divider\" data-id=\"de7c3ae\" data-element_type=\"widget\" data-e-type=\"widget\" data-widget_type=\"divider.default\">\n\t\t\t\t<div class=\"elementor-widget-container\">\n\t\t\t\t\t\t\t<div class=\"elementor-divider\">\n\t\t\t<span class=\"elementor-divider-separator\">\n\t\t\t\t\t\t<\/span>\n\t\t<\/div>\n\t\t\t\t\t\t<\/div>\n\t\t\t\t<\/div>\n\t\t\t\t<div class=\"elementor-element elementor-element-12b447d elementor-widget elementor-widget-heading\" data-id=\"12b447d\" data-element_type=\"widget\" data-e-type=\"widget\" data-widget_type=\"heading.default\">\n\t\t\t\t<div class=\"elementor-widget-container\">\n\t\t\t\t\t<h3 class=\"elementor-heading-title elementor-size-default\">Serwis M\u00fclheim<\/h3>\t\t\t\t<\/div>\n\t\t\t\t<\/div>\n\t\t\t\t<div class=\"elementor-element elementor-element-080f2b8 elementor-widget elementor-widget-text-editor\" data-id=\"080f2b8\" data-element_type=\"widget\" data-e-type=\"widget\" data-widget_type=\"text-editor.default\">\n\t\t\t\t<div class=\"elementor-widget-container\">\n\t\t\t\t\t\t\t\t\t<p>K\u00f6lner Strasse 100 <br \/>45481 M\u00fclheim an der Ruhr<br \/>Tel.:\u00a0<a href=\"tel:020845791010\">+49 (0) 208 45791010<\/a><br \/>E-mail:\u00a0<a href=\"mailto:service-nrw@ahorn-camp.de\">service-nrw@ahorn-camp.de<\/a><\/p><p><strong>Pon. \u2013 pt.:\u00a0<\/strong>10.00 \u2013 17.00<\/p>\t\t\t\t\t\t\t\t<\/div>\n\t\t\t\t<\/div>\n\t\t\t\t<div class=\"elementor-element elementor-element-9048791 elementor-align-left elementor-widget elementor-widget-button\" data-id=\"9048791\" data-element_type=\"widget\" data-e-type=\"widget\" data-widget_type=\"button.default\">\n\t\t\t\t<div class=\"elementor-widget-container\">\n\t\t\t\t\t\t\t\t\t<div class=\"elementor-button-wrapper\">\n\t\t\t\t\t<a class=\"elementor-button elementor-button-link elementor-size-sm elementor-animation-grow\" href=\"https:\/\/ahorn-camp.de\/pl\/muelheim\/\">\n\t\t\t\t\t\t<span class=\"elementor-button-content-wrapper\">\n\t\t\t\t\t\t\t\t\t<span class=\"elementor-button-text\">Wi\u0119cej zobaczy\u0107<\/span>\n\t\t\t\t\t<\/span>\n\t\t\t\t\t<\/a>\n\t\t\t\t<\/div>\n\t\t\t\t\t\t\t\t<\/div>\n\t\t\t\t<\/div>\n\t\t\t\t\t<\/div>\n\t\t<\/div>\n\t\t\t\t\t<\/div>\n\t\t<\/section>\n\t\t\t\t<div class=\"elementor-element elementor-element-5a249f8 elementor-widget elementor-widget-heading\" data-id=\"5a249f8\" data-element_type=\"widget\" data-e-type=\"widget\" data-widget_type=\"heading.default\">\n\t\t\t\t<div class=\"elementor-widget-container\">\n\t\t\t\t\t<h2 class=\"elementor-heading-title elementor-size-default\">Nie przegap \u017cadnych ofert Ahorn Camp<\/h2>\t\t\t\t<\/div>\n\t\t\t\t<\/div>\n\t\t\t\t<section class=\"elementor-section elementor-inner-section elementor-element elementor-element-5536e53 elementor-section-boxed elementor-section-height-default elementor-section-height-default\" data-id=\"5536e53\" data-element_type=\"section\" data-e-type=\"section\">\n\t\t\t\t\t\t<div class=\"elementor-container elementor-column-gap-default\">\n\t\t\t\t\t<div class=\"elementor-column elementor-col-33 elementor-inner-column elementor-element elementor-element-c7d24f9\" data-id=\"c7d24f9\" data-element_type=\"column\" data-e-type=\"column\" data-settings=\"{&quot;background_background&quot;:&quot;classic&quot;}\">\n\t\t\t<div class=\"elementor-widget-wrap elementor-element-populated\">\n\t\t\t\t\t\t<div class=\"elementor-element elementor-element-17f3450 elementor-view-default elementor-widget elementor-widget-icon\" data-id=\"17f3450\" data-element_type=\"widget\" data-e-type=\"widget\" data-widget_type=\"icon.default\">\n\t\t\t\t<div class=\"elementor-widget-container\">\n\t\t\t\t\t\t\t<div class=\"elementor-icon-wrapper\">\n\t\t\t<a class=\"elementor-icon\" href=\"https:\/\/ahorn-camp.de\/pl\/biuletyn\/\" target=\"_blank\">\n\t\t\t<i aria-hidden=\"true\" class=\"jki jki-mail-line\"><\/i>\t\t\t<\/a>\n\t\t<\/div>\n\t\t\t\t\t\t<\/div>\n\t\t\t\t<\/div>\n\t\t\t\t<div class=\"elementor-element elementor-element-332a3dc elementor-align-center elementor-widget elementor-widget-button\" data-id=\"332a3dc\" data-element_type=\"widget\" data-e-type=\"widget\" data-widget_type=\"button.default\">\n\t\t\t\t<div class=\"elementor-widget-container\">\n\t\t\t\t\t\t\t\t\t<div class=\"elementor-button-wrapper\">\n\t\t\t\t\t<a class=\"elementor-button elementor-button-link elementor-size-sm elementor-animation-grow\" href=\"https:\/\/ahorn-camp.de\/pl\/biuletyn\/\" target=\"_blank\">\n\t\t\t\t\t\t<span class=\"elementor-button-content-wrapper\">\n\t\t\t\t\t\t\t\t\t<span class=\"elementor-button-text\">Biuletyninformacyjny<\/span>\n\t\t\t\t\t<\/span>\n\t\t\t\t\t<\/a>\n\t\t\t\t<\/div>\n\t\t\t\t\t\t\t\t<\/div>\n\t\t\t\t<\/div>\n\t\t\t\t\t<\/div>\n\t\t<\/div>\n\t\t\t\t<div class=\"elementor-column elementor-col-33 elementor-inner-column elementor-element elementor-element-f16b3fa\" data-id=\"f16b3fa\" data-element_type=\"column\" data-e-type=\"column\" data-settings=\"{&quot;background_background&quot;:&quot;classic&quot;}\">\n\t\t\t<div class=\"elementor-widget-wrap elementor-element-populated\">\n\t\t\t\t\t\t<div class=\"elementor-element elementor-element-94fc92a elementor-view-default elementor-widget elementor-widget-icon\" data-id=\"94fc92a\" data-element_type=\"widget\" data-e-type=\"widget\" data-widget_type=\"icon.default\">\n\t\t\t\t<div class=\"elementor-widget-container\">\n\t\t\t\t\t\t\t<div class=\"elementor-icon-wrapper\">\n\t\t\t<a class=\"elementor-icon\" href=\"https:\/\/ahorn-camp.de\/pl\/oferty\/\" target=\"_blank\">\n\t\t\t<i aria-hidden=\"true\" class=\"fas fa-shuttle-van\"><\/i>\t\t\t<\/a>\n\t\t<\/div>\n\t\t\t\t\t\t<\/div>\n\t\t\t\t<\/div>\n\t\t\t\t<div class=\"elementor-element elementor-element-cb24d35 elementor-align-center elementor-widget elementor-widget-button\" data-id=\"cb24d35\" data-element_type=\"widget\" data-e-type=\"widget\" data-widget_type=\"button.default\">\n\t\t\t\t<div class=\"elementor-widget-container\">\n\t\t\t\t\t\t\t\t\t<div class=\"elementor-button-wrapper\">\n\t\t\t\t\t<a class=\"elementor-button elementor-button-link elementor-size-sm elementor-animation-grow\" href=\"https:\/\/ahorn-camp.de\/pl\/oferty\/\" target=\"_blank\">\n\t\t\t\t\t\t<span class=\"elementor-button-content-wrapper\">\n\t\t\t\t\t\t\t\t\t<span class=\"elementor-button-text\">Aktualne oferty<\/span>\n\t\t\t\t\t<\/span>\n\t\t\t\t\t<\/a>\n\t\t\t\t<\/div>\n\t\t\t\t\t\t\t\t<\/div>\n\t\t\t\t<\/div>\n\t\t\t\t\t<\/div>\n\t\t<\/div>\n\t\t\t\t<div class=\"elementor-column elementor-col-33 elementor-inner-column elementor-element elementor-element-15a1429\" data-id=\"15a1429\" data-element_type=\"column\" data-e-type=\"column\" data-settings=\"{&quot;background_background&quot;:&quot;classic&quot;}\">\n\t\t\t<div class=\"elementor-widget-wrap elementor-element-populated\">\n\t\t\t\t\t\t<div class=\"elementor-element elementor-element-777dd55 elementor-view-default elementor-widget elementor-widget-icon\" data-id=\"777dd55\" data-element_type=\"widget\" data-e-type=\"widget\" data-widget_type=\"icon.default\">\n\t\t\t\t<div class=\"elementor-widget-container\">\n\t\t\t\t\t\t\t<div class=\"elementor-icon-wrapper\">\n\t\t\t<a class=\"elementor-icon\" href=\"https:\/\/ahorn-camp.de\/pl\/oferty-akcesoriow\/\" target=\"_blank\">\n\t\t\t<i aria-hidden=\"true\" class=\"fas fa-tools\"><\/i>\t\t\t<\/a>\n\t\t<\/div>\n\t\t\t\t\t\t<\/div>\n\t\t\t\t<\/div>\n\t\t\t\t<div class=\"elementor-element elementor-element-4f91f65 elementor-align-center elementor-widget elementor-widget-button\" data-id=\"4f91f65\" data-element_type=\"widget\" data-e-type=\"widget\" data-widget_type=\"button.default\">\n\t\t\t\t<div class=\"elementor-widget-container\">\n\t\t\t\t\t\t\t\t\t<div class=\"elementor-button-wrapper\">\n\t\t\t\t\t<a class=\"elementor-button elementor-button-link elementor-size-sm elementor-animation-grow\" href=\"https:\/\/ahorn-camp.de\/pl\/oferty-akcesoriow\/\" target=\"_blank\">\n\t\t\t\t\t\t<span class=\"elementor-button-content-wrapper\">\n\t\t\t\t\t\t\t\t\t<span class=\"elementor-button-text\">Oferty akcesori\u00f3w<\/span>\n\t\t\t\t\t<\/span>\n\t\t\t\t\t<\/a>\n\t\t\t\t<\/div>\n\t\t\t\t\t\t\t\t<\/div>\n\t\t\t\t<\/div>\n\t\t\t\t\t<\/div>\n\t\t<\/div>\n\t\t\t\t\t<\/div>\n\t\t<\/section>\n\t\t\t\t<section class=\"elementor-section elementor-inner-section elementor-element elementor-element-e0d921b elementor-section-boxed elementor-section-height-default elementor-section-height-default\" data-id=\"e0d921b\" data-element_type=\"section\" data-e-type=\"section\">\n\t\t\t\t\t\t<div class=\"elementor-container elementor-column-gap-default\">\n\t\t\t\t\t<div class=\"elementor-column elementor-col-33 elementor-inner-column elementor-element elementor-element-921993f\" data-id=\"921993f\" data-element_type=\"column\" data-e-type=\"column\" data-settings=\"{&quot;background_background&quot;:&quot;classic&quot;}\">\n\t\t\t<div class=\"elementor-widget-wrap elementor-element-populated\">\n\t\t\t\t\t\t<div class=\"elementor-element elementor-element-d3206e9 elementor-view-default elementor-widget elementor-widget-icon\" data-id=\"d3206e9\" data-element_type=\"widget\" data-e-type=\"widget\" data-widget_type=\"icon.default\">\n\t\t\t\t<div class=\"elementor-widget-container\">\n\t\t\t\t\t\t\t<div class=\"elementor-icon-wrapper\">\n\t\t\t<a class=\"elementor-icon\" href=\"https:\/\/ahorn-camp.de\/pl\/partner-handlowy\/\" target=\"_blank\">\n\t\t\t<i aria-hidden=\"true\" class=\"fas fa-map-pin\"><\/i>\t\t\t<\/a>\n\t\t<\/div>\n\t\t\t\t\t\t<\/div>\n\t\t\t\t<\/div>\n\t\t\t\t<div class=\"elementor-element elementor-element-9843a5b elementor-align-center elementor-widget elementor-widget-button\" data-id=\"9843a5b\" data-element_type=\"widget\" data-e-type=\"widget\" data-widget_type=\"button.default\">\n\t\t\t\t<div class=\"elementor-widget-container\">\n\t\t\t\t\t\t\t\t\t<div class=\"elementor-button-wrapper\">\n\t\t\t\t\t<a class=\"elementor-button elementor-button-link elementor-size-sm elementor-animation-grow\" href=\"https:\/\/ahorn-camp.de\/pl\/partner-handlowy\/\" target=\"_blank\">\n\t\t\t\t\t\t<span class=\"elementor-button-content-wrapper\">\n\t\t\t\t\t\t\t\t\t<span class=\"elementor-button-text\">Znale\u017a\u0107 partner\u00f3w handlowych<\/span>\n\t\t\t\t\t<\/span>\n\t\t\t\t\t<\/a>\n\t\t\t\t<\/div>\n\t\t\t\t\t\t\t\t<\/div>\n\t\t\t\t<\/div>\n\t\t\t\t\t<\/div>\n\t\t<\/div>\n\t\t\t\t<div class=\"elementor-column elementor-col-33 elementor-inner-column elementor-element elementor-element-46a777d\" data-id=\"46a777d\" data-element_type=\"column\" data-e-type=\"column\" data-settings=\"{&quot;background_background&quot;:&quot;classic&quot;}\">\n\t\t\t<div class=\"elementor-widget-wrap elementor-element-populated\">\n\t\t\t\t\t\t<div class=\"elementor-element elementor-element-62c8918 elementor-view-default elementor-widget elementor-widget-icon\" data-id=\"62c8918\" data-element_type=\"widget\" data-e-type=\"widget\" data-widget_type=\"icon.default\">\n\t\t\t\t<div class=\"elementor-widget-container\">\n\t\t\t\t\t\t\t<div class=\"elementor-icon-wrapper\">\n\t\t\t<a class=\"elementor-icon\" href=\"https:\/\/ahorn-camp.de\/pl\/cenniki-katalogi\/\" target=\"_blank\">\n\t\t\t<i aria-hidden=\"true\" class=\"fas fa-book-open\"><\/i>\t\t\t<\/a>\n\t\t<\/div>\n\t\t\t\t\t\t<\/div>\n\t\t\t\t<\/div>\n\t\t\t\t<div class=\"elementor-element elementor-element-09ca185 elementor-align-center elementor-widget elementor-widget-button\" data-id=\"09ca185\" data-element_type=\"widget\" data-e-type=\"widget\" data-widget_type=\"button.default\">\n\t\t\t\t<div class=\"elementor-widget-container\">\n\t\t\t\t\t\t\t\t\t<div class=\"elementor-button-wrapper\">\n\t\t\t\t\t<a class=\"elementor-button elementor-button-link elementor-size-sm elementor-animation-grow\" href=\"https:\/\/ahorn-camp.de\/pl\/cenniki-katalogi\/\" target=\"_blank\">\n\t\t\t\t\t\t<span class=\"elementor-button-content-wrapper\">\n\t\t\t\t\t\t\t\t\t<span class=\"elementor-button-text\">Katalogi i cenniki<\/span>\n\t\t\t\t\t<\/span>\n\t\t\t\t\t<\/a>\n\t\t\t\t<\/div>\n\t\t\t\t\t\t\t\t<\/div>\n\t\t\t\t<\/div>\n\t\t\t\t\t<\/div>\n\t\t<\/div>\n\t\t\t\t<div class=\"elementor-column elementor-col-33 elementor-inner-column elementor-element elementor-element-92caa7b\" data-id=\"92caa7b\" data-element_type=\"column\" data-e-type=\"column\" data-settings=\"{&quot;background_background&quot;:&quot;classic&quot;}\">\n\t\t\t<div class=\"elementor-widget-wrap elementor-element-populated\">\n\t\t\t\t\t\t<div class=\"elementor-element elementor-element-31cd2c0 elementor-view-default elementor-widget elementor-widget-icon\" data-id=\"31cd2c0\" data-element_type=\"widget\" data-e-type=\"widget\" data-widget_type=\"icon.default\">\n\t\t\t\t<div class=\"elementor-widget-container\">\n\t\t\t\t\t\t\t<div class=\"elementor-icon-wrapper\">\n\t\t\t<a class=\"elementor-icon\" href=\"https:\/\/ahorn-camp.de\/pl\/partner-handlowy\/\" target=\"_blank\">\n\t\t\t<i aria-hidden=\"true\" class=\"fas fa-map-pin\"><\/i>\t\t\t<\/a>\n\t\t<\/div>\n\t\t\t\t\t\t<\/div>\n\t\t\t\t<\/div>\n\t\t\t\t<div class=\"elementor-element elementor-element-8632cab elementor-align-center elementor-widget elementor-widget-button\" data-id=\"8632cab\" data-element_type=\"widget\" data-e-type=\"widget\" data-widget_type=\"button.default\">\n\t\t\t\t<div class=\"elementor-widget-container\">\n\t\t\t\t\t\t\t\t\t<div class=\"elementor-button-wrapper\">\n\t\t\t\t\t<a class=\"elementor-button elementor-button-link elementor-size-sm elementor-animation-grow\" href=\"https:\/\/ahorn-camp.de\/pl\/partner-serwisowy\/\" target=\"_blank\">\n\t\t\t\t\t\t<span class=\"elementor-button-content-wrapper\">\n\t\t\t\t\t\t\t\t\t<span class=\"elementor-button-text\">Znajd\u017a partnera serwisowego<\/span>\n\t\t\t\t\t<\/span>\n\t\t\t\t\t<\/a>\n\t\t\t\t<\/div>\n\t\t\t\t\t\t\t\t<\/div>\n\t\t\t\t<\/div>\n\t\t\t\t\t<\/div>\n\t\t<\/div>\n\t\t\t\t\t<\/div>\n\t\t<\/section>\n\t\t\t\t<div class=\"elementor-element elementor-element-4d18d10 elementor-widget elementor-widget-heading\" data-id=\"4d18d10\" data-element_type=\"widget\" data-e-type=\"widget\" data-widget_type=\"heading.default\">\n\t\t\t\t<div class=\"elementor-widget-container\">\n\t\t\t\t\t<h2 class=\"elementor-heading-title elementor-size-default\">Odkryj nasze kampery marki Ahorn\n<\/h2>\t\t\t\t<\/div>\n\t\t\t\t<\/div>\n\t\t\t\t<section class=\"elementor-section elementor-inner-section elementor-element elementor-element-858d569 elementor-section-boxed elementor-section-height-default elementor-section-height-default\" data-id=\"858d569\" data-element_type=\"section\" data-e-type=\"section\">\n\t\t\t\t\t\t<div class=\"elementor-container elementor-column-gap-default\">\n\t\t\t\t\t<div class=\"elementor-column elementor-col-20 elementor-inner-column elementor-element elementor-element-1b7a9ba\" data-id=\"1b7a9ba\" data-element_type=\"column\" data-e-type=\"column\" data-settings=\"{&quot;background_background&quot;:&quot;classic&quot;}\">\n\t\t\t<div class=\"elementor-widget-wrap elementor-element-populated\">\n\t\t\t\t\t\t<div class=\"elementor-element elementor-element-8b81d02 elementor-widget elementor-widget-image\" data-id=\"8b81d02\" data-element_type=\"widget\" data-e-type=\"widget\" data-widget_type=\"image.default\">\n\t\t\t\t<div class=\"elementor-widget-container\">\n\t\t\t\t\t\t\t\t\t\t\t\t\t\t\t\t<a href=\"https:\/\/ahorn-camp.de\/pl\/przyczepy-kempingowe-ahorn\/alkowy-kampery\/\">\n\t\t\t\t\t\t\t<img loading=\"lazy\" decoding=\"async\" width=\"2560\" height=\"1440\" src=\"https:\/\/ahorn-camp.de\/wp-content\/uploads\/2026\/07\/A690-Move-Presssebild-LQ-1-scaled.jpg\" class=\"attachment-full size-full wp-image-40765\" alt=\"\" srcset=\"https:\/\/ahorn-camp.de\/wp-content\/uploads\/2026\/07\/A690-Move-Presssebild-LQ-1-scaled.jpg 2560w, https:\/\/ahorn-camp.de\/wp-content\/uploads\/2026\/07\/A690-Move-Presssebild-LQ-1-300x169.jpg 300w, https:\/\/ahorn-camp.de\/wp-content\/uploads\/2026\/07\/A690-Move-Presssebild-LQ-1-1024x576.jpg 1024w, https:\/\/ahorn-camp.de\/wp-content\/uploads\/2026\/07\/A690-Move-Presssebild-LQ-1-768x432.jpg 768w, https:\/\/ahorn-camp.de\/wp-content\/uploads\/2026\/07\/A690-Move-Presssebild-LQ-1-1536x864.jpg 1536w, https:\/\/ahorn-camp.de\/wp-content\/uploads\/2026\/07\/A690-Move-Presssebild-LQ-1-2048x1152.jpg 2048w, https:\/\/ahorn-camp.de\/wp-content\/uploads\/2026\/07\/A690-Move-Presssebild-LQ-1-18x10.jpg 18w, https:\/\/ahorn-camp.de\/wp-content\/uploads\/2026\/07\/A690-Move-Presssebild-LQ-1-800x450.jpg 800w\" sizes=\"(max-width: 2560px) 100vw, 2560px\" \/>\t\t\t\t\t\t\t\t<\/a>\n\t\t\t\t\t\t\t\t\t\t\t\t\t\t\t<\/div>\n\t\t\t\t<\/div>\n\t\t\t\t<div class=\"elementor-element elementor-element-28d5a77 elementor-widget elementor-widget-heading\" data-id=\"28d5a77\" data-element_type=\"widget\" data-e-type=\"widget\" data-widget_type=\"heading.default\">\n\t\t\t\t<div class=\"elementor-widget-container\">\n\t\t\t\t\t<h4 class=\"elementor-heading-title elementor-size-default\"><a href=\"https:\/\/ahorn-camp.de\/pl\/przyczepy-kempingowe-ahorn\/alkowy-kampery\/\">Alkowa <\/a><\/h4>\t\t\t\t<\/div>\n\t\t\t\t<\/div>\n\t\t\t\t<div class=\"elementor-element elementor-element-9c539a7 elementor-widget elementor-widget-text-editor\" data-id=\"9c539a7\" data-element_type=\"widget\" data-e-type=\"widget\" data-widget_type=\"text-editor.default\">\n\t\t\t\t<div class=\"elementor-widget-container\">\n\t\t\t\t\t\t\t\t\t<p>Bardzo przestronne, daj\u0105ce poczucie du\u017cej przestrzeni<\/p>\t\t\t\t\t\t\t\t<\/div>\n\t\t\t\t<\/div>\n\t\t\t\t<div class=\"elementor-element elementor-element-fbbb569 elementor-widget__width-inherit elementor-align-center elementor-widget elementor-widget-button\" data-id=\"fbbb569\" data-element_type=\"widget\" data-e-type=\"widget\" data-widget_type=\"button.default\">\n\t\t\t\t<div class=\"elementor-widget-container\">\n\t\t\t\t\t\t\t\t\t<div class=\"elementor-button-wrapper\">\n\t\t\t\t\t<a class=\"elementor-button elementor-button-link elementor-size-sm elementor-animation-float\" href=\"https:\/\/ahorn-camp.de\/pl\/przyczepy-kempingowe-ahorn\/alkowy-kampery\/\">\n\t\t\t\t\t\t<span class=\"elementor-button-content-wrapper\">\n\t\t\t\t\t\t\t\t\t<span class=\"elementor-button-text\">Zobacz modele<\/span>\n\t\t\t\t\t<\/span>\n\t\t\t\t\t<\/a>\n\t\t\t\t<\/div>\n\t\t\t\t\t\t\t\t<\/div>\n\t\t\t\t<\/div>\n\t\t\t\t\t<\/div>\n\t\t<\/div>\n\t\t\t\t<div class=\"elementor-column elementor-col-20 elementor-inner-column elementor-element elementor-element-7fbdd23\" data-id=\"7fbdd23\" data-element_type=\"column\" data-e-type=\"column\" data-settings=\"{&quot;background_background&quot;:&quot;classic&quot;}\">\n\t\t\t<div class=\"elementor-widget-wrap elementor-element-populated\">\n\t\t\t\t\t\t<div class=\"elementor-element elementor-element-c2804c8 elementor-widget elementor-widget-image\" data-id=\"c2804c8\" data-element_type=\"widget\" data-e-type=\"widget\" data-widget_type=\"image.default\">\n\t\t\t\t<div class=\"elementor-widget-container\">\n\t\t\t\t\t\t\t\t\t\t\t\t\t\t\t\t<a href=\"https:\/\/ahorn-camp.de\/pl\/przyczepy-kempingowe-ahorn\/campery-czesciowo-zintegrowane\/\">\n\t\t\t\t\t\t\t<img loading=\"lazy\" decoding=\"async\" width=\"1920\" height=\"1080\" src=\"https:\/\/ahorn-camp.de\/wp-content\/uploads\/2026\/08\/0031.png\" class=\"attachment-full size-full wp-image-41387\" alt=\"Ahorn Camp TL 740 360\u00b0 Ansicht\" srcset=\"https:\/\/ahorn-camp.de\/wp-content\/uploads\/2026\/08\/0031.png 1920w, https:\/\/ahorn-camp.de\/wp-content\/uploads\/2026\/08\/0031-300x169.png 300w, https:\/\/ahorn-camp.de\/wp-content\/uploads\/2026\/08\/0031-1024x576.png 1024w, https:\/\/ahorn-camp.de\/wp-content\/uploads\/2026\/08\/0031-768x432.png 768w, https:\/\/ahorn-camp.de\/wp-content\/uploads\/2026\/08\/0031-1536x864.png 1536w, https:\/\/ahorn-camp.de\/wp-content\/uploads\/2026\/08\/0031-18x10.png 18w, https:\/\/ahorn-camp.de\/wp-content\/uploads\/2026\/08\/0031-800x450.png 800w\" sizes=\"(max-width: 1920px) 100vw, 1920px\" \/>\t\t\t\t\t\t\t\t<\/a>\n\t\t\t\t\t\t\t\t\t\t\t\t\t\t\t<\/div>\n\t\t\t\t<\/div>\n\t\t\t\t<div class=\"elementor-element elementor-element-927baa5 elementor-widget elementor-widget-heading\" data-id=\"927baa5\" data-element_type=\"widget\" data-e-type=\"widget\" data-widget_type=\"heading.default\">\n\t\t\t\t<div class=\"elementor-widget-container\">\n\t\t\t\t\t<h4 class=\"elementor-heading-title elementor-size-default\"><a href=\"https:\/\/ahorn-camp.de\/pl\/przyczepy-kempingowe-ahorn\/campery-czesciowo-zintegrowane\/\">P\u00f3\u0142zintegrowane <\/a><\/h4>\t\t\t\t<\/div>\n\t\t\t\t<\/div>\n\t\t\t\t<div class=\"elementor-element elementor-element-d67fb90 elementor-widget elementor-widget-text-editor\" data-id=\"d67fb90\" data-element_type=\"widget\" data-e-type=\"widget\" data-widget_type=\"text-editor.default\">\n\t\t\t\t<div class=\"elementor-widget-container\">\n\t\t\t\t\t\t\t\t\t<p>Komfortowe podr\u00f3\u017cowanie w mobilnym luksusowym hotelu<\/p>\t\t\t\t\t\t\t\t<\/div>\n\t\t\t\t<\/div>\n\t\t\t\t<div class=\"elementor-element elementor-element-03f4428 elementor-widget__width-inherit elementor-align-center elementor-widget elementor-widget-button\" data-id=\"03f4428\" data-element_type=\"widget\" data-e-type=\"widget\" data-widget_type=\"button.default\">\n\t\t\t\t<div class=\"elementor-widget-container\">\n\t\t\t\t\t\t\t\t\t<div class=\"elementor-button-wrapper\">\n\t\t\t\t\t<a class=\"elementor-button elementor-button-link elementor-size-sm elementor-animation-float\" href=\"https:\/\/ahorn-camp.de\/pl\/przyczepy-kempingowe-ahorn\/campery-czesciowo-zintegrowane\/\">\n\t\t\t\t\t\t<span class=\"elementor-button-content-wrapper\">\n\t\t\t\t\t\t\t\t\t<span class=\"elementor-button-text\">Zobacz modele<\/span>\n\t\t\t\t\t<\/span>\n\t\t\t\t\t<\/a>\n\t\t\t\t<\/div>\n\t\t\t\t\t\t\t\t<\/div>\n\t\t\t\t<\/div>\n\t\t\t\t\t<\/div>\n\t\t<\/div>\n\t\t\t\t<div class=\"elementor-column elementor-col-20 elementor-inner-column elementor-element elementor-element-93258c8\" data-id=\"93258c8\" data-element_type=\"column\" data-e-type=\"column\" data-settings=\"{&quot;background_background&quot;:&quot;classic&quot;}\">\n\t\t\t<div class=\"elementor-widget-wrap elementor-element-populated\">\n\t\t\t\t\t\t<div class=\"elementor-element elementor-element-b93d0a5 elementor-widget elementor-widget-image\" data-id=\"b93d0a5\" data-element_type=\"widget\" data-e-type=\"widget\" data-widget_type=\"image.default\">\n\t\t\t\t<div class=\"elementor-widget-container\">\n\t\t\t\t\t\t\t\t\t\t\t\t\t\t\t\t<a href=\"https:\/\/ahorn-camp.de\/pl\/przyczepy-kempingowe-ahorn\/kampery\/\">\n\t\t\t\t\t\t\t<img loading=\"lazy\" decoding=\"async\" width=\"1024\" height=\"576\" src=\"https:\/\/ahorn-camp.de\/wp-content\/uploads\/2026\/06\/360-Van-V630_00006-1-1024x576.jpg\" class=\"attachment-large size-large wp-image-39765\" alt=\"Ahorn Camp CV 630 360\u00b0 Ansicht\" srcset=\"https:\/\/ahorn-camp.de\/wp-content\/uploads\/2026\/06\/360-Van-V630_00006-1-1024x576.jpg 1024w, https:\/\/ahorn-camp.de\/wp-content\/uploads\/2026\/06\/360-Van-V630_00006-1-300x169.jpg 300w, https:\/\/ahorn-camp.de\/wp-content\/uploads\/2026\/06\/360-Van-V630_00006-1-768x432.jpg 768w, https:\/\/ahorn-camp.de\/wp-content\/uploads\/2026\/06\/360-Van-V630_00006-1-1536x864.jpg 1536w, https:\/\/ahorn-camp.de\/wp-content\/uploads\/2026\/06\/360-Van-V630_00006-1-2048x1152.jpg 2048w, https:\/\/ahorn-camp.de\/wp-content\/uploads\/2026\/06\/360-Van-V630_00006-1-18x10.jpg 18w, https:\/\/ahorn-camp.de\/wp-content\/uploads\/2026\/06\/360-Van-V630_00006-1-800x450.jpg 800w\" sizes=\"(max-width: 1024px) 100vw, 1024px\" \/>\t\t\t\t\t\t\t\t<\/a>\n\t\t\t\t\t\t\t\t\t\t\t\t\t\t\t<\/div>\n\t\t\t\t<\/div>\n\t\t\t\t<div class=\"elementor-element elementor-element-0ae01c4 elementor-widget elementor-widget-heading\" data-id=\"0ae01c4\" data-element_type=\"widget\" data-e-type=\"widget\" data-widget_type=\"heading.default\">\n\t\t\t\t<div class=\"elementor-widget-container\">\n\t\t\t\t\t<h4 class=\"elementor-heading-title elementor-size-default\"><a href=\"https:\/\/ahorn-camp.de\/pl\/przyczepy-kempingowe-ahorn\/kampery\/\">Furgonetka<\/a><\/h4>\t\t\t\t<\/div>\n\t\t\t\t<\/div>\n\t\t\t\t<div class=\"elementor-element elementor-element-9e28f05 elementor-widget elementor-widget-text-editor\" data-id=\"9e28f05\" data-element_type=\"widget\" data-e-type=\"widget\" data-widget_type=\"text-editor.default\">\n\t\t\t\t<div class=\"elementor-widget-container\">\n\t\t\t\t\t\t\t\t\tIdealny na spontaniczne i proste wycieczki\t\t\t\t\t\t\t\t<\/div>\n\t\t\t\t<\/div>\n\t\t\t\t<div class=\"elementor-element elementor-element-89ae9e3 elementor-widget__width-inherit elementor-align-center elementor-widget elementor-widget-button\" data-id=\"89ae9e3\" data-element_type=\"widget\" data-e-type=\"widget\" data-widget_type=\"button.default\">\n\t\t\t\t<div class=\"elementor-widget-container\">\n\t\t\t\t\t\t\t\t\t<div class=\"elementor-button-wrapper\">\n\t\t\t\t\t<a class=\"elementor-button elementor-button-link elementor-size-sm elementor-animation-float\" href=\"https:\/\/ahorn-camp.de\/pl\/przyczepy-kempingowe-ahorn\/kampery\/\">\n\t\t\t\t\t\t<span class=\"elementor-button-content-wrapper\">\n\t\t\t\t\t\t\t\t\t<span class=\"elementor-button-text\">Zobacz modele<\/span>\n\t\t\t\t\t<\/span>\n\t\t\t\t\t<\/a>\n\t\t\t\t<\/div>\n\t\t\t\t\t\t\t\t<\/div>\n\t\t\t\t<\/div>\n\t\t\t\t\t<\/div>\n\t\t<\/div>\n\t\t\t\t<div class=\"elementor-column elementor-col-20 elementor-inner-column elementor-element elementor-element-d8b1519\" data-id=\"d8b1519\" data-element_type=\"column\" data-e-type=\"column\" data-settings=\"{&quot;background_background&quot;:&quot;classic&quot;}\">\n\t\t\t<div class=\"elementor-widget-wrap elementor-element-populated\">\n\t\t\t\t\t\t<div class=\"elementor-element elementor-element-5770060 elementor-widget elementor-widget-image\" data-id=\"5770060\" data-element_type=\"widget\" data-e-type=\"widget\" data-widget_type=\"image.default\">\n\t\t\t\t<div class=\"elementor-widget-container\">\n\t\t\t\t\t\t\t\t\t\t\t\t\t\t\t\t<a href=\"https:\/\/ahorn-camp.de\/pl\/oferty\/\">\n\t\t\t\t\t\t\t<img loading=\"lazy\" decoding=\"async\" width=\"1024\" height=\"683\" src=\"https:\/\/ahorn-camp.de\/wp-content\/uploads\/2024\/03\/2024-02-Website-Icons-Fahrzeuge2.png\" class=\"attachment-full size-full wp-image-22516\" alt=\"Aktualne oferty od Ahorn Camp\" srcset=\"https:\/\/ahorn-camp.de\/wp-content\/uploads\/2024\/03\/2024-02-Website-Icons-Fahrzeuge2.png 1024w, https:\/\/ahorn-camp.de\/wp-content\/uploads\/2024\/03\/2024-02-Website-Icons-Fahrzeuge2-300x200.png 300w, https:\/\/ahorn-camp.de\/wp-content\/uploads\/2024\/03\/2024-02-Website-Icons-Fahrzeuge2-768x512.png 768w, https:\/\/ahorn-camp.de\/wp-content\/uploads\/2024\/03\/2024-02-Website-Icons-Fahrzeuge2-800x534.png 800w\" sizes=\"(max-width: 1024px) 100vw, 1024px\" \/>\t\t\t\t\t\t\t\t<\/a>\n\t\t\t\t\t\t\t\t\t\t\t\t\t\t\t<\/div>\n\t\t\t\t<\/div>\n\t\t\t\t<div class=\"elementor-element elementor-element-a7941c5 elementor-widget elementor-widget-heading\" data-id=\"a7941c5\" data-element_type=\"widget\" data-e-type=\"widget\" data-widget_type=\"heading.default\">\n\t\t\t\t<div class=\"elementor-widget-container\">\n\t\t\t\t\t<h4 class=\"elementor-heading-title elementor-size-default\"><a href=\"https:\/\/ahorn-camp.de\/pl\/oferty\/\">Aktualne oferty<\/a><\/h4>\t\t\t\t<\/div>\n\t\t\t\t<\/div>\n\t\t\t\t<div class=\"elementor-element elementor-element-51730d4 elementor-widget elementor-widget-text-editor\" data-id=\"51730d4\" data-element_type=\"widget\" data-e-type=\"widget\" data-widget_type=\"text-editor.default\">\n\t\t\t\t<div class=\"elementor-widget-container\">\n\t\t\t\t\t\t\t\t\t<p>Wyj\u0105tkowe rabaty na wybrane modele<\/p>\t\t\t\t\t\t\t\t<\/div>\n\t\t\t\t<\/div>\n\t\t\t\t<div class=\"elementor-element elementor-element-2ca4b5b elementor-widget__width-inherit elementor-align-center elementor-widget elementor-widget-button\" data-id=\"2ca4b5b\" data-element_type=\"widget\" data-e-type=\"widget\" data-widget_type=\"button.default\">\n\t\t\t\t<div class=\"elementor-widget-container\">\n\t\t\t\t\t\t\t\t\t<div class=\"elementor-button-wrapper\">\n\t\t\t\t\t<a class=\"elementor-button elementor-button-link elementor-size-sm elementor-animation-float\" href=\"https:\/\/ahorn-camp.de\/pl\/oferty\/\">\n\t\t\t\t\t\t<span class=\"elementor-button-content-wrapper\">\n\t\t\t\t\t\t\t\t\t<span class=\"elementor-button-text\">Zobacz ofert\u0119<\/span>\n\t\t\t\t\t<\/span>\n\t\t\t\t\t<\/a>\n\t\t\t\t<\/div>\n\t\t\t\t\t\t\t\t<\/div>\n\t\t\t\t<\/div>\n\t\t\t\t\t<\/div>\n\t\t<\/div>\n\t\t\t\t<div class=\"elementor-column elementor-col-20 elementor-inner-column elementor-element elementor-element-876465f\" data-id=\"876465f\" data-element_type=\"column\" data-e-type=\"column\" data-settings=\"{&quot;background_background&quot;:&quot;classic&quot;}\">\n\t\t\t<div class=\"elementor-widget-wrap elementor-element-populated\">\n\t\t\t\t\t\t<div class=\"elementor-element elementor-element-2ab8150 elementor-widget elementor-widget-image\" data-id=\"2ab8150\" data-element_type=\"widget\" data-e-type=\"widget\" data-widget_type=\"image.default\">\n\t\t\t\t<div class=\"elementor-widget-container\">\n\t\t\t\t\t\t\t\t\t\t\t\t\t\t\t\t<a href=\"https:\/\/ahorn-camp.de\/pl\/gebrauchte\/\">\n\t\t\t\t\t\t\t<img loading=\"lazy\" decoding=\"async\" width=\"1024\" height=\"540\" src=\"https:\/\/ahorn-camp.de\/wp-content\/uploads\/2024\/03\/2024-02-Website-Icons-Fahrzeuge-e1787555729967.png\" class=\"attachment-full size-full wp-image-22517\" alt=\"Samochody u\u017cywane od Ahorn Camp\" srcset=\"https:\/\/ahorn-camp.de\/wp-content\/uploads\/2024\/03\/2024-02-Website-Icons-Fahrzeuge-e1787555729967.png 1024w, https:\/\/ahorn-camp.de\/wp-content\/uploads\/2024\/03\/2024-02-Website-Icons-Fahrzeuge-e1787555729967-300x158.png 300w, https:\/\/ahorn-camp.de\/wp-content\/uploads\/2024\/03\/2024-02-Website-Icons-Fahrzeuge-e1787555729967-768x405.png 768w, https:\/\/ahorn-camp.de\/wp-content\/uploads\/2024\/03\/2024-02-Website-Icons-Fahrzeuge-e1787555729967-18x9.png 18w, https:\/\/ahorn-camp.de\/wp-content\/uploads\/2024\/03\/2024-02-Website-Icons-Fahrzeuge-e1787555729967-800x422.png 800w\" sizes=\"(max-width: 1024px) 100vw, 1024px\" \/>\t\t\t\t\t\t\t\t<\/a>\n\t\t\t\t\t\t\t\t\t\t\t\t\t\t\t<\/div>\n\t\t\t\t<\/div>\n\t\t\t\t<div class=\"elementor-element elementor-element-214c931 elementor-widget elementor-widget-heading\" data-id=\"214c931\" data-element_type=\"widget\" data-e-type=\"widget\" data-widget_type=\"heading.default\">\n\t\t\t\t<div class=\"elementor-widget-container\">\n\t\t\t\t\t<h4 class=\"elementor-heading-title elementor-size-default\"><a href=\"https:\/\/ahorn-camp.de\/pl\/gebrauchte\/\">U\u017cywane<\/a><\/h4>\t\t\t\t<\/div>\n\t\t\t\t<\/div>\n\t\t\t\t<div class=\"elementor-element elementor-element-32948e7 elementor-widget elementor-widget-text-editor\" data-id=\"32948e7\" data-element_type=\"widget\" data-e-type=\"widget\" data-widget_type=\"text-editor.default\">\n\t\t\t\t<div class=\"elementor-widget-container\">\n\t\t\t\t\t\t\t\t\t<p>Samochody demonstracyjne, m\u0142ode u\u017cywane lub zwroty<\/p>\t\t\t\t\t\t\t\t<\/div>\n\t\t\t\t<\/div>\n\t\t\t\t<div class=\"elementor-element elementor-element-9015df0 elementor-widget__width-inherit elementor-align-center elementor-widget elementor-widget-button\" data-id=\"9015df0\" data-element_type=\"widget\" data-e-type=\"widget\" data-widget_type=\"button.default\">\n\t\t\t\t<div class=\"elementor-widget-container\">\n\t\t\t\t\t\t\t\t\t<div class=\"elementor-button-wrapper\">\n\t\t\t\t\t<a class=\"elementor-button elementor-button-link elementor-size-sm elementor-animation-float\" href=\"https:\/\/ahorn-camp.de\/pl\/gebrauchte\/\">\n\t\t\t\t\t\t<span class=\"elementor-button-content-wrapper\">\n\t\t\t\t\t\t\t\t\t<span class=\"elementor-button-text\">Zobacz modele<\/span>\n\t\t\t\t\t<\/span>\n\t\t\t\t\t<\/a>\n\t\t\t\t<\/div>\n\t\t\t\t\t\t\t\t<\/div>\n\t\t\t\t<\/div>\n\t\t\t\t\t<\/div>\n\t\t<\/div>\n\t\t\t\t\t<\/div>\n\t\t<\/section>\n\t\t\t\t\t<\/div>\n\t\t<\/div>\n\t\t\t\t\t<\/div>\n\t\t<\/section>\n\t\t\t\t<\/div>","protected":false},"excerpt":{"rendered":"<p>H\u00e4ufige Fragen zu Ahorn Camp Reisemobile und Serviceleistungen <\/p>\n<p style=\"text-align: left;\">Finden Sie hier Antworten auf h\u00e4ufig gestellte Fragen in unserem FAQ-Bereich! <br \/>Sie erhalten n\u00fctzliche Infos um die Ahorn Camp Wohnmobile und Vans.<\/p>\n<p> Renault Chassis <\/p>\n<p> Sind alle Ahorn Camp Fahrzeuge auf einem Renault Chassis gebaut?<\/p>\n<p>Ja, alle unsere Modelle sind auf einem Renault Chassis gebaut. \u00c4ltere Modelle aus dem Jahrgang 2013 sind teilweise noch auf anderen Chassis gebaut, aber seit 2014 bauen wir alle Ahorn Modelle auf Renault.<\/p>\n<p> Kann ich das zul\u00e4ssige Gesamtgewicht meines Fahrzeuges erh\u00f6hen?<\/p>\n<p>Ja, auf maximal 4 t f\u00fcr Renault Chassis durch Luftfeder und Auflastung. F\u00fcr alte Fiat Modelle max. bis 3,85 Tonnen.<\/p>\n<p> Kann ich die Anh\u00e4ngelast an meinem Fahrzeug erh\u00f6hen?<\/p>\n<p>Nein, Anh\u00e4ngelast max. 2 Tonnen bei Wohnmobilen. Bei Vans sind es 2,5 Tonnen.<\/p>\n<p> Wie funktioniert die Abwassertank Heizsonde beim Van?<\/p>\n<p>Die Abwassertanksonde \u2013 auch Heizstab \u2013 sch\u00fctzt das Wasser im Abwassertank davor zu gefrieren. Sie ist dauerhaft [&#8230;]<\/p>\n","protected":false},"author":2,"featured_media":0,"parent":0,"menu_order":58,"comment_status":"closed","ping_status":"closed","template":"","meta":{"content-type":"","footnotes":""},"class_list":["post-179","page","type-page","status-publish","hentry"],"yoast_head":"<!-- This site is optimized with the Yoast SEO plugin v28.4 - https:\/\/yoast.com\/product\/yoast-seo-wordpress\/ -->\n<title>FAQ - H\u00e4ufig gestellte Fragen - Ahorn Camp | Reisemobile und Kastenwagen<\/title>\n<meta name=\"description\" content=\"Finden Sie hier Antworten auf h\u00e4ufig gestellte Fragen in unserem FAQ-Bereich! Sie erhalten n\u00fctzliche Infos um die Ahorn Camp Wohnmobile &amp;Vans\" \/>\n<meta name=\"robots\" content=\"index, follow, max-snippet:-1, max-image-preview:large, max-video-preview:-1\" \/>\n<link rel=\"canonical\" href=\"https:\/\/ahorn-camp.de\/pl\/czesto-zadawane-pytania\/\" \/>\n<meta property=\"og:locale\" content=\"pl_PL\" \/>\n<meta property=\"og:type\" content=\"article\" \/>\n<meta property=\"og:title\" content=\"FAQ - H\u00e4ufig gestellte Fragen - Ahorn Camp | Reisemobile und Kastenwagen\" \/>\n<meta property=\"og:description\" content=\"Finden Sie hier Antworten auf h\u00e4ufig gestellte Fragen in unserem FAQ-Bereich! Sie erhalten n\u00fctzliche Infos um die Ahorn Camp Wohnmobile &amp;Vans\" \/>\n<meta property=\"og:url\" content=\"https:\/\/ahorn-camp.de\/pl\/czesto-zadawane-pytania\/\" \/>\n<meta property=\"og:site_name\" content=\"Ahorn Camp | Reisemobile und Kastenwagen\" \/>\n<meta property=\"article:publisher\" content=\"https:\/\/www.facebook.com\/ahorn.wohnmobile\/\" \/>\n<meta property=\"article:modified_time\" content=\"2026-09-01T08:11:22+00:00\" \/>\n<meta property=\"og:image\" content=\"https:\/\/ahorn-camp.de\/wp-content\/uploads\/2026\/02\/Speyer-Hero-image.webp\" \/>\n\t<meta property=\"og:image:width\" content=\"1920\" \/>\n\t<meta property=\"og:image:height\" content=\"750\" \/>\n\t<meta property=\"og:image:type\" content=\"image\/webp\" \/>\n<meta name=\"twitter:card\" content=\"summary_large_image\" \/>\n<meta name=\"twitter:label1\" content=\"Szacowany czas czytania\" \/>\n\t<meta name=\"twitter:data1\" content=\"17 minut\" \/>\n<script type=\"application\/ld+json\" class=\"yoast-schema-graph\">{\"@context\":\"https:\\\/\\\/schema.org\",\"@graph\":[{\"@type\":\"WebPage\",\"@id\":\"https:\\\/\\\/ahorn-camp.de\\\/faq\\\/\",\"url\":\"https:\\\/\\\/ahorn-camp.de\\\/faq\\\/\",\"name\":\"FAQ - H\u00e4ufig gestellte Fragen - Ahorn Camp | Reisemobile und Kastenwagen\",\"isPartOf\":{\"@id\":\"https:\\\/\\\/ahorn-camp.de\\\/#website\"},\"primaryImageOfPage\":{\"@id\":\"https:\\\/\\\/ahorn-camp.de\\\/faq\\\/#primaryimage\"},\"image\":{\"@id\":\"https:\\\/\\\/ahorn-camp.de\\\/faq\\\/#primaryimage\"},\"thumbnailUrl\":\"https:\\\/\\\/ahorn-camp.de\\\/wp-content\\\/uploads\\\/2026\\\/02\\\/Speyer-Hero-image-1024x400.webp\",\"datePublished\":\"2017-09-10T14:47:15+00:00\",\"dateModified\":\"2026-09-01T08:11:22+00:00\",\"description\":\"Finden Sie hier Antworten auf h\u00e4ufig gestellte Fragen in unserem FAQ-Bereich! Sie erhalten n\u00fctzliche Infos um die Ahorn Camp Wohnmobile &Vans\",\"breadcrumb\":{\"@id\":\"https:\\\/\\\/ahorn-camp.de\\\/faq\\\/#breadcrumb\"},\"inLanguage\":\"pl-PL\",\"potentialAction\":[{\"@type\":\"ReadAction\",\"target\":[\"https:\\\/\\\/ahorn-camp.de\\\/faq\\\/\"]}]},{\"@type\":\"ImageObject\",\"inLanguage\":\"pl-PL\",\"@id\":\"https:\\\/\\\/ahorn-camp.de\\\/faq\\\/#primaryimage\",\"url\":\"https:\\\/\\\/ahorn-camp.de\\\/wp-content\\\/uploads\\\/2026\\\/02\\\/Speyer-Hero-image-1024x400.webp\",\"contentUrl\":\"https:\\\/\\\/ahorn-camp.de\\\/wp-content\\\/uploads\\\/2026\\\/02\\\/Speyer-Hero-image-1024x400.webp\"},{\"@type\":\"BreadcrumbList\",\"@id\":\"https:\\\/\\\/ahorn-camp.de\\\/faq\\\/#breadcrumb\",\"itemListElement\":[{\"@type\":\"ListItem\",\"position\":1,\"name\":\"Startseite\",\"item\":\"https:\\\/\\\/ahorn-camp.de\\\/\"},{\"@type\":\"ListItem\",\"position\":2,\"name\":\"FAQ &#8211; H\u00e4ufig gestellte Fragen\"}]},{\"@type\":\"WebSite\",\"@id\":\"https:\\\/\\\/ahorn-camp.de\\\/#website\",\"url\":\"https:\\\/\\\/ahorn-camp.de\\\/\",\"name\":\"Ahorn Camp | Reisemobile und Kastenwagen\",\"description\":\"Seit \u00fcber 30 Jahren vermarktet das Familienunternehmen, Ahorn Camp in Speyer, erfolgreich Wohnmobile und Kastenwagen zum besten Preis-Leistungsverh\u00e4ltnis.\",\"publisher\":{\"@id\":\"https:\\\/\\\/ahorn-camp.de\\\/#organization\"},\"potentialAction\":[{\"@type\":\"SearchAction\",\"target\":{\"@type\":\"EntryPoint\",\"urlTemplate\":\"https:\\\/\\\/ahorn-camp.de\\\/?s={search_term_string}\"},\"query-input\":{\"@type\":\"PropertyValueSpecification\",\"valueRequired\":true,\"valueName\":\"search_term_string\"}}],\"inLanguage\":\"pl-PL\"},{\"@type\":\"Organization\",\"@id\":\"https:\\\/\\\/ahorn-camp.de\\\/#organization\",\"name\":\"Ahorn Camp GmbH & Co. KG\",\"url\":\"https:\\\/\\\/ahorn-camp.de\\\/\",\"logo\":{\"@type\":\"ImageObject\",\"inLanguage\":\"pl-PL\",\"@id\":\"https:\\\/\\\/ahorn-camp.de\\\/#\\\/schema\\\/logo\\\/image\\\/\",\"url\":\"https:\\\/\\\/ahorn-camp.de\\\/wp-content\\\/uploads\\\/2018\\\/12\\\/Ahorn_Logo.jpg\",\"contentUrl\":\"https:\\\/\\\/ahorn-camp.de\\\/wp-content\\\/uploads\\\/2018\\\/12\\\/Ahorn_Logo.jpg\",\"width\":1437,\"height\":1000,\"caption\":\"Ahorn Camp GmbH & Co. KG\"},\"image\":{\"@id\":\"https:\\\/\\\/ahorn-camp.de\\\/#\\\/schema\\\/logo\\\/image\\\/\"},\"sameAs\":[\"https:\\\/\\\/www.facebook.com\\\/ahorn.wohnmobile\\\/\",\"https:\\\/\\\/www.instagram.com\\\/ahorn.camp\\\/\",\"https:\\\/\\\/www.youtube.com\\\/channel\\\/UCPFbPCts1JJ_A1k9vyH0yOQ\"]}]}<\/script>\n<!-- \/ Yoast SEO plugin. -->","yoast_head_json":{"title":"FAQ \u2013 Najcz\u0119\u015bciej zadawane pytania \u2013 Ahorn Camp | Kampery i samochody dostawcze","description":"W naszej sekcji FAQ znajdziesz odpowiedzi na najcz\u0119\u015bciej zadawane pytania! Znajdziesz tam przydatne informacje dotycz\u0105ce kamper\u00f3w i van\u00f3w Ahorn Camp;","robots":{"index":"index","follow":"follow","max-snippet":"max-snippet:-1","max-image-preview":"max-image-preview:large","max-video-preview":"max-video-preview:-1"},"canonical":"https:\/\/ahorn-camp.de\/pl\/czesto-zadawane-pytania\/","og_locale":"pl_PL","og_type":"article","og_title":"FAQ - H\u00e4ufig gestellte Fragen - Ahorn Camp | Reisemobile und Kastenwagen","og_description":"Finden Sie hier Antworten auf h\u00e4ufig gestellte Fragen in unserem FAQ-Bereich! Sie erhalten n\u00fctzliche Infos um die Ahorn Camp Wohnmobile &Vans","og_url":"https:\/\/ahorn-camp.de\/pl\/czesto-zadawane-pytania\/","og_site_name":"Ahorn Camp | Reisemobile und Kastenwagen","article_publisher":"https:\/\/www.facebook.com\/ahorn.wohnmobile\/","article_modified_time":"2026-09-01T08:11:22+00:00","og_image":[{"width":1920,"height":750,"url":"https:\/\/ahorn-camp.de\/wp-content\/uploads\/2026\/02\/Speyer-Hero-image.webp","type":"image\/webp"}],"twitter_card":"summary_large_image","twitter_misc":{"Szacowany czas czytania":"17 minut"},"schema":{"@context":"https:\/\/schema.org","@graph":[{"@type":"WebPage","@id":"https:\/\/ahorn-camp.de\/faq\/","url":"https:\/\/ahorn-camp.de\/faq\/","name":"FAQ \u2013 Najcz\u0119\u015bciej zadawane pytania \u2013 Ahorn Camp | Kampery i samochody dostawcze","isPartOf":{"@id":"https:\/\/ahorn-camp.de\/#website"},"primaryImageOfPage":{"@id":"https:\/\/ahorn-camp.de\/faq\/#primaryimage"},"image":{"@id":"https:\/\/ahorn-camp.de\/faq\/#primaryimage"},"thumbnailUrl":"https:\/\/ahorn-camp.de\/wp-content\/uploads\/2026\/02\/Speyer-Hero-image-1024x400.webp","datePublished":"2017-09-10T14:47:15+00:00","dateModified":"2026-09-01T08:11:22+00:00","description":"W naszej sekcji FAQ znajdziesz odpowiedzi na najcz\u0119\u015bciej zadawane pytania! Znajdziesz tam przydatne informacje dotycz\u0105ce kamper\u00f3w i van\u00f3w Ahorn Camp;","breadcrumb":{"@id":"https:\/\/ahorn-camp.de\/faq\/#breadcrumb"},"inLanguage":"pl-PL","potentialAction":[{"@type":"ReadAction","target":["https:\/\/ahorn-camp.de\/faq\/"]}]},{"@type":"ImageObject","inLanguage":"pl-PL","@id":"https:\/\/ahorn-camp.de\/faq\/#primaryimage","url":"https:\/\/ahorn-camp.de\/wp-content\/uploads\/2026\/02\/Speyer-Hero-image-1024x400.webp","contentUrl":"https:\/\/ahorn-camp.de\/wp-content\/uploads\/2026\/02\/Speyer-Hero-image-1024x400.webp"},{"@type":"BreadcrumbList","@id":"https:\/\/ahorn-camp.de\/faq\/#breadcrumb","itemListElement":[{"@type":"ListItem","position":1,"name":"Startseite","item":"https:\/\/ahorn-camp.de\/"},{"@type":"ListItem","position":2,"name":"FAQ &#8211; H\u00e4ufig gestellte Fragen"}]},{"@type":"WebSite","@id":"https:\/\/ahorn-camp.de\/#website","url":"https:\/\/ahorn-camp.de\/","name":"Ahorn Camp | Kampery i samochody dostawcze","description":"Od ponad 30 lat rodzinna firma Ahorn Camp z siedzib\u0105 w Speyer z powodzeniem zajmuje si\u0119 sprzeda\u017c\u0105 kamper\u00f3w i samochod\u00f3w dostawczych o najlepszym stosunku ceny do jako\u015bci.","publisher":{"@id":"https:\/\/ahorn-camp.de\/#organization"},"potentialAction":[{"@type":"SearchAction","target":{"@type":"EntryPoint","urlTemplate":"https:\/\/ahorn-camp.de\/?s={search_term_string}"},"query-input":{"@type":"PropertyValueSpecification","valueRequired":true,"valueName":"search_term_string"}}],"inLanguage":"pl-PL"},{"@type":"Organization","@id":"https:\/\/ahorn-camp.de\/#organization","name":"Ahorn Camp GmbH &amp; Co. KG","url":"https:\/\/ahorn-camp.de\/","logo":{"@type":"ImageObject","inLanguage":"pl-PL","@id":"https:\/\/ahorn-camp.de\/#\/schema\/logo\/image\/","url":"https:\/\/ahorn-camp.de\/wp-content\/uploads\/2018\/12\/Ahorn_Logo.jpg","contentUrl":"https:\/\/ahorn-camp.de\/wp-content\/uploads\/2018\/12\/Ahorn_Logo.jpg","width":1437,"height":1000,"caption":"Ahorn Camp GmbH & Co. KG"},"image":{"@id":"https:\/\/ahorn-camp.de\/#\/schema\/logo\/image\/"},"sameAs":["https:\/\/www.facebook.com\/ahorn.wohnmobile\/","https:\/\/www.instagram.com\/ahorn.camp\/","https:\/\/www.youtube.com\/channel\/UCPFbPCts1JJ_A1k9vyH0yOQ"]}]}},"_links":{"self":[{"href":"https:\/\/ahorn-camp.de\/pl\/wp-json\/wp\/v2\/pages\/179","targetHints":{"allow":["GET"]}}],"collection":[{"href":"https:\/\/ahorn-camp.de\/pl\/wp-json\/wp\/v2\/pages"}],"about":[{"href":"https:\/\/ahorn-camp.de\/pl\/wp-json\/wp\/v2\/types\/page"}],"author":[{"embeddable":true,"href":"https:\/\/ahorn-camp.de\/pl\/wp-json\/wp\/v2\/users\/2"}],"replies":[{"embeddable":true,"href":"https:\/\/ahorn-camp.de\/pl\/wp-json\/wp\/v2\/comments?post=179"}],"version-history":[{"count":3,"href":"https:\/\/ahorn-camp.de\/pl\/wp-json\/wp\/v2\/pages\/179\/revisions"}],"predecessor-version":[{"id":42446,"href":"https:\/\/ahorn-camp.de\/pl\/wp-json\/wp\/v2\/pages\/179\/revisions\/42446"}],"wp:attachment":[{"href":"https:\/\/ahorn-camp.de\/pl\/wp-json\/wp\/v2\/media?parent=179"}],"curies":[{"name":"wp","href":"https:\/\/api.w.org\/{rel}","templated":true}]}}