{"id":2710,"date":"2019-09-26T11:41:38","date_gmt":"2019-09-26T09:41:38","guid":{"rendered":"https:\/\/ahorn-camp.de\/?page_id=2710"},"modified":"2025-04-14T13:18:59","modified_gmt":"2025-04-14T11:18:59","slug":"erklaervideos","status":"publish","type":"page","link":"https:\/\/ahorn-camp.de\/it\/erklaervideos\/","title":{"rendered":"Video didattici"},"content":{"rendered":"<div class=\"wpb-content-wrapper\"><div class=\"vc_row wpb_row vc_row-fluid\"><div class=\"wpb_column vc_column_container vc_col-sm-12\"><div class=\"vc_column-inner\"><div class=\"wpb_wrapper\">\n\t<div class=\"wpb_text_column wpb_content_element\" >\n\t\t<div class=\"wpb_wrapper\">\n\t\t\t<h3>Wie funktioniert ein Reisemobil? Unsere Erkl\u00e4rvideos zeigen es Ihnen!<\/h3>\n<p>Egal ob Sie sich erstmal nur \u00fcber ein Reisemobil informieren m\u00f6chten, schon einmal eines gemietet haben oder bereits Ihr Wunsch Wohnmobil besitzen. Auf kurz oder lang stellt man sich eine wichtige Frage. Wie funktioniert eigentlich ein <a href=\"https:\/\/ahorn-camp.de\/it\/camper-ahorn\/\">Camper<\/a> genau? Und wie lassen sich nochmal die einzelnen Komponenten bedienen?<\/p>\n<p>Die hier aufgef\u00fchrten Erkl\u00e4rvideos sind alle in einem unserer Modelle von 2019-2021 gefilmt worden. Daher k\u00f6nnen sich einzelne technische Ger\u00e4te und Komponente, visuell von denen in Ihrem Modell unterscheiden. Die Funktionen an sich weichen kaum ab und sind daher auch auf danach folgende Modellreihen anwendbar.<br \/>\nAlle Erkl\u00e4rvideos finden Sie auch auf unserem <a href=\"https:\/\/www.youtube.com\/channel\/UCPFbPCts1JJ_A1k9vyH0yOQ\" target=\"_blank\" rel=\"noopener noreferrer\">Canale Youtube<\/a>.<\/p>\n\n\t\t<\/div>\n\t<\/div>\n<\/div><\/div><\/div><\/div><div class=\"vc_row wpb_row vc_row-fluid\"><div class=\"wpb_column vc_column_container vc_col-sm-12\"><div class=\"vc_column-inner\"><div class=\"wpb_wrapper\">\n\t<div class=\"wpb_text_column wpb_content_element\" >\n\t\t<div class=\"wpb_wrapper\">\n\t\t\t<h3>Allgemeine Informationen die Reisemobile \u2013 Welche verschiedenen Modellreihen gibt es?<\/h3>\n\n\t\t<\/div>\n\t<\/div>\n<div class=\"vc_row wpb_row vc_inner vc_row-fluid\"><div class=\"wpb_column vc_column_container vc_col-sm-4\"><div class=\"vc_column-inner\"><div class=\"wpb_wrapper\">\n\t<div class=\"wpb_video_widget wpb_content_element vc_clearfix   vc_video-aspect-ratio-169 vc_video-el-width-100 vc_video-align-left\" >\n\t\t<div class=\"wpb_wrapper\">\n\t\t\t\n\t\t\t<div class=\"wpb_video_wrapper\"><iframe title=\"Alle Modelle im \u00dcberblick bei Ahorn Camp\" width=\"500\" height=\"281\" src=\"https:\/\/www.youtube.com\/embed\/F51x_6WIWwY?feature=oembed\" frameborder=\"0\" allow=\"accelerometer; autoplay; clipboard-write; encrypted-media; gyroscope; picture-in-picture; web-share\" referrerpolicy=\"strict-origin-when-cross-origin\" allowfullscreen><\/iframe><\/div>\n\t\t<\/div>\n\t<\/div>\n\n\t<div class=\"wpb_text_column wpb_content_element\" >\n\t\t<div class=\"wpb_wrapper\">\n\t\t\t<p>Alle Modelle im \u00dcberblick kurz vorgestellt<\/p>\n\n\t\t<\/div>\n\t<\/div>\n<\/div><\/div><\/div><div class=\"wpb_column vc_column_container vc_col-sm-4\"><div class=\"vc_column-inner\"><div class=\"wpb_wrapper\">\n\t<div class=\"wpb_video_widget wpb_content_element vc_clearfix   vc_video-aspect-ratio-169 vc_video-el-width-100 vc_video-align-left\" >\n\t\t<div class=\"wpb_wrapper\">\n\t\t\t\n\t\t\t<div class=\"wpb_video_wrapper\"><iframe title=\"Alkoven vs. Teilintegrierte - Unterschiede erkl\u00e4rt | Ahorn Camp\" width=\"500\" height=\"281\" src=\"https:\/\/www.youtube.com\/embed\/2PEWTj-k8xs?feature=oembed\" frameborder=\"0\" allow=\"accelerometer; autoplay; clipboard-write; encrypted-media; gyroscope; picture-in-picture; web-share\" referrerpolicy=\"strict-origin-when-cross-origin\" allowfullscreen><\/iframe><\/div>\n\t\t<\/div>\n\t<\/div>\n\n\t<div class=\"wpb_text_column wpb_content_element\" >\n\t\t<div class=\"wpb_wrapper\">\n\t\t\t<p>Alkoven oder Teilintegrierte &#8211; das sind die Unterschiede<\/p>\n\n\t\t<\/div>\n\t<\/div>\n<\/div><\/div><\/div><div class=\"wpb_column vc_column_container vc_col-sm-4\"><div class=\"vc_column-inner\"><div class=\"wpb_wrapper\">\n\t<div class=\"wpb_video_widget wpb_content_element vc_clearfix   vc_video-aspect-ratio-169 vc_video-el-width-100 vc_video-align-left\" >\n\t\t<div class=\"wpb_wrapper\">\n\t\t\t\n\t\t\t<div class=\"wpb_video_wrapper\"><iframe title=\"Van oder Wohnmobil? Wir erkl\u00e4ren die Unterschiede! Ahorn Camp\" width=\"500\" height=\"281\" src=\"https:\/\/www.youtube.com\/embed\/w-bQuoS0VDo?feature=oembed\" frameborder=\"0\" allow=\"accelerometer; autoplay; clipboard-write; encrypted-media; gyroscope; picture-in-picture; web-share\" referrerpolicy=\"strict-origin-when-cross-origin\" allowfullscreen><\/iframe><\/div>\n\t\t<\/div>\n\t<\/div>\n\n\t<div class=\"wpb_text_column wpb_content_element\" >\n\t\t<div class=\"wpb_wrapper\">\n\t\t\t<p>Van oder Wohnmobil? Wir erkl\u00e4ren die Unterschiede<\/p>\n\n\t\t<\/div>\n\t<\/div>\n<\/div><\/div><\/div><\/div><div class=\"vc_row wpb_row vc_inner vc_row-fluid\"><div class=\"wpb_column vc_column_container vc_col-sm-4\"><div class=\"vc_column-inner\"><div class=\"wpb_wrapper\">\n\t<div class=\"wpb_video_widget wpb_content_element vc_clearfix   vc_video-aspect-ratio-169 vc_video-el-width-100 vc_video-align-left\" >\n\t\t<div class=\"wpb_wrapper\">\n\t\t\t\n\t\t\t<div class=\"wpb_video_wrapper\"><iframe title=\"Alle Van Modelle im Vergleich bei Ahorn Camp | Van Serie\" width=\"500\" height=\"281\" src=\"https:\/\/www.youtube.com\/embed\/bkYKCB5aFB4?feature=oembed\" frameborder=\"0\" allow=\"accelerometer; autoplay; clipboard-write; encrypted-media; gyroscope; picture-in-picture; web-share\" referrerpolicy=\"strict-origin-when-cross-origin\" allowfullscreen><\/iframe><\/div>\n\t\t<\/div>\n\t<\/div>\n\n\t<div class=\"wpb_text_column wpb_content_element\" >\n\t\t<div class=\"wpb_wrapper\">\n\t\t\t<p>Alle Van Modelle im Vergleich<\/p>\n\n\t\t<\/div>\n\t<\/div>\n<\/div><\/div><\/div><div class=\"wpb_column vc_column_container vc_col-sm-4\"><div class=\"vc_column-inner\"><div class=\"wpb_wrapper\">\n\t<div class=\"wpb_video_widget wpb_content_element vc_clearfix   vc_video-aspect-ratio-169 vc_video-el-width-100 vc_video-align-left\" >\n\t\t<div class=\"wpb_wrapper\">\n\t\t\t\n\t\t\t<div class=\"wpb_video_wrapper\"><iframe title=\"Alle Teilintegrierte der Canada Serie im Vergleich bei Ahorn Camp\" width=\"500\" height=\"281\" src=\"https:\/\/www.youtube.com\/embed\/7TiPeUn8WsY?feature=oembed\" frameborder=\"0\" allow=\"accelerometer; autoplay; clipboard-write; encrypted-media; gyroscope; picture-in-picture; web-share\" referrerpolicy=\"strict-origin-when-cross-origin\" allowfullscreen><\/iframe><\/div>\n\t\t<\/div>\n\t<\/div>\n\n\t<div class=\"wpb_text_column wpb_content_element\" >\n\t\t<div class=\"wpb_wrapper\">\n\t\t\t<p>Alle Teilintegrierten im Vergleich<\/p>\n\n\t\t<\/div>\n\t<\/div>\n<\/div><\/div><\/div><div class=\"wpb_column vc_column_container vc_col-sm-4\"><div class=\"vc_column-inner\"><div class=\"wpb_wrapper\">\n\t<div class=\"wpb_video_widget wpb_content_element vc_clearfix   vc_video-aspect-ratio-169 vc_video-el-width-100 vc_video-align-left\" >\n\t\t<div class=\"wpb_wrapper\">\n\t\t\t\n\t\t\t<div class=\"wpb_video_wrapper\"><iframe title=\"Alle Alkovenmodelle im Vergleich bei Ahorn Camp | Canada &amp; Camp Serie\" width=\"500\" height=\"281\" src=\"https:\/\/www.youtube.com\/embed\/Q3XD5mMbLq0?feature=oembed\" frameborder=\"0\" allow=\"accelerometer; autoplay; clipboard-write; encrypted-media; gyroscope; picture-in-picture; web-share\" referrerpolicy=\"strict-origin-when-cross-origin\" allowfullscreen><\/iframe><\/div>\n\t\t<\/div>\n\t<\/div>\n\n\t<div class=\"wpb_text_column wpb_content_element\" >\n\t\t<div class=\"wpb_wrapper\">\n\t\t\t<p>Alle Alkovenmodelle im Vergleich<\/p>\n\n\t\t<\/div>\n\t<\/div>\n<\/div><\/div><\/div><\/div><\/div><\/div><\/div><\/div><div class=\"vc_row wpb_row vc_row-fluid\"><div class=\"wpb_column vc_column_container vc_col-sm-12\"><div class=\"vc_column-inner\"><div class=\"wpb_wrapper\">\n\t<div class=\"wpb_text_column wpb_content_element\" >\n\t\t<div class=\"wpb_wrapper\">\n\t\t\t<h3>Allgemeine Einweisung \u2013 Was muss ich \u00fcber mein Reisemobil wissen?<\/h3>\n<p>Bei jedem Beratungsgespr\u00e4ch wird von unseren Mitarbeitern bereits auf die wichtigen Bestandteile hingewiesen. Eine genaue Einweisung erhalten Sie in der Regel bei Fahrzeug\u00fcbergabe, nach einem get\u00e4tigten Kauf. Anhand eines Erkl\u00e4rvideos \u00fcber diese Einweisung zeigen wir Ihnen die einzelnen Bestandteile Ihres rollenden Hauses. Denn wenn man es genau betrachtet, ist ein Reisemobil genau das. Wasser, Gas, Strom, Abwasser \u2013 die gesamte Haustechnik ist auf wenigen Quadratmetern untergebracht. Lehnen Sie sich einfach zur\u00fcck und lassen Sie sich von unserem Mitarbeiter in die Welt der Reisemobile entf\u00fchren. Viel Spa\u00df damit. Und wenn was nicht ganz klar geworden ist, einfach zur\u00fcckspulen und nochmal angucken.<\/p>\n\n\t\t<\/div>\n\t<\/div>\n<div class=\"vc_row wpb_row vc_inner vc_row-fluid\"><div class=\"wpb_column vc_column_container vc_col-sm-4\"><div class=\"vc_column-inner\"><div class=\"wpb_wrapper\">\n\t<div class=\"wpb_video_widget wpb_content_element vc_clearfix   vc_video-aspect-ratio-169 vc_video-el-width-100 vc_video-align-left\" >\n\t\t<div class=\"wpb_wrapper\">\n\t\t\t\n\t\t\t<div class=\"wpb_video_wrapper\"><iframe title=\"Einweisung in die Wohnmobile der Serien Canada &amp; Camp bei Ahorn Camp\" width=\"500\" height=\"281\" src=\"https:\/\/www.youtube.com\/embed\/8nQxPQLbb20?feature=oembed\" frameborder=\"0\" allow=\"accelerometer; autoplay; clipboard-write; encrypted-media; gyroscope; picture-in-picture; web-share\" referrerpolicy=\"strict-origin-when-cross-origin\" allowfullscreen><\/iframe><\/div>\n\t\t<\/div>\n\t<\/div>\n\n\t<div class=\"wpb_text_column wpb_content_element\" >\n\t\t<div class=\"wpb_wrapper\">\n\t\t\t<p>Einweisung Wohnmobile 2024<\/p>\n\n\t\t<\/div>\n\t<\/div>\n<\/div><\/div><\/div><div class=\"wpb_column vc_column_container vc_col-sm-4\"><div class=\"vc_column-inner\"><div class=\"wpb_wrapper\">\n\t<div class=\"wpb_video_widget wpb_content_element vc_clearfix   vc_video-aspect-ratio-169 vc_video-el-width-100 vc_video-align-left\" >\n\t\t<div class=\"wpb_wrapper\">\n\t\t\t\n\t\t\t<div class=\"wpb_video_wrapper\"><iframe title=\"Einweisung in die Van Modelle von Ahorn Camp\" width=\"500\" height=\"281\" src=\"https:\/\/www.youtube.com\/embed\/dBozi4sd1rE?feature=oembed\" frameborder=\"0\" allow=\"accelerometer; autoplay; clipboard-write; encrypted-media; gyroscope; picture-in-picture; web-share\" referrerpolicy=\"strict-origin-when-cross-origin\" allowfullscreen><\/iframe><\/div>\n\t\t<\/div>\n\t<\/div>\n\n\t<div class=\"wpb_text_column wpb_content_element\" >\n\t\t<div class=\"wpb_wrapper\">\n\t\t\t<p>Einweisung f\u00fcr den Van 620 und Van 550 Modelljahr 2024<\/p>\n\n\t\t<\/div>\n\t<\/div>\n<\/div><\/div><\/div><div class=\"wpb_column vc_column_container vc_col-sm-4\"><div class=\"vc_column-inner\"><div class=\"wpb_wrapper\">\n\t<div class=\"wpb_video_widget wpb_content_element vc_clearfix   vc_video-aspect-ratio-169 vc_video-el-width-100 vc_video-align-left\" >\n\t\t<div class=\"wpb_wrapper\">\n\t\t\t\n\t\t\t<div class=\"wpb_video_wrapper\"><iframe title=\"Ahorn Camp - Van City\" width=\"500\" height=\"281\" src=\"https:\/\/www.youtube.com\/embed\/ET9VKE29j7U?feature=oembed\" frameborder=\"0\" allow=\"accelerometer; autoplay; clipboard-write; encrypted-media; gyroscope; picture-in-picture; web-share\" allowfullscreen><\/iframe><\/div>\n\t\t<\/div>\n\t<\/div>\n\n\t<div class=\"wpb_text_column wpb_content_element\" >\n\t\t<div class=\"wpb_wrapper\">\n\t\t\t<p>Einweisung f\u00fcr den Van City Modelljahr 2022<\/p>\n\n\t\t<\/div>\n\t<\/div>\n<\/div><\/div><\/div><\/div><div class=\"vc_row wpb_row vc_inner vc_row-fluid\"><div class=\"wpb_column vc_column_container vc_col-sm-4\"><div class=\"vc_column-inner\"><div class=\"wpb_wrapper\">\n\t<div class=\"wpb_video_widget wpb_content_element vc_clearfix   vc_video-aspect-ratio-169 vc_video-el-width-100 vc_video-align-left\" >\n\t\t<div class=\"wpb_wrapper\">\n\t\t\t\n\t\t\t<div class=\"wpb_video_wrapper\"><iframe title=\"Ahorn Camp - Istruzioni e uso del camper\" width=\"413\" height=\"310\" src=\"https:\/\/www.youtube.com\/embed\/tQR3Lq53fS8?feature=oembed\" frameborder=\"0\" allow=\"accelerometer; autoplay; clipboard-write; encrypted-media; gyroscope; picture-in-picture; web-share\" allowfullscreen><\/iframe><\/div>\n\t\t<\/div>\n\t<\/div>\n\n\t<div class=\"wpb_text_column wpb_content_element\" >\n\t\t<div class=\"wpb_wrapper\">\n\t\t\t<p>Allgemeine Einweisung Modelljahr 2018<\/p>\n\n\t\t<\/div>\n\t<\/div>\n<\/div><\/div><\/div><div class=\"wpb_column vc_column_container vc_col-sm-4\"><div class=\"vc_column-inner\"><div class=\"wpb_wrapper\">\n\t<div class=\"wpb_video_widget wpb_content_element vc_clearfix   vc_video-aspect-ratio-169 vc_video-el-width-100 vc_video-align-left\" >\n\t\t<div class=\"wpb_wrapper\">\n\t\t\t\n\t\t\t<div class=\"wpb_video_wrapper\"><iframe title=\"Ahorn Camp - Van 620 und 550\" width=\"500\" height=\"281\" src=\"https:\/\/www.youtube.com\/embed\/IlYoR7nm_-s?feature=oembed\" frameborder=\"0\" allow=\"accelerometer; autoplay; clipboard-write; encrypted-media; gyroscope; picture-in-picture; web-share\" allowfullscreen><\/iframe><\/div>\n\t\t<\/div>\n\t<\/div>\n\n\t<div class=\"wpb_text_column wpb_content_element\" >\n\t\t<div class=\"wpb_wrapper\">\n\t\t\t<p>Einweisung f\u00fcr den Van 620 und Van 550 Modelljahr 2018<\/p>\n\n\t\t<\/div>\n\t<\/div>\n<\/div><\/div><\/div><div class=\"wpb_column vc_column_container vc_col-sm-4\"><div class=\"vc_column-inner\"><div class=\"wpb_wrapper\"><\/div><\/div><\/div><\/div><\/div><\/div><\/div><\/div><div data-vc-full-width=\"true\" data-vc-full-width-temp=\"true\" data-vc-full-width-init=\"false\" class=\"vc_row wpb_row vc_row-fluid vc_custom_1585747939599 vc_row-has-fill\"><div class=\"wpb_column vc_column_container vc_col-sm-12\"><div class=\"vc_column-inner\"><div class=\"wpb_wrapper\">\n\t<div class=\"wpb_text_column wpb_content_element\" >\n\t\t<div class=\"wpb_wrapper\">\n\t\t\t<h3>Die Details des Reisemobils &#8211; Wie funktionieren die einzelnen Komponenten?<\/h3>\n<p>Wie funktioniert nochmal genau das Bedienpanel? Und wie leere ich die Toilettenkasette? Folgend haben wir Erkl\u00e4rvideos f\u00fcr Sie erstellt, in denen einzelne Komponenten Ihres Reisemobils genau verdeutlicht werden. Hierdurch k\u00f6nnen Sie jederzeit, auch von unterwegs, nochmal einzelne Funktionen nachschauen und sich diese von unseren Mitarbeitern erkl\u00e4ren lassen.<\/p>\n\n\t\t<\/div>\n\t<\/div>\n<\/div><\/div><\/div><\/div><div class=\"vc_row-full-width vc_clearfix\"><\/div><section data-vc-full-width=\"true\" data-vc-full-width-temp=\"true\" data-vc-full-width-init=\"false\" class=\"vc_section vc_custom_1603894097238 vc_section-has-fill\"><div class=\"vc_row wpb_row vc_row-fluid\"><div class=\"wpb_column vc_column_container vc_col-sm-4\"><div class=\"vc_column-inner\"><div class=\"wpb_wrapper\">\n\t<div class=\"wpb_video_widget wpb_content_element vc_clearfix   vc_video-aspect-ratio-169 vc_video-el-width-100 vc_video-align-left\" >\n\t\t<div class=\"wpb_wrapper\">\n\t\t\t\n\t\t\t<div class=\"wpb_video_wrapper\"><iframe title=\"Thetford Automatikk\u00fchlschrank einfach erkl\u00e4rt | Ahorn Camp Canada &amp; Camp Serie\" width=\"500\" height=\"281\" src=\"https:\/\/www.youtube.com\/embed\/Y8fohIw8rns?feature=oembed\" frameborder=\"0\" allow=\"accelerometer; autoplay; clipboard-write; encrypted-media; gyroscope; picture-in-picture; web-share\" referrerpolicy=\"strict-origin-when-cross-origin\" allowfullscreen><\/iframe><\/div>\n\t\t<\/div>\n\t<\/div>\n\n\t<div class=\"wpb_text_column wpb_content_element\" >\n\t\t<div class=\"wpb_wrapper\">\n\t\t\t<p>Wie funktioniert der K\u00fchlschrank im Wohnmobil?<\/p>\n\n\t\t<\/div>\n\t<\/div>\n<\/div><\/div><\/div><div class=\"wpb_column vc_column_container vc_col-sm-4\"><div class=\"vc_column-inner\"><div class=\"wpb_wrapper\">\n\t<div class=\"wpb_video_widget wpb_content_element vc_clearfix   vc_video-aspect-ratio-169 vc_video-el-width-100 vc_video-align-left\" >\n\t\t<div class=\"wpb_wrapper\">\n\t\t\t\n\t\t\t<div class=\"wpb_video_wrapper\"><iframe title=\"Truma Combi Heizung mit CP+ Bedienpanel erkl\u00e4rt | Ahorn Camp Canda und Camp Serie\" width=\"500\" height=\"281\" src=\"https:\/\/www.youtube.com\/embed\/KMJyh_q5Ax0?feature=oembed\" frameborder=\"0\" allow=\"accelerometer; autoplay; clipboard-write; encrypted-media; gyroscope; picture-in-picture; web-share\" referrerpolicy=\"strict-origin-when-cross-origin\" allowfullscreen><\/iframe><\/div>\n\t\t<\/div>\n\t<\/div>\n\n\t<div class=\"wpb_text_column wpb_content_element\" >\n\t\t<div class=\"wpb_wrapper\">\n\t\t\t<p>Wie wird die Heizung und der Boiler bedient?<\/p>\n\n\t\t<\/div>\n\t<\/div>\n<\/div><\/div><\/div><div class=\"wpb_column vc_column_container vc_col-sm-4\"><div class=\"vc_column-inner\"><div class=\"wpb_wrapper\">\n\t<div class=\"wpb_video_widget wpb_content_element vc_clearfix   vc_video-aspect-ratio-169 vc_video-el-width-100 vc_video-align-left\" >\n\t\t<div class=\"wpb_wrapper\">\n\t\t\t\n\t\t\t<div class=\"wpb_video_wrapper\"><iframe title=\"Fahrerhaus des Wohnmobils einfach erkl\u00e4rt | Ahorn Camp Canada &amp; Camp Serie\" width=\"500\" height=\"281\" src=\"https:\/\/www.youtube.com\/embed\/m9h2XH1XUqg?feature=oembed\" frameborder=\"0\" allow=\"accelerometer; autoplay; clipboard-write; encrypted-media; gyroscope; picture-in-picture; web-share\" referrerpolicy=\"strict-origin-when-cross-origin\" allowfullscreen><\/iframe><\/div>\n\t\t<\/div>\n\t<\/div>\n\n\t<div class=\"wpb_text_column wpb_content_element\" >\n\t\t<div class=\"wpb_wrapper\">\n\t\t\t<p>Was gibt es im Fahrerhaus meines Wohnmobils zu beachten?<\/p>\n\n\t\t<\/div>\n\t<\/div>\n<\/div><\/div><\/div><\/div><div class=\"vc_row wpb_row vc_row-fluid\"><div class=\"wpb_column vc_column_container vc_col-sm-4\"><div class=\"vc_column-inner\"><div class=\"wpb_wrapper\">\n\t<div class=\"wpb_video_widget wpb_content_element vc_clearfix   vc_video-aspect-ratio-169 vc_video-el-width-100 vc_video-align-left\" >\n\t\t<div class=\"wpb_wrapper\">\n\t\t\t\n\t\t\t<div class=\"wpb_video_wrapper\"><iframe title=\"Eingangst\u00fcr und Panel im Wohnmobil | Ahorn Camp Canada &amp; Camp Serie\" width=\"500\" height=\"281\" src=\"https:\/\/www.youtube.com\/embed\/N_r9p7glwqk?feature=oembed\" frameborder=\"0\" allow=\"accelerometer; autoplay; clipboard-write; encrypted-media; gyroscope; picture-in-picture; web-share\" referrerpolicy=\"strict-origin-when-cross-origin\" allowfullscreen><\/iframe><\/div>\n\t\t<\/div>\n\t<\/div>\n\n\t<div class=\"wpb_text_column wpb_content_element\" >\n\t\t<div class=\"wpb_wrapper\">\n\t\t\t<p>Wie wird die Aufbaut\u00fcr und das Panel im Eingang bedient?<\/p>\n\n\t\t<\/div>\n\t<\/div>\n<\/div><\/div><\/div><div class=\"wpb_column vc_column_container vc_col-sm-4\"><div class=\"vc_column-inner\"><div class=\"wpb_wrapper\">\n\t<div class=\"wpb_video_widget wpb_content_element vc_clearfix   vc_video-aspect-ratio-169 vc_video-el-width-100 vc_video-align-left\" >\n\t\t<div class=\"wpb_wrapper\">\n\t\t\t\n\t\t\t<div class=\"wpb_video_wrapper\"><iframe title=\"Bedienpanel im Wohnmobil einfach erkl\u00e4rt | Ahorn Camp Canada &amp; Camp Serie\" width=\"500\" height=\"281\" src=\"https:\/\/www.youtube.com\/embed\/qWWjp1w47hk?feature=oembed\" frameborder=\"0\" allow=\"accelerometer; autoplay; clipboard-write; encrypted-media; gyroscope; picture-in-picture; web-share\" referrerpolicy=\"strict-origin-when-cross-origin\" allowfullscreen><\/iframe><\/div>\n\t\t<\/div>\n\t<\/div>\n\n\t<div class=\"wpb_text_column wpb_content_element\" >\n\t\t<div class=\"wpb_wrapper\">\n\t\t\t<p>Wie bediene ich das Bedienpanel im Wohnmobil?<\/p>\n\n\t\t<\/div>\n\t<\/div>\n<\/div><\/div><\/div><div class=\"wpb_column vc_column_container vc_col-sm-4\"><div class=\"vc_column-inner\"><div class=\"wpb_wrapper\">\n\t<div class=\"wpb_video_widget wpb_content_element vc_clearfix   vc_video-aspect-ratio-169 vc_video-el-width-100 vc_video-align-left\" >\n\t\t<div class=\"wpb_wrapper\">\n\t\t\t\n\t\t\t<div class=\"wpb_video_wrapper\"><iframe title=\"Wasserversorgung im Wohnmobil einfach gezeigt | Ahorn Camp Canada &amp; Camp Serie\" width=\"500\" height=\"281\" src=\"https:\/\/www.youtube.com\/embed\/skAjxPnWZG4?feature=oembed\" frameborder=\"0\" allow=\"accelerometer; autoplay; clipboard-write; encrypted-media; gyroscope; picture-in-picture; web-share\" referrerpolicy=\"strict-origin-when-cross-origin\" allowfullscreen><\/iframe><\/div>\n\t\t<\/div>\n\t<\/div>\n\n\t<div class=\"wpb_text_column wpb_content_element\" >\n\t\t<div class=\"wpb_wrapper\">\n\t\t\t<p>Wie funktioniert meine Wasseranlage imWohnmobil?<\/p>\n\n\t\t<\/div>\n\t<\/div>\n<\/div><\/div><\/div><\/div><div class=\"vc_row wpb_row vc_row-fluid\"><div class=\"wpb_column vc_column_container vc_col-sm-4\"><div class=\"vc_column-inner\"><div class=\"wpb_wrapper\">\n\t<div class=\"wpb_video_widget wpb_content_element vc_clearfix   vc_video-aspect-ratio-169 vc_video-el-width-100 vc_video-align-left\" >\n\t\t<div class=\"wpb_wrapper\">\n\t\t\t\n\t\t\t<div class=\"wpb_video_wrapper\"><iframe title=\"Toilettenkassette Thetford C220 einfach erkl\u00e4rt | Ahorn Camp Wohnmobile &amp; Vans\" width=\"500\" height=\"281\" src=\"https:\/\/www.youtube.com\/embed\/0XTk0L_ixCg?feature=oembed\" frameborder=\"0\" allow=\"accelerometer; autoplay; clipboard-write; encrypted-media; gyroscope; picture-in-picture; web-share\" referrerpolicy=\"strict-origin-when-cross-origin\" allowfullscreen><\/iframe><\/div>\n\t\t<\/div>\n\t<\/div>\n\n\t<div class=\"wpb_text_column wpb_content_element\" >\n\t\t<div class=\"wpb_wrapper\">\n\t\t\t<p>Wie wird die Toilettenkassette bedient?<\/p>\n\n\t\t<\/div>\n\t<\/div>\n<\/div><\/div><\/div><div class=\"wpb_column vc_column_container vc_col-sm-4\"><div class=\"vc_column-inner\"><div class=\"wpb_wrapper\">\n\t<div class=\"wpb_video_widget wpb_content_element vc_clearfix   vc_video-aspect-ratio-169 vc_video-el-width-100 vc_video-align-left\" >\n\t\t<div class=\"wpb_wrapper\">\n\t\t\t\n\t\t\t<div class=\"wpb_video_wrapper\"><iframe title=\"Einf\u00fchrung in Strom und Elektrik im Wohnmobil | Ahorn Camp Canada &amp; Camp Serie\" width=\"500\" height=\"281\" src=\"https:\/\/www.youtube.com\/embed\/LZboAY2PUH0?feature=oembed\" frameborder=\"0\" allow=\"accelerometer; autoplay; clipboard-write; encrypted-media; gyroscope; picture-in-picture; web-share\" referrerpolicy=\"strict-origin-when-cross-origin\" allowfullscreen><\/iframe><\/div>\n\t\t<\/div>\n\t<\/div>\n\n\t<div class=\"wpb_text_column wpb_content_element\" >\n\t\t<div class=\"wpb_wrapper\">\n\t\t\t<p>Was gibt es bei der Elektrik im Wohnmobil zu beachten?<\/p>\n\n\t\t<\/div>\n\t<\/div>\n<\/div><\/div><\/div><div class=\"wpb_column vc_column_container vc_col-sm-4\"><div class=\"vc_column-inner\"><div class=\"wpb_wrapper\">\n\t<div class=\"wpb_video_widget wpb_content_element vc_clearfix   vc_video-aspect-ratio-169 vc_video-el-width-100 vc_video-align-left\" >\n\t\t<div class=\"wpb_wrapper\">\n\t\t\t\n\t\t\t<div class=\"wpb_video_wrapper\"><iframe title=\"Gas im Wohnmobil einfach erkl\u00e4rt | Ahorn Camp Canda und Camp Serie\" width=\"500\" height=\"281\" src=\"https:\/\/www.youtube.com\/embed\/CBA0zDpmeWU?feature=oembed\" frameborder=\"0\" allow=\"accelerometer; autoplay; clipboard-write; encrypted-media; gyroscope; picture-in-picture; web-share\" referrerpolicy=\"strict-origin-when-cross-origin\" allowfullscreen><\/iframe><\/div>\n\t\t<\/div>\n\t<\/div>\n\n\t<div class=\"wpb_text_column wpb_content_element\" >\n\t\t<div class=\"wpb_wrapper\">\n\t\t\t<p>Wie funktioniert das Gas und der Kocher im Wohnmobil?<\/p>\n\n\t\t<\/div>\n\t<\/div>\n<\/div><\/div><\/div><\/div><div class=\"vc_row wpb_row vc_row-fluid\"><div class=\"wpb_column vc_column_container vc_col-sm-4\"><div class=\"vc_column-inner\"><div class=\"wpb_wrapper\">\n\t<div class=\"wpb_video_widget wpb_content_element vc_clearfix   vc_video-aspect-ratio-169 vc_video-el-width-100 vc_video-align-left\" >\n\t\t<div class=\"wpb_wrapper\">\n\t\t\t\n\t\t\t<div class=\"wpb_video_wrapper\"><iframe title=\"Gas im Van einfach erkl\u00e4rt | Ahorn Camp Van 620 Van 550\" width=\"500\" height=\"281\" src=\"https:\/\/www.youtube.com\/embed\/JZsKVgg4U3Y?feature=oembed\" frameborder=\"0\" allow=\"accelerometer; autoplay; clipboard-write; encrypted-media; gyroscope; picture-in-picture; web-share\" referrerpolicy=\"strict-origin-when-cross-origin\" allowfullscreen><\/iframe><\/div>\n\t\t<\/div>\n\t<\/div>\n\n\t<div class=\"wpb_text_column wpb_content_element\" >\n\t\t<div class=\"wpb_wrapper\">\n\t\t\t<p>Wie funktioniert das Gas im Van?<\/p>\n\n\t\t<\/div>\n\t<\/div>\n<\/div><\/div><\/div><div class=\"wpb_column vc_column_container vc_col-sm-4\"><div class=\"vc_column-inner\"><div class=\"wpb_wrapper\">\n\t<div class=\"wpb_video_widget wpb_content_element vc_clearfix   vc_video-aspect-ratio-169 vc_video-el-width-100 vc_video-align-left\" >\n\t\t<div class=\"wpb_wrapper\">\n\t\t\t\n\t\t\t<div class=\"wpb_video_wrapper\"><iframe title=\"Truma Combi Heizung mit CP+ Bedienpanel erkl\u00e4rt | Ahorn Camp Van 620 Van 550\" width=\"500\" height=\"281\" src=\"https:\/\/www.youtube.com\/embed\/QlNjan7HZXg?feature=oembed\" frameborder=\"0\" allow=\"accelerometer; autoplay; clipboard-write; encrypted-media; gyroscope; picture-in-picture; web-share\" referrerpolicy=\"strict-origin-when-cross-origin\" allowfullscreen><\/iframe><\/div>\n\t\t<\/div>\n\t<\/div>\n\n\t<div class=\"wpb_text_column wpb_content_element\" >\n\t\t<div class=\"wpb_wrapper\">\n\t\t\t<p>Wie wird die Heizung im Van bedient?<\/p>\n\n\t\t<\/div>\n\t<\/div>\n<\/div><\/div><\/div><div class=\"wpb_column vc_column_container vc_col-sm-4\"><div class=\"vc_column-inner\"><div class=\"wpb_wrapper\">\n\t<div class=\"wpb_video_widget wpb_content_element vc_clearfix   vc_video-aspect-ratio-169 vc_video-el-width-100 vc_video-align-left\" >\n\t\t<div class=\"wpb_wrapper\">\n\t\t\t\n\t\t\t<div class=\"wpb_video_wrapper\"><iframe title=\"Dometic Kompressork\u00fchlschrank erkl\u00e4rt | Ahorn Camp Van 620 Van 550\" width=\"500\" height=\"281\" src=\"https:\/\/www.youtube.com\/embed\/d53cOKUXaww?feature=oembed\" frameborder=\"0\" allow=\"accelerometer; autoplay; clipboard-write; encrypted-media; gyroscope; picture-in-picture; web-share\" referrerpolicy=\"strict-origin-when-cross-origin\" allowfullscreen><\/iframe><\/div>\n\t\t<\/div>\n\t<\/div>\n\n\t<div class=\"wpb_text_column wpb_content_element\" >\n\t\t<div class=\"wpb_wrapper\">\n\t\t\t<p>Wie wird der K\u00fchlschrank im Van bedient?<\/p>\n\n\t\t<\/div>\n\t<\/div>\n<\/div><\/div><\/div><\/div><div class=\"vc_row wpb_row vc_row-fluid\"><div class=\"wpb_column vc_column_container vc_col-sm-4\"><div class=\"vc_column-inner\"><div class=\"wpb_wrapper\">\n\t<div class=\"wpb_video_widget wpb_content_element vc_clearfix   vc_video-aspect-ratio-169 vc_video-el-width-100 vc_video-align-left\" >\n\t\t<div class=\"wpb_wrapper\">\n\t\t\t\n\t\t\t<div class=\"wpb_video_wrapper\"><iframe title=\"Fahrerhaus der Vans erkl\u00e4rt | Ahorn Camp Van 620 Van 550\" width=\"500\" height=\"281\" src=\"https:\/\/www.youtube.com\/embed\/diM_VncuEKE?feature=oembed\" frameborder=\"0\" allow=\"accelerometer; autoplay; clipboard-write; encrypted-media; gyroscope; picture-in-picture; web-share\" referrerpolicy=\"strict-origin-when-cross-origin\" allowfullscreen><\/iframe><\/div>\n\t\t<\/div>\n\t<\/div>\n\n\t<div class=\"wpb_text_column wpb_content_element\" >\n\t\t<div class=\"wpb_wrapper\">\n\t\t\t<p>Was gibt es im Fahrerhaus der Vans zu beachten?<\/p>\n\n\t\t<\/div>\n\t<\/div>\n<\/div><\/div><\/div><div class=\"wpb_column vc_column_container vc_col-sm-4\"><div class=\"vc_column-inner\"><div class=\"wpb_wrapper\">\n\t<div class=\"wpb_video_widget wpb_content_element vc_clearfix   vc_video-aspect-ratio-169 vc_video-el-width-100 vc_video-align-left\" >\n\t\t<div class=\"wpb_wrapper\">\n\t\t\t\n\t\t\t<div class=\"wpb_video_wrapper\"><iframe title=\"Einf\u00fchrung Wasserversorgung im Van | Ahorn Camp Van 620 Van 550\" width=\"500\" height=\"281\" src=\"https:\/\/www.youtube.com\/embed\/ACzK1kVAYig?feature=oembed\" frameborder=\"0\" allow=\"accelerometer; autoplay; clipboard-write; encrypted-media; gyroscope; picture-in-picture; web-share\" referrerpolicy=\"strict-origin-when-cross-origin\" allowfullscreen><\/iframe><\/div>\n\t\t<\/div>\n\t<\/div>\n\n\t<div class=\"wpb_text_column wpb_content_element\" >\n\t\t<div class=\"wpb_wrapper\">\n\t\t\t<p>Wie funtkioniert die Wasserversorgung im Van?<\/p>\n\n\t\t<\/div>\n\t<\/div>\n<\/div><\/div><\/div><div class=\"wpb_column vc_column_container vc_col-sm-4\"><div class=\"vc_column-inner\"><div class=\"wpb_wrapper\">\n\t<div class=\"wpb_video_widget wpb_content_element vc_clearfix   vc_video-aspect-ratio-169 vc_video-el-width-100 vc_video-align-left\" >\n\t\t<div class=\"wpb_wrapper\">\n\t\t\t\n\t\t\t<div class=\"wpb_video_wrapper\"><iframe title=\"Elektrik und Strom im Van - Wo finde ich was? | Ahorn Camp Van 620 Van 550\" width=\"500\" height=\"281\" src=\"https:\/\/www.youtube.com\/embed\/XEGA0EVS8BY?feature=oembed\" frameborder=\"0\" allow=\"accelerometer; autoplay; clipboard-write; encrypted-media; gyroscope; picture-in-picture; web-share\" referrerpolicy=\"strict-origin-when-cross-origin\" allowfullscreen><\/iframe><\/div>\n\t\t<\/div>\n\t<\/div>\n\n\t<div class=\"wpb_text_column wpb_content_element\" >\n\t\t<div class=\"wpb_wrapper\">\n\t\t\t<p>Wie funktioniert meine Elektrik im Van?<\/p>\n\n\t\t<\/div>\n\t<\/div>\n<\/div><\/div><\/div><\/div><div class=\"vc_row wpb_row vc_row-fluid\"><div class=\"wpb_column vc_column_container vc_col-sm-4\"><div class=\"vc_column-inner\"><div class=\"wpb_wrapper\">\n\t<div class=\"wpb_video_widget wpb_content_element vc_clearfix   vc_video-aspect-ratio-169 vc_video-el-width-100 vc_video-align-left\" >\n\t\t<div class=\"wpb_wrapper\">\n\t\t\t\n\t\t\t<div class=\"wpb_video_wrapper\"><iframe title=\"Bedienpanel der Vans erkl\u00e4rt | Ahorn Camp Van 620 Van 550\" width=\"500\" height=\"281\" src=\"https:\/\/www.youtube.com\/embed\/Ab_hqeJ1CGk?feature=oembed\" frameborder=\"0\" allow=\"accelerometer; autoplay; clipboard-write; encrypted-media; gyroscope; picture-in-picture; web-share\" referrerpolicy=\"strict-origin-when-cross-origin\" allowfullscreen><\/iframe><\/div>\n\t\t<\/div>\n\t<\/div>\n\n\t<div class=\"wpb_text_column wpb_content_element\" >\n\t\t<div class=\"wpb_wrapper\">\n\t\t\t<p>Wie wird das Bedienpanel bedient im Van?<\/p>\n\n\t\t<\/div>\n\t<\/div>\n<\/div><\/div><\/div><div class=\"wpb_column vc_column_container vc_col-sm-4\"><div class=\"vc_column-inner\"><div class=\"wpb_wrapper\">\n\t<div class=\"wpb_video_widget wpb_content_element vc_clearfix   vc_video-aspect-ratio-169 vc_video-el-width-100 vc_video-align-left\" >\n\t\t<div class=\"wpb_wrapper\">\n\t\t\t\n\t\t\t<div class=\"wpb_video_wrapper\"><iframe title=\"Ahorn Camp - Tisch Dinette\" width=\"500\" height=\"281\" src=\"https:\/\/www.youtube.com\/embed\/ITkybRaQPqg?feature=oembed\" frameborder=\"0\" allow=\"accelerometer; autoplay; clipboard-write; encrypted-media; gyroscope; picture-in-picture; web-share\" allowfullscreen><\/iframe><\/div>\n\t\t<\/div>\n\t<\/div>\n\n\t<div class=\"wpb_text_column wpb_content_element\" >\n\t\t<div class=\"wpb_wrapper\">\n\t\t\t<p>Welche verschiedenen Einstellungen hat der Esstisch?<\/p>\n\n\t\t<\/div>\n\t<\/div>\n<\/div><\/div><\/div><div class=\"wpb_column vc_column_container vc_col-sm-4\"><div class=\"vc_column-inner\"><div class=\"wpb_wrapper\">\n\t<div class=\"wpb_video_widget wpb_content_element vc_clearfix   vc_video-aspect-ratio-169 vc_video-el-width-100 vc_video-align-left\" >\n\t\t<div class=\"wpb_wrapper\">\n\t\t\t\n\t\t\t<div class=\"wpb_video_wrapper\"><iframe title=\"Ahorn Camp - Heckst\u00fctzen\" width=\"500\" height=\"281\" src=\"https:\/\/www.youtube.com\/embed\/FYijpaFqAis?feature=oembed\" frameborder=\"0\" allow=\"accelerometer; autoplay; clipboard-write; encrypted-media; gyroscope; picture-in-picture; web-share\" allowfullscreen><\/iframe><\/div>\n\t\t<\/div>\n\t<\/div>\n\n\t<div class=\"wpb_text_column wpb_content_element\" >\n\t\t<div class=\"wpb_wrapper\">\n\t\t\t<p>Wie stelle ich die Heckst\u00fctzen auf?<\/p>\n\n\t\t<\/div>\n\t<\/div>\n<\/div><\/div><\/div><\/div><div class=\"vc_row wpb_row vc_row-fluid\"><div class=\"wpb_column vc_column_container vc_col-sm-4\"><div class=\"vc_column-inner\"><div class=\"wpb_wrapper\">\n\t<div class=\"wpb_video_widget wpb_content_element vc_clearfix   vc_video-aspect-ratio-169 vc_video-el-width-100 vc_video-align-left\" >\n\t\t<div class=\"wpb_wrapper\">\n\t\t\t\n\t\t\t<div class=\"wpb_video_wrapper\"><iframe title=\"Ahorn Camp - Aufbaubatterie\" width=\"500\" height=\"281\" src=\"https:\/\/www.youtube.com\/embed\/2PAEHA93jzA?feature=oembed\" frameborder=\"0\" allow=\"accelerometer; autoplay; clipboard-write; encrypted-media; gyroscope; picture-in-picture; web-share\" allowfullscreen><\/iframe><\/div>\n\t\t<\/div>\n\t<\/div>\n\n\t<div class=\"wpb_text_column wpb_content_element\" >\n\t\t<div class=\"wpb_wrapper\">\n\t\t\t<p class=\"title style-scope ytd-video-primary-info-renderer\">Wie funktioniert die Aufbaubatterie \/ Sicherungskasten und wo kann ich diese finden?<\/p>\n\n\t\t<\/div>\n\t<\/div>\n<\/div><\/div><\/div><div class=\"wpb_column vc_column_container vc_col-sm-4\"><div class=\"vc_column-inner\"><div class=\"wpb_wrapper\">\n\t<div class=\"wpb_video_widget wpb_content_element vc_clearfix   vc_video-aspect-ratio-169 vc_video-el-width-100 vc_video-align-left\" >\n\t\t<div class=\"wpb_wrapper\">\n\t\t\t\n\t\t\t<div class=\"wpb_video_wrapper\"><iframe title=\"Ahorn Camp - Beleuchtung\" width=\"500\" height=\"281\" src=\"https:\/\/www.youtube.com\/embed\/p2gWt_ts5oI?feature=oembed\" frameborder=\"0\" allow=\"accelerometer; autoplay; clipboard-write; encrypted-media; gyroscope; picture-in-picture; web-share\" allowfullscreen><\/iframe><\/div>\n\t\t<\/div>\n\t<\/div>\n\n\t<div class=\"wpb_text_column wpb_content_element\" >\n\t\t<div class=\"wpb_wrapper\">\n\t\t\t<p>Welche unterschiedlichen Einstellungen bei der Beleuchtung gibt es?<\/p>\n\n\t\t<\/div>\n\t<\/div>\n<\/div><\/div><\/div><div class=\"wpb_column vc_column_container vc_col-sm-4\"><div class=\"vc_column-inner\"><div class=\"wpb_wrapper\">\n\t<div class=\"wpb_video_widget wpb_content_element vc_clearfix   vc_video-aspect-ratio-169 vc_video-el-width-100 vc_video-align-left\" >\n\t\t<div class=\"wpb_wrapper\">\n\t\t\t\n\t\t\t<div class=\"wpb_video_wrapper\"><iframe title=\"Ahorn Camp - Fenster von Polyvision\" width=\"500\" height=\"281\" src=\"https:\/\/www.youtube.com\/embed\/DKEA9kVYfkg?feature=oembed\" frameborder=\"0\" allow=\"accelerometer; autoplay; clipboard-write; encrypted-media; gyroscope; picture-in-picture; web-share\" allowfullscreen><\/iframe><\/div>\n\t\t<\/div>\n\t<\/div>\n\n\t<div class=\"wpb_text_column wpb_content_element\" >\n\t\t<div class=\"wpb_wrapper\">\n\t\t\t<p>Welche Fenstereinstellungen gibt es?<\/p>\n\n\t\t<\/div>\n\t<\/div>\n<\/div><\/div><\/div><\/div><\/section><div class=\"vc_row-full-width vc_clearfix\"><\/div><div class=\"vc_row wpb_row vc_row-fluid\"><div class=\"wpb_column vc_column_container vc_col-sm-12\"><div class=\"vc_column-inner\"><div class=\"wpb_wrapper\">\n\t<div class=\"wpb_text_column wpb_content_element\" >\n\t\t<div class=\"wpb_wrapper\">\n\t\t\t<h3>Batteriepflege &#8211; Tipps und Tricks direkt vom Profi<\/h3>\n<p>Seit \u00fcber 10 Jahre arbeitet Ahorn Camp mit dem Batteriehersteller Banner zusammen, weshalb wir an dieser Stelle gerne auf die Webseite von Banner verweisen f\u00fcr Tipps, Tricks und Pflegehinweise f\u00fcr die Batterien.<\/p>\n<p><a href=\"https:\/\/www.bannerbatterien.com\/de-at\/Batteriewissen\">https:\/\/www.bannerbatterien.com\/de-at\/Batteriewissen\u00a0<\/a><\/p>\n<p><a href=\"https:\/\/www.bannerbatterien.com\/de-at\/Batteriewissen\"><img fetchpriority=\"high\" decoding=\"async\" class=\"wp-image-16096 alignleft\" src=\"https:\/\/ahorn-camp.de\/wp-content\/uploads\/2022\/04\/P1090139-300x200.jpg\" alt=\"\" width=\"377\" height=\"251\" srcset=\"https:\/\/ahorn-camp.de\/wp-content\/uploads\/2022\/04\/P1090139-300x200.jpg 300w, https:\/\/ahorn-camp.de\/wp-content\/uploads\/2022\/04\/P1090139-1024x683.jpg 1024w, https:\/\/ahorn-camp.de\/wp-content\/uploads\/2022\/04\/P1090139-768x512.jpg 768w, https:\/\/ahorn-camp.de\/wp-content\/uploads\/2022\/04\/P1090139-800x533.jpg 800w, https:\/\/ahorn-camp.de\/wp-content\/uploads\/2022\/04\/P1090139-1536x1024.jpg 1536w, https:\/\/ahorn-camp.de\/wp-content\/uploads\/2022\/04\/P1090139-2048x1365.jpg 2048w\" sizes=\"(max-width: 377px) 100vw, 377px\" \/><\/a><\/p>\n\n\t\t<\/div>\n\t<\/div>\n<div class=\"vc_empty_space\"   style=\"height: 32px\"><span class=\"vc_empty_space_inner\"><\/span><\/div><\/div><\/div><\/div><\/div><div class=\"vc_row wpb_row vc_row-fluid\"><div class=\"wpb_column vc_column_container vc_col-sm-12\"><div class=\"vc_column-inner\"><div class=\"wpb_wrapper\"><div class=\"vc_empty_space\"   style=\"height: 32px\"><span class=\"vc_empty_space_inner\"><\/span><\/div>\n\t<div class=\"wpb_text_column wpb_content_element\" >\n\t\t<div class=\"wpb_wrapper\">\n\t\t\t<h3>Bettenumbau &#8211; Wie baue ich die Dinette zu einem Bett um? &#8211; Modelljahr 2022<\/h3>\n<p>Die meisten unserer Fahrzeuge haben eine Dinette, die zu einem Bett umgebaut werden kann, sodass ein weiterer Schlafplatz entsteht. In den unten folgenden Videos zeigen wir Ihnen, wie ohne viel Aufwand aus einem Esstisch f\u00fcr die ganze Familie ein bequemes Bett gezaubert wird. Weitere Modelljahre finden Sie weiter unten.<\/p>\n\n\t\t<\/div>\n\t<\/div>\n<div class=\"vc_row wpb_row vc_inner vc_row-fluid\"><div class=\"wpb_column vc_column_container vc_col-sm-4\"><div class=\"vc_column-inner\"><div class=\"wpb_wrapper\">\n\t<div class=\"wpb_video_widget wpb_content_element vc_clearfix   vc_video-aspect-ratio-169 vc_video-el-width-100 vc_video-align-left\" >\n\t\t<div class=\"wpb_wrapper\">\n\t\t\t\n\t\t\t<div class=\"wpb_video_wrapper\"><iframe title=\"Dinettenumbau im Ahorn Camp T660\" width=\"500\" height=\"281\" src=\"https:\/\/www.youtube.com\/embed\/H1vSTk16KUI?feature=oembed\" frameborder=\"0\" allow=\"accelerometer; autoplay; clipboard-write; encrypted-media; gyroscope; picture-in-picture; web-share\" allowfullscreen><\/iframe><\/div>\n\t\t<\/div>\n\t<\/div>\n\n\t<div class=\"wpb_text_column wpb_content_element\" >\n\t\t<div class=\"wpb_wrapper\">\n\t\t\t<p>Wie baue ich die Dinette zum Bett um im <strong>ACT660<\/strong>?<\/p>\n\n\t\t<\/div>\n\t<\/div>\n<\/div><\/div><\/div><div class=\"wpb_column vc_column_container vc_col-sm-4\"><div class=\"vc_column-inner\"><div class=\"wpb_wrapper\">\n\t<div class=\"wpb_video_widget wpb_content_element vc_clearfix   vc_video-aspect-ratio-169 vc_video-el-width-100 vc_video-align-left\" >\n\t\t<div class=\"wpb_wrapper\">\n\t\t\t\n\t\t\t<div class=\"wpb_video_wrapper\"><iframe title=\"Ahorn Camp T640 Dinettenbettumbau\" width=\"500\" height=\"281\" src=\"https:\/\/www.youtube.com\/embed\/iCFmXDAVi9w?feature=oembed\" frameborder=\"0\" allow=\"accelerometer; autoplay; clipboard-write; encrypted-media; gyroscope; picture-in-picture; web-share\" allowfullscreen><\/iframe><\/div>\n\t\t<\/div>\n\t<\/div>\n\n\t<div class=\"wpb_text_column wpb_content_element\" >\n\t\t<div class=\"wpb_wrapper\">\n\t\t\t<p>Wie baue ich die Dinette zum Bett um im <strong>ACT 640?<\/strong><\/p>\n\n\t\t<\/div>\n\t<\/div>\n<\/div><\/div><\/div><div class=\"wpb_column vc_column_container vc_col-sm-4\"><div class=\"vc_column-inner\"><div class=\"wpb_wrapper\">\n\t<div class=\"wpb_video_widget wpb_content_element vc_clearfix   vc_video-aspect-ratio-169 vc_video-el-width-100 vc_video-align-left\" >\n\t\t<div class=\"wpb_wrapper\">\n\t\t\t\n\t\t\t<div class=\"wpb_video_wrapper\"><iframe title=\"Dinettenbettumbau Ahorn Camp Van 550 \/ 620 - Modelljahr 2022\" width=\"500\" height=\"281\" src=\"https:\/\/www.youtube.com\/embed\/PBhMNPX1A9I?feature=oembed\" frameborder=\"0\" allow=\"accelerometer; autoplay; clipboard-write; encrypted-media; gyroscope; picture-in-picture; web-share\" allowfullscreen><\/iframe><\/div>\n\t\t<\/div>\n\t<\/div>\n\n\t<div class=\"wpb_text_column wpb_content_element\" >\n\t\t<div class=\"wpb_wrapper\">\n\t\t\t<p>Wie baue ich die Dinette zum Bett um im <strong>Van 550 \/ Van 620?<\/strong><\/p>\n\n\t\t<\/div>\n\t<\/div>\n<\/div><\/div><\/div><\/div><div class=\"vc_row wpb_row vc_inner vc_row-fluid\"><div class=\"wpb_column vc_column_container vc_col-sm-4\"><div class=\"vc_column-inner\"><div class=\"wpb_wrapper\">\n\t<div class=\"wpb_video_widget wpb_content_element vc_clearfix   vc_video-aspect-ratio-169 vc_video-el-width-100 vc_video-align-left\" >\n\t\t<div class=\"wpb_wrapper\">\n\t\t\t\n\t\t\t<div class=\"wpb_video_wrapper\"><iframe title=\"Dinettenbettumbau Ahorn Camp Canada AS bzw. AD - Modelljahr 2022\" width=\"500\" height=\"281\" src=\"https:\/\/www.youtube.com\/embed\/pjLvSKDm4eA?feature=oembed\" frameborder=\"0\" allow=\"accelerometer; autoplay; clipboard-write; encrypted-media; gyroscope; picture-in-picture; web-share\" allowfullscreen><\/iframe><\/div>\n\t\t<\/div>\n\t<\/div>\n\n\t<div class=\"wpb_text_column wpb_content_element\" >\n\t\t<div class=\"wpb_wrapper\">\n\t\t\t<p>Wie baue ich die Dinette zum Bett um im <strong>Ahorn Camp Canada AS\/AD<\/strong>?<\/p>\n\n\t\t<\/div>\n\t<\/div>\n<\/div><\/div><\/div><div class=\"wpb_column vc_column_container vc_col-sm-4\"><div class=\"vc_column-inner\"><div class=\"wpb_wrapper\">\n\t<div class=\"wpb_video_widget wpb_content_element vc_clearfix   vc_video-aspect-ratio-169 vc_video-el-width-100 vc_video-align-left\" >\n\t\t<div class=\"wpb_wrapper\">\n\t\t\t\n\t\t\t<div class=\"wpb_video_wrapper\"><iframe title=\"Dinettenbettumbau Ahorn Camp Canada AE - Modelljahr 2022\" width=\"500\" height=\"281\" src=\"https:\/\/www.youtube.com\/embed\/gx-pbN1yeS4?feature=oembed\" frameborder=\"0\" allow=\"accelerometer; autoplay; clipboard-write; encrypted-media; gyroscope; picture-in-picture; web-share\" allowfullscreen><\/iframe><\/div>\n\t\t<\/div>\n\t<\/div>\n\n\t<div class=\"wpb_text_column wpb_content_element\" >\n\t\t<div class=\"wpb_wrapper\">\n\t\t\t<p>Wie baue ich die Dinette zum Bett um im <strong>Ahorn Canada AE?<\/strong><\/p>\n\n\t\t<\/div>\n\t<\/div>\n<\/div><\/div><\/div><div class=\"wpb_column vc_column_container vc_col-sm-4\"><div class=\"vc_column-inner\"><div class=\"wpb_wrapper\">\n\t<div class=\"wpb_video_widget wpb_content_element vc_clearfix   vc_video-aspect-ratio-169 vc_video-el-width-100 vc_video-align-left\" >\n\t\t<div class=\"wpb_wrapper\">\n\t\t\t\n\t\t\t<div class=\"wpb_video_wrapper\"><iframe title=\"Dinettenbettumbau ACT 590 - Modelljahr 2022\" width=\"500\" height=\"281\" src=\"https:\/\/www.youtube.com\/embed\/DyCYph7y6KM?feature=oembed\" frameborder=\"0\" allow=\"accelerometer; autoplay; clipboard-write; encrypted-media; gyroscope; picture-in-picture; web-share\" allowfullscreen><\/iframe><\/div>\n\t\t<\/div>\n\t<\/div>\n\n\t<div class=\"wpb_text_column wpb_content_element\" >\n\t\t<div class=\"wpb_wrapper\">\n\t\t\t<p>Wie baue ich die Dinette zum Bett um im <strong>ACT 590?<\/strong><\/p>\n\n\t\t<\/div>\n\t<\/div>\n<\/div><\/div><\/div><\/div><div class=\"vc_row wpb_row vc_inner vc_row-fluid\"><div class=\"wpb_column vc_column_container vc_col-sm-4\"><div class=\"vc_column-inner\"><div class=\"wpb_wrapper\">\n\t<div class=\"wpb_video_widget wpb_content_element vc_clearfix   vc_video-aspect-ratio-169 vc_video-el-width-100 vc_video-align-left\" >\n\t\t<div class=\"wpb_wrapper\">\n\t\t\t\n\t\t\t<div class=\"wpb_video_wrapper\"><iframe title=\"Dinettenbettumbau ACA 595 - Modelljahr 2022\" width=\"500\" height=\"281\" src=\"https:\/\/www.youtube.com\/embed\/UEbdtfY8JzM?feature=oembed\" frameborder=\"0\" allow=\"accelerometer; autoplay; clipboard-write; encrypted-media; gyroscope; picture-in-picture; web-share\" allowfullscreen><\/iframe><\/div>\n\t\t<\/div>\n\t<\/div>\n\n\t<div class=\"wpb_text_column wpb_content_element\" >\n\t\t<div class=\"wpb_wrapper\">\n\t\t\t<p>Wie baue ich die Dinette zum Bett um im <strong>ACA 595<\/strong>?<\/p>\n\n\t\t<\/div>\n\t<\/div>\n<\/div><\/div><\/div><\/div><div class=\"vc_row wpb_row vc_inner vc_row-fluid\"><div class=\"wpb_column vc_column_container vc_col-sm-4\"><div class=\"vc_column-inner\"><div class=\"wpb_wrapper\">\n\t<div  class=\"wpb_single_image wpb_content_element vc_align_left wpb_content_element\">\n\t\t\n\t\t<figure class=\"wpb_wrapper vc_figure\">\n\t\t\t<a href=\"https:\/\/ahorn-camp.de\/wp-content\/uploads\/2022\/07\/Dinettenbettumbau-Eco-680.pdf\" target=\"_blank\" class=\"vc_single_image-wrapper   vc_box_border_grey\"><img decoding=\"async\" width=\"300\" height=\"169\" src=\"https:\/\/ahorn-camp.de\/wp-content\/uploads\/2022\/07\/thumbnail-Eco-680-300x169.jpg\" class=\"vc_single_image-img attachment-medium\" alt=\"\" title=\"thumbnail Eco 680\" srcset=\"https:\/\/ahorn-camp.de\/wp-content\/uploads\/2022\/07\/thumbnail-Eco-680-300x169.jpg 300w, https:\/\/ahorn-camp.de\/wp-content\/uploads\/2022\/07\/thumbnail-Eco-680-1024x576.jpg 1024w, https:\/\/ahorn-camp.de\/wp-content\/uploads\/2022\/07\/thumbnail-Eco-680-768x432.jpg 768w, https:\/\/ahorn-camp.de\/wp-content\/uploads\/2022\/07\/thumbnail-Eco-680-800x450.jpg 800w, https:\/\/ahorn-camp.de\/wp-content\/uploads\/2022\/07\/thumbnail-Eco-680.jpg 1280w\" sizes=\"(max-width: 300px) 100vw, 300px\" \/><\/a>\n\t\t<\/figure>\n\t<\/div>\n\n\t<div class=\"wpb_text_column wpb_content_element\" >\n\t\t<div class=\"wpb_wrapper\">\n\t\t\t<p>Wie baue ich die Dinette zum Bett um im <strong>Ahorn Camp ECO 680?<\/strong><\/p>\n\n\t\t<\/div>\n\t<\/div>\n<\/div><\/div><\/div><div class=\"wpb_column vc_column_container vc_col-sm-4\"><div class=\"vc_column-inner\"><div class=\"wpb_wrapper\">\n\t<div  class=\"wpb_single_image wpb_content_element vc_align_left wpb_content_element\">\n\t\t\n\t\t<figure class=\"wpb_wrapper vc_figure\">\n\t\t\t<a href=\"https:\/\/ahorn-camp.de\/wp-content\/uploads\/2022\/07\/Dinettenbettumbau-ECO-683.pdf\" target=\"_blank\" class=\"vc_single_image-wrapper   vc_box_border_grey\"><img decoding=\"async\" width=\"300\" height=\"169\" src=\"https:\/\/ahorn-camp.de\/wp-content\/uploads\/2022\/07\/thumbnail-Eco-683-300x169.jpg\" class=\"vc_single_image-img attachment-medium\" alt=\"\" title=\"thumbnail Eco 683\" srcset=\"https:\/\/ahorn-camp.de\/wp-content\/uploads\/2022\/07\/thumbnail-Eco-683-300x169.jpg 300w, https:\/\/ahorn-camp.de\/wp-content\/uploads\/2022\/07\/thumbnail-Eco-683-1024x576.jpg 1024w, https:\/\/ahorn-camp.de\/wp-content\/uploads\/2022\/07\/thumbnail-Eco-683-768x432.jpg 768w, https:\/\/ahorn-camp.de\/wp-content\/uploads\/2022\/07\/thumbnail-Eco-683-800x450.jpg 800w, https:\/\/ahorn-camp.de\/wp-content\/uploads\/2022\/07\/thumbnail-Eco-683.jpg 1280w\" sizes=\"(max-width: 300px) 100vw, 300px\" \/><\/a>\n\t\t<\/figure>\n\t<\/div>\n\n\t<div class=\"wpb_text_column wpb_content_element\" >\n\t\t<div class=\"wpb_wrapper\">\n\t\t\t<p>Wie baue ich die Dinette zum Bett um im <strong>Ahorn Camp ECO 683?<\/strong><\/p>\n\n\t\t<\/div>\n\t<\/div>\n<\/div><\/div><\/div><div class=\"wpb_column vc_column_container vc_col-sm-4\"><div class=\"vc_column-inner\"><div class=\"wpb_wrapper\">\n\t<div  class=\"wpb_single_image wpb_content_element vc_align_left wpb_content_element\">\n\t\t\n\t\t<figure class=\"wpb_wrapper vc_figure\">\n\t\t\t<a href=\"https:\/\/ahorn-camp.de\/wp-content\/uploads\/2022\/07\/Dinettenbettumbau-Eco-690.pdf\" target=\"_blank\" class=\"vc_single_image-wrapper   vc_box_border_grey\"><img loading=\"lazy\" decoding=\"async\" width=\"300\" height=\"169\" src=\"https:\/\/ahorn-camp.de\/wp-content\/uploads\/2022\/07\/thumbnail-Eco-690-300x169.jpg\" class=\"vc_single_image-img attachment-medium\" alt=\"\" title=\"thumbnail Eco 690\" srcset=\"https:\/\/ahorn-camp.de\/wp-content\/uploads\/2022\/07\/thumbnail-Eco-690-300x169.jpg 300w, https:\/\/ahorn-camp.de\/wp-content\/uploads\/2022\/07\/thumbnail-Eco-690-1024x576.jpg 1024w, https:\/\/ahorn-camp.de\/wp-content\/uploads\/2022\/07\/thumbnail-Eco-690-768x432.jpg 768w, https:\/\/ahorn-camp.de\/wp-content\/uploads\/2022\/07\/thumbnail-Eco-690-800x450.jpg 800w, https:\/\/ahorn-camp.de\/wp-content\/uploads\/2022\/07\/thumbnail-Eco-690.jpg 1280w\" sizes=\"(max-width: 300px) 100vw, 300px\" \/><\/a>\n\t\t<\/figure>\n\t<\/div>\n\n\t<div class=\"wpb_text_column wpb_content_element\" >\n\t\t<div class=\"wpb_wrapper\">\n\t\t\t<p>Wie baue ich die Dinette zum Bett um im <strong>Ahorn Camp ECO 690?<\/strong><\/p>\n\n\t\t<\/div>\n\t<\/div>\n<\/div><\/div><\/div><\/div><div class=\"vc_empty_space\"   style=\"height: 32px\"><span class=\"vc_empty_space_inner\"><\/span><\/div>\n\t<div class=\"wpb_text_column wpb_content_element\" >\n\t\t<div class=\"wpb_wrapper\">\n\t\t\t<h3>Bettenumbau &#8211; Wie baue ich die Dinette zu einem Bett um? &#8211; weitere Modelljahre<\/h3>\n<p>Die meisten unserer Fahrzeuge haben eine Dinette, die zu einem Bett umgebaut werden kann, sodass ein weiterer Schlafplatz entsteht. In den unten folgenden Videos zeigen wir Ihnen, wie ohne viel Aufwand aus einem Esstisch f\u00fcr die ganze Familie ein bequemes Bett gezaubert wird.<\/p>\n\n\t\t<\/div>\n\t<\/div>\n<div class=\"vc_row wpb_row vc_inner vc_row-fluid\"><div class=\"wpb_column vc_column_container vc_col-sm-4\"><div class=\"vc_column-inner\"><div class=\"wpb_wrapper\">\n\t<div class=\"wpb_video_widget wpb_content_element vc_clearfix   vc_video-aspect-ratio-169 vc_video-el-width-100 vc_video-align-left\" >\n\t\t<div class=\"wpb_wrapper\">\n\t\t\t\n\t\t\t<div class=\"wpb_video_wrapper\"><iframe title=\"Ahorn Camp - Letto in dinette Canada AS Modello 2019\" width=\"500\" height=\"281\" src=\"https:\/\/www.youtube.com\/embed\/N67bSghb2fU?feature=oembed\" frameborder=\"0\" allow=\"accelerometer; autoplay; clipboard-write; encrypted-media; gyroscope; picture-in-picture; web-share\" allowfullscreen><\/iframe><\/div>\n\t\t<\/div>\n\t<\/div>\n\n\t<div class=\"wpb_text_column wpb_content_element\" >\n\t\t<div class=\"wpb_wrapper\">\n\t\t\t<p>Wie baue ich die Dinette zum Bett um im <strong>Canada AS<\/strong>?<\/p>\n\n\t\t<\/div>\n\t<\/div>\n<\/div><\/div><\/div><div class=\"wpb_column vc_column_container vc_col-sm-4\"><div class=\"vc_column-inner\"><div class=\"wpb_wrapper\">\n\t<div class=\"wpb_video_widget wpb_content_element vc_clearfix   vc_video-aspect-ratio-169 vc_video-el-width-100 vc_video-align-left\" >\n\t\t<div class=\"wpb_wrapper\">\n\t\t\t\n\t\t\t<div class=\"wpb_video_wrapper\"><iframe title=\"Ahorn Camp T690 Bettaufbau in der Dinette Modell 2019\" width=\"500\" height=\"281\" src=\"https:\/\/www.youtube.com\/embed\/Hrs2ipZOA3U?feature=oembed\" frameborder=\"0\" allow=\"accelerometer; autoplay; clipboard-write; encrypted-media; gyroscope; picture-in-picture; web-share\" allowfullscreen><\/iframe><\/div>\n\t\t<\/div>\n\t<\/div>\n\n\t<div class=\"wpb_text_column wpb_content_element\" >\n\t\t<div class=\"wpb_wrapper\">\n\t\t\t<p>Wie baue ich die Dinette zum Bett um im <strong>ACT 690 \/ ACA 690<\/strong>?<\/p>\n\n\t\t<\/div>\n\t<\/div>\n<\/div><\/div><\/div><div class=\"wpb_column vc_column_container vc_col-sm-4\"><div class=\"vc_column-inner\"><div class=\"wpb_wrapper\">\n\t<div class=\"wpb_video_widget wpb_content_element vc_clearfix   vc_video-aspect-ratio-169 vc_video-el-width-100 vc_video-align-left\" >\n\t\t<div class=\"wpb_wrapper\">\n\t\t\t\n\t\t\t<div class=\"wpb_video_wrapper\"><iframe title=\"Ahorn Camp - Eco 680 - Dinette Bettbau Modell 2019\" width=\"500\" height=\"281\" src=\"https:\/\/www.youtube.com\/embed\/cynn7MNUQ_g?feature=oembed\" frameborder=\"0\" allow=\"accelerometer; autoplay; clipboard-write; encrypted-media; gyroscope; picture-in-picture; web-share\" allowfullscreen><\/iframe><\/div>\n\t\t<\/div>\n\t<\/div>\n\n\t<div class=\"wpb_text_column wpb_content_element\" >\n\t\t<div class=\"wpb_wrapper\">\n\t\t\t<p>Wie baue ich die Dinette zum Bett um im <strong>Eco 680<\/strong>?<\/p>\n\n\t\t<\/div>\n\t<\/div>\n<\/div><\/div><\/div><\/div><div class=\"vc_row wpb_row vc_inner vc_row-fluid\"><div class=\"wpb_column vc_column_container vc_col-sm-4\"><div class=\"vc_column-inner\"><div class=\"wpb_wrapper\">\n\t<div class=\"wpb_video_widget wpb_content_element vc_clearfix   vc_video-aspect-ratio-169 vc_video-el-width-100 vc_video-align-left\" >\n\t\t<div class=\"wpb_wrapper\">\n\t\t\t\n\t\t\t<div class=\"wpb_video_wrapper\"><iframe title=\"Ahorn Camp - Eco 683 Dinette Bettbau Modell 2019\" width=\"500\" height=\"281\" src=\"https:\/\/www.youtube.com\/embed\/JFWEK3vF32c?feature=oembed\" frameborder=\"0\" allow=\"accelerometer; autoplay; clipboard-write; encrypted-media; gyroscope; picture-in-picture; web-share\" allowfullscreen><\/iframe><\/div>\n\t\t<\/div>\n\t<\/div>\n\n\t<div class=\"wpb_text_column wpb_content_element\" >\n\t\t<div class=\"wpb_wrapper\">\n\t\t\t<p>Wie baue ich die Dinette zum Bett um im <strong>Eco 683 \/ Eco 660<\/strong>?<\/p>\n\n\t\t<\/div>\n\t<\/div>\n<\/div><\/div><\/div><div class=\"wpb_column vc_column_container vc_col-sm-4\"><div class=\"vc_column-inner\"><div class=\"wpb_wrapper\">\n\t<div class=\"wpb_video_widget wpb_content_element vc_clearfix   vc_video-aspect-ratio-169 vc_video-el-width-100 vc_video-align-left\" >\n\t\t<div class=\"wpb_wrapper\">\n\t\t\t\n\t\t\t<div class=\"wpb_video_wrapper\"><iframe title=\"Ahorn Camp - Van Bettbau in der Dinette\" width=\"500\" height=\"281\" src=\"https:\/\/www.youtube.com\/embed\/ygDSVcGI35Q?feature=oembed\" frameborder=\"0\" allow=\"accelerometer; autoplay; clipboard-write; encrypted-media; gyroscope; picture-in-picture; web-share\" allowfullscreen><\/iframe><\/div>\n\t\t<\/div>\n\t<\/div>\n\n\t<div class=\"wpb_text_column wpb_content_element\" >\n\t\t<div class=\"wpb_wrapper\">\n\t\t\t<p>Wie baue ich die Dinette zum Bett um im <strong>Ahorn Kastenwagen<\/strong>?<\/p>\n\n\t\t<\/div>\n\t<\/div>\n<\/div><\/div><\/div><div class=\"wpb_column vc_column_container vc_col-sm-4\"><div class=\"vc_column-inner\"><div class=\"wpb_wrapper\"><\/div><\/div><\/div><\/div><div class=\"vc_empty_space\"   style=\"height: 32px\"><span class=\"vc_empty_space_inner\"><\/span><\/div><\/div><\/div><\/div><\/div><div class=\"vc_row wpb_row vc_row-fluid\"><div class=\"wpb_column vc_column_container vc_col-sm-4\"><div class=\"vc_column-inner\"><div class=\"wpb_wrapper\">\n\t<div  class=\"wpb_single_image wpb_content_element vc_align_left wpb_content_element\">\n\t\t\n\t\t<figure class=\"wpb_wrapper vc_figure\">\n\t\t\t<a href=\"https:\/\/ahorn-camp.de\/wp-content\/uploads\/2020\/08\/ahorn-Camp-595-Aufbauanleitung-Dinette.pdf\" target=\"_blank\" class=\"vc_single_image-wrapper   vc_box_border_grey\"><img loading=\"lazy\" decoding=\"async\" width=\"300\" height=\"169\" src=\"https:\/\/ahorn-camp.de\/wp-content\/uploads\/2020\/06\/thumbnail-youtube-icon-vorschaubild-Dinette-AC-595-300x169.png\" class=\"vc_single_image-img attachment-medium\" alt=\"\" title=\"thumbnail youtube icon vorschaubild Dinette AC 595\" srcset=\"https:\/\/ahorn-camp.de\/wp-content\/uploads\/2020\/06\/thumbnail-youtube-icon-vorschaubild-Dinette-AC-595-300x169.png 300w, https:\/\/ahorn-camp.de\/wp-content\/uploads\/2020\/06\/thumbnail-youtube-icon-vorschaubild-Dinette-AC-595.png 500w\" sizes=\"(max-width: 300px) 100vw, 300px\" \/><\/a>\n\t\t<\/figure>\n\t<\/div>\n\n\t<div class=\"wpb_text_column wpb_content_element\" >\n\t\t<div class=\"wpb_wrapper\">\n\t\t\t<p>Wie baue ich die Dinette zum Bett um im <strong>ACA 595<\/strong>?<\/p>\n\n\t\t<\/div>\n\t<\/div>\n<\/div><\/div><\/div><div class=\"wpb_column vc_column_container vc_col-sm-4\"><div class=\"vc_column-inner\"><div class=\"wpb_wrapper\">\n\t<div  class=\"wpb_single_image wpb_content_element vc_align_left wpb_content_element\">\n\t\t\n\t\t<figure class=\"wpb_wrapper vc_figure\">\n\t\t\t<a href=\"https:\/\/ahorn-camp.de\/wp-content\/uploads\/2020\/08\/ahorn-Campt-T-590-Aufbauanleitung-Dinette.pdf\" target=\"_blank\" class=\"vc_single_image-wrapper   vc_box_border_grey\"><img loading=\"lazy\" decoding=\"async\" width=\"300\" height=\"169\" src=\"https:\/\/ahorn-camp.de\/wp-content\/uploads\/2020\/06\/thumbnail-youtube-icon-vorschaubild-Dinette-AC-595-300x169.png\" class=\"vc_single_image-img attachment-medium\" alt=\"\" title=\"thumbnail youtube icon vorschaubild Dinette AC 595\" srcset=\"https:\/\/ahorn-camp.de\/wp-content\/uploads\/2020\/06\/thumbnail-youtube-icon-vorschaubild-Dinette-AC-595-300x169.png 300w, https:\/\/ahorn-camp.de\/wp-content\/uploads\/2020\/06\/thumbnail-youtube-icon-vorschaubild-Dinette-AC-595.png 500w\" sizes=\"(max-width: 300px) 100vw, 300px\" \/><\/a>\n\t\t<\/figure>\n\t<\/div>\n\n\t<div class=\"wpb_text_column wpb_content_element\" >\n\t\t<div class=\"wpb_wrapper\">\n\t\t\t<p>Wie baue ich die Dinette zum Bett um im <strong>ATTO 590<\/strong>?<\/p>\n\n\t\t<\/div>\n\t<\/div>\n<\/div><\/div><\/div><div class=\"wpb_column vc_column_container vc_col-sm-4\"><div class=\"vc_column-inner\"><div class=\"wpb_wrapper\">\n\t<div  class=\"wpb_single_image wpb_content_element vc_align_left wpb_content_element\">\n\t\t\n\t\t<figure class=\"wpb_wrapper vc_figure\">\n\t\t\t<a href=\"https:\/\/ahorn-camp.de\/wp-content\/uploads\/2020\/08\/ahorn-AC-660-Aufbauanleitung-Dinette.pdf\" target=\"_blank\" class=\"vc_single_image-wrapper   vc_box_border_grey\"><img loading=\"lazy\" decoding=\"async\" width=\"300\" height=\"169\" src=\"https:\/\/ahorn-camp.de\/wp-content\/uploads\/2020\/06\/thumbnail-youtube-icon-vorschaubild-Dinette-Canada-300x169.png\" class=\"vc_single_image-img attachment-medium\" alt=\"\" title=\"thumbnail youtube icon vorschaubild Dinette Canada\" srcset=\"https:\/\/ahorn-camp.de\/wp-content\/uploads\/2020\/06\/thumbnail-youtube-icon-vorschaubild-Dinette-Canada-300x169.png 300w, https:\/\/ahorn-camp.de\/wp-content\/uploads\/2020\/06\/thumbnail-youtube-icon-vorschaubild-Dinette-Canada.png 500w\" sizes=\"(max-width: 300px) 100vw, 300px\" \/><\/a>\n\t\t<\/figure>\n\t<\/div>\n\n\t<div class=\"wpb_text_column wpb_content_element\" >\n\t\t<div class=\"wpb_wrapper\">\n\t\t\t<p>Wie baue ich die Dinette zum Bett um im <strong>ACT 660<\/strong>?<\/p>\n\n\t\t<\/div>\n\t<\/div>\n<\/div><\/div><\/div><\/div><div class=\"vc_row wpb_row vc_row-fluid\"><div class=\"wpb_column vc_column_container vc_col-sm-4\"><div class=\"vc_column-inner\"><div class=\"wpb_wrapper\">\n\t<div  class=\"wpb_single_image wpb_content_element vc_align_left wpb_content_element\">\n\t\t\n\t\t<figure class=\"wpb_wrapper vc_figure\">\n\t\t\t<a href=\"https:\/\/ahorn-camp.de\/wp-content\/uploads\/2021\/12\/Ahorn-Canada-AD-Aufbauanleitung-Dinette-3.pdf\" target=\"_blank\" class=\"vc_single_image-wrapper   vc_box_border_grey\"><img loading=\"lazy\" decoding=\"async\" width=\"300\" height=\"169\" src=\"https:\/\/ahorn-camp.de\/wp-content\/uploads\/2020\/06\/thumbnail-youtube-icon-vorschaubild-Dinette-Canada-300x169.png\" class=\"vc_single_image-img attachment-medium\" alt=\"\" title=\"thumbnail youtube icon vorschaubild Dinette Canada\" srcset=\"https:\/\/ahorn-camp.de\/wp-content\/uploads\/2020\/06\/thumbnail-youtube-icon-vorschaubild-Dinette-Canada-300x169.png 300w, https:\/\/ahorn-camp.de\/wp-content\/uploads\/2020\/06\/thumbnail-youtube-icon-vorschaubild-Dinette-Canada.png 500w\" sizes=\"(max-width: 300px) 100vw, 300px\" \/><\/a>\n\t\t<\/figure>\n\t<\/div>\n\n\t<div class=\"wpb_text_column wpb_content_element\" >\n\t\t<div class=\"wpb_wrapper\">\n\t\t\t<p>Wie baue ich die Dinette zum Bett um im <strong>Canada d.C.<\/strong>?<\/p>\n\n\t\t<\/div>\n\t<\/div>\n<\/div><\/div><\/div><div class=\"wpb_column vc_column_container vc_col-sm-4\"><div class=\"vc_column-inner\"><div class=\"wpb_wrapper\">\n\t<div  class=\"wpb_single_image wpb_content_element vc_align_left wpb_content_element\">\n\t\t\n\t\t<figure class=\"wpb_wrapper vc_figure\">\n\t\t\t<a href=\"https:\/\/ahorn-camp.de\/wp-content\/uploads\/2020\/08\/ahorn-Canada-AE-Aufbauanleitung-Dinette.pdf\" target=\"_blank\" class=\"vc_single_image-wrapper   vc_box_border_grey\"><img loading=\"lazy\" decoding=\"async\" width=\"300\" height=\"169\" src=\"https:\/\/ahorn-camp.de\/wp-content\/uploads\/2020\/06\/thumbnail-youtube-icon-vorschaubild-Dinette-AC-595-300x169.png\" class=\"vc_single_image-img attachment-medium\" alt=\"\" title=\"thumbnail youtube icon vorschaubild Dinette AC 595\" srcset=\"https:\/\/ahorn-camp.de\/wp-content\/uploads\/2020\/06\/thumbnail-youtube-icon-vorschaubild-Dinette-AC-595-300x169.png 300w, https:\/\/ahorn-camp.de\/wp-content\/uploads\/2020\/06\/thumbnail-youtube-icon-vorschaubild-Dinette-AC-595.png 500w\" sizes=\"(max-width: 300px) 100vw, 300px\" \/><\/a>\n\t\t<\/figure>\n\t<\/div>\n\n\t<div class=\"wpb_text_column wpb_content_element\" >\n\t\t<div class=\"wpb_wrapper\">\n\t\t\t<p>Wie baue ich die Dinette zum Bett um im <strong>Canada AE \/ TE \/ TQ<\/strong>?<\/p>\n\n\t\t<\/div>\n\t<\/div>\n<\/div><\/div><\/div><div class=\"wpb_column vc_column_container vc_col-sm-4\"><div class=\"vc_column-inner\"><div class=\"wpb_wrapper\">\n\t<div  class=\"wpb_single_image wpb_content_element vc_align_left wpb_content_element\">\n\t\t\n\t\t<figure class=\"wpb_wrapper vc_figure\">\n\t\t\t<a href=\"https:\/\/ahorn-camp.de\/wp-content\/uploads\/2022\/03\/Dinettenbett-ECO-690-Modell-2022.pdf\" target=\"_blank\" class=\"vc_single_image-wrapper   vc_box_border_grey\"><img loading=\"lazy\" decoding=\"async\" width=\"300\" height=\"169\" src=\"https:\/\/ahorn-camp.de\/wp-content\/uploads\/2022\/03\/Eco-Dinettenbett-690-300x169.jpg\" class=\"vc_single_image-img attachment-medium\" alt=\"\" title=\"Eco Dinettenbett 690\" srcset=\"https:\/\/ahorn-camp.de\/wp-content\/uploads\/2022\/03\/Eco-Dinettenbett-690-300x169.jpg 300w, https:\/\/ahorn-camp.de\/wp-content\/uploads\/2022\/03\/Eco-Dinettenbett-690-1024x576.jpg 1024w, https:\/\/ahorn-camp.de\/wp-content\/uploads\/2022\/03\/Eco-Dinettenbett-690-768x432.jpg 768w, https:\/\/ahorn-camp.de\/wp-content\/uploads\/2022\/03\/Eco-Dinettenbett-690-800x450.jpg 800w, https:\/\/ahorn-camp.de\/wp-content\/uploads\/2022\/03\/Eco-Dinettenbett-690.jpg 1280w\" sizes=\"(max-width: 300px) 100vw, 300px\" \/><\/a>\n\t\t<\/figure>\n\t<\/div>\n\n\t<div class=\"wpb_text_column wpb_content_element\" >\n\t\t<div class=\"wpb_wrapper\">\n\t\t\t<p>Wie baue ich die Dinette zum Bett um im <strong>Eco 690<\/strong>?<\/p>\n\n\t\t<\/div>\n\t<\/div>\n<\/div><\/div><\/div><\/div><div class=\"vc_row wpb_row vc_row-fluid\"><div class=\"wpb_column vc_column_container vc_col-sm-4\"><div class=\"vc_column-inner\"><div class=\"wpb_wrapper\">\n\t<div  class=\"wpb_single_image wpb_content_element vc_align_left wpb_content_element\">\n\t\t\n\t\t<figure class=\"wpb_wrapper vc_figure\">\n\t\t\t<a href=\"https:\/\/ahorn-camp.de\/wp-content\/uploads\/2021\/12\/Aufbauanleitung-ACT-640.pdf\" target=\"_blank\" class=\"vc_single_image-wrapper   vc_box_border_grey\"><img loading=\"lazy\" decoding=\"async\" width=\"300\" height=\"169\" src=\"https:\/\/ahorn-camp.de\/wp-content\/uploads\/2021\/12\/thumbnail-youtube-icon-vorschaubild-ACT-640-300x169.jpg\" class=\"vc_single_image-img attachment-medium\" alt=\"\" title=\"thumbnail youtube icon vorschaubild ACT 640\" srcset=\"https:\/\/ahorn-camp.de\/wp-content\/uploads\/2021\/12\/thumbnail-youtube-icon-vorschaubild-ACT-640-300x169.jpg 300w, https:\/\/ahorn-camp.de\/wp-content\/uploads\/2021\/12\/thumbnail-youtube-icon-vorschaubild-ACT-640-1024x576.jpg 1024w, https:\/\/ahorn-camp.de\/wp-content\/uploads\/2021\/12\/thumbnail-youtube-icon-vorschaubild-ACT-640-768x432.jpg 768w, https:\/\/ahorn-camp.de\/wp-content\/uploads\/2021\/12\/thumbnail-youtube-icon-vorschaubild-ACT-640-800x450.jpg 800w, https:\/\/ahorn-camp.de\/wp-content\/uploads\/2021\/12\/thumbnail-youtube-icon-vorschaubild-ACT-640-1536x864.jpg 1536w, https:\/\/ahorn-camp.de\/wp-content\/uploads\/2021\/12\/thumbnail-youtube-icon-vorschaubild-ACT-640-2048x1152.jpg 2048w\" sizes=\"(max-width: 300px) 100vw, 300px\" \/><\/a>\n\t\t<\/figure>\n\t<\/div>\n\n\t<div class=\"wpb_text_column wpb_content_element\" >\n\t\t<div class=\"wpb_wrapper\">\n\t\t\t<p>Wie baue ich die Dinette zum Bett um im <strong>ACT640<\/strong>?<\/p>\n\n\t\t<\/div>\n\t<\/div>\n<\/div><\/div><\/div><div class=\"wpb_column vc_column_container vc_col-sm-4\"><div class=\"vc_column-inner\"><div class=\"wpb_wrapper\">\n\t<div  class=\"wpb_single_image wpb_content_element vc_align_left wpb_content_element\">\n\t\t\n\t\t<figure class=\"wpb_wrapper vc_figure\">\n\t\t\t<a href=\"https:\/\/www.youtube.com\/watch?v=H1vSTk16KUI\" target=\"_blank\" class=\"vc_single_image-wrapper   vc_box_border_grey\"><img loading=\"lazy\" decoding=\"async\" width=\"300\" height=\"167\" src=\"https:\/\/ahorn-camp.de\/wp-content\/uploads\/2022\/02\/thumbnail-youtube-icon-vorschaubild-Dinette-ACT-660-300x167.jpg\" class=\"vc_single_image-img attachment-medium\" alt=\"\" title=\"thumbnail youtube icon vorschaubild Dinette ACT 660\" srcset=\"https:\/\/ahorn-camp.de\/wp-content\/uploads\/2022\/02\/thumbnail-youtube-icon-vorschaubild-Dinette-ACT-660-300x167.jpg 300w, https:\/\/ahorn-camp.de\/wp-content\/uploads\/2022\/02\/thumbnail-youtube-icon-vorschaubild-Dinette-ACT-660-768x428.jpg 768w, https:\/\/ahorn-camp.de\/wp-content\/uploads\/2022\/02\/thumbnail-youtube-icon-vorschaubild-Dinette-ACT-660-800x446.jpg 800w, https:\/\/ahorn-camp.de\/wp-content\/uploads\/2022\/02\/thumbnail-youtube-icon-vorschaubild-Dinette-ACT-660.jpg 918w\" sizes=\"(max-width: 300px) 100vw, 300px\" \/><\/a>\n\t\t<\/figure>\n\t<\/div>\n\n\t<div class=\"wpb_text_column wpb_content_element\" >\n\t\t<div class=\"wpb_wrapper\">\n\t\t\t<p>Wie baue ich die Dinette zum Bett um im <strong>ACT660<\/strong>?<\/p>\n\n\t\t<\/div>\n\t<\/div>\n<\/div><\/div><\/div><div class=\"wpb_column vc_column_container vc_col-sm-4\"><div class=\"vc_column-inner\"><div class=\"wpb_wrapper\"><\/div><\/div><\/div><\/div><div class=\"vc_row wpb_row vc_row-fluid vc_custom_1603894124163 vc_row-has-fill\"><div class=\"wpb_column vc_column_container vc_col-sm-12\"><div class=\"vc_column-inner\"><div class=\"wpb_wrapper\">\n\t<div class=\"wpb_text_column wpb_content_element\" >\n\t\t<div class=\"wpb_wrapper\">\n\t\t\t<h3>Besonderheiten einzelner Fahrzeuge<\/h3>\n<p>Jedes unserer Fahrzeug-Modelle ist unterschiedlich und hat andere Besonderheiten, mit denen es gl\u00e4nzt.<\/p>\n\n\t\t<\/div>\n\t<\/div>\n<\/div><\/div><\/div><\/div><div class=\"vc_row wpb_row vc_row-fluid vc_custom_1603894134291 vc_row-has-fill\"><div class=\"wpb_column vc_column_container vc_col-sm-4\"><div class=\"vc_column-inner\"><div class=\"wpb_wrapper\">\n\t<div class=\"wpb_video_widget wpb_content_element vc_clearfix   vc_video-aspect-ratio-169 vc_video-el-width-100 vc_video-align-left\" >\n\t\t<div class=\"wpb_wrapper\">\n\t\t\t\n\t\t\t<div class=\"wpb_video_wrapper\"><iframe title=\"Ahorn Camp - Canada TF -  Umbau der Dinette zu Sitzpl\u00e4tzen\" width=\"500\" height=\"281\" src=\"https:\/\/www.youtube.com\/embed\/gVf9enlBOkw?feature=oembed\" frameborder=\"0\" allow=\"accelerometer; autoplay; clipboard-write; encrypted-media; gyroscope; picture-in-picture; web-share\" allowfullscreen><\/iframe><\/div>\n\t\t<\/div>\n\t<\/div>\n\n\t<div class=\"wpb_text_column wpb_content_element\" >\n\t\t<div class=\"wpb_wrapper\">\n\t\t\t<p class=\"title style-scope ytd-video-primary-info-renderer\">Canada TF &#8211; Wie baue ich die Dinettenbank zu Fahrersitzen um?<\/p>\n\n\t\t<\/div>\n\t<\/div>\n<\/div><\/div><\/div><div class=\"wpb_column vc_column_container vc_col-sm-4\"><div class=\"vc_column-inner\"><div class=\"wpb_wrapper\">\n\t<div class=\"wpb_video_widget wpb_content_element vc_clearfix   vc_video-aspect-ratio-169 vc_video-el-width-100 vc_video-align-left\" >\n\t\t<div class=\"wpb_wrapper\">\n\t\t\t\n\t\t\t<div class=\"wpb_video_wrapper\"><iframe title=\"Ahorn Camp Van City - Umbau von Sitzbank zum Bett\" width=\"500\" height=\"281\" src=\"https:\/\/www.youtube.com\/embed\/Up1mnhj9SCE?feature=oembed\" frameborder=\"0\" allow=\"accelerometer; autoplay; clipboard-write; encrypted-media; gyroscope; picture-in-picture; web-share\" allowfullscreen><\/iframe><\/div>\n\t\t<\/div>\n\t<\/div>\n\n\t<div class=\"wpb_text_column wpb_content_element\" >\n\t\t<div class=\"wpb_wrapper\">\n\t\t\t<p class=\"title style-scope ytd-video-primary-info-renderer\">Van City 2021- Wie baue ich die Sitzbank in ein gem\u00fctliches Bett oder bequeme Liegefl\u00e4che um?<\/p>\n\n\t\t<\/div>\n\t<\/div>\n<\/div><\/div><\/div><div class=\"wpb_column vc_column_container vc_col-sm-4\"><div class=\"vc_column-inner\"><div class=\"wpb_wrapper\">\n\t<div  class=\"wpb_single_image wpb_content_element vc_align_left wpb_content_element\">\n\t\t\n\t\t<figure class=\"wpb_wrapper vc_figure\">\n\t\t\t<a href=\"https:\/\/ahorn-camp.de\/wp-content\/uploads\/2022\/03\/Fahrersitze-ACT-640.pdf\" target=\"_blank\" class=\"vc_single_image-wrapper   vc_box_border_grey\"><img loading=\"lazy\" decoding=\"async\" width=\"300\" height=\"169\" src=\"https:\/\/ahorn-camp.de\/wp-content\/uploads\/2022\/03\/thumbnail-ACT640-1-300x169.jpg\" class=\"vc_single_image-img attachment-medium\" alt=\"\" title=\"thumbnail ACT640\" srcset=\"https:\/\/ahorn-camp.de\/wp-content\/uploads\/2022\/03\/thumbnail-ACT640-1-300x169.jpg 300w, https:\/\/ahorn-camp.de\/wp-content\/uploads\/2022\/03\/thumbnail-ACT640-1-1024x576.jpg 1024w, https:\/\/ahorn-camp.de\/wp-content\/uploads\/2022\/03\/thumbnail-ACT640-1-768x432.jpg 768w, https:\/\/ahorn-camp.de\/wp-content\/uploads\/2022\/03\/thumbnail-ACT640-1-800x450.jpg 800w, https:\/\/ahorn-camp.de\/wp-content\/uploads\/2022\/03\/thumbnail-ACT640-1.jpg 1280w\" sizes=\"(max-width: 300px) 100vw, 300px\" \/><\/a>\n\t\t<\/figure>\n\t<\/div>\n\n\t<div class=\"wpb_text_column wpb_content_element\" >\n\t\t<div class=\"wpb_wrapper\">\n\t\t\t<p>Wie baue ich die Dinette zum Fahrersitz um im <strong>ACT640<\/strong>?<\/p>\n\n\t\t<\/div>\n\t<\/div>\n<\/div><\/div><\/div><\/div><div class=\"vc_row wpb_row vc_row-fluid\"><div class=\"wpb_column vc_column_container vc_col-sm-4\"><div class=\"vc_column-inner\"><div class=\"wpb_wrapper\">\n\t<div class=\"wpb_video_widget wpb_content_element vc_clearfix   vc_video-aspect-ratio-169 vc_video-el-width-100 vc_video-align-left\" >\n\t\t<div class=\"wpb_wrapper\">\n\t\t\t\n\t\t\t<div class=\"wpb_video_wrapper\"><iframe title=\"Ahorn Camp - K\u00fchlschrank Winterfest\" width=\"500\" height=\"281\" src=\"https:\/\/www.youtube.com\/embed\/oQYWjVZ2raQ?feature=oembed\" frameborder=\"0\" allow=\"accelerometer; autoplay; clipboard-write; encrypted-media; gyroscope; picture-in-picture; web-share\" allowfullscreen><\/iframe><\/div>\n\t\t<\/div>\n\t<\/div>\n\n\t<div class=\"wpb_text_column wpb_content_element\" >\n\t\t<div class=\"wpb_wrapper\">\n\t\t\t<p>Wie mache ich den K\u00fchlschrank winterfest?<\/p>\n\n\t\t<\/div>\n\t<\/div>\n<\/div><\/div><\/div><div class=\"wpb_column vc_column_container vc_col-sm-4\"><div class=\"vc_column-inner\"><div class=\"wpb_wrapper\">\n\t<div class=\"wpb_video_widget wpb_content_element vc_clearfix   vc_video-aspect-ratio-169 vc_video-el-width-100 vc_video-align-left\" >\n\t\t<div class=\"wpb_wrapper\">\n\t\t\t\n\t\t\t<div class=\"wpb_video_wrapper\"><iframe title=\"Ahorn Camp - Trittstufe\" width=\"500\" height=\"281\" src=\"https:\/\/www.youtube.com\/embed\/Q-_NkLRzTyo?feature=oembed\" frameborder=\"0\" allow=\"accelerometer; autoplay; clipboard-write; encrypted-media; gyroscope; picture-in-picture; web-share\" allowfullscreen><\/iframe><\/div>\n\t\t<\/div>\n\t<\/div>\n\n\t<div class=\"wpb_text_column wpb_content_element\" >\n\t\t<div class=\"wpb_wrapper\">\n\t\t\t<p>Wie fahre ich die Trittstufe aus?<\/p>\n\n\t\t<\/div>\n\t<\/div>\n<\/div><\/div><\/div><div class=\"wpb_column vc_column_container vc_col-sm-4\"><div class=\"vc_column-inner\"><div class=\"wpb_wrapper\">\n\t<div class=\"wpb_video_widget wpb_content_element vc_clearfix   vc_video-aspect-ratio-169 vc_video-el-width-100 vc_video-align-left\" >\n\t\t<div class=\"wpb_wrapper\">\n\t\t\t\n\t\t\t<div class=\"wpb_video_wrapper\"><iframe title=\"Ahorn Camp - Toilettenkasette\" width=\"500\" height=\"281\" src=\"https:\/\/www.youtube.com\/embed\/k6yLckc0vZQ?feature=oembed\" frameborder=\"0\" allow=\"accelerometer; autoplay; clipboard-write; encrypted-media; gyroscope; picture-in-picture; web-share\" allowfullscreen><\/iframe><\/div>\n\t\t<\/div>\n\t<\/div>\n\n\t<div class=\"wpb_text_column wpb_content_element\" >\n\t\t<div class=\"wpb_wrapper\">\n\t\t\t<p>Wie wird die Toilettenkassette im Wohnmobil geleert?<\/p>\n\n\t\t<\/div>\n\t<\/div>\n<\/div><\/div><\/div><\/div>\n<\/div>","protected":false},"excerpt":{"rendered":"Wie funktioniert ein Reisemobil? Unsere Erkl\u00e4rvideos zeigen es Ihnen! Egal ob Sie sich erstmal nur \u00fcber ein Reisemobil informieren m\u00f6chten, schon einmal eines gemietet haben oder bereits Ihr Wunsch Wohnmobil besitzen. Auf kurz oder lang stellt man sich eine wichtige Frage. Wie funktioniert eigentlich ein Wohnmobil genau? Und wie lassen sich nochmal die einzelnen Komponenten [...]","protected":false},"author":2,"featured_media":0,"parent":0,"menu_order":55,"comment_status":"closed","ping_status":"closed","template":"","meta":{"content-type":"","footnotes":""},"class_list":["post-2710","page","type-page","status-publish","hentry"],"yoast_head":"<!-- This site is optimized with the Yoast SEO plugin v27.4 - https:\/\/yoast.com\/product\/yoast-seo-wordpress\/ -->\n<title>Erkl\u00e4rvideos - Ahorn Camp | Reisemobile und Kastenwagen<\/title>\n<meta name=\"description\" content=\"Wie funktioniert eigentlich ein Reisemobil genau und auf welche Besonderheiten muss man achten? Wir zeigen es Ihnen in unseren Erkl\u00e4rvideos.\" \/>\n<meta name=\"robots\" content=\"index, nofollow, max-snippet:-1, max-image-preview:large, max-video-preview:-1\" \/>\n<link rel=\"canonical\" href=\"https:\/\/ahorn-camp.de\/it\/erklaervideos\/\" \/>\n<meta property=\"og:locale\" content=\"it_IT\" \/>\n<meta property=\"og:type\" content=\"article\" \/>\n<meta property=\"og:title\" content=\"Erkl\u00e4rvideos - Ahorn Camp | Reisemobile und Kastenwagen\" \/>\n<meta property=\"og:description\" content=\"Wie funktioniert eigentlich ein Reisemobil genau und auf welche Besonderheiten muss man achten? Wir zeigen es Ihnen in unseren Erkl\u00e4rvideos.\" \/>\n<meta property=\"og:url\" content=\"https:\/\/ahorn-camp.de\/it\/erklaervideos\/\" \/>\n<meta property=\"og:site_name\" content=\"Ahorn Camp | Reisemobile und Kastenwagen\" \/>\n<meta property=\"article:publisher\" content=\"https:\/\/www.facebook.com\/ahorn.wohnmobile\/\" \/>\n<meta property=\"article:modified_time\" content=\"2025-04-14T11:18:59+00:00\" \/>\n<meta property=\"og:image\" content=\"https:\/\/ahorn-camp.de\/wp-content\/uploads\/2022\/04\/P1090139-300x200.jpg\" \/>\n<meta name=\"twitter:card\" content=\"summary_large_image\" \/>\n<meta name=\"twitter:label1\" content=\"Tempo di lettura stimato\" \/>\n\t<meta name=\"twitter:data1\" content=\"10 minuti\" \/>\n<script type=\"application\/ld+json\" class=\"yoast-schema-graph\">{\"@context\":\"https:\\\/\\\/schema.org\",\"@graph\":[{\"@type\":\"WebPage\",\"@id\":\"https:\\\/\\\/ahorn-camp.de\\\/erklaervideos\\\/\",\"url\":\"https:\\\/\\\/ahorn-camp.de\\\/erklaervideos\\\/\",\"name\":\"Erkl\u00e4rvideos - Ahorn Camp | Reisemobile und Kastenwagen\",\"isPartOf\":{\"@id\":\"https:\\\/\\\/ahorn-camp.de\\\/#website\"},\"primaryImageOfPage\":{\"@id\":\"https:\\\/\\\/ahorn-camp.de\\\/erklaervideos\\\/#primaryimage\"},\"image\":{\"@id\":\"https:\\\/\\\/ahorn-camp.de\\\/erklaervideos\\\/#primaryimage\"},\"thumbnailUrl\":\"https:\\\/\\\/ahorn-camp.de\\\/wp-content\\\/uploads\\\/2022\\\/04\\\/P1090139-300x200.jpg\",\"datePublished\":\"2019-09-26T09:41:38+00:00\",\"dateModified\":\"2025-04-14T11:18:59+00:00\",\"description\":\"Wie funktioniert eigentlich ein Reisemobil genau und auf welche Besonderheiten muss man achten? Wir zeigen es Ihnen in unseren Erkl\u00e4rvideos.\",\"breadcrumb\":{\"@id\":\"https:\\\/\\\/ahorn-camp.de\\\/erklaervideos\\\/#breadcrumb\"},\"inLanguage\":\"it-IT\",\"potentialAction\":[{\"@type\":\"ReadAction\",\"target\":[\"https:\\\/\\\/ahorn-camp.de\\\/erklaervideos\\\/\"]}]},{\"@type\":\"ImageObject\",\"inLanguage\":\"it-IT\",\"@id\":\"https:\\\/\\\/ahorn-camp.de\\\/erklaervideos\\\/#primaryimage\",\"url\":\"https:\\\/\\\/ahorn-camp.de\\\/wp-content\\\/uploads\\\/2022\\\/04\\\/P1090139-300x200.jpg\",\"contentUrl\":\"https:\\\/\\\/ahorn-camp.de\\\/wp-content\\\/uploads\\\/2022\\\/04\\\/P1090139-300x200.jpg\"},{\"@type\":\"BreadcrumbList\",\"@id\":\"https:\\\/\\\/ahorn-camp.de\\\/erklaervideos\\\/#breadcrumb\",\"itemListElement\":[{\"@type\":\"ListItem\",\"position\":1,\"name\":\"Startseite\",\"item\":\"https:\\\/\\\/ahorn-camp.de\\\/\"},{\"@type\":\"ListItem\",\"position\":2,\"name\":\"Erkl\u00e4rvideos\"}]},{\"@type\":\"WebSite\",\"@id\":\"https:\\\/\\\/ahorn-camp.de\\\/#website\",\"url\":\"https:\\\/\\\/ahorn-camp.de\\\/\",\"name\":\"Ahorn Camp | Reisemobile und Kastenwagen\",\"description\":\"Seit \u00fcber 30 Jahren vermarktet das Familienunternehmen, Ahorn Camp in Speyer, erfolgreich Wohnmobile und Kastenwagen zum besten Preis-Leistungsverh\u00e4ltnis.\",\"publisher\":{\"@id\":\"https:\\\/\\\/ahorn-camp.de\\\/#organization\"},\"potentialAction\":[{\"@type\":\"SearchAction\",\"target\":{\"@type\":\"EntryPoint\",\"urlTemplate\":\"https:\\\/\\\/ahorn-camp.de\\\/?s={search_term_string}\"},\"query-input\":{\"@type\":\"PropertyValueSpecification\",\"valueRequired\":true,\"valueName\":\"search_term_string\"}}],\"inLanguage\":\"it-IT\"},{\"@type\":\"Organization\",\"@id\":\"https:\\\/\\\/ahorn-camp.de\\\/#organization\",\"name\":\"Ahorn Camp GmbH & Co. KG\",\"url\":\"https:\\\/\\\/ahorn-camp.de\\\/\",\"logo\":{\"@type\":\"ImageObject\",\"inLanguage\":\"it-IT\",\"@id\":\"https:\\\/\\\/ahorn-camp.de\\\/#\\\/schema\\\/logo\\\/image\\\/\",\"url\":\"https:\\\/\\\/ahorn-camp.de\\\/wp-content\\\/uploads\\\/2018\\\/12\\\/Ahorn_Logo.jpg\",\"contentUrl\":\"https:\\\/\\\/ahorn-camp.de\\\/wp-content\\\/uploads\\\/2018\\\/12\\\/Ahorn_Logo.jpg\",\"width\":1437,\"height\":1000,\"caption\":\"Ahorn Camp GmbH & Co. KG\"},\"image\":{\"@id\":\"https:\\\/\\\/ahorn-camp.de\\\/#\\\/schema\\\/logo\\\/image\\\/\"},\"sameAs\":[\"https:\\\/\\\/www.facebook.com\\\/ahorn.wohnmobile\\\/\",\"https:\\\/\\\/www.instagram.com\\\/ahorn.camp\\\/\",\"https:\\\/\\\/www.youtube.com\\\/channel\\\/UCPFbPCts1JJ_A1k9vyH0yOQ\"]}]}<\/script>\n<!-- \/ Yoast SEO plugin. -->","yoast_head_json":{"title":"Erkl\u00e4rvideos - Ahorn Camp | Reisemobile und Kastenwagen","description":"Wie funktioniert eigentlich ein Reisemobil genau und auf welche Besonderheiten muss man achten? Wir zeigen es Ihnen in unseren Erkl\u00e4rvideos.","robots":{"index":"index","follow":"nofollow","max-snippet":"max-snippet:-1","max-image-preview":"max-image-preview:large","max-video-preview":"max-video-preview:-1"},"canonical":"https:\/\/ahorn-camp.de\/it\/erklaervideos\/","og_locale":"it_IT","og_type":"article","og_title":"Erkl\u00e4rvideos - Ahorn Camp | Reisemobile und Kastenwagen","og_description":"Wie funktioniert eigentlich ein Reisemobil genau und auf welche Besonderheiten muss man achten? Wir zeigen es Ihnen in unseren Erkl\u00e4rvideos.","og_url":"https:\/\/ahorn-camp.de\/it\/erklaervideos\/","og_site_name":"Ahorn Camp | Reisemobile und Kastenwagen","article_publisher":"https:\/\/www.facebook.com\/ahorn.wohnmobile\/","article_modified_time":"2025-04-14T11:18:59+00:00","og_image":[{"url":"https:\/\/ahorn-camp.de\/wp-content\/uploads\/2022\/04\/P1090139-300x200.jpg","type":"","width":"","height":""}],"twitter_card":"summary_large_image","twitter_misc":{"Tempo di lettura stimato":"10 minuti"},"schema":{"@context":"https:\/\/schema.org","@graph":[{"@type":"WebPage","@id":"https:\/\/ahorn-camp.de\/erklaervideos\/","url":"https:\/\/ahorn-camp.de\/erklaervideos\/","name":"Erkl\u00e4rvideos - Ahorn Camp | Reisemobile und Kastenwagen","isPartOf":{"@id":"https:\/\/ahorn-camp.de\/#website"},"primaryImageOfPage":{"@id":"https:\/\/ahorn-camp.de\/erklaervideos\/#primaryimage"},"image":{"@id":"https:\/\/ahorn-camp.de\/erklaervideos\/#primaryimage"},"thumbnailUrl":"https:\/\/ahorn-camp.de\/wp-content\/uploads\/2022\/04\/P1090139-300x200.jpg","datePublished":"2019-09-26T09:41:38+00:00","dateModified":"2025-04-14T11:18:59+00:00","description":"Wie funktioniert eigentlich ein Reisemobil genau und auf welche Besonderheiten muss man achten? Wir zeigen es Ihnen in unseren Erkl\u00e4rvideos.","breadcrumb":{"@id":"https:\/\/ahorn-camp.de\/erklaervideos\/#breadcrumb"},"inLanguage":"it-IT","potentialAction":[{"@type":"ReadAction","target":["https:\/\/ahorn-camp.de\/erklaervideos\/"]}]},{"@type":"ImageObject","inLanguage":"it-IT","@id":"https:\/\/ahorn-camp.de\/erklaervideos\/#primaryimage","url":"https:\/\/ahorn-camp.de\/wp-content\/uploads\/2022\/04\/P1090139-300x200.jpg","contentUrl":"https:\/\/ahorn-camp.de\/wp-content\/uploads\/2022\/04\/P1090139-300x200.jpg"},{"@type":"BreadcrumbList","@id":"https:\/\/ahorn-camp.de\/erklaervideos\/#breadcrumb","itemListElement":[{"@type":"ListItem","position":1,"name":"Startseite","item":"https:\/\/ahorn-camp.de\/"},{"@type":"ListItem","position":2,"name":"Erkl\u00e4rvideos"}]},{"@type":"WebSite","@id":"https:\/\/ahorn-camp.de\/#website","url":"https:\/\/ahorn-camp.de\/","name":"Ahorn Camp | Camper e furgonati","description":"Da oltre 30 anni l'azienda a conduzione familiare, Ahorn Camp a Speyer, commercializza con successo camper e furgoni al miglior rapporto qualit\u00e0-prezzo.","publisher":{"@id":"https:\/\/ahorn-camp.de\/#organization"},"potentialAction":[{"@type":"SearchAction","target":{"@type":"EntryPoint","urlTemplate":"https:\/\/ahorn-camp.de\/?s={search_term_string}"},"query-input":{"@type":"PropertyValueSpecification","valueRequired":true,"valueName":"search_term_string"}}],"inLanguage":"it-IT"},{"@type":"Organization","@id":"https:\/\/ahorn-camp.de\/#organization","name":"Ahorn Camp GmbH &amp; Co. KG","url":"https:\/\/ahorn-camp.de\/","logo":{"@type":"ImageObject","inLanguage":"it-IT","@id":"https:\/\/ahorn-camp.de\/#\/schema\/logo\/image\/","url":"https:\/\/ahorn-camp.de\/wp-content\/uploads\/2018\/12\/Ahorn_Logo.jpg","contentUrl":"https:\/\/ahorn-camp.de\/wp-content\/uploads\/2018\/12\/Ahorn_Logo.jpg","width":1437,"height":1000,"caption":"Ahorn Camp GmbH & Co. KG"},"image":{"@id":"https:\/\/ahorn-camp.de\/#\/schema\/logo\/image\/"},"sameAs":["https:\/\/www.facebook.com\/ahorn.wohnmobile\/","https:\/\/www.instagram.com\/ahorn.camp\/","https:\/\/www.youtube.com\/channel\/UCPFbPCts1JJ_A1k9vyH0yOQ"]}]}},"_links":{"self":[{"href":"https:\/\/ahorn-camp.de\/it\/wp-json\/wp\/v2\/pages\/2710","targetHints":{"allow":["GET"]}}],"collection":[{"href":"https:\/\/ahorn-camp.de\/it\/wp-json\/wp\/v2\/pages"}],"about":[{"href":"https:\/\/ahorn-camp.de\/it\/wp-json\/wp\/v2\/types\/page"}],"author":[{"embeddable":true,"href":"https:\/\/ahorn-camp.de\/it\/wp-json\/wp\/v2\/users\/2"}],"replies":[{"embeddable":true,"href":"https:\/\/ahorn-camp.de\/it\/wp-json\/wp\/v2\/comments?post=2710"}],"version-history":[{"count":0,"href":"https:\/\/ahorn-camp.de\/it\/wp-json\/wp\/v2\/pages\/2710\/revisions"}],"wp:attachment":[{"href":"https:\/\/ahorn-camp.de\/it\/wp-json\/wp\/v2\/media?parent=2710"}],"curies":[{"name":"wp","href":"https:\/\/api.w.org\/{rel}","templated":true}]}}