{"id":17473,"date":"2022-09-10T23:26:17","date_gmt":"2022-09-10T21:26:17","guid":{"rendered":"https:\/\/ahorn-camp.de\/?page_id=17473"},"modified":"2025-06-27T15:15:15","modified_gmt":"2025-06-27T13:15:15","slug":"eintracht-frankfurt","status":"publish","type":"page","link":"https:\/\/ahorn-camp.de\/it\/eintracht-frankfurt\/","title":{"rendered":""},"content":{"rendered":"<div data-elementor-type=\"wp-page\" data-elementor-id=\"17473\" class=\"elementor elementor-17473\" data-elementor-post-type=\"page\">\n\t\t\t\t\t\t<section class=\"elementor-section elementor-top-section elementor-element elementor-element-21d8dd5 elementor-section-boxed elementor-section-height-default elementor-section-height-default\" data-id=\"21d8dd5\" data-element_type=\"section\" data-e-type=\"section\" data-settings=\"{&quot;background_background&quot;:&quot;classic&quot;}\">\n\t\t\t\t\t\t\t<div class=\"elementor-background-overlay\"><\/div>\n\t\t\t\t\t\t\t<div class=\"elementor-container elementor-column-gap-default\">\n\t\t\t\t\t<div class=\"elementor-column elementor-col-100 elementor-top-column elementor-element elementor-element-9733aa8\" data-id=\"9733aa8\" data-element_type=\"column\" data-e-type=\"column\" data-settings=\"{&quot;background_background&quot;:&quot;classic&quot;}\">\n\t\t\t<div class=\"elementor-widget-wrap elementor-element-populated\">\n\t\t\t\t\t\t<div class=\"elementor-element elementor-element-fcad1c9 elementor-widget elementor-widget-heading\" data-id=\"fcad1c9\" data-element_type=\"widget\" data-e-type=\"widget\" data-widget_type=\"heading.default\">\n\t\t\t\t<div class=\"elementor-widget-container\">\n\t\t\t\t\t<h1 class=\"elementor-heading-title elementor-size-default\">Der original Eintracht Frankfurt Van wird hier versteigert<\/h1>\t\t\t\t<\/div>\n\t\t\t\t<\/div>\n\t\t\t\t<div class=\"elementor-element elementor-element-c3eb875 elementor-widget elementor-widget-text-editor\" data-id=\"c3eb875\" data-element_type=\"widget\" data-e-type=\"widget\" data-widget_type=\"text-editor.default\">\n\t\t\t\t<div class=\"elementor-widget-container\">\n\t\t\t\t\t\t\t\t\t<p style=\"text-align: center;\"><span style=\"text-align: left; --brlbs-tw-scale-x: 1; --brlbs-tw-scale-y: 1; --brlbs-tw-scroll-snap-strictness: proximity; --brlbs-tw-ring-offset-width: 0px; --brlbs-tw-ring-offset-color: #fff; --brlbs-tw-ring-color: rgba(59,130,246,.5); --brlbs-tw-ring-offset-shadow: 0 0 #0000; --brlbs-tw-ring-shadow: 0 0 #0000; --brlbs-tw-shadow: 0 0 #0000; --brlbs-tw-shadow-colored: 0 0 #0000; font-weight: 600; white-space-collapse: preserve;\" data-teams=\"true\">Jetzt mitbieten und Dir ein echtes Eintracht Unikat sichern! <\/span>Gemeinsam mit Eintracht Frankfurt haben wir von <strong>Ahorn Camp<\/strong> einen einzigartigen, voll gebrandeten <strong>Eintracht Van<\/strong> auf die Stra\u00dfe gebracht \u2013 ein echtes Highlight, das Ihr aus dem <strong>Ahorn Camp Sportpark<\/strong> oder dem <strong>Deutsche Bank Park<\/strong> kennt. Ganz nach dem Motto &#8222;Eintracht im Herzen &#8211; Abenteuer im Blick&#8220; kannst <i>Du<\/i> ihn vielleicht bald Dein Eigen nennen!<\/p><p style=\"text-align: center;\">Unter dem ikonischen Eintracht-Design steckt der bew\u00e4hrte Van 620 \u2013 dein perfekter Reisebegleiter f\u00fcr maximale Freiheit unterwegs. Ob Wochenendtrip, Stadiontour oder Urlaub mit Stil: Der Van vereint Komfort, Funktionalit\u00e4t und Flexibilit\u00e4t auf h\u00f6chstem Niveau.<\/p>\t\t\t\t\t\t\t\t<\/div>\n\t\t\t\t<\/div>\n\t\t\t\t<div class=\"elementor-element elementor-element-357fe33 elementor-align-center elementor-widget elementor-widget-button\" data-id=\"357fe33\" data-element_type=\"widget\" data-e-type=\"widget\" data-widget_type=\"button.default\">\n\t\t\t\t<div class=\"elementor-widget-container\">\n\t\t\t\t\t\t\t\t\t<div class=\"elementor-button-wrapper\">\n\t\t\t\t\t<a class=\"elementor-button elementor-button-link elementor-size-sm\" href=\"https:\/\/ahorn-camp.de\/it\/registrare\/\">\n\t\t\t\t\t\t<span class=\"elementor-button-content-wrapper\">\n\t\t\t\t\t\t\t\t\t<span class=\"elementor-button-text\">Zur Versteigerung<\/span>\n\t\t\t\t\t<\/span>\n\t\t\t\t\t<\/a>\n\t\t\t\t<\/div>\n\t\t\t\t\t\t\t\t<\/div>\n\t\t\t\t<\/div>\n\t\t\t\t<section class=\"elementor-section elementor-inner-section elementor-element elementor-element-855d2a7 elementor-section-boxed elementor-section-height-default elementor-section-height-default\" data-id=\"855d2a7\" data-element_type=\"section\" data-e-type=\"section\">\n\t\t\t\t\t\t<div class=\"elementor-container elementor-column-gap-default\">\n\t\t\t\t\t<div class=\"elementor-column elementor-col-50 elementor-inner-column elementor-element elementor-element-50283c1\" data-id=\"50283c1\" data-element_type=\"column\" data-e-type=\"column\">\n\t\t\t<div class=\"elementor-widget-wrap elementor-element-populated\">\n\t\t\t\t\t\t<div class=\"elementor-element elementor-element-feaa93f elementor-widget elementor-widget-text-editor\" data-id=\"feaa93f\" data-element_type=\"widget\" data-e-type=\"widget\" data-widget_type=\"text-editor.default\">\n\t\t\t\t<div class=\"elementor-widget-container\">\n\t\t\t\t\t\t\t\t\t<p style=\"text-align: left;\">Zum <strong>Saisonfinale 2024\/25<\/strong> geht der kultige Van in die Versteigerung \u2013 nat\u00fcrlich <strong>inklusive exklusiver Eintracht Frankfurt Fanartikel<\/strong> von <strong>A wie Adler-Bettw\u00e4sche<\/strong> bis <strong>Z wie Zahnb\u00fcrste<\/strong>. Mehr Vereinsliebe geht nicht!<\/p><p style=\"text-align: left;\"><strong>Was Dich erwartet:<\/strong><\/p><ul><li style=\"text-align: left;\">Van 620, 2024er Modell\u00a0<\/li><li style=\"text-align: left;\">Mit nur 2.000 gefahrenen Kilometern wie neu<\/li><li style=\"text-align: left;\">Hochwertige, moderne Ausstattung<\/li><li style=\"text-align: left;\">Inklusive Eintracht Frankfurt Merchandise<\/li><\/ul>\t\t\t\t\t\t\t\t<\/div>\n\t\t\t\t<\/div>\n\t\t\t\t<div class=\"elementor-element elementor-element-ceddac2 elementor-align-left elementor-widget elementor-widget-button\" data-id=\"ceddac2\" data-element_type=\"widget\" data-e-type=\"widget\" data-widget_type=\"button.default\">\n\t\t\t\t<div class=\"elementor-widget-container\">\n\t\t\t\t\t\t\t\t\t<div class=\"elementor-button-wrapper\">\n\t\t\t\t\t<a class=\"elementor-button elementor-button-link elementor-size-sm\" href=\"https:\/\/www.instagram.com\/reel\/DJetWRDshhl\/?utm_source=ig_web_copy_link&#038;igsh=MzRlODBiNWFlZA==\">\n\t\t\t\t\t\t<span class=\"elementor-button-content-wrapper\">\n\t\t\t\t\t\t\t\t\t<span class=\"elementor-button-text\">Van 620 Roomtour anschauen<\/span>\n\t\t\t\t\t<\/span>\n\t\t\t\t\t<\/a>\n\t\t\t\t<\/div>\n\t\t\t\t\t\t\t\t<\/div>\n\t\t\t\t<\/div>\n\t\t\t\t\t<\/div>\n\t\t<\/div>\n\t\t\t\t<div class=\"elementor-column elementor-col-50 elementor-inner-column elementor-element elementor-element-d15c3cd\" data-id=\"d15c3cd\" data-element_type=\"column\" data-e-type=\"column\">\n\t\t\t<div class=\"elementor-widget-wrap elementor-element-populated\">\n\t\t\t\t\t\t<div class=\"elementor-element elementor-element-21df72f elementor-widget__width-initial elementor-widget elementor-widget-image\" data-id=\"21df72f\" data-element_type=\"widget\" data-e-type=\"widget\" data-widget_type=\"image.default\">\n\t\t\t\t<div class=\"elementor-widget-container\">\n\t\t\t\t\t\t\t\t\t\t\t\t\t\t\t<img fetchpriority=\"high\" decoding=\"async\" width=\"1024\" height=\"683\" src=\"https:\/\/ahorn-camp.de\/wp-content\/uploads\/2025\/04\/Adobe-Express-file-min-1024x683.jpg\" class=\"attachment-large size-large wp-image-30615\" alt=\"Eintracht Francoforte Van\" srcset=\"https:\/\/ahorn-camp.de\/wp-content\/uploads\/2025\/04\/Adobe-Express-file-min-1024x683.jpg 1024w, https:\/\/ahorn-camp.de\/wp-content\/uploads\/2025\/04\/Adobe-Express-file-min-300x200.jpg 300w, https:\/\/ahorn-camp.de\/wp-content\/uploads\/2025\/04\/Adobe-Express-file-min-768x512.jpg 768w, https:\/\/ahorn-camp.de\/wp-content\/uploads\/2025\/04\/Adobe-Express-file-min-800x534.jpg 800w, https:\/\/ahorn-camp.de\/wp-content\/uploads\/2025\/04\/Adobe-Express-file-min-1536x1024.jpg 1536w, https:\/\/ahorn-camp.de\/wp-content\/uploads\/2025\/04\/Adobe-Express-file-min-2048x1366.jpg 2048w\" sizes=\"(max-width: 1024px) 100vw, 1024px\" \/>\t\t\t\t\t\t\t\t\t\t\t\t\t\t\t<\/div>\n\t\t\t\t<\/div>\n\t\t\t\t\t<\/div>\n\t\t<\/div>\n\t\t\t\t\t<\/div>\n\t\t<\/section>\n\t\t\t\t<div class=\"elementor-element elementor-element-4c344d1 elementor-widget elementor-widget-text-editor\" data-id=\"4c344d1\" data-element_type=\"widget\" data-e-type=\"widget\" data-widget_type=\"text-editor.default\">\n\t\t\t\t<div class=\"elementor-widget-container\">\n\t\t\t\t\t\t\t\t\t<p style=\"text-align: center;\"><span data-teams=\"true\"><strong>Sei dabei und sichere Dir mit Deinem Gebot ein Unikat auf vier R\u00e4dern!<\/strong><\/span><\/p>\t\t\t\t\t\t\t\t<\/div>\n\t\t\t\t<\/div>\n\t\t\t\t<div class=\"elementor-element elementor-element-1ec5692 elementor-align-center elementor-widget elementor-widget-button\" data-id=\"1ec5692\" data-element_type=\"widget\" data-e-type=\"widget\" data-widget_type=\"button.default\">\n\t\t\t\t<div class=\"elementor-widget-container\">\n\t\t\t\t\t\t\t\t\t<div class=\"elementor-button-wrapper\">\n\t\t\t\t\t<a class=\"elementor-button elementor-button-link elementor-size-sm\" href=\"https:\/\/ahorn-camp.de\/it\/camper-ahorn\/camper\/camper-2024\/van-620\/\">\n\t\t\t\t\t\t<span class=\"elementor-button-content-wrapper\">\n\t\t\t\t\t\t\t\t\t<span class=\"elementor-button-text\">Van 620 im Detail<\/span>\n\t\t\t\t\t<\/span>\n\t\t\t\t\t<\/a>\n\t\t\t\t<\/div>\n\t\t\t\t\t\t\t\t<\/div>\n\t\t\t\t<\/div>\n\t\t\t\t\t<\/div>\n\t\t<\/div>\n\t\t\t\t\t<\/div>\n\t\t<\/section>\n\t\t\t\t<section class=\"elementor-section elementor-top-section elementor-element elementor-element-e8ea875 elementor-section-boxed elementor-section-height-default elementor-section-height-default\" data-id=\"e8ea875\" data-element_type=\"section\" data-e-type=\"section\" data-settings=\"{&quot;background_background&quot;:&quot;classic&quot;}\">\n\t\t\t\t\t\t\t<div class=\"elementor-background-overlay\"><\/div>\n\t\t\t\t\t\t\t<div class=\"elementor-container elementor-column-gap-default\">\n\t\t\t\t\t<div class=\"elementor-column elementor-col-100 elementor-top-column elementor-element elementor-element-7309ac1\" data-id=\"7309ac1\" data-element_type=\"column\" data-e-type=\"column\" data-settings=\"{&quot;background_background&quot;:&quot;classic&quot;}\">\n\t\t\t<div class=\"elementor-widget-wrap elementor-element-populated\">\n\t\t\t\t\t\t<div class=\"elementor-element elementor-element-78ea5dc elementor-widget elementor-widget-heading\" data-id=\"78ea5dc\" data-element_type=\"widget\" data-e-type=\"widget\" data-widget_type=\"heading.default\">\n\t\t\t\t<div class=\"elementor-widget-container\">\n\t\t\t\t\t<h1 class=\"elementor-heading-title elementor-size-default\">Ahorn Camp schenkt Ihnen Tickets f\u00fcr die U21-Spiele!<\/h1>\t\t\t\t<\/div>\n\t\t\t\t<\/div>\n\t\t\t\t<section class=\"elementor-section elementor-inner-section elementor-element elementor-element-ae6853d elementor-section-boxed elementor-section-height-default elementor-section-height-default\" data-id=\"ae6853d\" data-element_type=\"section\" data-e-type=\"section\">\n\t\t\t\t\t\t<div class=\"elementor-container elementor-column-gap-default\">\n\t\t\t\t\t<div class=\"elementor-column elementor-col-50 elementor-inner-column elementor-element elementor-element-1b789ba\" data-id=\"1b789ba\" data-element_type=\"column\" data-e-type=\"column\">\n\t\t\t<div class=\"elementor-widget-wrap elementor-element-populated\">\n\t\t\t\t\t\t<div class=\"elementor-element elementor-element-35bf44e elementor-widget__width-initial elementor-widget elementor-widget-image\" data-id=\"35bf44e\" data-element_type=\"widget\" data-e-type=\"widget\" data-widget_type=\"image.default\">\n\t\t\t\t<div class=\"elementor-widget-container\">\n\t\t\t\t\t\t\t\t\t\t\t\t\t\t\t<img decoding=\"async\" width=\"1024\" height=\"683\" src=\"https:\/\/ahorn-camp.de\/wp-content\/uploads\/2025\/04\/JSK_5626-min-1024x683.jpg\" class=\"attachment-large size-large wp-image-30662\" alt=\"Tickets Eintracht Frankfurt\" srcset=\"https:\/\/ahorn-camp.de\/wp-content\/uploads\/2025\/04\/JSK_5626-min-1024x683.jpg 1024w, https:\/\/ahorn-camp.de\/wp-content\/uploads\/2025\/04\/JSK_5626-min-300x200.jpg 300w, https:\/\/ahorn-camp.de\/wp-content\/uploads\/2025\/04\/JSK_5626-min-768x512.jpg 768w, https:\/\/ahorn-camp.de\/wp-content\/uploads\/2025\/04\/JSK_5626-min-800x534.jpg 800w, https:\/\/ahorn-camp.de\/wp-content\/uploads\/2025\/04\/JSK_5626-min-1536x1024.jpg 1536w, https:\/\/ahorn-camp.de\/wp-content\/uploads\/2025\/04\/JSK_5626-min-2048x1366.jpg 2048w\" sizes=\"(max-width: 1024px) 100vw, 1024px\" \/>\t\t\t\t\t\t\t\t\t\t\t\t\t\t\t<\/div>\n\t\t\t\t<\/div>\n\t\t\t\t\t<\/div>\n\t\t<\/div>\n\t\t\t\t<div class=\"elementor-column elementor-col-50 elementor-inner-column elementor-element elementor-element-d862c17\" data-id=\"d862c17\" data-element_type=\"column\" data-e-type=\"column\">\n\t\t\t<div class=\"elementor-widget-wrap elementor-element-populated\">\n\t\t\t\t\t\t<div class=\"elementor-element elementor-element-001cbc1 elementor-widget elementor-widget-text-editor\" data-id=\"001cbc1\" data-element_type=\"widget\" data-e-type=\"widget\" data-widget_type=\"text-editor.default\">\n\t\t\t\t<div class=\"elementor-widget-container\">\n\t\t\t\t\t\t\t\t\t<p style=\"text-align: center;\"><span style=\"color: #000000;\">Erleben Sie mitrei\u00dfenden Fu\u00dfball live im Ahorn Camp Sportpark in Dreieich, wenn die U21 von Eintracht Frankfurt zu H\u00f6chstleistungen aufl\u00e4uft. Seien Sie dabei, feuern Sie das Team an und erleben Sie pure Emotionen. <\/span><span style=\"color: #000000;\">Das Beste daran? Die Tickets erhalten Sie von uns geschenkt! Einfach Ihren Ticketwunsch in das untenstehende Formular eintragen und sich die Chance auf einen Gewinn sichern. Die gl\u00fccklichen Gewinner werden per E-Mail benachrichtigt. Verpassen Sie nicht die Gelegenheit, Teil dieses einzigartigen Erlebnisses zu werden!<\/span><\/p>\t\t\t\t\t\t\t\t<\/div>\n\t\t\t\t<\/div>\n\t\t\t\t\t<\/div>\n\t\t<\/div>\n\t\t\t\t\t<\/div>\n\t\t<\/section>\n\t\t\t\t<div class=\"elementor-element elementor-element-9cfe53c elementor-widget elementor-widget-toggle\" data-id=\"9cfe53c\" data-element_type=\"widget\" data-e-type=\"widget\" data-widget_type=\"toggle.default\">\n\t\t\t\t<div class=\"elementor-widget-container\">\n\t\t\t\t\t\t\t<div class=\"elementor-toggle\">\n\t\t\t\t\t\t\t<div class=\"elementor-toggle-item\">\n\t\t\t\t\t<div id=\"elementor-tab-title-1641\" class=\"elementor-tab-title\" data-tab=\"1\" role=\"button\" aria-controls=\"elementor-tab-content-1641\" aria-expanded=\"false\">\n\t\t\t\t\t\t\t\t\t\t\t\t<span class=\"elementor-toggle-icon elementor-toggle-icon-left\" aria-hidden=\"true\">\n\t\t\t\t\t\t\t\t\t\t\t\t\t\t\t<span class=\"elementor-toggle-icon-closed\"><i class=\"fas fa-caret-down\"><\/i><\/span>\n\t\t\t\t\t\t\t\t<span class=\"elementor-toggle-icon-opened\"><i class=\"elementor-toggle-icon-opened fas fa-caret-up\"><\/i><\/span>\n\t\t\t\t\t\t\t\t\t\t\t\t\t<\/span>\n\t\t\t\t\t\t\t\t\t\t\t\t<a class=\"elementor-toggle-title\" tabindex=\"0\">Jetzt am Gewinnspiel teilnehmen<\/a>\n\t\t\t\t\t<\/div>\n\n\t\t\t\t\t<div id=\"elementor-tab-content-1641\" class=\"elementor-tab-content elementor-clearfix\" data-tab=\"1\" role=\"region\" aria-labelledby=\"elementor-tab-title-1641\"><script charset=\"utf-8\" type=\"text\/javascript\" src=\"\/\/js-eu1.hsforms.net\/forms\/embed\/v2.js\"><\/script>\n<script>\n  hbspt.forms.create({\n    region: \"eu1\",\n    portalId: \"26460715\",\n    formId: \"d47e1e26-607f-448e-bb2a-d74a0b13372e\"\n  });\n<\/script><\/div>\n\t\t\t\t<\/div>\n\t\t\t\t\t\t\t\t<\/div>\n\t\t\t\t\t\t<\/div>\n\t\t\t\t<\/div>\n\t\t\t\t\t<\/div>\n\t\t<\/div>\n\t\t\t\t\t<\/div>\n\t\t<\/section>\n\t\t\t\t<section class=\"elementor-section elementor-top-section elementor-element elementor-element-4dd409e elementor-section-boxed elementor-section-height-default elementor-section-height-default\" data-id=\"4dd409e\" data-element_type=\"section\" data-e-type=\"section\" data-settings=\"{&quot;background_background&quot;:&quot;classic&quot;}\">\n\t\t\t\t\t\t\t<div class=\"elementor-background-overlay\"><\/div>\n\t\t\t\t\t\t\t<div class=\"elementor-container elementor-column-gap-default\">\n\t\t\t\t\t<div class=\"elementor-column elementor-col-100 elementor-top-column elementor-element elementor-element-e06bd60\" data-id=\"e06bd60\" data-element_type=\"column\" data-e-type=\"column\" data-settings=\"{&quot;background_background&quot;:&quot;classic&quot;}\">\n\t\t\t<div class=\"elementor-widget-wrap elementor-element-populated\">\n\t\t\t\t\t\t<div class=\"elementor-element elementor-element-74f901b elementor-widget elementor-widget-heading\" data-id=\"74f901b\" data-element_type=\"widget\" data-e-type=\"widget\" data-widget_type=\"heading.default\">\n\t\t\t\t<div class=\"elementor-widget-container\">\n\t\t\t\t\t<h2 class=\"elementor-heading-title elementor-size-default\">Genie\u00dfen Sie bei Ahorn Camp als Eintracht-Fan Vorteile<\/h2>\t\t\t\t<\/div>\n\t\t\t\t<\/div>\n\t\t\t\t<div class=\"elementor-element elementor-element-2f7cc37 elementor-widget elementor-widget-text-editor\" data-id=\"2f7cc37\" data-element_type=\"widget\" data-e-type=\"widget\" data-widget_type=\"text-editor.default\">\n\t\t\t\t<div class=\"elementor-widget-container\">\n\t\t\t\t\t\t\t\t\t<p style=\"text-align: center;\"><span style=\"color: #000000;\">Genie\u00dfen Sie besondere Vorteile als Eintracht-Fan und erhalten Sie wahlweise 500 Euro Sonderrabatt auf den Kauf eines Ahorn Camp Neufahrzeugs oder 10 % Rabatt auf das Mieten eines Ahorn Camp Reisemobils. Hinterlegen Sie bitte dazu Ihre Kontaktdaten im un\u00adten\u00adste\u00adhenden Kontaktformular. Nach Registrierung haben Sie ein Jahr Zeit die Rabattaktion in unserer Niederlassung Frankfurt\/ Dietzenbach oder Speyer am Rhein einzul\u00f6sen.<\/span><\/p>\t\t\t\t\t\t\t\t<\/div>\n\t\t\t\t<\/div>\n\t\t\t\t<div class=\"elementor-element elementor-element-73f8625 elementor-widget elementor-widget-toggle\" data-id=\"73f8625\" data-element_type=\"widget\" data-e-type=\"widget\" data-widget_type=\"toggle.default\">\n\t\t\t\t<div class=\"elementor-widget-container\">\n\t\t\t\t\t\t\t<div class=\"elementor-toggle\">\n\t\t\t\t\t\t\t<div class=\"elementor-toggle-item\">\n\t\t\t\t\t<div id=\"elementor-tab-title-1211\" class=\"elementor-tab-title\" data-tab=\"1\" role=\"button\" aria-controls=\"elementor-tab-content-1211\" aria-expanded=\"false\">\n\t\t\t\t\t\t\t\t\t\t\t\t<span class=\"elementor-toggle-icon elementor-toggle-icon-left\" aria-hidden=\"true\">\n\t\t\t\t\t\t\t\t\t\t\t\t\t\t\t<span class=\"elementor-toggle-icon-closed\"><i class=\"fas fa-caret-down\"><\/i><\/span>\n\t\t\t\t\t\t\t\t<span class=\"elementor-toggle-icon-opened\"><i class=\"elementor-toggle-icon-opened fas fa-caret-up\"><\/i><\/span>\n\t\t\t\t\t\t\t\t\t\t\t\t\t<\/span>\n\t\t\t\t\t\t\t\t\t\t\t\t<a class=\"elementor-toggle-title\" tabindex=\"0\">Jetzt Eintracht-Fan Vorteile genie\u00dfen<\/a>\n\t\t\t\t\t<\/div>\n\n\t\t\t\t\t<div id=\"elementor-tab-content-1211\" class=\"elementor-tab-content elementor-clearfix\" data-tab=\"1\" role=\"region\" aria-labelledby=\"elementor-tab-title-1211\"><p style=\"text-align: center;\"><script charset=\"utf-8\" type=\"text\/javascript\" src=\"\/\/js-eu1.hsforms.net\/forms\/embed\/v2.js\"><\/script><br \/><script>\n  hbspt.forms.create({\n    region: \"eu1\",\n    portalId: \"26460715\",\n    formId: \"f1c36618-5699-48f1-8d89-3d980ebd2007\"\n  });\n<\/script><\/p><\/div>\n\t\t\t\t<\/div>\n\t\t\t\t\t\t\t\t<\/div>\n\t\t\t\t\t\t<\/div>\n\t\t\t\t<\/div>\n\t\t\t\t\t<\/div>\n\t\t<\/div>\n\t\t\t\t\t<\/div>\n\t\t<\/section>\n\t\t\t\t<section class=\"elementor-section elementor-top-section elementor-element elementor-element-180c524 elementor-section-boxed elementor-section-height-default elementor-section-height-default\" data-id=\"180c524\" data-element_type=\"section\" data-e-type=\"section\" data-settings=\"{&quot;background_background&quot;:&quot;classic&quot;}\">\n\t\t\t\t\t\t<div class=\"elementor-container elementor-column-gap-default\">\n\t\t\t\t\t<div class=\"elementor-column elementor-col-100 elementor-top-column elementor-element elementor-element-70608ee\" data-id=\"70608ee\" data-element_type=\"column\" data-e-type=\"column\">\n\t\t\t<div class=\"elementor-widget-wrap elementor-element-populated\">\n\t\t\t\t\t\t<div class=\"elementor-element elementor-element-dc61ca6 elementor-widget elementor-widget-heading\" data-id=\"dc61ca6\" data-element_type=\"widget\" data-e-type=\"widget\" data-widget_type=\"heading.default\">\n\t\t\t\t<div class=\"elementor-widget-container\">\n\t\t\t\t\t<h2 class=\"elementor-heading-title elementor-size-default\">Ahorn Camp x Eintracht Frankfurt U21 <\/h2>\t\t\t\t<\/div>\n\t\t\t\t<\/div>\n\t\t\t\t<div class=\"elementor-element elementor-element-caa9e0a elementor-widget elementor-widget-heading\" data-id=\"caa9e0a\" data-element_type=\"widget\" data-e-type=\"widget\" data-widget_type=\"heading.default\">\n\t\t\t\t<div class=\"elementor-widget-container\">\n\t\t\t\t\t<h3 class=\"elementor-heading-title elementor-size-default\">Ahorn Camp Koch Challenge<\/h3>\t\t\t\t<\/div>\n\t\t\t\t<\/div>\n\t\t\t\t<div class=\"elementor-element elementor-element-f7720dc elementor-widget elementor-widget-text-editor\" data-id=\"f7720dc\" data-element_type=\"widget\" data-e-type=\"widget\" data-widget_type=\"text-editor.default\">\n\t\t\t\t<div class=\"elementor-widget-container\">\n\t\t\t\t\t\t\t\t\t<p style=\"text-align: center;\"><span style=\"color: #000000;\">Wir bei Ahorn Camp sind stolzer Namensgeber des <strong>Ahorn Camp Sportparks<\/strong>, der Trainings- und Wettkampfst\u00e4tte der U21 von Eintracht Frankfurt. Doch unser Engagement endet nicht auf dem Platz \u2013 gemeinsam mit dem Verein haben wir einen exklusiven Van im Eintracht Design kreiert, der jetzt in einem ganz besonderen Wettbewerb zum Einsatz kam.<\/span><\/p><p style=\"text-align: center;\"><span style=\"color: #000000;\">Der Van wurde zum Tatort einer spannenden Koch-Challenge zwischen den Spielern <strong>Daniel Starodid<\/strong> e <strong>Mark M\u00fcller<\/strong>! Beide mussten in der K\u00fcche des Van 620 ihre F\u00e4higkeiten unter Beweis stellen und das perfekte Omelette zaubern. \ud83d\udd25\ud83d\udc68\u200d\ud83c\udf73<\/span><\/p><p style=\"text-align: center;\"><span style=\"color: #000000;\">Aber wer konnte die Jury (alias Trainer Dennis Schmitt) sowohl optisch als auch geschmacklich \u00fcberzeugen? Erfahren Sie, wer sich \u00fcber den Sieg freuen durfte und wer eine <em>ganz spezielle Extra-Einheit<\/em> absolvieren musste\u2026<\/span><\/p>\t\t\t\t\t\t\t\t<\/div>\n\t\t\t\t<\/div>\n\t\t\t\t<div class=\"elementor-element elementor-element-089c311 elementor-widget elementor-widget-html\" data-id=\"089c311\" data-element_type=\"widget\" data-e-type=\"widget\" data-widget_type=\"html.default\">\n\t\t\t\t<div class=\"elementor-widget-container\">\n\t\t\t\t\t<div class=\"karte\"><iframe src=\"https:\/\/ott.eintracht.de\/de-int\/embed\/1796930?autoplay=false\" width=\"800px\" height=\"450px\" id=\"spott_player\" name=\"spott_player\" scrolling=\"no\" allowtransparency=\"true\" referrerpolicy=\"unsafe-url\" allowfullscreen=\"true\"><\/iframe>&lt;iframe<\/div>\t\t\t\t<\/div>\n\t\t\t\t<\/div>\n\t\t\t\t<div class=\"elementor-element elementor-element-cb70632 elementor-widget elementor-widget-heading\" data-id=\"cb70632\" data-element_type=\"widget\" data-e-type=\"widget\" data-widget_type=\"heading.default\">\n\t\t\t\t<div class=\"elementor-widget-container\">\n\t\t\t\t\t<h3 class=\"elementor-heading-title elementor-size-default\">Ahorn Camp Fragerunde mit Mario Vrancic und Noah Feny\u00f6 <\/h3>\t\t\t\t<\/div>\n\t\t\t\t<\/div>\n\t\t\t\t<div class=\"elementor-element elementor-element-7fcc7f2 elementor-widget elementor-widget-text-editor\" data-id=\"7fcc7f2\" data-element_type=\"widget\" data-e-type=\"widget\" data-widget_type=\"text-editor.default\">\n\t\t\t\t<div class=\"elementor-widget-container\">\n\t\t\t\t\t\t\t\t\t<p style=\"text-align: center;\"><span style=\"color: #000000;\">Kraft- oder Ausdauertraining? Fr\u00fchst\u00fcck im Camper oder im Hotel? \ud83e\udd14 Bei der\u00a0<a class=\"x1i10hfl xjbqb8w x1ejq31n xd10rxx x1sy0etr x17r0tee x972fbf xcfux6l x1qhh985 xm0m39n x9f619 x1ypdohk xt0psk2 xe8uvvx xdj266r x11i5rnm xat24cr x1mh8g0r xexx8yu x4uap5 x18d9i69 xkhd6sd x16tdsg8 x1hl2dhg xggy1nq x1a2a7pz notranslate _a6hd\" style=\"color: #000000;\" tabindex=\"0\" role=\"link\" href=\"https:\/\/www.instagram.com\/ahorn.camp\/\">Ahorn Camp<\/a> Fragerunde haben die Eintracht Frankfurt U21-Spieler Mario Vrancic und Noah Feny\u00f6 die Qual der Wahl \ud83d\udcac<\/span><\/p>\t\t\t\t\t\t\t\t<\/div>\n\t\t\t\t<\/div>\n\t\t\t\t<div class=\"elementor-element elementor-element-b9b237f elementor-widget elementor-widget-html\" data-id=\"b9b237f\" data-element_type=\"widget\" data-e-type=\"widget\" data-widget_type=\"html.default\">\n\t\t\t\t<div class=\"elementor-widget-container\">\n\t\t\t\t\t<div class=\"karte\"><iframe src=\"https:\/\/ott.eintracht.de\/de-int\/embed\/1780137?autoplay=false\" width=\"800px\" height=\"450px\" id=\"spott_player\" name=\"spott_player\" scrolling=\"no\" allowtransparency=\"true\" referrerpolicy=\"unsafe-url\" allowfullscreen=\"true\"><\/iframe>&lt;iframe<\/div>\t\t\t\t<\/div>\n\t\t\t\t<\/div>\n\t\t\t\t\t<\/div>\n\t\t<\/div>\n\t\t\t\t\t<\/div>\n\t\t<\/section>\n\t\t\t\t<section class=\"elementor-section elementor-top-section elementor-element elementor-element-4b9aa3f elementor-section-boxed elementor-section-height-default elementor-section-height-default\" data-id=\"4b9aa3f\" data-element_type=\"section\" data-e-type=\"section\" data-settings=\"{&quot;background_background&quot;:&quot;classic&quot;}\">\n\t\t\t\t\t\t<div class=\"elementor-container elementor-column-gap-default\">\n\t\t\t\t\t<div class=\"elementor-column elementor-col-100 elementor-top-column elementor-element elementor-element-074df48\" data-id=\"074df48\" data-element_type=\"column\" data-e-type=\"column\">\n\t\t\t<div class=\"elementor-widget-wrap elementor-element-populated\">\n\t\t\t\t\t\t<div class=\"elementor-element elementor-element-e9c5814 elementor-widget elementor-widget-heading\" data-id=\"e9c5814\" data-element_type=\"widget\" data-e-type=\"widget\" data-widget_type=\"heading.default\">\n\t\t\t\t<div class=\"elementor-widget-container\">\n\t\t\t\t\t<h2 class=\"elementor-heading-title elementor-size-default\">Azione delle ragazza accompagnatrici all'Eintracht Frankfurt per la partita del giubileo<\/h2>\t\t\t\t<\/div>\n\t\t\t\t<\/div>\n\t\t\t\t<div class=\"elementor-element elementor-element-82de7d3 elementor-widget elementor-widget-text-editor\" data-id=\"82de7d3\" data-element_type=\"widget\" data-e-type=\"widget\" data-widget_type=\"text-editor.default\">\n\t\t\t\t<div class=\"elementor-widget-container\">\n\t\t\t\t\t\t\t\t\t<p style=\"text-align: center;\"><span style=\"color: #000000;\">Das Heimspiel von Eintracht Frankfurt gegen die TSG Hoffenheim war nicht nur ein Jubil\u00e4umsspiel zur 125-j\u00e4hrigen Vereinsgeschichte der Eintracht. Die Partie bot zudem elf M\u00e4dchen eine besondere Erfahrung, die ihre Herzen h\u00f6herschlagen lie\u00df. Anl\u00e4sslich des Internationalen Frauentages am 8. M\u00e4rz wurden ausschlie\u00dflich M\u00e4dchen aus einer Vielzahl von Bewerbungen als Einlaufkinder ausgelost. An dem Tag trugen nicht nur die Eintracht-Spieler Jubil\u00e4umstrikots. Auch die M\u00e4dchen wurden mit eigens f\u00fcr die Aktion entworfenen Trikots von Ahorn Camp ausgestattet.<\/span><\/p>\t\t\t\t\t\t\t\t<\/div>\n\t\t\t\t<\/div>\n\t\t\t\t<div class=\"elementor-element elementor-element-481b2bb elementor-widget elementor-widget-video\" data-id=\"481b2bb\" data-element_type=\"widget\" data-e-type=\"widget\" data-settings=\"{&quot;youtube_url&quot;:&quot;https:\\\/\\\/www.youtube.com\\\/watch?v=yNb2RbABnV8&quot;,&quot;video_type&quot;:&quot;youtube&quot;,&quot;controls&quot;:&quot;yes&quot;}\" data-widget_type=\"video.default\">\n\t\t\t\t<div class=\"elementor-widget-container\">\n\t\t\t\t\t\t\t<div class=\"elementor-wrapper elementor-open-inline\">\n\t\t\t<div class=\"elementor-video\"><\/div>\t\t<\/div>\n\t\t\t\t\t\t<\/div>\n\t\t\t\t<\/div>\n\t\t\t\t\t<\/div>\n\t\t<\/div>\n\t\t\t\t\t<\/div>\n\t\t<\/section>\n\t\t\t\t<section class=\"elementor-section elementor-top-section elementor-element elementor-element-0b71ff4 elementor-section-boxed elementor-section-height-default elementor-section-height-default\" data-id=\"0b71ff4\" data-element_type=\"section\" data-e-type=\"section\" data-settings=\"{&quot;background_background&quot;:&quot;classic&quot;}\">\n\t\t\t\t\t\t<div class=\"elementor-container elementor-column-gap-default\">\n\t\t\t\t\t<div class=\"elementor-column elementor-col-100 elementor-top-column elementor-element elementor-element-82e4112\" data-id=\"82e4112\" data-element_type=\"column\" data-e-type=\"column\">\n\t\t\t<div class=\"elementor-widget-wrap elementor-element-populated\">\n\t\t\t\t\t\t<div class=\"elementor-element elementor-element-f155577 elementor-widget elementor-widget-heading\" data-id=\"f155577\" data-element_type=\"widget\" data-e-type=\"widget\" data-widget_type=\"heading.default\">\n\t\t\t\t<div class=\"elementor-widget-container\">\n\t\t\t\t\t<h2 class=\"elementor-heading-title elementor-size-default\">Folge Eintracht Frankfurt auf ihren Kan\u00e4len<\/h2>\t\t\t\t<\/div>\n\t\t\t\t<\/div>\n\t\t\t\t<section class=\"elementor-section elementor-inner-section elementor-element elementor-element-9f218a7 elementor-section-boxed elementor-section-height-default elementor-section-height-default\" data-id=\"9f218a7\" data-element_type=\"section\" data-e-type=\"section\">\n\t\t\t\t\t\t<div class=\"elementor-container elementor-column-gap-default\">\n\t\t\t\t\t<div class=\"elementor-column elementor-col-25 elementor-inner-column elementor-element elementor-element-8107b40\" data-id=\"8107b40\" data-element_type=\"column\" data-e-type=\"column\" data-settings=\"{&quot;background_background&quot;:&quot;classic&quot;}\">\n\t\t\t<div class=\"elementor-widget-wrap elementor-element-populated\">\n\t\t\t\t\t\t<div class=\"elementor-element elementor-element-0263cc3 elementor-view-default elementor-widget elementor-widget-icon\" data-id=\"0263cc3\" data-element_type=\"widget\" data-e-type=\"widget\" data-widget_type=\"icon.default\">\n\t\t\t\t<div class=\"elementor-widget-container\">\n\t\t\t\t\t\t\t<div class=\"elementor-icon-wrapper\">\n\t\t\t<a class=\"elementor-icon\" href=\"https:\/\/www.instagram.com\/eintrachtfrankfurt\/\" target=\"_blank\">\n\t\t\t<i aria-hidden=\"true\" class=\"jki jki-instagram-1-light\"><\/i>\t\t\t<\/a>\n\t\t<\/div>\n\t\t\t\t\t\t<\/div>\n\t\t\t\t<\/div>\n\t\t\t\t<div class=\"elementor-element elementor-element-61dd19c elementor-widget elementor-widget-heading\" data-id=\"61dd19c\" data-element_type=\"widget\" data-e-type=\"widget\" data-widget_type=\"heading.default\">\n\t\t\t\t<div class=\"elementor-widget-container\">\n\t\t\t\t\t<h3 class=\"elementor-heading-title elementor-size-default\"><a href=\"https:\/\/www.instagram.com\/eintrachtfrankfurt\/\" target=\"_blank\">eintrachtfrankfurt<\/a><\/h3>\t\t\t\t<\/div>\n\t\t\t\t<\/div>\n\t\t\t\t\t<\/div>\n\t\t<\/div>\n\t\t\t\t<div class=\"elementor-column elementor-col-25 elementor-inner-column elementor-element elementor-element-ebc8532\" data-id=\"ebc8532\" data-element_type=\"column\" data-e-type=\"column\" data-settings=\"{&quot;background_background&quot;:&quot;classic&quot;}\">\n\t\t\t<div class=\"elementor-widget-wrap elementor-element-populated\">\n\t\t\t\t\t\t<div class=\"elementor-element elementor-element-4c5708e elementor-view-default elementor-widget elementor-widget-icon\" data-id=\"4c5708e\" data-element_type=\"widget\" data-e-type=\"widget\" data-widget_type=\"icon.default\">\n\t\t\t\t<div class=\"elementor-widget-container\">\n\t\t\t\t\t\t\t<div class=\"elementor-icon-wrapper\">\n\t\t\t<a class=\"elementor-icon\" href=\"https:\/\/www.instagram.com\/eintrachtnlz\" target=\"_blank\">\n\t\t\t<i aria-hidden=\"true\" class=\"jki jki-instagram-1-light\"><\/i>\t\t\t<\/a>\n\t\t<\/div>\n\t\t\t\t\t\t<\/div>\n\t\t\t\t<\/div>\n\t\t\t\t<div class=\"elementor-element elementor-element-6e177f9 elementor-widget elementor-widget-heading\" data-id=\"6e177f9\" data-element_type=\"widget\" data-e-type=\"widget\" data-widget_type=\"heading.default\">\n\t\t\t\t<div class=\"elementor-widget-container\">\n\t\t\t\t\t<h3 class=\"elementor-heading-title elementor-size-default\"><a href=\"https:\/\/www.instagram.com\/eintrachtnlz\" target=\"_blank\">eintrachtnlz<\/a><\/h3>\t\t\t\t<\/div>\n\t\t\t\t<\/div>\n\t\t\t\t\t<\/div>\n\t\t<\/div>\n\t\t\t\t<div class=\"elementor-column elementor-col-25 elementor-inner-column elementor-element elementor-element-236e948\" data-id=\"236e948\" data-element_type=\"column\" data-e-type=\"column\" data-settings=\"{&quot;background_background&quot;:&quot;classic&quot;}\">\n\t\t\t<div class=\"elementor-widget-wrap elementor-element-populated\">\n\t\t\t\t\t\t<div class=\"elementor-element elementor-element-c193eb0 elementor-view-default elementor-widget elementor-widget-icon\" data-id=\"c193eb0\" data-element_type=\"widget\" data-e-type=\"widget\" data-widget_type=\"icon.default\">\n\t\t\t\t<div class=\"elementor-widget-container\">\n\t\t\t\t\t\t\t<div class=\"elementor-icon-wrapper\">\n\t\t\t<a class=\"elementor-icon\" href=\"https:\/\/www.facebook.com\/eintracht\/?locale=de_DE\" target=\"_blank\">\n\t\t\t<i aria-hidden=\"true\" class=\"jki jki-facebook-2-light\"><\/i>\t\t\t<\/a>\n\t\t<\/div>\n\t\t\t\t\t\t<\/div>\n\t\t\t\t<\/div>\n\t\t\t\t<div class=\"elementor-element elementor-element-c207364 elementor-widget elementor-widget-heading\" data-id=\"c207364\" data-element_type=\"widget\" data-e-type=\"widget\" data-widget_type=\"heading.default\">\n\t\t\t\t<div class=\"elementor-widget-container\">\n\t\t\t\t\t<h3 class=\"elementor-heading-title elementor-size-default\"><a href=\"https:\/\/www.facebook.com\/eintracht\/?locale=de_DE\" target=\"_blank\">Eintracht Frankfurt<\/a><\/h3>\t\t\t\t<\/div>\n\t\t\t\t<\/div>\n\t\t\t\t\t<\/div>\n\t\t<\/div>\n\t\t\t\t<div class=\"elementor-column elementor-col-25 elementor-inner-column elementor-element elementor-element-5fffaab\" data-id=\"5fffaab\" data-element_type=\"column\" data-e-type=\"column\" data-settings=\"{&quot;background_background&quot;:&quot;classic&quot;}\">\n\t\t\t<div class=\"elementor-widget-wrap elementor-element-populated\">\n\t\t\t\t\t\t<div class=\"elementor-element elementor-element-2f1d6d6 elementor-view-default elementor-widget elementor-widget-icon\" data-id=\"2f1d6d6\" data-element_type=\"widget\" data-e-type=\"widget\" data-widget_type=\"icon.default\">\n\t\t\t\t<div class=\"elementor-widget-container\">\n\t\t\t\t\t\t\t<div class=\"elementor-icon-wrapper\">\n\t\t\t<a class=\"elementor-icon\" href=\"https:\/\/stores.eintracht.de\/fanshop\/\" target=\"_blank\">\n\t\t\t<i aria-hidden=\"true\" class=\"fas fa-tshirt\"><\/i>\t\t\t<\/a>\n\t\t<\/div>\n\t\t\t\t\t\t<\/div>\n\t\t\t\t<\/div>\n\t\t\t\t<div class=\"elementor-element elementor-element-38b6f29 elementor-widget elementor-widget-heading\" data-id=\"38b6f29\" data-element_type=\"widget\" data-e-type=\"widget\" data-widget_type=\"heading.default\">\n\t\t\t\t<div class=\"elementor-widget-container\">\n\t\t\t\t\t<h3 class=\"elementor-heading-title elementor-size-default\"><a href=\"https:\/\/stores.eintracht.de\/fanshop\/\" target=\"_blank\">Fanshop<\/a><\/h3>\t\t\t\t<\/div>\n\t\t\t\t<\/div>\n\t\t\t\t\t<\/div>\n\t\t<\/div>\n\t\t\t\t\t<\/div>\n\t\t<\/section>\n\t\t\t\t\t<\/div>\n\t\t<\/div>\n\t\t\t\t\t<\/div>\n\t\t<\/section>\n\t\t\t\t<section class=\"elementor-section elementor-top-section elementor-element elementor-element-d86c182 elementor-section-boxed elementor-section-height-default elementor-section-height-default\" data-id=\"d86c182\" data-element_type=\"section\" data-e-type=\"section\" data-settings=\"{&quot;background_background&quot;:&quot;classic&quot;}\">\n\t\t\t\t\t\t<div class=\"elementor-container elementor-column-gap-default\">\n\t\t\t\t\t<div class=\"elementor-column elementor-col-100 elementor-top-column elementor-element elementor-element-d9ff640\" data-id=\"d9ff640\" data-element_type=\"column\" data-e-type=\"column\">\n\t\t\t<div class=\"elementor-widget-wrap elementor-element-populated\">\n\t\t\t\t\t\t<div class=\"elementor-element elementor-element-ffbd8f0 elementor-widget elementor-widget-heading\" data-id=\"ffbd8f0\" data-element_type=\"widget\" data-e-type=\"widget\" data-widget_type=\"heading.default\">\n\t\t\t\t<div class=\"elementor-widget-container\">\n\t\t\t\t\t<h2 class=\"elementor-heading-title elementor-size-default\">U21 von Eintracht Frankfurt spielt im Ahorn Camp Sportpark<\/h2>\t\t\t\t<\/div>\n\t\t\t\t<\/div>\n\t\t\t\t<div class=\"elementor-element elementor-element-0ae8b89 elementor-widget elementor-widget-text-editor\" data-id=\"0ae8b89\" data-element_type=\"widget\" data-e-type=\"widget\" data-widget_type=\"text-editor.default\">\n\t\t\t\t<div class=\"elementor-widget-container\">\n\t\t\t\t\t\t\t\t\t<p style=\"text-align: center;\"><span style=\"color: #000000;\">Als f\u00fchrender Anbieter von Camping- und Freizeiteinrichtungen verstehen wir die Bedeutung von Pr\u00e4zision und Leidenschaft. Diese Werte spiegeln sich auch im Sport wider. Durch unser Engagement m\u00f6chten wir dazu beitragen, dass junge Talente gef\u00f6rdert werden und die M\u00f6glichkeit erhalten, ihre F\u00e4higkeiten auf h\u00f6chstem Niveau weiterzuentwickeln. Bei Ahorn Camp sind wir davon \u00fcberzeugt, dass der Sport eine transformative Kraft hat und das Leben von Menschen positiv beeinflussen kann. Wir sind stolz darauf, ein Teil dieser Reise zu sein und talentierte Sportlerinnen und Sportler auf ihrem Weg zum Erfolg zu begleiten. Wir glauben fest daran, dass der Sport nicht nur k\u00f6rperliche Fitness f\u00f6rdert, sondern auch wichtige Werte wie Teamarbeit, Durchhalteverm\u00f6gen und Fairplay vermittelt. Die Werte und Zielsetzungen von Ahorn Camp und Eintracht Frankfurt passen hervorragend zusammen.<\/span><\/p><p style=\"text-align: center;\"><span style=\"color: #000000;\">Das Stadiongel\u00e4nde, welches Eintracht Frankfurt im Zuge der Neugr\u00fcndung der U21 mehrheitlich erworben hat, tr\u00e4gt den Namen \u201eAhorn Camp Sportpark\u201c. Der Ahorn Camp Sportpark umfasst Platz f\u00fcr insgesamt 2.530 Zuschauer und bietet der U21 eine moderne und sehr gut ausgestattete Heimspielst\u00e4tte. Das 35.000 Quadratmeter gro\u00dfe und nur 15 Autominuten vom Deutsche Bank Park entfernte Stadiongel\u00e4nde umfasst derzeit neben dem Hauptfeld im Stadion auch einen multifunktionalen Kunstrasen, zwei Soccercourts sowie einen Athletikcourt. Dar\u00fcber hinaus k\u00f6nnen der eigene VIP-Bereich und der Biergarten mit separater B\u00fchne f\u00fcr verschiedene Veranstaltungen genutzt werden. In Zukunft soll der Sportpark in Dreieich infrastrukturell weiterentwickelt werden.<\/span><\/p><p style=\"text-align: center;\"><span style=\"color: #000000;\">Die langfristig ausgelegte Partnerschaft umfasst neben dem Namensrecht auch weitere kommunikative Ma\u00dfnahmen im Kontext der U21 und auf dem Gel\u00e4nde, auf dem neben dem Sportbetrieb der U21 von Eintracht Frankfurt und der Jugendmannschaften des SC Hessen Dreieich auch regelm\u00e4\u00dfig Events, wie beispielsweise Firmenveranstaltungen oder Familienfeiern, stattfinden.<\/span><\/p>\t\t\t\t\t\t\t\t<\/div>\n\t\t\t\t<\/div>\n\t\t\t\t\t<\/div>\n\t\t<\/div>\n\t\t\t\t\t<\/div>\n\t\t<\/section>\n\t\t\t\t<section class=\"elementor-section elementor-top-section elementor-element elementor-element-f713b7d elementor-hidden-desktop elementor-hidden-tablet elementor-hidden-mobile elementor-section-boxed elementor-section-height-default elementor-section-height-default\" data-id=\"f713b7d\" data-element_type=\"section\" data-e-type=\"section\" data-settings=\"{&quot;background_background&quot;:&quot;classic&quot;}\">\n\t\t\t\t\t\t<div class=\"elementor-container elementor-column-gap-default\">\n\t\t\t\t\t<div class=\"elementor-column elementor-col-100 elementor-top-column elementor-element elementor-element-36fe136\" data-id=\"36fe136\" data-element_type=\"column\" data-e-type=\"column\">\n\t\t\t<div class=\"elementor-widget-wrap elementor-element-populated\">\n\t\t\t\t\t\t<div class=\"elementor-element elementor-element-10bb65a elementor-widget elementor-widget-heading\" data-id=\"10bb65a\" data-element_type=\"widget\" data-e-type=\"widget\" data-widget_type=\"heading.default\">\n\t\t\t\t<div class=\"elementor-widget-container\">\n\t\t\t\t\t<h2 class=\"elementor-heading-title elementor-size-default\">Impressionen aus dem Ahorn Camp Sportpark<\/h2>\t\t\t\t<\/div>\n\t\t\t\t<\/div>\n\t\t\t\t<div class=\"elementor-element elementor-element-00f9724 elementor-widget elementor-widget-gallery\" data-id=\"00f9724\" data-element_type=\"widget\" data-e-type=\"widget\" data-settings=\"{&quot;gallery_layout&quot;:&quot;justified&quot;,&quot;ideal_row_height&quot;:{&quot;unit&quot;:&quot;px&quot;,&quot;size&quot;:311,&quot;sizes&quot;:[]},&quot;lazyload&quot;:&quot;yes&quot;,&quot;ideal_row_height_tablet&quot;:{&quot;unit&quot;:&quot;px&quot;,&quot;size&quot;:150,&quot;sizes&quot;:[]},&quot;ideal_row_height_mobile&quot;:{&quot;unit&quot;:&quot;px&quot;,&quot;size&quot;:150,&quot;sizes&quot;:[]},&quot;gap&quot;:{&quot;unit&quot;:&quot;px&quot;,&quot;size&quot;:10,&quot;sizes&quot;:[]},&quot;gap_tablet&quot;:{&quot;unit&quot;:&quot;px&quot;,&quot;size&quot;:10,&quot;sizes&quot;:[]},&quot;gap_mobile&quot;:{&quot;unit&quot;:&quot;px&quot;,&quot;size&quot;:10,&quot;sizes&quot;:[]},&quot;link_to&quot;:&quot;file&quot;,&quot;overlay_background&quot;:&quot;yes&quot;,&quot;content_hover_animation&quot;:&quot;fade-in&quot;}\" data-widget_type=\"gallery.default\">\n\t\t\t\t<div class=\"elementor-widget-container\">\n\t\t\t\t\t\t\t<div class=\"elementor-gallery__container\">\n\t\t\t\t\t\t\t<a class=\"e-gallery-item elementor-gallery-item elementor-animated-content\" href=\"https:\/\/ahorn-camp.de\/wp-content\/uploads\/2023\/12\/20230823-DSC08984.jpg\" data-elementor-open-lightbox=\"yes\" data-elementor-lightbox-slideshow=\"00f9724\" data-elementor-lightbox-title=\"20230823-DSC08984\" data-e-action-hash=\"#elementor-action%3Aaction%3Dlightbox%26settings%3DeyJpZCI6MjE0NzUsInVybCI6Imh0dHBzOlwvXC9haG9ybi1jYW1wLmRlXC93cC1jb250ZW50XC91cGxvYWRzXC8yMDIzXC8xMlwvMjAyMzA4MjMtRFNDMDg5ODQuanBnIiwic2xpZGVzaG93IjoiMDBmOTcyNCJ9\">\n\t\t\t\t\t<div class=\"e-gallery-image elementor-gallery-item__image\" data-thumbnail=\"https:\/\/ahorn-camp.de\/wp-content\/uploads\/2023\/12\/20230823-DSC08984.jpg\" data-width=\"\" data-height=\"\" aria-label=\"\" role=\"img\" ><\/div>\n\t\t\t\t\t\t\t\t\t\t\t<div class=\"elementor-gallery-item__overlay\"><\/div>\n\t\t\t\t\t\t\t\t\t\t\t\t\t\t<\/a>\n\t\t\t\t\t\t\t<a class=\"e-gallery-item elementor-gallery-item elementor-animated-content\" href=\"https:\/\/ahorn-camp.de\/wp-content\/uploads\/2023\/12\/20231203_SGE-OFC_20._Spieltag_Saison_2023-24_MK-03686-scaled.jpg\" data-elementor-open-lightbox=\"yes\" data-elementor-lightbox-slideshow=\"00f9724\" data-elementor-lightbox-title=\"20231203_SGE-OFC_20._Spieltag_Saison_2023-24_MK-03686\" data-e-action-hash=\"#elementor-action%3Aaction%3Dlightbox%26settings%3DeyJpZCI6MjE0NjksInVybCI6Imh0dHBzOlwvXC9haG9ybi1jYW1wLmRlXC93cC1jb250ZW50XC91cGxvYWRzXC8yMDIzXC8xMlwvMjAyMzEyMDNfU0dFLU9GQ18yMC5fU3BpZWx0YWdfU2Fpc29uXzIwMjMtMjRfTUstMDM2ODYtc2NhbGVkLmpwZyIsInNsaWRlc2hvdyI6IjAwZjk3MjQifQ%3D%3D\">\n\t\t\t\t\t<div class=\"e-gallery-image elementor-gallery-item__image\" data-thumbnail=\"https:\/\/ahorn-camp.de\/wp-content\/uploads\/2023\/12\/20231203_SGE-OFC_20._Spieltag_Saison_2023-24_MK-03686-scaled.jpg\" data-width=\"\" data-height=\"\" aria-label=\"\" role=\"img\" ><\/div>\n\t\t\t\t\t\t\t\t\t\t\t<div class=\"elementor-gallery-item__overlay\"><\/div>\n\t\t\t\t\t\t\t\t\t\t\t\t\t\t<\/a>\n\t\t\t\t\t\t\t<a class=\"e-gallery-item elementor-gallery-item elementor-animated-content\" href=\"https:\/\/ahorn-camp.de\/wp-content\/uploads\/2023\/12\/20230823-DSC08779.jpg\" data-elementor-open-lightbox=\"yes\" data-elementor-lightbox-slideshow=\"00f9724\" data-elementor-lightbox-title=\"20230823-DSC08779\" data-e-action-hash=\"#elementor-action%3Aaction%3Dlightbox%26settings%3DeyJpZCI6MjE0NzQsInVybCI6Imh0dHBzOlwvXC9haG9ybi1jYW1wLmRlXC93cC1jb250ZW50XC91cGxvYWRzXC8yMDIzXC8xMlwvMjAyMzA4MjMtRFNDMDg3NzkuanBnIiwic2xpZGVzaG93IjoiMDBmOTcyNCJ9\">\n\t\t\t\t\t<div class=\"e-gallery-image elementor-gallery-item__image\" data-thumbnail=\"https:\/\/ahorn-camp.de\/wp-content\/uploads\/2023\/12\/20230823-DSC08779.jpg\" data-width=\"\" data-height=\"\" aria-label=\"\" role=\"img\" ><\/div>\n\t\t\t\t\t\t\t\t\t\t\t<div class=\"elementor-gallery-item__overlay\"><\/div>\n\t\t\t\t\t\t\t\t\t\t\t\t\t\t<\/a>\n\t\t\t\t\t\t\t<a class=\"e-gallery-item elementor-gallery-item elementor-animated-content\" href=\"https:\/\/ahorn-camp.de\/wp-content\/uploads\/2023\/12\/20231203_SGE-OFC_20._Spieltag_Saison_2023-24_MK-03167-scaled.jpg\" data-elementor-open-lightbox=\"yes\" data-elementor-lightbox-slideshow=\"00f9724\" data-elementor-lightbox-title=\"20231203_SGE-OFC_20._Spieltag_Saison_2023-24_MK-03167\" data-e-action-hash=\"#elementor-action%3Aaction%3Dlightbox%26settings%3DeyJpZCI6MjE0NzcsInVybCI6Imh0dHBzOlwvXC9haG9ybi1jYW1wLmRlXC93cC1jb250ZW50XC91cGxvYWRzXC8yMDIzXC8xMlwvMjAyMzEyMDNfU0dFLU9GQ18yMC5fU3BpZWx0YWdfU2Fpc29uXzIwMjMtMjRfTUstMDMxNjctc2NhbGVkLmpwZyIsInNsaWRlc2hvdyI6IjAwZjk3MjQifQ%3D%3D\">\n\t\t\t\t\t<div class=\"e-gallery-image elementor-gallery-item__image\" data-thumbnail=\"https:\/\/ahorn-camp.de\/wp-content\/uploads\/2023\/12\/20231203_SGE-OFC_20._Spieltag_Saison_2023-24_MK-03167-scaled.jpg\" data-width=\"\" data-height=\"\" aria-label=\"\" role=\"img\" ><\/div>\n\t\t\t\t\t\t\t\t\t\t\t<div class=\"elementor-gallery-item__overlay\"><\/div>\n\t\t\t\t\t\t\t\t\t\t\t\t\t\t<\/a>\n\t\t\t\t\t\t\t<a class=\"e-gallery-item elementor-gallery-item elementor-animated-content\" href=\"https:\/\/ahorn-camp.de\/wp-content\/uploads\/2023\/12\/20231203_SGE-OFC_20._Spieltag_Saison_2023-24_MK-03024-scaled.jpg\" data-elementor-open-lightbox=\"yes\" data-elementor-lightbox-slideshow=\"00f9724\" data-elementor-lightbox-title=\"20231203_SGE-OFC_20._Spieltag_Saison_2023-24_MK-03024\" data-e-action-hash=\"#elementor-action%3Aaction%3Dlightbox%26settings%3DeyJpZCI6MjE0NzYsInVybCI6Imh0dHBzOlwvXC9haG9ybi1jYW1wLmRlXC93cC1jb250ZW50XC91cGxvYWRzXC8yMDIzXC8xMlwvMjAyMzEyMDNfU0dFLU9GQ18yMC5fU3BpZWx0YWdfU2Fpc29uXzIwMjMtMjRfTUstMDMwMjQtc2NhbGVkLmpwZyIsInNsaWRlc2hvdyI6IjAwZjk3MjQifQ%3D%3D\">\n\t\t\t\t\t<div class=\"e-gallery-image elementor-gallery-item__image\" data-thumbnail=\"https:\/\/ahorn-camp.de\/wp-content\/uploads\/2023\/12\/20231203_SGE-OFC_20._Spieltag_Saison_2023-24_MK-03024-scaled.jpg\" data-width=\"\" data-height=\"\" aria-label=\"\" role=\"img\" ><\/div>\n\t\t\t\t\t\t\t\t\t\t\t<div class=\"elementor-gallery-item__overlay\"><\/div>\n\t\t\t\t\t\t\t\t\t\t\t\t\t\t<\/a>\n\t\t\t\t\t<\/div>\n\t\t\t\t\t<\/div>\n\t\t\t\t<\/div>\n\t\t\t\t\t<\/div>\n\t\t<\/div>\n\t\t\t\t\t<\/div>\n\t\t<\/section>\n\t\t\t\t<\/div>","protected":false},"excerpt":{"rendered":"<p>Der original Eintracht Frankfurt Van wird hier versteigert <\/p>\n<p style=\"text-align: center;\">Jetzt mitbieten und Dir ein echtes Eintracht Unikat sichern! Gemeinsam mit Eintracht Frankfurt haben wir von <strong>Ahorn Camp<\/strong> einen einzigartigen, voll gebrandeten <strong>Eintracht Van<\/strong> auf die Stra\u00dfe gebracht \u2013 ein echtes Highlight, das Ihr aus dem <strong>Ahorn Camp Sportpark<\/strong> oder dem <strong>Deutsche Bank Park<\/strong> kennt. Ganz nach dem Motto &#8222;Eintracht im Herzen &#8211; Abenteuer im Blick&#8220; kannst <i>Du<\/i> ihn vielleicht bald Dein Eigen nennen!<\/p>\n<p style=\"text-align: center;\">Unter dem ikonischen Eintracht-Design steckt der bew\u00e4hrte Van 620 \u2013 dein perfekter Reisebegleiter f\u00fcr maximale Freiheit unterwegs. Ob Wochenendtrip, Stadiontour oder Urlaub mit Stil: Der Van vereint Komfort, Funktionalit\u00e4t und Flexibilit\u00e4t auf h\u00f6chstem Niveau.<\/p>\n<p> Zur Versteigerung <\/p>\n<p style=\"text-align: left;\">Zum <strong>Saisonfinale 2024\/25<\/strong> geht der kultige Van in die Versteigerung \u2013 nat\u00fcrlich <strong>inklusive exklusiver Eintracht Frankfurt Fanartikel<\/strong> von <strong>A wie Adler-Bettw\u00e4sche<\/strong> bis <strong>Z wie Zahnb\u00fcrste<\/strong>. Mehr Vereinsliebe geht nicht!<\/p>\n<p style=\"text-align: left;\"><strong>Was Dich erwartet:<\/strong><\/p>\n<ul>\n<li [...]<\/ul>\n","protected":false},"author":2,"featured_media":0,"parent":0,"menu_order":0,"comment_status":"closed","ping_status":"closed","template":"","meta":{"content-type":"","footnotes":""},"class_list":["post-17473","page","type-page","status-publish","hentry"],"yoast_head":"<!-- This site is optimized with the Yoast SEO plugin v27.4 - https:\/\/yoast.com\/product\/yoast-seo-wordpress\/ -->\n<title>- Ahorn Camp | Reisemobile und Kastenwagen<\/title>\n<meta name=\"description\" content=\"Genie\u00dfen Sie bei Ahorn Camp als Eintracht Frankfurt Fan besondere Vorteile. Jetzt registrieren und profitieren.\" \/>\n<meta name=\"robots\" content=\"index, follow, max-snippet:-1, max-image-preview:large, max-video-preview:-1\" \/>\n<link rel=\"canonical\" href=\"https:\/\/ahorn-camp.de\/it\/eintracht-frankfurt\/\" \/>\n<meta property=\"og:locale\" content=\"it_IT\" \/>\n<meta property=\"og:type\" content=\"article\" \/>\n<meta property=\"og:title\" content=\"- Ahorn Camp | Reisemobile und Kastenwagen\" \/>\n<meta property=\"og:description\" content=\"Genie\u00dfen Sie bei Ahorn Camp als Eintracht Frankfurt Fan besondere Vorteile. Jetzt registrieren und profitieren.\" \/>\n<meta property=\"og:url\" content=\"https:\/\/ahorn-camp.de\/it\/eintracht-frankfurt\/\" \/>\n<meta property=\"og:site_name\" content=\"Ahorn Camp | Reisemobile und Kastenwagen\" \/>\n<meta property=\"article:publisher\" content=\"https:\/\/www.facebook.com\/ahorn.wohnmobile\/\" \/>\n<meta property=\"article:modified_time\" content=\"2025-06-27T13:15:15+00:00\" \/>\n<meta property=\"og:image\" content=\"https:\/\/ahorn-camp.de\/wp-content\/uploads\/2025\/04\/Adobe-Express-file-min-scaled.jpg\" \/>\n\t<meta property=\"og:image:width\" content=\"2560\" \/>\n\t<meta property=\"og:image:height\" content=\"1707\" \/>\n\t<meta property=\"og:image:type\" content=\"image\/jpeg\" \/>\n<meta name=\"twitter:card\" content=\"summary_large_image\" \/>\n<meta name=\"twitter:label1\" content=\"Tempo di lettura stimato\" \/>\n\t<meta name=\"twitter:data1\" content=\"6 minuti\" \/>\n<script type=\"application\/ld+json\" class=\"yoast-schema-graph\">{\"@context\":\"https:\\\/\\\/schema.org\",\"@graph\":[{\"@type\":\"WebPage\",\"@id\":\"https:\\\/\\\/ahorn-camp.de\\\/eintracht-frankfurt\\\/\",\"url\":\"https:\\\/\\\/ahorn-camp.de\\\/eintracht-frankfurt\\\/\",\"name\":\"- Ahorn Camp | Reisemobile und Kastenwagen\",\"isPartOf\":{\"@id\":\"https:\\\/\\\/ahorn-camp.de\\\/#website\"},\"primaryImageOfPage\":{\"@id\":\"https:\\\/\\\/ahorn-camp.de\\\/eintracht-frankfurt\\\/#primaryimage\"},\"image\":{\"@id\":\"https:\\\/\\\/ahorn-camp.de\\\/eintracht-frankfurt\\\/#primaryimage\"},\"thumbnailUrl\":\"https:\\\/\\\/ahorn-camp.de\\\/wp-content\\\/uploads\\\/2025\\\/04\\\/Adobe-Express-file-min-1024x683.jpg\",\"datePublished\":\"2022-09-10T21:26:17+00:00\",\"dateModified\":\"2025-06-27T13:15:15+00:00\",\"description\":\"Genie\u00dfen Sie bei Ahorn Camp als Eintracht Frankfurt Fan besondere Vorteile. Jetzt registrieren und profitieren.\",\"inLanguage\":\"it-IT\",\"potentialAction\":[{\"@type\":\"ReadAction\",\"target\":[\"https:\\\/\\\/ahorn-camp.de\\\/eintracht-frankfurt\\\/\"]}]},{\"@type\":\"ImageObject\",\"inLanguage\":\"it-IT\",\"@id\":\"https:\\\/\\\/ahorn-camp.de\\\/eintracht-frankfurt\\\/#primaryimage\",\"url\":\"https:\\\/\\\/ahorn-camp.de\\\/wp-content\\\/uploads\\\/2025\\\/04\\\/Adobe-Express-file-min-1024x683.jpg\",\"contentUrl\":\"https:\\\/\\\/ahorn-camp.de\\\/wp-content\\\/uploads\\\/2025\\\/04\\\/Adobe-Express-file-min-1024x683.jpg\"},{\"@type\":\"WebSite\",\"@id\":\"https:\\\/\\\/ahorn-camp.de\\\/#website\",\"url\":\"https:\\\/\\\/ahorn-camp.de\\\/\",\"name\":\"Ahorn Camp | Reisemobile und Kastenwagen\",\"description\":\"Seit \u00fcber 30 Jahren vermarktet das Familienunternehmen, Ahorn Camp in Speyer, erfolgreich Wohnmobile und Kastenwagen zum besten Preis-Leistungsverh\u00e4ltnis.\",\"publisher\":{\"@id\":\"https:\\\/\\\/ahorn-camp.de\\\/#organization\"},\"potentialAction\":[{\"@type\":\"SearchAction\",\"target\":{\"@type\":\"EntryPoint\",\"urlTemplate\":\"https:\\\/\\\/ahorn-camp.de\\\/?s={search_term_string}\"},\"query-input\":{\"@type\":\"PropertyValueSpecification\",\"valueRequired\":true,\"valueName\":\"search_term_string\"}}],\"inLanguage\":\"it-IT\"},{\"@type\":\"Organization\",\"@id\":\"https:\\\/\\\/ahorn-camp.de\\\/#organization\",\"name\":\"Ahorn Camp GmbH & Co. KG\",\"url\":\"https:\\\/\\\/ahorn-camp.de\\\/\",\"logo\":{\"@type\":\"ImageObject\",\"inLanguage\":\"it-IT\",\"@id\":\"https:\\\/\\\/ahorn-camp.de\\\/#\\\/schema\\\/logo\\\/image\\\/\",\"url\":\"https:\\\/\\\/ahorn-camp.de\\\/wp-content\\\/uploads\\\/2018\\\/12\\\/Ahorn_Logo.jpg\",\"contentUrl\":\"https:\\\/\\\/ahorn-camp.de\\\/wp-content\\\/uploads\\\/2018\\\/12\\\/Ahorn_Logo.jpg\",\"width\":1437,\"height\":1000,\"caption\":\"Ahorn Camp GmbH & Co. KG\"},\"image\":{\"@id\":\"https:\\\/\\\/ahorn-camp.de\\\/#\\\/schema\\\/logo\\\/image\\\/\"},\"sameAs\":[\"https:\\\/\\\/www.facebook.com\\\/ahorn.wohnmobile\\\/\",\"https:\\\/\\\/www.instagram.com\\\/ahorn.camp\\\/\",\"https:\\\/\\\/www.youtube.com\\\/channel\\\/UCPFbPCts1JJ_A1k9vyH0yOQ\"]}]}<\/script>\n<!-- \/ Yoast SEO plugin. -->","yoast_head_json":{"title":"- Ahorn Camp | Camper e furgoni camperizzati","description":"Genie\u00dfen Sie bei Ahorn Camp als Eintracht Frankfurt Fan besondere Vorteile. Jetzt registrieren und profitieren.","robots":{"index":"index","follow":"follow","max-snippet":"max-snippet:-1","max-image-preview":"max-image-preview:large","max-video-preview":"max-video-preview:-1"},"canonical":"https:\/\/ahorn-camp.de\/it\/eintracht-frankfurt\/","og_locale":"it_IT","og_type":"article","og_title":"- Ahorn Camp | Reisemobile und Kastenwagen","og_description":"Genie\u00dfen Sie bei Ahorn Camp als Eintracht Frankfurt Fan besondere Vorteile. Jetzt registrieren und profitieren.","og_url":"https:\/\/ahorn-camp.de\/it\/eintracht-frankfurt\/","og_site_name":"Ahorn Camp | Reisemobile und Kastenwagen","article_publisher":"https:\/\/www.facebook.com\/ahorn.wohnmobile\/","article_modified_time":"2025-06-27T13:15:15+00:00","og_image":[{"width":2560,"height":1707,"url":"https:\/\/ahorn-camp.de\/wp-content\/uploads\/2025\/04\/Adobe-Express-file-min-scaled.jpg","type":"image\/jpeg"}],"twitter_card":"summary_large_image","twitter_misc":{"Tempo di lettura stimato":"6 minuti"},"schema":{"@context":"https:\/\/schema.org","@graph":[{"@type":"WebPage","@id":"https:\/\/ahorn-camp.de\/eintracht-frankfurt\/","url":"https:\/\/ahorn-camp.de\/eintracht-frankfurt\/","name":"- Ahorn Camp | Camper e furgoni camperizzati","isPartOf":{"@id":"https:\/\/ahorn-camp.de\/#website"},"primaryImageOfPage":{"@id":"https:\/\/ahorn-camp.de\/eintracht-frankfurt\/#primaryimage"},"image":{"@id":"https:\/\/ahorn-camp.de\/eintracht-frankfurt\/#primaryimage"},"thumbnailUrl":"https:\/\/ahorn-camp.de\/wp-content\/uploads\/2025\/04\/Adobe-Express-file-min-1024x683.jpg","datePublished":"2022-09-10T21:26:17+00:00","dateModified":"2025-06-27T13:15:15+00:00","description":"Genie\u00dfen Sie bei Ahorn Camp als Eintracht Frankfurt Fan besondere Vorteile. Jetzt registrieren und profitieren.","inLanguage":"it-IT","potentialAction":[{"@type":"ReadAction","target":["https:\/\/ahorn-camp.de\/eintracht-frankfurt\/"]}]},{"@type":"ImageObject","inLanguage":"it-IT","@id":"https:\/\/ahorn-camp.de\/eintracht-frankfurt\/#primaryimage","url":"https:\/\/ahorn-camp.de\/wp-content\/uploads\/2025\/04\/Adobe-Express-file-min-1024x683.jpg","contentUrl":"https:\/\/ahorn-camp.de\/wp-content\/uploads\/2025\/04\/Adobe-Express-file-min-1024x683.jpg"},{"@type":"WebSite","@id":"https:\/\/ahorn-camp.de\/#website","url":"https:\/\/ahorn-camp.de\/","name":"Ahorn Camp | Camper e furgonati","description":"Da oltre 30 anni l'azienda a conduzione familiare, Ahorn Camp a Speyer, commercializza con successo camper e furgoni al miglior rapporto qualit\u00e0-prezzo.","publisher":{"@id":"https:\/\/ahorn-camp.de\/#organization"},"potentialAction":[{"@type":"SearchAction","target":{"@type":"EntryPoint","urlTemplate":"https:\/\/ahorn-camp.de\/?s={search_term_string}"},"query-input":{"@type":"PropertyValueSpecification","valueRequired":true,"valueName":"search_term_string"}}],"inLanguage":"it-IT"},{"@type":"Organization","@id":"https:\/\/ahorn-camp.de\/#organization","name":"Ahorn Camp GmbH &amp; Co. KG","url":"https:\/\/ahorn-camp.de\/","logo":{"@type":"ImageObject","inLanguage":"it-IT","@id":"https:\/\/ahorn-camp.de\/#\/schema\/logo\/image\/","url":"https:\/\/ahorn-camp.de\/wp-content\/uploads\/2018\/12\/Ahorn_Logo.jpg","contentUrl":"https:\/\/ahorn-camp.de\/wp-content\/uploads\/2018\/12\/Ahorn_Logo.jpg","width":1437,"height":1000,"caption":"Ahorn Camp GmbH & Co. KG"},"image":{"@id":"https:\/\/ahorn-camp.de\/#\/schema\/logo\/image\/"},"sameAs":["https:\/\/www.facebook.com\/ahorn.wohnmobile\/","https:\/\/www.instagram.com\/ahorn.camp\/","https:\/\/www.youtube.com\/channel\/UCPFbPCts1JJ_A1k9vyH0yOQ"]}]}},"_links":{"self":[{"href":"https:\/\/ahorn-camp.de\/it\/wp-json\/wp\/v2\/pages\/17473","targetHints":{"allow":["GET"]}}],"collection":[{"href":"https:\/\/ahorn-camp.de\/it\/wp-json\/wp\/v2\/pages"}],"about":[{"href":"https:\/\/ahorn-camp.de\/it\/wp-json\/wp\/v2\/types\/page"}],"author":[{"embeddable":true,"href":"https:\/\/ahorn-camp.de\/it\/wp-json\/wp\/v2\/users\/2"}],"replies":[{"embeddable":true,"href":"https:\/\/ahorn-camp.de\/it\/wp-json\/wp\/v2\/comments?post=17473"}],"version-history":[{"count":0,"href":"https:\/\/ahorn-camp.de\/it\/wp-json\/wp\/v2\/pages\/17473\/revisions"}],"wp:attachment":[{"href":"https:\/\/ahorn-camp.de\/it\/wp-json\/wp\/v2\/media?parent=17473"}],"curies":[{"name":"wp","href":"https:\/\/api.w.org\/{rel}","templated":true}]}}