{"id":725,"date":"2019-04-11T09:57:23","date_gmt":"2019-04-11T07:57:23","guid":{"rendered":"https:\/\/ahorn-camp.de\/?page_id=725"},"modified":"2026-04-16T09:56:16","modified_gmt":"2026-04-16T07:56:16","slug":"camping-cars-profiles","status":"publish","type":"page","link":"https:\/\/ahorn-camp.de\/fr\/ahorn-reisemobile\/teilintegrierte-wohnmobile\/","title":{"rendered":"Acheter un camping-car profil\u00e9 chez Ahorn Camp"},"content":{"rendered":"<div data-elementor-type=\"wp-page\" data-elementor-id=\"725\" class=\"elementor elementor-725\" data-elementor-post-type=\"page\">\n\t\t\t\t\t\t<section class=\"elementor-section elementor-top-section elementor-element elementor-element-5881b27c elementor-section-height-min-height elementor-section-stretched elementor-section-boxed elementor-section-height-default elementor-section-items-middle\" data-id=\"5881b27c\" data-element_type=\"section\" data-e-type=\"section\" data-settings=\"{&quot;stretch_section&quot;:&quot;section-stretched&quot;,&quot;background_background&quot;:&quot;video&quot;,&quot;background_video_link&quot;:&quot;https:\\\/\\\/ahorn-camp.de\\\/wp-content\\\/uploads\\\/2026\\\/04\\\/Teilintegriert-short-dunkel.webm&quot;,&quot;background_play_on_mobile&quot;:&quot;yes&quot;}\">\n\t\t\t\t\t\t\t\t<div class=\"elementor-background-video-container\">\n\t\t\t\t\t\t\t\t\t\t\t\t\t<video class=\"elementor-background-video-hosted\" role=\"presentation\" autoplay muted playsinline loop><\/video>\n\t\t\t\t\t\t\t\t\t\t\t<\/div>\n\t\t\t\t\t\t\t\t<div class=\"elementor-container elementor-column-gap-default\">\n\t\t\t\t\t<div class=\"elementor-column elementor-col-100 elementor-top-column elementor-element elementor-element-735db92e\" data-id=\"735db92e\" data-element_type=\"column\" data-e-type=\"column\">\n\t\t\t<div class=\"elementor-widget-wrap elementor-element-populated\">\n\t\t\t\t\t\t<div class=\"elementor-element elementor-element-580e455 elementor-widget elementor-widget-heading\" data-id=\"580e455\" data-element_type=\"widget\" data-e-type=\"widget\" data-widget_type=\"heading.default\">\n\t\t\t\t<div class=\"elementor-widget-container\">\n\t\t\t\t\t<h2 class=\"elementor-heading-title elementor-size-default\">Mehr Raum. Mehr Reise<\/h2>\t\t\t\t<\/div>\n\t\t\t\t<\/div>\n\t\t\t\t<div class=\"elementor-element elementor-element-9420ac3 elementor-widget elementor-widget-heading\" data-id=\"9420ac3\" data-element_type=\"widget\" data-e-type=\"widget\" data-widget_type=\"heading.default\">\n\t\t\t\t<div class=\"elementor-widget-container\">\n\t\t\t\t\t<h1 class=\"elementor-heading-title elementor-size-default\">Teilintegriertes Wohnmobil kaufen von Ahorn Camp<\/h1>\t\t\t\t<\/div>\n\t\t\t\t<\/div>\n\t\t\t\t<div class=\"elementor-element elementor-element-0f73d31 elementor-widget elementor-widget-text-editor\" data-id=\"0f73d31\" data-element_type=\"widget\" data-e-type=\"widget\" data-widget_type=\"text-editor.default\">\n\t\t\t\t<div class=\"elementor-widget-container\">\n\t\t\t\t\t\t\t\t\t<p>Raumig, komfortabel und alltagstauglich. Entdecken Sie unsere teilintegrierten Wohnmobile auf Basis des Renault Master.<\/p>\t\t\t\t\t\t\t\t<\/div>\n\t\t\t\t<\/div>\n\t\t\t\t\t<\/div>\n\t\t<\/div>\n\t\t\t\t\t<\/div>\n\t\t<\/section>\n\t\t\t\t<section class=\"elementor-section elementor-top-section elementor-element elementor-element-b523310 elementor-section-stretched elementor-section-boxed elementor-section-height-default elementor-section-height-default\" data-id=\"b523310\" data-element_type=\"section\" data-e-type=\"section\" data-settings=\"{&quot;stretch_section&quot;:&quot;section-stretched&quot;}\">\n\t\t\t\t\t\t<div class=\"elementor-container elementor-column-gap-default\">\n\t\t\t\t\t<div class=\"elementor-column elementor-col-100 elementor-top-column elementor-element elementor-element-f99800a\" data-id=\"f99800a\" data-element_type=\"column\" data-e-type=\"column\" data-settings=\"{&quot;background_background&quot;:&quot;classic&quot;}\">\n\t\t\t<div class=\"elementor-widget-wrap elementor-element-populated\">\n\t\t\t\t\t\t<section class=\"elementor-section elementor-inner-section elementor-element elementor-element-a6a4f74 elementor-section-boxed elementor-section-height-default elementor-section-height-default\" data-id=\"a6a4f74\" data-element_type=\"section\" data-e-type=\"section\">\n\t\t\t\t\t\t<div class=\"elementor-container elementor-column-gap-default\">\n\t\t\t\t\t<div class=\"elementor-column elementor-col-50 elementor-inner-column elementor-element elementor-element-8a860fb\" data-id=\"8a860fb\" data-element_type=\"column\" data-e-type=\"column\">\n\t\t\t<div class=\"elementor-widget-wrap elementor-element-populated\">\n\t\t\t\t\t\t<div class=\"elementor-element elementor-element-a1969a7 elementor-widget elementor-widget-heading\" data-id=\"a1969a7\" data-element_type=\"widget\" data-e-type=\"widget\" data-widget_type=\"heading.default\">\n\t\t\t\t<div class=\"elementor-widget-container\">\n\t\t\t\t\t<h2 class=\"elementor-heading-title elementor-size-default\">Was ist ein teilintegriertes Wohnmobil?<\/h2>\t\t\t\t<\/div>\n\t\t\t\t<\/div>\n\t\t\t\t<div class=\"elementor-element elementor-element-a6a846d elementor-widget elementor-widget-text-editor\" data-id=\"a6a846d\" data-element_type=\"widget\" data-e-type=\"widget\" data-widget_type=\"text-editor.default\">\n\t\t\t\t<div class=\"elementor-widget-container\">\n\t\t\t\t\t\t\t\t\t<p>Sie m\u00f6chten ein Wohnmobil kaufen, das Komfort und Raumgef\u00fchl vereint, ohne das Format eines Alkovens? Dann sind Sie bei Ahorn Camp genau richtig. Ein Teilintegriertes Wohnmobil verzichtet auf den \u00fcber das Fahrerhaus hinausragenden Schlafbreich des Alkovens. Das mach dieses aerodynamischer, sparsamer und einfacher zu fahren. Gleichzeitig bietet es deutlich mehr Wohnraum als ein Campervan.<\/p><p>Unsere Teilintegrierten basieren auf dem Renault Master \u2013 ausgezeichnet als Van of the Year 2025 \u2013 und werden in Kooperation mit der Erwin Hymer Group gefertigt. Einige Modelle sind optional mit einem elektrisch h\u00f6henverstellbaren Hubbett \u00fcber der Dinette erh\u00e4ltlich.<\/p>\t\t\t\t\t\t\t\t<\/div>\n\t\t\t\t<\/div>\n\t\t\t\t\t<\/div>\n\t\t<\/div>\n\t\t\t\t<div class=\"elementor-column elementor-col-50 elementor-inner-column elementor-element elementor-element-83b988f\" data-id=\"83b988f\" data-element_type=\"column\" data-e-type=\"column\">\n\t\t\t<div class=\"elementor-widget-wrap elementor-element-populated\">\n\t\t\t\t\t\t<div class=\"elementor-element elementor-element-d9aa2df elementor-widget elementor-widget-image\" data-id=\"d9aa2df\" data-element_type=\"widget\" data-e-type=\"widget\" data-widget_type=\"image.default\">\n\t\t\t\t<div class=\"elementor-widget-container\">\n\t\t\t\t\t\t\t\t\t\t\t\t\t\t\t<img fetchpriority=\"high\" decoding=\"async\" width=\"1024\" height=\"576\" src=\"https:\/\/ahorn-camp.de\/wp-content\/uploads\/2026\/04\/T590_Image_0005-1024x576.jpg\" class=\"attachment-large size-large wp-image-38754\" alt=\"\" srcset=\"https:\/\/ahorn-camp.de\/wp-content\/uploads\/2026\/04\/T590_Image_0005-1024x576.jpg 1024w, https:\/\/ahorn-camp.de\/wp-content\/uploads\/2026\/04\/T590_Image_0005-300x169.jpg 300w, https:\/\/ahorn-camp.de\/wp-content\/uploads\/2026\/04\/T590_Image_0005-768x432.jpg 768w, https:\/\/ahorn-camp.de\/wp-content\/uploads\/2026\/04\/T590_Image_0005-800x450.jpg 800w, https:\/\/ahorn-camp.de\/wp-content\/uploads\/2026\/04\/T590_Image_0005-1536x864.jpg 1536w, https:\/\/ahorn-camp.de\/wp-content\/uploads\/2026\/04\/T590_Image_0005-18x10.jpg 18w, https:\/\/ahorn-camp.de\/wp-content\/uploads\/2026\/04\/T590_Image_0005.jpg 1920w\" sizes=\"(max-width: 1024px) 100vw, 1024px\" \/>\t\t\t\t\t\t\t\t\t\t\t\t\t\t\t<\/div>\n\t\t\t\t<\/div>\n\t\t\t\t\t<\/div>\n\t\t<\/div>\n\t\t\t\t\t<\/div>\n\t\t<\/section>\n\t\t\t\t\t<\/div>\n\t\t<\/div>\n\t\t\t\t\t<\/div>\n\t\t<\/section>\n\t\t\t\t<section class=\"elementor-section elementor-top-section elementor-element elementor-element-cca1186 elementor-section-stretched elementor-section-boxed elementor-section-height-default elementor-section-height-default\" data-id=\"cca1186\" data-element_type=\"section\" data-e-type=\"section\" data-settings=\"{&quot;stretch_section&quot;:&quot;section-stretched&quot;,&quot;background_background&quot;:&quot;classic&quot;}\">\n\t\t\t\t\t\t<div class=\"elementor-container elementor-column-gap-default\">\n\t\t\t\t\t<div class=\"elementor-column elementor-col-100 elementor-top-column elementor-element elementor-element-a8453ac\" data-id=\"a8453ac\" data-element_type=\"column\" data-e-type=\"column\">\n\t\t\t<div class=\"elementor-widget-wrap elementor-element-populated\">\n\t\t\t\t\t\t<div class=\"elementor-element elementor-element-0848345 elementor-widget elementor-widget-heading\" data-id=\"0848345\" data-element_type=\"widget\" data-e-type=\"widget\" data-widget_type=\"heading.default\">\n\t\t\t\t<div class=\"elementor-widget-container\">\n\t\t\t\t\t<h2 class=\"elementor-heading-title elementor-size-default\">F\u00fcr wen eignet sich ein teilintegriertes Wohnmobil?<\/h2>\t\t\t\t<\/div>\n\t\t\t\t<\/div>\n\t\t\t\t<section class=\"elementor-section elementor-inner-section elementor-element elementor-element-2c27039 elementor-section-boxed elementor-section-height-default elementor-section-height-default\" data-id=\"2c27039\" data-element_type=\"section\" data-e-type=\"section\">\n\t\t\t\t\t\t<div class=\"elementor-container elementor-column-gap-default\">\n\t\t\t\t\t<div class=\"elementor-column elementor-col-33 elementor-inner-column elementor-element elementor-element-997adb5\" data-id=\"997adb5\" data-element_type=\"column\" data-e-type=\"column\" data-settings=\"{&quot;background_background&quot;:&quot;classic&quot;}\">\n\t\t\t<div class=\"elementor-widget-wrap elementor-element-populated\">\n\t\t\t\t\t\t<div class=\"elementor-element elementor-element-5004452 elementor-view-default elementor-widget elementor-widget-icon\" data-id=\"5004452\" data-element_type=\"widget\" data-e-type=\"widget\" data-widget_type=\"icon.default\">\n\t\t\t\t<div class=\"elementor-widget-container\">\n\t\t\t\t\t\t\t<div class=\"elementor-icon-wrapper\">\n\t\t\t<div class=\"elementor-icon\">\n\t\t\t<i aria-hidden=\"true\" class=\"icon icon-Family\"><\/i>\t\t\t<\/div>\n\t\t<\/div>\n\t\t\t\t\t\t<\/div>\n\t\t\t\t<\/div>\n\t\t\t\t<div class=\"elementor-element elementor-element-e9a4d89 elementor-widget elementor-widget-heading\" data-id=\"e9a4d89\" data-element_type=\"widget\" data-e-type=\"widget\" data-widget_type=\"heading.default\">\n\t\t\t\t<div class=\"elementor-widget-container\">\n\t\t\t\t\t<h3 class=\"elementor-heading-title elementor-size-default\">Paare &amp; Familien<\/h3>\t\t\t\t<\/div>\n\t\t\t\t<\/div>\n\t\t\t\t<div class=\"elementor-element elementor-element-716db6a elementor-widget elementor-widget-text-editor\" data-id=\"716db6a\" data-element_type=\"widget\" data-e-type=\"widget\" data-widget_type=\"text-editor.default\">\n\t\t\t\t<div class=\"elementor-widget-container\">\n\t\t\t\t\t\t\t\t\t<p>Gro\u00dfz\u00fcgig genug f\u00fcr die ganze Familie, handlich genug f\u00fcr fast jede Stra\u00dfe. Mit bis zu 5 Schlafpl\u00e4tzen und durchdachten Grundrissen, bieten unsere Teilintegrierten Platz f\u00fcr alle.<\/p>\t\t\t\t\t\t\t\t<\/div>\n\t\t\t\t<\/div>\n\t\t\t\t\t<\/div>\n\t\t<\/div>\n\t\t\t\t<div class=\"elementor-column elementor-col-33 elementor-inner-column elementor-element elementor-element-8673e0e\" data-id=\"8673e0e\" data-element_type=\"column\" data-e-type=\"column\" data-settings=\"{&quot;background_background&quot;:&quot;classic&quot;}\">\n\t\t\t<div class=\"elementor-widget-wrap elementor-element-populated\">\n\t\t\t\t\t\t<div class=\"elementor-element elementor-element-4fba2de elementor-view-default elementor-widget elementor-widget-icon\" data-id=\"4fba2de\" data-element_type=\"widget\" data-e-type=\"widget\" data-widget_type=\"icon.default\">\n\t\t\t\t<div class=\"elementor-widget-container\">\n\t\t\t\t\t\t\t<div class=\"elementor-icon-wrapper\">\n\t\t\t<div class=\"elementor-icon\">\n\t\t\t<i aria-hidden=\"true\" class=\"jki jki-map-marked-alt-solid\"><\/i>\t\t\t<\/div>\n\t\t<\/div>\n\t\t\t\t\t\t<\/div>\n\t\t\t\t<\/div>\n\t\t\t\t<div class=\"elementor-element elementor-element-5e89955 elementor-widget elementor-widget-heading\" data-id=\"5e89955\" data-element_type=\"widget\" data-e-type=\"widget\" data-widget_type=\"heading.default\">\n\t\t\t\t<div class=\"elementor-widget-container\">\n\t\t\t\t\t<h3 class=\"elementor-heading-title elementor-size-default\">Langstrecken-Reisende<\/h3>\t\t\t\t<\/div>\n\t\t\t\t<\/div>\n\t\t\t\t<div class=\"elementor-element elementor-element-321b6cb elementor-widget elementor-widget-text-editor\" data-id=\"321b6cb\" data-element_type=\"widget\" data-e-type=\"widget\" data-widget_type=\"text-editor.default\">\n\t\t\t\t<div class=\"elementor-widget-container\">\n\t\t\t\t\t\t\t\t\t<p>Skandinavien, S\u00fcdeuropa, die K\u00fcste entlang. Wer gro\u00dfe Ziele hat, braucht echten Wohnraum. Mit einem Teilintegrierten sind Sie f\u00fcr jede Etappe ger\u00fcstet.<\/p>\t\t\t\t\t\t\t\t<\/div>\n\t\t\t\t<\/div>\n\t\t\t\t\t<\/div>\n\t\t<\/div>\n\t\t\t\t<div class=\"elementor-column elementor-col-33 elementor-inner-column elementor-element elementor-element-57b2670\" data-id=\"57b2670\" data-element_type=\"column\" data-e-type=\"column\" data-settings=\"{&quot;background_background&quot;:&quot;classic&quot;}\">\n\t\t\t<div class=\"elementor-widget-wrap elementor-element-populated\">\n\t\t\t\t\t\t<div class=\"elementor-element elementor-element-e9b1a85 elementor-view-default elementor-widget elementor-widget-icon\" data-id=\"e9b1a85\" data-element_type=\"widget\" data-e-type=\"widget\" data-widget_type=\"icon.default\">\n\t\t\t\t<div class=\"elementor-widget-container\">\n\t\t\t\t\t\t\t<div class=\"elementor-icon-wrapper\">\n\t\t\t<div class=\"elementor-icon\">\n\t\t\t<i aria-hidden=\"true\" class=\"jki jki-bed-solid\"><\/i>\t\t\t<\/div>\n\t\t<\/div>\n\t\t\t\t\t\t<\/div>\n\t\t\t\t<\/div>\n\t\t\t\t<div class=\"elementor-element elementor-element-2e351a4 elementor-widget elementor-widget-heading\" data-id=\"2e351a4\" data-element_type=\"widget\" data-e-type=\"widget\" data-widget_type=\"heading.default\">\n\t\t\t\t<div class=\"elementor-widget-container\">\n\t\t\t\t\t<h3 class=\"elementor-heading-title elementor-size-default\">Komfort-Urlauber<\/h3>\t\t\t\t<\/div>\n\t\t\t\t<\/div>\n\t\t\t\t<div class=\"elementor-element elementor-element-7bbbbe9 elementor-widget elementor-widget-text-editor\" data-id=\"7bbbbe9\" data-element_type=\"widget\" data-e-type=\"widget\" data-widget_type=\"text-editor.default\">\n\t\t\t\t<div class=\"elementor-widget-container\">\n\t\t\t\t\t\t\t\t\t<p>Wer zwei Wochen oder l\u00e4nger unterwegs ist, will abends nicht auf Komfort verzichten. Vollausgestattetes Bad, echte K\u00fcche, genug Stauraum f\u00fcr alles. Der Teilintegrierte ist Ihr Zuhause auf R\u00e4dern.<\/p>\t\t\t\t\t\t\t\t<\/div>\n\t\t\t\t<\/div>\n\t\t\t\t\t<\/div>\n\t\t<\/div>\n\t\t\t\t\t<\/div>\n\t\t<\/section>\n\t\t\t\t\t<\/div>\n\t\t<\/div>\n\t\t\t\t\t<\/div>\n\t\t<\/section>\n\t\t\t\t<section class=\"elementor-section elementor-top-section elementor-element elementor-element-155b543 elementor-section-stretched elementor-section-boxed elementor-section-height-default elementor-section-height-default\" data-id=\"155b543\" data-element_type=\"section\" data-e-type=\"section\" data-settings=\"{&quot;stretch_section&quot;:&quot;section-stretched&quot;}\">\n\t\t\t\t\t\t<div class=\"elementor-container elementor-column-gap-default\">\n\t\t\t\t\t<div class=\"elementor-column elementor-col-100 elementor-top-column elementor-element elementor-element-857c40a\" data-id=\"857c40a\" data-element_type=\"column\" data-e-type=\"column\">\n\t\t\t<div class=\"elementor-widget-wrap elementor-element-populated\">\n\t\t\t\t\t\t<div class=\"elementor-element elementor-element-710dfff2 elementor-widget elementor-widget-heading\" data-id=\"710dfff2\" data-element_type=\"widget\" data-e-type=\"widget\" data-widget_type=\"heading.default\">\n\t\t\t\t<div class=\"elementor-widget-container\">\n\t\t\t\t\t<h2 class=\"elementor-heading-title elementor-size-default\">Aper\u00e7u de nos camping-cars profil\u00e9s<\/h2>\t\t\t\t<\/div>\n\t\t\t\t<\/div>\n\t\t\t\t<section class=\"elementor-section elementor-inner-section elementor-element elementor-element-bc9bb45 elementor-section-boxed elementor-section-height-default elementor-section-height-default\" data-id=\"bc9bb45\" data-element_type=\"section\" data-e-type=\"section\">\n\t\t\t\t\t\t<div class=\"elementor-container elementor-column-gap-default\">\n\t\t\t\t\t<div class=\"elementor-column elementor-col-33 elementor-inner-column elementor-element elementor-element-777bae9\" data-id=\"777bae9\" data-element_type=\"column\" data-e-type=\"column\" data-settings=\"{&quot;background_background&quot;:&quot;classic&quot;}\">\n\t\t\t<div class=\"elementor-widget-wrap elementor-element-populated\">\n\t\t\t\t\t\t<div class=\"elementor-element elementor-element-a6c16ed elementor-widget elementor-widget-image\" data-id=\"a6c16ed\" data-element_type=\"widget\" data-e-type=\"widget\" data-widget_type=\"image.default\">\n\t\t\t\t<div class=\"elementor-widget-container\">\n\t\t\t\t\t\t\t\t\t\t\t\t\t\t\t\t<a href=\"https:\/\/ahorn-camp.de\/fr\/ahorn-camping-cars\/camping-cars-profiles\/t-590\/\">\n\t\t\t\t\t\t\t<img decoding=\"async\" width=\"1024\" height=\"576\" src=\"https:\/\/ahorn-camp.de\/wp-content\/uploads\/2025\/08\/T-690-gross-1024x576.png\" class=\"elementor-animation-grow attachment-large size-large wp-image-33352\" alt=\"t690 grand\" srcset=\"https:\/\/ahorn-camp.de\/wp-content\/uploads\/2025\/08\/T-690-gross-1024x576.png 1024w, https:\/\/ahorn-camp.de\/wp-content\/uploads\/2025\/08\/T-690-gross-300x169.png 300w, https:\/\/ahorn-camp.de\/wp-content\/uploads\/2025\/08\/T-690-gross-768x432.png 768w, https:\/\/ahorn-camp.de\/wp-content\/uploads\/2025\/08\/T-690-gross-800x450.png 800w, https:\/\/ahorn-camp.de\/wp-content\/uploads\/2025\/08\/T-690-gross-18x10.png 18w, https:\/\/ahorn-camp.de\/wp-content\/uploads\/2025\/08\/T-690-gross.png 1280w\" sizes=\"(max-width: 1024px) 100vw, 1024px\" \/>\t\t\t\t\t\t\t\t<\/a>\n\t\t\t\t\t\t\t\t\t\t\t\t\t\t\t<\/div>\n\t\t\t\t<\/div>\n\t\t\t\t<div class=\"elementor-element elementor-element-b08b3ec elementor-widget elementor-widget-heading\" data-id=\"b08b3ec\" data-element_type=\"widget\" data-e-type=\"widget\" data-widget_type=\"heading.default\">\n\t\t\t\t<div class=\"elementor-widget-container\">\n\t\t\t\t\t<h3 class=\"elementor-heading-title elementor-size-default\">T 590<\/h3>\t\t\t\t<\/div>\n\t\t\t\t<\/div>\n\t\t\t\t<div class=\"elementor-element elementor-element-963dbf0 elementor-widget elementor-widget-text-editor\" data-id=\"963dbf0\" data-element_type=\"widget\" data-e-type=\"widget\" data-widget_type=\"text-editor.default\">\n\t\t\t\t<div class=\"elementor-widget-container\">\n\t\t\t\t\t\t\t\t\t<div style=\"text-align: left; color: black; font-size: 16px;\"><p style=\"display: flex; align-items: center; margin: 0;\"><span style=\"font-size: 20px;\"><i class=\"fa-solid fa-children\" style=\"color: #158380; margin-right: 8px;\"><\/i> places assises : Jusqu'\u00e0 4<\/span><\/p><p style=\"display: flex; align-items: center; margin: 0;\"><span style=\"font-size: 20px;\"><i class=\"fa-solid fa-bed\" style=\"color: #158380; margin-right: 8px;\"><\/i> Couchages : 2 (S) 3 (O)<\/span><\/p><p style=\"display: flex; align-items: center; margin: 0;\"><span style=\"font-size: 20px;\"><i class=\"fa-solid fa-ruler-combined\" style=\"color: #158380; margin-right: 8px;\"><\/i> Longueur : 599 cm<\/span><\/p><p style=\"display: flex; align-items: center; margin: 0;\"><span style=\"font-size: 20px;\"><i class=\"fa-solid fa-weight-hanging\" style=\"color: #158380; margin-right: 8px;\"><\/i> 3 500 kg Poids total autoris\u00e9<\/span><\/p><p style=\"margin-top: 1em; font-weight: bold;\"><span style=\"font-size: 20px;\">Prix de base \u00e0 partir de 58 900 \u20ac TTC<\/span><\/p><\/div>\t\t\t\t\t\t\t\t<\/div>\n\t\t\t\t<\/div>\n\t\t\t\t<div class=\"elementor-element elementor-element-31d9b82 elementor-align-justify elementor-widget elementor-widget-button\" data-id=\"31d9b82\" data-element_type=\"widget\" data-e-type=\"widget\" data-widget_type=\"button.default\">\n\t\t\t\t<div class=\"elementor-widget-container\">\n\t\t\t\t\t\t\t\t\t<div class=\"elementor-button-wrapper\">\n\t\t\t\t\t<a class=\"elementor-button elementor-button-link elementor-size-sm elementor-animation-grow\" href=\"https:\/\/ahorn-camp.de\/fr\/ahorn-camping-cars\/camping-cars-profiles\/t-590\/\">\n\t\t\t\t\t\t<span class=\"elementor-button-content-wrapper\">\n\t\t\t\t\t\t\t\t\t<span class=\"elementor-button-text\">Voir le mod\u00e8le maintenant<\/span>\n\t\t\t\t\t<\/span>\n\t\t\t\t\t<\/a>\n\t\t\t\t<\/div>\n\t\t\t\t\t\t\t\t<\/div>\n\t\t\t\t<\/div>\n\t\t\t\t\t<\/div>\n\t\t<\/div>\n\t\t\t\t<div class=\"elementor-column elementor-col-33 elementor-inner-column elementor-element elementor-element-0126994\" data-id=\"0126994\" data-element_type=\"column\" data-e-type=\"column\" data-settings=\"{&quot;background_background&quot;:&quot;classic&quot;}\">\n\t\t\t<div class=\"elementor-widget-wrap elementor-element-populated\">\n\t\t\t\t\t\t<div class=\"elementor-element elementor-element-3c028a1 elementor-widget elementor-widget-image\" data-id=\"3c028a1\" data-element_type=\"widget\" data-e-type=\"widget\" data-widget_type=\"image.default\">\n\t\t\t\t<div class=\"elementor-widget-container\">\n\t\t\t\t\t\t\t\t\t\t\t\t\t\t\t\t<a href=\"https:\/\/ahorn-camp.de\/fr\/ahorn-camping-cars\/camping-cars-profiles\/t-640\/\">\n\t\t\t\t\t\t\t<img decoding=\"async\" width=\"1024\" height=\"576\" src=\"https:\/\/ahorn-camp.de\/wp-content\/uploads\/2025\/08\/T-690-gross-1024x576.png\" class=\"elementor-animation-grow attachment-large size-large wp-image-33352\" alt=\"t690 grand\" srcset=\"https:\/\/ahorn-camp.de\/wp-content\/uploads\/2025\/08\/T-690-gross-1024x576.png 1024w, https:\/\/ahorn-camp.de\/wp-content\/uploads\/2025\/08\/T-690-gross-300x169.png 300w, https:\/\/ahorn-camp.de\/wp-content\/uploads\/2025\/08\/T-690-gross-768x432.png 768w, https:\/\/ahorn-camp.de\/wp-content\/uploads\/2025\/08\/T-690-gross-800x450.png 800w, https:\/\/ahorn-camp.de\/wp-content\/uploads\/2025\/08\/T-690-gross-18x10.png 18w, https:\/\/ahorn-camp.de\/wp-content\/uploads\/2025\/08\/T-690-gross.png 1280w\" sizes=\"(max-width: 1024px) 100vw, 1024px\" \/>\t\t\t\t\t\t\t\t<\/a>\n\t\t\t\t\t\t\t\t\t\t\t\t\t\t\t<\/div>\n\t\t\t\t<\/div>\n\t\t\t\t<div class=\"elementor-element elementor-element-1b5e504 elementor-widget elementor-widget-heading\" data-id=\"1b5e504\" data-element_type=\"widget\" data-e-type=\"widget\" data-widget_type=\"heading.default\">\n\t\t\t\t<div class=\"elementor-widget-container\">\n\t\t\t\t\t<h3 class=\"elementor-heading-title elementor-size-default\">T 640<\/h3>\t\t\t\t<\/div>\n\t\t\t\t<\/div>\n\t\t\t\t<div class=\"elementor-element elementor-element-2aa7d21 elementor-widget elementor-widget-text-editor\" data-id=\"2aa7d21\" data-element_type=\"widget\" data-e-type=\"widget\" data-widget_type=\"text-editor.default\">\n\t\t\t\t<div class=\"elementor-widget-container\">\n\t\t\t\t\t\t\t\t\t<div style=\"text-align: left; color: black; font-size: 16px;\"><p style=\"display: flex; align-items: center; margin: 0;\"><span style=\"font-size: 20px;\"><i class=\"fa-solid fa-children\" style=\"color: #158380; margin-right: 8px;\"><\/i> places assises : Jusqu'\u00e0 4<\/span><\/p><p style=\"display: flex; align-items: center; margin: 0;\"><span style=\"font-size: 20px;\"><i class=\"fa-solid fa-bed\" style=\"color: #158380; margin-right: 8px;\"><\/i> Couchages : 2 (S) 3 (O)<\/span><\/p><p style=\"display: flex; align-items: center; margin: 0;\"><span style=\"font-size: 20px;\"><i class=\"fa-solid fa-ruler-combined\" style=\"color: #158380; margin-right: 8px;\"><\/i> Longueur : 649 cm <\/span><\/p><p style=\"display: flex; align-items: center; margin: 0;\"><span style=\"font-size: 20px;\"><i class=\"fa-solid fa-weight-hanging\" style=\"color: #158380; margin-right: 8px;\"><\/i> 3 500 kg Poids total autoris\u00e9<\/span><\/p><p style=\"margin-top: 1em; font-weight: bold;\"><span style=\"font-size: 20px;\">Prix de base \u00e0 partir de 59 500 \u20ac TTC<\/span><\/p><\/div>\t\t\t\t\t\t\t\t<\/div>\n\t\t\t\t<\/div>\n\t\t\t\t<div class=\"elementor-element elementor-element-5dd38ed elementor-align-justify elementor-widget elementor-widget-button\" data-id=\"5dd38ed\" data-element_type=\"widget\" data-e-type=\"widget\" data-widget_type=\"button.default\">\n\t\t\t\t<div class=\"elementor-widget-container\">\n\t\t\t\t\t\t\t\t\t<div class=\"elementor-button-wrapper\">\n\t\t\t\t\t<a class=\"elementor-button elementor-button-link elementor-size-sm elementor-animation-grow\" href=\"https:\/\/ahorn-camp.de\/fr\/ahorn-camping-cars\/camping-cars-profiles\/t-640\/\">\n\t\t\t\t\t\t<span class=\"elementor-button-content-wrapper\">\n\t\t\t\t\t\t\t\t\t<span class=\"elementor-button-text\">Voir le mod\u00e8le maintenant<\/span>\n\t\t\t\t\t<\/span>\n\t\t\t\t\t<\/a>\n\t\t\t\t<\/div>\n\t\t\t\t\t\t\t\t<\/div>\n\t\t\t\t<\/div>\n\t\t\t\t\t<\/div>\n\t\t<\/div>\n\t\t\t\t<div class=\"elementor-column elementor-col-33 elementor-inner-column elementor-element elementor-element-5785982\" data-id=\"5785982\" data-element_type=\"column\" data-e-type=\"column\" data-settings=\"{&quot;background_background&quot;:&quot;classic&quot;}\">\n\t\t\t<div class=\"elementor-widget-wrap elementor-element-populated\">\n\t\t\t\t\t\t<div class=\"elementor-element elementor-element-8f63f4b elementor-widget elementor-widget-image\" data-id=\"8f63f4b\" data-element_type=\"widget\" data-e-type=\"widget\" data-widget_type=\"image.default\">\n\t\t\t\t<div class=\"elementor-widget-container\">\n\t\t\t\t\t\t\t\t\t\t\t\t\t\t\t\t<a href=\"https:\/\/ahorn-camp.de\/fr\/ahorn-camping-cars\/camping-cars-profiles\/t-680\/\">\n\t\t\t\t\t\t\t<img decoding=\"async\" width=\"1024\" height=\"576\" src=\"https:\/\/ahorn-camp.de\/wp-content\/uploads\/2025\/08\/T-690-gross-1024x576.png\" class=\"elementor-animation-grow attachment-large size-large wp-image-33352\" alt=\"t690 grand\" srcset=\"https:\/\/ahorn-camp.de\/wp-content\/uploads\/2025\/08\/T-690-gross-1024x576.png 1024w, https:\/\/ahorn-camp.de\/wp-content\/uploads\/2025\/08\/T-690-gross-300x169.png 300w, https:\/\/ahorn-camp.de\/wp-content\/uploads\/2025\/08\/T-690-gross-768x432.png 768w, https:\/\/ahorn-camp.de\/wp-content\/uploads\/2025\/08\/T-690-gross-800x450.png 800w, https:\/\/ahorn-camp.de\/wp-content\/uploads\/2025\/08\/T-690-gross-18x10.png 18w, https:\/\/ahorn-camp.de\/wp-content\/uploads\/2025\/08\/T-690-gross.png 1280w\" sizes=\"(max-width: 1024px) 100vw, 1024px\" \/>\t\t\t\t\t\t\t\t<\/a>\n\t\t\t\t\t\t\t\t\t\t\t\t\t\t\t<\/div>\n\t\t\t\t<\/div>\n\t\t\t\t<div class=\"elementor-element elementor-element-53ce8b1 elementor-widget elementor-widget-heading\" data-id=\"53ce8b1\" data-element_type=\"widget\" data-e-type=\"widget\" data-widget_type=\"heading.default\">\n\t\t\t\t<div class=\"elementor-widget-container\">\n\t\t\t\t\t<h3 class=\"elementor-heading-title elementor-size-default\">T 680<\/h3>\t\t\t\t<\/div>\n\t\t\t\t<\/div>\n\t\t\t\t<div class=\"elementor-element elementor-element-4289af3 elementor-widget elementor-widget-text-editor\" data-id=\"4289af3\" data-element_type=\"widget\" data-e-type=\"widget\" data-widget_type=\"text-editor.default\">\n\t\t\t\t<div class=\"elementor-widget-container\">\n\t\t\t\t\t\t\t\t\t<div style=\"text-align: left; color: black; font-size: 16px;\"><p style=\"display: flex; align-items: center; margin: 0;\"><span style=\"font-size: 20px;\"><i class=\"fa-solid fa-children\" style=\"color: #158380; margin-right: 8px;\"><\/i> places assises : Jusqu'\u00e0 4<\/span><\/p><p style=\"display: flex; align-items: center; margin: 0;\"><span style=\"font-size: 20px;\"><i class=\"fa-solid fa-bed\" style=\"color: #158380; margin-right: 8px;\"><\/i> Couchages : 2 (S) 3 (O)<\/span><\/p><p style=\"display: flex; align-items: center; margin: 0;\"><span style=\"font-size: 20px;\"><i class=\"fa-solid fa-ruler-combined\" style=\"color: #158380; margin-right: 8px;\"><\/i> Longueur : 699 cm <\/span><\/p><p style=\"display: flex; align-items: center; margin: 0;\"><span style=\"font-size: 20px;\"><i class=\"fa-solid fa-weight-hanging\" style=\"color: #158380; margin-right: 8px;\"><\/i> 3 500 kg Poids total autoris\u00e9<\/span><\/p><p style=\"margin-top: 1em; font-weight: bold;\"><span style=\"font-size: 20px;\">Prix de base \u00e0 partir de 61 500 \u20ac TTC <\/span><\/p><\/div>\t\t\t\t\t\t\t\t<\/div>\n\t\t\t\t<\/div>\n\t\t\t\t<div class=\"elementor-element elementor-element-09770a3 elementor-align-justify elementor-widget elementor-widget-button\" data-id=\"09770a3\" data-element_type=\"widget\" data-e-type=\"widget\" data-widget_type=\"button.default\">\n\t\t\t\t<div class=\"elementor-widget-container\">\n\t\t\t\t\t\t\t\t\t<div class=\"elementor-button-wrapper\">\n\t\t\t\t\t<a class=\"elementor-button elementor-button-link elementor-size-sm elementor-animation-grow\" href=\"https:\/\/ahorn-camp.de\/fr\/ahorn-camping-cars\/camping-cars-profiles\/t-680\/\">\n\t\t\t\t\t\t<span class=\"elementor-button-content-wrapper\">\n\t\t\t\t\t\t\t\t\t<span class=\"elementor-button-text\">Voir le mod\u00e8le maintenant<\/span>\n\t\t\t\t\t<\/span>\n\t\t\t\t\t<\/a>\n\t\t\t\t<\/div>\n\t\t\t\t\t\t\t\t<\/div>\n\t\t\t\t<\/div>\n\t\t\t\t\t<\/div>\n\t\t<\/div>\n\t\t\t\t\t<\/div>\n\t\t<\/section>\n\t\t\t\t\t<\/div>\n\t\t<\/div>\n\t\t\t\t\t<\/div>\n\t\t<\/section>\n\t\t\t\t<section class=\"elementor-section elementor-top-section elementor-element elementor-element-8458cbe elementor-section-stretched elementor-section-boxed elementor-section-height-default elementor-section-height-default\" data-id=\"8458cbe\" data-element_type=\"section\" data-e-type=\"section\" data-settings=\"{&quot;stretch_section&quot;:&quot;section-stretched&quot;}\">\n\t\t\t\t\t\t<div class=\"elementor-container elementor-column-gap-default\">\n\t\t\t\t\t<div class=\"elementor-column elementor-col-100 elementor-top-column elementor-element elementor-element-2272fca\" data-id=\"2272fca\" data-element_type=\"column\" data-e-type=\"column\">\n\t\t\t<div class=\"elementor-widget-wrap elementor-element-populated\">\n\t\t\t\t\t\t<section class=\"elementor-section elementor-inner-section elementor-element elementor-element-40b15dc elementor-section-boxed elementor-section-height-default elementor-section-height-default\" data-id=\"40b15dc\" data-element_type=\"section\" data-e-type=\"section\">\n\t\t\t\t\t\t<div class=\"elementor-container elementor-column-gap-default\">\n\t\t\t\t\t<div class=\"elementor-column elementor-col-33 elementor-inner-column elementor-element elementor-element-6c06141\" data-id=\"6c06141\" data-element_type=\"column\" data-e-type=\"column\" data-settings=\"{&quot;background_background&quot;:&quot;classic&quot;}\">\n\t\t\t<div class=\"elementor-widget-wrap elementor-element-populated\">\n\t\t\t\t\t\t<div class=\"elementor-element elementor-element-6906048 elementor-widget elementor-widget-image\" data-id=\"6906048\" data-element_type=\"widget\" data-e-type=\"widget\" data-widget_type=\"image.default\">\n\t\t\t\t<div class=\"elementor-widget-container\">\n\t\t\t\t\t\t\t\t\t\t\t\t\t\t\t\t<a href=\"https:\/\/ahorn-camp.de\/fr\/ahorn-camping-cars\/camping-cars-profiles\/t-690\/\">\n\t\t\t\t\t\t\t<img decoding=\"async\" width=\"1024\" height=\"576\" src=\"https:\/\/ahorn-camp.de\/wp-content\/uploads\/2025\/08\/T-690-gross-1024x576.png\" class=\"elementor-animation-grow attachment-large size-large wp-image-33352\" alt=\"t690 grand\" srcset=\"https:\/\/ahorn-camp.de\/wp-content\/uploads\/2025\/08\/T-690-gross-1024x576.png 1024w, https:\/\/ahorn-camp.de\/wp-content\/uploads\/2025\/08\/T-690-gross-300x169.png 300w, https:\/\/ahorn-camp.de\/wp-content\/uploads\/2025\/08\/T-690-gross-768x432.png 768w, https:\/\/ahorn-camp.de\/wp-content\/uploads\/2025\/08\/T-690-gross-800x450.png 800w, https:\/\/ahorn-camp.de\/wp-content\/uploads\/2025\/08\/T-690-gross-18x10.png 18w, https:\/\/ahorn-camp.de\/wp-content\/uploads\/2025\/08\/T-690-gross.png 1280w\" sizes=\"(max-width: 1024px) 100vw, 1024px\" \/>\t\t\t\t\t\t\t\t<\/a>\n\t\t\t\t\t\t\t\t\t\t\t\t\t\t\t<\/div>\n\t\t\t\t<\/div>\n\t\t\t\t<div class=\"elementor-element elementor-element-57690ea elementor-widget elementor-widget-heading\" data-id=\"57690ea\" data-element_type=\"widget\" data-e-type=\"widget\" data-widget_type=\"heading.default\">\n\t\t\t\t<div class=\"elementor-widget-container\">\n\t\t\t\t\t<h3 class=\"elementor-heading-title elementor-size-default\">T 690<\/h3>\t\t\t\t<\/div>\n\t\t\t\t<\/div>\n\t\t\t\t<div class=\"elementor-element elementor-element-375a301 elementor-widget elementor-widget-text-editor\" data-id=\"375a301\" data-element_type=\"widget\" data-e-type=\"widget\" data-widget_type=\"text-editor.default\">\n\t\t\t\t<div class=\"elementor-widget-container\">\n\t\t\t\t\t\t\t\t\t<div style=\"text-align: left; color: black; font-size: 16px;\"><p style=\"display: flex; align-items: center; margin: 0;\"><span style=\"font-size: 20px;\"><i class=\"fa-solid fa-children\" style=\"color: #158380; margin-right: 8px;\"><\/i> places assises : Jusqu'\u00e0 4 (S) 5 (O)<\/span><\/p><p style=\"display: flex; align-items: center; margin: 0;\"><span style=\"font-size: 20px;\"><i class=\"fa-solid fa-bed\" style=\"color: #158380; margin-right: 8px;\"><\/i> Couchages : 2 (S) 4 (O)<\/span><\/p><p style=\"display: flex; align-items: center; margin: 0;\"><span style=\"font-size: 20px;\"><i class=\"fa-solid fa-ruler-combined\" style=\"color: #158380; margin-right: 8px;\"><\/i> Longueur : 699 cm<\/span><\/p><p style=\"display: flex; align-items: center; margin: 0;\"><span style=\"font-size: 20px;\"><i class=\"fa-solid fa-weight-hanging\" style=\"color: #158380; margin-right: 8px;\"><\/i> 3 500 kg Poids total autoris\u00e9<\/span><\/p><p style=\"margin-top: 1em; font-weight: bold;\"><span style=\"font-size: 20px;\">Prix de base \u00e0 partir de 61 900 \u20ac TTC<\/span><\/p><\/div>\t\t\t\t\t\t\t\t<\/div>\n\t\t\t\t<\/div>\n\t\t\t\t<div class=\"elementor-element elementor-element-b6a819a elementor-align-justify elementor-widget elementor-widget-button\" data-id=\"b6a819a\" data-element_type=\"widget\" data-e-type=\"widget\" data-widget_type=\"button.default\">\n\t\t\t\t<div class=\"elementor-widget-container\">\n\t\t\t\t\t\t\t\t\t<div class=\"elementor-button-wrapper\">\n\t\t\t\t\t<a class=\"elementor-button elementor-button-link elementor-size-sm elementor-animation-grow\" href=\"https:\/\/ahorn-camp.de\/fr\/ahorn-camping-cars\/camping-cars-profiles\/t-690\/\">\n\t\t\t\t\t\t<span class=\"elementor-button-content-wrapper\">\n\t\t\t\t\t\t\t\t\t<span class=\"elementor-button-text\">Voir le mod\u00e8le maintenant<\/span>\n\t\t\t\t\t<\/span>\n\t\t\t\t\t<\/a>\n\t\t\t\t<\/div>\n\t\t\t\t\t\t\t\t<\/div>\n\t\t\t\t<\/div>\n\t\t\t\t\t<\/div>\n\t\t<\/div>\n\t\t\t\t<div class=\"elementor-column elementor-col-33 elementor-inner-column elementor-element elementor-element-deb042b\" data-id=\"deb042b\" data-element_type=\"column\" data-e-type=\"column\" data-settings=\"{&quot;background_background&quot;:&quot;classic&quot;}\">\n\t\t\t<div class=\"elementor-widget-wrap elementor-element-populated\">\n\t\t\t\t\t\t<div class=\"elementor-element elementor-element-bf97d1a elementor-widget elementor-widget-image\" data-id=\"bf97d1a\" data-element_type=\"widget\" data-e-type=\"widget\" data-widget_type=\"image.default\">\n\t\t\t\t<div class=\"elementor-widget-container\">\n\t\t\t\t\t\t\t\t\t\t\t\t\t\t\t\t<a href=\"https:\/\/ahorn-camp.de\/fr\/ahorn-camping-cars\/camping-cars-profiles\/te-740\/\">\n\t\t\t\t\t\t\t<img decoding=\"async\" width=\"1024\" height=\"576\" src=\"https:\/\/ahorn-camp.de\/wp-content\/uploads\/2025\/08\/T-690-gross-1024x576.png\" class=\"elementor-animation-grow attachment-large size-large wp-image-33352\" alt=\"t690 grand\" srcset=\"https:\/\/ahorn-camp.de\/wp-content\/uploads\/2025\/08\/T-690-gross-1024x576.png 1024w, https:\/\/ahorn-camp.de\/wp-content\/uploads\/2025\/08\/T-690-gross-300x169.png 300w, https:\/\/ahorn-camp.de\/wp-content\/uploads\/2025\/08\/T-690-gross-768x432.png 768w, https:\/\/ahorn-camp.de\/wp-content\/uploads\/2025\/08\/T-690-gross-800x450.png 800w, https:\/\/ahorn-camp.de\/wp-content\/uploads\/2025\/08\/T-690-gross-18x10.png 18w, https:\/\/ahorn-camp.de\/wp-content\/uploads\/2025\/08\/T-690-gross.png 1280w\" sizes=\"(max-width: 1024px) 100vw, 1024px\" \/>\t\t\t\t\t\t\t\t<\/a>\n\t\t\t\t\t\t\t\t\t\t\t\t\t\t\t<\/div>\n\t\t\t\t<\/div>\n\t\t\t\t<div class=\"elementor-element elementor-element-b1d8e7a elementor-widget elementor-widget-heading\" data-id=\"b1d8e7a\" data-element_type=\"widget\" data-e-type=\"widget\" data-widget_type=\"heading.default\">\n\t\t\t\t<div class=\"elementor-widget-container\">\n\t\t\t\t\t<h3 class=\"elementor-heading-title elementor-size-default\">TE 740<\/h3>\t\t\t\t<\/div>\n\t\t\t\t<\/div>\n\t\t\t\t<div class=\"elementor-element elementor-element-128d163 elementor-widget elementor-widget-text-editor\" data-id=\"128d163\" data-element_type=\"widget\" data-e-type=\"widget\" data-widget_type=\"text-editor.default\">\n\t\t\t\t<div class=\"elementor-widget-container\">\n\t\t\t\t\t\t\t\t\t<div style=\"text-align: left; color: black; font-size: 16px;\"><p style=\"display: flex; align-items: center; margin: 0;\"><span style=\"font-size: 20px;\"><i class=\"fa-solid fa-children\" style=\"color: #158380; margin-right: 8px;\"><\/i> places assises : Jusqu'\u00e0 4<\/span><\/p><p style=\"display: flex; align-items: center; margin: 0;\"><span style=\"font-size: 20px;\"><i class=\"fa-solid fa-bed\" style=\"color: #158380; margin-right: 8px;\"><\/i> Couchages : 2 (S) 5 (O)<\/span><\/p><p style=\"display: flex; align-items: center; margin: 0;\"><span style=\"font-size: 20px;\"><i class=\"fa-solid fa-ruler-combined\" style=\"color: #158380; margin-right: 8px;\"><\/i> Longueur : 748 cm <\/span><\/p><p style=\"display: flex; align-items: center; margin: 0;\"><span style=\"font-size: 20px;\"><i class=\"fa-solid fa-weight-hanging\" style=\"color: #158380; margin-right: 8px;\"><\/i> 3 500 kg Poids total autoris\u00e9<\/span><\/p><p style=\"margin-top: 1em; font-weight: bold;\"><span style=\"font-size: 20px;\">Prix de base \u00e0 partir de 64 600 \u20ac TTC<\/span><\/p><\/div>\t\t\t\t\t\t\t\t<\/div>\n\t\t\t\t<\/div>\n\t\t\t\t<div class=\"elementor-element elementor-element-82976c4 elementor-align-justify elementor-widget elementor-widget-button\" data-id=\"82976c4\" data-element_type=\"widget\" data-e-type=\"widget\" data-widget_type=\"button.default\">\n\t\t\t\t<div class=\"elementor-widget-container\">\n\t\t\t\t\t\t\t\t\t<div class=\"elementor-button-wrapper\">\n\t\t\t\t\t<a class=\"elementor-button elementor-button-link elementor-size-sm elementor-animation-grow\" href=\"https:\/\/ahorn-camp.de\/fr\/ahorn-camping-cars\/camping-cars-profiles\/te-740\/\">\n\t\t\t\t\t\t<span class=\"elementor-button-content-wrapper\">\n\t\t\t\t\t\t\t\t\t<span class=\"elementor-button-text\">Voir le mod\u00e8le maintenant<\/span>\n\t\t\t\t\t<\/span>\n\t\t\t\t\t<\/a>\n\t\t\t\t<\/div>\n\t\t\t\t\t\t\t\t<\/div>\n\t\t\t\t<\/div>\n\t\t\t\t\t<\/div>\n\t\t<\/div>\n\t\t\t\t<div class=\"elementor-column elementor-col-33 elementor-inner-column elementor-element elementor-element-2cdba17\" data-id=\"2cdba17\" data-element_type=\"column\" data-e-type=\"column\" data-settings=\"{&quot;background_background&quot;:&quot;classic&quot;}\">\n\t\t\t<div class=\"elementor-widget-wrap elementor-element-populated\">\n\t\t\t\t\t\t<div class=\"elementor-element elementor-element-f018b4b elementor-widget elementor-widget-image\" data-id=\"f018b4b\" data-element_type=\"widget\" data-e-type=\"widget\" data-widget_type=\"image.default\">\n\t\t\t\t<div class=\"elementor-widget-container\">\n\t\t\t\t\t\t\t\t\t\t\t\t\t\t\t\t<a href=\"https:\/\/ahorn-camp.de\/fr\/ahorn-camping-cars\/camping-cars-profiles\/tq-740\/\">\n\t\t\t\t\t\t\t<img decoding=\"async\" width=\"1024\" height=\"576\" src=\"https:\/\/ahorn-camp.de\/wp-content\/uploads\/2025\/08\/T-690-gross-1024x576.png\" class=\"elementor-animation-grow attachment-large size-large wp-image-33352\" alt=\"t690 grand\" srcset=\"https:\/\/ahorn-camp.de\/wp-content\/uploads\/2025\/08\/T-690-gross-1024x576.png 1024w, https:\/\/ahorn-camp.de\/wp-content\/uploads\/2025\/08\/T-690-gross-300x169.png 300w, https:\/\/ahorn-camp.de\/wp-content\/uploads\/2025\/08\/T-690-gross-768x432.png 768w, https:\/\/ahorn-camp.de\/wp-content\/uploads\/2025\/08\/T-690-gross-800x450.png 800w, https:\/\/ahorn-camp.de\/wp-content\/uploads\/2025\/08\/T-690-gross-18x10.png 18w, https:\/\/ahorn-camp.de\/wp-content\/uploads\/2025\/08\/T-690-gross.png 1280w\" sizes=\"(max-width: 1024px) 100vw, 1024px\" \/>\t\t\t\t\t\t\t\t<\/a>\n\t\t\t\t\t\t\t\t\t\t\t\t\t\t\t<\/div>\n\t\t\t\t<\/div>\n\t\t\t\t<div class=\"elementor-element elementor-element-8ba776a elementor-widget elementor-widget-heading\" data-id=\"8ba776a\" data-element_type=\"widget\" data-e-type=\"widget\" data-widget_type=\"heading.default\">\n\t\t\t\t<div class=\"elementor-widget-container\">\n\t\t\t\t\t<h3 class=\"elementor-heading-title elementor-size-default\">TQ 740<\/h3>\t\t\t\t<\/div>\n\t\t\t\t<\/div>\n\t\t\t\t<div class=\"elementor-element elementor-element-c6e3097 elementor-widget elementor-widget-text-editor\" data-id=\"c6e3097\" data-element_type=\"widget\" data-e-type=\"widget\" data-widget_type=\"text-editor.default\">\n\t\t\t\t<div class=\"elementor-widget-container\">\n\t\t\t\t\t\t\t\t\t<div style=\"text-align: left; color: black; font-size: 16px;\"><p style=\"display: flex; align-items: center; margin: 0;\"><span style=\"font-size: 20px;\"><i class=\"fa-solid fa-children\" style=\"color: #158380; margin-right: 8px;\"><\/i> places assises : Jusqu'\u00e0 4<\/span><\/p><p style=\"display: flex; align-items: center; margin: 0;\"><span style=\"font-size: 20px;\"><i class=\"fa-solid fa-bed\" style=\"color: #158380; margin-right: 8px;\"><\/i> Couchages : 2 (S) 5 (O)<\/span><\/p><p style=\"display: flex; align-items: center; margin: 0;\"><span style=\"font-size: 20px;\"><i class=\"fa-solid fa-ruler-combined\" style=\"color: #158380; margin-right: 8px;\"><\/i> Longueur : 748 cm <\/span><\/p><p style=\"display: flex; align-items: center; margin: 0;\"><span style=\"font-size: 20px;\"><i class=\"fa-solid fa-weight-hanging\" style=\"color: #158380; margin-right: 8px;\"><\/i> 3 500 kg Poids total autoris\u00e9<\/span><\/p><p style=\"margin-top: 1em; font-weight: bold;\"><span style=\"font-size: 20px;\">Prix de base \u00e0 partir de 64 600 \u20ac TTC <\/span><\/p><\/div>\t\t\t\t\t\t\t\t<\/div>\n\t\t\t\t<\/div>\n\t\t\t\t<div class=\"elementor-element elementor-element-5464523 elementor-align-justify elementor-widget elementor-widget-button\" data-id=\"5464523\" data-element_type=\"widget\" data-e-type=\"widget\" data-widget_type=\"button.default\">\n\t\t\t\t<div class=\"elementor-widget-container\">\n\t\t\t\t\t\t\t\t\t<div class=\"elementor-button-wrapper\">\n\t\t\t\t\t<a class=\"elementor-button elementor-button-link elementor-size-sm elementor-animation-grow\" href=\"https:\/\/ahorn-camp.de\/fr\/ahorn-camping-cars\/camping-cars-profiles\/tq-740\/\">\n\t\t\t\t\t\t<span class=\"elementor-button-content-wrapper\">\n\t\t\t\t\t\t\t\t\t<span class=\"elementor-button-text\">Voir le mod\u00e8le maintenant<\/span>\n\t\t\t\t\t<\/span>\n\t\t\t\t\t<\/a>\n\t\t\t\t<\/div>\n\t\t\t\t\t\t\t\t<\/div>\n\t\t\t\t<\/div>\n\t\t\t\t\t<\/div>\n\t\t<\/div>\n\t\t\t\t\t<\/div>\n\t\t<\/section>\n\t\t\t\t<div class=\"elementor-element elementor-element-01cc339 elementor-widget elementor-widget-text-editor\" data-id=\"01cc339\" data-element_type=\"widget\" data-e-type=\"widget\" data-widget_type=\"text-editor.default\">\n\t\t\t\t<div class=\"elementor-widget-container\">\n\t\t\t\t\t\t\t\t\t<p>Nicht sicher, welcher Campervan zu Ihnen passt? Wir beraten Sie gerne!<\/p>\t\t\t\t\t\t\t\t<\/div>\n\t\t\t\t<\/div>\n\t\t\t\t<div class=\"elementor-element elementor-element-c5d547d elementor-align-center elementor-widget elementor-widget-button\" data-id=\"c5d547d\" data-element_type=\"widget\" data-e-type=\"widget\" data-widget_type=\"button.default\">\n\t\t\t\t<div class=\"elementor-widget-container\">\n\t\t\t\t\t\t\t\t\t<div class=\"elementor-button-wrapper\">\n\t\t\t\t\t<a class=\"elementor-button elementor-button-link elementor-size-sm elementor-animation-grow\" href=\"#elementor-action%3Aaction%3Dpopup%3Aopen%26settings%3DeyJpZCI6IjM2ODk5IiwidG9nZ2xlIjpmYWxzZX0%3D\">\n\t\t\t\t\t\t<span class=\"elementor-button-content-wrapper\">\n\t\t\t\t\t\t\t\t\t<span class=\"elementor-button-text\">Jetzt Beratungstermin vereinbaren<\/span>\n\t\t\t\t\t<\/span>\n\t\t\t\t\t<\/a>\n\t\t\t\t<\/div>\n\t\t\t\t\t\t\t\t<\/div>\n\t\t\t\t<\/div>\n\t\t\t\t<div class=\"elementor-element elementor-element-bf3a787 elementor-widget elementor-widget-gallery\" data-id=\"bf3a787\" data-element_type=\"widget\" data-e-type=\"widget\" data-settings=\"{&quot;columns&quot;:5,&quot;aspect_ratio&quot;:&quot;1:1&quot;,&quot;lazyload&quot;:&quot;yes&quot;,&quot;gallery_layout&quot;:&quot;grid&quot;,&quot;columns_tablet&quot;:2,&quot;columns_mobile&quot;:1,&quot;gap&quot;:{&quot;unit&quot;:&quot;px&quot;,&quot;size&quot;:10,&quot;sizes&quot;:[]},&quot;gap_tablet&quot;:{&quot;unit&quot;:&quot;px&quot;,&quot;size&quot;:10,&quot;sizes&quot;:[]},&quot;gap_mobile&quot;:{&quot;unit&quot;:&quot;px&quot;,&quot;size&quot;:10,&quot;sizes&quot;:[]},&quot;link_to&quot;:&quot;file&quot;,&quot;overlay_background&quot;:&quot;yes&quot;,&quot;content_hover_animation&quot;:&quot;fade-in&quot;}\" data-widget_type=\"gallery.default\">\n\t\t\t\t<div class=\"elementor-widget-container\">\n\t\t\t\t\t\t\t<div class=\"elementor-gallery__container\">\n\t\t\t\t\t\t\t<a class=\"e-gallery-item elementor-gallery-item elementor-animated-content\" href=\"https:\/\/ahorn-camp.de\/wp-content\/uploads\/2026\/02\/Ahorn_T690_MG_0789-Kopie-scaled.webp\" data-elementor-open-lightbox=\"yes\" data-elementor-lightbox-slideshow=\"bf3a787\" data-elementor-lightbox-title=\"Ahorn_T690_MG_0789 Kopie\" data-e-action-hash=\"#elementor-action%3Aaction%3Dlightbox%26settings%3DeyJpZCI6Mzc5NDUsInVybCI6Imh0dHBzOlwvXC9haG9ybi1jYW1wLmRlXC93cC1jb250ZW50XC91cGxvYWRzXC8yMDI2XC8wMlwvQWhvcm5fVDY5MF9NR18wNzg5LUtvcGllLXNjYWxlZC53ZWJwIiwic2xpZGVzaG93IjoiYmYzYTc4NyJ9\">\n\t\t\t\t\t<div class=\"e-gallery-image elementor-gallery-item__image\" data-thumbnail=\"https:\/\/ahorn-camp.de\/wp-content\/uploads\/elementor\/thumbs\/Ahorn_T690_MG_0789-Kopie-scaled-rjktcl6a6g8blfhtmm63kqgr4d1wm36knwjbfigpco.webp\" data-width=\"700\" data-height=\"700\" aria-label=\"\" role=\"img\" ><\/div>\n\t\t\t\t\t\t\t\t\t\t\t<div class=\"elementor-gallery-item__overlay\"><\/div>\n\t\t\t\t\t\t\t\t\t\t\t\t\t\t<\/a>\n\t\t\t\t\t\t\t<a class=\"e-gallery-item elementor-gallery-item elementor-animated-content\" href=\"https:\/\/ahorn-camp.de\/wp-content\/uploads\/2026\/02\/Ahorn_T690_Kueche_quer-scaled.webp\" data-elementor-open-lightbox=\"yes\" data-elementor-lightbox-slideshow=\"bf3a787\" data-elementor-lightbox-title=\"Ahorn_T690_K\u00fcche_quer\" data-e-action-hash=\"#elementor-action%3Aaction%3Dlightbox%26settings%3DeyJpZCI6Mzc5NDQsInVybCI6Imh0dHBzOlwvXC9haG9ybi1jYW1wLmRlXC93cC1jb250ZW50XC91cGxvYWRzXC8yMDI2XC8wMlwvQWhvcm5fVDY5MF9LdWVjaGVfcXVlci1zY2FsZWQud2VicCIsInNsaWRlc2hvdyI6ImJmM2E3ODcifQ%3D%3D\">\n\t\t\t\t\t<div class=\"e-gallery-image elementor-gallery-item__image\" data-thumbnail=\"https:\/\/ahorn-camp.de\/wp-content\/uploads\/elementor\/thumbs\/Ahorn_T690_Kueche_quer-scaled-rjktbzjzt9eq6ed84utohdx5gi0gp1sqwxj5e5crbs.webp\" data-width=\"700\" data-height=\"700\" aria-label=\"\" role=\"img\" ><\/div>\n\t\t\t\t\t\t\t\t\t\t\t<div class=\"elementor-gallery-item__overlay\"><\/div>\n\t\t\t\t\t\t\t\t\t\t\t\t\t\t<\/a>\n\t\t\t\t\t\t\t<a class=\"e-gallery-item elementor-gallery-item elementor-animated-content\" href=\"https:\/\/ahorn-camp.de\/wp-content\/uploads\/2026\/02\/Ahorn_T690_Durchsicht-scaled.webp\" data-elementor-open-lightbox=\"yes\" data-elementor-lightbox-slideshow=\"bf3a787\" data-elementor-lightbox-title=\"Ahorn_T690_Durchsicht\" data-e-action-hash=\"#elementor-action%3Aaction%3Dlightbox%26settings%3DeyJpZCI6Mzc5NDAsInVybCI6Imh0dHBzOlwvXC9haG9ybi1jYW1wLmRlXC93cC1jb250ZW50XC91cGxvYWRzXC8yMDI2XC8wMlwvQWhvcm5fVDY5MF9EdXJjaHNpY2h0LXNjYWxlZC53ZWJwIiwic2xpZGVzaG93IjoiYmYzYTc4NyJ9\">\n\t\t\t\t\t<div class=\"e-gallery-image elementor-gallery-item__image\" data-thumbnail=\"https:\/\/ahorn-camp.de\/wp-content\/uploads\/elementor\/thumbs\/Ahorn_T690_Durchsicht-scaled-rjkta3vm56u2yh3j41kjhuzyora1auc2nmk6u853rs.webp\" data-width=\"700\" data-height=\"700\" aria-label=\"\" role=\"img\" ><\/div>\n\t\t\t\t\t\t\t\t\t\t\t<div class=\"elementor-gallery-item__overlay\"><\/div>\n\t\t\t\t\t\t\t\t\t\t\t\t\t\t<\/a>\n\t\t\t\t\t\t\t<a class=\"e-gallery-item elementor-gallery-item elementor-animated-content\" href=\"https:\/\/ahorn-camp.de\/wp-content\/uploads\/2026\/04\/Ahorn_T690_Bad-scaled.jpg\" data-elementor-open-lightbox=\"yes\" data-elementor-lightbox-slideshow=\"bf3a787\" data-elementor-lightbox-title=\"Ahorn_T690_Bad\" data-e-action-hash=\"#elementor-action%3Aaction%3Dlightbox%26settings%3DeyJpZCI6Mzg3NTksInVybCI6Imh0dHBzOlwvXC9haG9ybi1jYW1wLmRlXC93cC1jb250ZW50XC91cGxvYWRzXC8yMDI2XC8wNFwvQWhvcm5fVDY5MF9CYWQtc2NhbGVkLmpwZyIsInNsaWRlc2hvdyI6ImJmM2E3ODcifQ%3D%3D\">\n\t\t\t\t\t<div class=\"e-gallery-image elementor-gallery-item__image\" data-thumbnail=\"https:\/\/ahorn-camp.de\/wp-content\/uploads\/elementor\/thumbs\/Ahorn_T690_Bad-scaled-rm19ovu0jeof4lvn6a9zu5y0jjc9vwby0w07mc32ag.jpg\" data-width=\"700\" data-height=\"700\" aria-label=\"\" role=\"img\" ><\/div>\n\t\t\t\t\t\t\t\t\t\t\t<div class=\"elementor-gallery-item__overlay\"><\/div>\n\t\t\t\t\t\t\t\t\t\t\t\t\t\t<\/a>\n\t\t\t\t\t\t\t<a class=\"e-gallery-item elementor-gallery-item elementor-animated-content\" href=\"https:\/\/ahorn-camp.de\/wp-content\/uploads\/2026\/04\/Ahorn_T690_MG_0798-komprimiert.jpg\" data-elementor-open-lightbox=\"yes\" data-elementor-lightbox-slideshow=\"bf3a787\" data-elementor-lightbox-title=\"Ahorn_T690_MG_0798 komprimiert\" data-e-action-hash=\"#elementor-action%3Aaction%3Dlightbox%26settings%3DeyJpZCI6Mzg3NjAsInVybCI6Imh0dHBzOlwvXC9haG9ybi1jYW1wLmRlXC93cC1jb250ZW50XC91cGxvYWRzXC8yMDI2XC8wNFwvQWhvcm5fVDY5MF9NR18wNzk4LWtvbXByaW1pZXJ0LmpwZyIsInNsaWRlc2hvdyI6ImJmM2E3ODcifQ%3D%3D\">\n\t\t\t\t\t<div class=\"e-gallery-image elementor-gallery-item__image\" data-thumbnail=\"https:\/\/ahorn-camp.de\/wp-content\/uploads\/elementor\/thumbs\/Ahorn_T690_MG_0798-komprimiert-rm19pxfk4s3w10d12qj2lwggay6yfsh7i23mtejbdk.jpg\" data-width=\"700\" data-height=\"700\" aria-label=\"\" role=\"img\" ><\/div>\n\t\t\t\t\t\t\t\t\t\t\t<div class=\"elementor-gallery-item__overlay\"><\/div>\n\t\t\t\t\t\t\t\t\t\t\t\t\t\t<\/a>\n\t\t\t\t\t<\/div>\n\t\t\t\t\t<\/div>\n\t\t\t\t<\/div>\n\t\t\t\t<section class=\"elementor-section elementor-inner-section elementor-element elementor-element-6a8ae23 elementor-section-boxed elementor-section-height-default elementor-section-height-default\" data-id=\"6a8ae23\" data-element_type=\"section\" data-e-type=\"section\" data-settings=\"{&quot;background_background&quot;:&quot;classic&quot;}\">\n\t\t\t\t\t\t<div class=\"elementor-container elementor-column-gap-default\">\n\t\t\t\t\t<div class=\"elementor-column elementor-col-100 elementor-inner-column elementor-element elementor-element-7d4344b\" data-id=\"7d4344b\" data-element_type=\"column\" data-e-type=\"column\">\n\t\t\t<div class=\"elementor-widget-wrap elementor-element-populated\">\n\t\t\t\t\t\t<div class=\"elementor-element elementor-element-305a076 elementor-testimonial--skin-bubble elementor-testimonial--align-left elementor-testimonial--layout-image_inline elementor-pagination-type-bullets elementor-widget elementor-widget-testimonial-carousel\" data-id=\"305a076\" data-element_type=\"widget\" data-e-type=\"widget\" data-settings=\"{&quot;slides_per_view&quot;:&quot;2&quot;,&quot;lazyload&quot;:&quot;yes&quot;,&quot;pagination&quot;:&quot;bullets&quot;,&quot;speed&quot;:500,&quot;autoplay&quot;:&quot;yes&quot;,&quot;autoplay_speed&quot;:5000,&quot;loop&quot;:&quot;yes&quot;,&quot;pause_on_hover&quot;:&quot;yes&quot;,&quot;pause_on_interaction&quot;:&quot;yes&quot;,&quot;space_between&quot;:{&quot;unit&quot;:&quot;px&quot;,&quot;size&quot;:10,&quot;sizes&quot;:[]},&quot;space_between_tablet&quot;:{&quot;unit&quot;:&quot;px&quot;,&quot;size&quot;:10,&quot;sizes&quot;:[]},&quot;space_between_mobile&quot;:{&quot;unit&quot;:&quot;px&quot;,&quot;size&quot;:10,&quot;sizes&quot;:[]}}\" data-widget_type=\"testimonial-carousel.default\">\n\t\t\t\t<div class=\"elementor-widget-container\">\n\t\t\t\t\t\t\t\t\t<div class=\"elementor-swiper\">\n\t\t\t\t\t<div class=\"elementor-main-swiper swiper\" role=\"region\" aria-roledescription=\"carousel\" aria-label=\"Slider\">\n\t\t\t\t<div class=\"swiper-wrapper\">\n\t\t\t\t\t\t\t\t\t\t\t<div class=\"swiper-slide\" role=\"group\" aria-roledescription=\"slide\">\n\t\t\t\t\t\t\t\t\t<div class=\"elementor-testimonial\">\n\t\t\t\t\t\t\t<div class=\"elementor-testimonial__content\">\n\t\t\t\t\t<div class=\"elementor-testimonial__text\">\n\t\t\t\t\t\tCet \u00e9t\u00e9, Ahorn Camp r\u00e9ussit un double coup de ma\u00eetre.\t\t\t\t\t<\/div>\n\t\t\t\t\t\t\t\t\t<\/div>\n\t\t\t\t\t\t<div class=\"elementor-testimonial__footer\">\n\t\t\t\t\t\t\t\t\t<div class=\"elementor-testimonial__image\">\n\t\t\t\t\t\t<img class=\"swiper-lazy\" data-src=\"https:\/\/ahorn-camp.de\/wp-content\/uploads\/2025\/10\/Logo-Autobild.svg\" alt=\"logo Autobild\">\n\t\t\t\t\t\t\t\t\t\t\t\t\t<div class=\"swiper-lazy-preloader\"><\/div>\n\t\t\t\t\t\t\t\t\t\t\t<\/div>\n\t\t\t\t\t\t\t\t<cite class=\"elementor-testimonial__cite\"><span class=\"elementor-testimonial__name\">Auto Bild<\/span><\/cite>\t\t\t<\/div>\n\t\t<\/div>\n\t\t\t\t\t\t\t\t<\/div>\n\t\t\t\t\t\t\t\t\t\t\t<div class=\"swiper-slide\" role=\"group\" aria-roledescription=\"slide\">\n\t\t\t\t\t\t\t\t\t<div class=\"elementor-testimonial\">\n\t\t\t\t\t\t\t<div class=\"elementor-testimonial__content\">\n\t\t\t\t\t<div class=\"elementor-testimonial__text\">\n\t\t\t\t\t\tAhorn Camp, bas\u00e9 \u00e0 Spire, d\u00e9marre l'avenir et la prochaine saison de mod\u00e8les avec dynamisme.\t\t\t\t\t<\/div>\n\t\t\t\t\t\t\t\t\t<\/div>\n\t\t\t\t\t\t<div class=\"elementor-testimonial__footer\">\n\t\t\t\t\t\t\t\t\t<div class=\"elementor-testimonial__image\">\n\t\t\t\t\t\t<img class=\"swiper-lazy\" data-src=\"https:\/\/ahorn-camp.de\/wp-content\/uploads\/2025\/10\/Reisemobil-International.svg\" alt=\"Logo Reisemobil International\">\n\t\t\t\t\t\t\t\t\t\t\t\t\t<div class=\"swiper-lazy-preloader\"><\/div>\n\t\t\t\t\t\t\t\t\t\t\t<\/div>\n\t\t\t\t\t\t\t\t<cite class=\"elementor-testimonial__cite\"><span class=\"elementor-testimonial__name\">Camping-car International<\/span><\/cite>\t\t\t<\/div>\n\t\t<\/div>\n\t\t\t\t\t\t\t\t<\/div>\n\t\t\t\t\t\t\t\t\t\t\t<div class=\"swiper-slide\" role=\"group\" aria-roledescription=\"slide\">\n\t\t\t\t\t\t\t\t\t<div class=\"elementor-testimonial\">\n\t\t\t\t\t\t\t<div class=\"elementor-testimonial__content\">\n\t\t\t\t\t<div class=\"elementor-testimonial__text\">\n\t\t\t\t\t\tAvec Hymer-Connection et le nouveau Master, la marque prend d\u00e9sormais son envol.\t\t\t\t\t<\/div>\n\t\t\t\t\t\t\t\t\t<\/div>\n\t\t\t\t\t\t<div class=\"elementor-testimonial__footer\">\n\t\t\t\t\t\t\t\t\t<div class=\"elementor-testimonial__image\">\n\t\t\t\t\t\t<img class=\"swiper-lazy\" data-src=\"https:\/\/ahorn-camp.de\/wp-content\/uploads\/2025\/10\/Auto_Zeitung_logo.jpg\" alt=\"Logo d&#039;Autozeitung\">\n\t\t\t\t\t\t\t\t\t\t\t\t\t<div class=\"swiper-lazy-preloader\"><\/div>\n\t\t\t\t\t\t\t\t\t\t\t<\/div>\n\t\t\t\t\t\t\t\t<cite class=\"elementor-testimonial__cite\"><span class=\"elementor-testimonial__name\">Auto Zeitung<\/span><\/cite>\t\t\t<\/div>\n\t\t<\/div>\n\t\t\t\t\t\t\t\t<\/div>\n\t\t\t\t\t\t\t\t\t\t\t<div class=\"swiper-slide\" role=\"group\" aria-roledescription=\"slide\">\n\t\t\t\t\t\t\t\t\t<div class=\"elementor-testimonial\">\n\t\t\t\t\t\t\t<div class=\"elementor-testimonial__content\">\n\t\t\t\t\t<div class=\"elementor-testimonial__text\">\n\t\t\t\t\t\tPour de nombreux campeurs, le nouveau Renault Master, associ\u00e9 au rapport qualit\u00e9-prix caract\u00e9ristique d'Ahorn, devrait constituer une offre globale int\u00e9ressante.\t\t\t\t\t<\/div>\n\t\t\t\t\t\t\t\t\t<\/div>\n\t\t\t\t\t\t<div class=\"elementor-testimonial__footer\">\n\t\t\t\t\t\t\t\t\t<div class=\"elementor-testimonial__image\">\n\t\t\t\t\t\t<img class=\"swiper-lazy\" data-src=\"https:\/\/ahorn-camp.de\/wp-content\/uploads\/2025\/10\/Promobil.svg\" alt=\"Logo Promobil\">\n\t\t\t\t\t\t\t\t\t\t\t\t\t<div class=\"swiper-lazy-preloader\"><\/div>\n\t\t\t\t\t\t\t\t\t\t\t<\/div>\n\t\t\t\t\t\t\t\t<cite class=\"elementor-testimonial__cite\"><span class=\"elementor-testimonial__name\">Promobil<\/span><\/cite>\t\t\t<\/div>\n\t\t<\/div>\n\t\t\t\t\t\t\t\t<\/div>\n\t\t\t\t\t\t\t\t\t<\/div>\n\t\t\t\t\t\t\t\t\t\t\t\t\t\t\t\t\t\t\t\t<div class=\"swiper-pagination\"><\/div>\n\t\t\t\t\t\t\t\t\t\t\t\t<\/div>\n\t\t\t\t<\/div>\n\t\t\t\t\t\t\t\t<\/div>\n\t\t\t\t<\/div>\n\t\t\t\t\t<\/div>\n\t\t<\/div>\n\t\t\t\t\t<\/div>\n\t\t<\/section>\n\t\t\t\t\t<\/div>\n\t\t<\/div>\n\t\t\t\t\t<\/div>\n\t\t<\/section>\n\t\t\t\t<section class=\"elementor-section elementor-top-section elementor-element elementor-element-45af914 elementor-section-stretched elementor-section-boxed elementor-section-height-default elementor-section-height-default\" data-id=\"45af914\" data-element_type=\"section\" data-e-type=\"section\" data-settings=\"{&quot;background_background&quot;:&quot;classic&quot;,&quot;stretch_section&quot;:&quot;section-stretched&quot;}\">\n\t\t\t\t\t\t<div class=\"elementor-container elementor-column-gap-default\">\n\t\t\t\t\t<div class=\"elementor-column elementor-col-100 elementor-top-column elementor-element elementor-element-3b45a3d\" data-id=\"3b45a3d\" data-element_type=\"column\" data-e-type=\"column\">\n\t\t\t<div class=\"elementor-widget-wrap elementor-element-populated\">\n\t\t\t\t\t\t<div class=\"elementor-element elementor-element-d8742bc elementor-widget elementor-widget-heading\" data-id=\"d8742bc\" data-element_type=\"widget\" data-e-type=\"widget\" data-widget_type=\"heading.default\">\n\t\t\t\t<div class=\"elementor-widget-container\">\n\t\t\t\t\t<h2 class=\"elementor-heading-title elementor-size-default\">In 4 Schritten zum eigenen Teilintegrierten<\/h2>\t\t\t\t<\/div>\n\t\t\t\t<\/div>\n\t\t\t\t<section class=\"elementor-section elementor-inner-section elementor-element elementor-element-f71b2ab elementor-section-boxed elementor-section-height-default elementor-section-height-default\" data-id=\"f71b2ab\" data-element_type=\"section\" data-e-type=\"section\">\n\t\t\t\t\t\t<div class=\"elementor-container elementor-column-gap-default\">\n\t\t\t\t\t<div class=\"elementor-column elementor-col-25 elementor-inner-column elementor-element elementor-element-aa5ad51\" data-id=\"aa5ad51\" data-element_type=\"column\" data-e-type=\"column\" data-settings=\"{&quot;background_background&quot;:&quot;classic&quot;}\">\n\t\t\t<div class=\"elementor-widget-wrap elementor-element-populated\">\n\t\t\t\t\t\t<div class=\"elementor-element elementor-element-1ed018a elementor-widget elementor-widget-heading\" data-id=\"1ed018a\" data-element_type=\"widget\" data-e-type=\"widget\" data-widget_type=\"heading.default\">\n\t\t\t\t<div class=\"elementor-widget-container\">\n\t\t\t\t\t<span class=\"elementor-heading-title elementor-size-default\">1.<\/span>\t\t\t\t<\/div>\n\t\t\t\t<\/div>\n\t\t\t\t<div class=\"elementor-element elementor-element-6d0dfd9 elementor-widget elementor-widget-heading\" data-id=\"6d0dfd9\" data-element_type=\"widget\" data-e-type=\"widget\" data-widget_type=\"heading.default\">\n\t\t\t\t<div class=\"elementor-widget-container\">\n\t\t\t\t\t<h3 class=\"elementor-heading-title elementor-size-default\">Online entdecken<\/h3>\t\t\t\t<\/div>\n\t\t\t\t<\/div>\n\t\t\t\t<div class=\"elementor-element elementor-element-c8af64c elementor-widget elementor-widget-text-editor\" data-id=\"c8af64c\" data-element_type=\"widget\" data-e-type=\"widget\" data-widget_type=\"text-editor.default\">\n\t\t\t\t<div class=\"elementor-widget-container\">\n\t\t\t\t\t\t\t\t\t<p>Teilintegrierte Modelle vergleichen<\/p>\t\t\t\t\t\t\t\t<\/div>\n\t\t\t\t<\/div>\n\t\t\t\t\t<\/div>\n\t\t<\/div>\n\t\t\t\t<div class=\"elementor-column elementor-col-25 elementor-inner-column elementor-element elementor-element-1d25894\" data-id=\"1d25894\" data-element_type=\"column\" data-e-type=\"column\" data-settings=\"{&quot;background_background&quot;:&quot;classic&quot;}\">\n\t\t\t<div class=\"elementor-widget-wrap elementor-element-populated\">\n\t\t\t\t\t\t<div class=\"elementor-element elementor-element-a2d5375 elementor-widget elementor-widget-heading\" data-id=\"a2d5375\" data-element_type=\"widget\" data-e-type=\"widget\" data-widget_type=\"heading.default\">\n\t\t\t\t<div class=\"elementor-widget-container\">\n\t\t\t\t\t<span class=\"elementor-heading-title elementor-size-default\">2.<\/span>\t\t\t\t<\/div>\n\t\t\t\t<\/div>\n\t\t\t\t<div class=\"elementor-element elementor-element-60fd2ab elementor-widget elementor-widget-heading\" data-id=\"60fd2ab\" data-element_type=\"widget\" data-e-type=\"widget\" data-widget_type=\"heading.default\">\n\t\t\t\t<div class=\"elementor-widget-container\">\n\t\t\t\t\t<h3 class=\"elementor-heading-title elementor-size-default\">Kontakt aufnehmen<\/h3>\t\t\t\t<\/div>\n\t\t\t\t<\/div>\n\t\t\t\t<div class=\"elementor-element elementor-element-f9d4c08 elementor-widget elementor-widget-text-editor\" data-id=\"f9d4c08\" data-element_type=\"widget\" data-e-type=\"widget\" data-widget_type=\"text-editor.default\">\n\t\t\t\t<div class=\"elementor-widget-container\">\n\t\t\t\t\t\t\t\t\t<p>Beratungstermin vereinbaren oder Angebot anfragen<\/p>\t\t\t\t\t\t\t\t<\/div>\n\t\t\t\t<\/div>\n\t\t\t\t\t<\/div>\n\t\t<\/div>\n\t\t\t\t<div class=\"elementor-column elementor-col-25 elementor-inner-column elementor-element elementor-element-9d987c1\" data-id=\"9d987c1\" data-element_type=\"column\" data-e-type=\"column\" data-settings=\"{&quot;background_background&quot;:&quot;classic&quot;}\">\n\t\t\t<div class=\"elementor-widget-wrap elementor-element-populated\">\n\t\t\t\t\t\t<div class=\"elementor-element elementor-element-f20c107 elementor-widget elementor-widget-heading\" data-id=\"f20c107\" data-element_type=\"widget\" data-e-type=\"widget\" data-widget_type=\"heading.default\">\n\t\t\t\t<div class=\"elementor-widget-container\">\n\t\t\t\t\t<span class=\"elementor-heading-title elementor-size-default\">3.<\/span>\t\t\t\t<\/div>\n\t\t\t\t<\/div>\n\t\t\t\t<div class=\"elementor-element elementor-element-9c82ad6 elementor-widget elementor-widget-heading\" data-id=\"9c82ad6\" data-element_type=\"widget\" data-e-type=\"widget\" data-widget_type=\"heading.default\">\n\t\t\t\t<div class=\"elementor-widget-container\">\n\t\t\t\t\t<h3 class=\"elementor-heading-title elementor-size-default\">Live erleben<\/h3>\t\t\t\t<\/div>\n\t\t\t\t<\/div>\n\t\t\t\t<div class=\"elementor-element elementor-element-ab6d03f elementor-widget elementor-widget-text-editor\" data-id=\"ab6d03f\" data-element_type=\"widget\" data-e-type=\"widget\" data-widget_type=\"text-editor.default\">\n\t\t\t\t<div class=\"elementor-widget-container\">\n\t\t\t\t\t\t\t\t\t<p>Fahrzeug in unseren Niederlassungen oder bei Handelspartnern erleben<\/p>\t\t\t\t\t\t\t\t<\/div>\n\t\t\t\t<\/div>\n\t\t\t\t\t<\/div>\n\t\t<\/div>\n\t\t\t\t<div class=\"elementor-column elementor-col-25 elementor-inner-column elementor-element elementor-element-c511662\" data-id=\"c511662\" data-element_type=\"column\" data-e-type=\"column\" data-settings=\"{&quot;background_background&quot;:&quot;classic&quot;}\">\n\t\t\t<div class=\"elementor-widget-wrap elementor-element-populated\">\n\t\t\t\t\t\t<div class=\"elementor-element elementor-element-3127ffd elementor-widget elementor-widget-heading\" data-id=\"3127ffd\" data-element_type=\"widget\" data-e-type=\"widget\" data-widget_type=\"heading.default\">\n\t\t\t\t<div class=\"elementor-widget-container\">\n\t\t\t\t\t<span class=\"elementor-heading-title elementor-size-default\">4.<\/span>\t\t\t\t<\/div>\n\t\t\t\t<\/div>\n\t\t\t\t<div class=\"elementor-element elementor-element-8392c61 elementor-widget elementor-widget-heading\" data-id=\"8392c61\" data-element_type=\"widget\" data-e-type=\"widget\" data-widget_type=\"heading.default\">\n\t\t\t\t<div class=\"elementor-widget-container\">\n\t\t\t\t\t<h3 class=\"elementor-heading-title elementor-size-default\">Ihr Teilintegrierter<\/h3>\t\t\t\t<\/div>\n\t\t\t\t<\/div>\n\t\t\t\t<div class=\"elementor-element elementor-element-a35d3b6 elementor-widget elementor-widget-text-editor\" data-id=\"a35d3b6\" data-element_type=\"widget\" data-e-type=\"widget\" data-widget_type=\"text-editor.default\">\n\t\t\t\t<div class=\"elementor-widget-container\">\n\t\t\t\t\t\t\t\t\t<p>Ihren Teilintegrierten kaufen, losfahren und rundum sorglos Service genie\u00dfen<\/p>\t\t\t\t\t\t\t\t<\/div>\n\t\t\t\t<\/div>\n\t\t\t\t\t<\/div>\n\t\t<\/div>\n\t\t\t\t\t<\/div>\n\t\t<\/section>\n\t\t\t\t\t<\/div>\n\t\t<\/div>\n\t\t\t\t\t<\/div>\n\t\t<\/section>\n\t\t\t\t<section class=\"elementor-section elementor-top-section elementor-element elementor-element-fdef964 elementor-section-stretched elementor-section-boxed elementor-section-height-default elementor-section-height-default\" data-id=\"fdef964\" data-element_type=\"section\" data-e-type=\"section\" data-settings=\"{&quot;stretch_section&quot;:&quot;section-stretched&quot;,&quot;background_background&quot;:&quot;classic&quot;}\">\n\t\t\t\t\t\t<div class=\"elementor-container elementor-column-gap-default\">\n\t\t\t\t\t<div class=\"elementor-column elementor-col-100 elementor-top-column elementor-element elementor-element-df06284\" data-id=\"df06284\" data-element_type=\"column\" data-e-type=\"column\">\n\t\t\t<div class=\"elementor-widget-wrap elementor-element-populated\">\n\t\t\t\t\t\t<div class=\"elementor-element elementor-element-0795a63 elementor-widget elementor-widget-heading\" data-id=\"0795a63\" data-element_type=\"widget\" data-e-type=\"widget\" data-widget_type=\"heading.default\">\n\t\t\t\t<div class=\"elementor-widget-container\">\n\t\t\t\t\t<h2 class=\"elementor-heading-title elementor-size-default\">Wir beraten Sie gern pers\u00f6nlich, ausf\u00fchrlich und unverbindlich <\/h2>\t\t\t\t<\/div>\n\t\t\t\t<\/div>\n\t\t\t\t<section class=\"elementor-section elementor-inner-section elementor-element elementor-element-1b0797f elementor-section-boxed elementor-section-height-default elementor-section-height-default\" data-id=\"1b0797f\" data-element_type=\"section\" data-e-type=\"section\">\n\t\t\t\t\t\t<div class=\"elementor-container elementor-column-gap-default\">\n\t\t\t\t\t<div class=\"elementor-column elementor-col-33 elementor-inner-column elementor-element elementor-element-ab41775\" data-id=\"ab41775\" data-element_type=\"column\" data-e-type=\"column\">\n\t\t\t<div class=\"elementor-widget-wrap elementor-element-populated\">\n\t\t\t\t\t\t<div class=\"elementor-element elementor-element-a690a4c elementor-align-justify elementor-widget elementor-widget-button\" data-id=\"a690a4c\" data-element_type=\"widget\" data-e-type=\"widget\" data-widget_type=\"button.default\">\n\t\t\t\t<div class=\"elementor-widget-container\">\n\t\t\t\t\t\t\t\t\t<div class=\"elementor-button-wrapper\">\n\t\t\t\t\t<a class=\"elementor-button elementor-button-link elementor-size-sm elementor-animation-grow\" href=\"#elementor-action%3Aaction%3Dpopup%3Aopen%26settings%3DeyJpZCI6IjM2ODk5IiwidG9nZ2xlIjpmYWxzZX0%3D\">\n\t\t\t\t\t\t<span class=\"elementor-button-content-wrapper\">\n\t\t\t\t\t\t\t\t\t<span class=\"elementor-button-text\">Prendre rendez-vous pour un entretien de conseil<\/span>\n\t\t\t\t\t<\/span>\n\t\t\t\t\t<\/a>\n\t\t\t\t<\/div>\n\t\t\t\t\t\t\t\t<\/div>\n\t\t\t\t<\/div>\n\t\t\t\t\t<\/div>\n\t\t<\/div>\n\t\t\t\t<div class=\"elementor-column elementor-col-33 elementor-inner-column elementor-element elementor-element-4fcb6f3\" data-id=\"4fcb6f3\" data-element_type=\"column\" data-e-type=\"column\">\n\t\t\t<div class=\"elementor-widget-wrap elementor-element-populated\">\n\t\t\t\t\t\t<div class=\"elementor-element elementor-element-fe5c03d elementor-align-justify elementor-widget elementor-widget-button\" data-id=\"fe5c03d\" data-element_type=\"widget\" data-e-type=\"widget\" data-widget_type=\"button.default\">\n\t\t\t\t<div class=\"elementor-widget-container\">\n\t\t\t\t\t\t\t\t\t<div class=\"elementor-button-wrapper\">\n\t\t\t\t\t<a class=\"elementor-button elementor-button-link elementor-size-sm elementor-animation-grow\" href=\"#elementor-action%3Aaction%3Dpopup%3Aopen%26settings%3DeyJpZCI6IjMxNzE0IiwidG9nZ2xlIjpmYWxzZX0%3D\">\n\t\t\t\t\t\t<span class=\"elementor-button-content-wrapper\">\n\t\t\t\t\t\t\t\t\t<span class=\"elementor-button-text\">Demander une offre<\/span>\n\t\t\t\t\t<\/span>\n\t\t\t\t\t<\/a>\n\t\t\t\t<\/div>\n\t\t\t\t\t\t\t\t<\/div>\n\t\t\t\t<\/div>\n\t\t\t\t\t<\/div>\n\t\t<\/div>\n\t\t\t\t<div class=\"elementor-column elementor-col-33 elementor-inner-column elementor-element elementor-element-ff0fd55\" data-id=\"ff0fd55\" data-element_type=\"column\" data-e-type=\"column\">\n\t\t\t<div class=\"elementor-widget-wrap elementor-element-populated\">\n\t\t\t\t\t\t<div class=\"elementor-element elementor-element-b4d8288 elementor-align-justify elementor-widget elementor-widget-button\" data-id=\"b4d8288\" data-element_type=\"widget\" data-e-type=\"widget\" data-widget_type=\"button.default\">\n\t\t\t\t<div class=\"elementor-widget-container\">\n\t\t\t\t\t\t\t\t\t<div class=\"elementor-button-wrapper\">\n\t\t\t\t\t<a class=\"elementor-button elementor-button-link elementor-size-sm elementor-animation-grow\" href=\"https:\/\/ahorn-camp.de\/fr\/trouveur-de-vehicules\/\">\n\t\t\t\t\t\t<span class=\"elementor-button-content-wrapper\">\n\t\t\t\t\t\t\t\t\t<span class=\"elementor-button-text\">Trouver un revendeur<\/span>\n\t\t\t\t\t<\/span>\n\t\t\t\t\t<\/a>\n\t\t\t\t<\/div>\n\t\t\t\t\t\t\t\t<\/div>\n\t\t\t\t<\/div>\n\t\t\t\t\t<\/div>\n\t\t<\/div>\n\t\t\t\t\t<\/div>\n\t\t<\/section>\n\t\t\t\t\t<\/div>\n\t\t<\/div>\n\t\t\t\t\t<\/div>\n\t\t<\/section>\n\t\t\t\t<section class=\"elementor-section elementor-top-section elementor-element elementor-element-607deeb elementor-section-stretched elementor-section-boxed elementor-section-height-default elementor-section-height-default\" data-id=\"607deeb\" data-element_type=\"section\" data-e-type=\"section\" data-settings=\"{&quot;stretch_section&quot;:&quot;section-stretched&quot;,&quot;background_background&quot;:&quot;classic&quot;}\">\n\t\t\t\t\t\t<div class=\"elementor-container elementor-column-gap-default\">\n\t\t\t\t\t<div class=\"elementor-column elementor-col-100 elementor-top-column elementor-element elementor-element-d65727a\" data-id=\"d65727a\" data-element_type=\"column\" data-e-type=\"column\">\n\t\t\t<div class=\"elementor-widget-wrap elementor-element-populated\">\n\t\t\t\t\t\t<div class=\"elementor-element elementor-element-5781e42 elementor-widget elementor-widget-heading\" data-id=\"5781e42\" data-element_type=\"widget\" data-e-type=\"widget\" data-widget_type=\"heading.default\">\n\t\t\t\t<div class=\"elementor-widget-container\">\n\t\t\t\t\t<h2 class=\"elementor-heading-title elementor-size-default\">Vos avantages chez Ahorn Camp<\/h2>\t\t\t\t<\/div>\n\t\t\t\t<\/div>\n\t\t\t\t<section class=\"elementor-section elementor-inner-section elementor-element elementor-element-2dc333c elementor-section-boxed elementor-section-height-default elementor-section-height-default\" data-id=\"2dc333c\" data-element_type=\"section\" data-e-type=\"section\">\n\t\t\t\t\t\t<div class=\"elementor-container elementor-column-gap-default\">\n\t\t\t\t\t<div class=\"elementor-column elementor-col-25 elementor-inner-column elementor-element elementor-element-3532fcc\" data-id=\"3532fcc\" data-element_type=\"column\" data-e-type=\"column\" data-settings=\"{&quot;background_background&quot;:&quot;classic&quot;}\">\n\t\t\t<div class=\"elementor-widget-wrap elementor-element-populated\">\n\t\t\t\t\t\t<div class=\"elementor-element elementor-element-2ce764c elementor-widget elementor-widget-heading\" data-id=\"2ce764c\" data-element_type=\"widget\" data-e-type=\"widget\" data-widget_type=\"heading.default\">\n\t\t\t\t<div class=\"elementor-widget-container\">\n\t\t\t\t\t<h3 class=\"elementor-heading-title elementor-size-default\">Top Qualit\u00e4t<\/h3>\t\t\t\t<\/div>\n\t\t\t\t<\/div>\n\t\t\t\t<div class=\"elementor-element elementor-element-9a385e3 elementor-widget elementor-widget-text-editor\" data-id=\"9a385e3\" data-element_type=\"widget\" data-e-type=\"widget\" data-widget_type=\"text-editor.default\">\n\t\t\t\t<div class=\"elementor-widget-container\">\n\t\t\t\t\t\t\t\t\t<p>Unsere Teilintegrierten entstehen in Kooperation mit der Erwin Hymer Group, einem der gr\u00f6\u00dften und erfahrensten Wohnmobilhersteller Europas.<\/p>\t\t\t\t\t\t\t\t<\/div>\n\t\t\t\t<\/div>\n\t\t\t\t\t<\/div>\n\t\t<\/div>\n\t\t\t\t<div class=\"elementor-column elementor-col-25 elementor-inner-column elementor-element elementor-element-83f5c5b\" data-id=\"83f5c5b\" data-element_type=\"column\" data-e-type=\"column\" data-settings=\"{&quot;background_background&quot;:&quot;classic&quot;}\">\n\t\t\t<div class=\"elementor-widget-wrap elementor-element-populated\">\n\t\t\t\t\t\t<div class=\"elementor-element elementor-element-0dc8c7c elementor-widget elementor-widget-heading\" data-id=\"0dc8c7c\" data-element_type=\"widget\" data-e-type=\"widget\" data-widget_type=\"heading.default\">\n\t\t\t\t<div class=\"elementor-widget-container\">\n\t\t\t\t\t<h3 class=\"elementor-heading-title elementor-size-default\">Pers\u00f6nliche Beratung<\/h3>\t\t\t\t<\/div>\n\t\t\t\t<\/div>\n\t\t\t\t<div class=\"elementor-element elementor-element-ef101b0 elementor-widget elementor-widget-text-editor\" data-id=\"ef101b0\" data-element_type=\"widget\" data-e-type=\"widget\" data-widget_type=\"text-editor.default\">\n\t\t\t\t<div class=\"elementor-widget-container\">\n\t\t\t\t\t\t\t\t\t<p>Bei unseren 3 Standorten in Deutschland: Speyer, Frankfurt und M\u00fclheim an der Ruhr, sowie unseren Handelspartnern.<\/p>\t\t\t\t\t\t\t\t<\/div>\n\t\t\t\t<\/div>\n\t\t\t\t\t<\/div>\n\t\t<\/div>\n\t\t\t\t<div class=\"elementor-column elementor-col-25 elementor-inner-column elementor-element elementor-element-5bbc22c\" data-id=\"5bbc22c\" data-element_type=\"column\" data-e-type=\"column\" data-settings=\"{&quot;background_background&quot;:&quot;classic&quot;}\">\n\t\t\t<div class=\"elementor-widget-wrap elementor-element-populated\">\n\t\t\t\t\t\t<div class=\"elementor-element elementor-element-0aa090d elementor-widget elementor-widget-heading\" data-id=\"0aa090d\" data-element_type=\"widget\" data-e-type=\"widget\" data-widget_type=\"heading.default\">\n\t\t\t\t<div class=\"elementor-widget-container\">\n\t\t\t\t\t<h3 class=\"elementor-heading-title elementor-size-default\">Financer \u00e0 bas prix<\/h3>\t\t\t\t<\/div>\n\t\t\t\t<\/div>\n\t\t\t\t<div class=\"elementor-element elementor-element-4159b4b elementor-widget elementor-widget-text-editor\" data-id=\"4159b4b\" data-element_type=\"widget\" data-e-type=\"widget\" data-widget_type=\"text-editor.default\">\n\t\t\t\t<div class=\"elementor-widget-container\">\n\t\t\t\t\t\t\t\t\t<p>Unseren attraktiven Finanzierungsangebote machen den Kauf Ihres Teilintegrierten planbar und erschwinglich.<\/p>\t\t\t\t\t\t\t\t<\/div>\n\t\t\t\t<\/div>\n\t\t\t\t\t<\/div>\n\t\t<\/div>\n\t\t\t\t<div class=\"elementor-column elementor-col-25 elementor-inner-column elementor-element elementor-element-cc72eed\" data-id=\"cc72eed\" data-element_type=\"column\" data-e-type=\"column\" data-settings=\"{&quot;background_background&quot;:&quot;classic&quot;}\">\n\t\t\t<div class=\"elementor-widget-wrap elementor-element-populated\">\n\t\t\t\t\t\t<div class=\"elementor-element elementor-element-30cc2d4 elementor-widget elementor-widget-heading\" data-id=\"30cc2d4\" data-element_type=\"widget\" data-e-type=\"widget\" data-widget_type=\"heading.default\">\n\t\t\t\t<div class=\"elementor-widget-container\">\n\t\t\t\t\t<h3 class=\"elementor-heading-title elementor-size-default\">Gro\u00dfes Service-Netzwerk<\/h3>\t\t\t\t<\/div>\n\t\t\t\t<\/div>\n\t\t\t\t<div class=\"elementor-element elementor-element-d7d0b71 elementor-widget elementor-widget-text-editor\" data-id=\"d7d0b71\" data-element_type=\"widget\" data-e-type=\"widget\" data-widget_type=\"text-editor.default\">\n\t\t\t\t<div class=\"elementor-widget-container\">\n\t\t\t\t\t\t\t\t\t<p>Profitieren Sie von einem fl\u00e4chendeckenden Servicenetzwerk mit kompetenten Partnerwerkst\u00e4tten<\/p>\t\t\t\t\t\t\t\t<\/div>\n\t\t\t\t<\/div>\n\t\t\t\t\t<\/div>\n\t\t<\/div>\n\t\t\t\t\t<\/div>\n\t\t<\/section>\n\t\t\t\t\t<\/div>\n\t\t<\/div>\n\t\t\t\t\t<\/div>\n\t\t<\/section>\n\t\t\t\t<section class=\"elementor-section elementor-top-section elementor-element elementor-element-0925e4d elementor-section-stretched elementor-section-boxed elementor-section-height-default elementor-section-height-default\" data-id=\"0925e4d\" data-element_type=\"section\" data-e-type=\"section\" data-settings=\"{&quot;stretch_section&quot;:&quot;section-stretched&quot;}\">\n\t\t\t\t\t\t<div class=\"elementor-container elementor-column-gap-default\">\n\t\t\t\t\t<div class=\"elementor-column elementor-col-100 elementor-top-column elementor-element elementor-element-b720711\" data-id=\"b720711\" data-element_type=\"column\" data-e-type=\"column\">\n\t\t\t<div class=\"elementor-widget-wrap elementor-element-populated\">\n\t\t\t\t\t\t<section class=\"elementor-section elementor-inner-section elementor-element elementor-element-5d686f5 elementor-reverse-tablet elementor-reverse-mobile elementor-section-boxed elementor-section-height-default elementor-section-height-default\" data-id=\"5d686f5\" data-element_type=\"section\" data-e-type=\"section\">\n\t\t\t\t\t\t<div class=\"elementor-container elementor-column-gap-default\">\n\t\t\t\t\t<div class=\"elementor-column elementor-col-50 elementor-inner-column elementor-element elementor-element-2f33faf\" data-id=\"2f33faf\" data-element_type=\"column\" data-e-type=\"column\">\n\t\t\t<div class=\"elementor-widget-wrap elementor-element-populated\">\n\t\t\t\t\t\t<div class=\"elementor-element elementor-element-d445f20 elementor-widget elementor-widget-heading\" data-id=\"d445f20\" data-element_type=\"widget\" data-e-type=\"widget\" data-widget_type=\"heading.default\">\n\t\t\t\t<div class=\"elementor-widget-container\">\n\t\t\t\t\t<h3 class=\"elementor-heading-title elementor-size-default\">Le Renault Master<\/h3>\t\t\t\t<\/div>\n\t\t\t\t<\/div>\n\t\t\t\t<div class=\"elementor-element elementor-element-5df9ed9 elementor-widget elementor-widget-text-editor\" data-id=\"5df9ed9\" data-element_type=\"widget\" data-e-type=\"widget\" data-widget_type=\"text-editor.default\">\n\t\t\t\t<div class=\"elementor-widget-container\">\n\t\t\t\t\t\t\t\t\t<p><strong>Der Renault Master. Mehr Raum f\u00fcr Ihre Reise.<\/strong><\/p><p>Der neue Renault Master bildet die Basis unserer Teilintegrierten \u2013 und bietet als Van of the Year 2025 genau das, was auf langen Touren z\u00e4hlt: Die 9-Gang-Wandlerautomatik sorgt f\u00fcr entspanntes Fahren auch \u00fcber Stunden, der effiziente Blue dCi-Motor (Euro 6e) h\u00e4lt die Reisekosten niedrig. Das breitere Fahrerhaus der Teilintegrierten schafft zus\u00e4tzliche Bewegungsfreiheit, umfangreiche Assistenzsysteme machen auch unbekannte Routen sicher.\u00a0<\/p>\t\t\t\t\t\t\t\t<\/div>\n\t\t\t\t<\/div>\n\t\t\t\t\t<\/div>\n\t\t<\/div>\n\t\t\t\t<div class=\"elementor-column elementor-col-50 elementor-inner-column elementor-element elementor-element-d009848\" data-id=\"d009848\" data-element_type=\"column\" data-e-type=\"column\">\n\t\t\t<div class=\"elementor-widget-wrap elementor-element-populated\">\n\t\t\t\t\t\t<div class=\"elementor-element elementor-element-d3d8903 elementor-widget elementor-widget-gallery\" data-id=\"d3d8903\" data-element_type=\"widget\" data-e-type=\"widget\" data-settings=\"{&quot;columns&quot;:1,&quot;lazyload&quot;:&quot;yes&quot;,&quot;gallery_layout&quot;:&quot;grid&quot;,&quot;columns_tablet&quot;:2,&quot;columns_mobile&quot;:1,&quot;gap&quot;:{&quot;unit&quot;:&quot;px&quot;,&quot;size&quot;:10,&quot;sizes&quot;:[]},&quot;gap_tablet&quot;:{&quot;unit&quot;:&quot;px&quot;,&quot;size&quot;:10,&quot;sizes&quot;:[]},&quot;gap_mobile&quot;:{&quot;unit&quot;:&quot;px&quot;,&quot;size&quot;:10,&quot;sizes&quot;:[]},&quot;link_to&quot;:&quot;file&quot;,&quot;aspect_ratio&quot;:&quot;3:2&quot;,&quot;overlay_background&quot;:&quot;yes&quot;,&quot;content_hover_animation&quot;:&quot;fade-in&quot;}\" data-widget_type=\"gallery.default\">\n\t\t\t\t<div class=\"elementor-widget-container\">\n\t\t\t\t\t\t\t<div class=\"elementor-gallery__container\">\n\t\t\t\t\t\t\t<a class=\"e-gallery-item elementor-gallery-item elementor-animated-content\" href=\"https:\/\/ahorn-camp.de\/wp-content\/uploads\/2025\/06\/R-DAM_1514355.jpg\" data-elementor-open-lightbox=\"yes\" data-elementor-lightbox-slideshow=\"d3d8903\" data-elementor-lightbox-title=\"Licht Neuer Master 2026\" data-elementor-lightbox-description=\"Licht Neuer Master 2026\" data-e-action-hash=\"#elementor-action%3Aaction%3Dlightbox%26settings%3DeyJpZCI6MzExOTQsInVybCI6Imh0dHBzOlwvXC9haG9ybi1jYW1wLmRlXC93cC1jb250ZW50XC91cGxvYWRzXC8yMDI1XC8wNlwvUi1EQU1fMTUxNDM1NS5qcGciLCJzbGlkZXNob3ciOiJkM2Q4OTAzIn0%3D\">\n\t\t\t\t\t<div class=\"e-gallery-image elementor-gallery-item__image\" data-thumbnail=\"https:\/\/ahorn-camp.de\/wp-content\/uploads\/2025\/06\/R-DAM_1514355-1024x682.jpg\" data-width=\"1024\" data-height=\"682\" aria-label=\"Lumi\u00e8re Nouveau master 2026\" role=\"img\" ><\/div>\n\t\t\t\t\t\t\t\t\t\t\t<div class=\"elementor-gallery-item__overlay\"><\/div>\n\t\t\t\t\t\t\t\t\t\t\t\t\t\t<\/a>\n\t\t\t\t\t<\/div>\n\t\t\t\t\t<\/div>\n\t\t\t\t<\/div>\n\t\t\t\t\t<\/div>\n\t\t<\/div>\n\t\t\t\t\t<\/div>\n\t\t<\/section>\n\t\t\t\t<div class=\"elementor-element elementor-element-59fd18a elementor-widget elementor-widget-heading\" data-id=\"59fd18a\" data-element_type=\"widget\" data-e-type=\"widget\" data-widget_type=\"heading.default\">\n\t\t\t\t<div class=\"elementor-widget-container\">\n\t\t\t\t\t<h2 class=\"elementor-heading-title elementor-size-default\">Weitere Ahorn Camp Modelle und Angebote entdecken<\/h2>\t\t\t\t<\/div>\n\t\t\t\t<\/div>\n\t\t\t\t<section class=\"elementor-section elementor-inner-section elementor-element elementor-element-cfbeeca elementor-section-boxed elementor-section-height-default elementor-section-height-default\" data-id=\"cfbeeca\" data-element_type=\"section\" data-e-type=\"section\">\n\t\t\t\t\t\t<div class=\"elementor-container elementor-column-gap-default\">\n\t\t\t\t\t<div class=\"elementor-column elementor-col-25 elementor-inner-column elementor-element elementor-element-0430132\" data-id=\"0430132\" data-element_type=\"column\" data-e-type=\"column\" data-settings=\"{&quot;background_background&quot;:&quot;classic&quot;}\">\n\t\t\t<div class=\"elementor-widget-wrap elementor-element-populated\">\n\t\t\t\t\t\t<div class=\"elementor-element elementor-element-3b45420 elementor-widget elementor-widget-image\" data-id=\"3b45420\" data-element_type=\"widget\" data-e-type=\"widget\" data-widget_type=\"image.default\">\n\t\t\t\t<div class=\"elementor-widget-container\">\n\t\t\t\t\t\t\t\t\t\t\t\t\t\t\t\t<a href=\"https:\/\/ahorn-camp.de\/fr\/offres\/\">\n\t\t\t\t\t\t\t<img decoding=\"async\" width=\"1024\" height=\"683\" src=\"https:\/\/ahorn-camp.de\/wp-content\/uploads\/2024\/03\/2024-02-Website-Icons-Fahrzeuge2.png\" class=\"attachment-full size-full wp-image-22516\" alt=\"Offres actuelles de Ahorn Camp\" srcset=\"https:\/\/ahorn-camp.de\/wp-content\/uploads\/2024\/03\/2024-02-Website-Icons-Fahrzeuge2.png 1024w, https:\/\/ahorn-camp.de\/wp-content\/uploads\/2024\/03\/2024-02-Website-Icons-Fahrzeuge2-300x200.png 300w, https:\/\/ahorn-camp.de\/wp-content\/uploads\/2024\/03\/2024-02-Website-Icons-Fahrzeuge2-768x512.png 768w, https:\/\/ahorn-camp.de\/wp-content\/uploads\/2024\/03\/2024-02-Website-Icons-Fahrzeuge2-800x534.png 800w\" sizes=\"(max-width: 1024px) 100vw, 1024px\" \/>\t\t\t\t\t\t\t\t<\/a>\n\t\t\t\t\t\t\t\t\t\t\t\t\t\t\t<\/div>\n\t\t\t\t<\/div>\n\t\t\t\t<div class=\"elementor-element elementor-element-31eb520 elementor-widget elementor-widget-heading\" data-id=\"31eb520\" data-element_type=\"widget\" data-e-type=\"widget\" data-widget_type=\"heading.default\">\n\t\t\t\t<div class=\"elementor-widget-container\">\n\t\t\t\t\t<h4 class=\"elementor-heading-title elementor-size-default\"><a href=\"https:\/\/ahorn-camp.de\/fr\/offres\/\">Offres actuelles<\/a><\/h4>\t\t\t\t<\/div>\n\t\t\t\t<\/div>\n\t\t\t\t<div class=\"elementor-element elementor-element-1645dec elementor-widget elementor-widget-text-editor\" data-id=\"1645dec\" data-element_type=\"widget\" data-e-type=\"widget\" data-widget_type=\"text-editor.default\">\n\t\t\t\t<div class=\"elementor-widget-container\">\n\t\t\t\t\t\t\t\t\t<p>Remises exclusives sur une s\u00e9lection de mod\u00e8les<\/p>\t\t\t\t\t\t\t\t<\/div>\n\t\t\t\t<\/div>\n\t\t\t\t<div class=\"elementor-element elementor-element-6d81290 elementor-widget__width-inherit elementor-align-center elementor-widget elementor-widget-button\" data-id=\"6d81290\" data-element_type=\"widget\" data-e-type=\"widget\" data-widget_type=\"button.default\">\n\t\t\t\t<div class=\"elementor-widget-container\">\n\t\t\t\t\t\t\t\t\t<div class=\"elementor-button-wrapper\">\n\t\t\t\t\t<a class=\"elementor-button elementor-button-link elementor-size-sm elementor-animation-float\" href=\"https:\/\/ahorn-camp.de\/fr\/offres\/\">\n\t\t\t\t\t\t<span class=\"elementor-button-content-wrapper\">\n\t\t\t\t\t\t\t\t\t<span class=\"elementor-button-text\">Voir l'offre<\/span>\n\t\t\t\t\t<\/span>\n\t\t\t\t\t<\/a>\n\t\t\t\t<\/div>\n\t\t\t\t\t\t\t\t<\/div>\n\t\t\t\t<\/div>\n\t\t\t\t\t<\/div>\n\t\t<\/div>\n\t\t\t\t<div class=\"elementor-column elementor-col-25 elementor-inner-column elementor-element elementor-element-787603b\" data-id=\"787603b\" data-element_type=\"column\" data-e-type=\"column\" data-settings=\"{&quot;background_background&quot;:&quot;classic&quot;}\">\n\t\t\t<div class=\"elementor-widget-wrap elementor-element-populated\">\n\t\t\t\t\t\t<div class=\"elementor-element elementor-element-d95c2a6 elementor-widget elementor-widget-image\" data-id=\"d95c2a6\" data-element_type=\"widget\" data-e-type=\"widget\" data-widget_type=\"image.default\">\n\t\t\t\t<div class=\"elementor-widget-container\">\n\t\t\t\t\t\t\t\t\t\t\t\t\t\t\t\t<a href=\"https:\/\/ahorn-camp.de\/fr\/gebrauchte\/\">\n\t\t\t\t\t\t\t<img loading=\"lazy\" decoding=\"async\" width=\"1024\" height=\"683\" src=\"https:\/\/ahorn-camp.de\/wp-content\/uploads\/2024\/03\/2024-02-Website-Icons-Fahrzeuge.png\" class=\"attachment-full size-full wp-image-22517\" alt=\"V\u00e9hicules d&#039;occasion de Ahorn Camp\" srcset=\"https:\/\/ahorn-camp.de\/wp-content\/uploads\/2024\/03\/2024-02-Website-Icons-Fahrzeuge.png 1024w, https:\/\/ahorn-camp.de\/wp-content\/uploads\/2024\/03\/2024-02-Website-Icons-Fahrzeuge-300x200.png 300w, https:\/\/ahorn-camp.de\/wp-content\/uploads\/2024\/03\/2024-02-Website-Icons-Fahrzeuge-768x512.png 768w, https:\/\/ahorn-camp.de\/wp-content\/uploads\/2024\/03\/2024-02-Website-Icons-Fahrzeuge-800x534.png 800w\" sizes=\"(max-width: 1024px) 100vw, 1024px\" \/>\t\t\t\t\t\t\t\t<\/a>\n\t\t\t\t\t\t\t\t\t\t\t\t\t\t\t<\/div>\n\t\t\t\t<\/div>\n\t\t\t\t<div class=\"elementor-element elementor-element-2a5e50d elementor-widget elementor-widget-heading\" data-id=\"2a5e50d\" data-element_type=\"widget\" data-e-type=\"widget\" data-widget_type=\"heading.default\">\n\t\t\t\t<div class=\"elementor-widget-container\">\n\t\t\t\t\t<h4 class=\"elementor-heading-title elementor-size-default\"><a href=\"https:\/\/ahorn-camp.de\/fr\/gebrauchte\/\">Gebrauchte Vans<\/a><\/h4>\t\t\t\t<\/div>\n\t\t\t\t<\/div>\n\t\t\t\t<div class=\"elementor-element elementor-element-308ec44 elementor-widget elementor-widget-text-editor\" data-id=\"308ec44\" data-element_type=\"widget\" data-e-type=\"widget\" data-widget_type=\"text-editor.default\">\n\t\t\t\t<div class=\"elementor-widget-container\">\n\t\t\t\t\t\t\t\t\t<p>Vorf\u00fchrwagen, junge Gebrauchte oder Mietr\u00fcckl\u00e4ufer<\/p>\t\t\t\t\t\t\t\t<\/div>\n\t\t\t\t<\/div>\n\t\t\t\t<div class=\"elementor-element elementor-element-d3529c2 elementor-widget__width-inherit elementor-align-center elementor-widget elementor-widget-button\" data-id=\"d3529c2\" data-element_type=\"widget\" data-e-type=\"widget\" data-widget_type=\"button.default\">\n\t\t\t\t<div class=\"elementor-widget-container\">\n\t\t\t\t\t\t\t\t\t<div class=\"elementor-button-wrapper\">\n\t\t\t\t\t<a class=\"elementor-button elementor-button-link elementor-size-sm elementor-animation-float\" href=\"https:\/\/ahorn-camp.de\/fr\/gebrauchte\/\">\n\t\t\t\t\t\t<span class=\"elementor-button-content-wrapper\">\n\t\t\t\t\t\t\t\t\t<span class=\"elementor-button-text\">Gebrauchte ansehen<\/span>\n\t\t\t\t\t<\/span>\n\t\t\t\t\t<\/a>\n\t\t\t\t<\/div>\n\t\t\t\t\t\t\t\t<\/div>\n\t\t\t\t<\/div>\n\t\t\t\t\t<\/div>\n\t\t<\/div>\n\t\t\t\t<div class=\"elementor-column elementor-col-25 elementor-inner-column elementor-element elementor-element-276e750\" data-id=\"276e750\" data-element_type=\"column\" data-e-type=\"column\" data-settings=\"{&quot;background_background&quot;:&quot;classic&quot;}\">\n\t\t\t<div class=\"elementor-widget-wrap elementor-element-populated\">\n\t\t\t\t\t\t<div class=\"elementor-element elementor-element-cf4dd10 elementor-widget elementor-widget-image\" data-id=\"cf4dd10\" data-element_type=\"widget\" data-e-type=\"widget\" data-widget_type=\"image.default\">\n\t\t\t\t<div class=\"elementor-widget-container\">\n\t\t\t\t\t\t\t\t\t\t\t\t\t\t\t\t<a href=\"https:\/\/ahorn-camp.de\/fr\/ahorn-camping-cars\/campervan\/\">\n\t\t\t\t\t\t\t<img loading=\"lazy\" decoding=\"async\" width=\"1280\" height=\"720\" src=\"https:\/\/ahorn-camp.de\/wp-content\/uploads\/2025\/08\/CV630-0007.png\" class=\"attachment-full size-full wp-image-33210\" alt=\"cv 630 grand\" srcset=\"https:\/\/ahorn-camp.de\/wp-content\/uploads\/2025\/08\/CV630-0007.png 1280w, https:\/\/ahorn-camp.de\/wp-content\/uploads\/2025\/08\/CV630-0007-300x169.png 300w, https:\/\/ahorn-camp.de\/wp-content\/uploads\/2025\/08\/CV630-0007-1024x576.png 1024w, https:\/\/ahorn-camp.de\/wp-content\/uploads\/2025\/08\/CV630-0007-768x432.png 768w, https:\/\/ahorn-camp.de\/wp-content\/uploads\/2025\/08\/CV630-0007-800x450.png 800w, https:\/\/ahorn-camp.de\/wp-content\/uploads\/2025\/08\/CV630-0007-18x10.png 18w\" sizes=\"(max-width: 1280px) 100vw, 1280px\" \/>\t\t\t\t\t\t\t\t<\/a>\n\t\t\t\t\t\t\t\t\t\t\t\t\t\t\t<\/div>\n\t\t\t\t<\/div>\n\t\t\t\t<div class=\"elementor-element elementor-element-8409bc4 elementor-widget elementor-widget-heading\" data-id=\"8409bc4\" data-element_type=\"widget\" data-e-type=\"widget\" data-widget_type=\"heading.default\">\n\t\t\t\t<div class=\"elementor-widget-container\">\n\t\t\t\t\t<h4 class=\"elementor-heading-title elementor-size-default\"><a href=\"https:\/\/ahorn-camp.de\/fr\/ahorn-camping-cars\/camping-cars-profiles\/\">Vans<\/a><\/h4>\t\t\t\t<\/div>\n\t\t\t\t<\/div>\n\t\t\t\t<div class=\"elementor-element elementor-element-ab179c7 elementor-widget elementor-widget-text-editor\" data-id=\"ab179c7\" data-element_type=\"widget\" data-e-type=\"widget\" data-widget_type=\"text-editor.default\">\n\t\t\t\t<div class=\"elementor-widget-container\">\n\t\t\t\t\t\t\t\t\t<p>Komfortabel Reisen im mobilen Zuhause auf R\u00e4dern<\/p>\t\t\t\t\t\t\t\t<\/div>\n\t\t\t\t<\/div>\n\t\t\t\t<div class=\"elementor-element elementor-element-6b9322a elementor-widget__width-inherit elementor-align-center elementor-widget elementor-widget-button\" data-id=\"6b9322a\" data-element_type=\"widget\" data-e-type=\"widget\" data-widget_type=\"button.default\">\n\t\t\t\t<div class=\"elementor-widget-container\">\n\t\t\t\t\t\t\t\t\t<div class=\"elementor-button-wrapper\">\n\t\t\t\t\t<a class=\"elementor-button elementor-button-link elementor-size-sm elementor-animation-float\" href=\"https:\/\/ahorn-camp.de\/fr\/ahorn-camping-cars\/camping-cars-profiles\/\">\n\t\t\t\t\t\t<span class=\"elementor-button-content-wrapper\">\n\t\t\t\t\t\t\t\t\t<span class=\"elementor-button-text\">Voir les mod\u00e8les<\/span>\n\t\t\t\t\t<\/span>\n\t\t\t\t\t<\/a>\n\t\t\t\t<\/div>\n\t\t\t\t\t\t\t\t<\/div>\n\t\t\t\t<\/div>\n\t\t\t\t\t<\/div>\n\t\t<\/div>\n\t\t\t\t<div class=\"elementor-column elementor-col-25 elementor-inner-column elementor-element elementor-element-e951e77\" data-id=\"e951e77\" data-element_type=\"column\" data-e-type=\"column\" data-settings=\"{&quot;background_background&quot;:&quot;classic&quot;}\">\n\t\t\t<div class=\"elementor-widget-wrap elementor-element-populated\">\n\t\t\t\t\t\t<div class=\"elementor-element elementor-element-b5184d7 elementor-widget elementor-widget-image\" data-id=\"b5184d7\" data-element_type=\"widget\" data-e-type=\"widget\" data-widget_type=\"image.default\">\n\t\t\t\t<div class=\"elementor-widget-container\">\n\t\t\t\t\t\t\t\t\t\t\t\t\t\t\t\t<a href=\"https:\/\/ahorn-camp.de\/fr\/ahorn-camping-cars\/capucines-camping-cars\/\">\n\t\t\t\t\t\t\t<img loading=\"lazy\" decoding=\"async\" width=\"1280\" height=\"720\" src=\"https:\/\/ahorn-camp.de\/wp-content\/uploads\/2025\/08\/A690-Big.png\" class=\"attachment-full size-full wp-image-33297\" alt=\"A 690 Grand\" srcset=\"https:\/\/ahorn-camp.de\/wp-content\/uploads\/2025\/08\/A690-Big.png 1280w, https:\/\/ahorn-camp.de\/wp-content\/uploads\/2025\/08\/A690-Big-300x169.png 300w, https:\/\/ahorn-camp.de\/wp-content\/uploads\/2025\/08\/A690-Big-1024x576.png 1024w, https:\/\/ahorn-camp.de\/wp-content\/uploads\/2025\/08\/A690-Big-768x432.png 768w, https:\/\/ahorn-camp.de\/wp-content\/uploads\/2025\/08\/A690-Big-800x450.png 800w, https:\/\/ahorn-camp.de\/wp-content\/uploads\/2025\/08\/A690-Big-18x10.png 18w\" sizes=\"(max-width: 1280px) 100vw, 1280px\" \/>\t\t\t\t\t\t\t\t<\/a>\n\t\t\t\t\t\t\t\t\t\t\t\t\t\t\t<\/div>\n\t\t\t\t<\/div>\n\t\t\t\t<div class=\"elementor-element elementor-element-964fd19 elementor-widget elementor-widget-heading\" data-id=\"964fd19\" data-element_type=\"widget\" data-e-type=\"widget\" data-widget_type=\"heading.default\">\n\t\t\t\t<div class=\"elementor-widget-container\">\n\t\t\t\t\t<h4 class=\"elementor-heading-title elementor-size-default\"><a href=\"https:\/\/ahorn-camp.de\/fr\/ahorn-camping-cars\/campervans\/\">Capucines<\/a><\/h4>\t\t\t\t<\/div>\n\t\t\t\t<\/div>\n\t\t\t\t<div class=\"elementor-element elementor-element-8b76c4d elementor-widget elementor-widget-text-editor\" data-id=\"8b76c4d\" data-element_type=\"widget\" data-e-type=\"widget\" data-widget_type=\"text-editor.default\">\n\t\t\t\t<div class=\"elementor-widget-container\">\n\t\t\t\t\t\t\t\t\t<p>F\u00fcr Reisen f\u00fcr die ganze Familie<\/p>\t\t\t\t\t\t\t\t<\/div>\n\t\t\t\t<\/div>\n\t\t\t\t<div class=\"elementor-element elementor-element-e4934c6 elementor-widget__width-inherit elementor-align-center elementor-widget elementor-widget-button\" data-id=\"e4934c6\" data-element_type=\"widget\" data-e-type=\"widget\" data-widget_type=\"button.default\">\n\t\t\t\t<div class=\"elementor-widget-container\">\n\t\t\t\t\t\t\t\t\t<div class=\"elementor-button-wrapper\">\n\t\t\t\t\t<a class=\"elementor-button elementor-button-link elementor-size-sm elementor-animation-float\" href=\"https:\/\/ahorn-camp.de\/fr\/ahorn-camping-cars\/capucines-camping-cars\/\">\n\t\t\t\t\t\t<span class=\"elementor-button-content-wrapper\">\n\t\t\t\t\t\t\t\t\t<span class=\"elementor-button-text\">Voir les mod\u00e8les<\/span>\n\t\t\t\t\t<\/span>\n\t\t\t\t\t<\/a>\n\t\t\t\t<\/div>\n\t\t\t\t\t\t\t\t<\/div>\n\t\t\t\t<\/div>\n\t\t\t\t\t<\/div>\n\t\t<\/div>\n\t\t\t\t\t<\/div>\n\t\t<\/section>\n\t\t\t\t\t<\/div>\n\t\t<\/div>\n\t\t\t\t\t<\/div>\n\t\t<\/section>\n\t\t\t\t<section class=\"elementor-section elementor-top-section elementor-element elementor-element-c3164f9 elementor-section-stretched elementor-section-boxed elementor-section-height-default elementor-section-height-default\" data-id=\"c3164f9\" data-element_type=\"section\" data-e-type=\"section\" data-settings=\"{&quot;background_background&quot;:&quot;classic&quot;,&quot;stretch_section&quot;:&quot;section-stretched&quot;}\">\n\t\t\t\t\t\t<div class=\"elementor-container elementor-column-gap-default\">\n\t\t\t\t\t<div class=\"elementor-column elementor-col-100 elementor-top-column elementor-element elementor-element-14eebfd\" data-id=\"14eebfd\" data-element_type=\"column\" data-e-type=\"column\">\n\t\t\t<div class=\"elementor-widget-wrap elementor-element-populated\">\n\t\t\t\t\t\t<div class=\"elementor-element elementor-element-f680aa4 elementor-widget elementor-widget-heading\" data-id=\"f680aa4\" data-element_type=\"widget\" data-e-type=\"widget\" data-widget_type=\"heading.default\">\n\t\t\t\t<div class=\"elementor-widget-container\">\n\t\t\t\t\t<h2 class=\"elementor-heading-title elementor-size-default\">Acheter un camping-car profil\u00e9 : Tout ce que vous devez savoir<\/h2>\t\t\t\t<\/div>\n\t\t\t\t<\/div>\n\t\t\t\t<div class=\"elementor-element elementor-element-6b00c51 elementor-widget elementor-widget-text-editor\" data-id=\"6b00c51\" data-element_type=\"widget\" data-e-type=\"widget\" data-widget_type=\"text-editor.default\">\n\t\t\t\t<div class=\"elementor-widget-container\">\n\t\t\t\t\t\t\t\t\t<p style=\"text-align: center;\"><span style=\"color: #000000;\">En r\u00e9sum\u00e9, vous trouverez chez Ahorn Camp tout ce que vous devez savoir sur l'achat d'un camping-car partiellement int\u00e9gr\u00e9. T\u00e9l\u00e9chargez des informations suppl\u00e9mentaires <a href=\"https:\/\/ahorn-camp.de\/fr\/listes-de-prix-catalogues\/\" target=\"_blank\" rel=\"noopener\"><span style=\"color: #1b508c;\"><strong>Mat\u00e9riel de conseil et brochures<\/strong><\/span><\/a> ou consultez notre <a href=\"https:\/\/ahorn-camp.de\/fr\/faq\/\" target=\"_blank\" rel=\"noopener\"><strong><span style=\"color: #1b508c;\">Page FAQ<\/span> <\/strong><\/a>pour obtenir plus d'informations. Nous sommes toujours \u00e0 votre disposition pour r\u00e9pondre \u00e0 vos questions et vous aider \u00e0 trouver le camping-car parfait pour vos besoins. D\u00e9couvrez nos diff\u00e9rents mod\u00e8les et choisissez le v\u00e9hicule qui vous convient pour vos prochaines vacances. Nos camping-cars offrent non seulement un voyage confortable, mais aussi suffisamment d'espace de rangement et de places de couchage pour tous les compagnons de voyage. Laissez-vous inspirer par notre diversit\u00e9 de camping-cars et trouvez le profil\u00e9 parfait pour vous.<\/span><\/p>\t\t\t\t\t\t\t\t<\/div>\n\t\t\t\t<\/div>\n\t\t\t\t<div class=\"elementor-element elementor-element-6a970be elementor-widget elementor-widget-accordion\" data-id=\"6a970be\" data-element_type=\"widget\" data-e-type=\"widget\" data-widget_type=\"accordion.default\">\n\t\t\t\t<div class=\"elementor-widget-container\">\n\t\t\t\t\t\t\t<div class=\"elementor-accordion\">\n\t\t\t\t\t\t\t<div class=\"elementor-accordion-item\">\n\t\t\t\t\t<div id=\"elementor-tab-title-1111\" class=\"elementor-tab-title\" data-tab=\"1\" role=\"button\" aria-controls=\"elementor-tab-content-1111\" aria-expanded=\"false\">\n\t\t\t\t\t\t\t\t\t\t\t\t\t<span class=\"elementor-accordion-icon elementor-accordion-icon-left\" aria-hidden=\"true\">\n\t\t\t\t\t\t\t\t\t\t\t\t\t\t\t<span class=\"elementor-accordion-icon-closed\"><i class=\"fas fa-caret-down\"><\/i><\/span>\n\t\t\t\t\t\t\t\t<span class=\"elementor-accordion-icon-opened\"><i class=\"fas fa-caret-up\"><\/i><\/span>\n\t\t\t\t\t\t\t\t\t\t\t\t\t\t<\/span>\n\t\t\t\t\t\t\t\t\t\t\t\t<a class=\"elementor-accordion-title\" tabindex=\"0\">Qu'est-ce qu'un camping-car semi-int\u00e9gr\u00e9 ?<\/a>\n\t\t\t\t\t<\/div>\n\t\t\t\t\t<div id=\"elementor-tab-content-1111\" class=\"elementor-tab-content elementor-clearfix\" data-tab=\"1\" role=\"region\" aria-labelledby=\"elementor-tab-title-1111\"><p data-start=\"98\" data-end=\"496\">Un camping-car semi-int\u00e9gr\u00e9 offre une combinaison id\u00e9ale de confort et d'efficacit\u00e9. Contrairement aux <strong><a href=\"https:\/\/ahorn-camp.de\/fr\/ahorn-camping-cars\/capucines-camping-cars\/\">Mod\u00e8les \u00e0 capucine<\/a><\/strong> ce type de construction renonce \u00e0 un espace de couchage d\u00e9passant de la cabine, ce qui rend le v\u00e9hicule plus a\u00e9rodynamique et souvent plus \u00e9conomique en termes de consommation. N\u00e9anmoins, un camping-car profil\u00e9 convainc par son espace bien pens\u00e9 et son atmosph\u00e8re de vie agr\u00e9able.<br \/>Nos camping-cars profil\u00e9s offrent une sensation d'espace et un \u00e9quipement confortable. L'espace de vie est int\u00e9gr\u00e9 sans transition dans la cabine de conduite, ce qui cr\u00e9e une atmosph\u00e8re ouverte et conviviale. Selon le mod\u00e8le, il peut y avoir en plus des couchages escamotables, ce qui permet d'accueillir confortablement des familles ou des groupes de voyageurs. De grandes fen\u00eatres et un \u00e9quipement moderne cr\u00e9ent une ambiance lumineuse et confortable.<br \/><span style=\"color: #000000;\">Tous nos camping-cars profil\u00e9s sont bas\u00e9s sur un syst\u00e8me fiable <\/span><a href=\"https:\/\/ahorn-camp.de\/fr\/renault-camper\/\"><span style=\"color: #1b508c;\"><strong>Ch\u00e2ssis Renault<\/strong><\/span><\/a><span style=\"color: #000000;\"> et sont con\u00e7us pour \u00eatre parfaitement adapt\u00e9s aux longs voyages de vacances comme aux excursions spontan\u00e9es du week-end.<\/span><\/p><p><span style=\"color: #000000;\">\u00a0<\/span><\/p><\/div>\n\t\t\t\t<\/div>\n\t\t\t\t\t\t\t<div class=\"elementor-accordion-item\">\n\t\t\t\t\t<div id=\"elementor-tab-title-1112\" class=\"elementor-tab-title\" data-tab=\"2\" role=\"button\" aria-controls=\"elementor-tab-content-1112\" aria-expanded=\"false\">\n\t\t\t\t\t\t\t\t\t\t\t\t\t<span class=\"elementor-accordion-icon elementor-accordion-icon-left\" aria-hidden=\"true\">\n\t\t\t\t\t\t\t\t\t\t\t\t\t\t\t<span class=\"elementor-accordion-icon-closed\"><i class=\"fas fa-caret-down\"><\/i><\/span>\n\t\t\t\t\t\t\t\t<span class=\"elementor-accordion-icon-opened\"><i class=\"fas fa-caret-up\"><\/i><\/span>\n\t\t\t\t\t\t\t\t\t\t\t\t\t\t<\/span>\n\t\t\t\t\t\t\t\t\t\t\t\t<a class=\"elementor-accordion-title\" tabindex=\"0\">Quels sont les avantages d'un camping-car profil\u00e9 par rapport aux autres types de camping-cars ?<\/a>\n\t\t\t\t\t<\/div>\n\t\t\t\t\t<div id=\"elementor-tab-content-1112\" class=\"elementor-tab-content elementor-clearfix\" data-tab=\"2\" role=\"region\" aria-labelledby=\"elementor-tab-title-1112\"><p data-start=\"0\" data-end=\"385\"><span style=\"color: #000000;\">Les camping-cars profil\u00e9s offrent une combinaison \u00e9quilibr\u00e9e de confort, d'efficacit\u00e9 et de dynamique de conduite. L'int\u00e9gration sans faille de l'espace de vie dans la cabine donne une sensation d'espace ouvert, sans qu'une grande superstructure ne d\u00e9passe de la cabine. Cette conception assure un meilleur a\u00e9rodynamisme et une consommation de carburant r\u00e9duite par rapport aux <a href=\"https:\/\/ahorn-camp.de\/fr\/ahorn-camping-cars\/capucines-camping-cars\/\"><strong><span style=\"color: #1b508c;\">Mod\u00e8les \u00e0 capucine<\/span><\/strong><\/a>.<br \/><\/span><span style=\"color: #000000;\">Nos camping-cars profil\u00e9s sont id\u00e9aux pour les couples ou les petites familles qui recherchent un v\u00e9hicule compact mais spacieux. Gr\u00e2ce \u00e0 une r\u00e9partition intelligente de l'espace, ils offrent suffisamment d'espace de rangement et des possibilit\u00e9s de couchage confortables. Ils sont \u00e9galement plus maniables et plus faciles \u00e0 man\u0153uvrer que les grands camping-cars int\u00e9gr\u00e9s, ce qui les rend particuli\u00e8rement attrayants pour les voyages sur des routes \u00e9troites ou en ville.<\/span><\/p><\/div>\n\t\t\t\t<\/div>\n\t\t\t\t\t\t\t<div class=\"elementor-accordion-item\">\n\t\t\t\t\t<div id=\"elementor-tab-title-1113\" class=\"elementor-tab-title\" data-tab=\"3\" role=\"button\" aria-controls=\"elementor-tab-content-1113\" aria-expanded=\"false\">\n\t\t\t\t\t\t\t\t\t\t\t\t\t<span class=\"elementor-accordion-icon elementor-accordion-icon-left\" aria-hidden=\"true\">\n\t\t\t\t\t\t\t\t\t\t\t\t\t\t\t<span class=\"elementor-accordion-icon-closed\"><i class=\"fas fa-caret-down\"><\/i><\/span>\n\t\t\t\t\t\t\t\t<span class=\"elementor-accordion-icon-opened\"><i class=\"fas fa-caret-up\"><\/i><\/span>\n\t\t\t\t\t\t\t\t\t\t\t\t\t\t<\/span>\n\t\t\t\t\t\t\t\t\t\t\t\t<a class=\"elementor-accordion-title\" tabindex=\"0\">Combien co\u00fbte un camping-car semi-int\u00e9gr\u00e9 ?<\/a>\n\t\t\t\t\t<\/div>\n\t\t\t\t\t<div id=\"elementor-tab-content-1113\" class=\"elementor-tab-content elementor-clearfix\" data-tab=\"3\" role=\"region\" aria-labelledby=\"elementor-tab-title-1113\"><p><span style=\"color: #000000;\">Le co\u00fbt d'un camping-car profil\u00e9 varie en fonction du mod\u00e8le, de l'\u00e9quipement et de la s\u00e9rie. Chez Ahorn Camp, vous trouverez des mod\u00e8les dans diff\u00e9rentes cat\u00e9gories de prix afin de r\u00e9pondre \u00e0 diff\u00e9rents budgets. Nos mod\u00e8les d'entr\u00e9e de gamme commencent en prix d'offre \u00e0 partir d'environ 50.000 euros. Un<\/span> <strong><span style=\"color: #1b508c;\"><a style=\"color: #1b508c;\" href=\"https:\/\/ahorn-camp.de\/fr\/listes-de-prix-catalogues\/\" target=\"_blank\" rel=\"noopener\">liste de prix d\u00e9taill\u00e9e<\/a><\/span><\/strong> <span style=\"color: #000000;\">vous trouverez sur notre site web ou vous pouvez vous adresser directement \u00e0 un<\/span> <strong><span style=\"color: #1b508c;\"><a style=\"color: #1b508c;\" href=\"https:\/\/ahorn-camp.de\/fr\/partenaire-commercial\/\" target=\"_blank\" rel=\"noopener\">de nos distributeurs<\/a><\/span><\/strong> <span style=\"color: #000000;\">se faire conseiller.<\/span><\/p><\/div>\n\t\t\t\t<\/div>\n\t\t\t\t\t\t\t<div class=\"elementor-accordion-item\">\n\t\t\t\t\t<div id=\"elementor-tab-title-1114\" class=\"elementor-tab-title\" data-tab=\"4\" role=\"button\" aria-controls=\"elementor-tab-content-1114\" aria-expanded=\"false\">\n\t\t\t\t\t\t\t\t\t\t\t\t\t<span class=\"elementor-accordion-icon elementor-accordion-icon-left\" aria-hidden=\"true\">\n\t\t\t\t\t\t\t\t\t\t\t\t\t\t\t<span class=\"elementor-accordion-icon-closed\"><i class=\"fas fa-caret-down\"><\/i><\/span>\n\t\t\t\t\t\t\t\t<span class=\"elementor-accordion-icon-opened\"><i class=\"fas fa-caret-up\"><\/i><\/span>\n\t\t\t\t\t\t\t\t\t\t\t\t\t\t<\/span>\n\t\t\t\t\t\t\t\t\t\t\t\t<a class=\"elementor-accordion-title\" tabindex=\"0\">Que consomme un camping-car semi-int\u00e9gr\u00e9 ?<\/a>\n\t\t\t\t\t<\/div>\n\t\t\t\t\t<div id=\"elementor-tab-content-1114\" class=\"elementor-tab-content elementor-clearfix\" data-tab=\"4\" role=\"region\" aria-labelledby=\"elementor-tab-title-1114\"><p><span style=\"color: #000000;\">La consommation d'un profil\u00e9 d\u00e9pend de plusieurs facteurs, comme le mod\u00e8le, le poids et le comportement routier. En moyenne, les camping-cars \u00e0 capucine consomment entre 10 et 14 litres de diesel aux 100 kilom\u00e8tres. Nos mod\u00e8les modernes sont \u00e9quip\u00e9s de moteurs efficaces qui garantissent une consommation aussi faible que possible. Vous trouverez des informations plus pr\u00e9cises dans les caract\u00e9ristiques techniques de chaque mod\u00e8le.<\/span><\/p><\/div>\n\t\t\t\t<\/div>\n\t\t\t\t\t\t\t<div class=\"elementor-accordion-item\">\n\t\t\t\t\t<div id=\"elementor-tab-title-1115\" class=\"elementor-tab-title\" data-tab=\"5\" role=\"button\" aria-controls=\"elementor-tab-content-1115\" aria-expanded=\"false\">\n\t\t\t\t\t\t\t\t\t\t\t\t\t<span class=\"elementor-accordion-icon elementor-accordion-icon-left\" aria-hidden=\"true\">\n\t\t\t\t\t\t\t\t\t\t\t\t\t\t\t<span class=\"elementor-accordion-icon-closed\"><i class=\"fas fa-caret-down\"><\/i><\/span>\n\t\t\t\t\t\t\t\t<span class=\"elementor-accordion-icon-opened\"><i class=\"fas fa-caret-up\"><\/i><\/span>\n\t\t\t\t\t\t\t\t\t\t\t\t\t\t<\/span>\n\t\t\t\t\t\t\t\t\t\t\t\t<a class=\"elementor-accordion-title\" tabindex=\"0\">Quelle est la meilleure capucine ou le meilleur profil\u00e9 ?<\/a>\n\t\t\t\t\t<\/div>\n\t\t\t\t\t<div id=\"elementor-tab-content-1115\" class=\"elementor-tab-content elementor-clearfix\" data-tab=\"5\" role=\"region\" aria-labelledby=\"elementor-tab-title-1115\"><p><span style=\"color: #000000;\">Qu'un <a href=\"https:\/\/ahorn-camp.de\/fr\/ahorn-camping-cars\/capucines-camping-cars\/\"><span style=\"color: #1b508c;\"><strong>Capucines<\/strong><\/span><\/a> ou un <a href=\"https:\/\/ahorn-camp.de\/fr\/ahorn-camping-cars\/camping-cars-profiles\/\" target=\"_blank\" rel=\"noopener\"><span style=\"color: #1b508c;\"><strong>camping-car semi-int\u00e9gr\u00e9<\/strong> <\/span><\/a>d\u00e9pend de vos besoins individuels. <a href=\"https:\/\/ahorn-camp.de\/fr\/ahorn-camping-cars\/capucines-camping-cars\/\"><span style=\"color: #1b508c;\"><strong>Camping-cars \u00e0 capucine<\/strong><\/span><\/a> offrent plus de places de couchage et d'espace de rangement, ce qui les rend id\u00e9ales pour les familles. <span style=\"color: #1b508c;\"><strong><a style=\"color: #1b508c;\" href=\"https:\/\/ahorn-camp.de\/fr\/ahorn-camping-cars\/camping-cars-profiles\/\" target=\"_blank\" rel=\"noopener\">Camping-cars profil\u00e9s<\/a><\/strong><\/span> sont en revanche souvent plus a\u00e9rodynamiques et plus \u00e9conomiques \u00e0 l'usage, ce qui les rend attrayants pour les couples ou les petits groupes. Les deux types ont leurs propres avantages et inconv\u00e9nients, et le choix d\u00e9pendra des caract\u00e9ristiques qui sont les plus importantes pour vous. <span style=\"color: #1b508c;\"><strong><a style=\"color: #1b508c;\" href=\"https:\/\/ahorn-camp.de\/fr\/partenaire-commercial\/\" target=\"_blank\" rel=\"noopener\">Nos distributeurs<\/a><\/strong><\/span> vous aideront volontiers \u00e0 prendre la meilleure d\u00e9cision.<\/span><\/p><\/div>\n\t\t\t\t<\/div>\n\t\t\t\t\t\t\t\t<\/div>\n\t\t\t\t\t\t<\/div>\n\t\t\t\t<\/div>\n\t\t\t\t<div class=\"elementor-element elementor-element-ed96efd elementor-widget elementor-widget-heading\" data-id=\"ed96efd\" data-element_type=\"widget\" data-e-type=\"widget\" data-widget_type=\"heading.default\">\n\t\t\t\t<div class=\"elementor-widget-container\">\n\t\t\t\t\t<h2 class=\"elementor-heading-title elementor-size-default\">Contact<\/h2>\t\t\t\t<\/div>\n\t\t\t\t<\/div>\n\t\t\t\t<div class=\"elementor-element elementor-element-3f3a3f3 elementor-align-center elementor-widget elementor-widget-button\" data-id=\"3f3a3f3\" data-element_type=\"widget\" data-e-type=\"widget\" data-widget_type=\"button.default\">\n\t\t\t\t<div class=\"elementor-widget-container\">\n\t\t\t\t\t\t\t\t\t<div class=\"elementor-button-wrapper\">\n\t\t\t\t\t<a class=\"elementor-button elementor-button-link elementor-size-sm\" href=\"https:\/\/ahorn-camp.de\/fr\/contacter\/\">\n\t\t\t\t\t\t<span class=\"elementor-button-content-wrapper\">\n\t\t\t\t\t\t\t\t\t<span class=\"elementor-button-text\">Contactez-nous<\/span>\n\t\t\t\t\t<\/span>\n\t\t\t\t\t<\/a>\n\t\t\t\t<\/div>\n\t\t\t\t\t\t\t\t<\/div>\n\t\t\t\t<\/div>\n\t\t\t\t<div class=\"elementor-element elementor-element-ee121dd elementor-widget elementor-widget-text-editor\" data-id=\"ee121dd\" data-element_type=\"widget\" data-e-type=\"widget\" data-widget_type=\"text-editor.default\">\n\t\t\t\t<div class=\"elementor-widget-container\">\n\t\t\t\t\t\t\t\t\t<p><span style=\"color: #000000;\">**La masse maximale techniquement admissible est une valeur fix\u00e9e par le constructeur que le v\u00e9hicule ne doit pas d\u00e9passer, m\u00eame lorsqu'il est charg\u00e9. Elle a donc une influence sur le nombre de places assises admissibles, les possibilit\u00e9s de choix d'\u00e9quipements sp\u00e9ciaux et la possibilit\u00e9 de charge restante.\u00a0<\/span><br \/><span style=\"color: #000000;\">Vous trouverez des informations d\u00e9taill\u00e9es sur les poids et la configuration du v\u00e9hicule dans nos donn\u00e9es techniques, dans la section Informations juridiques et techniques sur les donn\u00e9es li\u00e9es au poids.<\/span><\/p>\t\t\t\t\t\t\t\t<\/div>\n\t\t\t\t<\/div>\n\t\t\t\t\t<\/div>\n\t\t<\/div>\n\t\t\t\t\t<\/div>\n\t\t<\/section>\n\t\t\t\t<\/div>","protected":false},"excerpt":{"rendered":"<p>Mehr Raum. Mehr Reise Teilintegriertes Wohnmobil kaufen von Ahorn Camp <\/p>\n<p>Raumig, komfortabel und alltagstauglich. Entdecken Sie unsere teilintegrierten Wohnmobile auf Basis des Renault Master.<\/p>\n<p> Was ist ein teilintegriertes Wohnmobil? <\/p>\n<p>Sie m\u00f6chten ein Wohnmobil kaufen, das Komfort und Raumgef\u00fchl vereint, ohne das Format eines Alkovens? Dann sind Sie bei Ahorn Camp genau richtig. Ein Teilintegriertes Wohnmobil verzichtet auf den \u00fcber das Fahrerhaus hinausragenden Schlafbreich des Alkovens. Das mach dieses aerodynamischer, sparsamer und einfacher zu fahren. Gleichzeitig bietet es deutlich mehr Wohnraum als ein Campervan.<\/p>\n<p>Unsere Teilintegrierten basieren auf dem Renault Master \u2013 ausgezeichnet als Van of the Year 2025 \u2013 und werden in Kooperation mit der Erwin Hymer Group gefertigt. Einige Modelle sind optional mit einem elektrisch h\u00f6henverstellbaren Hubbett \u00fcber der Dinette erh\u00e4ltlich.<\/p>\n<p> <img loading=\"lazy\" loading=\"lazy\" width=\"1024\" height=\"576\" src=\"https:\/\/ahorn-camp.de\/wp-content\/uploads\/2026\/04\/T590_Image_0005-1024x576.jpg\" alt=\"\" decoding=\"async\" srcset=\"https:\/\/ahorn-camp.de\/wp-content\/uploads\/2026\/04\/T590_Image_0005-1024x576.jpg 1024w, https:\/\/ahorn-camp.de\/wp-content\/uploads\/2026\/04\/T590_Image_0005-300x169.jpg 300w, https:\/\/ahorn-camp.de\/wp-content\/uploads\/2026\/04\/T590_Image_0005-768x432.jpg 768w, https:\/\/ahorn-camp.de\/wp-content\/uploads\/2026\/04\/T590_Image_0005-800x450.jpg 800w, https:\/\/ahorn-camp.de\/wp-content\/uploads\/2026\/04\/T590_Image_0005-1536x864.jpg 1536w, https:\/\/ahorn-camp.de\/wp-content\/uploads\/2026\/04\/T590_Image_0005-18x10.jpg 18w, https:\/\/ahorn-camp.de\/wp-content\/uploads\/2026\/04\/T590_Image_0005.jpg 1920w\" sizes=\"auto, (max-width: 1024px) 100vw, 1024px\" \/> <\/p>\n<p> F\u00fcr wen eignet sich ein [&#8230;]<\/p>\n","protected":false},"author":2,"featured_media":0,"parent":32291,"menu_order":139,"comment_status":"closed","ping_status":"closed","template":"","meta":{"content-type":"","footnotes":""},"class_list":["post-725","page","type-page","status-publish","hentry"],"yoast_head":"<!-- This site is optimized with the Yoast SEO plugin v27.4 - https:\/\/yoast.com\/product\/yoast-seo-wordpress\/ -->\n<title>Teilintegrierte Wohnmobile kaufen | Ahorn Camp<\/title>\n<meta name=\"description\" content=\"Teilintegriertes Wohnmobil kaufen leicht gemacht: Entdecken Sie hochwertige Modelle &amp; erf\u00fcllen Sie sich den Traum vom eigenen Wohnmobil\" \/>\n<meta name=\"robots\" content=\"index, follow, max-snippet:-1, max-image-preview:large, max-video-preview:-1\" \/>\n<link rel=\"canonical\" href=\"https:\/\/ahorn-camp.de\/fr\/ahorn-camping-cars\/camping-cars-profiles\/\" \/>\n<meta property=\"og:locale\" content=\"fr_FR\" \/>\n<meta property=\"og:type\" content=\"article\" \/>\n<meta property=\"og:title\" content=\"Teilintegrierte Wohnmobile kaufen | Ahorn Camp\" \/>\n<meta property=\"og:description\" content=\"Teilintegriertes Wohnmobil kaufen leicht gemacht: Entdecken Sie hochwertige Modelle &amp; erf\u00fcllen Sie sich den Traum vom eigenen Wohnmobil\" \/>\n<meta property=\"og:url\" content=\"https:\/\/ahorn-camp.de\/fr\/ahorn-camping-cars\/camping-cars-profiles\/\" \/>\n<meta property=\"og:site_name\" content=\"Ahorn Camp | Reisemobile und Kastenwagen\" \/>\n<meta property=\"article:publisher\" content=\"https:\/\/www.facebook.com\/ahorn.wohnmobile\/\" \/>\n<meta property=\"article:modified_time\" content=\"2026-04-16T07:56:16+00:00\" \/>\n<meta property=\"og:image\" content=\"https:\/\/ahorn-camp.de\/wp-content\/uploads\/2026\/04\/T590_Image_0005.jpg\" \/>\n\t<meta property=\"og:image:width\" content=\"1920\" \/>\n\t<meta property=\"og:image:height\" content=\"1080\" \/>\n\t<meta property=\"og:image:type\" content=\"image\/jpeg\" \/>\n<meta name=\"twitter:card\" content=\"summary_large_image\" \/>\n<meta name=\"twitter:label1\" content=\"Dur\u00e9e de lecture estim\u00e9e\" \/>\n\t<meta name=\"twitter:data1\" content=\"11 minutes\" \/>\n<script type=\"application\/ld+json\" class=\"yoast-schema-graph\">{\"@context\":\"https:\\\/\\\/schema.org\",\"@graph\":[{\"@type\":\"WebPage\",\"@id\":\"https:\\\/\\\/ahorn-camp.de\\\/ahorn-reisemobile\\\/teilintegrierte-wohnmobile\\\/\",\"url\":\"https:\\\/\\\/ahorn-camp.de\\\/ahorn-reisemobile\\\/teilintegrierte-wohnmobile\\\/\",\"name\":\"Teilintegrierte Wohnmobile kaufen | Ahorn Camp\",\"isPartOf\":{\"@id\":\"https:\\\/\\\/ahorn-camp.de\\\/#website\"},\"primaryImageOfPage\":{\"@id\":\"https:\\\/\\\/ahorn-camp.de\\\/ahorn-reisemobile\\\/teilintegrierte-wohnmobile\\\/#primaryimage\"},\"image\":{\"@id\":\"https:\\\/\\\/ahorn-camp.de\\\/ahorn-reisemobile\\\/teilintegrierte-wohnmobile\\\/#primaryimage\"},\"thumbnailUrl\":\"https:\\\/\\\/ahorn-camp.de\\\/wp-content\\\/uploads\\\/2026\\\/04\\\/T590_Image_0005-1024x576.jpg\",\"datePublished\":\"2019-04-11T07:57:23+00:00\",\"dateModified\":\"2026-04-16T07:56:16+00:00\",\"description\":\"Teilintegriertes Wohnmobil kaufen leicht gemacht: Entdecken Sie hochwertige Modelle & erf\u00fcllen Sie sich den Traum vom eigenen Wohnmobil\",\"breadcrumb\":{\"@id\":\"https:\\\/\\\/ahorn-camp.de\\\/ahorn-reisemobile\\\/teilintegrierte-wohnmobile\\\/#breadcrumb\"},\"inLanguage\":\"fr-FR\",\"potentialAction\":[{\"@type\":\"ReadAction\",\"target\":[\"https:\\\/\\\/ahorn-camp.de\\\/ahorn-reisemobile\\\/teilintegrierte-wohnmobile\\\/\"]}]},{\"@type\":\"ImageObject\",\"inLanguage\":\"fr-FR\",\"@id\":\"https:\\\/\\\/ahorn-camp.de\\\/ahorn-reisemobile\\\/teilintegrierte-wohnmobile\\\/#primaryimage\",\"url\":\"https:\\\/\\\/ahorn-camp.de\\\/wp-content\\\/uploads\\\/2026\\\/04\\\/T590_Image_0005-1024x576.jpg\",\"contentUrl\":\"https:\\\/\\\/ahorn-camp.de\\\/wp-content\\\/uploads\\\/2026\\\/04\\\/T590_Image_0005-1024x576.jpg\"},{\"@type\":\"BreadcrumbList\",\"@id\":\"https:\\\/\\\/ahorn-camp.de\\\/ahorn-reisemobile\\\/teilintegrierte-wohnmobile\\\/#breadcrumb\",\"itemListElement\":[{\"@type\":\"ListItem\",\"position\":1,\"name\":\"Startseite\",\"item\":\"https:\\\/\\\/ahorn-camp.de\\\/\"},{\"@type\":\"ListItem\",\"position\":2,\"name\":\"Modell\u00fcbersicht\",\"item\":\"https:\\\/\\\/ahorn-camp.de\\\/ahorn-reisemobile\\\/\"},{\"@type\":\"ListItem\",\"position\":3,\"name\":\"Teilintegriertes Wohnmobil kaufen bei Ahorn Camp\"}]},{\"@type\":\"WebSite\",\"@id\":\"https:\\\/\\\/ahorn-camp.de\\\/#website\",\"url\":\"https:\\\/\\\/ahorn-camp.de\\\/\",\"name\":\"Ahorn Camp | Reisemobile und Kastenwagen\",\"description\":\"Seit \u00fcber 30 Jahren vermarktet das Familienunternehmen, Ahorn Camp in Speyer, erfolgreich Wohnmobile und Kastenwagen zum besten Preis-Leistungsverh\u00e4ltnis.\",\"publisher\":{\"@id\":\"https:\\\/\\\/ahorn-camp.de\\\/#organization\"},\"potentialAction\":[{\"@type\":\"SearchAction\",\"target\":{\"@type\":\"EntryPoint\",\"urlTemplate\":\"https:\\\/\\\/ahorn-camp.de\\\/?s={search_term_string}\"},\"query-input\":{\"@type\":\"PropertyValueSpecification\",\"valueRequired\":true,\"valueName\":\"search_term_string\"}}],\"inLanguage\":\"fr-FR\"},{\"@type\":\"Organization\",\"@id\":\"https:\\\/\\\/ahorn-camp.de\\\/#organization\",\"name\":\"Ahorn Camp GmbH & Co. KG\",\"url\":\"https:\\\/\\\/ahorn-camp.de\\\/\",\"logo\":{\"@type\":\"ImageObject\",\"inLanguage\":\"fr-FR\",\"@id\":\"https:\\\/\\\/ahorn-camp.de\\\/#\\\/schema\\\/logo\\\/image\\\/\",\"url\":\"https:\\\/\\\/ahorn-camp.de\\\/wp-content\\\/uploads\\\/2018\\\/12\\\/Ahorn_Logo.jpg\",\"contentUrl\":\"https:\\\/\\\/ahorn-camp.de\\\/wp-content\\\/uploads\\\/2018\\\/12\\\/Ahorn_Logo.jpg\",\"width\":1437,\"height\":1000,\"caption\":\"Ahorn Camp GmbH & Co. KG\"},\"image\":{\"@id\":\"https:\\\/\\\/ahorn-camp.de\\\/#\\\/schema\\\/logo\\\/image\\\/\"},\"sameAs\":[\"https:\\\/\\\/www.facebook.com\\\/ahorn.wohnmobile\\\/\",\"https:\\\/\\\/www.instagram.com\\\/ahorn.camp\\\/\",\"https:\\\/\\\/www.youtube.com\\\/channel\\\/UCPFbPCts1JJ_A1k9vyH0yOQ\"]}]}<\/script>\n<!-- \/ Yoast SEO plugin. -->","yoast_head_json":{"title":"Acheter un camping-car profil\u00e9 | Ahorn Camp","description":"Acheter un camping-car profil\u00e9 est facile : d\u00e9couvrez des mod\u00e8les de qualit\u00e9 &amp; r\u00e9alisez votre r\u00eave de poss\u00e9der votre propre camping-car","robots":{"index":"index","follow":"follow","max-snippet":"max-snippet:-1","max-image-preview":"max-image-preview:large","max-video-preview":"max-video-preview:-1"},"canonical":"https:\/\/ahorn-camp.de\/fr\/ahorn-camping-cars\/camping-cars-profiles\/","og_locale":"fr_FR","og_type":"article","og_title":"Teilintegrierte Wohnmobile kaufen | Ahorn Camp","og_description":"Teilintegriertes Wohnmobil kaufen leicht gemacht: Entdecken Sie hochwertige Modelle & erf\u00fcllen Sie sich den Traum vom eigenen Wohnmobil","og_url":"https:\/\/ahorn-camp.de\/fr\/ahorn-camping-cars\/camping-cars-profiles\/","og_site_name":"Ahorn Camp | Reisemobile und Kastenwagen","article_publisher":"https:\/\/www.facebook.com\/ahorn.wohnmobile\/","article_modified_time":"2026-04-16T07:56:16+00:00","og_image":[{"width":1920,"height":1080,"url":"https:\/\/ahorn-camp.de\/wp-content\/uploads\/2026\/04\/T590_Image_0005.jpg","type":"image\/jpeg"}],"twitter_card":"summary_large_image","twitter_misc":{"Dur\u00e9e de lecture estim\u00e9e":"11 minutes"},"schema":{"@context":"https:\/\/schema.org","@graph":[{"@type":"WebPage","@id":"https:\/\/ahorn-camp.de\/ahorn-reisemobile\/teilintegrierte-wohnmobile\/","url":"https:\/\/ahorn-camp.de\/ahorn-reisemobile\/teilintegrierte-wohnmobile\/","name":"Acheter un camping-car profil\u00e9 | Ahorn Camp","isPartOf":{"@id":"https:\/\/ahorn-camp.de\/#website"},"primaryImageOfPage":{"@id":"https:\/\/ahorn-camp.de\/ahorn-reisemobile\/teilintegrierte-wohnmobile\/#primaryimage"},"image":{"@id":"https:\/\/ahorn-camp.de\/ahorn-reisemobile\/teilintegrierte-wohnmobile\/#primaryimage"},"thumbnailUrl":"https:\/\/ahorn-camp.de\/wp-content\/uploads\/2026\/04\/T590_Image_0005-1024x576.jpg","datePublished":"2019-04-11T07:57:23+00:00","dateModified":"2026-04-16T07:56:16+00:00","description":"Acheter un camping-car profil\u00e9 est facile : d\u00e9couvrez des mod\u00e8les de qualit\u00e9 &amp; r\u00e9alisez votre r\u00eave de poss\u00e9der votre propre camping-car","breadcrumb":{"@id":"https:\/\/ahorn-camp.de\/ahorn-reisemobile\/teilintegrierte-wohnmobile\/#breadcrumb"},"inLanguage":"fr-FR","potentialAction":[{"@type":"ReadAction","target":["https:\/\/ahorn-camp.de\/ahorn-reisemobile\/teilintegrierte-wohnmobile\/"]}]},{"@type":"ImageObject","inLanguage":"fr-FR","@id":"https:\/\/ahorn-camp.de\/ahorn-reisemobile\/teilintegrierte-wohnmobile\/#primaryimage","url":"https:\/\/ahorn-camp.de\/wp-content\/uploads\/2026\/04\/T590_Image_0005-1024x576.jpg","contentUrl":"https:\/\/ahorn-camp.de\/wp-content\/uploads\/2026\/04\/T590_Image_0005-1024x576.jpg"},{"@type":"BreadcrumbList","@id":"https:\/\/ahorn-camp.de\/ahorn-reisemobile\/teilintegrierte-wohnmobile\/#breadcrumb","itemListElement":[{"@type":"ListItem","position":1,"name":"Startseite","item":"https:\/\/ahorn-camp.de\/"},{"@type":"ListItem","position":2,"name":"Modell\u00fcbersicht","item":"https:\/\/ahorn-camp.de\/ahorn-reisemobile\/"},{"@type":"ListItem","position":3,"name":"Teilintegriertes Wohnmobil kaufen bei Ahorn Camp"}]},{"@type":"WebSite","@id":"https:\/\/ahorn-camp.de\/#website","url":"https:\/\/ahorn-camp.de\/","name":"Ahorn Camp | Camping-cars et fourgons am\u00e9nag\u00e9s","description":"Depuis plus de 30 ans, l'entreprise familiale, Ahorn Camp \u00e0 Speyer, commercialise avec succ\u00e8s des camping-cars et des fourgons au meilleur rapport qualit\u00e9-prix.","publisher":{"@id":"https:\/\/ahorn-camp.de\/#organization"},"potentialAction":[{"@type":"SearchAction","target":{"@type":"EntryPoint","urlTemplate":"https:\/\/ahorn-camp.de\/?s={search_term_string}"},"query-input":{"@type":"PropertyValueSpecification","valueRequired":true,"valueName":"search_term_string"}}],"inLanguage":"fr-FR"},{"@type":"Organization","@id":"https:\/\/ahorn-camp.de\/#organization","name":"Ahorn Camp GmbH &amp; Co. KG","url":"https:\/\/ahorn-camp.de\/","logo":{"@type":"ImageObject","inLanguage":"fr-FR","@id":"https:\/\/ahorn-camp.de\/#\/schema\/logo\/image\/","url":"https:\/\/ahorn-camp.de\/wp-content\/uploads\/2018\/12\/Ahorn_Logo.jpg","contentUrl":"https:\/\/ahorn-camp.de\/wp-content\/uploads\/2018\/12\/Ahorn_Logo.jpg","width":1437,"height":1000,"caption":"Ahorn Camp GmbH & Co. KG"},"image":{"@id":"https:\/\/ahorn-camp.de\/#\/schema\/logo\/image\/"},"sameAs":["https:\/\/www.facebook.com\/ahorn.wohnmobile\/","https:\/\/www.instagram.com\/ahorn.camp\/","https:\/\/www.youtube.com\/channel\/UCPFbPCts1JJ_A1k9vyH0yOQ"]}]}},"_links":{"self":[{"href":"https:\/\/ahorn-camp.de\/fr\/wp-json\/wp\/v2\/pages\/725","targetHints":{"allow":["GET"]}}],"collection":[{"href":"https:\/\/ahorn-camp.de\/fr\/wp-json\/wp\/v2\/pages"}],"about":[{"href":"https:\/\/ahorn-camp.de\/fr\/wp-json\/wp\/v2\/types\/page"}],"author":[{"embeddable":true,"href":"https:\/\/ahorn-camp.de\/fr\/wp-json\/wp\/v2\/users\/2"}],"replies":[{"embeddable":true,"href":"https:\/\/ahorn-camp.de\/fr\/wp-json\/wp\/v2\/comments?post=725"}],"version-history":[{"count":3,"href":"https:\/\/ahorn-camp.de\/fr\/wp-json\/wp\/v2\/pages\/725\/revisions"}],"predecessor-version":[{"id":38782,"href":"https:\/\/ahorn-camp.de\/fr\/wp-json\/wp\/v2\/pages\/725\/revisions\/38782"}],"up":[{"embeddable":true,"href":"https:\/\/ahorn-camp.de\/fr\/wp-json\/wp\/v2\/pages\/32291"}],"wp:attachment":[{"href":"https:\/\/ahorn-camp.de\/fr\/wp-json\/wp\/v2\/media?parent=725"}],"curies":[{"name":"wp","href":"https:\/\/api.w.org\/{rel}","templated":true}]}}