{"id":6863,"date":"2020-09-10T15:40:42","date_gmt":"2020-09-10T13:40:42","guid":{"rendered":"https:\/\/ahorn-camp.de\/?page_id=6863"},"modified":"2024-01-29T16:00:42","modified_gmt":"2024-01-29T15:00:42","slug":"van-550","status":"publish","type":"page","link":"https:\/\/ahorn-camp.de\/fr\/ahorn-reisemobile-old\/campervans\/modelle-2023\/van-550\/","title":{"rendered":"VAN 550"},"content":{"rendered":"<div class=\"wpb-content-wrapper\"><div class=\"vc_row wpb_row vc_row-fluid vc_custom_1588609946651\"><div class=\"wpb_column vc_column_container vc_col-sm-12\"><div class=\"vc_column-inner\"><div class=\"wpb_wrapper\">[heading heading=&#8220;h2&#8243;]Van 550[\/heading]<div class=\"vc_row wpb_row vc_inner vc_row-fluid\"><div class=\"wpb_column vc_column_container vc_col-sm-6\"><div class=\"vc_column-inner\"><div class=\"wpb_wrapper\"><div class=\"wpb_gallery wpb_content_element vc_clearfix wpb_content_element\" ><div class=\"wpb_wrapper\"><div class=\"wpb_gallery_slides wpb_image_grid\" data-interval=\"3\"><ul class=\"wpb_image_grid_ul\"><li class=\"isotope-item\"><a class=\"\" href=\"https:\/\/ahorn-camp.de\/wp-content\/uploads\/2020\/09\/ahorn-Van-550-2021-vorne-schr\u00e4g-grau-1024x682.png\" data-lightbox=\"lightbox[rel-6863-1405783769]\"><img fetchpriority=\"high\" decoding=\"async\" width=\"1024\" height=\"682\" src=\"https:\/\/ahorn-camp.de\/wp-content\/uploads\/2020\/09\/ahorn-Van-550-2021-vorne-schr\u00e4g-grau-1024x682.png\" class=\"attachment-large\" alt=\"Das Reisemobil von Ahorn Camp\" title=\"Ahorn Camp Van\" srcset=\"https:\/\/ahorn-camp.de\/wp-content\/uploads\/2020\/09\/ahorn-Van-550-2021-vorne-schr\u00e4g-grau-1024x682.png 1024w, https:\/\/ahorn-camp.de\/wp-content\/uploads\/2020\/09\/ahorn-Van-550-2021-vorne-schr\u00e4g-grau-300x200.png 300w, https:\/\/ahorn-camp.de\/wp-content\/uploads\/2020\/09\/ahorn-Van-550-2021-vorne-schr\u00e4g-grau-768x512.png 768w, https:\/\/ahorn-camp.de\/wp-content\/uploads\/2020\/09\/ahorn-Van-550-2021-vorne-schr\u00e4g-grau-800x533.png 800w, https:\/\/ahorn-camp.de\/wp-content\/uploads\/2020\/09\/ahorn-Van-550-2021-vorne-schr\u00e4g-grau-1536x1024.png 1536w, https:\/\/ahorn-camp.de\/wp-content\/uploads\/2020\/09\/ahorn-Van-550-2021-vorne-schr\u00e4g-grau.png 2000w\" sizes=\"(max-width: 1024px) 100vw, 1024px\" \/><\/a><\/li><\/ul><\/div><\/div><\/div><\/div><\/div><\/div><div class=\"wpb_column vc_column_container vc_col-sm-6\"><div class=\"vc_column-inner\"><div class=\"wpb_wrapper\"><div class=\"wpb_gallery wpb_content_element vc_clearfix wpb_content_element\" ><div class=\"wpb_wrapper\"><div class=\"wpb_gallery_slides wpb_flexslider flexslider_slide flexslider\" data-interval=\"5\" data-flex_fx=\"slide\"><ul class=\"slides\"><li><a class=\"\" href=\"https:\/\/ahorn-camp.de\/wp-content\/uploads\/2021\/02\/Van-550-NACHT-und-TAG-Icon.png\" data-lightbox=\"lightbox[rel-6863-3172187841]\"><img decoding=\"async\" width=\"900\" height=\"636\" src=\"https:\/\/ahorn-camp.de\/wp-content\/uploads\/2021\/02\/Van-550-NACHT-und-TAG-Icon.png\" class=\"attachment-full\" alt=\"Van Grundriss 3 Betten\" title=\"Van 550 Grundriss\" srcset=\"https:\/\/ahorn-camp.de\/wp-content\/uploads\/2021\/02\/Van-550-NACHT-und-TAG-Icon.png 900w, https:\/\/ahorn-camp.de\/wp-content\/uploads\/2021\/02\/Van-550-NACHT-und-TAG-Icon-300x212.png 300w, https:\/\/ahorn-camp.de\/wp-content\/uploads\/2021\/02\/Van-550-NACHT-und-TAG-Icon-768x543.png 768w, https:\/\/ahorn-camp.de\/wp-content\/uploads\/2021\/02\/Van-550-NACHT-und-TAG-Icon-800x565.png 800w, https:\/\/ahorn-camp.de\/wp-content\/uploads\/2021\/02\/Van-550-NACHT-und-TAG-Icon-167x119.png 167w\" sizes=\"(max-width: 900px) 100vw, 900px\" \/><\/a><\/li><\/ul><\/div><\/div><\/div><\/div><\/div><\/div><\/div><\/div><\/div><\/div><\/div><div class=\"vc_row wpb_row vc_row-fluid\"><div class=\"wpb_column vc_column_container vc_col-sm-12\"><div class=\"vc_column-inner\"><div class=\"wpb_wrapper\"><div class=\"vc_row wpb_row vc_inner vc_row-fluid\"><div class=\"wpb_column vc_column_container vc_col-sm-6\"><div class=\"vc_column-inner\"><div class=\"wpb_wrapper\"><h3 style=\"text-align: left\" class=\"vc_custom_heading vc_do_custom_heading\" >Der kompakte Campingbus<\/h3>\n\t<div class=\"wpb_text_column wpb_content_element\" >\n\t\t<div class=\"wpb_wrapper\">\n\t\t\t<p>Der 5,57 Meter kurze Van punktet durch seine kompakte und praktische Aufteilung. Das platzsparende Bad vereint Dusche, WC und Waschbecken. Die in der voll ausgestatteten K\u00fcche zubereiteten Gerichte lassen sich durch den flexiblen Esstisch auch drau\u00dfen genie\u00dfen. Das moderne Design und Lichtambiente sorgt f\u00fcr den Wohlf\u00fchlfaktor. Der Stauraum unter dem gem\u00fctlichen Doppelbett im Heck kann f\u00fcr zus\u00e4tzliches Gep\u00e4ck, Sportger\u00e4te oder andere sperrige Gegenst\u00e4nde genutzt werden. So kann der vorhandene Wohnraum optimal ausgenutzt werden. Der beidseitig aufklappbare K\u00fchlschrank befindet sich am vorderen Teil des K\u00fcchenblocks und kann deshalb auch von au\u00dfen problemlos ge\u00f6ffnet werden. Der Van 550 ist der ideale Reisebegleiter, f\u00fcr spontane Wochenendtrips oder lange Abenteuerreisen!<\/p>\n\n\t\t<\/div>\n\t<\/div>\n<\/div><\/div><\/div><div class=\"wpb_column vc_column_container vc_col-sm-3\"><div class=\"vc_column-inner\"><div class=\"wpb_wrapper\">\n\t<div class=\"wpb_text_column wpb_content_element\" >\n\t\t<div class=\"wpb_wrapper\">\n\t\t\t<h5>4 \/ 3 (4)<\/h5>\n<p>Sitzpl\u00e4tze \/ Schlafpl\u00e4tze<\/p>\n\n\t\t<\/div>\n\t<\/div>\n\n\t<div class=\"wpb_text_column wpb_content_element\" >\n\t\t<div class=\"wpb_wrapper\">\n\t\t\t<h5>5,57 x 2,07 x 2,60<\/h5>\n<p>L\u00e4nge x Breite x H\u00f6he (m)<\/p>\n\n\t\t<\/div>\n\t<\/div>\n<\/div><\/div><\/div><div class=\"wpb_column vc_column_container vc_col-sm-3\"><div class=\"vc_column-inner\"><div class=\"wpb_wrapper\">\n\t<div class=\"wpb_text_column wpb_content_element\" >\n\t\t<div class=\"wpb_wrapper\">\n\t\t\t<div class=\"wpb_text_column wpb_content_element \">\n<div class=\"wpb_wrapper\">\n<h5>1,36 x 1,91<\/h5>\n<p>Bettenma\u00df Heck (m)<\/p>\n<\/div>\n<\/div>\n\n\t\t<\/div>\n\t<\/div>\n\n\t<div class=\"wpb_text_column wpb_content_element\" >\n\t\t<div class=\"wpb_wrapper\">\n\t\t\t<div class=\"wpb_text_column wpb_content_element \">\n<div class=\"wpb_wrapper\">\n<h5>1,06 x 1,74<\/h5>\n<p>Bettenma\u00df Dinette (m)<\/p>\n<\/div>\n<\/div>\n\n\t\t<\/div>\n\t<\/div>\n<\/div><\/div><\/div><\/div><div class=\"vc_separator wpb_content_element vc_separator_align_center vc_sep_width_100 vc_sep_pos_align_center vc_separator_no_text vc_sep_color_grey wpb_content_element  wpb_content_element\" ><span class=\"vc_sep_holder vc_sep_holder_l\"><span class=\"vc_sep_line\"><\/span><\/span><span class=\"vc_sep_holder vc_sep_holder_r\"><span class=\"vc_sep_line\"><\/span><\/span>\n<\/div><\/div><\/div><\/div><\/div><div class=\"vc_row wpb_row vc_row-fluid\"><div class=\"wpb_column vc_column_container vc_col-sm-6\"><div class=\"vc_column-inner\"><div class=\"wpb_wrapper\">\n\t<div class=\"wpb_text_column wpb_content_element\" >\n\t\t<div class=\"wpb_wrapper\">\n\t\t\t<h4>INNENANSICHT<\/h4>\n\n\t\t<\/div>\n\t<\/div>\n<div class=\"wpb_gallery wpb_content_element vc_clearfix wpb_content_element\" ><div class=\"wpb_wrapper\"><div class=\"wpb_gallery_slides wpb_flexslider flexslider_fade flexslider\" data-interval=\"15\" data-flex_fx=\"fade\"><ul class=\"slides\"><li><a class=\"\" href=\"https:\/\/ahorn-camp.de\/wp-content\/uploads\/2021\/09\/Van-550-2022-Innenraum-1024x682.jpg\" data-lightbox=\"lightbox[rel-6863-1808818434]\"><img decoding=\"async\" width=\"1024\" height=\"682\" src=\"https:\/\/ahorn-camp.de\/wp-content\/uploads\/2021\/09\/Van-550-2022-Innenraum-1024x682.jpg\" class=\"attachment-large\" alt=\"\" title=\"Van-550-2022-Innenraum\" srcset=\"https:\/\/ahorn-camp.de\/wp-content\/uploads\/2021\/09\/Van-550-2022-Innenraum-1024x682.jpg 1024w, https:\/\/ahorn-camp.de\/wp-content\/uploads\/2021\/09\/Van-550-2022-Innenraum-300x200.jpg 300w, https:\/\/ahorn-camp.de\/wp-content\/uploads\/2021\/09\/Van-550-2022-Innenraum-768x512.jpg 768w, https:\/\/ahorn-camp.de\/wp-content\/uploads\/2021\/09\/Van-550-2022-Innenraum-800x533.jpg 800w, https:\/\/ahorn-camp.de\/wp-content\/uploads\/2021\/09\/Van-550-2022-Innenraum-1536x1024.jpg 1536w, https:\/\/ahorn-camp.de\/wp-content\/uploads\/2021\/09\/Van-550-2022-Innenraum.jpg 2000w\" sizes=\"(max-width: 1024px) 100vw, 1024px\" \/><\/a><\/li><li><a class=\"\" href=\"https:\/\/ahorn-camp.de\/wp-content\/uploads\/2020\/10\/ahorn-Van-550-2021-Stauraum_small-1024x683.jpg\" data-lightbox=\"lightbox[rel-6863-1808818434]\"><img loading=\"lazy\" decoding=\"async\" width=\"1024\" height=\"683\" src=\"https:\/\/ahorn-camp.de\/wp-content\/uploads\/2020\/10\/ahorn-Van-550-2021-Stauraum_small-1024x683.jpg\" class=\"attachment-large\" alt=\"Ahorn Van 550 Stauraum\" title=\"Ahorn Van 550 Stauraum\" srcset=\"https:\/\/ahorn-camp.de\/wp-content\/uploads\/2020\/10\/ahorn-Van-550-2021-Stauraum_small-1024x683.jpg 1024w, https:\/\/ahorn-camp.de\/wp-content\/uploads\/2020\/10\/ahorn-Van-550-2021-Stauraum_small-300x200.jpg 300w, https:\/\/ahorn-camp.de\/wp-content\/uploads\/2020\/10\/ahorn-Van-550-2021-Stauraum_small-768x512.jpg 768w, https:\/\/ahorn-camp.de\/wp-content\/uploads\/2020\/10\/ahorn-Van-550-2021-Stauraum_small-800x533.jpg 800w, https:\/\/ahorn-camp.de\/wp-content\/uploads\/2020\/10\/ahorn-Van-550-2021-Stauraum_small.jpg 1200w\" sizes=\"(max-width: 1024px) 100vw, 1024px\" \/><\/a><\/li><li><a class=\"\" href=\"https:\/\/ahorn-camp.de\/wp-content\/uploads\/2020\/10\/ahorn-Van-550-2021-Bad-02.mit-Hintergrund_small-1024x684.jpg\" data-lightbox=\"lightbox[rel-6863-1808818434]\"><img loading=\"lazy\" decoding=\"async\" width=\"1024\" height=\"684\" src=\"https:\/\/ahorn-camp.de\/wp-content\/uploads\/2020\/10\/ahorn-Van-550-2021-Bad-02.mit-Hintergrund_small-1024x684.jpg\" class=\"attachment-large\" alt=\"\" title=\"ahorn-Van-550-2021-Bad\" srcset=\"https:\/\/ahorn-camp.de\/wp-content\/uploads\/2020\/10\/ahorn-Van-550-2021-Bad-02.mit-Hintergrund_small-1024x684.jpg 1024w, https:\/\/ahorn-camp.de\/wp-content\/uploads\/2020\/10\/ahorn-Van-550-2021-Bad-02.mit-Hintergrund_small-300x200.jpg 300w, https:\/\/ahorn-camp.de\/wp-content\/uploads\/2020\/10\/ahorn-Van-550-2021-Bad-02.mit-Hintergrund_small-768x513.jpg 768w, https:\/\/ahorn-camp.de\/wp-content\/uploads\/2020\/10\/ahorn-Van-550-2021-Bad-02.mit-Hintergrund_small-800x534.jpg 800w, https:\/\/ahorn-camp.de\/wp-content\/uploads\/2020\/10\/ahorn-Van-550-2021-Bad-02.mit-Hintergrund_small.jpg 1199w\" sizes=\"(max-width: 1024px) 100vw, 1024px\" \/><\/a><\/li><li><a class=\"\" href=\"https:\/\/ahorn-camp.de\/wp-content\/uploads\/2020\/03\/VAN550-AHORN-8997-HDR-small-1024x683.jpg\" data-lightbox=\"lightbox[rel-6863-1808818434]\"><img loading=\"lazy\" decoding=\"async\" width=\"1024\" height=\"683\" src=\"https:\/\/ahorn-camp.de\/wp-content\/uploads\/2020\/03\/VAN550-AHORN-8997-HDR-small-1024x683.jpg\" class=\"attachment-large\" alt=\"Ahorn Van 550 Innenraum\" title=\"Ahorn Van 550 Innenraum\" srcset=\"https:\/\/ahorn-camp.de\/wp-content\/uploads\/2020\/03\/VAN550-AHORN-8997-HDR-small-1024x683.jpg 1024w, https:\/\/ahorn-camp.de\/wp-content\/uploads\/2020\/03\/VAN550-AHORN-8997-HDR-small-300x200.jpg 300w, https:\/\/ahorn-camp.de\/wp-content\/uploads\/2020\/03\/VAN550-AHORN-8997-HDR-small-768x512.jpg 768w, https:\/\/ahorn-camp.de\/wp-content\/uploads\/2020\/03\/VAN550-AHORN-8997-HDR-small-800x533.jpg 800w, https:\/\/ahorn-camp.de\/wp-content\/uploads\/2020\/03\/VAN550-AHORN-8997-HDR-small.jpg 1500w\" sizes=\"(max-width: 1024px) 100vw, 1024px\" \/><\/a><\/li><\/ul><\/div><\/div><\/div><\/div><\/div><\/div><div class=\"wpb_column vc_column_container vc_col-sm-6\"><div class=\"vc_column-inner\"><div class=\"wpb_wrapper\">\n\t<div class=\"wpb_text_column wpb_content_element\" >\n\t\t<div class=\"wpb_wrapper\">\n\t\t\t<h4>REISEBILDER<\/h4>\n\n\t\t<\/div>\n\t<\/div>\n<div class=\"wpb_gallery wpb_content_element vc_clearfix wpb_content_element\" ><div class=\"wpb_wrapper\"><div class=\"wpb_gallery_slides wpb_flexslider flexslider_fade flexslider\" data-interval=\"15\" data-flex_fx=\"fade\"><ul class=\"slides\"><li><a class=\"\" href=\"https:\/\/ahorn-camp.de\/wp-content\/uploads\/2022\/01\/Van-550-1024x681.jpg\" data-lightbox=\"lightbox[rel-6863-902605653]\"><img loading=\"lazy\" decoding=\"async\" width=\"1024\" height=\"681\" src=\"https:\/\/ahorn-camp.de\/wp-content\/uploads\/2022\/01\/Van-550-1024x681.jpg\" class=\"attachment-large\" alt=\"\" title=\"Van 550\" srcset=\"https:\/\/ahorn-camp.de\/wp-content\/uploads\/2022\/01\/Van-550-1024x681.jpg 1024w, https:\/\/ahorn-camp.de\/wp-content\/uploads\/2022\/01\/Van-550-300x200.jpg 300w, https:\/\/ahorn-camp.de\/wp-content\/uploads\/2022\/01\/Van-550-768x511.jpg 768w, https:\/\/ahorn-camp.de\/wp-content\/uploads\/2022\/01\/Van-550-800x532.jpg 800w, https:\/\/ahorn-camp.de\/wp-content\/uploads\/2022\/01\/Van-550.jpg 1200w\" sizes=\"(max-width: 1024px) 100vw, 1024px\" \/><\/a><\/li><li><a class=\"\" href=\"https:\/\/ahorn-camp.de\/wp-content\/uploads\/2022\/01\/Van-550-4-1024x682.jpg\" data-lightbox=\"lightbox[rel-6863-902605653]\"><img loading=\"lazy\" decoding=\"async\" width=\"1024\" height=\"682\" src=\"https:\/\/ahorn-camp.de\/wp-content\/uploads\/2022\/01\/Van-550-4-1024x682.jpg\" class=\"attachment-large\" alt=\"\" title=\"Van 550 4\" srcset=\"https:\/\/ahorn-camp.de\/wp-content\/uploads\/2022\/01\/Van-550-4-1024x682.jpg 1024w, https:\/\/ahorn-camp.de\/wp-content\/uploads\/2022\/01\/Van-550-4-300x200.jpg 300w, https:\/\/ahorn-camp.de\/wp-content\/uploads\/2022\/01\/Van-550-4-768x511.jpg 768w, https:\/\/ahorn-camp.de\/wp-content\/uploads\/2022\/01\/Van-550-4-800x533.jpg 800w, https:\/\/ahorn-camp.de\/wp-content\/uploads\/2022\/01\/Van-550-4.jpg 1200w\" sizes=\"(max-width: 1024px) 100vw, 1024px\" \/><\/a><\/li><li><a class=\"\" href=\"https:\/\/ahorn-camp.de\/wp-content\/uploads\/2022\/01\/Van-550-1-1024x683.jpg\" data-lightbox=\"lightbox[rel-6863-902605653]\"><img loading=\"lazy\" decoding=\"async\" width=\"1024\" height=\"683\" src=\"https:\/\/ahorn-camp.de\/wp-content\/uploads\/2022\/01\/Van-550-1-1024x683.jpg\" class=\"attachment-large\" alt=\"\" title=\"Van 550\" srcset=\"https:\/\/ahorn-camp.de\/wp-content\/uploads\/2022\/01\/Van-550-1-1024x683.jpg 1024w, https:\/\/ahorn-camp.de\/wp-content\/uploads\/2022\/01\/Van-550-1-300x200.jpg 300w, https:\/\/ahorn-camp.de\/wp-content\/uploads\/2022\/01\/Van-550-1-768x512.jpg 768w, https:\/\/ahorn-camp.de\/wp-content\/uploads\/2022\/01\/Van-550-1-800x533.jpg 800w, https:\/\/ahorn-camp.de\/wp-content\/uploads\/2022\/01\/Van-550-1.jpg 1200w\" sizes=\"(max-width: 1024px) 100vw, 1024px\" \/><\/a><\/li><li><a class=\"\" href=\"https:\/\/ahorn-camp.de\/wp-content\/uploads\/2022\/01\/Van-550-2-1024x681.jpg\" data-lightbox=\"lightbox[rel-6863-902605653]\"><img loading=\"lazy\" decoding=\"async\" width=\"1024\" height=\"681\" src=\"https:\/\/ahorn-camp.de\/wp-content\/uploads\/2022\/01\/Van-550-2-1024x681.jpg\" class=\"attachment-large\" alt=\"\" title=\"Van 550 2\" srcset=\"https:\/\/ahorn-camp.de\/wp-content\/uploads\/2022\/01\/Van-550-2-1024x681.jpg 1024w, https:\/\/ahorn-camp.de\/wp-content\/uploads\/2022\/01\/Van-550-2-300x200.jpg 300w, https:\/\/ahorn-camp.de\/wp-content\/uploads\/2022\/01\/Van-550-2-768x511.jpg 768w, https:\/\/ahorn-camp.de\/wp-content\/uploads\/2022\/01\/Van-550-2-800x532.jpg 800w, https:\/\/ahorn-camp.de\/wp-content\/uploads\/2022\/01\/Van-550-2.jpg 1200w\" sizes=\"(max-width: 1024px) 100vw, 1024px\" \/><\/a><\/li><li><a class=\"\" href=\"https:\/\/ahorn-camp.de\/wp-content\/uploads\/2022\/01\/Van-550-3-1024x683.jpg\" data-lightbox=\"lightbox[rel-6863-902605653]\"><img loading=\"lazy\" decoding=\"async\" width=\"1024\" height=\"683\" src=\"https:\/\/ahorn-camp.de\/wp-content\/uploads\/2022\/01\/Van-550-3-1024x683.jpg\" class=\"attachment-large\" alt=\"\" title=\"Van 550 3\" srcset=\"https:\/\/ahorn-camp.de\/wp-content\/uploads\/2022\/01\/Van-550-3-1024x683.jpg 1024w, https:\/\/ahorn-camp.de\/wp-content\/uploads\/2022\/01\/Van-550-3-300x200.jpg 300w, https:\/\/ahorn-camp.de\/wp-content\/uploads\/2022\/01\/Van-550-3-768x512.jpg 768w, https:\/\/ahorn-camp.de\/wp-content\/uploads\/2022\/01\/Van-550-3-800x533.jpg 800w, https:\/\/ahorn-camp.de\/wp-content\/uploads\/2022\/01\/Van-550-3.jpg 1200w\" sizes=\"(max-width: 1024px) 100vw, 1024px\" \/><\/a><\/li><\/ul><\/div><\/div><\/div><\/div><\/div><\/div><\/div><div class=\"vc_row wpb_row vc_row-fluid\"><div class=\"wpb_column vc_column_container vc_col-sm-12\"><div class=\"vc_column-inner\"><div class=\"wpb_wrapper\"><div class=\"vc_separator wpb_content_element vc_separator_align_center vc_sep_width_100 vc_sep_pos_align_center vc_separator_no_text vc_sep_color_grey wpb_content_element  wpb_content_element\" ><span class=\"vc_sep_holder vc_sep_holder_l\"><span class=\"vc_sep_line\"><\/span><\/span><span class=\"vc_sep_holder vc_sep_holder_r\"><span class=\"vc_sep_line\"><\/span><\/span>\n<\/div>\n\t<div class=\"wpb_text_column wpb_content_element\" >\n\t\t<div class=\"wpb_wrapper\">\n\t\t\t<h4>DIE WICHTIGSTEN VORTEILE<\/h4>\n\n\t\t<\/div>\n\t<\/div>\n<div class=\"vc_row wpb_row vc_inner vc_row-fluid\"><div class=\"wpb_column vc_column_container vc_col-sm-4\"><div class=\"vc_column-inner\"><div class=\"wpb_wrapper\">\n\t<div class=\"wpb_text_column wpb_content_element\" >\n\t\t<div class=\"wpb_wrapper\">\n\t\t\t<p><i class=\"fas fa-check fa \">\u00a0<\/i>Kompakt und wendig<\/p>\n<p><i class=\"fas fa-check fa \">\u00a0<\/i>Praktischer Stauraum unter den Betten<\/p>\n<p><i class=\"fas fa-check fa \">\u00a0<\/i>Robuste Soft Close Schubladen<\/p>\n<p><i class=\"fas fa-check fa \">\u00a0<\/i>Ausdreh- und klappbare Tischplatte<\/p>\n\n\t\t<\/div>\n\t<\/div>\n<\/div><\/div><\/div><div class=\"wpb_column vc_column_container vc_col-sm-4\"><div class=\"vc_column-inner\"><div class=\"wpb_wrapper\">\n\t<div class=\"wpb_text_column wpb_content_element\" >\n\t\t<div class=\"wpb_wrapper\">\n\t\t\t<p><i class=\"fas fa-check fa \">\u00a0<\/i>hochwertiges 2-Flammen Kochfeld von Can<\/p>\n<p><i class=\"fas fa-check fa \">\u00a0<\/i>Gro\u00dfes Doppelbett<\/p>\n<p><i class=\"fas fa-check fa \">\u00a0<\/i>Einbruchsichere Rahmenfenster<\/p>\n<p><i class=\"fas fa-check fa \">\u00a0<\/i>Drehmomentstarke Dieselmotoren bis zu 180PS Automatik<\/p>\n\n\t\t<\/div>\n\t<\/div>\n<\/div><\/div><\/div><div class=\"wpb_column vc_column_container vc_col-sm-4\"><div class=\"vc_column-inner\"><div class=\"wpb_wrapper\">\n\t<div class=\"wpb_text_column wpb_content_element\" >\n\t\t<div class=\"wpb_wrapper\">\n\t\t\t<p><i class=\"fas fa-check fa \">\u00a0<\/i>Leselampen im Schlafbereich<\/p>\n<p><i class=\"fas fa-check fa \">\u00a0 <\/i>Fenster mit Rollos und Insektenschutz<\/p>\n<p><i class=\"fas fa-check fa \">\u00a0<\/i>Digitales Truma CP Plus Bedienpanel<\/p>\n\n\t\t<\/div>\n\t<\/div>\n<\/div><\/div><\/div><\/div><\/div><\/div><\/div><\/div><div data-vc-full-width=\"true\" data-vc-full-width-temp=\"true\" data-vc-full-width-init=\"false\" class=\"vc_row wpb_row vc_row-fluid vc_custom_1588607198992 vc_row-has-fill vc_column-gap-1\"><div class=\"wpb_column vc_column_container vc_col-sm-12\"><div class=\"vc_column-inner\"><div class=\"wpb_wrapper\">\n\t<div class=\"wpb_text_column wpb_content_element\" >\n\t\t<div class=\"wpb_wrapper\">\n\t\t\t<h4>HIGHLIGHTS<\/h4>\n\n\t\t<\/div>\n\t<\/div>\n<div class=\"vc_row wpb_row vc_inner vc_row-fluid\"><div class=\"wpb_column vc_column_container vc_col-sm-4\"><div class=\"vc_column-inner\"><div class=\"wpb_wrapper\">\n\t<div  class=\"wpb_single_image wpb_content_element vc_align_left wpb_content_element\">\n\t\t\n\t\t<figure class=\"wpb_wrapper vc_figure\">\n\t\t\t<a href=\"https:\/\/ahorn-camp.de\/wp-content\/uploads\/2021\/03\/ahorn-Van-550-2021-Touchdisplay-1024x682.jpg\" target=\"_self\" class=\"vc_single_image-wrapper   vc_box_border_grey\"><img loading=\"lazy\" decoding=\"async\" width=\"300\" height=\"200\" src=\"https:\/\/ahorn-camp.de\/wp-content\/uploads\/2021\/03\/ahorn-Van-550-2021-Touchdisplay-300x200.jpg\" class=\"vc_single_image-img attachment-medium\" alt=\"Digitales Bedienpaneel zur einfachen Handhabung\" title=\"Ahorn Van Bedienpanel\" srcset=\"https:\/\/ahorn-camp.de\/wp-content\/uploads\/2021\/03\/ahorn-Van-550-2021-Touchdisplay-300x200.jpg 300w, https:\/\/ahorn-camp.de\/wp-content\/uploads\/2021\/03\/ahorn-Van-550-2021-Touchdisplay-1024x682.jpg 1024w, https:\/\/ahorn-camp.de\/wp-content\/uploads\/2021\/03\/ahorn-Van-550-2021-Touchdisplay-768x512.jpg 768w, https:\/\/ahorn-camp.de\/wp-content\/uploads\/2021\/03\/ahorn-Van-550-2021-Touchdisplay-800x533.jpg 800w, https:\/\/ahorn-camp.de\/wp-content\/uploads\/2021\/03\/ahorn-Van-550-2021-Touchdisplay-1536x1024.jpg 1536w, https:\/\/ahorn-camp.de\/wp-content\/uploads\/2021\/03\/ahorn-Van-550-2021-Touchdisplay.jpg 2000w\" sizes=\"(max-width: 300px) 100vw, 300px\" \/><\/a>\n\t\t<\/figure>\n\t<\/div>\n\n\t<div class=\"wpb_text_column wpb_content_element\" >\n\t\t<div class=\"wpb_wrapper\">\n\t\t\t<p>Digitales Bedienpaneel zur einfachen Handhabung<\/p>\n\n\t\t<\/div>\n\t<\/div>\n\n\t<div  class=\"wpb_single_image wpb_content_element vc_align_left wpb_content_element\">\n\t\t\n\t\t<figure class=\"wpb_wrapper vc_figure\">\n\t\t\t<a href=\"https:\/\/ahorn-camp.de\/wp-content\/uploads\/2022\/08\/Van550-Kueche.png\" target=\"_self\" class=\"vc_single_image-wrapper   vc_box_border_grey\"><img loading=\"lazy\" decoding=\"async\" width=\"300\" height=\"200\" src=\"https:\/\/ahorn-camp.de\/wp-content\/uploads\/2022\/08\/Van550-Kueche.png\" class=\"vc_single_image-img attachment-medium\" alt=\"Modern designter K\u00fcchenblock im Van 550\" title=\"Modern designter K\u00fcchenblock im Van 550\" \/><\/a>\n\t\t<\/figure>\n\t<\/div>\n\n\t<div class=\"wpb_text_column wpb_content_element\" >\n\t\t<div class=\"wpb_wrapper\">\n\t\t\t<p>Modern designter K\u00fcchenblock<\/p>\n\n\t\t<\/div>\n\t<\/div>\n\n\t<div  class=\"wpb_single_image wpb_content_element vc_align_left wpb_content_element\">\n\t\t\n\t\t<figure class=\"wpb_wrapper vc_figure\">\n\t\t\t<a href=\"https:\/\/ahorn-camp.de\/wp-content\/uploads\/2020\/10\/ahorn-Van-620-2021-Bad-mit-Hintergrund_small-1024x684.jpg\" target=\"_self\" class=\"vc_single_image-wrapper   vc_box_border_grey\"><img loading=\"lazy\" decoding=\"async\" width=\"300\" height=\"200\" src=\"https:\/\/ahorn-camp.de\/wp-content\/uploads\/2020\/10\/ahorn-Van-620-2021-Bad-mit-Hintergrund_small-300x200.jpg\" class=\"vc_single_image-img attachment-medium\" alt=\"Das Badezimmer im Van 620 verf\u00fcgt \u00fcber eine Dusche und ein WC\" title=\"Ahorn Van 620 Badezimmer\" srcset=\"https:\/\/ahorn-camp.de\/wp-content\/uploads\/2020\/10\/ahorn-Van-620-2021-Bad-mit-Hintergrund_small-300x200.jpg 300w, https:\/\/ahorn-camp.de\/wp-content\/uploads\/2020\/10\/ahorn-Van-620-2021-Bad-mit-Hintergrund_small-1024x684.jpg 1024w, https:\/\/ahorn-camp.de\/wp-content\/uploads\/2020\/10\/ahorn-Van-620-2021-Bad-mit-Hintergrund_small-768x513.jpg 768w, https:\/\/ahorn-camp.de\/wp-content\/uploads\/2020\/10\/ahorn-Van-620-2021-Bad-mit-Hintergrund_small-800x534.jpg 800w, https:\/\/ahorn-camp.de\/wp-content\/uploads\/2020\/10\/ahorn-Van-620-2021-Bad-mit-Hintergrund_small.jpg 1199w\" sizes=\"(max-width: 300px) 100vw, 300px\" \/><\/a>\n\t\t<\/figure>\n\t<\/div>\n\n\t<div class=\"wpb_text_column wpb_content_element\" >\n\t\t<div class=\"wpb_wrapper\">\n\t\t\t<p>3-in-1 Badezimmer mit Dusche<\/p>\n\n\t\t<\/div>\n\t<\/div>\n<\/div><\/div><\/div><div class=\"wpb_column vc_column_container vc_col-sm-4\"><div class=\"vc_column-inner\"><div class=\"wpb_wrapper\">\n\t<div  class=\"wpb_single_image wpb_content_element vc_align_left wpb_content_element\">\n\t\t\n\t\t<figure class=\"wpb_wrapper vc_figure\">\n\t\t\t<a href=\"https:\/\/ahorn-camp.de\/wp-content\/uploads\/2021\/03\/PIC_20190516_153838478-scaled-e1615462391424-1024x690.jpg\" target=\"_self\" class=\"vc_single_image-wrapper   vc_box_border_grey\"><img loading=\"lazy\" decoding=\"async\" width=\"300\" height=\"202\" src=\"https:\/\/ahorn-camp.de\/wp-content\/uploads\/2021\/03\/PIC_20190516_153838478-scaled-e1615462391424-300x202.jpg\" class=\"vc_single_image-img attachment-medium\" alt=\"Elektrische Trittstufe von Thule\" title=\"Elektrische Trittsufe Ahorn Camp Vans\" srcset=\"https:\/\/ahorn-camp.de\/wp-content\/uploads\/2021\/03\/PIC_20190516_153838478-scaled-e1615462391424-300x202.jpg 300w, https:\/\/ahorn-camp.de\/wp-content\/uploads\/2021\/03\/PIC_20190516_153838478-scaled-e1615462391424-1024x690.jpg 1024w, https:\/\/ahorn-camp.de\/wp-content\/uploads\/2021\/03\/PIC_20190516_153838478-scaled-e1615462391424-768x517.jpg 768w, https:\/\/ahorn-camp.de\/wp-content\/uploads\/2021\/03\/PIC_20190516_153838478-scaled-e1615462391424-800x539.jpg 800w, https:\/\/ahorn-camp.de\/wp-content\/uploads\/2021\/03\/PIC_20190516_153838478-scaled-e1615462391424-1536x1034.jpg 1536w, https:\/\/ahorn-camp.de\/wp-content\/uploads\/2021\/03\/PIC_20190516_153838478-scaled-e1615462391424-2048x1379.jpg 2048w\" sizes=\"(max-width: 300px) 100vw, 300px\" \/><\/a>\n\t\t<\/figure>\n\t<\/div>\n\n\t<div class=\"wpb_text_column wpb_content_element\" >\n\t\t<div class=\"wpb_wrapper\">\n\t\t\t<p>Elektrische Trittstufe von Thule<\/p>\n\n\t\t<\/div>\n\t<\/div>\n\n\t<div  class=\"wpb_single_image wpb_content_element vc_align_left wpb_content_element\">\n\t\t\n\t\t<figure class=\"wpb_wrapper vc_figure\">\n\t\t\t<a href=\"https:\/\/ahorn-camp.de\/wp-content\/uploads\/2022\/07\/AHORN-BlackEdition-2935-1-1024x683.jpg\" target=\"_self\" class=\"vc_single_image-wrapper   vc_box_border_grey\"><img loading=\"lazy\" decoding=\"async\" width=\"300\" height=\"200\" src=\"https:\/\/ahorn-camp.de\/wp-content\/uploads\/2022\/07\/AHORN-BlackEdition-2935-1-300x200.jpg\" class=\"vc_single_image-img attachment-medium\" alt=\"Dachluke mit Verdunklungsrollo\" title=\"Dachluke mit Verdunklungsrollo\" srcset=\"https:\/\/ahorn-camp.de\/wp-content\/uploads\/2022\/07\/AHORN-BlackEdition-2935-1-300x200.jpg 300w, https:\/\/ahorn-camp.de\/wp-content\/uploads\/2022\/07\/AHORN-BlackEdition-2935-1-1024x683.jpg 1024w, https:\/\/ahorn-camp.de\/wp-content\/uploads\/2022\/07\/AHORN-BlackEdition-2935-1-768x512.jpg 768w, https:\/\/ahorn-camp.de\/wp-content\/uploads\/2022\/07\/AHORN-BlackEdition-2935-1-800x533.jpg 800w, https:\/\/ahorn-camp.de\/wp-content\/uploads\/2022\/07\/AHORN-BlackEdition-2935-1-1536x1024.jpg 1536w, https:\/\/ahorn-camp.de\/wp-content\/uploads\/2022\/07\/AHORN-BlackEdition-2935-1.jpg 2048w\" sizes=\"(max-width: 300px) 100vw, 300px\" \/><\/a>\n\t\t<\/figure>\n\t<\/div>\n\n\t<div class=\"wpb_text_column wpb_content_element\" >\n\t\t<div class=\"wpb_wrapper\">\n\t\t\t<p>Dachluke mit Verdunklungsrollo von Dometic<\/p>\n\n\t\t<\/div>\n\t<\/div>\n\n\t<div  class=\"wpb_single_image wpb_content_element vc_align_left wpb_content_element\">\n\t\t\n\t\t<figure class=\"wpb_wrapper vc_figure\">\n\t\t\t<a href=\"https:\/\/ahorn-camp.de\/wp-content\/uploads\/2023\/11\/Van-550-Aussenleuchte-1024x768.jpg\" target=\"_self\" class=\"vc_single_image-wrapper   vc_box_border_grey\"><img loading=\"lazy\" decoding=\"async\" width=\"300\" height=\"225\" src=\"https:\/\/ahorn-camp.de\/wp-content\/uploads\/2023\/11\/Van-550-Aussenleuchte-300x225.jpg\" class=\"vc_single_image-img attachment-medium\" alt=\"\" title=\"Van 550 Au\u00dfenleuchte\" srcset=\"https:\/\/ahorn-camp.de\/wp-content\/uploads\/2023\/11\/Van-550-Aussenleuchte-300x225.jpg 300w, https:\/\/ahorn-camp.de\/wp-content\/uploads\/2023\/11\/Van-550-Aussenleuchte-1024x768.jpg 1024w, https:\/\/ahorn-camp.de\/wp-content\/uploads\/2023\/11\/Van-550-Aussenleuchte-768x576.jpg 768w, https:\/\/ahorn-camp.de\/wp-content\/uploads\/2023\/11\/Van-550-Aussenleuchte-800x600.jpg 800w, https:\/\/ahorn-camp.de\/wp-content\/uploads\/2023\/11\/Van-550-Aussenleuchte-1536x1152.jpg 1536w, https:\/\/ahorn-camp.de\/wp-content\/uploads\/2023\/11\/Van-550-Aussenleuchte-2048x1536.jpg 2048w, https:\/\/ahorn-camp.de\/wp-content\/uploads\/2023\/11\/Van-550-Aussenleuchte-200x150.jpg 200w\" sizes=\"(max-width: 300px) 100vw, 300px\" \/><\/a>\n\t\t<\/figure>\n\t<\/div>\n\n\t<div class=\"wpb_text_column wpb_content_element\" >\n\t\t<div class=\"wpb_wrapper\">\n\t\t\t<p>Au\u00dfenleuchte LED<\/p>\n\n\t\t<\/div>\n\t<\/div>\n<\/div><\/div><\/div><div class=\"wpb_column vc_column_container vc_col-sm-4\"><div class=\"vc_column-inner\"><div class=\"wpb_wrapper\">\n\t<div  class=\"wpb_single_image wpb_content_element vc_align_left wpb_content_element\">\n\t\t\n\t\t<figure class=\"wpb_wrapper vc_figure\">\n\t\t\t<a href=\"https:\/\/ahorn-camp.de\/wp-content\/uploads\/2022\/08\/Unbenannt-1.png\" target=\"_self\" class=\"vc_single_image-wrapper   vc_box_border_grey\"><img loading=\"lazy\" decoding=\"async\" width=\"300\" height=\"200\" src=\"https:\/\/ahorn-camp.de\/wp-content\/uploads\/2022\/08\/Unbenannt-1.png\" class=\"vc_single_image-img attachment-medium\" alt=\"Fliegengittert\u00fcr\" title=\"Fliegengittert\u00fcr\" \/><\/a>\n\t\t<\/figure>\n\t<\/div>\n\n\t<div class=\"wpb_text_column wpb_content_element\" >\n\t\t<div class=\"wpb_wrapper\">\n\t\t\t<p>Praktische Fliegengittert\u00fcr<\/p>\n\n\t\t<\/div>\n\t<\/div>\n\n\t<div  class=\"wpb_single_image wpb_content_element vc_align_left wpb_content_element\">\n\t\t\n\t\t<figure class=\"wpb_wrapper vc_figure\">\n\t\t\t<a href=\"https:\/\/ahorn-camp.de\/wp-content\/uploads\/2022\/08\/Sitze.png\" target=\"_self\" class=\"vc_single_image-wrapper   vc_box_border_grey\"><img loading=\"lazy\" decoding=\"async\" width=\"300\" height=\"200\" src=\"https:\/\/ahorn-camp.de\/wp-content\/uploads\/2022\/08\/Sitze.png\" class=\"vc_single_image-img attachment-medium\" alt=\"Die sportlichen und gem\u00fctlichen Fahrersitze in den Ahorn Camp Vans l\u00e4sst lange Fahrten zum gem\u00fctlichen Trip werden\" title=\"Renault Sportsitze\" \/><\/a>\n\t\t<\/figure>\n\t<\/div>\n\n\t<div class=\"wpb_text_column wpb_content_element\" >\n\t\t<div class=\"wpb_wrapper\">\n\t\t\t<p>Renault Sportsitze<\/p>\n\n\t\t<\/div>\n\t<\/div>\n\n\t<div  class=\"wpb_single_image wpb_content_element vc_align_left wpb_content_element\">\n\t\t\n\t\t<figure class=\"wpb_wrapper vc_figure\">\n\t\t\t<a href=\"https:\/\/ahorn-camp.de\/wp-content\/uploads\/2023\/11\/Van-Aussendusche-1024x683.jpg\" target=\"_self\" class=\"vc_single_image-wrapper   vc_box_border_grey\"><img loading=\"lazy\" decoding=\"async\" width=\"300\" height=\"200\" src=\"https:\/\/ahorn-camp.de\/wp-content\/uploads\/2023\/11\/Van-Aussendusche-300x200.jpg\" class=\"vc_single_image-img attachment-medium\" alt=\"\" title=\"Van Au\u00dfendusche\" srcset=\"https:\/\/ahorn-camp.de\/wp-content\/uploads\/2023\/11\/Van-Aussendusche-300x200.jpg 300w, https:\/\/ahorn-camp.de\/wp-content\/uploads\/2023\/11\/Van-Aussendusche-1024x683.jpg 1024w, https:\/\/ahorn-camp.de\/wp-content\/uploads\/2023\/11\/Van-Aussendusche-768x512.jpg 768w, https:\/\/ahorn-camp.de\/wp-content\/uploads\/2023\/11\/Van-Aussendusche-800x533.jpg 800w, https:\/\/ahorn-camp.de\/wp-content\/uploads\/2023\/11\/Van-Aussendusche-1536x1024.jpg 1536w, https:\/\/ahorn-camp.de\/wp-content\/uploads\/2023\/11\/Van-Aussendusche-2048x1365.jpg 2048w\" sizes=\"(max-width: 300px) 100vw, 300px\" \/><\/a>\n\t\t<\/figure>\n\t<\/div>\n\n\t<div class=\"wpb_text_column wpb_content_element\" >\n\t\t<div class=\"wpb_wrapper\">\n\t\t\t<p>Au\u00dfendusche<\/p>\n\n\t\t<\/div>\n\t<\/div>\n<\/div><\/div><\/div><\/div><\/div><\/div><\/div><\/div><div class=\"vc_row-full-width vc_clearfix\"><\/div><div class=\"vc_row wpb_row vc_row-fluid\"><div class=\"wpb_column vc_column_container vc_col-sm-12\"><div class=\"vc_column-inner\"><div class=\"wpb_wrapper\"><div class=\"vc_empty_space\"   style=\"height: 32px\"><span class=\"vc_empty_space_inner\"><\/span><\/div><div class=\"vc_separator wpb_content_element vc_separator_align_center vc_sep_width_100 vc_sep_pos_align_center vc_separator_no_text vc_sep_color_grey wpb_content_element  wpb_content_element\" ><span class=\"vc_sep_holder vc_sep_holder_l\"><span class=\"vc_sep_line\"><\/span><\/span><span class=\"vc_sep_holder vc_sep_holder_r\"><span class=\"vc_sep_line\"><\/span><\/span>\n<\/div><\/div><\/div><\/div><\/div><div class=\"vc_row wpb_row vc_row-fluid\"><div class=\"wpb_column vc_column_container vc_col-sm-12\"><div class=\"vc_column-inner\"><div class=\"wpb_wrapper\"><div  class=\"vc_do_toggle vc_toggle vc_toggle_simple vc_toggle_color_default  vc_toggle_size_lg\"><div class=\"vc_toggle_title\"><h4>TECHNISCHE DATEN<\/h4><i class=\"vc_toggle_icon\"><\/i><\/div><div class=\"vc_toggle_content\"><hr \/>\n<hr \/>\n<p><span style=\"color: #000000;\"><strong>Chassis:<\/strong> Renault Master<\/span><\/p>\n<hr \/>\n<p><strong>Motorisierung:<\/strong> 2,3 dCi\u00a0 \u2013 Euro 6d<\/p>\n<hr \/>\n<p><strong>KW\/PS:<\/strong> 99 &#8211; 135<\/p>\n<hr \/>\n<p><strong>Getriebe:<\/strong> 6 + R<\/p>\n<hr \/>\n<p><strong>Antrieb:<\/strong> Frontantrieb<\/p>\n<hr \/>\n<p><strong>Radstand (mm):<\/strong> 3682<\/p>\n<hr \/>\n<p><strong>Kraftstofftank:<\/strong> 105 l Diesel<\/p>\n<hr \/>\n<p><strong>AdBlue:<\/strong> 22 l<\/p>\n<hr \/>\n<p><strong>Drehbare Sitze Fahrerkabine:<\/strong> Ja<\/p>\n<hr \/>\n<hr \/>\n<h5><strong>Ma\u00dfe und Gewichte<\/strong><\/h5>\n<hr \/>\n<hr \/>\n<p><strong>Gesamtl\u00e4nge (mm): <\/strong>5575<\/p>\n<hr \/>\n<p><strong>Gesamtbreite (mm):<\/strong> 2070<\/p>\n<hr \/>\n<p><strong>Gesamth\u00f6he (mm):<\/strong> 2600<\/p>\n<hr \/>\n<p><strong>Stehh\u00f6he:<\/strong> 1810 &#8211; 1855 je nach Tonnenform des Daches<\/p>\n<hr \/>\n<p><strong>Masse in fahrbereitem Zustand (ca. kg):<\/strong> 2747<\/p>\n<hr \/>\n<p><strong>Zul\u00e4ssiges Gesamtgewicht (kg):<\/strong> 3500<\/p>\n<hr \/>\n<p><strong>Zul\u00e4ssige Anh\u00e4ngelast gebremst (kg):<\/strong> 2000<\/p>\n<hr \/>\n<p><strong>St\u00e4rke Boden \/ Wand \/ Dach (mm):<\/strong> 30 \/ 30 \/ 36 &#8211; 50<\/p>\n<hr \/>\n<p><strong>Sitzpl\u00e4tze gesamt:<\/strong> 4<\/p>\n<hr \/>\n<p><strong>Bettenma\u00df Heck B x L (mm):<\/strong> 1360 x 1910<\/p>\n<hr \/>\n<p><strong>Bettenma\u00df Dinette B x L (mm):<\/strong> 1060 x 1745<\/p>\n<hr \/>\n<p><strong>Schlafpl\u00e4tze:<\/strong> 3<\/p>\n<hr \/>\n<hr \/>\n<h5><strong>Tanks<\/strong><\/h5>\n<hr \/>\n<hr \/>\n<p><strong>Frischwassertank:<\/strong> 100 l<\/p>\n<hr \/>\n<p><strong>Abwassertank:<\/strong> 100 l<\/p>\n<hr \/>\n<p><strong>WC Tank:<\/strong> Thetford 17 l<\/p>\n<hr \/>\n<hr \/>\n<h5><strong>Ausstattung<\/strong><\/h5>\n<hr \/>\n<hr \/>\n<p><strong>Gasflaschenbeh\u00e4lter:<\/strong> 1 x 11 kg Propan<\/p>\n<hr \/>\n<p><strong>Kompressork\u00fchlschrank:<\/strong> 70 l<\/p>\n<hr \/>\n<p><strong>Anzahl Kochstellen:<\/strong> 2<\/p>\n<hr \/>\n<p><strong>Aufbaubatterie:<\/strong> Ah 80<\/p>\n<hr \/>\n<p><strong>Steckdosen 12 V:<\/strong> 1<\/p>\n<hr \/>\n<p><strong>Steckdosen 220 V:<\/strong> 2<\/p>\n<hr \/>\n<p><strong>Ladeanschl\u00fcsse USB:<\/strong> 2<\/p>\n<hr \/>\n<p><strong>Lattenrost:<\/strong> ja<\/p>\n<hr \/>\n<p><strong>Duscht\u00fcr:<\/strong> ja<\/p>\n<hr \/>\n<p><strong>Heizung:<\/strong> Truma Combi 4 Diesel<\/p>\n<hr \/>\n<p><strong>Boiler:<\/strong> Truma Combi 4 Diesel<\/p>\n<\/div><\/div><div class=\"vc_separator wpb_content_element vc_separator_align_center vc_sep_width_100 vc_sep_pos_align_center vc_separator_no_text vc_sep_color_grey wpb_content_element  wpb_content_element\" ><span class=\"vc_sep_holder vc_sep_holder_l\"><span class=\"vc_sep_line\"><\/span><\/span><span class=\"vc_sep_holder vc_sep_holder_r\"><span class=\"vc_sep_line\"><\/span><\/span>\n<\/div><div  class=\"vc_do_toggle vc_toggle vc_toggle_simple vc_toggle_color_default  vc_toggle_size_lg\"><div class=\"vc_toggle_title\"><h4>SERIENAUSSTATTUNG<\/h4><i class=\"vc_toggle_icon\"><\/i><\/div><div class=\"vc_toggle_content\"><hr \/>\n<hr \/>\n<h5><strong>Chassis<\/strong><\/h5>\n<hr \/>\n<hr \/>\n<p>Renault Master 3,5 t \u2013 2,3dci \u2013 135 PS \u2013 Euro 6d Final<\/p>\n<hr \/>\n<p>Leiterrahmen Chassis<\/p>\n<hr \/>\n<p>ESP und ABS<\/p>\n<hr \/>\n<p>6-Gang Schaltgetriebe<\/p>\n<hr \/>\n<p>Eco Modus &#8211; Kraftstoffsparmodus<\/p>\n<hr \/>\n<p>105 l Kraftstofftank<\/p>\n<hr \/>\n<p>22 l AdBlue Tank<\/p>\n<hr \/>\n<p>16 Zoll Original Radzierblenden<\/p>\n<hr \/>\n<p>LED Tagfahrlicht<\/p>\n<hr \/>\n<p>Licht &amp; Regensensor<\/p>\n<hr \/>\n<p>Renault Master Sportsitze<\/p>\n<hr \/>\n<p>Fahrerairbag<\/p>\n<hr \/>\n<p>Getr\u00e4nkehalter Fahrer und Beifahrerplatz<\/p>\n<hr \/>\n<p>Marken Sommerreifen\u00a0 225\/65 R16 CP<\/p>\n<hr \/>\n<p>Handschuhfach<\/p>\n<hr \/>\n<p>Gro\u00dfe Ablage \u00fcber Armaturenbrett<\/p>\n<hr \/>\n<p>Sonnenblenden<\/p>\n<hr \/>\n<p>Zus\u00e4tzliche Stauf\u00e4cher \u00fcber Sonnenblenden<\/p>\n<hr \/>\n<p>2 x 12 V (Zigarettenanz\u00fcnder) Steckdosen im Fahrerhaus<\/p>\n<hr \/>\n<p>R\u00fcckspiegel manuell abblendbar<\/p>\n<hr \/>\n<p>Reifenreparaturset inkl. Abschlepphaken<\/p>\n<hr \/>\n<p>Wegfahrsperre<\/p>\n<hr \/>\n<p>Zentralverriegelung Fahrerhaus &amp; Aufbaut\u00fcren<\/p>\n<hr \/>\n<hr \/>\n<h5><strong>Aufbau<\/strong><\/h5>\n<hr \/>\n<hr \/>\n<p>Modernste Au\u00dfenoptik Renault Master Facelift<\/p>\n<p>2 40&#215;40 Heki Klarsicht Dachluken von Dometic inkl. Verdunkelungsrollo und Fliegenschutz<\/p>\n<hr \/>\n<p>Softclose Scharniere<\/p>\n<hr \/>\n<p>Robuster &amp; hochwertiger M\u00f6belbau<\/p>\n<hr \/>\n<p>Schubladen mit Sperrverriegelung<\/p>\n<hr \/>\n<p>Tischarretierung auch im Au\u00dfenbereich<\/p>\n<hr \/>\n<p>Dinettentisch klappbar<\/p>\n<hr \/>\n<p>Seitz Rahmenfenster (kein Windwiderstand, einbruchsicher, doppelt verglast)<\/p>\n<hr \/>\n<p>Can 2 Flammkocher mit Piezo Z\u00fcndung &amp; Glasabdeckung<\/p>\n<hr \/>\n<p>Dometic Kompressork\u00fchlschrank mit integr. Gefrierfach 70 l<\/p>\n<hr \/>\n<p>Voll LED Beleuchtung inkl. Ambientebeleuchtung<\/p>\n<hr \/>\n<p>LED Beleuchtung auch einzeln per Touchfunktion anw\u00e4hlbar<\/p>\n<hr \/>\n<p>Thetford Toilette<\/p>\n<hr \/>\n<p>Truma Combi 4 Dieselstandheizung oder Gasheizung inkl. Warmwasserboiler<\/p>\n<hr \/>\n<p>Laderaumtrennung \/ Bodeneinlage<\/p>\n<hr \/>\n<p>Bedienpanel f\u00fcr gesamte Bordelektronik mit Touchscreen<\/p>\n<hr \/>\n<p>Hochwertige Sp\u00fclarmatur<\/p>\n<hr \/>\n<p>Badezimmerwaschbecken ausklappbar<\/p>\n<hr \/>\n<p>Duschwand zwischen Duschwanne und Toilette<\/p>\n<hr \/>\n<p>Gro\u00dfer Stauraum unter Doppelbett<\/p>\n<hr \/>\n<p>Eingelassenes Sp\u00fclbecken aus Edelstahl<\/p>\n<hr \/>\n<p>Kleiderschrank mit Stange und herausnehmbaren Bodenbrett f\u00fcr lange Kleidungsst\u00fccke<\/p>\n<hr \/>\n<p>Gasflaschenfach f\u00fcr 1 x 11 kg<\/p>\n<hr \/>\n<p>Frostw\u00e4chter<\/p>\n<hr \/>\n<p>Separates Batteriefach f\u00fcr Aufbaubatterie, Ladeger\u00e4t &amp; Sicherungskasten<\/p>\n<hr \/>\n<p>Hochwertige Sitzbez\u00fcge im Wohnraum<\/p>\n<hr \/>\n<p>Hochwertige Kaltschaummatratzen<\/p>\n<hr \/>\n<p>Lattenrost<\/p>\n<hr \/>\n<p>2 Leselampen jeweils im Schlafbereich<\/p>\n<hr \/>\n<p>Isotherme Vorh\u00e4nge hinten und Matten vorne f\u00fcr die Fenster<\/p>\n<hr \/>\n<p>100 l Frischwassertank<\/p>\n<hr \/>\n<p>100 l Abwassertank<\/p>\n<hr \/>\n<p>2 x 230 V Steckdosen im Wohnraum<\/p>\n<hr \/>\n<p>1 x USB Anschl\u00fcsse im Wohnraum<\/p>\n<hr \/>\n<p>1 x 12 V Steckdose im Wohnraum<\/p>\n<hr \/>\n<\/div><\/div><div class=\"vc_separator wpb_content_element vc_separator_align_center vc_sep_width_100 vc_sep_pos_align_center vc_separator_no_text vc_sep_color_grey wpb_content_element  wpb_content_element\" ><span class=\"vc_sep_holder vc_sep_holder_l\"><span class=\"vc_sep_line\"><\/span><\/span><span class=\"vc_sep_holder vc_sep_holder_r\"><span class=\"vc_sep_line\"><\/span><\/span>\n<\/div><div  class=\"vc_do_toggle vc_toggle vc_toggle_simple vc_toggle_color_default  vc_toggle_size_lg\"><div class=\"vc_toggle_title\"><h4>SONDERAUSSTATTUNG UND ZUBEH\u00d6R<\/h4><i class=\"vc_toggle_icon\"><\/i><\/div><div class=\"vc_toggle_content\"><p><a href=\"https:\/\/ahorn-camp.de\/preislisten-kataloge\/\">Preislisten<\/a><\/p>\n<\/div><\/div><div class=\"vc_separator wpb_content_element vc_separator_align_center vc_sep_width_100 vc_sep_pos_align_center vc_separator_no_text vc_sep_color_grey wpb_content_element  wpb_content_element\" ><span class=\"vc_sep_holder vc_sep_holder_l\"><span class=\"vc_sep_line\"><\/span><\/span><span class=\"vc_sep_holder vc_sep_holder_r\"><span class=\"vc_sep_line\"><\/span><\/span>\n<\/div><div class=\"vc_separator wpb_content_element vc_separator_align_center vc_sep_width_100 vc_sep_pos_align_center vc_separator_no_text vc_sep_color_grey wpb_content_element  wpb_content_element\" ><span class=\"vc_sep_holder vc_sep_holder_l\"><span class=\"vc_sep_line\"><\/span><\/span><span class=\"vc_sep_holder vc_sep_holder_r\"><span class=\"vc_sep_line\"><\/span><\/span>\n<\/div><\/div><\/div><\/div><\/div><div class=\"vc_row wpb_row vc_row-fluid\"><div class=\"wpb_column vc_column_container vc_col-sm-12\"><div class=\"vc_column-inner\"><div class=\"wpb_wrapper\">\n\t<div class=\"wpb_video_widget wpb_content_element vc_clearfix   vc_video-aspect-ratio-169 vc_video-el-width-100 vc_video-align-left\" >\n\t\t<div class=\"wpb_wrapper\">\n\t\t\t\n\t\t\t<div class=\"wpb_video_wrapper\"><iframe title=\"Unterwegs mit dem Ahorn Camp Van 550\" width=\"500\" height=\"281\" src=\"https:\/\/www.youtube.com\/embed\/Gnh9RVeXvWs?feature=oembed\" frameborder=\"0\" allow=\"accelerometer; autoplay; clipboard-write; encrypted-media; gyroscope; picture-in-picture; web-share\" allowfullscreen><\/iframe><\/div>\n\t\t<\/div>\n\t<\/div>\n<\/div><\/div><\/div><\/div><div data-vc-full-width=\"true\" data-vc-full-width-temp=\"true\" data-vc-full-width-init=\"false\" class=\"vc_row wpb_row vc_row-fluid vc_custom_1588606691033 vc_row-has-fill\"><div class=\"wpb_column vc_column_container vc_col-sm-12\"><div class=\"vc_column-inner\"><div class=\"wpb_wrapper\"><div class=\"vc_row wpb_row vc_inner vc_row-fluid\"><div class=\"wpb_column vc_column_container vc_col-sm-4\"><div class=\"vc_column-inner\"><div class=\"wpb_wrapper\"><div class=\"vc_btn3-container vc_btn3-inline vc_do_btn\" ><a class=\"vc_general vc_btn3 vc_btn3-size-md vc_btn3-shape-square vc_btn3-style-modern vc_btn3-icon-left vc_btn3-color-white\" href=\"https:\/\/www.ahorn-camp.de\/handelspartner\/\" title=\"Handelspartner\" target=\"_blank\"><i class=\"vc_btn3-icon fas fa-map-marker-alt\"><\/i> H\u00e4ndler finden<\/a><\/div><\/div><\/div><\/div><div class=\"wpb_column vc_column_container vc_col-sm-4\"><div class=\"vc_column-inner\"><div class=\"wpb_wrapper\"><div class=\"vc_btn3-container vc_btn3-inline vc_do_btn\" ><a class=\"vc_general vc_btn3 vc_btn3-size-md vc_btn3-shape-square vc_btn3-style-modern vc_btn3-icon-left vc_btn3-color-white\" href=\"https:\/\/www.ahorn-camp.de\/preislisten-kataloge\/\" title=\"preis\" target=\"_blank\"><i class=\"vc_btn3-icon fas fa-file-pdf\"><\/i> Kataloge und Brosch\u00fcren<\/a><\/div><\/div><\/div><\/div><div class=\"wpb_column vc_column_container vc_col-sm-4\"><div class=\"vc_column-inner\"><div class=\"wpb_wrapper\"><div class=\"vc_btn3-container vc_btn3-inline vc_do_btn\" ><a class=\"vc_general vc_btn3 vc_btn3-size-md vc_btn3-shape-square vc_btn3-style-modern vc_btn3-icon-left vc_btn3-color-white\" href=\"https:\/\/www.ahorn-camp.de\/handelspartner\/\" title=\"Kontaktformular\" target=\"_blank\"><i class=\"vc_btn3-icon fas fa-newspaper\"><\/i> Newsletter abonnieren<\/a><\/div><\/div><\/div><\/div><\/div><\/div><\/div><\/div><\/div><div class=\"vc_row-full-width vc_clearfix\"><\/div>\n<\/div>","protected":false},"excerpt":{"rendered":"[heading heading=\"h2\"]Van 550[\/heading]Der kompakte Campingbus Der 5,57 Meter kurze Van punktet durch seine kompakte und praktische Aufteilung. Das platzsparende Bad vereint Dusche, WC und Waschbecken. Die in der voll ausgestatteten K\u00fcche zubereiteten Gerichte lassen sich durch den flexiblen Esstisch auch drau\u00dfen genie\u00dfen. Das moderne Design und Lichtambiente sorgt f\u00fcr den Wohlf\u00fchlfaktor. Der Stauraum unter dem [...]","protected":false},"author":2,"featured_media":7669,"parent":19977,"menu_order":108,"comment_status":"closed","ping_status":"closed","template":"","meta":{"content-type":"","footnotes":""},"class_list":["post-6863","page","type-page","status-publish","has-post-thumbnail","hentry"],"yoast_head":"<!-- This site is optimized with the Yoast SEO plugin v27.4 - https:\/\/yoast.com\/product\/yoast-seo-wordpress\/ -->\n<title>VAN 550 - Ahorn Camp | Reisemobile und Kastenwagen<\/title>\n<meta name=\"description\" content=\"Der 5,48 Meter kurze Van 550 mit 4 Sitz- und 3 Schlafpl\u00e4tzen ist kompakt und praktisch aufgeteilt. Inkl. ger\u00e4umiger K\u00fcche.\" \/>\n<meta name=\"robots\" content=\"index, follow, max-snippet:-1, max-image-preview:large, max-video-preview:-1\" \/>\n<link rel=\"canonical\" href=\"https:\/\/ahorn-camp.de\/fr\/ahorn-reisemobile-old\/campervans\/modeles-2023\/van-550\/\" \/>\n<meta property=\"og:locale\" content=\"fr_FR\" \/>\n<meta property=\"og:type\" content=\"article\" \/>\n<meta property=\"og:title\" content=\"VAN 550 - Ahorn Camp | Reisemobile und Kastenwagen\" \/>\n<meta property=\"og:description\" content=\"Der 5,48 Meter kurze Van 550 mit 4 Sitz- und 3 Schlafpl\u00e4tzen ist kompakt und praktisch aufgeteilt. Inkl. ger\u00e4umiger K\u00fcche.\" \/>\n<meta property=\"og:url\" content=\"https:\/\/ahorn-camp.de\/fr\/ahorn-reisemobile-old\/campervans\/modeles-2023\/van-550\/\" \/>\n<meta property=\"og:site_name\" content=\"Ahorn Camp | Reisemobile und Kastenwagen\" \/>\n<meta property=\"article:publisher\" content=\"https:\/\/www.facebook.com\/ahorn.wohnmobile\/\" \/>\n<meta property=\"article:modified_time\" content=\"2024-01-29T15:00:42+00:00\" \/>\n<meta property=\"og:image\" content=\"https:\/\/ahorn-camp.de\/wp-content\/uploads\/2020\/09\/Ahorn-Van-550-1103-HDR.png\" \/>\n\t<meta property=\"og:image:width\" content=\"2000\" \/>\n\t<meta property=\"og:image:height\" content=\"1333\" \/>\n\t<meta property=\"og:image:type\" content=\"image\/png\" \/>\n<meta name=\"twitter:card\" content=\"summary_large_image\" \/>\n<meta name=\"twitter:label1\" content=\"Dur\u00e9e de lecture estim\u00e9e\" \/>\n\t<meta name=\"twitter:data1\" content=\"8 minutes\" \/>\n<script type=\"application\/ld+json\" class=\"yoast-schema-graph\">{\"@context\":\"https:\\\/\\\/schema.org\",\"@graph\":[{\"@type\":\"WebPage\",\"@id\":\"https:\\\/\\\/ahorn-camp.de\\\/ahorn-reisemobile-old\\\/campervans\\\/modelle-2023\\\/van-550\\\/\",\"url\":\"https:\\\/\\\/ahorn-camp.de\\\/ahorn-reisemobile-old\\\/campervans\\\/modelle-2023\\\/van-550\\\/\",\"name\":\"VAN 550 - Ahorn Camp | Reisemobile und Kastenwagen\",\"isPartOf\":{\"@id\":\"https:\\\/\\\/ahorn-camp.de\\\/#website\"},\"primaryImageOfPage\":{\"@id\":\"https:\\\/\\\/ahorn-camp.de\\\/ahorn-reisemobile-old\\\/campervans\\\/modelle-2023\\\/van-550\\\/#primaryimage\"},\"image\":{\"@id\":\"https:\\\/\\\/ahorn-camp.de\\\/ahorn-reisemobile-old\\\/campervans\\\/modelle-2023\\\/van-550\\\/#primaryimage\"},\"thumbnailUrl\":\"https:\\\/\\\/ahorn-camp.de\\\/wp-content\\\/uploads\\\/2020\\\/09\\\/Ahorn-Van-550-1103-HDR.png\",\"datePublished\":\"2020-09-10T13:40:42+00:00\",\"dateModified\":\"2024-01-29T15:00:42+00:00\",\"description\":\"Der 5,48 Meter kurze Van 550 mit 4 Sitz- und 3 Schlafpl\u00e4tzen ist kompakt und praktisch aufgeteilt. Inkl. ger\u00e4umiger K\u00fcche.\",\"breadcrumb\":{\"@id\":\"https:\\\/\\\/ahorn-camp.de\\\/ahorn-reisemobile-old\\\/campervans\\\/modelle-2023\\\/van-550\\\/#breadcrumb\"},\"inLanguage\":\"fr-FR\",\"potentialAction\":[{\"@type\":\"ReadAction\",\"target\":[\"https:\\\/\\\/ahorn-camp.de\\\/ahorn-reisemobile-old\\\/campervans\\\/modelle-2023\\\/van-550\\\/\"]}]},{\"@type\":\"ImageObject\",\"inLanguage\":\"fr-FR\",\"@id\":\"https:\\\/\\\/ahorn-camp.de\\\/ahorn-reisemobile-old\\\/campervans\\\/modelle-2023\\\/van-550\\\/#primaryimage\",\"url\":\"https:\\\/\\\/ahorn-camp.de\\\/wp-content\\\/uploads\\\/2020\\\/09\\\/Ahorn-Van-550-1103-HDR.png\",\"contentUrl\":\"https:\\\/\\\/ahorn-camp.de\\\/wp-content\\\/uploads\\\/2020\\\/09\\\/Ahorn-Van-550-1103-HDR.png\",\"width\":2000,\"height\":1333,\"caption\":\"Van Renault Master\"},{\"@type\":\"BreadcrumbList\",\"@id\":\"https:\\\/\\\/ahorn-camp.de\\\/ahorn-reisemobile-old\\\/campervans\\\/modelle-2023\\\/van-550\\\/#breadcrumb\",\"itemListElement\":[{\"@type\":\"ListItem\",\"position\":1,\"name\":\"Startseite\",\"item\":\"https:\\\/\\\/ahorn-camp.de\\\/\"},{\"@type\":\"ListItem\",\"position\":2,\"name\":\"Ihr Wohnmobil kaufen bei Ahorn Camp\",\"item\":\"https:\\\/\\\/ahorn-camp.de\\\/?page_id=156\"},{\"@type\":\"ListItem\",\"position\":3,\"name\":\"Campervans von Ahorn Camp\",\"item\":\"https:\\\/\\\/ahorn-camp.de\\\/ahorn-reisemobile-old\\\/campervans\\\/\"},{\"@type\":\"ListItem\",\"position\":4,\"name\":\"Campervans 2023\",\"item\":\"https:\\\/\\\/ahorn-camp.de\\\/ahorn-reisemobile-old\\\/campervans\\\/modelle-2023\\\/\"},{\"@type\":\"ListItem\",\"position\":5,\"name\":\"VAN 550\"}]},{\"@type\":\"WebSite\",\"@id\":\"https:\\\/\\\/ahorn-camp.de\\\/#website\",\"url\":\"https:\\\/\\\/ahorn-camp.de\\\/\",\"name\":\"Ahorn Camp | Reisemobile und Kastenwagen\",\"description\":\"Seit \u00fcber 30 Jahren vermarktet das Familienunternehmen, Ahorn Camp in Speyer, erfolgreich Wohnmobile und Kastenwagen zum besten Preis-Leistungsverh\u00e4ltnis.\",\"publisher\":{\"@id\":\"https:\\\/\\\/ahorn-camp.de\\\/#organization\"},\"potentialAction\":[{\"@type\":\"SearchAction\",\"target\":{\"@type\":\"EntryPoint\",\"urlTemplate\":\"https:\\\/\\\/ahorn-camp.de\\\/?s={search_term_string}\"},\"query-input\":{\"@type\":\"PropertyValueSpecification\",\"valueRequired\":true,\"valueName\":\"search_term_string\"}}],\"inLanguage\":\"fr-FR\"},{\"@type\":\"Organization\",\"@id\":\"https:\\\/\\\/ahorn-camp.de\\\/#organization\",\"name\":\"Ahorn Camp GmbH & Co. KG\",\"url\":\"https:\\\/\\\/ahorn-camp.de\\\/\",\"logo\":{\"@type\":\"ImageObject\",\"inLanguage\":\"fr-FR\",\"@id\":\"https:\\\/\\\/ahorn-camp.de\\\/#\\\/schema\\\/logo\\\/image\\\/\",\"url\":\"https:\\\/\\\/ahorn-camp.de\\\/wp-content\\\/uploads\\\/2018\\\/12\\\/Ahorn_Logo.jpg\",\"contentUrl\":\"https:\\\/\\\/ahorn-camp.de\\\/wp-content\\\/uploads\\\/2018\\\/12\\\/Ahorn_Logo.jpg\",\"width\":1437,\"height\":1000,\"caption\":\"Ahorn Camp GmbH & Co. KG\"},\"image\":{\"@id\":\"https:\\\/\\\/ahorn-camp.de\\\/#\\\/schema\\\/logo\\\/image\\\/\"},\"sameAs\":[\"https:\\\/\\\/www.facebook.com\\\/ahorn.wohnmobile\\\/\",\"https:\\\/\\\/www.instagram.com\\\/ahorn.camp\\\/\",\"https:\\\/\\\/www.youtube.com\\\/channel\\\/UCPFbPCts1JJ_A1k9vyH0yOQ\"]}]}<\/script>\n<!-- \/ Yoast SEO plugin. -->","yoast_head_json":{"title":"VAN 550 - Ahorn Camp | Camping-cars et fourgons am\u00e9nag\u00e9s","description":"Le van 550, long de 5,48 m\u00e8tres, avec 4 places assises et 3 couchages, est compact et pratique. Cuisine spacieuse incluse.","robots":{"index":"index","follow":"follow","max-snippet":"max-snippet:-1","max-image-preview":"max-image-preview:large","max-video-preview":"max-video-preview:-1"},"canonical":"https:\/\/ahorn-camp.de\/fr\/ahorn-reisemobile-old\/campervans\/modeles-2023\/van-550\/","og_locale":"fr_FR","og_type":"article","og_title":"VAN 550 - Ahorn Camp | Reisemobile und Kastenwagen","og_description":"Der 5,48 Meter kurze Van 550 mit 4 Sitz- und 3 Schlafpl\u00e4tzen ist kompakt und praktisch aufgeteilt. Inkl. ger\u00e4umiger K\u00fcche.","og_url":"https:\/\/ahorn-camp.de\/fr\/ahorn-reisemobile-old\/campervans\/modeles-2023\/van-550\/","og_site_name":"Ahorn Camp | Reisemobile und Kastenwagen","article_publisher":"https:\/\/www.facebook.com\/ahorn.wohnmobile\/","article_modified_time":"2024-01-29T15:00:42+00:00","og_image":[{"width":2000,"height":1333,"url":"https:\/\/ahorn-camp.de\/wp-content\/uploads\/2020\/09\/Ahorn-Van-550-1103-HDR.png","type":"image\/png"}],"twitter_card":"summary_large_image","twitter_misc":{"Dur\u00e9e de lecture estim\u00e9e":"8 minutes"},"schema":{"@context":"https:\/\/schema.org","@graph":[{"@type":"WebPage","@id":"https:\/\/ahorn-camp.de\/ahorn-reisemobile-old\/campervans\/modelle-2023\/van-550\/","url":"https:\/\/ahorn-camp.de\/ahorn-reisemobile-old\/campervans\/modelle-2023\/van-550\/","name":"VAN 550 - Ahorn Camp | Camping-cars et fourgons am\u00e9nag\u00e9s","isPartOf":{"@id":"https:\/\/ahorn-camp.de\/#website"},"primaryImageOfPage":{"@id":"https:\/\/ahorn-camp.de\/ahorn-reisemobile-old\/campervans\/modelle-2023\/van-550\/#primaryimage"},"image":{"@id":"https:\/\/ahorn-camp.de\/ahorn-reisemobile-old\/campervans\/modelle-2023\/van-550\/#primaryimage"},"thumbnailUrl":"https:\/\/ahorn-camp.de\/wp-content\/uploads\/2020\/09\/Ahorn-Van-550-1103-HDR.png","datePublished":"2020-09-10T13:40:42+00:00","dateModified":"2024-01-29T15:00:42+00:00","description":"Le van 550, long de 5,48 m\u00e8tres, avec 4 places assises et 3 couchages, est compact et pratique. Cuisine spacieuse incluse.","breadcrumb":{"@id":"https:\/\/ahorn-camp.de\/ahorn-reisemobile-old\/campervans\/modelle-2023\/van-550\/#breadcrumb"},"inLanguage":"fr-FR","potentialAction":[{"@type":"ReadAction","target":["https:\/\/ahorn-camp.de\/ahorn-reisemobile-old\/campervans\/modelle-2023\/van-550\/"]}]},{"@type":"ImageObject","inLanguage":"fr-FR","@id":"https:\/\/ahorn-camp.de\/ahorn-reisemobile-old\/campervans\/modelle-2023\/van-550\/#primaryimage","url":"https:\/\/ahorn-camp.de\/wp-content\/uploads\/2020\/09\/Ahorn-Van-550-1103-HDR.png","contentUrl":"https:\/\/ahorn-camp.de\/wp-content\/uploads\/2020\/09\/Ahorn-Van-550-1103-HDR.png","width":2000,"height":1333,"caption":"Van Renault Master"},{"@type":"BreadcrumbList","@id":"https:\/\/ahorn-camp.de\/ahorn-reisemobile-old\/campervans\/modelle-2023\/van-550\/#breadcrumb","itemListElement":[{"@type":"ListItem","position":1,"name":"Startseite","item":"https:\/\/ahorn-camp.de\/"},{"@type":"ListItem","position":2,"name":"Ihr Wohnmobil kaufen bei Ahorn Camp","item":"https:\/\/ahorn-camp.de\/?page_id=156"},{"@type":"ListItem","position":3,"name":"Campervans von Ahorn Camp","item":"https:\/\/ahorn-camp.de\/ahorn-reisemobile-old\/campervans\/"},{"@type":"ListItem","position":4,"name":"Campervans 2023","item":"https:\/\/ahorn-camp.de\/ahorn-reisemobile-old\/campervans\/modelle-2023\/"},{"@type":"ListItem","position":5,"name":"VAN 550"}]},{"@type":"WebSite","@id":"https:\/\/ahorn-camp.de\/#website","url":"https:\/\/ahorn-camp.de\/","name":"Ahorn Camp | Camping-cars et fourgons am\u00e9nag\u00e9s","description":"Depuis plus de 30 ans, l'entreprise familiale, Ahorn Camp \u00e0 Speyer, commercialise avec succ\u00e8s des camping-cars et des fourgons au meilleur rapport qualit\u00e9-prix.","publisher":{"@id":"https:\/\/ahorn-camp.de\/#organization"},"potentialAction":[{"@type":"SearchAction","target":{"@type":"EntryPoint","urlTemplate":"https:\/\/ahorn-camp.de\/?s={search_term_string}"},"query-input":{"@type":"PropertyValueSpecification","valueRequired":true,"valueName":"search_term_string"}}],"inLanguage":"fr-FR"},{"@type":"Organization","@id":"https:\/\/ahorn-camp.de\/#organization","name":"Ahorn Camp GmbH &amp; Co. KG","url":"https:\/\/ahorn-camp.de\/","logo":{"@type":"ImageObject","inLanguage":"fr-FR","@id":"https:\/\/ahorn-camp.de\/#\/schema\/logo\/image\/","url":"https:\/\/ahorn-camp.de\/wp-content\/uploads\/2018\/12\/Ahorn_Logo.jpg","contentUrl":"https:\/\/ahorn-camp.de\/wp-content\/uploads\/2018\/12\/Ahorn_Logo.jpg","width":1437,"height":1000,"caption":"Ahorn Camp GmbH & Co. KG"},"image":{"@id":"https:\/\/ahorn-camp.de\/#\/schema\/logo\/image\/"},"sameAs":["https:\/\/www.facebook.com\/ahorn.wohnmobile\/","https:\/\/www.instagram.com\/ahorn.camp\/","https:\/\/www.youtube.com\/channel\/UCPFbPCts1JJ_A1k9vyH0yOQ"]}]}},"_links":{"self":[{"href":"https:\/\/ahorn-camp.de\/fr\/wp-json\/wp\/v2\/pages\/6863","targetHints":{"allow":["GET"]}}],"collection":[{"href":"https:\/\/ahorn-camp.de\/fr\/wp-json\/wp\/v2\/pages"}],"about":[{"href":"https:\/\/ahorn-camp.de\/fr\/wp-json\/wp\/v2\/types\/page"}],"author":[{"embeddable":true,"href":"https:\/\/ahorn-camp.de\/fr\/wp-json\/wp\/v2\/users\/2"}],"replies":[{"embeddable":true,"href":"https:\/\/ahorn-camp.de\/fr\/wp-json\/wp\/v2\/comments?post=6863"}],"version-history":[{"count":0,"href":"https:\/\/ahorn-camp.de\/fr\/wp-json\/wp\/v2\/pages\/6863\/revisions"}],"up":[{"embeddable":true,"href":"https:\/\/ahorn-camp.de\/fr\/wp-json\/wp\/v2\/pages\/19977"}],"wp:featuredmedia":[{"embeddable":true,"href":"https:\/\/ahorn-camp.de\/fr\/wp-json\/wp\/v2\/media\/7669"}],"wp:attachment":[{"href":"https:\/\/ahorn-camp.de\/fr\/wp-json\/wp\/v2\/media?parent=6863"}],"curies":[{"name":"wp","href":"https:\/\/api.w.org\/{rel}","templated":true}]}}