{"id":5829,"date":"2020-05-07T12:51:37","date_gmt":"2020-05-07T10:51:37","guid":{"rendered":"https:\/\/ahorn-camp.de\/?page_id=5829"},"modified":"2026-01-29T12:47:42","modified_gmt":"2026-01-29T11:47:42","slug":"wartung-garantie","status":"publish","type":"page","link":"https:\/\/ahorn-camp.de\/fr\/wartung-garantie\/","title":{"rendered":"Garantie und Wartung Ihres Wohnmobils"},"content":{"rendered":"<div data-elementor-type=\"wp-page\" data-elementor-id=\"5829\" class=\"elementor elementor-5829\" data-elementor-post-type=\"page\">\n\t\t\t\t\t\t<section class=\"elementor-section elementor-top-section elementor-element elementor-element-5805709 elementor-section-full_width elementor-section-stretched elementor-section-height-default elementor-section-height-default\" data-id=\"5805709\" data-element_type=\"section\" data-e-type=\"section\" data-settings=\"{&quot;stretch_section&quot;:&quot;section-stretched&quot;}\">\n\t\t\t\t\t\t<div class=\"elementor-container elementor-column-gap-default\">\n\t\t\t\t\t<div class=\"elementor-column elementor-col-100 elementor-top-column elementor-element elementor-element-f828976\" data-id=\"f828976\" data-element_type=\"column\" data-e-type=\"column\">\n\t\t\t<div class=\"elementor-widget-wrap elementor-element-populated\">\n\t\t\t\t\t\t<div class=\"elementor-element elementor-element-df70353 elementor-widget__width-inherit elementor--h-position-center elementor--v-position-middle elementor-widget elementor-widget-slides\" data-id=\"df70353\" data-element_type=\"widget\" data-e-type=\"widget\" data-settings=\"{&quot;navigation&quot;:&quot;none&quot;,&quot;transition&quot;:&quot;slide&quot;,&quot;transition_speed&quot;:500}\" data-widget_type=\"slides.default\">\n\t\t\t\t<div class=\"elementor-widget-container\">\n\t\t\t\t\t\t\t\t\t<div class=\"elementor-swiper\">\n\t\t\t\t\t<div class=\"elementor-slides-wrapper elementor-main-swiper swiper\" role=\"region\" aria-roledescription=\"carousel\" aria-label=\"Slider\" dir=\"ltr\" data-animation=\"fadeInUp\">\n\t\t\t\t<div class=\"swiper-wrapper elementor-slides\">\n\t\t\t\t\t\t\t\t\t\t<div class=\"elementor-repeater-item-12a8c52 swiper-slide\" role=\"group\" aria-roledescription=\"slide\"><div class=\"swiper-slide-bg\" role=\"img\" aria-label=\"Klimaanlage Wohnmobil\"><\/div><div class=\"swiper-slide-inner\" ><div class=\"swiper-slide-contents\"><\/div><\/div><\/div>\t\t\t\t<\/div>\n\t\t\t\t\t\t\t<\/div>\n\t\t\t\t<\/div>\n\t\t\t\t\t\t\t\t<\/div>\n\t\t\t\t<\/div>\n\t\t\t\t\t<\/div>\n\t\t<\/div>\n\t\t\t\t\t<\/div>\n\t\t<\/section>\n\t\t\t\t<section class=\"elementor-section elementor-top-section elementor-element elementor-element-a0fd060 elementor-section-stretched elementor-section-boxed elementor-section-height-default elementor-section-height-default\" data-id=\"a0fd060\" data-element_type=\"section\" data-e-type=\"section\" data-settings=\"{&quot;background_background&quot;:&quot;classic&quot;,&quot;stretch_section&quot;:&quot;section-stretched&quot;}\">\n\t\t\t\t\t\t<div class=\"elementor-container elementor-column-gap-default\">\n\t\t\t\t\t<div class=\"elementor-column elementor-col-100 elementor-top-column elementor-element elementor-element-d418601\" data-id=\"d418601\" data-element_type=\"column\" data-e-type=\"column\" data-settings=\"{&quot;background_background&quot;:&quot;classic&quot;}\">\n\t\t\t<div class=\"elementor-widget-wrap elementor-element-populated\">\n\t\t\t\t\t\t<div class=\"elementor-element elementor-element-2e8c16b elementor-widget elementor-widget-heading\" data-id=\"2e8c16b\" data-element_type=\"widget\" data-e-type=\"widget\" data-widget_type=\"heading.default\">\n\t\t\t\t<div class=\"elementor-widget-container\">\n\t\t\t\t\t<h1 class=\"elementor-heading-title elementor-size-default\">Garantie Ihres Wohnmobils<\/h1>\t\t\t\t<\/div>\n\t\t\t\t<\/div>\n\t\t\t\t<div class=\"elementor-element elementor-element-3aeffb8 elementor-widget elementor-widget-text-editor\" data-id=\"3aeffb8\" data-element_type=\"widget\" data-e-type=\"widget\" data-widget_type=\"text-editor.default\">\n\t\t\t\t<div class=\"elementor-widget-container\">\n\t\t\t\t\t\t\t\t\t<p>Pour vous garantir des ann\u00e9es de plaisir de conduite avec votre camping-car, nous vous recommandons de respecter imp\u00e9rativement les intervalles d'entretien pr\u00e9conis\u00e9s par Renault. Ils sont requis soit tous les 2 ans, soit apr\u00e8s 40 000 kilom\u00e8tres parcourus. Vous pouvez vous renseigner aupr\u00e8s d'un partenaire de service Renault proche de chez vous pour conna\u00eetre les intervalles exacts.<\/p><p>Chaque camping-car Ahorn Camp dispose d'une garantie de mobilit\u00e9 \u00e0 partir de la date de production. Celle-ci prend effet apr\u00e8s l'enregistrement du camping-car, sur pr\u00e9sentation de la carte grise et du certificat de garantie, \u00e0 la date de premi\u00e8re immatriculation.<\/p><p>Les droits de garantie pour le ch\u00e2ssis Renault, le montage par Ahorn Camp, ainsi que pour les accessoires et les appareils du fabricant s'\u00e9l\u00e8vent \u00e0 2 ans.<\/p><p>Une garantie de 5 ans est accord\u00e9e sur l'\u00e9tanch\u00e9it\u00e9 des structures, \u00e0 condition que les tests d'\u00e9tanch\u00e9it\u00e9 soient respect\u00e9s. Les droits de garantie ne restent valables que si les travaux n\u00e9cessaires sont effectu\u00e9s par les partenaires de service autoris\u00e9s par Ahorn Camp et si les intervalles de contr\u00f4le d'\u00e9tanch\u00e9it\u00e9 prescrits sont respect\u00e9s.<\/p>\t\t\t\t\t\t\t\t<\/div>\n\t\t\t\t<\/div>\n\t\t\t\t\t<\/div>\n\t\t<\/div>\n\t\t\t\t\t<\/div>\n\t\t<\/section>\n\t\t\t\t<section class=\"elementor-section elementor-top-section elementor-element elementor-element-4246e6e elementor-section-stretched elementor-section-boxed elementor-section-height-default elementor-section-height-default\" data-id=\"4246e6e\" data-element_type=\"section\" data-e-type=\"section\" data-settings=\"{&quot;background_background&quot;:&quot;classic&quot;,&quot;stretch_section&quot;:&quot;section-stretched&quot;}\">\n\t\t\t\t\t\t<div class=\"elementor-container elementor-column-gap-default\">\n\t\t\t\t\t<div class=\"elementor-column elementor-col-100 elementor-top-column elementor-element elementor-element-27318de\" data-id=\"27318de\" data-element_type=\"column\" data-e-type=\"column\">\n\t\t\t<div class=\"elementor-widget-wrap elementor-element-populated\">\n\t\t\t\t\t\t<div class=\"elementor-element elementor-element-8d5c1dd elementor-widget elementor-widget-heading\" data-id=\"8d5c1dd\" data-element_type=\"widget\" data-e-type=\"widget\" data-widget_type=\"heading.default\">\n\t\t\t\t<div class=\"elementor-widget-container\">\n\t\t\t\t\t<h2 class=\"elementor-heading-title elementor-size-default\">Service und Wartung Ihres Wohnmobils<\/h2>\t\t\t\t<\/div>\n\t\t\t\t<\/div>\n\t\t\t\t<section class=\"elementor-section elementor-inner-section elementor-element elementor-element-beaabb3 elementor-section-boxed elementor-section-height-default elementor-section-height-default\" data-id=\"beaabb3\" data-element_type=\"section\" data-e-type=\"section\">\n\t\t\t\t\t\t<div class=\"elementor-container elementor-column-gap-default\">\n\t\t\t\t\t<div class=\"elementor-column elementor-col-50 elementor-inner-column elementor-element elementor-element-ecf483f\" data-id=\"ecf483f\" data-element_type=\"column\" data-e-type=\"column\" data-settings=\"{&quot;background_background&quot;:&quot;classic&quot;}\">\n\t\t\t<div class=\"elementor-widget-wrap elementor-element-populated\">\n\t\t\t\t\t\t<div class=\"elementor-element elementor-element-70aeab7 elementor-view-default elementor-widget elementor-widget-icon\" data-id=\"70aeab7\" data-element_type=\"widget\" data-e-type=\"widget\" data-widget_type=\"icon.default\">\n\t\t\t\t<div class=\"elementor-widget-container\">\n\t\t\t\t\t\t\t<div class=\"elementor-icon-wrapper\">\n\t\t\t<div class=\"elementor-icon\">\n\t\t\t<i aria-hidden=\"true\" class=\"fas fa-tools\"><\/i>\t\t\t<\/div>\n\t\t<\/div>\n\t\t\t\t\t\t<\/div>\n\t\t\t\t<\/div>\n\t\t\t\t<div class=\"elementor-element elementor-element-2c438a8 elementor-widget elementor-widget-heading\" data-id=\"2c438a8\" data-element_type=\"widget\" data-e-type=\"widget\" data-widget_type=\"heading.default\">\n\t\t\t\t<div class=\"elementor-widget-container\">\n\t\t\t\t\t<h3 class=\"elementor-heading-title elementor-size-default\">Service &amp; Wartung<\/h3>\t\t\t\t<\/div>\n\t\t\t\t<\/div>\n\t\t\t\t<div class=\"elementor-element elementor-element-792f33d elementor-widget elementor-widget-text-editor\" data-id=\"792f33d\" data-element_type=\"widget\" data-e-type=\"widget\" data-widget_type=\"text-editor.default\">\n\t\t\t\t<div class=\"elementor-widget-container\">\n\t\t\t\t\t\t\t\t\t<span style=\"color: #000000;\">Hierunter fallen alle Aufgaben, die im Zuge des Wartungsturnus anfallen.<\/span>\n<span style=\"color: #000000;\">Gemeint sind hierbei z.B.<\/span>\n<ul>\n \t<li><span style=\"color: #000000; font-size: 1.25rem;\">Dichtigkeitspr\u00fcfung<\/span><\/li>\n \t<li><span style=\"color: #000000;font-size: 1.25rem;\">Gaspr\u00fcfung<\/span><\/li>\n \t<li><span style=\"color: #000000;font-size: 1.25rem;\">Aufbauinspektion<\/span><\/li>\n \t<li><span style=\"color: #000000;font-size: 1.25rem;\">KFZ-Technik und KFZ-Elektrik<\/span><\/li>\n \t<li><span style=\"color: #000000;font-size: 1.25rem;\">Fahrzeug f\u00fcr Winter vorbereiten<\/span><\/li>\n \t<li><span style=\"color: #000000;font-size: 1.25rem;\">Unterbodenpflege<\/span><\/li>\n<\/ul>\t\t\t\t\t\t\t\t<\/div>\n\t\t\t\t<\/div>\n\t\t\t\t\t<\/div>\n\t\t<\/div>\n\t\t\t\t<div class=\"elementor-column elementor-col-50 elementor-inner-column elementor-element elementor-element-e734149\" data-id=\"e734149\" data-element_type=\"column\" data-e-type=\"column\" data-settings=\"{&quot;background_background&quot;:&quot;classic&quot;}\">\n\t\t\t<div class=\"elementor-widget-wrap elementor-element-populated\">\n\t\t\t\t\t\t<div class=\"elementor-element elementor-element-853ff3a elementor-view-default elementor-widget elementor-widget-icon\" data-id=\"853ff3a\" data-element_type=\"widget\" data-e-type=\"widget\" data-widget_type=\"icon.default\">\n\t\t\t\t<div class=\"elementor-widget-container\">\n\t\t\t\t\t\t\t<div class=\"elementor-icon-wrapper\">\n\t\t\t<div class=\"elementor-icon\">\n\t\t\t<i aria-hidden=\"true\" class=\"far fa-star\"><\/i>\t\t\t<\/div>\n\t\t<\/div>\n\t\t\t\t\t\t<\/div>\n\t\t\t\t<\/div>\n\t\t\t\t<div class=\"elementor-element elementor-element-8497062 elementor-widget elementor-widget-heading\" data-id=\"8497062\" data-element_type=\"widget\" data-e-type=\"widget\" data-widget_type=\"heading.default\">\n\t\t\t\t<div class=\"elementor-widget-container\">\n\t\t\t\t\t<h3 class=\"elementor-heading-title elementor-size-default\">\nNachr\u00fcstung &amp; Zusatzeinbauten<\/h3>\t\t\t\t<\/div>\n\t\t\t\t<\/div>\n\t\t\t\t<div class=\"elementor-element elementor-element-9287ba3 elementor-widget elementor-widget-text-editor\" data-id=\"9287ba3\" data-element_type=\"widget\" data-e-type=\"widget\" data-widget_type=\"text-editor.default\">\n\t\t\t\t<div class=\"elementor-widget-container\">\n\t\t\t\t\t\t\t\t\t<ul>\n \t<li><span style=\"color: #000000;font-size: 1.25rem;\">F\u00fcr Ihre Sicherheit: z.B. Gaswarner, Minisafe, R\u00fcckfahrkamera, Alarmanlage mit Kontakten auf Aufbaut\u00fcr und 3 Fenstern.<\/span><\/li>\n \t<li><span style=\"color: #000000;font-size: 1.25rem;\">F\u00fcr autarkes Reisen: z.B. Gasflasche 11 kg, Satanlage, Solaranlage, Aufbaubatterie.<\/span><\/li>\n \t<li><span style=\"color: #000000;font-size: 1.25rem;\">F\u00fcr das gewisse Extra: z.B. Fahrerhaussitzbez\u00fcge in Eco-Leder, Fahrerhaus-Teppich Renault Master mit Ahorn Logo, Van Sportsitze bei Wohnmobilen, Au\u00dfendusche (warm und kalt).<\/span><\/li>\n<\/ul>\n<span style=\"color: #000000;font-size: 1.25rem;\">Weitere Artikel finden Sie in unserer<\/span>\u00a0<a href=\"https:\/\/ahorn-camp.de\/wp-content\/uploads\/2019\/09\/Ahorn_Preisliste_Zubehoer.pdf\" target=\"_blank\" rel=\"noopener noreferrer\">Zubeh\u00f6rpreisliste<\/a>.\t\t\t\t\t\t\t\t<\/div>\n\t\t\t\t<\/div>\n\t\t\t\t\t<\/div>\n\t\t<\/div>\n\t\t\t\t\t<\/div>\n\t\t<\/section>\n\t\t\t\t<section class=\"elementor-section elementor-inner-section elementor-element elementor-element-700efff elementor-section-boxed elementor-section-height-default elementor-section-height-default\" data-id=\"700efff\" data-element_type=\"section\" data-e-type=\"section\">\n\t\t\t\t\t\t<div class=\"elementor-container elementor-column-gap-default\">\n\t\t\t\t\t<div class=\"elementor-column elementor-col-50 elementor-inner-column elementor-element elementor-element-429d4e7\" data-id=\"429d4e7\" data-element_type=\"column\" data-e-type=\"column\" data-settings=\"{&quot;background_background&quot;:&quot;classic&quot;}\">\n\t\t\t<div class=\"elementor-widget-wrap elementor-element-populated\">\n\t\t\t\t\t\t<div class=\"elementor-element elementor-element-d0afbbc elementor-view-default elementor-widget elementor-widget-icon\" data-id=\"d0afbbc\" data-element_type=\"widget\" data-e-type=\"widget\" data-widget_type=\"icon.default\">\n\t\t\t\t<div class=\"elementor-widget-container\">\n\t\t\t\t\t\t\t<div class=\"elementor-icon-wrapper\">\n\t\t\t<div class=\"elementor-icon\">\n\t\t\t<i aria-hidden=\"true\" class=\"jki jki-shower-solid\"><\/i>\t\t\t<\/div>\n\t\t<\/div>\n\t\t\t\t\t\t<\/div>\n\t\t\t\t<\/div>\n\t\t\t\t<div class=\"elementor-element elementor-element-f823c4d elementor-widget elementor-widget-heading\" data-id=\"f823c4d\" data-element_type=\"widget\" data-e-type=\"widget\" data-widget_type=\"heading.default\">\n\t\t\t\t<div class=\"elementor-widget-container\">\n\t\t\t\t\t<h3 class=\"elementor-heading-title elementor-size-default\">Reinigung und Pflege<\/h3>\t\t\t\t<\/div>\n\t\t\t\t<\/div>\n\t\t\t\t<div class=\"elementor-element elementor-element-9bfaa77 elementor-widget elementor-widget-text-editor\" data-id=\"9bfaa77\" data-element_type=\"widget\" data-e-type=\"widget\" data-widget_type=\"text-editor.default\">\n\t\t\t\t<div class=\"elementor-widget-container\">\n\t\t\t\t\t\t\t\t\t<ul>\n \t<li><span style=\"color: #000000; font-size: 1.25rem;\">Handreinigung<\/span><\/li>\n \t<li><span style=\"color: #000000;font-size: 1.25rem;\">Dachreinigung<\/span><\/li>\n<\/ul>\n<span style=\"color: #000000;\">*Angebot auf Anfrage, da abh\u00e4ngig von Kapazit\u00e4t<\/span>\t\t\t\t\t\t\t\t<\/div>\n\t\t\t\t<\/div>\n\t\t\t\t\t<\/div>\n\t\t<\/div>\n\t\t\t\t<div class=\"elementor-column elementor-col-50 elementor-inner-column elementor-element elementor-element-73f362b\" data-id=\"73f362b\" data-element_type=\"column\" data-e-type=\"column\" data-settings=\"{&quot;background_background&quot;:&quot;classic&quot;}\">\n\t\t\t<div class=\"elementor-widget-wrap elementor-element-populated\">\n\t\t\t\t\t\t<div class=\"elementor-element elementor-element-699ddbc elementor-view-default elementor-widget elementor-widget-icon\" data-id=\"699ddbc\" data-element_type=\"widget\" data-e-type=\"widget\" data-widget_type=\"icon.default\">\n\t\t\t\t<div class=\"elementor-widget-container\">\n\t\t\t\t\t\t\t<div class=\"elementor-icon-wrapper\">\n\t\t\t<div class=\"elementor-icon\">\n\t\t\t<i aria-hidden=\"true\" class=\"fas fa-car-crash\"><\/i>\t\t\t<\/div>\n\t\t<\/div>\n\t\t\t\t\t\t<\/div>\n\t\t\t\t<\/div>\n\t\t\t\t<div class=\"elementor-element elementor-element-a485e97 elementor-widget elementor-widget-heading\" data-id=\"a485e97\" data-element_type=\"widget\" data-e-type=\"widget\" data-widget_type=\"heading.default\">\n\t\t\t\t<div class=\"elementor-widget-container\">\n\t\t\t\t\t<h3 class=\"elementor-heading-title elementor-size-default\">Unfallinstandsetzung<\/h3>\t\t\t\t<\/div>\n\t\t\t\t<\/div>\n\t\t\t\t<div class=\"elementor-element elementor-element-8f17617 elementor-widget elementor-widget-text-editor\" data-id=\"8f17617\" data-element_type=\"widget\" data-e-type=\"widget\" data-widget_type=\"text-editor.default\">\n\t\t\t\t<div class=\"elementor-widget-container\">\n\t\t\t\t\t\t\t\t\t<ul>\n \t<li style=\"font-size: 1.25rem;\">Aufbau (D\u00e4cher, R\u00fcckw\u00e4nde)<\/li>\n \t<li style=\"font-size: 1.25rem;\">Kunststoffteile wechseln (Sto\u00dfstange, Sch\u00fcrzen usw.)<\/li>\n \t<li style=\"font-size: 1.25rem;\">Reparaturen aller Art (Wasseranlage, Elektroanlage, Gasleitung, Aufbau)<\/li>\n<\/ul>\t\t\t\t\t\t\t\t<\/div>\n\t\t\t\t<\/div>\n\t\t\t\t\t<\/div>\n\t\t<\/div>\n\t\t\t\t\t<\/div>\n\t\t<\/section>\n\t\t\t\t\t<\/div>\n\t\t<\/div>\n\t\t\t\t\t<\/div>\n\t\t<\/section>\n\t\t\t\t<section class=\"elementor-section elementor-top-section elementor-element elementor-element-ec184fe elementor-section-stretched elementor-section-boxed elementor-section-height-default elementor-section-height-default\" data-id=\"ec184fe\" data-element_type=\"section\" data-e-type=\"section\" data-settings=\"{&quot;background_background&quot;:&quot;classic&quot;,&quot;stretch_section&quot;:&quot;section-stretched&quot;}\">\n\t\t\t\t\t\t<div class=\"elementor-container elementor-column-gap-default\">\n\t\t\t\t\t<div class=\"elementor-column elementor-col-100 elementor-top-column elementor-element elementor-element-48f5c15\" data-id=\"48f5c15\" data-element_type=\"column\" data-e-type=\"column\">\n\t\t\t<div class=\"elementor-widget-wrap elementor-element-populated\">\n\t\t\t\t\t\t<div class=\"elementor-element elementor-element-f138eca elementor-widget elementor-widget-heading\" data-id=\"f138eca\" data-element_type=\"widget\" data-e-type=\"widget\" data-widget_type=\"heading.default\">\n\t\t\t\t<div class=\"elementor-widget-container\">\n\t\t\t\t\t<h2 class=\"elementor-heading-title elementor-size-default\">H\u00e4ufig gestellte Fragen \u2013 FAQ<\/h2>\t\t\t\t<\/div>\n\t\t\t\t<\/div>\n\t\t\t\t<div class=\"elementor-element elementor-element-e1cf016 elementor-widget elementor-widget-accordion\" data-id=\"e1cf016\" data-element_type=\"widget\" data-e-type=\"widget\" data-widget_type=\"accordion.default\">\n\t\t\t\t<div class=\"elementor-widget-container\">\n\t\t\t\t\t\t\t<div class=\"elementor-accordion\">\n\t\t\t\t\t\t\t<div class=\"elementor-accordion-item\">\n\t\t\t\t\t<div id=\"elementor-tab-title-2361\" class=\"elementor-tab-title\" data-tab=\"1\" role=\"button\" aria-controls=\"elementor-tab-content-2361\" aria-expanded=\"false\">\n\t\t\t\t\t\t\t\t\t\t\t\t\t<span class=\"elementor-accordion-icon elementor-accordion-icon-left\" aria-hidden=\"true\">\n\t\t\t\t\t\t\t\t\t\t\t\t\t\t\t<span class=\"elementor-accordion-icon-closed\"><i class=\"fas fa-plus\"><\/i><\/span>\n\t\t\t\t\t\t\t\t<span class=\"elementor-accordion-icon-opened\"><i class=\"fas fa-minus\"><\/i><\/span>\n\t\t\t\t\t\t\t\t\t\t\t\t\t\t<\/span>\n\t\t\t\t\t\t\t\t\t\t\t\t<a class=\"elementor-accordion-title\" tabindex=\"0\">Hat mein AHORN eine Mobilit\u00e4tsgarantie?<\/a>\n\t\t\t\t\t<\/div>\n\t\t\t\t\t<div id=\"elementor-tab-content-2361\" class=\"elementor-tab-content elementor-clearfix\" data-tab=\"1\" role=\"region\" aria-labelledby=\"elementor-tab-title-2361\"><p><span style=\"color: #000000;\">Ja. Die Mobilit\u00e4tsgarantie ist ab Produktionsdatum wirksam und wird auf das Erstzulassungsdatum nach Anmeldung durch uns aktiviert (KFZ Schein und Garantieschein erforderlich).<\/span><\/p><\/div>\n\t\t\t\t<\/div>\n\t\t\t\t\t\t\t<div class=\"elementor-accordion-item\">\n\t\t\t\t\t<div id=\"elementor-tab-title-2362\" class=\"elementor-tab-title\" data-tab=\"2\" role=\"button\" aria-controls=\"elementor-tab-content-2362\" aria-expanded=\"false\">\n\t\t\t\t\t\t\t\t\t\t\t\t\t<span class=\"elementor-accordion-icon elementor-accordion-icon-left\" aria-hidden=\"true\">\n\t\t\t\t\t\t\t\t\t\t\t\t\t\t\t<span class=\"elementor-accordion-icon-closed\"><i class=\"fas fa-plus\"><\/i><\/span>\n\t\t\t\t\t\t\t\t<span class=\"elementor-accordion-icon-opened\"><i class=\"fas fa-minus\"><\/i><\/span>\n\t\t\t\t\t\t\t\t\t\t\t\t\t\t<\/span>\n\t\t\t\t\t\t\t\t\t\t\t\t<a class=\"elementor-accordion-title\" tabindex=\"0\">Wie melde ich eine Panne?<\/a>\n\t\t\t\t\t<\/div>\n\t\t\t\t\t<div id=\"elementor-tab-content-2362\" class=\"elementor-tab-content elementor-clearfix\" data-tab=\"2\" role=\"region\" aria-labelledby=\"elementor-tab-title-2362\"><p><span style=\"color: #000000;\">Im Pannenfall muss die RENAULT Assistance angerufen werden.<\/span><\/p><p><span style=\"color: #000000;\">Die RENAULT Assistance erreichen Sie ganzj\u00e4hrig rund um die Uhr wie folgt:<\/span><br \/><span style=\"color: #000000;\"><span style=\"color: #1b508c;\"><strong>T\u00e9l\u00e9phone <\/strong><\/span><u><span style=\"color: #1b508c;\"><strong>innerhalb Deutschlands:<\/strong><\/span><br \/><\/u>+49 (0) 89\u00a0 559 878 555<\/span><br \/><span style=\"color: #000000;\">(Festnetztarif: 0,20 \u20ac\/Verbindung; Mobilfunktarif: max. 0,60 \u20ac\/Verbindung)<\/span><br \/><span style=\"color: #000000;\"><span style=\"color: #1b508c;\"><strong>T\u00e9l\u00e9phone <\/strong><\/span><u><span style=\"color: #1b508c;\"><strong>au\u00dferhalb Deutschlands:<\/strong><\/span><br \/><\/u>+49 (0) 89 559 878 555<\/span><\/p><p><span style=\"color: #1b508c;\"><strong>email : <a style=\"color: #1b508c;\" href=\"mailto:renault%40europ-assistance.de\">renault@europ-assistance.de<\/a><\/strong><\/span><\/p><p><span style=\"color: #000000;\">Beauftragen Sie jedoch keine anderen Leistungserbringer.<\/span><br \/><span style=\"color: #000000;\">Bei Beauftragung eines anderen Leistungserbringers werden hierbei entstehende Kosten nicht erstattet.<\/span><\/p><\/div>\n\t\t\t\t<\/div>\n\t\t\t\t\t\t\t<div class=\"elementor-accordion-item\">\n\t\t\t\t\t<div id=\"elementor-tab-title-2363\" class=\"elementor-tab-title\" data-tab=\"3\" role=\"button\" aria-controls=\"elementor-tab-content-2363\" aria-expanded=\"false\">\n\t\t\t\t\t\t\t\t\t\t\t\t\t<span class=\"elementor-accordion-icon elementor-accordion-icon-left\" aria-hidden=\"true\">\n\t\t\t\t\t\t\t\t\t\t\t\t\t\t\t<span class=\"elementor-accordion-icon-closed\"><i class=\"fas fa-plus\"><\/i><\/span>\n\t\t\t\t\t\t\t\t<span class=\"elementor-accordion-icon-opened\"><i class=\"fas fa-minus\"><\/i><\/span>\n\t\t\t\t\t\t\t\t\t\t\t\t\t\t<\/span>\n\t\t\t\t\t\t\t\t\t\t\t\t<a class=\"elementor-accordion-title\" tabindex=\"0\">Welche Daten werden im Falle einer Panne ben\u00f6tigt ?<\/a>\n\t\t\t\t\t<\/div>\n\t\t\t\t\t<div id=\"elementor-tab-content-2363\" class=\"elementor-tab-content elementor-clearfix\" data-tab=\"3\" role=\"region\" aria-labelledby=\"elementor-tab-title-2363\"><p><span style=\"color: #000000;\">Folgende Daten werden von der RENAULT Assistance ben\u00f6tigt, um den Leistungsanspruch zu pr\u00fcfen und die weitere Vorgehensweise im Pannenfall festzulegen:<\/span><\/p><ol><li><span style=\"color: #000000;\">Kundenname und Telefonnummer<\/span><\/li><li><span style=\"color: #000000;\">Fahrzeugmodell<\/span><\/li><li><span style=\"color: #000000;\">Fahrzeug-Ident.-Nummer<\/span><\/li><li><span style=\"color: #000000;\">Km-Stand und Zulassungsdatum<\/span><\/li><li><span style=\"color: #000000;\">Kennzeichen<\/span><\/li><li><span style=\"color: #000000;\">Standort des Fahrzeugs<\/span><\/li><li><span style=\"color: #000000;\">Art der Panne<\/span><\/li><\/ol><\/div>\n\t\t\t\t<\/div>\n\t\t\t\t\t\t\t<div class=\"elementor-accordion-item\">\n\t\t\t\t\t<div id=\"elementor-tab-title-2364\" class=\"elementor-tab-title\" data-tab=\"4\" role=\"button\" aria-controls=\"elementor-tab-content-2364\" aria-expanded=\"false\">\n\t\t\t\t\t\t\t\t\t\t\t\t\t<span class=\"elementor-accordion-icon elementor-accordion-icon-left\" aria-hidden=\"true\">\n\t\t\t\t\t\t\t\t\t\t\t\t\t\t\t<span class=\"elementor-accordion-icon-closed\"><i class=\"fas fa-plus\"><\/i><\/span>\n\t\t\t\t\t\t\t\t<span class=\"elementor-accordion-icon-opened\"><i class=\"fas fa-minus\"><\/i><\/span>\n\t\t\t\t\t\t\t\t\t\t\t\t\t\t<\/span>\n\t\t\t\t\t\t\t\t\t\t\t\t<a class=\"elementor-accordion-title\" tabindex=\"0\">Was ist eine Fahrgestellnummer oder VIN und wo finde ich diese?<\/a>\n\t\t\t\t\t<\/div>\n\t\t\t\t\t<div id=\"elementor-tab-content-2364\" class=\"elementor-tab-content elementor-clearfix\" data-tab=\"4\" role=\"region\" aria-labelledby=\"elementor-tab-title-2364\"><p><span style=\"color: #000000;\">Eine 17stellige Nummer, bestehend aus Buchstaben und Zahlen, die einmalig einem Fahrzeug auf das Chassis zugeordnet wird. Sie befindet sich in Spalte \u201eE\u201c in Ihrem KFZ Schein oder auf der rechten Seite Ihrer Frontscheibe.<\/span><\/p><\/div>\n\t\t\t\t<\/div>\n\t\t\t\t\t\t\t<div class=\"elementor-accordion-item\">\n\t\t\t\t\t<div id=\"elementor-tab-title-2365\" class=\"elementor-tab-title\" data-tab=\"5\" role=\"button\" aria-controls=\"elementor-tab-content-2365\" aria-expanded=\"false\">\n\t\t\t\t\t\t\t\t\t\t\t\t\t<span class=\"elementor-accordion-icon elementor-accordion-icon-left\" aria-hidden=\"true\">\n\t\t\t\t\t\t\t\t\t\t\t\t\t\t\t<span class=\"elementor-accordion-icon-closed\"><i class=\"fas fa-plus\"><\/i><\/span>\n\t\t\t\t\t\t\t\t<span class=\"elementor-accordion-icon-opened\"><i class=\"fas fa-minus\"><\/i><\/span>\n\t\t\t\t\t\t\t\t\t\t\t\t\t\t<\/span>\n\t\t\t\t\t\t\t\t\t\t\t\t<a class=\"elementor-accordion-title\" tabindex=\"0\">Was sind die Voraussetzungen f\u00fcr den Leistungsanspruch der Renault Assistance?<\/a>\n\t\t\t\t\t<\/div>\n\t\t\t\t\t<div id=\"elementor-tab-content-2365\" class=\"elementor-tab-content elementor-clearfix\" data-tab=\"5\" role=\"region\" aria-labelledby=\"elementor-tab-title-2365\"><p><span style=\"color: #000000;\">Voraussetzung ist ein Pannenfall. Was ist darunter zu verstehen?<\/span><br \/><span style=\"color: #000000;\">Ein Pannenfall ist:<\/span><br \/><span style=\"color: #000000;\">&#8211; ein pl\u00f6tzlicher und unvorhersehbarer Ausfall eines Fahrzeugs, verursacht durch den Ausfall mechanischer Teile oder der Elektrik, der zu einem sofortigen Liegenbleiben des Fahrzeugs f\u00fchrt.<\/span><br \/><span style=\"color: #000000;\">&#8211; ein Verbot, die Fahrt \u00fcberhaupt anzutreten oder fortzusetzen aufgrund des Aufleuchtens der roten Warnanzeige f\u00fcr \u00d6l-, K\u00fchlmittelstand oder Bremsfl\u00fcssigkeit.<\/span><\/p><p><span style=\"color: #000000;\">Ein Pannenfall <strong>liegt nicht vor <\/strong>bei Ereignissen wie:<\/span><br \/><span style=\"color: #000000;\">&#8211; dem allgemeinen R\u00fcckruf von Produkten<\/span><br \/><span style=\"color: #000000;\">&#8211; der turnusm\u00e4\u00dfigen oder einer anderweitigen Wartung<\/span><br \/><span style=\"color: #000000;\">&#8211; dem Einbau von Zubeh\u00f6rteilen<\/span><br \/><span style=\"color: #000000;\">&#8211; der unzureichenden Versorgung des Fahrzeugs hinsichtlich Wartung, zum Beispiel :<\/span><\/p><ul><li><span style=\"color: #000000;\">\u00a0Ausf\u00e4lle des Fahrzeugs, die auf eine Nichtbeachtung der Wartungsintervalle und Wartungsvorschriften zur\u00fcckzuf\u00fchren sind<\/span><\/li><li><span style=\"color: #000000;\">Ausf\u00e4lle des Fahrzeugs, die auf bereits bekannte, aber noch nicht behobene Defekte zur\u00fcckzuf\u00fchren sind<\/span><\/li><li><span style=\"color: #000000;\">Ausf\u00e4lle des Fahrzeugs, die darauf zur\u00fcckzuf\u00fchren sind, dass notwendige Reparaturen, die von RENAULT Partnern bereits empfohlen wurden, nicht vom Besitzer durchgef\u00fchrt worden sind<\/span><\/li><li><span style=\"color: #000000;\">planbare Reparaturen, d.h. keine pl\u00f6tzlichen und unvorhersehbaren Ausf\u00e4lle<\/span><\/li><\/ul><\/div>\n\t\t\t\t<\/div>\n\t\t\t\t\t\t\t<div class=\"elementor-accordion-item\">\n\t\t\t\t\t<div id=\"elementor-tab-title-2366\" class=\"elementor-tab-title\" data-tab=\"6\" role=\"button\" aria-controls=\"elementor-tab-content-2366\" aria-expanded=\"false\">\n\t\t\t\t\t\t\t\t\t\t\t\t\t<span class=\"elementor-accordion-icon elementor-accordion-icon-left\" aria-hidden=\"true\">\n\t\t\t\t\t\t\t\t\t\t\t\t\t\t\t<span class=\"elementor-accordion-icon-closed\"><i class=\"fas fa-plus\"><\/i><\/span>\n\t\t\t\t\t\t\t\t<span class=\"elementor-accordion-icon-opened\"><i class=\"fas fa-minus\"><\/i><\/span>\n\t\t\t\t\t\t\t\t\t\t\t\t\t\t<\/span>\n\t\t\t\t\t\t\t\t\t\t\t\t<a class=\"elementor-accordion-title\" tabindex=\"0\">Bekomme ich Assistance auch im Ausland?<\/a>\n\t\t\t\t\t<\/div>\n\t\t\t\t\t<div id=\"elementor-tab-content-2366\" class=\"elementor-tab-content elementor-clearfix\" data-tab=\"6\" role=\"region\" aria-labelledby=\"elementor-tab-title-2366\"><p><span style=\"color: #000000;\">Im Ausland kann der Kunde die gleichen Leistungen wie im Inland beanspruchen, ein Pannenfall in dem o.g. geographischen Geltungsbereich vorausgesetzt.<\/span><br \/><span style=\"color: #000000;\">Daneben gibt es zus\u00e4tzliche Leistungen, wie die M\u00f6glichkeit des Teileversands. Ein Fahrzeug-R\u00fccktransport kann ggf. mit der RENAULT Assistance vereinbart werden, wenn die Reparatur des Fahrzeugs innerhalb von 5 Werktagen nicht m\u00f6glich ist.<\/span><\/p><\/div>\n\t\t\t\t<\/div>\n\t\t\t\t\t\t\t<div class=\"elementor-accordion-item\">\n\t\t\t\t\t<div id=\"elementor-tab-title-2367\" class=\"elementor-tab-title\" data-tab=\"7\" role=\"button\" aria-controls=\"elementor-tab-content-2367\" aria-expanded=\"false\">\n\t\t\t\t\t\t\t\t\t\t\t\t\t<span class=\"elementor-accordion-icon elementor-accordion-icon-left\" aria-hidden=\"true\">\n\t\t\t\t\t\t\t\t\t\t\t\t\t\t\t<span class=\"elementor-accordion-icon-closed\"><i class=\"fas fa-plus\"><\/i><\/span>\n\t\t\t\t\t\t\t\t<span class=\"elementor-accordion-icon-opened\"><i class=\"fas fa-minus\"><\/i><\/span>\n\t\t\t\t\t\t\t\t\t\t\t\t\t\t<\/span>\n\t\t\t\t\t\t\t\t\t\t\t\t<a class=\"elementor-accordion-title\" tabindex=\"0\">Was muss ich tun, wenn mein AHORN innerhalb der Garantie eine Beanstandung hat?<\/a>\n\t\t\t\t\t<\/div>\n\t\t\t\t\t<div id=\"elementor-tab-content-2367\" class=\"elementor-tab-content elementor-clearfix\" data-tab=\"7\" role=\"region\" aria-labelledby=\"elementor-tab-title-2367\"><p><span style=\"color: #000000;\">Senden Sie bitte eine E-Mail an <a style=\"color: #000000;\" href=\"mailto:service@ahorn-camp.de\"><span style=\"color: #1b508c;\"><strong>service@ahorn-camp.de<\/strong><\/span><\/a> mit Fahrgestellnummer, Beschreibung und Fotos.<\/span><br \/><span style=\"color: #000000;\">Bitte senden Sie uns hierf\u00fcr eine pr\u00e4zise Beschreibung des Defektes (\u201eTeil defekt\u201c reicht nicht aus) und aussagekr\u00e4ftigen Bilder aus n\u00e4chster N\u00e4he sowie aus der Entfernung.<\/span><br \/><span style=\"color: #000000;\">Bei unvollst\u00e4ndigen Angaben kann sich die Bearbeitung verz\u00f6gern.<\/span><\/p><\/div>\n\t\t\t\t<\/div>\n\t\t\t\t\t\t\t<div class=\"elementor-accordion-item\">\n\t\t\t\t\t<div id=\"elementor-tab-title-2368\" class=\"elementor-tab-title\" data-tab=\"8\" role=\"button\" aria-controls=\"elementor-tab-content-2368\" aria-expanded=\"false\">\n\t\t\t\t\t\t\t\t\t\t\t\t\t<span class=\"elementor-accordion-icon elementor-accordion-icon-left\" aria-hidden=\"true\">\n\t\t\t\t\t\t\t\t\t\t\t\t\t\t\t<span class=\"elementor-accordion-icon-closed\"><i class=\"fas fa-plus\"><\/i><\/span>\n\t\t\t\t\t\t\t\t<span class=\"elementor-accordion-icon-opened\"><i class=\"fas fa-minus\"><\/i><\/span>\n\t\t\t\t\t\t\t\t\t\t\t\t\t\t<\/span>\n\t\t\t\t\t\t\t\t\t\t\t\t<a class=\"elementor-accordion-title\" tabindex=\"0\">Wie viele Jahre habe ich Garantie?<\/a>\n\t\t\t\t\t<\/div>\n\t\t\t\t\t<div id=\"elementor-tab-content-2368\" class=\"elementor-tab-content elementor-clearfix\" data-tab=\"8\" role=\"region\" aria-labelledby=\"elementor-tab-title-2368\"><table style=\"height: 282px;\" width=\"695\"><tbody><tr><td width=\"226\"><p><span style=\"color: #000000;\">Garantie Dichtigkeit\u00a0\u00a0\u00a0\u00a0\u00a0<\/span><\/p><\/td><td width=\"378\"><p><span style=\"color: #000000;\">5 Jahre (bei Einhaltung der Dichtigkeitspr\u00fcfungen)<\/span><\/p><\/td><\/tr><tr><td width=\"226\"><p><span style=\"color: #000000;\">Garantie Aufbau\u00a0\u00a0\u00a0\u00a0\u00a0\u00a0\u00a0<\/span><\/p><\/td><td width=\"378\"><p><span style=\"color: #000000;\">2 Jahre<\/span><\/p><\/td><\/tr><tr><td width=\"226\"><p><span style=\"color: #000000;\">Garantie Zubeh\u00f6r und Ger\u00e4te<\/span><\/p><\/td><td width=\"378\"><p><span style=\"color: #000000;\">2 Jahre<\/span><\/p><\/td><\/tr><tr><td width=\"226\"><p><span style=\"color: #000000;\">Garantie Chassis\/Fahrgestell\u00a0<\/span><\/p><\/td><td width=\"378\"><p><span style=\"color: #000000;\">2 Jahre<\/span><\/p><\/td><\/tr><tr><td width=\"226\"><p><span style=\"color: #000000;\">Garantie Aufbaubatterie \u00a0\u00a0\u00a0<\/span><\/p><\/td><td width=\"378\"><p><span style=\"color: #000000;\">12 Monate<\/span><\/p><\/td><\/tr><\/tbody><\/table><\/div>\n\t\t\t\t<\/div>\n\t\t\t\t\t\t\t<div class=\"elementor-accordion-item\">\n\t\t\t\t\t<div id=\"elementor-tab-title-2369\" class=\"elementor-tab-title\" data-tab=\"9\" role=\"button\" aria-controls=\"elementor-tab-content-2369\" aria-expanded=\"false\">\n\t\t\t\t\t\t\t\t\t\t\t\t\t<span class=\"elementor-accordion-icon elementor-accordion-icon-left\" aria-hidden=\"true\">\n\t\t\t\t\t\t\t\t\t\t\t\t\t\t\t<span class=\"elementor-accordion-icon-closed\"><i class=\"fas fa-plus\"><\/i><\/span>\n\t\t\t\t\t\t\t\t<span class=\"elementor-accordion-icon-opened\"><i class=\"fas fa-minus\"><\/i><\/span>\n\t\t\t\t\t\t\t\t\t\t\t\t\t\t<\/span>\n\t\t\t\t\t\t\t\t\t\t\t\t<a class=\"elementor-accordion-title\" tabindex=\"0\">Ist meine Garantie bereits gestartet?<\/a>\n\t\t\t\t\t<\/div>\n\t\t\t\t\t<div id=\"elementor-tab-content-2369\" class=\"elementor-tab-content elementor-clearfix\" data-tab=\"9\" role=\"region\" aria-labelledby=\"elementor-tab-title-2369\"><p><span style=\"color: #000000;\">Sobald KFZ- und Garantieschein an Ahorn Camp geschickt werden, wird die Garantie gestartet.<\/span><\/p><\/div>\n\t\t\t\t<\/div>\n\t\t\t\t\t\t\t<div class=\"elementor-accordion-item\">\n\t\t\t\t\t<div id=\"elementor-tab-title-23610\" class=\"elementor-tab-title\" data-tab=\"10\" role=\"button\" aria-controls=\"elementor-tab-content-23610\" aria-expanded=\"false\">\n\t\t\t\t\t\t\t\t\t\t\t\t\t<span class=\"elementor-accordion-icon elementor-accordion-icon-left\" aria-hidden=\"true\">\n\t\t\t\t\t\t\t\t\t\t\t\t\t\t\t<span class=\"elementor-accordion-icon-closed\"><i class=\"fas fa-plus\"><\/i><\/span>\n\t\t\t\t\t\t\t\t<span class=\"elementor-accordion-icon-opened\"><i class=\"fas fa-minus\"><\/i><\/span>\n\t\t\t\t\t\t\t\t\t\t\t\t\t\t<\/span>\n\t\t\t\t\t\t\t\t\t\t\t\t<a class=\"elementor-accordion-title\" tabindex=\"0\">An wen soll ich mich wenden, wenn ein Ger\u00e4t im Fahrzeug defekt ist?<\/a>\n\t\t\t\t\t<\/div>\n\t\t\t\t\t<div id=\"elementor-tab-content-23610\" class=\"elementor-tab-content elementor-clearfix\" data-tab=\"10\" role=\"region\" aria-labelledby=\"elementor-tab-title-23610\"><p><span style=\"color: #000000;\">F\u00fcr eine z\u00fcgigere Bearbeitung empfehlen wir Ihnen, sich bei Beanstandungen an dem Ger\u00e4t oder dem Zubeh\u00f6r direkt an den Hersteller zu wenden.<\/span><\/p><p><span style=\"color: #000000;\">Nachfolgend die Kontaktdaten:<\/span><\/p><p><strong><span style=\"color: #1b508c;\">ALDEN Sat-Anlage<\/span><\/strong><br \/><span style=\"color: #000000;\">Alden Deutschland GmbH<\/span><br \/><span style=\"color: #000000;\">Tel.: +49 (0) 5493 913660<\/span><br \/><span style=\"color: #000000;\">Fax: +49 (0) 5493 913663<\/span><br \/><span style=\"color: #000000;\">E-Mail: info@alden-deutschland.de <a style=\"color: #000000;\" href=\"http:\/\/www.alden-deutschland.de\">www.alden-deutschland.de<\/a><\/span><\/p><p><strong><span style=\"color: #1b508c;\">Thetford K\u00fchlschrank<\/span><\/strong><br \/><span style=\"color: #000000;\"><a style=\"color: #000000;\" href=\"http:\/\/www.thetford-europe.com\/de\/handler-kundendienstzentren\/\">http:\/\/www.thetford-europe.com\/de\/handler-kundendienstzentren\/<\/a><\/span><\/p><p><span style=\"color: #1b508c;\"><strong>Truma Heizung\/ Klimaaufbau<\/strong><\/span><br \/><span style=\"color: #000000;\">Tel.: +49 (0) 89 46172020<\/span><br \/><span style=\"color: #000000;\">Fax: +49 (0) 89 46 172020<\/span><br \/><span style=\"color: #000000;\">E-Mail: service@truma.com <a style=\"color: #000000;\" href=\"https:\/\/www.truma.com\/de\/de\/home\/ihr-direkter-draht.php\">https:\/\/www.truma.com\/de\/de\/home\/ihr-direkter-draht.php<\/a><\/span><\/p><p><strong><span style=\"color: #1b508c;\">Webasto Heizung\/ Whale Boiler<\/span><\/strong><br \/><span style=\"color: #000000;\">Tel.: +49 (0) 395 5592229<\/span><br \/><span style=\"color: #000000;\"><a style=\"color: #000000;\" href=\"https:\/\/www.webasto.com\/de\/\">https:\/\/www.webasto.com\/de\/<\/a><\/span><\/p><p><strong><span style=\"color: #1b508c;\">Backofen\/Dometic<\/span><\/strong><br \/><span style=\"color: #000000;\">Infoline Endkunden<\/span><br \/><span style=\"color: #000000;\">Tel.: +49 (0) 2572 879195<\/span><br \/><span style=\"color: #000000;\">email : <a style=\"color: #000000;\" href=\"mailto:ev@dometic-waeco.de\">ev@dometic-waeco.de<\/a><\/span><\/p><p><span style=\"color: #1b508c;\"><strong>Markise\/Thule<\/strong><\/span><br \/><span style=\"color: #000000;\">Tel.: +49 (0) 032 56528924<\/span><br \/><span style=\"color: #000000;\"><a style=\"color: #000000;\" href=\"http:\/\/www.thule.com\">www.thule.com<\/a><\/span><br \/><span style=\"color: #000000;\">Belgique<\/span><\/p><p><strong><span style=\"color: #1b508c;\">Audiodesign\/ Navigationsger\u00e4te<\/span><\/strong><br \/><span style=\"color: #000000;\"><a style=\"color: #000000;\" href=\"https:\/\/www.audiodesign.de\/esx.html\">https:\/\/www.audiodesign.de\/esx.html<\/a><\/span><\/p><p><span style=\"color: #1b508c;\"><strong>Fiamma Dachl\u00fcfter<\/strong><\/span><br \/><span style=\"color: #000000;\"><a style=\"color: #000000;\" href=\"http:\/\/www.fiamma.it\/de\/anfrage-technischer-unterstutzung\">www.fiamma.it\/de\/anfrage-technischer-unterstutzung<\/a><\/span><\/p><\/div>\n\t\t\t\t<\/div>\n\t\t\t\t\t\t\t<div class=\"elementor-accordion-item\">\n\t\t\t\t\t<div id=\"elementor-tab-title-23611\" class=\"elementor-tab-title\" data-tab=\"11\" role=\"button\" aria-controls=\"elementor-tab-content-23611\" aria-expanded=\"false\">\n\t\t\t\t\t\t\t\t\t\t\t\t\t<span class=\"elementor-accordion-icon elementor-accordion-icon-left\" aria-hidden=\"true\">\n\t\t\t\t\t\t\t\t\t\t\t\t\t\t\t<span class=\"elementor-accordion-icon-closed\"><i class=\"fas fa-plus\"><\/i><\/span>\n\t\t\t\t\t\t\t\t<span class=\"elementor-accordion-icon-opened\"><i class=\"fas fa-minus\"><\/i><\/span>\n\t\t\t\t\t\t\t\t\t\t\t\t\t\t<\/span>\n\t\t\t\t\t\t\t\t\t\t\t\t<a class=\"elementor-accordion-title\" tabindex=\"0\">Puis-je faire effectuer les r\u00e9parations sous garantie dans des ateliers non agr\u00e9\u00e9s par Ahorn ?<\/a>\n\t\t\t\t\t<\/div>\n\t\t\t\t\t<div id=\"elementor-tab-content-23611\" class=\"elementor-tab-content elementor-clearfix\" data-tab=\"11\" role=\"region\" aria-labelledby=\"elementor-tab-title-23611\"><p><span style=\"color: #000000;\">Nein, nur unsere Service Partner sind autorisiert, Garantiearbeiten durchzuf\u00fchren. Durch vorab durchgef\u00fchrte Schulungen f\u00fcr unsere Service Partner ist eine einheitliche und hervorragende Arbeit gew\u00e4hrleistet.<\/span><\/p><\/div>\n\t\t\t\t<\/div>\n\t\t\t\t\t\t\t<div class=\"elementor-accordion-item\">\n\t\t\t\t\t<div id=\"elementor-tab-title-23612\" class=\"elementor-tab-title\" data-tab=\"12\" role=\"button\" aria-controls=\"elementor-tab-content-23612\" aria-expanded=\"false\">\n\t\t\t\t\t\t\t\t\t\t\t\t\t<span class=\"elementor-accordion-icon elementor-accordion-icon-left\" aria-hidden=\"true\">\n\t\t\t\t\t\t\t\t\t\t\t\t\t\t\t<span class=\"elementor-accordion-icon-closed\"><i class=\"fas fa-plus\"><\/i><\/span>\n\t\t\t\t\t\t\t\t<span class=\"elementor-accordion-icon-opened\"><i class=\"fas fa-minus\"><\/i><\/span>\n\t\t\t\t\t\t\t\t\t\t\t\t\t\t<\/span>\n\t\t\t\t\t\t\t\t\t\t\t\t<a class=\"elementor-accordion-title\" tabindex=\"0\">Mein Ahorn wird von einer autorisierten Ahorn Werkstatt repariert. Erhalte ich w\u00e4hrenddessen einen Leihwagen?<\/a>\n\t\t\t\t\t<\/div>\n\t\t\t\t\t<div id=\"elementor-tab-content-23612\" class=\"elementor-tab-content elementor-clearfix\" data-tab=\"12\" role=\"region\" aria-labelledby=\"elementor-tab-title-23612\"><p><span style=\"color: #000000;\">Nein. Ein Leihwagenanspruch besteht nicht. Fragen Sie gerne trotzdem beim Partner vor Ort nach.<\/span><\/p><\/div>\n\t\t\t\t<\/div>\n\t\t\t\t\t\t\t<div class=\"elementor-accordion-item\">\n\t\t\t\t\t<div id=\"elementor-tab-title-23613\" class=\"elementor-tab-title\" data-tab=\"13\" role=\"button\" aria-controls=\"elementor-tab-content-23613\" aria-expanded=\"false\">\n\t\t\t\t\t\t\t\t\t\t\t\t\t<span class=\"elementor-accordion-icon elementor-accordion-icon-left\" aria-hidden=\"true\">\n\t\t\t\t\t\t\t\t\t\t\t\t\t\t\t<span class=\"elementor-accordion-icon-closed\"><i class=\"fas fa-plus\"><\/i><\/span>\n\t\t\t\t\t\t\t\t<span class=\"elementor-accordion-icon-opened\"><i class=\"fas fa-minus\"><\/i><\/span>\n\t\t\t\t\t\t\t\t\t\t\t\t\t\t<\/span>\n\t\t\t\t\t\t\t\t\t\t\t\t<a class=\"elementor-accordion-title\" tabindex=\"0\">Bei meinem Ahorn ist eine Reparatur notwendig, aber die Garantie ist bereits abgelaufen. Was kann ich tun?<\/a>\n\t\t\t\t\t<\/div>\n\t\t\t\t\t<div id=\"elementor-tab-content-23613\" class=\"elementor-tab-content elementor-clearfix\" data-tab=\"13\" role=\"region\" aria-labelledby=\"elementor-tab-title-23613\"><p><span style=\"color: #000000;\">Geben Sie im Service Center Bescheid durch eine E-Mail an<span style=\"color: #1b508c;\"><strong> <a style=\"color: #1b508c;\" href=\"mailto:service@ahorn-camp.de\">service@ahorn-camp.de<\/a><\/strong><\/span> mit Fahrgestellnummer, Beschreibung und Fotos. Bei unvollst\u00e4ndigen Angaben kann sich die Bearbeitung verz\u00f6gern.<\/span><\/p><\/div>\n\t\t\t\t<\/div>\n\t\t\t\t\t\t\t<div class=\"elementor-accordion-item\">\n\t\t\t\t\t<div id=\"elementor-tab-title-23614\" class=\"elementor-tab-title\" data-tab=\"14\" role=\"button\" aria-controls=\"elementor-tab-content-23614\" aria-expanded=\"false\">\n\t\t\t\t\t\t\t\t\t\t\t\t\t<span class=\"elementor-accordion-icon elementor-accordion-icon-left\" aria-hidden=\"true\">\n\t\t\t\t\t\t\t\t\t\t\t\t\t\t\t<span class=\"elementor-accordion-icon-closed\"><i class=\"fas fa-plus\"><\/i><\/span>\n\t\t\t\t\t\t\t\t<span class=\"elementor-accordion-icon-opened\"><i class=\"fas fa-minus\"><\/i><\/span>\n\t\t\t\t\t\t\t\t\t\t\t\t\t\t<\/span>\n\t\t\t\t\t\t\t\t\t\t\t\t<a class=\"elementor-accordion-title\" tabindex=\"0\">J'ai besoin de toute urgence d'un nouveau carnet de maintenance ou de garantie. O\u00f9 puis-je l'obtenir ?<\/a>\n\t\t\t\t\t<\/div>\n\t\t\t\t\t<div id=\"elementor-tab-content-23614\" class=\"elementor-tab-content elementor-clearfix\" data-tab=\"14\" role=\"region\" aria-labelledby=\"elementor-tab-title-23614\"><p><span style=\"color: #000000;\">Meldung per E-Mail an <span style=\"color: #1b508c;\"><strong><a style=\"color: #1b508c;\" href=\"mailto:service@ahorn-camp.de\">service@ahorn-camp.de<\/a><\/strong><\/span> mit Fahrgestellnummer. Ein neues Service Heft kostet 25,- Euro zzgl. Versandkosten<\/span><\/p><\/div>\n\t\t\t\t<\/div>\n\t\t\t\t\t\t\t<div class=\"elementor-accordion-item\">\n\t\t\t\t\t<div id=\"elementor-tab-title-23615\" class=\"elementor-tab-title\" data-tab=\"15\" role=\"button\" aria-controls=\"elementor-tab-content-23615\" aria-expanded=\"false\">\n\t\t\t\t\t\t\t\t\t\t\t\t\t<span class=\"elementor-accordion-icon elementor-accordion-icon-left\" aria-hidden=\"true\">\n\t\t\t\t\t\t\t\t\t\t\t\t\t\t\t<span class=\"elementor-accordion-icon-closed\"><i class=\"fas fa-plus\"><\/i><\/span>\n\t\t\t\t\t\t\t\t<span class=\"elementor-accordion-icon-opened\"><i class=\"fas fa-minus\"><\/i><\/span>\n\t\t\t\t\t\t\t\t\t\t\t\t\t\t<\/span>\n\t\t\t\t\t\t\t\t\t\t\t\t<a class=\"elementor-accordion-title\" tabindex=\"0\">Ich habe eine technische Frage zu meinem Ahorn. An wen kann ich mich wenden?<\/a>\n\t\t\t\t\t<\/div>\n\t\t\t\t\t<div id=\"elementor-tab-content-23615\" class=\"elementor-tab-content elementor-clearfix\" data-tab=\"15\" role=\"region\" aria-labelledby=\"elementor-tab-title-23615\"><p><span style=\"color: #000000;\">Gerne wenden Sie sich hier an unseren Service!<\/span><br \/><span style=\"color: #000000;\">Service Hotline <a href=\"tel:+49 (0) 6232 10028202\"><span style=\"color: #1b508c;\"><strong>+49 (0) 6232 10028202<\/strong><\/span><\/a>\u00a0 ou <span style=\"color: #1b508c;\"><strong><a style=\"color: #1b508c;\" href=\"mailto:service@ahorn-camp.de\">service@ahorn-camp.de<\/a><\/strong><\/span><\/span><br \/><span style=\"color: #000000;\">Wir werden Sie mit unserer Werkstatt verbinden.<\/span><\/p><\/div>\n\t\t\t\t<\/div>\n\t\t\t\t\t\t\t<div class=\"elementor-accordion-item\">\n\t\t\t\t\t<div id=\"elementor-tab-title-23616\" class=\"elementor-tab-title\" data-tab=\"16\" role=\"button\" aria-controls=\"elementor-tab-content-23616\" aria-expanded=\"false\">\n\t\t\t\t\t\t\t\t\t\t\t\t\t<span class=\"elementor-accordion-icon elementor-accordion-icon-left\" aria-hidden=\"true\">\n\t\t\t\t\t\t\t\t\t\t\t\t\t\t\t<span class=\"elementor-accordion-icon-closed\"><i class=\"fas fa-plus\"><\/i><\/span>\n\t\t\t\t\t\t\t\t<span class=\"elementor-accordion-icon-opened\"><i class=\"fas fa-minus\"><\/i><\/span>\n\t\t\t\t\t\t\t\t\t\t\t\t\t\t<\/span>\n\t\t\t\t\t\t\t\t\t\t\t\t<a class=\"elementor-accordion-title\" tabindex=\"0\">Qu'est-ce qu'un test d'\u00e9tanch\u00e9it\u00e9 ?<\/a>\n\t\t\t\t\t<\/div>\n\t\t\t\t\t<div id=\"elementor-tab-content-23616\" class=\"elementor-tab-content elementor-clearfix\" data-tab=\"16\" role=\"region\" aria-labelledby=\"elementor-tab-title-23616\"><p><span style=\"color: #000000;\">Die Dichtigkeitspr\u00fcfung bzw. Aufbauinspektion ist eine Wartung, die regelm\u00e4\u00dfig durchgef\u00fchrt werden muss, damit die Dichtigkeitsgarantie gew\u00e4hrleistet wird.<\/span><\/p><\/div>\n\t\t\t\t<\/div>\n\t\t\t\t\t\t\t<div class=\"elementor-accordion-item\">\n\t\t\t\t\t<div id=\"elementor-tab-title-23617\" class=\"elementor-tab-title\" data-tab=\"17\" role=\"button\" aria-controls=\"elementor-tab-content-23617\" aria-expanded=\"false\">\n\t\t\t\t\t\t\t\t\t\t\t\t\t<span class=\"elementor-accordion-icon elementor-accordion-icon-left\" aria-hidden=\"true\">\n\t\t\t\t\t\t\t\t\t\t\t\t\t\t\t<span class=\"elementor-accordion-icon-closed\"><i class=\"fas fa-plus\"><\/i><\/span>\n\t\t\t\t\t\t\t\t<span class=\"elementor-accordion-icon-opened\"><i class=\"fas fa-minus\"><\/i><\/span>\n\t\t\t\t\t\t\t\t\t\t\t\t\t\t<\/span>\n\t\t\t\t\t\t\t\t\t\t\t\t<a class=\"elementor-accordion-title\" tabindex=\"0\">Was wird bei einer Dichtigkeitspr\u00fcfung alles \u00fcberpr\u00fcft?<\/a>\n\t\t\t\t\t<\/div>\n\t\t\t\t\t<div id=\"elementor-tab-content-23617\" class=\"elementor-tab-content elementor-clearfix\" data-tab=\"17\" role=\"region\" aria-labelledby=\"elementor-tab-title-23617\"><p>W\u00e4hrend der Dichtigkeitspr\u00fcfung bzw. Aufbauinspektion werden bestimmte Stellen auf Feuchtigkeit am Fahrzeug \u00fcberpr\u00fcft sowie bei Bedarf Aussenklappen inklusive Aufbaut\u00fcr eingestellt, die Scharniere der M\u00f6belkappen und die Gummidichtungen am Fenster und Aussenklappen \u00fcberpr\u00fcft.<\/p><\/div>\n\t\t\t\t<\/div>\n\t\t\t\t\t\t\t<div class=\"elementor-accordion-item\">\n\t\t\t\t\t<div id=\"elementor-tab-title-23618\" class=\"elementor-tab-title\" data-tab=\"18\" role=\"button\" aria-controls=\"elementor-tab-content-23618\" aria-expanded=\"false\">\n\t\t\t\t\t\t\t\t\t\t\t\t\t<span class=\"elementor-accordion-icon elementor-accordion-icon-left\" aria-hidden=\"true\">\n\t\t\t\t\t\t\t\t\t\t\t\t\t\t\t<span class=\"elementor-accordion-icon-closed\"><i class=\"fas fa-plus\"><\/i><\/span>\n\t\t\t\t\t\t\t\t<span class=\"elementor-accordion-icon-opened\"><i class=\"fas fa-minus\"><\/i><\/span>\n\t\t\t\t\t\t\t\t\t\t\t\t\t\t<\/span>\n\t\t\t\t\t\t\t\t\t\t\t\t<a class=\"elementor-accordion-title\" tabindex=\"0\">Wann muss eine Dichtigkeitspr\u00fcfung durchgef\u00fchrt werden?<\/a>\n\t\t\t\t\t<\/div>\n\t\t\t\t\t<div id=\"elementor-tab-content-23618\" class=\"elementor-tab-content elementor-clearfix\" data-tab=\"18\" role=\"region\" aria-labelledby=\"elementor-tab-title-23618\"><p><span style=\"color: #000000;\">F\u00fcr die Fahrzeuge mit Erstzulassungsdatum <u>bis zum 31 August 2017<\/u>\u00a0muss die Dichtigkeitspr\u00fcfung alle 6 Monate zum Datum der Erstzulassung durchgef\u00fchrt werden. Wenn z.B. die Erstzulassung Ihres Fahrzeuges der 07.01.2016 war, muss die erste Dichtigkeitspr\u00fcfung bis zum 07.07.2017 durchgef\u00fchrt werden. Jede weitere Dichtigkeitspr\u00fcfung dann immer 6 Monate darauf d.h. 07.01. \/07.07. \/07.01 usw. Soweit die Angaben vom Hersteller.<\/span><\/p><p><span style=\"color: #000000;\">F\u00fcr die Fahrzeuge mit Erstzulassungsdatum <u>ab 01. September 2018<\/u>, muss die Dichtigkeitspr\u00fcfung alle 12 Monate zum Datum der Erstzulassung durchgef\u00fchrt werden.<\/span><\/p><p><span style=\"color: #000000;\">Um diese Vorgaben einhalten zu k\u00f6nnen, empfehlen wir unseren Kunden eine fr\u00fchzeitige Kontaktaufnahme mit unserer Service Abteilung ( ca. 3 Wochen im Voraus ) um einen Termin vereinbaren zu k\u00f6nnen. Sollte trotz fr\u00fchzeitiger Anfrage kein Termin in unserer Werkstatt zur Verf\u00fcgung stehen, haben Sie immer die M\u00f6glichkeit, die Dichtigkeitspr\u00fcfung bei einem unserer Partner durchf\u00fchren zu lassen.<\/span><\/p><\/div>\n\t\t\t\t<\/div>\n\t\t\t\t\t\t\t<div class=\"elementor-accordion-item\">\n\t\t\t\t\t<div id=\"elementor-tab-title-23619\" class=\"elementor-tab-title\" data-tab=\"19\" role=\"button\" aria-controls=\"elementor-tab-content-23619\" aria-expanded=\"false\">\n\t\t\t\t\t\t\t\t\t\t\t\t\t<span class=\"elementor-accordion-icon elementor-accordion-icon-left\" aria-hidden=\"true\">\n\t\t\t\t\t\t\t\t\t\t\t\t\t\t\t<span class=\"elementor-accordion-icon-closed\"><i class=\"fas fa-plus\"><\/i><\/span>\n\t\t\t\t\t\t\t\t<span class=\"elementor-accordion-icon-opened\"><i class=\"fas fa-minus\"><\/i><\/span>\n\t\t\t\t\t\t\t\t\t\t\t\t\t\t<\/span>\n\t\t\t\t\t\t\t\t\t\t\t\t<a class=\"elementor-accordion-title\" tabindex=\"0\">Ich habe den Dichtigkeitspr\u00fcfungstermin verpasst. Was kann ich tun?<\/a>\n\t\t\t\t\t<\/div>\n\t\t\t\t\t<div id=\"elementor-tab-content-23619\" class=\"elementor-tab-content elementor-clearfix\" data-tab=\"19\" role=\"region\" aria-labelledby=\"elementor-tab-title-23619\"><p><span style=\"color: #000000;\">Die Pr\u00fcfung darf maximal 7 Tage vor oder 7 Tage nach dem Stichtag (Erstzulassungsdatum) durchgef\u00fchrt werden. Sollte dies nicht m\u00f6glich sein, k\u00f6nnen wir aus Kulanz in einzelnen F\u00e4llen einen Spielraum von ca. 14 Tagen gew\u00e4hren, +\/- zum EZ-Datum.<\/span><\/p><p><span style=\"color: #000000;\">Bei \u00dcberschreitung des Kontrolldatums von mehr als 14 Tagen bitte bedenken, dass die Garantie erloschen ist.<\/span><\/p><\/div>\n\t\t\t\t<\/div>\n\t\t\t\t\t\t\t<div class=\"elementor-accordion-item\">\n\t\t\t\t\t<div id=\"elementor-tab-title-23620\" class=\"elementor-tab-title\" data-tab=\"20\" role=\"button\" aria-controls=\"elementor-tab-content-23620\" aria-expanded=\"false\">\n\t\t\t\t\t\t\t\t\t\t\t\t\t<span class=\"elementor-accordion-icon elementor-accordion-icon-left\" aria-hidden=\"true\">\n\t\t\t\t\t\t\t\t\t\t\t\t\t\t\t<span class=\"elementor-accordion-icon-closed\"><i class=\"fas fa-plus\"><\/i><\/span>\n\t\t\t\t\t\t\t\t<span class=\"elementor-accordion-icon-opened\"><i class=\"fas fa-minus\"><\/i><\/span>\n\t\t\t\t\t\t\t\t\t\t\t\t\t\t<\/span>\n\t\t\t\t\t\t\t\t\t\t\t\t<a class=\"elementor-accordion-title\" tabindex=\"0\">Wie oft muss das Wohnmobil zur Inspektion?<\/a>\n\t\t\t\t\t<\/div>\n\t\t\t\t\t<div id=\"elementor-tab-content-23620\" class=\"elementor-tab-content elementor-clearfix\" data-tab=\"20\" role=\"region\" aria-labelledby=\"elementor-tab-title-23620\"><p><span style=\"color: #000000;\">L'inspection doit \u00eatre effectu\u00e9e soit apr\u00e8s 2 ans, soit apr\u00e8s 40 000 kilom\u00e8tres parcourus, selon la premi\u00e8re \u00e9ventualit\u00e9.<\/span><\/p><\/div>\n\t\t\t\t<\/div>\n\t\t\t\t\t\t\t<div class=\"elementor-accordion-item\">\n\t\t\t\t\t<div id=\"elementor-tab-title-23621\" class=\"elementor-tab-title\" data-tab=\"21\" role=\"button\" aria-controls=\"elementor-tab-content-23621\" aria-expanded=\"false\">\n\t\t\t\t\t\t\t\t\t\t\t\t\t<span class=\"elementor-accordion-icon elementor-accordion-icon-left\" aria-hidden=\"true\">\n\t\t\t\t\t\t\t\t\t\t\t\t\t\t\t<span class=\"elementor-accordion-icon-closed\"><i class=\"fas fa-plus\"><\/i><\/span>\n\t\t\t\t\t\t\t\t<span class=\"elementor-accordion-icon-opened\"><i class=\"fas fa-minus\"><\/i><\/span>\n\t\t\t\t\t\t\t\t\t\t\t\t\t\t<\/span>\n\t\t\t\t\t\t\t\t\t\t\t\t<a class=\"elementor-accordion-title\" tabindex=\"0\">Wo muss die Inspektion durchgef\u00fchrt werden?<\/a>\n\t\t\t\t\t<\/div>\n\t\t\t\t\t<div id=\"elementor-tab-content-23621\" class=\"elementor-tab-content elementor-clearfix\" data-tab=\"21\" role=\"region\" aria-labelledby=\"elementor-tab-title-23621\"><p><span style=\"color: #000000;\">Melden Sie sich bei Ihrem \u00f6rtlichen Renault Partner: <\/span><strong><a href=\"https:\/\/www.renault.de\/haendlersuche.html\">https:\/\/www.renault.de\/haendlersuche.html<\/a><\/strong><\/p><\/div>\n\t\t\t\t<\/div>\n\t\t\t\t\t\t\t<div class=\"elementor-accordion-item\">\n\t\t\t\t\t<div id=\"elementor-tab-title-23622\" class=\"elementor-tab-title\" data-tab=\"22\" role=\"button\" aria-controls=\"elementor-tab-content-23622\" aria-expanded=\"false\">\n\t\t\t\t\t\t\t\t\t\t\t\t\t<span class=\"elementor-accordion-icon elementor-accordion-icon-left\" aria-hidden=\"true\">\n\t\t\t\t\t\t\t\t\t\t\t\t\t\t\t<span class=\"elementor-accordion-icon-closed\"><i class=\"fas fa-plus\"><\/i><\/span>\n\t\t\t\t\t\t\t\t<span class=\"elementor-accordion-icon-opened\"><i class=\"fas fa-minus\"><\/i><\/span>\n\t\t\t\t\t\t\t\t\t\t\t\t\t\t<\/span>\n\t\t\t\t\t\t\t\t\t\t\t\t<a class=\"elementor-accordion-title\" tabindex=\"0\">Wo kann ich Original Ahorn Ersatzteile oder Zubeh\u00f6r kaufen oder bestellen?<\/a>\n\t\t\t\t\t<\/div>\n\t\t\t\t\t<div id=\"elementor-tab-content-23622\" class=\"elementor-tab-content elementor-clearfix\" data-tab=\"22\" role=\"region\" aria-labelledby=\"elementor-tab-title-23622\"><p><span style=\"color: #000000;\">Bei Ahorn Camp unter <span style=\"color: #1b508c;\"><strong><a style=\"color: #1b508c;\" href=\"mailto:ersatzteile@ahorn-camp.de\">ersatzteile@ahorn-camp.de<\/a><\/strong><\/span> mit Fahrgestellnummer, Beschreibung und Fotos. Bitte beachten Sie: Eine telefonische Bestellung ist nicht m\u00f6glich!<\/span><\/p><\/div>\n\t\t\t\t<\/div>\n\t\t\t\t\t\t\t<div class=\"elementor-accordion-item\">\n\t\t\t\t\t<div id=\"elementor-tab-title-23623\" class=\"elementor-tab-title\" data-tab=\"23\" role=\"button\" aria-controls=\"elementor-tab-content-23623\" aria-expanded=\"false\">\n\t\t\t\t\t\t\t\t\t\t\t\t\t<span class=\"elementor-accordion-icon elementor-accordion-icon-left\" aria-hidden=\"true\">\n\t\t\t\t\t\t\t\t\t\t\t\t\t\t\t<span class=\"elementor-accordion-icon-closed\"><i class=\"fas fa-plus\"><\/i><\/span>\n\t\t\t\t\t\t\t\t<span class=\"elementor-accordion-icon-opened\"><i class=\"fas fa-minus\"><\/i><\/span>\n\t\t\t\t\t\t\t\t\t\t\t\t\t\t<\/span>\n\t\t\t\t\t\t\t\t\t\t\t\t<a class=\"elementor-accordion-title\" tabindex=\"0\">Woher bekomme ich eine Bedienungsanleitungen f\u00fcr meinen Ahorn?<\/a>\n\t\t\t\t\t<\/div>\n\t\t\t\t\t<div id=\"elementor-tab-content-23623\" class=\"elementor-tab-content elementor-clearfix\" data-tab=\"23\" role=\"region\" aria-labelledby=\"elementor-tab-title-23623\"><p><span style=\"color: #000000;\">Senden Sie uns diesbez\u00fcglich eine E-Mail an <a style=\"color: #000000;\" href=\"mailto:service@ahorn-camp.de\"><span style=\"color: #1b508c;\"><strong>service@ahorn-camp.de<\/strong><\/span><\/a> mit der Fahrgestellnummer Ihres Fahrzeuges.<\/span><\/p><\/div>\n\t\t\t\t<\/div>\n\t\t\t\t\t\t\t<div class=\"elementor-accordion-item\">\n\t\t\t\t\t<div id=\"elementor-tab-title-23624\" class=\"elementor-tab-title\" data-tab=\"24\" role=\"button\" aria-controls=\"elementor-tab-content-23624\" aria-expanded=\"false\">\n\t\t\t\t\t\t\t\t\t\t\t\t\t<span class=\"elementor-accordion-icon elementor-accordion-icon-left\" aria-hidden=\"true\">\n\t\t\t\t\t\t\t\t\t\t\t\t\t\t\t<span class=\"elementor-accordion-icon-closed\"><i class=\"fas fa-plus\"><\/i><\/span>\n\t\t\t\t\t\t\t\t<span class=\"elementor-accordion-icon-opened\"><i class=\"fas fa-minus\"><\/i><\/span>\n\t\t\t\t\t\t\t\t\t\t\t\t\t\t<\/span>\n\t\t\t\t\t\t\t\t\t\t\t\t<a class=\"elementor-accordion-title\" tabindex=\"0\">Quelles combinaisons roue\/pneu sont possibles pour mon v\u00e9hicule ?<\/a>\n\t\t\t\t\t<\/div>\n\t\t\t\t\t<div id=\"elementor-tab-content-23624\" class=\"elementor-tab-content elementor-clearfix\" data-tab=\"24\" role=\"region\" aria-labelledby=\"elementor-tab-title-23624\"><p><span style=\"color: #000000;\">225\/65 R 16C\u00a0 112\/110 R-6,5J16-66<\/span><br \/><span style=\"color: #000000;\">225\/65 R 16CP 112R- 6,5J16-66<\/span><br \/><span style=\"color: #000000;\">235\/65 R 16C\u00a0\u00a0 115\/113 R- 6,5J16-66<\/span><br \/><span style=\"color: #000000;\">Alle 4 Reifen m\u00fcssen gleich sein.<\/span><\/p><\/div>\n\t\t\t\t<\/div>\n\t\t\t\t\t\t\t<div class=\"elementor-accordion-item\">\n\t\t\t\t\t<div id=\"elementor-tab-title-23625\" class=\"elementor-tab-title\" data-tab=\"25\" role=\"button\" aria-controls=\"elementor-tab-content-23625\" aria-expanded=\"false\">\n\t\t\t\t\t\t\t\t\t\t\t\t\t<span class=\"elementor-accordion-icon elementor-accordion-icon-left\" aria-hidden=\"true\">\n\t\t\t\t\t\t\t\t\t\t\t\t\t\t\t<span class=\"elementor-accordion-icon-closed\"><i class=\"fas fa-plus\"><\/i><\/span>\n\t\t\t\t\t\t\t\t<span class=\"elementor-accordion-icon-opened\"><i class=\"fas fa-minus\"><\/i><\/span>\n\t\t\t\t\t\t\t\t\t\t\t\t\t\t<\/span>\n\t\t\t\t\t\t\t\t\t\t\t\t<a class=\"elementor-accordion-title\" tabindex=\"0\">Mit welchen Reifen wird das Wohnmobil ausgeliefert?<\/a>\n\t\t\t\t\t<\/div>\n\t\t\t\t\t<div id=\"elementor-tab-content-23625\" class=\"elementor-tab-content elementor-clearfix\" data-tab=\"25\" role=\"region\" aria-labelledby=\"elementor-tab-title-23625\"><p><span style=\"color: #000000;\">Sommerreifen \u2013 225\/65 R 16 CP 112 R- 70PSI<\/span><\/p><\/div>\n\t\t\t\t<\/div>\n\t\t\t\t\t\t\t<div class=\"elementor-accordion-item\">\n\t\t\t\t\t<div id=\"elementor-tab-title-23626\" class=\"elementor-tab-title\" data-tab=\"26\" role=\"button\" aria-controls=\"elementor-tab-content-23626\" aria-expanded=\"false\">\n\t\t\t\t\t\t\t\t\t\t\t\t\t<span class=\"elementor-accordion-icon elementor-accordion-icon-left\" aria-hidden=\"true\">\n\t\t\t\t\t\t\t\t\t\t\t\t\t\t\t<span class=\"elementor-accordion-icon-closed\"><i class=\"fas fa-plus\"><\/i><\/span>\n\t\t\t\t\t\t\t\t<span class=\"elementor-accordion-icon-opened\"><i class=\"fas fa-minus\"><\/i><\/span>\n\t\t\t\t\t\t\t\t\t\t\t\t\t\t<\/span>\n\t\t\t\t\t\t\t\t\t\t\t\t<a class=\"elementor-accordion-title\" tabindex=\"0\">Kann man das zul\u00e4ssige Gesamtgewicht meines Fahrzeuges erh\u00f6hen?<\/a>\n\t\t\t\t\t<\/div>\n\t\t\t\t\t<div id=\"elementor-tab-content-23626\" class=\"elementor-tab-content elementor-clearfix\" data-tab=\"26\" role=\"region\" aria-labelledby=\"elementor-tab-title-23626\"><p>Ja, auf maximal 4 t f\u00fcr Renault Chassis durch Luftfeder und Auflastung.<\/p><\/div>\n\t\t\t\t<\/div>\n\t\t\t\t\t\t\t<div class=\"elementor-accordion-item\">\n\t\t\t\t\t<div id=\"elementor-tab-title-23627\" class=\"elementor-tab-title\" data-tab=\"27\" role=\"button\" aria-controls=\"elementor-tab-content-23627\" aria-expanded=\"false\">\n\t\t\t\t\t\t\t\t\t\t\t\t\t<span class=\"elementor-accordion-icon elementor-accordion-icon-left\" aria-hidden=\"true\">\n\t\t\t\t\t\t\t\t\t\t\t\t\t\t\t<span class=\"elementor-accordion-icon-closed\"><i class=\"fas fa-plus\"><\/i><\/span>\n\t\t\t\t\t\t\t\t<span class=\"elementor-accordion-icon-opened\"><i class=\"fas fa-minus\"><\/i><\/span>\n\t\t\t\t\t\t\t\t\t\t\t\t\t\t<\/span>\n\t\t\t\t\t\t\t\t\t\t\t\t<a class=\"elementor-accordion-title\" tabindex=\"0\">Wie kann ich mein Fahrzeug auflasten?<\/a>\n\t\t\t\t\t<\/div>\n\t\t\t\t\t<div id=\"elementor-tab-content-23627\" class=\"elementor-tab-content elementor-clearfix\" data-tab=\"27\" role=\"region\" aria-labelledby=\"elementor-tab-title-23627\"><p><span style=\"color: #000000;\">Eine Auflastung ist nur in Verbindung mit einer Luftfeder m\u00f6glich. Die Auflastung kann bei Ahorn Camp durchgef\u00fchrt werden. Die Eintragung erfolgt durch die Zulassungsstelle.<\/span><\/p><\/div>\n\t\t\t\t<\/div>\n\t\t\t\t\t\t\t<div class=\"elementor-accordion-item\">\n\t\t\t\t\t<div id=\"elementor-tab-title-23628\" class=\"elementor-tab-title\" data-tab=\"28\" role=\"button\" aria-controls=\"elementor-tab-content-23628\" aria-expanded=\"false\">\n\t\t\t\t\t\t\t\t\t\t\t\t\t<span class=\"elementor-accordion-icon elementor-accordion-icon-left\" aria-hidden=\"true\">\n\t\t\t\t\t\t\t\t\t\t\t\t\t\t\t<span class=\"elementor-accordion-icon-closed\"><i class=\"fas fa-plus\"><\/i><\/span>\n\t\t\t\t\t\t\t\t<span class=\"elementor-accordion-icon-opened\"><i class=\"fas fa-minus\"><\/i><\/span>\n\t\t\t\t\t\t\t\t\t\t\t\t\t\t<\/span>\n\t\t\t\t\t\t\t\t\t\t\t\t<a class=\"elementor-accordion-title\" tabindex=\"0\">Kann man die Anh\u00e4ngelast an meinem Fahrzeug erh\u00f6hen?<\/a>\n\t\t\t\t\t<\/div>\n\t\t\t\t\t<div id=\"elementor-tab-content-23628\" class=\"elementor-tab-content elementor-clearfix\" data-tab=\"28\" role=\"region\" aria-labelledby=\"elementor-tab-title-23628\"><p><span style=\"color: #000000;\">Nein, Anh\u00e4ngelast max. 2 Tonnen bei Reisemobilen. Bei Vans sind es 2,5 Tonnen.<\/span><\/p><\/div>\n\t\t\t\t<\/div>\n\t\t\t\t\t\t\t<div class=\"elementor-accordion-item\">\n\t\t\t\t\t<div id=\"elementor-tab-title-23629\" class=\"elementor-tab-title\" data-tab=\"29\" role=\"button\" aria-controls=\"elementor-tab-content-23629\" aria-expanded=\"false\">\n\t\t\t\t\t\t\t\t\t\t\t\t\t<span class=\"elementor-accordion-icon elementor-accordion-icon-left\" aria-hidden=\"true\">\n\t\t\t\t\t\t\t\t\t\t\t\t\t\t\t<span class=\"elementor-accordion-icon-closed\"><i class=\"fas fa-plus\"><\/i><\/span>\n\t\t\t\t\t\t\t\t<span class=\"elementor-accordion-icon-opened\"><i class=\"fas fa-minus\"><\/i><\/span>\n\t\t\t\t\t\t\t\t\t\t\t\t\t\t<\/span>\n\t\t\t\t\t\t\t\t\t\t\t\t<a class=\"elementor-accordion-title\" tabindex=\"0\">Wie finde ich einen autorisierten Ahorn Servicepartner in meiner N\u00e4he?<\/a>\n\t\t\t\t\t<\/div>\n\t\t\t\t\t<div id=\"elementor-tab-content-23629\" class=\"elementor-tab-content elementor-clearfix\" data-tab=\"29\" role=\"region\" aria-labelledby=\"elementor-tab-title-23629\"><p>Auf unserer Homepage <span style=\"color: #1b508c;\"><strong><a style=\"color: #1b508c;\" href=\"https:\/\/ahorn-camp.de\/fr\/partenaire-de-service\/\">www.ahorn-camp.de\/servicepartner\/<\/a><\/strong><\/span><\/p><\/div>\n\t\t\t\t<\/div>\n\t\t\t\t\t\t\t<div class=\"elementor-accordion-item\">\n\t\t\t\t\t<div id=\"elementor-tab-title-23630\" class=\"elementor-tab-title\" data-tab=\"30\" role=\"button\" aria-controls=\"elementor-tab-content-23630\" aria-expanded=\"false\">\n\t\t\t\t\t\t\t\t\t\t\t\t\t<span class=\"elementor-accordion-icon elementor-accordion-icon-left\" aria-hidden=\"true\">\n\t\t\t\t\t\t\t\t\t\t\t\t\t\t\t<span class=\"elementor-accordion-icon-closed\"><i class=\"fas fa-plus\"><\/i><\/span>\n\t\t\t\t\t\t\t\t<span class=\"elementor-accordion-icon-opened\"><i class=\"fas fa-minus\"><\/i><\/span>\n\t\t\t\t\t\t\t\t\t\t\t\t\t\t<\/span>\n\t\t\t\t\t\t\t\t\t\t\t\t<a class=\"elementor-accordion-title\" tabindex=\"0\">Wie mache ich mein Fahrzeug winterfest?<\/a>\n\t\t\t\t\t<\/div>\n\t\t\t\t\t<div id=\"elementor-tab-content-23630\" class=\"elementor-tab-content elementor-clearfix\" data-tab=\"30\" role=\"region\" aria-labelledby=\"elementor-tab-title-23630\"><p><span style=\"color: #000000;\">Wasser aus Frischwassertank ablassen (Stopfen entfernen)<\/span><br \/><span style=\"color: #000000;\">Alle Wasserh\u00e4hne \u00f6ffnen<\/span><br \/><span style=\"color: #000000;\">Wasser aus Heizung (Boiler) ablassen an den entsprechenden Ablass Vorrichtungen<\/span><br \/><span style=\"color: #000000;\">Wasserpumpe kurz einschalten um die Leitungen leer zu dr\u00fccken<\/span><br \/><span style=\"color: #000000;\">Toilettensp\u00fclung mehrmals bet\u00e4tigen<\/span><br \/><span style=\"color: #000000;\">Wasser aus den H\u00e4hnen mit Luft herauspressen ( Luftpumpe, Kompressor oder Mund)<\/span><br \/><span style=\"color: #000000;\">Batterie entweder ausbauen oder abklemmen ( dann m\u00fcssen diese aber regelm\u00e4\u00dfig kontrolliert werden)<\/span><\/p><p><span style=\"color: #000000;\">Hier finden Sie auch ein YouTube Video dar\u00fcber:<\/span><br \/><span style=\"color: #1b508c;\">https:\/\/www.youtube.com\/watch?v=yeODYK1gAB8<\/span><\/p><\/div>\n\t\t\t\t<\/div>\n\t\t\t\t\t\t\t<div class=\"elementor-accordion-item\">\n\t\t\t\t\t<div id=\"elementor-tab-title-23631\" class=\"elementor-tab-title\" data-tab=\"31\" role=\"button\" aria-controls=\"elementor-tab-content-23631\" aria-expanded=\"false\">\n\t\t\t\t\t\t\t\t\t\t\t\t\t<span class=\"elementor-accordion-icon elementor-accordion-icon-left\" aria-hidden=\"true\">\n\t\t\t\t\t\t\t\t\t\t\t\t\t\t\t<span class=\"elementor-accordion-icon-closed\"><i class=\"fas fa-plus\"><\/i><\/span>\n\t\t\t\t\t\t\t\t<span class=\"elementor-accordion-icon-opened\"><i class=\"fas fa-minus\"><\/i><\/span>\n\t\t\t\t\t\t\t\t\t\t\t\t\t\t<\/span>\n\t\t\t\t\t\t\t\t\t\t\t\t<a class=\"elementor-accordion-title\" tabindex=\"0\">Gibt es Zubeh\u00f6r f\u00fcr mein Fahrzeug?<\/a>\n\t\t\t\t\t<\/div>\n\t\t\t\t\t<div id=\"elementor-tab-content-23631\" class=\"elementor-tab-content elementor-clearfix\" data-tab=\"31\" role=\"region\" aria-labelledby=\"elementor-tab-title-23631\"><p>Ja, hier unsere Angebote: <u><span style=\"color: #1b508c;\"><strong><a style=\"color: #1b508c;\" href=\"https:\/\/ahorn-camp.de\/fr\/listes-de-prix-catalogues\/\" target=\"_blank\" rel=\"noopener noreferrer\">Link<\/a><\/strong><\/span><br \/><\/u>Dieses k\u00f6nnen Sie auch per Mail unter <a href=\"mailto:service@ahorn-camp.de\"><span style=\"color: #1b508c;\"><strong>service@ahorn-camp.de<\/strong><\/span><\/a> anfordern.<\/p><\/div>\n\t\t\t\t<\/div>\n\t\t\t\t\t\t\t<div class=\"elementor-accordion-item\">\n\t\t\t\t\t<div id=\"elementor-tab-title-23632\" class=\"elementor-tab-title\" data-tab=\"32\" role=\"button\" aria-controls=\"elementor-tab-content-23632\" aria-expanded=\"false\">\n\t\t\t\t\t\t\t\t\t\t\t\t\t<span class=\"elementor-accordion-icon elementor-accordion-icon-left\" aria-hidden=\"true\">\n\t\t\t\t\t\t\t\t\t\t\t\t\t\t\t<span class=\"elementor-accordion-icon-closed\"><i class=\"fas fa-plus\"><\/i><\/span>\n\t\t\t\t\t\t\t\t<span class=\"elementor-accordion-icon-opened\"><i class=\"fas fa-minus\"><\/i><\/span>\n\t\t\t\t\t\t\t\t\t\t\t\t\t\t<\/span>\n\t\t\t\t\t\t\t\t\t\t\t\t<a class=\"elementor-accordion-title\" tabindex=\"0\">Wie soll ich mein Fahrzeug pflegen?<\/a>\n\t\t\t\t\t<\/div>\n\t\t\t\t\t<div id=\"elementor-tab-content-23632\" class=\"elementor-tab-content elementor-clearfix\" data-tab=\"32\" role=\"region\" aria-labelledby=\"elementor-tab-title-23632\"><p><span style=\"color: #000000;\">Lesen Sie hierzu gr\u00fcndlich ab Seite 177 des grauen Handbuches (IN) Service.<\/span><\/p><\/div>\n\t\t\t\t<\/div>\n\t\t\t\t\t\t\t<div class=\"elementor-accordion-item\">\n\t\t\t\t\t<div id=\"elementor-tab-title-23633\" class=\"elementor-tab-title\" data-tab=\"33\" role=\"button\" aria-controls=\"elementor-tab-content-23633\" aria-expanded=\"false\">\n\t\t\t\t\t\t\t\t\t\t\t\t\t<span class=\"elementor-accordion-icon elementor-accordion-icon-left\" aria-hidden=\"true\">\n\t\t\t\t\t\t\t\t\t\t\t\t\t\t\t<span class=\"elementor-accordion-icon-closed\"><i class=\"fas fa-plus\"><\/i><\/span>\n\t\t\t\t\t\t\t\t<span class=\"elementor-accordion-icon-opened\"><i class=\"fas fa-minus\"><\/i><\/span>\n\t\t\t\t\t\t\t\t\t\t\t\t\t\t<\/span>\n\t\t\t\t\t\t\t\t\t\t\t\t<a class=\"elementor-accordion-title\" tabindex=\"0\">Was ist an der Elektrik des Aufbaus zu beachten?<\/a>\n\t\t\t\t\t<\/div>\n\t\t\t\t\t<div id=\"elementor-tab-content-23633\" class=\"elementor-tab-content elementor-clearfix\" data-tab=\"33\" role=\"region\" aria-labelledby=\"elementor-tab-title-23633\"><p><span style=\"color: #000000;\">Lesen Sie gr\u00fcndlich ab Seite 249 des grauen Handbuches (IN) Service.<\/span><\/p><\/div>\n\t\t\t\t<\/div>\n\t\t\t\t\t\t\t<div class=\"elementor-accordion-item\">\n\t\t\t\t\t<div id=\"elementor-tab-title-23634\" class=\"elementor-tab-title\" data-tab=\"34\" role=\"button\" aria-controls=\"elementor-tab-content-23634\" aria-expanded=\"false\">\n\t\t\t\t\t\t\t\t\t\t\t\t\t<span class=\"elementor-accordion-icon elementor-accordion-icon-left\" aria-hidden=\"true\">\n\t\t\t\t\t\t\t\t\t\t\t\t\t\t\t<span class=\"elementor-accordion-icon-closed\"><i class=\"fas fa-plus\"><\/i><\/span>\n\t\t\t\t\t\t\t\t<span class=\"elementor-accordion-icon-opened\"><i class=\"fas fa-minus\"><\/i><\/span>\n\t\t\t\t\t\t\t\t\t\t\t\t\t\t<\/span>\n\t\t\t\t\t\t\t\t\t\t\t\t<a class=\"elementor-accordion-title\" tabindex=\"0\">Comment \u00e9viter la d\u00e9charge profonde de la batterie auxiliaire ?<\/a>\n\t\t\t\t\t<\/div>\n\t\t\t\t\t<div id=\"elementor-tab-content-23634\" class=\"elementor-tab-content elementor-clearfix\" data-tab=\"34\" role=\"region\" aria-labelledby=\"elementor-tab-title-23634\"><p><span style=\"color: #000000;\">Wenn das Fahrzeug l\u00e4ngere Zeit (ab 3 Tage) nicht benutzt wird, schalten Sie den PoverLink auf 0 und klemmen Sie die Batteriepole am Schnellspanner ab, um Stromversorgung komplett zu trennen.<\/span><\/p><\/div>\n\t\t\t\t<\/div>\n\t\t\t\t\t\t\t<div class=\"elementor-accordion-item\">\n\t\t\t\t\t<div id=\"elementor-tab-title-23635\" class=\"elementor-tab-title\" data-tab=\"35\" role=\"button\" aria-controls=\"elementor-tab-content-23635\" aria-expanded=\"false\">\n\t\t\t\t\t\t\t\t\t\t\t\t\t<span class=\"elementor-accordion-icon elementor-accordion-icon-left\" aria-hidden=\"true\">\n\t\t\t\t\t\t\t\t\t\t\t\t\t\t\t<span class=\"elementor-accordion-icon-closed\"><i class=\"fas fa-plus\"><\/i><\/span>\n\t\t\t\t\t\t\t\t<span class=\"elementor-accordion-icon-opened\"><i class=\"fas fa-minus\"><\/i><\/span>\n\t\t\t\t\t\t\t\t\t\t\t\t\t\t<\/span>\n\t\t\t\t\t\t\t\t\t\t\t\t<a class=\"elementor-accordion-title\" tabindex=\"0\">La batterie auxiliaire se recharge-t-elle pendant la conduite ?<\/a>\n\t\t\t\t\t<\/div>\n\t\t\t\t\t<div id=\"elementor-tab-content-23635\" class=\"elementor-tab-content elementor-clearfix\" data-tab=\"35\" role=\"region\" aria-labelledby=\"elementor-tab-title-23635\"><p><span style=\"color: #000000;\">Bei Euro 6b ist die Lichtmaschine so lange aktiv, bis die Starterbatterie die Ladung zum Neustart erreicht hat, anschlie\u00dfend schaltet der CAN bus die Lichtmaschine ab, womit die Starterbatterie nicht weiter geladen wird.<\/span><\/p><p><span style=\"color: #000000;\">Da bei laufendem Motor beide Batterien parallel geschalten sind, wird somit die Aufbaubatterie ebenfalls nicht geladen.<\/span><\/p><\/div>\n\t\t\t\t<\/div>\n\t\t\t\t\t\t\t<div class=\"elementor-accordion-item\">\n\t\t\t\t\t<div id=\"elementor-tab-title-23636\" class=\"elementor-tab-title\" data-tab=\"36\" role=\"button\" aria-controls=\"elementor-tab-content-23636\" aria-expanded=\"false\">\n\t\t\t\t\t\t\t\t\t\t\t\t\t<span class=\"elementor-accordion-icon elementor-accordion-icon-left\" aria-hidden=\"true\">\n\t\t\t\t\t\t\t\t\t\t\t\t\t\t\t<span class=\"elementor-accordion-icon-closed\"><i class=\"fas fa-plus\"><\/i><\/span>\n\t\t\t\t\t\t\t\t<span class=\"elementor-accordion-icon-opened\"><i class=\"fas fa-minus\"><\/i><\/span>\n\t\t\t\t\t\t\t\t\t\t\t\t\t\t<\/span>\n\t\t\t\t\t\t\t\t\t\t\t\t<a class=\"elementor-accordion-title\" tabindex=\"0\">Welche M\u00f6glichkeiten habe ich, dass meine Aufbaubatterie w\u00e4hrend der Fahrt geladen wird?<\/a>\n\t\t\t\t\t<\/div>\n\t\t\t\t\t<div id=\"elementor-tab-content-23636\" class=\"elementor-tab-content elementor-clearfix\" data-tab=\"36\" role=\"region\" aria-labelledby=\"elementor-tab-title-23636\"><p><span style=\"color: #000000;\">Es gibt die M\u00f6glichkeit zus\u00e4tzlich einen Ladebooster einbauen zu lassen. Dieser erm\u00f6glicht, die Batterien unabh\u00e4ngig vom CAN Bus weiter zu laden.<\/span><\/p><\/div>\n\t\t\t\t<\/div>\n\t\t\t\t\t\t\t<div class=\"elementor-accordion-item\">\n\t\t\t\t\t<div id=\"elementor-tab-title-23637\" class=\"elementor-tab-title\" data-tab=\"37\" role=\"button\" aria-controls=\"elementor-tab-content-23637\" aria-expanded=\"false\">\n\t\t\t\t\t\t\t\t\t\t\t\t\t<span class=\"elementor-accordion-icon elementor-accordion-icon-left\" aria-hidden=\"true\">\n\t\t\t\t\t\t\t\t\t\t\t\t\t\t\t<span class=\"elementor-accordion-icon-closed\"><i class=\"fas fa-plus\"><\/i><\/span>\n\t\t\t\t\t\t\t\t<span class=\"elementor-accordion-icon-opened\"><i class=\"fas fa-minus\"><\/i><\/span>\n\t\t\t\t\t\t\t\t\t\t\t\t\t\t<\/span>\n\t\t\t\t\t\t\t\t\t\t\t\t<a class=\"elementor-accordion-title\" tabindex=\"0\">Wie funktioniert die neue Wohnmobil Abwassertankheizung (ab Februar 2020)?<\/a>\n\t\t\t\t\t<\/div>\n\t\t\t\t\t<div id=\"elementor-tab-content-23637\" class=\"elementor-tab-content elementor-clearfix\" data-tab=\"37\" role=\"region\" aria-labelledby=\"elementor-tab-title-23637\"><p><span style=\"color: #000000;\">Sie k\u00f6nnen die Heizung durch ein Schalter aktivieren oder deaktivieren. Wenn das Ger\u00e4t aktiviert ist, erw\u00e4rmt sich der Abwassertank, wenn die Temperatur unter 2,5 \u00b0C sinkt. Wenn die Temperatur \u00fcber 4 \u00b0C liegt, stoppt die Heizung, auch wenn sie aktiviert ist. Wenn die Temperatur wieder unter 2,5 \u00b0C sinkt , beginnt er sich zu erw\u00e4rmen.<\/span><\/p><\/div>\n\t\t\t\t<\/div>\n\t\t\t\t\t\t\t\t<\/div>\n\t\t\t\t\t\t<\/div>\n\t\t\t\t<\/div>\n\t\t\t\t\t<\/div>\n\t\t<\/div>\n\t\t\t\t\t<\/div>\n\t\t<\/section>\n\t\t\t\t<section class=\"elementor-section elementor-top-section elementor-element elementor-element-978250a elementor-section-stretched elementor-section-boxed elementor-section-height-default elementor-section-height-default\" data-id=\"978250a\" data-element_type=\"section\" data-e-type=\"section\" data-settings=\"{&quot;background_background&quot;:&quot;classic&quot;,&quot;stretch_section&quot;:&quot;section-stretched&quot;}\">\n\t\t\t\t\t\t<div class=\"elementor-container elementor-column-gap-default\">\n\t\t\t\t\t<div class=\"elementor-column elementor-col-100 elementor-top-column elementor-element elementor-element-975b178\" data-id=\"975b178\" data-element_type=\"column\" data-e-type=\"column\">\n\t\t\t<div class=\"elementor-widget-wrap elementor-element-populated\">\n\t\t\t\t\t\t<div class=\"elementor-element elementor-element-12a7662 elementor-widget elementor-widget-heading\" data-id=\"12a7662\" data-element_type=\"widget\" data-e-type=\"widget\" data-widget_type=\"heading.default\">\n\t\t\t\t<div class=\"elementor-widget-container\">\n\t\t\t\t\t<h2 class=\"elementor-heading-title elementor-size-default\">Ihre Frage zu Garantie und Wartung Ihres Wohnmobils wurde nicht beantwortet?\nGerne stehen wir Ihnen zur Verf\u00fcgung!<\/h2>\t\t\t\t<\/div>\n\t\t\t\t<\/div>\n\t\t\t\t<section class=\"elementor-section elementor-inner-section elementor-element elementor-element-5467ebf elementor-section-boxed elementor-section-height-default elementor-section-height-default\" data-id=\"5467ebf\" data-element_type=\"section\" data-e-type=\"section\" data-settings=\"{&quot;background_background&quot;:&quot;classic&quot;}\">\n\t\t\t\t\t\t<div class=\"elementor-container elementor-column-gap-default\">\n\t\t\t\t\t<div class=\"elementor-column elementor-col-33 elementor-inner-column elementor-element elementor-element-27843c3\" data-id=\"27843c3\" data-element_type=\"column\" data-e-type=\"column\" data-settings=\"{&quot;background_background&quot;:&quot;classic&quot;}\">\n\t\t\t<div class=\"elementor-widget-wrap elementor-element-populated\">\n\t\t\t\t\t\t<div class=\"elementor-element elementor-element-e5f46ce elementor-view-default elementor-widget elementor-widget-icon\" data-id=\"e5f46ce\" data-element_type=\"widget\" data-e-type=\"widget\" data-widget_type=\"icon.default\">\n\t\t\t\t<div class=\"elementor-widget-container\">\n\t\t\t\t\t\t\t<div class=\"elementor-icon-wrapper\">\n\t\t\t<div class=\"elementor-icon\">\n\t\t\t<i aria-hidden=\"true\" class=\"fas fa-phone-alt\"><\/i>\t\t\t<\/div>\n\t\t<\/div>\n\t\t\t\t\t\t<\/div>\n\t\t\t\t<\/div>\n\t\t\t\t<div class=\"elementor-element elementor-element-7acfcea elementor-widget elementor-widget-text-editor\" data-id=\"7acfcea\" data-element_type=\"widget\" data-e-type=\"widget\" data-widget_type=\"text-editor.default\">\n\t\t\t\t<div class=\"elementor-widget-container\">\n\t\t\t\t\t\t\t\t\t<p style=\"text-align: center;\"><a href=\"tel:+49 (0) 6232 \/ 10028-202\"><span class=\"ui-provider ed bfm bfn bfo bfp bfq bfr bfs bft bfu bfv bfw bfx bfy bfz bga bgb bgc bgd bge bgf bgg bgh bgi bgj bgk bgl bgm bgn bgo bgp bgq bgr bgs bgt\" dir=\"ltr\">+49 6232\u00a0 10028 202<\/span><\/a><\/p>\t\t\t\t\t\t\t\t<\/div>\n\t\t\t\t<\/div>\n\t\t\t\t\t<\/div>\n\t\t<\/div>\n\t\t\t\t<div class=\"elementor-column elementor-col-33 elementor-inner-column elementor-element elementor-element-4d4869a\" data-id=\"4d4869a\" data-element_type=\"column\" data-e-type=\"column\" data-settings=\"{&quot;background_background&quot;:&quot;classic&quot;}\">\n\t\t\t<div class=\"elementor-widget-wrap elementor-element-populated\">\n\t\t\t\t\t\t<div class=\"elementor-element elementor-element-b04ff65 elementor-view-default elementor-widget elementor-widget-icon\" data-id=\"b04ff65\" data-element_type=\"widget\" data-e-type=\"widget\" data-widget_type=\"icon.default\">\n\t\t\t\t<div class=\"elementor-widget-container\">\n\t\t\t\t\t\t\t<div class=\"elementor-icon-wrapper\">\n\t\t\t<div class=\"elementor-icon\">\n\t\t\t<i aria-hidden=\"true\" class=\"jki jki-mail-line\"><\/i>\t\t\t<\/div>\n\t\t<\/div>\n\t\t\t\t\t\t<\/div>\n\t\t\t\t<\/div>\n\t\t\t\t<div class=\"elementor-element elementor-element-02d472d elementor-widget elementor-widget-text-editor\" data-id=\"02d472d\" data-element_type=\"widget\" data-e-type=\"widget\" data-widget_type=\"text-editor.default\">\n\t\t\t\t<div class=\"elementor-widget-container\">\n\t\t\t\t\t\t\t\t\t<p style=\"text-align: center;\"><a href=\"mailto:service@ahorn-camp.de\">service@ahorn-camp.de<\/a><\/p>\t\t\t\t\t\t\t\t<\/div>\n\t\t\t\t<\/div>\n\t\t\t\t\t<\/div>\n\t\t<\/div>\n\t\t\t\t<div class=\"elementor-column elementor-col-33 elementor-inner-column elementor-element elementor-element-0555467\" data-id=\"0555467\" data-element_type=\"column\" data-e-type=\"column\" data-settings=\"{&quot;background_background&quot;:&quot;classic&quot;}\">\n\t\t\t<div class=\"elementor-widget-wrap elementor-element-populated\">\n\t\t\t\t\t\t<div class=\"elementor-element elementor-element-1df6810 elementor-view-default elementor-widget elementor-widget-icon\" data-id=\"1df6810\" data-element_type=\"widget\" data-e-type=\"widget\" data-widget_type=\"icon.default\">\n\t\t\t\t<div class=\"elementor-widget-container\">\n\t\t\t\t\t\t\t<div class=\"elementor-icon-wrapper\">\n\t\t\t<div class=\"elementor-icon\">\n\t\t\t<i aria-hidden=\"true\" class=\"fas fa-user\"><\/i>\t\t\t<\/div>\n\t\t<\/div>\n\t\t\t\t\t\t<\/div>\n\t\t\t\t<\/div>\n\t\t\t\t<div class=\"elementor-element elementor-element-65dd13d elementor-widget elementor-widget-text-editor\" data-id=\"65dd13d\" data-element_type=\"widget\" data-e-type=\"widget\" data-widget_type=\"text-editor.default\">\n\t\t\t\t<div class=\"elementor-widget-container\">\n\t\t\t\t\t\t\t\t\t<p style=\"text-align: center;\"><a href=\"https:\/\/ahorn-camp.de\/fr\/partenaire-de-service\/\" target=\"_blank\" rel=\"noopener\">Service Partner finden<\/a><\/p>\t\t\t\t\t\t\t\t<\/div>\n\t\t\t\t<\/div>\n\t\t\t\t\t<\/div>\n\t\t<\/div>\n\t\t\t\t\t<\/div>\n\t\t<\/section>\n\t\t\t\t\t<\/div>\n\t\t<\/div>\n\t\t\t\t\t<\/div>\n\t\t<\/section>\n\t\t\t\t<\/div>","protected":false},"excerpt":{"rendered":"<p>Garantie Ihres Wohnmobils <\/p>\n<p>Um Ihnen jahrelanges Fahrvergn\u00fcgen mit Ihrem Reisemobil zu gew\u00e4hrleisten, empfehlen wir Ihnen die von Renault vorgegebenen Inspektionsintervalle zwingend einzuhalten. Diese werden entweder nach 2 Jahren oder nach 40.000 gefahrenen Kilometern erforderlich. Die genauen Intervalle k\u00f6nnen Sie bei einem\u00a0Renault Service Partner\u00a0in Ihrer N\u00e4he, erfragen.<\/p>\n<p>Jedes Reisemobil von Ahorn Camp verf\u00fcgt ab Produktionsdatum \u00fcber eine Mobilit\u00e4tsgarantie. Diese erh\u00e4lt nach der Anmeldung des Reisemobils, mit Vorlage von KFZ- und Garantieschein, auf das Erstzulassungsdatum seine Wirksamkeit.<\/p>\n<p>Die Garantieanspr\u00fcche f\u00fcr das Renault Fahrgestell, den Aufbau durch Ahorn Camp, sowie auf Zubeh\u00f6r und Herstellerger\u00e4te belaufen sich auf 2 Jahre.<\/p>\n<p>Auf die Dichtigkeit der Aufbauten wird, unter Einhaltung der Dichtigkeitspr\u00fcfungen, eine 5 j\u00e4hrige Garantie gegeben. Die Garantieanspr\u00fcche behalten Ihre G\u00fcltigkeit nur bei Durchf\u00fchrung von anfallenden Arbeiten, bei den von Ahorn Camp autorisierten Service Partnern und bei Einhaltung der vorgegebenen Dichtigkeitspr\u00fcfungsintervalle.<\/p>\n<p> Service und Wartung Ihres Wohnmobils Service &amp; Wartung <\/p>\n<p> Hierunter fallen alle Aufgaben, die im Zuge des Wartungsturnus anfallen.<br [...]<\/p>\n","protected":false},"author":2,"featured_media":0,"parent":0,"menu_order":63,"comment_status":"closed","ping_status":"closed","template":"elementor_header_footer","meta":{"content-type":"","footnotes":""},"class_list":["post-5829","page","type-page","status-publish","hentry"],"yoast_head":"<!-- This site is optimized with the Yoast SEO plugin v27.4 - https:\/\/yoast.com\/product\/yoast-seo-wordpress\/ -->\n<title>Garantie und Wartung Ihres Wohnmobils - Ahorn Camp<\/title>\n<meta name=\"description\" content=\"Wir haben folgend alle wichtigen informationen bez\u00fcglich der Garantie und Wartung Ihres Wohnmobils f\u00fcr Sie zusammengefasst.\" \/>\n<meta name=\"robots\" content=\"index, follow, max-snippet:-1, max-image-preview:large, max-video-preview:-1\" \/>\n<link rel=\"canonical\" href=\"https:\/\/ahorn-camp.de\/fr\/wartung-garantie\/\" \/>\n<meta property=\"og:locale\" content=\"fr_FR\" \/>\n<meta property=\"og:type\" content=\"article\" \/>\n<meta property=\"og:title\" content=\"Garantie und Wartung Ihres Wohnmobils - Ahorn Camp\" \/>\n<meta property=\"og:description\" content=\"Wir haben folgend alle wichtigen informationen bez\u00fcglich der Garantie und Wartung Ihres Wohnmobils f\u00fcr Sie zusammengefasst.\" \/>\n<meta property=\"og:url\" content=\"https:\/\/ahorn-camp.de\/fr\/wartung-garantie\/\" \/>\n<meta property=\"og:site_name\" content=\"Ahorn Camp | Reisemobile und Kastenwagen\" \/>\n<meta property=\"article:publisher\" content=\"https:\/\/www.facebook.com\/ahorn.wohnmobile\/\" \/>\n<meta property=\"article:modified_time\" content=\"2026-01-29T11:47:42+00:00\" \/>\n<meta name=\"twitter:card\" content=\"summary_large_image\" \/>\n<meta name=\"twitter:label1\" content=\"Dur\u00e9e de lecture estim\u00e9e\" \/>\n\t<meta name=\"twitter:data1\" content=\"11 minutes\" \/>\n<script type=\"application\/ld+json\" class=\"yoast-schema-graph\">{\"@context\":\"https:\\\/\\\/schema.org\",\"@graph\":[{\"@type\":\"WebPage\",\"@id\":\"https:\\\/\\\/ahorn-camp.de\\\/wartung-garantie\\\/\",\"url\":\"https:\\\/\\\/ahorn-camp.de\\\/wartung-garantie\\\/\",\"name\":\"Garantie und Wartung Ihres Wohnmobils - Ahorn Camp\",\"isPartOf\":{\"@id\":\"https:\\\/\\\/ahorn-camp.de\\\/#website\"},\"datePublished\":\"2020-05-07T10:51:37+00:00\",\"dateModified\":\"2026-01-29T11:47:42+00:00\",\"description\":\"Wir haben folgend alle wichtigen informationen bez\u00fcglich der Garantie und Wartung Ihres Wohnmobils f\u00fcr Sie zusammengefasst.\",\"breadcrumb\":{\"@id\":\"https:\\\/\\\/ahorn-camp.de\\\/wartung-garantie\\\/#breadcrumb\"},\"inLanguage\":\"fr-FR\",\"potentialAction\":[{\"@type\":\"ReadAction\",\"target\":[\"https:\\\/\\\/ahorn-camp.de\\\/wartung-garantie\\\/\"]}]},{\"@type\":\"BreadcrumbList\",\"@id\":\"https:\\\/\\\/ahorn-camp.de\\\/wartung-garantie\\\/#breadcrumb\",\"itemListElement\":[{\"@type\":\"ListItem\",\"position\":1,\"name\":\"Startseite\",\"item\":\"https:\\\/\\\/ahorn-camp.de\\\/\"},{\"@type\":\"ListItem\",\"position\":2,\"name\":\"Garantie und Wartung Ihres Wohnmobils\"}]},{\"@type\":\"WebSite\",\"@id\":\"https:\\\/\\\/ahorn-camp.de\\\/#website\",\"url\":\"https:\\\/\\\/ahorn-camp.de\\\/\",\"name\":\"Ahorn Camp | Reisemobile und Kastenwagen\",\"description\":\"Seit \u00fcber 30 Jahren vermarktet das Familienunternehmen, Ahorn Camp in Speyer, erfolgreich Wohnmobile und Kastenwagen zum besten Preis-Leistungsverh\u00e4ltnis.\",\"publisher\":{\"@id\":\"https:\\\/\\\/ahorn-camp.de\\\/#organization\"},\"potentialAction\":[{\"@type\":\"SearchAction\",\"target\":{\"@type\":\"EntryPoint\",\"urlTemplate\":\"https:\\\/\\\/ahorn-camp.de\\\/?s={search_term_string}\"},\"query-input\":{\"@type\":\"PropertyValueSpecification\",\"valueRequired\":true,\"valueName\":\"search_term_string\"}}],\"inLanguage\":\"fr-FR\"},{\"@type\":\"Organization\",\"@id\":\"https:\\\/\\\/ahorn-camp.de\\\/#organization\",\"name\":\"Ahorn Camp GmbH & Co. KG\",\"url\":\"https:\\\/\\\/ahorn-camp.de\\\/\",\"logo\":{\"@type\":\"ImageObject\",\"inLanguage\":\"fr-FR\",\"@id\":\"https:\\\/\\\/ahorn-camp.de\\\/#\\\/schema\\\/logo\\\/image\\\/\",\"url\":\"https:\\\/\\\/ahorn-camp.de\\\/wp-content\\\/uploads\\\/2018\\\/12\\\/Ahorn_Logo.jpg\",\"contentUrl\":\"https:\\\/\\\/ahorn-camp.de\\\/wp-content\\\/uploads\\\/2018\\\/12\\\/Ahorn_Logo.jpg\",\"width\":1437,\"height\":1000,\"caption\":\"Ahorn Camp GmbH & Co. KG\"},\"image\":{\"@id\":\"https:\\\/\\\/ahorn-camp.de\\\/#\\\/schema\\\/logo\\\/image\\\/\"},\"sameAs\":[\"https:\\\/\\\/www.facebook.com\\\/ahorn.wohnmobile\\\/\",\"https:\\\/\\\/www.instagram.com\\\/ahorn.camp\\\/\",\"https:\\\/\\\/www.youtube.com\\\/channel\\\/UCPFbPCts1JJ_A1k9vyH0yOQ\"]}]}<\/script>\n<!-- \/ Yoast SEO plugin. -->","yoast_head_json":{"title":"Garantie und Wartung Ihres Wohnmobils - Ahorn Camp","description":"Wir haben folgend alle wichtigen informationen bez\u00fcglich der Garantie und Wartung Ihres Wohnmobils f\u00fcr Sie zusammengefasst.","robots":{"index":"index","follow":"follow","max-snippet":"max-snippet:-1","max-image-preview":"max-image-preview:large","max-video-preview":"max-video-preview:-1"},"canonical":"https:\/\/ahorn-camp.de\/fr\/wartung-garantie\/","og_locale":"fr_FR","og_type":"article","og_title":"Garantie und Wartung Ihres Wohnmobils - Ahorn Camp","og_description":"Wir haben folgend alle wichtigen informationen bez\u00fcglich der Garantie und Wartung Ihres Wohnmobils f\u00fcr Sie zusammengefasst.","og_url":"https:\/\/ahorn-camp.de\/fr\/wartung-garantie\/","og_site_name":"Ahorn Camp | Reisemobile und Kastenwagen","article_publisher":"https:\/\/www.facebook.com\/ahorn.wohnmobile\/","article_modified_time":"2026-01-29T11:47:42+00:00","twitter_card":"summary_large_image","twitter_misc":{"Dur\u00e9e de lecture estim\u00e9e":"11 minutes"},"schema":{"@context":"https:\/\/schema.org","@graph":[{"@type":"WebPage","@id":"https:\/\/ahorn-camp.de\/wartung-garantie\/","url":"https:\/\/ahorn-camp.de\/wartung-garantie\/","name":"Garantie und Wartung Ihres Wohnmobils - Ahorn Camp","isPartOf":{"@id":"https:\/\/ahorn-camp.de\/#website"},"datePublished":"2020-05-07T10:51:37+00:00","dateModified":"2026-01-29T11:47:42+00:00","description":"Wir haben folgend alle wichtigen informationen bez\u00fcglich der Garantie und Wartung Ihres Wohnmobils f\u00fcr Sie zusammengefasst.","breadcrumb":{"@id":"https:\/\/ahorn-camp.de\/wartung-garantie\/#breadcrumb"},"inLanguage":"fr-FR","potentialAction":[{"@type":"ReadAction","target":["https:\/\/ahorn-camp.de\/wartung-garantie\/"]}]},{"@type":"BreadcrumbList","@id":"https:\/\/ahorn-camp.de\/wartung-garantie\/#breadcrumb","itemListElement":[{"@type":"ListItem","position":1,"name":"Startseite","item":"https:\/\/ahorn-camp.de\/"},{"@type":"ListItem","position":2,"name":"Garantie und Wartung Ihres Wohnmobils"}]},{"@type":"WebSite","@id":"https:\/\/ahorn-camp.de\/#website","url":"https:\/\/ahorn-camp.de\/","name":"Ahorn Camp | Camping-cars et fourgons am\u00e9nag\u00e9s","description":"Depuis plus de 30 ans, l'entreprise familiale, Ahorn Camp \u00e0 Speyer, commercialise avec succ\u00e8s des camping-cars et des fourgons au meilleur rapport qualit\u00e9-prix.","publisher":{"@id":"https:\/\/ahorn-camp.de\/#organization"},"potentialAction":[{"@type":"SearchAction","target":{"@type":"EntryPoint","urlTemplate":"https:\/\/ahorn-camp.de\/?s={search_term_string}"},"query-input":{"@type":"PropertyValueSpecification","valueRequired":true,"valueName":"search_term_string"}}],"inLanguage":"fr-FR"},{"@type":"Organization","@id":"https:\/\/ahorn-camp.de\/#organization","name":"Ahorn Camp GmbH &amp; Co. KG","url":"https:\/\/ahorn-camp.de\/","logo":{"@type":"ImageObject","inLanguage":"fr-FR","@id":"https:\/\/ahorn-camp.de\/#\/schema\/logo\/image\/","url":"https:\/\/ahorn-camp.de\/wp-content\/uploads\/2018\/12\/Ahorn_Logo.jpg","contentUrl":"https:\/\/ahorn-camp.de\/wp-content\/uploads\/2018\/12\/Ahorn_Logo.jpg","width":1437,"height":1000,"caption":"Ahorn Camp GmbH & Co. KG"},"image":{"@id":"https:\/\/ahorn-camp.de\/#\/schema\/logo\/image\/"},"sameAs":["https:\/\/www.facebook.com\/ahorn.wohnmobile\/","https:\/\/www.instagram.com\/ahorn.camp\/","https:\/\/www.youtube.com\/channel\/UCPFbPCts1JJ_A1k9vyH0yOQ"]}]}},"_links":{"self":[{"href":"https:\/\/ahorn-camp.de\/fr\/wp-json\/wp\/v2\/pages\/5829","targetHints":{"allow":["GET"]}}],"collection":[{"href":"https:\/\/ahorn-camp.de\/fr\/wp-json\/wp\/v2\/pages"}],"about":[{"href":"https:\/\/ahorn-camp.de\/fr\/wp-json\/wp\/v2\/types\/page"}],"author":[{"embeddable":true,"href":"https:\/\/ahorn-camp.de\/fr\/wp-json\/wp\/v2\/users\/2"}],"replies":[{"embeddable":true,"href":"https:\/\/ahorn-camp.de\/fr\/wp-json\/wp\/v2\/comments?post=5829"}],"version-history":[{"count":3,"href":"https:\/\/ahorn-camp.de\/fr\/wp-json\/wp\/v2\/pages\/5829\/revisions"}],"predecessor-version":[{"id":37534,"href":"https:\/\/ahorn-camp.de\/fr\/wp-json\/wp\/v2\/pages\/5829\/revisions\/37534"}],"wp:attachment":[{"href":"https:\/\/ahorn-camp.de\/fr\/wp-json\/wp\/v2\/media?parent=5829"}],"curies":[{"name":"wp","href":"https:\/\/api.w.org\/{rel}","templated":true}]}}