{"id":38560,"date":"2026-04-01T15:58:45","date_gmt":"2026-04-01T13:58:45","guid":{"rendered":"https:\/\/ahorn-camp.de\/?page_id=38560"},"modified":"2026-04-02T09:28:55","modified_gmt":"2026-04-02T07:28:55","slug":"probefahrt-vereinbaren","status":"publish","type":"page","link":"https:\/\/ahorn-camp.de\/fr\/probefahrt-vereinbaren\/","title":{"rendered":"Probefahrten Landingpage"},"content":{"rendered":"<div data-elementor-type=\"wp-page\" data-elementor-id=\"38560\" class=\"elementor elementor-38560\" data-elementor-post-type=\"page\">\n\t\t\t\t\t\t<section class=\"elementor-section elementor-top-section elementor-element elementor-element-5216815 elementor-section-full_width elementor-section-height-min-height elementor-section-stretched elementor-section-content-top elementor-section-height-default elementor-section-items-middle\" data-id=\"5216815\" data-element_type=\"section\" data-e-type=\"section\" data-settings=\"{&quot;stretch_section&quot;:&quot;section-stretched&quot;,&quot;background_background&quot;:&quot;classic&quot;}\">\n\t\t\t\t\t\t<div class=\"elementor-container elementor-column-gap-default\">\n\t\t\t\t\t<div class=\"elementor-column elementor-col-100 elementor-top-column elementor-element elementor-element-af06050\" data-id=\"af06050\" data-element_type=\"column\" data-e-type=\"column\">\n\t\t\t<div class=\"elementor-widget-wrap\">\n\t\t\t\t\t\t\t<\/div>\n\t\t<\/div>\n\t\t\t\t\t<\/div>\n\t\t<\/section>\n\t\t\t\t<section class=\"elementor-section elementor-top-section elementor-element elementor-element-517cc47 elementor-section-stretched elementor-section-boxed elementor-section-height-default elementor-section-height-default\" data-id=\"517cc47\" data-element_type=\"section\" data-e-type=\"section\" data-settings=\"{&quot;stretch_section&quot;:&quot;section-stretched&quot;}\">\n\t\t\t\t\t\t<div class=\"elementor-container elementor-column-gap-default\">\n\t\t\t\t\t<div class=\"elementor-column elementor-col-100 elementor-top-column elementor-element elementor-element-2580968\" data-id=\"2580968\" data-element_type=\"column\" data-e-type=\"column\">\n\t\t\t<div class=\"elementor-widget-wrap elementor-element-populated\">\n\t\t\t\t\t\t<div class=\"elementor-element elementor-element-fde4bad elementor-widget elementor-widget-heading\" data-id=\"fde4bad\" data-element_type=\"widget\" data-e-type=\"widget\" data-widget_type=\"heading.default\">\n\t\t\t\t<div class=\"elementor-widget-container\">\n\t\t\t\t\t<h1 class=\"elementor-heading-title elementor-size-default\">Erfahren Sie die neuen Modelle \u2013 jetzt Probefahrt in Speyer  vereinbaren<\/h1>\t\t\t\t<\/div>\n\t\t\t\t<\/div>\n\t\t\t\t<div class=\"elementor-element elementor-element-f9591f5 elementor-widget elementor-widget-text-editor\" data-id=\"f9591f5\" data-element_type=\"widget\" data-e-type=\"widget\" data-widget_type=\"text-editor.default\">\n\t\t\t\t<div class=\"elementor-widget-container\">\n\t\t\t\t\t\t\t\t\t<p data-start=\"383\" data-end=\"597\"><span data-teams=\"true\">Einfach Formular ausf\u00fcllen, absenden und wir melden uns umgehend bei Ihnen.<\/span><\/p>\t\t\t\t\t\t\t\t<\/div>\n\t\t\t\t<\/div>\n\t\t\t\t<section class=\"elementor-section elementor-inner-section elementor-element elementor-element-cb33be1 elementor-section-boxed elementor-section-height-default elementor-section-height-default\" data-id=\"cb33be1\" data-element_type=\"section\" data-e-type=\"section\">\n\t\t\t\t\t\t<div class=\"elementor-container elementor-column-gap-default\">\n\t\t\t\t\t<div class=\"elementor-column elementor-col-33 elementor-inner-column elementor-element elementor-element-2353522\" data-id=\"2353522\" data-element_type=\"column\" data-e-type=\"column\" data-settings=\"{&quot;background_background&quot;:&quot;classic&quot;}\">\n\t\t\t<div class=\"elementor-widget-wrap elementor-element-populated\">\n\t\t\t\t\t\t<div class=\"elementor-element elementor-element-04ab7d5 elementor-widget elementor-widget-text-editor\" data-id=\"04ab7d5\" data-element_type=\"widget\" data-e-type=\"widget\" data-widget_type=\"text-editor.default\">\n\t\t\t\t<div class=\"elementor-widget-container\">\n\t\t\t\t\t\t\t\t\t<p>Kostenlos &amp; unverbindlich<\/p>\t\t\t\t\t\t\t\t<\/div>\n\t\t\t\t<\/div>\n\t\t\t\t\t<\/div>\n\t\t<\/div>\n\t\t\t\t<div class=\"elementor-column elementor-col-33 elementor-inner-column elementor-element elementor-element-ca9ed5e\" data-id=\"ca9ed5e\" data-element_type=\"column\" data-e-type=\"column\" data-settings=\"{&quot;background_background&quot;:&quot;classic&quot;}\">\n\t\t\t<div class=\"elementor-widget-wrap elementor-element-populated\">\n\t\t\t\t\t\t<div class=\"elementor-element elementor-element-215051d elementor-widget elementor-widget-text-editor\" data-id=\"215051d\" data-element_type=\"widget\" data-e-type=\"widget\" data-widget_type=\"text-editor.default\">\n\t\t\t\t<div class=\"elementor-widget-container\">\n\t\t\t\t\t\t\t\t\t<p>Pers\u00f6nliche Beratung<\/p>\t\t\t\t\t\t\t\t<\/div>\n\t\t\t\t<\/div>\n\t\t\t\t\t<\/div>\n\t\t<\/div>\n\t\t\t\t<div class=\"elementor-column elementor-col-33 elementor-inner-column elementor-element elementor-element-5eebb3a\" data-id=\"5eebb3a\" data-element_type=\"column\" data-e-type=\"column\" data-settings=\"{&quot;background_background&quot;:&quot;classic&quot;}\">\n\t\t\t<div class=\"elementor-widget-wrap elementor-element-populated\">\n\t\t\t\t\t\t<div class=\"elementor-element elementor-element-2da38aa elementor-widget elementor-widget-text-editor\" data-id=\"2da38aa\" data-element_type=\"widget\" data-e-type=\"widget\" data-widget_type=\"text-editor.default\">\n\t\t\t\t<div class=\"elementor-widget-container\">\n\t\t\t\t\t\t\t\t\t<p>Nur in Speyer<\/p>\t\t\t\t\t\t\t\t<\/div>\n\t\t\t\t<\/div>\n\t\t\t\t\t<\/div>\n\t\t<\/div>\n\t\t\t\t\t<\/div>\n\t\t<\/section>\n\t\t\t\t<section class=\"elementor-section elementor-inner-section elementor-element elementor-element-6a70371 elementor-section-boxed elementor-section-height-default elementor-section-height-default\" data-id=\"6a70371\" data-element_type=\"section\" data-e-type=\"section\">\n\t\t\t\t\t\t<div class=\"elementor-container elementor-column-gap-default\">\n\t\t\t\t\t<div class=\"elementor-column elementor-col-50 elementor-inner-column elementor-element elementor-element-532cd14\" data-id=\"532cd14\" data-element_type=\"column\" data-e-type=\"column\" data-settings=\"{&quot;background_background&quot;:&quot;classic&quot;}\">\n\t\t\t<div class=\"elementor-widget-wrap elementor-element-populated\">\n\t\t\t\t\t\t<div class=\"elementor-element elementor-element-a31fbbd elementor-widget elementor-widget-html\" data-id=\"a31fbbd\" data-element_type=\"widget\" data-e-type=\"widget\" data-widget_type=\"html.default\">\n\t\t\t\t<div class=\"elementor-widget-container\">\n\t\t\t\t\t<iframe \n  src=\"https:\/\/share-eu1.hsforms.com\/1yZnLsVssSzeYTBOcYkwIZAfr57v?niederlassung=Speyer\" \n  width=\"100%\" \n  height=\"800px\" \n  style=\"border: none;\" \n  allowfullscreen>\n<\/iframe>\t\t\t\t<\/div>\n\t\t\t\t<\/div>\n\t\t\t\t\t<\/div>\n\t\t<\/div>\n\t\t\t\t<div class=\"elementor-column elementor-col-50 elementor-inner-column elementor-element elementor-element-1568c93\" data-id=\"1568c93\" data-element_type=\"column\" data-e-type=\"column\" data-settings=\"{&quot;background_background&quot;:&quot;classic&quot;}\">\n\t\t\t<div class=\"elementor-widget-wrap elementor-element-populated\">\n\t\t\t\t\t\t<div class=\"elementor-element elementor-element-e67cc1b elementor-widget elementor-widget-heading\" data-id=\"e67cc1b\" data-element_type=\"widget\" data-e-type=\"widget\" data-widget_type=\"heading.default\">\n\t\t\t\t<div class=\"elementor-widget-container\">\n\t\t\t\t\t<h2 class=\"elementor-heading-title elementor-size-default\">So geht\u00b4s:<\/h2>\t\t\t\t<\/div>\n\t\t\t\t<\/div>\n\t\t\t\t<div class=\"elementor-element elementor-element-b1d47b0 elementor-icon-list--layout-traditional elementor-list-item-link-full_width elementor-widget elementor-widget-icon-list\" data-id=\"b1d47b0\" data-element_type=\"widget\" data-e-type=\"widget\" data-widget_type=\"icon-list.default\">\n\t\t\t\t<div class=\"elementor-widget-container\">\n\t\t\t\t\t\t\t<ul class=\"elementor-icon-list-items\">\n\t\t\t\t\t\t\t<li class=\"elementor-icon-list-item\">\n\t\t\t\t\t\t\t\t\t\t\t<span class=\"elementor-icon-list-icon\">\n\t\t\t\t\t\t\t<i aria-hidden=\"true\" class=\"fas fa-dot-circle\"><\/i>\t\t\t\t\t\t<\/span>\n\t\t\t\t\t\t\t\t\t\t<span class=\"elementor-icon-list-text\">Formular absenden<\/span>\n\t\t\t\t\t\t\t\t\t<\/li>\n\t\t\t\t\t\t\t\t<li class=\"elementor-icon-list-item\">\n\t\t\t\t\t\t\t\t\t\t\t<span class=\"elementor-icon-list-icon\">\n\t\t\t\t\t\t\t<i aria-hidden=\"true\" class=\"fas fa-dot-circle\"><\/i>\t\t\t\t\t\t<\/span>\n\t\t\t\t\t\t\t\t\t\t<span class=\"elementor-icon-list-text\">Wir melden uns umgehend<\/span>\n\t\t\t\t\t\t\t\t\t<\/li>\n\t\t\t\t\t\t\t\t<li class=\"elementor-icon-list-item\">\n\t\t\t\t\t\t\t\t\t\t\t<span class=\"elementor-icon-list-icon\">\n\t\t\t\t\t\t\t<i aria-hidden=\"true\" class=\"fas fa-dot-circle\"><\/i>\t\t\t\t\t\t<\/span>\n\t\t\t\t\t\t\t\t\t\t<span class=\"elementor-icon-list-text\">Wunschtermin abstimmen<\/span>\n\t\t\t\t\t\t\t\t\t<\/li>\n\t\t\t\t\t\t\t\t<li class=\"elementor-icon-list-item\">\n\t\t\t\t\t\t\t\t\t\t\t<span class=\"elementor-icon-list-icon\">\n\t\t\t\t\t\t\t<i aria-hidden=\"true\" class=\"fas fa-dot-circle\"><\/i>\t\t\t\t\t\t<\/span>\n\t\t\t\t\t\t\t\t\t\t<span class=\"elementor-icon-list-text\">Probefahrt in Speyer mit dem T 690 erleben<\/span>\n\t\t\t\t\t\t\t\t\t<\/li>\n\t\t\t\t\t\t<\/ul>\n\t\t\t\t\t\t<\/div>\n\t\t\t\t<\/div>\n\t\t\t\t<div class=\"elementor-element elementor-element-3780f8e elementor-widget elementor-widget-image\" data-id=\"3780f8e\" data-element_type=\"widget\" data-e-type=\"widget\" data-widget_type=\"image.default\">\n\t\t\t\t<div class=\"elementor-widget-container\">\n\t\t\t\t\t\t\t\t\t\t\t\t\t\t\t<img fetchpriority=\"high\" decoding=\"async\" width=\"1024\" height=\"576\" src=\"https:\/\/ahorn-camp.de\/wp-content\/uploads\/2025\/08\/360-Reisemobil-TG-690_00007-1024x576.webp\" class=\"attachment-large size-large wp-image-32914\" alt=\"T690 Seite Vorne Rechts\" srcset=\"https:\/\/ahorn-camp.de\/wp-content\/uploads\/2025\/08\/360-Reisemobil-TG-690_00007-1024x576.webp 1024w, https:\/\/ahorn-camp.de\/wp-content\/uploads\/2025\/08\/360-Reisemobil-TG-690_00007-300x169.webp 300w, https:\/\/ahorn-camp.de\/wp-content\/uploads\/2025\/08\/360-Reisemobil-TG-690_00007-768x432.webp 768w, https:\/\/ahorn-camp.de\/wp-content\/uploads\/2025\/08\/360-Reisemobil-TG-690_00007-800x450.webp 800w, https:\/\/ahorn-camp.de\/wp-content\/uploads\/2025\/08\/360-Reisemobil-TG-690_00007-18x10.webp 18w, https:\/\/ahorn-camp.de\/wp-content\/uploads\/2025\/08\/360-Reisemobil-TG-690_00007.webp 1280w\" sizes=\"(max-width: 1024px) 100vw, 1024px\" \/>\t\t\t\t\t\t\t\t\t\t\t\t\t\t\t<\/div>\n\t\t\t\t<\/div>\n\t\t\t\t\t<\/div>\n\t\t<\/div>\n\t\t\t\t\t<\/div>\n\t\t<\/section>\n\t\t\t\t\t<\/div>\n\t\t<\/div>\n\t\t\t\t\t<\/div>\n\t\t<\/section>\n\t\t\t\t<\/div>","protected":false},"excerpt":{"rendered":"<p>Erfahren Sie die neuen Modelle \u2013 jetzt Probefahrt in Speyer vereinbaren <\/p>\n<p data-start=\"383\" data-end=\"597\">Einfach Formular ausf\u00fcllen, absenden und wir melden uns umgehend bei Ihnen.<\/p>\n<p>Kostenlos &amp; unverbindlich<\/p>\n<p>Pers\u00f6nliche Beratung<\/p>\n<p>Nur in Speyer<\/p>\n<p> <\/p>\n<p> So geht\u00b4s: <\/p>\n<ul>\n<li> Formular absenden <\/li>\n<li> Wir melden uns umgehend <\/li>\n<li> Wunschtermin abstimmen <\/li>\n<li> Probefahrt in Speyer mit dem T 690 erleben <\/li>\n<\/ul>\n<p> <img width=\"1024\" height=\"576\" src=\"https:\/\/ahorn-camp.de\/wp-content\/uploads\/2025\/08\/360-Reisemobil-TG-690_00007-1024x576.webp\" alt=\"T690 Seite Vorne Rechts\" decoding=\"async\" srcset=\"https:\/\/ahorn-camp.de\/wp-content\/uploads\/2025\/08\/360-Reisemobil-TG-690_00007-1024x576.webp 1024w, https:\/\/ahorn-camp.de\/wp-content\/uploads\/2025\/08\/360-Reisemobil-TG-690_00007-300x169.webp 300w, https:\/\/ahorn-camp.de\/wp-content\/uploads\/2025\/08\/360-Reisemobil-TG-690_00007-768x432.webp 768w, https:\/\/ahorn-camp.de\/wp-content\/uploads\/2025\/08\/360-Reisemobil-TG-690_00007-800x450.webp 800w, https:\/\/ahorn-camp.de\/wp-content\/uploads\/2025\/08\/360-Reisemobil-TG-690_00007-18x10.webp 18w, https:\/\/ahorn-camp.de\/wp-content\/uploads\/2025\/08\/360-Reisemobil-TG-690_00007.webp 1280w\" sizes=\"(max-width: 1024px) 100vw, 1024px\" \/><\/p>","protected":false},"author":2,"featured_media":0,"parent":0,"menu_order":0,"comment_status":"closed","ping_status":"closed","template":"","meta":{"content-type":"","footnotes":""},"class_list":["post-38560","page","type-page","status-publish","hentry"],"yoast_head":"<!-- This site is optimized with the Yoast SEO plugin v27.4 - https:\/\/yoast.com\/product\/yoast-seo-wordpress\/ -->\n<title>Probefahrten Landingpage - Ahorn Camp | Reisemobile und Kastenwagen<\/title>\n<meta name=\"description\" content=\"Vereinbaren Sie jetzt eine Probefahrt mit einem neuen Ahorn Camp Wohnmobil\" \/>\n<meta name=\"robots\" content=\"noindex, nofollow\" \/>\n<meta property=\"og:locale\" content=\"fr_FR\" \/>\n<meta property=\"og:type\" content=\"article\" \/>\n<meta property=\"og:title\" content=\"Probefahrten Landingpage - Ahorn Camp | Reisemobile und Kastenwagen\" \/>\n<meta property=\"og:description\" content=\"Vereinbaren Sie jetzt eine Probefahrt mit einem neuen Ahorn Camp Wohnmobil\" \/>\n<meta property=\"og:url\" content=\"https:\/\/ahorn-camp.de\/fr\/probefahrt-vereinbaren\/\" \/>\n<meta property=\"og:site_name\" content=\"Ahorn Camp | Reisemobile und Kastenwagen\" \/>\n<meta property=\"article:publisher\" content=\"https:\/\/www.facebook.com\/ahorn.wohnmobile\/\" \/>\n<meta property=\"article:modified_time\" content=\"2026-04-02T07:28:55+00:00\" \/>\n<meta property=\"og:image\" content=\"https:\/\/ahorn-camp.de\/wp-content\/uploads\/2025\/08\/360-Reisemobil-TG-690_00007.webp\" \/>\n\t<meta property=\"og:image:width\" content=\"1280\" \/>\n\t<meta property=\"og:image:height\" content=\"720\" \/>\n\t<meta property=\"og:image:type\" content=\"image\/webp\" \/>\n<meta name=\"twitter:card\" content=\"summary_large_image\" \/>\n<meta name=\"twitter:label1\" content=\"Dur\u00e9e de lecture estim\u00e9e\" \/>\n\t<meta name=\"twitter:data1\" content=\"1 minute\" \/>\n<script type=\"application\/ld+json\" class=\"yoast-schema-graph\">{\"@context\":\"https:\\\/\\\/schema.org\",\"@graph\":[{\"@type\":\"WebPage\",\"@id\":\"https:\\\/\\\/ahorn-camp.de\\\/probefahrt-vereinbaren\\\/\",\"url\":\"https:\\\/\\\/ahorn-camp.de\\\/probefahrt-vereinbaren\\\/\",\"name\":\"Probefahrten Landingpage - Ahorn Camp | Reisemobile und Kastenwagen\",\"isPartOf\":{\"@id\":\"https:\\\/\\\/ahorn-camp.de\\\/#website\"},\"primaryImageOfPage\":{\"@id\":\"https:\\\/\\\/ahorn-camp.de\\\/probefahrt-vereinbaren\\\/#primaryimage\"},\"image\":{\"@id\":\"https:\\\/\\\/ahorn-camp.de\\\/probefahrt-vereinbaren\\\/#primaryimage\"},\"thumbnailUrl\":\"https:\\\/\\\/ahorn-camp.de\\\/wp-content\\\/uploads\\\/2025\\\/08\\\/360-Reisemobil-TG-690_00007-1024x576.webp\",\"datePublished\":\"2026-04-01T13:58:45+00:00\",\"dateModified\":\"2026-04-02T07:28:55+00:00\",\"description\":\"Vereinbaren Sie jetzt eine Probefahrt mit einem neuen Ahorn Camp Wohnmobil\",\"breadcrumb\":{\"@id\":\"https:\\\/\\\/ahorn-camp.de\\\/probefahrt-vereinbaren\\\/#breadcrumb\"},\"inLanguage\":\"fr-FR\",\"potentialAction\":[{\"@type\":\"ReadAction\",\"target\":[\"https:\\\/\\\/ahorn-camp.de\\\/probefahrt-vereinbaren\\\/\"]}]},{\"@type\":\"ImageObject\",\"inLanguage\":\"fr-FR\",\"@id\":\"https:\\\/\\\/ahorn-camp.de\\\/probefahrt-vereinbaren\\\/#primaryimage\",\"url\":\"https:\\\/\\\/ahorn-camp.de\\\/wp-content\\\/uploads\\\/2025\\\/08\\\/360-Reisemobil-TG-690_00007-1024x576.webp\",\"contentUrl\":\"https:\\\/\\\/ahorn-camp.de\\\/wp-content\\\/uploads\\\/2025\\\/08\\\/360-Reisemobil-TG-690_00007-1024x576.webp\"},{\"@type\":\"BreadcrumbList\",\"@id\":\"https:\\\/\\\/ahorn-camp.de\\\/probefahrt-vereinbaren\\\/#breadcrumb\",\"itemListElement\":[{\"@type\":\"ListItem\",\"position\":1,\"name\":\"Startseite\",\"item\":\"https:\\\/\\\/ahorn-camp.de\\\/\"},{\"@type\":\"ListItem\",\"position\":2,\"name\":\"Probefahrten Landingpage\"}]},{\"@type\":\"WebSite\",\"@id\":\"https:\\\/\\\/ahorn-camp.de\\\/#website\",\"url\":\"https:\\\/\\\/ahorn-camp.de\\\/\",\"name\":\"Ahorn Camp | Reisemobile und Kastenwagen\",\"description\":\"Seit \u00fcber 30 Jahren vermarktet das Familienunternehmen, Ahorn Camp in Speyer, erfolgreich Wohnmobile und Kastenwagen zum besten Preis-Leistungsverh\u00e4ltnis.\",\"publisher\":{\"@id\":\"https:\\\/\\\/ahorn-camp.de\\\/#organization\"},\"potentialAction\":[{\"@type\":\"SearchAction\",\"target\":{\"@type\":\"EntryPoint\",\"urlTemplate\":\"https:\\\/\\\/ahorn-camp.de\\\/?s={search_term_string}\"},\"query-input\":{\"@type\":\"PropertyValueSpecification\",\"valueRequired\":true,\"valueName\":\"search_term_string\"}}],\"inLanguage\":\"fr-FR\"},{\"@type\":\"Organization\",\"@id\":\"https:\\\/\\\/ahorn-camp.de\\\/#organization\",\"name\":\"Ahorn Camp GmbH & Co. KG\",\"url\":\"https:\\\/\\\/ahorn-camp.de\\\/\",\"logo\":{\"@type\":\"ImageObject\",\"inLanguage\":\"fr-FR\",\"@id\":\"https:\\\/\\\/ahorn-camp.de\\\/#\\\/schema\\\/logo\\\/image\\\/\",\"url\":\"https:\\\/\\\/ahorn-camp.de\\\/wp-content\\\/uploads\\\/2018\\\/12\\\/Ahorn_Logo.jpg\",\"contentUrl\":\"https:\\\/\\\/ahorn-camp.de\\\/wp-content\\\/uploads\\\/2018\\\/12\\\/Ahorn_Logo.jpg\",\"width\":1437,\"height\":1000,\"caption\":\"Ahorn Camp GmbH & Co. KG\"},\"image\":{\"@id\":\"https:\\\/\\\/ahorn-camp.de\\\/#\\\/schema\\\/logo\\\/image\\\/\"},\"sameAs\":[\"https:\\\/\\\/www.facebook.com\\\/ahorn.wohnmobile\\\/\",\"https:\\\/\\\/www.instagram.com\\\/ahorn.camp\\\/\",\"https:\\\/\\\/www.youtube.com\\\/channel\\\/UCPFbPCts1JJ_A1k9vyH0yOQ\"]}]}<\/script>\n<!-- \/ Yoast SEO plugin. -->","yoast_head_json":{"title":"Probefahrten Landingpage - Ahorn Camp | Reisemobile und Kastenwagen","description":"Vereinbaren Sie jetzt eine Probefahrt mit einem neuen Ahorn Camp Wohnmobil","robots":{"index":"noindex","follow":"nofollow"},"og_locale":"fr_FR","og_type":"article","og_title":"Probefahrten Landingpage - Ahorn Camp | Reisemobile und Kastenwagen","og_description":"Vereinbaren Sie jetzt eine Probefahrt mit einem neuen Ahorn Camp Wohnmobil","og_url":"https:\/\/ahorn-camp.de\/fr\/probefahrt-vereinbaren\/","og_site_name":"Ahorn Camp | Reisemobile und Kastenwagen","article_publisher":"https:\/\/www.facebook.com\/ahorn.wohnmobile\/","article_modified_time":"2026-04-02T07:28:55+00:00","og_image":[{"width":1280,"height":720,"url":"https:\/\/ahorn-camp.de\/wp-content\/uploads\/2025\/08\/360-Reisemobil-TG-690_00007.webp","type":"image\/webp"}],"twitter_card":"summary_large_image","twitter_misc":{"Dur\u00e9e de lecture estim\u00e9e":"1 minute"},"schema":{"@context":"https:\/\/schema.org","@graph":[{"@type":"WebPage","@id":"https:\/\/ahorn-camp.de\/probefahrt-vereinbaren\/","url":"https:\/\/ahorn-camp.de\/probefahrt-vereinbaren\/","name":"Probefahrten Landingpage - Ahorn Camp | Reisemobile und Kastenwagen","isPartOf":{"@id":"https:\/\/ahorn-camp.de\/#website"},"primaryImageOfPage":{"@id":"https:\/\/ahorn-camp.de\/probefahrt-vereinbaren\/#primaryimage"},"image":{"@id":"https:\/\/ahorn-camp.de\/probefahrt-vereinbaren\/#primaryimage"},"thumbnailUrl":"https:\/\/ahorn-camp.de\/wp-content\/uploads\/2025\/08\/360-Reisemobil-TG-690_00007-1024x576.webp","datePublished":"2026-04-01T13:58:45+00:00","dateModified":"2026-04-02T07:28:55+00:00","description":"Vereinbaren Sie jetzt eine Probefahrt mit einem neuen Ahorn Camp Wohnmobil","breadcrumb":{"@id":"https:\/\/ahorn-camp.de\/probefahrt-vereinbaren\/#breadcrumb"},"inLanguage":"fr-FR","potentialAction":[{"@type":"ReadAction","target":["https:\/\/ahorn-camp.de\/probefahrt-vereinbaren\/"]}]},{"@type":"ImageObject","inLanguage":"fr-FR","@id":"https:\/\/ahorn-camp.de\/probefahrt-vereinbaren\/#primaryimage","url":"https:\/\/ahorn-camp.de\/wp-content\/uploads\/2025\/08\/360-Reisemobil-TG-690_00007-1024x576.webp","contentUrl":"https:\/\/ahorn-camp.de\/wp-content\/uploads\/2025\/08\/360-Reisemobil-TG-690_00007-1024x576.webp"},{"@type":"BreadcrumbList","@id":"https:\/\/ahorn-camp.de\/probefahrt-vereinbaren\/#breadcrumb","itemListElement":[{"@type":"ListItem","position":1,"name":"Startseite","item":"https:\/\/ahorn-camp.de\/"},{"@type":"ListItem","position":2,"name":"Probefahrten Landingpage"}]},{"@type":"WebSite","@id":"https:\/\/ahorn-camp.de\/#website","url":"https:\/\/ahorn-camp.de\/","name":"Ahorn Camp | Camping-cars et fourgons am\u00e9nag\u00e9s","description":"Depuis plus de 30 ans, l'entreprise familiale, Ahorn Camp \u00e0 Speyer, commercialise avec succ\u00e8s des camping-cars et des fourgons au meilleur rapport qualit\u00e9-prix.","publisher":{"@id":"https:\/\/ahorn-camp.de\/#organization"},"potentialAction":[{"@type":"SearchAction","target":{"@type":"EntryPoint","urlTemplate":"https:\/\/ahorn-camp.de\/?s={search_term_string}"},"query-input":{"@type":"PropertyValueSpecification","valueRequired":true,"valueName":"search_term_string"}}],"inLanguage":"fr-FR"},{"@type":"Organization","@id":"https:\/\/ahorn-camp.de\/#organization","name":"Ahorn Camp GmbH &amp; Co. KG","url":"https:\/\/ahorn-camp.de\/","logo":{"@type":"ImageObject","inLanguage":"fr-FR","@id":"https:\/\/ahorn-camp.de\/#\/schema\/logo\/image\/","url":"https:\/\/ahorn-camp.de\/wp-content\/uploads\/2018\/12\/Ahorn_Logo.jpg","contentUrl":"https:\/\/ahorn-camp.de\/wp-content\/uploads\/2018\/12\/Ahorn_Logo.jpg","width":1437,"height":1000,"caption":"Ahorn Camp GmbH & Co. KG"},"image":{"@id":"https:\/\/ahorn-camp.de\/#\/schema\/logo\/image\/"},"sameAs":["https:\/\/www.facebook.com\/ahorn.wohnmobile\/","https:\/\/www.instagram.com\/ahorn.camp\/","https:\/\/www.youtube.com\/channel\/UCPFbPCts1JJ_A1k9vyH0yOQ"]}]}},"_links":{"self":[{"href":"https:\/\/ahorn-camp.de\/fr\/wp-json\/wp\/v2\/pages\/38560","targetHints":{"allow":["GET"]}}],"collection":[{"href":"https:\/\/ahorn-camp.de\/fr\/wp-json\/wp\/v2\/pages"}],"about":[{"href":"https:\/\/ahorn-camp.de\/fr\/wp-json\/wp\/v2\/types\/page"}],"author":[{"embeddable":true,"href":"https:\/\/ahorn-camp.de\/fr\/wp-json\/wp\/v2\/users\/2"}],"replies":[{"embeddable":true,"href":"https:\/\/ahorn-camp.de\/fr\/wp-json\/wp\/v2\/comments?post=38560"}],"version-history":[{"count":3,"href":"https:\/\/ahorn-camp.de\/fr\/wp-json\/wp\/v2\/pages\/38560\/revisions"}],"predecessor-version":[{"id":38585,"href":"https:\/\/ahorn-camp.de\/fr\/wp-json\/wp\/v2\/pages\/38560\/revisions\/38585"}],"wp:attachment":[{"href":"https:\/\/ahorn-camp.de\/fr\/wp-json\/wp\/v2\/media?parent=38560"}],"curies":[{"name":"wp","href":"https:\/\/api.w.org\/{rel}","templated":true}]}}