{"id":35806,"date":"2026-01-27T10:44:05","date_gmt":"2026-01-27T09:44:05","guid":{"rendered":"https:\/\/ahorn-camp.de\/?page_id=35806"},"modified":"2026-01-27T10:51:34","modified_gmt":"2026-01-27T09:51:34","slug":"histoire-de-lentreprise","status":"publish","type":"page","link":"https:\/\/ahorn-camp.de\/fr\/firmengeschichte\/","title":{"rendered":"Histoire de l'entreprise"},"content":{"rendered":"<div data-elementor-type=\"wp-page\" data-elementor-id=\"35806\" class=\"elementor elementor-35806\" data-elementor-post-type=\"page\">\n\t\t\t\t\t\t<section class=\"elementor-section elementor-top-section elementor-element elementor-element-1c35f8b elementor-section-full_width elementor-section-stretched elementor-section-height-default elementor-section-height-default\" data-id=\"1c35f8b\" data-element_type=\"section\" data-e-type=\"section\" data-settings=\"{&quot;stretch_section&quot;:&quot;section-stretched&quot;,&quot;background_background&quot;:&quot;classic&quot;}\">\n\t\t\t\t\t\t<div class=\"elementor-container elementor-column-gap-default\">\n\t\t\t\t\t<div class=\"elementor-column elementor-col-100 elementor-top-column elementor-element elementor-element-3e8aaa7\" data-id=\"3e8aaa7\" data-element_type=\"column\" data-e-type=\"column\">\n\t\t\t<div class=\"elementor-widget-wrap elementor-element-populated\">\n\t\t\t\t\t\t<div class=\"elementor-element elementor-element-48d760a elementor-widget elementor-widget-heading\" data-id=\"48d760a\" data-element_type=\"widget\" data-e-type=\"widget\" data-widget_type=\"heading.default\">\n\t\t\t\t<div class=\"elementor-widget-container\">\n\t\t\t\t\t<h1 class=\"elementor-heading-title elementor-size-default\">Histoire de l'entreprise<\/h1>\t\t\t\t<\/div>\n\t\t\t\t<\/div>\n\t\t\t\t\t<\/div>\n\t\t<\/div>\n\t\t\t\t\t<\/div>\n\t\t<\/section>\n\t\t\t\t<section class=\"elementor-section elementor-top-section elementor-element elementor-element-f72a257 elementor-section-full_width elementor-section-height-min-height elementor-section-stretched elementor-section-height-default elementor-section-items-middle\" data-id=\"f72a257\" data-element_type=\"section\" data-e-type=\"section\" data-settings=\"{&quot;stretch_section&quot;:&quot;section-stretched&quot;,&quot;background_background&quot;:&quot;classic&quot;}\">\n\t\t\t\t\t\t<div class=\"elementor-container elementor-column-gap-default\">\n\t\t\t\t\t<div class=\"elementor-column elementor-col-100 elementor-top-column elementor-element elementor-element-10fe5da\" data-id=\"10fe5da\" data-element_type=\"column\" data-e-type=\"column\">\n\t\t\t<div class=\"elementor-widget-wrap\">\n\t\t\t\t\t\t\t<\/div>\n\t\t<\/div>\n\t\t\t\t\t<\/div>\n\t\t<\/section>\n\t\t\t\t<section class=\"elementor-section elementor-top-section elementor-element elementor-element-cf22b20 elementor-section-stretched elementor-section-boxed elementor-section-height-default elementor-section-height-default\" data-id=\"cf22b20\" data-element_type=\"section\" data-e-type=\"section\" data-settings=\"{&quot;stretch_section&quot;:&quot;section-stretched&quot;}\">\n\t\t\t\t\t\t<div class=\"elementor-container elementor-column-gap-default\">\n\t\t\t\t\t<div class=\"elementor-column elementor-col-100 elementor-top-column elementor-element elementor-element-9eb6bbe\" data-id=\"9eb6bbe\" data-element_type=\"column\" data-e-type=\"column\">\n\t\t\t<div class=\"elementor-widget-wrap elementor-element-populated\">\n\t\t\t\t\t\t<div class=\"elementor-element elementor-element-2a25000 elementor-widget elementor-widget-heading\" data-id=\"2a25000\" data-element_type=\"widget\" data-e-type=\"widget\" data-widget_type=\"heading.default\">\n\t\t\t\t<div class=\"elementor-widget-container\">\n\t\t\t\t\t<h2 class=\"elementor-heading-title elementor-size-default\">Camp d'\u00e9rable<\/h2>\t\t\t\t<\/div>\n\t\t\t\t<\/div>\n\t\t\t\t<div class=\"elementor-element elementor-element-4031bae elementor-widget elementor-widget-heading\" data-id=\"4031bae\" data-element_type=\"widget\" data-e-type=\"widget\" data-widget_type=\"heading.default\">\n\t\t\t\t<div class=\"elementor-widget-container\">\n\t\t\t\t\t<h3 class=\"elementor-heading-title elementor-size-default\">Tradition rencontre innovation \u2013 depuis 1991<\/h3>\t\t\t\t<\/div>\n\t\t\t\t<\/div>\n\t\t\t\t<section class=\"elementor-section elementor-inner-section elementor-element elementor-element-1aa2243 elementor-section-boxed elementor-section-height-default elementor-section-height-default\" data-id=\"1aa2243\" data-element_type=\"section\" data-e-type=\"section\">\n\t\t\t\t\t\t<div class=\"elementor-container elementor-column-gap-default\">\n\t\t\t\t\t<div class=\"elementor-column elementor-col-66 elementor-inner-column elementor-element elementor-element-8080719\" data-id=\"8080719\" data-element_type=\"column\" data-e-type=\"column\">\n\t\t\t<div class=\"elementor-widget-wrap elementor-element-populated\">\n\t\t\t\t\t\t<div class=\"elementor-element elementor-element-7e12e7c elementor-widget elementor-widget-text-editor\" data-id=\"7e12e7c\" data-element_type=\"widget\" data-e-type=\"widget\" data-widget_type=\"text-editor.default\">\n\t\t\t\t<div class=\"elementor-widget-container\">\n\t\t\t\t\t\t\t\t\t<p>Depuis plus de 30 ans, Ahorn Camp est synonyme de libert\u00e9 de mouvement et de passion pour le voyage. Fond\u00e9e par l'ing\u00e9nieur Hans-Joachim Reichmann dans la commune d'Ahorn, l'entreprise familiale est aujourd'hui dirig\u00e9e par Alexander et Franziska Reichmann, la deuxi\u00e8me g\u00e9n\u00e9ration. Anim\u00e9s par l'esprit d'innovation et une vision claire des tendances, nous d\u00e9veloppons constamment nos camping-cars, alliant qualit\u00e9 \u00e9prouv\u00e9e et technologie moderne.<\/p>\n<p>C'est ainsi que Ahorn Camp fait aujourd'hui partie des marques de camping-cars les plus dynamiques d'Allemagne. De nombreux prix r\u00e9guliers tels que <i>Concentration Champion de la croissance<\/i> ou <i>Grand Prix des classes moyennes<\/i> confirment notre trajectoire de succ\u00e8s.<\/p>\n<p>Depuis notre si\u00e8ge social \u00e0 Spire, nos succursales \u00e0 Francfort et M\u00fclheim an der Ruhr ainsi que plus de 30 partenaires commerciaux en Allemagne et 15 sites dans d'autres pays europ\u00e9ens, nous mettons Ahorn Camp sur la route dans tout le pays. Avec notre marque de location Ahorn Rent, nous rendons \u00e9galement le camping accessible aux d\u00e9butants et aux explorateurs, avec plus de 30 agences de location dans toute l'Allemagne.<\/p>\n<p>Chez Ahorn Camp, nous allions tradition et modernit\u00e9, cela se ressent dans chacun de nos v\u00e9hicules, dans notre service et dans nos conseils personnalis\u00e9s.<\/p>\t\t\t\t\t\t\t\t<\/div>\n\t\t\t\t<\/div>\n\t\t\t\t\t<\/div>\n\t\t<\/div>\n\t\t\t\t<div class=\"elementor-column elementor-col-33 elementor-inner-column elementor-element elementor-element-b87500f\" data-id=\"b87500f\" data-element_type=\"column\" data-e-type=\"column\">\n\t\t\t<div class=\"elementor-widget-wrap elementor-element-populated\">\n\t\t\t\t\t\t<div class=\"elementor-element elementor-element-3bdd309 elementor-widget elementor-widget-image\" data-id=\"3bdd309\" data-element_type=\"widget\" data-e-type=\"widget\" data-widget_type=\"image.default\">\n\t\t\t\t<div class=\"elementor-widget-container\">\n\t\t\t\t\t\t\t\t\t\t\t\t\t\t\t<img fetchpriority=\"high\" decoding=\"async\" width=\"683\" height=\"1024\" src=\"https:\/\/ahorn-camp.de\/wp-content\/uploads\/2025\/10\/DSC02499-683x1024.jpg\" class=\"attachment-large size-large wp-image-35808\" alt=\"Image d&#039;AR et FR \u00e0 la F\u00eate des D\u00e9barquements\" srcset=\"https:\/\/ahorn-camp.de\/wp-content\/uploads\/2025\/10\/DSC02499-683x1024.jpg 683w, https:\/\/ahorn-camp.de\/wp-content\/uploads\/2025\/10\/DSC02499-200x300.jpg 200w, https:\/\/ahorn-camp.de\/wp-content\/uploads\/2025\/10\/DSC02499-768x1152.jpg 768w, https:\/\/ahorn-camp.de\/wp-content\/uploads\/2025\/10\/DSC02499-400x600.jpg 400w, https:\/\/ahorn-camp.de\/wp-content\/uploads\/2025\/10\/DSC02499-1024x1536.jpg 1024w, https:\/\/ahorn-camp.de\/wp-content\/uploads\/2025\/10\/DSC02499-1365x2048.jpg 1365w, https:\/\/ahorn-camp.de\/wp-content\/uploads\/2025\/10\/DSC02499-8x12.jpg 8w, https:\/\/ahorn-camp.de\/wp-content\/uploads\/2025\/10\/DSC02499-800x1200.jpg 800w, https:\/\/ahorn-camp.de\/wp-content\/uploads\/2025\/10\/DSC02499-scaled.jpg 1707w\" sizes=\"(max-width: 683px) 100vw, 683px\" \/>\t\t\t\t\t\t\t\t\t\t\t\t\t\t\t<\/div>\n\t\t\t\t<\/div>\n\t\t\t\t\t<\/div>\n\t\t<\/div>\n\t\t\t\t\t<\/div>\n\t\t<\/section>\n\t\t\t\t\t<\/div>\n\t\t<\/div>\n\t\t\t\t\t<\/div>\n\t\t<\/section>\n\t\t\t\t<section class=\"elementor-section elementor-top-section elementor-element elementor-element-da5308b elementor-section-stretched elementor-section-boxed elementor-section-height-default elementor-section-height-default\" data-id=\"da5308b\" data-element_type=\"section\" data-e-type=\"section\" data-settings=\"{&quot;stretch_section&quot;:&quot;section-stretched&quot;}\">\n\t\t\t\t\t\t<div class=\"elementor-container elementor-column-gap-default\">\n\t\t\t\t\t<div class=\"elementor-column elementor-col-100 elementor-top-column elementor-element elementor-element-10e0208\" data-id=\"10e0208\" data-element_type=\"column\" data-e-type=\"column\">\n\t\t\t<div class=\"elementor-widget-wrap elementor-element-populated\">\n\t\t\t\t\t\t<div class=\"elementor-element elementor-element-9855500 elementor-widget elementor-widget-heading\" data-id=\"9855500\" data-element_type=\"widget\" data-e-type=\"widget\" data-widget_type=\"heading.default\">\n\t\t\t\t<div class=\"elementor-widget-container\">\n\t\t\t\t\t<h2 class=\"elementor-heading-title elementor-size-default\">Histoire de l'entreprise<\/h2>\t\t\t\t<\/div>\n\t\t\t\t<\/div>\n\t\t\t\t<div class=\"elementor-element elementor-element-8a3e8a9 elementor-widget-divider--view-line_text elementor-widget-divider--element-align-center elementor-widget elementor-widget-divider\" data-id=\"8a3e8a9\" data-element_type=\"widget\" data-e-type=\"widget\" data-widget_type=\"divider.default\">\n\t\t\t\t<div class=\"elementor-widget-container\">\n\t\t\t\t\t\t\t<div class=\"elementor-divider\">\n\t\t\t<span class=\"elementor-divider-separator\">\n\t\t\t\t\t\t\t<h3 class=\"elementor-divider__text elementor-divider__element\">\n\t\t\t\t2025 Une nouvelle \u00e8re commence\t\t\t\t<\/h3>\n\t\t\t\t\t\t<\/span>\n\t\t<\/div>\n\t\t\t\t\t\t<\/div>\n\t\t\t\t<\/div>\n\t\t\t\t<section class=\"elementor-section elementor-inner-section elementor-element elementor-element-07b85ec elementor-section-boxed elementor-section-height-default elementor-section-height-default\" data-id=\"07b85ec\" data-element_type=\"section\" data-e-type=\"section\">\n\t\t\t\t\t\t<div class=\"elementor-container elementor-column-gap-default\">\n\t\t\t\t\t<div class=\"elementor-column elementor-col-50 elementor-inner-column elementor-element elementor-element-4b107ee\" data-id=\"4b107ee\" data-element_type=\"column\" data-e-type=\"column\">\n\t\t\t<div class=\"elementor-widget-wrap elementor-element-populated\">\n\t\t\t\t\t\t<div class=\"elementor-element elementor-element-b695203 elementor-widget elementor-widget-image\" data-id=\"b695203\" data-element_type=\"widget\" data-e-type=\"widget\" data-widget_type=\"image.default\">\n\t\t\t\t<div class=\"elementor-widget-container\">\n\t\t\t\t\t\t\t\t\t\t\t\t\t\t\t<img decoding=\"async\" width=\"1024\" height=\"768\" src=\"https:\/\/ahorn-camp.de\/wp-content\/uploads\/2025\/05\/Gross-Aktuelles_EHG-1024x768.jpeg\" class=\"attachment-large size-large wp-image-30731\" alt=\"\" srcset=\"https:\/\/ahorn-camp.de\/wp-content\/uploads\/2025\/05\/Gross-Aktuelles_EHG-1024x768.jpeg 1024w, https:\/\/ahorn-camp.de\/wp-content\/uploads\/2025\/05\/Gross-Aktuelles_EHG-300x225.jpeg 300w, https:\/\/ahorn-camp.de\/wp-content\/uploads\/2025\/05\/Gross-Aktuelles_EHG-768x576.jpeg 768w, https:\/\/ahorn-camp.de\/wp-content\/uploads\/2025\/05\/Gross-Aktuelles_EHG-800x600.jpeg 800w, https:\/\/ahorn-camp.de\/wp-content\/uploads\/2025\/05\/Gross-Aktuelles_EHG-200x150.jpeg 200w, https:\/\/ahorn-camp.de\/wp-content\/uploads\/2025\/05\/Gross-Aktuelles_EHG.jpeg 1280w\" sizes=\"(max-width: 1024px) 100vw, 1024px\" \/>\t\t\t\t\t\t\t\t\t\t\t\t\t\t\t<\/div>\n\t\t\t\t<\/div>\n\t\t\t\t\t<\/div>\n\t\t<\/div>\n\t\t\t\t<div class=\"elementor-column elementor-col-50 elementor-inner-column elementor-element elementor-element-bc95315\" data-id=\"bc95315\" data-element_type=\"column\" data-e-type=\"column\">\n\t\t\t<div class=\"elementor-widget-wrap elementor-element-populated\">\n\t\t\t\t\t\t<div class=\"elementor-element elementor-element-34e03be elementor-widget elementor-widget-text-editor\" data-id=\"34e03be\" data-element_type=\"widget\" data-e-type=\"widget\" data-widget_type=\"text-editor.default\">\n\t\t\t\t<div class=\"elementor-widget-container\">\n\t\t\t\t\t\t\t\t\t<p>En f\u00e9vrier, Ahorn Camp et le groupe Erwin Hymer (EHG) annoncent leur coop\u00e9ration et la signature d'un contrat de production \u00e0 long terme. \u00c0 partir de cette ann\u00e9e, tous les camping-cars et vans am\u00e9nag\u00e9s Ahorn Camp seront fabriqu\u00e9s dans l'usine EHG de San Casciano, l'un des sites de production les plus modernes d'Europe.\u00a0<\/p><p>Le contrat allie la flexibilit\u00e9 et la puissance d'innovation de Ahorn Camp \u00e0 l'excellence industrielle et aux normes de production \u00e9lev\u00e9es du groupe Erwin Hymer. En juillet, Renault et Ahorn Camp ouvriront une nouvelle era des camping-cars avec le nouveau Renault Master de quatri\u00e8me g\u00e9n\u00e9ration.\u00a0<\/p><p>Ahorn Camp construit, en tant que premier et unique fabricant, toute sa gamme de mod\u00e8les sur le nouveau Renault Master. La premi\u00e8re mondiale de la nouvelle s\u00e9rie Ahorn Camp aura lieu au Caravan Salon 2025 \u00e0 D\u00fcsseldorf \u2013 le succ\u00e8s donne raison \u00e0 Ahorn Camp.<\/p>\t\t\t\t\t\t\t\t<\/div>\n\t\t\t\t<\/div>\n\t\t\t\t\t<\/div>\n\t\t<\/div>\n\t\t\t\t\t<\/div>\n\t\t<\/section>\n\t\t\t\t<div class=\"elementor-element elementor-element-36bc841 elementor-widget-divider--view-line_text elementor-widget-divider--element-align-center elementor-widget elementor-widget-divider\" data-id=\"36bc841\" data-element_type=\"widget\" data-e-type=\"widget\" data-widget_type=\"divider.default\">\n\t\t\t\t<div class=\"elementor-widget-container\">\n\t\t\t\t\t\t\t<div class=\"elementor-divider\">\n\t\t\t<span class=\"elementor-divider-separator\">\n\t\t\t\t\t\t\t<h3 class=\"elementor-divider__text elementor-divider__element\">\n\t\t\t\t2022\t\t\t\t<\/h3>\n\t\t\t\t\t\t<\/span>\n\t\t<\/div>\n\t\t\t\t\t\t<\/div>\n\t\t\t\t<\/div>\n\t\t\t\t<section class=\"elementor-section elementor-inner-section elementor-element elementor-element-6905a9f elementor-reverse-tablet elementor-reverse-mobile elementor-section-boxed elementor-section-height-default elementor-section-height-default\" data-id=\"6905a9f\" data-element_type=\"section\" data-e-type=\"section\">\n\t\t\t\t\t\t<div class=\"elementor-container elementor-column-gap-default\">\n\t\t\t\t\t<div class=\"elementor-column elementor-col-50 elementor-inner-column elementor-element elementor-element-009f52e\" data-id=\"009f52e\" data-element_type=\"column\" data-e-type=\"column\">\n\t\t\t<div class=\"elementor-widget-wrap elementor-element-populated\">\n\t\t\t\t\t\t<div class=\"elementor-element elementor-element-1b9aaa6 elementor-widget elementor-widget-text-editor\" data-id=\"1b9aaa6\" data-element_type=\"widget\" data-e-type=\"widget\" data-widget_type=\"text-editor.default\">\n\t\t\t\t<div class=\"elementor-widget-container\">\n\t\t\t\t\t\t\t\t\t<p>En 2022, nous ouvrirons un nouveau centre de service \u00e0 M\u00fclheim an der Ruhr et \u00e0 Speyer. De plus, la s\u00e9rie limit\u00e9e Black Edition sera lanc\u00e9e sur le march\u00e9. Elle valorise encore nos van 550 et 620 \u00e9prouv\u00e9s par des jantes en aluminium noir mat et un pare-buffle argent\u00e9 brillant. Ahorn Rent continue \u00e9galement \u00e0 se d\u00e9velopper. Cette ann\u00e9e, une nouvelle grande station de location sera ouverte \u00e0 Speyer, qui r\u00e9pondra \u00e0 tous les souhaits avec pr\u00e8s de 50 v\u00e9hicules de location.<\/p>\t\t\t\t\t\t\t\t<\/div>\n\t\t\t\t<\/div>\n\t\t\t\t\t<\/div>\n\t\t<\/div>\n\t\t\t\t<div class=\"elementor-column elementor-col-50 elementor-inner-column elementor-element elementor-element-595e0b1\" data-id=\"595e0b1\" data-element_type=\"column\" data-e-type=\"column\">\n\t\t\t<div class=\"elementor-widget-wrap elementor-element-populated\">\n\t\t\t\t\t\t<div class=\"elementor-element elementor-element-2a207e3 elementor-widget elementor-widget-image\" data-id=\"2a207e3\" data-element_type=\"widget\" data-e-type=\"widget\" data-widget_type=\"image.default\">\n\t\t\t\t<div class=\"elementor-widget-container\">\n\t\t\t\t\t\t\t\t\t\t\t\t\t\t\t<img decoding=\"async\" width=\"900\" height=\"532\" src=\"https:\/\/ahorn-camp.de\/wp-content\/uploads\/2022\/11\/Ahorn-Camp-Service-Center-Speyer-Franz-Kirrmeierstrasse-Alexander-Reichmann.png\" class=\"attachment-large size-large wp-image-17890\" alt=\"\" srcset=\"https:\/\/ahorn-camp.de\/wp-content\/uploads\/2022\/11\/Ahorn-Camp-Service-Center-Speyer-Franz-Kirrmeierstrasse-Alexander-Reichmann.png 900w, https:\/\/ahorn-camp.de\/wp-content\/uploads\/2022\/11\/Ahorn-Camp-Service-Center-Speyer-Franz-Kirrmeierstrasse-Alexander-Reichmann-300x177.png 300w, https:\/\/ahorn-camp.de\/wp-content\/uploads\/2022\/11\/Ahorn-Camp-Service-Center-Speyer-Franz-Kirrmeierstrasse-Alexander-Reichmann-768x454.png 768w, https:\/\/ahorn-camp.de\/wp-content\/uploads\/2022\/11\/Ahorn-Camp-Service-Center-Speyer-Franz-Kirrmeierstrasse-Alexander-Reichmann-800x473.png 800w\" sizes=\"(max-width: 900px) 100vw, 900px\" \/>\t\t\t\t\t\t\t\t\t\t\t\t\t\t\t<\/div>\n\t\t\t\t<\/div>\n\t\t\t\t\t<\/div>\n\t\t<\/div>\n\t\t\t\t\t<\/div>\n\t\t<\/section>\n\t\t\t\t<div class=\"elementor-element elementor-element-9fdd74e elementor-widget-divider--view-line_text elementor-widget-divider--element-align-center elementor-widget elementor-widget-divider\" data-id=\"9fdd74e\" data-element_type=\"widget\" data-e-type=\"widget\" data-widget_type=\"divider.default\">\n\t\t\t\t<div class=\"elementor-widget-container\">\n\t\t\t\t\t\t\t<div class=\"elementor-divider\">\n\t\t\t<span class=\"elementor-divider-separator\">\n\t\t\t\t\t\t\t<h3 class=\"elementor-divider__text elementor-divider__element\">\n\t\t\t\t2021\t\t\t\t<\/h3>\n\t\t\t\t\t\t<\/span>\n\t\t<\/div>\n\t\t\t\t\t\t<\/div>\n\t\t\t\t<\/div>\n\t\t\t\t<section class=\"elementor-section elementor-inner-section elementor-element elementor-element-1b5cc9f elementor-section-boxed elementor-section-height-default elementor-section-height-default\" data-id=\"1b5cc9f\" data-element_type=\"section\" data-e-type=\"section\">\n\t\t\t\t\t\t<div class=\"elementor-container elementor-column-gap-default\">\n\t\t\t\t\t<div class=\"elementor-column elementor-col-50 elementor-inner-column elementor-element elementor-element-2baa5d6\" data-id=\"2baa5d6\" data-element_type=\"column\" data-e-type=\"column\">\n\t\t\t<div class=\"elementor-widget-wrap elementor-element-populated\">\n\t\t\t\t\t\t<div class=\"elementor-element elementor-element-206ec72 elementor-widget elementor-widget-image\" data-id=\"206ec72\" data-element_type=\"widget\" data-e-type=\"widget\" data-widget_type=\"image.default\">\n\t\t\t\t<div class=\"elementor-widget-container\">\n\t\t\t\t\t\t\t\t\t\t\t\t\t\t\t<img loading=\"lazy\" decoding=\"async\" width=\"900\" height=\"532\" src=\"https:\/\/ahorn-camp.de\/wp-content\/uploads\/2022\/05\/Ahorn-Camp-30-Jahre-jubilaeum-Franziska-Alexander-Reichmann.jpg\" class=\"attachment-large size-large wp-image-16477\" alt=\"\" srcset=\"https:\/\/ahorn-camp.de\/wp-content\/uploads\/2022\/05\/Ahorn-Camp-30-Jahre-jubilaeum-Franziska-Alexander-Reichmann.jpg 900w, https:\/\/ahorn-camp.de\/wp-content\/uploads\/2022\/05\/Ahorn-Camp-30-Jahre-jubilaeum-Franziska-Alexander-Reichmann-300x177.jpg 300w, https:\/\/ahorn-camp.de\/wp-content\/uploads\/2022\/05\/Ahorn-Camp-30-Jahre-jubilaeum-Franziska-Alexander-Reichmann-768x454.jpg 768w, https:\/\/ahorn-camp.de\/wp-content\/uploads\/2022\/05\/Ahorn-Camp-30-Jahre-jubilaeum-Franziska-Alexander-Reichmann-800x473.jpg 800w\" sizes=\"(max-width: 900px) 100vw, 900px\" \/>\t\t\t\t\t\t\t\t\t\t\t\t\t\t\t<\/div>\n\t\t\t\t<\/div>\n\t\t\t\t\t<\/div>\n\t\t<\/div>\n\t\t\t\t<div class=\"elementor-column elementor-col-50 elementor-inner-column elementor-element elementor-element-41747c8\" data-id=\"41747c8\" data-element_type=\"column\" data-e-type=\"column\">\n\t\t\t<div class=\"elementor-widget-wrap elementor-element-populated\">\n\t\t\t\t\t\t<div class=\"elementor-element elementor-element-9cb2dd1 elementor-widget elementor-widget-text-editor\" data-id=\"9cb2dd1\" data-element_type=\"widget\" data-e-type=\"widget\" data-widget_type=\"text-editor.default\">\n\t\t\t\t<div class=\"elementor-widget-container\">\n\t\t\t\t\t\t\t\t\t<p>En 2021, nous f\u00eatons notre anniversaire. Trente ans se sont \u00e9coul\u00e9s depuis la cr\u00e9ation de l'entreprise et pour f\u00eater cet anniversaire, nous lan\u00e7ons une \u00e9dition exclusive sur le march\u00e9. Depuis 1991, beaucoup de choses ont chang\u00e9 : d'une petite entreprise familiale \u00e0 une entreprise couronn\u00e9e de succ\u00e8s et prim\u00e9e avec plus de 60 collaborateurs, Ahorn Camp a continu\u00e9 \u00e0 se d\u00e9velopper avec la famille Reichmann. Toujours en mains familiales, la philosophie de l'entreprise reste clairement en point de mire : nous sommes la meilleure alternative. Avec un int\u00e9rieur de haute qualit\u00e9, un design ext\u00e9rieur noble et des ch\u00e2ssis Renault ultra-fiables, nous convainquons depuis lors avec des prix \u00e9quitables.<\/p>\t\t\t\t\t\t\t\t<\/div>\n\t\t\t\t<\/div>\n\t\t\t\t\t<\/div>\n\t\t<\/div>\n\t\t\t\t\t<\/div>\n\t\t<\/section>\n\t\t\t\t<div class=\"elementor-element elementor-element-de30bdd elementor-widget-divider--view-line_text elementor-widget-divider--element-align-center elementor-widget elementor-widget-divider\" data-id=\"de30bdd\" data-element_type=\"widget\" data-e-type=\"widget\" data-widget_type=\"divider.default\">\n\t\t\t\t<div class=\"elementor-widget-container\">\n\t\t\t\t\t\t\t<div class=\"elementor-divider\">\n\t\t\t<span class=\"elementor-divider-separator\">\n\t\t\t\t\t\t\t<h3 class=\"elementor-divider__text elementor-divider__element\">\n\t\t\t\t2020\t\t\t\t<\/h3>\n\t\t\t\t\t\t<\/span>\n\t\t<\/div>\n\t\t\t\t\t\t<\/div>\n\t\t\t\t<\/div>\n\t\t\t\t<section class=\"elementor-section elementor-inner-section elementor-element elementor-element-b327ea1 elementor-reverse-tablet elementor-reverse-mobile elementor-section-boxed elementor-section-height-default elementor-section-height-default\" data-id=\"b327ea1\" data-element_type=\"section\" data-e-type=\"section\">\n\t\t\t\t\t\t<div class=\"elementor-container elementor-column-gap-default\">\n\t\t\t\t\t<div class=\"elementor-column elementor-col-50 elementor-inner-column elementor-element elementor-element-00b7a5e\" data-id=\"00b7a5e\" data-element_type=\"column\" data-e-type=\"column\">\n\t\t\t<div class=\"elementor-widget-wrap elementor-element-populated\">\n\t\t\t\t\t\t<div class=\"elementor-element elementor-element-bd86d7a elementor-widget elementor-widget-text-editor\" data-id=\"bd86d7a\" data-element_type=\"widget\" data-e-type=\"widget\" data-widget_type=\"text-editor.default\">\n\t\t\t\t<div class=\"elementor-widget-container\">\n\t\t\t\t\t\t\t\t\t<p>En 2020, Franziska Reichmann reprendra le d\u00e9partement marketing \u00e0 un poste de direction. Avec deux r\u00e9seaux de distribution et trois marques principales, nous sommes d\u00e9sormais tr\u00e8s largement positionn\u00e9s sur le march\u00e9 du camping-car et nous envisageons un avenir positif. Outre la marque Ahorn Camp, le syst\u00e8me de location Ahorn Rent continue de se d\u00e9velopper et compte d\u00e9sormais plus de 50 partenaires dans toute l'Allemagne. De plus, l'\u00e9quipe Ahorn Camp continue de s'agrandir et plus de 60 collaborateurs r\u00e9alisent chaque jour le r\u00eave de leurs clients de poss\u00e9der leur propre camping-car. C'est pourquoi FOCUS d\u00e9cerne pour la quatri\u00e8me fois \u00e0 Ahorn Camp le prix FOCUS Business-Wachstumschampion Award.<\/p>\t\t\t\t\t\t\t\t<\/div>\n\t\t\t\t<\/div>\n\t\t\t\t\t<\/div>\n\t\t<\/div>\n\t\t\t\t<div class=\"elementor-column elementor-col-50 elementor-inner-column elementor-element elementor-element-62e7b45\" data-id=\"62e7b45\" data-element_type=\"column\" data-e-type=\"column\">\n\t\t\t<div class=\"elementor-widget-wrap elementor-element-populated\">\n\t\t\t\t\t\t<div class=\"elementor-element elementor-element-67e4438 elementor-widget elementor-widget-image\" data-id=\"67e4438\" data-element_type=\"widget\" data-e-type=\"widget\" data-widget_type=\"image.default\">\n\t\t\t\t<div class=\"elementor-widget-container\">\n\t\t\t\t\t\t\t\t\t\t\t\t\t\t\t<img loading=\"lazy\" decoding=\"async\" width=\"1024\" height=\"606\" src=\"https:\/\/ahorn-camp.de\/wp-content\/uploads\/2020\/05\/AUSSTELLUNG-Franziska-Reichmann-1024x606.png\" class=\"attachment-large size-large wp-image-6126\" alt=\"\" srcset=\"https:\/\/ahorn-camp.de\/wp-content\/uploads\/2020\/05\/AUSSTELLUNG-Franziska-Reichmann-1024x606.png 1024w, https:\/\/ahorn-camp.de\/wp-content\/uploads\/2020\/05\/AUSSTELLUNG-Franziska-Reichmann-300x177.png 300w, https:\/\/ahorn-camp.de\/wp-content\/uploads\/2020\/05\/AUSSTELLUNG-Franziska-Reichmann-768x454.png 768w, https:\/\/ahorn-camp.de\/wp-content\/uploads\/2020\/05\/AUSSTELLUNG-Franziska-Reichmann-800x473.png 800w, https:\/\/ahorn-camp.de\/wp-content\/uploads\/2020\/05\/AUSSTELLUNG-Franziska-Reichmann.png 1280w\" sizes=\"(max-width: 1024px) 100vw, 1024px\" \/>\t\t\t\t\t\t\t\t\t\t\t\t\t\t\t<\/div>\n\t\t\t\t<\/div>\n\t\t\t\t\t<\/div>\n\t\t<\/div>\n\t\t\t\t\t<\/div>\n\t\t<\/section>\n\t\t\t\t<div class=\"elementor-element elementor-element-041e95f elementor-widget-divider--view-line_text elementor-widget-divider--element-align-center elementor-widget elementor-widget-divider\" data-id=\"041e95f\" data-element_type=\"widget\" data-e-type=\"widget\" data-widget_type=\"divider.default\">\n\t\t\t\t<div class=\"elementor-widget-container\">\n\t\t\t\t\t\t\t<div class=\"elementor-divider\">\n\t\t\t<span class=\"elementor-divider-separator\">\n\t\t\t\t\t\t\t<h3 class=\"elementor-divider__text elementor-divider__element\">\n\t\t\t\t2019\t\t\t\t<\/h3>\n\t\t\t\t\t\t<\/span>\n\t\t<\/div>\n\t\t\t\t\t\t<\/div>\n\t\t\t\t<\/div>\n\t\t\t\t<section class=\"elementor-section elementor-inner-section elementor-element elementor-element-7bec147 elementor-section-boxed elementor-section-height-default elementor-section-height-default\" data-id=\"7bec147\" data-element_type=\"section\" data-e-type=\"section\">\n\t\t\t\t\t\t<div class=\"elementor-container elementor-column-gap-default\">\n\t\t\t\t\t<div class=\"elementor-column elementor-col-50 elementor-inner-column elementor-element elementor-element-b4edc53\" data-id=\"b4edc53\" data-element_type=\"column\" data-e-type=\"column\">\n\t\t\t<div class=\"elementor-widget-wrap elementor-element-populated\">\n\t\t\t\t\t\t<div class=\"elementor-element elementor-element-4a90ab2 elementor-widget elementor-widget-image\" data-id=\"4a90ab2\" data-element_type=\"widget\" data-e-type=\"widget\" data-widget_type=\"image.default\">\n\t\t\t\t<div class=\"elementor-widget-container\">\n\t\t\t\t\t\t\t\t\t\t\t\t\t\t\t<img loading=\"lazy\" decoding=\"async\" width=\"1024\" height=\"466\" src=\"https:\/\/ahorn-camp.de\/wp-content\/uploads\/2020\/05\/Van-serie-2019-1024x466.png\" class=\"attachment-large size-large wp-image-6132\" alt=\"\" srcset=\"https:\/\/ahorn-camp.de\/wp-content\/uploads\/2020\/05\/Van-serie-2019-1024x466.png 1024w, https:\/\/ahorn-camp.de\/wp-content\/uploads\/2020\/05\/Van-serie-2019-300x137.png 300w, https:\/\/ahorn-camp.de\/wp-content\/uploads\/2020\/05\/Van-serie-2019-768x350.png 768w, https:\/\/ahorn-camp.de\/wp-content\/uploads\/2020\/05\/Van-serie-2019-800x364.png 800w, https:\/\/ahorn-camp.de\/wp-content\/uploads\/2020\/05\/Van-serie-2019.png 1280w\" sizes=\"(max-width: 1024px) 100vw, 1024px\" \/>\t\t\t\t\t\t\t\t\t\t\t\t\t\t\t<\/div>\n\t\t\t\t<\/div>\n\t\t\t\t\t<\/div>\n\t\t<\/div>\n\t\t\t\t<div class=\"elementor-column elementor-col-50 elementor-inner-column elementor-element elementor-element-c816cb8\" data-id=\"c816cb8\" data-element_type=\"column\" data-e-type=\"column\">\n\t\t\t<div class=\"elementor-widget-wrap elementor-element-populated\">\n\t\t\t\t\t\t<div class=\"elementor-element elementor-element-01796fb elementor-widget elementor-widget-text-editor\" data-id=\"01796fb\" data-element_type=\"widget\" data-e-type=\"widget\" data-widget_type=\"text-editor.default\">\n\t\t\t\t<div class=\"elementor-widget-container\">\n\t\t\t\t\t\t\t\t\t<p>En 2019, le quatri\u00e8me membre de la famille, Franziska Reichmann, rejoindra l'entreprise familiale. La nouvelle s\u00e9rie de mod\u00e8les Ahorn Camp Vans voit par ailleurs le jour. En plus des camping-cars, nous avons d\u00e9sormais des vans bas\u00e9s sur le Renault Master et le Renault Trafic dans notre gamme de mod\u00e8les. Ceux-ci sont produits dans l'usine de coop\u00e9ration PVDL dans le P\u00e9rigord en France. En lan\u00e7ant les camping-cars sur le march\u00e9, nous nous ouvrons \u00e0 un nouveau groupe cible plus jeune. Sous le slogan \"Vanlife\", de nombreux \u00e9l\u00e9ments pratiques ont \u00e9t\u00e9 combin\u00e9s \u00e0 un design moderne, de sorte que les monospaces peuvent \u00eatre utilis\u00e9s de mani\u00e8re optimale non seulement comme camping-car, mais aussi comme v\u00e9hicule de tous les jours.<\/p><p>Ahorn Camp remporte pour la troisi\u00e8me fois le prix \"FOCUS Business-Wachstumschampion\" et est class\u00e9 par le Financial Times parmi les \"meilleurs\". <em>1000 entreprises europ\u00e9ennes \u00e0 la croissance la plus rapide en 2019 <\/em>a \u00e9t\u00e9 s\u00e9lectionn\u00e9.<\/p>\t\t\t\t\t\t\t\t<\/div>\n\t\t\t\t<\/div>\n\t\t\t\t\t<\/div>\n\t\t<\/div>\n\t\t\t\t\t<\/div>\n\t\t<\/section>\n\t\t\t\t<div class=\"elementor-element elementor-element-01963af elementor-widget-divider--view-line_text elementor-widget-divider--element-align-center elementor-widget elementor-widget-divider\" data-id=\"01963af\" data-element_type=\"widget\" data-e-type=\"widget\" data-widget_type=\"divider.default\">\n\t\t\t\t<div class=\"elementor-widget-container\">\n\t\t\t\t\t\t\t<div class=\"elementor-divider\">\n\t\t\t<span class=\"elementor-divider-separator\">\n\t\t\t\t\t\t\t<h3 class=\"elementor-divider__text elementor-divider__element\">\n\t\t\t\t2018\t\t\t\t<\/h3>\n\t\t\t\t\t\t<\/span>\n\t\t<\/div>\n\t\t\t\t\t\t<\/div>\n\t\t\t\t<\/div>\n\t\t\t\t<section class=\"elementor-section elementor-inner-section elementor-element elementor-element-399eed1 elementor-reverse-tablet elementor-reverse-mobile elementor-section-boxed elementor-section-height-default elementor-section-height-default\" data-id=\"399eed1\" data-element_type=\"section\" data-e-type=\"section\">\n\t\t\t\t\t\t<div class=\"elementor-container elementor-column-gap-default\">\n\t\t\t\t\t<div class=\"elementor-column elementor-col-50 elementor-inner-column elementor-element elementor-element-d9a4602\" data-id=\"d9a4602\" data-element_type=\"column\" data-e-type=\"column\">\n\t\t\t<div class=\"elementor-widget-wrap elementor-element-populated\">\n\t\t\t\t\t\t<div class=\"elementor-element elementor-element-058da02 elementor-widget elementor-widget-text-editor\" data-id=\"058da02\" data-element_type=\"widget\" data-e-type=\"widget\" data-widget_type=\"text-editor.default\">\n\t\t\t\t<div class=\"elementor-widget-container\">\n\t\t\t\t\t\t\t\t\t<p>En 2018, la marque Ahorn Rent est lanc\u00e9e en tant que nouvelle branche commerciale tourn\u00e9e vers l'avenir. Gr\u00e2ce \u00e0 un syst\u00e8me de franchise \u00e0 l'\u00e9chelle europ\u00e9enne, les campeurs peuvent d\u00e9sormais louer des camping-cars Ahorn Camp \u00e0 bas prix et ainsi essayer la libert\u00e9 sur quatre roues. De plus, nous cr\u00e9ons la troisi\u00e8me grande succursale, Ahorn Wohnmobile Frankfurt GmbH, \u00e0 Dietzenbach. Outre la vente de camping-cars Ahorn Camp, le site de Dietzenbach est d\u00e9sormais l'une des plus grandes agences de location Ahorn Rent en Allemagne.<\/p><p>La m\u00eame ann\u00e9e, dans le cadre de la strat\u00e9gie d'internationalisation, un changement de nom de l'entreprise est initi\u00e9, si bien que depuis 2018, Ahorn Wohnmobile GmbH&amp;Co.KG est devenue Ahorn Camp GmbH &amp; Co.KG.<\/p><p>De plus, en tant que Ahorn Camp, nous sommes class\u00e9s par le Financial Times parmi les <em>1000 entreprises europ\u00e9ennes \u00e0 la croissance la plus rapide en 2018 <\/em>a \u00e9t\u00e9 s\u00e9lectionn\u00e9.<\/p>\t\t\t\t\t\t\t\t<\/div>\n\t\t\t\t<\/div>\n\t\t\t\t\t<\/div>\n\t\t<\/div>\n\t\t\t\t<div class=\"elementor-column elementor-col-50 elementor-inner-column elementor-element elementor-element-01303a9\" data-id=\"01303a9\" data-element_type=\"column\" data-e-type=\"column\">\n\t\t\t<div class=\"elementor-widget-wrap elementor-element-populated\">\n\t\t\t\t\t\t<div class=\"elementor-element elementor-element-a5a277d elementor-widget elementor-widget-image\" data-id=\"a5a277d\" data-element_type=\"widget\" data-e-type=\"widget\" data-widget_type=\"image.default\">\n\t\t\t\t<div class=\"elementor-widget-container\">\n\t\t\t\t\t\t\t\t\t\t\t\t\t\t\t<img loading=\"lazy\" decoding=\"async\" width=\"1024\" height=\"606\" src=\"https:\/\/ahorn-camp.de\/wp-content\/uploads\/2020\/06\/AUSSTELLUNG-deutschlandkarte-ahorn-camp-Ahorn-Wohnmobile-Frankfurt-GmbH-in-Dietzenbach-1-1024x606.png\" class=\"attachment-large size-large wp-image-6568\" alt=\"\" srcset=\"https:\/\/ahorn-camp.de\/wp-content\/uploads\/2020\/06\/AUSSTELLUNG-deutschlandkarte-ahorn-camp-Ahorn-Wohnmobile-Frankfurt-GmbH-in-Dietzenbach-1-1024x606.png 1024w, https:\/\/ahorn-camp.de\/wp-content\/uploads\/2020\/06\/AUSSTELLUNG-deutschlandkarte-ahorn-camp-Ahorn-Wohnmobile-Frankfurt-GmbH-in-Dietzenbach-1-300x177.png 300w, https:\/\/ahorn-camp.de\/wp-content\/uploads\/2020\/06\/AUSSTELLUNG-deutschlandkarte-ahorn-camp-Ahorn-Wohnmobile-Frankfurt-GmbH-in-Dietzenbach-1-768x454.png 768w, https:\/\/ahorn-camp.de\/wp-content\/uploads\/2020\/06\/AUSSTELLUNG-deutschlandkarte-ahorn-camp-Ahorn-Wohnmobile-Frankfurt-GmbH-in-Dietzenbach-1-800x473.png 800w, https:\/\/ahorn-camp.de\/wp-content\/uploads\/2020\/06\/AUSSTELLUNG-deutschlandkarte-ahorn-camp-Ahorn-Wohnmobile-Frankfurt-GmbH-in-Dietzenbach-1.png 1280w\" sizes=\"(max-width: 1024px) 100vw, 1024px\" \/>\t\t\t\t\t\t\t\t\t\t\t\t\t\t\t<\/div>\n\t\t\t\t<\/div>\n\t\t\t\t\t<\/div>\n\t\t<\/div>\n\t\t\t\t\t<\/div>\n\t\t<\/section>\n\t\t\t\t<div class=\"elementor-element elementor-element-3cd81d3 elementor-widget-divider--view-line_text elementor-widget-divider--element-align-center elementor-widget elementor-widget-divider\" data-id=\"3cd81d3\" data-element_type=\"widget\" data-e-type=\"widget\" data-widget_type=\"divider.default\">\n\t\t\t\t<div class=\"elementor-widget-container\">\n\t\t\t\t\t\t\t<div class=\"elementor-divider\">\n\t\t\t<span class=\"elementor-divider-separator\">\n\t\t\t\t\t\t\t<h3 class=\"elementor-divider__text elementor-divider__element\">\n\t\t\t\t2017\t\t\t\t<\/h3>\n\t\t\t\t\t\t<\/span>\n\t\t<\/div>\n\t\t\t\t\t\t<\/div>\n\t\t\t\t<\/div>\n\t\t\t\t<section class=\"elementor-section elementor-inner-section elementor-element elementor-element-e766547 elementor-section-boxed elementor-section-height-default elementor-section-height-default\" data-id=\"e766547\" data-element_type=\"section\" data-e-type=\"section\">\n\t\t\t\t\t\t<div class=\"elementor-container elementor-column-gap-default\">\n\t\t\t\t\t<div class=\"elementor-column elementor-col-50 elementor-inner-column elementor-element elementor-element-87a3969\" data-id=\"87a3969\" data-element_type=\"column\" data-e-type=\"column\">\n\t\t\t<div class=\"elementor-widget-wrap elementor-element-populated\">\n\t\t\t\t\t\t<div class=\"elementor-element elementor-element-d5210cf elementor-widget elementor-widget-image\" data-id=\"d5210cf\" data-element_type=\"widget\" data-e-type=\"widget\" data-widget_type=\"image.default\">\n\t\t\t\t<div class=\"elementor-widget-container\">\n\t\t\t\t\t\t\t\t\t\t\t\t\t\t\t<img loading=\"lazy\" decoding=\"async\" width=\"1024\" height=\"374\" src=\"https:\/\/ahorn-camp.de\/wp-content\/uploads\/2020\/05\/Alexander-Reichmann-2017-1024x374.jpg\" class=\"attachment-large size-large wp-image-6472\" alt=\"Camping-cars Reichmann\" srcset=\"https:\/\/ahorn-camp.de\/wp-content\/uploads\/2020\/05\/Alexander-Reichmann-2017-1024x374.jpg 1024w, https:\/\/ahorn-camp.de\/wp-content\/uploads\/2020\/05\/Alexander-Reichmann-2017-300x109.jpg 300w, https:\/\/ahorn-camp.de\/wp-content\/uploads\/2020\/05\/Alexander-Reichmann-2017-768x280.jpg 768w, https:\/\/ahorn-camp.de\/wp-content\/uploads\/2020\/05\/Alexander-Reichmann-2017-800x292.jpg 800w, https:\/\/ahorn-camp.de\/wp-content\/uploads\/2020\/05\/Alexander-Reichmann-2017.jpg 1280w\" sizes=\"(max-width: 1024px) 100vw, 1024px\" \/>\t\t\t\t\t\t\t\t\t\t\t\t\t\t\t<\/div>\n\t\t\t\t<\/div>\n\t\t\t\t\t<\/div>\n\t\t<\/div>\n\t\t\t\t<div class=\"elementor-column elementor-col-50 elementor-inner-column elementor-element elementor-element-05813ce\" data-id=\"05813ce\" data-element_type=\"column\" data-e-type=\"column\">\n\t\t\t<div class=\"elementor-widget-wrap elementor-element-populated\">\n\t\t\t\t\t\t<div class=\"elementor-element elementor-element-4988d3d elementor-widget elementor-widget-text-editor\" data-id=\"4988d3d\" data-element_type=\"widget\" data-e-type=\"widget\" data-widget_type=\"text-editor.default\">\n\t\t\t\t<div class=\"elementor-widget-container\">\n\t\t\t\t\t\t\t\t\t<p>En 2017, Alexander Reichmann prend la pr\u00e9sidence de la direction. En juillet, la premi\u00e8re grande rencontre des concessionnaires sur plusieurs jours depuis la r\u00e9orientation de l'entreprise a lieu dans l'usine de camping-cars en Toscane.  Le syst\u00e8me dit direct Dealer continue de se d\u00e9velopper et ainsi la symbiose entre les concessions Renault VP et les camping-cars Ahorn Camp sur l'ensemble du territoire est encore plus pouss\u00e9e. Nous remportons pour la premi\u00e8re fois le prix FOCUS Business-Wachstumschampions.<\/p>\t\t\t\t\t\t\t\t<\/div>\n\t\t\t\t<\/div>\n\t\t\t\t\t<\/div>\n\t\t<\/div>\n\t\t\t\t\t<\/div>\n\t\t<\/section>\n\t\t\t\t<div class=\"elementor-element elementor-element-65fd7eb elementor-widget-divider--view-line_text elementor-widget-divider--element-align-center elementor-widget elementor-widget-divider\" data-id=\"65fd7eb\" data-element_type=\"widget\" data-e-type=\"widget\" data-widget_type=\"divider.default\">\n\t\t\t\t<div class=\"elementor-widget-container\">\n\t\t\t\t\t\t\t<div class=\"elementor-divider\">\n\t\t\t<span class=\"elementor-divider-separator\">\n\t\t\t\t\t\t\t<h3 class=\"elementor-divider__text elementor-divider__element\">\n\t\t\t\t2015\t\t\t\t<\/h3>\n\t\t\t\t\t\t<\/span>\n\t\t<\/div>\n\t\t\t\t\t\t<\/div>\n\t\t\t\t<\/div>\n\t\t\t\t<section class=\"elementor-section elementor-inner-section elementor-element elementor-element-3fb0643 elementor-reverse-tablet elementor-reverse-mobile elementor-section-boxed elementor-section-height-default elementor-section-height-default\" data-id=\"3fb0643\" data-element_type=\"section\" data-e-type=\"section\">\n\t\t\t\t\t\t<div class=\"elementor-container elementor-column-gap-default\">\n\t\t\t\t\t<div class=\"elementor-column elementor-col-50 elementor-inner-column elementor-element elementor-element-79c1df2\" data-id=\"79c1df2\" data-element_type=\"column\" data-e-type=\"column\">\n\t\t\t<div class=\"elementor-widget-wrap elementor-element-populated\">\n\t\t\t\t\t\t<div class=\"elementor-element elementor-element-7f0fb30 elementor-widget elementor-widget-text-editor\" data-id=\"7f0fb30\" data-element_type=\"widget\" data-e-type=\"widget\" data-widget_type=\"text-editor.default\">\n\t\t\t\t<div class=\"elementor-widget-container\">\n\t\t\t\t\t\t\t\t\t<p>En 2015, une succursale de distribution est cr\u00e9\u00e9e \u00e0 M\u00fclheim a.d. Ruhr, en plus de la succursale principale de Spire. Directement dans la K\u00f6lner Strasse, connue comme le \"Mile des camping-cars\", les clients peuvent d\u00e9sormais se faire une id\u00e9e de nos mod\u00e8les en Rh\u00e9nanie-du-Nord-Westphalie.<\/p>\t\t\t\t\t\t\t\t<\/div>\n\t\t\t\t<\/div>\n\t\t\t\t\t<\/div>\n\t\t<\/div>\n\t\t\t\t<div class=\"elementor-column elementor-col-50 elementor-inner-column elementor-element elementor-element-75d1081\" data-id=\"75d1081\" data-element_type=\"column\" data-e-type=\"column\">\n\t\t\t<div class=\"elementor-widget-wrap elementor-element-populated\">\n\t\t\t\t\t\t<div class=\"elementor-element elementor-element-7ebf137 elementor-widget elementor-widget-image\" data-id=\"7ebf137\" data-element_type=\"widget\" data-e-type=\"widget\" data-widget_type=\"image.default\">\n\t\t\t\t<div class=\"elementor-widget-container\">\n\t\t\t\t\t\t\t\t\t\t\t\t\t\t\t<img loading=\"lazy\" decoding=\"async\" width=\"1024\" height=\"606\" src=\"https:\/\/ahorn-camp.de\/wp-content\/uploads\/2020\/06\/AUSSTELLUNG-deutschlandkarte-Ahorn-Camp-m\u00fclheim-3-1024x606.png\" class=\"attachment-large size-large wp-image-6567\" alt=\"\" srcset=\"https:\/\/ahorn-camp.de\/wp-content\/uploads\/2020\/06\/AUSSTELLUNG-deutschlandkarte-Ahorn-Camp-m\u00fclheim-3-1024x606.png 1024w, https:\/\/ahorn-camp.de\/wp-content\/uploads\/2020\/06\/AUSSTELLUNG-deutschlandkarte-Ahorn-Camp-m\u00fclheim-3-300x177.png 300w, https:\/\/ahorn-camp.de\/wp-content\/uploads\/2020\/06\/AUSSTELLUNG-deutschlandkarte-Ahorn-Camp-m\u00fclheim-3-768x454.png 768w, https:\/\/ahorn-camp.de\/wp-content\/uploads\/2020\/06\/AUSSTELLUNG-deutschlandkarte-Ahorn-Camp-m\u00fclheim-3-800x473.png 800w, https:\/\/ahorn-camp.de\/wp-content\/uploads\/2020\/06\/AUSSTELLUNG-deutschlandkarte-Ahorn-Camp-m\u00fclheim-3.png 1280w\" sizes=\"(max-width: 1024px) 100vw, 1024px\" \/>\t\t\t\t\t\t\t\t\t\t\t\t\t\t\t<\/div>\n\t\t\t\t<\/div>\n\t\t\t\t\t<\/div>\n\t\t<\/div>\n\t\t\t\t\t<\/div>\n\t\t<\/section>\n\t\t\t\t<div class=\"elementor-element elementor-element-c928a98 elementor-widget-divider--view-line_text elementor-widget-divider--element-align-center elementor-widget elementor-widget-divider\" data-id=\"c928a98\" data-element_type=\"widget\" data-e-type=\"widget\" data-widget_type=\"divider.default\">\n\t\t\t\t<div class=\"elementor-widget-container\">\n\t\t\t\t\t\t\t<div class=\"elementor-divider\">\n\t\t\t<span class=\"elementor-divider-separator\">\n\t\t\t\t\t\t\t<h3 class=\"elementor-divider__text elementor-divider__element\">\n\t\t\t\t2014\t\t\t\t<\/h3>\n\t\t\t\t\t\t<\/span>\n\t\t<\/div>\n\t\t\t\t\t\t<\/div>\n\t\t\t\t<\/div>\n\t\t\t\t<div class=\"elementor-element elementor-element-30ec37e elementor-widget elementor-widget-text-editor\" data-id=\"30ec37e\" data-element_type=\"widget\" data-e-type=\"widget\" data-widget_type=\"text-editor.default\">\n\t\t\t\t<div class=\"elementor-widget-container\">\n\t\t\t\t\t\t\t\t\t<p>En 2014, la distribution de camping-cars sera \u00e9tablie chez 30 concessionnaires Renault dans toute l'Allemagne.<a href=\"https:\/\/ahorn-camp.de\/fr\/renault-et-ahorn-camp\/\"> Renault devient d\u00e8s cette ann\u00e9e le ch\u00e2ssis exclusif des camping-cars Ahorn Camp.<\/a>\u00a0 En collaboration avec l'usine Luano Camp, l'usine de Poggibonsi produit encore aujourd'hui des profil\u00e9s et des capucines pour le march\u00e9 allemand et europ\u00e9en.<\/p>\t\t\t\t\t\t\t\t<\/div>\n\t\t\t\t<\/div>\n\t\t\t\t<div class=\"elementor-element elementor-element-b231c88 elementor-widget-divider--view-line_text elementor-widget-divider--element-align-center elementor-widget elementor-widget-divider\" data-id=\"b231c88\" data-element_type=\"widget\" data-e-type=\"widget\" data-widget_type=\"divider.default\">\n\t\t\t\t<div class=\"elementor-widget-container\">\n\t\t\t\t\t\t\t<div class=\"elementor-divider\">\n\t\t\t<span class=\"elementor-divider-separator\">\n\t\t\t\t\t\t\t<h3 class=\"elementor-divider__text elementor-divider__element\">\n\t\t\t\t2013\t\t\t\t<\/h3>\n\t\t\t\t\t\t<\/span>\n\t\t<\/div>\n\t\t\t\t\t\t<\/div>\n\t\t\t\t<\/div>\n\t\t\t\t<section class=\"elementor-section elementor-inner-section elementor-element elementor-element-caaef8c elementor-section-boxed elementor-section-height-default elementor-section-height-default\" data-id=\"caaef8c\" data-element_type=\"section\" data-e-type=\"section\">\n\t\t\t\t\t\t<div class=\"elementor-container elementor-column-gap-default\">\n\t\t\t\t\t<div class=\"elementor-column elementor-col-50 elementor-inner-column elementor-element elementor-element-a55607f\" data-id=\"a55607f\" data-element_type=\"column\" data-e-type=\"column\">\n\t\t\t<div class=\"elementor-widget-wrap elementor-element-populated\">\n\t\t\t\t\t\t<div class=\"elementor-element elementor-element-335aced elementor-widget elementor-widget-image\" data-id=\"335aced\" data-element_type=\"widget\" data-e-type=\"widget\" data-widget_type=\"image.default\">\n\t\t\t\t<div class=\"elementor-widget-container\">\n\t\t\t\t\t\t\t\t\t\t\t\t\t\t\t<img decoding=\"async\" src=\"https:\/\/ahorn-camp.de\/wp-content\/uploads\/2021\/03\/Ausstellunshalle.jpg\" title=\"\" alt=\"\" loading=\"lazy\" \/>\t\t\t\t\t\t\t\t\t\t\t\t\t\t\t<\/div>\n\t\t\t\t<\/div>\n\t\t\t\t\t<\/div>\n\t\t<\/div>\n\t\t\t\t<div class=\"elementor-column elementor-col-50 elementor-inner-column elementor-element elementor-element-6278b97\" data-id=\"6278b97\" data-element_type=\"column\" data-e-type=\"column\">\n\t\t\t<div class=\"elementor-widget-wrap elementor-element-populated\">\n\t\t\t\t\t\t<div class=\"elementor-element elementor-element-0d52ef1 elementor-widget elementor-widget-text-editor\" data-id=\"0d52ef1\" data-element_type=\"widget\" data-e-type=\"widget\" data-widget_type=\"text-editor.default\">\n\t\t\t\t<div class=\"elementor-widget-container\">\n\t\t\t\t\t\t\t\t\t<p>En 2013, Ahorn Camp se lance \u00e0 nouveau dans la distribution de nouveaux camping-cars avec un nouveau syst\u00e8me de distribution. La m\u00eame ann\u00e9e, le fils de Hans-Joachim Reichmann, Alexander Reichmann, rejoint l'entreprise familiale et ensemble, ils \u00e9tablissent le nouveau concept de distribution sur le march\u00e9 allemand.<\/p>\t\t\t\t\t\t\t\t<\/div>\n\t\t\t\t<\/div>\n\t\t\t\t\t<\/div>\n\t\t<\/div>\n\t\t\t\t\t<\/div>\n\t\t<\/section>\n\t\t\t\t<div class=\"elementor-element elementor-element-74ad274 elementor-widget-divider--view-line_text elementor-widget-divider--element-align-center elementor-widget elementor-widget-divider\" data-id=\"74ad274\" data-element_type=\"widget\" data-e-type=\"widget\" data-widget_type=\"divider.default\">\n\t\t\t\t<div class=\"elementor-widget-container\">\n\t\t\t\t\t\t\t<div class=\"elementor-divider\">\n\t\t\t<span class=\"elementor-divider-separator\">\n\t\t\t\t\t\t\t<h3 class=\"elementor-divider__text elementor-divider__element\">\n\t\t\t\t2006\t\t\t\t<\/h3>\n\t\t\t\t\t\t<\/span>\n\t\t<\/div>\n\t\t\t\t\t\t<\/div>\n\t\t\t\t<\/div>\n\t\t\t\t<div class=\"elementor-element elementor-element-5a4f388 elementor-widget elementor-widget-text-editor\" data-id=\"5a4f388\" data-element_type=\"widget\" data-e-type=\"widget\" data-widget_type=\"text-editor.default\">\n\t\t\t\t<div class=\"elementor-widget-container\">\n\t\t\t\t\t\t\t\t\t<p>A partir de 2006, la distribution de nouveaux camping-cars par le biais du propre r\u00e9seau de concessionnaires est arr\u00eat\u00e9e. Comme dans le secteur automobile, le secteur des camping-cars, en particulier celui de la distribution, a connu d'\u00e9normes changements au cours de ces ann\u00e9es. L'accent est donc mis sur l'approvisionnement en pi\u00e8ces de rechange et le service apr\u00e8s-vente des camping-cars existants.<\/p>\t\t\t\t\t\t\t\t<\/div>\n\t\t\t\t<\/div>\n\t\t\t\t<div class=\"elementor-element elementor-element-7c6203a elementor-widget-divider--view-line_text elementor-widget-divider--element-align-center elementor-widget elementor-widget-divider\" data-id=\"7c6203a\" data-element_type=\"widget\" data-e-type=\"widget\" data-widget_type=\"divider.default\">\n\t\t\t\t<div class=\"elementor-widget-container\">\n\t\t\t\t\t\t\t<div class=\"elementor-divider\">\n\t\t\t<span class=\"elementor-divider-separator\">\n\t\t\t\t\t\t\t<h3 class=\"elementor-divider__text elementor-divider__element\">\n\t\t\t\t1996\t\t\t\t<\/h3>\n\t\t\t\t\t\t<\/span>\n\t\t<\/div>\n\t\t\t\t\t\t<\/div>\n\t\t\t\t<\/div>\n\t\t\t\t<div class=\"elementor-element elementor-element-1541842 elementor-widget elementor-widget-text-editor\" data-id=\"1541842\" data-element_type=\"widget\" data-e-type=\"widget\" data-widget_type=\"text-editor.default\">\n\t\t\t\t<div class=\"elementor-widget-container\">\n\t\t\t\t\t\t\t\t\t<p>En 1996, l'entreprise est transform\u00e9e en GmbH &amp; Co. Comme pour la commune fondatrice d'Ahorn, la feuille d'Ahorn sert depuis lors de logo \u00e0 l'entreprise. La silhouette d'un camping-car y est int\u00e9gr\u00e9e.<\/p>\t\t\t\t\t\t\t\t<\/div>\n\t\t\t\t<\/div>\n\t\t\t\t<div class=\"elementor-element elementor-element-ad8d015 elementor-widget-divider--view-line_text elementor-widget-divider--element-align-center elementor-widget elementor-widget-divider\" data-id=\"ad8d015\" data-element_type=\"widget\" data-e-type=\"widget\" data-widget_type=\"divider.default\">\n\t\t\t\t<div class=\"elementor-widget-container\">\n\t\t\t\t\t\t\t<div class=\"elementor-divider\">\n\t\t\t<span class=\"elementor-divider-separator\">\n\t\t\t\t\t\t\t<h3 class=\"elementor-divider__text elementor-divider__element\">\n\t\t\t\t1991\t\t\t\t<\/h3>\n\t\t\t\t\t\t<\/span>\n\t\t<\/div>\n\t\t\t\t\t\t<\/div>\n\t\t\t\t<\/div>\n\t\t\t\t<div class=\"elementor-element elementor-element-fa33ae8 elementor-widget elementor-widget-text-editor\" data-id=\"fa33ae8\" data-element_type=\"widget\" data-e-type=\"widget\" data-widget_type=\"text-editor.default\">\n\t\t\t\t<div class=\"elementor-widget-container\">\n\t\t\t\t\t\t\t\t\t<p>En 1991, l'ing\u00e9nieur et investisseur Hans-Joachim Reichmann fonde l'entreprise Ahorn Wohnmobile GmbH dans la commune d'Ahorn, qui lui a servi de nom. Ceci dans le but de produire des s\u00e9ries de camping-cars standardis\u00e9es dans des usines de production situ\u00e9es dans d'autres pays europ\u00e9ens. Le savoir-faire et le contr\u00f4le de qualit\u00e9 doivent cependant rester en Allemagne.<\/p>\t\t\t\t\t\t\t\t<\/div>\n\t\t\t\t<\/div>\n\t\t\t\t\t<\/div>\n\t\t<\/div>\n\t\t\t\t\t<\/div>\n\t\t<\/section>\n\t\t\t\t<\/div>","protected":false},"excerpt":{"rendered":"<p>Firmengeschichte Ahorn Camp Traditon trifft Innovation \u2013 seit 1991 <\/p>\n<p>Seit \u00fcber 30 Jahren steht Ahorn Camp f\u00fcr mobile Freiheit und die Leidenschaft f\u00fcrs Reisen. Gegr\u00fcndet von Ingenieur Hans-Joachim Reichmann in der Gemeinde Ahorn, wird das Familienunternehmen heute in zweiter Generation von Alexander und Franziska Reichmann gef\u00fchrt. Mit Innovationsgeist und einem klaren Blick f\u00fcr Trends entwickeln wir unsere Reisemobile stetig weiter und verbinden dabei bew\u00e4hrte Qualit\u00e4t mit moderner Technik.<\/p>\n<p>So geh\u00f6rt Ahorn Camp heute zu den wachstumsst\u00e4rksten Reisemobilmarken Deutschlands. Zahlreiche regelm\u00e4\u00dfige Auszeichnungen wie <i>Focus Wachstumschampion<\/i> oder <i>Gro\u00dfer Preis des Mittelstandes<\/i> best\u00e4tigen unseren Erfolgskurs.<\/p>\n<p>Von unserem Hauptsitz in Speyer, den Niederlassungen in Frankfurt und M\u00fclheim an der Ruhr sowie \u00fcber 30 Handelspartnern in Deutschland und 15 Standorten im europ\u00e4ischen Ausland bringen wir Ahorn Camp fl\u00e4chendeckend auf die Stra\u00dfe. Auch mit unserer Vermietmarke Ahorn Rent machen wir Camping f\u00fcr Einsteiger und Entdecker erlebbar \u2013 mit \u00fcber 30 Mietstationen deutschlandweit.<\/p>\n<p>Bei Ahorn Camp verbinden wir Tradition mit Moderne, das [&#8230;]<\/p>\n","protected":false},"author":2,"featured_media":0,"parent":0,"menu_order":61,"comment_status":"closed","ping_status":"closed","template":"","meta":{"content-type":"","footnotes":""},"class_list":["post-35806","page","type-page","status-publish","hentry"],"yoast_head":"<!-- This site is optimized with the Yoast SEO plugin v27.4 - https:\/\/yoast.com\/product\/yoast-seo-wordpress\/ -->\n<title>Firmengeschichte - Ahorn Camp | Reisemobile und Kastenwagen<\/title>\n<meta name=\"description\" content=\"Vor 30 Jahren wurde Ahorn Camp gegr\u00fcndet. Noch immer in Familienhand w\u00e4chst das Unternehmen weiter.\" \/>\n<meta name=\"robots\" content=\"index, follow, max-snippet:-1, max-image-preview:large, max-video-preview:-1\" \/>\n<link rel=\"canonical\" href=\"https:\/\/ahorn-camp.de\/fr\/histoire-de-lentreprise\/\" \/>\n<meta property=\"og:locale\" content=\"fr_FR\" \/>\n<meta property=\"og:type\" content=\"article\" \/>\n<meta property=\"og:title\" content=\"Firmengeschichte - Ahorn Camp | Reisemobile und Kastenwagen\" \/>\n<meta property=\"og:description\" content=\"Vor 30 Jahren wurde Ahorn Camp gegr\u00fcndet. Noch immer in Familienhand w\u00e4chst das Unternehmen weiter.\" \/>\n<meta property=\"og:url\" content=\"https:\/\/ahorn-camp.de\/fr\/histoire-de-lentreprise\/\" \/>\n<meta property=\"og:site_name\" content=\"Ahorn Camp | Reisemobile und Kastenwagen\" \/>\n<meta property=\"article:publisher\" content=\"https:\/\/www.facebook.com\/ahorn.wohnmobile\/\" \/>\n<meta property=\"article:modified_time\" content=\"2026-01-27T09:51:34+00:00\" \/>\n<meta property=\"og:image\" content=\"https:\/\/ahorn-camp.de\/wp-content\/uploads\/2025\/10\/DSC02499-scaled.jpg\" \/>\n\t<meta property=\"og:image:width\" content=\"1707\" \/>\n\t<meta property=\"og:image:height\" content=\"2560\" \/>\n\t<meta property=\"og:image:type\" content=\"image\/jpeg\" \/>\n<meta name=\"twitter:card\" content=\"summary_large_image\" \/>\n<meta name=\"twitter:label1\" content=\"Dur\u00e9e de lecture estim\u00e9e\" \/>\n\t<meta name=\"twitter:data1\" content=\"8 minutes\" \/>\n<script type=\"application\/ld+json\" class=\"yoast-schema-graph\">{\"@context\":\"https:\\\/\\\/schema.org\",\"@graph\":[{\"@type\":\"WebPage\",\"@id\":\"https:\\\/\\\/ahorn-camp.de\\\/firmengeschichte\\\/\",\"url\":\"https:\\\/\\\/ahorn-camp.de\\\/firmengeschichte\\\/\",\"name\":\"Firmengeschichte - Ahorn Camp | Reisemobile und Kastenwagen\",\"isPartOf\":{\"@id\":\"https:\\\/\\\/ahorn-camp.de\\\/#website\"},\"primaryImageOfPage\":{\"@id\":\"https:\\\/\\\/ahorn-camp.de\\\/firmengeschichte\\\/#primaryimage\"},\"image\":{\"@id\":\"https:\\\/\\\/ahorn-camp.de\\\/firmengeschichte\\\/#primaryimage\"},\"thumbnailUrl\":\"https:\\\/\\\/ahorn-camp.de\\\/wp-content\\\/uploads\\\/2025\\\/10\\\/DSC02499-683x1024.jpg\",\"datePublished\":\"2026-01-27T09:44:05+00:00\",\"dateModified\":\"2026-01-27T09:51:34+00:00\",\"description\":\"Vor 30 Jahren wurde Ahorn Camp gegr\u00fcndet. Noch immer in Familienhand w\u00e4chst das Unternehmen weiter.\",\"breadcrumb\":{\"@id\":\"https:\\\/\\\/ahorn-camp.de\\\/firmengeschichte\\\/#breadcrumb\"},\"inLanguage\":\"fr-FR\",\"potentialAction\":[{\"@type\":\"ReadAction\",\"target\":[\"https:\\\/\\\/ahorn-camp.de\\\/firmengeschichte\\\/\"]}]},{\"@type\":\"ImageObject\",\"inLanguage\":\"fr-FR\",\"@id\":\"https:\\\/\\\/ahorn-camp.de\\\/firmengeschichte\\\/#primaryimage\",\"url\":\"https:\\\/\\\/ahorn-camp.de\\\/wp-content\\\/uploads\\\/2025\\\/10\\\/DSC02499-683x1024.jpg\",\"contentUrl\":\"https:\\\/\\\/ahorn-camp.de\\\/wp-content\\\/uploads\\\/2025\\\/10\\\/DSC02499-683x1024.jpg\"},{\"@type\":\"BreadcrumbList\",\"@id\":\"https:\\\/\\\/ahorn-camp.de\\\/firmengeschichte\\\/#breadcrumb\",\"itemListElement\":[{\"@type\":\"ListItem\",\"position\":1,\"name\":\"Startseite\",\"item\":\"https:\\\/\\\/ahorn-camp.de\\\/\"},{\"@type\":\"ListItem\",\"position\":2,\"name\":\"Firmengeschichte\"}]},{\"@type\":\"WebSite\",\"@id\":\"https:\\\/\\\/ahorn-camp.de\\\/#website\",\"url\":\"https:\\\/\\\/ahorn-camp.de\\\/\",\"name\":\"Ahorn Camp | Reisemobile und Kastenwagen\",\"description\":\"Seit \u00fcber 30 Jahren vermarktet das Familienunternehmen, Ahorn Camp in Speyer, erfolgreich Wohnmobile und Kastenwagen zum besten Preis-Leistungsverh\u00e4ltnis.\",\"publisher\":{\"@id\":\"https:\\\/\\\/ahorn-camp.de\\\/#organization\"},\"potentialAction\":[{\"@type\":\"SearchAction\",\"target\":{\"@type\":\"EntryPoint\",\"urlTemplate\":\"https:\\\/\\\/ahorn-camp.de\\\/?s={search_term_string}\"},\"query-input\":{\"@type\":\"PropertyValueSpecification\",\"valueRequired\":true,\"valueName\":\"search_term_string\"}}],\"inLanguage\":\"fr-FR\"},{\"@type\":\"Organization\",\"@id\":\"https:\\\/\\\/ahorn-camp.de\\\/#organization\",\"name\":\"Ahorn Camp GmbH & Co. KG\",\"url\":\"https:\\\/\\\/ahorn-camp.de\\\/\",\"logo\":{\"@type\":\"ImageObject\",\"inLanguage\":\"fr-FR\",\"@id\":\"https:\\\/\\\/ahorn-camp.de\\\/#\\\/schema\\\/logo\\\/image\\\/\",\"url\":\"https:\\\/\\\/ahorn-camp.de\\\/wp-content\\\/uploads\\\/2018\\\/12\\\/Ahorn_Logo.jpg\",\"contentUrl\":\"https:\\\/\\\/ahorn-camp.de\\\/wp-content\\\/uploads\\\/2018\\\/12\\\/Ahorn_Logo.jpg\",\"width\":1437,\"height\":1000,\"caption\":\"Ahorn Camp GmbH & Co. KG\"},\"image\":{\"@id\":\"https:\\\/\\\/ahorn-camp.de\\\/#\\\/schema\\\/logo\\\/image\\\/\"},\"sameAs\":[\"https:\\\/\\\/www.facebook.com\\\/ahorn.wohnmobile\\\/\",\"https:\\\/\\\/www.instagram.com\\\/ahorn.camp\\\/\",\"https:\\\/\\\/www.youtube.com\\\/channel\\\/UCPFbPCts1JJ_A1k9vyH0yOQ\"]}]}<\/script>\n<!-- \/ Yoast SEO plugin. -->","yoast_head_json":{"title":"Histoire de l'entreprise - Ahorn Camp | Camping-cars et fourgons am\u00e9nag\u00e9s","description":"Il y a 30 ans, Ahorn Camp a \u00e9t\u00e9 fond\u00e9e. Toujours d\u00e9tenue par la famille, l'entreprise continue de cro\u00eetre.","robots":{"index":"index","follow":"follow","max-snippet":"max-snippet:-1","max-image-preview":"max-image-preview:large","max-video-preview":"max-video-preview:-1"},"canonical":"https:\/\/ahorn-camp.de\/fr\/histoire-de-lentreprise\/","og_locale":"fr_FR","og_type":"article","og_title":"Firmengeschichte - Ahorn Camp | Reisemobile und Kastenwagen","og_description":"Vor 30 Jahren wurde Ahorn Camp gegr\u00fcndet. Noch immer in Familienhand w\u00e4chst das Unternehmen weiter.","og_url":"https:\/\/ahorn-camp.de\/fr\/histoire-de-lentreprise\/","og_site_name":"Ahorn Camp | Reisemobile und Kastenwagen","article_publisher":"https:\/\/www.facebook.com\/ahorn.wohnmobile\/","article_modified_time":"2026-01-27T09:51:34+00:00","og_image":[{"width":1707,"height":2560,"url":"https:\/\/ahorn-camp.de\/wp-content\/uploads\/2025\/10\/DSC02499-scaled.jpg","type":"image\/jpeg"}],"twitter_card":"summary_large_image","twitter_misc":{"Dur\u00e9e de lecture estim\u00e9e":"8 minutes"},"schema":{"@context":"https:\/\/schema.org","@graph":[{"@type":"WebPage","@id":"https:\/\/ahorn-camp.de\/firmengeschichte\/","url":"https:\/\/ahorn-camp.de\/firmengeschichte\/","name":"Histoire de l'entreprise - Ahorn Camp | Camping-cars et fourgons am\u00e9nag\u00e9s","isPartOf":{"@id":"https:\/\/ahorn-camp.de\/#website"},"primaryImageOfPage":{"@id":"https:\/\/ahorn-camp.de\/firmengeschichte\/#primaryimage"},"image":{"@id":"https:\/\/ahorn-camp.de\/firmengeschichte\/#primaryimage"},"thumbnailUrl":"https:\/\/ahorn-camp.de\/wp-content\/uploads\/2025\/10\/DSC02499-683x1024.jpg","datePublished":"2026-01-27T09:44:05+00:00","dateModified":"2026-01-27T09:51:34+00:00","description":"Il y a 30 ans, Ahorn Camp a \u00e9t\u00e9 fond\u00e9e. Toujours d\u00e9tenue par la famille, l'entreprise continue de cro\u00eetre.","breadcrumb":{"@id":"https:\/\/ahorn-camp.de\/firmengeschichte\/#breadcrumb"},"inLanguage":"fr-FR","potentialAction":[{"@type":"ReadAction","target":["https:\/\/ahorn-camp.de\/firmengeschichte\/"]}]},{"@type":"ImageObject","inLanguage":"fr-FR","@id":"https:\/\/ahorn-camp.de\/firmengeschichte\/#primaryimage","url":"https:\/\/ahorn-camp.de\/wp-content\/uploads\/2025\/10\/DSC02499-683x1024.jpg","contentUrl":"https:\/\/ahorn-camp.de\/wp-content\/uploads\/2025\/10\/DSC02499-683x1024.jpg"},{"@type":"BreadcrumbList","@id":"https:\/\/ahorn-camp.de\/firmengeschichte\/#breadcrumb","itemListElement":[{"@type":"ListItem","position":1,"name":"Startseite","item":"https:\/\/ahorn-camp.de\/"},{"@type":"ListItem","position":2,"name":"Firmengeschichte"}]},{"@type":"WebSite","@id":"https:\/\/ahorn-camp.de\/#website","url":"https:\/\/ahorn-camp.de\/","name":"Ahorn Camp | Camping-cars et fourgons am\u00e9nag\u00e9s","description":"Depuis plus de 30 ans, l'entreprise familiale, Ahorn Camp \u00e0 Speyer, commercialise avec succ\u00e8s des camping-cars et des fourgons au meilleur rapport qualit\u00e9-prix.","publisher":{"@id":"https:\/\/ahorn-camp.de\/#organization"},"potentialAction":[{"@type":"SearchAction","target":{"@type":"EntryPoint","urlTemplate":"https:\/\/ahorn-camp.de\/?s={search_term_string}"},"query-input":{"@type":"PropertyValueSpecification","valueRequired":true,"valueName":"search_term_string"}}],"inLanguage":"fr-FR"},{"@type":"Organization","@id":"https:\/\/ahorn-camp.de\/#organization","name":"Ahorn Camp GmbH &amp; Co. KG","url":"https:\/\/ahorn-camp.de\/","logo":{"@type":"ImageObject","inLanguage":"fr-FR","@id":"https:\/\/ahorn-camp.de\/#\/schema\/logo\/image\/","url":"https:\/\/ahorn-camp.de\/wp-content\/uploads\/2018\/12\/Ahorn_Logo.jpg","contentUrl":"https:\/\/ahorn-camp.de\/wp-content\/uploads\/2018\/12\/Ahorn_Logo.jpg","width":1437,"height":1000,"caption":"Ahorn Camp GmbH & Co. KG"},"image":{"@id":"https:\/\/ahorn-camp.de\/#\/schema\/logo\/image\/"},"sameAs":["https:\/\/www.facebook.com\/ahorn.wohnmobile\/","https:\/\/www.instagram.com\/ahorn.camp\/","https:\/\/www.youtube.com\/channel\/UCPFbPCts1JJ_A1k9vyH0yOQ"]}]}},"_links":{"self":[{"href":"https:\/\/ahorn-camp.de\/fr\/wp-json\/wp\/v2\/pages\/35806","targetHints":{"allow":["GET"]}}],"collection":[{"href":"https:\/\/ahorn-camp.de\/fr\/wp-json\/wp\/v2\/pages"}],"about":[{"href":"https:\/\/ahorn-camp.de\/fr\/wp-json\/wp\/v2\/types\/page"}],"author":[{"embeddable":true,"href":"https:\/\/ahorn-camp.de\/fr\/wp-json\/wp\/v2\/users\/2"}],"replies":[{"embeddable":true,"href":"https:\/\/ahorn-camp.de\/fr\/wp-json\/wp\/v2\/comments?post=35806"}],"version-history":[{"count":3,"href":"https:\/\/ahorn-camp.de\/fr\/wp-json\/wp\/v2\/pages\/35806\/revisions"}],"predecessor-version":[{"id":37464,"href":"https:\/\/ahorn-camp.de\/fr\/wp-json\/wp\/v2\/pages\/35806\/revisions\/37464"}],"wp:attachment":[{"href":"https:\/\/ahorn-camp.de\/fr\/wp-json\/wp\/v2\/media?parent=35806"}],"curies":[{"name":"wp","href":"https:\/\/api.w.org\/{rel}","templated":true}]}}