{"id":35798,"date":"2025-10-23T14:00:05","date_gmt":"2025-10-23T12:00:05","guid":{"rendered":"https:\/\/ahorn-camp.de\/?page_id=35798"},"modified":"2026-02-06T16:02:06","modified_gmt":"2026-02-06T15:02:06","slug":"speyer","status":"publish","type":"page","link":"https:\/\/ahorn-camp.de\/fr\/speyer\/","title":{"rendered":"Camp d'\u00e9rable de Spire"},"content":{"rendered":"<div data-elementor-type=\"wp-page\" data-elementor-id=\"35798\" class=\"elementor elementor-35798\" data-elementor-post-type=\"page\">\n\t\t\t\t\t\t<section class=\"elementor-section elementor-top-section elementor-element elementor-element-6ce6ea9 elementor-section-full_width elementor-section-height-min-height elementor-section-stretched elementor-section-height-default elementor-section-items-middle\" data-id=\"6ce6ea9\" data-element_type=\"section\" data-e-type=\"section\" data-settings=\"{&quot;stretch_section&quot;:&quot;section-stretched&quot;,&quot;background_background&quot;:&quot;classic&quot;}\">\n\t\t\t\t\t\t<div class=\"elementor-container elementor-column-gap-default\">\n\t\t\t\t\t<div class=\"elementor-column elementor-col-100 elementor-top-column elementor-element elementor-element-28d7caa\" data-id=\"28d7caa\" data-element_type=\"column\" data-e-type=\"column\">\n\t\t\t<div class=\"elementor-widget-wrap elementor-element-populated\">\n\t\t\t\t\t\t<div class=\"elementor-element elementor-element-52b79c4 elementor-widget elementor-widget-heading\" data-id=\"52b79c4\" data-element_type=\"widget\" data-e-type=\"widget\" data-widget_type=\"heading.default\">\n\t\t\t\t<div class=\"elementor-widget-container\">\n\t\t\t\t\t<h1 class=\"elementor-heading-title elementor-size-default\">Ahorn Camp  Speyer<\/h1>\t\t\t\t<\/div>\n\t\t\t\t<\/div>\n\t\t\t\t\t<\/div>\n\t\t<\/div>\n\t\t\t\t\t<\/div>\n\t\t<\/section>\n\t\t\t\t<section class=\"elementor-section elementor-top-section elementor-element elementor-element-0e57e2f elementor-section-full_width elementor-section-stretched elementor-section-height-min-height elementor-section-height-default elementor-section-items-middle\" data-id=\"0e57e2f\" data-element_type=\"section\" data-e-type=\"section\" data-settings=\"{&quot;stretch_section&quot;:&quot;section-stretched&quot;,&quot;background_background&quot;:&quot;classic&quot;}\">\n\t\t\t\t\t\t<div class=\"elementor-container elementor-column-gap-default\">\n\t\t\t\t\t<div class=\"elementor-column elementor-col-100 elementor-top-column elementor-element elementor-element-983ac2e\" data-id=\"983ac2e\" data-element_type=\"column\" data-e-type=\"column\">\n\t\t\t<div class=\"elementor-widget-wrap\">\n\t\t\t\t\t\t\t<\/div>\n\t\t<\/div>\n\t\t\t\t\t<\/div>\n\t\t<\/section>\n\t\t\t\t<section class=\"elementor-section elementor-top-section elementor-element elementor-element-5e8668b elementor-section-stretched elementor-section-boxed elementor-section-height-default elementor-section-height-default\" data-id=\"5e8668b\" data-element_type=\"section\" data-e-type=\"section\" data-settings=\"{&quot;stretch_section&quot;:&quot;section-stretched&quot;}\">\n\t\t\t\t\t\t<div class=\"elementor-container elementor-column-gap-default\">\n\t\t\t\t\t<div class=\"elementor-column elementor-col-100 elementor-top-column elementor-element elementor-element-803742e\" data-id=\"803742e\" data-element_type=\"column\" data-e-type=\"column\">\n\t\t\t<div class=\"elementor-widget-wrap elementor-element-populated\">\n\t\t\t\t\t\t<div class=\"elementor-element elementor-element-4ba325f elementor-widget elementor-widget-heading\" data-id=\"4ba325f\" data-element_type=\"widget\" data-e-type=\"widget\" data-widget_type=\"heading.default\">\n\t\t\t\t<div class=\"elementor-widget-container\">\n\t\t\t\t\t<h2 class=\"elementor-heading-title elementor-size-default\">D\u00e9couvrez nos camping-cars \u00e0 Spire<\/h2>\t\t\t\t<\/div>\n\t\t\t\t<\/div>\n\t\t\t\t<div class=\"elementor-element elementor-element-40f9780 elementor-widget elementor-widget-text-editor\" data-id=\"40f9780\" data-element_type=\"widget\" data-e-type=\"widget\" data-widget_type=\"text-editor.default\">\n\t\t\t\t<div class=\"elementor-widget-container\">\n\t\t\t\t\t\t\t\t\t<p><strong>Bienvenue chez Ahorn Camp Speyer. Votre plus grand Ahorn Camp \u00e9tablissement en Allemagne.<\/strong><\/p><p>Avec plus de 330 v\u00e9hicules sur site et une \u00e9quipe exp\u00e9riment\u00e9e, vous trouverez ici tout ce que le c\u0153ur du campeur d\u00e9sire : camping-cars, vans am\u00e9nag\u00e9s et conseils comp\u00e9tents sur place.<\/p><p>Que ce soit pour l'achat, l'entretien ou le service, notre site de Speyer r\u00e9unit conseil, vente et comp\u00e9tences en atelier. Dans notre centre de service moderne situ\u00e9 Franz-Kirrmeier-Stra\u00dfe 21a, nos experts s'occupent de votre v\u00e9hicule en toute fiabilit\u00e9 \u2013 avant et apr\u00e8s l'achat.<\/p>\t\t\t\t\t\t\t\t<\/div>\n\t\t\t\t<\/div>\n\t\t\t\t\t<\/div>\n\t\t<\/div>\n\t\t\t\t\t<\/div>\n\t\t<\/section>\n\t\t\t\t<section class=\"elementor-section elementor-top-section elementor-element elementor-element-47a2f70 elementor-section-stretched elementor-section-boxed elementor-section-height-default elementor-section-height-default\" data-id=\"47a2f70\" data-element_type=\"section\" data-e-type=\"section\" data-settings=\"{&quot;stretch_section&quot;:&quot;section-stretched&quot;}\">\n\t\t\t\t\t\t<div class=\"elementor-container elementor-column-gap-default\">\n\t\t\t\t\t<div class=\"elementor-column elementor-col-100 elementor-top-column elementor-element elementor-element-d0dd9c1\" data-id=\"d0dd9c1\" data-element_type=\"column\" data-e-type=\"column\">\n\t\t\t<div class=\"elementor-widget-wrap elementor-element-populated\">\n\t\t\t\t\t\t<div class=\"elementor-element elementor-element-b82496c elementor-widget elementor-widget-heading\" data-id=\"b82496c\" data-element_type=\"widget\" data-e-type=\"widget\" data-widget_type=\"heading.default\">\n\t\t\t\t<div class=\"elementor-widget-container\">\n\t\t\t\t\t<h2 class=\"elementor-heading-title elementor-size-default\">D\u00e9couvrez nos mod\u00e8les<\/h2>\t\t\t\t<\/div>\n\t\t\t\t<\/div>\n\t\t\t\t\t<\/div>\n\t\t<\/div>\n\t\t\t\t\t<\/div>\n\t\t<\/section>\n\t\t\t\t<section class=\"elementor-section elementor-top-section elementor-element elementor-element-3b25cf4 elementor-section-stretched elementor-section-boxed elementor-section-height-default elementor-section-height-default\" data-id=\"3b25cf4\" data-element_type=\"section\" data-e-type=\"section\" data-settings=\"{&quot;stretch_section&quot;:&quot;section-stretched&quot;}\">\n\t\t\t\t\t\t<div class=\"elementor-container elementor-column-gap-default\">\n\t\t\t\t\t<div class=\"elementor-column elementor-col-25 elementor-top-column elementor-element elementor-element-a2ac665\" data-id=\"a2ac665\" data-element_type=\"column\" data-e-type=\"column\" data-settings=\"{&quot;background_background&quot;:&quot;classic&quot;}\">\n\t\t\t<div class=\"elementor-widget-wrap elementor-element-populated\">\n\t\t\t\t\t\t<div class=\"elementor-element elementor-element-1e75196 elementor-widget elementor-widget-image\" data-id=\"1e75196\" data-element_type=\"widget\" data-e-type=\"widget\" data-widget_type=\"image.default\">\n\t\t\t\t<div class=\"elementor-widget-container\">\n\t\t\t\t\t\t\t\t\t\t\t\t\t\t\t\t<a href=\"https:\/\/ahorn-camp.de\/fr\/ahorn-camping-cars\/campervan\/\">\n\t\t\t\t\t\t\t<img fetchpriority=\"high\" decoding=\"async\" width=\"1024\" height=\"576\" src=\"https:\/\/ahorn-camp.de\/wp-content\/uploads\/2025\/08\/360-Van-V630_00007-1-1024x576.webp\" class=\"elementor-animation-grow attachment-large size-large wp-image-32579\" alt=\"Nouveaux mod\u00e8les V630\" srcset=\"https:\/\/ahorn-camp.de\/wp-content\/uploads\/2025\/08\/360-Van-V630_00007-1-1024x576.webp 1024w, https:\/\/ahorn-camp.de\/wp-content\/uploads\/2025\/08\/360-Van-V630_00007-1-300x169.webp 300w, https:\/\/ahorn-camp.de\/wp-content\/uploads\/2025\/08\/360-Van-V630_00007-1-768x432.webp 768w, https:\/\/ahorn-camp.de\/wp-content\/uploads\/2025\/08\/360-Van-V630_00007-1-800x450.webp 800w, https:\/\/ahorn-camp.de\/wp-content\/uploads\/2025\/08\/360-Van-V630_00007-1-18x10.webp 18w, https:\/\/ahorn-camp.de\/wp-content\/uploads\/2025\/08\/360-Van-V630_00007-1.webp 1280w\" sizes=\"(max-width: 1024px) 100vw, 1024px\" \/>\t\t\t\t\t\t\t\t<\/a>\n\t\t\t\t\t\t\t\t\t\t\t\t\t\t\t<\/div>\n\t\t\t\t<\/div>\n\t\t\t\t<div class=\"elementor-element elementor-element-451a4df elementor-widget elementor-widget-heading\" data-id=\"451a4df\" data-element_type=\"widget\" data-e-type=\"widget\" data-widget_type=\"heading.default\">\n\t\t\t\t<div class=\"elementor-widget-container\">\n\t\t\t\t\t<h3 class=\"elementor-heading-title elementor-size-default\"><a href=\"#campervans\">Vans<\/a><\/h3>\t\t\t\t<\/div>\n\t\t\t\t<\/div>\n\t\t\t\t<div class=\"elementor-element elementor-element-e5b5e3a elementor-align-center elementor-widget elementor-widget-button\" data-id=\"e5b5e3a\" data-element_type=\"widget\" data-e-type=\"widget\" data-widget_type=\"button.default\">\n\t\t\t\t<div class=\"elementor-widget-container\">\n\t\t\t\t\t\t\t\t\t<div class=\"elementor-button-wrapper\">\n\t\t\t\t\t<a class=\"elementor-button elementor-button-link elementor-size-sm\" href=\"https:\/\/ahorn-camp.de\/fr\/ahorn-camping-cars\/campervan\/\">\n\t\t\t\t\t\t<span class=\"elementor-button-content-wrapper\">\n\t\t\t\t\t\t\t\t\t<span class=\"elementor-button-text\">D\u00e9couvrir maintenant<\/span>\n\t\t\t\t\t<\/span>\n\t\t\t\t\t<\/a>\n\t\t\t\t<\/div>\n\t\t\t\t\t\t\t\t<\/div>\n\t\t\t\t<\/div>\n\t\t\t\t\t<\/div>\n\t\t<\/div>\n\t\t\t\t<div class=\"elementor-column elementor-col-25 elementor-top-column elementor-element elementor-element-81749d9\" data-id=\"81749d9\" data-element_type=\"column\" data-e-type=\"column\" data-settings=\"{&quot;background_background&quot;:&quot;classic&quot;}\">\n\t\t\t<div class=\"elementor-widget-wrap elementor-element-populated\">\n\t\t\t\t\t\t<div class=\"elementor-element elementor-element-8e4099c elementor-widget elementor-widget-image\" data-id=\"8e4099c\" data-element_type=\"widget\" data-e-type=\"widget\" data-widget_type=\"image.default\">\n\t\t\t\t<div class=\"elementor-widget-container\">\n\t\t\t\t\t\t\t\t\t\t\t\t\t\t\t\t<a href=\"https:\/\/ahorn-camp.de\/fr\/ahorn-camping-cars\/camping-cars-profiles\/\">\n\t\t\t\t\t\t\t<img decoding=\"async\" width=\"1024\" height=\"576\" src=\"https:\/\/ahorn-camp.de\/wp-content\/uploads\/2025\/08\/360-Reisemobil-TG-690_00007-1-1024x576.webp\" class=\"elementor-animation-grow attachment-large size-large wp-image-32578\" alt=\"Nouveaux mod\u00e8les TG690\" srcset=\"https:\/\/ahorn-camp.de\/wp-content\/uploads\/2025\/08\/360-Reisemobil-TG-690_00007-1-1024x576.webp 1024w, https:\/\/ahorn-camp.de\/wp-content\/uploads\/2025\/08\/360-Reisemobil-TG-690_00007-1-300x169.webp 300w, https:\/\/ahorn-camp.de\/wp-content\/uploads\/2025\/08\/360-Reisemobil-TG-690_00007-1-768x432.webp 768w, https:\/\/ahorn-camp.de\/wp-content\/uploads\/2025\/08\/360-Reisemobil-TG-690_00007-1-800x450.webp 800w, https:\/\/ahorn-camp.de\/wp-content\/uploads\/2025\/08\/360-Reisemobil-TG-690_00007-1-18x10.webp 18w, https:\/\/ahorn-camp.de\/wp-content\/uploads\/2025\/08\/360-Reisemobil-TG-690_00007-1.webp 1280w\" sizes=\"(max-width: 1024px) 100vw, 1024px\" \/>\t\t\t\t\t\t\t\t<\/a>\n\t\t\t\t\t\t\t\t\t\t\t\t\t\t\t<\/div>\n\t\t\t\t<\/div>\n\t\t\t\t<div class=\"elementor-element elementor-element-e15c05d elementor-widget elementor-widget-heading\" data-id=\"e15c05d\" data-element_type=\"widget\" data-e-type=\"widget\" data-widget_type=\"heading.default\">\n\t\t\t\t<div class=\"elementor-widget-container\">\n\t\t\t\t\t<h3 class=\"elementor-heading-title elementor-size-default\"><a href=\"#teilintegrierte\">Profil\u00e9s<\/a><\/h3>\t\t\t\t<\/div>\n\t\t\t\t<\/div>\n\t\t\t\t<div class=\"elementor-element elementor-element-9cb61cf elementor-align-center elementor-widget elementor-widget-button\" data-id=\"9cb61cf\" data-element_type=\"widget\" data-e-type=\"widget\" data-widget_type=\"button.default\">\n\t\t\t\t<div class=\"elementor-widget-container\">\n\t\t\t\t\t\t\t\t\t<div class=\"elementor-button-wrapper\">\n\t\t\t\t\t<a class=\"elementor-button elementor-button-link elementor-size-sm\" href=\"https:\/\/ahorn-camp.de\/fr\/ahorn-camping-cars\/camping-cars-profiles\/\">\n\t\t\t\t\t\t<span class=\"elementor-button-content-wrapper\">\n\t\t\t\t\t\t\t\t\t<span class=\"elementor-button-text\">D\u00e9couvrir maintenant<\/span>\n\t\t\t\t\t<\/span>\n\t\t\t\t\t<\/a>\n\t\t\t\t<\/div>\n\t\t\t\t\t\t\t\t<\/div>\n\t\t\t\t<\/div>\n\t\t\t\t\t<\/div>\n\t\t<\/div>\n\t\t\t\t<div class=\"elementor-column elementor-col-25 elementor-top-column elementor-element elementor-element-250a5ec\" data-id=\"250a5ec\" data-element_type=\"column\" data-e-type=\"column\" data-settings=\"{&quot;background_background&quot;:&quot;classic&quot;}\">\n\t\t\t<div class=\"elementor-widget-wrap elementor-element-populated\">\n\t\t\t\t\t\t<div class=\"elementor-element elementor-element-7076926 elementor-widget elementor-widget-image\" data-id=\"7076926\" data-element_type=\"widget\" data-e-type=\"widget\" data-widget_type=\"image.default\">\n\t\t\t\t<div class=\"elementor-widget-container\">\n\t\t\t\t\t\t\t\t\t\t\t\t\t\t\t\t<a href=\"https:\/\/ahorn-camp.de\/fr\/ahorn-camping-cars\/capucines-camping-cars\/\">\n\t\t\t\t\t\t\t<img decoding=\"async\" width=\"1024\" height=\"576\" src=\"https:\/\/ahorn-camp.de\/wp-content\/uploads\/2025\/08\/360-Reisemobil-A690_00007-1024x576.webp\" class=\"elementor-animation-grow attachment-large size-large wp-image-32580\" alt=\"Nouveaux mod\u00e8les A690\" srcset=\"https:\/\/ahorn-camp.de\/wp-content\/uploads\/2025\/08\/360-Reisemobil-A690_00007-1024x576.webp 1024w, https:\/\/ahorn-camp.de\/wp-content\/uploads\/2025\/08\/360-Reisemobil-A690_00007-300x169.webp 300w, https:\/\/ahorn-camp.de\/wp-content\/uploads\/2025\/08\/360-Reisemobil-A690_00007-768x432.webp 768w, https:\/\/ahorn-camp.de\/wp-content\/uploads\/2025\/08\/360-Reisemobil-A690_00007-800x450.webp 800w, https:\/\/ahorn-camp.de\/wp-content\/uploads\/2025\/08\/360-Reisemobil-A690_00007-18x10.webp 18w, https:\/\/ahorn-camp.de\/wp-content\/uploads\/2025\/08\/360-Reisemobil-A690_00007.webp 1280w\" sizes=\"(max-width: 1024px) 100vw, 1024px\" \/>\t\t\t\t\t\t\t\t<\/a>\n\t\t\t\t\t\t\t\t\t\t\t\t\t\t\t<\/div>\n\t\t\t\t<\/div>\n\t\t\t\t<div class=\"elementor-element elementor-element-27a498e elementor-widget elementor-widget-heading\" data-id=\"27a498e\" data-element_type=\"widget\" data-e-type=\"widget\" data-widget_type=\"heading.default\">\n\t\t\t\t<div class=\"elementor-widget-container\">\n\t\t\t\t\t<h3 class=\"elementor-heading-title elementor-size-default\"><a href=\"#alkoven\">Capucines<\/a><\/h3>\t\t\t\t<\/div>\n\t\t\t\t<\/div>\n\t\t\t\t<div class=\"elementor-element elementor-element-c5aeb65 elementor-align-center elementor-widget elementor-widget-button\" data-id=\"c5aeb65\" data-element_type=\"widget\" data-e-type=\"widget\" data-widget_type=\"button.default\">\n\t\t\t\t<div class=\"elementor-widget-container\">\n\t\t\t\t\t\t\t\t\t<div class=\"elementor-button-wrapper\">\n\t\t\t\t\t<a class=\"elementor-button elementor-button-link elementor-size-sm\" href=\"https:\/\/ahorn-camp.de\/fr\/ahorn-camping-cars\/capucines-camping-cars\/\">\n\t\t\t\t\t\t<span class=\"elementor-button-content-wrapper\">\n\t\t\t\t\t\t\t\t\t<span class=\"elementor-button-text\">D\u00e9couvrir maintenant<\/span>\n\t\t\t\t\t<\/span>\n\t\t\t\t\t<\/a>\n\t\t\t\t<\/div>\n\t\t\t\t\t\t\t\t<\/div>\n\t\t\t\t<\/div>\n\t\t\t\t\t<\/div>\n\t\t<\/div>\n\t\t\t\t<div class=\"elementor-column elementor-col-25 elementor-top-column elementor-element elementor-element-8fdd16b\" data-id=\"8fdd16b\" data-element_type=\"column\" data-e-type=\"column\" data-settings=\"{&quot;background_background&quot;:&quot;classic&quot;}\">\n\t\t\t<div class=\"elementor-widget-wrap elementor-element-populated\">\n\t\t\t\t\t\t<div class=\"elementor-element elementor-element-7d62f21 elementor-widget elementor-widget-image\" data-id=\"7d62f21\" data-element_type=\"widget\" data-e-type=\"widget\" data-widget_type=\"image.default\">\n\t\t\t\t<div class=\"elementor-widget-container\">\n\t\t\t\t\t\t\t\t\t\t\t\t\t\t\t\t<a href=\"https:\/\/ahorn-camp.de\/fr\/acheter-camping-car-doccasion\/\">\n\t\t\t\t\t\t\t<img loading=\"lazy\" decoding=\"async\" width=\"1024\" height=\"576\" src=\"https:\/\/ahorn-camp.de\/wp-content\/uploads\/2025\/10\/Gebrauchte-Kachel-1024x576.webp\" class=\"elementor-animation-grow attachment-large size-large wp-image-35605\" alt=\"\" srcset=\"https:\/\/ahorn-camp.de\/wp-content\/uploads\/2025\/10\/Gebrauchte-Kachel-1024x576.webp 1024w, https:\/\/ahorn-camp.de\/wp-content\/uploads\/2025\/10\/Gebrauchte-Kachel-300x169.webp 300w, https:\/\/ahorn-camp.de\/wp-content\/uploads\/2025\/10\/Gebrauchte-Kachel-768x432.webp 768w, https:\/\/ahorn-camp.de\/wp-content\/uploads\/2025\/10\/Gebrauchte-Kachel-800x450.webp 800w, https:\/\/ahorn-camp.de\/wp-content\/uploads\/2025\/10\/Gebrauchte-Kachel-18x10.webp 18w, https:\/\/ahorn-camp.de\/wp-content\/uploads\/2025\/10\/Gebrauchte-Kachel.webp 1280w\" sizes=\"(max-width: 1024px) 100vw, 1024px\" \/>\t\t\t\t\t\t\t\t<\/a>\n\t\t\t\t\t\t\t\t\t\t\t\t\t\t\t<\/div>\n\t\t\t\t<\/div>\n\t\t\t\t<div class=\"elementor-element elementor-element-c0152a6 elementor-widget elementor-widget-heading\" data-id=\"c0152a6\" data-element_type=\"widget\" data-e-type=\"widget\" data-widget_type=\"heading.default\">\n\t\t\t\t<div class=\"elementor-widget-container\">\n\t\t\t\t\t<h3 class=\"elementor-heading-title elementor-size-default\"><a href=\"#alkoven\">Occasion<\/a><\/h3>\t\t\t\t<\/div>\n\t\t\t\t<\/div>\n\t\t\t\t<div class=\"elementor-element elementor-element-3076345 elementor-align-center elementor-widget elementor-widget-button\" data-id=\"3076345\" data-element_type=\"widget\" data-e-type=\"widget\" data-widget_type=\"button.default\">\n\t\t\t\t<div class=\"elementor-widget-container\">\n\t\t\t\t\t\t\t\t\t<div class=\"elementor-button-wrapper\">\n\t\t\t\t\t<a class=\"elementor-button elementor-button-link elementor-size-sm\" href=\"https:\/\/ahorn-camp.de\/fr\/acheter-camping-car-doccasion\/\">\n\t\t\t\t\t\t<span class=\"elementor-button-content-wrapper\">\n\t\t\t\t\t\t\t\t\t<span class=\"elementor-button-text\">D\u00e9couvrir maintenant<\/span>\n\t\t\t\t\t<\/span>\n\t\t\t\t\t<\/a>\n\t\t\t\t<\/div>\n\t\t\t\t\t\t\t\t<\/div>\n\t\t\t\t<\/div>\n\t\t\t\t\t<\/div>\n\t\t<\/div>\n\t\t\t\t\t<\/div>\n\t\t<\/section>\n\t\t\t\t<section class=\"elementor-section elementor-top-section elementor-element elementor-element-b8e8f3f elementor-section-stretched elementor-section-boxed elementor-section-height-default elementor-section-height-default\" data-id=\"b8e8f3f\" data-element_type=\"section\" data-e-type=\"section\" data-settings=\"{&quot;stretch_section&quot;:&quot;section-stretched&quot;}\">\n\t\t\t\t\t\t<div class=\"elementor-container elementor-column-gap-default\">\n\t\t\t\t\t<div class=\"elementor-column elementor-col-100 elementor-top-column elementor-element elementor-element-a435c92\" data-id=\"a435c92\" data-element_type=\"column\" data-e-type=\"column\">\n\t\t\t<div class=\"elementor-widget-wrap elementor-element-populated\">\n\t\t\t\t\t\t<div class=\"elementor-element elementor-element-1d59a4d elementor-widget elementor-widget-heading\" data-id=\"1d59a4d\" data-element_type=\"widget\" data-e-type=\"widget\" data-widget_type=\"heading.default\">\n\t\t\t\t<div class=\"elementor-widget-container\">\n\t\t\t\t\t<h2 class=\"elementor-heading-title elementor-size-default\">Vente et service<\/h2>\t\t\t\t<\/div>\n\t\t\t\t<\/div>\n\t\t\t\t<div class=\"elementor-element elementor-element-e6090e2 elementor-widget elementor-widget-text-editor\" data-id=\"e6090e2\" data-element_type=\"widget\" data-e-type=\"widget\" data-widget_type=\"text-editor.default\">\n\t\t\t\t<div class=\"elementor-widget-container\">\n\t\t\t\t\t\t\t\t\t<p>En vente ou en location \u2013 chez Ahorn Camp Speyer, vous b\u00e9n\u00e9ficiez en plus d'un service d'atelier et d'accessoires de premi\u00e8re classe, de solutions de financement attractives et de la possibilit\u00e9 de reprise. D\u00e9couvrez d\u00e8s maintenant notre offre.<\/p>\t\t\t\t\t\t\t\t<\/div>\n\t\t\t\t<\/div>\n\t\t\t\t<div class=\"elementor-element elementor-element-4c4c5ab elementor-tabs-view-horizontal elementor-widget elementor-widget-tabs\" data-id=\"4c4c5ab\" data-element_type=\"widget\" data-e-type=\"widget\" data-widget_type=\"tabs.default\">\n\t\t\t\t<div class=\"elementor-widget-container\">\n\t\t\t\t\t\t\t<div class=\"elementor-tabs\">\n\t\t\t<div class=\"elementor-tabs-wrapper\" role=\"tablist\" >\n\t\t\t\t\t\t\t\t\t<div id=\"elementor-tab-title-8001\" class=\"elementor-tab-title elementor-tab-desktop-title\" aria-selected=\"true\" data-tab=\"1\" role=\"tab\" tabindex=\"0\" aria-controls=\"elementor-tab-content-8001\" aria-expanded=\"false\">Kontakt Camp<\/div>\n\t\t\t\t\t\t\t\t\t<div id=\"elementor-tab-title-8002\" class=\"elementor-tab-title elementor-tab-desktop-title\" aria-selected=\"false\" data-tab=\"2\" role=\"tab\" tabindex=\"-1\" aria-controls=\"elementor-tab-content-8002\" aria-expanded=\"false\">Contact Service<\/div>\n\t\t\t\t\t\t\t\t\t<div id=\"elementor-tab-title-8003\" class=\"elementor-tab-title elementor-tab-desktop-title\" aria-selected=\"false\" data-tab=\"3\" role=\"tab\" tabindex=\"-1\" aria-controls=\"elementor-tab-content-8003\" aria-expanded=\"false\">Location Ahorn<\/div>\n\t\t\t\t\t\t\t\t\t<div id=\"elementor-tab-title-8004\" class=\"elementor-tab-title elementor-tab-desktop-title\" aria-selected=\"false\" data-tab=\"4\" role=\"tab\" tabindex=\"-1\" aria-controls=\"elementor-tab-content-8004\" aria-expanded=\"false\">Emplacement et horaires d'ouverture<\/div>\n\t\t\t\t\t\t\t<\/div>\n\t\t\t<div class=\"elementor-tabs-content-wrapper\" role=\"tablist\" aria-orientation=\"vertical\">\n\t\t\t\t\t\t\t\t\t<div class=\"elementor-tab-title elementor-tab-mobile-title\" aria-selected=\"true\" data-tab=\"1\" role=\"tab\" tabindex=\"0\" aria-controls=\"elementor-tab-content-8001\" aria-expanded=\"false\">Kontakt Camp<\/div>\n\t\t\t\t\t<div id=\"elementor-tab-content-8001\" class=\"elementor-tab-content elementor-clearfix\" data-tab=\"1\" role=\"tabpanel\" aria-labelledby=\"elementor-tab-title-8001\" tabindex=\"0\" hidden=\"false\"><table class=\"ac-table\" role=\"presentation\">\n<tbody>\n<tr><!-- Linke Spalte: Bild -->\n<td class=\"ac-img\" style=\"width: 48%;\"><img decoding=\"async\" src=\"https:\/\/ahorn-camp.de\/wp-content\/uploads\/2024\/06\/Speyer.png\" alt=\"Ahorn Camp Francfort \u2013 Service et prise de rendez-vous\" \/><\/td>\n<!-- Rechte Spalte: Text & Button -->\n<td class=\"ac-content\">\n<h2>Avez-vous des questions sur l'achat ou souhaitez-vous obtenir des conseils ?<\/h2>\nNotre \u00e9quipe \u00e0 Spire vous aide volontiers \u00e0 trouver le camping-car id\u00e9al. Personnellement, avec comp\u00e9tence et passion pour le voyage en mobilit\u00e9.\n<h3 style=\"color: #000;\">T\u00e9l\u00e9phone<\/h3>\n+49 (0) 6232 10028-120\n<h3 style=\"color: #000;\">Email<\/h3>\n<p>verkauf@ahorn-camp.de<\/p>\n\n<a class=\"ac-button\" href=\"https:\/\/fr57v.share-eu1.hsforms.com\/2i5lg4cYoSMKiJ6Jk3dzlaQ\">Pour prendre rendez-vous en ligne<\/a><\/td>\n<\/tr>\n<\/tbody>\n<\/table><\/div>\n\t\t\t\t\t\t\t\t\t<div class=\"elementor-tab-title elementor-tab-mobile-title\" aria-selected=\"false\" data-tab=\"2\" role=\"tab\" tabindex=\"-1\" aria-controls=\"elementor-tab-content-8002\" aria-expanded=\"false\">Contact Service<\/div>\n\t\t\t\t\t<div id=\"elementor-tab-content-8002\" class=\"elementor-tab-content elementor-clearfix\" data-tab=\"2\" role=\"tabpanel\" aria-labelledby=\"elementor-tab-title-8002\" tabindex=\"0\" hidden=\"hidden\"><table class=\"ac-table\" role=\"presentation\">\n<tbody>\n<tr><!-- Linke Spalte: Bild -->\n<td class=\"ac-img\" style=\"width: 48%;\"><img decoding=\"async\" src=\"https:\/\/ahorn-camp.de\/wp-content\/uploads\/2024\/06\/Speyer.png\" alt=\"Ahorn Camp Francfort \u2013 Service et prise de rendez-vous\" \/><\/td>\n<!-- Rechte Spalte: Text & Button -->\n<td class=\"ac-content\">\n<h2>Votre camping-car a besoin d'un service ou d'une maintenance ?<\/h2>\nNotre \u00e9quipe de service s'occupe de mani\u00e8re fiable de l'inspection, de la r\u00e9paration et de la modernisation afin que vous puissiez vous d\u00e9placer en toute s\u00e9curit\u00e9.\n<h3 style=\"color: #000;\">T\u00e9l\u00e9phone<\/h3>\n+49 (0) 6232 10028-202\n<h3 style=\"color: #000;\">Email<\/h3>\n<p>service@ahorn-camp.de<\/p>\n\n<a class=\"ac-button\" href=\"https:\/\/share-eu1.hsforms.com\/1WmjwtXztTTi1UMnVZPkAIAfr57v\">Demande de service<\/a><\/td>\n<\/tr>\n<\/tbody>\n<\/table><\/div>\n\t\t\t\t\t\t\t\t\t<div class=\"elementor-tab-title elementor-tab-mobile-title\" aria-selected=\"false\" data-tab=\"3\" role=\"tab\" tabindex=\"-1\" aria-controls=\"elementor-tab-content-8003\" aria-expanded=\"false\">Location Ahorn<\/div>\n\t\t\t\t\t<div id=\"elementor-tab-content-8003\" class=\"elementor-tab-content elementor-clearfix\" data-tab=\"3\" role=\"tabpanel\" aria-labelledby=\"elementor-tab-title-8003\" tabindex=\"0\" hidden=\"hidden\"><table class=\"ac-table\" role=\"presentation\">\n<tbody>\n<tr><!-- Linke Spalte: Bild -->\n<td class=\"ac-img\" style=\"width: 48%;\"><img decoding=\"async\" src=\"https:\/\/ahorn-camp.de\/wp-content\/uploads\/2024\/06\/Speyer.png\" alt=\"Ahorn Camp Francfort \u2013 Service et prise de rendez-vous\" \/><\/td>\n<!-- Rechte Spalte: Text & Button -->\n<td class=\"ac-content\">\n<h2>Louer un camping-car ? Pas de probl\u00e8me !<\/h2>\nVisitez Ahorn Rent et vivez des vacances inoubliables !\n\n<a class=\"ac-button\" style=\"background: #ff0000 !important; color: #fff !important;\" href=\"#termin\">\n\u00c0 propos de nos mod\u00e8les de location\n<\/a><\/td>\n<\/tr>\n<\/tbody>\n<\/table><\/div>\n\t\t\t\t\t\t\t\t\t<div class=\"elementor-tab-title elementor-tab-mobile-title\" aria-selected=\"false\" data-tab=\"4\" role=\"tab\" tabindex=\"-1\" aria-controls=\"elementor-tab-content-8004\" aria-expanded=\"false\">Emplacement et horaires d'ouverture<\/div>\n\t\t\t\t\t<div id=\"elementor-tab-content-8004\" class=\"elementor-tab-content elementor-clearfix\" data-tab=\"4\" role=\"tabpanel\" aria-labelledby=\"elementor-tab-title-8004\" tabindex=\"0\" hidden=\"hidden\"><table class=\"ac-table\" role=\"presentation\"><tbody><tr><!-- Linke Spalte: Bild --><td class=\"ac-img\" style=\"width: 48%;\"><img decoding=\"async\" src=\"https:\/\/ahorn-camp.de\/wp-content\/uploads\/2024\/06\/Speyer.png\" alt=\"Ahorn Camp Francfort \u2013 Service et prise de rendez-vous\" \/><\/td><!-- Rechte Spalte: Text & Button --><td class=\"ac-content\"><h3 style=\"color: #000;\">Vente de site<\/h3><p>8, rue Franz-Kirrmeier<br \/>67346 Spire<\/p><h3 style=\"color: #000;\">Service de localisation<\/h3><p>Rue Franz-Kirrmeier 21a<br \/>67346 Spire<\/p><h3 style=\"color: #000;\">Heures d'ouverture de la vente<\/h3><p>Lu \u2013 Ve : 10h00 \u2013 18h00<br \/>Samedi : 10h00 \u2013 16h00<br \/>Samedi et f\u00eates : jour de visite 10h - 16h<\/p><h3 style=\"color: #000;\">Horaires d'ouverture du service<\/h3><p>Lu \u2013 Ve : 09h00 \u2013 17h30<\/p><\/td><\/tr><\/tbody><\/table><\/div>\n\t\t\t\t\t\t\t<\/div>\n\t\t<\/div>\n\t\t\t\t\t\t<\/div>\n\t\t\t\t<\/div>\n\t\t\t\t\t<\/div>\n\t\t<\/div>\n\t\t\t\t\t<\/div>\n\t\t<\/section>\n\t\t\t\t<section class=\"elementor-section elementor-top-section elementor-element elementor-element-f615f38 elementor-section-stretched elementor-section-boxed elementor-section-height-default elementor-section-height-default\" data-id=\"f615f38\" data-element_type=\"section\" data-e-type=\"section\" data-settings=\"{&quot;stretch_section&quot;:&quot;section-stretched&quot;,&quot;background_background&quot;:&quot;classic&quot;}\">\n\t\t\t\t\t\t<div class=\"elementor-container elementor-column-gap-default\">\n\t\t\t\t\t<div class=\"elementor-column elementor-col-100 elementor-top-column elementor-element elementor-element-1504d50\" data-id=\"1504d50\" data-element_type=\"column\" data-e-type=\"column\">\n\t\t\t<div class=\"elementor-widget-wrap elementor-element-populated\">\n\t\t\t\t\t\t<section class=\"elementor-section elementor-inner-section elementor-element elementor-element-507e827 elementor-reverse-tablet elementor-reverse-mobile elementor-section-boxed elementor-section-height-default elementor-section-height-default\" data-id=\"507e827\" data-element_type=\"section\" data-e-type=\"section\">\n\t\t\t\t\t\t<div class=\"elementor-container elementor-column-gap-default\">\n\t\t\t\t\t<div class=\"elementor-column elementor-col-50 elementor-inner-column elementor-element elementor-element-81f0798\" data-id=\"81f0798\" data-element_type=\"column\" data-e-type=\"column\">\n\t\t\t<div class=\"elementor-widget-wrap elementor-element-populated\">\n\t\t\t\t\t\t<div class=\"elementor-element elementor-element-aa2e4b7 elementor-widget elementor-widget-heading\" data-id=\"aa2e4b7\" data-element_type=\"widget\" data-e-type=\"widget\" data-widget_type=\"heading.default\">\n\t\t\t\t<div class=\"elementor-widget-container\">\n\t\t\t\t\t<h2 class=\"elementor-heading-title elementor-size-default\">Offres actuelles<\/h2>\t\t\t\t<\/div>\n\t\t\t\t<\/div>\n\t\t\t\t<div class=\"elementor-element elementor-element-030dd4e elementor-widget elementor-widget-text-editor\" data-id=\"030dd4e\" data-element_type=\"widget\" data-e-type=\"widget\" data-widget_type=\"text-editor.default\">\n\t\t\t\t<div class=\"elementor-widget-container\">\n\t\t\t\t\t\t\t\t\t<p>D\u00e9couvrez nos offres actuelles sur les Ahorn Camp camping-cars et vans am\u00e9nag\u00e9s. R\u00e9jouissez-vous de v\u00e9ritables moments forts. D\u00e9couvrez d\u00e8s maintenant et s\u00e9curisez le v\u00e9hicule de vos r\u00eaves au meilleur prix.<\/p>\t\t\t\t\t\t\t\t<\/div>\n\t\t\t\t<\/div>\n\t\t\t\t<div class=\"elementor-element elementor-element-dc7fab4 elementor-align-left elementor-widget elementor-widget-button\" data-id=\"dc7fab4\" data-element_type=\"widget\" data-e-type=\"widget\" data-widget_type=\"button.default\">\n\t\t\t\t<div class=\"elementor-widget-container\">\n\t\t\t\t\t\t\t\t\t<div class=\"elementor-button-wrapper\">\n\t\t\t\t\t<a class=\"elementor-button elementor-button-link elementor-size-sm\" href=\"https:\/\/ahorn-camp.de\/fr\/offres\/\">\n\t\t\t\t\t\t<span class=\"elementor-button-content-wrapper\">\n\t\t\t\t\t\t\t\t\t<span class=\"elementor-button-text\">S\u00e9curisez vos offres maintenant<\/span>\n\t\t\t\t\t<\/span>\n\t\t\t\t\t<\/a>\n\t\t\t\t<\/div>\n\t\t\t\t\t\t\t\t<\/div>\n\t\t\t\t<\/div>\n\t\t\t\t\t<\/div>\n\t\t<\/div>\n\t\t\t\t<div class=\"elementor-column elementor-col-50 elementor-inner-column elementor-element elementor-element-90d5230\" data-id=\"90d5230\" data-element_type=\"column\" data-e-type=\"column\">\n\t\t\t<div class=\"elementor-widget-wrap elementor-element-populated\">\n\t\t\t\t\t\t<div class=\"elementor-element elementor-element-da47f4d elementor-widget elementor-widget-image\" data-id=\"da47f4d\" data-element_type=\"widget\" data-e-type=\"widget\" data-widget_type=\"image.default\">\n\t\t\t\t<div class=\"elementor-widget-container\">\n\t\t\t\t\t\t\t\t\t\t\t\t\t\t\t<img loading=\"lazy\" decoding=\"async\" width=\"819\" height=\"1024\" src=\"https:\/\/ahorn-camp.de\/wp-content\/uploads\/2025\/10\/Vermietruecklaeufer_1080x1350px-819x1024.webp\" class=\"attachment-large size-large wp-image-35378\" alt=\"Retour de loyer\" srcset=\"https:\/\/ahorn-camp.de\/wp-content\/uploads\/2025\/10\/Vermietruecklaeufer_1080x1350px-819x1024.webp 819w, https:\/\/ahorn-camp.de\/wp-content\/uploads\/2025\/10\/Vermietruecklaeufer_1080x1350px-240x300.webp 240w, https:\/\/ahorn-camp.de\/wp-content\/uploads\/2025\/10\/Vermietruecklaeufer_1080x1350px-768x960.webp 768w, https:\/\/ahorn-camp.de\/wp-content\/uploads\/2025\/10\/Vermietruecklaeufer_1080x1350px-480x600.webp 480w, https:\/\/ahorn-camp.de\/wp-content\/uploads\/2025\/10\/Vermietruecklaeufer_1080x1350px-10x12.webp 10w, https:\/\/ahorn-camp.de\/wp-content\/uploads\/2025\/10\/Vermietruecklaeufer_1080x1350px-800x1000.webp 800w, https:\/\/ahorn-camp.de\/wp-content\/uploads\/2025\/10\/Vermietruecklaeufer_1080x1350px.webp 1080w\" sizes=\"(max-width: 819px) 100vw, 819px\" \/>\t\t\t\t\t\t\t\t\t\t\t\t\t\t\t<\/div>\n\t\t\t\t<\/div>\n\t\t\t\t\t<\/div>\n\t\t<\/div>\n\t\t\t\t\t<\/div>\n\t\t<\/section>\n\t\t\t\t\t<\/div>\n\t\t<\/div>\n\t\t\t\t\t<\/div>\n\t\t<\/section>\n\t\t\t\t<section class=\"elementor-section elementor-top-section elementor-element elementor-element-05d18bd elementor-section-stretched elementor-section-boxed elementor-section-height-default elementor-section-height-default\" data-id=\"05d18bd\" data-element_type=\"section\" data-e-type=\"section\" data-settings=\"{&quot;stretch_section&quot;:&quot;section-stretched&quot;}\">\n\t\t\t\t\t\t<div class=\"elementor-container elementor-column-gap-default\">\n\t\t\t\t\t<div class=\"elementor-column elementor-col-100 elementor-top-column elementor-element elementor-element-734e079\" data-id=\"734e079\" data-element_type=\"column\" data-e-type=\"column\">\n\t\t\t<div class=\"elementor-widget-wrap elementor-element-populated\">\n\t\t\t\t\t\t<div class=\"elementor-element elementor-element-01b9643 elementor-widget elementor-widget-heading\" data-id=\"01b9643\" data-element_type=\"widget\" data-e-type=\"widget\" data-widget_type=\"heading.default\">\n\t\t\t\t<div class=\"elementor-widget-container\">\n\t\t\t\t\t<h2 class=\"elementor-heading-title elementor-size-default\">Une qualit\u00e9 exceptionnelle qui inspire confiance<\/h2>\t\t\t\t<\/div>\n\t\t\t\t<\/div>\n\t\t\t\t<div class=\"elementor-element elementor-element-bc02c94 elementor-testimonial--align-left elementor-testimonial--skin-default elementor-testimonial--layout-image_inline elementor-pagination-type-bullets elementor-widget elementor-widget-testimonial-carousel\" data-id=\"bc02c94\" data-element_type=\"widget\" data-e-type=\"widget\" data-settings=\"{&quot;slides_per_view&quot;:&quot;2&quot;,&quot;lazyload&quot;:&quot;yes&quot;,&quot;pagination&quot;:&quot;bullets&quot;,&quot;speed&quot;:500,&quot;autoplay&quot;:&quot;yes&quot;,&quot;autoplay_speed&quot;:5000,&quot;loop&quot;:&quot;yes&quot;,&quot;pause_on_hover&quot;:&quot;yes&quot;,&quot;pause_on_interaction&quot;:&quot;yes&quot;,&quot;space_between&quot;:{&quot;unit&quot;:&quot;px&quot;,&quot;size&quot;:10,&quot;sizes&quot;:[]},&quot;space_between_tablet&quot;:{&quot;unit&quot;:&quot;px&quot;,&quot;size&quot;:10,&quot;sizes&quot;:[]},&quot;space_between_mobile&quot;:{&quot;unit&quot;:&quot;px&quot;,&quot;size&quot;:10,&quot;sizes&quot;:[]}}\" data-widget_type=\"testimonial-carousel.default\">\n\t\t\t\t<div class=\"elementor-widget-container\">\n\t\t\t\t\t\t\t\t\t<div class=\"elementor-swiper\">\n\t\t\t\t\t<div class=\"elementor-main-swiper swiper\" role=\"region\" aria-roledescription=\"carousel\" aria-label=\"Slider\">\n\t\t\t\t<div class=\"swiper-wrapper\">\n\t\t\t\t\t\t\t\t\t\t\t<div class=\"swiper-slide\" role=\"group\" aria-roledescription=\"slide\">\n\t\t\t\t\t\t\t\t\t<div class=\"elementor-testimonial\">\n\t\t\t\t\t\t\t<div class=\"elementor-testimonial__content\">\n\t\t\t\t\t<div class=\"elementor-testimonial__text\">\n\t\t\t\t\t\tCet \u00e9t\u00e9, Ahorn Cap frappe un double coup.\t\t\t\t\t<\/div>\n\t\t\t\t\t\t\t\t\t<\/div>\n\t\t\t\t\t\t<div class=\"elementor-testimonial__footer\">\n\t\t\t\t\t\t\t\t\t<div class=\"elementor-testimonial__image\">\n\t\t\t\t\t\t<img class=\"swiper-lazy\" data-src=\"https:\/\/ahorn-camp.de\/wp-content\/uploads\/2025\/10\/Logo-Autobild.svg\" alt=\"logo Autobild\">\n\t\t\t\t\t\t\t\t\t\t\t\t\t<div class=\"swiper-lazy-preloader\"><\/div>\n\t\t\t\t\t\t\t\t\t\t\t<\/div>\n\t\t\t\t\t\t\t\t<cite class=\"elementor-testimonial__cite\"><span class=\"elementor-testimonial__name\">Auto Bild<\/span><\/cite>\t\t\t<\/div>\n\t\t<\/div>\n\t\t\t\t\t\t\t\t<\/div>\n\t\t\t\t\t\t\t\t\t\t\t<div class=\"swiper-slide\" role=\"group\" aria-roledescription=\"slide\">\n\t\t\t\t\t\t\t\t\t<div class=\"elementor-testimonial\">\n\t\t\t\t\t\t\t<div class=\"elementor-testimonial__content\">\n\t\t\t\t\t<div class=\"elementor-testimonial__text\">\n\t\t\t\t\t\tAhorn Camp, bas\u00e9 \u00e0 Spire, d\u00e9marre l'avenir et la prochaine saison de mod\u00e8les avec dynamisme.\t\t\t\t\t<\/div>\n\t\t\t\t\t\t\t\t\t<\/div>\n\t\t\t\t\t\t<div class=\"elementor-testimonial__footer\">\n\t\t\t\t\t\t\t\t\t<div class=\"elementor-testimonial__image\">\n\t\t\t\t\t\t<img class=\"swiper-lazy\" data-src=\"https:\/\/ahorn-camp.de\/wp-content\/uploads\/2025\/10\/Reisemobil-International.svg\" alt=\"Logo Reisemobil International\">\n\t\t\t\t\t\t\t\t\t\t\t\t\t<div class=\"swiper-lazy-preloader\"><\/div>\n\t\t\t\t\t\t\t\t\t\t\t<\/div>\n\t\t\t\t\t\t\t\t<cite class=\"elementor-testimonial__cite\"><span class=\"elementor-testimonial__name\">Camping-car International<\/span><\/cite>\t\t\t<\/div>\n\t\t<\/div>\n\t\t\t\t\t\t\t\t<\/div>\n\t\t\t\t\t\t\t\t\t\t\t<div class=\"swiper-slide\" role=\"group\" aria-roledescription=\"slide\">\n\t\t\t\t\t\t\t\t\t<div class=\"elementor-testimonial\">\n\t\t\t\t\t\t\t<div class=\"elementor-testimonial__content\">\n\t\t\t\t\t<div class=\"elementor-testimonial__text\">\n\t\t\t\t\t\tAvec Hymer-Connection et le nouveau Master, la marque prend d\u00e9sormais son envol.\t\t\t\t\t<\/div>\n\t\t\t\t\t\t\t\t\t<\/div>\n\t\t\t\t\t\t<div class=\"elementor-testimonial__footer\">\n\t\t\t\t\t\t\t\t\t<div class=\"elementor-testimonial__image\">\n\t\t\t\t\t\t<img class=\"swiper-lazy\" data-src=\"https:\/\/ahorn-camp.de\/wp-content\/uploads\/2025\/10\/Auto_Zeitung_logo.jpg\" alt=\"Logo d&#039;Autozeitung\">\n\t\t\t\t\t\t\t\t\t\t\t\t\t<div class=\"swiper-lazy-preloader\"><\/div>\n\t\t\t\t\t\t\t\t\t\t\t<\/div>\n\t\t\t\t\t\t\t\t<cite class=\"elementor-testimonial__cite\"><span class=\"elementor-testimonial__name\">Auto Zeitung<\/span><\/cite>\t\t\t<\/div>\n\t\t<\/div>\n\t\t\t\t\t\t\t\t<\/div>\n\t\t\t\t\t\t\t\t\t\t\t<div class=\"swiper-slide\" role=\"group\" aria-roledescription=\"slide\">\n\t\t\t\t\t\t\t\t\t<div class=\"elementor-testimonial\">\n\t\t\t\t\t\t\t<div class=\"elementor-testimonial__content\">\n\t\t\t\t\t<div class=\"elementor-testimonial__text\">\n\t\t\t\t\t\tPour de nombreux campeurs, le nouveau Renault Master, associ\u00e9 au rapport qualit\u00e9-prix caract\u00e9ristique d'Ahorn, devrait constituer une offre globale int\u00e9ressante.\t\t\t\t\t<\/div>\n\t\t\t\t\t\t\t\t\t<\/div>\n\t\t\t\t\t\t<div class=\"elementor-testimonial__footer\">\n\t\t\t\t\t\t\t\t\t<div class=\"elementor-testimonial__image\">\n\t\t\t\t\t\t<img class=\"swiper-lazy\" data-src=\"https:\/\/ahorn-camp.de\/wp-content\/uploads\/2025\/10\/Promobil.svg\" alt=\"Logo Promobil\">\n\t\t\t\t\t\t\t\t\t\t\t\t\t<div class=\"swiper-lazy-preloader\"><\/div>\n\t\t\t\t\t\t\t\t\t\t\t<\/div>\n\t\t\t\t\t\t\t\t<cite class=\"elementor-testimonial__cite\"><span class=\"elementor-testimonial__name\">Promobil<\/span><\/cite>\t\t\t<\/div>\n\t\t<\/div>\n\t\t\t\t\t\t\t\t<\/div>\n\t\t\t\t\t\t\t\t\t<\/div>\n\t\t\t\t\t\t\t\t\t\t\t\t\t\t\t\t\t\t\t\t<div class=\"swiper-pagination\"><\/div>\n\t\t\t\t\t\t\t\t\t\t\t\t<\/div>\n\t\t\t\t<\/div>\n\t\t\t\t\t\t\t\t<\/div>\n\t\t\t\t<\/div>\n\t\t\t\t\t<\/div>\n\t\t<\/div>\n\t\t\t\t\t<\/div>\n\t\t<\/section>\n\t\t\t\t<section class=\"elementor-section elementor-top-section elementor-element elementor-element-5f16929 elementor-section-stretched elementor-section-boxed elementor-section-height-default elementor-section-height-default\" data-id=\"5f16929\" data-element_type=\"section\" data-e-type=\"section\" data-settings=\"{&quot;background_background&quot;:&quot;classic&quot;,&quot;stretch_section&quot;:&quot;section-stretched&quot;}\">\n\t\t\t\t\t\t\t<div class=\"elementor-background-overlay\"><\/div>\n\t\t\t\t\t\t\t<div class=\"elementor-container elementor-column-gap-default\">\n\t\t\t\t\t<div class=\"elementor-column elementor-col-100 elementor-top-column elementor-element elementor-element-0d631d5\" data-id=\"0d631d5\" data-element_type=\"column\" data-e-type=\"column\">\n\t\t\t<div class=\"elementor-widget-wrap elementor-element-populated\">\n\t\t\t\t\t\t<div class=\"elementor-element elementor-element-01cdd4a elementor-widget elementor-widget-heading\" data-id=\"01cdd4a\" data-element_type=\"widget\" data-e-type=\"widget\" data-widget_type=\"heading.default\">\n\t\t\t\t<div class=\"elementor-widget-container\">\n\t\t\t\t\t<h2 class=\"elementor-heading-title elementor-size-default\">Actualit\u00e9s du camp Ahorn \u00e0 Speyer<\/h2>\t\t\t\t<\/div>\n\t\t\t\t<\/div>\n\t\t\t\t<div class=\"elementor-element elementor-element-2a73764 elementor-widget elementor-widget-ucaddon_content_carousel_new\" data-id=\"2a73764\" data-element_type=\"widget\" data-e-type=\"widget\" data-widget_type=\"ucaddon_content_carousel_new.default\">\n\t\t\t\t<div class=\"elementor-widget-container\">\n\t\t\t\t\t\n<!-- start Content Carousel -->\n\t\t<link id='font-awesome-css' href='https:\/\/ahorn-camp.de\/wp-content\/plugins\/unlimited-elements-for-elementor-premium\/assets_libraries\/font-awesome6\/fontawesome-all.min.css' type='text\/css' rel='stylesheet' >\n\t\t<link id='font-awesome-4-shim-css' href='https:\/\/ahorn-camp.de\/wp-content\/plugins\/unlimited-elements-for-elementor-premium\/assets_libraries\/font-awesome6\/fontawesome-v4-shims.min.css' type='text\/css' rel='stylesheet' >\n\t\t<link id='owl-carousel-css' href='https:\/\/ahorn-camp.de\/wp-content\/plugins\/unlimited-elements-for-elementor-premium\/assets_libraries\/owl-carousel-new\/assets\/owl.carousel.css' type='text\/css' rel='stylesheet' >\n\n<style>\/* widget: Content Carousel *\/\n\n#uc_content_carousel_new_elementor_2a73764{\n  position:relative;\n  min-height:1px;\n}\n\n\n\n#uc_content_carousel_new_elementor_2a73764 .owl-nav .owl-prev{\n    position:absolute;\n    display:inline-block;\n    text-align:center;\n}\n#uc_content_carousel_new_elementor_2a73764 .owl-nav .owl-next{\n  position:absolute;\n  display:inline-block;\n  text-align:center;\n}\n\n\n#uc_content_carousel_new_elementor_2a73764 .owl-dots {\noverflow:hidden;\ntext-align:center;\n}\n\n#uc_content_carousel_new_elementor_2a73764 .owl-dot {\nborder-radius:50%;\ndisplay:inline-block;\n}\n\n.uc_post_title{\n  font-size:21px;\n}\n\n\n\n\n#uc_content_carousel_new_elementor_2a73764 .uc_image_carousel_container_holder{\n  overflow:hidden;\n}\n\n#uc_content_carousel_new_elementor_2a73764 .uc_more_btn{\n  \n    display:inline-block;\n  text-decoration:none;\n  text-align:center;\n  transition:0.3s;\n}\n\n\n\n#uc_content_carousel_new_elementor_2a73764 .uc_date{\n  color:gray;\n  padding-top:10px;\n  text-style:italic;\n}\n\n\n\n\n\n\n\n\n<\/style>\n\n<div class=\"uc_overlay_image_carousel\" >\n   <div class=\"uc_carousel owl-carousel owl-theme\" id=\"uc_content_carousel_new_elementor_2a73764\" >\n   \t\t<div class=\"uc_image_carousel_container_holder\">\n    <div class=\"uc_image_carousel_placeholder\">\n    <div style=\"background-image:url(https:\/\/ahorn-camp.de\/wp-content\/uploads\/2025\/10\/Aktuelles-Fahrzeugfinder.webp);background-position:center; background-repeat:no-repeat;\" class=\"carousel-image\"><\/div>\n  <\/div>\n  \n    <div class=\"uc_image_carousel_content content-padding\">\n    \n            <div class=\"ue-title\">Le localisateur de v\u00e9hicules est arrive\u00e9 !<\/div>        <div class=\"ue-text\" ><p>D\u00e9couvrez d\u00e8s maintenant o\u00f9 se trouve votre mod\u00e8le pr\u00e9f\u00e9r\u00e9 ! Rapide, clair et interactif.<\/p><\/div>        <a class=\"ue-btn uc_more_btn\"  href=\"https:\/\/ahorn-camp.de\/fr\/trouveur-de-vehicules\/\" >Essayez maintenant !<\/a>        \n      <\/div>\n  <\/div>\n<div class=\"uc_image_carousel_container_holder\">\n    <div class=\"uc_image_carousel_placeholder\">\n    <div style=\"background-image:url(https:\/\/ahorn-camp.de\/wp-content\/uploads\/2025\/09\/az1925_Camping_Life_Trophy_Ahorn_T_690.webp);background-position:center; background-repeat:no-repeat;\" class=\"carousel-image\"><\/div>\n  <\/div>\n  \n    <div class=\"uc_image_carousel_content content-padding\">\n    \n            <div class=\"ue-title\">R\u00e9compens\u00e9 et pr\u00eat \u00e0 partir<\/div>        <div class=\"ue-text\" ><p>Le nouveau <strong data-start=\"43\" data-end=\"63\">Ahorn Camp T 690<\/strong> a remport\u00e9 le <strong data-start=\"78\" data-end=\"106\">Troph\u00e9e Vie de Camping 2025<\/strong> !<br data-start=\"116\" data-end=\"119\" \/>Ce mod\u00e8le s\u00e9duit par son design bien pens\u00e9, son grand confort et ses \u00e9quipements innovants : un v\u00e9ritable gagnant sur toute la ligne.<\/p><\/div>        <a class=\"ue-btn uc_more_btn\"  href=\"https:\/\/ahorn-camp.de\/fr\/ahorn-camping-cars\/camping-cars-profiles\/t-690\/\" >Vers le T 690<\/a>        \n      <\/div>\n  <\/div>\n<div class=\"uc_image_carousel_container_holder\">\n    <div class=\"uc_image_carousel_placeholder\">\n    <div style=\"background-image:url(https:\/\/ahorn-camp.de\/wp-content\/uploads\/2025\/07\/Neue-Modelle-Teaser-Kachel-800-x-600-px-1.png);background-position:center; background-repeat:no-repeat;\" class=\"carousel-image\"><\/div>\n  <\/div>\n  \n    <div class=\"uc_image_carousel_content content-padding\">\n    \n            <div class=\"ue-title\">Une nouvelle \u00e8re pour les camping-cars<\/div>        <div class=\"ue-text\" ><p>Un design innovant, une technologie de pointe et une qualit\u00e9 irr\u00e9prochable : les nouveaux camping-cars Ahorn Camp, bas\u00e9s sur le Renault Master enti\u00e8rement remani\u00e9, posent de nouveaux jalons. D\u00e9couvrez d\u00e8s maintenant ce que signifie l'avenir sur roues.<\/p><\/div>        <a class=\"ue-btn uc_more_btn\"  href=\"https:\/\/ahorn-camp.de\/fr\/nouveaux-modeles\/\" >D\u00e9couvrir de nouveaux mod\u00e8les<\/a>        \n      <\/div>\n  <\/div>\n<div class=\"uc_image_carousel_container_holder\">\n    <div class=\"uc_image_carousel_placeholder\">\n    <div style=\"background-image:url(https:\/\/ahorn-camp.de\/wp-content\/uploads\/2025\/07\/Renault.webp);background-position:center; background-repeat:no-repeat;\" class=\"carousel-image\"><\/div>\n  <\/div>\n  \n    <div class=\"uc_image_carousel_content content-padding\">\n    \n            <div class=\"ue-title\">Ahorn Camp camping-cars sur le nouveau Renault Master<\/div>        <div class=\"ue-text\" ><p>Renault, l'un des principaux constructeurs de v\u00e9hicules utilitaires l\u00e9gers en Europe, et Ahorn Camp, une marque de camping-cars bien \u00e9tablie en Allemagne, c\u00e9l\u00e8brent ensemble le lancement officiel de leur nouvelle g\u00e9n\u00e9ration de v\u00e9hicules de loisirs.<\/p><\/div>        <a class=\"ue-btn uc_more_btn\"  href=\"#\" >En savoir plus<\/a>        \n      <\/div>\n  <\/div>\n<div class=\"uc_image_carousel_container_holder\">\n    <div class=\"uc_image_carousel_placeholder\">\n    <div style=\"background-image:url(https:\/\/ahorn-camp.de\/wp-content\/uploads\/2025\/07\/Erwin-Hymer-X-Ahorn-Camp.webp);background-position:center; background-repeat:no-repeat;\" class=\"carousel-image\"><\/div>\n  <\/div>\n  \n    <div class=\"uc_image_carousel_content content-padding\">\n    \n            <div class=\"ue-title\">Erwin Hymer Group X Camp d'\u00e9rable<\/div>        <div class=\"ue-text\" ><p>Ahorn Camp fera d\u00e9sormais fabriquer ses camping-cars et ses monospaces de loisirs dans l'usine ultramoderne du groupe Erwin Hymer \u00e0 San Casciano. Ce partenariat promet une qualit\u00e9 de production maximale et de nouveaux standards.\u00a0<\/p><\/div>        <a class=\"ue-btn uc_more_btn\"  href=\"https:\/\/ahorn-camp.de\/fr\/erwin-hymer-group\/\" >En savoir plus<\/a>        \n      <\/div>\n  <\/div>\n\n   <\/div>\t\n<\/div>\n<!-- end Content Carousel -->\t\t\t\t<\/div>\n\t\t\t\t<\/div>\n\t\t\t\t\t<\/div>\n\t\t<\/div>\n\t\t\t\t\t<\/div>\n\t\t<\/section>\n\t\t\t\t<section class=\"elementor-section elementor-top-section elementor-element elementor-element-6d61953 elementor-section-full_width elementor-section-stretched elementor-section-height-default elementor-section-height-default\" data-id=\"6d61953\" data-element_type=\"section\" data-e-type=\"section\" data-settings=\"{&quot;stretch_section&quot;:&quot;section-stretched&quot;}\">\n\t\t\t\t\t\t<div class=\"elementor-container elementor-column-gap-default\">\n\t\t\t\t\t<div class=\"elementor-column elementor-col-100 elementor-top-column elementor-element elementor-element-cee7485\" data-id=\"cee7485\" data-element_type=\"column\" data-e-type=\"column\">\n\t\t\t<div class=\"elementor-widget-wrap elementor-element-populated\">\n\t\t\t\t\t\t<div class=\"elementor-element elementor-element-b18b6c1 elementor-widget elementor-widget-html\" data-id=\"b18b6c1\" data-element_type=\"widget\" data-e-type=\"widget\" data-widget_type=\"html.default\">\n\t\t\t\t<div class=\"elementor-widget-container\">\n\t\t\t\t\t<div class=\"karte\"><iframe src=\"https:\/\/www.google.com\/maps\/embed?pb=!1m18!1m12!1m3!1d2600.4865817813165!2d8.443299676491373!3d49.324005971399004!2m3!1f0!2f0!3f0!3m2!1i1024!2i768!4f13.1!3m3!1m2!1s0x4797b69237969123%3A0x9033709de497c00a!2sAhorn%20Camp%20GmbH!5e0!3m2!1sde!2sde!4v1720011571688!5m2!1sde!2sde\" width=\"100%\" height=\"300\" frameborder=\"0\" style=\"border:0;\" allowfullscreen=\"\" aria-hidden=\"false\" tabindex=\"0\"><\/iframe><\/div>\t\t\t\t<\/div>\n\t\t\t\t<\/div>\n\t\t\t\t\t<\/div>\n\t\t<\/div>\n\t\t\t\t\t<\/div>\n\t\t<\/section>\n\t\t\t\t<\/div>","protected":false},"excerpt":{"rendered":"<p>Ahorn Camp Speyer Entdecken Sie unsere Wohnmobile in Speyer <\/p>\n<p><strong>Willkommen bei Ahorn Camp Speyer. Ihrer gr\u00f6\u00dften Ahorn Camp Niederlassung in Deutschland.<\/strong><\/p>\n<p>Mit \u00fcber 330 Fahrzeugen auf dem Gel\u00e4nde und einem erfahrenem Team, finden Sie hier alles, was das Camperherz begehrt: Wohnmobile, Campervans und kompetente Beratung vor Ort.<\/p>\n<p>Ob Kauf, Wartung oder Service, unser Standort in Speyer vereint Beratung, Verkauf und Werkstattkompetenz. In unserem modernen Servicezentrum in der Franz-Kirrmeier-Stra\u00dfe 21a k\u00fcmmern sich unsere Fachleute zuverl\u00e4ssig um Ihr Fahrzeug \u2013 vor und nach dem Kauf.<\/p>\n<p> Entdecken Sie unsere Modelle <\/p>\n<p> <img loading=\"lazy\" loading=\"lazy\" decoding=\"async\" src=\"https:\/\/ahorn-camp.de\/wp-content\/uploads\/2025\/08\/360-Van-V630_00007-1-1024x576.webp\" sizes=\"auto, (max-width: 1024px) 100vw, 1024px\" srcset=\"https:\/\/ahorn-camp.de\/wp-content\/uploads\/2025\/08\/360-Van-V630_00007-1-1024x576.webp 1024w, https:\/\/ahorn-camp.de\/wp-content\/uploads\/2025\/08\/360-Van-V630_00007-1-300x169.webp 300w, https:\/\/ahorn-camp.de\/wp-content\/uploads\/2025\/08\/360-Van-V630_00007-1-768x432.webp 768w, https:\/\/ahorn-camp.de\/wp-content\/uploads\/2025\/08\/360-Van-V630_00007-1-800x450.webp 800w, https:\/\/ahorn-camp.de\/wp-content\/uploads\/2025\/08\/360-Van-V630_00007-1-18x10.webp 18w, https:\/\/ahorn-camp.de\/wp-content\/uploads\/2025\/08\/360-Van-V630_00007-1.webp 1280w\" alt=\"Neue Modelle V630\" width=\"1024\" height=\"576\" \/> <\/p>\n<p> Campervans <\/p>\n<p> Jetzt entdecken<\/p>\n<p> <img loading=\"lazy\" loading=\"lazy\" decoding=\"async\" src=\"https:\/\/ahorn-camp.de\/wp-content\/uploads\/2025\/08\/360-Reisemobil-TG-690_00007-1-1024x576.webp\" sizes=\"auto, (max-width: 1024px) 100vw, 1024px\" srcset=\"https:\/\/ahorn-camp.de\/wp-content\/uploads\/2025\/08\/360-Reisemobil-TG-690_00007-1-1024x576.webp 1024w, https:\/\/ahorn-camp.de\/wp-content\/uploads\/2025\/08\/360-Reisemobil-TG-690_00007-1-300x169.webp 300w, https:\/\/ahorn-camp.de\/wp-content\/uploads\/2025\/08\/360-Reisemobil-TG-690_00007-1-768x432.webp 768w, https:\/\/ahorn-camp.de\/wp-content\/uploads\/2025\/08\/360-Reisemobil-TG-690_00007-1-800x450.webp 800w, https:\/\/ahorn-camp.de\/wp-content\/uploads\/2025\/08\/360-Reisemobil-TG-690_00007-1-18x10.webp 18w, https:\/\/ahorn-camp.de\/wp-content\/uploads\/2025\/08\/360-Reisemobil-TG-690_00007-1.webp 1280w\" alt=\"Neue Modelle TG690\" width=\"1024\" height=\"576\" \/> <\/p>\n<p> Teilintegrierte <\/p>\n<p><br [...]<\/p>\n","protected":false},"author":2,"featured_media":0,"parent":0,"menu_order":0,"comment_status":"closed","ping_status":"closed","template":"elementor_header_footer","meta":{"content-type":"","footnotes":""},"class_list":["post-35798","page","type-page","status-publish","hentry"],"yoast_head":"<!-- This site is optimized with the Yoast SEO plugin v27.4 - https:\/\/yoast.com\/product\/yoast-seo-wordpress\/ -->\n<title>Wohnmobile kaufen in Speyer - Ahorn Camp | Reisemobile und Kastenwagen<\/title>\n<meta name=\"description\" content=\"Entdecken Sie hochwertige Ahorn Wohnmobile zum Kauf in Speyer. Pers\u00f6nliche Beratung, aktuelle Modelle direkt vor Ort. Jetzt Termin vereinbaren!\" \/>\n<meta name=\"robots\" content=\"index, follow, max-snippet:-1, max-image-preview:large, max-video-preview:-1\" \/>\n<link rel=\"canonical\" href=\"https:\/\/ahorn-camp.de\/fr\/speyer\/\" \/>\n<meta property=\"og:locale\" content=\"fr_FR\" \/>\n<meta property=\"og:type\" content=\"article\" \/>\n<meta property=\"og:title\" content=\"Wohnmobile kaufen in Speyer - Ahorn Camp | Reisemobile und Kastenwagen\" \/>\n<meta property=\"og:description\" content=\"Entdecken Sie hochwertige Ahorn Wohnmobile zum Kauf in Speyer. Pers\u00f6nliche Beratung, aktuelle Modelle direkt vor Ort. Jetzt Termin vereinbaren!\" \/>\n<meta property=\"og:url\" content=\"https:\/\/ahorn-camp.de\/fr\/speyer\/\" \/>\n<meta property=\"og:site_name\" content=\"Ahorn Camp | Reisemobile und Kastenwagen\" \/>\n<meta property=\"article:publisher\" content=\"https:\/\/www.facebook.com\/ahorn.wohnmobile\/\" \/>\n<meta property=\"article:modified_time\" content=\"2026-02-06T15:02:06+00:00\" \/>\n<meta property=\"og:image\" content=\"https:\/\/ahorn-camp.de\/wp-content\/uploads\/2025\/08\/360-Van-V630_00007-1-1024x576.webp\" \/>\n<meta name=\"twitter:card\" content=\"summary_large_image\" \/>\n<meta name=\"twitter:label1\" content=\"Dur\u00e9e de lecture estim\u00e9e\" \/>\n\t<meta name=\"twitter:data1\" content=\"6 minutes\" \/>\n<script type=\"application\/ld+json\" class=\"yoast-schema-graph\">{\"@context\":\"https:\\\/\\\/schema.org\",\"@graph\":[{\"@type\":\"WebPage\",\"@id\":\"https:\\\/\\\/ahorn-camp.de\\\/speyer\\\/\",\"url\":\"https:\\\/\\\/ahorn-camp.de\\\/speyer\\\/\",\"name\":\"Wohnmobile kaufen in Speyer - Ahorn Camp | Reisemobile und Kastenwagen\",\"isPartOf\":{\"@id\":\"https:\\\/\\\/ahorn-camp.de\\\/#website\"},\"primaryImageOfPage\":{\"@id\":\"https:\\\/\\\/ahorn-camp.de\\\/speyer\\\/#primaryimage\"},\"image\":{\"@id\":\"https:\\\/\\\/ahorn-camp.de\\\/speyer\\\/#primaryimage\"},\"thumbnailUrl\":\"https:\\\/\\\/ahorn-camp.de\\\/wp-content\\\/uploads\\\/2025\\\/08\\\/360-Van-V630_00007-1-1024x576.webp\",\"datePublished\":\"2025-10-23T12:00:05+00:00\",\"dateModified\":\"2026-02-06T15:02:06+00:00\",\"description\":\"Entdecken Sie hochwertige Ahorn Wohnmobile zum Kauf in Speyer. Pers\u00f6nliche Beratung, aktuelle Modelle direkt vor Ort. Jetzt Termin vereinbaren!\",\"breadcrumb\":{\"@id\":\"https:\\\/\\\/ahorn-camp.de\\\/speyer\\\/#breadcrumb\"},\"inLanguage\":\"fr-FR\",\"potentialAction\":[{\"@type\":\"ReadAction\",\"target\":[\"https:\\\/\\\/ahorn-camp.de\\\/speyer\\\/\"]}]},{\"@type\":\"ImageObject\",\"inLanguage\":\"fr-FR\",\"@id\":\"https:\\\/\\\/ahorn-camp.de\\\/speyer\\\/#primaryimage\",\"url\":\"https:\\\/\\\/ahorn-camp.de\\\/wp-content\\\/uploads\\\/2025\\\/08\\\/360-Van-V630_00007-1-1024x576.webp\",\"contentUrl\":\"https:\\\/\\\/ahorn-camp.de\\\/wp-content\\\/uploads\\\/2025\\\/08\\\/360-Van-V630_00007-1-1024x576.webp\"},{\"@type\":\"BreadcrumbList\",\"@id\":\"https:\\\/\\\/ahorn-camp.de\\\/speyer\\\/#breadcrumb\",\"itemListElement\":[{\"@type\":\"ListItem\",\"position\":1,\"name\":\"Startseite\",\"item\":\"https:\\\/\\\/ahorn-camp.de\\\/\"},{\"@type\":\"ListItem\",\"position\":2,\"name\":\"Ahorn Camp Speyer\"}]},{\"@type\":\"WebSite\",\"@id\":\"https:\\\/\\\/ahorn-camp.de\\\/#website\",\"url\":\"https:\\\/\\\/ahorn-camp.de\\\/\",\"name\":\"Ahorn Camp | Reisemobile und Kastenwagen\",\"description\":\"Seit \u00fcber 30 Jahren vermarktet das Familienunternehmen, Ahorn Camp in Speyer, erfolgreich Wohnmobile und Kastenwagen zum besten Preis-Leistungsverh\u00e4ltnis.\",\"publisher\":{\"@id\":\"https:\\\/\\\/ahorn-camp.de\\\/#organization\"},\"potentialAction\":[{\"@type\":\"SearchAction\",\"target\":{\"@type\":\"EntryPoint\",\"urlTemplate\":\"https:\\\/\\\/ahorn-camp.de\\\/?s={search_term_string}\"},\"query-input\":{\"@type\":\"PropertyValueSpecification\",\"valueRequired\":true,\"valueName\":\"search_term_string\"}}],\"inLanguage\":\"fr-FR\"},{\"@type\":\"Organization\",\"@id\":\"https:\\\/\\\/ahorn-camp.de\\\/#organization\",\"name\":\"Ahorn Camp GmbH & Co. KG\",\"url\":\"https:\\\/\\\/ahorn-camp.de\\\/\",\"logo\":{\"@type\":\"ImageObject\",\"inLanguage\":\"fr-FR\",\"@id\":\"https:\\\/\\\/ahorn-camp.de\\\/#\\\/schema\\\/logo\\\/image\\\/\",\"url\":\"https:\\\/\\\/ahorn-camp.de\\\/wp-content\\\/uploads\\\/2018\\\/12\\\/Ahorn_Logo.jpg\",\"contentUrl\":\"https:\\\/\\\/ahorn-camp.de\\\/wp-content\\\/uploads\\\/2018\\\/12\\\/Ahorn_Logo.jpg\",\"width\":1437,\"height\":1000,\"caption\":\"Ahorn Camp GmbH & Co. KG\"},\"image\":{\"@id\":\"https:\\\/\\\/ahorn-camp.de\\\/#\\\/schema\\\/logo\\\/image\\\/\"},\"sameAs\":[\"https:\\\/\\\/www.facebook.com\\\/ahorn.wohnmobile\\\/\",\"https:\\\/\\\/www.instagram.com\\\/ahorn.camp\\\/\",\"https:\\\/\\\/www.youtube.com\\\/channel\\\/UCPFbPCts1JJ_A1k9vyH0yOQ\"]}]}<\/script>\n<!-- \/ Yoast SEO plugin. -->","yoast_head_json":{"title":"Acheter des camping-cars \u00e0 Speyer - Ahorn Camp | Camping-cars et fourgons am\u00e9nag\u00e9s","description":"D\u00e9couvrez des camping-cars Ahorn de haute qualit\u00e9 \u00e0 vendre \u00e0 Speyer. Conseils personnalis\u00e9s, mod\u00e8les actuels directement sur place. Prenez rendez-vous d\u00e8s maintenant !","robots":{"index":"index","follow":"follow","max-snippet":"max-snippet:-1","max-image-preview":"max-image-preview:large","max-video-preview":"max-video-preview:-1"},"canonical":"https:\/\/ahorn-camp.de\/fr\/speyer\/","og_locale":"fr_FR","og_type":"article","og_title":"Wohnmobile kaufen in Speyer - Ahorn Camp | Reisemobile und Kastenwagen","og_description":"Entdecken Sie hochwertige Ahorn Wohnmobile zum Kauf in Speyer. Pers\u00f6nliche Beratung, aktuelle Modelle direkt vor Ort. Jetzt Termin vereinbaren!","og_url":"https:\/\/ahorn-camp.de\/fr\/speyer\/","og_site_name":"Ahorn Camp | Reisemobile und Kastenwagen","article_publisher":"https:\/\/www.facebook.com\/ahorn.wohnmobile\/","article_modified_time":"2026-02-06T15:02:06+00:00","og_image":[{"url":"https:\/\/ahorn-camp.de\/wp-content\/uploads\/2025\/08\/360-Van-V630_00007-1-1024x576.webp","type":"","width":"","height":""}],"twitter_card":"summary_large_image","twitter_misc":{"Dur\u00e9e de lecture estim\u00e9e":"6 minutes"},"schema":{"@context":"https:\/\/schema.org","@graph":[{"@type":"WebPage","@id":"https:\/\/ahorn-camp.de\/speyer\/","url":"https:\/\/ahorn-camp.de\/speyer\/","name":"Acheter des camping-cars \u00e0 Speyer - Ahorn Camp | Camping-cars et fourgons am\u00e9nag\u00e9s","isPartOf":{"@id":"https:\/\/ahorn-camp.de\/#website"},"primaryImageOfPage":{"@id":"https:\/\/ahorn-camp.de\/speyer\/#primaryimage"},"image":{"@id":"https:\/\/ahorn-camp.de\/speyer\/#primaryimage"},"thumbnailUrl":"https:\/\/ahorn-camp.de\/wp-content\/uploads\/2025\/08\/360-Van-V630_00007-1-1024x576.webp","datePublished":"2025-10-23T12:00:05+00:00","dateModified":"2026-02-06T15:02:06+00:00","description":"D\u00e9couvrez des camping-cars Ahorn de haute qualit\u00e9 \u00e0 vendre \u00e0 Speyer. Conseils personnalis\u00e9s, mod\u00e8les actuels directement sur place. Prenez rendez-vous d\u00e8s maintenant !","breadcrumb":{"@id":"https:\/\/ahorn-camp.de\/speyer\/#breadcrumb"},"inLanguage":"fr-FR","potentialAction":[{"@type":"ReadAction","target":["https:\/\/ahorn-camp.de\/speyer\/"]}]},{"@type":"ImageObject","inLanguage":"fr-FR","@id":"https:\/\/ahorn-camp.de\/speyer\/#primaryimage","url":"https:\/\/ahorn-camp.de\/wp-content\/uploads\/2025\/08\/360-Van-V630_00007-1-1024x576.webp","contentUrl":"https:\/\/ahorn-camp.de\/wp-content\/uploads\/2025\/08\/360-Van-V630_00007-1-1024x576.webp"},{"@type":"BreadcrumbList","@id":"https:\/\/ahorn-camp.de\/speyer\/#breadcrumb","itemListElement":[{"@type":"ListItem","position":1,"name":"Startseite","item":"https:\/\/ahorn-camp.de\/"},{"@type":"ListItem","position":2,"name":"Ahorn Camp Speyer"}]},{"@type":"WebSite","@id":"https:\/\/ahorn-camp.de\/#website","url":"https:\/\/ahorn-camp.de\/","name":"Ahorn Camp | Camping-cars et fourgons am\u00e9nag\u00e9s","description":"Depuis plus de 30 ans, l'entreprise familiale, Ahorn Camp \u00e0 Speyer, commercialise avec succ\u00e8s des camping-cars et des fourgons au meilleur rapport qualit\u00e9-prix.","publisher":{"@id":"https:\/\/ahorn-camp.de\/#organization"},"potentialAction":[{"@type":"SearchAction","target":{"@type":"EntryPoint","urlTemplate":"https:\/\/ahorn-camp.de\/?s={search_term_string}"},"query-input":{"@type":"PropertyValueSpecification","valueRequired":true,"valueName":"search_term_string"}}],"inLanguage":"fr-FR"},{"@type":"Organization","@id":"https:\/\/ahorn-camp.de\/#organization","name":"Ahorn Camp GmbH &amp; Co. KG","url":"https:\/\/ahorn-camp.de\/","logo":{"@type":"ImageObject","inLanguage":"fr-FR","@id":"https:\/\/ahorn-camp.de\/#\/schema\/logo\/image\/","url":"https:\/\/ahorn-camp.de\/wp-content\/uploads\/2018\/12\/Ahorn_Logo.jpg","contentUrl":"https:\/\/ahorn-camp.de\/wp-content\/uploads\/2018\/12\/Ahorn_Logo.jpg","width":1437,"height":1000,"caption":"Ahorn Camp GmbH & Co. KG"},"image":{"@id":"https:\/\/ahorn-camp.de\/#\/schema\/logo\/image\/"},"sameAs":["https:\/\/www.facebook.com\/ahorn.wohnmobile\/","https:\/\/www.instagram.com\/ahorn.camp\/","https:\/\/www.youtube.com\/channel\/UCPFbPCts1JJ_A1k9vyH0yOQ"]}]}},"_links":{"self":[{"href":"https:\/\/ahorn-camp.de\/fr\/wp-json\/wp\/v2\/pages\/35798","targetHints":{"allow":["GET"]}}],"collection":[{"href":"https:\/\/ahorn-camp.de\/fr\/wp-json\/wp\/v2\/pages"}],"about":[{"href":"https:\/\/ahorn-camp.de\/fr\/wp-json\/wp\/v2\/types\/page"}],"author":[{"embeddable":true,"href":"https:\/\/ahorn-camp.de\/fr\/wp-json\/wp\/v2\/users\/2"}],"replies":[{"embeddable":true,"href":"https:\/\/ahorn-camp.de\/fr\/wp-json\/wp\/v2\/comments?post=35798"}],"version-history":[{"count":3,"href":"https:\/\/ahorn-camp.de\/fr\/wp-json\/wp\/v2\/pages\/35798\/revisions"}],"predecessor-version":[{"id":37782,"href":"https:\/\/ahorn-camp.de\/fr\/wp-json\/wp\/v2\/pages\/35798\/revisions\/37782"}],"wp:attachment":[{"href":"https:\/\/ahorn-camp.de\/fr\/wp-json\/wp\/v2\/media?parent=35798"}],"curies":[{"name":"wp","href":"https:\/\/api.w.org\/{rel}","templated":true}]}}