{"id":34130,"date":"2025-09-23T10:44:53","date_gmt":"2025-09-23T08:44:53","guid":{"rendered":"https:\/\/ahorn-camp.de\/?page_id=34130"},"modified":"2026-03-25T08:50:09","modified_gmt":"2026-03-25T07:50:09","slug":"renault-camper","status":"publish","type":"page","link":"https:\/\/ahorn-camp.de\/fr\/renault-camper\/","title":{"rendered":"Renault Camper"},"content":{"rendered":"<div data-elementor-type=\"wp-page\" data-elementor-id=\"34130\" class=\"elementor elementor-34130\" data-elementor-post-type=\"page\">\n\t\t\t\t\t\t<section class=\"elementor-section elementor-top-section elementor-element elementor-element-79b4657 elementor-section-full_width elementor-section-stretched elementor-section-height-default elementor-section-height-default\" data-id=\"79b4657\" data-element_type=\"section\" data-e-type=\"section\" data-settings=\"{&quot;stretch_section&quot;:&quot;section-stretched&quot;,&quot;background_background&quot;:&quot;classic&quot;}\">\n\t\t\t\t\t\t<div class=\"elementor-container elementor-column-gap-default\">\n\t\t\t\t\t<div class=\"elementor-column elementor-col-100 elementor-top-column elementor-element elementor-element-b8d6da4\" data-id=\"b8d6da4\" data-element_type=\"column\" data-e-type=\"column\">\n\t\t\t<div class=\"elementor-widget-wrap elementor-element-populated\">\n\t\t\t\t\t\t<div class=\"elementor-element elementor-element-54b0088 elementor-widget elementor-widget-heading\" data-id=\"54b0088\" data-element_type=\"widget\" data-e-type=\"widget\" data-widget_type=\"heading.default\">\n\t\t\t\t<div class=\"elementor-widget-container\">\n\t\t\t\t\t<h1 class=\"elementor-heading-title elementor-size-default\">Renault Vans et camping-cars d'Ahorn Camp<\/h1>\t\t\t\t<\/div>\n\t\t\t\t<\/div>\n\t\t\t\t\t<\/div>\n\t\t<\/div>\n\t\t\t\t\t<\/div>\n\t\t<\/section>\n\t\t\t\t<section class=\"elementor-section elementor-top-section elementor-element elementor-element-2df3401 elementor-section-full_width elementor-section-height-min-height elementor-section-stretched elementor-section-height-default elementor-section-items-middle\" data-id=\"2df3401\" data-element_type=\"section\" data-e-type=\"section\" data-settings=\"{&quot;stretch_section&quot;:&quot;section-stretched&quot;,&quot;background_background&quot;:&quot;classic&quot;}\">\n\t\t\t\t\t\t<div class=\"elementor-container elementor-column-gap-default\">\n\t\t\t\t\t<div class=\"elementor-column elementor-col-100 elementor-top-column elementor-element elementor-element-a043c9f\" data-id=\"a043c9f\" data-element_type=\"column\" data-e-type=\"column\">\n\t\t\t<div class=\"elementor-widget-wrap\">\n\t\t\t\t\t\t\t<\/div>\n\t\t<\/div>\n\t\t\t\t\t<\/div>\n\t\t<\/section>\n\t\t\t\t<section class=\"elementor-section elementor-top-section elementor-element elementor-element-1bcff25 elementor-section-stretched elementor-section-boxed elementor-section-height-default elementor-section-height-default\" data-id=\"1bcff25\" data-element_type=\"section\" data-e-type=\"section\" data-settings=\"{&quot;background_background&quot;:&quot;classic&quot;,&quot;stretch_section&quot;:&quot;section-stretched&quot;}\">\n\t\t\t\t\t\t<div class=\"elementor-container elementor-column-gap-default\">\n\t\t\t\t\t<div class=\"elementor-column elementor-col-100 elementor-top-column elementor-element elementor-element-1fc25c7\" data-id=\"1fc25c7\" data-element_type=\"column\" data-e-type=\"column\">\n\t\t\t<div class=\"elementor-widget-wrap elementor-element-populated\">\n\t\t\t\t\t\t<div class=\"elementor-element elementor-element-61b5903 elementor-widget elementor-widget-heading\" data-id=\"61b5903\" data-element_type=\"widget\" data-e-type=\"widget\" data-widget_type=\"heading.default\">\n\t\t\t\t<div class=\"elementor-widget-container\">\n\t\t\t\t\t<h2 class=\"elementor-heading-title elementor-size-default\">Camping-cars sur base Renault <br>Efficace et efficace. En toute s\u00e9curit\u00e9. Excellent.<\/h2>\t\t\t\t<\/div>\n\t\t\t\t<\/div>\n\t\t\t\t<section class=\"elementor-section elementor-inner-section elementor-element elementor-element-9cdfe68 elementor-section-boxed elementor-section-height-default elementor-section-height-default\" data-id=\"9cdfe68\" data-element_type=\"section\" data-e-type=\"section\">\n\t\t\t\t\t\t<div class=\"elementor-container elementor-column-gap-default\">\n\t\t\t\t\t<div class=\"elementor-column elementor-col-100 elementor-inner-column elementor-element elementor-element-1864db3\" data-id=\"1864db3\" data-element_type=\"column\" data-e-type=\"column\">\n\t\t\t<div class=\"elementor-widget-wrap elementor-element-populated\">\n\t\t\t\t\t\t<div class=\"elementor-element elementor-element-6b55833 elementor-widget elementor-widget-text-editor\" data-id=\"6b55833\" data-element_type=\"widget\" data-e-type=\"widget\" data-widget_type=\"text-editor.default\">\n\t\t\t\t<div class=\"elementor-widget-container\">\n\t\t\t\t\t\t\t\t\t<p>Voyagez en toute s\u00e9curit\u00e9 et confortablement avec un camping-car ou un van am\u00e9nag\u00e9 Renault d'Ahron CAmp.<br \/>D\u00e9couvrez pourquoi un ch\u00e2ssis Renault est le choix id\u00e9al pour votre camping-car.<\/p>\t\t\t\t\t\t\t\t<\/div>\n\t\t\t\t<\/div>\n\t\t\t\t<div class=\"elementor-element elementor-element-40a1680 elementor-widget elementor-widget-ucaddon_content_carousel_new\" data-id=\"40a1680\" data-element_type=\"widget\" data-e-type=\"widget\" data-widget_type=\"ucaddon_content_carousel_new.default\">\n\t\t\t\t<div class=\"elementor-widget-container\">\n\t\t\t\t\t\n<!-- start Content Carousel -->\n\t\t<link id='font-awesome-css' href='https:\/\/ahorn-camp.de\/wp-content\/plugins\/unlimited-elements-for-elementor-premium\/assets_libraries\/font-awesome6\/fontawesome-all.min.css' type='text\/css' rel='stylesheet' >\n\t\t<link id='font-awesome-4-shim-css' href='https:\/\/ahorn-camp.de\/wp-content\/plugins\/unlimited-elements-for-elementor-premium\/assets_libraries\/font-awesome6\/fontawesome-v4-shims.min.css' type='text\/css' rel='stylesheet' >\n\t\t<link id='owl-carousel-css' href='https:\/\/ahorn-camp.de\/wp-content\/plugins\/unlimited-elements-for-elementor-premium\/assets_libraries\/owl-carousel-new\/assets\/owl.carousel.css' type='text\/css' rel='stylesheet' >\n\n<style>\/* widget: Content Carousel *\/\n\n#uc_content_carousel_new_elementor_40a1680{\n  position:relative;\n  min-height:1px;\n}\n\n\n\n#uc_content_carousel_new_elementor_40a1680 .owl-nav .owl-prev{\n    position:absolute;\n    display:inline-block;\n    text-align:center;\n}\n#uc_content_carousel_new_elementor_40a1680 .owl-nav .owl-next{\n  position:absolute;\n  display:inline-block;\n  text-align:center;\n}\n\n\n#uc_content_carousel_new_elementor_40a1680 .owl-dots {\noverflow:hidden;\ntext-align:center;\n}\n\n#uc_content_carousel_new_elementor_40a1680 .owl-dot {\nborder-radius:50%;\ndisplay:inline-block;\n}\n\n.uc_post_title{\n  font-size:21px;\n}\n\n\n\n\n#uc_content_carousel_new_elementor_40a1680 .uc_image_carousel_container_holder{\n  overflow:hidden;\n}\n\n#uc_content_carousel_new_elementor_40a1680 .uc_more_btn{\n  \n    display:inline-block;\n  text-decoration:none;\n  text-align:center;\n  transition:0.3s;\n}\n\n\n\n#uc_content_carousel_new_elementor_40a1680 .uc_date{\n  color:gray;\n  padding-top:10px;\n  text-style:italic;\n}\n\n\n\n\n\n\n\n\n<\/style>\n\n<div class=\"uc_overlay_image_carousel\" >\n   <div class=\"uc_carousel owl-carousel owl-theme\" id=\"uc_content_carousel_new_elementor_40a1680\" >\n   \t\t<div class=\"uc_image_carousel_container_holder\">\n    <div class=\"uc_image_carousel_placeholder\">\n    <div style=\"background-image:url(https:\/\/ahorn-camp.de\/wp-content\/uploads\/2025\/09\/2.svg);background-position:center; background-repeat:no-repeat;\" class=\"carousel-image\"><\/div>\n  <\/div>\n  \n    <div class=\"uc_image_carousel_content content-padding\">\n    \n            <div class=\"ue-title\">Nouveau moteur 2,0 litres <\/div>        <div class=\"ue-text\" ><p>Pour un meilleur d\u00e9ploiement des performances et une efficacit\u00e9 accrue.<\/p><\/div>                \n      <\/div>\n  <\/div>\n<div class=\"uc_image_carousel_container_holder\">\n    <div class=\"uc_image_carousel_placeholder\">\n    <div style=\"background-image:url(https:\/\/ahorn-camp.de\/wp-content\/uploads\/2025\/09\/7.svg);background-position:center; background-repeat:no-repeat;\" class=\"carousel-image\"><\/div>\n  <\/div>\n  \n    <div class=\"uc_image_carousel_content content-padding\">\n    \n            <div class=\"ue-title\">Gestion de vitesse<\/div>        <div class=\"ue-text\" ><p>Les faibles r\u00e9gimes \u00e0 vitesse d'autoroute r\u00e9duisent la consommation et garantissent une conduite plus silencieuse.<\/p><\/div>                \n      <\/div>\n  <\/div>\n<div class=\"uc_image_carousel_container_holder\">\n    <div class=\"uc_image_carousel_placeholder\">\n    <div style=\"background-image:url(https:\/\/ahorn-camp.de\/wp-content\/uploads\/2025\/09\/3.svg);background-position:center; background-repeat:no-repeat;\" class=\"carousel-image\"><\/div>\n  <\/div>\n  \n    <div class=\"uc_image_carousel_content content-padding\">\n    \n            <div class=\"ue-title\">Nouvelle direction assist\u00e9e \u00e9lectrique<\/div>        <div class=\"ue-text\" ><p>Pour un comportement pr\u00e9cis en virage et une s\u00e9curit\u00e9 accrue.<\/p><\/div>                \n      <\/div>\n  <\/div>\n<div class=\"uc_image_carousel_container_holder\">\n    <div class=\"uc_image_carousel_placeholder\">\n    <div style=\"background-image:url(https:\/\/ahorn-camp.de\/wp-content\/uploads\/2025\/09\/4.svg);background-position:center; background-repeat:no-repeat;\" class=\"carousel-image\"><\/div>\n  <\/div>\n  \n    <div class=\"uc_image_carousel_content content-padding\">\n    \n            <div class=\"ue-title\">Agilit\u00e9 et stabilit\u00e9<\/div>        <div class=\"ue-text\" ><p>Un rayon de braquage r\u00e9duit de 1,5 m facilite les man\u0153uvres \u2013 rendu possible par un nouveau train avant.<\/p><\/div>                \n      <\/div>\n  <\/div>\n<div class=\"uc_image_carousel_container_holder\">\n    <div class=\"uc_image_carousel_placeholder\">\n    <div style=\"background-image:url(https:\/\/ahorn-camp.de\/wp-content\/uploads\/2025\/09\/5.svg);background-position:center; background-repeat:no-repeat;\" class=\"carousel-image\"><\/div>\n  <\/div>\n  \n    <div class=\"uc_image_carousel_content content-padding\">\n    \n            <div class=\"ue-title\">Ch\u00e2ssis renforc\u00e9 de 4 tonnes<\/div>        <div class=\"ue-text\" ><p>Structure de v\u00e9hicule stable pour la s\u00e9curit\u00e9 en cas de collision. Possibilit\u00e9 de d\u00e9lestage \u00e0 3,5 t.<\/p><\/div>                \n      <\/div>\n  <\/div>\n<div class=\"uc_image_carousel_container_holder\">\n    <div class=\"uc_image_carousel_placeholder\">\n    <div style=\"background-image:url(https:\/\/ahorn-camp.de\/wp-content\/uploads\/2025\/09\/6.svg);background-position:center; background-repeat:no-repeat;\" class=\"carousel-image\"><\/div>\n  <\/div>\n  \n    <div class=\"uc_image_carousel_content content-padding\">\n    \n            <div class=\"ue-title\">Bo\u00eete automatique \u00e0 convertisseur de couple \u00e0 9 rapports<\/div>        <div class=\"ue-text\" ><p>Permet un changement de vitesse particuli\u00e8rement doux - pour une conduite d\u00e9tendue et confortable (en option)<\/p><\/div>                \n      <\/div>\n  <\/div>\n\n   <\/div>\t\n<\/div>\n<!-- end Content Carousel -->\t\t\t\t<\/div>\n\t\t\t\t<\/div>\n\t\t\t\t\t<\/div>\n\t\t<\/div>\n\t\t\t\t\t<\/div>\n\t\t<\/section>\n\t\t\t\t\t<\/div>\n\t\t<\/div>\n\t\t\t\t\t<\/div>\n\t\t<\/section>\n\t\t\t\t<section class=\"elementor-section elementor-top-section elementor-element elementor-element-b98d328 elementor-section-stretched elementor-section-boxed elementor-section-height-default elementor-section-height-default\" data-id=\"b98d328\" data-element_type=\"section\" data-e-type=\"section\" data-settings=\"{&quot;stretch_section&quot;:&quot;section-stretched&quot;,&quot;background_background&quot;:&quot;classic&quot;}\">\n\t\t\t\t\t\t<div class=\"elementor-container elementor-column-gap-default\">\n\t\t\t\t\t<div class=\"elementor-column elementor-col-100 elementor-top-column elementor-element elementor-element-c2a10ec\" data-id=\"c2a10ec\" data-element_type=\"column\" data-e-type=\"column\">\n\t\t\t<div class=\"elementor-widget-wrap elementor-element-populated\">\n\t\t\t\t\t\t<div class=\"elementor-element elementor-element-621a81c elementor-widget elementor-widget-heading\" data-id=\"621a81c\" data-element_type=\"widget\" data-e-type=\"widget\" id=\"Modellvorstellung\" data-widget_type=\"heading.default\">\n\t\t\t\t<div class=\"elementor-widget-container\">\n\t\t\t\t\t<h2 class=\"elementor-heading-title elementor-size-default\">Trois s\u00e9ries. Polyvalentes. Innovantes.<\/h2>\t\t\t\t<\/div>\n\t\t\t\t<\/div>\n\t\t\t\t<section class=\"elementor-section elementor-inner-section elementor-element elementor-element-5d08341 elementor-section-boxed elementor-section-height-default elementor-section-height-default\" data-id=\"5d08341\" data-element_type=\"section\" data-e-type=\"section\">\n\t\t\t\t\t\t<div class=\"elementor-container elementor-column-gap-default\">\n\t\t\t\t\t<div class=\"elementor-column elementor-col-33 elementor-inner-column elementor-element elementor-element-ec9d063\" data-id=\"ec9d063\" data-element_type=\"column\" data-e-type=\"column\" data-settings=\"{&quot;background_background&quot;:&quot;classic&quot;}\">\n\t\t\t<div class=\"elementor-widget-wrap elementor-element-populated\">\n\t\t\t\t\t\t<div class=\"elementor-element elementor-element-649079b elementor-widget elementor-widget-image\" data-id=\"649079b\" data-element_type=\"widget\" data-e-type=\"widget\" data-widget_type=\"image.default\">\n\t\t\t\t<div class=\"elementor-widget-container\">\n\t\t\t\t\t\t\t\t\t\t\t\t\t\t\t\t<a href=\"https:\/\/ahorn-camp.de\/fr\/ahorn-camping-cars\/campervan\/\">\n\t\t\t\t\t\t\t<img fetchpriority=\"high\" decoding=\"async\" width=\"1024\" height=\"576\" src=\"https:\/\/ahorn-camp.de\/wp-content\/uploads\/2025\/08\/360-Van-V630_00007-1-1024x576.webp\" class=\"elementor-animation-grow attachment-large size-large wp-image-32579\" alt=\"Nouveaux mod\u00e8les V630\" srcset=\"https:\/\/ahorn-camp.de\/wp-content\/uploads\/2025\/08\/360-Van-V630_00007-1-1024x576.webp 1024w, https:\/\/ahorn-camp.de\/wp-content\/uploads\/2025\/08\/360-Van-V630_00007-1-300x169.webp 300w, https:\/\/ahorn-camp.de\/wp-content\/uploads\/2025\/08\/360-Van-V630_00007-1-768x432.webp 768w, https:\/\/ahorn-camp.de\/wp-content\/uploads\/2025\/08\/360-Van-V630_00007-1-800x450.webp 800w, https:\/\/ahorn-camp.de\/wp-content\/uploads\/2025\/08\/360-Van-V630_00007-1-18x10.webp 18w, https:\/\/ahorn-camp.de\/wp-content\/uploads\/2025\/08\/360-Van-V630_00007-1.webp 1280w\" sizes=\"(max-width: 1024px) 100vw, 1024px\" \/>\t\t\t\t\t\t\t\t<\/a>\n\t\t\t\t\t\t\t\t\t\t\t\t\t\t\t<\/div>\n\t\t\t\t<\/div>\n\t\t\t\t<div class=\"elementor-element elementor-element-a0e788d elementor-widget elementor-widget-heading\" data-id=\"a0e788d\" data-element_type=\"widget\" data-e-type=\"widget\" data-widget_type=\"heading.default\">\n\t\t\t\t<div class=\"elementor-widget-container\">\n\t\t\t\t\t<h3 class=\"elementor-heading-title elementor-size-default\">Vans<\/h3>\t\t\t\t<\/div>\n\t\t\t\t<\/div>\n\t\t\t\t<div class=\"elementor-element elementor-element-74ba338 elementor-widget elementor-widget-text-editor\" data-id=\"74ba338\" data-element_type=\"widget\" data-e-type=\"widget\" data-widget_type=\"text-editor.default\">\n\t\t\t\t<div class=\"elementor-widget-container\">\n\t\t\t\t\t\t\t\t\t<p>Parfait pour les excursions spontan\u00e9es dans la nature, les escapades citadines ou les longs voyages.<\/p>\t\t\t\t\t\t\t\t<\/div>\n\t\t\t\t<\/div>\n\t\t\t\t<div class=\"elementor-element elementor-element-eb712e8 elementor-align-justify elementor-widget elementor-widget-button\" data-id=\"eb712e8\" data-element_type=\"widget\" data-e-type=\"widget\" data-widget_type=\"button.default\">\n\t\t\t\t<div class=\"elementor-widget-container\">\n\t\t\t\t\t\t\t\t\t<div class=\"elementor-button-wrapper\">\n\t\t\t\t\t<a class=\"elementor-button elementor-button-link elementor-size-sm elementor-animation-grow\" href=\"https:\/\/ahorn-camp.de\/fr\/ahorn-camping-cars\/campervan\/\">\n\t\t\t\t\t\t<span class=\"elementor-button-content-wrapper\">\n\t\t\t\t\t\t\t\t\t<span class=\"elementor-button-text\">Vers les vans<\/span>\n\t\t\t\t\t<\/span>\n\t\t\t\t\t<\/a>\n\t\t\t\t<\/div>\n\t\t\t\t\t\t\t\t<\/div>\n\t\t\t\t<\/div>\n\t\t\t\t\t<\/div>\n\t\t<\/div>\n\t\t\t\t<div class=\"elementor-column elementor-col-33 elementor-inner-column elementor-element elementor-element-4c2e16d\" data-id=\"4c2e16d\" data-element_type=\"column\" data-e-type=\"column\" data-settings=\"{&quot;background_background&quot;:&quot;classic&quot;}\">\n\t\t\t<div class=\"elementor-widget-wrap elementor-element-populated\">\n\t\t\t\t\t\t<div class=\"elementor-element elementor-element-68ab68e elementor-widget elementor-widget-image\" data-id=\"68ab68e\" data-element_type=\"widget\" data-e-type=\"widget\" data-widget_type=\"image.default\">\n\t\t\t\t<div class=\"elementor-widget-container\">\n\t\t\t\t\t\t\t\t\t\t\t\t\t\t\t\t<a href=\"https:\/\/ahorn-camp.de\/fr\/ahorn-camping-cars\/camping-cars-profiles\/\">\n\t\t\t\t\t\t\t<img decoding=\"async\" width=\"1024\" height=\"576\" src=\"https:\/\/ahorn-camp.de\/wp-content\/uploads\/2025\/08\/360-Reisemobil-TG-690_00007-1-1024x576.webp\" class=\"elementor-animation-grow attachment-large size-large wp-image-32578\" alt=\"Nouveaux mod\u00e8les TG690\" srcset=\"https:\/\/ahorn-camp.de\/wp-content\/uploads\/2025\/08\/360-Reisemobil-TG-690_00007-1-1024x576.webp 1024w, https:\/\/ahorn-camp.de\/wp-content\/uploads\/2025\/08\/360-Reisemobil-TG-690_00007-1-300x169.webp 300w, https:\/\/ahorn-camp.de\/wp-content\/uploads\/2025\/08\/360-Reisemobil-TG-690_00007-1-768x432.webp 768w, https:\/\/ahorn-camp.de\/wp-content\/uploads\/2025\/08\/360-Reisemobil-TG-690_00007-1-800x450.webp 800w, https:\/\/ahorn-camp.de\/wp-content\/uploads\/2025\/08\/360-Reisemobil-TG-690_00007-1-18x10.webp 18w, https:\/\/ahorn-camp.de\/wp-content\/uploads\/2025\/08\/360-Reisemobil-TG-690_00007-1.webp 1280w\" sizes=\"(max-width: 1024px) 100vw, 1024px\" \/>\t\t\t\t\t\t\t\t<\/a>\n\t\t\t\t\t\t\t\t\t\t\t\t\t\t\t<\/div>\n\t\t\t\t<\/div>\n\t\t\t\t<div class=\"elementor-element elementor-element-2b3544e elementor-widget elementor-widget-heading\" data-id=\"2b3544e\" data-element_type=\"widget\" data-e-type=\"widget\" data-widget_type=\"heading.default\">\n\t\t\t\t<div class=\"elementor-widget-container\">\n\t\t\t\t\t<h3 class=\"elementor-heading-title elementor-size-default\">Profil\u00e9s<\/h3>\t\t\t\t<\/div>\n\t\t\t\t<\/div>\n\t\t\t\t<div class=\"elementor-element elementor-element-1f3157e elementor-widget elementor-widget-text-editor\" data-id=\"1f3157e\" data-element_type=\"widget\" data-e-type=\"widget\" data-widget_type=\"text-editor.default\">\n\t\t\t\t<div class=\"elementor-widget-container\">\n\t\t\t\t\t\t\t\t\t<p>Voyagez confortablement dans votre maison mobile gr\u00e2ce \u00e0 un \u00e9quipement complet, pour les couples ou toute la famille.<\/p>\t\t\t\t\t\t\t\t<\/div>\n\t\t\t\t<\/div>\n\t\t\t\t<div class=\"elementor-element elementor-element-a89c93b elementor-align-justify elementor-widget elementor-widget-button\" data-id=\"a89c93b\" data-element_type=\"widget\" data-e-type=\"widget\" data-widget_type=\"button.default\">\n\t\t\t\t<div class=\"elementor-widget-container\">\n\t\t\t\t\t\t\t\t\t<div class=\"elementor-button-wrapper\">\n\t\t\t\t\t<a class=\"elementor-button elementor-button-link elementor-size-sm elementor-animation-grow\" href=\"https:\/\/ahorn-camp.de\/fr\/ahorn-camping-cars\/camping-cars-profiles\/\">\n\t\t\t\t\t\t<span class=\"elementor-button-content-wrapper\">\n\t\t\t\t\t\t\t\t\t<span class=\"elementor-button-text\">Vers les profil\u00e9s<\/span>\n\t\t\t\t\t<\/span>\n\t\t\t\t\t<\/a>\n\t\t\t\t<\/div>\n\t\t\t\t\t\t\t\t<\/div>\n\t\t\t\t<\/div>\n\t\t\t\t\t<\/div>\n\t\t<\/div>\n\t\t\t\t<div class=\"elementor-column elementor-col-33 elementor-inner-column elementor-element elementor-element-1f98f60\" data-id=\"1f98f60\" data-element_type=\"column\" data-e-type=\"column\" data-settings=\"{&quot;background_background&quot;:&quot;classic&quot;}\">\n\t\t\t<div class=\"elementor-widget-wrap elementor-element-populated\">\n\t\t\t\t\t\t<div class=\"elementor-element elementor-element-db29cdc elementor-widget elementor-widget-image\" data-id=\"db29cdc\" data-element_type=\"widget\" data-e-type=\"widget\" data-widget_type=\"image.default\">\n\t\t\t\t<div class=\"elementor-widget-container\">\n\t\t\t\t\t\t\t\t\t\t\t\t\t\t\t\t<a href=\"https:\/\/ahorn-camp.de\/fr\/ahorn-camping-cars\/capucines-camping-cars\/\">\n\t\t\t\t\t\t\t<img decoding=\"async\" width=\"1024\" height=\"576\" src=\"https:\/\/ahorn-camp.de\/wp-content\/uploads\/2025\/08\/360-Reisemobil-A690_00007-1024x576.webp\" class=\"elementor-animation-grow attachment-large size-large wp-image-32580\" alt=\"Nouveaux mod\u00e8les A690\" srcset=\"https:\/\/ahorn-camp.de\/wp-content\/uploads\/2025\/08\/360-Reisemobil-A690_00007-1024x576.webp 1024w, https:\/\/ahorn-camp.de\/wp-content\/uploads\/2025\/08\/360-Reisemobil-A690_00007-300x169.webp 300w, https:\/\/ahorn-camp.de\/wp-content\/uploads\/2025\/08\/360-Reisemobil-A690_00007-768x432.webp 768w, https:\/\/ahorn-camp.de\/wp-content\/uploads\/2025\/08\/360-Reisemobil-A690_00007-800x450.webp 800w, https:\/\/ahorn-camp.de\/wp-content\/uploads\/2025\/08\/360-Reisemobil-A690_00007-18x10.webp 18w, https:\/\/ahorn-camp.de\/wp-content\/uploads\/2025\/08\/360-Reisemobil-A690_00007.webp 1280w\" sizes=\"(max-width: 1024px) 100vw, 1024px\" \/>\t\t\t\t\t\t\t\t<\/a>\n\t\t\t\t\t\t\t\t\t\t\t\t\t\t\t<\/div>\n\t\t\t\t<\/div>\n\t\t\t\t<div class=\"elementor-element elementor-element-60ab1a9 elementor-widget elementor-widget-heading\" data-id=\"60ab1a9\" data-element_type=\"widget\" data-e-type=\"widget\" data-widget_type=\"heading.default\">\n\t\t\t\t<div class=\"elementor-widget-container\">\n\t\t\t\t\t<h3 class=\"elementor-heading-title elementor-size-default\">Capucines<\/h3>\t\t\t\t<\/div>\n\t\t\t\t<\/div>\n\t\t\t\t<div class=\"elementor-element elementor-element-8efa41a elementor-widget elementor-widget-text-editor\" data-id=\"8efa41a\" data-element_type=\"widget\" data-e-type=\"widget\" data-widget_type=\"text-editor.default\">\n\t\t\t\t<div class=\"elementor-widget-container\">\n\t\t\t\t\t\t\t\t\t<p>Beaucoup d'espace, des rangements et une sensation d'expace exceptionnelle : perfait pour les familles ou les petits groupes.<\/p>\t\t\t\t\t\t\t\t<\/div>\n\t\t\t\t<\/div>\n\t\t\t\t<div class=\"elementor-element elementor-element-ce7b68e elementor-align-justify elementor-widget elementor-widget-button\" data-id=\"ce7b68e\" data-element_type=\"widget\" data-e-type=\"widget\" data-widget_type=\"button.default\">\n\t\t\t\t<div class=\"elementor-widget-container\">\n\t\t\t\t\t\t\t\t\t<div class=\"elementor-button-wrapper\">\n\t\t\t\t\t<a class=\"elementor-button elementor-button-link elementor-size-sm elementor-animation-grow\" href=\"https:\/\/ahorn-camp.de\/fr\/ahorn-camping-cars\/capucines-camping-cars\/\">\n\t\t\t\t\t\t<span class=\"elementor-button-content-wrapper\">\n\t\t\t\t\t\t\t\t\t<span class=\"elementor-button-text\">Vers les profil\u00e9s<\/span>\n\t\t\t\t\t<\/span>\n\t\t\t\t\t<\/a>\n\t\t\t\t<\/div>\n\t\t\t\t\t\t\t\t<\/div>\n\t\t\t\t<\/div>\n\t\t\t\t\t<\/div>\n\t\t<\/div>\n\t\t\t\t\t<\/div>\n\t\t<\/section>\n\t\t\t\t<div class=\"elementor-element elementor-element-3bd3f04 elementor-widget elementor-widget-heading\" data-id=\"3bd3f04\" data-element_type=\"widget\" data-e-type=\"widget\" data-widget_type=\"heading.default\">\n\t\t\t\t<div class=\"elementor-widget-container\">\n\t\t\t\t\t<h2 class=\"elementor-heading-title elementor-size-default\">Renault. Une base qui inspire confiance <\/h2>\t\t\t\t<\/div>\n\t\t\t\t<\/div>\n\t\t\t\t\t<\/div>\n\t\t<\/div>\n\t\t\t\t\t<\/div>\n\t\t<\/section>\n\t\t\t\t<section class=\"elementor-section elementor-top-section elementor-element elementor-element-45dfa98 elementor-section-stretched elementor-reverse-tablet elementor-reverse-mobile elementor-section-boxed elementor-section-height-default elementor-section-height-default\" data-id=\"45dfa98\" data-element_type=\"section\" data-e-type=\"section\" data-settings=\"{&quot;stretch_section&quot;:&quot;section-stretched&quot;,&quot;background_background&quot;:&quot;classic&quot;}\">\n\t\t\t\t\t\t<div class=\"elementor-container elementor-column-gap-wide\">\n\t\t\t\t\t<div class=\"elementor-column elementor-col-33 elementor-top-column elementor-element elementor-element-1446c43\" data-id=\"1446c43\" data-element_type=\"column\" data-e-type=\"column\">\n\t\t\t<div class=\"elementor-widget-wrap elementor-element-populated\">\n\t\t\t\t\t\t<div class=\"elementor-element elementor-element-fffc372 elementor-widget elementor-widget-image\" data-id=\"fffc372\" data-element_type=\"widget\" data-e-type=\"widget\" data-widget_type=\"image.default\">\n\t\t\t\t<div class=\"elementor-widget-container\">\n\t\t\t\t\t\t\t\t\t\t\t\t\t\t\t<img loading=\"lazy\" decoding=\"async\" width=\"1024\" height=\"683\" src=\"https:\/\/ahorn-camp.de\/wp-content\/uploads\/2025\/09\/Ahorn_T690_Cockpit-1024x683.jpg\" class=\"attachment-large size-large wp-image-35194\" alt=\"Cockpit Renault\" srcset=\"https:\/\/ahorn-camp.de\/wp-content\/uploads\/2025\/09\/Ahorn_T690_Cockpit-1024x683.jpg 1024w, https:\/\/ahorn-camp.de\/wp-content\/uploads\/2025\/09\/Ahorn_T690_Cockpit-300x200.jpg 300w, https:\/\/ahorn-camp.de\/wp-content\/uploads\/2025\/09\/Ahorn_T690_Cockpit-768x512.jpg 768w, https:\/\/ahorn-camp.de\/wp-content\/uploads\/2025\/09\/Ahorn_T690_Cockpit-800x534.jpg 800w, https:\/\/ahorn-camp.de\/wp-content\/uploads\/2025\/09\/Ahorn_T690_Cockpit-1536x1025.jpg 1536w, https:\/\/ahorn-camp.de\/wp-content\/uploads\/2025\/09\/Ahorn_T690_Cockpit-2048x1366.jpg 2048w, https:\/\/ahorn-camp.de\/wp-content\/uploads\/2025\/09\/Ahorn_T690_Cockpit-18x12.jpg 18w\" sizes=\"(max-width: 1024px) 100vw, 1024px\" \/>\t\t\t\t\t\t\t\t\t\t\t\t\t\t\t<\/div>\n\t\t\t\t<\/div>\n\t\t\t\t<div class=\"elementor-element elementor-element-8f8224d elementor-widget elementor-widget-text-editor\" data-id=\"8f8224d\" data-element_type=\"widget\" data-e-type=\"widget\" data-widget_type=\"text-editor.default\">\n\t\t\t\t<div class=\"elementor-widget-container\">\n\t\t\t\t\t\t\t\t\t<p><strong>Cockpit centr\u00e9 sur le conducteur<\/strong><\/p><p>Design de cockpit moderne en forme de S pour une ergonomie optimale et une utilisation intuitive, enti\u00e8rement ax\u00e9 sur le conducteur.<\/p>\t\t\t\t\t\t\t\t<\/div>\n\t\t\t\t<\/div>\n\t\t\t\t\t<\/div>\n\t\t<\/div>\n\t\t\t\t<div class=\"elementor-column elementor-col-33 elementor-top-column elementor-element elementor-element-b220a9c\" data-id=\"b220a9c\" data-element_type=\"column\" data-e-type=\"column\">\n\t\t\t<div class=\"elementor-widget-wrap elementor-element-populated\">\n\t\t\t\t\t\t<div class=\"elementor-element elementor-element-7d395a9 elementor-widget elementor-widget-text-editor\" data-id=\"7d395a9\" data-element_type=\"widget\" data-e-type=\"widget\" data-widget_type=\"text-editor.default\">\n\t\t\t\t<div class=\"elementor-widget-container\">\n\t\t\t\t\t\t\t\t\t<p><strong>Prim\u00e9<\/strong><\/p><p>\u00c9lu \u00ab Van of the Year 2025 \u00bb, le nouveau Renault Master \u00e9tablit de nouvelles r\u00e9f\u00e9rences en mati\u00e8re d'efficacit\u00e9, de confort et de technologie.<\/p>\t\t\t\t\t\t\t\t<\/div>\n\t\t\t\t<\/div>\n\t\t\t\t<div class=\"elementor-element elementor-element-3cf1f90 elementor-widget elementor-widget-image\" data-id=\"3cf1f90\" data-element_type=\"widget\" data-e-type=\"widget\" data-widget_type=\"image.default\">\n\t\t\t\t<div class=\"elementor-widget-container\">\n\t\t\t\t\t\t\t\t\t\t\t\t\t\t\t<img loading=\"lazy\" decoding=\"async\" width=\"800\" height=\"600\" src=\"https:\/\/ahorn-camp.de\/wp-content\/uploads\/2025\/09\/VanOfTheYear-2.png\" class=\"attachment-large size-large wp-image-35209\" alt=\"Badge du van de l&#039;ann\u00e9e\" srcset=\"https:\/\/ahorn-camp.de\/wp-content\/uploads\/2025\/09\/VanOfTheYear-2.png 800w, https:\/\/ahorn-camp.de\/wp-content\/uploads\/2025\/09\/VanOfTheYear-2-300x225.png 300w, https:\/\/ahorn-camp.de\/wp-content\/uploads\/2025\/09\/VanOfTheYear-2-768x576.png 768w, https:\/\/ahorn-camp.de\/wp-content\/uploads\/2025\/09\/VanOfTheYear-2-16x12.png 16w\" sizes=\"(max-width: 800px) 100vw, 800px\" \/>\t\t\t\t\t\t\t\t\t\t\t\t\t\t\t<\/div>\n\t\t\t\t<\/div>\n\t\t\t\t\t<\/div>\n\t\t<\/div>\n\t\t\t\t<div class=\"elementor-column elementor-col-33 elementor-top-column elementor-element elementor-element-e1de5f7\" data-id=\"e1de5f7\" data-element_type=\"column\" data-e-type=\"column\">\n\t\t\t<div class=\"elementor-widget-wrap elementor-element-populated\">\n\t\t\t\t\t\t<div class=\"elementor-element elementor-element-b5df261 elementor-widget elementor-widget-image\" data-id=\"b5df261\" data-element_type=\"widget\" data-e-type=\"widget\" data-widget_type=\"image.default\">\n\t\t\t\t<div class=\"elementor-widget-container\">\n\t\t\t\t\t\t\t\t\t\t\t\t\t\t\t<img loading=\"lazy\" decoding=\"async\" width=\"1024\" height=\"683\" src=\"https:\/\/ahorn-camp.de\/wp-content\/uploads\/2025\/09\/R-DAM_1514367-1024x683.webp\" class=\"attachment-large size-large wp-image-35150\" alt=\"Renault Campervan et camping-cars image d&#039;ambiance 2\" srcset=\"https:\/\/ahorn-camp.de\/wp-content\/uploads\/2025\/09\/R-DAM_1514367-1024x683.webp 1024w, https:\/\/ahorn-camp.de\/wp-content\/uploads\/2025\/09\/R-DAM_1514367-300x200.webp 300w, https:\/\/ahorn-camp.de\/wp-content\/uploads\/2025\/09\/R-DAM_1514367-768x512.webp 768w, https:\/\/ahorn-camp.de\/wp-content\/uploads\/2025\/09\/R-DAM_1514367-800x533.webp 800w, https:\/\/ahorn-camp.de\/wp-content\/uploads\/2025\/09\/R-DAM_1514367-1536x1024.webp 1536w, https:\/\/ahorn-camp.de\/wp-content\/uploads\/2025\/09\/R-DAM_1514367-2048x1365.webp 2048w, https:\/\/ahorn-camp.de\/wp-content\/uploads\/2025\/09\/R-DAM_1514367-18x12.webp 18w\" sizes=\"(max-width: 1024px) 100vw, 1024px\" \/>\t\t\t\t\t\t\t\t\t\t\t\t\t\t\t<\/div>\n\t\t\t\t<\/div>\n\t\t\t\t<div class=\"elementor-element elementor-element-95866ea elementor-widget elementor-widget-text-editor\" data-id=\"95866ea\" data-element_type=\"widget\" data-e-type=\"widget\" data-widget_type=\"text-editor.default\">\n\t\t\t\t<div class=\"elementor-widget-container\">\n\t\t\t\t\t\t\t\t\t<p><strong>Syst\u00e8me multim\u00e9dia<\/strong><\/p><p>Le syst\u00e8me Open R link avec \u00e9cran tactile 10 pouces offre une utilisation intuitive et une int\u00e9gration sans fil des smartphones. Les mises \u00e0 jour Over-the-air garantissent un syst\u00e8me d'infodivertissement toujours \u00e0 jour et connect\u00e9.<\/p>\t\t\t\t\t\t\t\t<\/div>\n\t\t\t\t<\/div>\n\t\t\t\t\t<\/div>\n\t\t<\/div>\n\t\t\t\t\t<\/div>\n\t\t<\/section>\n\t\t\t\t<section class=\"elementor-section elementor-top-section elementor-element elementor-element-0b8ed66 elementor-section-stretched elementor-section-boxed elementor-section-height-default elementor-section-height-default\" data-id=\"0b8ed66\" data-element_type=\"section\" data-e-type=\"section\" data-settings=\"{&quot;stretch_section&quot;:&quot;section-stretched&quot;,&quot;background_background&quot;:&quot;classic&quot;}\">\n\t\t\t\t\t\t<div class=\"elementor-container elementor-column-gap-default\">\n\t\t\t\t\t<div class=\"elementor-column elementor-col-100 elementor-top-column elementor-element elementor-element-84ae488\" data-id=\"84ae488\" data-element_type=\"column\" data-e-type=\"column\">\n\t\t\t<div class=\"elementor-widget-wrap elementor-element-populated\">\n\t\t\t\t\t\t<section class=\"elementor-section elementor-inner-section elementor-element elementor-element-5376946 elementor-section-boxed elementor-section-height-default elementor-section-height-default\" data-id=\"5376946\" data-element_type=\"section\" data-e-type=\"section\">\n\t\t\t\t\t\t<div class=\"elementor-container elementor-column-gap-default\">\n\t\t\t\t\t<div class=\"elementor-column elementor-col-50 elementor-inner-column elementor-element elementor-element-4c98e75\" data-id=\"4c98e75\" data-element_type=\"column\" data-e-type=\"column\">\n\t\t\t<div class=\"elementor-widget-wrap elementor-element-populated\">\n\t\t\t\t\t\t<div class=\"elementor-element elementor-element-660298e elementor-widget elementor-widget-image\" data-id=\"660298e\" data-element_type=\"widget\" data-e-type=\"widget\" data-widget_type=\"image.default\">\n\t\t\t\t<div class=\"elementor-widget-container\">\n\t\t\t\t\t\t\t\t\t\t\t\t\t\t\t<img loading=\"lazy\" decoding=\"async\" width=\"800\" height=\"600\" src=\"https:\/\/ahorn-camp.de\/wp-content\/uploads\/2025\/08\/Mood-Bild.webp\" class=\"attachment-large size-large wp-image-34123\" alt=\"\" srcset=\"https:\/\/ahorn-camp.de\/wp-content\/uploads\/2025\/08\/Mood-Bild.webp 800w, https:\/\/ahorn-camp.de\/wp-content\/uploads\/2025\/08\/Mood-Bild-300x225.webp 300w, https:\/\/ahorn-camp.de\/wp-content\/uploads\/2025\/08\/Mood-Bild-768x576.webp 768w, https:\/\/ahorn-camp.de\/wp-content\/uploads\/2025\/08\/Mood-Bild-16x12.webp 16w, https:\/\/ahorn-camp.de\/wp-content\/uploads\/2025\/08\/Mood-Bild-200x150.webp 200w\" sizes=\"(max-width: 800px) 100vw, 800px\" \/>\t\t\t\t\t\t\t\t\t\t\t\t\t\t\t<\/div>\n\t\t\t\t<\/div>\n\t\t\t\t\t<\/div>\n\t\t<\/div>\n\t\t\t\t<div class=\"elementor-column elementor-col-50 elementor-inner-column elementor-element elementor-element-453abb0\" data-id=\"453abb0\" data-element_type=\"column\" data-e-type=\"column\">\n\t\t\t<div class=\"elementor-widget-wrap elementor-element-populated\">\n\t\t\t\t\t\t<div class=\"elementor-element elementor-element-e002c3a elementor-widget elementor-widget-heading\" data-id=\"e002c3a\" data-element_type=\"widget\" data-e-type=\"widget\" data-widget_type=\"heading.default\">\n\t\t\t\t<div class=\"elementor-widget-container\">\n\t\t\t\t\t<h2 class=\"elementor-heading-title elementor-size-default\">Variantes de moteur<\/h2>\t\t\t\t<\/div>\n\t\t\t\t<\/div>\n\t\t\t\t<div class=\"elementor-element elementor-element-4cc882b elementor-hidden-tablet elementor-hidden-mobile elementor-widget elementor-widget-jkit_tabs\" data-id=\"4cc882b\" data-element_type=\"widget\" data-e-type=\"widget\" data-widget_type=\"jkit_tabs.default\">\n\t\t\t\t<div class=\"elementor-widget-container\">\n\t\t\t\t\t<div  class=\"jeg-elementor-kit jkit-tabs layout-horizontal jeg_module___69f0f9a450ccd\" ><div class=\"tab-navigation\"><ul class=\"tab-nav-list\" data-toggle=\"\"><li class=\"tab-nav active\" data-tab=\"tab-fb4929e\"><span class=\"tab-title\">Vans<\/span><div class=\"tab-content\"><div class=\"tab-description\"><\/div><\/div><\/li><li class=\"tab-nav\" data-tab=\"tab-ed0b3bc\"><span class=\"tab-title\">Camping-cars<\/span><div class=\"tab-content\"><div class=\"tab-description\"><\/div><\/div><\/li><\/ul><\/div><div class=\"tab-content-list\"><div class=\"tab-content tab-fb4929e active\"><p>\u00a0<\/p><hr \/><p><strong>Motorisation :<\/strong> dCi 130 | dCi 150 (opt.)<\/p><hr \/><p><strong>Couple de bo\u00eete de vitesses:\u00a0<\/strong> 130 ch \/ 96 kW, 350 Nm | 150 ch \/ 110 kW, 360 Nm (opt.)<\/p><hr \/><p><strong>Transmission :<\/strong> Bo\u00eete manuelle \u00e0 6 rapports ou bo\u00eete automatique \u00e0 9 rapports avec convertisseur de couple (opt.)<\/p><hr \/><p><strong>Entra\u00eenement :<\/strong>\u00a0Traction avant<\/p><\/div><div class=\"tab-content tab-ed0b3bc\"><p>\u00a0<\/p><hr \/><p><strong>Motorisation :<\/strong> dCi 130 | dCi 170 (opt.)<\/p><hr \/><p><strong>Couple de bo\u00eete de vitesses:\u00a0<\/strong> 130 ch \/ 96 kW, 350 Nm | 170 ch \/ 125 kW, 410 Nm (opt.)<\/p><hr \/><p><strong>Transmission :<\/strong> Bo\u00eete manuelle \u00e0 6 rapports ou bo\u00eete automatique \u00e0 9 rapports avec convertisseur de couple (opt.)<\/p><hr \/><p><strong>Entra\u00eenement :<\/strong>\u00a0Traction avant<\/p><\/div><\/div><\/div>\t\t\t\t<\/div>\n\t\t\t\t<\/div>\n\t\t\t\t<div class=\"elementor-element elementor-element-3177d57 elementor-hidden-desktop jkit-vertical-center elementor-widget elementor-widget-jkit_tabs\" data-id=\"3177d57\" data-element_type=\"widget\" data-e-type=\"widget\" data-widget_type=\"jkit_tabs.default\">\n\t\t\t\t<div class=\"elementor-widget-container\">\n\t\t\t\t\t<div  class=\"jeg-elementor-kit jkit-tabs layout-vertical jeg_module__1_69f0f9a4516ff\" ><div class=\"tab-navigation\"><ul class=\"tab-nav-list\" data-toggle=\"\"><li class=\"tab-nav active\" data-tab=\"tab-fb4929e\"><span class=\"tab-title\">Vans<\/span><div class=\"tab-content\"><div class=\"tab-description\"><\/div><\/div><\/li><li class=\"tab-nav\" data-tab=\"tab-ed0b3bc\"><span class=\"tab-title\">Camping-cars<\/span><div class=\"tab-content\"><div class=\"tab-description\"><\/div><\/div><\/li><\/ul><\/div><div class=\"tab-content-list\"><div class=\"tab-content tab-fb4929e active\"><p>\u00a0<\/p><hr \/><p><strong>Motorisation :<\/strong> dCi 130 | dCi 150 (opt.)<\/p><hr \/><p><strong>Couple de bo\u00eete de vitesses:\u00a0<\/strong> 130 ch \/ 96 kW, 350 Nm | 150 ch \/ 110 kW, 360 Nm (opt.)<\/p><hr \/><p><strong>Transmission :<\/strong> Bo\u00eete manuelle \u00e0 6 rapports ou bo\u00eete automatique \u00e0 9 rapports avec convertisseur de couple (opt.)<\/p><hr \/><p><strong>Entra\u00eenement :<\/strong>\u00a0Traction avant<\/p><\/div><div class=\"tab-content tab-ed0b3bc\"><p>\u00a0<\/p><hr \/><p><strong>Motorisation :<\/strong> dCi 130 | dCi 170 (opt.)<\/p><hr \/><p><strong>Couple de bo\u00eete de vitesses:\u00a0<\/strong> 130 ch \/ 96 kW, 350 Nm | 170 ch \/ 125 kW, 410 Nm (opt.)<\/p><hr \/><p><strong>Transmission :<\/strong> Bo\u00eete manuelle \u00e0 6 rapports ou bo\u00eete automatique \u00e0 9 rapports avec convertisseur de couple (opt.)<\/p><hr \/><p><strong>Entra\u00eenement :<\/strong>\u00a0Traction avant<\/p><\/div><\/div><\/div>\t\t\t\t<\/div>\n\t\t\t\t<\/div>\n\t\t\t\t\t<\/div>\n\t\t<\/div>\n\t\t\t\t\t<\/div>\n\t\t<\/section>\n\t\t\t\t<div class=\"elementor-element elementor-element-a55265f elementor-widget elementor-widget-heading\" data-id=\"a55265f\" data-element_type=\"widget\" data-e-type=\"widget\" data-widget_type=\"heading.default\">\n\t\t\t\t<div class=\"elementor-widget-container\">\n\t\t\t\t\t<h3 class=\"elementor-heading-title elementor-size-default\">Aper\u00e7u des technologies Renault<\/h3>\t\t\t\t<\/div>\n\t\t\t\t<\/div>\n\t\t\t\t<div class=\"elementor-element elementor-element-1800334 elementor-widget elementor-widget-ucaddon_content_carousel_new\" data-id=\"1800334\" data-element_type=\"widget\" data-e-type=\"widget\" data-widget_type=\"ucaddon_content_carousel_new.default\">\n\t\t\t\t<div class=\"elementor-widget-container\">\n\t\t\t\t\t\n<!-- start Content Carousel -->\n\n<style>\/* widget: Content Carousel *\/\n\n#uc_content_carousel_new_elementor_1800334{\n  position:relative;\n  min-height:1px;\n}\n\n\n\n#uc_content_carousel_new_elementor_1800334 .owl-nav .owl-prev{\n    position:absolute;\n    display:inline-block;\n    text-align:center;\n}\n#uc_content_carousel_new_elementor_1800334 .owl-nav .owl-next{\n  position:absolute;\n  display:inline-block;\n  text-align:center;\n}\n\n\n#uc_content_carousel_new_elementor_1800334 .owl-dots {\noverflow:hidden;\ntext-align:center;\n}\n\n#uc_content_carousel_new_elementor_1800334 .owl-dot {\nborder-radius:50%;\ndisplay:inline-block;\n}\n\n.uc_post_title{\n  font-size:21px;\n}\n\n\n\n\n#uc_content_carousel_new_elementor_1800334 .uc_image_carousel_container_holder{\n  overflow:hidden;\n}\n\n#uc_content_carousel_new_elementor_1800334 .uc_more_btn{\n  \n    display:inline-block;\n  text-decoration:none;\n  text-align:center;\n  transition:0.3s;\n}\n\n\n\n#uc_content_carousel_new_elementor_1800334 .uc_date{\n  color:gray;\n  padding-top:10px;\n  text-style:italic;\n}\n\n\n\n\n\n\n\n\n<\/style>\n\n<div class=\"uc_overlay_image_carousel\" >\n   <div class=\"uc_carousel owl-carousel owl-theme\" id=\"uc_content_carousel_new_elementor_1800334\" >\n   \t\t<div class=\"uc_image_carousel_container_holder\">\n    <div class=\"uc_image_carousel_placeholder\">\n    <div style=\"background-image:url(https:\/\/ahorn-camp.de\/wp-content\/uploads\/2025\/06\/R-DAM_1514355.jpg);background-position:center; background-repeat:no-repeat;\" class=\"carousel-image\"><\/div>\n  <\/div>\n  \n    <div class=\"uc_image_carousel_content content-padding\">\n    \n            <div class=\"ue-title\">Conception a\u00e9rodynamique<\/div>        <div class=\"ue-text\" ><p>L'a\u00e9rodynamique sophistiqu\u00e9e du nouveau Renault Master garantit une excellente efficacit\u00e9 \u00e9nerg\u00e9tique et une faible consommation de carburant.<\/p><\/div>                \n      <\/div>\n  <\/div>\n<div class=\"uc_image_carousel_container_holder\">\n    <div class=\"uc_image_carousel_placeholder\">\n    <div style=\"background-image:url(https:\/\/ahorn-camp.de\/wp-content\/uploads\/2020\/05\/2019-New-Renault-MASTER-e1590479264387.jpg);background-position:center; background-repeat:no-repeat;\" class=\"carousel-image\"><\/div>\n  <\/div>\n  \n    <div class=\"uc_image_carousel_content content-padding\">\n    \n            <div class=\"ue-title\">Syst\u00e8mes d'aide \u00e0 la conduite<\/div>        <div class=\"ue-text\" ><p>Renforcez votre s\u00e9curit\u00e9 gr\u00e2ce \u00e0 l'aide au stationnement, l'aide au freinage d'urgence, l'alerte de somnolence et l'assistant d'appel d'urgence.<\/p><\/div>                \n      <\/div>\n  <\/div>\n<div class=\"uc_image_carousel_container_holder\">\n    <div class=\"uc_image_carousel_placeholder\">\n    <div style=\"background-image:url(https:\/\/ahorn-camp.de\/wp-content\/uploads\/2020\/05\/Renault-Spurhalteassistent.jpg);background-position:center; background-repeat:no-repeat;\" class=\"carousel-image\"><\/div>\n  <\/div>\n  \n    <div class=\"uc_image_carousel_content content-padding\">\n    \n            <div class=\"ue-title\">Avertisseur de franchissement de ligne<\/div>        <div class=\"ue-text\" ><p>Ce syst\u00e8me d\u00e9tecte tout \u00e9cart involontaire de la voie et vous avertit \u00e0 temps.<\/p><\/div>                \n      <\/div>\n  <\/div>\n<div class=\"uc_image_carousel_container_holder\">\n    <div class=\"uc_image_carousel_placeholder\">\n    <div style=\"background-image:url(https:\/\/ahorn-camp.de\/wp-content\/uploads\/2020\/05\/Renault-Master-Engine-23-l-e1590479323757.jpg);background-position:center; background-repeat:no-repeat;\" class=\"carousel-image\"><\/div>\n  <\/div>\n  \n    <div class=\"uc_image_carousel_content content-padding\">\n    \n            <div class=\"ue-title\">Moteurs diesel ultramodernes<\/div>        <div class=\"ue-text\" ><p>Les moteurs Blue dCi avec technologie Twin-Turbo offrent une puissance impressionnante (130 - 170 ch) pour une faible consommation.<\/p><\/div>                \n      <\/div>\n  <\/div>\n\n   <\/div>\t\n<\/div>\n<!-- end Content Carousel -->\t\t\t\t<\/div>\n\t\t\t\t<\/div>\n\t\t\t\t\t<\/div>\n\t\t<\/div>\n\t\t\t\t\t<\/div>\n\t\t<\/section>\n\t\t\t\t<section class=\"elementor-section elementor-top-section elementor-element elementor-element-f607126 elementor-section-stretched elementor-section-boxed elementor-section-height-default elementor-section-height-default\" data-id=\"f607126\" data-element_type=\"section\" data-e-type=\"section\" data-settings=\"{&quot;stretch_section&quot;:&quot;section-stretched&quot;,&quot;background_background&quot;:&quot;classic&quot;}\">\n\t\t\t\t\t\t<div class=\"elementor-container elementor-column-gap-default\">\n\t\t\t\t\t<div class=\"elementor-column elementor-col-100 elementor-top-column elementor-element elementor-element-651fcae\" data-id=\"651fcae\" data-element_type=\"column\" data-e-type=\"column\">\n\t\t\t<div class=\"elementor-widget-wrap elementor-element-populated\">\n\t\t\t\t\t\t<section class=\"elementor-section elementor-inner-section elementor-element elementor-element-a0624d2 elementor-section-boxed elementor-section-height-default elementor-section-height-default\" data-id=\"a0624d2\" data-element_type=\"section\" data-e-type=\"section\" data-settings=\"{&quot;background_background&quot;:&quot;classic&quot;}\">\n\t\t\t\t\t\t<div class=\"elementor-container elementor-column-gap-default\">\n\t\t\t\t\t<div class=\"elementor-column elementor-col-100 elementor-inner-column elementor-element elementor-element-51f2e5f\" data-id=\"51f2e5f\" data-element_type=\"column\" data-e-type=\"column\">\n\t\t\t<div class=\"elementor-widget-wrap elementor-element-populated\">\n\t\t\t\t\t\t<div class=\"elementor-element elementor-element-18316cf elementor-widget elementor-widget-heading\" data-id=\"18316cf\" data-element_type=\"widget\" data-e-type=\"widget\" data-widget_type=\"heading.default\">\n\t\t\t\t<div class=\"elementor-widget-container\">\n\t\t\t\t\t<h2 class=\"elementor-heading-title elementor-size-default\">La nouvelle \u00e8re d'Ahorn Camp<\/h2>\t\t\t\t<\/div>\n\t\t\t\t<\/div>\n\t\t\t\t\t<\/div>\n\t\t<\/div>\n\t\t\t\t\t<\/div>\n\t\t<\/section>\n\t\t\t\t<div class=\"elementor-element elementor-element-271b9fb elementor-testimonial--align-left elementor-testimonial--skin-default elementor-testimonial--layout-image_inline elementor-pagination-type-bullets elementor-widget elementor-widget-testimonial-carousel\" data-id=\"271b9fb\" data-element_type=\"widget\" data-e-type=\"widget\" data-settings=\"{&quot;slides_per_view&quot;:&quot;2&quot;,&quot;lazyload&quot;:&quot;yes&quot;,&quot;pagination&quot;:&quot;bullets&quot;,&quot;speed&quot;:500,&quot;autoplay&quot;:&quot;yes&quot;,&quot;autoplay_speed&quot;:5000,&quot;loop&quot;:&quot;yes&quot;,&quot;pause_on_hover&quot;:&quot;yes&quot;,&quot;pause_on_interaction&quot;:&quot;yes&quot;,&quot;space_between&quot;:{&quot;unit&quot;:&quot;px&quot;,&quot;size&quot;:10,&quot;sizes&quot;:[]},&quot;space_between_tablet&quot;:{&quot;unit&quot;:&quot;px&quot;,&quot;size&quot;:10,&quot;sizes&quot;:[]},&quot;space_between_mobile&quot;:{&quot;unit&quot;:&quot;px&quot;,&quot;size&quot;:10,&quot;sizes&quot;:[]}}\" data-widget_type=\"testimonial-carousel.default\">\n\t\t\t\t<div class=\"elementor-widget-container\">\n\t\t\t\t\t\t\t\t\t<div class=\"elementor-swiper\">\n\t\t\t\t\t<div class=\"elementor-main-swiper swiper\" role=\"region\" aria-roledescription=\"carousel\" aria-label=\"Slider\">\n\t\t\t\t<div class=\"swiper-wrapper\">\n\t\t\t\t\t\t\t\t\t\t\t<div class=\"swiper-slide\" role=\"group\" aria-roledescription=\"slide\">\n\t\t\t\t\t\t\t\t\t<div class=\"elementor-testimonial\">\n\t\t\t\t\t\t\t<div class=\"elementor-testimonial__content\">\n\t\t\t\t\t<div class=\"elementor-testimonial__text\">\n\t\t\t\t\t\tCet \u00e9t\u00e9, Ahorn Cap frappe un double coup.\t\t\t\t\t<\/div>\n\t\t\t\t\t\t\t\t\t<\/div>\n\t\t\t\t\t\t<div class=\"elementor-testimonial__footer\">\n\t\t\t\t\t\t\t\t\t<div class=\"elementor-testimonial__image\">\n\t\t\t\t\t\t<img class=\"swiper-lazy\" data-src=\"https:\/\/ahorn-camp.de\/wp-content\/uploads\/2025\/10\/Logo-Autobild.svg\" alt=\"logo Autobild\">\n\t\t\t\t\t\t\t\t\t\t\t\t\t<div class=\"swiper-lazy-preloader\"><\/div>\n\t\t\t\t\t\t\t\t\t\t\t<\/div>\n\t\t\t\t\t\t\t\t<cite class=\"elementor-testimonial__cite\"><span class=\"elementor-testimonial__name\">Auto Bild<\/span><\/cite>\t\t\t<\/div>\n\t\t<\/div>\n\t\t\t\t\t\t\t\t<\/div>\n\t\t\t\t\t\t\t\t\t\t\t<div class=\"swiper-slide\" role=\"group\" aria-roledescription=\"slide\">\n\t\t\t\t\t\t\t\t\t<div class=\"elementor-testimonial\">\n\t\t\t\t\t\t\t<div class=\"elementor-testimonial__content\">\n\t\t\t\t\t<div class=\"elementor-testimonial__text\">\n\t\t\t\t\t\tAhorn Camp, bas\u00e9 \u00e0 Spire, d\u00e9marre l'avenir et la prochaine saison de mod\u00e8les avec dynamisme.\t\t\t\t\t<\/div>\n\t\t\t\t\t\t\t\t\t<\/div>\n\t\t\t\t\t\t<div class=\"elementor-testimonial__footer\">\n\t\t\t\t\t\t\t\t\t<div class=\"elementor-testimonial__image\">\n\t\t\t\t\t\t<img class=\"swiper-lazy\" data-src=\"https:\/\/ahorn-camp.de\/wp-content\/uploads\/2025\/10\/Reisemobil-International.svg\" alt=\"Logo Reisemobil International\">\n\t\t\t\t\t\t\t\t\t\t\t\t\t<div class=\"swiper-lazy-preloader\"><\/div>\n\t\t\t\t\t\t\t\t\t\t\t<\/div>\n\t\t\t\t\t\t\t\t<cite class=\"elementor-testimonial__cite\"><span class=\"elementor-testimonial__name\">Camping-car International<\/span><\/cite>\t\t\t<\/div>\n\t\t<\/div>\n\t\t\t\t\t\t\t\t<\/div>\n\t\t\t\t\t\t\t\t\t\t\t<div class=\"swiper-slide\" role=\"group\" aria-roledescription=\"slide\">\n\t\t\t\t\t\t\t\t\t<div class=\"elementor-testimonial\">\n\t\t\t\t\t\t\t<div class=\"elementor-testimonial__content\">\n\t\t\t\t\t<div class=\"elementor-testimonial__text\">\n\t\t\t\t\t\tAvec Hymer-Connection et le nouveau Master, la marque prend d\u00e9sormais son envol.\t\t\t\t\t<\/div>\n\t\t\t\t\t\t\t\t\t<\/div>\n\t\t\t\t\t\t<div class=\"elementor-testimonial__footer\">\n\t\t\t\t\t\t\t\t\t<div class=\"elementor-testimonial__image\">\n\t\t\t\t\t\t<img class=\"swiper-lazy\" data-src=\"https:\/\/ahorn-camp.de\/wp-content\/uploads\/2025\/10\/Auto_Zeitung_logo.jpg\" alt=\"Logo d&#039;Autozeitung\">\n\t\t\t\t\t\t\t\t\t\t\t\t\t<div class=\"swiper-lazy-preloader\"><\/div>\n\t\t\t\t\t\t\t\t\t\t\t<\/div>\n\t\t\t\t\t\t\t\t<cite class=\"elementor-testimonial__cite\"><span class=\"elementor-testimonial__name\">Auto Zeitung<\/span><\/cite>\t\t\t<\/div>\n\t\t<\/div>\n\t\t\t\t\t\t\t\t<\/div>\n\t\t\t\t\t\t\t\t\t\t\t<div class=\"swiper-slide\" role=\"group\" aria-roledescription=\"slide\">\n\t\t\t\t\t\t\t\t\t<div class=\"elementor-testimonial\">\n\t\t\t\t\t\t\t<div class=\"elementor-testimonial__content\">\n\t\t\t\t\t<div class=\"elementor-testimonial__text\">\n\t\t\t\t\t\tPour de nombreux campeurs, le nouveau Renault Master, associ\u00e9 au rapport qualit\u00e9-prix caract\u00e9ristique d'Ahorn, devrait constituer une offre globale int\u00e9ressante.\t\t\t\t\t<\/div>\n\t\t\t\t\t\t\t\t\t<\/div>\n\t\t\t\t\t\t<div class=\"elementor-testimonial__footer\">\n\t\t\t\t\t\t\t\t\t<div class=\"elementor-testimonial__image\">\n\t\t\t\t\t\t<img class=\"swiper-lazy\" data-src=\"https:\/\/ahorn-camp.de\/wp-content\/uploads\/2025\/10\/Promobil.svg\" alt=\"Logo Promobil\">\n\t\t\t\t\t\t\t\t\t\t\t\t\t<div class=\"swiper-lazy-preloader\"><\/div>\n\t\t\t\t\t\t\t\t\t\t\t<\/div>\n\t\t\t\t\t\t\t\t<cite class=\"elementor-testimonial__cite\"><span class=\"elementor-testimonial__name\">Promobil<\/span><\/cite>\t\t\t<\/div>\n\t\t<\/div>\n\t\t\t\t\t\t\t\t<\/div>\n\t\t\t\t\t\t\t\t\t<\/div>\n\t\t\t\t\t\t\t\t\t\t\t\t\t\t\t\t\t\t\t\t<div class=\"swiper-pagination\"><\/div>\n\t\t\t\t\t\t\t\t\t\t\t\t<\/div>\n\t\t\t\t<\/div>\n\t\t\t\t\t\t\t\t<\/div>\n\t\t\t\t<\/div>\n\t\t\t\t\t<\/div>\n\t\t<\/div>\n\t\t\t\t\t<\/div>\n\t\t<\/section>\n\t\t\t\t<section class=\"elementor-section elementor-top-section elementor-element elementor-element-8508e3a elementor-section-stretched elementor-section-boxed elementor-section-height-default elementor-section-height-default\" data-id=\"8508e3a\" data-element_type=\"section\" data-e-type=\"section\" data-settings=\"{&quot;stretch_section&quot;:&quot;section-stretched&quot;,&quot;background_background&quot;:&quot;classic&quot;}\">\n\t\t\t\t\t\t<div class=\"elementor-container elementor-column-gap-default\">\n\t\t\t\t\t<div class=\"elementor-column elementor-col-50 elementor-top-column elementor-element elementor-element-a65c0f2\" data-id=\"a65c0f2\" data-element_type=\"column\" data-e-type=\"column\">\n\t\t\t<div class=\"elementor-widget-wrap elementor-element-populated\">\n\t\t\t\t\t\t<div class=\"elementor-element elementor-element-88f12ce elementor-widget elementor-widget-heading\" data-id=\"88f12ce\" data-element_type=\"widget\" data-e-type=\"widget\" data-widget_type=\"heading.default\">\n\t\t\t\t<div class=\"elementor-widget-container\">\n\t\t\t\t\t<h2 class=\"elementor-heading-title elementor-size-default\">Simple, rapide et personnalis\u00e9<\/h2>\t\t\t\t<\/div>\n\t\t\t\t<\/div>\n\t\t\t\t<div class=\"elementor-element elementor-element-48b29a6 elementor-widget elementor-widget-text-editor\" data-id=\"48b29a6\" data-element_type=\"widget\" data-e-type=\"widget\" data-widget_type=\"text-editor.default\">\n\t\t\t\t<div class=\"elementor-widget-container\">\n\t\t\t\t\t\t\t\t\t<p>Venez vous faire conseiller personnellement dans nos succursales de Speyer, Dietzenbach pr\u00e8s de Francfort-sur-le-Main et M\u00fclheim an der Ruhr. Nous nous ferons un plaisir de vous \u00e9tablir une offre individuelle et sans engagement.<\/p>\t\t\t\t\t\t\t\t<\/div>\n\t\t\t\t<\/div>\n\t\t\t\t<section class=\"elementor-section elementor-inner-section elementor-element elementor-element-ae24541 elementor-section-boxed elementor-section-height-default elementor-section-height-default\" data-id=\"ae24541\" data-element_type=\"section\" data-e-type=\"section\">\n\t\t\t\t\t\t<div class=\"elementor-container elementor-column-gap-default\">\n\t\t\t\t\t<div class=\"elementor-column elementor-col-100 elementor-inner-column elementor-element elementor-element-48d0c63\" data-id=\"48d0c63\" data-element_type=\"column\" data-e-type=\"column\">\n\t\t\t<div class=\"elementor-widget-wrap elementor-element-populated\">\n\t\t\t\t\t\t<div class=\"elementor-element elementor-element-7a25c81 elementor-align-justify elementor-widget elementor-widget-button\" data-id=\"7a25c81\" data-element_type=\"widget\" data-e-type=\"widget\" data-widget_type=\"button.default\">\n\t\t\t\t<div class=\"elementor-widget-container\">\n\t\t\t\t\t\t\t\t\t<div class=\"elementor-button-wrapper\">\n\t\t\t\t\t<a class=\"elementor-button elementor-button-link elementor-size-sm\" href=\"https:\/\/share-eu1.hsforms.com\/1yZnLsVssSzeYTBOcYkwIZAfr57v\" id=\"Neue-Modelle Angebot\">\n\t\t\t\t\t\t<span class=\"elementor-button-content-wrapper\">\n\t\t\t\t\t\t\t\t\t<span class=\"elementor-button-text\">Demander une offre<\/span>\n\t\t\t\t\t<\/span>\n\t\t\t\t\t<\/a>\n\t\t\t\t<\/div>\n\t\t\t\t\t\t\t\t<\/div>\n\t\t\t\t<\/div>\n\t\t\t\t\t<\/div>\n\t\t<\/div>\n\t\t\t\t\t<\/div>\n\t\t<\/section>\n\t\t\t\t\t<\/div>\n\t\t<\/div>\n\t\t\t\t<div class=\"elementor-column elementor-col-50 elementor-top-column elementor-element elementor-element-17a4642\" data-id=\"17a4642\" data-element_type=\"column\" data-e-type=\"column\">\n\t\t\t<div class=\"elementor-widget-wrap elementor-element-populated\">\n\t\t\t\t\t\t<div class=\"elementor-element elementor-element-9845b20 elementor-widget elementor-widget-video\" data-id=\"9845b20\" data-element_type=\"widget\" data-e-type=\"widget\" data-settings=\"{&quot;video_type&quot;:&quot;hosted&quot;,&quot;autoplay&quot;:&quot;yes&quot;,&quot;play_on_mobile&quot;:&quot;yes&quot;,&quot;mute&quot;:&quot;yes&quot;,&quot;loop&quot;:&quot;yes&quot;}\" data-widget_type=\"video.default\">\n\t\t\t\t<div class=\"elementor-widget-container\">\n\t\t\t\t\t\t\t<div class=\"e-hosted-video elementor-wrapper elementor-open-inline\">\n\t\t\t\t\t<video class=\"elementor-video\" src=\"https:\/\/ahorn-camp.de\/wp-content\/uploads\/2025\/07\/Sneak-Preview-Web.webm\" autoplay=\"\" loop=\"\" muted=\"muted\" playsinline=\"\" controlslist=\"nodownload\"><\/video>\n\t\t\t\t<\/div>\n\t\t\t\t\t\t<\/div>\n\t\t\t\t<\/div>\n\t\t\t\t\t<\/div>\n\t\t<\/div>\n\t\t\t\t\t<\/div>\n\t\t<\/section>\n\t\t\t\t<section class=\"elementor-section elementor-top-section elementor-element elementor-element-42014f0 elementor-section-stretched elementor-section-boxed elementor-section-height-default elementor-section-height-default\" data-id=\"42014f0\" data-element_type=\"section\" data-e-type=\"section\" data-settings=\"{&quot;stretch_section&quot;:&quot;section-stretched&quot;,&quot;background_background&quot;:&quot;classic&quot;}\">\n\t\t\t\t\t\t<div class=\"elementor-container elementor-column-gap-default\">\n\t\t\t\t\t<div class=\"elementor-column elementor-col-100 elementor-top-column elementor-element elementor-element-f4696f6\" data-id=\"f4696f6\" data-element_type=\"column\" data-e-type=\"column\">\n\t\t\t<div class=\"elementor-widget-wrap elementor-element-populated\">\n\t\t\t\t\t\t<div class=\"elementor-element elementor-element-f11bd2e elementor-widget elementor-widget-heading\" data-id=\"f11bd2e\" data-element_type=\"widget\" data-e-type=\"widget\" data-widget_type=\"heading.default\">\n\t\t\t\t<div class=\"elementor-widget-container\">\n\t\t\t\t\t<h2 class=\"elementor-heading-title elementor-size-default\">FAQ<\/h2>\t\t\t\t<\/div>\n\t\t\t\t<\/div>\n\t\t\t\t<div class=\"elementor-element elementor-element-c702663 elementor-widget elementor-widget-toggle\" data-id=\"c702663\" data-element_type=\"widget\" data-e-type=\"widget\" data-widget_type=\"toggle.default\">\n\t\t\t\t<div class=\"elementor-widget-container\">\n\t\t\t\t\t\t\t<div class=\"elementor-toggle\">\n\t\t\t\t\t\t\t<div class=\"elementor-toggle-item\">\n\t\t\t\t\t<div id=\"elementor-tab-title-2081\" class=\"elementor-tab-title\" data-tab=\"1\" role=\"button\" aria-controls=\"elementor-tab-content-2081\" aria-expanded=\"false\">\n\t\t\t\t\t\t\t\t\t\t\t\t<span class=\"elementor-toggle-icon elementor-toggle-icon-left\" aria-hidden=\"true\">\n\t\t\t\t\t\t\t\t\t\t\t\t\t\t\t<span class=\"elementor-toggle-icon-closed\"><i class=\"fas fa-caret-right\"><\/i><\/span>\n\t\t\t\t\t\t\t\t<span class=\"elementor-toggle-icon-opened\"><i class=\"elementor-toggle-icon-opened fas fa-caret-up\"><\/i><\/span>\n\t\t\t\t\t\t\t\t\t\t\t\t\t<\/span>\n\t\t\t\t\t\t\t\t\t\t\t\t<a class=\"elementor-toggle-title\" tabindex=\"0\">Combien de places de couchage offre un camping-car Renault ?<\/a>\n\t\t\t\t\t<\/div>\n\n\t\t\t\t\t<div id=\"elementor-tab-content-2081\" class=\"elementor-tab-content elementor-clearfix\" data-tab=\"1\" role=\"region\" aria-labelledby=\"elementor-tab-title-2081\"><p>Le nombre de couchages d\u00e9pend du mod\u00e8le. Les camping-cars, profil\u00e9s et capucines Renault offrent g\u00e9n\u00e9ralement jusqu'\u00e0 5 couchages<\/p><\/div>\n\t\t\t\t<\/div>\n\t\t\t\t\t\t\t<div class=\"elementor-toggle-item\">\n\t\t\t\t\t<div id=\"elementor-tab-title-2082\" class=\"elementor-tab-title\" data-tab=\"2\" role=\"button\" aria-controls=\"elementor-tab-content-2082\" aria-expanded=\"false\">\n\t\t\t\t\t\t\t\t\t\t\t\t<span class=\"elementor-toggle-icon elementor-toggle-icon-left\" aria-hidden=\"true\">\n\t\t\t\t\t\t\t\t\t\t\t\t\t\t\t<span class=\"elementor-toggle-icon-closed\"><i class=\"fas fa-caret-right\"><\/i><\/span>\n\t\t\t\t\t\t\t\t<span class=\"elementor-toggle-icon-opened\"><i class=\"elementor-toggle-icon-opened fas fa-caret-up\"><\/i><\/span>\n\t\t\t\t\t\t\t\t\t\t\t\t\t<\/span>\n\t\t\t\t\t\t\t\t\t\t\t\t<a class=\"elementor-toggle-title\" tabindex=\"0\">Quelle est la consommation totale d'un camping-car Renault ?<\/a>\n\t\t\t\t\t<\/div>\n\n\t\t\t\t\t<div id=\"elementor-tab-content-2082\" class=\"elementor-tab-content elementor-clearfix\" data-tab=\"2\" role=\"region\" aria-labelledby=\"elementor-tab-title-2082\"><p>La consommation totale d'un camping-car Renault d\u00e9pend du mod\u00e8le sp\u00e9cifique et du style de conduite. En moyenne, la consommation de diesel du fourgon am\u00e9nag\u00e9 se situe entre 7 et 10 litres aux 100 kilom\u00e8tres. Gr\u00e2ce \u00e0 leurs moteurs dCi efficaces, les camping-cars Renault sont particuli\u00e8rement \u00e9conomiques et respectueux de l'environnement.<\/p><\/div>\n\t\t\t\t<\/div>\n\t\t\t\t\t\t\t<div class=\"elementor-toggle-item\">\n\t\t\t\t\t<div id=\"elementor-tab-title-2083\" class=\"elementor-tab-title\" data-tab=\"3\" role=\"button\" aria-controls=\"elementor-tab-content-2083\" aria-expanded=\"false\">\n\t\t\t\t\t\t\t\t\t\t\t\t<span class=\"elementor-toggle-icon elementor-toggle-icon-left\" aria-hidden=\"true\">\n\t\t\t\t\t\t\t\t\t\t\t\t\t\t\t<span class=\"elementor-toggle-icon-closed\"><i class=\"fas fa-caret-right\"><\/i><\/span>\n\t\t\t\t\t\t\t\t<span class=\"elementor-toggle-icon-opened\"><i class=\"elementor-toggle-icon-opened fas fa-caret-up\"><\/i><\/span>\n\t\t\t\t\t\t\t\t\t\t\t\t\t<\/span>\n\t\t\t\t\t\t\t\t\t\t\t\t<a class=\"elementor-toggle-title\" tabindex=\"0\">Quels sont les \u00e9quipements suppl\u00e9mentaires disponibles pour les camping-cars Renault ?<\/a>\n\t\t\t\t\t<\/div>\n\n\t\t\t\t\t<div id=\"elementor-tab-content-2083\" class=\"elementor-tab-content elementor-clearfix\" data-tab=\"3\" role=\"region\" aria-labelledby=\"elementor-tab-title-2083\"><p>Nous proposons une multitude d'\u00e9quipements suppl\u00e9mentaires pour les camping-cars. Vous trouverez une liste compl\u00e8te <span style=\"text-decoration: underline;\"><a href=\"https:\/\/ahorn-camp.de\/fr\/listes-de-prix-catalogues\/\">ici.<\/a><\/span><\/p><\/div>\n\t\t\t\t<\/div>\n\t\t\t\t\t\t\t<div class=\"elementor-toggle-item\">\n\t\t\t\t\t<div id=\"elementor-tab-title-2084\" class=\"elementor-tab-title\" data-tab=\"4\" role=\"button\" aria-controls=\"elementor-tab-content-2084\" aria-expanded=\"false\">\n\t\t\t\t\t\t\t\t\t\t\t\t<span class=\"elementor-toggle-icon elementor-toggle-icon-left\" aria-hidden=\"true\">\n\t\t\t\t\t\t\t\t\t\t\t\t\t\t\t<span class=\"elementor-toggle-icon-closed\"><i class=\"fas fa-caret-right\"><\/i><\/span>\n\t\t\t\t\t\t\t\t<span class=\"elementor-toggle-icon-opened\"><i class=\"elementor-toggle-icon-opened fas fa-caret-up\"><\/i><\/span>\n\t\t\t\t\t\t\t\t\t\t\t\t\t<\/span>\n\t\t\t\t\t\t\t\t\t\t\t\t<a class=\"elementor-toggle-title\" tabindex=\"0\">Quelles sont les possibilit\u00e9s de financement pour les camping-cars Renault ?<\/a>\n\t\t\t\t\t<\/div>\n\n\t\t\t\t\t<div id=\"elementor-tab-content-2084\" class=\"elementor-tab-content elementor-clearfix\" data-tab=\"4\" role=\"region\" aria-labelledby=\"elementor-tab-title-2084\"><p>Nous proposons des solutions de financement flexibles et avantageuses, adapt\u00e9es \u00e0 votre budget. Nos vendeurs sont \u00e0 votre disposition pour trouver la solution qui vous convient le mieux.<\/p><\/div>\n\t\t\t\t<\/div>\n\t\t\t\t\t\t\t\t<\/div>\n\t\t\t\t\t\t<\/div>\n\t\t\t\t<\/div>\n\t\t\t\t\t<\/div>\n\t\t<\/div>\n\t\t\t\t\t<\/div>\n\t\t<\/section>\n\t\t\t\t<\/div>","protected":false},"excerpt":{"rendered":"<p>Renault Camper und Wohnmobile von Ahorn Camp Wohnmobile auf Renault-Basis. <br \/>Effizient. Sicher. Ausgezeichnet. <\/p>\n<p>Reisen Sie sicher und komfortabel mit einem Renault Wohnmobil oder Campervan von Ahorn Camp.<br \/>Entdecken Sie, warum ein Renault Chassis als Basis die perfekte Wahl f\u00fcr Ihr Reisemobil ist.<\/p>\n<p> \/* widget: Content Carousel *\/ #uc_content_carousel_new_elementor_40a16805{ position:relative; min-height:1px; } #uc_content_carousel_new_elementor_40a16805 .owl-nav .owl-prev{ position:absolute; display:inline-block; text-align:center; } #uc_content_carousel_new_elementor_40a16805 .owl-nav .owl-next{ position:absolute; display:inline-block; text-align:center; } #uc_content_carousel_new_elementor_40a16805 .owl-dots { overflow:hidden; text-align:center; } #uc_content_carousel_new_elementor_40a16805 .owl-dot { border-radius:50%; display:inline-block; } .uc_post_title{ font-size:21px; } #uc_content_carousel_new_elementor_40a16805 .uc_image_carousel_container_holder{ overflow:hidden; } #uc_content_carousel_new_elementor_40a16805 .uc_more_btn{ display:inline-block; text-decoration:none; text-align:center; transition:0.3s; } #uc_content_carousel_new_elementor_40a16805 .uc_date{ color:gray; padding-top:10px; text-style:italic; } <\/p>\n<p> Neuer 2.0 Liter Motor <\/p>\n<p>F\u00fcr eine bessere Leistungsentfaltung und gesteigerte Effizienz.<\/p>\n<p> Drehzahlmanagement <\/p>\n<p>Niedrige Drehzahlen bei Autobahntempo reduzieren den Verbrauch und sorgen f\u00fcr ein leiseres Fahrerlebnis.<\/p>\n<p> Neue elektrische Servolenkung <\/p>\n<p>F\u00fcr ein pr\u00e4zises Einlenkverhalten und erh\u00f6hte Sicherheit.<\/p>\n<p> Wendigkeit und Stabilit\u00e4t <\/p>\n<p>1,5 m kleinerer Wendekreis erleichtert das Rangieren \u2013 erm\u00f6glicht durch [&#8230;]<\/p>\n","protected":false},"author":2,"featured_media":0,"parent":0,"menu_order":7,"comment_status":"closed","ping_status":"closed","template":"","meta":{"content-type":"","footnotes":""},"class_list":["post-34130","page","type-page","status-publish","hentry"],"yoast_head":"<!-- This site is optimized with the Yoast SEO plugin v27.4 - https:\/\/yoast.com\/product\/yoast-seo-wordpress\/ -->\n<title>Renault Wohnmobile und Campervans | Ahorn Camp<\/title>\n<meta name=\"description\" content=\"Finden Sie ganz einfach Ihren neuen Camper mit Renault Chassis. \u2713 Online Beratung \u2713 moderne Ausstattung \u2713 Top-Angebot \u25ba Jetzt entdecken\" \/>\n<meta name=\"robots\" content=\"index, follow, max-snippet:-1, max-image-preview:large, max-video-preview:-1\" \/>\n<link rel=\"canonical\" href=\"https:\/\/ahorn-camp.de\/fr\/renault-camper\/\" \/>\n<meta property=\"og:locale\" content=\"fr_FR\" \/>\n<meta property=\"og:type\" content=\"article\" \/>\n<meta property=\"og:title\" content=\"Renault Wohnmobile und Campervans | Ahorn Camp\" \/>\n<meta property=\"og:description\" content=\"Finden Sie ganz einfach Ihren neuen Camper mit Renault Chassis. \u2713 Online Beratung \u2713 moderne Ausstattung \u2713 Top-Angebot \u25ba Jetzt entdecken\" \/>\n<meta property=\"og:url\" content=\"https:\/\/ahorn-camp.de\/fr\/renault-camper\/\" \/>\n<meta property=\"og:site_name\" content=\"Ahorn Camp | Reisemobile und Kastenwagen\" \/>\n<meta property=\"article:publisher\" content=\"https:\/\/www.facebook.com\/ahorn.wohnmobile\/\" \/>\n<meta property=\"article:modified_time\" content=\"2026-03-25T07:50:09+00:00\" \/>\n<meta property=\"og:image\" content=\"https:\/\/ahorn-camp.de\/wp-content\/uploads\/2025\/08\/360-Van-V630_00007-1.webp\" \/>\n\t<meta property=\"og:image:width\" content=\"1280\" \/>\n\t<meta property=\"og:image:height\" content=\"720\" \/>\n\t<meta property=\"og:image:type\" content=\"image\/webp\" \/>\n<meta name=\"twitter:card\" content=\"summary_large_image\" \/>\n<meta name=\"twitter:label1\" content=\"Dur\u00e9e de lecture estim\u00e9e\" \/>\n\t<meta name=\"twitter:data1\" content=\"8 minutes\" \/>\n<script type=\"application\/ld+json\" class=\"yoast-schema-graph\">{\"@context\":\"https:\\\/\\\/schema.org\",\"@graph\":[{\"@type\":\"WebPage\",\"@id\":\"https:\\\/\\\/ahorn-camp.de\\\/renault-camper\\\/\",\"url\":\"https:\\\/\\\/ahorn-camp.de\\\/renault-camper\\\/\",\"name\":\"Renault Wohnmobile und Campervans | Ahorn Camp\",\"isPartOf\":{\"@id\":\"https:\\\/\\\/ahorn-camp.de\\\/#website\"},\"primaryImageOfPage\":{\"@id\":\"https:\\\/\\\/ahorn-camp.de\\\/renault-camper\\\/#primaryimage\"},\"image\":{\"@id\":\"https:\\\/\\\/ahorn-camp.de\\\/renault-camper\\\/#primaryimage\"},\"thumbnailUrl\":\"https:\\\/\\\/ahorn-camp.de\\\/wp-content\\\/uploads\\\/2025\\\/08\\\/360-Van-V630_00007-1-1024x576.webp\",\"datePublished\":\"2025-09-23T08:44:53+00:00\",\"dateModified\":\"2026-03-25T07:50:09+00:00\",\"description\":\"Finden Sie ganz einfach Ihren neuen Camper mit Renault Chassis. \u2713 Online Beratung \u2713 moderne Ausstattung \u2713 Top-Angebot \u25ba Jetzt entdecken\",\"breadcrumb\":{\"@id\":\"https:\\\/\\\/ahorn-camp.de\\\/renault-camper\\\/#breadcrumb\"},\"inLanguage\":\"fr-FR\",\"potentialAction\":[{\"@type\":\"ReadAction\",\"target\":[\"https:\\\/\\\/ahorn-camp.de\\\/renault-camper\\\/\"]}]},{\"@type\":\"ImageObject\",\"inLanguage\":\"fr-FR\",\"@id\":\"https:\\\/\\\/ahorn-camp.de\\\/renault-camper\\\/#primaryimage\",\"url\":\"https:\\\/\\\/ahorn-camp.de\\\/wp-content\\\/uploads\\\/2025\\\/08\\\/360-Van-V630_00007-1-1024x576.webp\",\"contentUrl\":\"https:\\\/\\\/ahorn-camp.de\\\/wp-content\\\/uploads\\\/2025\\\/08\\\/360-Van-V630_00007-1-1024x576.webp\"},{\"@type\":\"BreadcrumbList\",\"@id\":\"https:\\\/\\\/ahorn-camp.de\\\/renault-camper\\\/#breadcrumb\",\"itemListElement\":[{\"@type\":\"ListItem\",\"position\":1,\"name\":\"Startseite\",\"item\":\"https:\\\/\\\/ahorn-camp.de\\\/\"},{\"@type\":\"ListItem\",\"position\":2,\"name\":\"Renault Camper\"}]},{\"@type\":\"WebSite\",\"@id\":\"https:\\\/\\\/ahorn-camp.de\\\/#website\",\"url\":\"https:\\\/\\\/ahorn-camp.de\\\/\",\"name\":\"Ahorn Camp | Reisemobile und Kastenwagen\",\"description\":\"Seit \u00fcber 30 Jahren vermarktet das Familienunternehmen, Ahorn Camp in Speyer, erfolgreich Wohnmobile und Kastenwagen zum besten Preis-Leistungsverh\u00e4ltnis.\",\"publisher\":{\"@id\":\"https:\\\/\\\/ahorn-camp.de\\\/#organization\"},\"potentialAction\":[{\"@type\":\"SearchAction\",\"target\":{\"@type\":\"EntryPoint\",\"urlTemplate\":\"https:\\\/\\\/ahorn-camp.de\\\/?s={search_term_string}\"},\"query-input\":{\"@type\":\"PropertyValueSpecification\",\"valueRequired\":true,\"valueName\":\"search_term_string\"}}],\"inLanguage\":\"fr-FR\"},{\"@type\":\"Organization\",\"@id\":\"https:\\\/\\\/ahorn-camp.de\\\/#organization\",\"name\":\"Ahorn Camp GmbH & Co. KG\",\"url\":\"https:\\\/\\\/ahorn-camp.de\\\/\",\"logo\":{\"@type\":\"ImageObject\",\"inLanguage\":\"fr-FR\",\"@id\":\"https:\\\/\\\/ahorn-camp.de\\\/#\\\/schema\\\/logo\\\/image\\\/\",\"url\":\"https:\\\/\\\/ahorn-camp.de\\\/wp-content\\\/uploads\\\/2018\\\/12\\\/Ahorn_Logo.jpg\",\"contentUrl\":\"https:\\\/\\\/ahorn-camp.de\\\/wp-content\\\/uploads\\\/2018\\\/12\\\/Ahorn_Logo.jpg\",\"width\":1437,\"height\":1000,\"caption\":\"Ahorn Camp GmbH & Co. KG\"},\"image\":{\"@id\":\"https:\\\/\\\/ahorn-camp.de\\\/#\\\/schema\\\/logo\\\/image\\\/\"},\"sameAs\":[\"https:\\\/\\\/www.facebook.com\\\/ahorn.wohnmobile\\\/\",\"https:\\\/\\\/www.instagram.com\\\/ahorn.camp\\\/\",\"https:\\\/\\\/www.youtube.com\\\/channel\\\/UCPFbPCts1JJ_A1k9vyH0yOQ\"]}]}<\/script>\n<!-- \/ Yoast SEO plugin. -->","yoast_head_json":{"title":"Camping-cars et vans am\u00e9nag\u00e9s Renault | Ahorn Camp","description":"Trouvez facilement votre nouveau camping-car avec ch\u00e2ssis Renault. \u2713 Conseil en ligne \u2713 \u00e9quipement moderne \u2713 Meilleure offre \u25ba D\u00e9couvrez maintenant","robots":{"index":"index","follow":"follow","max-snippet":"max-snippet:-1","max-image-preview":"max-image-preview:large","max-video-preview":"max-video-preview:-1"},"canonical":"https:\/\/ahorn-camp.de\/fr\/renault-camper\/","og_locale":"fr_FR","og_type":"article","og_title":"Renault Wohnmobile und Campervans | Ahorn Camp","og_description":"Finden Sie ganz einfach Ihren neuen Camper mit Renault Chassis. \u2713 Online Beratung \u2713 moderne Ausstattung \u2713 Top-Angebot \u25ba Jetzt entdecken","og_url":"https:\/\/ahorn-camp.de\/fr\/renault-camper\/","og_site_name":"Ahorn Camp | Reisemobile und Kastenwagen","article_publisher":"https:\/\/www.facebook.com\/ahorn.wohnmobile\/","article_modified_time":"2026-03-25T07:50:09+00:00","og_image":[{"width":1280,"height":720,"url":"https:\/\/ahorn-camp.de\/wp-content\/uploads\/2025\/08\/360-Van-V630_00007-1.webp","type":"image\/webp"}],"twitter_card":"summary_large_image","twitter_misc":{"Dur\u00e9e de lecture estim\u00e9e":"8 minutes"},"schema":{"@context":"https:\/\/schema.org","@graph":[{"@type":"WebPage","@id":"https:\/\/ahorn-camp.de\/renault-camper\/","url":"https:\/\/ahorn-camp.de\/renault-camper\/","name":"Camping-cars et vans am\u00e9nag\u00e9s Renault | Ahorn Camp","isPartOf":{"@id":"https:\/\/ahorn-camp.de\/#website"},"primaryImageOfPage":{"@id":"https:\/\/ahorn-camp.de\/renault-camper\/#primaryimage"},"image":{"@id":"https:\/\/ahorn-camp.de\/renault-camper\/#primaryimage"},"thumbnailUrl":"https:\/\/ahorn-camp.de\/wp-content\/uploads\/2025\/08\/360-Van-V630_00007-1-1024x576.webp","datePublished":"2025-09-23T08:44:53+00:00","dateModified":"2026-03-25T07:50:09+00:00","description":"Trouvez facilement votre nouveau camping-car avec ch\u00e2ssis Renault. \u2713 Conseil en ligne \u2713 \u00e9quipement moderne \u2713 Meilleure offre \u25ba D\u00e9couvrez maintenant","breadcrumb":{"@id":"https:\/\/ahorn-camp.de\/renault-camper\/#breadcrumb"},"inLanguage":"fr-FR","potentialAction":[{"@type":"ReadAction","target":["https:\/\/ahorn-camp.de\/renault-camper\/"]}]},{"@type":"ImageObject","inLanguage":"fr-FR","@id":"https:\/\/ahorn-camp.de\/renault-camper\/#primaryimage","url":"https:\/\/ahorn-camp.de\/wp-content\/uploads\/2025\/08\/360-Van-V630_00007-1-1024x576.webp","contentUrl":"https:\/\/ahorn-camp.de\/wp-content\/uploads\/2025\/08\/360-Van-V630_00007-1-1024x576.webp"},{"@type":"BreadcrumbList","@id":"https:\/\/ahorn-camp.de\/renault-camper\/#breadcrumb","itemListElement":[{"@type":"ListItem","position":1,"name":"Startseite","item":"https:\/\/ahorn-camp.de\/"},{"@type":"ListItem","position":2,"name":"Renault Camper"}]},{"@type":"WebSite","@id":"https:\/\/ahorn-camp.de\/#website","url":"https:\/\/ahorn-camp.de\/","name":"Ahorn Camp | Camping-cars et fourgons am\u00e9nag\u00e9s","description":"Depuis plus de 30 ans, l'entreprise familiale, Ahorn Camp \u00e0 Speyer, commercialise avec succ\u00e8s des camping-cars et des fourgons au meilleur rapport qualit\u00e9-prix.","publisher":{"@id":"https:\/\/ahorn-camp.de\/#organization"},"potentialAction":[{"@type":"SearchAction","target":{"@type":"EntryPoint","urlTemplate":"https:\/\/ahorn-camp.de\/?s={search_term_string}"},"query-input":{"@type":"PropertyValueSpecification","valueRequired":true,"valueName":"search_term_string"}}],"inLanguage":"fr-FR"},{"@type":"Organization","@id":"https:\/\/ahorn-camp.de\/#organization","name":"Ahorn Camp GmbH &amp; Co. KG","url":"https:\/\/ahorn-camp.de\/","logo":{"@type":"ImageObject","inLanguage":"fr-FR","@id":"https:\/\/ahorn-camp.de\/#\/schema\/logo\/image\/","url":"https:\/\/ahorn-camp.de\/wp-content\/uploads\/2018\/12\/Ahorn_Logo.jpg","contentUrl":"https:\/\/ahorn-camp.de\/wp-content\/uploads\/2018\/12\/Ahorn_Logo.jpg","width":1437,"height":1000,"caption":"Ahorn Camp GmbH & Co. KG"},"image":{"@id":"https:\/\/ahorn-camp.de\/#\/schema\/logo\/image\/"},"sameAs":["https:\/\/www.facebook.com\/ahorn.wohnmobile\/","https:\/\/www.instagram.com\/ahorn.camp\/","https:\/\/www.youtube.com\/channel\/UCPFbPCts1JJ_A1k9vyH0yOQ"]}]}},"_links":{"self":[{"href":"https:\/\/ahorn-camp.de\/fr\/wp-json\/wp\/v2\/pages\/34130","targetHints":{"allow":["GET"]}}],"collection":[{"href":"https:\/\/ahorn-camp.de\/fr\/wp-json\/wp\/v2\/pages"}],"about":[{"href":"https:\/\/ahorn-camp.de\/fr\/wp-json\/wp\/v2\/types\/page"}],"author":[{"embeddable":true,"href":"https:\/\/ahorn-camp.de\/fr\/wp-json\/wp\/v2\/users\/2"}],"replies":[{"embeddable":true,"href":"https:\/\/ahorn-camp.de\/fr\/wp-json\/wp\/v2\/comments?post=34130"}],"version-history":[{"count":3,"href":"https:\/\/ahorn-camp.de\/fr\/wp-json\/wp\/v2\/pages\/34130\/revisions"}],"predecessor-version":[{"id":38346,"href":"https:\/\/ahorn-camp.de\/fr\/wp-json\/wp\/v2\/pages\/34130\/revisions\/38346"}],"wp:attachment":[{"href":"https:\/\/ahorn-camp.de\/fr\/wp-json\/wp\/v2\/media?parent=34130"}],"curies":[{"name":"wp","href":"https:\/\/api.w.org\/{rel}","templated":true}]}}