{"id":22639,"date":"2024-03-19T11:28:03","date_gmt":"2024-03-19T10:28:03","guid":{"rendered":"https:\/\/ahorn-camp.de\/?page_id=22639"},"modified":"2024-11-25T14:41:42","modified_gmt":"2024-11-25T13:41:42","slug":"fc-speyer-09","status":"publish","type":"page","link":"https:\/\/ahorn-camp.de\/fr\/fc-speyer-09\/","title":{"rendered":"FC Speyer 09"},"content":{"rendered":"<div data-elementor-type=\"wp-page\" data-elementor-id=\"22639\" class=\"elementor elementor-22639\" data-elementor-post-type=\"page\">\n\t\t\t\t\t\t<section class=\"elementor-section elementor-top-section elementor-element elementor-element-e8f0a16 elementor-section-boxed elementor-section-height-default elementor-section-height-default\" data-id=\"e8f0a16\" data-element_type=\"section\" data-e-type=\"section\">\n\t\t\t\t\t\t<div class=\"elementor-container elementor-column-gap-default\">\n\t\t\t\t\t<div class=\"elementor-column elementor-col-100 elementor-top-column elementor-element elementor-element-393b575\" data-id=\"393b575\" data-element_type=\"column\" data-e-type=\"column\">\n\t\t\t<div class=\"elementor-widget-wrap elementor-element-populated\">\n\t\t\t\t\t\t<div class=\"elementor-element elementor-element-821f091 elementor-widget elementor-widget-heading\" data-id=\"821f091\" data-element_type=\"widget\" data-e-type=\"widget\" data-widget_type=\"heading.default\">\n\t\t\t\t<div class=\"elementor-widget-container\">\n\t\t\t\t\t<h2 class=\"elementor-heading-title elementor-size-default\">FC Speyer 09<\/h2>\t\t\t\t<\/div>\n\t\t\t\t<\/div>\n\t\t\t\t<div class=\"elementor-element elementor-element-88d8d0a elementor-widget elementor-widget-text-editor\" data-id=\"88d8d0a\" data-element_type=\"widget\" data-e-type=\"widget\" data-widget_type=\"text-editor.default\">\n\t\t\t\t<div class=\"elementor-widget-container\">\n\t\t\t\t\t\t\t\t\t<p style=\"text-align: center;\">En tant qu'entreprise implant\u00e9e \u00e0 Spire, nous nous engageons activement \u00e0 promouvoir le sport et la culture locaux. Le football, avec plus de 7 millions de membres, est le sport le plus populaire en Allemagne. Nous soutenons ce mouvement en tant que fier partenaire du club de football Spire 09 depuis 2020, et nous incarnons ensemble l'esprit d'\u00e9quipe, la vitesse et la passion sur le terrain. Ce partenariat va au-del\u00e0 du domaine purement sportif : nous nous engageons activement pour la communaut\u00e9 et l'environnement. Ainsi, nous avons, en collaboration avec <a href=\"https:\/\/ahorn-camp.de\/fr\/baumpflanzaktion\/\" target=\"_blank\" rel=\"noopener\">Association \u201eCamping-car pour la protection du climat\u201c une campagne de plantation d'arbres<\/a> initi\u00e9e, permettant de planter plus de 1 000 arbres. Cette action fut un franc succ\u00e8s, voyant non seulement de nombreux employ\u00e9s de Ahorn Campmais aussi des officiels et des joueurs de la 1\u00e8re et 2\u00e8me \u00e9quipe du FC Speyer 09 y mettre du leur.<\/p><p style=\"text-align: center;\">Ahorn Camp \u2013 ensemble, forts pour le sport \u00e0 Spire !<\/p>\t\t\t\t\t\t\t\t<\/div>\n\t\t\t\t<\/div>\n\t\t\t\t\t<\/div>\n\t\t<\/div>\n\t\t\t\t\t<\/div>\n\t\t<\/section>\n\t\t\t\t<section class=\"elementor-section elementor-top-section elementor-element elementor-element-18a8d2d elementor-section-boxed elementor-section-height-default elementor-section-height-default\" data-id=\"18a8d2d\" data-element_type=\"section\" data-e-type=\"section\">\n\t\t\t\t\t\t<div class=\"elementor-container elementor-column-gap-default\">\n\t\t\t\t\t<div class=\"elementor-column elementor-col-100 elementor-top-column elementor-element elementor-element-0661e6f\" data-id=\"0661e6f\" data-element_type=\"column\" data-e-type=\"column\">\n\t\t\t<div class=\"elementor-widget-wrap elementor-element-populated\">\n\t\t\t\t\t\t<div class=\"elementor-element elementor-element-04f5ecd elementor-widget elementor-widget-heading\" data-id=\"04f5ecd\" data-element_type=\"widget\" data-e-type=\"widget\" data-widget_type=\"heading.default\">\n\t\t\t\t<div class=\"elementor-widget-container\">\n\t\t\t\t\t<h2 class=\"elementor-heading-title elementor-size-default\">En tant que partenaire de longue date, nous \u00e9largissons le sponsoring<\/h2>\t\t\t\t<\/div>\n\t\t\t\t<\/div>\n\t\t\t\t\t<\/div>\n\t\t<\/div>\n\t\t\t\t\t<\/div>\n\t\t<\/section>\n\t\t\t\t<section class=\"elementor-section elementor-top-section elementor-element elementor-element-7f1a686 elementor-section-boxed elementor-section-height-default elementor-section-height-default\" data-id=\"7f1a686\" data-element_type=\"section\" data-e-type=\"section\">\n\t\t\t\t\t\t<div class=\"elementor-container elementor-column-gap-default\">\n\t\t\t\t\t<div class=\"elementor-column elementor-col-100 elementor-top-column elementor-element elementor-element-2da3376\" data-id=\"2da3376\" data-element_type=\"column\" data-e-type=\"column\">\n\t\t\t<div class=\"elementor-widget-wrap elementor-element-populated\">\n\t\t\t\t\t\t<div class=\"elementor-element elementor-element-0381103 elementor-widget elementor-widget-image\" data-id=\"0381103\" data-element_type=\"widget\" data-e-type=\"widget\" data-widget_type=\"image.default\">\n\t\t\t\t<div class=\"elementor-widget-container\">\n\t\t\t\t\t\t\t\t\t\t\t\t\t\t\t<img fetchpriority=\"high\" decoding=\"async\" width=\"1024\" height=\"683\" src=\"https:\/\/ahorn-camp.de\/wp-content\/uploads\/2024\/03\/2022_11_3_FC-09-9_b-1024x683.jpg\" class=\"attachment-large size-large wp-image-22642\" alt=\"Ahorn Camp x FC Speyer 09\" srcset=\"https:\/\/ahorn-camp.de\/wp-content\/uploads\/2024\/03\/2022_11_3_FC-09-9_b-1024x683.jpg 1024w, https:\/\/ahorn-camp.de\/wp-content\/uploads\/2024\/03\/2022_11_3_FC-09-9_b-300x200.jpg 300w, https:\/\/ahorn-camp.de\/wp-content\/uploads\/2024\/03\/2022_11_3_FC-09-9_b-768x512.jpg 768w, https:\/\/ahorn-camp.de\/wp-content\/uploads\/2024\/03\/2022_11_3_FC-09-9_b-800x533.jpg 800w, https:\/\/ahorn-camp.de\/wp-content\/uploads\/2024\/03\/2022_11_3_FC-09-9_b-1536x1024.jpg 1536w, https:\/\/ahorn-camp.de\/wp-content\/uploads\/2024\/03\/2022_11_3_FC-09-9_b-2048x1365.jpg 2048w\" sizes=\"(max-width: 1024px) 100vw, 1024px\" \/>\t\t\t\t\t\t\t\t\t\t\t\t\t\t\t<\/div>\n\t\t\t\t<\/div>\n\t\t\t\t<div class=\"elementor-element elementor-element-3b267fd elementor-widget elementor-widget-text-editor\" data-id=\"3b267fd\" data-element_type=\"widget\" data-e-type=\"widget\" data-widget_type=\"text-editor.default\">\n\t\t\t\t<div class=\"elementor-widget-container\">\n\t\t\t\t\t\t\t\t\t<p style=\"text-align: center;\">La deuxi\u00e8me \u00e9quipe masculine du FC 09 Speyer a re\u00e7u ses maillots sponsoris\u00e9s par la soci\u00e9t\u00e9 Ahorn Camp GmbH, sur lesquels figure \u00e9galement le logo de cette m\u00eame entreprise.<br \/>Lors de leur visite au si\u00e8ge social situ\u00e9 Franz-Kirrmeier Stra\u00dfe 8, les directeurs g\u00e9n\u00e9raux Alexander et Franziska Reichmann ont remis les nouveaux maillots \u00e0 notre directeur sportif Andreas Eichholz et au responsable des activit\u00e9s Daniel Kretzler.<\/p>\t\t\t\t\t\t\t\t<\/div>\n\t\t\t\t<\/div>\n\t\t\t\t\t<\/div>\n\t\t<\/div>\n\t\t\t\t\t<\/div>\n\t\t<\/section>\n\t\t\t\t<section class=\"elementor-section elementor-top-section elementor-element elementor-element-68f2657 elementor-section-boxed elementor-section-height-default elementor-section-height-default\" data-id=\"68f2657\" data-element_type=\"section\" data-e-type=\"section\">\n\t\t\t\t\t\t<div class=\"elementor-container elementor-column-gap-default\">\n\t\t\t\t\t<div class=\"elementor-column elementor-col-100 elementor-top-column elementor-element elementor-element-7f82ada\" data-id=\"7f82ada\" data-element_type=\"column\" data-e-type=\"column\">\n\t\t\t<div class=\"elementor-widget-wrap elementor-element-populated\">\n\t\t\t\t\t\t<div class=\"elementor-element elementor-element-7da5996 elementor-widget elementor-widget-heading\" data-id=\"7da5996\" data-element_type=\"widget\" data-e-type=\"widget\" data-widget_type=\"heading.default\">\n\t\t\t\t<div class=\"elementor-widget-container\">\n\t\t\t\t\t<h2 class=\"elementor-heading-title elementor-size-default\">Suivez le FC Speyer 09 sur leurs cha\u00eenes<\/h2>\t\t\t\t<\/div>\n\t\t\t\t<\/div>\n\t\t\t\t<section class=\"elementor-section elementor-inner-section elementor-element elementor-element-a7173e6 elementor-section-boxed elementor-section-height-default elementor-section-height-default\" data-id=\"a7173e6\" data-element_type=\"section\" data-e-type=\"section\">\n\t\t\t\t\t\t<div class=\"elementor-container elementor-column-gap-default\">\n\t\t\t\t\t<div class=\"elementor-column elementor-col-33 elementor-inner-column elementor-element elementor-element-2212fb2\" data-id=\"2212fb2\" data-element_type=\"column\" data-e-type=\"column\" data-settings=\"{&quot;background_background&quot;:&quot;classic&quot;}\">\n\t\t\t<div class=\"elementor-widget-wrap elementor-element-populated\">\n\t\t\t\t\t\t<div class=\"elementor-element elementor-element-c890873 elementor-view-default elementor-widget elementor-widget-icon\" data-id=\"c890873\" data-element_type=\"widget\" data-e-type=\"widget\" data-widget_type=\"icon.default\">\n\t\t\t\t<div class=\"elementor-widget-container\">\n\t\t\t\t\t\t\t<div class=\"elementor-icon-wrapper\">\n\t\t\t<a class=\"elementor-icon\" href=\"https:\/\/fcspeyer09.de\/\" target=\"_blank\">\n\t\t\t<i aria-hidden=\"true\" class=\"jki jki-internet-light\"><\/i>\t\t\t<\/a>\n\t\t<\/div>\n\t\t\t\t\t\t<\/div>\n\t\t\t\t<\/div>\n\t\t\t\t<div class=\"elementor-element elementor-element-69c265c elementor-widget elementor-widget-heading\" data-id=\"69c265c\" data-element_type=\"widget\" data-e-type=\"widget\" data-widget_type=\"heading.default\">\n\t\t\t\t<div class=\"elementor-widget-container\">\n\t\t\t\t\t<h3 class=\"elementor-heading-title elementor-size-default\"><a href=\"https:\/\/fcspeyer09.de\/\" target=\"_blank\">Site web<\/a><\/h3>\t\t\t\t<\/div>\n\t\t\t\t<\/div>\n\t\t\t\t\t<\/div>\n\t\t<\/div>\n\t\t\t\t<div class=\"elementor-column elementor-col-33 elementor-inner-column elementor-element elementor-element-76a551e\" data-id=\"76a551e\" data-element_type=\"column\" data-e-type=\"column\" data-settings=\"{&quot;background_background&quot;:&quot;classic&quot;}\">\n\t\t\t<div class=\"elementor-widget-wrap elementor-element-populated\">\n\t\t\t\t\t\t<div class=\"elementor-element elementor-element-a6ec02e elementor-view-default elementor-widget elementor-widget-icon\" data-id=\"a6ec02e\" data-element_type=\"widget\" data-e-type=\"widget\" data-widget_type=\"icon.default\">\n\t\t\t\t<div class=\"elementor-widget-container\">\n\t\t\t\t\t\t\t<div class=\"elementor-icon-wrapper\">\n\t\t\t<a class=\"elementor-icon\" href=\"https:\/\/www.instagram.com\/fcspeyer09\/\" target=\"_blank\">\n\t\t\t<i aria-hidden=\"true\" class=\"jki jki-instagram-1-light\"><\/i>\t\t\t<\/a>\n\t\t<\/div>\n\t\t\t\t\t\t<\/div>\n\t\t\t\t<\/div>\n\t\t\t\t<div class=\"elementor-element elementor-element-179b0d8 elementor-widget elementor-widget-heading\" data-id=\"179b0d8\" data-element_type=\"widget\" data-e-type=\"widget\" data-widget_type=\"heading.default\">\n\t\t\t\t<div class=\"elementor-widget-container\">\n\t\t\t\t\t<h3 class=\"elementor-heading-title elementor-size-default\"><a href=\"https:\/\/www.instagram.com\/fcspeyer09\/\" target=\"_blank\">fcspeyer09<\/a><\/h3>\t\t\t\t<\/div>\n\t\t\t\t<\/div>\n\t\t\t\t\t<\/div>\n\t\t<\/div>\n\t\t\t\t<div class=\"elementor-column elementor-col-33 elementor-inner-column elementor-element elementor-element-0c291cf\" data-id=\"0c291cf\" data-element_type=\"column\" data-e-type=\"column\" data-settings=\"{&quot;background_background&quot;:&quot;classic&quot;}\">\n\t\t\t<div class=\"elementor-widget-wrap elementor-element-populated\">\n\t\t\t\t\t\t<div class=\"elementor-element elementor-element-9d2d124 elementor-view-default elementor-widget elementor-widget-icon\" data-id=\"9d2d124\" data-element_type=\"widget\" data-e-type=\"widget\" data-widget_type=\"icon.default\">\n\t\t\t\t<div class=\"elementor-widget-container\">\n\t\t\t\t\t\t\t<div class=\"elementor-icon-wrapper\">\n\t\t\t<a class=\"elementor-icon\" href=\"https:\/\/www.facebook.com\/FCSpeyer09\" target=\"_blank\">\n\t\t\t<i aria-hidden=\"true\" class=\"jki jki-facebook-2-light\"><\/i>\t\t\t<\/a>\n\t\t<\/div>\n\t\t\t\t\t\t<\/div>\n\t\t\t\t<\/div>\n\t\t\t\t<div class=\"elementor-element elementor-element-e9dfb4f elementor-widget elementor-widget-heading\" data-id=\"e9dfb4f\" data-element_type=\"widget\" data-e-type=\"widget\" data-widget_type=\"heading.default\">\n\t\t\t\t<div class=\"elementor-widget-container\">\n\t\t\t\t\t<h3 class=\"elementor-heading-title elementor-size-default\"><a href=\"https:\/\/www.facebook.com\/FCSpeyer09\" target=\"_blank\">FC Speyer 09<\/a><\/h3>\t\t\t\t<\/div>\n\t\t\t\t<\/div>\n\t\t\t\t\t<\/div>\n\t\t<\/div>\n\t\t\t\t\t<\/div>\n\t\t<\/section>\n\t\t\t\t\t<\/div>\n\t\t<\/div>\n\t\t\t\t\t<\/div>\n\t\t<\/section>\n\t\t\t\t<\/div>","protected":false},"excerpt":{"rendered":"<p>FC Speyer 09 <\/p>\n<p style=\"text-align: center;\">Als Unternehmen mit Standort in Speyer setzen wir uns intensiv f\u00fcr die F\u00f6rderung des lokalen Sports und Kulturbereichs ein. Fu\u00dfball ist mit \u00fcber 7 Millionen Mitgliedern der beliebteste Sport in Deutschland. Diese Bewegung unterst\u00fctzen wir als stolzer Partner des Fu\u00dfballclubs Speyer 09 seit 2020 und stehen gemeinsam f\u00fcr Teamgeist, Tempo und Leidenschaft auf dem Spielfeld. Die Partnerschaft geht \u00fcber das rein Sportliche hinaus &#8211; Wir engagieren uns aktiv f\u00fcr die Gemeinschaft und die Umwelt. So haben wir gemeinsam mit dem Verein &#8222;Wohnmobil f\u00fcr Klimaschutz&#8220; eine Baumpflanzaktion ins Leben gerufen, bei der \u00fcber 1.000 B\u00e4ume gepflanzt wurden. Diese Aktion war ein voller Erfolg, bei dem nicht nur zahlreiche Mitarbeiter von Ahorn Camp, sondern auch Funktion\u00e4re und Spieler der 1. und 2. Mannschaft des FC Speyer 09 tatkr\u00e4ftig mit angepackt haben.<\/p>\n<p style=\"text-align: center;\">Ahorn Camp \u2013 gemeinsam stark f\u00fcr den Sport in Speyer!<\/p>\n<p> Als langj\u00e4hriger Partner erweitern wir Sponsoring <\/p>\n<p> <img width=\"1024\" [...]<\/p>\n","protected":false},"author":2,"featured_media":0,"parent":0,"menu_order":34,"comment_status":"closed","ping_status":"closed","template":"","meta":{"content-type":"","footnotes":""},"class_list":["post-22639","page","type-page","status-publish","hentry"],"yoast_head":"<!-- This site is optimized with the Yoast SEO plugin v27.4 - https:\/\/yoast.com\/product\/yoast-seo-wordpress\/ -->\n<title>FC Speyer 09 - Ahorn Camp | Reisemobile und Kastenwagen<\/title>\n<meta name=\"description\" content=\"Als stolzer Partner des Fu\u00dfballclubs Speyer 09 seit 2020 und stehen gemeinsam f\u00fcr Teamgeist, Tempo und Leidenschaft auf dem Spielfeld.\" \/>\n<meta name=\"robots\" content=\"index, follow, max-snippet:-1, max-image-preview:large, max-video-preview:-1\" \/>\n<link rel=\"canonical\" href=\"https:\/\/ahorn-camp.de\/fr\/fc-speyer-09\/\" \/>\n<meta property=\"og:locale\" content=\"fr_FR\" \/>\n<meta property=\"og:type\" content=\"article\" \/>\n<meta property=\"og:title\" content=\"FC Speyer 09 - Ahorn Camp | Reisemobile und Kastenwagen\" \/>\n<meta property=\"og:description\" content=\"Als stolzer Partner des Fu\u00dfballclubs Speyer 09 seit 2020 und stehen gemeinsam f\u00fcr Teamgeist, Tempo und Leidenschaft auf dem Spielfeld.\" \/>\n<meta property=\"og:url\" content=\"https:\/\/ahorn-camp.de\/fr\/fc-speyer-09\/\" \/>\n<meta property=\"og:site_name\" content=\"Ahorn Camp | Reisemobile und Kastenwagen\" \/>\n<meta property=\"article:publisher\" content=\"https:\/\/www.facebook.com\/ahorn.wohnmobile\/\" \/>\n<meta property=\"article:modified_time\" content=\"2024-11-25T13:41:42+00:00\" \/>\n<meta property=\"og:image\" content=\"https:\/\/ahorn-camp.de\/wp-content\/uploads\/2024\/03\/2022_11_3_FC-09-9_b-1024x683.jpg\" \/>\n<meta name=\"twitter:card\" content=\"summary_large_image\" \/>\n<meta name=\"twitter:label1\" content=\"Dur\u00e9e de lecture estim\u00e9e\" \/>\n\t<meta name=\"twitter:data1\" content=\"2 minutes\" \/>\n<script type=\"application\/ld+json\" class=\"yoast-schema-graph\">{\"@context\":\"https:\\\/\\\/schema.org\",\"@graph\":[{\"@type\":\"WebPage\",\"@id\":\"https:\\\/\\\/ahorn-camp.de\\\/fc-speyer-09\\\/\",\"url\":\"https:\\\/\\\/ahorn-camp.de\\\/fc-speyer-09\\\/\",\"name\":\"FC Speyer 09 - Ahorn Camp | Reisemobile und Kastenwagen\",\"isPartOf\":{\"@id\":\"https:\\\/\\\/ahorn-camp.de\\\/#website\"},\"primaryImageOfPage\":{\"@id\":\"https:\\\/\\\/ahorn-camp.de\\\/fc-speyer-09\\\/#primaryimage\"},\"image\":{\"@id\":\"https:\\\/\\\/ahorn-camp.de\\\/fc-speyer-09\\\/#primaryimage\"},\"thumbnailUrl\":\"https:\\\/\\\/ahorn-camp.de\\\/wp-content\\\/uploads\\\/2024\\\/03\\\/2022_11_3_FC-09-9_b-1024x683.jpg\",\"datePublished\":\"2024-03-19T10:28:03+00:00\",\"dateModified\":\"2024-11-25T13:41:42+00:00\",\"description\":\"Als stolzer Partner des Fu\u00dfballclubs Speyer 09 seit 2020 und stehen gemeinsam f\u00fcr Teamgeist, Tempo und Leidenschaft auf dem Spielfeld.\",\"breadcrumb\":{\"@id\":\"https:\\\/\\\/ahorn-camp.de\\\/fc-speyer-09\\\/#breadcrumb\"},\"inLanguage\":\"fr-FR\",\"potentialAction\":[{\"@type\":\"ReadAction\",\"target\":[\"https:\\\/\\\/ahorn-camp.de\\\/fc-speyer-09\\\/\"]}]},{\"@type\":\"ImageObject\",\"inLanguage\":\"fr-FR\",\"@id\":\"https:\\\/\\\/ahorn-camp.de\\\/fc-speyer-09\\\/#primaryimage\",\"url\":\"https:\\\/\\\/ahorn-camp.de\\\/wp-content\\\/uploads\\\/2024\\\/03\\\/2022_11_3_FC-09-9_b-1024x683.jpg\",\"contentUrl\":\"https:\\\/\\\/ahorn-camp.de\\\/wp-content\\\/uploads\\\/2024\\\/03\\\/2022_11_3_FC-09-9_b-1024x683.jpg\"},{\"@type\":\"BreadcrumbList\",\"@id\":\"https:\\\/\\\/ahorn-camp.de\\\/fc-speyer-09\\\/#breadcrumb\",\"itemListElement\":[{\"@type\":\"ListItem\",\"position\":1,\"name\":\"Startseite\",\"item\":\"https:\\\/\\\/ahorn-camp.de\\\/\"},{\"@type\":\"ListItem\",\"position\":2,\"name\":\"FC Speyer 09\"}]},{\"@type\":\"WebSite\",\"@id\":\"https:\\\/\\\/ahorn-camp.de\\\/#website\",\"url\":\"https:\\\/\\\/ahorn-camp.de\\\/\",\"name\":\"Ahorn Camp | Reisemobile und Kastenwagen\",\"description\":\"Seit \u00fcber 30 Jahren vermarktet das Familienunternehmen, Ahorn Camp in Speyer, erfolgreich Wohnmobile und Kastenwagen zum besten Preis-Leistungsverh\u00e4ltnis.\",\"publisher\":{\"@id\":\"https:\\\/\\\/ahorn-camp.de\\\/#organization\"},\"potentialAction\":[{\"@type\":\"SearchAction\",\"target\":{\"@type\":\"EntryPoint\",\"urlTemplate\":\"https:\\\/\\\/ahorn-camp.de\\\/?s={search_term_string}\"},\"query-input\":{\"@type\":\"PropertyValueSpecification\",\"valueRequired\":true,\"valueName\":\"search_term_string\"}}],\"inLanguage\":\"fr-FR\"},{\"@type\":\"Organization\",\"@id\":\"https:\\\/\\\/ahorn-camp.de\\\/#organization\",\"name\":\"Ahorn Camp GmbH & Co. KG\",\"url\":\"https:\\\/\\\/ahorn-camp.de\\\/\",\"logo\":{\"@type\":\"ImageObject\",\"inLanguage\":\"fr-FR\",\"@id\":\"https:\\\/\\\/ahorn-camp.de\\\/#\\\/schema\\\/logo\\\/image\\\/\",\"url\":\"https:\\\/\\\/ahorn-camp.de\\\/wp-content\\\/uploads\\\/2018\\\/12\\\/Ahorn_Logo.jpg\",\"contentUrl\":\"https:\\\/\\\/ahorn-camp.de\\\/wp-content\\\/uploads\\\/2018\\\/12\\\/Ahorn_Logo.jpg\",\"width\":1437,\"height\":1000,\"caption\":\"Ahorn Camp GmbH & Co. KG\"},\"image\":{\"@id\":\"https:\\\/\\\/ahorn-camp.de\\\/#\\\/schema\\\/logo\\\/image\\\/\"},\"sameAs\":[\"https:\\\/\\\/www.facebook.com\\\/ahorn.wohnmobile\\\/\",\"https:\\\/\\\/www.instagram.com\\\/ahorn.camp\\\/\",\"https:\\\/\\\/www.youtube.com\\\/channel\\\/UCPFbPCts1JJ_A1k9vyH0yOQ\"]}]}<\/script>\n<!-- \/ Yoast SEO plugin. -->","yoast_head_json":{"title":"FC Speyer 09 - Ahorn Camp | Camping-cars et fourgons am\u00e9nag\u00e9s","description":"En tant que fier partenaire du club de football Speyer 09 depuis 2020, nous partageons ensemble l'esprit d'\u00e9quipe, la vitesse et la passion sur le terrain.","robots":{"index":"index","follow":"follow","max-snippet":"max-snippet:-1","max-image-preview":"max-image-preview:large","max-video-preview":"max-video-preview:-1"},"canonical":"https:\/\/ahorn-camp.de\/fr\/fc-speyer-09\/","og_locale":"fr_FR","og_type":"article","og_title":"FC Speyer 09 - Ahorn Camp | Reisemobile und Kastenwagen","og_description":"Als stolzer Partner des Fu\u00dfballclubs Speyer 09 seit 2020 und stehen gemeinsam f\u00fcr Teamgeist, Tempo und Leidenschaft auf dem Spielfeld.","og_url":"https:\/\/ahorn-camp.de\/fr\/fc-speyer-09\/","og_site_name":"Ahorn Camp | Reisemobile und Kastenwagen","article_publisher":"https:\/\/www.facebook.com\/ahorn.wohnmobile\/","article_modified_time":"2024-11-25T13:41:42+00:00","og_image":[{"url":"https:\/\/ahorn-camp.de\/wp-content\/uploads\/2024\/03\/2022_11_3_FC-09-9_b-1024x683.jpg","type":"","width":"","height":""}],"twitter_card":"summary_large_image","twitter_misc":{"Dur\u00e9e de lecture estim\u00e9e":"2 minutes"},"schema":{"@context":"https:\/\/schema.org","@graph":[{"@type":"WebPage","@id":"https:\/\/ahorn-camp.de\/fc-speyer-09\/","url":"https:\/\/ahorn-camp.de\/fc-speyer-09\/","name":"FC Speyer 09 - Ahorn Camp | Camping-cars et fourgons am\u00e9nag\u00e9s","isPartOf":{"@id":"https:\/\/ahorn-camp.de\/#website"},"primaryImageOfPage":{"@id":"https:\/\/ahorn-camp.de\/fc-speyer-09\/#primaryimage"},"image":{"@id":"https:\/\/ahorn-camp.de\/fc-speyer-09\/#primaryimage"},"thumbnailUrl":"https:\/\/ahorn-camp.de\/wp-content\/uploads\/2024\/03\/2022_11_3_FC-09-9_b-1024x683.jpg","datePublished":"2024-03-19T10:28:03+00:00","dateModified":"2024-11-25T13:41:42+00:00","description":"En tant que fier partenaire du club de football Speyer 09 depuis 2020, nous partageons ensemble l'esprit d'\u00e9quipe, la vitesse et la passion sur le terrain.","breadcrumb":{"@id":"https:\/\/ahorn-camp.de\/fc-speyer-09\/#breadcrumb"},"inLanguage":"fr-FR","potentialAction":[{"@type":"ReadAction","target":["https:\/\/ahorn-camp.de\/fc-speyer-09\/"]}]},{"@type":"ImageObject","inLanguage":"fr-FR","@id":"https:\/\/ahorn-camp.de\/fc-speyer-09\/#primaryimage","url":"https:\/\/ahorn-camp.de\/wp-content\/uploads\/2024\/03\/2022_11_3_FC-09-9_b-1024x683.jpg","contentUrl":"https:\/\/ahorn-camp.de\/wp-content\/uploads\/2024\/03\/2022_11_3_FC-09-9_b-1024x683.jpg"},{"@type":"BreadcrumbList","@id":"https:\/\/ahorn-camp.de\/fc-speyer-09\/#breadcrumb","itemListElement":[{"@type":"ListItem","position":1,"name":"Startseite","item":"https:\/\/ahorn-camp.de\/"},{"@type":"ListItem","position":2,"name":"FC Speyer 09"}]},{"@type":"WebSite","@id":"https:\/\/ahorn-camp.de\/#website","url":"https:\/\/ahorn-camp.de\/","name":"Ahorn Camp | Camping-cars et fourgons am\u00e9nag\u00e9s","description":"Depuis plus de 30 ans, l'entreprise familiale, Ahorn Camp \u00e0 Speyer, commercialise avec succ\u00e8s des camping-cars et des fourgons au meilleur rapport qualit\u00e9-prix.","publisher":{"@id":"https:\/\/ahorn-camp.de\/#organization"},"potentialAction":[{"@type":"SearchAction","target":{"@type":"EntryPoint","urlTemplate":"https:\/\/ahorn-camp.de\/?s={search_term_string}"},"query-input":{"@type":"PropertyValueSpecification","valueRequired":true,"valueName":"search_term_string"}}],"inLanguage":"fr-FR"},{"@type":"Organization","@id":"https:\/\/ahorn-camp.de\/#organization","name":"Ahorn Camp GmbH &amp; Co. KG","url":"https:\/\/ahorn-camp.de\/","logo":{"@type":"ImageObject","inLanguage":"fr-FR","@id":"https:\/\/ahorn-camp.de\/#\/schema\/logo\/image\/","url":"https:\/\/ahorn-camp.de\/wp-content\/uploads\/2018\/12\/Ahorn_Logo.jpg","contentUrl":"https:\/\/ahorn-camp.de\/wp-content\/uploads\/2018\/12\/Ahorn_Logo.jpg","width":1437,"height":1000,"caption":"Ahorn Camp GmbH & Co. KG"},"image":{"@id":"https:\/\/ahorn-camp.de\/#\/schema\/logo\/image\/"},"sameAs":["https:\/\/www.facebook.com\/ahorn.wohnmobile\/","https:\/\/www.instagram.com\/ahorn.camp\/","https:\/\/www.youtube.com\/channel\/UCPFbPCts1JJ_A1k9vyH0yOQ"]}]}},"_links":{"self":[{"href":"https:\/\/ahorn-camp.de\/fr\/wp-json\/wp\/v2\/pages\/22639","targetHints":{"allow":["GET"]}}],"collection":[{"href":"https:\/\/ahorn-camp.de\/fr\/wp-json\/wp\/v2\/pages"}],"about":[{"href":"https:\/\/ahorn-camp.de\/fr\/wp-json\/wp\/v2\/types\/page"}],"author":[{"embeddable":true,"href":"https:\/\/ahorn-camp.de\/fr\/wp-json\/wp\/v2\/users\/2"}],"replies":[{"embeddable":true,"href":"https:\/\/ahorn-camp.de\/fr\/wp-json\/wp\/v2\/comments?post=22639"}],"version-history":[{"count":0,"href":"https:\/\/ahorn-camp.de\/fr\/wp-json\/wp\/v2\/pages\/22639\/revisions"}],"wp:attachment":[{"href":"https:\/\/ahorn-camp.de\/fr\/wp-json\/wp\/v2\/media?parent=22639"}],"curies":[{"name":"wp","href":"https:\/\/api.w.org\/{rel}","templated":true}]}}