{"id":154,"date":"2017-09-11T15:54:30","date_gmt":"2017-09-11T13:54:30","guid":{"rendered":"http:\/\/demo.themesuite.com\/automotive-wp\/?page_id=301"},"modified":"2026-04-07T16:31:34","modified_gmt":"2026-04-07T14:31:34","slug":"capucines-camping-cars","status":"publish","type":"page","link":"https:\/\/ahorn-camp.de\/fr\/ahorn-reisemobile\/alkoven-wohnmobile\/","title":{"rendered":"Acheter un camping-car \u00e0 capucine chez Ahorn Camp | Camping-cars"},"content":{"rendered":"<div data-elementor-type=\"wp-page\" data-elementor-id=\"154\" class=\"elementor elementor-154\" data-elementor-post-type=\"page\">\n\t\t\t\t\t\t<section class=\"elementor-section elementor-top-section elementor-element elementor-element-1153c801 elementor-section-height-min-height elementor-section-stretched elementor-section-boxed elementor-section-height-default elementor-section-items-middle\" data-id=\"1153c801\" data-element_type=\"section\" data-e-type=\"section\" data-settings=\"{&quot;stretch_section&quot;:&quot;section-stretched&quot;,&quot;background_background&quot;:&quot;video&quot;,&quot;background_video_link&quot;:&quot;https:\\\/\\\/ahorn-camp.de\\\/wp-content\\\/uploads\\\/2020\\\/07\\\/ahorn-camp-alkoven-video.mp4&quot;,&quot;background_play_on_mobile&quot;:&quot;yes&quot;}\">\n\t\t\t\t\t\t\t\t<div class=\"elementor-background-video-container\">\n\t\t\t\t\t\t\t\t\t\t\t\t\t<video class=\"elementor-background-video-hosted\" role=\"presentation\" autoplay muted playsinline loop><\/video>\n\t\t\t\t\t\t\t\t\t\t\t<\/div>\n\t\t\t\t\t\t\t\t<div class=\"elementor-container elementor-column-gap-default\">\n\t\t\t\t\t<div class=\"elementor-column elementor-col-100 elementor-top-column elementor-element elementor-element-1349e94\" data-id=\"1349e94\" data-element_type=\"column\" data-e-type=\"column\">\n\t\t\t<div class=\"elementor-widget-wrap elementor-element-populated\">\n\t\t\t\t\t\t<div class=\"elementor-element elementor-element-1f663c4c elementor-widget__width-auto elementor-widget elementor-widget-heading\" data-id=\"1f663c4c\" data-element_type=\"widget\" data-e-type=\"widget\" data-widget_type=\"heading.default\">\n\t\t\t\t<div class=\"elementor-widget-container\">\n\t\t\t\t\t<h1 class=\"elementor-heading-title elementor-size-default\">Acheter un camping-car \u00e0 capucine chez Ahorn Camp<\/h1>\t\t\t\t<\/div>\n\t\t\t\t<\/div>\n\t\t\t\t\t<\/div>\n\t\t<\/div>\n\t\t\t\t\t<\/div>\n\t\t<\/section>\n\t\t\t\t<section class=\"elementor-section elementor-top-section elementor-element elementor-element-4a9c1bad elementor-section-stretched elementor-section-boxed elementor-section-height-default elementor-section-height-default\" data-id=\"4a9c1bad\" data-element_type=\"section\" data-e-type=\"section\" data-settings=\"{&quot;stretch_section&quot;:&quot;section-stretched&quot;}\">\n\t\t\t\t\t\t<div class=\"elementor-container elementor-column-gap-default\">\n\t\t\t\t\t<div class=\"elementor-column elementor-col-100 elementor-top-column elementor-element elementor-element-2be850e9\" data-id=\"2be850e9\" data-element_type=\"column\" data-e-type=\"column\">\n\t\t\t<div class=\"elementor-widget-wrap elementor-element-populated\">\n\t\t\t\t\t\t<div class=\"elementor-element elementor-element-17bc1c1 elementor-widget elementor-widget-heading\" data-id=\"17bc1c1\" data-element_type=\"widget\" data-e-type=\"widget\" data-widget_type=\"heading.default\">\n\t\t\t\t<div class=\"elementor-widget-container\">\n\t\t\t\t\t<h2 class=\"elementor-heading-title elementor-size-default\">Acheter un camping-car \u00e0 capucine chez Ahorn Camp\n<\/h2>\t\t\t\t<\/div>\n\t\t\t\t<\/div>\n\t\t\t\t<div class=\"elementor-element elementor-element-dbee460 elementor-widget elementor-widget-text-editor\" data-id=\"dbee460\" data-element_type=\"widget\" data-e-type=\"widget\" data-widget_type=\"text-editor.default\">\n\t\t\t\t<div class=\"elementor-widget-container\">\n\t\t\t\t\t\t\t\t\t<p style=\"text-align: center;\"><span style=\"color: #000000;\">Si vous souhaitez acheter une capucine, vous \u00eates \u00e0 la bonne adresse chez Ahorn Camp. Notre guide complet vous aidera \u00e0 trouver la caravane \u00e0 capucine parfaite pour vos besoins. Que vous vous informiez en ligne ou que vous<\/span> <strong><span style=\"color: #158380;\"><a style=\"color: #158380;\" href=\"https:\/\/ahorn-camp.de\/fr\/partenaire-commercial\/\" target=\"_blank\" rel=\"noopener\">revendeur correspondant<\/a><\/span><\/strong><span style=\"color: #000000;\"> vous trouverez chez nous toutes les possibilit\u00e9s. D\u00e9couvrez nos multiples mod\u00e8les et comparez-les avec <a href=\"https:\/\/ahorn-camp.de\/fr\/ahorn-camping-cars\/camping-cars-profiles\/\" target=\"_blank\" rel=\"noopener\"><strong><span style=\"color: #158380;\">camping-cars semi-int\u00e9gr\u00e9s<\/span><\/strong><\/a>Vous pourrez ainsi faire le meilleur choix pour vos prochaines vacances. Vous avez le choix entre diff\u00e9rentes implantations et variantes d'\u00e9quipement qui sont adapt\u00e9es individuellement \u00e0 vos exigences. Nos camping-cars offrent un espace de vie optimal et suffisamment d'espace de rangement pour tous vos accessoires de voyage.<\/span><\/p>\t\t\t\t\t\t\t\t<\/div>\n\t\t\t\t<\/div>\n\t\t\t\t<section class=\"elementor-section elementor-inner-section elementor-element elementor-element-4752f7d elementor-section-boxed elementor-section-height-default elementor-section-height-default\" data-id=\"4752f7d\" data-element_type=\"section\" data-e-type=\"section\" data-settings=\"{&quot;background_background&quot;:&quot;classic&quot;}\">\n\t\t\t\t\t\t<div class=\"elementor-container elementor-column-gap-default\">\n\t\t\t\t\t<div class=\"elementor-column elementor-col-100 elementor-inner-column elementor-element elementor-element-2035a12\" data-id=\"2035a12\" data-element_type=\"column\" data-e-type=\"column\">\n\t\t\t<div class=\"elementor-widget-wrap elementor-element-populated\">\n\t\t\t\t\t\t<div class=\"elementor-element elementor-element-5883e90 elementor-widget elementor-widget-heading\" data-id=\"5883e90\" data-element_type=\"widget\" data-e-type=\"widget\" data-widget_type=\"heading.default\">\n\t\t\t\t<div class=\"elementor-widget-container\">\n\t\t\t\t\t<h3 class=\"elementor-heading-title elementor-size-default\">Vos avantages chez Ahorn Camp<\/h3>\t\t\t\t<\/div>\n\t\t\t\t<\/div>\n\t\t\t\t\t<\/div>\n\t\t<\/div>\n\t\t\t\t\t<\/div>\n\t\t<\/section>\n\t\t\t\t<section class=\"elementor-section elementor-inner-section elementor-element elementor-element-46424d0 elementor-section-boxed elementor-section-height-default elementor-section-height-default\" data-id=\"46424d0\" data-element_type=\"section\" data-e-type=\"section\" data-settings=\"{&quot;background_background&quot;:&quot;classic&quot;}\">\n\t\t\t\t\t\t<div class=\"elementor-container elementor-column-gap-default\">\n\t\t\t\t\t<div class=\"elementor-column elementor-col-50 elementor-inner-column elementor-element elementor-element-3adf054\" data-id=\"3adf054\" data-element_type=\"column\" data-e-type=\"column\">\n\t\t\t<div class=\"elementor-widget-wrap elementor-element-populated\">\n\t\t\t\t\t\t<div class=\"elementor-element elementor-element-ec441fa elementor-widget elementor-widget-text-editor\" data-id=\"ec441fa\" data-element_type=\"widget\" data-e-type=\"widget\" data-widget_type=\"text-editor.default\">\n\t\t\t\t<div class=\"elementor-widget-container\">\n\t\t\t\t\t\t\t\t\t<ul>\n \t<li>Grand choix de camping-cars \u00e0 capucine.<\/li>\n \t<li>Prix attractifs et possibilit\u00e9s de financement<\/li>\n \t<li>Un excellent service client et des conseils complets<\/li>\n<\/ul>\n\t\t\t\t\t\t\t\t<\/div>\n\t\t\t\t<\/div>\n\t\t\t\t\t<\/div>\n\t\t<\/div>\n\t\t\t\t<div class=\"elementor-column elementor-col-50 elementor-inner-column elementor-element elementor-element-4806f61\" data-id=\"4806f61\" data-element_type=\"column\" data-e-type=\"column\">\n\t\t\t<div class=\"elementor-widget-wrap elementor-element-populated\">\n\t\t\t\t\t\t<div class=\"elementor-element elementor-element-366ef07 elementor-widget elementor-widget-text-editor\" data-id=\"366ef07\" data-element_type=\"widget\" data-e-type=\"widget\" data-widget_type=\"text-editor.default\">\n\t\t\t\t<div class=\"elementor-widget-container\">\n\t\t\t\t\t\t\t\t\t<ul><li>Des \u00e9quipements haut de gamme et des technologies innovantes.<\/li><li>Une longue exp\u00e9rience et un fabricant renomm\u00e9.<\/li><li>Des cabines confortables, id\u00e9ales pour les longs trajets.<\/li><\/ul>\t\t\t\t\t\t\t\t<\/div>\n\t\t\t\t<\/div>\n\t\t\t\t\t<\/div>\n\t\t<\/div>\n\t\t\t\t\t<\/div>\n\t\t<\/section>\n\t\t\t\t<div class=\"elementor-element elementor-element-146dcfb elementor-widget elementor-widget-spacer\" data-id=\"146dcfb\" data-element_type=\"widget\" data-e-type=\"widget\" data-widget_type=\"spacer.default\">\n\t\t\t\t<div class=\"elementor-widget-container\">\n\t\t\t\t\t\t\t<div class=\"elementor-spacer\">\n\t\t\t<div class=\"elementor-spacer-inner\"><\/div>\n\t\t<\/div>\n\t\t\t\t\t\t<\/div>\n\t\t\t\t<\/div>\n\t\t\t\t<div class=\"elementor-element elementor-element-95f8e12 elementor-widget elementor-widget-heading\" data-id=\"95f8e12\" data-element_type=\"widget\" data-e-type=\"widget\" data-widget_type=\"heading.default\">\n\t\t\t\t<div class=\"elementor-widget-container\">\n\t\t\t\t\t<h3 class=\"elementor-heading-title elementor-size-default\">Comment acheter facilement votre camping-car<\/h3>\t\t\t\t<\/div>\n\t\t\t\t<\/div>\n\t\t\t\t<div class=\"elementor-element elementor-element-e564831 elementor-widget elementor-widget-text-editor\" data-id=\"e564831\" data-element_type=\"widget\" data-e-type=\"widget\" data-widget_type=\"text-editor.default\">\n\t\t\t\t<div class=\"elementor-widget-container\">\n\t\t\t\t\t\t\t\t\t<p style=\"text-align: center;\"><span style=\"color: #000000;\">L'achat d'un camping-car chez Ahorn Camp est tr\u00e8s simple. Faites-vous une id\u00e9e en ligne de nos mod\u00e8les. Une fois que vous avez trouv\u00e9 le camping-car de vos r\u00eaves, vous pouvez prendre contact directement en ligne ou prendre rendez-vous avec un conseiller. <a href=\"https:\/\/ahorn-camp.de\/fr\/partenaire-commercial\/\" target=\"_blank\" rel=\"noopener\"><span style=\"color: #1b508c;\"><strong>de nos distributeurs<\/strong><\/span><\/a> prendre un rendez-vous. Apr\u00e8s un conseil d\u00e9taill\u00e9 et une visite, vous pourrez acheter votre nouveau camping-car sans probl\u00e8me et profiter bient\u00f4t de vos premiers voyages avec. Nos camping-cars offrent suffisamment de places de couchage pour les familles et sont \u00e9quip\u00e9s de lits confortables et de lits superpos\u00e9s. De plus, des espaces de rangement g\u00e9n\u00e9reux et des plans d'am\u00e9nagement bien pens\u00e9s garantissent une exp\u00e9rience de voyage agr\u00e9able.<\/span><\/p>\t\t\t\t\t\t\t\t<\/div>\n\t\t\t\t<\/div>\n\t\t\t\t\t<\/div>\n\t\t<\/div>\n\t\t\t\t\t<\/div>\n\t\t<\/section>\n\t\t\t\t<section class=\"elementor-section elementor-top-section elementor-element elementor-element-7bd4962 elementor-section-stretched elementor-section-boxed elementor-section-height-default elementor-section-height-default\" data-id=\"7bd4962\" data-element_type=\"section\" data-e-type=\"section\" data-settings=\"{&quot;stretch_section&quot;:&quot;section-stretched&quot;}\">\n\t\t\t\t\t\t<div class=\"elementor-container elementor-column-gap-default\">\n\t\t\t\t\t<div class=\"elementor-column elementor-col-100 elementor-top-column elementor-element elementor-element-2429839\" data-id=\"2429839\" data-element_type=\"column\" data-e-type=\"column\">\n\t\t\t<div class=\"elementor-widget-wrap elementor-element-populated\">\n\t\t\t\t\t\t<div class=\"elementor-element elementor-element-bbb927c elementor-widget elementor-widget-heading\" data-id=\"bbb927c\" data-element_type=\"widget\" data-e-type=\"widget\" data-widget_type=\"heading.default\">\n\t\t\t\t<div class=\"elementor-widget-container\">\n\t\t\t\t\t<h2 class=\"elementor-heading-title elementor-size-default\">Aper\u00e7u de nos camping-cars \u00e0 capucine<\/h2>\t\t\t\t<\/div>\n\t\t\t\t<\/div>\n\t\t\t\t<section class=\"elementor-section elementor-inner-section elementor-element elementor-element-9995718 elementor-section-boxed elementor-section-height-default elementor-section-height-default\" data-id=\"9995718\" data-element_type=\"section\" data-e-type=\"section\">\n\t\t\t\t\t\t<div class=\"elementor-container elementor-column-gap-default\">\n\t\t\t\t\t<div class=\"elementor-column elementor-col-33 elementor-inner-column elementor-element elementor-element-bfca260\" data-id=\"bfca260\" data-element_type=\"column\" data-e-type=\"column\" data-settings=\"{&quot;background_background&quot;:&quot;classic&quot;}\">\n\t\t\t<div class=\"elementor-widget-wrap elementor-element-populated\">\n\t\t\t\t\t\t<div class=\"elementor-element elementor-element-9e1d637 elementor-widget elementor-widget-image\" data-id=\"9e1d637\" data-element_type=\"widget\" data-e-type=\"widget\" data-widget_type=\"image.default\">\n\t\t\t\t<div class=\"elementor-widget-container\">\n\t\t\t\t\t\t\t\t\t\t\t\t\t\t\t\t<a href=\"https:\/\/ahorn-camp.de\/fr\/ahorn-camping-cars\/capucines-camping-cars\/a-595\/\">\n\t\t\t\t\t\t\t<img fetchpriority=\"high\" decoding=\"async\" width=\"1024\" height=\"576\" src=\"https:\/\/ahorn-camp.de\/wp-content\/uploads\/2025\/08\/A690-Big-1024x576.png\" class=\"elementor-animation-grow attachment-large size-large wp-image-33297\" alt=\"A 690 Grand\" srcset=\"https:\/\/ahorn-camp.de\/wp-content\/uploads\/2025\/08\/A690-Big-1024x576.png 1024w, https:\/\/ahorn-camp.de\/wp-content\/uploads\/2025\/08\/A690-Big-300x169.png 300w, https:\/\/ahorn-camp.de\/wp-content\/uploads\/2025\/08\/A690-Big-768x432.png 768w, https:\/\/ahorn-camp.de\/wp-content\/uploads\/2025\/08\/A690-Big-800x450.png 800w, https:\/\/ahorn-camp.de\/wp-content\/uploads\/2025\/08\/A690-Big-18x10.png 18w, https:\/\/ahorn-camp.de\/wp-content\/uploads\/2025\/08\/A690-Big.png 1280w\" sizes=\"(max-width: 1024px) 100vw, 1024px\" \/>\t\t\t\t\t\t\t\t<\/a>\n\t\t\t\t\t\t\t\t\t\t\t\t\t\t\t<\/div>\n\t\t\t\t<\/div>\n\t\t\t\t<div class=\"elementor-element elementor-element-4e13bad elementor-widget elementor-widget-heading\" data-id=\"4e13bad\" data-element_type=\"widget\" data-e-type=\"widget\" data-widget_type=\"heading.default\">\n\t\t\t\t<div class=\"elementor-widget-container\">\n\t\t\t\t\t<h3 class=\"elementor-heading-title elementor-size-default\">A 595<\/h3>\t\t\t\t<\/div>\n\t\t\t\t<\/div>\n\t\t\t\t<div class=\"elementor-element elementor-element-95b8a08 elementor-widget elementor-widget-text-editor\" data-id=\"95b8a08\" data-element_type=\"widget\" data-e-type=\"widget\" data-widget_type=\"text-editor.default\">\n\t\t\t\t<div class=\"elementor-widget-container\">\n\t\t\t\t\t\t\t\t\t<div style=\"text-align: left; color: black; font-size: 16px;\"><p style=\"display: flex; align-items: center; margin: 0;\"><span style=\"font-size: 20px;\"><i class=\"fa-solid fa-children\" style=\"color: #158380; margin-right: 8px;\"><\/i> places assises : Jusqu'\u00e0 4<\/span><\/p><p style=\"display: flex; align-items: center; margin: 0;\"><span style=\"font-size: 20px;\"><i class=\"fa-solid fa-bed\" style=\"color: #158380; margin-right: 8px;\"><\/i> Couchages : 4 (S) 5 (O)<\/span><\/p><p style=\"display: flex; align-items: center; margin: 0;\"><span style=\"font-size: 20px;\"><i class=\"fa-solid fa-ruler-combined\" style=\"color: #158380; margin-right: 8px;\"><\/i> Longueur : 599 cm<\/span><\/p><p style=\"display: flex; align-items: center; margin: 0;\"><span style=\"font-size: 20px;\"><i class=\"fa-solid fa-weight-hanging\" style=\"color: #158380; margin-right: 8px;\"><\/i> 3 500 kg Poids total autoris\u00e9<\/span><\/p><p style=\"margin-top: 1em; font-weight: bold;\"><span style=\"font-size: 20px;\">Prix de base \u00e0 partir de 58 900 \u20ac TTC<\/span><\/p><\/div>\t\t\t\t\t\t\t\t<\/div>\n\t\t\t\t<\/div>\n\t\t\t\t<div class=\"elementor-element elementor-element-acbd34e elementor-align-justify elementor-widget elementor-widget-button\" data-id=\"acbd34e\" data-element_type=\"widget\" data-e-type=\"widget\" data-widget_type=\"button.default\">\n\t\t\t\t<div class=\"elementor-widget-container\">\n\t\t\t\t\t\t\t\t\t<div class=\"elementor-button-wrapper\">\n\t\t\t\t\t<a class=\"elementor-button elementor-button-link elementor-size-sm elementor-animation-grow\" href=\"https:\/\/ahorn-camp.de\/fr\/ahorn-camping-cars\/capucines-camping-cars\/a-595\/\">\n\t\t\t\t\t\t<span class=\"elementor-button-content-wrapper\">\n\t\t\t\t\t\t\t\t\t<span class=\"elementor-button-text\">Voir le mod\u00e8le maintenant<\/span>\n\t\t\t\t\t<\/span>\n\t\t\t\t\t<\/a>\n\t\t\t\t<\/div>\n\t\t\t\t\t\t\t\t<\/div>\n\t\t\t\t<\/div>\n\t\t\t\t\t<\/div>\n\t\t<\/div>\n\t\t\t\t<div class=\"elementor-column elementor-col-33 elementor-inner-column elementor-element elementor-element-b993cf0\" data-id=\"b993cf0\" data-element_type=\"column\" data-e-type=\"column\" data-settings=\"{&quot;background_background&quot;:&quot;classic&quot;}\">\n\t\t\t<div class=\"elementor-widget-wrap elementor-element-populated\">\n\t\t\t\t\t\t<div class=\"elementor-element elementor-element-ce75d9b elementor-widget elementor-widget-image\" data-id=\"ce75d9b\" data-element_type=\"widget\" data-e-type=\"widget\" data-widget_type=\"image.default\">\n\t\t\t\t<div class=\"elementor-widget-container\">\n\t\t\t\t\t\t\t\t\t\t\t\t\t\t\t\t<a href=\"https:\/\/ahorn-camp.de\/fr\/ahorn-camping-cars\/capucines-camping-cars\/a-690\/\">\n\t\t\t\t\t\t\t<img fetchpriority=\"high\" decoding=\"async\" width=\"1024\" height=\"576\" src=\"https:\/\/ahorn-camp.de\/wp-content\/uploads\/2025\/08\/A690-Big-1024x576.png\" class=\"elementor-animation-grow attachment-large size-large wp-image-33297\" alt=\"A 690 Grand\" srcset=\"https:\/\/ahorn-camp.de\/wp-content\/uploads\/2025\/08\/A690-Big-1024x576.png 1024w, https:\/\/ahorn-camp.de\/wp-content\/uploads\/2025\/08\/A690-Big-300x169.png 300w, https:\/\/ahorn-camp.de\/wp-content\/uploads\/2025\/08\/A690-Big-768x432.png 768w, https:\/\/ahorn-camp.de\/wp-content\/uploads\/2025\/08\/A690-Big-800x450.png 800w, https:\/\/ahorn-camp.de\/wp-content\/uploads\/2025\/08\/A690-Big-18x10.png 18w, https:\/\/ahorn-camp.de\/wp-content\/uploads\/2025\/08\/A690-Big.png 1280w\" sizes=\"(max-width: 1024px) 100vw, 1024px\" \/>\t\t\t\t\t\t\t\t<\/a>\n\t\t\t\t\t\t\t\t\t\t\t\t\t\t\t<\/div>\n\t\t\t\t<\/div>\n\t\t\t\t<div class=\"elementor-element elementor-element-23b124a elementor-widget elementor-widget-heading\" data-id=\"23b124a\" data-element_type=\"widget\" data-e-type=\"widget\" data-widget_type=\"heading.default\">\n\t\t\t\t<div class=\"elementor-widget-container\">\n\t\t\t\t\t<h3 class=\"elementor-heading-title elementor-size-default\">A 690<\/h3>\t\t\t\t<\/div>\n\t\t\t\t<\/div>\n\t\t\t\t<div class=\"elementor-element elementor-element-54a2337 elementor-widget elementor-widget-text-editor\" data-id=\"54a2337\" data-element_type=\"widget\" data-e-type=\"widget\" data-widget_type=\"text-editor.default\">\n\t\t\t\t<div class=\"elementor-widget-container\">\n\t\t\t\t\t\t\t\t\t<div style=\"text-align: left; color: black; font-size: 16px;\"><p style=\"display: flex; align-items: center; margin: 0;\"><span style=\"font-size: 20px;\"><i class=\"fa-solid fa-children\" style=\"color: #158380; margin-right: 8px;\"><\/i> places assises : Jusqu'\u00e0 4 (S) 5 (O)<\/span><\/p><p style=\"display: flex; align-items: center; margin: 0;\"><span style=\"font-size: 20px;\"><i class=\"fa-solid fa-bed\" style=\"color: #158380; margin-right: 8px;\"><\/i> Couchages : 4 (S) 5 (O)<\/span><\/p><p style=\"display: flex; align-items: center; margin: 0;\"><span style=\"font-size: 20px;\"><i class=\"fa-solid fa-ruler-combined\" style=\"color: #158380; margin-right: 8px;\"><\/i> Longueur : 699 cm <\/span><\/p><p style=\"display: flex; align-items: center; margin: 0;\"><span style=\"font-size: 20px;\"><i class=\"fa-solid fa-weight-hanging\" style=\"color: #158380; margin-right: 8px;\"><\/i> 3 500 kg Poids total autoris\u00e9<\/span><\/p><p style=\"margin-top: 1em; font-weight: bold;\"><span style=\"font-size: 20px;\">Prix de base \u00e0 partir de 62 500 \u20ac TTC<\/span><\/p><\/div>\t\t\t\t\t\t\t\t<\/div>\n\t\t\t\t<\/div>\n\t\t\t\t<div class=\"elementor-element elementor-element-14094ac elementor-align-justify elementor-widget elementor-widget-button\" data-id=\"14094ac\" data-element_type=\"widget\" data-e-type=\"widget\" data-widget_type=\"button.default\">\n\t\t\t\t<div class=\"elementor-widget-container\">\n\t\t\t\t\t\t\t\t\t<div class=\"elementor-button-wrapper\">\n\t\t\t\t\t<a class=\"elementor-button elementor-button-link elementor-size-sm elementor-animation-grow\" href=\"https:\/\/ahorn-camp.de\/fr\/ahorn-camping-cars\/capucines-camping-cars\/a-690\/\">\n\t\t\t\t\t\t<span class=\"elementor-button-content-wrapper\">\n\t\t\t\t\t\t\t\t\t<span class=\"elementor-button-text\">Voir le mod\u00e8le maintenant<\/span>\n\t\t\t\t\t<\/span>\n\t\t\t\t\t<\/a>\n\t\t\t\t<\/div>\n\t\t\t\t\t\t\t\t<\/div>\n\t\t\t\t<\/div>\n\t\t\t\t\t<\/div>\n\t\t<\/div>\n\t\t\t\t<div class=\"elementor-column elementor-col-33 elementor-inner-column elementor-element elementor-element-974ad7a\" data-id=\"974ad7a\" data-element_type=\"column\" data-e-type=\"column\" data-settings=\"{&quot;background_background&quot;:&quot;classic&quot;}\">\n\t\t\t<div class=\"elementor-widget-wrap elementor-element-populated\">\n\t\t\t\t\t\t<div class=\"elementor-element elementor-element-538695a elementor-widget elementor-widget-image\" data-id=\"538695a\" data-element_type=\"widget\" data-e-type=\"widget\" data-widget_type=\"image.default\">\n\t\t\t\t<div class=\"elementor-widget-container\">\n\t\t\t\t\t\t\t\t\t\t\t\t\t\t\t\t<a href=\"https:\/\/ahorn-camp.de\/fr\/ahorn-camping-cars\/capucines-camping-cars\/a-720\/\">\n\t\t\t\t\t\t\t<img fetchpriority=\"high\" decoding=\"async\" width=\"1024\" height=\"576\" src=\"https:\/\/ahorn-camp.de\/wp-content\/uploads\/2025\/08\/A690-Big-1024x576.png\" class=\"elementor-animation-grow attachment-large size-large wp-image-33297\" alt=\"A 690 Grand\" srcset=\"https:\/\/ahorn-camp.de\/wp-content\/uploads\/2025\/08\/A690-Big-1024x576.png 1024w, https:\/\/ahorn-camp.de\/wp-content\/uploads\/2025\/08\/A690-Big-300x169.png 300w, https:\/\/ahorn-camp.de\/wp-content\/uploads\/2025\/08\/A690-Big-768x432.png 768w, https:\/\/ahorn-camp.de\/wp-content\/uploads\/2025\/08\/A690-Big-800x450.png 800w, https:\/\/ahorn-camp.de\/wp-content\/uploads\/2025\/08\/A690-Big-18x10.png 18w, https:\/\/ahorn-camp.de\/wp-content\/uploads\/2025\/08\/A690-Big.png 1280w\" sizes=\"(max-width: 1024px) 100vw, 1024px\" \/>\t\t\t\t\t\t\t\t<\/a>\n\t\t\t\t\t\t\t\t\t\t\t\t\t\t\t<\/div>\n\t\t\t\t<\/div>\n\t\t\t\t<div class=\"elementor-element elementor-element-b460eae elementor-widget elementor-widget-heading\" data-id=\"b460eae\" data-element_type=\"widget\" data-e-type=\"widget\" data-widget_type=\"heading.default\">\n\t\t\t\t<div class=\"elementor-widget-container\">\n\t\t\t\t\t<h3 class=\"elementor-heading-title elementor-size-default\">A 720<\/h3>\t\t\t\t<\/div>\n\t\t\t\t<\/div>\n\t\t\t\t<div class=\"elementor-element elementor-element-37eb75a elementor-widget elementor-widget-text-editor\" data-id=\"37eb75a\" data-element_type=\"widget\" data-e-type=\"widget\" data-widget_type=\"text-editor.default\">\n\t\t\t\t<div class=\"elementor-widget-container\">\n\t\t\t\t\t\t\t\t\t<div style=\"text-align: left; color: black; font-size: 16px;\"><p style=\"display: flex; align-items: center; margin: 0;\"><span style=\"font-size: 20px;\"><i class=\"fa-solid fa-children\" style=\"color: #158380; margin-right: 8px;\"><\/i> places assises : Jusqu'\u00e0 4 (S) 6 (O)<\/span><\/p><p style=\"display: flex; align-items: center; margin: 0;\"><span style=\"font-size: 20px;\"><i class=\"fa-solid fa-bed\" style=\"color: #158380; margin-right: 8px;\"><\/i> Couchages : 4 (S) 6 (O)<\/span><\/p><p style=\"display: flex; align-items: center; margin: 0;\"><span style=\"font-size: 20px;\"><i class=\"fa-solid fa-ruler-combined\" style=\"color: #158380; margin-right: 8px;\"><\/i> longueur : 720 cm <\/span><\/p><p style=\"display: flex; align-items: center; margin: 0;\"><span style=\"font-size: 20px;\"><i class=\"fa-solid fa-weight-hanging\" style=\"color: #158380; margin-right: 8px;\"><\/i> 3 500 kg Poids total autoris\u00e9<\/span><\/p><p style=\"margin-top: 1em; font-weight: bold;\"><span style=\"font-size: 20px;\">Prix de base \u00e0 partir de 63 800 \u20ac TTC <\/span><\/p><\/div>\t\t\t\t\t\t\t\t<\/div>\n\t\t\t\t<\/div>\n\t\t\t\t<div class=\"elementor-element elementor-element-6665e1c elementor-align-justify elementor-widget elementor-widget-button\" data-id=\"6665e1c\" data-element_type=\"widget\" data-e-type=\"widget\" data-widget_type=\"button.default\">\n\t\t\t\t<div class=\"elementor-widget-container\">\n\t\t\t\t\t\t\t\t\t<div class=\"elementor-button-wrapper\">\n\t\t\t\t\t<a class=\"elementor-button elementor-button-link elementor-size-sm elementor-animation-grow\" href=\"https:\/\/ahorn-camp.de\/fr\/ahorn-camping-cars\/capucines-camping-cars\/a-720\/\">\n\t\t\t\t\t\t<span class=\"elementor-button-content-wrapper\">\n\t\t\t\t\t\t\t\t\t<span class=\"elementor-button-text\">Voir le mod\u00e8le maintenant<\/span>\n\t\t\t\t\t<\/span>\n\t\t\t\t\t<\/a>\n\t\t\t\t<\/div>\n\t\t\t\t\t\t\t\t<\/div>\n\t\t\t\t<\/div>\n\t\t\t\t\t<\/div>\n\t\t<\/div>\n\t\t\t\t\t<\/div>\n\t\t<\/section>\n\t\t\t\t<div class=\"elementor-element elementor-element-9aae3ef elementor-widget elementor-widget-text-editor\" data-id=\"9aae3ef\" data-element_type=\"widget\" data-e-type=\"widget\" data-widget_type=\"text-editor.default\">\n\t\t\t\t<div class=\"elementor-widget-container\">\n\t\t\t\t\t\t\t\t\t<p>(S) = s\u00e9rie<br \/>(O) = Facultatif<\/p>\t\t\t\t\t\t\t\t<\/div>\n\t\t\t\t<\/div>\n\t\t\t\t\t<\/div>\n\t\t<\/div>\n\t\t\t\t\t<\/div>\n\t\t<\/section>\n\t\t\t\t<section class=\"elementor-section elementor-top-section elementor-element elementor-element-faf241b elementor-section-stretched elementor-section-boxed elementor-section-height-default elementor-section-height-default\" data-id=\"faf241b\" data-element_type=\"section\" data-e-type=\"section\" data-settings=\"{&quot;background_background&quot;:&quot;classic&quot;,&quot;stretch_section&quot;:&quot;section-stretched&quot;}\">\n\t\t\t\t\t\t<div class=\"elementor-container elementor-column-gap-default\">\n\t\t\t\t\t<div class=\"elementor-column elementor-col-100 elementor-top-column elementor-element elementor-element-5a229ce\" data-id=\"5a229ce\" data-element_type=\"column\" data-e-type=\"column\">\n\t\t\t<div class=\"elementor-widget-wrap elementor-element-populated\">\n\t\t\t\t\t\t<div class=\"elementor-element elementor-element-a359d01 elementor-widget elementor-widget-heading\" data-id=\"a359d01\" data-element_type=\"widget\" data-e-type=\"widget\" data-widget_type=\"heading.default\">\n\t\t\t\t<div class=\"elementor-widget-container\">\n\t\t\t\t\t<h2 class=\"elementor-heading-title elementor-size-default\">Acheter un camping-car \u00e0 capucine : Tout ce que vous devez savoir<\/h2>\t\t\t\t<\/div>\n\t\t\t\t<\/div>\n\t\t\t\t<div class=\"elementor-element elementor-element-0dcf815 elementor-widget elementor-widget-text-editor\" data-id=\"0dcf815\" data-element_type=\"widget\" data-e-type=\"widget\" data-widget_type=\"text-editor.default\">\n\t\t\t\t<div class=\"elementor-widget-container\">\n\t\t\t\t\t\t\t\t\t<p style=\"text-align: center;\"><span style=\"color: #000000;\">En r\u00e9sum\u00e9, vous trouverez chez Ahorn Camp tout ce que vous devez savoir sur l'achat d'un camping-car \u00e0 capucine. T\u00e9l\u00e9chargez des informations suppl\u00e9mentaires <a href=\"https:\/\/ahorn-camp.de\/fr\/listes-de-prix-catalogues\/\" target=\"_blank\" rel=\"noopener\"><span style=\"color: #1b508c;\"><strong>Mat\u00e9riel de conseil et brochures<\/strong><\/span><\/a> ou consultez notre <a href=\"https:\/\/ahorn-camp.de\/fr\/faq\/\" target=\"_blank\" rel=\"noopener\"><strong><span style=\"color: #1b508c;\">Page FAQ<\/span> <\/strong><\/a>pour obtenir plus d'informations. Nous sommes toujours \u00e0 votre disposition pour r\u00e9pondre \u00e0 vos questions et vous aider \u00e0 trouver le camping-car parfait pour vos besoins. D\u00e9couvrez nos diff\u00e9rents mod\u00e8les et choisissez le v\u00e9hicule qui vous convient pour vos prochaines vacances. Nos camping-cars offrent non seulement un voyage confortable, mais aussi suffisamment d'espace de rangement et de places de couchage pour tous les compagnons de voyage. Laissez-vous inspirer par notre diversit\u00e9 de camping-cars et trouvez le camping-car \u00e0 capucine parfait.<\/span><\/p>\t\t\t\t\t\t\t\t<\/div>\n\t\t\t\t<\/div>\n\t\t\t\t<div class=\"elementor-element elementor-element-b75d207 elementor-widget elementor-widget-accordion\" data-id=\"b75d207\" data-element_type=\"widget\" data-e-type=\"widget\" data-widget_type=\"accordion.default\">\n\t\t\t\t<div class=\"elementor-widget-container\">\n\t\t\t\t\t\t\t<div class=\"elementor-accordion\">\n\t\t\t\t\t\t\t<div class=\"elementor-accordion-item\">\n\t\t\t\t\t<div id=\"elementor-tab-title-1921\" class=\"elementor-tab-title\" data-tab=\"1\" role=\"button\" aria-controls=\"elementor-tab-content-1921\" aria-expanded=\"false\">\n\t\t\t\t\t\t\t\t\t\t\t\t\t<span class=\"elementor-accordion-icon elementor-accordion-icon-left\" aria-hidden=\"true\">\n\t\t\t\t\t\t\t\t\t\t\t\t\t\t\t<span class=\"elementor-accordion-icon-closed\"><i class=\"fas fa-caret-down\"><\/i><\/span>\n\t\t\t\t\t\t\t\t<span class=\"elementor-accordion-icon-opened\"><i class=\"fas fa-caret-up\"><\/i><\/span>\n\t\t\t\t\t\t\t\t\t\t\t\t\t\t<\/span>\n\t\t\t\t\t\t\t\t\t\t\t\t<a class=\"elementor-accordion-title\" tabindex=\"0\">Qu'est-ce qu'une capucine dans un camping-car ?<\/a>\n\t\t\t\t\t<\/div>\n\t\t\t\t\t<div id=\"elementor-tab-content-1921\" class=\"elementor-tab-content elementor-clearfix\" data-tab=\"1\" role=\"region\" aria-labelledby=\"elementor-tab-title-1921\"><p><span style=\"color: #000000;\">Un camping-car \u00e0 capucine est un type sp\u00e9cial de camping-car dans lequel un espace de couchage suppl\u00e9mentaire se trouve au-dessus de la cabine de conduite. Ce type de construction permet de disposer de plus de places de couchage et d'un espace de rangement suppl\u00e9mentaire, ce qui est particuli\u00e8rement id\u00e9al pour les familles ou les groupes.<br \/>Nos camping-cars \u00e0 capucine offrent \u00e0 leurs propri\u00e9taires un confort d'espace particuli\u00e8rement \u00e9lev\u00e9. La particularit\u00e9 des camping-cars \u00e0 capucine, contrairement aux\u00a0<span style=\"color: #1b508c;\"><strong><a style=\"color: #1b508c;\" href=\"https:\/\/ahorn-camp.de\/fr\/ahorn-camping-cars\/camping-cars-profiles\/\" target=\"_blank\" rel=\"noopener\">Camping-cars profil\u00e9s<\/a><\/strong><\/span> est l'espace de couchage s\u00e9par\u00e9 au-dessus de la cabine de conduite. La superstructure d\u00e9passe le toit de la cabine du conducteur du camping-car. Il en r\u00e9sulte un espace de couchage s\u00e9par\u00e9. Les mod\u00e8les \u00e0 capucine offrent ainsi suffisamment de place pour les vacances entre amis ou en famille. Pour les enfants en particulier, la capucine n'est pas seulement amusante, mais aussi s\u00fbre. Un filet de s\u00e9curit\u00e9 peut \u00eatre fix\u00e9 \u00e0 tous les lits de capucine. Ainsi, m\u00eame les plus petits peuvent observer les \u00e9toiles \u00e0 travers le toit panoramique et s'endormir en toute s\u00e9curit\u00e9. Tous nos camping-cars \u00e0 capucine sont \u00e9quip\u00e9s d'un syst\u00e8me de s\u00e9curit\u00e9 fiable.\u00a0<strong><span style=\"color: #1b508c;\"><a style=\"color: #1b508c;\" href=\"https:\/\/ahorn-camp.de\/fr\/das-renault-basisfahrzeug\/\">Ch\u00e2ssis Renault<\/a>\u00a0<\/span><\/strong>construite.<br \/><\/span><\/p><\/div>\n\t\t\t\t<\/div>\n\t\t\t\t\t\t\t<div class=\"elementor-accordion-item\">\n\t\t\t\t\t<div id=\"elementor-tab-title-1922\" class=\"elementor-tab-title\" data-tab=\"2\" role=\"button\" aria-controls=\"elementor-tab-content-1922\" aria-expanded=\"false\">\n\t\t\t\t\t\t\t\t\t\t\t\t\t<span class=\"elementor-accordion-icon elementor-accordion-icon-left\" aria-hidden=\"true\">\n\t\t\t\t\t\t\t\t\t\t\t\t\t\t\t<span class=\"elementor-accordion-icon-closed\"><i class=\"fas fa-caret-down\"><\/i><\/span>\n\t\t\t\t\t\t\t\t<span class=\"elementor-accordion-icon-opened\"><i class=\"fas fa-caret-up\"><\/i><\/span>\n\t\t\t\t\t\t\t\t\t\t\t\t\t\t<\/span>\n\t\t\t\t\t\t\t\t\t\t\t\t<a class=\"elementor-accordion-title\" tabindex=\"0\">Quels sont les avantages d'un camping-car \u00e0 capucine par rapport aux autres types de camping-cars ?<\/a>\n\t\t\t\t\t<\/div>\n\t\t\t\t\t<div id=\"elementor-tab-content-1922\" class=\"elementor-tab-content elementor-clearfix\" data-tab=\"2\" role=\"region\" aria-labelledby=\"elementor-tab-title-1922\"><p><span style=\"color: #000000;\">Les camping-cars \u00e0 capucine offrent plus de places de couchage et d'espace de rangement gr\u00e2ce \u00e0 l'espace suppl\u00e9mentaire au-dessus de la cabine de conduite. Ils sont id\u00e9aux pour les familles et les grands groupes qui ont besoin d'espace suppl\u00e9mentaire. En outre, ils sont souvent plus faciles \u00e0 conduire et \u00e0 man\u0153uvrer que les grands camping-cars int\u00e9gr\u00e9s.<\/span><\/p><\/div>\n\t\t\t\t<\/div>\n\t\t\t\t\t\t\t<div class=\"elementor-accordion-item\">\n\t\t\t\t\t<div id=\"elementor-tab-title-1923\" class=\"elementor-tab-title\" data-tab=\"3\" role=\"button\" aria-controls=\"elementor-tab-content-1923\" aria-expanded=\"false\">\n\t\t\t\t\t\t\t\t\t\t\t\t\t<span class=\"elementor-accordion-icon elementor-accordion-icon-left\" aria-hidden=\"true\">\n\t\t\t\t\t\t\t\t\t\t\t\t\t\t\t<span class=\"elementor-accordion-icon-closed\"><i class=\"fas fa-caret-down\"><\/i><\/span>\n\t\t\t\t\t\t\t\t<span class=\"elementor-accordion-icon-opened\"><i class=\"fas fa-caret-up\"><\/i><\/span>\n\t\t\t\t\t\t\t\t\t\t\t\t\t\t<\/span>\n\t\t\t\t\t\t\t\t\t\t\t\t<a class=\"elementor-accordion-title\" tabindex=\"0\">Combien co\u00fbte un camping-car \u00e0 capucine ?<\/a>\n\t\t\t\t\t<\/div>\n\t\t\t\t\t<div id=\"elementor-tab-content-1923\" class=\"elementor-tab-content elementor-clearfix\" data-tab=\"3\" role=\"region\" aria-labelledby=\"elementor-tab-title-1923\"><p><span style=\"color: #000000;\">Le co\u00fbt d'un camping-car \u00e0 capucine varie en fonction du mod\u00e8le, de l'\u00e9quipement et de la s\u00e9rie. Chez Ahorn Camp, vous trouverez des mod\u00e8les dans diff\u00e9rentes cat\u00e9gories de prix afin de r\u00e9pondre aux diff\u00e9rents budgets. Nos mod\u00e8les d'entr\u00e9e de gamme commencent en prix d'offre \u00e0 partir d'environ 50.000 euros. Un<\/span> <strong><span style=\"color: #1b508c;\"><a style=\"color: #1b508c;\" href=\"https:\/\/ahorn-camp.de\/fr\/listes-de-prix-catalogues\/\" target=\"_blank\" rel=\"noopener\">liste de prix d\u00e9taill\u00e9e<\/a><\/span><\/strong> <span style=\"color: #000000;\">vous trouverez sur notre site web ou vous pouvez vous adresser directement \u00e0 un<\/span> <strong><span style=\"color: #1b508c;\"><a style=\"color: #1b508c;\" href=\"https:\/\/ahorn-camp.de\/fr\/partenaire-commercial\/\" target=\"_blank\" rel=\"noopener\">de nos distributeurs<\/a><\/span><\/strong> <span style=\"color: #000000;\">se faire conseiller.<\/span><\/p><\/div>\n\t\t\t\t<\/div>\n\t\t\t\t\t\t\t<div class=\"elementor-accordion-item\">\n\t\t\t\t\t<div id=\"elementor-tab-title-1924\" class=\"elementor-tab-title\" data-tab=\"4\" role=\"button\" aria-controls=\"elementor-tab-content-1924\" aria-expanded=\"false\">\n\t\t\t\t\t\t\t\t\t\t\t\t\t<span class=\"elementor-accordion-icon elementor-accordion-icon-left\" aria-hidden=\"true\">\n\t\t\t\t\t\t\t\t\t\t\t\t\t\t\t<span class=\"elementor-accordion-icon-closed\"><i class=\"fas fa-caret-down\"><\/i><\/span>\n\t\t\t\t\t\t\t\t<span class=\"elementor-accordion-icon-opened\"><i class=\"fas fa-caret-up\"><\/i><\/span>\n\t\t\t\t\t\t\t\t\t\t\t\t\t\t<\/span>\n\t\t\t\t\t\t\t\t\t\t\t\t<a class=\"elementor-accordion-title\" tabindex=\"0\">Quelle est la consommation d'un camping-car \u00e0 capucine ?<\/a>\n\t\t\t\t\t<\/div>\n\t\t\t\t\t<div id=\"elementor-tab-content-1924\" class=\"elementor-tab-content elementor-clearfix\" data-tab=\"4\" role=\"region\" aria-labelledby=\"elementor-tab-title-1924\"><p><span style=\"color: #000000;\">La consommation d'un camping-car \u00e0 capucine d\u00e9pend de diff\u00e9rents facteurs, comme le mod\u00e8le, le poids et le comportement au volant. En moyenne, les camping-cars \u00e0 capucine consomment entre 10 et 14 litres de diesel aux 100 kilom\u00e8tres. Nos mod\u00e8les modernes sont \u00e9quip\u00e9s de moteurs efficaces qui garantissent une consommation aussi faible que possible. Vous trouverez des informations plus pr\u00e9cises dans les caract\u00e9ristiques techniques de chaque mod\u00e8le.<\/span><\/p><\/div>\n\t\t\t\t<\/div>\n\t\t\t\t\t\t\t<div class=\"elementor-accordion-item\">\n\t\t\t\t\t<div id=\"elementor-tab-title-1925\" class=\"elementor-tab-title\" data-tab=\"5\" role=\"button\" aria-controls=\"elementor-tab-content-1925\" aria-expanded=\"false\">\n\t\t\t\t\t\t\t\t\t\t\t\t\t<span class=\"elementor-accordion-icon elementor-accordion-icon-left\" aria-hidden=\"true\">\n\t\t\t\t\t\t\t\t\t\t\t\t\t\t\t<span class=\"elementor-accordion-icon-closed\"><i class=\"fas fa-caret-down\"><\/i><\/span>\n\t\t\t\t\t\t\t\t<span class=\"elementor-accordion-icon-opened\"><i class=\"fas fa-caret-up\"><\/i><\/span>\n\t\t\t\t\t\t\t\t\t\t\t\t\t\t<\/span>\n\t\t\t\t\t\t\t\t\t\t\t\t<a class=\"elementor-accordion-title\" tabindex=\"0\">Quelle est la meilleure capucine ou le meilleur profil\u00e9 ?<\/a>\n\t\t\t\t\t<\/div>\n\t\t\t\t\t<div id=\"elementor-tab-content-1925\" class=\"elementor-tab-content elementor-clearfix\" data-tab=\"5\" role=\"region\" aria-labelledby=\"elementor-tab-title-1925\"><p><span style=\"color: #000000;\">Que ce soit une capucine ou un <a href=\"https:\/\/ahorn-camp.de\/fr\/ahorn-camping-cars\/camping-cars-profiles\/\" target=\"_blank\" rel=\"noopener\"><span style=\"color: #1b508c;\"><strong>camping-car semi-int\u00e9gr\u00e9<\/strong> <\/span><\/a>d\u00e9pend de vos besoins individuels. Les camping-cars \u00e0 capucine offrent plus de places de couchage et d'espace de rangement, ce qui les rend id\u00e9aux pour les familles. <span style=\"color: #1b508c;\"><strong><a style=\"color: #1b508c;\" href=\"https:\/\/ahorn-camp.de\/fr\/ahorn-camping-cars\/camping-cars-profiles\/\" target=\"_blank\" rel=\"noopener\">Camping-cars profil\u00e9s<\/a><\/strong><\/span> sont en revanche souvent plus a\u00e9rodynamiques et plus \u00e9conomiques \u00e0 l'usage, ce qui les rend attrayants pour les couples ou les petits groupes. Les deux types ont leurs propres avantages et inconv\u00e9nients, et le choix d\u00e9pendra des caract\u00e9ristiques qui sont les plus importantes pour vous. <span style=\"color: #1b508c;\"><strong><a style=\"color: #1b508c;\" href=\"https:\/\/ahorn-camp.de\/fr\/partenaire-commercial\/\" target=\"_blank\" rel=\"noopener\">Nos distributeurs<\/a><\/strong><\/span> vous aideront volontiers \u00e0 prendre la meilleure d\u00e9cision.<\/span><\/p><\/div>\n\t\t\t\t<\/div>\n\t\t\t\t\t\t\t\t<\/div>\n\t\t\t\t\t\t<\/div>\n\t\t\t\t<\/div>\n\t\t\t\t<div class=\"elementor-element elementor-element-f1576de elementor-widget elementor-widget-heading\" data-id=\"f1576de\" data-element_type=\"widget\" data-e-type=\"widget\" data-widget_type=\"heading.default\">\n\t\t\t\t<div class=\"elementor-widget-container\">\n\t\t\t\t\t<h2 class=\"elementor-heading-title elementor-size-default\">D\u00e9couvrez nos camping-cars en \u00e9rable\n<\/h2>\t\t\t\t<\/div>\n\t\t\t\t<\/div>\n\t\t\t\t<section class=\"elementor-section elementor-inner-section elementor-element elementor-element-b2e9732 elementor-section-boxed elementor-section-height-default elementor-section-height-default\" data-id=\"b2e9732\" data-element_type=\"section\" data-e-type=\"section\">\n\t\t\t\t\t\t<div class=\"elementor-container elementor-column-gap-default\">\n\t\t\t\t\t<div class=\"elementor-column elementor-col-25 elementor-inner-column elementor-element elementor-element-ff6ba54\" data-id=\"ff6ba54\" data-element_type=\"column\" data-e-type=\"column\" data-settings=\"{&quot;background_background&quot;:&quot;classic&quot;}\">\n\t\t\t<div class=\"elementor-widget-wrap elementor-element-populated\">\n\t\t\t\t\t\t<div class=\"elementor-element elementor-element-b94f35f elementor-widget elementor-widget-image\" data-id=\"b94f35f\" data-element_type=\"widget\" data-e-type=\"widget\" data-widget_type=\"image.default\">\n\t\t\t\t<div class=\"elementor-widget-container\">\n\t\t\t\t\t\t\t\t\t\t\t\t\t\t\t\t<a href=\"https:\/\/ahorn-camp.de\/fr\/offres\/\">\n\t\t\t\t\t\t\t<img decoding=\"async\" width=\"1024\" height=\"683\" src=\"https:\/\/ahorn-camp.de\/wp-content\/uploads\/2024\/03\/2024-02-Website-Icons-Fahrzeuge2.png\" class=\"attachment-full size-full wp-image-22516\" alt=\"Offres actuelles de Ahorn Camp\" srcset=\"https:\/\/ahorn-camp.de\/wp-content\/uploads\/2024\/03\/2024-02-Website-Icons-Fahrzeuge2.png 1024w, https:\/\/ahorn-camp.de\/wp-content\/uploads\/2024\/03\/2024-02-Website-Icons-Fahrzeuge2-300x200.png 300w, https:\/\/ahorn-camp.de\/wp-content\/uploads\/2024\/03\/2024-02-Website-Icons-Fahrzeuge2-768x512.png 768w, https:\/\/ahorn-camp.de\/wp-content\/uploads\/2024\/03\/2024-02-Website-Icons-Fahrzeuge2-800x534.png 800w\" sizes=\"(max-width: 1024px) 100vw, 1024px\" \/>\t\t\t\t\t\t\t\t<\/a>\n\t\t\t\t\t\t\t\t\t\t\t\t\t\t\t<\/div>\n\t\t\t\t<\/div>\n\t\t\t\t<div class=\"elementor-element elementor-element-0a05dc9 elementor-widget elementor-widget-heading\" data-id=\"0a05dc9\" data-element_type=\"widget\" data-e-type=\"widget\" data-widget_type=\"heading.default\">\n\t\t\t\t<div class=\"elementor-widget-container\">\n\t\t\t\t\t<h4 class=\"elementor-heading-title elementor-size-default\"><a href=\"https:\/\/ahorn-camp.de\/fr\/offres\/\">Offres actuelles<\/a><\/h4>\t\t\t\t<\/div>\n\t\t\t\t<\/div>\n\t\t\t\t<div class=\"elementor-element elementor-element-cd44f2f elementor-widget elementor-widget-text-editor\" data-id=\"cd44f2f\" data-element_type=\"widget\" data-e-type=\"widget\" data-widget_type=\"text-editor.default\">\n\t\t\t\t<div class=\"elementor-widget-container\">\n\t\t\t\t\t\t\t\t\t<p>Remises exclusives sur une s\u00e9lection de mod\u00e8les<\/p>\t\t\t\t\t\t\t\t<\/div>\n\t\t\t\t<\/div>\n\t\t\t\t<div class=\"elementor-element elementor-element-73d0836 elementor-widget__width-inherit elementor-align-center elementor-widget elementor-widget-button\" data-id=\"73d0836\" data-element_type=\"widget\" data-e-type=\"widget\" data-widget_type=\"button.default\">\n\t\t\t\t<div class=\"elementor-widget-container\">\n\t\t\t\t\t\t\t\t\t<div class=\"elementor-button-wrapper\">\n\t\t\t\t\t<a class=\"elementor-button elementor-button-link elementor-size-sm elementor-animation-float\" href=\"https:\/\/ahorn-camp.de\/fr\/offres\/\">\n\t\t\t\t\t\t<span class=\"elementor-button-content-wrapper\">\n\t\t\t\t\t\t\t\t\t<span class=\"elementor-button-text\">Voir l'offre<\/span>\n\t\t\t\t\t<\/span>\n\t\t\t\t\t<\/a>\n\t\t\t\t<\/div>\n\t\t\t\t\t\t\t\t<\/div>\n\t\t\t\t<\/div>\n\t\t\t\t\t<\/div>\n\t\t<\/div>\n\t\t\t\t<div class=\"elementor-column elementor-col-25 elementor-inner-column elementor-element elementor-element-c6db82f\" data-id=\"c6db82f\" data-element_type=\"column\" data-e-type=\"column\" data-settings=\"{&quot;background_background&quot;:&quot;classic&quot;}\">\n\t\t\t<div class=\"elementor-widget-wrap elementor-element-populated\">\n\t\t\t\t\t\t<div class=\"elementor-element elementor-element-eec382b elementor-widget elementor-widget-image\" data-id=\"eec382b\" data-element_type=\"widget\" data-e-type=\"widget\" data-widget_type=\"image.default\">\n\t\t\t\t<div class=\"elementor-widget-container\">\n\t\t\t\t\t\t\t\t\t\t\t\t\t\t\t\t<a href=\"https:\/\/ahorn-camp.de\/fr\/gebrauchte\/\">\n\t\t\t\t\t\t\t<img decoding=\"async\" width=\"1024\" height=\"683\" src=\"https:\/\/ahorn-camp.de\/wp-content\/uploads\/2024\/03\/2024-02-Website-Icons-Fahrzeuge.png\" class=\"attachment-full size-full wp-image-22517\" alt=\"V\u00e9hicules d&#039;occasion de Ahorn Camp\" srcset=\"https:\/\/ahorn-camp.de\/wp-content\/uploads\/2024\/03\/2024-02-Website-Icons-Fahrzeuge.png 1024w, https:\/\/ahorn-camp.de\/wp-content\/uploads\/2024\/03\/2024-02-Website-Icons-Fahrzeuge-300x200.png 300w, https:\/\/ahorn-camp.de\/wp-content\/uploads\/2024\/03\/2024-02-Website-Icons-Fahrzeuge-768x512.png 768w, https:\/\/ahorn-camp.de\/wp-content\/uploads\/2024\/03\/2024-02-Website-Icons-Fahrzeuge-800x534.png 800w\" sizes=\"(max-width: 1024px) 100vw, 1024px\" \/>\t\t\t\t\t\t\t\t<\/a>\n\t\t\t\t\t\t\t\t\t\t\t\t\t\t\t<\/div>\n\t\t\t\t<\/div>\n\t\t\t\t<div class=\"elementor-element elementor-element-f907cda elementor-widget elementor-widget-heading\" data-id=\"f907cda\" data-element_type=\"widget\" data-e-type=\"widget\" data-widget_type=\"heading.default\">\n\t\t\t\t<div class=\"elementor-widget-container\">\n\t\t\t\t\t<h4 class=\"elementor-heading-title elementor-size-default\"><a href=\"https:\/\/ahorn-camp.de\/fr\/gebrauchte\/\">Occasion<\/a><\/h4>\t\t\t\t<\/div>\n\t\t\t\t<\/div>\n\t\t\t\t<div class=\"elementor-element elementor-element-b4ed4f4 elementor-widget elementor-widget-text-editor\" data-id=\"b4ed4f4\" data-element_type=\"widget\" data-e-type=\"widget\" data-widget_type=\"text-editor.default\">\n\t\t\t\t<div class=\"elementor-widget-container\">\n\t\t\t\t\t\t\t\t\t<p>V\u00e9hicules de d\u00e9monstration, jeunes occasions ou retours<\/p>\t\t\t\t\t\t\t\t<\/div>\n\t\t\t\t<\/div>\n\t\t\t\t<div class=\"elementor-element elementor-element-099ad08 elementor-widget__width-inherit elementor-align-center elementor-widget elementor-widget-button\" data-id=\"099ad08\" data-element_type=\"widget\" data-e-type=\"widget\" data-widget_type=\"button.default\">\n\t\t\t\t<div class=\"elementor-widget-container\">\n\t\t\t\t\t\t\t\t\t<div class=\"elementor-button-wrapper\">\n\t\t\t\t\t<a class=\"elementor-button elementor-button-link elementor-size-sm elementor-animation-float\" href=\"https:\/\/ahorn-camp.de\/fr\/gebrauchte\/\">\n\t\t\t\t\t\t<span class=\"elementor-button-content-wrapper\">\n\t\t\t\t\t\t\t\t\t<span class=\"elementor-button-text\">Voir les mod\u00e8les<\/span>\n\t\t\t\t\t<\/span>\n\t\t\t\t\t<\/a>\n\t\t\t\t<\/div>\n\t\t\t\t\t\t\t\t<\/div>\n\t\t\t\t<\/div>\n\t\t\t\t\t<\/div>\n\t\t<\/div>\n\t\t\t\t<div class=\"elementor-column elementor-col-25 elementor-inner-column elementor-element elementor-element-afbe217\" data-id=\"afbe217\" data-element_type=\"column\" data-e-type=\"column\" data-settings=\"{&quot;background_background&quot;:&quot;classic&quot;}\">\n\t\t\t<div class=\"elementor-widget-wrap elementor-element-populated\">\n\t\t\t\t\t\t<div class=\"elementor-element elementor-element-ec7f335 elementor-widget elementor-widget-image\" data-id=\"ec7f335\" data-element_type=\"widget\" data-e-type=\"widget\" data-widget_type=\"image.default\">\n\t\t\t\t<div class=\"elementor-widget-container\">\n\t\t\t\t\t\t\t\t\t\t\t\t\t\t\t\t<a href=\"https:\/\/ahorn-camp.de\/fr\/ahorn-camping-cars\/camping-cars-profiles\/\">\n\t\t\t\t\t\t\t<img loading=\"lazy\" decoding=\"async\" width=\"1280\" height=\"720\" src=\"https:\/\/ahorn-camp.de\/wp-content\/uploads\/2025\/08\/T-690-gross.png\" class=\"attachment-full size-full wp-image-33352\" alt=\"t690 grand\" srcset=\"https:\/\/ahorn-camp.de\/wp-content\/uploads\/2025\/08\/T-690-gross.png 1280w, https:\/\/ahorn-camp.de\/wp-content\/uploads\/2025\/08\/T-690-gross-300x169.png 300w, https:\/\/ahorn-camp.de\/wp-content\/uploads\/2025\/08\/T-690-gross-1024x576.png 1024w, https:\/\/ahorn-camp.de\/wp-content\/uploads\/2025\/08\/T-690-gross-768x432.png 768w, https:\/\/ahorn-camp.de\/wp-content\/uploads\/2025\/08\/T-690-gross-800x450.png 800w, https:\/\/ahorn-camp.de\/wp-content\/uploads\/2025\/08\/T-690-gross-18x10.png 18w\" sizes=\"(max-width: 1280px) 100vw, 1280px\" \/>\t\t\t\t\t\t\t\t<\/a>\n\t\t\t\t\t\t\t\t\t\t\t\t\t\t\t<\/div>\n\t\t\t\t<\/div>\n\t\t\t\t<div class=\"elementor-element elementor-element-e63bff4 elementor-widget elementor-widget-heading\" data-id=\"e63bff4\" data-element_type=\"widget\" data-e-type=\"widget\" data-widget_type=\"heading.default\">\n\t\t\t\t<div class=\"elementor-widget-container\">\n\t\t\t\t\t<h4 class=\"elementor-heading-title elementor-size-default\"><a href=\"https:\/\/ahorn-camp.de\/fr\/ahorn-camping-cars\/camping-cars-profiles\/\">Profil\u00e9s <\/a><\/h4>\t\t\t\t<\/div>\n\t\t\t\t<\/div>\n\t\t\t\t<div class=\"elementor-element elementor-element-2037285 elementor-widget elementor-widget-text-editor\" data-id=\"2037285\" data-element_type=\"widget\" data-e-type=\"widget\" data-widget_type=\"text-editor.default\">\n\t\t\t\t<div class=\"elementor-widget-container\">\n\t\t\t\t\t\t\t\t\t<p>Voyager confortablement dans un h\u00f4tel de luxe mobile<\/p>\t\t\t\t\t\t\t\t<\/div>\n\t\t\t\t<\/div>\n\t\t\t\t<div class=\"elementor-element elementor-element-966538a elementor-widget__width-inherit elementor-align-center elementor-widget elementor-widget-button\" data-id=\"966538a\" data-element_type=\"widget\" data-e-type=\"widget\" data-widget_type=\"button.default\">\n\t\t\t\t<div class=\"elementor-widget-container\">\n\t\t\t\t\t\t\t\t\t<div class=\"elementor-button-wrapper\">\n\t\t\t\t\t<a class=\"elementor-button elementor-button-link elementor-size-sm elementor-animation-float\" href=\"https:\/\/ahorn-camp.de\/fr\/ahorn-camping-cars\/camping-cars-profiles\/\">\n\t\t\t\t\t\t<span class=\"elementor-button-content-wrapper\">\n\t\t\t\t\t\t\t\t\t<span class=\"elementor-button-text\">Voir les mod\u00e8les<\/span>\n\t\t\t\t\t<\/span>\n\t\t\t\t\t<\/a>\n\t\t\t\t<\/div>\n\t\t\t\t\t\t\t\t<\/div>\n\t\t\t\t<\/div>\n\t\t\t\t\t<\/div>\n\t\t<\/div>\n\t\t\t\t<div class=\"elementor-column elementor-col-25 elementor-inner-column elementor-element elementor-element-216d7f2\" data-id=\"216d7f2\" data-element_type=\"column\" data-e-type=\"column\" data-settings=\"{&quot;background_background&quot;:&quot;classic&quot;}\">\n\t\t\t<div class=\"elementor-widget-wrap elementor-element-populated\">\n\t\t\t\t\t\t<div class=\"elementor-element elementor-element-28264b3 elementor-widget elementor-widget-image\" data-id=\"28264b3\" data-element_type=\"widget\" data-e-type=\"widget\" data-widget_type=\"image.default\">\n\t\t\t\t<div class=\"elementor-widget-container\">\n\t\t\t\t\t\t\t\t\t\t\t\t\t\t\t\t<a href=\"https:\/\/ahorn-camp.de\/fr\/ahorn-camping-cars\/campervans\/\">\n\t\t\t\t\t\t\t<img loading=\"lazy\" decoding=\"async\" width=\"1280\" height=\"720\" src=\"https:\/\/ahorn-camp.de\/wp-content\/uploads\/2025\/08\/CV630-0007.png\" class=\"attachment-full size-full wp-image-33210\" alt=\"cv 630 grand\" srcset=\"https:\/\/ahorn-camp.de\/wp-content\/uploads\/2025\/08\/CV630-0007.png 1280w, https:\/\/ahorn-camp.de\/wp-content\/uploads\/2025\/08\/CV630-0007-300x169.png 300w, https:\/\/ahorn-camp.de\/wp-content\/uploads\/2025\/08\/CV630-0007-1024x576.png 1024w, https:\/\/ahorn-camp.de\/wp-content\/uploads\/2025\/08\/CV630-0007-768x432.png 768w, https:\/\/ahorn-camp.de\/wp-content\/uploads\/2025\/08\/CV630-0007-800x450.png 800w, https:\/\/ahorn-camp.de\/wp-content\/uploads\/2025\/08\/CV630-0007-18x10.png 18w\" sizes=\"(max-width: 1280px) 100vw, 1280px\" \/>\t\t\t\t\t\t\t\t<\/a>\n\t\t\t\t\t\t\t\t\t\t\t\t\t\t\t<\/div>\n\t\t\t\t<\/div>\n\t\t\t\t<div class=\"elementor-element elementor-element-e63f75d elementor-widget elementor-widget-heading\" data-id=\"e63f75d\" data-element_type=\"widget\" data-e-type=\"widget\" data-widget_type=\"heading.default\">\n\t\t\t\t<div class=\"elementor-widget-container\">\n\t\t\t\t\t<h4 class=\"elementor-heading-title elementor-size-default\"><a href=\"https:\/\/ahorn-camp.de\/fr\/ahorn-camping-cars\/campervans\/\">Campervan<\/a><\/h4>\t\t\t\t<\/div>\n\t\t\t\t<\/div>\n\t\t\t\t<div class=\"elementor-element elementor-element-e521905 elementor-widget elementor-widget-text-editor\" data-id=\"e521905\" data-element_type=\"widget\" data-e-type=\"widget\" data-widget_type=\"text-editor.default\">\n\t\t\t\t<div class=\"elementor-widget-container\">\n\t\t\t\t\t\t\t\t\t<p>Convient aux voyages spontan\u00e9s et sans complications<\/p>\t\t\t\t\t\t\t\t<\/div>\n\t\t\t\t<\/div>\n\t\t\t\t<div class=\"elementor-element elementor-element-bc1a957 elementor-widget__width-inherit elementor-align-center elementor-widget elementor-widget-button\" data-id=\"bc1a957\" data-element_type=\"widget\" data-e-type=\"widget\" data-widget_type=\"button.default\">\n\t\t\t\t<div class=\"elementor-widget-container\">\n\t\t\t\t\t\t\t\t\t<div class=\"elementor-button-wrapper\">\n\t\t\t\t\t<a class=\"elementor-button elementor-button-link elementor-size-sm elementor-animation-float\" href=\"https:\/\/ahorn-camp.de\/fr\/ahorn-camping-cars\/campervans\/\">\n\t\t\t\t\t\t<span class=\"elementor-button-content-wrapper\">\n\t\t\t\t\t\t\t\t\t<span class=\"elementor-button-text\">Voir les mod\u00e8les<\/span>\n\t\t\t\t\t<\/span>\n\t\t\t\t\t<\/a>\n\t\t\t\t<\/div>\n\t\t\t\t\t\t\t\t<\/div>\n\t\t\t\t<\/div>\n\t\t\t\t\t<\/div>\n\t\t<\/div>\n\t\t\t\t\t<\/div>\n\t\t<\/section>\n\t\t\t\t<div class=\"elementor-element elementor-element-b892f91 elementor-widget elementor-widget-text-editor\" data-id=\"b892f91\" data-element_type=\"widget\" data-e-type=\"widget\" data-widget_type=\"text-editor.default\">\n\t\t\t\t<div class=\"elementor-widget-container\">\n\t\t\t\t\t\t\t\t\t<p><span style=\"color: #000000;\">*La masse maximale techniquement admissible est une valeur fix\u00e9e par le constructeur que le v\u00e9hicule ne doit pas d\u00e9passer, m\u00eame lorsqu'il est charg\u00e9. Elle a donc une influence sur le nombre de places assises admissibles, les possibilit\u00e9s de choix d'\u00e9quipements sp\u00e9ciaux et la possibilit\u00e9 de charge restante.\u00a0<\/span><br \/><span style=\"color: #000000;\">Vous trouverez des informations d\u00e9taill\u00e9es sur les poids et la configuration du v\u00e9hicule dans nos donn\u00e9es techniques, dans la section Informations juridiques et techniques sur les donn\u00e9es li\u00e9es au poids.<\/span><\/p>\t\t\t\t\t\t\t\t<\/div>\n\t\t\t\t<\/div>\n\t\t\t\t\t<\/div>\n\t\t<\/div>\n\t\t\t\t\t<\/div>\n\t\t<\/section>\n\t\t\t\t<section class=\"elementor-section elementor-top-section elementor-element elementor-element-cd9c067 elementor-section-stretched elementor-section-boxed elementor-section-height-default elementor-section-height-default\" data-id=\"cd9c067\" data-element_type=\"section\" data-e-type=\"section\" data-settings=\"{&quot;stretch_section&quot;:&quot;section-stretched&quot;}\">\n\t\t\t\t\t\t<div class=\"elementor-container elementor-column-gap-default\">\n\t\t\t\t\t<div class=\"elementor-column elementor-col-100 elementor-top-column elementor-element elementor-element-8105635\" data-id=\"8105635\" data-element_type=\"column\" data-e-type=\"column\">\n\t\t\t<div class=\"elementor-widget-wrap elementor-element-populated\">\n\t\t\t\t\t\t<div class=\"elementor-element elementor-element-15e6f8e elementor-widget elementor-widget-heading\" data-id=\"15e6f8e\" data-element_type=\"widget\" data-e-type=\"widget\" data-widget_type=\"heading.default\">\n\t\t\t\t<div class=\"elementor-widget-container\">\n\t\t\t\t\t<h2 class=\"elementor-heading-title elementor-size-default\">Contact<\/h2>\t\t\t\t<\/div>\n\t\t\t\t<\/div>\n\t\t\t\t<div class=\"elementor-element elementor-element-3474369 elementor-align-center elementor-widget elementor-widget-button\" data-id=\"3474369\" data-element_type=\"widget\" data-e-type=\"widget\" data-widget_type=\"button.default\">\n\t\t\t\t<div class=\"elementor-widget-container\">\n\t\t\t\t\t\t\t\t\t<div class=\"elementor-button-wrapper\">\n\t\t\t\t\t<a class=\"elementor-button elementor-button-link elementor-size-sm\" href=\"https:\/\/ahorn-camp.de\/fr\/contacter\/\">\n\t\t\t\t\t\t<span class=\"elementor-button-content-wrapper\">\n\t\t\t\t\t\t\t\t\t<span class=\"elementor-button-text\">Contactez-nous<\/span>\n\t\t\t\t\t<\/span>\n\t\t\t\t\t<\/a>\n\t\t\t\t<\/div>\n\t\t\t\t\t\t\t\t<\/div>\n\t\t\t\t<\/div>\n\t\t\t\t\t<\/div>\n\t\t<\/div>\n\t\t\t\t\t<\/div>\n\t\t<\/section>\n\t\t\t\t<\/div>","protected":false},"excerpt":{"rendered":"<p>Alkoven Wohnmobil kaufen bei Ahorn Camp Alkoven Wohnmobil kaufen bei Ahorn Camp <\/p>\n<p style=\"text-align: center;\">Wenn Sie ein Alkoven Wohnmobil kaufen m\u00f6chten, sind Sie bei Ahorn Camp genau richtig. Unser umfassender Leitfaden hilft Ihnen dabei, den perfekten Alkoven Wohnwagen f\u00fcr Ihre Bed\u00fcrfnisse zu finden. Egal ob Sie sich online informieren oder den <strong>passenden H\u00e4ndler<\/strong> suchen m\u00f6chten \u2013 bei uns finden Sie alle M\u00f6glichkeiten. Entdecken Sie unsere vielf\u00e4ltigen Modelle und vergleichen Sie diese mit <strong>teilintegrierten Wohnmobilen<\/strong>, um die beste Wahl f\u00fcr Ihren n\u00e4chsten Urlaub zu treffen. Dabei stehen Ihnen unterschiedliche Grundrisse und Ausstattungsvarianten zur Verf\u00fcgung, die individuell auf Ihre Anforderungen abgestimmt sind. Unsere Wohnmobile bieten optimalen Wohnraum und gen\u00fcgend Stauraum f\u00fcr alle Ihre Reiseutensilien.<\/p>\n<p> Ihre Vorteile bei Ahorn Camp <\/p>\n<ul>\n<li>Gro\u00dfe Auswahl an Alkoven Wohnmobilen.<\/li>\n<li>Attraktive Preise und Finanzierungsm\u00f6glichkeiten<\/li>\n<li>Hervorragender Kundenservice und umfassende Beratung<\/li>\n<\/ul>\n<ul>\n<li>Hochwertige Ausstattung und innovative Technologien.<\/li>\n<li>Langj\u00e4hrige Erfahrung und renommierter Hersteller.<\/li>\n<li>Komfortable Fahrerh\u00e4user, die f\u00fcr lange Fahrten ideal sind.<\/li>\n<\/ul>\n<p> So [&#8230;]<\/p>\n","protected":false},"author":2,"featured_media":7554,"parent":32291,"menu_order":44,"comment_status":"closed","ping_status":"closed","template":"","meta":{"content-type":"","footnotes":""},"class_list":["post-154","page","type-page","status-publish","has-post-thumbnail","hentry"],"yoast_head":"<!-- This site is optimized with the Yoast SEO plugin v27.4 - https:\/\/yoast.com\/product\/yoast-seo-wordpress\/ -->\n<title>Alkoven Wohnmobil kaufen \u2502 Ahorn Camp<\/title>\n<meta name=\"description\" content=\"Alkoven Wohnmobil kaufen leicht gemacht: Entdecken Sie unsere hochwertigen Modelle &amp; erf\u00fcllen Sie sich den Traum vom eigenen Wohnmobil\" \/>\n<meta name=\"robots\" content=\"index, follow, max-snippet:-1, max-image-preview:large, max-video-preview:-1\" \/>\n<link rel=\"canonical\" href=\"https:\/\/ahorn-camp.de\/fr\/ahorn-camping-cars\/capucines-camping-cars\/\" \/>\n<meta property=\"og:locale\" content=\"fr_FR\" \/>\n<meta property=\"og:type\" content=\"article\" \/>\n<meta property=\"og:title\" content=\"Alkoven Wohnmobil kaufen \u2502 Ahorn Camp\" \/>\n<meta property=\"og:description\" content=\"Alkoven Wohnmobil kaufen leicht gemacht: Entdecken Sie unsere hochwertigen Modelle &amp; erf\u00fcllen Sie sich den Traum vom eigenen Wohnmobil\" \/>\n<meta property=\"og:url\" content=\"https:\/\/ahorn-camp.de\/fr\/ahorn-camping-cars\/capucines-camping-cars\/\" \/>\n<meta property=\"og:site_name\" content=\"Ahorn Camp | Reisemobile und Kastenwagen\" \/>\n<meta property=\"article:publisher\" content=\"https:\/\/www.facebook.com\/ahorn.wohnmobile\/\" \/>\n<meta property=\"article:modified_time\" content=\"2026-04-07T14:31:34+00:00\" \/>\n<meta property=\"og:image\" content=\"https:\/\/ahorn-camp.de\/wp-content\/uploads\/2020\/08\/Ahorn-Flotte-1329-1500.png\" \/>\n\t<meta property=\"og:image:width\" content=\"1500\" \/>\n\t<meta property=\"og:image:height\" content=\"409\" \/>\n\t<meta property=\"og:image:type\" content=\"image\/png\" \/>\n<meta name=\"twitter:card\" content=\"summary_large_image\" \/>\n<meta name=\"twitter:label1\" content=\"Dur\u00e9e de lecture estim\u00e9e\" \/>\n\t<meta name=\"twitter:data1\" content=\"7 minutes\" \/>\n<script type=\"application\/ld+json\" class=\"yoast-schema-graph\">{\"@context\":\"https:\\\/\\\/schema.org\",\"@graph\":[{\"@type\":\"WebPage\",\"@id\":\"https:\\\/\\\/ahorn-camp.de\\\/ahorn-reisemobile\\\/alkoven-wohnmobile\\\/\",\"url\":\"https:\\\/\\\/ahorn-camp.de\\\/ahorn-reisemobile\\\/alkoven-wohnmobile\\\/\",\"name\":\"Alkoven Wohnmobil kaufen \u2502 Ahorn Camp\",\"isPartOf\":{\"@id\":\"https:\\\/\\\/ahorn-camp.de\\\/#website\"},\"primaryImageOfPage\":{\"@id\":\"https:\\\/\\\/ahorn-camp.de\\\/ahorn-reisemobile\\\/alkoven-wohnmobile\\\/#primaryimage\"},\"image\":{\"@id\":\"https:\\\/\\\/ahorn-camp.de\\\/ahorn-reisemobile\\\/alkoven-wohnmobile\\\/#primaryimage\"},\"thumbnailUrl\":\"https:\\\/\\\/ahorn-camp.de\\\/wp-content\\\/uploads\\\/2020\\\/08\\\/Ahorn-Flotte-1329-1500.png\",\"datePublished\":\"2017-09-11T13:54:30+00:00\",\"dateModified\":\"2026-04-07T14:31:34+00:00\",\"description\":\"Alkoven Wohnmobil kaufen leicht gemacht: Entdecken Sie unsere hochwertigen Modelle & erf\u00fcllen Sie sich den Traum vom eigenen Wohnmobil\",\"breadcrumb\":{\"@id\":\"https:\\\/\\\/ahorn-camp.de\\\/ahorn-reisemobile\\\/alkoven-wohnmobile\\\/#breadcrumb\"},\"inLanguage\":\"fr-FR\",\"potentialAction\":[{\"@type\":\"ReadAction\",\"target\":[\"https:\\\/\\\/ahorn-camp.de\\\/ahorn-reisemobile\\\/alkoven-wohnmobile\\\/\"]}]},{\"@type\":\"ImageObject\",\"inLanguage\":\"fr-FR\",\"@id\":\"https:\\\/\\\/ahorn-camp.de\\\/ahorn-reisemobile\\\/alkoven-wohnmobile\\\/#primaryimage\",\"url\":\"https:\\\/\\\/ahorn-camp.de\\\/wp-content\\\/uploads\\\/2020\\\/08\\\/Ahorn-Flotte-1329-1500.png\",\"contentUrl\":\"https:\\\/\\\/ahorn-camp.de\\\/wp-content\\\/uploads\\\/2020\\\/08\\\/Ahorn-Flotte-1329-1500.png\",\"width\":1500,\"height\":409,\"caption\":\"Ahorn Camp Modelle 2021\"},{\"@type\":\"BreadcrumbList\",\"@id\":\"https:\\\/\\\/ahorn-camp.de\\\/ahorn-reisemobile\\\/alkoven-wohnmobile\\\/#breadcrumb\",\"itemListElement\":[{\"@type\":\"ListItem\",\"position\":1,\"name\":\"Startseite\",\"item\":\"https:\\\/\\\/ahorn-camp.de\\\/\"},{\"@type\":\"ListItem\",\"position\":2,\"name\":\"Modell\u00fcbersicht\",\"item\":\"https:\\\/\\\/ahorn-camp.de\\\/ahorn-reisemobile\\\/\"},{\"@type\":\"ListItem\",\"position\":3,\"name\":\"Alkoven Wohnmobil kaufen bei Ahorn Camp | Wohnmobile\"}]},{\"@type\":\"WebSite\",\"@id\":\"https:\\\/\\\/ahorn-camp.de\\\/#website\",\"url\":\"https:\\\/\\\/ahorn-camp.de\\\/\",\"name\":\"Ahorn Camp | Reisemobile und Kastenwagen\",\"description\":\"Seit \u00fcber 30 Jahren vermarktet das Familienunternehmen, Ahorn Camp in Speyer, erfolgreich Wohnmobile und Kastenwagen zum besten Preis-Leistungsverh\u00e4ltnis.\",\"publisher\":{\"@id\":\"https:\\\/\\\/ahorn-camp.de\\\/#organization\"},\"potentialAction\":[{\"@type\":\"SearchAction\",\"target\":{\"@type\":\"EntryPoint\",\"urlTemplate\":\"https:\\\/\\\/ahorn-camp.de\\\/?s={search_term_string}\"},\"query-input\":{\"@type\":\"PropertyValueSpecification\",\"valueRequired\":true,\"valueName\":\"search_term_string\"}}],\"inLanguage\":\"fr-FR\"},{\"@type\":\"Organization\",\"@id\":\"https:\\\/\\\/ahorn-camp.de\\\/#organization\",\"name\":\"Ahorn Camp GmbH & Co. KG\",\"url\":\"https:\\\/\\\/ahorn-camp.de\\\/\",\"logo\":{\"@type\":\"ImageObject\",\"inLanguage\":\"fr-FR\",\"@id\":\"https:\\\/\\\/ahorn-camp.de\\\/#\\\/schema\\\/logo\\\/image\\\/\",\"url\":\"https:\\\/\\\/ahorn-camp.de\\\/wp-content\\\/uploads\\\/2018\\\/12\\\/Ahorn_Logo.jpg\",\"contentUrl\":\"https:\\\/\\\/ahorn-camp.de\\\/wp-content\\\/uploads\\\/2018\\\/12\\\/Ahorn_Logo.jpg\",\"width\":1437,\"height\":1000,\"caption\":\"Ahorn Camp GmbH & Co. KG\"},\"image\":{\"@id\":\"https:\\\/\\\/ahorn-camp.de\\\/#\\\/schema\\\/logo\\\/image\\\/\"},\"sameAs\":[\"https:\\\/\\\/www.facebook.com\\\/ahorn.wohnmobile\\\/\",\"https:\\\/\\\/www.instagram.com\\\/ahorn.camp\\\/\",\"https:\\\/\\\/www.youtube.com\\\/channel\\\/UCPFbPCts1JJ_A1k9vyH0yOQ\"]}]}<\/script>\n<!-- \/ Yoast SEO plugin. -->","yoast_head_json":{"title":"Acheter une capucine \u2502 Ahorn Camp","description":"Acheter un camping-car \u00e0 capucine est facile : d\u00e9couvrez nos mod\u00e8les de haute qualit\u00e9 &amp; r\u00e9alisez votre r\u00eave de poss\u00e9der votre propre camping-car","robots":{"index":"index","follow":"follow","max-snippet":"max-snippet:-1","max-image-preview":"max-image-preview:large","max-video-preview":"max-video-preview:-1"},"canonical":"https:\/\/ahorn-camp.de\/fr\/ahorn-camping-cars\/capucines-camping-cars\/","og_locale":"fr_FR","og_type":"article","og_title":"Alkoven Wohnmobil kaufen \u2502 Ahorn Camp","og_description":"Alkoven Wohnmobil kaufen leicht gemacht: Entdecken Sie unsere hochwertigen Modelle & erf\u00fcllen Sie sich den Traum vom eigenen Wohnmobil","og_url":"https:\/\/ahorn-camp.de\/fr\/ahorn-camping-cars\/capucines-camping-cars\/","og_site_name":"Ahorn Camp | Reisemobile und Kastenwagen","article_publisher":"https:\/\/www.facebook.com\/ahorn.wohnmobile\/","article_modified_time":"2026-04-07T14:31:34+00:00","og_image":[{"width":1500,"height":409,"url":"https:\/\/ahorn-camp.de\/wp-content\/uploads\/2020\/08\/Ahorn-Flotte-1329-1500.png","type":"image\/png"}],"twitter_card":"summary_large_image","twitter_misc":{"Dur\u00e9e de lecture estim\u00e9e":"7 minutes"},"schema":{"@context":"https:\/\/schema.org","@graph":[{"@type":"WebPage","@id":"https:\/\/ahorn-camp.de\/ahorn-reisemobile\/alkoven-wohnmobile\/","url":"https:\/\/ahorn-camp.de\/ahorn-reisemobile\/alkoven-wohnmobile\/","name":"Acheter une capucine \u2502 Ahorn Camp","isPartOf":{"@id":"https:\/\/ahorn-camp.de\/#website"},"primaryImageOfPage":{"@id":"https:\/\/ahorn-camp.de\/ahorn-reisemobile\/alkoven-wohnmobile\/#primaryimage"},"image":{"@id":"https:\/\/ahorn-camp.de\/ahorn-reisemobile\/alkoven-wohnmobile\/#primaryimage"},"thumbnailUrl":"https:\/\/ahorn-camp.de\/wp-content\/uploads\/2020\/08\/Ahorn-Flotte-1329-1500.png","datePublished":"2017-09-11T13:54:30+00:00","dateModified":"2026-04-07T14:31:34+00:00","description":"Acheter un camping-car \u00e0 capucine est facile : d\u00e9couvrez nos mod\u00e8les de haute qualit\u00e9 &amp; r\u00e9alisez votre r\u00eave de poss\u00e9der votre propre camping-car","breadcrumb":{"@id":"https:\/\/ahorn-camp.de\/ahorn-reisemobile\/alkoven-wohnmobile\/#breadcrumb"},"inLanguage":"fr-FR","potentialAction":[{"@type":"ReadAction","target":["https:\/\/ahorn-camp.de\/ahorn-reisemobile\/alkoven-wohnmobile\/"]}]},{"@type":"ImageObject","inLanguage":"fr-FR","@id":"https:\/\/ahorn-camp.de\/ahorn-reisemobile\/alkoven-wohnmobile\/#primaryimage","url":"https:\/\/ahorn-camp.de\/wp-content\/uploads\/2020\/08\/Ahorn-Flotte-1329-1500.png","contentUrl":"https:\/\/ahorn-camp.de\/wp-content\/uploads\/2020\/08\/Ahorn-Flotte-1329-1500.png","width":1500,"height":409,"caption":"Ahorn Camp Modelle 2021"},{"@type":"BreadcrumbList","@id":"https:\/\/ahorn-camp.de\/ahorn-reisemobile\/alkoven-wohnmobile\/#breadcrumb","itemListElement":[{"@type":"ListItem","position":1,"name":"Startseite","item":"https:\/\/ahorn-camp.de\/"},{"@type":"ListItem","position":2,"name":"Modell\u00fcbersicht","item":"https:\/\/ahorn-camp.de\/ahorn-reisemobile\/"},{"@type":"ListItem","position":3,"name":"Alkoven Wohnmobil kaufen bei Ahorn Camp | Wohnmobile"}]},{"@type":"WebSite","@id":"https:\/\/ahorn-camp.de\/#website","url":"https:\/\/ahorn-camp.de\/","name":"Ahorn Camp | Camping-cars et fourgons am\u00e9nag\u00e9s","description":"Depuis plus de 30 ans, l'entreprise familiale, Ahorn Camp \u00e0 Speyer, commercialise avec succ\u00e8s des camping-cars et des fourgons au meilleur rapport qualit\u00e9-prix.","publisher":{"@id":"https:\/\/ahorn-camp.de\/#organization"},"potentialAction":[{"@type":"SearchAction","target":{"@type":"EntryPoint","urlTemplate":"https:\/\/ahorn-camp.de\/?s={search_term_string}"},"query-input":{"@type":"PropertyValueSpecification","valueRequired":true,"valueName":"search_term_string"}}],"inLanguage":"fr-FR"},{"@type":"Organization","@id":"https:\/\/ahorn-camp.de\/#organization","name":"Ahorn Camp GmbH &amp; Co. KG","url":"https:\/\/ahorn-camp.de\/","logo":{"@type":"ImageObject","inLanguage":"fr-FR","@id":"https:\/\/ahorn-camp.de\/#\/schema\/logo\/image\/","url":"https:\/\/ahorn-camp.de\/wp-content\/uploads\/2018\/12\/Ahorn_Logo.jpg","contentUrl":"https:\/\/ahorn-camp.de\/wp-content\/uploads\/2018\/12\/Ahorn_Logo.jpg","width":1437,"height":1000,"caption":"Ahorn Camp GmbH & Co. KG"},"image":{"@id":"https:\/\/ahorn-camp.de\/#\/schema\/logo\/image\/"},"sameAs":["https:\/\/www.facebook.com\/ahorn.wohnmobile\/","https:\/\/www.instagram.com\/ahorn.camp\/","https:\/\/www.youtube.com\/channel\/UCPFbPCts1JJ_A1k9vyH0yOQ"]}]}},"_links":{"self":[{"href":"https:\/\/ahorn-camp.de\/fr\/wp-json\/wp\/v2\/pages\/154","targetHints":{"allow":["GET"]}}],"collection":[{"href":"https:\/\/ahorn-camp.de\/fr\/wp-json\/wp\/v2\/pages"}],"about":[{"href":"https:\/\/ahorn-camp.de\/fr\/wp-json\/wp\/v2\/types\/page"}],"author":[{"embeddable":true,"href":"https:\/\/ahorn-camp.de\/fr\/wp-json\/wp\/v2\/users\/2"}],"replies":[{"embeddable":true,"href":"https:\/\/ahorn-camp.de\/fr\/wp-json\/wp\/v2\/comments?post=154"}],"version-history":[{"count":3,"href":"https:\/\/ahorn-camp.de\/fr\/wp-json\/wp\/v2\/pages\/154\/revisions"}],"predecessor-version":[{"id":38639,"href":"https:\/\/ahorn-camp.de\/fr\/wp-json\/wp\/v2\/pages\/154\/revisions\/38639"}],"up":[{"embeddable":true,"href":"https:\/\/ahorn-camp.de\/fr\/wp-json\/wp\/v2\/pages\/32291"}],"wp:featuredmedia":[{"embeddable":true,"href":"https:\/\/ahorn-camp.de\/fr\/wp-json\/wp\/v2\/media\/7554"}],"wp:attachment":[{"href":"https:\/\/ahorn-camp.de\/fr\/wp-json\/wp\/v2\/media?parent=154"}],"curies":[{"name":"wp","href":"https:\/\/api.w.org\/{rel}","templated":true}]}}