{"id":1034,"date":"2019-05-22T17:17:07","date_gmt":"2019-05-22T15:17:07","guid":{"rendered":"https:\/\/ahorn-camp.de\/?page_id=1034"},"modified":"2024-02-20T13:28:31","modified_gmt":"2024-02-20T12:28:31","slug":"nouvelles-dacajou","status":"publish","type":"page","link":"https:\/\/ahorn-camp.de\/fr\/ahorn-news\/","title":{"rendered":"Nouvelles et presse d'Ahorn"},"content":{"rendered":"<div class=\"wpb-content-wrapper\" id=\"wpb-content-root\"><section class=\"vc_section vc_section-o-content-top vc_section-flex\"><div class=\"vc_row wpb_row vc_row-fluid\"><div class=\"wpb_column vc_column_container vc_col-sm-12\"><div class=\"vc_column-inner\"><div class=\"wpb_wrapper\">\n<div class=\"vc_grid-container-wrapper vc_clearfix vc_grid-animation-none\">\n\t<div class=\"vc_grid-container vc_clearfix wpb_content_element vc_basic_grid\" style=\"--vc-grid-gap:30px;--vc-grid-arrows-color:#5472D2;--vc-grid-paging-color:#EBEBEB;\" data-initial-loading-animation=\"none\" data-vc-grid-settings=\"{&quot;page_id&quot;:1034,&quot;style&quot;:&quot;load-more&quot;,&quot;action&quot;:&quot;vc_get_vc_grid_data&quot;,&quot;shortcode_id&quot;:&quot;1672678791664-d4ab8c92-42f5-10&quot;,&quot;items_per_page&quot;:&quot;6&quot;,&quot;btn_data&quot;:{&quot;title&quot;:&quot;Load more&quot;,&quot;shape&quot;:&quot;square&quot;,&quot;align&quot;:&quot;center&quot;,&quot;size&quot;:&quot;md&quot;,&quot;style&quot;:&quot;flat&quot;,&quot;gradient_custom_color_1&quot;:&quot;#dd3333&quot;,&quot;gradient_custom_color_2&quot;:&quot;#eeee22&quot;,&quot;gradient_text_color&quot;:&quot;#ffffff&quot;,&quot;custom_background&quot;:&quot;#EBEBEB&quot;,&quot;custom_hover_background&quot;:&quot;#dcdcdc&quot;,&quot;custom_text&quot;:&quot;#666&quot;,&quot;custom_hover_text&quot;:&quot;#5e5e5e&quot;,&quot;custom_border&quot;:&quot;&quot;,&quot;custom_hover_border&quot;:&quot;&quot;,&quot;outline_custom_color&quot;:&quot;#666&quot;,&quot;outline_custom_hover_background&quot;:&quot;#666&quot;,&quot;outline_custom_hover_text&quot;:&quot;#fff&quot;,&quot;button_block&quot;:&quot;&quot;,&quot;custom_onclick&quot;:&quot;&quot;,&quot;custom_onclick_code&quot;:&quot;&quot;,&quot;add_icon&quot;:&quot;&quot;,&quot;i_align&quot;:&quot;left&quot;,&quot;i_type&quot;:&quot;fontawesome&quot;,&quot;i_icon_fontawesome&quot;:&quot;fas fa-adjust&quot;,&quot;i_icon_openiconic&quot;:&quot;vc-oi vc-oi-dial&quot;,&quot;i_icon_typicons&quot;:&quot;typcn typcn-adjust-brightness&quot;,&quot;i_icon_entypo&quot;:&quot;entypo-icon entypo-icon-note&quot;,&quot;i_icon_linecons&quot;:&quot;vc_li vc_li-heart&quot;,&quot;i_icon_pixelicons&quot;:&quot;vc_pixel_icon vc_pixel_icon-alert&quot;,&quot;el_id&quot;:&quot;&quot;,&quot;color&quot;:&quot;blue&quot;},&quot;tag&quot;:&quot;vc_basic_grid&quot;}\" data-vc-request=\"https:\/\/ahorn-camp.de\/wp-admin\/admin-ajax.php\" data-vc-post-id=\"1034\" data-vc-public-nonce=\"fcab567e5f\">\n\t\t<style data-type=\"vc_shortcodes-custom-css\">.vc_custom_1419328663991{background-color: #f4f4f4 !important;}<\/style><ul class=\"vc_grid-filter vc_clearfix vc_grid-filter-default vc_grid-filter-size-md vc_grid-filter-center vc_grid-filter-color-custom\" style=\"--vc-filter-bg:#EBEBEB;\" data-vc-grid-filter=\"category\"><li class=\"vc_active vc_grid-filter-item\"><span data-vc-grid-filter-value=\"*\">Tous<\/span><\/li><li class=\"vc_grid-filter-item\"><span data-vc-grid-filter-value=\".vc_grid-term-593\">R\u00e9compenses<\/span><\/li><li class=\"vc_grid-filter-item\"><span data-vc-grid-filter-value=\".vc_grid-term-54\">\u00c9v\u00e9nements et Foires<\/span><\/li><li class=\"vc_grid-filter-item\"><span data-vc-grid-filter-value=\".vc_grid-term-68\">Rapports de v\u00e9hicules<\/span><\/li><li class=\"vc_grid-filter-item\"><span data-vc-grid-filter-value=\".vc_grid-term-277\">Communiqu\u00e9s de presse<\/span><\/li><li class=\"vc_grid-filter-item\"><span data-vc-grid-filter-value=\".vc_grid-term-67\">Entreprise<\/span><\/li><\/ul><div class=\"vc_grid-filter-select vc_grid-filter-center vc_grid-filter-color-custom\" style=\"--vc-filter-bg:#EBEBEB;\" data-vc-grid-filter-select=\"category\"><div class=\"vc_grid-styled-select\"><select data-filter=\"category\"><option class=\"vc_active\" value=\"*\">Tous&nbsp;&nbsp;&nbsp;&nbsp;&nbsp;&nbsp;&nbsp;&nbsp;&nbsp;&nbsp;<\/option><option value=\".vc_grid-term-593\">R\u00e9compenses&nbsp;&nbsp;&nbsp;&nbsp;&nbsp;&nbsp;&nbsp;&nbsp;&nbsp;&nbsp;<\/option><option value=\".vc_grid-term-54\">\u00c9v\u00e9nements et Foires&nbsp;&nbsp;&nbsp;&nbsp;&nbsp;&nbsp;&nbsp;&nbsp;&nbsp;&nbsp;<\/option><option value=\".vc_grid-term-68\">Rapports de v\u00e9hicules&nbsp;&nbsp;&nbsp;&nbsp;&nbsp;&nbsp;&nbsp;&nbsp;&nbsp;&nbsp;<\/option><option value=\".vc_grid-term-277\">Communiqu\u00e9s de presse&nbsp;&nbsp;&nbsp;&nbsp;&nbsp;&nbsp;&nbsp;&nbsp;&nbsp;&nbsp;<\/option><option value=\".vc_grid-term-67\">Entreprise&nbsp;&nbsp;&nbsp;&nbsp;&nbsp;&nbsp;&nbsp;&nbsp;&nbsp;&nbsp;<\/option><\/select><i class=\"vc_arrow-icon-navicon\"><\/i>\n\t\t<\/div>\n\t<\/div><div class=\"vc_grid vc_row vc_grid-gutter vc_pageable-wrapper vc_hook_hover\" data-vc-pageable-content=\"true\"><div class=\"vc_pageable-slide-wrapper vc_clearfix\" data-vc-grid-content=\"true\"><div class=\"vc_grid-item vc_clearfix vc_col-sm-4 vc_grid-item-zone-c-bottom vc_grid-term-277\"><div class=\"vc_grid-item-mini vc_clearfix\"><div class=\"vc_gitem-animated-block\" ><div class=\"vc_gitem-zone vc_gitem-zone-a vc_gitem-is-link\" style=\"background-image: url('https:\/\/ahorn-camp.de\/wp-content\/uploads\/2026\/01\/DSC04271-1024x683.jpg') !important;\"><a href=\"https:\/\/ahorn-camp.de\/fr\/ahorn-camp-gewinnt-promobil-award-2026\/\" title=\"Ahorn Camp remporte le prix Promobil : Camping-cars de l&#039;ann\u00e9e 2026\" class=\"vc_gitem-link vc-zone-link\" ><\/a><img decoding=\"async\" class=\"vc_gitem-zone-img\" src=\"https:\/\/ahorn-camp.de\/wp-content\/uploads\/2026\/01\/DSC04271-1024x683.jpg\" alt=\"Camping-car de l&#039;ann\u00e9e\"><div class=\"vc_gitem-zone-mini\"><\/div><\/div><\/div><div class=\"vc_gitem-zone vc_gitem-zone-c vc_custom_1419328663991\"><div class=\"vc_gitem-zone-mini\"><div class=\"vc_gitem_row vc_row vc_gitem-row-position-top\"><div class=\"vc_col-sm-12 vc_gitem-col vc_gitem-col-align-\"><div class=\"vc_custom_heading vc_gitem-post-data vc_gitem-post-data-source-post_title\" ><h4 style=\"text-align: left\" >Ahorn Camp remporte le prix Promobil : Camping-cars de l'ann\u00e9e 2026<\/h4><\/div><div class=\"vc_custom_heading vc_gitem-post-data vc_gitem-post-data-source-post_excerpt\" ><p style=\"text-align: left\" ><p>Les lectrices et lecteurs de Promobil ont d\u00e9cid\u00e9 : Ahorn Camp compte parmi les gagnants des \u201e camping-cars de l'ann\u00e9e 2026 \u201c. Dans la cat\u00e9gorie des camping-cars capucines jusqu'\u00e0 70 000 euros, les mod\u00e8les Ahorn Camp ont atteint la 2\u00e8me place.<\/p>\n<\/p><\/div><div class=\"vc_btn3-container vc_btn3-left\" ><a onmouseenter=\"this.style.backgroundColor='#f23630'; this.style.color='#f7f7f7';\" onmouseleave=\"this.style.backgroundColor='#F4524D'; this.style.color='#fff';\" style=\"background-color:#F4524D; color:#fff;\" class=\"vc_general vc_btn3 vc_btn3-size-md vc_btn3-shape-rounded vc_btn3-style-flat\" href=\"https:\/\/ahorn-camp.de\/fr\/ahorn-camp-gewinnt-promobil-award-2026\/\" title=\"\">Lire plus<\/a><\/div><\/div><\/div><\/div><\/div><\/div><div class=\"vc_clearfix\"><\/div><\/div><div class=\"vc_grid-item vc_clearfix vc_col-sm-4 vc_grid-item-zone-c-bottom vc_grid-term-277\"><div class=\"vc_grid-item-mini vc_clearfix\"><div class=\"vc_gitem-animated-block\" ><div class=\"vc_gitem-zone vc_gitem-zone-a vc_gitem-is-link\" style=\"background-image: url('https:\/\/ahorn-camp.de\/wp-content\/uploads\/2026\/01\/T680-1024x341.webp') !important;\"><a href=\"https:\/\/ahorn-camp.de\/fr\/ahorn-camp-praesentiert-den-neuen-t-680-premiere-eines-einzigartigen-grundrisses-auf-der-cmt-2026\/\" title=\"Ahorn Camp pr\u00e9sente le nouveau T 680 \u2013 Premi\u00e8re d&#039;un plan unique au CMT 2026\" class=\"vc_gitem-link vc-zone-link\" ><\/a><img decoding=\"async\" class=\"vc_gitem-zone-img\" src=\"https:\/\/ahorn-camp.de\/wp-content\/uploads\/2026\/01\/T680-1024x341.webp\" alt=\"t680 le grand fr\u00e8re\"><div class=\"vc_gitem-zone-mini\"><\/div><\/div><\/div><div class=\"vc_gitem-zone vc_gitem-zone-c vc_custom_1419328663991\"><div class=\"vc_gitem-zone-mini\"><div class=\"vc_gitem_row vc_row vc_gitem-row-position-top\"><div class=\"vc_col-sm-12 vc_gitem-col vc_gitem-col-align-\"><div class=\"vc_custom_heading vc_gitem-post-data vc_gitem-post-data-source-post_title\" ><h4 style=\"text-align: left\" >Ahorn Camp pr\u00e9sente le nouveau T 680 \u2013 Premi\u00e8re d'un plan unique au CMT 2026<\/h4><\/div><div class=\"vc_custom_heading vc_gitem-post-data vc_gitem-post-data-source-post_excerpt\" ><p style=\"text-align: left\" ><p>Avec le nouveau Ahorn CampT 680, un profil\u00e9 particuli\u00e8rement polyvalent c\u00e9l\u00e8bre sa premi\u00e8re mondiale au CMT 2026. L'agencement innovant avec lit escamotable, salle de bain spacieuse et design moderne allie confort et sensation d'espace sur moins de sept m\u00e8tres de long. Apprenez-en plus sur le nouveau mod\u00e8le, la technologie bas\u00e9e sur Renault Master et les temps forts du salon de Ahorn Camp.<\/p>\n<\/p><\/div><div class=\"vc_btn3-container vc_btn3-left\" ><a onmouseenter=\"this.style.backgroundColor='#f23630'; this.style.color='#f7f7f7';\" onmouseleave=\"this.style.backgroundColor='#F4524D'; this.style.color='#fff';\" style=\"background-color:#F4524D; color:#fff;\" class=\"vc_general vc_btn3 vc_btn3-size-md vc_btn3-shape-rounded vc_btn3-style-flat\" href=\"https:\/\/ahorn-camp.de\/fr\/ahorn-camp-praesentiert-den-neuen-t-680-premiere-eines-einzigartigen-grundrisses-auf-der-cmt-2026\/\" title=\"\">Lire plus<\/a><\/div><\/div><\/div><\/div><\/div><\/div><div class=\"vc_clearfix\"><\/div><\/div><div class=\"vc_grid-item vc_clearfix vc_col-sm-4 vc_grid-item-zone-c-bottom vc_grid-term-54 vc_grid-term-277\"><div class=\"vc_grid-item-mini vc_clearfix\"><div class=\"vc_gitem-animated-block\" ><div class=\"vc_gitem-zone vc_gitem-zone-a vc_gitem-is-link\" style=\"background-image: url('https:\/\/ahorn-camp.de\/wp-content\/uploads\/2025\/12\/Logistikzentrum.webp') !important;\"><a href=\"https:\/\/ahorn-camp.de\/fr\/ahorn-camps-neues-logistikzentrum\/\" title=\"Ahorn Camp inaugure un nouveau centre logistique \u00e0 Spire \u2013 L&#039;efficacit\u00e9, la durabilit\u00e9 et la croissance strat\u00e9gique au premier plan\" class=\"vc_gitem-link vc-zone-link\" ><\/a><img decoding=\"async\" class=\"vc_gitem-zone-img\" src=\"https:\/\/ahorn-camp.de\/wp-content\/uploads\/2025\/12\/Logistikzentrum.webp\" alt=\"Le nouveau centre logistique d&#039;Ahorn \u00e0 l&#039;ouverture\"><div class=\"vc_gitem-zone-mini\"><\/div><\/div><\/div><div class=\"vc_gitem-zone vc_gitem-zone-c vc_custom_1419328663991\"><div class=\"vc_gitem-zone-mini\"><div class=\"vc_gitem_row vc_row vc_gitem-row-position-top\"><div class=\"vc_col-sm-12 vc_gitem-col vc_gitem-col-align-\"><div class=\"vc_custom_heading vc_gitem-post-data vc_gitem-post-data-source-post_title\" ><h4 style=\"text-align: left\" >Ahorn Camp inaugure un nouveau centre logistique \u00e0 Spire \u2013 L'efficacit\u00e9, la durabilit\u00e9 et la croissance strat\u00e9gique au premier plan<\/h4><\/div><div class=\"vc_custom_heading vc_gitem-post-data vc_gitem-post-data-source-post_excerpt\" ><p style=\"text-align: left\" ><p>Le fournisseur de camping-cars Ahorn Camp a officiellement inaugur\u00e9 son nouveau centre de logistique pour pi\u00e8ces de rechange et accessoires \u00e0 son si\u00e8ge principal de Spire. Avec un investissement d'environ 750 000 euros et une p\u00e9riode de construction de seulement six mois, l'entreprise familiale franchit une \u00e9tape cl\u00e9 dans sa strat\u00e9gie de croissance tout en optimisant l'ensemble de sa cha\u00eene d'approvisionnement.<\/p>\n<\/p><\/div><div class=\"vc_btn3-container vc_btn3-left\" ><a onmouseenter=\"this.style.backgroundColor='#f23630'; this.style.color='#f7f7f7';\" onmouseleave=\"this.style.backgroundColor='#F4524D'; this.style.color='#fff';\" style=\"background-color:#F4524D; color:#fff;\" class=\"vc_general vc_btn3 vc_btn3-size-md vc_btn3-shape-rounded vc_btn3-style-flat\" href=\"https:\/\/ahorn-camp.de\/fr\/ahorn-camps-neues-logistikzentrum\/\" title=\"\">Lire plus<\/a><\/div><\/div><\/div><\/div><\/div><\/div><div class=\"vc_clearfix\"><\/div><\/div><div class=\"vc_grid-item vc_clearfix vc_col-sm-4 vc_grid-item-zone-c-bottom vc_grid-term-54 vc_grid-term-277\"><div class=\"vc_grid-item-mini vc_clearfix\"><div class=\"vc_gitem-animated-block\" ><div class=\"vc_gitem-zone vc_gitem-zone-a vc_gitem-is-link\" style=\"background-image: url('https:\/\/ahorn-camp.de\/wp-content\/uploads\/2025\/11\/Ahorn_T_640_MG_5017-min-1-1024x683.webp') !important;\"><a href=\"https:\/\/ahorn-camp.de\/fr\/premiere-des-t640\/\" title=\"Ahorn Camp pr\u00e9sente le nouveau T 640 \u2013 Premi\u00e8re d&#039;un plan unique et d&#039;une \u00e9tape technologique majeure\" class=\"vc_gitem-link vc-zone-link\" ><\/a><img decoding=\"async\" class=\"vc_gitem-zone-img\" src=\"https:\/\/ahorn-camp.de\/wp-content\/uploads\/2025\/11\/Ahorn_T_640_MG_5017-min-1-1024x683.webp\" alt=\"Logement T 640\"><div class=\"vc_gitem-zone-mini\"><\/div><\/div><\/div><div class=\"vc_gitem-zone vc_gitem-zone-c vc_custom_1419328663991\"><div class=\"vc_gitem-zone-mini\"><div class=\"vc_gitem_row vc_row vc_gitem-row-position-top\"><div class=\"vc_col-sm-12 vc_gitem-col vc_gitem-col-align-\"><div class=\"vc_custom_heading vc_gitem-post-data vc_gitem-post-data-source-post_title\" ><h4 style=\"text-align: left\" >Ahorn Camp pr\u00e9sente le nouveau T 640 \u2013 Premi\u00e8re d'un plan unique et d'une \u00e9tape technologique majeure<\/h4><\/div><div class=\"vc_custom_heading vc_gitem-post-data vc_gitem-post-data-source-post_excerpt\" ><p style=\"text-align: left\" ><p>Avec le nouveau semi-int\u00e9gr\u00e9 T 640, Ahorn Camp c\u00e9l\u00e8bre une premi\u00e8re \u00e0 plusieurs \u00e9gards : le mod\u00e8le est le premier agencement de ce type \u00e0 \u00eatre produit dans l'usine du Erwin Hymer Group (EHG) \u00e0 San Casciano et repr\u00e9sente en m\u00eame temps la prochaine \u00e9tape de d\u00e9veloppement dans la collaboration r\u00e9ussie entre Ahorn Camp et l'EHG.<\/p>\n<\/p><\/div><div class=\"vc_btn3-container vc_btn3-left\" ><a onmouseenter=\"this.style.backgroundColor='#f23630'; this.style.color='#f7f7f7';\" onmouseleave=\"this.style.backgroundColor='#F4524D'; this.style.color='#fff';\" style=\"background-color:#F4524D; color:#fff;\" class=\"vc_general vc_btn3 vc_btn3-size-md vc_btn3-shape-rounded vc_btn3-style-flat\" href=\"https:\/\/ahorn-camp.de\/fr\/premiere-des-t640\/\" title=\"\">Lire plus<\/a><\/div><\/div><\/div><\/div><\/div><\/div><div class=\"vc_clearfix\"><\/div><\/div><div class=\"vc_grid-item vc_clearfix vc_col-sm-4 vc_grid-item-zone-c-bottom vc_grid-term-54 vc_grid-term-277\"><div class=\"vc_grid-item-mini vc_clearfix\"><div class=\"vc_gitem-animated-block\" ><div class=\"vc_gitem-zone vc_gitem-zone-a vc_gitem-is-link\" style=\"background-image: url('https:\/\/ahorn-camp.de\/wp-content\/uploads\/2025\/07\/202507-Haendlertagung-FRA-53-1024x576.webp') !important;\"><a href=\"https:\/\/ahorn-camp.de\/fr\/launch-event-artikel\/\" title=\"Ahorn Camp entre dans une nouvelle \u00e8re \u2013 Un \u00e9v\u00e9nement de lancement exclusif a s\u00e9duit les partenaires et la presse \u00e0 Francfort\" class=\"vc_gitem-link vc-zone-link\" ><\/a><img decoding=\"async\" class=\"vc_gitem-zone-img\" src=\"https:\/\/ahorn-camp.de\/wp-content\/uploads\/2025\/07\/202507-Haendlertagung-FRA-53-1024x576.webp\" alt=\"Dans le cadre \u00e9l\u00e9gant du Roomers Hotel Frankfurt, Ahorn Camp a marqu\u00e9 un tournant d\u00e9cisif pour l&#039;avenir : sous le slogan \u201e Une nouvelle \u00e8re commence \u201c, l&#039;entreprise familiale forte de plus de 30 ans d&#039;exp\u00e9rience a pr\u00e9sent\u00e9 pour la premi\u00e8re fois ses nouveaux mod\u00e8les CV 630 et T 690.\"><div class=\"vc_gitem-zone-mini\"><\/div><\/div><\/div><div class=\"vc_gitem-zone vc_gitem-zone-c vc_custom_1419328663991\"><div class=\"vc_gitem-zone-mini\"><div class=\"vc_gitem_row vc_row vc_gitem-row-position-top\"><div class=\"vc_col-sm-12 vc_gitem-col vc_gitem-col-align-\"><div class=\"vc_custom_heading vc_gitem-post-data vc_gitem-post-data-source-post_title\" ><h4 style=\"text-align: left\" >Ahorn Camp entame une nouvelle \u00e8re \u2013 L'\u00e9v\u00e9nement de lancement exclusif enthousiasme partenaires et presse \u00e0 Francfort<\/h4><\/div><div class=\"vc_custom_heading vc_gitem-post-data vc_gitem-post-data-source-post_excerpt\" ><p style=\"text-align: left\" ><p>Dans le cadre \u00e9l\u00e9gant du Roomers Hotel Frankfurt, Ahorn Camp a marqu\u00e9 un tournant d\u00e9cisif pour l'avenir : sous le slogan \u201e Une nouvelle \u00e8re commence \u201c, l'entreprise familiale forte de plus de 30 ans d'exp\u00e9rience a pr\u00e9sent\u00e9 pour la premi\u00e8re fois ses nouveaux mod\u00e8les CV 630 et T 690.<\/p>\n<\/p><\/div><div class=\"vc_btn3-container vc_btn3-left\" ><a onmouseenter=\"this.style.backgroundColor='#f23630'; this.style.color='#f7f7f7';\" onmouseleave=\"this.style.backgroundColor='#F4524D'; this.style.color='#fff';\" style=\"background-color:#F4524D; color:#fff;\" class=\"vc_general vc_btn3 vc_btn3-size-md vc_btn3-shape-rounded vc_btn3-style-flat\" href=\"https:\/\/ahorn-camp.de\/fr\/launch-event-artikel\/\" title=\"\">Lire plus<\/a><\/div><\/div><\/div><\/div><\/div><\/div><div class=\"vc_clearfix\"><\/div><\/div><div class=\"vc_grid-item vc_clearfix vc_col-sm-4 vc_grid-item-zone-c-bottom vc_grid-term-54 vc_grid-term-277\"><div class=\"vc_grid-item-mini vc_clearfix\"><div class=\"vc_gitem-animated-block\" ><div class=\"vc_gitem-zone vc_gitem-zone-a vc_gitem-is-link\" style=\"background-image: url('https:\/\/ahorn-camp.de\/wp-content\/uploads\/2025\/07\/Renault.webp') !important;\"><a href=\"https:\/\/ahorn-camp.de\/fr\/ahorn-camp-wohnmobile-auf-renault\/\" title=\"Renault et Ahorn Camp inaugurent une nouvelle \u00e8re du camping-car avec la quatri\u00e8me g\u00e9n\u00e9ration de Renault Master\" class=\"vc_gitem-link vc-zone-link\" ><\/a><img decoding=\"async\" class=\"vc_gitem-zone-img\" src=\"https:\/\/ahorn-camp.de\/wp-content\/uploads\/2025\/07\/Renault.webp\" alt=\"Renault et Ahorn Camp avec Renault Master 4\"><div class=\"vc_gitem-zone-mini\"><\/div><\/div><\/div><div class=\"vc_gitem-zone vc_gitem-zone-c vc_custom_1419328663991\"><div class=\"vc_gitem-zone-mini\"><div class=\"vc_gitem_row vc_row vc_gitem-row-position-top\"><div class=\"vc_col-sm-12 vc_gitem-col vc_gitem-col-align-\"><div class=\"vc_custom_heading vc_gitem-post-data vc_gitem-post-data-source-post_title\" ><h4 style=\"text-align: left\" >Renault et Ahorn Camp inaugurent une nouvelle \u00e8re du camping-car avec la quatri\u00e8me g\u00e9n\u00e9ration de Renault Master<\/h4><\/div><div class=\"vc_custom_heading vc_gitem-post-data vc_gitem-post-data-source-post_excerpt\" ><p style=\"text-align: left\" ><p>Renault, l'un des principaux constructeurs de v\u00e9hicules utilitaires l\u00e9gers en Europe, et Ahorn Camp, une marque de camping-cars bien \u00e9tablie en Allemagne, c\u00e9l\u00e8brent ensemble le lancement officiel de leur nouvelle g\u00e9n\u00e9ration de v\u00e9hicules de loisirs.<\/p>\n<\/p><\/div><div class=\"vc_btn3-container vc_btn3-left\" ><a onmouseenter=\"this.style.backgroundColor='#f23630'; this.style.color='#f7f7f7';\" onmouseleave=\"this.style.backgroundColor='#F4524D'; this.style.color='#fff';\" style=\"background-color:#F4524D; color:#fff;\" class=\"vc_general vc_btn3 vc_btn3-size-md vc_btn3-shape-rounded vc_btn3-style-flat\" href=\"https:\/\/ahorn-camp.de\/fr\/ahorn-camp-wohnmobile-auf-renault\/\" title=\"\">Lire plus<\/a><\/div><\/div><\/div><\/div><\/div><\/div><div class=\"vc_clearfix\"><\/div><\/div><div class=\"vc_grid-item vc_clearfix vc_col-sm-4 vc_grid-item-zone-c-bottom vc_grid-term-54 vc_grid-term-277\"><div class=\"vc_grid-item-mini vc_clearfix\"><div class=\"vc_gitem-animated-block\" ><div class=\"vc_gitem-zone vc_gitem-zone-a vc_gitem-is-link\" style=\"background-image: url('https:\/\/ahorn-camp.de\/wp-content\/uploads\/2025\/03\/DSC00071-Kopie-1024x683.jpg') !important;\"><a href=\"https:\/\/ahorn-camp.de\/fr\/einlaufkinder-weltfrauentag\/\" title=\"Moment inoubliable pour onze filles lors du match Eintracht Francfort contre Union Berlin\" class=\"vc_gitem-link vc-zone-link\" ><\/a><img decoding=\"async\" class=\"vc_gitem-zone-img\" src=\"https:\/\/ahorn-camp.de\/wp-content\/uploads\/2025\/03\/DSC00071-Kopie-1024x683.jpg\" alt=\"Ahorn Camp Enfants accompagnants entrant sur le terrain dans le Deutsche Bank Park \u00e0 l&#039;occasion de la Journ\u00e9e internationale des droits des femmes\"><div class=\"vc_gitem-zone-mini\"><\/div><\/div><\/div><div class=\"vc_gitem-zone vc_gitem-zone-c vc_custom_1419328663991\"><div class=\"vc_gitem-zone-mini\"><div class=\"vc_gitem_row vc_row vc_gitem-row-position-top\"><div class=\"vc_col-sm-12 vc_gitem-col vc_gitem-col-align-\"><div class=\"vc_custom_heading vc_gitem-post-data vc_gitem-post-data-source-post_title\" ><h4 style=\"text-align: left\" >Moment inoubliable pour onze filles lors du match Eintracht Francfort contre Union Berlin<\/h4><\/div><div class=\"vc_custom_heading vc_gitem-post-data vc_gitem-post-data-source-post_excerpt\" ><p style=\"text-align: left\" ><p>Lors du match \u00e0 domicile de l'Eintracht Francfort contre le 1. FC Union Berlin en Bundesliga, onze jeunes filles ont v\u00e9cu une journ\u00e9e qu'elles n'oublieront pas de sit\u00f4t. Gr\u00e2ce \u00e0 Ahorn Camp, elles ont pu entrer sur le terrain comme enfants d'honneur aux c\u00f4t\u00e9s des professionnels \u2013 une exp\u00e9rience unique devant 58 000 spectateurs.<\/p>\n<\/p><\/div><div class=\"vc_btn3-container vc_btn3-left\" ><a onmouseenter=\"this.style.backgroundColor='#f23630'; this.style.color='#f7f7f7';\" onmouseleave=\"this.style.backgroundColor='#F4524D'; this.style.color='#fff';\" style=\"background-color:#F4524D; color:#fff;\" class=\"vc_general vc_btn3 vc_btn3-size-md vc_btn3-shape-rounded vc_btn3-style-flat\" href=\"https:\/\/ahorn-camp.de\/fr\/einlaufkinder-weltfrauentag\/\" title=\"\">Lire plus<\/a><\/div><\/div><\/div><\/div><\/div><\/div><div class=\"vc_clearfix\"><\/div><\/div><div class=\"vc_grid-item vc_clearfix vc_col-sm-4 vc_grid-item-zone-c-bottom vc_grid-term-277 vc_grid-term-67\"><div class=\"vc_grid-item-mini vc_clearfix\"><div class=\"vc_gitem-animated-block\" ><div class=\"vc_gitem-zone vc_gitem-zone-a vc_gitem-is-link\" style=\"background-image: url('https:\/\/ahorn-camp.de\/wp-content\/uploads\/2025\/03\/Aktuelles_EHG-1024x768.png') !important;\"><a href=\"https:\/\/ahorn-camp.de\/fr\/erwin-hymer-group\/\" title=\"Erwin Hymer Group X Camp d&#039;\u00e9rable\" class=\"vc_gitem-link vc-zone-link\" ><\/a><img decoding=\"async\" class=\"vc_gitem-zone-img\" src=\"https:\/\/ahorn-camp.de\/wp-content\/uploads\/2025\/03\/Aktuelles_EHG-1024x768.png\" alt=\"Erwin Hymer Group X Camp d&#039;\u00e9rable\"><div class=\"vc_gitem-zone-mini\"><\/div><\/div><\/div><div class=\"vc_gitem-zone vc_gitem-zone-c vc_custom_1419328663991\"><div class=\"vc_gitem-zone-mini\"><div class=\"vc_gitem_row vc_row vc_gitem-row-position-top\"><div class=\"vc_col-sm-12 vc_gitem-col vc_gitem-col-align-\"><div class=\"vc_custom_heading vc_gitem-post-data vc_gitem-post-data-source-post_title\" ><h4 style=\"text-align: left\" >Erwin Hymer Group X Camp d'\u00e9rable<\/h4><\/div><div class=\"vc_custom_heading vc_gitem-post-data vc_gitem-post-data-source-post_excerpt\" ><p style=\"text-align: left\" ><p>Ahorn Camp fera d\u00e9sormais fabriquer ses camping-cars et vans am\u00e9nag\u00e9s dans l'usine ultramoderne du Erwin Hymer Group \u00e0 San Casciano. Ce partenariat promet une qualit\u00e9 de production maximale et de nouvelles r\u00e9f\u00e9rences sur le march\u00e9 europ\u00e9en des camping-cars.<\/p>\n<\/p><\/div><div class=\"vc_btn3-container vc_btn3-left\" ><a onmouseenter=\"this.style.backgroundColor='#f23630'; this.style.color='#f7f7f7';\" onmouseleave=\"this.style.backgroundColor='#F4524D'; this.style.color='#fff';\" style=\"background-color:#F4524D; color:#fff;\" class=\"vc_general vc_btn3 vc_btn3-size-md vc_btn3-shape-rounded vc_btn3-style-flat\" href=\"https:\/\/ahorn-camp.de\/fr\/erwin-hymer-group\/\" title=\"\">Lire plus<\/a><\/div><\/div><\/div><\/div><\/div><\/div><div class=\"vc_clearfix\"><\/div><\/div><div class=\"vc_grid-item vc_clearfix vc_col-sm-4 vc_grid-item-zone-c-bottom vc_grid-term-593 vc_grid-term-277 vc_grid-term-67\"><div class=\"vc_grid-item-mini vc_clearfix\"><div class=\"vc_gitem-animated-block\" ><div class=\"vc_gitem-zone vc_gitem-zone-a vc_gitem-is-link\" style=\"background-image: url('https:\/\/ahorn-camp.de\/wp-content\/uploads\/2025\/01\/Aktuelles_Promobil-1024x768.jpg') !important;\"><a href=\"https:\/\/ahorn-camp.de\/fr\/promobil-leserwahlen-2025\/\" title=\"Promobil Leserwahlen 2025 : Ahorn Camp \u00e0 nouveau parmi les meilleurs\" class=\"vc_gitem-link vc-zone-link\" ><\/a><img decoding=\"async\" class=\"vc_gitem-zone-img\" src=\"https:\/\/ahorn-camp.de\/wp-content\/uploads\/2025\/01\/Aktuelles_Promobil-1024x768.jpg\" alt=\"Choix des lecteurs Promobil 2025\"><div class=\"vc_gitem-zone-mini\"><\/div><\/div><\/div><div class=\"vc_gitem-zone vc_gitem-zone-c vc_custom_1419328663991\"><div class=\"vc_gitem-zone-mini\"><div class=\"vc_gitem_row vc_row vc_gitem-row-position-top\"><div class=\"vc_col-sm-12 vc_gitem-col vc_gitem-col-align-\"><div class=\"vc_custom_heading vc_gitem-post-data vc_gitem-post-data-source-post_title\" ><h4 style=\"text-align: left\" >Promobil Leserwahlen 2025 : Ahorn Camp \u00e0 nouveau parmi les meilleurs<\/h4><\/div><div class=\"vc_custom_heading vc_gitem-post-data vc_gitem-post-data-source-post_excerpt\" ><p style=\"text-align: left\" ><p>Les r\u00e9sultats des \u00e9lections annuelles des lecteurs des prestigieuses revues sp\u00e9cialis\u00e9es Caravaning et promobil sont connus. Les lectrices et lecteurs ont \u00e9lu les meilleurs camping-cars et v\u00e9hicules de base, caravanes ainsi que les marques de l'ann\u00e9e \u2013 et Ahorn Camp fait partie des laur\u00e9ats !<\/p>\n<\/p><\/div><div class=\"vc_btn3-container vc_btn3-left\" ><a onmouseenter=\"this.style.backgroundColor='#f23630'; this.style.color='#f7f7f7';\" onmouseleave=\"this.style.backgroundColor='#F4524D'; this.style.color='#fff';\" style=\"background-color:#F4524D; color:#fff;\" class=\"vc_general vc_btn3 vc_btn3-size-md vc_btn3-shape-rounded vc_btn3-style-flat\" href=\"https:\/\/ahorn-camp.de\/fr\/promobil-leserwahlen-2025\/\" title=\"\">Lire plus<\/a><\/div><\/div><\/div><\/div><\/div><\/div><div class=\"vc_clearfix\"><\/div><\/div><div class=\"vc_grid-item vc_clearfix vc_col-sm-4 vc_grid-item-zone-c-bottom vc_grid-term-54 vc_grid-term-277\"><div class=\"vc_grid-item-mini vc_clearfix\"><div class=\"vc_gitem-animated-block\" ><div class=\"vc_gitem-zone vc_gitem-zone-a vc_gitem-is-link\" style=\"background-image: url('https:\/\/ahorn-camp.de\/wp-content\/uploads\/2024\/10\/Aktuelles-Website-6.png') !important;\"><a href=\"https:\/\/ahorn-camp.de\/fr\/podiumsdiskussion\/\" title=\"Table ronde avec des invit\u00e9s de marque chez Ahorn Camp\" class=\"vc_gitem-link vc-zone-link\" ><\/a><img decoding=\"async\" class=\"vc_gitem-zone-img\" src=\"https:\/\/ahorn-camp.de\/wp-content\/uploads\/2024\/10\/Aktuelles-Website-6.png\" alt=\"Table ronde\"><div class=\"vc_gitem-zone-mini\"><\/div><\/div><\/div><div class=\"vc_gitem-zone vc_gitem-zone-c vc_custom_1419328663991\"><div class=\"vc_gitem-zone-mini\"><div class=\"vc_gitem_row vc_row vc_gitem-row-position-top\"><div class=\"vc_col-sm-12 vc_gitem-col vc_gitem-col-align-\"><div class=\"vc_custom_heading vc_gitem-post-data vc_gitem-post-data-source-post_title\" ><h4 style=\"text-align: left\" >Table ronde avec des invit\u00e9s de marque chez Ahorn Camp<\/h4><\/div><div class=\"vc_custom_heading vc_gitem-post-data vc_gitem-post-data-source-post_excerpt\" ><p style=\"text-align: left\" ><p>Sous le titre \u201e Tourisme en RLP \u2013 Facteur \u00e9conomique r\u00e9gional \u2013 et bien plus encore ! \u201c, des experts issus des milieux \u00e9conomiques, du tourisme, de l'h\u00f4tellerie et du camping ont \u00e9chang\u00e9 avec l'invit\u00e9e d'honneur, Daniela Schmitt, ministre de l'\u00c9conomie, des Transports, de l'Agriculture et de la Viticulture, sur les d\u00e9fis et les opportunit\u00e9s actuels de ce secteur \u00e9conomique.<\/p>\n<\/p><\/div><div class=\"vc_btn3-container vc_btn3-left\" ><a onmouseenter=\"this.style.backgroundColor='#f23630'; this.style.color='#f7f7f7';\" onmouseleave=\"this.style.backgroundColor='#F4524D'; this.style.color='#fff';\" style=\"background-color:#F4524D; color:#fff;\" class=\"vc_general vc_btn3 vc_btn3-size-md vc_btn3-shape-rounded vc_btn3-style-flat\" href=\"https:\/\/ahorn-camp.de\/fr\/podiumsdiskussion\/\" title=\"\">Lire plus<\/a><\/div><\/div><\/div><\/div><\/div><\/div><div class=\"vc_clearfix\"><\/div><\/div><div class=\"vc_grid-item vc_clearfix vc_col-sm-4 vc_grid-item-zone-c-bottom vc_grid-term-277 vc_grid-term-67\"><div class=\"vc_grid-item-mini vc_clearfix\"><div class=\"vc_gitem-animated-block\" ><div class=\"vc_gitem-zone vc_gitem-zone-a vc_gitem-is-link\" style=\"background-image: url('https:\/\/ahorn-camp.de\/wp-content\/uploads\/2024\/06\/Design-ohne-Titel-3-1024x768.png') !important;\"><a href=\"https:\/\/ahorn-camp.de\/fr\/anpfiff-ins-leben-masterclass\/\" title=\"Ahorn Camp soutient la Masterclass \u201e Anpfiff ins Leben \u201c 2023\/24\" class=\"vc_gitem-link vc-zone-link\" ><\/a><img decoding=\"async\" class=\"vc_gitem-zone-img\" src=\"https:\/\/ahorn-camp.de\/wp-content\/uploads\/2024\/06\/Design-ohne-Titel-3-1024x768.png\" alt=\"Coup d&#039;envoi Masterclass 2023\/24\"><div class=\"vc_gitem-zone-mini\"><\/div><\/div><\/div><div class=\"vc_gitem-zone vc_gitem-zone-c vc_custom_1419328663991\"><div class=\"vc_gitem-zone-mini\"><div class=\"vc_gitem_row vc_row vc_gitem-row-position-top\"><div class=\"vc_col-sm-12 vc_gitem-col vc_gitem-col-align-\"><div class=\"vc_custom_heading vc_gitem-post-data vc_gitem-post-data-source-post_title\" ><h4 style=\"text-align: left\" >Ahorn Camp soutient la Masterclass \u201e Anpfiff ins Leben \u201c 2023\/24<\/h4><\/div><div class=\"vc_custom_heading vc_gitem-post-data vc_gitem-post-data-source-post_excerpt\" ><p style=\"text-align: left\" ><p>Soutenir les associations de mani\u00e8re globale et leur donner les outils pour un avenir prometteur \u2013 tel est l'objectif que poursuit l'initiative Anpfiff ins Leben avec sa Masterclass destin\u00e9e aux associations de la r\u00e9gion.<br \/>\nEn tant que partenaire de longue date, Ahorn Camp a soutenu le projet de 9 mois.<\/p>\n<\/p><\/div><div class=\"vc_btn3-container vc_btn3-left\" ><a onmouseenter=\"this.style.backgroundColor='#f23630'; this.style.color='#f7f7f7';\" onmouseleave=\"this.style.backgroundColor='#F4524D'; this.style.color='#fff';\" style=\"background-color:#F4524D; color:#fff;\" class=\"vc_general vc_btn3 vc_btn3-size-md vc_btn3-shape-rounded vc_btn3-style-flat\" href=\"https:\/\/ahorn-camp.de\/fr\/anpfiff-ins-leben-masterclass\/\" title=\"\">Lire plus<\/a><\/div><\/div><\/div><\/div><\/div><\/div><div class=\"vc_clearfix\"><\/div><\/div><div class=\"vc_grid-item vc_clearfix vc_col-sm-4 vc_grid-item-zone-c-bottom vc_grid-term-593 vc_grid-term-54 vc_grid-term-277 vc_grid-term-67\"><div class=\"vc_grid-item-mini vc_clearfix\"><div class=\"vc_gitem-animated-block\" ><div class=\"vc_gitem-zone vc_gitem-zone-a vc_gitem-is-link\" style=\"background-image: url('https:\/\/ahorn-camp.de\/wp-content\/uploads\/2023\/02\/Wohnmobil-fuer-Klimaschutza-1024x668.png') !important;\"><a href=\"https:\/\/ahorn-camp.de\/fr\/baumpflanzaktion\/\" title=\"1000 nouveaux arbres pour la d\u00e9tente en for\u00eat de Mutterstadt\" class=\"vc_gitem-link vc-zone-link\" ><\/a><img decoding=\"async\" class=\"vc_gitem-zone-img\" src=\"https:\/\/ahorn-camp.de\/wp-content\/uploads\/2023\/02\/Wohnmobil-fuer-Klimaschutza-1024x668.png\" alt=\"Op\u00e9ration de plantation d&#039;arbres par Ahorn Camp et camping-car pour la protection du climat\"><div class=\"vc_gitem-zone-mini\"><\/div><\/div><\/div><div class=\"vc_gitem-zone vc_gitem-zone-c vc_custom_1419328663991\"><div class=\"vc_gitem-zone-mini\"><div class=\"vc_gitem_row vc_row vc_gitem-row-position-top\"><div class=\"vc_col-sm-12 vc_gitem-col vc_gitem-col-align-\"><div class=\"vc_custom_heading vc_gitem-post-data vc_gitem-post-data-source-post_title\" ><h4 style=\"text-align: left\" >1000 nouveaux arbres pour la d\u00e9tente en for\u00eat de Mutterstadt<\/h4><\/div><div class=\"vc_custom_heading vc_gitem-post-data vc_gitem-post-data-source-post_excerpt\" ><p style=\"text-align: left\" ><p>Ahorn Camp lance une grande campagne de plantation d'arbres avec l'association Wohnmobil f\u00fcr Klimaschutz dans le refuge forestier de Mutterstadt pr\u00e8s de Spire et plante 1000 arbres.<\/p>\n<\/p><\/div><div class=\"vc_btn3-container vc_btn3-left\" ><a onmouseenter=\"this.style.backgroundColor='#f23630'; this.style.color='#f7f7f7';\" onmouseleave=\"this.style.backgroundColor='#F4524D'; this.style.color='#fff';\" style=\"background-color:#F4524D; color:#fff;\" class=\"vc_general vc_btn3 vc_btn3-size-md vc_btn3-shape-rounded vc_btn3-style-flat\" href=\"https:\/\/ahorn-camp.de\/fr\/baumpflanzaktion\/\" title=\"\">Lire plus<\/a><\/div><\/div><\/div><\/div><\/div><\/div><div class=\"vc_clearfix\"><\/div><\/div><div class=\"vc_grid-item vc_clearfix vc_col-sm-4 vc_grid-item-zone-c-bottom vc_grid-term-593 vc_grid-term-277 vc_grid-term-67\"><div class=\"vc_grid-item-mini vc_clearfix\"><div class=\"vc_gitem-animated-block\" ><div class=\"vc_gitem-zone vc_gitem-zone-a vc_gitem-is-link\" style=\"background-image: url('https:\/\/ahorn-camp.de\/wp-content\/uploads\/2022\/10\/2022_9_27_Bundeswirtschaftsverband-2-1024x711.jpg') !important;\"><a href=\"https:\/\/ahorn-camp.de\/fr\/aufnahme-in-den-bundeswirtschaftssenat\/\" title=\"Admission au S\u00e9nat f\u00e9d\u00e9ral de l&#039;\u00e9conomie\" class=\"vc_gitem-link vc-zone-link\" ><\/a><img decoding=\"async\" class=\"vc_gitem-zone-img\" src=\"https:\/\/ahorn-camp.de\/wp-content\/uploads\/2022\/10\/2022_9_27_Bundeswirtschaftsverband-2-1024x711.jpg\" alt=\"Ahorn Camp Le directeur g\u00e9n\u00e9ral Alexander Reichmann et Hans-Josef D\u00f6llgen, directeur du S\u00e9nat \u00e9conomique f\u00e9d\u00e9ral Sud, lors de la remise solennelle des certificats aupr\u00e8s de la Ahorn Camp GmbH \u00e0 Speyer\"><div class=\"vc_gitem-zone-mini\"><\/div><\/div><\/div><div class=\"vc_gitem-zone vc_gitem-zone-c vc_custom_1419328663991\"><div class=\"vc_gitem-zone-mini\"><div class=\"vc_gitem_row vc_row vc_gitem-row-position-top\"><div class=\"vc_col-sm-12 vc_gitem-col vc_gitem-col-align-\"><div class=\"vc_custom_heading vc_gitem-post-data vc_gitem-post-data-source-post_title\" ><h4 style=\"text-align: left\" >Admission au S\u00e9nat f\u00e9d\u00e9ral de l'\u00e9conomie<\/h4><\/div><div class=\"vc_custom_heading vc_gitem-post-data vc_gitem-post-data-source-post_excerpt\" ><p style=\"text-align: left\" ><p>En tant que personnalit\u00e9 entrepreneuriale particuli\u00e8re, Alexander Reichmann a \u00e9t\u00e9 admis au S\u00e9nat f\u00e9d\u00e9ral de l'\u00e9conomie, le comit\u00e9 d'excellence de la F\u00e9d\u00e9ration des entreprises moyennes e.V.<\/p>\n<\/p><\/div><div class=\"vc_btn3-container vc_btn3-left\" ><a onmouseenter=\"this.style.backgroundColor='#f23630'; this.style.color='#f7f7f7';\" onmouseleave=\"this.style.backgroundColor='#F4524D'; this.style.color='#fff';\" style=\"background-color:#F4524D; color:#fff;\" class=\"vc_general vc_btn3 vc_btn3-size-md vc_btn3-shape-rounded vc_btn3-style-flat\" href=\"https:\/\/ahorn-camp.de\/fr\/aufnahme-in-den-bundeswirtschaftssenat\/\" title=\"\">Lire plus<\/a><\/div><\/div><\/div><\/div><\/div><\/div><div class=\"vc_clearfix\"><\/div><\/div><div class=\"vc_grid-item vc_clearfix vc_col-sm-4 vc_grid-item-zone-c-bottom vc_grid-term-593 vc_grid-term-277\"><div class=\"vc_grid-item-mini vc_clearfix\"><div class=\"vc_gitem-animated-block\" ><div class=\"vc_gitem-zone vc_gitem-zone-a vc_gitem-is-link\" style=\"background-image: url('https:\/\/ahorn-camp.de\/wp-content\/uploads\/2022\/09\/DGRM-2022-auszeichnung.png') !important;\"><a href=\"https:\/\/ahorn-camp.de\/fr\/das-goldene-reisemobil\/\" title=\"Quadruple vainqueur du Golden Motorhome\" class=\"vc_gitem-link vc-zone-link\" ><\/a><img decoding=\"async\" class=\"vc_gitem-zone-img\" src=\"https:\/\/ahorn-camp.de\/wp-content\/uploads\/2022\/09\/DGRM-2022-auszeichnung.png\" alt=\"Le camping-car d&#039;or 2022\"><div class=\"vc_gitem-zone-mini\"><\/div><\/div><\/div><div class=\"vc_gitem-zone vc_gitem-zone-c vc_custom_1419328663991\"><div class=\"vc_gitem-zone-mini\"><div class=\"vc_gitem_row vc_row vc_gitem-row-position-top\"><div class=\"vc_col-sm-12 vc_gitem-col vc_gitem-col-align-\"><div class=\"vc_custom_heading vc_gitem-post-data vc_gitem-post-data-source-post_title\" ><h4 style=\"text-align: left\" >Quadruple vainqueur du Golden Motorhome<\/h4><\/div><div class=\"vc_custom_heading vc_gitem-post-data vc_gitem-post-data-source-post_excerpt\" ><p style=\"text-align: left\" ><p>Ahorn Camp remporte in vier von neun Kategorien beim \u201eGoldenen Reisemobil 2022\u201c und erzielt Top-Platzierungen. <\/p>\n<\/p><\/div><div class=\"vc_btn3-container vc_btn3-left\" ><a onmouseenter=\"this.style.backgroundColor='#f23630'; this.style.color='#f7f7f7';\" onmouseleave=\"this.style.backgroundColor='#F4524D'; this.style.color='#fff';\" style=\"background-color:#F4524D; color:#fff;\" class=\"vc_general vc_btn3 vc_btn3-size-md vc_btn3-shape-rounded vc_btn3-style-flat\" href=\"https:\/\/ahorn-camp.de\/fr\/das-goldene-reisemobil\/\" title=\"\">Lire plus<\/a><\/div><\/div><\/div><\/div><\/div><\/div><div class=\"vc_clearfix\"><\/div><\/div><div class=\"vc_grid-item vc_clearfix vc_col-sm-4 vc_grid-item-zone-c-bottom vc_grid-term-277\"><div class=\"vc_grid-item-mini vc_clearfix\"><div class=\"vc_gitem-animated-block\" ><div class=\"vc_gitem-zone vc_gitem-zone-a vc_gitem-is-link\" style=\"background-image: url('https:\/\/ahorn-camp.de\/wp-content\/uploads\/2022\/07\/Aktuelles-Recruitingmobil.jpg') !important;\"><a href=\"https:\/\/ahorn-camp.de\/fr\/recruitingmobil\/\" title=\"Du chariot de sauvetage au chariot de recrutement\" class=\"vc_gitem-link vc-zone-link\" ><\/a><img decoding=\"async\" class=\"vc_gitem-zone-img\" src=\"https:\/\/ahorn-camp.de\/wp-content\/uploads\/2022\/07\/Aktuelles-Recruitingmobil.jpg\" alt=\"Recrutement mobile du Diakonissen-Stiftungs-Krankenhaus\"><div class=\"vc_gitem-zone-mini\"><\/div><\/div><\/div><div class=\"vc_gitem-zone vc_gitem-zone-c vc_custom_1419328663991\"><div class=\"vc_gitem-zone-mini\"><div class=\"vc_gitem_row vc_row vc_gitem-row-position-top\"><div class=\"vc_col-sm-12 vc_gitem-col vc_gitem-col-align-\"><div class=\"vc_custom_heading vc_gitem-post-data vc_gitem-post-data-source-post_title\" ><h4 style=\"text-align: left\" >Du chariot de sauvetage au chariot de recrutement<\/h4><\/div><div class=\"vc_custom_heading vc_gitem-post-data vc_gitem-post-data-source-post_excerpt\" ><p style=\"text-align: left\" ><p>Pour attirer l'attention sur les professions de formation dans le domaine de la sant\u00e9, Ahorn Camp transforme un v\u00e9hicule de secours en un v\u00e9hicule de recrutement pour l'h\u00f4pital Diakonissen-Stiftungs-Krankenhaus Speyer <\/p>\n<\/p><\/div><div class=\"vc_btn3-container vc_btn3-left\" ><a onmouseenter=\"this.style.backgroundColor='#f23630'; this.style.color='#f7f7f7';\" onmouseleave=\"this.style.backgroundColor='#F4524D'; this.style.color='#fff';\" style=\"background-color:#F4524D; color:#fff;\" class=\"vc_general vc_btn3 vc_btn3-size-md vc_btn3-shape-rounded vc_btn3-style-flat\" href=\"https:\/\/ahorn-camp.de\/fr\/recruitingmobil\/\" title=\"\">Lire plus<\/a><\/div><\/div><\/div><\/div><\/div><\/div><div class=\"vc_clearfix\"><\/div><\/div><div class=\"vc_grid-item vc_clearfix vc_col-sm-4 vc_grid-item-zone-c-bottom vc_grid-term-593 vc_grid-term-67\"><div class=\"vc_grid-item-mini vc_clearfix\"><div class=\"vc_gitem-animated-block\" ><div class=\"vc_gitem-zone vc_gitem-zone-a vc_gitem-is-link\" style=\"background-image: url('https:\/\/ahorn-camp.de\/wp-content\/uploads\/2022\/06\/Aktuelles-Bester-Reisemobilhaendler-2022.png') !important;\"><a href=\"https:\/\/ahorn-camp.de\/fr\/bester-caravan-und-reisemobilhaendler-2022\/\" title=\"Meilleur concessionnaire de caravanes et camping-cars 2022\" class=\"vc_gitem-link vc-zone-link\" ><\/a><img decoding=\"async\" class=\"vc_gitem-zone-img\" src=\"https:\/\/ahorn-camp.de\/wp-content\/uploads\/2022\/06\/Aktuelles-Bester-Reisemobilhaendler-2022.png\" alt=\"Ahorn Camp GmbH \u00e0 Spire fait partie du cercle restreint des \u201e Meilleurs concessionnaires de caravanes et camping-cars 2022 \u201c.\"><div class=\"vc_gitem-zone-mini\"><\/div><\/div><\/div><div class=\"vc_gitem-zone vc_gitem-zone-c vc_custom_1419328663991\"><div class=\"vc_gitem-zone-mini\"><div class=\"vc_gitem_row vc_row vc_gitem-row-position-top\"><div class=\"vc_col-sm-12 vc_gitem-col vc_gitem-col-align-\"><div class=\"vc_custom_heading vc_gitem-post-data vc_gitem-post-data-source-post_title\" ><h4 style=\"text-align: left\" >Meilleur concessionnaire de caravanes et camping-cars 2022<\/h4><\/div><div class=\"vc_custom_heading vc_gitem-post-data vc_gitem-post-data-source-post_excerpt\" ><p style=\"text-align: left\" ><p>Ahorn Camp GmbH \u00e0 Spire fait partie du cercle restreint des \u201e Meilleurs concessionnaires de caravanes et camping-cars 2022 \u201c.<\/p>\n<\/p><\/div><div class=\"vc_btn3-container vc_btn3-left\" ><a onmouseenter=\"this.style.backgroundColor='#f23630'; this.style.color='#f7f7f7';\" onmouseleave=\"this.style.backgroundColor='#F4524D'; this.style.color='#fff';\" style=\"background-color:#F4524D; color:#fff;\" class=\"vc_general vc_btn3 vc_btn3-size-md vc_btn3-shape-rounded vc_btn3-style-flat\" href=\"https:\/\/ahorn-camp.de\/fr\/bester-caravan-und-reisemobilhaendler-2022\/\" title=\"\">Lire plus<\/a><\/div><\/div><\/div><\/div><\/div><\/div><div class=\"vc_clearfix\"><\/div><\/div><div class=\"vc_grid-item vc_clearfix vc_col-sm-4 vc_grid-item-zone-c-bottom vc_grid-term-277\"><div class=\"vc_grid-item-mini vc_clearfix\"><div class=\"vc_gitem-animated-block\" ><div class=\"vc_gitem-zone vc_gitem-zone-a vc_gitem-is-link\" style=\"background-image: url('https:\/\/ahorn-camp.de\/wp-content\/uploads\/2022\/05\/Ahorn-Camp-Service-Center-1024x683.png') !important;\"><a href=\"https:\/\/ahorn-camp.de\/fr\/eroeffnung-service-center-speyer\/\" title=\"Le nouveau centre de services \u00e0 Spire\" class=\"vc_gitem-link vc-zone-link\" ><\/a><img decoding=\"async\" class=\"vc_gitem-zone-img\" src=\"https:\/\/ahorn-camp.de\/wp-content\/uploads\/2022\/05\/Ahorn-Camp-Service-Center-1024x683.png\" alt=\"Centre de service du camp Ahorn\"><div class=\"vc_gitem-zone-mini\"><\/div><\/div><\/div><div class=\"vc_gitem-zone vc_gitem-zone-c vc_custom_1419328663991\"><div class=\"vc_gitem-zone-mini\"><div class=\"vc_gitem_row vc_row vc_gitem-row-position-top\"><div class=\"vc_col-sm-12 vc_gitem-col vc_gitem-col-align-\"><div class=\"vc_custom_heading vc_gitem-post-data vc_gitem-post-data-source-post_title\" ><h4 style=\"text-align: left\" >Le nouveau centre de services \u00e0 Spire<\/h4><\/div><div class=\"vc_custom_heading vc_gitem-post-data vc_gitem-post-data-source-post_excerpt\" ><p style=\"text-align: left\" ><p>Le 8 avril 2022, nous avons officiellement ouvert les portes de notre nouveau centre de services Ahorn et de notre station de location Ahorn Rent \u00e0 Spire. <\/p>\n<\/p><\/div><div class=\"vc_btn3-container vc_btn3-left\" ><a onmouseenter=\"this.style.backgroundColor='#f23630'; this.style.color='#f7f7f7';\" onmouseleave=\"this.style.backgroundColor='#F4524D'; this.style.color='#fff';\" style=\"background-color:#F4524D; color:#fff;\" class=\"vc_general vc_btn3 vc_btn3-size-md vc_btn3-shape-rounded vc_btn3-style-flat\" href=\"https:\/\/ahorn-camp.de\/fr\/eroeffnung-service-center-speyer\/\" title=\"\">Lire plus<\/a><\/div><\/div><\/div><\/div><\/div><\/div><div class=\"vc_clearfix\"><\/div><\/div><div class=\"vc_grid-item vc_clearfix vc_col-sm-4 vc_grid-item-zone-c-bottom vc_grid-term-67\"><div class=\"vc_grid-item-mini vc_clearfix\"><div class=\"vc_gitem-animated-block\" ><div class=\"vc_gitem-zone vc_gitem-zone-a vc_gitem-is-link\" style=\"background-image: url('https:\/\/ahorn-camp.de\/wp-content\/uploads\/2022\/04\/Ukraine-Bild-1024x683.png') !important;\"><a href=\"https:\/\/ahorn-camp.de\/fr\/spende-fuer-die-ukraine\/\" title=\"Dons pour l&#039;Ukraine\" class=\"vc_gitem-link vc-zone-link\" ><\/a><img decoding=\"async\" class=\"vc_gitem-zone-img\" src=\"https:\/\/ahorn-camp.de\/wp-content\/uploads\/2022\/04\/Ukraine-Bild-1024x683.png\" alt=\"Donation Ukraine\"><div class=\"vc_gitem-zone-mini\"><\/div><\/div><\/div><div class=\"vc_gitem-zone vc_gitem-zone-c vc_custom_1419328663991\"><div class=\"vc_gitem-zone-mini\"><div class=\"vc_gitem_row vc_row vc_gitem-row-position-top\"><div class=\"vc_col-sm-12 vc_gitem-col vc_gitem-col-align-\"><div class=\"vc_custom_heading vc_gitem-post-data vc_gitem-post-data-source-post_title\" ><h4 style=\"text-align: left\" >Dons pour l'Ukraine<\/h4><\/div><div class=\"vc_custom_heading vc_gitem-post-data vc_gitem-post-data-source-post_excerpt\" ><p style=\"text-align: left\" ><p>Ahorn Camp soutient la ville de Spire dans le cadre de son initiative d'aide aux r\u00e9fugi\u00e9s d'Ukraine. <\/p>\n<\/p><\/div><div class=\"vc_btn3-container vc_btn3-left\" ><a onmouseenter=\"this.style.backgroundColor='#f23630'; this.style.color='#f7f7f7';\" onmouseleave=\"this.style.backgroundColor='#F4524D'; this.style.color='#fff';\" style=\"background-color:#F4524D; color:#fff;\" class=\"vc_general vc_btn3 vc_btn3-size-md vc_btn3-shape-rounded vc_btn3-style-flat\" href=\"https:\/\/ahorn-camp.de\/fr\/spende-fuer-die-ukraine\/\" title=\"\">Lire plus<\/a><\/div><\/div><\/div><\/div><\/div><\/div><div class=\"vc_clearfix\"><\/div><\/div><div class=\"vc_grid-item vc_clearfix vc_col-sm-4 vc_grid-item-zone-c-bottom vc_grid-term-277 vc_grid-term-67\"><div class=\"vc_grid-item-mini vc_clearfix\"><div class=\"vc_gitem-animated-block\" ><div class=\"vc_gitem-zone vc_gitem-zone-a vc_gitem-is-link\" style=\"background-image: url('https:\/\/ahorn-camp.de\/wp-content\/uploads\/2022\/04\/Ahoernchen-1024x682.png') !important;\"><a href=\"https:\/\/ahorn-camp.de\/fr\/ahoernchen\/\" title=\"Notre nouvelle mascotte Ahorn Camp : Le petit \u00e9cureuil\" class=\"vc_gitem-link vc-zone-link\" ><\/a><img decoding=\"async\" class=\"vc_gitem-zone-img\" src=\"https:\/\/ahorn-camp.de\/wp-content\/uploads\/2022\/04\/Ahoernchen-1024x682.png\" alt=\"Douillet, aventureux et adorable ! Nous avons r\u00e9cemment accueilli notre mascotte, le petit \u00e9cureuil &quot;Ah\u00f6rnchen&quot;, dans la famille des \u00e9rables. De &quot;Ahorn&quot; (\u00e9rable) et &quot;Eichh\u00f6rnchen&quot; (\u00e9cureuil) est n\u00e9 &quot;Ah\u00f6rnchen&quot;.\"><div class=\"vc_gitem-zone-mini\"><\/div><\/div><\/div><div class=\"vc_gitem-zone vc_gitem-zone-c vc_custom_1419328663991\"><div class=\"vc_gitem-zone-mini\"><div class=\"vc_gitem_row vc_row vc_gitem-row-position-top\"><div class=\"vc_col-sm-12 vc_gitem-col vc_gitem-col-align-\"><div class=\"vc_custom_heading vc_gitem-post-data vc_gitem-post-data-source-post_title\" ><h4 style=\"text-align: left\" >Notre nouvelle mascotte Ahorn Camp : Le petit \u00e9cureuil<\/h4><\/div><div class=\"vc_custom_heading vc_gitem-post-data vc_gitem-post-data-source-post_excerpt\" ><p style=\"text-align: left\" ><p>Douillet, aventureux et adorable ! Nous avons r\u00e9cemment accueilli notre mascotte, le petit \u00e9cureuil \"Ah\u00f6rnchen\", dans la famille des \u00e9rables. De \"Ahorn\" (\u00e9rable) et \"Eichh\u00f6rnchen\" (\u00e9cureuil) est n\u00e9 \"Ah\u00f6rnchen\". <\/p>\n<\/p><\/div><div class=\"vc_btn3-container vc_btn3-left\" ><a onmouseenter=\"this.style.backgroundColor='#f23630'; this.style.color='#f7f7f7';\" onmouseleave=\"this.style.backgroundColor='#F4524D'; this.style.color='#fff';\" style=\"background-color:#F4524D; color:#fff;\" class=\"vc_general vc_btn3 vc_btn3-size-md vc_btn3-shape-rounded vc_btn3-style-flat\" href=\"https:\/\/ahorn-camp.de\/fr\/ahoernchen\/\" title=\"\">Lire plus<\/a><\/div><\/div><\/div><\/div><\/div><\/div><div class=\"vc_clearfix\"><\/div><\/div><div class=\"vc_grid-item vc_clearfix vc_col-sm-4 vc_grid-item-zone-c-bottom vc_grid-term-593 vc_grid-term-67\"><div class=\"vc_grid-item-mini vc_clearfix\"><div class=\"vc_gitem-animated-block\" ><div class=\"vc_gitem-zone vc_gitem-zone-a vc_gitem-is-link\" style=\"background-image: url('https:\/\/ahorn-camp.de\/wp-content\/uploads\/2022\/02\/Wachstumschampion-2022-Ahorn-Camp-1024x682.jpg') !important;\"><a href=\"https:\/\/ahorn-camp.de\/fr\/wachstumschampion-2022\/\" title=\"Champion de la croissance 2022\" class=\"vc_gitem-link vc-zone-link\" ><\/a><img decoding=\"async\" class=\"vc_gitem-zone-img\" src=\"https:\/\/ahorn-camp.de\/wp-content\/uploads\/2022\/02\/Wachstumschampion-2022-Ahorn-Camp-1024x682.jpg\" alt=\"Ahorn Camp fait partie des champions de la croissance 2022\"><div class=\"vc_gitem-zone-mini\"><\/div><\/div><\/div><div class=\"vc_gitem-zone vc_gitem-zone-c vc_custom_1419328663991\"><div class=\"vc_gitem-zone-mini\"><div class=\"vc_gitem_row vc_row vc_gitem-row-position-top\"><div class=\"vc_col-sm-12 vc_gitem-col vc_gitem-col-align-\"><div class=\"vc_custom_heading vc_gitem-post-data vc_gitem-post-data-source-post_title\" ><h4 style=\"text-align: left\" >Champion de la croissance 2022<\/h4><\/div><div class=\"vc_custom_heading vc_gitem-post-data vc_gitem-post-data-source-post_excerpt\" ><p style=\"text-align: left\" ><p>\u201e Ils sont cr\u00e9atifs et agiles et ils cr\u00e9ent le mod\u00e8le \u00e9conomique id\u00e9al pour chaque niche \u201c, d\u00e9crit Focus les champions de la croissance de cette ann\u00e9e. Nous sommes fiers de faire partie de ces 500 entreprises les plus performantes. <\/p>\n<\/p><\/div><div class=\"vc_btn3-container vc_btn3-left\" ><a onmouseenter=\"this.style.backgroundColor='#f23630'; this.style.color='#f7f7f7';\" onmouseleave=\"this.style.backgroundColor='#F4524D'; this.style.color='#fff';\" style=\"background-color:#F4524D; color:#fff;\" class=\"vc_general vc_btn3 vc_btn3-size-md vc_btn3-shape-rounded vc_btn3-style-flat\" href=\"https:\/\/ahorn-camp.de\/fr\/wachstumschampion-2022\/\" title=\"\">Lire plus<\/a><\/div><\/div><\/div><\/div><\/div><\/div><div class=\"vc_clearfix\"><\/div><\/div><div class=\"vc_grid-item vc_clearfix vc_col-sm-4 vc_grid-item-zone-c-bottom vc_grid-term-277\"><div class=\"vc_grid-item-mini vc_clearfix\"><div class=\"vc_gitem-animated-block\" ><div class=\"vc_gitem-zone vc_gitem-zone-a vc_gitem-is-link\" style=\"background-image: url('https:\/\/ahorn-camp.de\/wp-content\/uploads\/2022\/03\/Ahorn-Camp-Speyer-Service-Center.png') !important;\"><a href=\"https:\/\/ahorn-camp.de\/fr\/ahorn-camp-service-center\/\" title=\"Ahorn Camp Centre de services et location \u00e0 Speyer\" class=\"vc_gitem-link vc-zone-link\" ><\/a><img decoding=\"async\" class=\"vc_gitem-zone-img\" src=\"https:\/\/ahorn-camp.de\/wp-content\/uploads\/2022\/03\/Ahorn-Camp-Speyer-Service-Center.png\" alt=\"Nous avons grandi ! Tant sur le site de Speyer que sur le site de M\u00fclheim-sur-la-Ruhr, nous pouvons d\u00e9sormais traiter les demandes de service encore plus efficacement gr\u00e2ce \u00e0 deux centres de service flambant neufs.\"><div class=\"vc_gitem-zone-mini\"><\/div><\/div><\/div><div class=\"vc_gitem-zone vc_gitem-zone-c vc_custom_1419328663991\"><div class=\"vc_gitem-zone-mini\"><div class=\"vc_gitem_row vc_row vc_gitem-row-position-top\"><div class=\"vc_col-sm-12 vc_gitem-col vc_gitem-col-align-\"><div class=\"vc_custom_heading vc_gitem-post-data vc_gitem-post-data-source-post_title\" ><h4 style=\"text-align: left\" >Ahorn Camp Centre de services et location \u00e0 Speyer<\/h4><\/div><div class=\"vc_custom_heading vc_gitem-post-data vc_gitem-post-data-source-post_excerpt\" ><p style=\"text-align: left\" ><p>Nous avons grandi ! Tant sur le site de Speyer que sur le site de M\u00fclheim-sur-la-Ruhr, nous pouvons d\u00e9sormais traiter les demandes de service encore plus efficacement gr\u00e2ce \u00e0 deux centres de service flambant neufs.<\/p>\n<\/p><\/div><div class=\"vc_btn3-container vc_btn3-left\" ><a onmouseenter=\"this.style.backgroundColor='#f23630'; this.style.color='#f7f7f7';\" onmouseleave=\"this.style.backgroundColor='#F4524D'; this.style.color='#fff';\" style=\"background-color:#F4524D; color:#fff;\" class=\"vc_general vc_btn3 vc_btn3-size-md vc_btn3-shape-rounded vc_btn3-style-flat\" href=\"https:\/\/ahorn-camp.de\/fr\/ahorn-camp-service-center\/\" title=\"\">Lire plus<\/a><\/div><\/div><\/div><\/div><\/div><\/div><div class=\"vc_clearfix\"><\/div><\/div><div class=\"vc_grid-item vc_clearfix vc_col-sm-4 vc_grid-item-zone-c-bottom vc_grid-term-68\"><div class=\"vc_grid-item-mini vc_clearfix\"><div class=\"vc_gitem-animated-block\" ><div class=\"vc_gitem-zone vc_gitem-zone-a vc_gitem-is-link\" style=\"background-image: url('https:\/\/ahorn-camp.de\/wp-content\/uploads\/2022\/01\/Autozeitung-Camping-life-ahorn-Camp-20-TIPPS-fuer-Frankfurt-Camper-Kopie-1024x554.png') !important;\"><a href=\"https:\/\/ahorn-camp.de\/fr\/frankfurt-camper\/\" title=\"20 conseils pour les campeurs \u00e0 Francfort\" class=\"vc_gitem-link vc-zone-link\" ><\/a><img decoding=\"async\" class=\"vc_gitem-zone-img\" src=\"https:\/\/ahorn-camp.de\/wp-content\/uploads\/2022\/01\/Autozeitung-Camping-life-ahorn-Camp-20-TIPPS-fuer-Frankfurt-Camper-Kopie-1024x554.png\" alt=\"Ahorn Camp Van 550 La marque de la Pfalz est connue pour ses camping-cars semi-int\u00e9gr\u00e9s, mais le segment des fourgons am\u00e9nag\u00e9s chez Ahorn conna\u00eet une forte croissance. Parmi les nouveaut\u00e9s du mod\u00e8le 2022 figure le Ahorn Camp Van 550. Avec 5,50 m\u00e8tres de long et 2,07 m\u00e8tres de large, ce fourgon am\u00e9nag\u00e9 bas\u00e9 sur un Renault Master est encore adapt\u00e9 aux vir\u00e9es en ville, se distinguant de nombreux camping-cars plus courts par sa salle de bain de s\u00e9rie. Prix : \u00e0 partir de 41.900 euros.\"><div class=\"vc_gitem-zone-mini\"><\/div><\/div><\/div><div class=\"vc_gitem-zone vc_gitem-zone-c vc_custom_1419328663991\"><div class=\"vc_gitem-zone-mini\"><div class=\"vc_gitem_row vc_row vc_gitem-row-position-top\"><div class=\"vc_col-sm-12 vc_gitem-col vc_gitem-col-align-\"><div class=\"vc_custom_heading vc_gitem-post-data vc_gitem-post-data-source-post_title\" ><h4 style=\"text-align: left\" >20 conseils pour les campeurs \u00e0 Francfort<\/h4><\/div><div class=\"vc_custom_heading vc_gitem-post-data vc_gitem-post-data-source-post_excerpt\" ><p style=\"text-align: left\" ><p>Ahorn Camp Van 550 La marque de la Pfalz est connue pour ses camping-cars semi-int\u00e9gr\u00e9s, mais le segment des fourgons am\u00e9nag\u00e9s chez Ahorn conna\u00eet une forte croissance. Parmi les nouveaut\u00e9s du mod\u00e8le 2022 figure le Ahorn Camp Van 550. Avec 5,50 m\u00e8tres de long et 2,07 m\u00e8tres de large, ce fourgon am\u00e9nag\u00e9 bas\u00e9 sur un Renault Master est encore adapt\u00e9 aux vir\u00e9es en ville, se distinguant de nombreux camping-cars plus courts par sa salle de bain de s\u00e9rie. Prix : \u00e0 partir de 41.900 euros.<\/p>\n<\/p><\/div><div class=\"vc_btn3-container vc_btn3-left\" ><a onmouseenter=\"this.style.backgroundColor='#f23630'; this.style.color='#f7f7f7';\" onmouseleave=\"this.style.backgroundColor='#F4524D'; this.style.color='#fff';\" style=\"background-color:#F4524D; color:#fff;\" class=\"vc_general vc_btn3 vc_btn3-size-md vc_btn3-shape-rounded vc_btn3-style-flat\" href=\"https:\/\/ahorn-camp.de\/fr\/frankfurt-camper\/\" title=\"\">Lire plus<\/a><\/div><\/div><\/div><\/div><\/div><\/div><div class=\"vc_clearfix\"><\/div><\/div><div class=\"vc_grid-item vc_clearfix vc_col-sm-4 vc_grid-item-zone-c-bottom vc_grid-term-593 vc_grid-term-67\"><div class=\"vc_grid-item-mini vc_clearfix\"><div class=\"vc_gitem-animated-block\" ><div class=\"vc_gitem-zone vc_gitem-zone-a vc_gitem-is-link\" style=\"background-image: url('https:\/\/ahorn-camp.de\/wp-content\/uploads\/2021\/11\/Ahorn-Camp-gewinnt-den-Preis-des-Mittelstandes-1024x682.jpg') !important;\"><a href=\"https:\/\/ahorn-camp.de\/fr\/ahorn-camp-wird-in-das-netzwerk-der-besten-aufgenommen\/\" title=\"Prix des classes moyennes\" class=\"vc_gitem-link vc-zone-link\" ><\/a><img decoding=\"async\" class=\"vc_gitem-zone-img\" src=\"https:\/\/ahorn-camp.de\/wp-content\/uploads\/2021\/11\/Ahorn-Camp-gewinnt-den-Preis-des-Mittelstandes-1024x682.jpg\" alt=\"Prix des classes moyennes\"><div class=\"vc_gitem-zone-mini\"><\/div><\/div><\/div><div class=\"vc_gitem-zone vc_gitem-zone-c vc_custom_1419328663991\"><div class=\"vc_gitem-zone-mini\"><div class=\"vc_gitem_row vc_row vc_gitem-row-position-top\"><div class=\"vc_col-sm-12 vc_gitem-col vc_gitem-col-align-\"><div class=\"vc_custom_heading vc_gitem-post-data vc_gitem-post-data-source-post_title\" ><h4 style=\"text-align: left\" >Prix des classes moyennes<\/h4><\/div><div class=\"vc_custom_heading vc_gitem-post-data vc_gitem-post-data-source-post_excerpt\" ><p style=\"text-align: left\" ><p>Nous sommes ravis d'\u00eatre parmi les finalistes du Grand Prix des PME 2021, d\u00e9cern\u00e9 chaque ann\u00e9e par la Fondation Oskar Patzelt, et nous sommes fiers de renforcer ensemble les petites et moyennes entreprises en Allemagne. <\/p>\n<\/p><\/div><div class=\"vc_btn3-container vc_btn3-left\" ><a onmouseenter=\"this.style.backgroundColor='#f23630'; this.style.color='#f7f7f7';\" onmouseleave=\"this.style.backgroundColor='#F4524D'; this.style.color='#fff';\" style=\"background-color:#F4524D; color:#fff;\" class=\"vc_general vc_btn3 vc_btn3-size-md vc_btn3-shape-rounded vc_btn3-style-flat\" href=\"https:\/\/ahorn-camp.de\/fr\/ahorn-camp-wird-in-das-netzwerk-der-besten-aufgenommen\/\" title=\"\">Lire plus<\/a><\/div><\/div><\/div><\/div><\/div><\/div><div class=\"vc_clearfix\"><\/div><\/div><div class=\"vc_grid-item vc_clearfix vc_col-sm-4 vc_grid-item-zone-c-bottom vc_grid-term-68\"><div class=\"vc_grid-item-mini vc_clearfix\"><div class=\"vc_gitem-animated-block\" ><div class=\"vc_gitem-zone vc_gitem-zone-a vc_gitem-is-link\" style=\"background-image: url('https:\/\/ahorn-camp.de\/wp-content\/uploads\/2021\/11\/Canada-TU-2021-Vorschaubild.jpg') !important;\"><a href=\"https:\/\/ahorn-camp.de\/fr\/wohnmobil-test\/\" title=\"Canada TU Test Camping-car\" class=\"vc_gitem-link vc-zone-link\" ><\/a><img decoding=\"async\" class=\"vc_gitem-zone-img\" src=\"https:\/\/ahorn-camp.de\/wp-content\/uploads\/2021\/11\/Canada-TU-2021-Vorschaubild.jpg\" alt=\"Mai 2021Test de camping-car - L&#039;Ahorn Canada TU Plus offre une place pl\u00e9thorique.Ahorn Camp trace sa voie dans l&#039;ombre de grands noms. Le Canada TU Plus r\u00e9sume le secret de ce succ\u00e8s. AUTOBILD REISEMOBIL\"><div class=\"vc_gitem-zone-mini\"><\/div><\/div><\/div><div class=\"vc_gitem-zone vc_gitem-zone-c vc_custom_1419328663991\"><div class=\"vc_gitem-zone-mini\"><div class=\"vc_gitem_row vc_row vc_gitem-row-position-top\"><div class=\"vc_col-sm-12 vc_gitem-col vc_gitem-col-align-\"><div class=\"vc_custom_heading vc_gitem-post-data vc_gitem-post-data-source-post_title\" ><h4 style=\"text-align: left\" >Canada TU Test Camping-car<\/h4><\/div><div class=\"vc_custom_heading vc_gitem-post-data vc_gitem-post-data-source-post_excerpt\" ><p style=\"text-align: left\" ><p>Mai 2021<br \/>\nTest de camping-car \u2013 L'Ahorn Canada TU Plus offre un espace incroyable.<br \/>\nAhorn Camp trace sa voie dans l'ombre des grands noms. Le Canada TU Plus r\u00e9sume le secret de ce succ\u00e8s.<br \/>\nAUTOBILD CAMPER<\/p>\n<\/p><\/div><div class=\"vc_btn3-container vc_btn3-left\" ><a onmouseenter=\"this.style.backgroundColor='#f23630'; this.style.color='#f7f7f7';\" onmouseleave=\"this.style.backgroundColor='#F4524D'; this.style.color='#fff';\" style=\"background-color:#F4524D; color:#fff;\" class=\"vc_general vc_btn3 vc_btn3-size-md vc_btn3-shape-rounded vc_btn3-style-flat\" href=\"https:\/\/ahorn-camp.de\/fr\/wohnmobil-test\/\" title=\"\">Lire plus<\/a><\/div><\/div><\/div><\/div><\/div><\/div><div class=\"vc_clearfix\"><\/div><\/div><div class=\"vc_grid-item vc_clearfix vc_col-sm-4 vc_grid-item-zone-c-bottom vc_grid-term-68\"><div class=\"vc_grid-item-mini vc_clearfix\"><div class=\"vc_gitem-animated-block\" ><div class=\"vc_gitem-zone vc_gitem-zone-a vc_gitem-is-link\" style=\"background-image: url('https:\/\/ahorn-camp.de\/wp-content\/uploads\/2021\/09\/Promobil-Lisa-Geiger-Kopie.jpg') !important;\"><a href=\"https:\/\/ahorn-camp.de\/fr\/wohnmobilurlaub-mit-der-ganzen-familie\/\" title=\"Vacances en camping-car en famille\" class=\"vc_gitem-link vc-zone-link\" ><\/a><img decoding=\"async\" class=\"vc_gitem-zone-img\" src=\"https:\/\/ahorn-camp.de\/wp-content\/uploads\/2021\/09\/Promobil-Lisa-Geiger-Kopie.jpg\" alt=\"Voyager en famille. Et de mani\u00e8re ind\u00e9pendante et flexible. Trop beau pour \u00eatre vrai ? Lisa Geiger de Promobil a test\u00e9 sur le terrain. Les vacances en camping-car avec des enfants sont-elles vraiment plus relaxantes qu&#039;un voyage en avion \u00e9prouvant ? Ce \u00e0 quoi il faut faire attention et les conseils et astuces qu&#039;elle a sous la main, vous le d\u00e9couvrirez ici.\"><div class=\"vc_gitem-zone-mini\"><\/div><\/div><\/div><div class=\"vc_gitem-zone vc_gitem-zone-c vc_custom_1419328663991\"><div class=\"vc_gitem-zone-mini\"><div class=\"vc_gitem_row vc_row vc_gitem-row-position-top\"><div class=\"vc_col-sm-12 vc_gitem-col vc_gitem-col-align-\"><div class=\"vc_custom_heading vc_gitem-post-data vc_gitem-post-data-source-post_title\" ><h4 style=\"text-align: left\" >Vacances en camping-car en famille<\/h4><\/div><div class=\"vc_custom_heading vc_gitem-post-data vc_gitem-post-data-source-post_excerpt\" ><p style=\"text-align: left\" ><p>Voyager en famille. Et de mani\u00e8re ind\u00e9pendante et flexible. Trop beau pour \u00eatre vrai ? Lisa Geiger de Promobil a test\u00e9 sur le terrain. Les vacances en camping-car avec des enfants sont-elles vraiment plus relaxantes qu'un voyage en avion \u00e9prouvant ? Ce \u00e0 quoi il faut faire attention et les conseils et astuces qu'elle a sous la main, vous le d\u00e9couvrirez ici. <\/p>\n<\/p><\/div><div class=\"vc_btn3-container vc_btn3-left\" ><a onmouseenter=\"this.style.backgroundColor='#f23630'; this.style.color='#f7f7f7';\" onmouseleave=\"this.style.backgroundColor='#F4524D'; this.style.color='#fff';\" style=\"background-color:#F4524D; color:#fff;\" class=\"vc_general vc_btn3 vc_btn3-size-md vc_btn3-shape-rounded vc_btn3-style-flat\" href=\"https:\/\/ahorn-camp.de\/fr\/wohnmobilurlaub-mit-der-ganzen-familie\/\" title=\"\">Lire plus<\/a><\/div><\/div><\/div><\/div><\/div><\/div><div class=\"vc_clearfix\"><\/div><\/div><div class=\"vc_grid-item vc_clearfix vc_col-sm-4 vc_grid-item-zone-c-bottom vc_grid-term-277 vc_grid-term-67\"><div class=\"vc_grid-item-mini vc_clearfix\"><div class=\"vc_gitem-animated-block\" ><div class=\"vc_gitem-zone vc_gitem-zone-a vc_gitem-is-link\" style=\"background-image: url('https:\/\/ahorn-camp.de\/wp-content\/uploads\/2021\/06\/thumbnail_Logo.png') !important;\"><a href=\"https:\/\/ahorn-camp.de\/fr\/wohnmobile-und-klimaschutz\/\" title=\"Ahorn Camp promeut les projets durables\" class=\"vc_gitem-link vc-zone-link\" ><\/a><img decoding=\"async\" class=\"vc_gitem-zone-img\" src=\"https:\/\/ahorn-camp.de\/wp-content\/uploads\/2021\/06\/thumbnail_Logo.png\" alt=\"La protection du climat concerne tout le monde. C&#039;est pourquoi nous nous engageons en faveur de voyages durables en camping-car et soutenons l&#039;association WOHNmobile pour la protection du climat en tant que membre bienfaiteur. Ensemble, nous reboisons les for\u00eats d&#039;Allemagne.\"><div class=\"vc_gitem-zone-mini\"><\/div><\/div><\/div><div class=\"vc_gitem-zone vc_gitem-zone-c vc_custom_1419328663991\"><div class=\"vc_gitem-zone-mini\"><div class=\"vc_gitem_row vc_row vc_gitem-row-position-top\"><div class=\"vc_col-sm-12 vc_gitem-col vc_gitem-col-align-\"><div class=\"vc_custom_heading vc_gitem-post-data vc_gitem-post-data-source-post_title\" ><h4 style=\"text-align: left\" >Ahorn Camp promeut les projets durables<\/h4><\/div><div class=\"vc_custom_heading vc_gitem-post-data vc_gitem-post-data-source-post_excerpt\" ><p style=\"text-align: left\" ><p>La protection du climat concerne tout le monde. C'est pourquoi nous nous engageons en faveur de voyages durables en camping-car et soutenons l'association WOHNmobile pour la protection du climat en tant que membre bienfaiteur. Ensemble, nous reboisons les for\u00eats d'Allemagne. <\/p>\n<\/p><\/div><div class=\"vc_btn3-container vc_btn3-left\" ><a onmouseenter=\"this.style.backgroundColor='#f23630'; this.style.color='#f7f7f7';\" onmouseleave=\"this.style.backgroundColor='#F4524D'; this.style.color='#fff';\" style=\"background-color:#F4524D; color:#fff;\" class=\"vc_general vc_btn3 vc_btn3-size-md vc_btn3-shape-rounded vc_btn3-style-flat\" href=\"https:\/\/ahorn-camp.de\/fr\/wohnmobile-und-klimaschutz\/\" title=\"\">Lire plus<\/a><\/div><\/div><\/div><\/div><\/div><\/div><div class=\"vc_clearfix\"><\/div><\/div><div class=\"vc_grid-item vc_clearfix vc_col-sm-4 vc_grid-item-zone-c-bottom vc_grid-term-277\"><div class=\"vc_grid-item-mini vc_clearfix\"><div class=\"vc_gitem-animated-block\" ><div class=\"vc_gitem-zone vc_gitem-zone-a vc_gitem-is-link\" style=\"background-image: url('https:\/\/ahorn-camp.de\/wp-content\/uploads\/2021\/06\/Flotte-Ahorn-Camp-2000-1024x576.png') !important;\"><a href=\"https:\/\/ahorn-camp.de\/fr\/campen-mit-der-familie\/\" title=\"Campagne en famille\" class=\"vc_gitem-link vc-zone-link\" ><\/a><img decoding=\"async\" class=\"vc_gitem-zone-img\" src=\"https:\/\/ahorn-camp.de\/wp-content\/uploads\/2021\/06\/Flotte-Ahorn-Camp-2000-1024x576.png\" alt=\"Les vacances annuelles sont le point culminant absolu pour la plupart des familles. Passer du temps ensemble, s&#039;\u00e9vader de la vie quotidienne et profiter de cette pause. La flexibilit\u00e9 offerte par des vacances en camping-car ouvre de nouvelles possibilit\u00e9s pour passer des vacances en famille non seulement d\u00e9tendues, mais aussi \u00e9conomiques.\"><div class=\"vc_gitem-zone-mini\"><\/div><\/div><\/div><div class=\"vc_gitem-zone vc_gitem-zone-c vc_custom_1419328663991\"><div class=\"vc_gitem-zone-mini\"><div class=\"vc_gitem_row vc_row vc_gitem-row-position-top\"><div class=\"vc_col-sm-12 vc_gitem-col vc_gitem-col-align-\"><div class=\"vc_custom_heading vc_gitem-post-data vc_gitem-post-data-source-post_title\" ><h4 style=\"text-align: left\" >Campagne en famille<\/h4><\/div><div class=\"vc_custom_heading vc_gitem-post-data vc_gitem-post-data-source-post_excerpt\" ><p style=\"text-align: left\" ><p>Les vacances annuelles sont le point culminant absolu pour la plupart des familles. Passer du temps ensemble, s'\u00e9vader de la vie quotidienne et profiter de cette pause. La flexibilit\u00e9 offerte par des vacances en camping-car ouvre de nouvelles possibilit\u00e9s pour passer des vacances en famille non seulement d\u00e9tendues, mais aussi \u00e9conomiques.<\/p>\n<\/p><\/div><div class=\"vc_btn3-container vc_btn3-left\" ><a onmouseenter=\"this.style.backgroundColor='#f23630'; this.style.color='#f7f7f7';\" onmouseleave=\"this.style.backgroundColor='#F4524D'; this.style.color='#fff';\" style=\"background-color:#F4524D; color:#fff;\" class=\"vc_general vc_btn3 vc_btn3-size-md vc_btn3-shape-rounded vc_btn3-style-flat\" href=\"https:\/\/ahorn-camp.de\/fr\/campen-mit-der-familie\/\" title=\"\">Lire plus<\/a><\/div><\/div><\/div><\/div><\/div><\/div><div class=\"vc_clearfix\"><\/div><\/div><div class=\"vc_grid-item vc_clearfix vc_col-sm-4 vc_grid-item-zone-c-bottom vc_grid-term-277\"><div class=\"vc_grid-item-mini vc_clearfix\"><div class=\"vc_gitem-animated-block\" ><div class=\"vc_gitem-zone vc_gitem-zone-a vc_gitem-is-link\" style=\"background-image: url('https:\/\/ahorn-camp.de\/wp-content\/uploads\/2021\/05\/Van-620-1-1024x577.jpg') !important;\"><a href=\"https:\/\/ahorn-camp.de\/fr\/sommerurlaub-2021\/\" title=\"Conseils pour vos vacances en camping-car\" class=\"vc_gitem-link vc-zone-link\" ><\/a><img decoding=\"async\" class=\"vc_gitem-zone-img\" src=\"https:\/\/ahorn-camp.de\/wp-content\/uploads\/2021\/05\/Van-620-1-1024x577.jpg\" alt=\"Non seulement en Allemagne, la situation s&#039;am\u00e9liore de jour en jour, mais la vie en camping a \u00e9galement repris dans certains pays voisins depuis quelques semaines. Nous avons compil\u00e9 quelques conseils pour des vacances en camping avec le Van 620 \u00e0 l&#039;\u00e9t\u00e9 2021.\"><div class=\"vc_gitem-zone-mini\"><\/div><\/div><\/div><div class=\"vc_gitem-zone vc_gitem-zone-c vc_custom_1419328663991\"><div class=\"vc_gitem-zone-mini\"><div class=\"vc_gitem_row vc_row vc_gitem-row-position-top\"><div class=\"vc_col-sm-12 vc_gitem-col vc_gitem-col-align-\"><div class=\"vc_custom_heading vc_gitem-post-data vc_gitem-post-data-source-post_title\" ><h4 style=\"text-align: left\" >Conseils pour vos vacances en camping-car<\/h4><\/div><div class=\"vc_custom_heading vc_gitem-post-data vc_gitem-post-data-source-post_excerpt\" ><p style=\"text-align: left\" ><p>Non seulement en Allemagne, la situation s'am\u00e9liore de jour en jour, mais la vie en camping a \u00e9galement repris dans certains pays voisins depuis quelques semaines. Nous avons compil\u00e9 quelques conseils pour des vacances en camping avec le Van 620 \u00e0 l'\u00e9t\u00e9 2021. <\/p>\n<\/p><\/div><div class=\"vc_btn3-container vc_btn3-left\" ><a onmouseenter=\"this.style.backgroundColor='#f23630'; this.style.color='#f7f7f7';\" onmouseleave=\"this.style.backgroundColor='#F4524D'; this.style.color='#fff';\" style=\"background-color:#F4524D; color:#fff;\" class=\"vc_general vc_btn3 vc_btn3-size-md vc_btn3-shape-rounded vc_btn3-style-flat\" href=\"https:\/\/ahorn-camp.de\/fr\/sommerurlaub-2021\/\" title=\"\">Lire plus<\/a><\/div><\/div><\/div><\/div><\/div><\/div><div class=\"vc_clearfix\"><\/div><\/div><div class=\"vc_grid-item vc_clearfix vc_col-sm-4 vc_grid-item-zone-c-bottom vc_grid-term-277\"><div class=\"vc_grid-item-mini vc_clearfix\"><div class=\"vc_gitem-animated-block\" ><div class=\"vc_gitem-zone vc_gitem-zone-a vc_gitem-is-link\" style=\"background-image: url('https:\/\/ahorn-camp.de\/wp-content\/uploads\/2020\/10\/EY-Entrepreneur-Of-The-Year-1024x512.png') !important;\"><a href=\"https:\/\/ahorn-camp.de\/fr\/ey-entrepreneur-of-the-year-finalisten-award-2\/\" title=\"EY Entrepreneur Of The Year \u2013 Laur\u00e9ats du Prix\" class=\"vc_gitem-link vc-zone-link\" ><\/a><img decoding=\"async\" class=\"vc_gitem-zone-img\" src=\"https:\/\/ahorn-camp.de\/wp-content\/uploads\/2020\/10\/EY-Entrepreneur-Of-The-Year-1024x512.png\" alt=\"EY Entrepreneur de l&#039;ann\u00e9e 2020\"><div class=\"vc_gitem-zone-mini\"><\/div><\/div><\/div><div class=\"vc_gitem-zone vc_gitem-zone-c vc_custom_1419328663991\"><div class=\"vc_gitem-zone-mini\"><div class=\"vc_gitem_row vc_row vc_gitem-row-position-top\"><div class=\"vc_col-sm-12 vc_gitem-col vc_gitem-col-align-\"><div class=\"vc_custom_heading vc_gitem-post-data vc_gitem-post-data-source-post_title\" ><h4 style=\"text-align: left\" >EY Entrepreneur Of The Year \u2013 Laur\u00e9ats du Prix<\/h4><\/div><div class=\"vc_custom_heading vc_gitem-post-data vc_gitem-post-data-source-post_excerpt\" ><p style=\"text-align: left\" ><p>Depuis 24 ans, EY r\u00e9compense des entrepreneurs exceptionnels pour lesquels le courage, la vision \u00e0 long terme et la d\u00e9termination sont des valeurs fondamentales. Notre directeur g\u00e9n\u00e9ral Alexander Reichmann fait partie des 19 finalistes cette ann\u00e9e. Nous vous rendons compte de la remise solennelle du prix des finalistes.<\/p>\n<\/p><\/div><div class=\"vc_btn3-container vc_btn3-left\" ><a onmouseenter=\"this.style.backgroundColor='#f23630'; this.style.color='#f7f7f7';\" onmouseleave=\"this.style.backgroundColor='#F4524D'; this.style.color='#fff';\" style=\"background-color:#F4524D; color:#fff;\" class=\"vc_general vc_btn3 vc_btn3-size-md vc_btn3-shape-rounded vc_btn3-style-flat\" href=\"https:\/\/ahorn-camp.de\/fr\/ey-entrepreneur-of-the-year-finalisten-award-2\/\" title=\"\">Lire plus<\/a><\/div><\/div><\/div><\/div><\/div><\/div><div class=\"vc_clearfix\"><\/div><\/div><div class=\"vc_grid-item vc_clearfix vc_col-sm-4 vc_grid-item-zone-c-bottom vc_grid-term-277 vc_grid-term-67\"><div class=\"vc_grid-item-mini vc_clearfix\"><div class=\"vc_gitem-animated-block\" ><div class=\"vc_gitem-zone vc_gitem-zone-a vc_gitem-is-link\" style=\"background-image: url('https:\/\/ahorn-camp.de\/wp-content\/uploads\/2020\/10\/Bis-Baskets-1024x512.png') !important;\"><a href=\"https:\/\/ahorn-camp.de\/fr\/namenssponsor-bis-baskets-speyer\/\" title=\"Nouveau sponsor du nom des BIS Baskets Speyer\" class=\"vc_gitem-link vc-zone-link\" ><\/a><img decoding=\"async\" class=\"vc_gitem-zone-img\" src=\"https:\/\/ahorn-camp.de\/wp-content\/uploads\/2020\/10\/Bis-Baskets-1024x512.png\" alt=\"Wir au\u00dferordentlich froh verk\u00fcnden zu d\u00fcrfen, ab sofort die BIS Baskets Speyer als neuen Namenssponsor unterst\u00fctzen zu d\u00fcrfen. Die Ahorn Camp Bis Baskets starten mit dem Motto: \"hustle, hit and never quit - immer k\u00e4mpfen, nie aufgeben\"! in die neue saison.\"><div class=\"vc_gitem-zone-mini\"><\/div><\/div><\/div><div class=\"vc_gitem-zone vc_gitem-zone-c vc_custom_1419328663991\"><div class=\"vc_gitem-zone-mini\"><div class=\"vc_gitem_row vc_row vc_gitem-row-position-top\"><div class=\"vc_col-sm-12 vc_gitem-col vc_gitem-col-align-\"><div class=\"vc_custom_heading vc_gitem-post-data vc_gitem-post-data-source-post_title\" ><h4 style=\"text-align: left\" >Nouveau sponsor du nom des BIS Baskets Speyer<\/h4><\/div><div class=\"vc_custom_heading vc_gitem-post-data vc_gitem-post-data-source-post_excerpt\" ><p style=\"text-align: left\" ><p>Wir au\u00dferordentlich froh verk\u00fcnden zu d\u00fcrfen, ab sofort die BIS Baskets Speyer als neuen Namenssponsor unterst\u00fctzen zu d\u00fcrfen. Die Ahorn Camp Bis Baskets starten mit dem Motto: \u201eHustle, hit and never quit \u2013 immer k\u00e4mpfen, nie aufgeben\u201c! in die neue Saison. <\/p>\n<\/p><\/div><div class=\"vc_btn3-container vc_btn3-left\" ><a onmouseenter=\"this.style.backgroundColor='#f23630'; this.style.color='#f7f7f7';\" onmouseleave=\"this.style.backgroundColor='#F4524D'; this.style.color='#fff';\" style=\"background-color:#F4524D; color:#fff;\" class=\"vc_general vc_btn3 vc_btn3-size-md vc_btn3-shape-rounded vc_btn3-style-flat\" href=\"https:\/\/ahorn-camp.de\/fr\/namenssponsor-bis-baskets-speyer\/\" title=\"\">Lire plus<\/a><\/div><\/div><\/div><\/div><\/div><\/div><div class=\"vc_clearfix\"><\/div><\/div><\/div><div class=\"vc_pageable-load-more-btn\" data-vc-grid-load-more-btn=\"true\"><div class=\"vc_btn3-container  vc_grid-btn-load_more vc_btn3-center\" ><button onmouseenter=\"this.style.backgroundColor='#3c5ecc'; this.style.color='#f7f7f7';\" onmouseleave=\"this.style.backgroundColor='#5472D2'; this.style.color='#fff';\" style=\"background-color:#5472D2; color:#fff;\" class=\"vc_general vc_btn3 vc_btn3-size-md vc_btn3-shape-square vc_btn3-style-flat\">Charger plus<\/button><\/div><\/div><\/div>\n\t<\/div>\n<\/div><\/div><\/div><\/div><\/div><\/section>\n<\/div>","protected":false},"excerpt":{"rendered":"TousAuszeichnungenEvents &amp; MessenFahrzeugberichtePressemitteilungenUnternehmenTous&nbsp;&nbsp;&nbsp;&nbsp;&nbsp;&nbsp;&nbsp;&nbsp;&nbsp;&nbsp;Auszeichnungen&nbsp;&nbsp;&nbsp;&nbsp;&nbsp;&nbsp;&nbsp;&nbsp;&nbsp;&nbsp;Events &amp; Messen&nbsp;&nbsp;&nbsp;&nbsp;&nbsp;&nbsp;&nbsp;&nbsp;&nbsp;&nbsp;Fahrzeugberichte&nbsp;&nbsp;&nbsp;&nbsp;&nbsp;&nbsp;&nbsp;&nbsp;&nbsp;&nbsp;Pressemitteilungen&nbsp;&nbsp;&nbsp;&nbsp;&nbsp;&nbsp;&nbsp;&nbsp;&nbsp;&nbsp;Unternehmen&nbsp;&nbsp;&nbsp;&nbsp;&nbsp;&nbsp;&nbsp;&nbsp;&nbsp;&nbsp; Ahorn Camp gewinnt Promobil Award: Reisemobile des Jahres 2026Die Leserinnen und Leser von Promobil haben entschieden: Ahorn Camp z\u00e4hlt zu den Siegern der \u201eReisemobile des Jahres 2026\u201c. In der Kategorie Alkovenmobile bis 70.000 Euro erreichten die Ahorn Camp Modelle den 2. Platz Lire plusAhorn Camp pr\u00e4sentiert den neuen T 680 [...]","protected":false},"author":2,"featured_media":0,"parent":0,"menu_order":38,"comment_status":"closed","ping_status":"closed","template":"","meta":{"content-type":"","footnotes":""},"class_list":["post-1034","page","type-page","status-publish","hentry"],"yoast_head":"<!-- This site is optimized with the Yoast SEO plugin v28.4 - https:\/\/yoast.com\/product\/yoast-seo-wordpress\/ -->\n<title>Ahorn News und Presse - Ahorn Camp | Reisemobile und Kastenwagen<\/title>\n<meta name=\"description\" content=\"Erfahren Sie alles \u00fcber die neuesten Nachrichten von Ahorn Camp! Bleiben Sie informiert \u00fcber Angebote, Events und mehr!\" \/>\n<meta name=\"robots\" content=\"index, follow, max-snippet:-1, max-image-preview:large, max-video-preview:-1\" \/>\n<link rel=\"canonical\" href=\"https:\/\/ahorn-camp.de\/fr\/nouvelles-dacajou\/\" \/>\n<meta property=\"og:locale\" content=\"fr_FR\" \/>\n<meta property=\"og:type\" content=\"article\" \/>\n<meta property=\"og:title\" content=\"Ahorn News und Presse - Ahorn Camp | Reisemobile und Kastenwagen\" \/>\n<meta property=\"og:description\" content=\"Erfahren Sie alles \u00fcber die neuesten Nachrichten von Ahorn Camp! Bleiben Sie informiert \u00fcber Angebote, Events und mehr!\" \/>\n<meta property=\"og:url\" content=\"https:\/\/ahorn-camp.de\/fr\/nouvelles-dacajou\/\" \/>\n<meta property=\"og:site_name\" content=\"Ahorn Camp | Reisemobile und Kastenwagen\" \/>\n<meta property=\"article:publisher\" content=\"https:\/\/www.facebook.com\/ahorn.wohnmobile\/\" \/>\n<meta property=\"article:modified_time\" content=\"2024-02-20T12:28:31+00:00\" \/>\n<meta name=\"twitter:card\" content=\"summary_large_image\" \/>\n<meta name=\"twitter:label1\" content=\"Dur\u00e9e de lecture estim\u00e9e\" \/>\n\t<meta name=\"twitter:data1\" content=\"1 minute\" \/>\n<script type=\"application\/ld+json\" class=\"yoast-schema-graph\">{\"@context\":\"https:\\\/\\\/schema.org\",\"@graph\":[{\"@type\":\"WebPage\",\"@id\":\"https:\\\/\\\/ahorn-camp.de\\\/ahorn-news\\\/\",\"url\":\"https:\\\/\\\/ahorn-camp.de\\\/ahorn-news\\\/\",\"name\":\"Ahorn News und Presse - Ahorn Camp | Reisemobile und Kastenwagen\",\"isPartOf\":{\"@id\":\"https:\\\/\\\/ahorn-camp.de\\\/#website\"},\"datePublished\":\"2019-05-22T15:17:07+00:00\",\"dateModified\":\"2024-02-20T12:28:31+00:00\",\"description\":\"Erfahren Sie alles \u00fcber die neuesten Nachrichten von Ahorn Camp! Bleiben Sie informiert \u00fcber Angebote, Events und mehr!\",\"breadcrumb\":{\"@id\":\"https:\\\/\\\/ahorn-camp.de\\\/ahorn-news\\\/#breadcrumb\"},\"inLanguage\":\"fr-FR\",\"potentialAction\":[{\"@type\":\"ReadAction\",\"target\":[\"https:\\\/\\\/ahorn-camp.de\\\/ahorn-news\\\/\"]}]},{\"@type\":\"BreadcrumbList\",\"@id\":\"https:\\\/\\\/ahorn-camp.de\\\/ahorn-news\\\/#breadcrumb\",\"itemListElement\":[{\"@type\":\"ListItem\",\"position\":1,\"name\":\"Startseite\",\"item\":\"https:\\\/\\\/ahorn-camp.de\\\/\"},{\"@type\":\"ListItem\",\"position\":2,\"name\":\"Ahorn News und Presse\"}]},{\"@type\":\"WebSite\",\"@id\":\"https:\\\/\\\/ahorn-camp.de\\\/#website\",\"url\":\"https:\\\/\\\/ahorn-camp.de\\\/\",\"name\":\"Ahorn Camp | Reisemobile und Kastenwagen\",\"description\":\"Seit \u00fcber 30 Jahren vermarktet das Familienunternehmen, Ahorn Camp in Speyer, erfolgreich Wohnmobile und Kastenwagen zum besten Preis-Leistungsverh\u00e4ltnis.\",\"publisher\":{\"@id\":\"https:\\\/\\\/ahorn-camp.de\\\/#organization\"},\"potentialAction\":[{\"@type\":\"SearchAction\",\"target\":{\"@type\":\"EntryPoint\",\"urlTemplate\":\"https:\\\/\\\/ahorn-camp.de\\\/?s={search_term_string}\"},\"query-input\":{\"@type\":\"PropertyValueSpecification\",\"valueRequired\":true,\"valueName\":\"search_term_string\"}}],\"inLanguage\":\"fr-FR\"},{\"@type\":\"Organization\",\"@id\":\"https:\\\/\\\/ahorn-camp.de\\\/#organization\",\"name\":\"Ahorn Camp GmbH & Co. KG\",\"url\":\"https:\\\/\\\/ahorn-camp.de\\\/\",\"logo\":{\"@type\":\"ImageObject\",\"inLanguage\":\"fr-FR\",\"@id\":\"https:\\\/\\\/ahorn-camp.de\\\/#\\\/schema\\\/logo\\\/image\\\/\",\"url\":\"https:\\\/\\\/ahorn-camp.de\\\/wp-content\\\/uploads\\\/2018\\\/12\\\/Ahorn_Logo.jpg\",\"contentUrl\":\"https:\\\/\\\/ahorn-camp.de\\\/wp-content\\\/uploads\\\/2018\\\/12\\\/Ahorn_Logo.jpg\",\"width\":1437,\"height\":1000,\"caption\":\"Ahorn Camp GmbH & Co. KG\"},\"image\":{\"@id\":\"https:\\\/\\\/ahorn-camp.de\\\/#\\\/schema\\\/logo\\\/image\\\/\"},\"sameAs\":[\"https:\\\/\\\/www.facebook.com\\\/ahorn.wohnmobile\\\/\",\"https:\\\/\\\/www.instagram.com\\\/ahorn.camp\\\/\",\"https:\\\/\\\/www.youtube.com\\\/channel\\\/UCPFbPCts1JJ_A1k9vyH0yOQ\"]}]}<\/script>\n<!-- \/ Yoast SEO plugin. -->","yoast_head_json":{"title":"Nouvelles et presse Ahorn - Ahorn Camp | Camping-cars et fourgons am\u00e9nag\u00e9s","description":"D\u00e9couvrez tout sur les derni\u00e8res nouvelles de Ahorn Camp! Restez inform\u00e9 des offres, des \u00e9v\u00e9nements et plus encore !","robots":{"index":"index","follow":"follow","max-snippet":"max-snippet:-1","max-image-preview":"max-image-preview:large","max-video-preview":"max-video-preview:-1"},"canonical":"https:\/\/ahorn-camp.de\/fr\/nouvelles-dacajou\/","og_locale":"fr_FR","og_type":"article","og_title":"Ahorn News und Presse - Ahorn Camp | Reisemobile und Kastenwagen","og_description":"Erfahren Sie alles \u00fcber die neuesten Nachrichten von Ahorn Camp! Bleiben Sie informiert \u00fcber Angebote, Events und mehr!","og_url":"https:\/\/ahorn-camp.de\/fr\/nouvelles-dacajou\/","og_site_name":"Ahorn Camp | Reisemobile und Kastenwagen","article_publisher":"https:\/\/www.facebook.com\/ahorn.wohnmobile\/","article_modified_time":"2024-02-20T12:28:31+00:00","twitter_card":"summary_large_image","twitter_misc":{"Dur\u00e9e de lecture estim\u00e9e":"1 minute"},"schema":{"@context":"https:\/\/schema.org","@graph":[{"@type":"WebPage","@id":"https:\/\/ahorn-camp.de\/ahorn-news\/","url":"https:\/\/ahorn-camp.de\/ahorn-news\/","name":"Nouvelles et presse Ahorn - Ahorn Camp | Camping-cars et fourgons am\u00e9nag\u00e9s","isPartOf":{"@id":"https:\/\/ahorn-camp.de\/#website"},"datePublished":"2019-05-22T15:17:07+00:00","dateModified":"2024-02-20T12:28:31+00:00","description":"D\u00e9couvrez tout sur les derni\u00e8res nouvelles de Ahorn Camp! Restez inform\u00e9 des offres, des \u00e9v\u00e9nements et plus encore !","breadcrumb":{"@id":"https:\/\/ahorn-camp.de\/ahorn-news\/#breadcrumb"},"inLanguage":"fr-FR","potentialAction":[{"@type":"ReadAction","target":["https:\/\/ahorn-camp.de\/ahorn-news\/"]}]},{"@type":"BreadcrumbList","@id":"https:\/\/ahorn-camp.de\/ahorn-news\/#breadcrumb","itemListElement":[{"@type":"ListItem","position":1,"name":"Startseite","item":"https:\/\/ahorn-camp.de\/"},{"@type":"ListItem","position":2,"name":"Ahorn News und Presse"}]},{"@type":"WebSite","@id":"https:\/\/ahorn-camp.de\/#website","url":"https:\/\/ahorn-camp.de\/","name":"Ahorn Camp | Camping-cars et fourgons am\u00e9nag\u00e9s","description":"Depuis plus de 30 ans, l'entreprise familiale, Ahorn Camp \u00e0 Speyer, commercialise avec succ\u00e8s des camping-cars et des fourgons au meilleur rapport qualit\u00e9-prix.","publisher":{"@id":"https:\/\/ahorn-camp.de\/#organization"},"potentialAction":[{"@type":"SearchAction","target":{"@type":"EntryPoint","urlTemplate":"https:\/\/ahorn-camp.de\/?s={search_term_string}"},"query-input":{"@type":"PropertyValueSpecification","valueRequired":true,"valueName":"search_term_string"}}],"inLanguage":"fr-FR"},{"@type":"Organization","@id":"https:\/\/ahorn-camp.de\/#organization","name":"Ahorn Camp GmbH &amp; Co. KG","url":"https:\/\/ahorn-camp.de\/","logo":{"@type":"ImageObject","inLanguage":"fr-FR","@id":"https:\/\/ahorn-camp.de\/#\/schema\/logo\/image\/","url":"https:\/\/ahorn-camp.de\/wp-content\/uploads\/2018\/12\/Ahorn_Logo.jpg","contentUrl":"https:\/\/ahorn-camp.de\/wp-content\/uploads\/2018\/12\/Ahorn_Logo.jpg","width":1437,"height":1000,"caption":"Ahorn Camp GmbH & Co. KG"},"image":{"@id":"https:\/\/ahorn-camp.de\/#\/schema\/logo\/image\/"},"sameAs":["https:\/\/www.facebook.com\/ahorn.wohnmobile\/","https:\/\/www.instagram.com\/ahorn.camp\/","https:\/\/www.youtube.com\/channel\/UCPFbPCts1JJ_A1k9vyH0yOQ"]}]}},"_links":{"self":[{"href":"https:\/\/ahorn-camp.de\/fr\/wp-json\/wp\/v2\/pages\/1034","targetHints":{"allow":["GET"]}}],"collection":[{"href":"https:\/\/ahorn-camp.de\/fr\/wp-json\/wp\/v2\/pages"}],"about":[{"href":"https:\/\/ahorn-camp.de\/fr\/wp-json\/wp\/v2\/types\/page"}],"author":[{"embeddable":true,"href":"https:\/\/ahorn-camp.de\/fr\/wp-json\/wp\/v2\/users\/2"}],"replies":[{"embeddable":true,"href":"https:\/\/ahorn-camp.de\/fr\/wp-json\/wp\/v2\/comments?post=1034"}],"version-history":[{"count":0,"href":"https:\/\/ahorn-camp.de\/fr\/wp-json\/wp\/v2\/pages\/1034\/revisions"}],"wp:attachment":[{"href":"https:\/\/ahorn-camp.de\/fr\/wp-json\/wp\/v2\/media?parent=1034"}],"curies":[{"name":"wp","href":"https:\/\/api.w.org\/{rel}","templated":true}]}}