{"id":30579,"date":"2025-04-24T09:50:53","date_gmt":"2025-04-24T07:50:53","guid":{"rendered":"https:\/\/ahorn-camp.de\/?post_type=product&#038;p=30579"},"modified":"2025-04-24T11:12:18","modified_gmt":"2025-04-24T09:12:18","slug":"thermomatte-van","status":"publish","type":"product","link":"https:\/\/ahorn-camp.de\/es\/product\/thermomatte-van\/","title":{"rendered":"Thermomattten Set f\u00fcr Vans"},"content":{"rendered":"<p class=\"\" data-start=\"131\" data-end=\"201\"><strong data-start=\"131\" data-end=\"201\">Thermomatten-Set f\u00fcr Vans \u2013 Perfekte Isolation f\u00fcr jedes Abenteuer<\/strong><\/p>\n<p class=\"\" data-start=\"203\" data-end=\"429\">Mit unserem passgenauen Thermomatten-Set machst du deinen Van fit f\u00fcr jede Jahreszeit! Ob gl\u00fchende Sommersonne oder frostige Wintern\u00e4chte \u2013 die hochwertigen Matten sch\u00fctzen zuverl\u00e4ssig vor Hitze, K\u00e4lte und neugierigen Blicken.<\/p>\n<ul>\n<li data-start=\"431\" data-end=\"1032\"><strong data-start=\"435\" data-end=\"470\">Optimale Temperaturregulierung:<\/strong> Die mehrlagige Isolierung sorgt f\u00fcr angenehmes Klima im Fahrzeuginneren \u2013 ganz ohne Klimaanlage oder Heizung auf Hochtouren.<\/li>\n<li data-start=\"431\" data-end=\"1032\"><strong data-start=\"601\" data-end=\"637\">Perfekte Passform &amp; Sichtschutz:<\/strong> Die Matten sind exakt auf die Fenster deines Vans zugeschnitten und lassen sich mit Saugn\u00e4pfen kinderleicht anbringen und wieder entfernen.<\/li>\n<li data-start=\"431\" data-end=\"1032\"><strong data-start=\"783\" data-end=\"810\">Bessere Schlafqualit\u00e4t:<\/strong> Schirmt Licht und Ger\u00e4usche effektiv ab \u2013 f\u00fcr erholsame N\u00e4chte, egal wo du parkst.<\/li>\n<li data-start=\"431\" data-end=\"1032\"><strong data-start=\"899\" data-end=\"923\">Kompakt &amp; praktisch:<\/strong> Schnell verstaut und ideal f\u00fcr unterwegs \u2013 dein idealer Begleiter auf Roadtrips, beim Campen oder im Alltag.<\/li>\n<\/ul>\n<p class=\"\" data-start=\"1034\" data-end=\"1132\"><strong data-start=\"1034\" data-end=\"1074\">Kompatibel mit allen Van 550 &amp; 620 Modellen umfasst das Set die Winschutzscheibe und die beiden Seitenscheiben vorne.<\/strong><\/p>","protected":false},"excerpt":{"rendered":"<p class=\"\" data-start=\"131\" data-end=\"201\"><strong data-start=\"131\" data-end=\"201\">Thermomatten-Set f\u00fcr Vans \u2013 Perfekte Isolation f\u00fcr jedes Abenteuer<\/strong><\/p>\n<p class=\"\" data-start=\"203\" data-end=\"429\">Mit unserem passgenauen Thermomatten-Set machst du deinen Van fit f\u00fcr jede Jahreszeit! Ob gl\u00fchende Sommersonne oder frostige Wintern\u00e4chte \u2013 die hochwertigen Matten sch\u00fctzen zuverl\u00e4ssig vor Hitze, K\u00e4lte und neugierigen Blicken.<\/p>\n<ul>\n<li data-start=\"431\" data-end=\"1032\"><strong data-start=\"435\" data-end=\"470\">Optimale Temperaturregulierung:<\/strong> Die mehrlagige Isolierung sorgt f\u00fcr angenehmes Klima im Fahrzeuginneren \u2013 ganz ohne Klimaanlage oder Heizung auf Hochtouren.<\/li>\n<li data-start=\"431\" data-end=\"1032\"><strong data-start=\"601\" data-end=\"637\">Perfekte Passform &amp; Sichtschutz:<\/strong> Die Matten sind exakt auf die Fenster deines Vans zugeschnitten und lassen sich mit Saugn\u00e4pfen kinderleicht anbringen und wieder entfernen.<\/li>\n<li data-start=\"431\" data-end=\"1032\"><strong data-start=\"783\" data-end=\"810\">Bessere Schlafqualit\u00e4t:<\/strong> Schirmt Licht und Ger\u00e4usche effektiv ab \u2013 f\u00fcr erholsame N\u00e4chte, egal wo du parkst.<\/li>\n<li data-start=\"431\" data-end=\"1032\"><strong data-start=\"899\" data-end=\"923\">Kompakt &amp; praktisch:<\/strong> Schnell verstaut und ideal f\u00fcr unterwegs \u2013 dein idealer Begleiter auf Roadtrips, beim Campen oder im Alltag.<\/li>\n<\/ul>\n<p class=\"\" data-start=\"1034\" data-end=\"1132\"><strong data-start=\"1034\" data-end=\"1074\">Kompatibel mit allen Van 550 &amp; [&#8230;]<\/strong><\/p>\n","protected":false},"featured_media":30581,"template":"","meta":{"content-type":""},"product_brand":[],"product_cat":[602,605,608],"product_tag":[],"class_list":{"0":"post-30579","1":"product","2":"type-product","3":"status-publish","4":"has-post-thumbnail","6":"product_cat-zubehoer","7":"product_cat-zubehoer-van","8":"product_cat-zubehoer-van-teil","9":"product_shipping_class-paket","11":"first","12":"instock","13":"taxable","14":"shipping-taxable","15":"purchasable","16":"product-type-simple"},"yoast_head":"<!-- This site is optimized with the Yoast SEO plugin v27.4 - https:\/\/yoast.com\/product\/yoast-seo-wordpress\/ -->\n<title>Thermomattten Set f\u00fcr Vans - Ahorn Camp | Reisemobile und Kastenwagen<\/title>\n<meta name=\"description\" content=\"Passgenaues Thermomatten-Set f\u00fcr Vans \u2013 sch\u00fctzt vor Hitze, K\u00e4lte &amp; neugierigen Blicken. Ideal f\u00fcr Camping, Roadtrips &amp; Alltag. Jetzt entdecken!\" \/>\n<meta name=\"robots\" content=\"index, follow, max-snippet:-1, max-image-preview:large, max-video-preview:-1\" \/>\n<link rel=\"canonical\" href=\"https:\/\/ahorn-camp.de\/es\/product\/thermomatte-van\/\" \/>\n<meta property=\"og:locale\" content=\"es_ES\" \/>\n<meta property=\"og:type\" content=\"article\" \/>\n<meta property=\"og:title\" content=\"Thermomattten Set f\u00fcr Vans - Ahorn Camp | Reisemobile und Kastenwagen\" \/>\n<meta property=\"og:description\" content=\"Passgenaues Thermomatten-Set f\u00fcr Vans \u2013 sch\u00fctzt vor Hitze, K\u00e4lte &amp; neugierigen Blicken. Ideal f\u00fcr Camping, Roadtrips &amp; Alltag. Jetzt entdecken!\" \/>\n<meta property=\"og:url\" content=\"https:\/\/ahorn-camp.de\/es\/product\/thermomatte-van\/\" \/>\n<meta property=\"og:site_name\" content=\"Ahorn Camp | Reisemobile und Kastenwagen\" \/>\n<meta property=\"article:publisher\" content=\"https:\/\/www.facebook.com\/ahorn.wohnmobile\/\" \/>\n<meta property=\"article:modified_time\" content=\"2025-04-24T09:12:18+00:00\" \/>\n<meta property=\"og:image\" content=\"https:\/\/ahorn-camp.de\/wp-content\/uploads\/2025\/04\/Abdunklung-quadratisch-scaled.jpg\" \/>\n\t<meta property=\"og:image:width\" content=\"2560\" \/>\n\t<meta property=\"og:image:height\" content=\"2560\" \/>\n\t<meta property=\"og:image:type\" content=\"image\/jpeg\" \/>\n<meta name=\"twitter:card\" content=\"summary_large_image\" \/>\n<meta name=\"twitter:label1\" content=\"Tiempo de lectura\" \/>\n\t<meta name=\"twitter:data1\" content=\"1 minuto\" \/>\n<script type=\"application\/ld+json\" class=\"yoast-schema-graph\">{\"@context\":\"https:\\\/\\\/schema.org\",\"@graph\":[{\"@type\":\"WebPage\",\"@id\":\"https:\\\/\\\/ahorn-camp.de\\\/product\\\/thermomatte-van\\\/\",\"url\":\"https:\\\/\\\/ahorn-camp.de\\\/product\\\/thermomatte-van\\\/\",\"name\":\"Thermomattten Set f\u00fcr Vans - Ahorn Camp | Reisemobile und Kastenwagen\",\"isPartOf\":{\"@id\":\"https:\\\/\\\/ahorn-camp.de\\\/#website\"},\"primaryImageOfPage\":{\"@id\":\"https:\\\/\\\/ahorn-camp.de\\\/product\\\/thermomatte-van\\\/#primaryimage\"},\"image\":{\"@id\":\"https:\\\/\\\/ahorn-camp.de\\\/product\\\/thermomatte-van\\\/#primaryimage\"},\"thumbnailUrl\":\"https:\\\/\\\/ahorn-camp.de\\\/wp-content\\\/uploads\\\/2025\\\/04\\\/Abdunklung-quadratisch-scaled.jpg\",\"datePublished\":\"2025-04-24T07:50:53+00:00\",\"dateModified\":\"2025-04-24T09:12:18+00:00\",\"description\":\"Passgenaues Thermomatten-Set f\u00fcr Vans \u2013 sch\u00fctzt vor Hitze, K\u00e4lte & neugierigen Blicken. Ideal f\u00fcr Camping, Roadtrips & Alltag. Jetzt entdecken!\",\"breadcrumb\":{\"@id\":\"https:\\\/\\\/ahorn-camp.de\\\/product\\\/thermomatte-van\\\/#breadcrumb\"},\"inLanguage\":\"es\",\"potentialAction\":[{\"@type\":\"ReadAction\",\"target\":[\"https:\\\/\\\/ahorn-camp.de\\\/product\\\/thermomatte-van\\\/\"]}]},{\"@type\":\"ImageObject\",\"inLanguage\":\"es\",\"@id\":\"https:\\\/\\\/ahorn-camp.de\\\/product\\\/thermomatte-van\\\/#primaryimage\",\"url\":\"https:\\\/\\\/ahorn-camp.de\\\/wp-content\\\/uploads\\\/2025\\\/04\\\/Abdunklung-quadratisch-scaled.jpg\",\"contentUrl\":\"https:\\\/\\\/ahorn-camp.de\\\/wp-content\\\/uploads\\\/2025\\\/04\\\/Abdunklung-quadratisch-scaled.jpg\",\"width\":2560,\"height\":2560,\"caption\":\"Thermomatten Set Van\"},{\"@type\":\"BreadcrumbList\",\"@id\":\"https:\\\/\\\/ahorn-camp.de\\\/product\\\/thermomatte-van\\\/#breadcrumb\",\"itemListElement\":[{\"@type\":\"ListItem\",\"position\":1,\"name\":\"Startseite\",\"item\":\"https:\\\/\\\/ahorn-camp.de\\\/\"},{\"@type\":\"ListItem\",\"position\":2,\"name\":\"Merchandise-Shop\",\"item\":\"https:\\\/\\\/ahorn-camp.de\\\/merchandise-shop\\\/\"},{\"@type\":\"ListItem\",\"position\":3,\"name\":\"Thermomattten Set f\u00fcr Vans\"}]},{\"@type\":\"WebSite\",\"@id\":\"https:\\\/\\\/ahorn-camp.de\\\/#website\",\"url\":\"https:\\\/\\\/ahorn-camp.de\\\/\",\"name\":\"Ahorn Camp | Reisemobile und Kastenwagen\",\"description\":\"Seit \u00fcber 30 Jahren vermarktet das Familienunternehmen, Ahorn Camp in Speyer, erfolgreich Wohnmobile und Kastenwagen zum besten Preis-Leistungsverh\u00e4ltnis.\",\"publisher\":{\"@id\":\"https:\\\/\\\/ahorn-camp.de\\\/#organization\"},\"potentialAction\":[{\"@type\":\"SearchAction\",\"target\":{\"@type\":\"EntryPoint\",\"urlTemplate\":\"https:\\\/\\\/ahorn-camp.de\\\/?s={search_term_string}\"},\"query-input\":{\"@type\":\"PropertyValueSpecification\",\"valueRequired\":true,\"valueName\":\"search_term_string\"}}],\"inLanguage\":\"es\"},{\"@type\":\"Organization\",\"@id\":\"https:\\\/\\\/ahorn-camp.de\\\/#organization\",\"name\":\"Ahorn Camp GmbH & Co. KG\",\"url\":\"https:\\\/\\\/ahorn-camp.de\\\/\",\"logo\":{\"@type\":\"ImageObject\",\"inLanguage\":\"es\",\"@id\":\"https:\\\/\\\/ahorn-camp.de\\\/#\\\/schema\\\/logo\\\/image\\\/\",\"url\":\"https:\\\/\\\/ahorn-camp.de\\\/wp-content\\\/uploads\\\/2018\\\/12\\\/Ahorn_Logo.jpg\",\"contentUrl\":\"https:\\\/\\\/ahorn-camp.de\\\/wp-content\\\/uploads\\\/2018\\\/12\\\/Ahorn_Logo.jpg\",\"width\":1437,\"height\":1000,\"caption\":\"Ahorn Camp GmbH & Co. KG\"},\"image\":{\"@id\":\"https:\\\/\\\/ahorn-camp.de\\\/#\\\/schema\\\/logo\\\/image\\\/\"},\"sameAs\":[\"https:\\\/\\\/www.facebook.com\\\/ahorn.wohnmobile\\\/\",\"https:\\\/\\\/www.instagram.com\\\/ahorn.camp\\\/\",\"https:\\\/\\\/www.youtube.com\\\/channel\\\/UCPFbPCts1JJ_A1k9vyH0yOQ\"]}]}<\/script>\n<!-- \/ Yoast SEO plugin. -->","yoast_head_json":{"title":"Thermomattten Set f\u00fcr Vans - Ahorn Camp | Reisemobile und Kastenwagen","description":"Passgenaues Thermomatten-Set f\u00fcr Vans \u2013 sch\u00fctzt vor Hitze, K\u00e4lte & neugierigen Blicken. Ideal f\u00fcr Camping, Roadtrips & Alltag. Jetzt entdecken!","robots":{"index":"index","follow":"follow","max-snippet":"max-snippet:-1","max-image-preview":"max-image-preview:large","max-video-preview":"max-video-preview:-1"},"canonical":"https:\/\/ahorn-camp.de\/es\/product\/thermomatte-van\/","og_locale":"es_ES","og_type":"article","og_title":"Thermomattten Set f\u00fcr Vans - Ahorn Camp | Reisemobile und Kastenwagen","og_description":"Passgenaues Thermomatten-Set f\u00fcr Vans \u2013 sch\u00fctzt vor Hitze, K\u00e4lte & neugierigen Blicken. Ideal f\u00fcr Camping, Roadtrips & Alltag. Jetzt entdecken!","og_url":"https:\/\/ahorn-camp.de\/es\/product\/thermomatte-van\/","og_site_name":"Ahorn Camp | Reisemobile und Kastenwagen","article_publisher":"https:\/\/www.facebook.com\/ahorn.wohnmobile\/","article_modified_time":"2025-04-24T09:12:18+00:00","og_image":[{"width":2560,"height":2560,"url":"https:\/\/ahorn-camp.de\/wp-content\/uploads\/2025\/04\/Abdunklung-quadratisch-scaled.jpg","type":"image\/jpeg"}],"twitter_card":"summary_large_image","twitter_misc":{"Tiempo de lectura":"1 minuto"},"schema":{"@context":"https:\/\/schema.org","@graph":[{"@type":"WebPage","@id":"https:\/\/ahorn-camp.de\/product\/thermomatte-van\/","url":"https:\/\/ahorn-camp.de\/product\/thermomatte-van\/","name":"Thermomattten Set f\u00fcr Vans - Ahorn Camp | Reisemobile und Kastenwagen","isPartOf":{"@id":"https:\/\/ahorn-camp.de\/#website"},"primaryImageOfPage":{"@id":"https:\/\/ahorn-camp.de\/product\/thermomatte-van\/#primaryimage"},"image":{"@id":"https:\/\/ahorn-camp.de\/product\/thermomatte-van\/#primaryimage"},"thumbnailUrl":"https:\/\/ahorn-camp.de\/wp-content\/uploads\/2025\/04\/Abdunklung-quadratisch-scaled.jpg","datePublished":"2025-04-24T07:50:53+00:00","dateModified":"2025-04-24T09:12:18+00:00","description":"Passgenaues Thermomatten-Set f\u00fcr Vans \u2013 sch\u00fctzt vor Hitze, K\u00e4lte & neugierigen Blicken. Ideal f\u00fcr Camping, Roadtrips & Alltag. Jetzt entdecken!","breadcrumb":{"@id":"https:\/\/ahorn-camp.de\/product\/thermomatte-van\/#breadcrumb"},"inLanguage":"es","potentialAction":[{"@type":"ReadAction","target":["https:\/\/ahorn-camp.de\/product\/thermomatte-van\/"]}]},{"@type":"ImageObject","inLanguage":"es","@id":"https:\/\/ahorn-camp.de\/product\/thermomatte-van\/#primaryimage","url":"https:\/\/ahorn-camp.de\/wp-content\/uploads\/2025\/04\/Abdunklung-quadratisch-scaled.jpg","contentUrl":"https:\/\/ahorn-camp.de\/wp-content\/uploads\/2025\/04\/Abdunklung-quadratisch-scaled.jpg","width":2560,"height":2560,"caption":"Thermomatten Set Van"},{"@type":"BreadcrumbList","@id":"https:\/\/ahorn-camp.de\/product\/thermomatte-van\/#breadcrumb","itemListElement":[{"@type":"ListItem","position":1,"name":"Startseite","item":"https:\/\/ahorn-camp.de\/"},{"@type":"ListItem","position":2,"name":"Merchandise-Shop","item":"https:\/\/ahorn-camp.de\/merchandise-shop\/"},{"@type":"ListItem","position":3,"name":"Thermomattten Set f\u00fcr Vans"}]},{"@type":"WebSite","@id":"https:\/\/ahorn-camp.de\/#website","url":"https:\/\/ahorn-camp.de\/","name":"Ahorn Camp | Autocaravanas y furgonetas camper","description":"Desde hace m\u00e1s de 30 a\u00f1os, la empresa familiar, Ahorn Camp en Speyer, comercializa con \u00e9xito caravanas y furgonetas camper a la mejor relaci\u00f3n calidad-precio.","publisher":{"@id":"https:\/\/ahorn-camp.de\/#organization"},"potentialAction":[{"@type":"SearchAction","target":{"@type":"EntryPoint","urlTemplate":"https:\/\/ahorn-camp.de\/?s={search_term_string}"},"query-input":{"@type":"PropertyValueSpecification","valueRequired":true,"valueName":"search_term_string"}}],"inLanguage":"es"},{"@type":"Organization","@id":"https:\/\/ahorn-camp.de\/#organization","name":"Ahorn Camp GmbH &amp; Co. KG","url":"https:\/\/ahorn-camp.de\/","logo":{"@type":"ImageObject","inLanguage":"es","@id":"https:\/\/ahorn-camp.de\/#\/schema\/logo\/image\/","url":"https:\/\/ahorn-camp.de\/wp-content\/uploads\/2018\/12\/Ahorn_Logo.jpg","contentUrl":"https:\/\/ahorn-camp.de\/wp-content\/uploads\/2018\/12\/Ahorn_Logo.jpg","width":1437,"height":1000,"caption":"Ahorn Camp GmbH & Co. KG"},"image":{"@id":"https:\/\/ahorn-camp.de\/#\/schema\/logo\/image\/"},"sameAs":["https:\/\/www.facebook.com\/ahorn.wohnmobile\/","https:\/\/www.instagram.com\/ahorn.camp\/","https:\/\/www.youtube.com\/channel\/UCPFbPCts1JJ_A1k9vyH0yOQ"]}]}},"_links":{"self":[{"href":"https:\/\/ahorn-camp.de\/es\/wp-json\/wp\/v2\/product\/30579","targetHints":{"allow":["GET"]}}],"collection":[{"href":"https:\/\/ahorn-camp.de\/es\/wp-json\/wp\/v2\/product"}],"about":[{"href":"https:\/\/ahorn-camp.de\/es\/wp-json\/wp\/v2\/types\/product"}],"wp:featuredmedia":[{"embeddable":true,"href":"https:\/\/ahorn-camp.de\/es\/wp-json\/wp\/v2\/media\/30581"}],"wp:attachment":[{"href":"https:\/\/ahorn-camp.de\/es\/wp-json\/wp\/v2\/media?parent=30579"}],"wp:term":[{"taxonomy":"product_brand","embeddable":true,"href":"https:\/\/ahorn-camp.de\/es\/wp-json\/wp\/v2\/product_brand?post=30579"},{"taxonomy":"product_cat","embeddable":true,"href":"https:\/\/ahorn-camp.de\/es\/wp-json\/wp\/v2\/product_cat?post=30579"},{"taxonomy":"product_tag","embeddable":true,"href":"https:\/\/ahorn-camp.de\/es\/wp-json\/wp\/v2\/product_tag?post=30579"}],"curies":[{"name":"wp","href":"https:\/\/api.w.org\/{rel}","templated":true}]}}