{"id":22379,"date":"2024-02-28T09:25:31","date_gmt":"2024-02-28T08:25:31","guid":{"rendered":"https:\/\/ahorn-camp.de\/?post_type=product&#038;p=22379"},"modified":"2024-03-14T11:27:06","modified_gmt":"2024-03-14T10:27:06","slug":"cubierta-de-invierno","status":"publish","type":"product","link":"https:\/\/ahorn-camp.de\/es\/product\/winterabdeckung\/","title":{"rendered":"Cubierta de invierno para frigor\u00edfico peque\u00f1a y grande"},"content":{"rendered":"<p>En invierno, se recomienda cubrir las rejillas de ventilaci\u00f3n del refrigerador con la cubierta de invierno para evitar que entre aire fr\u00edo innecesario en el interior del veh\u00edculo y, de este modo, mantener mejor el calor. El refrigerador tiene suficiente aire para enfriarse a trav\u00e9s de las peque\u00f1as aberturas en la cubierta de invierno.<\/p>\n<p>Nuestras cubiertas de invierno son adecuadas para los refrigeradores Thetford de nuestros veh\u00edculos.<\/p>\n<p>Dimensiones de las rejillas de ventilaci\u00f3n asociadas:<\/p>\n<ul>\n<li>Klein: An x Al aprox. 48 x 18 cm<\/li>\n<li>Grande: Ancho x Alto aprox. 43 x 25,5 cm<\/li>\n<\/ul>","protected":false},"excerpt":{"rendered":"<p>En invierno, se recomienda cubrir las rejillas de ventilaci\u00f3n del refrigerador con la cubierta de invierno para evitar que entre aire fr\u00edo innecesario en el interior del veh\u00edculo y, de este modo, mantener mejor el calor. El refrigerador tiene suficiente aire para enfriarse a trav\u00e9s de las peque\u00f1as aberturas en la cubierta de invierno.<\/p>\n<p>Nuestras cubiertas de invierno son adecuadas para los refrigeradores Thetford de nuestros veh\u00edculos.<\/p>\n<p>Dimensiones de las rejillas de ventilaci\u00f3n asociadas:<\/p>\n<ul>\n<li>Klein: An x Al aprox. 48 x 18 cm<\/li>\n<li>Grande: Ancho x Alto aprox. 43 x 25,5 cm<\/li>\n<\/ul>","protected":false},"featured_media":22609,"template":"","meta":{"content-type":""},"product_brand":[],"product_cat":[602,604,612],"product_tag":[],"class_list":{"0":"post-22379","1":"product","2":"type-product","3":"status-publish","4":"has-post-thumbnail","6":"product_cat-zubehoer","7":"product_cat-zubehoer-womo","8":"product_cat-zubehoer-womo-teil","9":"product_shipping_class-paket","11":"first","12":"instock","13":"taxable","14":"shipping-taxable","15":"product-type-variable"},"yoast_head":"<!-- This site is optimized with the Yoast SEO plugin v27.4 - https:\/\/yoast.com\/product\/yoast-seo-wordpress\/ -->\n<title>Winterabdeckung K\u00fchlschrank klein &amp; gro\u00df - Ahorn Camp | Reisemobile und Kastenwagen<\/title>\n<meta name=\"description\" content=\"Entdecken Sie hier die Winterabdeckung f\u00fcr Thetford K\u00fchlschranke in klein und gro\u00df. Ideal, um die K\u00e4lte im Winter drau\u00dfen zu lassen!\" \/>\n<meta name=\"robots\" content=\"index, follow, max-snippet:-1, max-image-preview:large, max-video-preview:-1\" \/>\n<link rel=\"canonical\" href=\"https:\/\/ahorn-camp.de\/es\/product\/cubierta-de-invierno\/\" \/>\n<meta property=\"og:locale\" content=\"es_ES\" \/>\n<meta property=\"og:type\" content=\"article\" \/>\n<meta property=\"og:title\" content=\"Winterabdeckung K\u00fchlschrank klein &amp; gro\u00df - Ahorn Camp | Reisemobile und Kastenwagen\" \/>\n<meta property=\"og:description\" content=\"Entdecken Sie hier die Winterabdeckung f\u00fcr Thetford K\u00fchlschranke in klein und gro\u00df. Ideal, um die K\u00e4lte im Winter drau\u00dfen zu lassen!\" \/>\n<meta property=\"og:url\" content=\"https:\/\/ahorn-camp.de\/es\/product\/cubierta-de-invierno\/\" \/>\n<meta property=\"og:site_name\" content=\"Ahorn Camp | Reisemobile und Kastenwagen\" \/>\n<meta property=\"article:publisher\" content=\"https:\/\/www.facebook.com\/ahorn.wohnmobile\/\" \/>\n<meta property=\"article:modified_time\" content=\"2024-03-14T10:27:06+00:00\" \/>\n<meta property=\"og:image\" content=\"https:\/\/ahorn-camp.de\/wp-content\/uploads\/2024\/02\/Winterabdeckung-1.jpg\" \/>\n\t<meta property=\"og:image:width\" content=\"1000\" \/>\n\t<meta property=\"og:image:height\" content=\"1000\" \/>\n\t<meta property=\"og:image:type\" content=\"image\/jpeg\" \/>\n<meta name=\"twitter:card\" content=\"summary_large_image\" \/>\n<meta name=\"twitter:label1\" content=\"Tiempo de lectura\" \/>\n\t<meta name=\"twitter:data1\" content=\"1 minuto\" \/>\n<script type=\"application\/ld+json\" class=\"yoast-schema-graph\">{\"@context\":\"https:\\\/\\\/schema.org\",\"@graph\":[{\"@type\":\"WebPage\",\"@id\":\"https:\\\/\\\/ahorn-camp.de\\\/product\\\/winterabdeckung\\\/\",\"url\":\"https:\\\/\\\/ahorn-camp.de\\\/product\\\/winterabdeckung\\\/\",\"name\":\"Winterabdeckung K\u00fchlschrank klein & gro\u00df - Ahorn Camp | Reisemobile und Kastenwagen\",\"isPartOf\":{\"@id\":\"https:\\\/\\\/ahorn-camp.de\\\/#website\"},\"primaryImageOfPage\":{\"@id\":\"https:\\\/\\\/ahorn-camp.de\\\/product\\\/winterabdeckung\\\/#primaryimage\"},\"image\":{\"@id\":\"https:\\\/\\\/ahorn-camp.de\\\/product\\\/winterabdeckung\\\/#primaryimage\"},\"thumbnailUrl\":\"https:\\\/\\\/ahorn-camp.de\\\/wp-content\\\/uploads\\\/2024\\\/02\\\/Winterabdeckung-1.jpg\",\"datePublished\":\"2024-02-28T08:25:31+00:00\",\"dateModified\":\"2024-03-14T10:27:06+00:00\",\"description\":\"Entdecken Sie hier die Winterabdeckung f\u00fcr Thetford K\u00fchlschranke in klein und gro\u00df. Ideal, um die K\u00e4lte im Winter drau\u00dfen zu lassen!\",\"breadcrumb\":{\"@id\":\"https:\\\/\\\/ahorn-camp.de\\\/product\\\/winterabdeckung\\\/#breadcrumb\"},\"inLanguage\":\"es\",\"potentialAction\":[{\"@type\":\"ReadAction\",\"target\":[\"https:\\\/\\\/ahorn-camp.de\\\/product\\\/winterabdeckung\\\/\"]}]},{\"@type\":\"ImageObject\",\"inLanguage\":\"es\",\"@id\":\"https:\\\/\\\/ahorn-camp.de\\\/product\\\/winterabdeckung\\\/#primaryimage\",\"url\":\"https:\\\/\\\/ahorn-camp.de\\\/wp-content\\\/uploads\\\/2024\\\/02\\\/Winterabdeckung-1.jpg\",\"contentUrl\":\"https:\\\/\\\/ahorn-camp.de\\\/wp-content\\\/uploads\\\/2024\\\/02\\\/Winterabdeckung-1.jpg\",\"width\":1000,\"height\":1000,\"caption\":\"Winterabdeckung gro\u00df wei\u00df\"},{\"@type\":\"BreadcrumbList\",\"@id\":\"https:\\\/\\\/ahorn-camp.de\\\/product\\\/winterabdeckung\\\/#breadcrumb\",\"itemListElement\":[{\"@type\":\"ListItem\",\"position\":1,\"name\":\"Startseite\",\"item\":\"https:\\\/\\\/ahorn-camp.de\\\/\"},{\"@type\":\"ListItem\",\"position\":2,\"name\":\"Merchandise-Shop\",\"item\":\"https:\\\/\\\/ahorn-camp.de\\\/merchandise-shop\\\/\"},{\"@type\":\"ListItem\",\"position\":3,\"name\":\"Winterabdeckung K\u00fchlschrank klein &#038; gro\u00df\"}]},{\"@type\":\"WebSite\",\"@id\":\"https:\\\/\\\/ahorn-camp.de\\\/#website\",\"url\":\"https:\\\/\\\/ahorn-camp.de\\\/\",\"name\":\"Ahorn Camp | Reisemobile und Kastenwagen\",\"description\":\"Seit \u00fcber 30 Jahren vermarktet das Familienunternehmen, Ahorn Camp in Speyer, erfolgreich Wohnmobile und Kastenwagen zum besten Preis-Leistungsverh\u00e4ltnis.\",\"publisher\":{\"@id\":\"https:\\\/\\\/ahorn-camp.de\\\/#organization\"},\"potentialAction\":[{\"@type\":\"SearchAction\",\"target\":{\"@type\":\"EntryPoint\",\"urlTemplate\":\"https:\\\/\\\/ahorn-camp.de\\\/?s={search_term_string}\"},\"query-input\":{\"@type\":\"PropertyValueSpecification\",\"valueRequired\":true,\"valueName\":\"search_term_string\"}}],\"inLanguage\":\"es\"},{\"@type\":\"Organization\",\"@id\":\"https:\\\/\\\/ahorn-camp.de\\\/#organization\",\"name\":\"Ahorn Camp GmbH & Co. KG\",\"url\":\"https:\\\/\\\/ahorn-camp.de\\\/\",\"logo\":{\"@type\":\"ImageObject\",\"inLanguage\":\"es\",\"@id\":\"https:\\\/\\\/ahorn-camp.de\\\/#\\\/schema\\\/logo\\\/image\\\/\",\"url\":\"https:\\\/\\\/ahorn-camp.de\\\/wp-content\\\/uploads\\\/2018\\\/12\\\/Ahorn_Logo.jpg\",\"contentUrl\":\"https:\\\/\\\/ahorn-camp.de\\\/wp-content\\\/uploads\\\/2018\\\/12\\\/Ahorn_Logo.jpg\",\"width\":1437,\"height\":1000,\"caption\":\"Ahorn Camp GmbH & Co. KG\"},\"image\":{\"@id\":\"https:\\\/\\\/ahorn-camp.de\\\/#\\\/schema\\\/logo\\\/image\\\/\"},\"sameAs\":[\"https:\\\/\\\/www.facebook.com\\\/ahorn.wohnmobile\\\/\",\"https:\\\/\\\/www.instagram.com\\\/ahorn.camp\\\/\",\"https:\\\/\\\/www.youtube.com\\\/channel\\\/UCPFbPCts1JJ_A1k9vyH0yOQ\"]}]}<\/script>\n<!-- \/ Yoast SEO plugin. -->","yoast_head_json":{"title":"Cubierta de invierno para frigor\u00edficos peque\u00f1os y grandes - Ahorn Camp | Autocaravanas y furgonetas camper","description":"Descubra aqu\u00ed la cubierta de invierno para frigor\u00edficos Thetford en tama\u00f1os peque\u00f1o y grande. \u00a1Ideal para mantener el fr\u00edo afuera en invierno!","robots":{"index":"index","follow":"follow","max-snippet":"max-snippet:-1","max-image-preview":"max-image-preview:large","max-video-preview":"max-video-preview:-1"},"canonical":"https:\/\/ahorn-camp.de\/es\/product\/cubierta-de-invierno\/","og_locale":"es_ES","og_type":"article","og_title":"Winterabdeckung K\u00fchlschrank klein & gro\u00df - Ahorn Camp | Reisemobile und Kastenwagen","og_description":"Entdecken Sie hier die Winterabdeckung f\u00fcr Thetford K\u00fchlschranke in klein und gro\u00df. Ideal, um die K\u00e4lte im Winter drau\u00dfen zu lassen!","og_url":"https:\/\/ahorn-camp.de\/es\/product\/cubierta-de-invierno\/","og_site_name":"Ahorn Camp | Reisemobile und Kastenwagen","article_publisher":"https:\/\/www.facebook.com\/ahorn.wohnmobile\/","article_modified_time":"2024-03-14T10:27:06+00:00","og_image":[{"width":1000,"height":1000,"url":"https:\/\/ahorn-camp.de\/wp-content\/uploads\/2024\/02\/Winterabdeckung-1.jpg","type":"image\/jpeg"}],"twitter_card":"summary_large_image","twitter_misc":{"Tiempo de lectura":"1 minuto"},"schema":{"@context":"https:\/\/schema.org","@graph":[{"@type":"WebPage","@id":"https:\/\/ahorn-camp.de\/product\/winterabdeckung\/","url":"https:\/\/ahorn-camp.de\/product\/winterabdeckung\/","name":"Cubierta de invierno para frigor\u00edficos peque\u00f1os y grandes - Ahorn Camp | Autocaravanas y furgonetas camper","isPartOf":{"@id":"https:\/\/ahorn-camp.de\/#website"},"primaryImageOfPage":{"@id":"https:\/\/ahorn-camp.de\/product\/winterabdeckung\/#primaryimage"},"image":{"@id":"https:\/\/ahorn-camp.de\/product\/winterabdeckung\/#primaryimage"},"thumbnailUrl":"https:\/\/ahorn-camp.de\/wp-content\/uploads\/2024\/02\/Winterabdeckung-1.jpg","datePublished":"2024-02-28T08:25:31+00:00","dateModified":"2024-03-14T10:27:06+00:00","description":"Descubra aqu\u00ed la cubierta de invierno para frigor\u00edficos Thetford en tama\u00f1os peque\u00f1o y grande. \u00a1Ideal para mantener el fr\u00edo afuera en invierno!","breadcrumb":{"@id":"https:\/\/ahorn-camp.de\/product\/winterabdeckung\/#breadcrumb"},"inLanguage":"es","potentialAction":[{"@type":"ReadAction","target":["https:\/\/ahorn-camp.de\/product\/winterabdeckung\/"]}]},{"@type":"ImageObject","inLanguage":"es","@id":"https:\/\/ahorn-camp.de\/product\/winterabdeckung\/#primaryimage","url":"https:\/\/ahorn-camp.de\/wp-content\/uploads\/2024\/02\/Winterabdeckung-1.jpg","contentUrl":"https:\/\/ahorn-camp.de\/wp-content\/uploads\/2024\/02\/Winterabdeckung-1.jpg","width":1000,"height":1000,"caption":"Winterabdeckung gro\u00df wei\u00df"},{"@type":"BreadcrumbList","@id":"https:\/\/ahorn-camp.de\/product\/winterabdeckung\/#breadcrumb","itemListElement":[{"@type":"ListItem","position":1,"name":"Startseite","item":"https:\/\/ahorn-camp.de\/"},{"@type":"ListItem","position":2,"name":"Merchandise-Shop","item":"https:\/\/ahorn-camp.de\/merchandise-shop\/"},{"@type":"ListItem","position":3,"name":"Winterabdeckung K\u00fchlschrank klein &#038; gro\u00df"}]},{"@type":"WebSite","@id":"https:\/\/ahorn-camp.de\/#website","url":"https:\/\/ahorn-camp.de\/","name":"Ahorn Camp | Autocaravanas y furgonetas camper","description":"Desde hace m\u00e1s de 30 a\u00f1os, la empresa familiar, Ahorn Camp en Speyer, comercializa con \u00e9xito caravanas y furgonetas camper a la mejor relaci\u00f3n calidad-precio.","publisher":{"@id":"https:\/\/ahorn-camp.de\/#organization"},"potentialAction":[{"@type":"SearchAction","target":{"@type":"EntryPoint","urlTemplate":"https:\/\/ahorn-camp.de\/?s={search_term_string}"},"query-input":{"@type":"PropertyValueSpecification","valueRequired":true,"valueName":"search_term_string"}}],"inLanguage":"es"},{"@type":"Organization","@id":"https:\/\/ahorn-camp.de\/#organization","name":"Ahorn Camp GmbH &amp; Co. KG","url":"https:\/\/ahorn-camp.de\/","logo":{"@type":"ImageObject","inLanguage":"es","@id":"https:\/\/ahorn-camp.de\/#\/schema\/logo\/image\/","url":"https:\/\/ahorn-camp.de\/wp-content\/uploads\/2018\/12\/Ahorn_Logo.jpg","contentUrl":"https:\/\/ahorn-camp.de\/wp-content\/uploads\/2018\/12\/Ahorn_Logo.jpg","width":1437,"height":1000,"caption":"Ahorn Camp GmbH & Co. KG"},"image":{"@id":"https:\/\/ahorn-camp.de\/#\/schema\/logo\/image\/"},"sameAs":["https:\/\/www.facebook.com\/ahorn.wohnmobile\/","https:\/\/www.instagram.com\/ahorn.camp\/","https:\/\/www.youtube.com\/channel\/UCPFbPCts1JJ_A1k9vyH0yOQ"]}]}},"_links":{"self":[{"href":"https:\/\/ahorn-camp.de\/es\/wp-json\/wp\/v2\/product\/22379","targetHints":{"allow":["GET"]}}],"collection":[{"href":"https:\/\/ahorn-camp.de\/es\/wp-json\/wp\/v2\/product"}],"about":[{"href":"https:\/\/ahorn-camp.de\/es\/wp-json\/wp\/v2\/types\/product"}],"wp:featuredmedia":[{"embeddable":true,"href":"https:\/\/ahorn-camp.de\/es\/wp-json\/wp\/v2\/media\/22609"}],"wp:attachment":[{"href":"https:\/\/ahorn-camp.de\/es\/wp-json\/wp\/v2\/media?parent=22379"}],"wp:term":[{"taxonomy":"product_brand","embeddable":true,"href":"https:\/\/ahorn-camp.de\/es\/wp-json\/wp\/v2\/product_brand?post=22379"},{"taxonomy":"product_cat","embeddable":true,"href":"https:\/\/ahorn-camp.de\/es\/wp-json\/wp\/v2\/product_cat?post=22379"},{"taxonomy":"product_tag","embeddable":true,"href":"https:\/\/ahorn-camp.de\/es\/wp-json\/wp\/v2\/product_tag?post=22379"}],"curies":[{"name":"wp","href":"https:\/\/api.w.org\/{rel}","templated":true}]}}