{"id":30100,"date":"2025-04-06T08:20:41","date_gmt":"2025-04-06T06:20:41","guid":{"rendered":"https:\/\/ahorn-camp.de\/?page_id=30100"},"modified":"2025-04-22T10:16:40","modified_gmt":"2025-04-22T08:16:40","slug":"erwin-hymer-group","status":"publish","type":"page","link":"https:\/\/ahorn-camp.de\/es\/erwin-hymer-group\/","title":{"rendered":"Erwin Hymer Group"},"content":{"rendered":"<div data-elementor-type=\"wp-page\" data-elementor-id=\"30100\" class=\"elementor elementor-30100\" data-elementor-post-type=\"page\">\n\t\t\t\t\t\t<section class=\"elementor-section elementor-top-section elementor-element elementor-element-064853b elementor-section-full_width elementor-section-height-default elementor-section-height-default\" data-id=\"064853b\" data-element_type=\"section\" data-e-type=\"section\">\n\t\t\t\t\t\t<div class=\"elementor-container elementor-column-gap-default\">\n\t\t\t\t\t<div class=\"elementor-column elementor-col-100 elementor-top-column elementor-element elementor-element-f31f276\" data-id=\"f31f276\" data-element_type=\"column\" data-e-type=\"column\">\n\t\t\t<div class=\"elementor-widget-wrap elementor-element-populated\">\n\t\t\t\t\t\t<div class=\"elementor-element elementor-element-72819f6 elementor-widget__width-inherit elementor--h-position-center elementor--v-position-middle elementor-widget elementor-widget-slides\" data-id=\"72819f6\" data-element_type=\"widget\" data-e-type=\"widget\" data-settings=\"{&quot;navigation&quot;:&quot;none&quot;,&quot;transition&quot;:&quot;slide&quot;,&quot;transition_speed&quot;:500}\" data-widget_type=\"slides.default\">\n\t\t\t\t<div class=\"elementor-widget-container\">\n\t\t\t\t\t\t\t\t\t<div class=\"elementor-swiper\">\n\t\t\t\t\t<div class=\"elementor-slides-wrapper elementor-main-swiper swiper\" role=\"region\" aria-roledescription=\"carousel\" aria-label=\"Deslizador\" dir=\"ltr\" data-animation=\"\">\n\t\t\t\t<div class=\"swiper-wrapper elementor-slides\">\n\t\t\t\t\t\t\t\t\t\t<div class=\"elementor-repeater-item-b83ebf8 swiper-slide\" role=\"group\" aria-roledescription=\"slide\"><div class=\"swiper-slide-bg\" role=\"img\" aria-label=\"Hymer_Banner\"><\/div><div class=\"swiper-slide-inner\" ><div class=\"swiper-slide-contents\"><\/div><\/div><\/div>\t\t\t\t<\/div>\n\t\t\t\t\t\t\t<\/div>\n\t\t\t\t<\/div>\n\t\t\t\t\t\t\t\t<\/div>\n\t\t\t\t<\/div>\n\t\t\t\t\t<\/div>\n\t\t<\/div>\n\t\t\t\t\t<\/div>\n\t\t<\/section>\n\t\t\t\t<section class=\"elementor-section elementor-top-section elementor-element elementor-element-1bcff25 elementor-section-boxed elementor-section-height-default elementor-section-height-default\" data-id=\"1bcff25\" data-element_type=\"section\" data-e-type=\"section\">\n\t\t\t\t\t\t<div class=\"elementor-container elementor-column-gap-default\">\n\t\t\t\t\t<div class=\"elementor-column elementor-col-100 elementor-top-column elementor-element elementor-element-1fc25c7\" data-id=\"1fc25c7\" data-element_type=\"column\" data-e-type=\"column\">\n\t\t\t<div class=\"elementor-widget-wrap elementor-element-populated\">\n\t\t\t\t\t\t<div class=\"elementor-element elementor-element-e7e6776 elementor-widget elementor-widget-heading\" data-id=\"e7e6776\" data-element_type=\"widget\" data-e-type=\"widget\" data-widget_type=\"heading.default\">\n\t\t\t\t<div class=\"elementor-widget-container\">\n\t\t\t\t\t<h2 class=\"elementor-heading-title elementor-size-default\">Ahorn Camp y Erwin Hymer Group: Una asociaci\u00f3n s\u00f3lida para el futuro del camping<\/h2>\t\t\t\t<\/div>\n\t\t\t\t<\/div>\n\t\t\t\t<div class=\"elementor-element elementor-element-c09148f elementor-widget elementor-widget-text-editor\" data-id=\"c09148f\" data-element_type=\"widget\" data-e-type=\"widget\" data-widget_type=\"text-editor.default\">\n\t\t\t\t<div class=\"elementor-widget-container\">\n\t\t\t\t\t\t\t\t\t<p style=\"text-align: left;\"><span style=\"color: #000000;\">Experimente innovaci\u00f3n y calidad: espere con ansias nuestros nuevos modelos, que podr\u00e1 descubrir y experimentar por primera vez en el Caravan Salon 2025.<\/span><\/p>\t\t\t\t\t\t\t\t<\/div>\n\t\t\t\t<\/div>\n\t\t\t\t<div class=\"elementor-element elementor-element-379d0cf elementor-widget elementor-widget-heading\" data-id=\"379d0cf\" data-element_type=\"widget\" data-e-type=\"widget\" data-widget_type=\"heading.default\">\n\t\t\t\t<div class=\"elementor-widget-container\">\n\t\t\t\t\t<h2 class=\"elementor-heading-title elementor-size-default\">Ahorn Camp X Erwin Hymer Group \u2013 Dando forma juntos al futuro del camping<\/h2>\t\t\t\t<\/div>\n\t\t\t\t<\/div>\n\t\t\t\t<div class=\"elementor-element elementor-element-8c4aaf5 elementor-widget elementor-widget-text-editor\" data-id=\"8c4aaf5\" data-element_type=\"widget\" data-e-type=\"widget\" data-widget_type=\"text-editor.default\">\n\t\t\t\t<div class=\"elementor-widget-container\">\n\t\t\t\t\t\t\t\t\t<p style=\"text-align: left;\"><span style=\"color: #000000;\">Ahorn Camp se complace en anunciar la cooperaci\u00f3n de producci\u00f3n con la prestigiosa Erwin Hymer Group, uno de los principales fabricantes de veh\u00edculos de ocio en Europa, cerrada en marzo de 2025. Esta asociaci\u00f3n aporta numerosas ventajas:<\/span><\/p><ul style=\"text-align: left;\"><li><span style=\"color: #000000;\"><span style=\"color: #1b508c;\"><strong>Fabricaci\u00f3n del programa completo de modelos Ahorn Camp<\/strong><\/span> en la moderna planta EHG de San Casciano<\/span><\/li><li><span style=\"color: #000000;\"><span style=\"color: #1b508c;\"><strong>Producci\u00f3n sobre el nuevo chasis Renault Master<\/strong><\/span> para mayor comodidad y eficiencia de conducci\u00f3n<\/span><\/li><li><span style=\"color: #000000;\"><span style=\"color: #1b508c;\"><strong>Seguridad de planificaci\u00f3n a largo plazo<\/strong><\/span> a trav\u00e9s de un contrato de cinco a\u00f1os con perspectiva de renovaci\u00f3n<\/span><\/li><\/ul><p><span style=\"color: #000000;\">Gracias a la combinaci\u00f3n de la flexibilidad y el poder innovador de Ahorn Campy la excelencia industrial del Erwin Hymer Group, se crean <strong>autocaravanas de alta calidad, fiables y bien pensadas<\/strong>, que establecen nuevos est\u00e1ndares. La nueva gama de modelos de Ahorn Camp se caracteriza por la tecnolog\u00eda m\u00e1s moderna, un dise\u00f1o bien pensado y la m\u00e1xima funcionalidad y calidad.<\/span><\/p>\t\t\t\t\t\t\t\t<\/div>\n\t\t\t\t<\/div>\n\t\t\t\t\t<\/div>\n\t\t<\/div>\n\t\t\t\t\t<\/div>\n\t\t<\/section>\n\t\t\t\t<section class=\"elementor-section elementor-top-section elementor-element elementor-element-7755db5 elementor-section-boxed elementor-section-height-default elementor-section-height-default\" data-id=\"7755db5\" data-element_type=\"section\" data-e-type=\"section\">\n\t\t\t\t\t\t<div class=\"elementor-container elementor-column-gap-default\">\n\t\t\t\t\t<div class=\"elementor-column elementor-col-100 elementor-top-column elementor-element elementor-element-b8cc69a\" data-id=\"b8cc69a\" data-element_type=\"column\" data-e-type=\"column\">\n\t\t\t<div class=\"elementor-widget-wrap elementor-element-populated\">\n\t\t\t\t\t\t<div class=\"elementor-element elementor-element-ac2e62d elementor-widget elementor-widget-image\" data-id=\"ac2e62d\" data-element_type=\"widget\" data-e-type=\"widget\" data-widget_type=\"image.default\">\n\t\t\t\t<div class=\"elementor-widget-container\">\n\t\t\t\t\t\t\t\t\t\t\t\t\t\t\t<img fetchpriority=\"high\" decoding=\"async\" width=\"1024\" height=\"497\" src=\"https:\/\/ahorn-camp.de\/wp-content\/uploads\/2025\/04\/EHG-Werk-San-Casciano-1024x497.png\" class=\"attachment-large size-large wp-image-30217\" alt=\"\" srcset=\"https:\/\/ahorn-camp.de\/wp-content\/uploads\/2025\/04\/EHG-Werk-San-Casciano-1024x497.png 1024w, https:\/\/ahorn-camp.de\/wp-content\/uploads\/2025\/04\/EHG-Werk-San-Casciano-300x146.png 300w, https:\/\/ahorn-camp.de\/wp-content\/uploads\/2025\/04\/EHG-Werk-San-Casciano-768x373.png 768w, https:\/\/ahorn-camp.de\/wp-content\/uploads\/2025\/04\/EHG-Werk-San-Casciano-800x388.png 800w, https:\/\/ahorn-camp.de\/wp-content\/uploads\/2025\/04\/EHG-Werk-San-Casciano-1536x746.png 1536w, https:\/\/ahorn-camp.de\/wp-content\/uploads\/2025\/04\/EHG-Werk-San-Casciano-2048x994.png 2048w\" sizes=\"(max-width: 1024px) 100vw, 1024px\" \/>\t\t\t\t\t\t\t\t\t\t\t\t\t\t\t<\/div>\n\t\t\t\t<\/div>\n\t\t\t\t\t<\/div>\n\t\t<\/div>\n\t\t\t\t\t<\/div>\n\t\t<\/section>\n\t\t\t\t<section class=\"elementor-section elementor-top-section elementor-element elementor-element-540ee0b elementor-section-boxed elementor-section-height-default elementor-section-height-default\" data-id=\"540ee0b\" data-element_type=\"section\" data-e-type=\"section\">\n\t\t\t\t\t\t<div class=\"elementor-container elementor-column-gap-default\">\n\t\t\t\t\t<div class=\"elementor-column elementor-col-100 elementor-top-column elementor-element elementor-element-f388d97\" data-id=\"f388d97\" data-element_type=\"column\" data-e-type=\"column\">\n\t\t\t<div class=\"elementor-widget-wrap elementor-element-populated\">\n\t\t\t\t\t\t<div class=\"elementor-element elementor-element-c2a0b44 elementor-widget elementor-widget-heading\" data-id=\"c2a0b44\" data-element_type=\"widget\" data-e-type=\"widget\" data-widget_type=\"heading.default\">\n\t\t\t\t<div class=\"elementor-widget-container\">\n\t\t\t\t\t<h2 class=\"elementor-heading-title elementor-size-default\">Erwin Hymer Group \u2013 El especialista l\u00edder en Europa en veh\u00edculos de ocio.<\/h2>\t\t\t\t<\/div>\n\t\t\t\t<\/div>\n\t\t\t\t<div class=\"elementor-element elementor-element-ea66a52 elementor-widget elementor-widget-text-editor\" data-id=\"ea66a52\" data-element_type=\"widget\" data-e-type=\"widget\" data-widget_type=\"text-editor.default\">\n\t\t\t\t<div class=\"elementor-widget-container\">\n\t\t\t\t\t\t\t\t\t<p style=\"text-align: left;\"><span style=\"color: #000000;\">La Erwin Hymer Group es la filial europea de THOR Industries, el l\u00edder mundial en fabricaci\u00f3n de veh\u00edculos recreativos con m\u00e1s de 22.000 empleados. Bajo su paraguas, re\u00fane marcas reconocidas del mundo del caravaning, entre ellas:<\/span><\/p><ul style=\"text-align: left;\"><li><span style=\"color: #000000;\"><span style=\"color: #1b508c;\"><strong>Marcas de autocaravanas y caravanas<\/strong><\/span> como B\u00fcrstner, Dethleffs, Hymer, LMC y muchos m\u00e1s.<\/span><\/li><li><span style=\"color: #000000;\"><span style=\"color: #1b508c;\"><strong>Compa\u00f1\u00edas de alquiler<\/strong><\/span> como McRent, rent easy y Crossrent<\/span><\/li><li><span style=\"color: #000000;\"><span style=\"color: #1b508c;\"><strong>Accesorios y especialistas en chasis<\/strong><\/span> wie Movera und Goldschmitt.<\/span><\/li><\/ul><p style=\"text-align: left;\"><span style=\"color: #000000;\">u.v.m.<\/span><\/p><p style=\"text-align: left;\"><span style=\"color: #000000;\">Con su experiencia de d\u00e9cadas, el Grupo Erwin Hymer establece est\u00e1ndares de calidad, innovaci\u00f3n y servicio \u2013 ahora tambi\u00e9n junto con Ahorn Camp.<\/span><\/p>\t\t\t\t\t\t\t\t<\/div>\n\t\t\t\t<\/div>\n\t\t\t\t\t<\/div>\n\t\t<\/div>\n\t\t\t\t\t<\/div>\n\t\t<\/section>\n\t\t\t\t<section class=\"elementor-section elementor-top-section elementor-element elementor-element-9784bcd elementor-section-boxed elementor-section-height-default elementor-section-height-default\" data-id=\"9784bcd\" data-element_type=\"section\" data-e-type=\"section\">\n\t\t\t\t\t\t<div class=\"elementor-container elementor-column-gap-default\">\n\t\t\t\t\t<div class=\"elementor-column elementor-col-100 elementor-top-column elementor-element elementor-element-46479cf\" data-id=\"46479cf\" data-element_type=\"column\" data-e-type=\"column\">\n\t\t\t<div class=\"elementor-widget-wrap elementor-element-populated\">\n\t\t\t\t\t\t<div class=\"elementor-element elementor-element-16fa2af elementor-widget elementor-widget-heading\" data-id=\"16fa2af\" data-element_type=\"widget\" data-e-type=\"widget\" data-widget_type=\"heading.default\">\n\t\t\t\t<div class=\"elementor-widget-container\">\n\t\t\t\t\t<h2 class=\"elementor-heading-title elementor-size-default\">Pr\u00f3ximamente: Vista previa exclusiva de los nuevos modelos<\/h2>\t\t\t\t<\/div>\n\t\t\t\t<\/div>\n\t\t\t\t<div class=\"elementor-element elementor-element-dc66811 elementor-widget elementor-widget-text-editor\" data-id=\"dc66811\" data-element_type=\"widget\" data-e-type=\"widget\" data-widget_type=\"text-editor.default\">\n\t\t\t\t<div class=\"elementor-widget-container\">\n\t\t\t\t\t\t\t\t\t<p><span style=\"color: #000000;\">El futuro de los viajes comienza con Ahorn Camp! A finales de agosto, presentaremos en <a href=\"https:\/\/ahorn-camp.de\/es\/caravan-salon\/\" target=\"_blank\" rel=\"noopener\"><span style=\"color: #1b508c;\"><strong>Caravan Salon<\/strong><\/span><\/a> nuestras autocaravanas y campervans m\u00e1s recientes. Disfrute de:<\/span><\/p><ul><li><span style=\"color: #000000;\"><span style=\"color: #1b508c;\"><strong>Dise\u00f1os innovadores y m\u00e1xima funcionalidad<\/strong><\/span> para tus aventuras de campamento.<\/span><\/li><li><span style=\"color: #000000;\"><span style=\"color: #1b508c;\"><strong>Calidad de fabricaci\u00f3n premium<\/strong><\/span> a trav\u00e9s de la producci\u00f3n en una de las plantas m\u00e1s modernas de Europa.<\/span><\/li><li><span style=\"color: #000000;\"><span style=\"color: #1b508c;\"><strong>Rendimiento \u00f3ptimo de conducci\u00f3n<\/strong><\/span> gracias al revolucionario chasis del Renault Master.<\/span><\/li><\/ul><p><span style=\"color: #000000;\">Reserve ahora una cita de asesoramiento personal. Esperamos su visita, ya sea en el Caravan Salon o en nuestras sucursales.<\/span><\/p>\t\t\t\t\t\t\t\t<\/div>\n\t\t\t\t<\/div>\n\t\t\t\t<div class=\"elementor-element elementor-element-992a9a9 elementor-widget elementor-widget-toggle\" data-id=\"992a9a9\" data-element_type=\"widget\" data-e-type=\"widget\" data-widget_type=\"toggle.default\">\n\t\t\t\t<div class=\"elementor-widget-container\">\n\t\t\t\t\t\t\t<div class=\"elementor-toggle\">\n\t\t\t\t\t\t\t<div class=\"elementor-toggle-item\">\n\t\t\t\t\t<div id=\"elementor-tab-title-1601\" class=\"elementor-tab-title\" data-tab=\"1\" role=\"button\" aria-controls=\"elementor-tab-content-1601\" aria-expanded=\"false\">\n\t\t\t\t\t\t\t\t\t\t\t\t<span class=\"elementor-toggle-icon elementor-toggle-icon-left\" aria-hidden=\"true\">\n\t\t\t\t\t\t\t\t\t\t\t\t\t\t\t<span class=\"elementor-toggle-icon-closed\"><i class=\"fas fa-caret-down\"><\/i><\/span>\n\t\t\t\t\t\t\t\t<span class=\"elementor-toggle-icon-opened\"><i class=\"elementor-toggle-icon-opened fas fa-caret-up\"><\/i><\/span>\n\t\t\t\t\t\t\t\t\t\t\t\t\t<\/span>\n\t\t\t\t\t\t\t\t\t\t\t\t<a class=\"elementor-toggle-title\" tabindex=\"0\">Reserve ahora una consulta sin compromiso<\/a>\n\t\t\t\t\t<\/div>\n\n\t\t\t\t\t<div id=\"elementor-tab-content-1601\" class=\"elementor-tab-content elementor-clearfix\" data-tab=\"1\" role=\"region\" aria-labelledby=\"elementor-tab-title-1601\"><p><script charset=\"utf-8\" type=\"text\/javascript\" src=\"\/\/js-eu1.hsforms.net\/forms\/embed\/v2.js\"><\/script><br \/><script>\n  hbspt.forms.create({\n    portalId: \"26460715\",\n    formId: \"7130b983-2dd1-4e2c-aed1-149c8097575b\",\n    region: \"eu1\"\n  });\n<\/script><\/p><\/div>\n\t\t\t\t<\/div>\n\t\t\t\t\t\t\t\t<\/div>\n\t\t\t\t\t\t<\/div>\n\t\t\t\t<\/div>\n\t\t\t\t\t<\/div>\n\t\t<\/div>\n\t\t\t\t\t<\/div>\n\t\t<\/section>\n\t\t\t\t<section class=\"elementor-section elementor-top-section elementor-element elementor-element-5eee384 elementor-section-boxed elementor-section-height-default elementor-section-height-default\" data-id=\"5eee384\" data-element_type=\"section\" data-e-type=\"section\">\n\t\t\t\t\t\t<div class=\"elementor-container elementor-column-gap-default\">\n\t\t\t\t\t<div class=\"elementor-column elementor-col-100 elementor-top-column elementor-element elementor-element-1fd9e02\" data-id=\"1fd9e02\" data-element_type=\"column\" data-e-type=\"column\">\n\t\t\t<div class=\"elementor-widget-wrap elementor-element-populated\">\n\t\t\t\t\t\t<div class=\"elementor-element elementor-element-e85b375 elementor-widget elementor-widget-heading\" data-id=\"e85b375\" data-element_type=\"widget\" data-e-type=\"widget\" data-widget_type=\"heading.default\">\n\t\t\t\t<div class=\"elementor-widget-container\">\n\t\t\t\t\t<h2 class=\"elementor-heading-title elementor-size-default\">\u00a1S\u00e9 el primero en enterarte de todo!<\/h2>\t\t\t\t<\/div>\n\t\t\t\t<\/div>\n\t\t\t\t<div class=\"elementor-element elementor-element-9c2ba0d elementor-widget elementor-widget-text-editor\" data-id=\"9c2ba0d\" data-element_type=\"widget\" data-e-type=\"widget\" data-widget_type=\"text-editor.default\">\n\t\t\t\t<div class=\"elementor-widget-container\">\n\t\t\t\t\t\t\t\t\t<p><span style=\"color: #000000;\">Reg\u00edstrese ahora para nuestro <strong>Bolet\u00edn Madrugador<\/strong> y asegurese de obtener informaci\u00f3n exclusiva sobre los nuevos modelos antes de la presentaci\u00f3n oficial en el Caravan Salon. \u00a1Sea de los primeros en conocer detalles sobre el dise\u00f1o, el equipamiento, las caracter\u00edsticas t\u00e9cnicas y los interesantes aspectos destacados!<\/span><\/p>\t\t\t\t\t\t\t\t<\/div>\n\t\t\t\t<\/div>\n\t\t\t\t<div class=\"elementor-element elementor-element-13153cc elementor-widget elementor-widget-toggle\" data-id=\"13153cc\" data-element_type=\"widget\" data-e-type=\"widget\" data-widget_type=\"toggle.default\">\n\t\t\t\t<div class=\"elementor-widget-container\">\n\t\t\t\t\t\t\t<div class=\"elementor-toggle\">\n\t\t\t\t\t\t\t<div class=\"elementor-toggle-item\">\n\t\t\t\t\t<div id=\"elementor-tab-title-2001\" class=\"elementor-tab-title\" data-tab=\"1\" role=\"button\" aria-controls=\"elementor-tab-content-2001\" aria-expanded=\"false\">\n\t\t\t\t\t\t\t\t\t\t\t\t<span class=\"elementor-toggle-icon elementor-toggle-icon-left\" aria-hidden=\"true\">\n\t\t\t\t\t\t\t\t\t\t\t\t\t\t\t<span class=\"elementor-toggle-icon-closed\"><i class=\"fas fa-caret-down\"><\/i><\/span>\n\t\t\t\t\t\t\t\t<span class=\"elementor-toggle-icon-opened\"><i class=\"elementor-toggle-icon-opened fas fa-caret-up\"><\/i><\/span>\n\t\t\t\t\t\t\t\t\t\t\t\t\t<\/span>\n\t\t\t\t\t\t\t\t\t\t\t\t<a class=\"elementor-toggle-title\" tabindex=\"0\">Para registrarse en el bolet\u00edn informativo<\/a>\n\t\t\t\t\t<\/div>\n\n\t\t\t\t\t<div id=\"elementor-tab-content-2001\" class=\"elementor-tab-content elementor-clearfix\" data-tab=\"1\" role=\"region\" aria-labelledby=\"elementor-tab-title-2001\"><p><script charset=\"utf-8\" type=\"text\/javascript\" src=\"\/\/js-eu1.hsforms.net\/forms\/embed\/v2.js\"><span data-mce-type=\"bookmark\" style=\"display: inline-block; width: 0px; overflow: hidden; line-height: 0;\" class=\"mce_SELRES_start\">\ufeff<\/span><\/script><br \/><script>\n  hbspt.forms.create({\n    portalId: \"26460715\",\n    formId: \"825f8f88-dd18-401d-ad4f-064d47de14c0\",\n    region: \"eu1\"\n  });\n<\/script><\/p><\/div>\n\t\t\t\t<\/div>\n\t\t\t\t\t\t\t\t<\/div>\n\t\t\t\t\t\t<\/div>\n\t\t\t\t<\/div>\n\t\t\t\t\t<\/div>\n\t\t<\/div>\n\t\t\t\t\t<\/div>\n\t\t<\/section>\n\t\t\t\t<section class=\"elementor-section elementor-top-section elementor-element elementor-element-8e9b3b9 elementor-section-boxed elementor-section-height-default elementor-section-height-default\" data-id=\"8e9b3b9\" data-element_type=\"section\" data-e-type=\"section\">\n\t\t\t\t\t\t<div class=\"elementor-container elementor-column-gap-default\">\n\t\t\t\t\t<div class=\"elementor-column elementor-col-100 elementor-top-column elementor-element elementor-element-cb998c4\" data-id=\"cb998c4\" data-element_type=\"column\" data-e-type=\"column\">\n\t\t\t<div class=\"elementor-widget-wrap elementor-element-populated\">\n\t\t\t\t\t\t<div class=\"elementor-element elementor-element-fd433a1 elementor-widget elementor-widget-heading\" data-id=\"fd433a1\" data-element_type=\"widget\" data-e-type=\"widget\" data-widget_type=\"heading.default\">\n\t\t\t\t<div class=\"elementor-widget-container\">\n\t\t\t\t\t<h2 class=\"elementor-heading-title elementor-size-default\">Descubra nuestros modelos en l\u00ednea<\/h2>\t\t\t\t<\/div>\n\t\t\t\t<\/div>\n\t\t\t\t<div class=\"elementor-element elementor-element-27502ea elementor-widget elementor-widget-text-editor\" data-id=\"27502ea\" data-element_type=\"widget\" data-e-type=\"widget\" data-widget_type=\"text-editor.default\">\n\t\t\t\t<div class=\"elementor-widget-container\">\n\t\t\t\t\t\t\t\t\t<p><span style=\"color: #000000;\">\u00bfNo puedes esperar a descubrir nuestros modelos? Con gusto puedes informarte en l\u00ednea sobre nuestras autocaravanas y curiosear tranquilamente. Como cada a\u00f1o, hemos desarrollado todos los modelos para alcanzar el m\u00e1ximo confort para ti.<\/span><\/p>\t\t\t\t\t\t\t\t<\/div>\n\t\t\t\t<\/div>\n\t\t\t\t<section class=\"elementor-section elementor-inner-section elementor-element elementor-element-008d74b elementor-section-boxed elementor-section-height-default elementor-section-height-default\" data-id=\"008d74b\" data-element_type=\"section\" data-e-type=\"section\">\n\t\t\t\t\t\t<div class=\"elementor-container elementor-column-gap-default\">\n\t\t\t\t\t<div class=\"elementor-column elementor-col-20 elementor-inner-column elementor-element elementor-element-a2947eb\" data-id=\"a2947eb\" data-element_type=\"column\" data-e-type=\"column\" data-settings=\"{&quot;background_background&quot;:&quot;classic&quot;}\">\n\t\t\t<div class=\"elementor-widget-wrap elementor-element-populated\">\n\t\t\t\t\t\t<div class=\"elementor-element elementor-element-2a5aaac elementor-widget elementor-widget-image\" data-id=\"2a5aaac\" data-element_type=\"widget\" data-e-type=\"widget\" data-widget_type=\"image.default\">\n\t\t\t\t<div class=\"elementor-widget-container\">\n\t\t\t\t\t\t\t\t\t\t\t\t\t\t\t\t<a href=\"https:\/\/ahorn-camp.de\/es\/ofertas\/\">\n\t\t\t\t\t\t\t<img decoding=\"async\" width=\"1024\" height=\"683\" src=\"https:\/\/ahorn-camp.de\/wp-content\/uploads\/2024\/03\/2024-02-Website-Icons-Fahrzeuge2.png\" class=\"attachment-full size-full wp-image-22516\" alt=\"Ofertas actuales de Ahorn Camp\" srcset=\"https:\/\/ahorn-camp.de\/wp-content\/uploads\/2024\/03\/2024-02-Website-Icons-Fahrzeuge2.png 1024w, https:\/\/ahorn-camp.de\/wp-content\/uploads\/2024\/03\/2024-02-Website-Icons-Fahrzeuge2-300x200.png 300w, https:\/\/ahorn-camp.de\/wp-content\/uploads\/2024\/03\/2024-02-Website-Icons-Fahrzeuge2-768x512.png 768w, https:\/\/ahorn-camp.de\/wp-content\/uploads\/2024\/03\/2024-02-Website-Icons-Fahrzeuge2-800x534.png 800w\" sizes=\"(max-width: 1024px) 100vw, 1024px\" \/>\t\t\t\t\t\t\t\t<\/a>\n\t\t\t\t\t\t\t\t\t\t\t\t\t\t\t<\/div>\n\t\t\t\t<\/div>\n\t\t\t\t<div class=\"elementor-element elementor-element-514769b elementor-widget elementor-widget-heading\" data-id=\"514769b\" data-element_type=\"widget\" data-e-type=\"widget\" data-widget_type=\"heading.default\">\n\t\t\t\t<div class=\"elementor-widget-container\">\n\t\t\t\t\t<h4 class=\"elementor-heading-title elementor-size-default\"><a href=\"https:\/\/ahorn-camp.de\/es\/ofertas\/\">Ofertas actuales<\/a><\/h4>\t\t\t\t<\/div>\n\t\t\t\t<\/div>\n\t\t\t\t<div class=\"elementor-element elementor-element-dda5694 elementor-widget elementor-widget-text-editor\" data-id=\"dda5694\" data-element_type=\"widget\" data-e-type=\"widget\" data-widget_type=\"text-editor.default\">\n\t\t\t\t<div class=\"elementor-widget-container\">\n\t\t\t\t\t\t\t\t\t<p>Descuentos exclusivos en modelos seleccionados<\/p>\t\t\t\t\t\t\t\t<\/div>\n\t\t\t\t<\/div>\n\t\t\t\t<div class=\"elementor-element elementor-element-43e86b9 elementor-widget__width-inherit elementor-align-center elementor-widget elementor-widget-button\" data-id=\"43e86b9\" data-element_type=\"widget\" data-e-type=\"widget\" data-widget_type=\"button.default\">\n\t\t\t\t<div class=\"elementor-widget-container\">\n\t\t\t\t\t\t\t\t\t<div class=\"elementor-button-wrapper\">\n\t\t\t\t\t<a class=\"elementor-button elementor-button-link elementor-size-sm elementor-animation-float\" href=\"https:\/\/ahorn-camp.de\/es\/ofertas\/\">\n\t\t\t\t\t\t<span class=\"elementor-button-content-wrapper\">\n\t\t\t\t\t\t\t\t\t<span class=\"elementor-button-text\">Ver oferta<\/span>\n\t\t\t\t\t<\/span>\n\t\t\t\t\t<\/a>\n\t\t\t\t<\/div>\n\t\t\t\t\t\t\t\t<\/div>\n\t\t\t\t<\/div>\n\t\t\t\t\t<\/div>\n\t\t<\/div>\n\t\t\t\t<div class=\"elementor-column elementor-col-20 elementor-inner-column elementor-element elementor-element-3646035\" data-id=\"3646035\" data-element_type=\"column\" data-e-type=\"column\" data-settings=\"{&quot;background_background&quot;:&quot;classic&quot;}\">\n\t\t\t<div class=\"elementor-widget-wrap elementor-element-populated\">\n\t\t\t\t\t\t<div class=\"elementor-element elementor-element-143274c elementor-widget elementor-widget-image\" data-id=\"143274c\" data-element_type=\"widget\" data-e-type=\"widget\" data-widget_type=\"image.default\">\n\t\t\t\t<div class=\"elementor-widget-container\">\n\t\t\t\t\t\t\t\t\t\t\t\t\t\t\t\t<a href=\"https:\/\/ahorn-camp.de\/es\/gebrauchte\/\">\n\t\t\t\t\t\t\t<img decoding=\"async\" width=\"1024\" height=\"683\" src=\"https:\/\/ahorn-camp.de\/wp-content\/uploads\/2024\/03\/2024-02-Website-Icons-Fahrzeuge.png\" class=\"attachment-full size-full wp-image-22517\" alt=\"Veh\u00edculos de segunda mano de Ahorn Camp\" srcset=\"https:\/\/ahorn-camp.de\/wp-content\/uploads\/2024\/03\/2024-02-Website-Icons-Fahrzeuge.png 1024w, https:\/\/ahorn-camp.de\/wp-content\/uploads\/2024\/03\/2024-02-Website-Icons-Fahrzeuge-300x200.png 300w, https:\/\/ahorn-camp.de\/wp-content\/uploads\/2024\/03\/2024-02-Website-Icons-Fahrzeuge-768x512.png 768w, https:\/\/ahorn-camp.de\/wp-content\/uploads\/2024\/03\/2024-02-Website-Icons-Fahrzeuge-800x534.png 800w\" sizes=\"(max-width: 1024px) 100vw, 1024px\" \/>\t\t\t\t\t\t\t\t<\/a>\n\t\t\t\t\t\t\t\t\t\t\t\t\t\t\t<\/div>\n\t\t\t\t<\/div>\n\t\t\t\t<div class=\"elementor-element elementor-element-8b3aab5 elementor-widget elementor-widget-heading\" data-id=\"8b3aab5\" data-element_type=\"widget\" data-e-type=\"widget\" data-widget_type=\"heading.default\">\n\t\t\t\t<div class=\"elementor-widget-container\">\n\t\t\t\t\t<h4 class=\"elementor-heading-title elementor-size-default\"><a href=\"https:\/\/ahorn-camp.de\/es\/gebrauchte\/\">Usado<\/a><\/h4>\t\t\t\t<\/div>\n\t\t\t\t<\/div>\n\t\t\t\t<div class=\"elementor-element elementor-element-415b63b elementor-widget elementor-widget-text-editor\" data-id=\"415b63b\" data-element_type=\"widget\" data-e-type=\"widget\" data-widget_type=\"text-editor.default\">\n\t\t\t\t<div class=\"elementor-widget-container\">\n\t\t\t\t\t\t\t\t\t<p>Coches de demostraci\u00f3n, seminuevos o devueltos<\/p>\t\t\t\t\t\t\t\t<\/div>\n\t\t\t\t<\/div>\n\t\t\t\t<div class=\"elementor-element elementor-element-fb3a8c6 elementor-widget__width-inherit elementor-align-center elementor-widget elementor-widget-button\" data-id=\"fb3a8c6\" data-element_type=\"widget\" data-e-type=\"widget\" data-widget_type=\"button.default\">\n\t\t\t\t<div class=\"elementor-widget-container\">\n\t\t\t\t\t\t\t\t\t<div class=\"elementor-button-wrapper\">\n\t\t\t\t\t<a class=\"elementor-button elementor-button-link elementor-size-sm elementor-animation-float\" href=\"https:\/\/ahorn-camp.de\/es\/gebrauchte\/\">\n\t\t\t\t\t\t<span class=\"elementor-button-content-wrapper\">\n\t\t\t\t\t\t\t\t\t<span class=\"elementor-button-text\">Ver modelos<\/span>\n\t\t\t\t\t<\/span>\n\t\t\t\t\t<\/a>\n\t\t\t\t<\/div>\n\t\t\t\t\t\t\t\t<\/div>\n\t\t\t\t<\/div>\n\t\t\t\t\t<\/div>\n\t\t<\/div>\n\t\t\t\t<div class=\"elementor-column elementor-col-20 elementor-inner-column elementor-element elementor-element-d5757f5\" data-id=\"d5757f5\" data-element_type=\"column\" data-e-type=\"column\" data-settings=\"{&quot;background_background&quot;:&quot;classic&quot;}\">\n\t\t\t<div class=\"elementor-widget-wrap elementor-element-populated\">\n\t\t\t\t\t\t<div class=\"elementor-element elementor-element-b14c3ac elementor-widget elementor-widget-image\" data-id=\"b14c3ac\" data-element_type=\"widget\" data-e-type=\"widget\" data-widget_type=\"image.default\">\n\t\t\t\t<div class=\"elementor-widget-container\">\n\t\t\t\t\t\t\t\t\t\t\t\t\t\t\t\t<a href=\"https:\/\/ahorn-camp.de\/es\/ahorn-reisemobile\/autocaravanas-capuchinas\/\">\n\t\t\t\t\t\t\t<img loading=\"lazy\" decoding=\"async\" width=\"1024\" height=\"683\" src=\"https:\/\/ahorn-camp.de\/wp-content\/uploads\/2024\/02\/2024-02-WebIcons-_0003s_0003_ACT-640.png\" class=\"attachment-full size-full wp-image-22064\" alt=\"ACA 640\" srcset=\"https:\/\/ahorn-camp.de\/wp-content\/uploads\/2024\/02\/2024-02-WebIcons-_0003s_0003_ACT-640.png 1024w, https:\/\/ahorn-camp.de\/wp-content\/uploads\/2024\/02\/2024-02-WebIcons-_0003s_0003_ACT-640-300x200.png 300w, https:\/\/ahorn-camp.de\/wp-content\/uploads\/2024\/02\/2024-02-WebIcons-_0003s_0003_ACT-640-768x512.png 768w, https:\/\/ahorn-camp.de\/wp-content\/uploads\/2024\/02\/2024-02-WebIcons-_0003s_0003_ACT-640-800x534.png 800w\" sizes=\"(max-width: 1024px) 100vw, 1024px\" \/>\t\t\t\t\t\t\t\t<\/a>\n\t\t\t\t\t\t\t\t\t\t\t\t\t\t\t<\/div>\n\t\t\t\t<\/div>\n\t\t\t\t<div class=\"elementor-element elementor-element-bc02abb elementor-widget elementor-widget-heading\" data-id=\"bc02abb\" data-element_type=\"widget\" data-e-type=\"widget\" data-widget_type=\"heading.default\">\n\t\t\t\t<div class=\"elementor-widget-container\">\n\t\t\t\t\t<h4 class=\"elementor-heading-title elementor-size-default\"><a href=\"https:\/\/ahorn-camp.de\/es\/ahorn-reisemobile\/autocaravanas-capuchinas\/\">Alkoven <\/a><\/h4>\t\t\t\t<\/div>\n\t\t\t\t<\/div>\n\t\t\t\t<div class=\"elementor-element elementor-element-9d8eb92 elementor-widget elementor-widget-text-editor\" data-id=\"9d8eb92\" data-element_type=\"widget\" data-e-type=\"widget\" data-widget_type=\"text-editor.default\">\n\t\t\t\t<div class=\"elementor-widget-container\">\n\t\t\t\t\t\t\t\t\tMuy espacioso para una gran sensaci\u00f3n de espacio\t\t\t\t\t\t\t\t<\/div>\n\t\t\t\t<\/div>\n\t\t\t\t<div class=\"elementor-element elementor-element-fbd83bb elementor-widget__width-inherit elementor-align-center elementor-widget elementor-widget-button\" data-id=\"fbd83bb\" data-element_type=\"widget\" data-e-type=\"widget\" data-widget_type=\"button.default\">\n\t\t\t\t<div class=\"elementor-widget-container\">\n\t\t\t\t\t\t\t\t\t<div class=\"elementor-button-wrapper\">\n\t\t\t\t\t<a class=\"elementor-button elementor-button-link elementor-size-sm elementor-animation-float\" href=\"https:\/\/ahorn-camp.de\/es\/ahorn-reisemobile\/autocaravanas-capuchinas\/\">\n\t\t\t\t\t\t<span class=\"elementor-button-content-wrapper\">\n\t\t\t\t\t\t\t\t\t<span class=\"elementor-button-text\">Ver modelos<\/span>\n\t\t\t\t\t<\/span>\n\t\t\t\t\t<\/a>\n\t\t\t\t<\/div>\n\t\t\t\t\t\t\t\t<\/div>\n\t\t\t\t<\/div>\n\t\t\t\t\t<\/div>\n\t\t<\/div>\n\t\t\t\t<div class=\"elementor-column elementor-col-20 elementor-inner-column elementor-element elementor-element-87f7c1c\" data-id=\"87f7c1c\" data-element_type=\"column\" data-e-type=\"column\" data-settings=\"{&quot;background_background&quot;:&quot;classic&quot;}\">\n\t\t\t<div class=\"elementor-widget-wrap elementor-element-populated\">\n\t\t\t\t\t\t<div class=\"elementor-element elementor-element-bdb5a58 elementor-widget elementor-widget-image\" data-id=\"bdb5a58\" data-element_type=\"widget\" data-e-type=\"widget\" data-widget_type=\"image.default\">\n\t\t\t\t<div class=\"elementor-widget-container\">\n\t\t\t\t\t\t\t\t\t\t\t\t\t\t\t\t<a href=\"https:\/\/ahorn-camp.de\/es\/ahorn-reisemobile\/autocaravanas-semi-integral\/\">\n\t\t\t\t\t\t\t<img loading=\"lazy\" decoding=\"async\" width=\"1024\" height=\"683\" src=\"https:\/\/ahorn-camp.de\/wp-content\/uploads\/2024\/02\/2024-02-WebIcons-_0001s_0005_Canada-TE.png\" class=\"attachment-full size-full wp-image-22068\" alt=\"Canad\u00e1\" srcset=\"https:\/\/ahorn-camp.de\/wp-content\/uploads\/2024\/02\/2024-02-WebIcons-_0001s_0005_Canada-TE.png 1024w, https:\/\/ahorn-camp.de\/wp-content\/uploads\/2024\/02\/2024-02-WebIcons-_0001s_0005_Canada-TE-300x200.png 300w, https:\/\/ahorn-camp.de\/wp-content\/uploads\/2024\/02\/2024-02-WebIcons-_0001s_0005_Canada-TE-768x512.png 768w, https:\/\/ahorn-camp.de\/wp-content\/uploads\/2024\/02\/2024-02-WebIcons-_0001s_0005_Canada-TE-800x534.png 800w\" sizes=\"(max-width: 1024px) 100vw, 1024px\" \/>\t\t\t\t\t\t\t\t<\/a>\n\t\t\t\t\t\t\t\t\t\t\t\t\t\t\t<\/div>\n\t\t\t\t<\/div>\n\t\t\t\t<div class=\"elementor-element elementor-element-c11d8ff elementor-widget elementor-widget-heading\" data-id=\"c11d8ff\" data-element_type=\"widget\" data-e-type=\"widget\" data-widget_type=\"heading.default\">\n\t\t\t\t<div class=\"elementor-widget-container\">\n\t\t\t\t\t<h4 class=\"elementor-heading-title elementor-size-default\"><a href=\"https:\/\/ahorn-camp.de\/es\/ahorn-reisemobile\/autocaravanas-semi-integral\/\">Semi-integrado <\/a><\/h4>\t\t\t\t<\/div>\n\t\t\t\t<\/div>\n\t\t\t\t<div class=\"elementor-element elementor-element-0ec4b6e elementor-widget elementor-widget-text-editor\" data-id=\"0ec4b6e\" data-element_type=\"widget\" data-e-type=\"widget\" data-widget_type=\"text-editor.default\">\n\t\t\t\t<div class=\"elementor-widget-container\">\n\t\t\t\t\t\t\t\t\tViajes c\u00f3modos en hotel de lujo m\u00f3vil\t\t\t\t\t\t\t\t<\/div>\n\t\t\t\t<\/div>\n\t\t\t\t<div class=\"elementor-element elementor-element-56f4633 elementor-widget__width-inherit elementor-align-center elementor-widget elementor-widget-button\" data-id=\"56f4633\" data-element_type=\"widget\" data-e-type=\"widget\" data-widget_type=\"button.default\">\n\t\t\t\t<div class=\"elementor-widget-container\">\n\t\t\t\t\t\t\t\t\t<div class=\"elementor-button-wrapper\">\n\t\t\t\t\t<a class=\"elementor-button elementor-button-link elementor-size-sm elementor-animation-float\" href=\"https:\/\/ahorn-camp.de\/es\/ahorn-reisemobile\/autocaravanas-semi-integral\/\">\n\t\t\t\t\t\t<span class=\"elementor-button-content-wrapper\">\n\t\t\t\t\t\t\t\t\t<span class=\"elementor-button-text\">Ver modelos<\/span>\n\t\t\t\t\t<\/span>\n\t\t\t\t\t<\/a>\n\t\t\t\t<\/div>\n\t\t\t\t\t\t\t\t<\/div>\n\t\t\t\t<\/div>\n\t\t\t\t\t<\/div>\n\t\t<\/div>\n\t\t\t\t<div class=\"elementor-column elementor-col-20 elementor-inner-column elementor-element elementor-element-73f39c5\" data-id=\"73f39c5\" data-element_type=\"column\" data-e-type=\"column\" data-settings=\"{&quot;background_background&quot;:&quot;classic&quot;}\">\n\t\t\t<div class=\"elementor-widget-wrap elementor-element-populated\">\n\t\t\t\t\t\t<div class=\"elementor-element elementor-element-6632f88 elementor-widget elementor-widget-image\" data-id=\"6632f88\" data-element_type=\"widget\" data-e-type=\"widget\" data-widget_type=\"image.default\">\n\t\t\t\t<div class=\"elementor-widget-container\">\n\t\t\t\t\t\t\t\t\t\t\t\t\t\t\t\t<a href=\"https:\/\/ahorn-camp.de\/es\/ahorn-reisemobile\/autocaravanas\/\">\n\t\t\t\t\t\t\t<img loading=\"lazy\" decoding=\"async\" width=\"1024\" height=\"683\" src=\"https:\/\/ahorn-camp.de\/wp-content\/uploads\/2024\/02\/2024-02-WebIcons-_0002s_0007_Van-620.png\" class=\"attachment-full size-full wp-image-22073\" alt=\"Han pasado 620\" srcset=\"https:\/\/ahorn-camp.de\/wp-content\/uploads\/2024\/02\/2024-02-WebIcons-_0002s_0007_Van-620.png 1024w, https:\/\/ahorn-camp.de\/wp-content\/uploads\/2024\/02\/2024-02-WebIcons-_0002s_0007_Van-620-300x200.png 300w, https:\/\/ahorn-camp.de\/wp-content\/uploads\/2024\/02\/2024-02-WebIcons-_0002s_0007_Van-620-768x512.png 768w, https:\/\/ahorn-camp.de\/wp-content\/uploads\/2024\/02\/2024-02-WebIcons-_0002s_0007_Van-620-800x534.png 800w\" sizes=\"(max-width: 1024px) 100vw, 1024px\" \/>\t\t\t\t\t\t\t\t<\/a>\n\t\t\t\t\t\t\t\t\t\t\t\t\t\t\t<\/div>\n\t\t\t\t<\/div>\n\t\t\t\t<div class=\"elementor-element elementor-element-eb194bf elementor-widget elementor-widget-heading\" data-id=\"eb194bf\" data-element_type=\"widget\" data-e-type=\"widget\" data-widget_type=\"heading.default\">\n\t\t\t\t<div class=\"elementor-widget-container\">\n\t\t\t\t\t<h4 class=\"elementor-heading-title elementor-size-default\"><a href=\"https:\/\/ahorn-camp.de\/es\/ahorn-reisemobile\/autocaravanas\/\">Furgoneta<\/a><\/h4>\t\t\t\t<\/div>\n\t\t\t\t<\/div>\n\t\t\t\t<div class=\"elementor-element elementor-element-10b5593 elementor-widget elementor-widget-text-editor\" data-id=\"10b5593\" data-element_type=\"widget\" data-e-type=\"widget\" data-widget_type=\"text-editor.default\">\n\t\t\t\t<div class=\"elementor-widget-container\">\n\t\t\t\t\t\t\t\t\tAdecuado para viajes espont\u00e1neos y sencillos\t\t\t\t\t\t\t\t<\/div>\n\t\t\t\t<\/div>\n\t\t\t\t<div class=\"elementor-element elementor-element-edf3c82 elementor-widget__width-inherit elementor-align-center elementor-widget elementor-widget-button\" data-id=\"edf3c82\" data-element_type=\"widget\" data-e-type=\"widget\" data-widget_type=\"button.default\">\n\t\t\t\t<div class=\"elementor-widget-container\">\n\t\t\t\t\t\t\t\t\t<div class=\"elementor-button-wrapper\">\n\t\t\t\t\t<a class=\"elementor-button elementor-button-link elementor-size-sm elementor-animation-float\" href=\"https:\/\/ahorn-camp.de\/es\/ahorn-reisemobile\/autocaravanas\/\">\n\t\t\t\t\t\t<span class=\"elementor-button-content-wrapper\">\n\t\t\t\t\t\t\t\t\t<span class=\"elementor-button-text\">Ver modelos<\/span>\n\t\t\t\t\t<\/span>\n\t\t\t\t\t<\/a>\n\t\t\t\t<\/div>\n\t\t\t\t\t\t\t\t<\/div>\n\t\t\t\t<\/div>\n\t\t\t\t\t<\/div>\n\t\t<\/div>\n\t\t\t\t\t<\/div>\n\t\t<\/section>\n\t\t\t\t\t<\/div>\n\t\t<\/div>\n\t\t\t\t\t<\/div>\n\t\t<\/section>\n\t\t\t\t<\/div>","protected":false},"excerpt":{"rendered":"<p>Ahorn Camp &#038; Erwin Hymer Group: Eine starke Partnerschaft f\u00fcr die Zukunft des Campings <\/p>\n<p style=\"text-align: left;\">Erleben Sie Innovation und Qualit\u00e4t \u2013 Seien Sie gespannt auf unsere neuen Modelle, die Sie erstmals auf dem Caravan Salon 2025 entdecken und erleben k\u00f6nnen.<\/p>\n<p> Ahorn Camp X Erwin Hymer Group \u2013 Gemeinsam die Zukunft des Campings gestalten <\/p>\n<p style=\"text-align: left;\">Ahorn Camp freut sich \u00fcber die im M\u00e4rz 2025 geschlossene Produktionskooperation mit der renommierten Erwin Hymer Group \u2013 einem der f\u00fchrenden Hersteller von Freizeitfahrzeugen in Europa. Diese Partnerschaft bringt zahlreiche Vorteile mit sich:<\/p>\n<ul style=\"text-align: left;\">\n<li><strong>Fertigung des kompletten Ahorn Camp Modellprogramms<\/strong> im hochmodernen EHG-Werk in San Casciano<\/li>\n<li><strong>Produktion auf dem neuen Renault Master-Chassis<\/strong> f\u00fcr mehr Fahrkomfort und Effizienz<\/li>\n<li><strong>Langfristige Planungssicherheit<\/strong> durch einen F\u00fcnfjahresvertrag mit Perspektive auf Verl\u00e4ngerung<\/li>\n<\/ul>\n<p>Dank der Kombination aus Ahorn Camps Flexibilit\u00e4t und Innovationskraft sowie der industriellen Exzellenz der Erwin Hymer Group entstehen <strong>hochwertige, zuverl\u00e4ssige und durchdachte Reisemobile<\/strong>, die neue Ma\u00dfst\u00e4be setzen. Das neue Modellprogramm [&#8230;]<\/p>\n","protected":false},"author":2,"featured_media":0,"parent":0,"menu_order":7,"comment_status":"closed","ping_status":"closed","template":"","meta":{"content-type":"","footnotes":""},"class_list":["post-30100","page","type-page","status-publish","hentry"],"yoast_head":"<!-- This site is optimized with the Yoast SEO plugin v27.4 - https:\/\/yoast.com\/product\/yoast-seo-wordpress\/ -->\n<title>Erwin Hymer Group<\/title>\n<meta name=\"description\" content=\"Ahorn Camp freut sich \u00fcber die im M\u00e4rz 2025 geschlossene Produktionskooperation mit der renommierten Erwin Hymer Group.\" \/>\n<meta name=\"robots\" content=\"index, follow, max-snippet:-1, max-image-preview:large, max-video-preview:-1\" \/>\n<link rel=\"canonical\" href=\"https:\/\/ahorn-camp.de\/es\/erwin-hymer-group\/\" \/>\n<meta property=\"og:locale\" content=\"es_ES\" \/>\n<meta property=\"og:type\" content=\"article\" \/>\n<meta property=\"og:title\" content=\"Erwin Hymer Group\" \/>\n<meta property=\"og:description\" content=\"Ahorn Camp freut sich \u00fcber die im M\u00e4rz 2025 geschlossene Produktionskooperation mit der renommierten Erwin Hymer Group.\" \/>\n<meta property=\"og:url\" content=\"https:\/\/ahorn-camp.de\/es\/erwin-hymer-group\/\" \/>\n<meta property=\"og:site_name\" content=\"Ahorn Camp | Reisemobile und Kastenwagen\" \/>\n<meta property=\"article:publisher\" content=\"https:\/\/www.facebook.com\/ahorn.wohnmobile\/\" \/>\n<meta property=\"article:modified_time\" content=\"2025-04-22T08:16:40+00:00\" \/>\n<meta property=\"og:image\" content=\"https:\/\/ahorn-camp.de\/wp-content\/uploads\/2025\/04\/EHG-Werk-San-Casciano-1024x497.png\" \/>\n<meta name=\"twitter:card\" content=\"summary_large_image\" \/>\n<meta name=\"twitter:label1\" content=\"Tiempo de lectura\" \/>\n\t<meta name=\"twitter:data1\" content=\"4 minutos\" \/>\n<script type=\"application\/ld+json\" class=\"yoast-schema-graph\">{\"@context\":\"https:\\\/\\\/schema.org\",\"@graph\":[{\"@type\":\"WebPage\",\"@id\":\"https:\\\/\\\/ahorn-camp.de\\\/erwin-hymer-group\\\/\",\"url\":\"https:\\\/\\\/ahorn-camp.de\\\/erwin-hymer-group\\\/\",\"name\":\"Erwin Hymer Group\",\"isPartOf\":{\"@id\":\"https:\\\/\\\/ahorn-camp.de\\\/#website\"},\"primaryImageOfPage\":{\"@id\":\"https:\\\/\\\/ahorn-camp.de\\\/erwin-hymer-group\\\/#primaryimage\"},\"image\":{\"@id\":\"https:\\\/\\\/ahorn-camp.de\\\/erwin-hymer-group\\\/#primaryimage\"},\"thumbnailUrl\":\"https:\\\/\\\/ahorn-camp.de\\\/wp-content\\\/uploads\\\/2025\\\/04\\\/EHG-Werk-San-Casciano-1024x497.png\",\"datePublished\":\"2025-04-06T06:20:41+00:00\",\"dateModified\":\"2025-04-22T08:16:40+00:00\",\"description\":\"Ahorn Camp freut sich \u00fcber die im M\u00e4rz 2025 geschlossene Produktionskooperation mit der renommierten Erwin Hymer Group.\",\"breadcrumb\":{\"@id\":\"https:\\\/\\\/ahorn-camp.de\\\/erwin-hymer-group\\\/#breadcrumb\"},\"inLanguage\":\"es\",\"potentialAction\":[{\"@type\":\"ReadAction\",\"target\":[\"https:\\\/\\\/ahorn-camp.de\\\/erwin-hymer-group\\\/\"]}]},{\"@type\":\"ImageObject\",\"inLanguage\":\"es\",\"@id\":\"https:\\\/\\\/ahorn-camp.de\\\/erwin-hymer-group\\\/#primaryimage\",\"url\":\"https:\\\/\\\/ahorn-camp.de\\\/wp-content\\\/uploads\\\/2025\\\/04\\\/EHG-Werk-San-Casciano-1024x497.png\",\"contentUrl\":\"https:\\\/\\\/ahorn-camp.de\\\/wp-content\\\/uploads\\\/2025\\\/04\\\/EHG-Werk-San-Casciano-1024x497.png\"},{\"@type\":\"BreadcrumbList\",\"@id\":\"https:\\\/\\\/ahorn-camp.de\\\/erwin-hymer-group\\\/#breadcrumb\",\"itemListElement\":[{\"@type\":\"ListItem\",\"position\":1,\"name\":\"Startseite\",\"item\":\"https:\\\/\\\/ahorn-camp.de\\\/\"},{\"@type\":\"ListItem\",\"position\":2,\"name\":\"Erwin Hymer Group\"}]},{\"@type\":\"WebSite\",\"@id\":\"https:\\\/\\\/ahorn-camp.de\\\/#website\",\"url\":\"https:\\\/\\\/ahorn-camp.de\\\/\",\"name\":\"Ahorn Camp | Reisemobile und Kastenwagen\",\"description\":\"Seit \u00fcber 30 Jahren vermarktet das Familienunternehmen, Ahorn Camp in Speyer, erfolgreich Wohnmobile und Kastenwagen zum besten Preis-Leistungsverh\u00e4ltnis.\",\"publisher\":{\"@id\":\"https:\\\/\\\/ahorn-camp.de\\\/#organization\"},\"potentialAction\":[{\"@type\":\"SearchAction\",\"target\":{\"@type\":\"EntryPoint\",\"urlTemplate\":\"https:\\\/\\\/ahorn-camp.de\\\/?s={search_term_string}\"},\"query-input\":{\"@type\":\"PropertyValueSpecification\",\"valueRequired\":true,\"valueName\":\"search_term_string\"}}],\"inLanguage\":\"es\"},{\"@type\":\"Organization\",\"@id\":\"https:\\\/\\\/ahorn-camp.de\\\/#organization\",\"name\":\"Ahorn Camp GmbH & Co. KG\",\"url\":\"https:\\\/\\\/ahorn-camp.de\\\/\",\"logo\":{\"@type\":\"ImageObject\",\"inLanguage\":\"es\",\"@id\":\"https:\\\/\\\/ahorn-camp.de\\\/#\\\/schema\\\/logo\\\/image\\\/\",\"url\":\"https:\\\/\\\/ahorn-camp.de\\\/wp-content\\\/uploads\\\/2018\\\/12\\\/Ahorn_Logo.jpg\",\"contentUrl\":\"https:\\\/\\\/ahorn-camp.de\\\/wp-content\\\/uploads\\\/2018\\\/12\\\/Ahorn_Logo.jpg\",\"width\":1437,\"height\":1000,\"caption\":\"Ahorn Camp GmbH & Co. KG\"},\"image\":{\"@id\":\"https:\\\/\\\/ahorn-camp.de\\\/#\\\/schema\\\/logo\\\/image\\\/\"},\"sameAs\":[\"https:\\\/\\\/www.facebook.com\\\/ahorn.wohnmobile\\\/\",\"https:\\\/\\\/www.instagram.com\\\/ahorn.camp\\\/\",\"https:\\\/\\\/www.youtube.com\\\/channel\\\/UCPFbPCts1JJ_A1k9vyH0yOQ\"]}]}<\/script>\n<!-- \/ Yoast SEO plugin. -->","yoast_head_json":{"title":"Erwin Hymer Group","description":"Ahorn Camp se complace en anunciar la cooperaci\u00f3n de producci\u00f3n acordada en marzo de 2025 con el prestigioso Erwin Hymer Group.","robots":{"index":"index","follow":"follow","max-snippet":"max-snippet:-1","max-image-preview":"max-image-preview:large","max-video-preview":"max-video-preview:-1"},"canonical":"https:\/\/ahorn-camp.de\/es\/erwin-hymer-group\/","og_locale":"es_ES","og_type":"article","og_title":"Erwin Hymer Group","og_description":"Ahorn Camp freut sich \u00fcber die im M\u00e4rz 2025 geschlossene Produktionskooperation mit der renommierten Erwin Hymer Group.","og_url":"https:\/\/ahorn-camp.de\/es\/erwin-hymer-group\/","og_site_name":"Ahorn Camp | Reisemobile und Kastenwagen","article_publisher":"https:\/\/www.facebook.com\/ahorn.wohnmobile\/","article_modified_time":"2025-04-22T08:16:40+00:00","og_image":[{"url":"https:\/\/ahorn-camp.de\/wp-content\/uploads\/2025\/04\/EHG-Werk-San-Casciano-1024x497.png","type":"","width":"","height":""}],"twitter_card":"summary_large_image","twitter_misc":{"Tiempo de lectura":"4 minutos"},"schema":{"@context":"https:\/\/schema.org","@graph":[{"@type":"WebPage","@id":"https:\/\/ahorn-camp.de\/erwin-hymer-group\/","url":"https:\/\/ahorn-camp.de\/erwin-hymer-group\/","name":"Erwin Hymer Group","isPartOf":{"@id":"https:\/\/ahorn-camp.de\/#website"},"primaryImageOfPage":{"@id":"https:\/\/ahorn-camp.de\/erwin-hymer-group\/#primaryimage"},"image":{"@id":"https:\/\/ahorn-camp.de\/erwin-hymer-group\/#primaryimage"},"thumbnailUrl":"https:\/\/ahorn-camp.de\/wp-content\/uploads\/2025\/04\/EHG-Werk-San-Casciano-1024x497.png","datePublished":"2025-04-06T06:20:41+00:00","dateModified":"2025-04-22T08:16:40+00:00","description":"Ahorn Camp se complace en anunciar la cooperaci\u00f3n de producci\u00f3n acordada en marzo de 2025 con el prestigioso Erwin Hymer Group.","breadcrumb":{"@id":"https:\/\/ahorn-camp.de\/erwin-hymer-group\/#breadcrumb"},"inLanguage":"es","potentialAction":[{"@type":"ReadAction","target":["https:\/\/ahorn-camp.de\/erwin-hymer-group\/"]}]},{"@type":"ImageObject","inLanguage":"es","@id":"https:\/\/ahorn-camp.de\/erwin-hymer-group\/#primaryimage","url":"https:\/\/ahorn-camp.de\/wp-content\/uploads\/2025\/04\/EHG-Werk-San-Casciano-1024x497.png","contentUrl":"https:\/\/ahorn-camp.de\/wp-content\/uploads\/2025\/04\/EHG-Werk-San-Casciano-1024x497.png"},{"@type":"BreadcrumbList","@id":"https:\/\/ahorn-camp.de\/erwin-hymer-group\/#breadcrumb","itemListElement":[{"@type":"ListItem","position":1,"name":"Startseite","item":"https:\/\/ahorn-camp.de\/"},{"@type":"ListItem","position":2,"name":"Erwin Hymer Group"}]},{"@type":"WebSite","@id":"https:\/\/ahorn-camp.de\/#website","url":"https:\/\/ahorn-camp.de\/","name":"Ahorn Camp | Autocaravanas y furgonetas camper","description":"Desde hace m\u00e1s de 30 a\u00f1os, la empresa familiar, Ahorn Camp en Speyer, comercializa con \u00e9xito caravanas y furgonetas camper a la mejor relaci\u00f3n calidad-precio.","publisher":{"@id":"https:\/\/ahorn-camp.de\/#organization"},"potentialAction":[{"@type":"SearchAction","target":{"@type":"EntryPoint","urlTemplate":"https:\/\/ahorn-camp.de\/?s={search_term_string}"},"query-input":{"@type":"PropertyValueSpecification","valueRequired":true,"valueName":"search_term_string"}}],"inLanguage":"es"},{"@type":"Organization","@id":"https:\/\/ahorn-camp.de\/#organization","name":"Ahorn Camp GmbH &amp; Co. KG","url":"https:\/\/ahorn-camp.de\/","logo":{"@type":"ImageObject","inLanguage":"es","@id":"https:\/\/ahorn-camp.de\/#\/schema\/logo\/image\/","url":"https:\/\/ahorn-camp.de\/wp-content\/uploads\/2018\/12\/Ahorn_Logo.jpg","contentUrl":"https:\/\/ahorn-camp.de\/wp-content\/uploads\/2018\/12\/Ahorn_Logo.jpg","width":1437,"height":1000,"caption":"Ahorn Camp GmbH & Co. KG"},"image":{"@id":"https:\/\/ahorn-camp.de\/#\/schema\/logo\/image\/"},"sameAs":["https:\/\/www.facebook.com\/ahorn.wohnmobile\/","https:\/\/www.instagram.com\/ahorn.camp\/","https:\/\/www.youtube.com\/channel\/UCPFbPCts1JJ_A1k9vyH0yOQ"]}]}},"_links":{"self":[{"href":"https:\/\/ahorn-camp.de\/es\/wp-json\/wp\/v2\/pages\/30100","targetHints":{"allow":["GET"]}}],"collection":[{"href":"https:\/\/ahorn-camp.de\/es\/wp-json\/wp\/v2\/pages"}],"about":[{"href":"https:\/\/ahorn-camp.de\/es\/wp-json\/wp\/v2\/types\/page"}],"author":[{"embeddable":true,"href":"https:\/\/ahorn-camp.de\/es\/wp-json\/wp\/v2\/users\/2"}],"replies":[{"embeddable":true,"href":"https:\/\/ahorn-camp.de\/es\/wp-json\/wp\/v2\/comments?post=30100"}],"version-history":[{"count":1,"href":"https:\/\/ahorn-camp.de\/es\/wp-json\/wp\/v2\/pages\/30100\/revisions"}],"predecessor-version":[{"id":31522,"href":"https:\/\/ahorn-camp.de\/es\/wp-json\/wp\/v2\/pages\/30100\/revisions\/31522"}],"wp:attachment":[{"href":"https:\/\/ahorn-camp.de\/es\/wp-json\/wp\/v2\/media?parent=30100"}],"curies":[{"name":"wp","href":"https:\/\/api.w.org\/{rel}","templated":true}]}}