{"id":35806,"date":"2026-01-27T10:44:05","date_gmt":"2026-01-27T09:44:05","guid":{"rendered":"https:\/\/ahorn-camp.de\/?page_id=35806"},"modified":"2026-01-27T10:51:34","modified_gmt":"2026-01-27T09:51:34","slug":"company-history","status":"publish","type":"page","link":"https:\/\/ahorn-camp.de\/en\/firmengeschichte\/","title":{"rendered":"Company history"},"content":{"rendered":"<div data-elementor-type=\"wp-page\" data-elementor-id=\"35806\" class=\"elementor elementor-35806\" data-elementor-post-type=\"page\">\n\t\t\t\t\t\t<section class=\"elementor-section elementor-top-section elementor-element elementor-element-1c35f8b elementor-section-full_width elementor-section-stretched elementor-section-height-default elementor-section-height-default\" data-id=\"1c35f8b\" data-element_type=\"section\" data-e-type=\"section\" data-settings=\"{&quot;stretch_section&quot;:&quot;section-stretched&quot;,&quot;background_background&quot;:&quot;classic&quot;}\">\n\t\t\t\t\t\t<div class=\"elementor-container elementor-column-gap-default\">\n\t\t\t\t\t<div class=\"elementor-column elementor-col-100 elementor-top-column elementor-element elementor-element-3e8aaa7\" data-id=\"3e8aaa7\" data-element_type=\"column\" data-e-type=\"column\">\n\t\t\t<div class=\"elementor-widget-wrap elementor-element-populated\">\n\t\t\t\t\t\t<div class=\"elementor-element elementor-element-48d760a elementor-widget elementor-widget-heading\" data-id=\"48d760a\" data-element_type=\"widget\" data-e-type=\"widget\" data-widget_type=\"heading.default\">\n\t\t\t\t<div class=\"elementor-widget-container\">\n\t\t\t\t\t<h1 class=\"elementor-heading-title elementor-size-default\">Company history<\/h1>\t\t\t\t<\/div>\n\t\t\t\t<\/div>\n\t\t\t\t\t<\/div>\n\t\t<\/div>\n\t\t\t\t\t<\/div>\n\t\t<\/section>\n\t\t\t\t<section class=\"elementor-section elementor-top-section elementor-element elementor-element-f72a257 elementor-section-full_width elementor-section-height-min-height elementor-section-stretched elementor-section-height-default elementor-section-items-middle\" data-id=\"f72a257\" data-element_type=\"section\" data-e-type=\"section\" data-settings=\"{&quot;stretch_section&quot;:&quot;section-stretched&quot;,&quot;background_background&quot;:&quot;classic&quot;}\">\n\t\t\t\t\t\t<div class=\"elementor-container elementor-column-gap-default\">\n\t\t\t\t\t<div class=\"elementor-column elementor-col-100 elementor-top-column elementor-element elementor-element-10fe5da\" data-id=\"10fe5da\" data-element_type=\"column\" data-e-type=\"column\">\n\t\t\t<div class=\"elementor-widget-wrap\">\n\t\t\t\t\t\t\t<\/div>\n\t\t<\/div>\n\t\t\t\t\t<\/div>\n\t\t<\/section>\n\t\t\t\t<section class=\"elementor-section elementor-top-section elementor-element elementor-element-cf22b20 elementor-section-stretched elementor-section-boxed elementor-section-height-default elementor-section-height-default\" data-id=\"cf22b20\" data-element_type=\"section\" data-e-type=\"section\" data-settings=\"{&quot;stretch_section&quot;:&quot;section-stretched&quot;}\">\n\t\t\t\t\t\t<div class=\"elementor-container elementor-column-gap-default\">\n\t\t\t\t\t<div class=\"elementor-column elementor-col-100 elementor-top-column elementor-element elementor-element-9eb6bbe\" data-id=\"9eb6bbe\" data-element_type=\"column\" data-e-type=\"column\">\n\t\t\t<div class=\"elementor-widget-wrap elementor-element-populated\">\n\t\t\t\t\t\t<div class=\"elementor-element elementor-element-2a25000 elementor-widget elementor-widget-heading\" data-id=\"2a25000\" data-element_type=\"widget\" data-e-type=\"widget\" data-widget_type=\"heading.default\">\n\t\t\t\t<div class=\"elementor-widget-container\">\n\t\t\t\t\t<h2 class=\"elementor-heading-title elementor-size-default\">Maple Camp<\/h2>\t\t\t\t<\/div>\n\t\t\t\t<\/div>\n\t\t\t\t<div class=\"elementor-element elementor-element-4031bae elementor-widget elementor-widget-heading\" data-id=\"4031bae\" data-element_type=\"widget\" data-e-type=\"widget\" data-widget_type=\"heading.default\">\n\t\t\t\t<div class=\"elementor-widget-container\">\n\t\t\t\t\t<h3 class=\"elementor-heading-title elementor-size-default\">Tradition meets innovation \u2013 since 1991<\/h3>\t\t\t\t<\/div>\n\t\t\t\t<\/div>\n\t\t\t\t<section class=\"elementor-section elementor-inner-section elementor-element elementor-element-1aa2243 elementor-section-boxed elementor-section-height-default elementor-section-height-default\" data-id=\"1aa2243\" data-element_type=\"section\" data-e-type=\"section\">\n\t\t\t\t\t\t<div class=\"elementor-container elementor-column-gap-default\">\n\t\t\t\t\t<div class=\"elementor-column elementor-col-66 elementor-inner-column elementor-element elementor-element-8080719\" data-id=\"8080719\" data-element_type=\"column\" data-e-type=\"column\">\n\t\t\t<div class=\"elementor-widget-wrap elementor-element-populated\">\n\t\t\t\t\t\t<div class=\"elementor-element elementor-element-7e12e7c elementor-widget elementor-widget-text-editor\" data-id=\"7e12e7c\" data-element_type=\"widget\" data-e-type=\"widget\" data-widget_type=\"text-editor.default\">\n\t\t\t\t<div class=\"elementor-widget-container\">\n\t\t\t\t\t\t\t\t\t<p>For over 30 years, Ahorn Camp has stood for mobile freedom and the passion for travel. Founded by engineer Hans-Joachim Reichmann in the municipality of Ahorn, the family business is now run in the second generation by Alexander and Franziska Reichmann. With innovative spirit and a clear eye for trends, we continuously develop our motorhomes, combining proven quality with modern technology.<\/p>\n<p>This is how Ahorn Camp has become one of Germany's fastest-growing motorhome brands. Numerous regular awards such as <i>Focus Growth Champion<\/i> or <i>Grand Prix of the Medium-Sized Businesses<\/i> confirm our successful course.<\/p>\n<p>From our headquarters in Speyer, our branches in Frankfurt and M\u00fclheim an der Ruhr, and over 30 trading partners in Germany and 15 locations abroad in Europe, we bring Ahorn Camp to the road nationwide. With our rental brand Ahorn Rent, we also make camping accessible for beginners and explorers \u2013 with over 30 rental stations throughout Germany.<\/p>\n<p>At Ahorn Camp, we combine tradition with modernity; you can feel it in every one of our vehicles, in our service, and in our personal consultations.<\/p>\t\t\t\t\t\t\t\t<\/div>\n\t\t\t\t<\/div>\n\t\t\t\t\t<\/div>\n\t\t<\/div>\n\t\t\t\t<div class=\"elementor-column elementor-col-33 elementor-inner-column elementor-element elementor-element-b87500f\" data-id=\"b87500f\" data-element_type=\"column\" data-e-type=\"column\">\n\t\t\t<div class=\"elementor-widget-wrap elementor-element-populated\">\n\t\t\t\t\t\t<div class=\"elementor-element elementor-element-3bdd309 elementor-widget elementor-widget-image\" data-id=\"3bdd309\" data-element_type=\"widget\" data-e-type=\"widget\" data-widget_type=\"image.default\">\n\t\t\t\t<div class=\"elementor-widget-container\">\n\t\t\t\t\t\t\t\t\t\t\t\t\t\t\t<img fetchpriority=\"high\" decoding=\"async\" width=\"683\" height=\"1024\" src=\"https:\/\/ahorn-camp.de\/wp-content\/uploads\/2025\/10\/DSC02499-683x1024.jpg\" class=\"attachment-large size-large wp-image-35808\" alt=\"Picture of AR and FR at CSD\" srcset=\"https:\/\/ahorn-camp.de\/wp-content\/uploads\/2025\/10\/DSC02499-683x1024.jpg 683w, https:\/\/ahorn-camp.de\/wp-content\/uploads\/2025\/10\/DSC02499-200x300.jpg 200w, https:\/\/ahorn-camp.de\/wp-content\/uploads\/2025\/10\/DSC02499-768x1152.jpg 768w, https:\/\/ahorn-camp.de\/wp-content\/uploads\/2025\/10\/DSC02499-400x600.jpg 400w, https:\/\/ahorn-camp.de\/wp-content\/uploads\/2025\/10\/DSC02499-1024x1536.jpg 1024w, https:\/\/ahorn-camp.de\/wp-content\/uploads\/2025\/10\/DSC02499-1365x2048.jpg 1365w, https:\/\/ahorn-camp.de\/wp-content\/uploads\/2025\/10\/DSC02499-8x12.jpg 8w, https:\/\/ahorn-camp.de\/wp-content\/uploads\/2025\/10\/DSC02499-800x1200.jpg 800w, https:\/\/ahorn-camp.de\/wp-content\/uploads\/2025\/10\/DSC02499-scaled.jpg 1707w\" sizes=\"(max-width: 683px) 100vw, 683px\" \/>\t\t\t\t\t\t\t\t\t\t\t\t\t\t\t<\/div>\n\t\t\t\t<\/div>\n\t\t\t\t\t<\/div>\n\t\t<\/div>\n\t\t\t\t\t<\/div>\n\t\t<\/section>\n\t\t\t\t\t<\/div>\n\t\t<\/div>\n\t\t\t\t\t<\/div>\n\t\t<\/section>\n\t\t\t\t<section class=\"elementor-section elementor-top-section elementor-element elementor-element-da5308b elementor-section-stretched elementor-section-boxed elementor-section-height-default elementor-section-height-default\" data-id=\"da5308b\" data-element_type=\"section\" data-e-type=\"section\" data-settings=\"{&quot;stretch_section&quot;:&quot;section-stretched&quot;}\">\n\t\t\t\t\t\t<div class=\"elementor-container elementor-column-gap-default\">\n\t\t\t\t\t<div class=\"elementor-column elementor-col-100 elementor-top-column elementor-element elementor-element-10e0208\" data-id=\"10e0208\" data-element_type=\"column\" data-e-type=\"column\">\n\t\t\t<div class=\"elementor-widget-wrap elementor-element-populated\">\n\t\t\t\t\t\t<div class=\"elementor-element elementor-element-9855500 elementor-widget elementor-widget-heading\" data-id=\"9855500\" data-element_type=\"widget\" data-e-type=\"widget\" data-widget_type=\"heading.default\">\n\t\t\t\t<div class=\"elementor-widget-container\">\n\t\t\t\t\t<h2 class=\"elementor-heading-title elementor-size-default\">Company history<\/h2>\t\t\t\t<\/div>\n\t\t\t\t<\/div>\n\t\t\t\t<div class=\"elementor-element elementor-element-8a3e8a9 elementor-widget-divider--view-line_text elementor-widget-divider--element-align-center elementor-widget elementor-widget-divider\" data-id=\"8a3e8a9\" data-element_type=\"widget\" data-e-type=\"widget\" data-widget_type=\"divider.default\">\n\t\t\t\t<div class=\"elementor-widget-container\">\n\t\t\t\t\t\t\t<div class=\"elementor-divider\">\n\t\t\t<span class=\"elementor-divider-separator\">\n\t\t\t\t\t\t\t<h3 class=\"elementor-divider__text elementor-divider__element\">\n\t\t\t\t2025 A new era begins\t\t\t\t<\/h3>\n\t\t\t\t\t\t<\/span>\n\t\t<\/div>\n\t\t\t\t\t\t<\/div>\n\t\t\t\t<\/div>\n\t\t\t\t<section class=\"elementor-section elementor-inner-section elementor-element elementor-element-07b85ec elementor-section-boxed elementor-section-height-default elementor-section-height-default\" data-id=\"07b85ec\" data-element_type=\"section\" data-e-type=\"section\">\n\t\t\t\t\t\t<div class=\"elementor-container elementor-column-gap-default\">\n\t\t\t\t\t<div class=\"elementor-column elementor-col-50 elementor-inner-column elementor-element elementor-element-4b107ee\" data-id=\"4b107ee\" data-element_type=\"column\" data-e-type=\"column\">\n\t\t\t<div class=\"elementor-widget-wrap elementor-element-populated\">\n\t\t\t\t\t\t<div class=\"elementor-element elementor-element-b695203 elementor-widget elementor-widget-image\" data-id=\"b695203\" data-element_type=\"widget\" data-e-type=\"widget\" data-widget_type=\"image.default\">\n\t\t\t\t<div class=\"elementor-widget-container\">\n\t\t\t\t\t\t\t\t\t\t\t\t\t\t\t<img decoding=\"async\" width=\"1024\" height=\"768\" src=\"https:\/\/ahorn-camp.de\/wp-content\/uploads\/2025\/05\/Gross-Aktuelles_EHG-1024x768.jpeg\" class=\"attachment-large size-large wp-image-30731\" alt=\"\" srcset=\"https:\/\/ahorn-camp.de\/wp-content\/uploads\/2025\/05\/Gross-Aktuelles_EHG-1024x768.jpeg 1024w, https:\/\/ahorn-camp.de\/wp-content\/uploads\/2025\/05\/Gross-Aktuelles_EHG-300x225.jpeg 300w, https:\/\/ahorn-camp.de\/wp-content\/uploads\/2025\/05\/Gross-Aktuelles_EHG-768x576.jpeg 768w, https:\/\/ahorn-camp.de\/wp-content\/uploads\/2025\/05\/Gross-Aktuelles_EHG-800x600.jpeg 800w, https:\/\/ahorn-camp.de\/wp-content\/uploads\/2025\/05\/Gross-Aktuelles_EHG-200x150.jpeg 200w, https:\/\/ahorn-camp.de\/wp-content\/uploads\/2025\/05\/Gross-Aktuelles_EHG.jpeg 1280w\" sizes=\"(max-width: 1024px) 100vw, 1024px\" \/>\t\t\t\t\t\t\t\t\t\t\t\t\t\t\t<\/div>\n\t\t\t\t<\/div>\n\t\t\t\t\t<\/div>\n\t\t<\/div>\n\t\t\t\t<div class=\"elementor-column elementor-col-50 elementor-inner-column elementor-element elementor-element-bc95315\" data-id=\"bc95315\" data-element_type=\"column\" data-e-type=\"column\">\n\t\t\t<div class=\"elementor-widget-wrap elementor-element-populated\">\n\t\t\t\t\t\t<div class=\"elementor-element elementor-element-34e03be elementor-widget elementor-widget-text-editor\" data-id=\"34e03be\" data-element_type=\"widget\" data-e-type=\"widget\" data-widget_type=\"text-editor.default\">\n\t\t\t\t<div class=\"elementor-widget-container\">\n\t\t\t\t\t\t\t\t\t<p>In February, Ahorn Camp and Erwin Hymer Group (EHG) announced their cooperation and the conclusion of a long-term production agreement. Starting this year, all Ahorn Camp motorhomes and campervans will be manufactured at the EHG plant in San Casciano, one of the most modern production sites in Europe.\u00a0<\/p><p>The contract combines the flexibility and innovation of Ahorn Camp with the industrial excellence and high production standards of the Erwin Hymer Group. In July, Renault and Ahorn Camp will usher in a new era of motorhomes with the fourth-generation Renault Master.\u00a0<\/p><p>Ahorn Camp is the first and only manufacturer to build its entire model range on the new Renault Master. The world premiere of the new Ahorn Camp model series will take place at the Caravan Salon 2025 in D\u00fcsseldorf \u2013 success proves Ahorn Camp right.<\/p>\t\t\t\t\t\t\t\t<\/div>\n\t\t\t\t<\/div>\n\t\t\t\t\t<\/div>\n\t\t<\/div>\n\t\t\t\t\t<\/div>\n\t\t<\/section>\n\t\t\t\t<div class=\"elementor-element elementor-element-36bc841 elementor-widget-divider--view-line_text elementor-widget-divider--element-align-center elementor-widget elementor-widget-divider\" data-id=\"36bc841\" data-element_type=\"widget\" data-e-type=\"widget\" data-widget_type=\"divider.default\">\n\t\t\t\t<div class=\"elementor-widget-container\">\n\t\t\t\t\t\t\t<div class=\"elementor-divider\">\n\t\t\t<span class=\"elementor-divider-separator\">\n\t\t\t\t\t\t\t<h3 class=\"elementor-divider__text elementor-divider__element\">\n\t\t\t\t2022\t\t\t\t<\/h3>\n\t\t\t\t\t\t<\/span>\n\t\t<\/div>\n\t\t\t\t\t\t<\/div>\n\t\t\t\t<\/div>\n\t\t\t\t<section class=\"elementor-section elementor-inner-section elementor-element elementor-element-6905a9f elementor-reverse-tablet elementor-reverse-mobile elementor-section-boxed elementor-section-height-default elementor-section-height-default\" data-id=\"6905a9f\" data-element_type=\"section\" data-e-type=\"section\">\n\t\t\t\t\t\t<div class=\"elementor-container elementor-column-gap-default\">\n\t\t\t\t\t<div class=\"elementor-column elementor-col-50 elementor-inner-column elementor-element elementor-element-009f52e\" data-id=\"009f52e\" data-element_type=\"column\" data-e-type=\"column\">\n\t\t\t<div class=\"elementor-widget-wrap elementor-element-populated\">\n\t\t\t\t\t\t<div class=\"elementor-element elementor-element-1b9aaa6 elementor-widget elementor-widget-text-editor\" data-id=\"1b9aaa6\" data-element_type=\"widget\" data-e-type=\"widget\" data-widget_type=\"text-editor.default\">\n\t\t\t\t<div class=\"elementor-widget-container\">\n\t\t\t\t\t\t\t\t\t<p>In 2022, we will open a new service center in M\u00fclheim an der Ruhr and Speyer. In addition, the limited Black Edition is launched, which further enhances our tried-and-tested Van 550 and 620 with matt black aluminum rims and a shiny silver front guard. Ahorn Rent is also being further expanded. This year, a new large rental station is opened in Speyer, which will meet all requirements with almost 50 rental vehicles.<\/p>\t\t\t\t\t\t\t\t<\/div>\n\t\t\t\t<\/div>\n\t\t\t\t\t<\/div>\n\t\t<\/div>\n\t\t\t\t<div class=\"elementor-column elementor-col-50 elementor-inner-column elementor-element elementor-element-595e0b1\" data-id=\"595e0b1\" data-element_type=\"column\" data-e-type=\"column\">\n\t\t\t<div class=\"elementor-widget-wrap elementor-element-populated\">\n\t\t\t\t\t\t<div class=\"elementor-element elementor-element-2a207e3 elementor-widget elementor-widget-image\" data-id=\"2a207e3\" data-element_type=\"widget\" data-e-type=\"widget\" data-widget_type=\"image.default\">\n\t\t\t\t<div class=\"elementor-widget-container\">\n\t\t\t\t\t\t\t\t\t\t\t\t\t\t\t<img decoding=\"async\" width=\"900\" height=\"532\" src=\"https:\/\/ahorn-camp.de\/wp-content\/uploads\/2022\/11\/Ahorn-Camp-Service-Center-Speyer-Franz-Kirrmeierstrasse-Alexander-Reichmann.png\" class=\"attachment-large size-large wp-image-17890\" alt=\"\" srcset=\"https:\/\/ahorn-camp.de\/wp-content\/uploads\/2022\/11\/Ahorn-Camp-Service-Center-Speyer-Franz-Kirrmeierstrasse-Alexander-Reichmann.png 900w, https:\/\/ahorn-camp.de\/wp-content\/uploads\/2022\/11\/Ahorn-Camp-Service-Center-Speyer-Franz-Kirrmeierstrasse-Alexander-Reichmann-300x177.png 300w, https:\/\/ahorn-camp.de\/wp-content\/uploads\/2022\/11\/Ahorn-Camp-Service-Center-Speyer-Franz-Kirrmeierstrasse-Alexander-Reichmann-768x454.png 768w, https:\/\/ahorn-camp.de\/wp-content\/uploads\/2022\/11\/Ahorn-Camp-Service-Center-Speyer-Franz-Kirrmeierstrasse-Alexander-Reichmann-800x473.png 800w\" sizes=\"(max-width: 900px) 100vw, 900px\" \/>\t\t\t\t\t\t\t\t\t\t\t\t\t\t\t<\/div>\n\t\t\t\t<\/div>\n\t\t\t\t\t<\/div>\n\t\t<\/div>\n\t\t\t\t\t<\/div>\n\t\t<\/section>\n\t\t\t\t<div class=\"elementor-element elementor-element-9fdd74e elementor-widget-divider--view-line_text elementor-widget-divider--element-align-center elementor-widget elementor-widget-divider\" data-id=\"9fdd74e\" data-element_type=\"widget\" data-e-type=\"widget\" data-widget_type=\"divider.default\">\n\t\t\t\t<div class=\"elementor-widget-container\">\n\t\t\t\t\t\t\t<div class=\"elementor-divider\">\n\t\t\t<span class=\"elementor-divider-separator\">\n\t\t\t\t\t\t\t<h3 class=\"elementor-divider__text elementor-divider__element\">\n\t\t\t\t2021\t\t\t\t<\/h3>\n\t\t\t\t\t\t<\/span>\n\t\t<\/div>\n\t\t\t\t\t\t<\/div>\n\t\t\t\t<\/div>\n\t\t\t\t<section class=\"elementor-section elementor-inner-section elementor-element elementor-element-1b5cc9f elementor-section-boxed elementor-section-height-default elementor-section-height-default\" data-id=\"1b5cc9f\" data-element_type=\"section\" data-e-type=\"section\">\n\t\t\t\t\t\t<div class=\"elementor-container elementor-column-gap-default\">\n\t\t\t\t\t<div class=\"elementor-column elementor-col-50 elementor-inner-column elementor-element elementor-element-2baa5d6\" data-id=\"2baa5d6\" data-element_type=\"column\" data-e-type=\"column\">\n\t\t\t<div class=\"elementor-widget-wrap elementor-element-populated\">\n\t\t\t\t\t\t<div class=\"elementor-element elementor-element-206ec72 elementor-widget elementor-widget-image\" data-id=\"206ec72\" data-element_type=\"widget\" data-e-type=\"widget\" data-widget_type=\"image.default\">\n\t\t\t\t<div class=\"elementor-widget-container\">\n\t\t\t\t\t\t\t\t\t\t\t\t\t\t\t<img loading=\"lazy\" decoding=\"async\" width=\"900\" height=\"532\" src=\"https:\/\/ahorn-camp.de\/wp-content\/uploads\/2022\/05\/Ahorn-Camp-30-Jahre-jubilaeum-Franziska-Alexander-Reichmann.jpg\" class=\"attachment-large size-large wp-image-16477\" alt=\"\" srcset=\"https:\/\/ahorn-camp.de\/wp-content\/uploads\/2022\/05\/Ahorn-Camp-30-Jahre-jubilaeum-Franziska-Alexander-Reichmann.jpg 900w, https:\/\/ahorn-camp.de\/wp-content\/uploads\/2022\/05\/Ahorn-Camp-30-Jahre-jubilaeum-Franziska-Alexander-Reichmann-300x177.jpg 300w, https:\/\/ahorn-camp.de\/wp-content\/uploads\/2022\/05\/Ahorn-Camp-30-Jahre-jubilaeum-Franziska-Alexander-Reichmann-768x454.jpg 768w, https:\/\/ahorn-camp.de\/wp-content\/uploads\/2022\/05\/Ahorn-Camp-30-Jahre-jubilaeum-Franziska-Alexander-Reichmann-800x473.jpg 800w\" sizes=\"(max-width: 900px) 100vw, 900px\" \/>\t\t\t\t\t\t\t\t\t\t\t\t\t\t\t<\/div>\n\t\t\t\t<\/div>\n\t\t\t\t\t<\/div>\n\t\t<\/div>\n\t\t\t\t<div class=\"elementor-column elementor-col-50 elementor-inner-column elementor-element elementor-element-41747c8\" data-id=\"41747c8\" data-element_type=\"column\" data-e-type=\"column\">\n\t\t\t<div class=\"elementor-widget-wrap elementor-element-populated\">\n\t\t\t\t\t\t<div class=\"elementor-element elementor-element-9cb2dd1 elementor-widget elementor-widget-text-editor\" data-id=\"9cb2dd1\" data-element_type=\"widget\" data-e-type=\"widget\" data-widget_type=\"text-editor.default\">\n\t\t\t\t<div class=\"elementor-widget-container\">\n\t\t\t\t\t\t\t\t\t<p>We are celebrating our anniversary in 2021. 30 years have passed since the company was founded and we are launching an exclusive edition to mark the anniversary. A lot has changed since 1991: from a small family business to a successful and award-winning company with over 60 employees, Ahorn Camp has evolved together with the Reichmann family. Still in family hands, the company's philosophy remains clearly in focus: We are the better alternative. With high-quality interiors, elegant exterior design and top-reliable Renault chassis, we have been convincing customers with fair prices ever since.<\/p>\t\t\t\t\t\t\t\t<\/div>\n\t\t\t\t<\/div>\n\t\t\t\t\t<\/div>\n\t\t<\/div>\n\t\t\t\t\t<\/div>\n\t\t<\/section>\n\t\t\t\t<div class=\"elementor-element elementor-element-de30bdd elementor-widget-divider--view-line_text elementor-widget-divider--element-align-center elementor-widget elementor-widget-divider\" data-id=\"de30bdd\" data-element_type=\"widget\" data-e-type=\"widget\" data-widget_type=\"divider.default\">\n\t\t\t\t<div class=\"elementor-widget-container\">\n\t\t\t\t\t\t\t<div class=\"elementor-divider\">\n\t\t\t<span class=\"elementor-divider-separator\">\n\t\t\t\t\t\t\t<h3 class=\"elementor-divider__text elementor-divider__element\">\n\t\t\t\t2020\t\t\t\t<\/h3>\n\t\t\t\t\t\t<\/span>\n\t\t<\/div>\n\t\t\t\t\t\t<\/div>\n\t\t\t\t<\/div>\n\t\t\t\t<section class=\"elementor-section elementor-inner-section elementor-element elementor-element-b327ea1 elementor-reverse-tablet elementor-reverse-mobile elementor-section-boxed elementor-section-height-default elementor-section-height-default\" data-id=\"b327ea1\" data-element_type=\"section\" data-e-type=\"section\">\n\t\t\t\t\t\t<div class=\"elementor-container elementor-column-gap-default\">\n\t\t\t\t\t<div class=\"elementor-column elementor-col-50 elementor-inner-column elementor-element elementor-element-00b7a5e\" data-id=\"00b7a5e\" data-element_type=\"column\" data-e-type=\"column\">\n\t\t\t<div class=\"elementor-widget-wrap elementor-element-populated\">\n\t\t\t\t\t\t<div class=\"elementor-element elementor-element-bd86d7a elementor-widget elementor-widget-text-editor\" data-id=\"bd86d7a\" data-element_type=\"widget\" data-e-type=\"widget\" data-widget_type=\"text-editor.default\">\n\t\t\t\t<div class=\"elementor-widget-container\">\n\t\t\t\t\t\t\t\t\t<p>In 2020, Franziska Reichmann takes over the marketing department in a leading position. With two sales networks and three core brands, we are now very broadly positioned in the motorhome market and are looking to a positive future. In addition to the Ahorn Camp brand, the Ahorn Rent rental system continues to grow and now includes over 50 partners throughout Germany. In addition, the Ahorn Camp team continues to grow and more than 60 employees are now fulfilling customers' dreams of owning their own motorhome every day. FOCUS therefore honors Ahorn Camp with the FOCUS Business Growth Champion Award for the fourth time.<\/p>\t\t\t\t\t\t\t\t<\/div>\n\t\t\t\t<\/div>\n\t\t\t\t\t<\/div>\n\t\t<\/div>\n\t\t\t\t<div class=\"elementor-column elementor-col-50 elementor-inner-column elementor-element elementor-element-62e7b45\" data-id=\"62e7b45\" data-element_type=\"column\" data-e-type=\"column\">\n\t\t\t<div class=\"elementor-widget-wrap elementor-element-populated\">\n\t\t\t\t\t\t<div class=\"elementor-element elementor-element-67e4438 elementor-widget elementor-widget-image\" data-id=\"67e4438\" data-element_type=\"widget\" data-e-type=\"widget\" data-widget_type=\"image.default\">\n\t\t\t\t<div class=\"elementor-widget-container\">\n\t\t\t\t\t\t\t\t\t\t\t\t\t\t\t<img loading=\"lazy\" decoding=\"async\" width=\"1024\" height=\"606\" src=\"https:\/\/ahorn-camp.de\/wp-content\/uploads\/2020\/05\/AUSSTELLUNG-Franziska-Reichmann-1024x606.png\" class=\"attachment-large size-large wp-image-6126\" alt=\"\" srcset=\"https:\/\/ahorn-camp.de\/wp-content\/uploads\/2020\/05\/AUSSTELLUNG-Franziska-Reichmann-1024x606.png 1024w, https:\/\/ahorn-camp.de\/wp-content\/uploads\/2020\/05\/AUSSTELLUNG-Franziska-Reichmann-300x177.png 300w, https:\/\/ahorn-camp.de\/wp-content\/uploads\/2020\/05\/AUSSTELLUNG-Franziska-Reichmann-768x454.png 768w, https:\/\/ahorn-camp.de\/wp-content\/uploads\/2020\/05\/AUSSTELLUNG-Franziska-Reichmann-800x473.png 800w, https:\/\/ahorn-camp.de\/wp-content\/uploads\/2020\/05\/AUSSTELLUNG-Franziska-Reichmann.png 1280w\" sizes=\"(max-width: 1024px) 100vw, 1024px\" \/>\t\t\t\t\t\t\t\t\t\t\t\t\t\t\t<\/div>\n\t\t\t\t<\/div>\n\t\t\t\t\t<\/div>\n\t\t<\/div>\n\t\t\t\t\t<\/div>\n\t\t<\/section>\n\t\t\t\t<div class=\"elementor-element elementor-element-041e95f elementor-widget-divider--view-line_text elementor-widget-divider--element-align-center elementor-widget elementor-widget-divider\" data-id=\"041e95f\" data-element_type=\"widget\" data-e-type=\"widget\" data-widget_type=\"divider.default\">\n\t\t\t\t<div class=\"elementor-widget-container\">\n\t\t\t\t\t\t\t<div class=\"elementor-divider\">\n\t\t\t<span class=\"elementor-divider-separator\">\n\t\t\t\t\t\t\t<h3 class=\"elementor-divider__text elementor-divider__element\">\n\t\t\t\t2019\t\t\t\t<\/h3>\n\t\t\t\t\t\t<\/span>\n\t\t<\/div>\n\t\t\t\t\t\t<\/div>\n\t\t\t\t<\/div>\n\t\t\t\t<section class=\"elementor-section elementor-inner-section elementor-element elementor-element-7bec147 elementor-section-boxed elementor-section-height-default elementor-section-height-default\" data-id=\"7bec147\" data-element_type=\"section\" data-e-type=\"section\">\n\t\t\t\t\t\t<div class=\"elementor-container elementor-column-gap-default\">\n\t\t\t\t\t<div class=\"elementor-column elementor-col-50 elementor-inner-column elementor-element elementor-element-b4edc53\" data-id=\"b4edc53\" data-element_type=\"column\" data-e-type=\"column\">\n\t\t\t<div class=\"elementor-widget-wrap elementor-element-populated\">\n\t\t\t\t\t\t<div class=\"elementor-element elementor-element-4a90ab2 elementor-widget elementor-widget-image\" data-id=\"4a90ab2\" data-element_type=\"widget\" data-e-type=\"widget\" data-widget_type=\"image.default\">\n\t\t\t\t<div class=\"elementor-widget-container\">\n\t\t\t\t\t\t\t\t\t\t\t\t\t\t\t<img loading=\"lazy\" decoding=\"async\" width=\"1024\" height=\"466\" src=\"https:\/\/ahorn-camp.de\/wp-content\/uploads\/2020\/05\/Van-serie-2019-1024x466.png\" class=\"attachment-large size-large wp-image-6132\" alt=\"\" srcset=\"https:\/\/ahorn-camp.de\/wp-content\/uploads\/2020\/05\/Van-serie-2019-1024x466.png 1024w, https:\/\/ahorn-camp.de\/wp-content\/uploads\/2020\/05\/Van-serie-2019-300x137.png 300w, https:\/\/ahorn-camp.de\/wp-content\/uploads\/2020\/05\/Van-serie-2019-768x350.png 768w, https:\/\/ahorn-camp.de\/wp-content\/uploads\/2020\/05\/Van-serie-2019-800x364.png 800w, https:\/\/ahorn-camp.de\/wp-content\/uploads\/2020\/05\/Van-serie-2019.png 1280w\" sizes=\"(max-width: 1024px) 100vw, 1024px\" \/>\t\t\t\t\t\t\t\t\t\t\t\t\t\t\t<\/div>\n\t\t\t\t<\/div>\n\t\t\t\t\t<\/div>\n\t\t<\/div>\n\t\t\t\t<div class=\"elementor-column elementor-col-50 elementor-inner-column elementor-element elementor-element-c816cb8\" data-id=\"c816cb8\" data-element_type=\"column\" data-e-type=\"column\">\n\t\t\t<div class=\"elementor-widget-wrap elementor-element-populated\">\n\t\t\t\t\t\t<div class=\"elementor-element elementor-element-01796fb elementor-widget elementor-widget-text-editor\" data-id=\"01796fb\" data-element_type=\"widget\" data-e-type=\"widget\" data-widget_type=\"text-editor.default\">\n\t\t\t\t<div class=\"elementor-widget-container\">\n\t\t\t\t\t\t\t\t\t<p>In 2019, the fourth family member Franziska Reichmann joins the family business. The new Ahorn Camp Vans model series is also launched. In addition to motorhomes, we now also have vans based on the Renault Master and Renault Trafic in our model range. These are produced at the PVDL cooperation plant in Perigord, France. The market launch of the campervans opens us up to a new, younger target group. Under the motto \"Vanlife\", many practical elements have been combined with a modern design so that the vans can be used optimally not only as travel vehicles but also as everyday vehicles.<\/p><p>Ahorn Camp wins the FOCUS Business Growth Champion for the third time and is named one of the best companies to work for by the Financial Times. <em>1000 Europe's Fastest Growing Companies 2019 <\/em>elected.<\/p>\t\t\t\t\t\t\t\t<\/div>\n\t\t\t\t<\/div>\n\t\t\t\t\t<\/div>\n\t\t<\/div>\n\t\t\t\t\t<\/div>\n\t\t<\/section>\n\t\t\t\t<div class=\"elementor-element elementor-element-01963af elementor-widget-divider--view-line_text elementor-widget-divider--element-align-center elementor-widget elementor-widget-divider\" data-id=\"01963af\" data-element_type=\"widget\" data-e-type=\"widget\" data-widget_type=\"divider.default\">\n\t\t\t\t<div class=\"elementor-widget-container\">\n\t\t\t\t\t\t\t<div class=\"elementor-divider\">\n\t\t\t<span class=\"elementor-divider-separator\">\n\t\t\t\t\t\t\t<h3 class=\"elementor-divider__text elementor-divider__element\">\n\t\t\t\t2018\t\t\t\t<\/h3>\n\t\t\t\t\t\t<\/span>\n\t\t<\/div>\n\t\t\t\t\t\t<\/div>\n\t\t\t\t<\/div>\n\t\t\t\t<section class=\"elementor-section elementor-inner-section elementor-element elementor-element-399eed1 elementor-reverse-tablet elementor-reverse-mobile elementor-section-boxed elementor-section-height-default elementor-section-height-default\" data-id=\"399eed1\" data-element_type=\"section\" data-e-type=\"section\">\n\t\t\t\t\t\t<div class=\"elementor-container elementor-column-gap-default\">\n\t\t\t\t\t<div class=\"elementor-column elementor-col-50 elementor-inner-column elementor-element elementor-element-d9a4602\" data-id=\"d9a4602\" data-element_type=\"column\" data-e-type=\"column\">\n\t\t\t<div class=\"elementor-widget-wrap elementor-element-populated\">\n\t\t\t\t\t\t<div class=\"elementor-element elementor-element-058da02 elementor-widget elementor-widget-text-editor\" data-id=\"058da02\" data-element_type=\"widget\" data-e-type=\"widget\" data-widget_type=\"text-editor.default\">\n\t\t\t\t<div class=\"elementor-widget-container\">\n\t\t\t\t\t\t\t\t\t<p>In 2018, the Ahorn Rent brand is launched as a pioneering new line of business. Campers can now rent Ahorn Camp motorhomes at low prices via a Europe-wide franchise system and try out freedom on four wheels. We also set up our third major branch, Ahorn Wohnmobile Frankfurt GmbH in Dietzenbach. In addition to selling Ahorn Camp motorhomes, the Dietzenbach location is now one of the largest Ahorn Rent rental stations in Germany.<\/p><p>In the same year, the company name is changed as part of the internationalization strategy, so that Ahorn Wohnmobile GmbH &amp; Co KG has been Ahorn Camp GmbH &amp; Co KG since 2018.<\/p><p>In addition, as Ahorn Camp, we are listed by the Financial Times as one of the <em>1000 Europe's Fastest Growing Companies 2018 <\/em>elected.<\/p>\t\t\t\t\t\t\t\t<\/div>\n\t\t\t\t<\/div>\n\t\t\t\t\t<\/div>\n\t\t<\/div>\n\t\t\t\t<div class=\"elementor-column elementor-col-50 elementor-inner-column elementor-element elementor-element-01303a9\" data-id=\"01303a9\" data-element_type=\"column\" data-e-type=\"column\">\n\t\t\t<div class=\"elementor-widget-wrap elementor-element-populated\">\n\t\t\t\t\t\t<div class=\"elementor-element elementor-element-a5a277d elementor-widget elementor-widget-image\" data-id=\"a5a277d\" data-element_type=\"widget\" data-e-type=\"widget\" data-widget_type=\"image.default\">\n\t\t\t\t<div class=\"elementor-widget-container\">\n\t\t\t\t\t\t\t\t\t\t\t\t\t\t\t<img loading=\"lazy\" decoding=\"async\" width=\"1024\" height=\"606\" src=\"https:\/\/ahorn-camp.de\/wp-content\/uploads\/2020\/06\/AUSSTELLUNG-deutschlandkarte-ahorn-camp-Ahorn-Wohnmobile-Frankfurt-GmbH-in-Dietzenbach-1-1024x606.png\" class=\"attachment-large size-large wp-image-6568\" alt=\"\" srcset=\"https:\/\/ahorn-camp.de\/wp-content\/uploads\/2020\/06\/AUSSTELLUNG-deutschlandkarte-ahorn-camp-Ahorn-Wohnmobile-Frankfurt-GmbH-in-Dietzenbach-1-1024x606.png 1024w, https:\/\/ahorn-camp.de\/wp-content\/uploads\/2020\/06\/AUSSTELLUNG-deutschlandkarte-ahorn-camp-Ahorn-Wohnmobile-Frankfurt-GmbH-in-Dietzenbach-1-300x177.png 300w, https:\/\/ahorn-camp.de\/wp-content\/uploads\/2020\/06\/AUSSTELLUNG-deutschlandkarte-ahorn-camp-Ahorn-Wohnmobile-Frankfurt-GmbH-in-Dietzenbach-1-768x454.png 768w, https:\/\/ahorn-camp.de\/wp-content\/uploads\/2020\/06\/AUSSTELLUNG-deutschlandkarte-ahorn-camp-Ahorn-Wohnmobile-Frankfurt-GmbH-in-Dietzenbach-1-800x473.png 800w, https:\/\/ahorn-camp.de\/wp-content\/uploads\/2020\/06\/AUSSTELLUNG-deutschlandkarte-ahorn-camp-Ahorn-Wohnmobile-Frankfurt-GmbH-in-Dietzenbach-1.png 1280w\" sizes=\"(max-width: 1024px) 100vw, 1024px\" \/>\t\t\t\t\t\t\t\t\t\t\t\t\t\t\t<\/div>\n\t\t\t\t<\/div>\n\t\t\t\t\t<\/div>\n\t\t<\/div>\n\t\t\t\t\t<\/div>\n\t\t<\/section>\n\t\t\t\t<div class=\"elementor-element elementor-element-3cd81d3 elementor-widget-divider--view-line_text elementor-widget-divider--element-align-center elementor-widget elementor-widget-divider\" data-id=\"3cd81d3\" data-element_type=\"widget\" data-e-type=\"widget\" data-widget_type=\"divider.default\">\n\t\t\t\t<div class=\"elementor-widget-container\">\n\t\t\t\t\t\t\t<div class=\"elementor-divider\">\n\t\t\t<span class=\"elementor-divider-separator\">\n\t\t\t\t\t\t\t<h3 class=\"elementor-divider__text elementor-divider__element\">\n\t\t\t\t2017\t\t\t\t<\/h3>\n\t\t\t\t\t\t<\/span>\n\t\t<\/div>\n\t\t\t\t\t\t<\/div>\n\t\t\t\t<\/div>\n\t\t\t\t<section class=\"elementor-section elementor-inner-section elementor-element elementor-element-e766547 elementor-section-boxed elementor-section-height-default elementor-section-height-default\" data-id=\"e766547\" data-element_type=\"section\" data-e-type=\"section\">\n\t\t\t\t\t\t<div class=\"elementor-container elementor-column-gap-default\">\n\t\t\t\t\t<div class=\"elementor-column elementor-col-50 elementor-inner-column elementor-element elementor-element-87a3969\" data-id=\"87a3969\" data-element_type=\"column\" data-e-type=\"column\">\n\t\t\t<div class=\"elementor-widget-wrap elementor-element-populated\">\n\t\t\t\t\t\t<div class=\"elementor-element elementor-element-d5210cf elementor-widget elementor-widget-image\" data-id=\"d5210cf\" data-element_type=\"widget\" data-e-type=\"widget\" data-widget_type=\"image.default\">\n\t\t\t\t<div class=\"elementor-widget-container\">\n\t\t\t\t\t\t\t\t\t\t\t\t\t\t\t<img loading=\"lazy\" decoding=\"async\" width=\"1024\" height=\"374\" src=\"https:\/\/ahorn-camp.de\/wp-content\/uploads\/2020\/05\/Alexander-Reichmann-2017-1024x374.jpg\" class=\"attachment-large size-large wp-image-6472\" alt=\"Reichmann motorhomes\" srcset=\"https:\/\/ahorn-camp.de\/wp-content\/uploads\/2020\/05\/Alexander-Reichmann-2017-1024x374.jpg 1024w, https:\/\/ahorn-camp.de\/wp-content\/uploads\/2020\/05\/Alexander-Reichmann-2017-300x109.jpg 300w, https:\/\/ahorn-camp.de\/wp-content\/uploads\/2020\/05\/Alexander-Reichmann-2017-768x280.jpg 768w, https:\/\/ahorn-camp.de\/wp-content\/uploads\/2020\/05\/Alexander-Reichmann-2017-800x292.jpg 800w, https:\/\/ahorn-camp.de\/wp-content\/uploads\/2020\/05\/Alexander-Reichmann-2017.jpg 1280w\" sizes=\"(max-width: 1024px) 100vw, 1024px\" \/>\t\t\t\t\t\t\t\t\t\t\t\t\t\t\t<\/div>\n\t\t\t\t<\/div>\n\t\t\t\t\t<\/div>\n\t\t<\/div>\n\t\t\t\t<div class=\"elementor-column elementor-col-50 elementor-inner-column elementor-element elementor-element-05813ce\" data-id=\"05813ce\" data-element_type=\"column\" data-e-type=\"column\">\n\t\t\t<div class=\"elementor-widget-wrap elementor-element-populated\">\n\t\t\t\t\t\t<div class=\"elementor-element elementor-element-4988d3d elementor-widget elementor-widget-text-editor\" data-id=\"4988d3d\" data-element_type=\"widget\" data-e-type=\"widget\" data-widget_type=\"text-editor.default\">\n\t\t\t\t<div class=\"elementor-widget-container\">\n\t\t\t\t\t\t\t\t\t<p>In 2017, Alexander Reichmann takes over as Chairman of the Management Board. In July, the first major dealer meeting takes place over several days since the realignment of the company at the motorhome plant in Tuscany.  The so-called direct dealer system continues to grow and the nationwide symbiosis between Renault car dealerships and Ahorn Camp motorhomes is driven forward even further. We win the FOCUS Business Growth Champion award for the first time.<\/p>\t\t\t\t\t\t\t\t<\/div>\n\t\t\t\t<\/div>\n\t\t\t\t\t<\/div>\n\t\t<\/div>\n\t\t\t\t\t<\/div>\n\t\t<\/section>\n\t\t\t\t<div class=\"elementor-element elementor-element-65fd7eb elementor-widget-divider--view-line_text elementor-widget-divider--element-align-center elementor-widget elementor-widget-divider\" data-id=\"65fd7eb\" data-element_type=\"widget\" data-e-type=\"widget\" data-widget_type=\"divider.default\">\n\t\t\t\t<div class=\"elementor-widget-container\">\n\t\t\t\t\t\t\t<div class=\"elementor-divider\">\n\t\t\t<span class=\"elementor-divider-separator\">\n\t\t\t\t\t\t\t<h3 class=\"elementor-divider__text elementor-divider__element\">\n\t\t\t\t2015\t\t\t\t<\/h3>\n\t\t\t\t\t\t<\/span>\n\t\t<\/div>\n\t\t\t\t\t\t<\/div>\n\t\t\t\t<\/div>\n\t\t\t\t<section class=\"elementor-section elementor-inner-section elementor-element elementor-element-3fb0643 elementor-reverse-tablet elementor-reverse-mobile elementor-section-boxed elementor-section-height-default elementor-section-height-default\" data-id=\"3fb0643\" data-element_type=\"section\" data-e-type=\"section\">\n\t\t\t\t\t\t<div class=\"elementor-container elementor-column-gap-default\">\n\t\t\t\t\t<div class=\"elementor-column elementor-col-50 elementor-inner-column elementor-element elementor-element-79c1df2\" data-id=\"79c1df2\" data-element_type=\"column\" data-e-type=\"column\">\n\t\t\t<div class=\"elementor-widget-wrap elementor-element-populated\">\n\t\t\t\t\t\t<div class=\"elementor-element elementor-element-7f0fb30 elementor-widget elementor-widget-text-editor\" data-id=\"7f0fb30\" data-element_type=\"widget\" data-e-type=\"widget\" data-widget_type=\"text-editor.default\">\n\t\t\t\t<div class=\"elementor-widget-container\">\n\t\t\t\t\t\t\t\t\t<p>In 2015, a separate sales branch is established in M\u00fclheim a.d. Ruhr in addition to the main branch in Speyer. Customers in North Rhine-Westphalia can now also get an impression of our models directly in Cologne Street, known as the \"motorhome mile\".<\/p>\t\t\t\t\t\t\t\t<\/div>\n\t\t\t\t<\/div>\n\t\t\t\t\t<\/div>\n\t\t<\/div>\n\t\t\t\t<div class=\"elementor-column elementor-col-50 elementor-inner-column elementor-element elementor-element-75d1081\" data-id=\"75d1081\" data-element_type=\"column\" data-e-type=\"column\">\n\t\t\t<div class=\"elementor-widget-wrap elementor-element-populated\">\n\t\t\t\t\t\t<div class=\"elementor-element elementor-element-7ebf137 elementor-widget elementor-widget-image\" data-id=\"7ebf137\" data-element_type=\"widget\" data-e-type=\"widget\" data-widget_type=\"image.default\">\n\t\t\t\t<div class=\"elementor-widget-container\">\n\t\t\t\t\t\t\t\t\t\t\t\t\t\t\t<img loading=\"lazy\" decoding=\"async\" width=\"1024\" height=\"606\" src=\"https:\/\/ahorn-camp.de\/wp-content\/uploads\/2020\/06\/AUSSTELLUNG-deutschlandkarte-Ahorn-Camp-m\u00fclheim-3-1024x606.png\" class=\"attachment-large size-large wp-image-6567\" alt=\"\" srcset=\"https:\/\/ahorn-camp.de\/wp-content\/uploads\/2020\/06\/AUSSTELLUNG-deutschlandkarte-Ahorn-Camp-m\u00fclheim-3-1024x606.png 1024w, https:\/\/ahorn-camp.de\/wp-content\/uploads\/2020\/06\/AUSSTELLUNG-deutschlandkarte-Ahorn-Camp-m\u00fclheim-3-300x177.png 300w, https:\/\/ahorn-camp.de\/wp-content\/uploads\/2020\/06\/AUSSTELLUNG-deutschlandkarte-Ahorn-Camp-m\u00fclheim-3-768x454.png 768w, https:\/\/ahorn-camp.de\/wp-content\/uploads\/2020\/06\/AUSSTELLUNG-deutschlandkarte-Ahorn-Camp-m\u00fclheim-3-800x473.png 800w, https:\/\/ahorn-camp.de\/wp-content\/uploads\/2020\/06\/AUSSTELLUNG-deutschlandkarte-Ahorn-Camp-m\u00fclheim-3.png 1280w\" sizes=\"(max-width: 1024px) 100vw, 1024px\" \/>\t\t\t\t\t\t\t\t\t\t\t\t\t\t\t<\/div>\n\t\t\t\t<\/div>\n\t\t\t\t\t<\/div>\n\t\t<\/div>\n\t\t\t\t\t<\/div>\n\t\t<\/section>\n\t\t\t\t<div class=\"elementor-element elementor-element-c928a98 elementor-widget-divider--view-line_text elementor-widget-divider--element-align-center elementor-widget elementor-widget-divider\" data-id=\"c928a98\" data-element_type=\"widget\" data-e-type=\"widget\" data-widget_type=\"divider.default\">\n\t\t\t\t<div class=\"elementor-widget-container\">\n\t\t\t\t\t\t\t<div class=\"elementor-divider\">\n\t\t\t<span class=\"elementor-divider-separator\">\n\t\t\t\t\t\t\t<h3 class=\"elementor-divider__text elementor-divider__element\">\n\t\t\t\t2014\t\t\t\t<\/h3>\n\t\t\t\t\t\t<\/span>\n\t\t<\/div>\n\t\t\t\t\t\t<\/div>\n\t\t\t\t<\/div>\n\t\t\t\t<div class=\"elementor-element elementor-element-30ec37e elementor-widget elementor-widget-text-editor\" data-id=\"30ec37e\" data-element_type=\"widget\" data-e-type=\"widget\" data-widget_type=\"text-editor.default\">\n\t\t\t\t<div class=\"elementor-widget-container\">\n\t\t\t\t\t\t\t\t\t<p>In 2014, motorhome sales will be established at 30 Renault dealerships throughout Germany.<a href=\"https:\/\/ahorn-camp.de\/en\/renault-and-ahorn-camp\/\"> Renault will be the exclusive chassis for Ahorn Camp motorhomes from this year.<\/a>\u00a0 Together with the Luano Camp cooperation plant, semi-integrated motorhomes and alcove motorhomes are still produced at the plant in Poggibonsi for the German and European markets.<\/p>\t\t\t\t\t\t\t\t<\/div>\n\t\t\t\t<\/div>\n\t\t\t\t<div class=\"elementor-element elementor-element-b231c88 elementor-widget-divider--view-line_text elementor-widget-divider--element-align-center elementor-widget elementor-widget-divider\" data-id=\"b231c88\" data-element_type=\"widget\" data-e-type=\"widget\" data-widget_type=\"divider.default\">\n\t\t\t\t<div class=\"elementor-widget-container\">\n\t\t\t\t\t\t\t<div class=\"elementor-divider\">\n\t\t\t<span class=\"elementor-divider-separator\">\n\t\t\t\t\t\t\t<h3 class=\"elementor-divider__text elementor-divider__element\">\n\t\t\t\t2013\t\t\t\t<\/h3>\n\t\t\t\t\t\t<\/span>\n\t\t<\/div>\n\t\t\t\t\t\t<\/div>\n\t\t\t\t<\/div>\n\t\t\t\t<section class=\"elementor-section elementor-inner-section elementor-element elementor-element-caaef8c elementor-section-boxed elementor-section-height-default elementor-section-height-default\" data-id=\"caaef8c\" data-element_type=\"section\" data-e-type=\"section\">\n\t\t\t\t\t\t<div class=\"elementor-container elementor-column-gap-default\">\n\t\t\t\t\t<div class=\"elementor-column elementor-col-50 elementor-inner-column elementor-element elementor-element-a55607f\" data-id=\"a55607f\" data-element_type=\"column\" data-e-type=\"column\">\n\t\t\t<div class=\"elementor-widget-wrap elementor-element-populated\">\n\t\t\t\t\t\t<div class=\"elementor-element elementor-element-335aced elementor-widget elementor-widget-image\" data-id=\"335aced\" data-element_type=\"widget\" data-e-type=\"widget\" data-widget_type=\"image.default\">\n\t\t\t\t<div class=\"elementor-widget-container\">\n\t\t\t\t\t\t\t\t\t\t\t\t\t\t\t<img decoding=\"async\" src=\"https:\/\/ahorn-camp.de\/wp-content\/uploads\/2021\/03\/Ausstellunshalle.jpg\" title=\"\" alt=\"\" loading=\"lazy\" \/>\t\t\t\t\t\t\t\t\t\t\t\t\t\t\t<\/div>\n\t\t\t\t<\/div>\n\t\t\t\t\t<\/div>\n\t\t<\/div>\n\t\t\t\t<div class=\"elementor-column elementor-col-50 elementor-inner-column elementor-element elementor-element-6278b97\" data-id=\"6278b97\" data-element_type=\"column\" data-e-type=\"column\">\n\t\t\t<div class=\"elementor-widget-wrap elementor-element-populated\">\n\t\t\t\t\t\t<div class=\"elementor-element elementor-element-0d52ef1 elementor-widget elementor-widget-text-editor\" data-id=\"0d52ef1\" data-element_type=\"widget\" data-e-type=\"widget\" data-widget_type=\"text-editor.default\">\n\t\t\t\t<div class=\"elementor-widget-container\">\n\t\t\t\t\t\t\t\t\t<p>In 2013, Ahorn Camp starts selling new motorhomes again with a newly developed sales system. Hans-Joachim Reichmann's son, Alexander Reichmann, joins the family business in the same year and together they establish the new sales concept on the German market.<\/p>\t\t\t\t\t\t\t\t<\/div>\n\t\t\t\t<\/div>\n\t\t\t\t\t<\/div>\n\t\t<\/div>\n\t\t\t\t\t<\/div>\n\t\t<\/section>\n\t\t\t\t<div class=\"elementor-element elementor-element-74ad274 elementor-widget-divider--view-line_text elementor-widget-divider--element-align-center elementor-widget elementor-widget-divider\" data-id=\"74ad274\" data-element_type=\"widget\" data-e-type=\"widget\" data-widget_type=\"divider.default\">\n\t\t\t\t<div class=\"elementor-widget-container\">\n\t\t\t\t\t\t\t<div class=\"elementor-divider\">\n\t\t\t<span class=\"elementor-divider-separator\">\n\t\t\t\t\t\t\t<h3 class=\"elementor-divider__text elementor-divider__element\">\n\t\t\t\t2006\t\t\t\t<\/h3>\n\t\t\t\t\t\t<\/span>\n\t\t<\/div>\n\t\t\t\t\t\t<\/div>\n\t\t\t\t<\/div>\n\t\t\t\t<div class=\"elementor-element elementor-element-5a4f388 elementor-widget elementor-widget-text-editor\" data-id=\"5a4f388\" data-element_type=\"widget\" data-e-type=\"widget\" data-widget_type=\"text-editor.default\">\n\t\t\t\t<div class=\"elementor-widget-container\">\n\t\t\t\t\t\t\t\t\t<p>From 2006, the sale of new motorhomes via the company's own dealer network is discontinued. As in the automotive sector, the motorhome industry, especially in the sales sector, has changed enormously in these years. The focus is therefore placed on the supply of spare parts and the servicing of existing motorhomes.<\/p>\t\t\t\t\t\t\t\t<\/div>\n\t\t\t\t<\/div>\n\t\t\t\t<div class=\"elementor-element elementor-element-7c6203a elementor-widget-divider--view-line_text elementor-widget-divider--element-align-center elementor-widget elementor-widget-divider\" data-id=\"7c6203a\" data-element_type=\"widget\" data-e-type=\"widget\" data-widget_type=\"divider.default\">\n\t\t\t\t<div class=\"elementor-widget-container\">\n\t\t\t\t\t\t\t<div class=\"elementor-divider\">\n\t\t\t<span class=\"elementor-divider-separator\">\n\t\t\t\t\t\t\t<h3 class=\"elementor-divider__text elementor-divider__element\">\n\t\t\t\t1996\t\t\t\t<\/h3>\n\t\t\t\t\t\t<\/span>\n\t\t<\/div>\n\t\t\t\t\t\t<\/div>\n\t\t\t\t<\/div>\n\t\t\t\t<div class=\"elementor-element elementor-element-1541842 elementor-widget elementor-widget-text-editor\" data-id=\"1541842\" data-element_type=\"widget\" data-e-type=\"widget\" data-widget_type=\"text-editor.default\">\n\t\t\t\t<div class=\"elementor-widget-container\">\n\t\t\t\t\t\t\t\t\t<p>In 1996, the company is converted into the legal form GmbH &amp; Co. KG and existed under this form until 2021. As with the founding municipality of Ahorn, the Ahorn leaf has served as the company logo ever since. A silhouette of a motorhome is integrated into it.<\/p>\t\t\t\t\t\t\t\t<\/div>\n\t\t\t\t<\/div>\n\t\t\t\t<div class=\"elementor-element elementor-element-ad8d015 elementor-widget-divider--view-line_text elementor-widget-divider--element-align-center elementor-widget elementor-widget-divider\" data-id=\"ad8d015\" data-element_type=\"widget\" data-e-type=\"widget\" data-widget_type=\"divider.default\">\n\t\t\t\t<div class=\"elementor-widget-container\">\n\t\t\t\t\t\t\t<div class=\"elementor-divider\">\n\t\t\t<span class=\"elementor-divider-separator\">\n\t\t\t\t\t\t\t<h3 class=\"elementor-divider__text elementor-divider__element\">\n\t\t\t\t1991\t\t\t\t<\/h3>\n\t\t\t\t\t\t<\/span>\n\t\t<\/div>\n\t\t\t\t\t\t<\/div>\n\t\t\t\t<\/div>\n\t\t\t\t<div class=\"elementor-element elementor-element-fa33ae8 elementor-widget elementor-widget-text-editor\" data-id=\"fa33ae8\" data-element_type=\"widget\" data-e-type=\"widget\" data-widget_type=\"text-editor.default\">\n\t\t\t\t<div class=\"elementor-widget-container\">\n\t\t\t\t\t\t\t\t\t<p>In 1991, engineer and investor Hans-Joachim Reichmann founded the company Ahorn Wohnmobile GmbH in the municipality of Ahorn, which served as the company's namesake. The aim was to produce standardized motorhome series in production plants in other European countries. However, the know-how and quality control are to remain in Germany.<\/p>\t\t\t\t\t\t\t\t<\/div>\n\t\t\t\t<\/div>\n\t\t\t\t\t<\/div>\n\t\t<\/div>\n\t\t\t\t\t<\/div>\n\t\t<\/section>\n\t\t\t\t<\/div>","protected":false},"excerpt":{"rendered":"<p>Firmengeschichte Ahorn Camp Traditon trifft Innovation \u2013 seit 1991 <\/p>\n<p>Seit \u00fcber 30 Jahren steht Ahorn Camp f\u00fcr mobile Freiheit und die Leidenschaft f\u00fcrs Reisen. Gegr\u00fcndet von Ingenieur Hans-Joachim Reichmann in der Gemeinde Ahorn, wird das Familienunternehmen heute in zweiter Generation von Alexander und Franziska Reichmann gef\u00fchrt. Mit Innovationsgeist und einem klaren Blick f\u00fcr Trends entwickeln wir unsere Reisemobile stetig weiter und verbinden dabei bew\u00e4hrte Qualit\u00e4t mit moderner Technik.<\/p>\n<p>So geh\u00f6rt Ahorn Camp heute zu den wachstumsst\u00e4rksten Reisemobilmarken Deutschlands. Zahlreiche regelm\u00e4\u00dfige Auszeichnungen wie <i>Focus Wachstumschampion<\/i> oder <i>Gro\u00dfer Preis des Mittelstandes<\/i> best\u00e4tigen unseren Erfolgskurs.<\/p>\n<p>Von unserem Hauptsitz in Speyer, den Niederlassungen in Frankfurt und M\u00fclheim an der Ruhr sowie \u00fcber 30 Handelspartnern in Deutschland und 15 Standorten im europ\u00e4ischen Ausland bringen wir Ahorn Camp fl\u00e4chendeckend auf die Stra\u00dfe. Auch mit unserer Vermietmarke Ahorn Rent machen wir Camping f\u00fcr Einsteiger und Entdecker erlebbar \u2013 mit \u00fcber 30 Mietstationen deutschlandweit.<\/p>\n<p>Bei Ahorn Camp verbinden wir Tradition mit Moderne, das [&#8230;]<\/p>\n","protected":false},"author":2,"featured_media":0,"parent":0,"menu_order":61,"comment_status":"closed","ping_status":"closed","template":"","meta":{"content-type":"","footnotes":""},"class_list":["post-35806","page","type-page","status-publish","hentry"],"yoast_head":"<!-- This site is optimized with the Yoast SEO plugin v27.4 - https:\/\/yoast.com\/product\/yoast-seo-wordpress\/ -->\n<title>Firmengeschichte - Ahorn Camp | Reisemobile und Kastenwagen<\/title>\n<meta name=\"description\" content=\"Vor 30 Jahren wurde Ahorn Camp gegr\u00fcndet. Noch immer in Familienhand w\u00e4chst das Unternehmen weiter.\" \/>\n<meta name=\"robots\" content=\"index, follow, max-snippet:-1, max-image-preview:large, max-video-preview:-1\" \/>\n<link rel=\"canonical\" href=\"https:\/\/ahorn-camp.de\/en\/company-history\/\" \/>\n<meta property=\"og:locale\" content=\"en_US\" \/>\n<meta property=\"og:type\" content=\"article\" \/>\n<meta property=\"og:title\" content=\"Firmengeschichte - Ahorn Camp | Reisemobile und Kastenwagen\" \/>\n<meta property=\"og:description\" content=\"Vor 30 Jahren wurde Ahorn Camp gegr\u00fcndet. Noch immer in Familienhand w\u00e4chst das Unternehmen weiter.\" \/>\n<meta property=\"og:url\" content=\"https:\/\/ahorn-camp.de\/en\/company-history\/\" \/>\n<meta property=\"og:site_name\" content=\"Ahorn Camp | Reisemobile und Kastenwagen\" \/>\n<meta property=\"article:publisher\" content=\"https:\/\/www.facebook.com\/ahorn.wohnmobile\/\" \/>\n<meta property=\"article:modified_time\" content=\"2026-01-27T09:51:34+00:00\" \/>\n<meta property=\"og:image\" content=\"https:\/\/ahorn-camp.de\/wp-content\/uploads\/2025\/10\/DSC02499-scaled.jpg\" \/>\n\t<meta property=\"og:image:width\" content=\"1707\" \/>\n\t<meta property=\"og:image:height\" content=\"2560\" \/>\n\t<meta property=\"og:image:type\" content=\"image\/jpeg\" \/>\n<meta name=\"twitter:card\" content=\"summary_large_image\" \/>\n<meta name=\"twitter:label1\" content=\"Est. reading time\" \/>\n\t<meta name=\"twitter:data1\" content=\"8 minutes\" \/>\n<script type=\"application\/ld+json\" class=\"yoast-schema-graph\">{\"@context\":\"https:\\\/\\\/schema.org\",\"@graph\":[{\"@type\":\"WebPage\",\"@id\":\"https:\\\/\\\/ahorn-camp.de\\\/firmengeschichte\\\/\",\"url\":\"https:\\\/\\\/ahorn-camp.de\\\/firmengeschichte\\\/\",\"name\":\"Firmengeschichte - Ahorn Camp | Reisemobile und Kastenwagen\",\"isPartOf\":{\"@id\":\"https:\\\/\\\/ahorn-camp.de\\\/#website\"},\"primaryImageOfPage\":{\"@id\":\"https:\\\/\\\/ahorn-camp.de\\\/firmengeschichte\\\/#primaryimage\"},\"image\":{\"@id\":\"https:\\\/\\\/ahorn-camp.de\\\/firmengeschichte\\\/#primaryimage\"},\"thumbnailUrl\":\"https:\\\/\\\/ahorn-camp.de\\\/wp-content\\\/uploads\\\/2025\\\/10\\\/DSC02499-683x1024.jpg\",\"datePublished\":\"2026-01-27T09:44:05+00:00\",\"dateModified\":\"2026-01-27T09:51:34+00:00\",\"description\":\"Vor 30 Jahren wurde Ahorn Camp gegr\u00fcndet. Noch immer in Familienhand w\u00e4chst das Unternehmen weiter.\",\"breadcrumb\":{\"@id\":\"https:\\\/\\\/ahorn-camp.de\\\/firmengeschichte\\\/#breadcrumb\"},\"inLanguage\":\"en-US\",\"potentialAction\":[{\"@type\":\"ReadAction\",\"target\":[\"https:\\\/\\\/ahorn-camp.de\\\/firmengeschichte\\\/\"]}]},{\"@type\":\"ImageObject\",\"inLanguage\":\"en-US\",\"@id\":\"https:\\\/\\\/ahorn-camp.de\\\/firmengeschichte\\\/#primaryimage\",\"url\":\"https:\\\/\\\/ahorn-camp.de\\\/wp-content\\\/uploads\\\/2025\\\/10\\\/DSC02499-683x1024.jpg\",\"contentUrl\":\"https:\\\/\\\/ahorn-camp.de\\\/wp-content\\\/uploads\\\/2025\\\/10\\\/DSC02499-683x1024.jpg\"},{\"@type\":\"BreadcrumbList\",\"@id\":\"https:\\\/\\\/ahorn-camp.de\\\/firmengeschichte\\\/#breadcrumb\",\"itemListElement\":[{\"@type\":\"ListItem\",\"position\":1,\"name\":\"Startseite\",\"item\":\"https:\\\/\\\/ahorn-camp.de\\\/\"},{\"@type\":\"ListItem\",\"position\":2,\"name\":\"Firmengeschichte\"}]},{\"@type\":\"WebSite\",\"@id\":\"https:\\\/\\\/ahorn-camp.de\\\/#website\",\"url\":\"https:\\\/\\\/ahorn-camp.de\\\/\",\"name\":\"Ahorn Camp | Reisemobile und Kastenwagen\",\"description\":\"Seit \u00fcber 30 Jahren vermarktet das Familienunternehmen, Ahorn Camp in Speyer, erfolgreich Wohnmobile und Kastenwagen zum besten Preis-Leistungsverh\u00e4ltnis.\",\"publisher\":{\"@id\":\"https:\\\/\\\/ahorn-camp.de\\\/#organization\"},\"potentialAction\":[{\"@type\":\"SearchAction\",\"target\":{\"@type\":\"EntryPoint\",\"urlTemplate\":\"https:\\\/\\\/ahorn-camp.de\\\/?s={search_term_string}\"},\"query-input\":{\"@type\":\"PropertyValueSpecification\",\"valueRequired\":true,\"valueName\":\"search_term_string\"}}],\"inLanguage\":\"en-US\"},{\"@type\":\"Organization\",\"@id\":\"https:\\\/\\\/ahorn-camp.de\\\/#organization\",\"name\":\"Ahorn Camp GmbH & Co. KG\",\"url\":\"https:\\\/\\\/ahorn-camp.de\\\/\",\"logo\":{\"@type\":\"ImageObject\",\"inLanguage\":\"en-US\",\"@id\":\"https:\\\/\\\/ahorn-camp.de\\\/#\\\/schema\\\/logo\\\/image\\\/\",\"url\":\"https:\\\/\\\/ahorn-camp.de\\\/wp-content\\\/uploads\\\/2018\\\/12\\\/Ahorn_Logo.jpg\",\"contentUrl\":\"https:\\\/\\\/ahorn-camp.de\\\/wp-content\\\/uploads\\\/2018\\\/12\\\/Ahorn_Logo.jpg\",\"width\":1437,\"height\":1000,\"caption\":\"Ahorn Camp GmbH & Co. KG\"},\"image\":{\"@id\":\"https:\\\/\\\/ahorn-camp.de\\\/#\\\/schema\\\/logo\\\/image\\\/\"},\"sameAs\":[\"https:\\\/\\\/www.facebook.com\\\/ahorn.wohnmobile\\\/\",\"https:\\\/\\\/www.instagram.com\\\/ahorn.camp\\\/\",\"https:\\\/\\\/www.youtube.com\\\/channel\\\/UCPFbPCts1JJ_A1k9vyH0yOQ\"]}]}<\/script>\n<!-- \/ Yoast SEO plugin. -->","yoast_head_json":{"title":"Company history - Ahorn Camp | Motorhomes and camper vans","description":"30 years ago, Ahorn Camp was founded. Still family-owned, the company continues to grow.","robots":{"index":"index","follow":"follow","max-snippet":"max-snippet:-1","max-image-preview":"max-image-preview:large","max-video-preview":"max-video-preview:-1"},"canonical":"https:\/\/ahorn-camp.de\/en\/company-history\/","og_locale":"en_US","og_type":"article","og_title":"Firmengeschichte - Ahorn Camp | Reisemobile und Kastenwagen","og_description":"Vor 30 Jahren wurde Ahorn Camp gegr\u00fcndet. Noch immer in Familienhand w\u00e4chst das Unternehmen weiter.","og_url":"https:\/\/ahorn-camp.de\/en\/company-history\/","og_site_name":"Ahorn Camp | Reisemobile und Kastenwagen","article_publisher":"https:\/\/www.facebook.com\/ahorn.wohnmobile\/","article_modified_time":"2026-01-27T09:51:34+00:00","og_image":[{"width":1707,"height":2560,"url":"https:\/\/ahorn-camp.de\/wp-content\/uploads\/2025\/10\/DSC02499-scaled.jpg","type":"image\/jpeg"}],"twitter_card":"summary_large_image","twitter_misc":{"Est. reading time":"8 minutes"},"schema":{"@context":"https:\/\/schema.org","@graph":[{"@type":"WebPage","@id":"https:\/\/ahorn-camp.de\/firmengeschichte\/","url":"https:\/\/ahorn-camp.de\/firmengeschichte\/","name":"Company history - Ahorn Camp | Motorhomes and camper vans","isPartOf":{"@id":"https:\/\/ahorn-camp.de\/#website"},"primaryImageOfPage":{"@id":"https:\/\/ahorn-camp.de\/firmengeschichte\/#primaryimage"},"image":{"@id":"https:\/\/ahorn-camp.de\/firmengeschichte\/#primaryimage"},"thumbnailUrl":"https:\/\/ahorn-camp.de\/wp-content\/uploads\/2025\/10\/DSC02499-683x1024.jpg","datePublished":"2026-01-27T09:44:05+00:00","dateModified":"2026-01-27T09:51:34+00:00","description":"30 years ago, Ahorn Camp was founded. Still family-owned, the company continues to grow.","breadcrumb":{"@id":"https:\/\/ahorn-camp.de\/firmengeschichte\/#breadcrumb"},"inLanguage":"en-US","potentialAction":[{"@type":"ReadAction","target":["https:\/\/ahorn-camp.de\/firmengeschichte\/"]}]},{"@type":"ImageObject","inLanguage":"en-US","@id":"https:\/\/ahorn-camp.de\/firmengeschichte\/#primaryimage","url":"https:\/\/ahorn-camp.de\/wp-content\/uploads\/2025\/10\/DSC02499-683x1024.jpg","contentUrl":"https:\/\/ahorn-camp.de\/wp-content\/uploads\/2025\/10\/DSC02499-683x1024.jpg"},{"@type":"BreadcrumbList","@id":"https:\/\/ahorn-camp.de\/firmengeschichte\/#breadcrumb","itemListElement":[{"@type":"ListItem","position":1,"name":"Startseite","item":"https:\/\/ahorn-camp.de\/"},{"@type":"ListItem","position":2,"name":"Firmengeschichte"}]},{"@type":"WebSite","@id":"https:\/\/ahorn-camp.de\/#website","url":"https:\/\/ahorn-camp.de\/","name":"Ahorn Camp | Motorhomes and camper vans","description":"For over 30 years, the family business, Ahorn Camp in Speyer, has successfully marketed motorhomes and camper vans at the best price-performance ratio.","publisher":{"@id":"https:\/\/ahorn-camp.de\/#organization"},"potentialAction":[{"@type":"SearchAction","target":{"@type":"EntryPoint","urlTemplate":"https:\/\/ahorn-camp.de\/?s={search_term_string}"},"query-input":{"@type":"PropertyValueSpecification","valueRequired":true,"valueName":"search_term_string"}}],"inLanguage":"en-US"},{"@type":"Organization","@id":"https:\/\/ahorn-camp.de\/#organization","name":"Ahorn Camp GmbH &amp; Co. KG","url":"https:\/\/ahorn-camp.de\/","logo":{"@type":"ImageObject","inLanguage":"en-US","@id":"https:\/\/ahorn-camp.de\/#\/schema\/logo\/image\/","url":"https:\/\/ahorn-camp.de\/wp-content\/uploads\/2018\/12\/Ahorn_Logo.jpg","contentUrl":"https:\/\/ahorn-camp.de\/wp-content\/uploads\/2018\/12\/Ahorn_Logo.jpg","width":1437,"height":1000,"caption":"Ahorn Camp GmbH & Co. KG"},"image":{"@id":"https:\/\/ahorn-camp.de\/#\/schema\/logo\/image\/"},"sameAs":["https:\/\/www.facebook.com\/ahorn.wohnmobile\/","https:\/\/www.instagram.com\/ahorn.camp\/","https:\/\/www.youtube.com\/channel\/UCPFbPCts1JJ_A1k9vyH0yOQ"]}]}},"_links":{"self":[{"href":"https:\/\/ahorn-camp.de\/en\/wp-json\/wp\/v2\/pages\/35806","targetHints":{"allow":["GET"]}}],"collection":[{"href":"https:\/\/ahorn-camp.de\/en\/wp-json\/wp\/v2\/pages"}],"about":[{"href":"https:\/\/ahorn-camp.de\/en\/wp-json\/wp\/v2\/types\/page"}],"author":[{"embeddable":true,"href":"https:\/\/ahorn-camp.de\/en\/wp-json\/wp\/v2\/users\/2"}],"replies":[{"embeddable":true,"href":"https:\/\/ahorn-camp.de\/en\/wp-json\/wp\/v2\/comments?post=35806"}],"version-history":[{"count":3,"href":"https:\/\/ahorn-camp.de\/en\/wp-json\/wp\/v2\/pages\/35806\/revisions"}],"predecessor-version":[{"id":37464,"href":"https:\/\/ahorn-camp.de\/en\/wp-json\/wp\/v2\/pages\/35806\/revisions\/37464"}],"wp:attachment":[{"href":"https:\/\/ahorn-camp.de\/en\/wp-json\/wp\/v2\/media?parent=35806"}],"curies":[{"name":"wp","href":"https:\/\/api.w.org\/{rel}","templated":true}]}}