{"id":35793,"date":"2026-02-04T14:12:27","date_gmt":"2026-02-04T13:12:27","guid":{"rendered":"https:\/\/ahorn-camp.de\/?page_id=35793"},"modified":"2026-04-28T09:35:22","modified_gmt":"2026-04-28T07:35:22","slug":"muelheim","status":"publish","type":"page","link":"https:\/\/ahorn-camp.de\/en\/muelheim\/","title":{"rendered":"Ahorn Camp M\u00fclheim"},"content":{"rendered":"<div data-elementor-type=\"wp-page\" data-elementor-id=\"35793\" class=\"elementor elementor-35793\" data-elementor-post-type=\"page\">\n\t\t\t\t\t\t<section class=\"elementor-section elementor-top-section elementor-element elementor-element-6ce6ea9 elementor-section-full_width elementor-section-height-min-height elementor-section-stretched elementor-section-height-default elementor-section-items-middle\" data-id=\"6ce6ea9\" data-element_type=\"section\" data-e-type=\"section\" data-settings=\"{&quot;stretch_section&quot;:&quot;section-stretched&quot;,&quot;background_background&quot;:&quot;classic&quot;}\">\n\t\t\t\t\t\t<div class=\"elementor-container elementor-column-gap-default\">\n\t\t\t\t\t<div class=\"elementor-column elementor-col-100 elementor-top-column elementor-element elementor-element-28d7caa\" data-id=\"28d7caa\" data-element_type=\"column\" data-e-type=\"column\">\n\t\t\t<div class=\"elementor-widget-wrap elementor-element-populated\">\n\t\t\t\t\t\t<div class=\"elementor-element elementor-element-52b79c4 elementor-widget elementor-widget-heading\" data-id=\"52b79c4\" data-element_type=\"widget\" data-e-type=\"widget\" data-widget_type=\"heading.default\">\n\t\t\t\t<div class=\"elementor-widget-container\">\n\t\t\t\t\t<h1 class=\"elementor-heading-title elementor-size-default\">Ahorn Camp M\u00fclheim<\/h1>\t\t\t\t<\/div>\n\t\t\t\t<\/div>\n\t\t\t\t\t<\/div>\n\t\t<\/div>\n\t\t\t\t\t<\/div>\n\t\t<\/section>\n\t\t\t\t<section class=\"elementor-section elementor-top-section elementor-element elementor-element-0e57e2f elementor-section-full_width elementor-section-stretched elementor-section-height-min-height elementor-section-height-default elementor-section-items-middle\" data-id=\"0e57e2f\" data-element_type=\"section\" data-e-type=\"section\" data-settings=\"{&quot;stretch_section&quot;:&quot;section-stretched&quot;,&quot;background_background&quot;:&quot;classic&quot;}\">\n\t\t\t\t\t\t<div class=\"elementor-container elementor-column-gap-default\">\n\t\t\t\t\t<div class=\"elementor-column elementor-col-100 elementor-top-column elementor-element elementor-element-983ac2e\" data-id=\"983ac2e\" data-element_type=\"column\" data-e-type=\"column\">\n\t\t\t<div class=\"elementor-widget-wrap\">\n\t\t\t\t\t\t\t<\/div>\n\t\t<\/div>\n\t\t\t\t\t<\/div>\n\t\t<\/section>\n\t\t\t\t<section class=\"elementor-section elementor-top-section elementor-element elementor-element-5e8668b elementor-section-stretched elementor-section-boxed elementor-section-height-default elementor-section-height-default\" data-id=\"5e8668b\" data-element_type=\"section\" data-e-type=\"section\" data-settings=\"{&quot;stretch_section&quot;:&quot;section-stretched&quot;}\">\n\t\t\t\t\t\t<div class=\"elementor-container elementor-column-gap-default\">\n\t\t\t\t\t<div class=\"elementor-column elementor-col-100 elementor-top-column elementor-element elementor-element-803742e\" data-id=\"803742e\" data-element_type=\"column\" data-e-type=\"column\">\n\t\t\t<div class=\"elementor-widget-wrap elementor-element-populated\">\n\t\t\t\t\t\t<div class=\"elementor-element elementor-element-4ba325f elementor-widget elementor-widget-heading\" data-id=\"4ba325f\" data-element_type=\"widget\" data-e-type=\"widget\" data-widget_type=\"heading.default\">\n\t\t\t\t<div class=\"elementor-widget-container\">\n\t\t\t\t\t<h2 class=\"elementor-heading-title elementor-size-default\">Discover our motorhomes in M\u00fclheim<\/h2>\t\t\t\t<\/div>\n\t\t\t\t<\/div>\n\t\t\t\t<div class=\"elementor-element elementor-element-40f9780 elementor-widget elementor-widget-text-editor\" data-id=\"40f9780\" data-element_type=\"widget\" data-e-type=\"widget\" data-widget_type=\"text-editor.default\">\n\t\t\t\t<div class=\"elementor-widget-container\">\n\t\t\t\t\t\t\t\t\t<p><strong>Welcome to Ahorn Camp M\u00fclheim, your contact for RVs and camper vans in the Ruhr area.<\/strong><\/p><p>Whether for individual advice or the search for the perfect motorhome \u2013 here, expertise, experience, and a passion for mobile travel come together. In our modern showroom in M\u00fclheim, you'll discover a diverse selection of Ahorn Camp motorhomes and campervans.<\/p>\t\t\t\t\t\t\t\t<\/div>\n\t\t\t\t<\/div>\n\t\t\t\t\t<\/div>\n\t\t<\/div>\n\t\t\t\t\t<\/div>\n\t\t<\/section>\n\t\t\t\t<section class=\"elementor-section elementor-top-section elementor-element elementor-element-47a2f70 elementor-section-stretched elementor-section-boxed elementor-section-height-default elementor-section-height-default\" data-id=\"47a2f70\" data-element_type=\"section\" data-e-type=\"section\" data-settings=\"{&quot;stretch_section&quot;:&quot;section-stretched&quot;}\">\n\t\t\t\t\t\t<div class=\"elementor-container elementor-column-gap-default\">\n\t\t\t\t\t<div class=\"elementor-column elementor-col-100 elementor-top-column elementor-element elementor-element-d0dd9c1\" data-id=\"d0dd9c1\" data-element_type=\"column\" data-e-type=\"column\">\n\t\t\t<div class=\"elementor-widget-wrap elementor-element-populated\">\n\t\t\t\t\t\t<div class=\"elementor-element elementor-element-b82496c elementor-widget elementor-widget-heading\" data-id=\"b82496c\" data-element_type=\"widget\" data-e-type=\"widget\" data-widget_type=\"heading.default\">\n\t\t\t\t<div class=\"elementor-widget-container\">\n\t\t\t\t\t<h2 class=\"elementor-heading-title elementor-size-default\">Discover our models<\/h2>\t\t\t\t<\/div>\n\t\t\t\t<\/div>\n\t\t\t\t\t<\/div>\n\t\t<\/div>\n\t\t\t\t\t<\/div>\n\t\t<\/section>\n\t\t\t\t<section class=\"elementor-section elementor-top-section elementor-element elementor-element-3b25cf4 elementor-section-stretched elementor-section-boxed elementor-section-height-default elementor-section-height-default\" data-id=\"3b25cf4\" data-element_type=\"section\" data-e-type=\"section\" data-settings=\"{&quot;stretch_section&quot;:&quot;section-stretched&quot;}\">\n\t\t\t\t\t\t<div class=\"elementor-container elementor-column-gap-default\">\n\t\t\t\t\t<div class=\"elementor-column elementor-col-25 elementor-top-column elementor-element elementor-element-a2ac665\" data-id=\"a2ac665\" data-element_type=\"column\" data-e-type=\"column\" data-settings=\"{&quot;background_background&quot;:&quot;classic&quot;}\">\n\t\t\t<div class=\"elementor-widget-wrap elementor-element-populated\">\n\t\t\t\t\t\t<div class=\"elementor-element elementor-element-1e75196 elementor-widget elementor-widget-image\" data-id=\"1e75196\" data-element_type=\"widget\" data-e-type=\"widget\" data-widget_type=\"image.default\">\n\t\t\t\t<div class=\"elementor-widget-container\">\n\t\t\t\t\t\t\t\t\t\t\t\t\t\t\t\t<a href=\"https:\/\/ahorn-camp.de\/en\/ahorn-motorhomes\/campervan\/\">\n\t\t\t\t\t\t\t<img fetchpriority=\"high\" decoding=\"async\" width=\"1024\" height=\"576\" src=\"https:\/\/ahorn-camp.de\/wp-content\/uploads\/2025\/08\/360-Van-V630_00007-1-1024x576.webp\" class=\"elementor-animation-grow attachment-large size-large wp-image-32579\" alt=\"New V630 models\" srcset=\"https:\/\/ahorn-camp.de\/wp-content\/uploads\/2025\/08\/360-Van-V630_00007-1-1024x576.webp 1024w, https:\/\/ahorn-camp.de\/wp-content\/uploads\/2025\/08\/360-Van-V630_00007-1-300x169.webp 300w, https:\/\/ahorn-camp.de\/wp-content\/uploads\/2025\/08\/360-Van-V630_00007-1-768x432.webp 768w, https:\/\/ahorn-camp.de\/wp-content\/uploads\/2025\/08\/360-Van-V630_00007-1-800x450.webp 800w, https:\/\/ahorn-camp.de\/wp-content\/uploads\/2025\/08\/360-Van-V630_00007-1-18x10.webp 18w, https:\/\/ahorn-camp.de\/wp-content\/uploads\/2025\/08\/360-Van-V630_00007-1.webp 1280w\" sizes=\"(max-width: 1024px) 100vw, 1024px\" \/>\t\t\t\t\t\t\t\t<\/a>\n\t\t\t\t\t\t\t\t\t\t\t\t\t\t\t<\/div>\n\t\t\t\t<\/div>\n\t\t\t\t<div class=\"elementor-element elementor-element-451a4df elementor-widget elementor-widget-heading\" data-id=\"451a4df\" data-element_type=\"widget\" data-e-type=\"widget\" data-widget_type=\"heading.default\">\n\t\t\t\t<div class=\"elementor-widget-container\">\n\t\t\t\t\t<h3 class=\"elementor-heading-title elementor-size-default\"><a href=\"#campervans\">Campervans<\/a><\/h3>\t\t\t\t<\/div>\n\t\t\t\t<\/div>\n\t\t\t\t<div class=\"elementor-element elementor-element-e5b5e3a elementor-align-center elementor-widget elementor-widget-button\" data-id=\"e5b5e3a\" data-element_type=\"widget\" data-e-type=\"widget\" data-widget_type=\"button.default\">\n\t\t\t\t<div class=\"elementor-widget-container\">\n\t\t\t\t\t\t\t\t\t<div class=\"elementor-button-wrapper\">\n\t\t\t\t\t<a class=\"elementor-button elementor-button-link elementor-size-sm\" href=\"https:\/\/ahorn-camp.de\/en\/ahorn-motorhomes\/campervan\/\">\n\t\t\t\t\t\t<span class=\"elementor-button-content-wrapper\">\n\t\t\t\t\t\t\t\t\t<span class=\"elementor-button-text\">Discover now<\/span>\n\t\t\t\t\t<\/span>\n\t\t\t\t\t<\/a>\n\t\t\t\t<\/div>\n\t\t\t\t\t\t\t\t<\/div>\n\t\t\t\t<\/div>\n\t\t\t\t\t<\/div>\n\t\t<\/div>\n\t\t\t\t<div class=\"elementor-column elementor-col-25 elementor-top-column elementor-element elementor-element-81749d9\" data-id=\"81749d9\" data-element_type=\"column\" data-e-type=\"column\" data-settings=\"{&quot;background_background&quot;:&quot;classic&quot;}\">\n\t\t\t<div class=\"elementor-widget-wrap elementor-element-populated\">\n\t\t\t\t\t\t<div class=\"elementor-element elementor-element-8e4099c elementor-widget elementor-widget-image\" data-id=\"8e4099c\" data-element_type=\"widget\" data-e-type=\"widget\" data-widget_type=\"image.default\">\n\t\t\t\t<div class=\"elementor-widget-container\">\n\t\t\t\t\t\t\t\t\t\t\t\t\t\t\t\t<a href=\"https:\/\/ahorn-camp.de\/en\/ahorn-motorhomes\/semi-integrated-motorhomes\/\">\n\t\t\t\t\t\t\t<img decoding=\"async\" width=\"1024\" height=\"576\" src=\"https:\/\/ahorn-camp.de\/wp-content\/uploads\/2025\/08\/360-Reisemobil-TG-690_00007-1-1024x576.webp\" class=\"elementor-animation-grow attachment-large size-large wp-image-32578\" alt=\"New models TG690\" srcset=\"https:\/\/ahorn-camp.de\/wp-content\/uploads\/2025\/08\/360-Reisemobil-TG-690_00007-1-1024x576.webp 1024w, https:\/\/ahorn-camp.de\/wp-content\/uploads\/2025\/08\/360-Reisemobil-TG-690_00007-1-300x169.webp 300w, https:\/\/ahorn-camp.de\/wp-content\/uploads\/2025\/08\/360-Reisemobil-TG-690_00007-1-768x432.webp 768w, https:\/\/ahorn-camp.de\/wp-content\/uploads\/2025\/08\/360-Reisemobil-TG-690_00007-1-800x450.webp 800w, https:\/\/ahorn-camp.de\/wp-content\/uploads\/2025\/08\/360-Reisemobil-TG-690_00007-1-18x10.webp 18w, https:\/\/ahorn-camp.de\/wp-content\/uploads\/2025\/08\/360-Reisemobil-TG-690_00007-1.webp 1280w\" sizes=\"(max-width: 1024px) 100vw, 1024px\" \/>\t\t\t\t\t\t\t\t<\/a>\n\t\t\t\t\t\t\t\t\t\t\t\t\t\t\t<\/div>\n\t\t\t\t<\/div>\n\t\t\t\t<div class=\"elementor-element elementor-element-e15c05d elementor-widget elementor-widget-heading\" data-id=\"e15c05d\" data-element_type=\"widget\" data-e-type=\"widget\" data-widget_type=\"heading.default\">\n\t\t\t\t<div class=\"elementor-widget-container\">\n\t\t\t\t\t<h3 class=\"elementor-heading-title elementor-size-default\"><a href=\"#teilintegrierte\">Semi-integrated<\/a><\/h3>\t\t\t\t<\/div>\n\t\t\t\t<\/div>\n\t\t\t\t<div class=\"elementor-element elementor-element-9cb61cf elementor-align-center elementor-widget elementor-widget-button\" data-id=\"9cb61cf\" data-element_type=\"widget\" data-e-type=\"widget\" data-widget_type=\"button.default\">\n\t\t\t\t<div class=\"elementor-widget-container\">\n\t\t\t\t\t\t\t\t\t<div class=\"elementor-button-wrapper\">\n\t\t\t\t\t<a class=\"elementor-button elementor-button-link elementor-size-sm\" href=\"https:\/\/ahorn-camp.de\/en\/ahorn-motorhomes\/semi-integrated-motorhomes\/\">\n\t\t\t\t\t\t<span class=\"elementor-button-content-wrapper\">\n\t\t\t\t\t\t\t\t\t<span class=\"elementor-button-text\">Discover now<\/span>\n\t\t\t\t\t<\/span>\n\t\t\t\t\t<\/a>\n\t\t\t\t<\/div>\n\t\t\t\t\t\t\t\t<\/div>\n\t\t\t\t<\/div>\n\t\t\t\t\t<\/div>\n\t\t<\/div>\n\t\t\t\t<div class=\"elementor-column elementor-col-25 elementor-top-column elementor-element elementor-element-250a5ec\" data-id=\"250a5ec\" data-element_type=\"column\" data-e-type=\"column\" data-settings=\"{&quot;background_background&quot;:&quot;classic&quot;}\">\n\t\t\t<div class=\"elementor-widget-wrap elementor-element-populated\">\n\t\t\t\t\t\t<div class=\"elementor-element elementor-element-7076926 elementor-widget elementor-widget-image\" data-id=\"7076926\" data-element_type=\"widget\" data-e-type=\"widget\" data-widget_type=\"image.default\">\n\t\t\t\t<div class=\"elementor-widget-container\">\n\t\t\t\t\t\t\t\t\t\t\t\t\t\t\t\t<a href=\"https:\/\/ahorn-camp.de\/en\/ahorn-motorhomes\/alcove-motorhomes\/\">\n\t\t\t\t\t\t\t<img decoding=\"async\" width=\"1024\" height=\"576\" src=\"https:\/\/ahorn-camp.de\/wp-content\/uploads\/2025\/08\/360-Reisemobil-A690_00007-1024x576.webp\" class=\"elementor-animation-grow attachment-large size-large wp-image-32580\" alt=\"New A690 models\" srcset=\"https:\/\/ahorn-camp.de\/wp-content\/uploads\/2025\/08\/360-Reisemobil-A690_00007-1024x576.webp 1024w, https:\/\/ahorn-camp.de\/wp-content\/uploads\/2025\/08\/360-Reisemobil-A690_00007-300x169.webp 300w, https:\/\/ahorn-camp.de\/wp-content\/uploads\/2025\/08\/360-Reisemobil-A690_00007-768x432.webp 768w, https:\/\/ahorn-camp.de\/wp-content\/uploads\/2025\/08\/360-Reisemobil-A690_00007-800x450.webp 800w, https:\/\/ahorn-camp.de\/wp-content\/uploads\/2025\/08\/360-Reisemobil-A690_00007-18x10.webp 18w, https:\/\/ahorn-camp.de\/wp-content\/uploads\/2025\/08\/360-Reisemobil-A690_00007.webp 1280w\" sizes=\"(max-width: 1024px) 100vw, 1024px\" \/>\t\t\t\t\t\t\t\t<\/a>\n\t\t\t\t\t\t\t\t\t\t\t\t\t\t\t<\/div>\n\t\t\t\t<\/div>\n\t\t\t\t<div class=\"elementor-element elementor-element-27a498e elementor-widget elementor-widget-heading\" data-id=\"27a498e\" data-element_type=\"widget\" data-e-type=\"widget\" data-widget_type=\"heading.default\">\n\t\t\t\t<div class=\"elementor-widget-container\">\n\t\t\t\t\t<h3 class=\"elementor-heading-title elementor-size-default\"><a href=\"#alkoven\">Alcove<\/a><\/h3>\t\t\t\t<\/div>\n\t\t\t\t<\/div>\n\t\t\t\t<div class=\"elementor-element elementor-element-c5aeb65 elementor-align-center elementor-widget elementor-widget-button\" data-id=\"c5aeb65\" data-element_type=\"widget\" data-e-type=\"widget\" data-widget_type=\"button.default\">\n\t\t\t\t<div class=\"elementor-widget-container\">\n\t\t\t\t\t\t\t\t\t<div class=\"elementor-button-wrapper\">\n\t\t\t\t\t<a class=\"elementor-button elementor-button-link elementor-size-sm\" href=\"https:\/\/ahorn-camp.de\/en\/ahorn-motorhomes\/alcove-motorhomes\/\">\n\t\t\t\t\t\t<span class=\"elementor-button-content-wrapper\">\n\t\t\t\t\t\t\t\t\t<span class=\"elementor-button-text\">Discover now<\/span>\n\t\t\t\t\t<\/span>\n\t\t\t\t\t<\/a>\n\t\t\t\t<\/div>\n\t\t\t\t\t\t\t\t<\/div>\n\t\t\t\t<\/div>\n\t\t\t\t\t<\/div>\n\t\t<\/div>\n\t\t\t\t<div class=\"elementor-column elementor-col-25 elementor-top-column elementor-element elementor-element-8fdd16b\" data-id=\"8fdd16b\" data-element_type=\"column\" data-e-type=\"column\" data-settings=\"{&quot;background_background&quot;:&quot;classic&quot;}\">\n\t\t\t<div class=\"elementor-widget-wrap elementor-element-populated\">\n\t\t\t\t\t\t<div class=\"elementor-element elementor-element-7d62f21 elementor-widget elementor-widget-image\" data-id=\"7d62f21\" data-element_type=\"widget\" data-e-type=\"widget\" data-widget_type=\"image.default\">\n\t\t\t\t<div class=\"elementor-widget-container\">\n\t\t\t\t\t\t\t\t\t\t\t\t\t\t\t\t<a href=\"https:\/\/ahorn-camp.de\/en\/buy-used-motorhome\/\">\n\t\t\t\t\t\t\t<img loading=\"lazy\" decoding=\"async\" width=\"1024\" height=\"576\" src=\"https:\/\/ahorn-camp.de\/wp-content\/uploads\/2025\/10\/Gebrauchte-Kachel-1024x576.webp\" class=\"elementor-animation-grow attachment-large size-large wp-image-35605\" alt=\"\" srcset=\"https:\/\/ahorn-camp.de\/wp-content\/uploads\/2025\/10\/Gebrauchte-Kachel-1024x576.webp 1024w, https:\/\/ahorn-camp.de\/wp-content\/uploads\/2025\/10\/Gebrauchte-Kachel-300x169.webp 300w, https:\/\/ahorn-camp.de\/wp-content\/uploads\/2025\/10\/Gebrauchte-Kachel-768x432.webp 768w, https:\/\/ahorn-camp.de\/wp-content\/uploads\/2025\/10\/Gebrauchte-Kachel-800x450.webp 800w, https:\/\/ahorn-camp.de\/wp-content\/uploads\/2025\/10\/Gebrauchte-Kachel-18x10.webp 18w, https:\/\/ahorn-camp.de\/wp-content\/uploads\/2025\/10\/Gebrauchte-Kachel.webp 1280w\" sizes=\"(max-width: 1024px) 100vw, 1024px\" \/>\t\t\t\t\t\t\t\t<\/a>\n\t\t\t\t\t\t\t\t\t\t\t\t\t\t\t<\/div>\n\t\t\t\t<\/div>\n\t\t\t\t<div class=\"elementor-element elementor-element-c0152a6 elementor-widget elementor-widget-heading\" data-id=\"c0152a6\" data-element_type=\"widget\" data-e-type=\"widget\" data-widget_type=\"heading.default\">\n\t\t\t\t<div class=\"elementor-widget-container\">\n\t\t\t\t\t<h3 class=\"elementor-heading-title elementor-size-default\"><a href=\"#alkoven\">Used<\/a><\/h3>\t\t\t\t<\/div>\n\t\t\t\t<\/div>\n\t\t\t\t<div class=\"elementor-element elementor-element-3076345 elementor-align-center elementor-widget elementor-widget-button\" data-id=\"3076345\" data-element_type=\"widget\" data-e-type=\"widget\" data-widget_type=\"button.default\">\n\t\t\t\t<div class=\"elementor-widget-container\">\n\t\t\t\t\t\t\t\t\t<div class=\"elementor-button-wrapper\">\n\t\t\t\t\t<a class=\"elementor-button elementor-button-link elementor-size-sm\" href=\"https:\/\/ahorn-camp.de\/en\/buy-used-motorhome\/\">\n\t\t\t\t\t\t<span class=\"elementor-button-content-wrapper\">\n\t\t\t\t\t\t\t\t\t<span class=\"elementor-button-text\">Discover now<\/span>\n\t\t\t\t\t<\/span>\n\t\t\t\t\t<\/a>\n\t\t\t\t<\/div>\n\t\t\t\t\t\t\t\t<\/div>\n\t\t\t\t<\/div>\n\t\t\t\t\t<\/div>\n\t\t<\/div>\n\t\t\t\t\t<\/div>\n\t\t<\/section>\n\t\t\t\t<section class=\"elementor-section elementor-top-section elementor-element elementor-element-b8e8f3f elementor-section-stretched elementor-section-boxed elementor-section-height-default elementor-section-height-default\" data-id=\"b8e8f3f\" data-element_type=\"section\" data-e-type=\"section\" data-settings=\"{&quot;stretch_section&quot;:&quot;section-stretched&quot;}\">\n\t\t\t\t\t\t<div class=\"elementor-container elementor-column-gap-default\">\n\t\t\t\t\t<div class=\"elementor-column elementor-col-100 elementor-top-column elementor-element elementor-element-a435c92\" data-id=\"a435c92\" data-element_type=\"column\" data-e-type=\"column\">\n\t\t\t<div class=\"elementor-widget-wrap elementor-element-populated\">\n\t\t\t\t\t\t<div class=\"elementor-element elementor-element-1d59a4d elementor-widget elementor-widget-heading\" data-id=\"1d59a4d\" data-element_type=\"widget\" data-e-type=\"widget\" data-widget_type=\"heading.default\">\n\t\t\t\t<div class=\"elementor-widget-container\">\n\t\t\t\t\t<h2 class=\"elementor-heading-title elementor-size-default\">Sales and service<\/h2>\t\t\t\t<\/div>\n\t\t\t\t<\/div>\n\t\t\t\t<div class=\"elementor-element elementor-element-e6090e2 elementor-widget elementor-widget-text-editor\" data-id=\"e6090e2\" data-element_type=\"widget\" data-e-type=\"widget\" data-widget_type=\"text-editor.default\">\n\t\t\t\t<div class=\"elementor-widget-container\">\n\t\t\t\t\t\t\t\t\t<p data-start=\"1308\" data-end=\"1574\">Since 2016, the Ahorn Camp branch in M\u00fclheim an der Ruhr has stood for competent advice on motorhomes. On K\u00f6lner Stra\u00dfe, the well-known \u201emotorhome street,\u201c we present a selection of models for you to view \u2013 including on Sundays and public holidays.<\/p><p data-start=\"1581\" data-end=\"1694\">Our modern service and workshop center also ensures that you receive excellent support after your purchase.<\/p>\t\t\t\t\t\t\t\t<\/div>\n\t\t\t\t<\/div>\n\t\t\t\t<div class=\"elementor-element elementor-element-4c4c5ab elementor-tabs-view-horizontal elementor-widget elementor-widget-tabs\" data-id=\"4c4c5ab\" data-element_type=\"widget\" data-e-type=\"widget\" data-widget_type=\"tabs.default\">\n\t\t\t\t<div class=\"elementor-widget-container\">\n\t\t\t\t\t\t\t<div class=\"elementor-tabs\">\n\t\t\t<div class=\"elementor-tabs-wrapper\" role=\"tablist\" >\n\t\t\t\t\t\t\t\t\t<div id=\"elementor-tab-title-8001\" class=\"elementor-tab-title elementor-tab-desktop-title\" aria-selected=\"true\" data-tab=\"1\" role=\"tab\" tabindex=\"0\" aria-controls=\"elementor-tab-content-8001\" aria-expanded=\"false\">Contact Camp<\/div>\n\t\t\t\t\t\t\t\t\t<div id=\"elementor-tab-title-8002\" class=\"elementor-tab-title elementor-tab-desktop-title\" aria-selected=\"false\" data-tab=\"2\" role=\"tab\" tabindex=\"-1\" aria-controls=\"elementor-tab-content-8002\" aria-expanded=\"false\">Contact Service<\/div>\n\t\t\t\t\t\t\t\t\t<div id=\"elementor-tab-title-8003\" class=\"elementor-tab-title elementor-tab-desktop-title\" aria-selected=\"false\" data-tab=\"3\" role=\"tab\" tabindex=\"-1\" aria-controls=\"elementor-tab-content-8003\" aria-expanded=\"false\">Maple Rent<\/div>\n\t\t\t\t\t\t\t\t\t<div id=\"elementor-tab-title-8004\" class=\"elementor-tab-title elementor-tab-desktop-title\" aria-selected=\"false\" data-tab=\"4\" role=\"tab\" tabindex=\"-1\" aria-controls=\"elementor-tab-content-8004\" aria-expanded=\"false\">Location &amp; Opening Hours<\/div>\n\t\t\t\t\t\t\t<\/div>\n\t\t\t<div class=\"elementor-tabs-content-wrapper\" role=\"tablist\" aria-orientation=\"vertical\">\n\t\t\t\t\t\t\t\t\t<div class=\"elementor-tab-title elementor-tab-mobile-title\" aria-selected=\"true\" data-tab=\"1\" role=\"tab\" tabindex=\"0\" aria-controls=\"elementor-tab-content-8001\" aria-expanded=\"false\">Contact Camp<\/div>\n\t\t\t\t\t<div id=\"elementor-tab-content-8001\" class=\"elementor-tab-content elementor-clearfix\" data-tab=\"1\" role=\"tabpanel\" aria-labelledby=\"elementor-tab-title-8001\" tabindex=\"0\" hidden=\"false\"><table class=\"ac-table\" role=\"presentation\">\n<tbody>\n<tr><!-- Linke Spalte: Bild -->\n<td class=\"ac-img\" style=\"width: 48%;\"><img decoding=\"async\" src=\"https:\/\/ahorn-camp.de\/wp-content\/uploads\/2026\/02\/Fahrzeugfinder-Slider-1080-x-1350-px-2.webp\" alt=\"Ahorn Camp M\u00fclheim \u2013 Service &amp; Terminvereinbarung\" \/><\/td>\n<!-- Rechte Spalte: Text & Button -->\n<td class=\"ac-content\">\n<h2>Do you have questions about purchasing or would you like advice?<\/h2>\nOur team in M\u00fclheim will be happy to help you find the perfect motorhome. Personal, competent, and with a passion for mobile travel.\n\n&nbsp;\n<h3 style=\"color: #000;\">Telephone<\/h3>\n+49 (0) 208 8802 536-0\n\n&nbsp;\n<h3 style=\"color: #000;\">email<\/h3>\nverkauf-nrw@ahorn-camp.de\n\n<a class=\"ac-button\" href=\"https:\/\/fr57v.share-eu1.hsforms.com\/2i5lg4cYoSMKiJ6Jk3dzlaQ\">For online appointment booking<\/a><\/td>\n<\/tr>\n<\/tbody>\n<\/table><\/div>\n\t\t\t\t\t\t\t\t\t<div class=\"elementor-tab-title elementor-tab-mobile-title\" aria-selected=\"false\" data-tab=\"2\" role=\"tab\" tabindex=\"-1\" aria-controls=\"elementor-tab-content-8002\" aria-expanded=\"false\">Contact Service<\/div>\n\t\t\t\t\t<div id=\"elementor-tab-content-8002\" class=\"elementor-tab-content elementor-clearfix\" data-tab=\"2\" role=\"tabpanel\" aria-labelledby=\"elementor-tab-title-8002\" tabindex=\"0\" hidden=\"hidden\"><table class=\"ac-table\" role=\"presentation\">\n<tbody>\n<tr><!-- Linke Spalte: Bild -->\n<td class=\"ac-img\" style=\"width: 48%;\"><img decoding=\"async\" src=\"https:\/\/ahorn-camp.de\/wp-content\/uploads\/2026\/02\/Fahrzeugfinder-Slider-1080-x-1350-px-2.webp\" alt=\"Ahorn Camp M\u00fclheim \u2013 Service &amp; Terminvereinbarung\" \/><\/td>\n<!-- Rechte Spalte: Text & Button -->\n<td class=\"ac-content\">\n<h2>Does your RV need service or maintenance?<\/h2>\nOur service team reliably handles inspections, repairs, and retrofits so you can travel safely.\n<h3 style=\"color: #000;\">Telephone<\/h3>\n+49 (0) 208 8802 536 430\n<h3 style=\"color: #000;\">email<\/h3>\nservice-nrw@ahorn-camp.de\n\n<a class=\"ac-button\" href=\"https:\/\/share-eu1.hsforms.com\/1WmjwtXztTTi1UMnVZPkAIAfr57v\">For service inquiry<\/a><\/td>\n<\/tr>\n<\/tbody>\n<\/table><\/div>\n\t\t\t\t\t\t\t\t\t<div class=\"elementor-tab-title elementor-tab-mobile-title\" aria-selected=\"false\" data-tab=\"3\" role=\"tab\" tabindex=\"-1\" aria-controls=\"elementor-tab-content-8003\" aria-expanded=\"false\">Maple Rent<\/div>\n\t\t\t\t\t<div id=\"elementor-tab-content-8003\" class=\"elementor-tab-content elementor-clearfix\" data-tab=\"3\" role=\"tabpanel\" aria-labelledby=\"elementor-tab-title-8003\" tabindex=\"0\" hidden=\"hidden\"><table class=\"ac-table\" role=\"presentation\">\n<tbody>\n<tr><!-- Linke Spalte: Bild -->\n<td class=\"ac-img\" style=\"width: 48%;\"><img decoding=\"async\" src=\"https:\/\/ahorn-camp.de\/wp-content\/uploads\/2026\/02\/Fahrzeugfinder-Slider-1080-x-1350-px-2.webp\" alt=\"Ahorn Camp M\u00fclheim \u2013 Service &amp; Terminvereinbarung\" \/><\/td>\n<!-- Rechte Spalte: Text & Button -->\n<td class=\"ac-content\">\n<h2>Rent a campervan? No problem!<\/h2>\nVisit Ahorn Rent and experience an unforgettable vacation!\n\n<a class=\"ac-button\" style=\"background: #ff0000 !important; color: #fff !important;\" href=\"#termin\">\nTo our rental models\n<\/a><\/td>\n<\/tr>\n<\/tbody>\n<\/table><\/div>\n\t\t\t\t\t\t\t\t\t<div class=\"elementor-tab-title elementor-tab-mobile-title\" aria-selected=\"false\" data-tab=\"4\" role=\"tab\" tabindex=\"-1\" aria-controls=\"elementor-tab-content-8004\" aria-expanded=\"false\">Location &amp; Opening Hours<\/div>\n\t\t\t\t\t<div id=\"elementor-tab-content-8004\" class=\"elementor-tab-content elementor-clearfix\" data-tab=\"4\" role=\"tabpanel\" aria-labelledby=\"elementor-tab-title-8004\" tabindex=\"0\" hidden=\"hidden\"><table class=\"ac-table\" role=\"presentation\">\n<tbody>\n<tr><!-- Linke Spalte: Bild -->\n<td class=\"ac-img\" style=\"width: 48%;\"><img decoding=\"async\" src=\"https:\/\/ahorn-camp.de\/wp-content\/uploads\/2026\/02\/Fahrzeugfinder-Slider-1080-x-1350-px-2.webp\" alt=\"Ahorn Camp Frankfurt \u2013 Service &amp; Appointment Scheduling\" \/><\/td>\n<!-- Rechte Spalte: Text & Button -->\n<td class=\"ac-content\">\n<h3 style=\"color: #000;\">Location<\/h3>\nK\u00f6lner Stra\u00dfe 342\n45481 M\u00fclheim a.d. Ruhr<br><br>\n<h3 style=\"color: #000;\">Sales hours<\/h3>\nMon - Fri: 10:00 AM - 6:00 PM<br>\nSa: 10:00 &#8211; 16:00 Uhr<br>\nSo: 12:00 &#8211; 16:00 Uhr Schautag<br><br>\n<h3 style=\"color: #000;\">Service Hours<\/h3>\nMon - Fri: 8:30 AM - 5:00 PM<\/td>\n<\/tr>\n<\/tbody>\n<\/table><\/div>\n\t\t\t\t\t\t\t<\/div>\n\t\t<\/div>\n\t\t\t\t\t\t<\/div>\n\t\t\t\t<\/div>\n\t\t\t\t\t<\/div>\n\t\t<\/div>\n\t\t\t\t\t<\/div>\n\t\t<\/section>\n\t\t\t\t<section class=\"elementor-section elementor-top-section elementor-element elementor-element-f615f38 elementor-section-stretched elementor-section-boxed elementor-section-height-default elementor-section-height-default\" data-id=\"f615f38\" data-element_type=\"section\" data-e-type=\"section\" data-settings=\"{&quot;stretch_section&quot;:&quot;section-stretched&quot;,&quot;background_background&quot;:&quot;classic&quot;}\">\n\t\t\t\t\t\t<div class=\"elementor-container elementor-column-gap-default\">\n\t\t\t\t\t<div class=\"elementor-column elementor-col-100 elementor-top-column elementor-element elementor-element-1504d50\" data-id=\"1504d50\" data-element_type=\"column\" data-e-type=\"column\">\n\t\t\t<div class=\"elementor-widget-wrap elementor-element-populated\">\n\t\t\t\t\t\t<section class=\"elementor-section elementor-inner-section elementor-element elementor-element-6ff9082 elementor-reverse-tablet elementor-reverse-mobile elementor-section-boxed elementor-section-height-default elementor-section-height-default\" data-id=\"6ff9082\" data-element_type=\"section\" data-e-type=\"section\">\n\t\t\t\t\t\t<div class=\"elementor-container elementor-column-gap-default\">\n\t\t\t\t\t<div class=\"elementor-column elementor-col-50 elementor-inner-column elementor-element elementor-element-13884bc\" data-id=\"13884bc\" data-element_type=\"column\" data-e-type=\"column\">\n\t\t\t<div class=\"elementor-widget-wrap elementor-element-populated\">\n\t\t\t\t\t\t<div class=\"elementor-element elementor-element-00b7e11 elementor-widget elementor-widget-heading\" data-id=\"00b7e11\" data-element_type=\"widget\" data-e-type=\"widget\" data-widget_type=\"heading.default\">\n\t\t\t\t<div class=\"elementor-widget-container\">\n\t\t\t\t\t<h2 class=\"elementor-heading-title elementor-size-default\">Current offers<\/h2>\t\t\t\t<\/div>\n\t\t\t\t<\/div>\n\t\t\t\t<div class=\"elementor-element elementor-element-a5b57f0 elementor-widget elementor-widget-text-editor\" data-id=\"a5b57f0\" data-element_type=\"widget\" data-e-type=\"widget\" data-widget_type=\"text-editor.default\">\n\t\t\t\t<div class=\"elementor-widget-container\">\n\t\t\t\t\t\t\t\t\t<p>Discover our current offers on Ahorn Camp motorhomes and campervans. Look forward to real highlights. Discover now and secure your dream vehicle at the best price.<\/p>\t\t\t\t\t\t\t\t<\/div>\n\t\t\t\t<\/div>\n\t\t\t\t<div class=\"elementor-element elementor-element-0b7ebb3 elementor-align-left elementor-widget elementor-widget-button\" data-id=\"0b7ebb3\" data-element_type=\"widget\" data-e-type=\"widget\" data-widget_type=\"button.default\">\n\t\t\t\t<div class=\"elementor-widget-container\">\n\t\t\t\t\t\t\t\t\t<div class=\"elementor-button-wrapper\">\n\t\t\t\t\t<a class=\"elementor-button elementor-button-link elementor-size-sm\" href=\"https:\/\/ahorn-camp.de\/en\/offers\/\">\n\t\t\t\t\t\t<span class=\"elementor-button-content-wrapper\">\n\t\t\t\t\t\t\t\t\t<span class=\"elementor-button-text\">Secure offers now<\/span>\n\t\t\t\t\t<\/span>\n\t\t\t\t\t<\/a>\n\t\t\t\t<\/div>\n\t\t\t\t\t\t\t\t<\/div>\n\t\t\t\t<\/div>\n\t\t\t\t\t<\/div>\n\t\t<\/div>\n\t\t\t\t<div class=\"elementor-column elementor-col-50 elementor-inner-column elementor-element elementor-element-f079ff1\" data-id=\"f079ff1\" data-element_type=\"column\" data-e-type=\"column\">\n\t\t\t<div class=\"elementor-widget-wrap elementor-element-populated\">\n\t\t\t\t\t\t<div class=\"elementor-element elementor-element-771f0ca elementor-widget elementor-widget-image\" data-id=\"771f0ca\" data-element_type=\"widget\" data-e-type=\"widget\" data-widget_type=\"image.default\">\n\t\t\t\t<div class=\"elementor-widget-container\">\n\t\t\t\t\t\t\t\t\t\t\t\t\t\t\t<img loading=\"lazy\" decoding=\"async\" width=\"819\" height=\"1024\" src=\"https:\/\/ahorn-camp.de\/wp-content\/uploads\/2025\/10\/Vermietruecklaeufer_1080x1350px-819x1024.webp\" class=\"attachment-large size-large wp-image-35378\" alt=\"Rent returns\" srcset=\"https:\/\/ahorn-camp.de\/wp-content\/uploads\/2025\/10\/Vermietruecklaeufer_1080x1350px-819x1024.webp 819w, https:\/\/ahorn-camp.de\/wp-content\/uploads\/2025\/10\/Vermietruecklaeufer_1080x1350px-240x300.webp 240w, https:\/\/ahorn-camp.de\/wp-content\/uploads\/2025\/10\/Vermietruecklaeufer_1080x1350px-768x960.webp 768w, https:\/\/ahorn-camp.de\/wp-content\/uploads\/2025\/10\/Vermietruecklaeufer_1080x1350px-480x600.webp 480w, https:\/\/ahorn-camp.de\/wp-content\/uploads\/2025\/10\/Vermietruecklaeufer_1080x1350px-10x12.webp 10w, https:\/\/ahorn-camp.de\/wp-content\/uploads\/2025\/10\/Vermietruecklaeufer_1080x1350px-800x1000.webp 800w, https:\/\/ahorn-camp.de\/wp-content\/uploads\/2025\/10\/Vermietruecklaeufer_1080x1350px.webp 1080w\" sizes=\"(max-width: 819px) 100vw, 819px\" \/>\t\t\t\t\t\t\t\t\t\t\t\t\t\t\t<\/div>\n\t\t\t\t<\/div>\n\t\t\t\t\t<\/div>\n\t\t<\/div>\n\t\t\t\t\t<\/div>\n\t\t<\/section>\n\t\t\t\t\t<\/div>\n\t\t<\/div>\n\t\t\t\t\t<\/div>\n\t\t<\/section>\n\t\t\t\t<section class=\"elementor-section elementor-top-section elementor-element elementor-element-05d18bd elementor-section-stretched elementor-section-boxed elementor-section-height-default elementor-section-height-default\" data-id=\"05d18bd\" data-element_type=\"section\" data-e-type=\"section\" data-settings=\"{&quot;stretch_section&quot;:&quot;section-stretched&quot;}\">\n\t\t\t\t\t\t<div class=\"elementor-container elementor-column-gap-default\">\n\t\t\t\t\t<div class=\"elementor-column elementor-col-100 elementor-top-column elementor-element elementor-element-734e079\" data-id=\"734e079\" data-element_type=\"column\" data-e-type=\"column\">\n\t\t\t<div class=\"elementor-widget-wrap elementor-element-populated\">\n\t\t\t\t\t\t<div class=\"elementor-element elementor-element-01b9643 elementor-widget elementor-widget-heading\" data-id=\"01b9643\" data-element_type=\"widget\" data-e-type=\"widget\" data-widget_type=\"heading.default\">\n\t\t\t\t<div class=\"elementor-widget-container\">\n\t\t\t\t\t<h2 class=\"elementor-heading-title elementor-size-default\">Excellent quality that builds trust<\/h2>\t\t\t\t<\/div>\n\t\t\t\t<\/div>\n\t\t\t\t<div class=\"elementor-element elementor-element-bc02c94 elementor-testimonial--align-left elementor-testimonial--skin-default elementor-testimonial--layout-image_inline elementor-pagination-type-bullets elementor-widget elementor-widget-testimonial-carousel\" data-id=\"bc02c94\" data-element_type=\"widget\" data-e-type=\"widget\" data-settings=\"{&quot;slides_per_view&quot;:&quot;2&quot;,&quot;lazyload&quot;:&quot;yes&quot;,&quot;pagination&quot;:&quot;bullets&quot;,&quot;speed&quot;:500,&quot;autoplay&quot;:&quot;yes&quot;,&quot;autoplay_speed&quot;:5000,&quot;loop&quot;:&quot;yes&quot;,&quot;pause_on_hover&quot;:&quot;yes&quot;,&quot;pause_on_interaction&quot;:&quot;yes&quot;,&quot;space_between&quot;:{&quot;unit&quot;:&quot;px&quot;,&quot;size&quot;:10,&quot;sizes&quot;:[]},&quot;space_between_tablet&quot;:{&quot;unit&quot;:&quot;px&quot;,&quot;size&quot;:10,&quot;sizes&quot;:[]},&quot;space_between_mobile&quot;:{&quot;unit&quot;:&quot;px&quot;,&quot;size&quot;:10,&quot;sizes&quot;:[]}}\" data-widget_type=\"testimonial-carousel.default\">\n\t\t\t\t<div class=\"elementor-widget-container\">\n\t\t\t\t\t\t\t\t\t<div class=\"elementor-swiper\">\n\t\t\t\t\t<div class=\"elementor-main-swiper swiper\" role=\"region\" aria-roledescription=\"carousel\" aria-label=\"Slider\">\n\t\t\t\t<div class=\"swiper-wrapper\">\n\t\t\t\t\t\t\t\t\t\t\t<div class=\"swiper-slide\" role=\"group\" aria-roledescription=\"slide\">\n\t\t\t\t\t\t\t\t\t<div class=\"elementor-testimonial\">\n\t\t\t\t\t\t\t<div class=\"elementor-testimonial__content\">\n\t\t\t\t\t<div class=\"elementor-testimonial__text\">\n\t\t\t\t\t\tThis summer, Ahorn Cap manages a double triumph.\t\t\t\t\t<\/div>\n\t\t\t\t\t\t\t\t\t<\/div>\n\t\t\t\t\t\t<div class=\"elementor-testimonial__footer\">\n\t\t\t\t\t\t\t\t\t<div class=\"elementor-testimonial__image\">\n\t\t\t\t\t\t<img class=\"swiper-lazy\" data-src=\"https:\/\/ahorn-camp.de\/wp-content\/uploads\/2025\/10\/Logo-Autobild.svg\" alt=\"Autobild logo\">\n\t\t\t\t\t\t\t\t\t\t\t\t\t<div class=\"swiper-lazy-preloader\"><\/div>\n\t\t\t\t\t\t\t\t\t\t\t<\/div>\n\t\t\t\t\t\t\t\t<cite class=\"elementor-testimonial__cite\"><span class=\"elementor-testimonial__name\">Auto Bild<\/span><\/cite>\t\t\t<\/div>\n\t\t<\/div>\n\t\t\t\t\t\t\t\t<\/div>\n\t\t\t\t\t\t\t\t\t\t\t<div class=\"swiper-slide\" role=\"group\" aria-roledescription=\"slide\">\n\t\t\t\t\t\t\t\t\t<div class=\"elementor-testimonial\">\n\t\t\t\t\t\t\t<div class=\"elementor-testimonial__content\">\n\t\t\t\t\t<div class=\"elementor-testimonial__text\">\n\t\t\t\t\t\tAhorn Camp from Speyer is launching into the future and the upcoming model season with great momentum.\t\t\t\t\t<\/div>\n\t\t\t\t\t\t\t\t\t<\/div>\n\t\t\t\t\t\t<div class=\"elementor-testimonial__footer\">\n\t\t\t\t\t\t\t\t\t<div class=\"elementor-testimonial__image\">\n\t\t\t\t\t\t<img class=\"swiper-lazy\" data-src=\"https:\/\/ahorn-camp.de\/wp-content\/uploads\/2025\/10\/Reisemobil-International.svg\" alt=\"Reisemobil International Logo\">\n\t\t\t\t\t\t\t\t\t\t\t\t\t<div class=\"swiper-lazy-preloader\"><\/div>\n\t\t\t\t\t\t\t\t\t\t\t<\/div>\n\t\t\t\t\t\t\t\t<cite class=\"elementor-testimonial__cite\"><span class=\"elementor-testimonial__name\">Motorhome International<\/span><\/cite>\t\t\t<\/div>\n\t\t<\/div>\n\t\t\t\t\t\t\t\t<\/div>\n\t\t\t\t\t\t\t\t\t\t\t<div class=\"swiper-slide\" role=\"group\" aria-roledescription=\"slide\">\n\t\t\t\t\t\t\t\t\t<div class=\"elementor-testimonial\">\n\t\t\t\t\t\t\t<div class=\"elementor-testimonial__content\">\n\t\t\t\t\t<div class=\"elementor-testimonial__text\">\n\t\t\t\t\t\tWith the Hymer Connection and the new Master, the brand is now taking off.\t\t\t\t\t<\/div>\n\t\t\t\t\t\t\t\t\t<\/div>\n\t\t\t\t\t\t<div class=\"elementor-testimonial__footer\">\n\t\t\t\t\t\t\t\t\t<div class=\"elementor-testimonial__image\">\n\t\t\t\t\t\t<img class=\"swiper-lazy\" data-src=\"https:\/\/ahorn-camp.de\/wp-content\/uploads\/2025\/10\/Auto_Zeitung_logo.jpg\" alt=\"Auto Zeitung Logo\">\n\t\t\t\t\t\t\t\t\t\t\t\t\t<div class=\"swiper-lazy-preloader\"><\/div>\n\t\t\t\t\t\t\t\t\t\t\t<\/div>\n\t\t\t\t\t\t\t\t<cite class=\"elementor-testimonial__cite\"><span class=\"elementor-testimonial__name\">Auto Zeitung<\/span><\/cite>\t\t\t<\/div>\n\t\t<\/div>\n\t\t\t\t\t\t\t\t<\/div>\n\t\t\t\t\t\t\t\t\t\t\t<div class=\"swiper-slide\" role=\"group\" aria-roledescription=\"slide\">\n\t\t\t\t\t\t\t\t\t<div class=\"elementor-testimonial\">\n\t\t\t\t\t\t\t<div class=\"elementor-testimonial__content\">\n\t\t\t\t\t<div class=\"elementor-testimonial__text\">\n\t\t\t\t\t\tFor many campers, the new Renault Master, combined with Ahorn's typical price-performance ratio, should present an exciting overall package.\t\t\t\t\t<\/div>\n\t\t\t\t\t\t\t\t\t<\/div>\n\t\t\t\t\t\t<div class=\"elementor-testimonial__footer\">\n\t\t\t\t\t\t\t\t\t<div class=\"elementor-testimonial__image\">\n\t\t\t\t\t\t<img class=\"swiper-lazy\" data-src=\"https:\/\/ahorn-camp.de\/wp-content\/uploads\/2025\/10\/Promobil.svg\" alt=\"Promobil Logo\">\n\t\t\t\t\t\t\t\t\t\t\t\t\t<div class=\"swiper-lazy-preloader\"><\/div>\n\t\t\t\t\t\t\t\t\t\t\t<\/div>\n\t\t\t\t\t\t\t\t<cite class=\"elementor-testimonial__cite\"><span class=\"elementor-testimonial__name\">Promobil<\/span><\/cite>\t\t\t<\/div>\n\t\t<\/div>\n\t\t\t\t\t\t\t\t<\/div>\n\t\t\t\t\t\t\t\t\t<\/div>\n\t\t\t\t\t\t\t\t\t\t\t\t\t\t\t\t\t\t\t\t<div class=\"swiper-pagination\"><\/div>\n\t\t\t\t\t\t\t\t\t\t\t\t<\/div>\n\t\t\t\t<\/div>\n\t\t\t\t\t\t\t\t<\/div>\n\t\t\t\t<\/div>\n\t\t\t\t\t<\/div>\n\t\t<\/div>\n\t\t\t\t\t<\/div>\n\t\t<\/section>\n\t\t\t\t<section class=\"elementor-section elementor-top-section elementor-element elementor-element-cf26feb elementor-section-stretched elementor-section-boxed elementor-section-height-default elementor-section-height-default\" data-id=\"cf26feb\" data-element_type=\"section\" data-e-type=\"section\" data-settings=\"{&quot;background_background&quot;:&quot;classic&quot;,&quot;stretch_section&quot;:&quot;section-stretched&quot;}\">\n\t\t\t\t\t\t\t<div class=\"elementor-background-overlay\"><\/div>\n\t\t\t\t\t\t\t<div class=\"elementor-container elementor-column-gap-default\">\n\t\t\t\t\t<div class=\"elementor-column elementor-col-100 elementor-top-column elementor-element elementor-element-0b1c818\" data-id=\"0b1c818\" data-element_type=\"column\" data-e-type=\"column\">\n\t\t\t<div class=\"elementor-widget-wrap elementor-element-populated\">\n\t\t\t\t\t\t<div class=\"elementor-element elementor-element-5226040 elementor-widget elementor-widget-heading\" data-id=\"5226040\" data-element_type=\"widget\" data-e-type=\"widget\" data-widget_type=\"heading.default\">\n\t\t\t\t<div class=\"elementor-widget-container\">\n\t\t\t\t\t<h2 class=\"elementor-heading-title elementor-size-default\">News from Ahorn Camp in Speyer<\/h2>\t\t\t\t<\/div>\n\t\t\t\t<\/div>\n\t\t\t\t<div class=\"elementor-element elementor-element-39538de elementor-widget elementor-widget-ucaddon_content_carousel_new\" data-id=\"39538de\" data-element_type=\"widget\" data-e-type=\"widget\" data-widget_type=\"ucaddon_content_carousel_new.default\">\n\t\t\t\t<div class=\"elementor-widget-container\">\n\t\t\t\t\t\n<!-- start Content Carousel -->\n\t\t<link id='font-awesome-css' href='https:\/\/ahorn-camp.de\/wp-content\/plugins\/unlimited-elements-for-elementor-premium\/assets_libraries\/font-awesome6\/fontawesome-all.min.css' type='text\/css' rel='stylesheet' >\n\t\t<link id='font-awesome-4-shim-css' href='https:\/\/ahorn-camp.de\/wp-content\/plugins\/unlimited-elements-for-elementor-premium\/assets_libraries\/font-awesome6\/fontawesome-v4-shims.min.css' type='text\/css' rel='stylesheet' >\n\t\t<link id='owl-carousel-css' href='https:\/\/ahorn-camp.de\/wp-content\/plugins\/unlimited-elements-for-elementor-premium\/assets_libraries\/owl-carousel-new\/assets\/owl.carousel.css' type='text\/css' rel='stylesheet' >\n\n<style>\/* widget: Content Carousel *\/\n\n#uc_content_carousel_new_elementor_39538de{\n  position:relative;\n  min-height:1px;\n}\n\n\n\n#uc_content_carousel_new_elementor_39538de .owl-nav .owl-prev{\n    position:absolute;\n    display:inline-block;\n    text-align:center;\n}\n#uc_content_carousel_new_elementor_39538de .owl-nav .owl-next{\n  position:absolute;\n  display:inline-block;\n  text-align:center;\n}\n\n\n#uc_content_carousel_new_elementor_39538de .owl-dots {\noverflow:hidden;\ntext-align:center;\n}\n\n#uc_content_carousel_new_elementor_39538de .owl-dot {\nborder-radius:50%;\ndisplay:inline-block;\n}\n\n.uc_post_title{\n  font-size:21px;\n}\n\n\n\n\n#uc_content_carousel_new_elementor_39538de .uc_image_carousel_container_holder{\n  overflow:hidden;\n}\n\n#uc_content_carousel_new_elementor_39538de .uc_more_btn{\n  \n    display:inline-block;\n  text-decoration:none;\n  text-align:center;\n  transition:0.3s;\n}\n\n\n\n#uc_content_carousel_new_elementor_39538de .uc_date{\n  color:gray;\n  padding-top:10px;\n  text-style:italic;\n}\n\n\n\n\n\n\n\n\n<\/style>\n\n<div class=\"uc_overlay_image_carousel\" >\n   <div class=\"uc_carousel owl-carousel owl-theme\" id=\"uc_content_carousel_new_elementor_39538de\" >\n   \t\t<div class=\"uc_image_carousel_container_holder\">\n    <div class=\"uc_image_carousel_placeholder\">\n    <div style=\"background-image:url(https:\/\/ahorn-camp.de\/wp-content\/uploads\/2025\/10\/Aktuelles-Fahrzeugfinder.webp);background-position:center; background-repeat:no-repeat;\" class=\"carousel-image\"><\/div>\n  <\/div>\n  \n    <div class=\"uc_image_carousel_content content-padding\">\n    \n            <div class=\"ue-title\">The car finder is here!<\/div>        <div class=\"ue-text\" ><p>Easily find out where your favorite model is located! Quick, clear, and interactive.<\/p><\/div>        <a class=\"ue-btn uc_more_btn\"  href=\"https:\/\/ahorn-camp.de\/en\/vehicle-finder\/\" >Try it now!<\/a>        \n      <\/div>\n  <\/div>\n<div class=\"uc_image_carousel_container_holder\">\n    <div class=\"uc_image_carousel_placeholder\">\n    <div style=\"background-image:url(https:\/\/ahorn-camp.de\/wp-content\/uploads\/2025\/09\/az1925_Camping_Life_Trophy_Ahorn_T_690.webp);background-position:center; background-repeat:no-repeat;\" class=\"carousel-image\"><\/div>\n  <\/div>\n  \n    <div class=\"uc_image_carousel_content content-padding\">\n    \n            <div class=\"ue-title\">Excellent on the go<\/div>        <div class=\"ue-text\" ><p>The new <strong data-start=\"43\" data-end=\"63\">Maple Camp T 690<\/strong> was done with the <strong data-start=\"78\" data-end=\"106\">Camping Life Trophy 2025<\/strong> Awarded!<br data-start=\"116\" data-end=\"119\" \/>The model impresses with its well-thought-out design, high comfort, and innovative features \u2013 a true all-around winner.<\/p><\/div>        <a class=\"ue-btn uc_more_btn\"  href=\"https:\/\/ahorn-camp.de\/en\/ahorn-motorhomes\/semi-integrated-motorhomes\/t-690\/\" >To the T 690<\/a>        \n      <\/div>\n  <\/div>\n<div class=\"uc_image_carousel_container_holder\">\n    <div class=\"uc_image_carousel_placeholder\">\n    <div style=\"background-image:url(https:\/\/ahorn-camp.de\/wp-content\/uploads\/2025\/07\/Neue-Modelle-Teaser-Kachel-800-x-600-px-1.png);background-position:center; background-repeat:no-repeat;\" class=\"carousel-image\"><\/div>\n  <\/div>\n  \n    <div class=\"uc_image_carousel_content content-padding\">\n    \n            <div class=\"ue-title\">A new era for motorhomes<\/div>        <div class=\"ue-text\" ><p>Innovative design, state-of-the-art technology and top quality: the new Ahorn Camp motorhomes on the completely redesigned Renault Master set new standards. Experience now what the future on wheels means.<\/p><\/div>        <a class=\"ue-btn uc_more_btn\"  href=\"https:\/\/ahorn-camp.de\/en\/new-models\/\" >Discover new models<\/a>        \n      <\/div>\n  <\/div>\n<div class=\"uc_image_carousel_container_holder\">\n    <div class=\"uc_image_carousel_placeholder\">\n    <div style=\"background-image:url(https:\/\/ahorn-camp.de\/wp-content\/uploads\/2025\/07\/Renault.webp);background-position:center; background-repeat:no-repeat;\" class=\"carousel-image\"><\/div>\n  <\/div>\n  \n    <div class=\"uc_image_carousel_content content-padding\">\n    \n            <div class=\"ue-title\">Ahorn Camp motorhomes on new Renault Master<\/div>        <div class=\"ue-text\" ><p>Renault, one of the leading manufacturers of light commercial vehicles in Europe, and Ahorn Camp, an established brand for motorhomes in Germany, are jointly celebrating the official launch of their new generation of leisure vehicles.<\/p><\/div>        <a class=\"ue-btn uc_more_btn\"  href=\"#\" >Learn more<\/a>        \n      <\/div>\n  <\/div>\n<div class=\"uc_image_carousel_container_holder\">\n    <div class=\"uc_image_carousel_placeholder\">\n    <div style=\"background-image:url(https:\/\/ahorn-camp.de\/wp-content\/uploads\/2025\/07\/Erwin-Hymer-X-Ahorn-Camp.webp);background-position:center; background-repeat:no-repeat;\" class=\"carousel-image\"><\/div>\n  <\/div>\n  \n    <div class=\"uc_image_carousel_content content-padding\">\n    \n            <div class=\"ue-title\">Erwin Hymer Group X Maple Camp<\/div>        <div class=\"ue-text\" ><p>In future, Ahorn Camp will have its motorhomes and camper vans manufactured at the Erwin Hymer Group's ultra-modern plant in San Casciano. The partnership promises the highest production quality and new standards.\u00a0<\/p><\/div>        <a class=\"ue-btn uc_more_btn\"  href=\"https:\/\/ahorn-camp.de\/en\/erwin-hymer-group\/\" >Learn more<\/a>        \n      <\/div>\n  <\/div>\n\n   <\/div>\t\n<\/div>\n<!-- end Content Carousel -->\t\t\t\t<\/div>\n\t\t\t\t<\/div>\n\t\t\t\t\t<\/div>\n\t\t<\/div>\n\t\t\t\t\t<\/div>\n\t\t<\/section>\n\t\t\t\t<section class=\"elementor-section elementor-top-section elementor-element elementor-element-6d61953 elementor-section-full_width elementor-section-stretched elementor-section-height-default elementor-section-height-default\" data-id=\"6d61953\" data-element_type=\"section\" data-e-type=\"section\" data-settings=\"{&quot;stretch_section&quot;:&quot;section-stretched&quot;}\">\n\t\t\t\t\t\t<div class=\"elementor-container elementor-column-gap-default\">\n\t\t\t\t\t<div class=\"elementor-column elementor-col-100 elementor-top-column elementor-element elementor-element-cee7485\" data-id=\"cee7485\" data-element_type=\"column\" data-e-type=\"column\">\n\t\t\t<div class=\"elementor-widget-wrap elementor-element-populated\">\n\t\t\t\t\t\t<div class=\"elementor-element elementor-element-b18b6c1 elementor-widget elementor-widget-html\" data-id=\"b18b6c1\" data-element_type=\"widget\" data-e-type=\"widget\" data-widget_type=\"html.default\">\n\t\t\t\t<div class=\"elementor-widget-container\">\n\t\t\t\t\t<div class=\"karte\"><iframe src=\"https:\/\/www.google.com\/maps\/embed?pb=!1m18!1m12!1m3!1d2490.6968077849488!2d6.860258676611954!3d51.37187027178279!2m3!1f0!2f0!3f0!3m2!1i1024!2i768!4f13.1!3m3!1m2!1s0x47b8c6ec8109d999%3A0xef1731c53190a47!2sAhorn%20Camp%20M%C3%BClheim!5e0!3m2!1sde!2sde!4v1720016880247!5m2!1sde!2sde\" width=\"100%\" height=\"300\" frameborder=\"0\" style=\"border:0;\" allowfullscreen=\"\" aria-hidden=\"false\" tabindex=\"0\"><\/iframe><\/div>\t\t\t\t<\/div>\n\t\t\t\t<\/div>\n\t\t\t\t\t<\/div>\n\t\t<\/div>\n\t\t\t\t\t<\/div>\n\t\t<\/section>\n\t\t\t\t<\/div>","protected":false},"excerpt":{"rendered":"<p>Ahorn Camp M\u00fclheim Entdecken Sie unsere Wohnmobile in M\u00fclheim <\/p>\n<p><strong>Willkommen bei Ahorn Camp M\u00fclheim, Ihrem Ansprechpartner f\u00fcr Wohnmobile und Campervans im Ruhrgebiet.<\/strong><\/p>\n<p>Ob individuelle Beratung oder die Suche nach dem passenden Wohnmobil \u2013 bei uns treffen Kompetenz, Erfahrung und Leidenschaft f\u00fcr mobiles Reisen aufeinander. In unserer modernen Ausstellung in M\u00fclheim entdecken Sie eine vielf\u00e4ltige Auswahl an Ahorn Camp Wohnmobilen und Campervans.<\/p>\n<p> Entdecken Sie unsere Modelle <\/p>\n<p> <img loading=\"lazy\" loading=\"lazy\" width=\"1024\" height=\"576\" src=\"https:\/\/ahorn-camp.de\/wp-content\/uploads\/2025\/08\/360-Van-V630_00007-1-1024x576.webp\" alt=\"Neue Modelle V630\" decoding=\"async\" srcset=\"https:\/\/ahorn-camp.de\/wp-content\/uploads\/2025\/08\/360-Van-V630_00007-1-1024x576.webp 1024w, https:\/\/ahorn-camp.de\/wp-content\/uploads\/2025\/08\/360-Van-V630_00007-1-300x169.webp 300w, https:\/\/ahorn-camp.de\/wp-content\/uploads\/2025\/08\/360-Van-V630_00007-1-768x432.webp 768w, https:\/\/ahorn-camp.de\/wp-content\/uploads\/2025\/08\/360-Van-V630_00007-1-800x450.webp 800w, https:\/\/ahorn-camp.de\/wp-content\/uploads\/2025\/08\/360-Van-V630_00007-1-18x10.webp 18w, https:\/\/ahorn-camp.de\/wp-content\/uploads\/2025\/08\/360-Van-V630_00007-1.webp 1280w\" sizes=\"auto, (max-width: 1024px) 100vw, 1024px\" \/> <\/p>\n<p> Campervans <\/p>\n<p> Jetzt entdecken<\/p>\n<p> <img loading=\"lazy\" loading=\"lazy\" width=\"1024\" height=\"576\" src=\"https:\/\/ahorn-camp.de\/wp-content\/uploads\/2025\/08\/360-Reisemobil-TG-690_00007-1-1024x576.webp\" alt=\"Neue Modelle TG690\" decoding=\"async\" srcset=\"https:\/\/ahorn-camp.de\/wp-content\/uploads\/2025\/08\/360-Reisemobil-TG-690_00007-1-1024x576.webp 1024w, https:\/\/ahorn-camp.de\/wp-content\/uploads\/2025\/08\/360-Reisemobil-TG-690_00007-1-300x169.webp 300w, https:\/\/ahorn-camp.de\/wp-content\/uploads\/2025\/08\/360-Reisemobil-TG-690_00007-1-768x432.webp 768w, https:\/\/ahorn-camp.de\/wp-content\/uploads\/2025\/08\/360-Reisemobil-TG-690_00007-1-800x450.webp 800w, https:\/\/ahorn-camp.de\/wp-content\/uploads\/2025\/08\/360-Reisemobil-TG-690_00007-1-18x10.webp 18w, https:\/\/ahorn-camp.de\/wp-content\/uploads\/2025\/08\/360-Reisemobil-TG-690_00007-1.webp 1280w\" sizes=\"auto, (max-width: 1024px) 100vw, 1024px\" \/> <\/p>\n<p> Teilintegrierte <\/p>\n<p> Jetzt endecken<\/p>\n<p> <img loading=\"lazy\" loading=\"lazy\" width=\"1024\" height=\"576\" src=\"https:\/\/ahorn-camp.de\/wp-content\/uploads\/2025\/08\/360-Reisemobil-A690_00007-1024x576.webp\" alt=\"Neue Modelle A690\" decoding=\"async\" srcset=\"https:\/\/ahorn-camp.de\/wp-content\/uploads\/2025\/08\/360-Reisemobil-A690_00007-1024x576.webp 1024w, [...]<\/p>\n","protected":false},"author":2,"featured_media":0,"parent":0,"menu_order":0,"comment_status":"closed","ping_status":"closed","template":"elementor_header_footer","meta":{"content-type":"","footnotes":""},"class_list":["post-35793","page","type-page","status-publish","hentry"],"yoast_head":"<!-- This site is optimized with the Yoast SEO plugin v27.4 - https:\/\/yoast.com\/product\/yoast-seo-wordpress\/ -->\n<title>Wohnmobile kaufen in M\u00fclheim - Ahorn Camp | Reisemobile und Kastenwagen<\/title>\n<meta name=\"description\" content=\"Wohnmobile in M\u00fclheim kaufen: Entdecken Sie aktuelle Ahorn Camp Modelle, kompetente Beratung und individuelle Kaufangebote. Jetzt Termin vereinbaren!\" \/>\n<meta name=\"robots\" content=\"index, follow, max-snippet:-1, max-image-preview:large, max-video-preview:-1\" \/>\n<link rel=\"canonical\" href=\"https:\/\/ahorn-camp.de\/en\/muelheim\/\" \/>\n<meta property=\"og:locale\" content=\"en_US\" \/>\n<meta property=\"og:type\" content=\"article\" \/>\n<meta property=\"og:title\" content=\"Wohnmobile kaufen in M\u00fclheim - Ahorn Camp | Reisemobile und Kastenwagen\" \/>\n<meta property=\"og:description\" content=\"Wohnmobile in M\u00fclheim kaufen: Entdecken Sie aktuelle Ahorn Camp Modelle, kompetente Beratung und individuelle Kaufangebote. Jetzt Termin vereinbaren!\" \/>\n<meta property=\"og:url\" content=\"https:\/\/ahorn-camp.de\/en\/muelheim\/\" \/>\n<meta property=\"og:site_name\" content=\"Ahorn Camp | Reisemobile und Kastenwagen\" \/>\n<meta property=\"article:publisher\" content=\"https:\/\/www.facebook.com\/ahorn.wohnmobile\/\" \/>\n<meta property=\"article:modified_time\" content=\"2026-04-28T07:35:22+00:00\" \/>\n<meta property=\"og:image\" content=\"https:\/\/ahorn-camp.de\/wp-content\/uploads\/2025\/08\/360-Van-V630_00007-1.webp\" \/>\n\t<meta property=\"og:image:width\" content=\"1280\" \/>\n\t<meta property=\"og:image:height\" content=\"720\" \/>\n\t<meta property=\"og:image:type\" content=\"image\/webp\" \/>\n<meta name=\"twitter:card\" content=\"summary_large_image\" \/>\n<meta name=\"twitter:label1\" content=\"Est. reading time\" \/>\n\t<meta name=\"twitter:data1\" content=\"8 minutes\" \/>\n<script type=\"application\/ld+json\" class=\"yoast-schema-graph\">{\"@context\":\"https:\\\/\\\/schema.org\",\"@graph\":[{\"@type\":\"WebPage\",\"@id\":\"https:\\\/\\\/ahorn-camp.de\\\/muelheim\\\/\",\"url\":\"https:\\\/\\\/ahorn-camp.de\\\/muelheim\\\/\",\"name\":\"Wohnmobile kaufen in M\u00fclheim - Ahorn Camp | Reisemobile und Kastenwagen\",\"isPartOf\":{\"@id\":\"https:\\\/\\\/ahorn-camp.de\\\/#website\"},\"primaryImageOfPage\":{\"@id\":\"https:\\\/\\\/ahorn-camp.de\\\/muelheim\\\/#primaryimage\"},\"image\":{\"@id\":\"https:\\\/\\\/ahorn-camp.de\\\/muelheim\\\/#primaryimage\"},\"thumbnailUrl\":\"https:\\\/\\\/ahorn-camp.de\\\/wp-content\\\/uploads\\\/2025\\\/08\\\/360-Van-V630_00007-1-1024x576.webp\",\"datePublished\":\"2026-02-04T13:12:27+00:00\",\"dateModified\":\"2026-04-28T07:35:22+00:00\",\"description\":\"Wohnmobile in M\u00fclheim kaufen: Entdecken Sie aktuelle Ahorn Camp Modelle, kompetente Beratung und individuelle Kaufangebote. Jetzt Termin vereinbaren!\",\"breadcrumb\":{\"@id\":\"https:\\\/\\\/ahorn-camp.de\\\/muelheim\\\/#breadcrumb\"},\"inLanguage\":\"en-US\",\"potentialAction\":[{\"@type\":\"ReadAction\",\"target\":[\"https:\\\/\\\/ahorn-camp.de\\\/muelheim\\\/\"]}]},{\"@type\":\"ImageObject\",\"inLanguage\":\"en-US\",\"@id\":\"https:\\\/\\\/ahorn-camp.de\\\/muelheim\\\/#primaryimage\",\"url\":\"https:\\\/\\\/ahorn-camp.de\\\/wp-content\\\/uploads\\\/2025\\\/08\\\/360-Van-V630_00007-1-1024x576.webp\",\"contentUrl\":\"https:\\\/\\\/ahorn-camp.de\\\/wp-content\\\/uploads\\\/2025\\\/08\\\/360-Van-V630_00007-1-1024x576.webp\"},{\"@type\":\"BreadcrumbList\",\"@id\":\"https:\\\/\\\/ahorn-camp.de\\\/muelheim\\\/#breadcrumb\",\"itemListElement\":[{\"@type\":\"ListItem\",\"position\":1,\"name\":\"Startseite\",\"item\":\"https:\\\/\\\/ahorn-camp.de\\\/\"},{\"@type\":\"ListItem\",\"position\":2,\"name\":\"Ahorn Camp M\u00fclheim\"}]},{\"@type\":\"WebSite\",\"@id\":\"https:\\\/\\\/ahorn-camp.de\\\/#website\",\"url\":\"https:\\\/\\\/ahorn-camp.de\\\/\",\"name\":\"Ahorn Camp | Reisemobile und Kastenwagen\",\"description\":\"Seit \u00fcber 30 Jahren vermarktet das Familienunternehmen, Ahorn Camp in Speyer, erfolgreich Wohnmobile und Kastenwagen zum besten Preis-Leistungsverh\u00e4ltnis.\",\"publisher\":{\"@id\":\"https:\\\/\\\/ahorn-camp.de\\\/#organization\"},\"potentialAction\":[{\"@type\":\"SearchAction\",\"target\":{\"@type\":\"EntryPoint\",\"urlTemplate\":\"https:\\\/\\\/ahorn-camp.de\\\/?s={search_term_string}\"},\"query-input\":{\"@type\":\"PropertyValueSpecification\",\"valueRequired\":true,\"valueName\":\"search_term_string\"}}],\"inLanguage\":\"en-US\"},{\"@type\":\"Organization\",\"@id\":\"https:\\\/\\\/ahorn-camp.de\\\/#organization\",\"name\":\"Ahorn Camp GmbH & Co. KG\",\"url\":\"https:\\\/\\\/ahorn-camp.de\\\/\",\"logo\":{\"@type\":\"ImageObject\",\"inLanguage\":\"en-US\",\"@id\":\"https:\\\/\\\/ahorn-camp.de\\\/#\\\/schema\\\/logo\\\/image\\\/\",\"url\":\"https:\\\/\\\/ahorn-camp.de\\\/wp-content\\\/uploads\\\/2018\\\/12\\\/Ahorn_Logo.jpg\",\"contentUrl\":\"https:\\\/\\\/ahorn-camp.de\\\/wp-content\\\/uploads\\\/2018\\\/12\\\/Ahorn_Logo.jpg\",\"width\":1437,\"height\":1000,\"caption\":\"Ahorn Camp GmbH & Co. KG\"},\"image\":{\"@id\":\"https:\\\/\\\/ahorn-camp.de\\\/#\\\/schema\\\/logo\\\/image\\\/\"},\"sameAs\":[\"https:\\\/\\\/www.facebook.com\\\/ahorn.wohnmobile\\\/\",\"https:\\\/\\\/www.instagram.com\\\/ahorn.camp\\\/\",\"https:\\\/\\\/www.youtube.com\\\/channel\\\/UCPFbPCts1JJ_A1k9vyH0yOQ\"]}]}<\/script>\n<!-- \/ Yoast SEO plugin. -->","yoast_head_json":{"title":"Motorhome sales in M\u00fclheim - Ahorn Camp | Campervans and panel vans","description":"Motorhomes in M\u00fclheim: Discover current Ahorn Camp models, expert advice, and individual purchase offers. Schedule an appointment now!","robots":{"index":"index","follow":"follow","max-snippet":"max-snippet:-1","max-image-preview":"max-image-preview:large","max-video-preview":"max-video-preview:-1"},"canonical":"https:\/\/ahorn-camp.de\/en\/muelheim\/","og_locale":"en_US","og_type":"article","og_title":"Wohnmobile kaufen in M\u00fclheim - Ahorn Camp | Reisemobile und Kastenwagen","og_description":"Wohnmobile in M\u00fclheim kaufen: Entdecken Sie aktuelle Ahorn Camp Modelle, kompetente Beratung und individuelle Kaufangebote. Jetzt Termin vereinbaren!","og_url":"https:\/\/ahorn-camp.de\/en\/muelheim\/","og_site_name":"Ahorn Camp | Reisemobile und Kastenwagen","article_publisher":"https:\/\/www.facebook.com\/ahorn.wohnmobile\/","article_modified_time":"2026-04-28T07:35:22+00:00","og_image":[{"width":1280,"height":720,"url":"https:\/\/ahorn-camp.de\/wp-content\/uploads\/2025\/08\/360-Van-V630_00007-1.webp","type":"image\/webp"}],"twitter_card":"summary_large_image","twitter_misc":{"Est. reading time":"8 minutes"},"schema":{"@context":"https:\/\/schema.org","@graph":[{"@type":"WebPage","@id":"https:\/\/ahorn-camp.de\/muelheim\/","url":"https:\/\/ahorn-camp.de\/muelheim\/","name":"Motorhome sales in M\u00fclheim - Ahorn Camp | Campervans and panel vans","isPartOf":{"@id":"https:\/\/ahorn-camp.de\/#website"},"primaryImageOfPage":{"@id":"https:\/\/ahorn-camp.de\/muelheim\/#primaryimage"},"image":{"@id":"https:\/\/ahorn-camp.de\/muelheim\/#primaryimage"},"thumbnailUrl":"https:\/\/ahorn-camp.de\/wp-content\/uploads\/2025\/08\/360-Van-V630_00007-1-1024x576.webp","datePublished":"2026-02-04T13:12:27+00:00","dateModified":"2026-04-28T07:35:22+00:00","description":"Motorhomes in M\u00fclheim: Discover current Ahorn Camp models, expert advice, and individual purchase offers. Schedule an appointment now!","breadcrumb":{"@id":"https:\/\/ahorn-camp.de\/muelheim\/#breadcrumb"},"inLanguage":"en-US","potentialAction":[{"@type":"ReadAction","target":["https:\/\/ahorn-camp.de\/muelheim\/"]}]},{"@type":"ImageObject","inLanguage":"en-US","@id":"https:\/\/ahorn-camp.de\/muelheim\/#primaryimage","url":"https:\/\/ahorn-camp.de\/wp-content\/uploads\/2025\/08\/360-Van-V630_00007-1-1024x576.webp","contentUrl":"https:\/\/ahorn-camp.de\/wp-content\/uploads\/2025\/08\/360-Van-V630_00007-1-1024x576.webp"},{"@type":"BreadcrumbList","@id":"https:\/\/ahorn-camp.de\/muelheim\/#breadcrumb","itemListElement":[{"@type":"ListItem","position":1,"name":"Startseite","item":"https:\/\/ahorn-camp.de\/"},{"@type":"ListItem","position":2,"name":"Ahorn Camp M\u00fclheim"}]},{"@type":"WebSite","@id":"https:\/\/ahorn-camp.de\/#website","url":"https:\/\/ahorn-camp.de\/","name":"Ahorn Camp | Motorhomes and camper vans","description":"For over 30 years, the family business, Ahorn Camp in Speyer, has successfully marketed motorhomes and camper vans at the best price-performance ratio.","publisher":{"@id":"https:\/\/ahorn-camp.de\/#organization"},"potentialAction":[{"@type":"SearchAction","target":{"@type":"EntryPoint","urlTemplate":"https:\/\/ahorn-camp.de\/?s={search_term_string}"},"query-input":{"@type":"PropertyValueSpecification","valueRequired":true,"valueName":"search_term_string"}}],"inLanguage":"en-US"},{"@type":"Organization","@id":"https:\/\/ahorn-camp.de\/#organization","name":"Ahorn Camp GmbH &amp; Co. KG","url":"https:\/\/ahorn-camp.de\/","logo":{"@type":"ImageObject","inLanguage":"en-US","@id":"https:\/\/ahorn-camp.de\/#\/schema\/logo\/image\/","url":"https:\/\/ahorn-camp.de\/wp-content\/uploads\/2018\/12\/Ahorn_Logo.jpg","contentUrl":"https:\/\/ahorn-camp.de\/wp-content\/uploads\/2018\/12\/Ahorn_Logo.jpg","width":1437,"height":1000,"caption":"Ahorn Camp GmbH & Co. KG"},"image":{"@id":"https:\/\/ahorn-camp.de\/#\/schema\/logo\/image\/"},"sameAs":["https:\/\/www.facebook.com\/ahorn.wohnmobile\/","https:\/\/www.instagram.com\/ahorn.camp\/","https:\/\/www.youtube.com\/channel\/UCPFbPCts1JJ_A1k9vyH0yOQ"]}]}},"_links":{"self":[{"href":"https:\/\/ahorn-camp.de\/en\/wp-json\/wp\/v2\/pages\/35793","targetHints":{"allow":["GET"]}}],"collection":[{"href":"https:\/\/ahorn-camp.de\/en\/wp-json\/wp\/v2\/pages"}],"about":[{"href":"https:\/\/ahorn-camp.de\/en\/wp-json\/wp\/v2\/types\/page"}],"author":[{"embeddable":true,"href":"https:\/\/ahorn-camp.de\/en\/wp-json\/wp\/v2\/users\/2"}],"replies":[{"embeddable":true,"href":"https:\/\/ahorn-camp.de\/en\/wp-json\/wp\/v2\/comments?post=35793"}],"version-history":[{"count":3,"href":"https:\/\/ahorn-camp.de\/en\/wp-json\/wp\/v2\/pages\/35793\/revisions"}],"predecessor-version":[{"id":38938,"href":"https:\/\/ahorn-camp.de\/en\/wp-json\/wp\/v2\/pages\/35793\/revisions\/38938"}],"wp:attachment":[{"href":"https:\/\/ahorn-camp.de\/en\/wp-json\/wp\/v2\/media?parent=35793"}],"curies":[{"name":"wp","href":"https:\/\/api.w.org\/{rel}","templated":true}]}}