{"id":35554,"date":"2025-10-15T16:11:27","date_gmt":"2025-10-15T14:11:27","guid":{"rendered":"https:\/\/ahorn-camp.de\/?page_id=35554"},"modified":"2026-02-06T15:57:17","modified_gmt":"2026-02-06T14:57:17","slug":"frankfurt","status":"publish","type":"page","link":"https:\/\/ahorn-camp.de\/en\/frankfurt\/","title":{"rendered":"Maple Camp Frankfurt"},"content":{"rendered":"<div data-elementor-type=\"wp-page\" data-elementor-id=\"35554\" class=\"elementor elementor-35554\" data-elementor-post-type=\"page\">\n\t\t\t\t\t\t<section class=\"elementor-section elementor-top-section elementor-element elementor-element-6ce6ea9 elementor-section-full_width elementor-section-height-min-height elementor-section-stretched elementor-section-height-default elementor-section-items-middle\" data-id=\"6ce6ea9\" data-element_type=\"section\" data-e-type=\"section\" data-settings=\"{&quot;stretch_section&quot;:&quot;section-stretched&quot;,&quot;background_background&quot;:&quot;classic&quot;}\">\n\t\t\t\t\t\t<div class=\"elementor-container elementor-column-gap-default\">\n\t\t\t\t\t<div class=\"elementor-column elementor-col-100 elementor-top-column elementor-element elementor-element-28d7caa\" data-id=\"28d7caa\" data-element_type=\"column\" data-e-type=\"column\">\n\t\t\t<div class=\"elementor-widget-wrap elementor-element-populated\">\n\t\t\t\t\t\t<div class=\"elementor-element elementor-element-52b79c4 elementor-widget elementor-widget-heading\" data-id=\"52b79c4\" data-element_type=\"widget\" data-e-type=\"widget\" data-widget_type=\"heading.default\">\n\t\t\t\t<div class=\"elementor-widget-container\">\n\t\t\t\t\t<h1 class=\"elementor-heading-title elementor-size-default\">Maple Camp Frankfurt<\/h1>\t\t\t\t<\/div>\n\t\t\t\t<\/div>\n\t\t\t\t\t<\/div>\n\t\t<\/div>\n\t\t\t\t\t<\/div>\n\t\t<\/section>\n\t\t\t\t<section class=\"elementor-section elementor-top-section elementor-element elementor-element-0e57e2f elementor-section-full_width elementor-section-stretched elementor-section-height-min-height elementor-section-height-default elementor-section-items-middle\" data-id=\"0e57e2f\" data-element_type=\"section\" data-e-type=\"section\" data-settings=\"{&quot;stretch_section&quot;:&quot;section-stretched&quot;,&quot;background_background&quot;:&quot;classic&quot;}\">\n\t\t\t\t\t\t<div class=\"elementor-container elementor-column-gap-default\">\n\t\t\t\t\t<div class=\"elementor-column elementor-col-100 elementor-top-column elementor-element elementor-element-983ac2e\" data-id=\"983ac2e\" data-element_type=\"column\" data-e-type=\"column\">\n\t\t\t<div class=\"elementor-widget-wrap\">\n\t\t\t\t\t\t\t<\/div>\n\t\t<\/div>\n\t\t\t\t\t<\/div>\n\t\t<\/section>\n\t\t\t\t<section class=\"elementor-section elementor-top-section elementor-element elementor-element-5e8668b elementor-section-stretched elementor-section-boxed elementor-section-height-default elementor-section-height-default\" data-id=\"5e8668b\" data-element_type=\"section\" data-e-type=\"section\" data-settings=\"{&quot;stretch_section&quot;:&quot;section-stretched&quot;}\">\n\t\t\t\t\t\t<div class=\"elementor-container elementor-column-gap-default\">\n\t\t\t\t\t<div class=\"elementor-column elementor-col-100 elementor-top-column elementor-element elementor-element-803742e\" data-id=\"803742e\" data-element_type=\"column\" data-e-type=\"column\">\n\t\t\t<div class=\"elementor-widget-wrap elementor-element-populated\">\n\t\t\t\t\t\t<div class=\"elementor-element elementor-element-4ba325f elementor-widget elementor-widget-heading\" data-id=\"4ba325f\" data-element_type=\"widget\" data-e-type=\"widget\" data-widget_type=\"heading.default\">\n\t\t\t\t<div class=\"elementor-widget-container\">\n\t\t\t\t\t<h2 class=\"elementor-heading-title elementor-size-default\">Discover our motorhomes in Frankfurt<\/h2>\t\t\t\t<\/div>\n\t\t\t\t<\/div>\n\t\t\t\t<div class=\"elementor-element elementor-element-40f9780 elementor-widget elementor-widget-text-editor\" data-id=\"40f9780\" data-element_type=\"widget\" data-e-type=\"widget\" data-widget_type=\"text-editor.default\">\n\t\t\t\t<div class=\"elementor-widget-container\">\n\t\t\t\t\t\t\t\t\t<p>Welcome to Ahorn Camp in Dietzenbach near Frankfurt am Main, your specialist for motorhomes and campers in the heart of the Rhine-Main region. Whether you want to buy or rent a motorhome, you will find the right vehicle with us. On over 1,000 m\u00b2 of exhibition space, a large selection of new and used Ahorn Camp motorhomes awaits you, as well as competent advice from our experienced team.<\/p>\t\t\t\t\t\t\t\t<\/div>\n\t\t\t\t<\/div>\n\t\t\t\t\t<\/div>\n\t\t<\/div>\n\t\t\t\t\t<\/div>\n\t\t<\/section>\n\t\t\t\t<section class=\"elementor-section elementor-top-section elementor-element elementor-element-47a2f70 elementor-section-stretched elementor-section-boxed elementor-section-height-default elementor-section-height-default\" data-id=\"47a2f70\" data-element_type=\"section\" data-e-type=\"section\" data-settings=\"{&quot;stretch_section&quot;:&quot;section-stretched&quot;}\">\n\t\t\t\t\t\t<div class=\"elementor-container elementor-column-gap-default\">\n\t\t\t\t\t<div class=\"elementor-column elementor-col-100 elementor-top-column elementor-element elementor-element-d0dd9c1\" data-id=\"d0dd9c1\" data-element_type=\"column\" data-e-type=\"column\">\n\t\t\t<div class=\"elementor-widget-wrap elementor-element-populated\">\n\t\t\t\t\t\t<div class=\"elementor-element elementor-element-b82496c elementor-widget elementor-widget-heading\" data-id=\"b82496c\" data-element_type=\"widget\" data-e-type=\"widget\" data-widget_type=\"heading.default\">\n\t\t\t\t<div class=\"elementor-widget-container\">\n\t\t\t\t\t<h2 class=\"elementor-heading-title elementor-size-default\">Experience our models<\/h2>\t\t\t\t<\/div>\n\t\t\t\t<\/div>\n\t\t\t\t\t<\/div>\n\t\t<\/div>\n\t\t\t\t\t<\/div>\n\t\t<\/section>\n\t\t\t\t<section class=\"elementor-section elementor-top-section elementor-element elementor-element-3b25cf4 elementor-section-stretched elementor-section-boxed elementor-section-height-default elementor-section-height-default\" data-id=\"3b25cf4\" data-element_type=\"section\" data-e-type=\"section\" data-settings=\"{&quot;stretch_section&quot;:&quot;section-stretched&quot;}\">\n\t\t\t\t\t\t<div class=\"elementor-container elementor-column-gap-default\">\n\t\t\t\t\t<div class=\"elementor-column elementor-col-25 elementor-top-column elementor-element elementor-element-a2ac665\" data-id=\"a2ac665\" data-element_type=\"column\" data-e-type=\"column\" data-settings=\"{&quot;background_background&quot;:&quot;classic&quot;}\">\n\t\t\t<div class=\"elementor-widget-wrap elementor-element-populated\">\n\t\t\t\t\t\t<div class=\"elementor-element elementor-element-1e75196 elementor-widget elementor-widget-image\" data-id=\"1e75196\" data-element_type=\"widget\" data-e-type=\"widget\" data-widget_type=\"image.default\">\n\t\t\t\t<div class=\"elementor-widget-container\">\n\t\t\t\t\t\t\t\t\t\t\t\t\t\t\t\t<a href=\"https:\/\/ahorn-camp.de\/en\/ahorn-motorhomes\/campervan\/\">\n\t\t\t\t\t\t\t<img fetchpriority=\"high\" decoding=\"async\" width=\"1024\" height=\"576\" src=\"https:\/\/ahorn-camp.de\/wp-content\/uploads\/2025\/08\/360-Van-V630_00007-1-1024x576.webp\" class=\"elementor-animation-grow attachment-large size-large wp-image-32579\" alt=\"New V630 models\" srcset=\"https:\/\/ahorn-camp.de\/wp-content\/uploads\/2025\/08\/360-Van-V630_00007-1-1024x576.webp 1024w, https:\/\/ahorn-camp.de\/wp-content\/uploads\/2025\/08\/360-Van-V630_00007-1-300x169.webp 300w, https:\/\/ahorn-camp.de\/wp-content\/uploads\/2025\/08\/360-Van-V630_00007-1-768x432.webp 768w, https:\/\/ahorn-camp.de\/wp-content\/uploads\/2025\/08\/360-Van-V630_00007-1-800x450.webp 800w, https:\/\/ahorn-camp.de\/wp-content\/uploads\/2025\/08\/360-Van-V630_00007-1-18x10.webp 18w, https:\/\/ahorn-camp.de\/wp-content\/uploads\/2025\/08\/360-Van-V630_00007-1.webp 1280w\" sizes=\"(max-width: 1024px) 100vw, 1024px\" \/>\t\t\t\t\t\t\t\t<\/a>\n\t\t\t\t\t\t\t\t\t\t\t\t\t\t\t<\/div>\n\t\t\t\t<\/div>\n\t\t\t\t<div class=\"elementor-element elementor-element-451a4df elementor-widget elementor-widget-heading\" data-id=\"451a4df\" data-element_type=\"widget\" data-e-type=\"widget\" data-widget_type=\"heading.default\">\n\t\t\t\t<div class=\"elementor-widget-container\">\n\t\t\t\t\t<h3 class=\"elementor-heading-title elementor-size-default\"><a href=\"#campervans\">Campervans<\/a><\/h3>\t\t\t\t<\/div>\n\t\t\t\t<\/div>\n\t\t\t\t<div class=\"elementor-element elementor-element-e5b5e3a elementor-align-justify elementor-widget elementor-widget-button\" data-id=\"e5b5e3a\" data-element_type=\"widget\" data-e-type=\"widget\" data-widget_type=\"button.default\">\n\t\t\t\t<div class=\"elementor-widget-container\">\n\t\t\t\t\t\t\t\t\t<div class=\"elementor-button-wrapper\">\n\t\t\t\t\t<a class=\"elementor-button elementor-button-link elementor-size-sm elementor-animation-grow\" href=\"https:\/\/ahorn-camp.de\/en\/ahorn-motorhomes\/campervan\/\">\n\t\t\t\t\t\t<span class=\"elementor-button-content-wrapper\">\n\t\t\t\t\t\t\t\t\t<span class=\"elementor-button-text\">Discover now<\/span>\n\t\t\t\t\t<\/span>\n\t\t\t\t\t<\/a>\n\t\t\t\t<\/div>\n\t\t\t\t\t\t\t\t<\/div>\n\t\t\t\t<\/div>\n\t\t\t\t\t<\/div>\n\t\t<\/div>\n\t\t\t\t<div class=\"elementor-column elementor-col-25 elementor-top-column elementor-element elementor-element-81749d9\" data-id=\"81749d9\" data-element_type=\"column\" data-e-type=\"column\" data-settings=\"{&quot;background_background&quot;:&quot;classic&quot;}\">\n\t\t\t<div class=\"elementor-widget-wrap elementor-element-populated\">\n\t\t\t\t\t\t<div class=\"elementor-element elementor-element-8e4099c elementor-widget elementor-widget-image\" data-id=\"8e4099c\" data-element_type=\"widget\" data-e-type=\"widget\" data-widget_type=\"image.default\">\n\t\t\t\t<div class=\"elementor-widget-container\">\n\t\t\t\t\t\t\t\t\t\t\t\t\t\t\t\t<a href=\"https:\/\/ahorn-camp.de\/en\/ahorn-motorhomes\/semi-integrated-motorhomes\/\">\n\t\t\t\t\t\t\t<img decoding=\"async\" width=\"1024\" height=\"576\" src=\"https:\/\/ahorn-camp.de\/wp-content\/uploads\/2025\/08\/360-Reisemobil-TG-690_00007-1-1024x576.webp\" class=\"elementor-animation-grow attachment-large size-large wp-image-32578\" alt=\"New models TG690\" srcset=\"https:\/\/ahorn-camp.de\/wp-content\/uploads\/2025\/08\/360-Reisemobil-TG-690_00007-1-1024x576.webp 1024w, https:\/\/ahorn-camp.de\/wp-content\/uploads\/2025\/08\/360-Reisemobil-TG-690_00007-1-300x169.webp 300w, https:\/\/ahorn-camp.de\/wp-content\/uploads\/2025\/08\/360-Reisemobil-TG-690_00007-1-768x432.webp 768w, https:\/\/ahorn-camp.de\/wp-content\/uploads\/2025\/08\/360-Reisemobil-TG-690_00007-1-800x450.webp 800w, https:\/\/ahorn-camp.de\/wp-content\/uploads\/2025\/08\/360-Reisemobil-TG-690_00007-1-18x10.webp 18w, https:\/\/ahorn-camp.de\/wp-content\/uploads\/2025\/08\/360-Reisemobil-TG-690_00007-1.webp 1280w\" sizes=\"(max-width: 1024px) 100vw, 1024px\" \/>\t\t\t\t\t\t\t\t<\/a>\n\t\t\t\t\t\t\t\t\t\t\t\t\t\t\t<\/div>\n\t\t\t\t<\/div>\n\t\t\t\t<div class=\"elementor-element elementor-element-e15c05d elementor-widget elementor-widget-heading\" data-id=\"e15c05d\" data-element_type=\"widget\" data-e-type=\"widget\" data-widget_type=\"heading.default\">\n\t\t\t\t<div class=\"elementor-widget-container\">\n\t\t\t\t\t<h3 class=\"elementor-heading-title elementor-size-default\"><a href=\"#teilintegrierte\">Semi-integrated<\/a><\/h3>\t\t\t\t<\/div>\n\t\t\t\t<\/div>\n\t\t\t\t<div class=\"elementor-element elementor-element-9cb61cf elementor-align-justify elementor-widget elementor-widget-button\" data-id=\"9cb61cf\" data-element_type=\"widget\" data-e-type=\"widget\" data-widget_type=\"button.default\">\n\t\t\t\t<div class=\"elementor-widget-container\">\n\t\t\t\t\t\t\t\t\t<div class=\"elementor-button-wrapper\">\n\t\t\t\t\t<a class=\"elementor-button elementor-button-link elementor-size-sm elementor-animation-grow\" href=\"https:\/\/ahorn-camp.de\/en\/ahorn-motorhomes\/semi-integrated-motorhomes\/\">\n\t\t\t\t\t\t<span class=\"elementor-button-content-wrapper\">\n\t\t\t\t\t\t\t\t\t<span class=\"elementor-button-text\">Discover now<\/span>\n\t\t\t\t\t<\/span>\n\t\t\t\t\t<\/a>\n\t\t\t\t<\/div>\n\t\t\t\t\t\t\t\t<\/div>\n\t\t\t\t<\/div>\n\t\t\t\t\t<\/div>\n\t\t<\/div>\n\t\t\t\t<div class=\"elementor-column elementor-col-25 elementor-top-column elementor-element elementor-element-250a5ec\" data-id=\"250a5ec\" data-element_type=\"column\" data-e-type=\"column\" data-settings=\"{&quot;background_background&quot;:&quot;classic&quot;}\">\n\t\t\t<div class=\"elementor-widget-wrap elementor-element-populated\">\n\t\t\t\t\t\t<div class=\"elementor-element elementor-element-7076926 elementor-widget elementor-widget-image\" data-id=\"7076926\" data-element_type=\"widget\" data-e-type=\"widget\" data-widget_type=\"image.default\">\n\t\t\t\t<div class=\"elementor-widget-container\">\n\t\t\t\t\t\t\t\t\t\t\t\t\t\t\t\t<a href=\"https:\/\/ahorn-camp.de\/en\/ahorn-motorhomes\/alcove-motorhomes\/\">\n\t\t\t\t\t\t\t<img decoding=\"async\" width=\"1024\" height=\"576\" src=\"https:\/\/ahorn-camp.de\/wp-content\/uploads\/2025\/08\/360-Reisemobil-A690_00007-1024x576.webp\" class=\"elementor-animation-grow attachment-large size-large wp-image-32580\" alt=\"New A690 models\" srcset=\"https:\/\/ahorn-camp.de\/wp-content\/uploads\/2025\/08\/360-Reisemobil-A690_00007-1024x576.webp 1024w, https:\/\/ahorn-camp.de\/wp-content\/uploads\/2025\/08\/360-Reisemobil-A690_00007-300x169.webp 300w, https:\/\/ahorn-camp.de\/wp-content\/uploads\/2025\/08\/360-Reisemobil-A690_00007-768x432.webp 768w, https:\/\/ahorn-camp.de\/wp-content\/uploads\/2025\/08\/360-Reisemobil-A690_00007-800x450.webp 800w, https:\/\/ahorn-camp.de\/wp-content\/uploads\/2025\/08\/360-Reisemobil-A690_00007-18x10.webp 18w, https:\/\/ahorn-camp.de\/wp-content\/uploads\/2025\/08\/360-Reisemobil-A690_00007.webp 1280w\" sizes=\"(max-width: 1024px) 100vw, 1024px\" \/>\t\t\t\t\t\t\t\t<\/a>\n\t\t\t\t\t\t\t\t\t\t\t\t\t\t\t<\/div>\n\t\t\t\t<\/div>\n\t\t\t\t<div class=\"elementor-element elementor-element-27a498e elementor-widget elementor-widget-heading\" data-id=\"27a498e\" data-element_type=\"widget\" data-e-type=\"widget\" data-widget_type=\"heading.default\">\n\t\t\t\t<div class=\"elementor-widget-container\">\n\t\t\t\t\t<h3 class=\"elementor-heading-title elementor-size-default\"><a href=\"#alkoven\">Alcove<\/a><\/h3>\t\t\t\t<\/div>\n\t\t\t\t<\/div>\n\t\t\t\t<div class=\"elementor-element elementor-element-c5aeb65 elementor-align-justify elementor-widget elementor-widget-button\" data-id=\"c5aeb65\" data-element_type=\"widget\" data-e-type=\"widget\" data-widget_type=\"button.default\">\n\t\t\t\t<div class=\"elementor-widget-container\">\n\t\t\t\t\t\t\t\t\t<div class=\"elementor-button-wrapper\">\n\t\t\t\t\t<a class=\"elementor-button elementor-button-link elementor-size-sm elementor-animation-grow\" href=\"https:\/\/ahorn-camp.de\/en\/ahorn-motorhomes\/alcove-motorhomes\/\">\n\t\t\t\t\t\t<span class=\"elementor-button-content-wrapper\">\n\t\t\t\t\t\t\t\t\t<span class=\"elementor-button-text\">Discover now<\/span>\n\t\t\t\t\t<\/span>\n\t\t\t\t\t<\/a>\n\t\t\t\t<\/div>\n\t\t\t\t\t\t\t\t<\/div>\n\t\t\t\t<\/div>\n\t\t\t\t\t<\/div>\n\t\t<\/div>\n\t\t\t\t<div class=\"elementor-column elementor-col-25 elementor-top-column elementor-element elementor-element-8fdd16b\" data-id=\"8fdd16b\" data-element_type=\"column\" data-e-type=\"column\" data-settings=\"{&quot;background_background&quot;:&quot;classic&quot;}\">\n\t\t\t<div class=\"elementor-widget-wrap elementor-element-populated\">\n\t\t\t\t\t\t<div class=\"elementor-element elementor-element-7d62f21 elementor-widget elementor-widget-image\" data-id=\"7d62f21\" data-element_type=\"widget\" data-e-type=\"widget\" data-widget_type=\"image.default\">\n\t\t\t\t<div class=\"elementor-widget-container\">\n\t\t\t\t\t\t\t\t\t\t\t\t\t\t\t\t<a href=\"https:\/\/ahorn-camp.de\/en\/buy-used-motorhome\/\">\n\t\t\t\t\t\t\t<img loading=\"lazy\" decoding=\"async\" width=\"1024\" height=\"576\" src=\"https:\/\/ahorn-camp.de\/wp-content\/uploads\/2025\/10\/Gebrauchte-Kachel-1024x576.webp\" class=\"elementor-animation-grow attachment-large size-large wp-image-35605\" alt=\"\" srcset=\"https:\/\/ahorn-camp.de\/wp-content\/uploads\/2025\/10\/Gebrauchte-Kachel-1024x576.webp 1024w, https:\/\/ahorn-camp.de\/wp-content\/uploads\/2025\/10\/Gebrauchte-Kachel-300x169.webp 300w, https:\/\/ahorn-camp.de\/wp-content\/uploads\/2025\/10\/Gebrauchte-Kachel-768x432.webp 768w, https:\/\/ahorn-camp.de\/wp-content\/uploads\/2025\/10\/Gebrauchte-Kachel-800x450.webp 800w, https:\/\/ahorn-camp.de\/wp-content\/uploads\/2025\/10\/Gebrauchte-Kachel-18x10.webp 18w, https:\/\/ahorn-camp.de\/wp-content\/uploads\/2025\/10\/Gebrauchte-Kachel.webp 1280w\" sizes=\"(max-width: 1024px) 100vw, 1024px\" \/>\t\t\t\t\t\t\t\t<\/a>\n\t\t\t\t\t\t\t\t\t\t\t\t\t\t\t<\/div>\n\t\t\t\t<\/div>\n\t\t\t\t<div class=\"elementor-element elementor-element-c0152a6 elementor-widget elementor-widget-heading\" data-id=\"c0152a6\" data-element_type=\"widget\" data-e-type=\"widget\" data-widget_type=\"heading.default\">\n\t\t\t\t<div class=\"elementor-widget-container\">\n\t\t\t\t\t<h3 class=\"elementor-heading-title elementor-size-default\"><a href=\"#alkoven\">Used<\/a><\/h3>\t\t\t\t<\/div>\n\t\t\t\t<\/div>\n\t\t\t\t<div class=\"elementor-element elementor-element-3076345 elementor-align-justify elementor-widget elementor-widget-button\" data-id=\"3076345\" data-element_type=\"widget\" data-e-type=\"widget\" data-widget_type=\"button.default\">\n\t\t\t\t<div class=\"elementor-widget-container\">\n\t\t\t\t\t\t\t\t\t<div class=\"elementor-button-wrapper\">\n\t\t\t\t\t<a class=\"elementor-button elementor-button-link elementor-size-sm elementor-animation-grow\" href=\"https:\/\/ahorn-camp.de\/en\/buy-used-motorhome\/\">\n\t\t\t\t\t\t<span class=\"elementor-button-content-wrapper\">\n\t\t\t\t\t\t\t\t\t<span class=\"elementor-button-text\">Discover used ones<\/span>\n\t\t\t\t\t<\/span>\n\t\t\t\t\t<\/a>\n\t\t\t\t<\/div>\n\t\t\t\t\t\t\t\t<\/div>\n\t\t\t\t<\/div>\n\t\t\t\t\t<\/div>\n\t\t<\/div>\n\t\t\t\t\t<\/div>\n\t\t<\/section>\n\t\t\t\t<section class=\"elementor-section elementor-top-section elementor-element elementor-element-b8e8f3f elementor-section-stretched elementor-section-boxed elementor-section-height-default elementor-section-height-default\" data-id=\"b8e8f3f\" data-element_type=\"section\" data-e-type=\"section\" data-settings=\"{&quot;stretch_section&quot;:&quot;section-stretched&quot;}\">\n\t\t\t\t\t\t<div class=\"elementor-container elementor-column-gap-default\">\n\t\t\t\t\t<div class=\"elementor-column elementor-col-100 elementor-top-column elementor-element elementor-element-a435c92\" data-id=\"a435c92\" data-element_type=\"column\" data-e-type=\"column\">\n\t\t\t<div class=\"elementor-widget-wrap elementor-element-populated\">\n\t\t\t\t\t\t<div class=\"elementor-element elementor-element-1d59a4d elementor-widget elementor-widget-heading\" data-id=\"1d59a4d\" data-element_type=\"widget\" data-e-type=\"widget\" data-widget_type=\"heading.default\">\n\t\t\t\t<div class=\"elementor-widget-container\">\n\t\t\t\t\t<h2 class=\"elementor-heading-title elementor-size-default\">Sales, Rentals, and Service<\/h2>\t\t\t\t<\/div>\n\t\t\t\t<\/div>\n\t\t\t\t<div class=\"elementor-element elementor-element-e6090e2 elementor-widget elementor-widget-text-editor\" data-id=\"e6090e2\" data-element_type=\"widget\" data-e-type=\"widget\" data-widget_type=\"text-editor.default\">\n\t\t\t\t<div class=\"elementor-widget-container\">\n\t\t\t\t\t\t\t\t\t<p>In addition to sales and rentals, we offer you first-class workshop and accessory services, attractive financing options, and the possibility of trade-ins. Discover our offer now and get started with Ahorn Camp Frankfurt.<\/p><p>\u00a0<\/p>\t\t\t\t\t\t\t\t<\/div>\n\t\t\t\t<\/div>\n\t\t\t\t<div class=\"elementor-element elementor-element-4c4c5ab elementor-tabs-view-horizontal elementor-widget elementor-widget-tabs\" data-id=\"4c4c5ab\" data-element_type=\"widget\" data-e-type=\"widget\" data-widget_type=\"tabs.default\">\n\t\t\t\t<div class=\"elementor-widget-container\">\n\t\t\t\t\t\t\t<div class=\"elementor-tabs\">\n\t\t\t<div class=\"elementor-tabs-wrapper\" role=\"tablist\" >\n\t\t\t\t\t\t\t\t\t<div id=\"elementor-tab-title-8001\" class=\"elementor-tab-title elementor-tab-desktop-title\" aria-selected=\"true\" data-tab=\"1\" role=\"tab\" tabindex=\"0\" aria-controls=\"elementor-tab-content-8001\" aria-expanded=\"false\">Contact Camp<\/div>\n\t\t\t\t\t\t\t\t\t<div id=\"elementor-tab-title-8002\" class=\"elementor-tab-title elementor-tab-desktop-title\" aria-selected=\"false\" data-tab=\"2\" role=\"tab\" tabindex=\"-1\" aria-controls=\"elementor-tab-content-8002\" aria-expanded=\"false\">Contact Service<\/div>\n\t\t\t\t\t\t\t\t\t<div id=\"elementor-tab-title-8003\" class=\"elementor-tab-title elementor-tab-desktop-title\" aria-selected=\"false\" data-tab=\"3\" role=\"tab\" tabindex=\"-1\" aria-controls=\"elementor-tab-content-8003\" aria-expanded=\"false\">Maple Rent<\/div>\n\t\t\t\t\t\t\t\t\t<div id=\"elementor-tab-title-8004\" class=\"elementor-tab-title elementor-tab-desktop-title\" aria-selected=\"false\" data-tab=\"4\" role=\"tab\" tabindex=\"-1\" aria-controls=\"elementor-tab-content-8004\" aria-expanded=\"false\">Location &amp; Opening Hours<\/div>\n\t\t\t\t\t\t\t<\/div>\n\t\t\t<div class=\"elementor-tabs-content-wrapper\" role=\"tablist\" aria-orientation=\"vertical\">\n\t\t\t\t\t\t\t\t\t<div class=\"elementor-tab-title elementor-tab-mobile-title\" aria-selected=\"true\" data-tab=\"1\" role=\"tab\" tabindex=\"0\" aria-controls=\"elementor-tab-content-8001\" aria-expanded=\"false\">Contact Camp<\/div>\n\t\t\t\t\t<div id=\"elementor-tab-content-8001\" class=\"elementor-tab-content elementor-clearfix\" data-tab=\"1\" role=\"tabpanel\" aria-labelledby=\"elementor-tab-title-8001\" tabindex=\"0\" hidden=\"false\"><table class=\"ac-table\" role=\"presentation\">\n<tbody>\n<tr><!-- Linke Spalte: Bild -->\n<td class=\"ac-img\" style=\"width: 48%;\"><img decoding=\"async\" src=\"https:\/\/ahorn-camp.de\/wp-content\/uploads\/2024\/06\/Frankfurt-1.png\" alt=\"Ahorn Camp Frankfurt \u2013 Service &amp; Appointment Scheduling\" \/><\/td>\n<!-- Rechte Spalte: Text & Button -->\n<td class=\"ac-content\">\n<h2>Do you have questions about purchasing or would you like advice?<\/h2>\nOur team in Frankfurt will be happy to help you find the right motorhome. Personally, competently, and with a passion for mobile travel.<br><br>\n<h3 style=\"color: #000;\">Telephone<\/h3>\n+49 (0) 6074 818 978-310<br><br>\n<h3 style=\"color: #000;\">email<\/h3>\nverkauf-ffm@ahorn-camp.de<br>\n\n<a class=\"ac-button\" href=\"https:\/\/fr57v.share-eu1.hsforms.com\/2i5lg4cYoSMKiJ6Jk3dzlaQ\">To schedule an appointment<\/a><\/td>\n<\/tr>\n<\/tbody>\n<\/table><\/div>\n\t\t\t\t\t\t\t\t\t<div class=\"elementor-tab-title elementor-tab-mobile-title\" aria-selected=\"false\" data-tab=\"2\" role=\"tab\" tabindex=\"-1\" aria-controls=\"elementor-tab-content-8002\" aria-expanded=\"false\">Contact Service<\/div>\n\t\t\t\t\t<div id=\"elementor-tab-content-8002\" class=\"elementor-tab-content elementor-clearfix\" data-tab=\"2\" role=\"tabpanel\" aria-labelledby=\"elementor-tab-title-8002\" tabindex=\"0\" hidden=\"hidden\"><table class=\"ac-table\" role=\"presentation\">\n<tbody>\n<tr><!-- Linke Spalte: Bild -->\n<td class=\"ac-img\" style=\"width: 48%;\"><img decoding=\"async\" src=\"https:\/\/ahorn-camp.de\/wp-content\/uploads\/2024\/06\/Frankfurt-1.png\" alt=\"Ahorn Camp Frankfurt \u2013 Service &amp; Appointment Scheduling\" \/><\/td>\n<!-- Rechte Spalte: Text & Button -->\n<td class=\"ac-content\">\n<h2>Does your RV need service or maintenance?<\/h2>\n<p>Our service team reliably handles inspections, repairs, and retrofits so you can travel safely.<\/p>\n<h3 style=\"color: #000;\">Telephone<\/h3>\n<p>+49 (0) 6074 818 978-202<\/p>\n<h3 style=\"color: #000;\">email<\/h3>\n<p>service-ffm@ahorn-camp.de<\/p>\n\n<a class=\"ac-button\" href=\"https:\/\/share-eu1.hsforms.com\/1WmjwtXztTTi1UMnVZPkAIAfr57v\">For service inquiry<\/a><\/td>\n<\/tr>\n<\/tbody>\n<\/table><\/div>\n\t\t\t\t\t\t\t\t\t<div class=\"elementor-tab-title elementor-tab-mobile-title\" aria-selected=\"false\" data-tab=\"3\" role=\"tab\" tabindex=\"-1\" aria-controls=\"elementor-tab-content-8003\" aria-expanded=\"false\">Maple Rent<\/div>\n\t\t\t\t\t<div id=\"elementor-tab-content-8003\" class=\"elementor-tab-content elementor-clearfix\" data-tab=\"3\" role=\"tabpanel\" aria-labelledby=\"elementor-tab-title-8003\" tabindex=\"0\" hidden=\"hidden\"><table class=\"ac-table\" role=\"presentation\">\n<tbody>\n<tr><!-- Linke Spalte: Bild -->\n<td class=\"ac-img\" style=\"width: 48%;\"><img decoding=\"async\" src=\"https:\/\/ahorn-camp.de\/wp-content\/uploads\/2024\/06\/Frankfurt-1.png\" alt=\"Ahorn Camp Frankfurt \u2013 Service &amp; Appointment Scheduling\" \/><\/td>\n<!-- Rechte Spalte: Text & Button -->\n<td class=\"ac-content\">\n<h2>Rent a campervan? No problem!<\/h2>\n<p>Visit Ahorn Rent and experience an unforgettable vacation!<\/p>\n\n<a class=\"ac-button\" style=\"background: #ff0000 !important; color: #fff !important;\" href=\"#termin\">\nTo our rental models\n<\/a><\/td>\n<\/tr>\n<\/tbody>\n<\/table><\/div>\n\t\t\t\t\t\t\t\t\t<div class=\"elementor-tab-title elementor-tab-mobile-title\" aria-selected=\"false\" data-tab=\"4\" role=\"tab\" tabindex=\"-1\" aria-controls=\"elementor-tab-content-8004\" aria-expanded=\"false\">Location &amp; Opening Hours<\/div>\n\t\t\t\t\t<div id=\"elementor-tab-content-8004\" class=\"elementor-tab-content elementor-clearfix\" data-tab=\"4\" role=\"tabpanel\" aria-labelledby=\"elementor-tab-title-8004\" tabindex=\"0\" hidden=\"hidden\"><table class=\"ac-table\" role=\"presentation\"><tbody><tr><!-- Linke Spalte: Bild --><td class=\"ac-img\" style=\"width: 48%;\"><img decoding=\"async\" src=\"https:\/\/ahorn-camp.de\/wp-content\/uploads\/2024\/06\/Frankfurt-1.png\" alt=\"Ahorn Camp Frankfurt \u2013 Service &amp; Appointment Scheduling\" \/><\/td><!-- Rechte Spalte: Text & Button --><td class=\"ac-content\"><h3 style=\"color: #000;\">Location<\/h3><p>Justus-von-Liebig-Str. 24-26<br \/>63128 Dietzenbach<\/p><p>\u00a0<\/p><h3 style=\"color: #000;\">Opening hours<\/h3><p>Mon - Fri: 10:00 AM - 5:00 PM<br \/>Sat: 10:00 AM \u2013 4:00 PM (Sales only)<br \/>February 1, 2026: 10:00 AM \u2013 2:00 PM (Viewing Day)<\/p><\/td><\/tr><\/tbody><\/table><\/div>\n\t\t\t\t\t\t\t<\/div>\n\t\t<\/div>\n\t\t\t\t\t\t<\/div>\n\t\t\t\t<\/div>\n\t\t\t\t\t<\/div>\n\t\t<\/div>\n\t\t\t\t\t<\/div>\n\t\t<\/section>\n\t\t\t\t<section class=\"elementor-section elementor-top-section elementor-element elementor-element-f615f38 elementor-section-stretched elementor-section-boxed elementor-section-height-default elementor-section-height-default\" data-id=\"f615f38\" data-element_type=\"section\" data-e-type=\"section\" data-settings=\"{&quot;stretch_section&quot;:&quot;section-stretched&quot;,&quot;background_background&quot;:&quot;classic&quot;}\">\n\t\t\t\t\t\t<div class=\"elementor-container elementor-column-gap-default\">\n\t\t\t\t\t<div class=\"elementor-column elementor-col-100 elementor-top-column elementor-element elementor-element-1504d50\" data-id=\"1504d50\" data-element_type=\"column\" data-e-type=\"column\">\n\t\t\t<div class=\"elementor-widget-wrap elementor-element-populated\">\n\t\t\t\t\t\t<section class=\"elementor-section elementor-inner-section elementor-element elementor-element-02a5c6f elementor-reverse-tablet elementor-reverse-mobile elementor-section-boxed elementor-section-height-default elementor-section-height-default\" data-id=\"02a5c6f\" data-element_type=\"section\" data-e-type=\"section\">\n\t\t\t\t\t\t<div class=\"elementor-container elementor-column-gap-default\">\n\t\t\t\t\t<div class=\"elementor-column elementor-col-50 elementor-inner-column elementor-element elementor-element-b886cd4\" data-id=\"b886cd4\" data-element_type=\"column\" data-e-type=\"column\">\n\t\t\t<div class=\"elementor-widget-wrap elementor-element-populated\">\n\t\t\t\t\t\t<div class=\"elementor-element elementor-element-aa2e4b7 elementor-widget elementor-widget-heading\" data-id=\"aa2e4b7\" data-element_type=\"widget\" data-e-type=\"widget\" data-widget_type=\"heading.default\">\n\t\t\t\t<div class=\"elementor-widget-container\">\n\t\t\t\t\t<h2 class=\"elementor-heading-title elementor-size-default\">Current offers<\/h2>\t\t\t\t<\/div>\n\t\t\t\t<\/div>\n\t\t\t\t<div class=\"elementor-element elementor-element-e09d580 elementor-widget elementor-widget-text-editor\" data-id=\"e09d580\" data-element_type=\"widget\" data-e-type=\"widget\" data-widget_type=\"text-editor.default\">\n\t\t\t\t<div class=\"elementor-widget-container\">\n\t\t\t\t\t\t\t\t\t<p>Discover our current offers on Ahorn Camp motorhomes and campervans. Real highlights await you here.<br \/>Check it out now and secure your dream vehicle at the best price!<\/p>\t\t\t\t\t\t\t\t<\/div>\n\t\t\t\t<\/div>\n\t\t\t\t<div class=\"elementor-element elementor-element-dc7fab4 elementor-align-left elementor-widget elementor-widget-button\" data-id=\"dc7fab4\" data-element_type=\"widget\" data-e-type=\"widget\" data-widget_type=\"button.default\">\n\t\t\t\t<div class=\"elementor-widget-container\">\n\t\t\t\t\t\t\t\t\t<div class=\"elementor-button-wrapper\">\n\t\t\t\t\t<a class=\"elementor-button elementor-button-link elementor-size-sm\" href=\"https:\/\/ahorn-camp.de\/en\/offers\/\">\n\t\t\t\t\t\t<span class=\"elementor-button-content-wrapper\">\n\t\t\t\t\t\t\t\t\t<span class=\"elementor-button-text\">Discover offers now<\/span>\n\t\t\t\t\t<\/span>\n\t\t\t\t\t<\/a>\n\t\t\t\t<\/div>\n\t\t\t\t\t\t\t\t<\/div>\n\t\t\t\t<\/div>\n\t\t\t\t\t<\/div>\n\t\t<\/div>\n\t\t\t\t<div class=\"elementor-column elementor-col-50 elementor-inner-column elementor-element elementor-element-dfd240c\" data-id=\"dfd240c\" data-element_type=\"column\" data-e-type=\"column\">\n\t\t\t<div class=\"elementor-widget-wrap elementor-element-populated\">\n\t\t\t\t\t\t<div class=\"elementor-element elementor-element-fa0f3af elementor-widget elementor-widget-image\" data-id=\"fa0f3af\" data-element_type=\"widget\" data-e-type=\"widget\" data-widget_type=\"image.default\">\n\t\t\t\t<div class=\"elementor-widget-container\">\n\t\t\t\t\t\t\t\t\t\t\t\t\t\t\t<img loading=\"lazy\" decoding=\"async\" width=\"819\" height=\"1024\" src=\"https:\/\/ahorn-camp.de\/wp-content\/uploads\/2025\/10\/Vermietruecklaeufer_1080x1350px-819x1024.webp\" class=\"attachment-large size-large wp-image-35378\" alt=\"Rent returns\" srcset=\"https:\/\/ahorn-camp.de\/wp-content\/uploads\/2025\/10\/Vermietruecklaeufer_1080x1350px-819x1024.webp 819w, https:\/\/ahorn-camp.de\/wp-content\/uploads\/2025\/10\/Vermietruecklaeufer_1080x1350px-240x300.webp 240w, https:\/\/ahorn-camp.de\/wp-content\/uploads\/2025\/10\/Vermietruecklaeufer_1080x1350px-768x960.webp 768w, https:\/\/ahorn-camp.de\/wp-content\/uploads\/2025\/10\/Vermietruecklaeufer_1080x1350px-480x600.webp 480w, https:\/\/ahorn-camp.de\/wp-content\/uploads\/2025\/10\/Vermietruecklaeufer_1080x1350px-10x12.webp 10w, https:\/\/ahorn-camp.de\/wp-content\/uploads\/2025\/10\/Vermietruecklaeufer_1080x1350px-800x1000.webp 800w, https:\/\/ahorn-camp.de\/wp-content\/uploads\/2025\/10\/Vermietruecklaeufer_1080x1350px.webp 1080w\" sizes=\"(max-width: 819px) 100vw, 819px\" \/>\t\t\t\t\t\t\t\t\t\t\t\t\t\t\t<\/div>\n\t\t\t\t<\/div>\n\t\t\t\t\t<\/div>\n\t\t<\/div>\n\t\t\t\t\t<\/div>\n\t\t<\/section>\n\t\t\t\t\t<\/div>\n\t\t<\/div>\n\t\t\t\t\t<\/div>\n\t\t<\/section>\n\t\t\t\t<section class=\"elementor-section elementor-top-section elementor-element elementor-element-05d18bd elementor-section-stretched elementor-section-boxed elementor-section-height-default elementor-section-height-default\" data-id=\"05d18bd\" data-element_type=\"section\" data-e-type=\"section\" data-settings=\"{&quot;stretch_section&quot;:&quot;section-stretched&quot;}\">\n\t\t\t\t\t\t<div class=\"elementor-container elementor-column-gap-default\">\n\t\t\t\t\t<div class=\"elementor-column elementor-col-100 elementor-top-column elementor-element elementor-element-734e079\" data-id=\"734e079\" data-element_type=\"column\" data-e-type=\"column\">\n\t\t\t<div class=\"elementor-widget-wrap elementor-element-populated\">\n\t\t\t\t\t\t<div class=\"elementor-element elementor-element-01b9643 elementor-widget elementor-widget-heading\" data-id=\"01b9643\" data-element_type=\"widget\" data-e-type=\"widget\" data-widget_type=\"heading.default\">\n\t\t\t\t<div class=\"elementor-widget-container\">\n\t\t\t\t\t<h2 class=\"elementor-heading-title elementor-size-default\">Excellent quality that builds trust<\/h2>\t\t\t\t<\/div>\n\t\t\t\t<\/div>\n\t\t\t\t<div class=\"elementor-element elementor-element-bc02c94 elementor-testimonial--align-left elementor-testimonial--skin-default elementor-testimonial--layout-image_inline elementor-pagination-type-bullets elementor-widget elementor-widget-testimonial-carousel\" data-id=\"bc02c94\" data-element_type=\"widget\" data-e-type=\"widget\" data-settings=\"{&quot;slides_per_view&quot;:&quot;2&quot;,&quot;lazyload&quot;:&quot;yes&quot;,&quot;pagination&quot;:&quot;bullets&quot;,&quot;speed&quot;:500,&quot;autoplay&quot;:&quot;yes&quot;,&quot;autoplay_speed&quot;:5000,&quot;loop&quot;:&quot;yes&quot;,&quot;pause_on_hover&quot;:&quot;yes&quot;,&quot;pause_on_interaction&quot;:&quot;yes&quot;,&quot;space_between&quot;:{&quot;unit&quot;:&quot;px&quot;,&quot;size&quot;:10,&quot;sizes&quot;:[]},&quot;space_between_tablet&quot;:{&quot;unit&quot;:&quot;px&quot;,&quot;size&quot;:10,&quot;sizes&quot;:[]},&quot;space_between_mobile&quot;:{&quot;unit&quot;:&quot;px&quot;,&quot;size&quot;:10,&quot;sizes&quot;:[]}}\" data-widget_type=\"testimonial-carousel.default\">\n\t\t\t\t<div class=\"elementor-widget-container\">\n\t\t\t\t\t\t\t\t\t<div class=\"elementor-swiper\">\n\t\t\t\t\t<div class=\"elementor-main-swiper swiper\" role=\"region\" aria-roledescription=\"carousel\" aria-label=\"Slider\">\n\t\t\t\t<div class=\"swiper-wrapper\">\n\t\t\t\t\t\t\t\t\t\t\t<div class=\"swiper-slide\" role=\"group\" aria-roledescription=\"slide\">\n\t\t\t\t\t\t\t\t\t<div class=\"elementor-testimonial\">\n\t\t\t\t\t\t\t<div class=\"elementor-testimonial__content\">\n\t\t\t\t\t<div class=\"elementor-testimonial__text\">\n\t\t\t\t\t\tThis summer, Ahorn Camp pulls off a double whammy.\t\t\t\t\t<\/div>\n\t\t\t\t\t\t\t\t\t<\/div>\n\t\t\t\t\t\t<div class=\"elementor-testimonial__footer\">\n\t\t\t\t\t\t\t\t\t<div class=\"elementor-testimonial__image\">\n\t\t\t\t\t\t<img class=\"swiper-lazy\" data-src=\"https:\/\/ahorn-camp.de\/wp-content\/uploads\/2025\/10\/Logo-Autobild.svg\" alt=\"Autobild logo\">\n\t\t\t\t\t\t\t\t\t\t\t\t\t<div class=\"swiper-lazy-preloader\"><\/div>\n\t\t\t\t\t\t\t\t\t\t\t<\/div>\n\t\t\t\t\t\t\t\t<cite class=\"elementor-testimonial__cite\"><span class=\"elementor-testimonial__name\">Auto Bild<\/span><\/cite>\t\t\t<\/div>\n\t\t<\/div>\n\t\t\t\t\t\t\t\t<\/div>\n\t\t\t\t\t\t\t\t\t\t\t<div class=\"swiper-slide\" role=\"group\" aria-roledescription=\"slide\">\n\t\t\t\t\t\t\t\t\t<div class=\"elementor-testimonial\">\n\t\t\t\t\t\t\t<div class=\"elementor-testimonial__content\">\n\t\t\t\t\t<div class=\"elementor-testimonial__text\">\n\t\t\t\t\t\tAhorn Camp from Speyer is launching into the future and the upcoming model season with great momentum.\t\t\t\t\t<\/div>\n\t\t\t\t\t\t\t\t\t<\/div>\n\t\t\t\t\t\t<div class=\"elementor-testimonial__footer\">\n\t\t\t\t\t\t\t\t\t<div class=\"elementor-testimonial__image\">\n\t\t\t\t\t\t<img class=\"swiper-lazy\" data-src=\"https:\/\/ahorn-camp.de\/wp-content\/uploads\/2025\/10\/Reisemobil-International.svg\" alt=\"Reisemobil International Logo\">\n\t\t\t\t\t\t\t\t\t\t\t\t\t<div class=\"swiper-lazy-preloader\"><\/div>\n\t\t\t\t\t\t\t\t\t\t\t<\/div>\n\t\t\t\t\t\t\t\t<cite class=\"elementor-testimonial__cite\"><span class=\"elementor-testimonial__name\">Motorhome International<\/span><\/cite>\t\t\t<\/div>\n\t\t<\/div>\n\t\t\t\t\t\t\t\t<\/div>\n\t\t\t\t\t\t\t\t\t\t\t<div class=\"swiper-slide\" role=\"group\" aria-roledescription=\"slide\">\n\t\t\t\t\t\t\t\t\t<div class=\"elementor-testimonial\">\n\t\t\t\t\t\t\t<div class=\"elementor-testimonial__content\">\n\t\t\t\t\t<div class=\"elementor-testimonial__text\">\n\t\t\t\t\t\tWith the Hymer Connection and the new Master, the brand is now taking off.\t\t\t\t\t<\/div>\n\t\t\t\t\t\t\t\t\t<\/div>\n\t\t\t\t\t\t<div class=\"elementor-testimonial__footer\">\n\t\t\t\t\t\t\t\t\t<div class=\"elementor-testimonial__image\">\n\t\t\t\t\t\t<img class=\"swiper-lazy\" data-src=\"https:\/\/ahorn-camp.de\/wp-content\/uploads\/2025\/10\/Auto_Zeitung_logo.jpg\" alt=\"Auto Zeitung Logo\">\n\t\t\t\t\t\t\t\t\t\t\t\t\t<div class=\"swiper-lazy-preloader\"><\/div>\n\t\t\t\t\t\t\t\t\t\t\t<\/div>\n\t\t\t\t\t\t\t\t<cite class=\"elementor-testimonial__cite\"><span class=\"elementor-testimonial__name\">Auto Zeitung<\/span><\/cite>\t\t\t<\/div>\n\t\t<\/div>\n\t\t\t\t\t\t\t\t<\/div>\n\t\t\t\t\t\t\t\t\t\t\t<div class=\"swiper-slide\" role=\"group\" aria-roledescription=\"slide\">\n\t\t\t\t\t\t\t\t\t<div class=\"elementor-testimonial\">\n\t\t\t\t\t\t\t<div class=\"elementor-testimonial__content\">\n\t\t\t\t\t<div class=\"elementor-testimonial__text\">\n\t\t\t\t\t\tFor many campers, the new Renault Master, combined with Ahorn's typical price-performance ratio, should present an exciting overall package.\t\t\t\t\t<\/div>\n\t\t\t\t\t\t\t\t\t<\/div>\n\t\t\t\t\t\t<div class=\"elementor-testimonial__footer\">\n\t\t\t\t\t\t\t\t\t<div class=\"elementor-testimonial__image\">\n\t\t\t\t\t\t<img class=\"swiper-lazy\" data-src=\"https:\/\/ahorn-camp.de\/wp-content\/uploads\/2025\/10\/Promobil.svg\" alt=\"Promobil Logo\">\n\t\t\t\t\t\t\t\t\t\t\t\t\t<div class=\"swiper-lazy-preloader\"><\/div>\n\t\t\t\t\t\t\t\t\t\t\t<\/div>\n\t\t\t\t\t\t\t\t<cite class=\"elementor-testimonial__cite\"><span class=\"elementor-testimonial__name\">Promobil<\/span><\/cite>\t\t\t<\/div>\n\t\t<\/div>\n\t\t\t\t\t\t\t\t<\/div>\n\t\t\t\t\t\t\t\t\t<\/div>\n\t\t\t\t\t\t\t\t\t\t\t\t\t\t\t\t\t\t\t\t<div class=\"swiper-pagination\"><\/div>\n\t\t\t\t\t\t\t\t\t\t\t\t<\/div>\n\t\t\t\t<\/div>\n\t\t\t\t\t\t\t\t<\/div>\n\t\t\t\t<\/div>\n\t\t\t\t\t<\/div>\n\t\t<\/div>\n\t\t\t\t\t<\/div>\n\t\t<\/section>\n\t\t\t\t<section class=\"elementor-section elementor-top-section elementor-element elementor-element-91eb1eb elementor-section-stretched elementor-section-boxed elementor-section-height-default elementor-section-height-default\" data-id=\"91eb1eb\" data-element_type=\"section\" data-e-type=\"section\" data-settings=\"{&quot;stretch_section&quot;:&quot;section-stretched&quot;}\">\n\t\t\t\t\t\t<div class=\"elementor-container elementor-column-gap-default\">\n\t\t\t\t\t<div class=\"elementor-column elementor-col-100 elementor-top-column elementor-element elementor-element-6055b1f\" data-id=\"6055b1f\" data-element_type=\"column\" data-e-type=\"column\">\n\t\t\t<div class=\"elementor-widget-wrap elementor-element-populated\">\n\t\t\t\t\t\t<div class=\"elementor-element elementor-element-722b2d6 elementor-widget elementor-widget-heading\" data-id=\"722b2d6\" data-element_type=\"widget\" data-e-type=\"widget\" data-widget_type=\"heading.default\">\n\t\t\t\t<div class=\"elementor-widget-container\">\n\t\t\t\t\t<h2 class=\"elementor-heading-title elementor-size-default\">Our team in Frankfurt<\/h2>\t\t\t\t<\/div>\n\t\t\t\t<\/div>\n\t\t\t\t<div class=\"elementor-element elementor-element-8ac86d3 gallery-spacing-custom elementor-widget elementor-widget-image-gallery\" data-id=\"8ac86d3\" data-element_type=\"widget\" data-e-type=\"widget\" data-widget_type=\"image-gallery.default\">\n\t\t\t\t<div class=\"elementor-widget-container\">\n\t\t\t\t\t\t\t<div class=\"elementor-image-gallery\">\n\t\t\t\n\t\t<style type=\"text\/css\">\n\t\t\t#gallery-1 {\n\t\t\t\tmargin: auto;\n\t\t\t}\n\t\t\t#gallery-1 .gallery-item {\n\t\t\t\tfloat: left;\n\t\t\t\tmargin-top: 10px;\n\t\t\t\ttext-align: center;\n\t\t\t\twidth: 33%;\n\t\t\t}\n\t\t\t#gallery-1 img {\n\t\t\t\tborder: 2px solid #cfcfcf;\n\t\t\t}\n\t\t\t#gallery-1 .gallery-caption {\n\t\t\t\tmargin-left: 0;\n\t\t\t}\n\t\t\t\/* see gallery_shortcode() in wp-includes\/media.php *\/\n\t\t<\/style>\n\t\t<div id='gallery-1' class='gallery galleryid-35554 gallery-columns-3 gallery-size-medium'><dl class='gallery-item'>\n\t\t\t<dt class='gallery-icon portrait'>\n\t\t\t\t<a data-elementor-open-lightbox=\"no\" href='https:\/\/ahorn-camp.de\/wp-content\/uploads\/2025\/10\/Design-ohne-Titel-61.webp'><img loading=\"lazy\" decoding=\"async\" width=\"200\" height=\"300\" src=\"https:\/\/ahorn-camp.de\/wp-content\/uploads\/2025\/10\/Design-ohne-Titel-61-200x300.webp\" class=\"attachment-medium size-medium\" alt=\"Portrait\" aria-describedby=\"gallery-1-35671\" srcset=\"https:\/\/ahorn-camp.de\/wp-content\/uploads\/2025\/10\/Design-ohne-Titel-61-200x300.webp 200w, https:\/\/ahorn-camp.de\/wp-content\/uploads\/2025\/10\/Design-ohne-Titel-61-400x600.webp 400w, https:\/\/ahorn-camp.de\/wp-content\/uploads\/2025\/10\/Design-ohne-Titel-61-8x12.webp 8w, https:\/\/ahorn-camp.de\/wp-content\/uploads\/2025\/10\/Design-ohne-Titel-61.webp 600w\" sizes=\"(max-width: 200px) 100vw, 200px\" \/><\/a>\n\t\t\t<\/dt>\n\t\t\t\t<dd class='wp-caption-text gallery-caption' id='gallery-1-35671'>\n\t\t\t\tAlexander Reichmann <br>Management\n\t\t\t\t<\/dd><\/dl><dl class='gallery-item'>\n\t\t\t<dt class='gallery-icon portrait'>\n\t\t\t\t<a data-elementor-open-lightbox=\"no\" href='https:\/\/ahorn-camp.de\/wp-content\/uploads\/2025\/10\/Personenbilder-Formatanpassung.webp'><img loading=\"lazy\" decoding=\"async\" width=\"200\" height=\"300\" src=\"https:\/\/ahorn-camp.de\/wp-content\/uploads\/2025\/10\/Personenbilder-Formatanpassung-200x300.webp\" class=\"attachment-medium size-medium\" alt=\"Domenico Profile Picture\" aria-describedby=\"gallery-1-35672\" srcset=\"https:\/\/ahorn-camp.de\/wp-content\/uploads\/2025\/10\/Personenbilder-Formatanpassung-200x300.webp 200w, https:\/\/ahorn-camp.de\/wp-content\/uploads\/2025\/10\/Personenbilder-Formatanpassung-400x600.webp 400w, https:\/\/ahorn-camp.de\/wp-content\/uploads\/2025\/10\/Personenbilder-Formatanpassung-8x12.webp 8w, https:\/\/ahorn-camp.de\/wp-content\/uploads\/2025\/10\/Personenbilder-Formatanpassung.webp 600w\" sizes=\"(max-width: 200px) 100vw, 200px\" \/><\/a>\n\t\t\t<\/dt>\n\t\t\t\t<dd class='wp-caption-text gallery-caption' id='gallery-1-35672'>\n\t\t\t\tDomenico Taranto <br>Management\n\t\t\t\t<\/dd><\/dl><dl class='gallery-item'>\n\t\t\t<dt class='gallery-icon portrait'>\n\t\t\t\t<a data-elementor-open-lightbox=\"no\" href='https:\/\/ahorn-camp.de\/wp-content\/uploads\/2025\/10\/Personenbilder-Formatanpassung-1.webp'><img loading=\"lazy\" decoding=\"async\" width=\"200\" height=\"300\" src=\"https:\/\/ahorn-camp.de\/wp-content\/uploads\/2025\/10\/Personenbilder-Formatanpassung-1-200x300.webp\" class=\"attachment-medium size-medium\" alt=\"Christian Weckesser profile picture\" aria-describedby=\"gallery-1-35673\" srcset=\"https:\/\/ahorn-camp.de\/wp-content\/uploads\/2025\/10\/Personenbilder-Formatanpassung-1-200x300.webp 200w, https:\/\/ahorn-camp.de\/wp-content\/uploads\/2025\/10\/Personenbilder-Formatanpassung-1-400x600.webp 400w, https:\/\/ahorn-camp.de\/wp-content\/uploads\/2025\/10\/Personenbilder-Formatanpassung-1-8x12.webp 8w, https:\/\/ahorn-camp.de\/wp-content\/uploads\/2025\/10\/Personenbilder-Formatanpassung-1.webp 600w\" sizes=\"(max-width: 200px) 100vw, 200px\" \/><\/a>\n\t\t\t<\/dt>\n\t\t\t\t<dd class='wp-caption-text gallery-caption' id='gallery-1-35673'>\n\t\t\t\tChristian Weckesser<br>Sale\n\t\t\t\t<\/dd><\/dl><br style=\"clear: both\" \/><dl class='gallery-item'>\n\t\t\t<dt class='gallery-icon portrait'>\n\t\t\t\t<a data-elementor-open-lightbox=\"no\" href='https:\/\/ahorn-camp.de\/wp-content\/uploads\/2025\/10\/Personenbilder-Formatanpassung-2.webp'><img loading=\"lazy\" decoding=\"async\" width=\"200\" height=\"300\" src=\"https:\/\/ahorn-camp.de\/wp-content\/uploads\/2025\/10\/Personenbilder-Formatanpassung-2-200x300.webp\" class=\"attachment-medium size-medium\" alt=\"Dietmar Heires&#039; profile picture\" aria-describedby=\"gallery-1-35674\" srcset=\"https:\/\/ahorn-camp.de\/wp-content\/uploads\/2025\/10\/Personenbilder-Formatanpassung-2-200x300.webp 200w, https:\/\/ahorn-camp.de\/wp-content\/uploads\/2025\/10\/Personenbilder-Formatanpassung-2-400x600.webp 400w, https:\/\/ahorn-camp.de\/wp-content\/uploads\/2025\/10\/Personenbilder-Formatanpassung-2-8x12.webp 8w, https:\/\/ahorn-camp.de\/wp-content\/uploads\/2025\/10\/Personenbilder-Formatanpassung-2.webp 600w\" sizes=\"(max-width: 200px) 100vw, 200px\" \/><\/a>\n\t\t\t<\/dt>\n\t\t\t\t<dd class='wp-caption-text gallery-caption' id='gallery-1-35674'>\n\t\t\t\tDietmar Heires<br>Delivery\n\t\t\t\t<\/dd><\/dl><dl class='gallery-item'>\n\t\t\t<dt class='gallery-icon portrait'>\n\t\t\t\t<a data-elementor-open-lightbox=\"no\" href='https:\/\/ahorn-camp.de\/wp-content\/uploads\/2025\/10\/Personenbilder-Formatanpassung-3.webp'><img loading=\"lazy\" decoding=\"async\" width=\"200\" height=\"300\" src=\"https:\/\/ahorn-camp.de\/wp-content\/uploads\/2025\/10\/Personenbilder-Formatanpassung-3-200x300.webp\" class=\"attachment-medium size-medium\" alt=\"Tobias R\u00fcckert Profile Picture\" aria-describedby=\"gallery-1-35675\" srcset=\"https:\/\/ahorn-camp.de\/wp-content\/uploads\/2025\/10\/Personenbilder-Formatanpassung-3-200x300.webp 200w, https:\/\/ahorn-camp.de\/wp-content\/uploads\/2025\/10\/Personenbilder-Formatanpassung-3-400x600.webp 400w, https:\/\/ahorn-camp.de\/wp-content\/uploads\/2025\/10\/Personenbilder-Formatanpassung-3-8x12.webp 8w, https:\/\/ahorn-camp.de\/wp-content\/uploads\/2025\/10\/Personenbilder-Formatanpassung-3.webp 600w\" sizes=\"(max-width: 200px) 100vw, 200px\" \/><\/a>\n\t\t\t<\/dt>\n\t\t\t\t<dd class='wp-caption-text gallery-caption' id='gallery-1-35675'>\n\t\t\t\tTobias R\u00fcckert<br>Sales After-Sales &amp; Accessories\n\t\t\t\t<\/dd><\/dl><dl class='gallery-item'>\n\t\t\t<dt class='gallery-icon portrait'>\n\t\t\t\t<a data-elementor-open-lightbox=\"no\" href='https:\/\/ahorn-camp.de\/wp-content\/uploads\/2025\/10\/Personenbilder-Formatanpassung-4.webp'><img loading=\"lazy\" decoding=\"async\" width=\"200\" height=\"300\" src=\"https:\/\/ahorn-camp.de\/wp-content\/uploads\/2025\/10\/Personenbilder-Formatanpassung-4-200x300.webp\" class=\"attachment-medium size-medium\" alt=\"Daniela Schulze Profile Picture\" aria-describedby=\"gallery-1-35677\" srcset=\"https:\/\/ahorn-camp.de\/wp-content\/uploads\/2025\/10\/Personenbilder-Formatanpassung-4-200x300.webp 200w, https:\/\/ahorn-camp.de\/wp-content\/uploads\/2025\/10\/Personenbilder-Formatanpassung-4-400x600.webp 400w, https:\/\/ahorn-camp.de\/wp-content\/uploads\/2025\/10\/Personenbilder-Formatanpassung-4-8x12.webp 8w, https:\/\/ahorn-camp.de\/wp-content\/uploads\/2025\/10\/Personenbilder-Formatanpassung-4.webp 600w\" sizes=\"(max-width: 200px) 100vw, 200px\" \/><\/a>\n\t\t\t<\/dt>\n\t\t\t\t<dd class='wp-caption-text gallery-caption' id='gallery-1-35677'>\n\t\t\t\tDaniela Schulze<br>Letting\n\t\t\t\t<\/dd><\/dl><br style=\"clear: both\" \/>\n\t\t<\/div>\n\t\t<\/div>\n\t\t\t\t\t\t<\/div>\n\t\t\t\t<\/div>\n\t\t\t\t\t<\/div>\n\t\t<\/div>\n\t\t\t\t\t<\/div>\n\t\t<\/section>\n\t\t\t\t<section class=\"elementor-section elementor-top-section elementor-element elementor-element-5f16929 elementor-section-stretched elementor-section-boxed elementor-section-height-default elementor-section-height-default\" data-id=\"5f16929\" data-element_type=\"section\" data-e-type=\"section\" data-settings=\"{&quot;background_background&quot;:&quot;classic&quot;,&quot;stretch_section&quot;:&quot;section-stretched&quot;}\">\n\t\t\t\t\t\t\t<div class=\"elementor-background-overlay\"><\/div>\n\t\t\t\t\t\t\t<div class=\"elementor-container elementor-column-gap-default\">\n\t\t\t\t\t<div class=\"elementor-column elementor-col-100 elementor-top-column elementor-element elementor-element-0d631d5\" data-id=\"0d631d5\" data-element_type=\"column\" data-e-type=\"column\">\n\t\t\t<div class=\"elementor-widget-wrap elementor-element-populated\">\n\t\t\t\t\t\t<section class=\"elementor-section elementor-inner-section elementor-element elementor-element-34c238a elementor-section-boxed elementor-section-height-default elementor-section-height-default\" data-id=\"34c238a\" data-element_type=\"section\" data-e-type=\"section\">\n\t\t\t\t\t\t<div class=\"elementor-container elementor-column-gap-default\">\n\t\t\t\t\t<div class=\"elementor-column elementor-col-100 elementor-inner-column elementor-element elementor-element-bacbf98\" data-id=\"bacbf98\" data-element_type=\"column\" data-e-type=\"column\">\n\t\t\t<div class=\"elementor-widget-wrap elementor-element-populated\">\n\t\t\t\t\t\t<div class=\"elementor-element elementor-element-6949133 elementor-widget__width-initial e-transform elementor-widget elementor-widget-video\" data-id=\"6949133\" data-element_type=\"widget\" data-e-type=\"widget\" data-settings=\"{&quot;youtube_url&quot;:&quot;https:\\\/\\\/youtu.be\\\/9OZdSyHxUB0&quot;,&quot;_transform_flipX_effect&quot;:&quot;transform&quot;,&quot;lazy_load&quot;:&quot;yes&quot;,&quot;show_image_overlay&quot;:&quot;yes&quot;,&quot;image_overlay&quot;:{&quot;url&quot;:&quot;https:\\\/\\\/ahorn-camp.de\\\/wp-content\\\/uploads\\\/2018\\\/03\\\/news_niederlassung-frankfurt.jpg&quot;,&quot;id&quot;:1844,&quot;size&quot;:&quot;&quot;,&quot;alt&quot;:&quot;&quot;,&quot;source&quot;:&quot;library&quot;},&quot;video_type&quot;:&quot;youtube&quot;,&quot;controls&quot;:&quot;yes&quot;}\" data-widget_type=\"video.default\">\n\t\t\t\t<div class=\"elementor-widget-container\">\n\t\t\t\t\t\t\t<div class=\"elementor-wrapper elementor-open-inline\">\n\t\t\t<div class=\"elementor-video\"><\/div>\t\t\t\t<div class=\"elementor-custom-embed-image-overlay\" style=\"background-image: url(https:\/\/ahorn-camp.de\/wp-content\/uploads\/2018\/03\/news_niederlassung-frankfurt.jpg);\">\n\t\t\t\t\t\t\t\t\t\t\t\t\t\t\t\t<div class=\"elementor-custom-embed-play\" role=\"button\" aria-label=\"Play Video\" tabindex=\"0\">\n\t\t\t\t\t\t\t<i aria-hidden=\"true\" class=\"eicon-play\"><\/i>\t\t\t\t\t\t<\/div>\n\t\t\t\t\t\t\t\t\t<\/div>\n\t\t\t\t\t<\/div>\n\t\t\t\t\t\t<\/div>\n\t\t\t\t<\/div>\n\t\t\t\t\t<\/div>\n\t\t<\/div>\n\t\t\t\t\t<\/div>\n\t\t<\/section>\n\t\t\t\t\t<\/div>\n\t\t<\/div>\n\t\t\t\t\t<\/div>\n\t\t<\/section>\n\t\t\t\t<section class=\"elementor-section elementor-top-section elementor-element elementor-element-a894e69 elementor-section-stretched elementor-section-boxed elementor-section-height-default elementor-section-height-default\" data-id=\"a894e69\" data-element_type=\"section\" data-e-type=\"section\" data-settings=\"{&quot;stretch_section&quot;:&quot;section-stretched&quot;}\">\n\t\t\t\t\t\t<div class=\"elementor-container elementor-column-gap-default\">\n\t\t\t\t\t<div class=\"elementor-column elementor-col-100 elementor-top-column elementor-element elementor-element-7e97746\" data-id=\"7e97746\" data-element_type=\"column\" data-e-type=\"column\">\n\t\t\t<div class=\"elementor-widget-wrap elementor-element-populated\">\n\t\t\t\t\t\t<div class=\"elementor-element elementor-element-01cdd4a elementor-widget elementor-widget-heading\" data-id=\"01cdd4a\" data-element_type=\"widget\" data-e-type=\"widget\" data-widget_type=\"heading.default\">\n\t\t\t\t<div class=\"elementor-widget-container\">\n\t\t\t\t\t<h2 class=\"elementor-heading-title elementor-size-default\">News from Ahorn Camp in Frankfurt<\/h2>\t\t\t\t<\/div>\n\t\t\t\t<\/div>\n\t\t\t\t<div class=\"elementor-element elementor-element-ec6326d elementor-widget elementor-widget-ucaddon_content_carousel_new\" data-id=\"ec6326d\" data-element_type=\"widget\" data-e-type=\"widget\" data-widget_type=\"ucaddon_content_carousel_new.default\">\n\t\t\t\t<div class=\"elementor-widget-container\">\n\t\t\t\t\t\n<!-- start Content Carousel -->\n\t\t<link id='font-awesome-css' href='https:\/\/ahorn-camp.de\/wp-content\/plugins\/unlimited-elements-for-elementor-premium\/assets_libraries\/font-awesome6\/fontawesome-all.min.css' type='text\/css' rel='stylesheet' >\n\t\t<link id='font-awesome-4-shim-css' href='https:\/\/ahorn-camp.de\/wp-content\/plugins\/unlimited-elements-for-elementor-premium\/assets_libraries\/font-awesome6\/fontawesome-v4-shims.min.css' type='text\/css' rel='stylesheet' >\n\t\t<link id='owl-carousel-css' href='https:\/\/ahorn-camp.de\/wp-content\/plugins\/unlimited-elements-for-elementor-premium\/assets_libraries\/owl-carousel-new\/assets\/owl.carousel.css' type='text\/css' rel='stylesheet' >\n\n<style>\/* widget: Content Carousel *\/\n\n#uc_content_carousel_new_elementor_ec6326d{\n  position:relative;\n  min-height:1px;\n}\n\n\n\n#uc_content_carousel_new_elementor_ec6326d .owl-nav .owl-prev{\n    position:absolute;\n    display:inline-block;\n    text-align:center;\n}\n#uc_content_carousel_new_elementor_ec6326d .owl-nav .owl-next{\n  position:absolute;\n  display:inline-block;\n  text-align:center;\n}\n\n\n#uc_content_carousel_new_elementor_ec6326d .owl-dots {\noverflow:hidden;\ntext-align:center;\n}\n\n#uc_content_carousel_new_elementor_ec6326d .owl-dot {\nborder-radius:50%;\ndisplay:inline-block;\n}\n\n.uc_post_title{\n  font-size:21px;\n}\n\n\n\n\n#uc_content_carousel_new_elementor_ec6326d .uc_image_carousel_container_holder{\n  overflow:hidden;\n}\n\n#uc_content_carousel_new_elementor_ec6326d .uc_more_btn{\n  \n    display:inline-block;\n  text-decoration:none;\n  text-align:center;\n  transition:0.3s;\n}\n\n\n\n#uc_content_carousel_new_elementor_ec6326d .uc_date{\n  color:gray;\n  padding-top:10px;\n  text-style:italic;\n}\n\n\n\n\n\n\n\n\n<\/style>\n\n<div class=\"uc_overlay_image_carousel\" >\n   <div class=\"uc_carousel owl-carousel owl-theme\" id=\"uc_content_carousel_new_elementor_ec6326d\" >\n   \t\t<div class=\"uc_image_carousel_container_holder\">\n    <div class=\"uc_image_carousel_placeholder\">\n    <div style=\"background-image:url(https:\/\/ahorn-camp.de\/wp-content\/uploads\/2025\/10\/Aktuelles-Fahrzeugfinder.webp);background-position:center; background-repeat:no-repeat;\" class=\"carousel-image\"><\/div>\n  <\/div>\n  \n    <div class=\"uc_image_carousel_content content-padding\">\n    \n            <div class=\"ue-title\">The car finder is here!<\/div>        <div class=\"ue-text\" ><p>Easily find out where your favorite model is located! Quick, clear, and interactive.<\/p><\/div>        <a class=\"ue-btn uc_more_btn\"  href=\"https:\/\/ahorn-camp.de\/en\/vehicle-finder\/\" >Try it now!<\/a>        \n      <\/div>\n  <\/div>\n<div class=\"uc_image_carousel_container_holder\">\n    <div class=\"uc_image_carousel_placeholder\">\n    <div style=\"background-image:url(https:\/\/ahorn-camp.de\/wp-content\/uploads\/2025\/09\/az1925_Camping_Life_Trophy_Ahorn_T_690.webp);background-position:center; background-repeat:no-repeat;\" class=\"carousel-image\"><\/div>\n  <\/div>\n  \n    <div class=\"uc_image_carousel_content content-padding\">\n    \n            <div class=\"ue-title\">Excellent on the go<\/div>        <div class=\"ue-text\" ><p>The new <strong data-start=\"43\" data-end=\"63\">Maple Camp T 690<\/strong> was done with the <strong data-start=\"78\" data-end=\"106\">Camping Life Trophy 2025<\/strong> Awarded!<br data-start=\"116\" data-end=\"119\" \/>The model impresses with its well-thought-out design, high comfort, and innovative features \u2013 a true all-around winner.<\/p><\/div>        <a class=\"ue-btn uc_more_btn\"  href=\"https:\/\/ahorn-camp.de\/en\/ahorn-motorhomes\/semi-integrated-motorhomes\/t-690\/\" >To the T 690<\/a>        \n      <\/div>\n  <\/div>\n<div class=\"uc_image_carousel_container_holder\">\n    <div class=\"uc_image_carousel_placeholder\">\n    <div style=\"background-image:url(https:\/\/ahorn-camp.de\/wp-content\/uploads\/2025\/07\/Neue-Modelle-Teaser-Kachel-800-x-600-px-1.png);background-position:center; background-repeat:no-repeat;\" class=\"carousel-image\"><\/div>\n  <\/div>\n  \n    <div class=\"uc_image_carousel_content content-padding\">\n    \n            <div class=\"ue-title\">A new era for motorhomes<\/div>        <div class=\"ue-text\" ><p>Innovative design, state-of-the-art technology and top quality: the new Ahorn Camp motorhomes on the completely redesigned Renault Master set new standards. Experience now what the future on wheels means.<\/p><\/div>        <a class=\"ue-btn uc_more_btn\"  href=\"https:\/\/ahorn-camp.de\/en\/new-models\/\" >Discover new models<\/a>        \n      <\/div>\n  <\/div>\n<div class=\"uc_image_carousel_container_holder\">\n    <div class=\"uc_image_carousel_placeholder\">\n    <div style=\"background-image:url(https:\/\/ahorn-camp.de\/wp-content\/uploads\/2025\/07\/Renault.webp);background-position:center; background-repeat:no-repeat;\" class=\"carousel-image\"><\/div>\n  <\/div>\n  \n    <div class=\"uc_image_carousel_content content-padding\">\n    \n            <div class=\"ue-title\">Ahorn Camp motorhomes on new Renault Master<\/div>        <div class=\"ue-text\" ><p>Renault, one of the leading manufacturers of light commercial vehicles in Europe, and Ahorn Camp, an established brand for motorhomes in Germany, are jointly celebrating the official launch of their new generation of leisure vehicles.<\/p><\/div>        <a class=\"ue-btn uc_more_btn\"  href=\"#\" >Learn more<\/a>        \n      <\/div>\n  <\/div>\n<div class=\"uc_image_carousel_container_holder\">\n    <div class=\"uc_image_carousel_placeholder\">\n    <div style=\"background-image:url(https:\/\/ahorn-camp.de\/wp-content\/uploads\/2025\/07\/Erwin-Hymer-X-Ahorn-Camp.webp);background-position:center; background-repeat:no-repeat;\" class=\"carousel-image\"><\/div>\n  <\/div>\n  \n    <div class=\"uc_image_carousel_content content-padding\">\n    \n            <div class=\"ue-title\">Erwin Hymer Group X Maple Camp<\/div>        <div class=\"ue-text\" ><p>In future, Ahorn Camp will have its motorhomes and camper vans manufactured at the Erwin Hymer Group's ultra-modern plant in San Casciano. The partnership promises the highest production quality and new standards.\u00a0<\/p><\/div>        <a class=\"ue-btn uc_more_btn\"  href=\"https:\/\/ahorn-camp.de\/en\/erwin-hymer-group\/\" >Learn more<\/a>        \n      <\/div>\n  <\/div>\n\n   <\/div>\t\n<\/div>\n<!-- end Content Carousel -->\t\t\t\t<\/div>\n\t\t\t\t<\/div>\n\t\t\t\t\t<\/div>\n\t\t<\/div>\n\t\t\t\t\t<\/div>\n\t\t<\/section>\n\t\t\t\t<section class=\"elementor-section elementor-top-section elementor-element elementor-element-6d61953 elementor-section-full_width elementor-section-stretched elementor-section-height-default elementor-section-height-default\" data-id=\"6d61953\" data-element_type=\"section\" data-e-type=\"section\" data-settings=\"{&quot;stretch_section&quot;:&quot;section-stretched&quot;}\">\n\t\t\t\t\t\t<div class=\"elementor-container elementor-column-gap-default\">\n\t\t\t\t\t<div class=\"elementor-column elementor-col-100 elementor-top-column elementor-element elementor-element-cee7485\" data-id=\"cee7485\" data-element_type=\"column\" data-e-type=\"column\">\n\t\t\t<div class=\"elementor-widget-wrap elementor-element-populated\">\n\t\t\t\t\t\t<div class=\"elementor-element elementor-element-b18b6c1 elementor-widget elementor-widget-html\" data-id=\"b18b6c1\" data-element_type=\"widget\" data-e-type=\"widget\" data-widget_type=\"html.default\">\n\t\t\t\t<div class=\"elementor-widget-container\">\n\t\t\t\t\t<div class=\"karte\"><iframe src=\"https:\/\/www.google.com\/maps\/embed?pb=!1m14!1m8!1m3!1d10257.666689270292!2d8.794144!3d50.003545!3m2!1i1024!2i768!4f13.1!3m3!1m2!1s0x0%3A0x6ae00982def0e27c!2sAhorn%20Rent%20Frankfurt!5e0!3m2!1sde!2sde!4v1585912726782!5m2!1sde!2sde\" width=\"100%\" height=\"300\" frameborder=\"0\" style=\"border:0;\" allowfullscreen=\"\" aria-hidden=\"false\" tabindex=\"0\"><\/iframe><\/div>\t\t\t\t<\/div>\n\t\t\t\t<\/div>\n\t\t\t\t\t<\/div>\n\t\t<\/div>\n\t\t\t\t\t<\/div>\n\t\t<\/section>\n\t\t\t\t<\/div>","protected":false},"excerpt":{"rendered":"<p>Ahorn Camp Frankfurt Entdecken Sie unsere Wohnmobile in Frankfurt <\/p>\n<p>Willkommen bei Ahorn Camp in Dietzenbach bei Frankfurt am Main, Ihrem Spezialisten f\u00fcr Wohnmobile und Camper im Herzen der Rhein-Main-Region. Ob Sie ein Reisemobil kaufen, oder mieten m\u00f6chten, bei uns finden Sie das passende Fahrzeug. Auf \u00fcber 1.000 m Ausstellungsfl\u00e4che erwartet Sie eine gro\u00dfe Auswahl an neuen und gebrauchten Ahorn Camp Reisemobilen, sowie kompetente Beratung durch unser erfahrenes Team.<\/p>\n<p> Erleben Sie unsere Modelle <\/p>\n<p> <img loading=\"lazy\" loading=\"lazy\" decoding=\"async\" src=\"https:\/\/ahorn-camp.de\/wp-content\/uploads\/2025\/08\/360-Van-V630_00007-1-1024x576.webp\" sizes=\"auto, (max-width: 1024px) 100vw, 1024px\" srcset=\"https:\/\/ahorn-camp.de\/wp-content\/uploads\/2025\/08\/360-Van-V630_00007-1-1024x576.webp 1024w, https:\/\/ahorn-camp.de\/wp-content\/uploads\/2025\/08\/360-Van-V630_00007-1-300x169.webp 300w, https:\/\/ahorn-camp.de\/wp-content\/uploads\/2025\/08\/360-Van-V630_00007-1-768x432.webp 768w, https:\/\/ahorn-camp.de\/wp-content\/uploads\/2025\/08\/360-Van-V630_00007-1-800x450.webp 800w, https:\/\/ahorn-camp.de\/wp-content\/uploads\/2025\/08\/360-Van-V630_00007-1-18x10.webp 18w, https:\/\/ahorn-camp.de\/wp-content\/uploads\/2025\/08\/360-Van-V630_00007-1.webp 1280w\" alt=\"Neue Modelle V630\" width=\"1024\" height=\"576\" \/> <\/p>\n<p> Campervans <\/p>\n<p> Jetzt entdecken<\/p>\n<p> <img loading=\"lazy\" loading=\"lazy\" decoding=\"async\" src=\"https:\/\/ahorn-camp.de\/wp-content\/uploads\/2025\/08\/360-Reisemobil-TG-690_00007-1-1024x576.webp\" sizes=\"auto, (max-width: 1024px) 100vw, 1024px\" srcset=\"https:\/\/ahorn-camp.de\/wp-content\/uploads\/2025\/08\/360-Reisemobil-TG-690_00007-1-1024x576.webp 1024w, https:\/\/ahorn-camp.de\/wp-content\/uploads\/2025\/08\/360-Reisemobil-TG-690_00007-1-300x169.webp 300w, https:\/\/ahorn-camp.de\/wp-content\/uploads\/2025\/08\/360-Reisemobil-TG-690_00007-1-768x432.webp 768w, https:\/\/ahorn-camp.de\/wp-content\/uploads\/2025\/08\/360-Reisemobil-TG-690_00007-1-800x450.webp 800w, https:\/\/ahorn-camp.de\/wp-content\/uploads\/2025\/08\/360-Reisemobil-TG-690_00007-1-18x10.webp 18w, https:\/\/ahorn-camp.de\/wp-content\/uploads\/2025\/08\/360-Reisemobil-TG-690_00007-1.webp 1280w\" alt=\"Neue Modelle TG690\" width=\"1024\" height=\"576\" \/> <\/p>\n<p> Teilintegrierte <\/p>\n<p> Jetzt entdecken<\/p>\n<p> <img loading=\"lazy\" decoding=\"async\" src=\"https:\/\/ahorn-camp.de\/wp-content\/uploads\/2025\/08\/360-Reisemobil-A690_00007-1024x576.webp\" sizes=\"(max-width: 1024px) 100vw, [...]<\/p>\n","protected":false},"author":2,"featured_media":0,"parent":0,"menu_order":0,"comment_status":"closed","ping_status":"closed","template":"elementor_header_footer","meta":{"content-type":"","footnotes":""},"class_list":["post-35554","page","type-page","status-publish","hentry"],"yoast_head":"<!-- This site is optimized with the Yoast SEO plugin v27.4 - https:\/\/yoast.com\/product\/yoast-seo-wordpress\/ -->\n<title>Ahorn Camp Frankfurt - Neuwagen &amp; Gebrauchte vor Ort<\/title>\n<meta name=\"description\" content=\"Ihr Wohnmobil in Frankfurt kaufen \u2013 gro\u00dfe Auswahl an neuen und gebrauchten Ahorn Modellen, fachkundige Beratung und direkte Besichtigung vor Ort\" \/>\n<meta name=\"robots\" content=\"index, follow, max-snippet:-1, max-image-preview:large, max-video-preview:-1\" \/>\n<link rel=\"canonical\" href=\"https:\/\/ahorn-camp.de\/en\/frankfurt\/\" \/>\n<meta property=\"og:locale\" content=\"en_US\" \/>\n<meta property=\"og:type\" content=\"article\" \/>\n<meta property=\"og:title\" content=\"Ahorn Camp Frankfurt - Neuwagen &amp; Gebrauchte vor Ort\" \/>\n<meta property=\"og:description\" content=\"Ihr Wohnmobil in Frankfurt kaufen \u2013 gro\u00dfe Auswahl an neuen und gebrauchten Ahorn Modellen, fachkundige Beratung und direkte Besichtigung vor Ort\" \/>\n<meta property=\"og:url\" content=\"https:\/\/ahorn-camp.de\/en\/frankfurt\/\" \/>\n<meta property=\"og:site_name\" content=\"Ahorn Camp | Reisemobile und Kastenwagen\" \/>\n<meta property=\"article:publisher\" content=\"https:\/\/www.facebook.com\/ahorn.wohnmobile\/\" \/>\n<meta property=\"article:modified_time\" content=\"2026-02-06T14:57:17+00:00\" \/>\n<meta property=\"og:image\" content=\"https:\/\/ahorn-camp.de\/wp-content\/uploads\/2025\/08\/360-Van-V630_00007-1-1024x576.webp\" \/>\n<meta name=\"twitter:card\" content=\"summary_large_image\" \/>\n<meta name=\"twitter:label1\" content=\"Est. reading time\" \/>\n\t<meta name=\"twitter:data1\" content=\"8 minutes\" \/>\n<script type=\"application\/ld+json\" class=\"yoast-schema-graph\">{\"@context\":\"https:\\\/\\\/schema.org\",\"@graph\":[{\"@type\":\"WebPage\",\"@id\":\"https:\\\/\\\/ahorn-camp.de\\\/frankfurt\\\/\",\"url\":\"https:\\\/\\\/ahorn-camp.de\\\/frankfurt\\\/\",\"name\":\"Ahorn Camp Frankfurt - Neuwagen & Gebrauchte vor Ort\",\"isPartOf\":{\"@id\":\"https:\\\/\\\/ahorn-camp.de\\\/#website\"},\"primaryImageOfPage\":{\"@id\":\"https:\\\/\\\/ahorn-camp.de\\\/frankfurt\\\/#primaryimage\"},\"image\":{\"@id\":\"https:\\\/\\\/ahorn-camp.de\\\/frankfurt\\\/#primaryimage\"},\"thumbnailUrl\":\"https:\\\/\\\/ahorn-camp.de\\\/wp-content\\\/uploads\\\/2025\\\/08\\\/360-Van-V630_00007-1-1024x576.webp\",\"datePublished\":\"2025-10-15T14:11:27+00:00\",\"dateModified\":\"2026-02-06T14:57:17+00:00\",\"description\":\"Ihr Wohnmobil in Frankfurt kaufen \u2013 gro\u00dfe Auswahl an neuen und gebrauchten Ahorn Modellen, fachkundige Beratung und direkte Besichtigung vor Ort\",\"breadcrumb\":{\"@id\":\"https:\\\/\\\/ahorn-camp.de\\\/frankfurt\\\/#breadcrumb\"},\"inLanguage\":\"en-US\",\"potentialAction\":[{\"@type\":\"ReadAction\",\"target\":[\"https:\\\/\\\/ahorn-camp.de\\\/frankfurt\\\/\"]}]},{\"@type\":\"ImageObject\",\"inLanguage\":\"en-US\",\"@id\":\"https:\\\/\\\/ahorn-camp.de\\\/frankfurt\\\/#primaryimage\",\"url\":\"https:\\\/\\\/ahorn-camp.de\\\/wp-content\\\/uploads\\\/2025\\\/08\\\/360-Van-V630_00007-1-1024x576.webp\",\"contentUrl\":\"https:\\\/\\\/ahorn-camp.de\\\/wp-content\\\/uploads\\\/2025\\\/08\\\/360-Van-V630_00007-1-1024x576.webp\"},{\"@type\":\"BreadcrumbList\",\"@id\":\"https:\\\/\\\/ahorn-camp.de\\\/frankfurt\\\/#breadcrumb\",\"itemListElement\":[{\"@type\":\"ListItem\",\"position\":1,\"name\":\"Startseite\",\"item\":\"https:\\\/\\\/ahorn-camp.de\\\/\"},{\"@type\":\"ListItem\",\"position\":2,\"name\":\"Ahorn Camp Frankfurt\"}]},{\"@type\":\"WebSite\",\"@id\":\"https:\\\/\\\/ahorn-camp.de\\\/#website\",\"url\":\"https:\\\/\\\/ahorn-camp.de\\\/\",\"name\":\"Ahorn Camp | Reisemobile und Kastenwagen\",\"description\":\"Seit \u00fcber 30 Jahren vermarktet das Familienunternehmen, Ahorn Camp in Speyer, erfolgreich Wohnmobile und Kastenwagen zum besten Preis-Leistungsverh\u00e4ltnis.\",\"publisher\":{\"@id\":\"https:\\\/\\\/ahorn-camp.de\\\/#organization\"},\"potentialAction\":[{\"@type\":\"SearchAction\",\"target\":{\"@type\":\"EntryPoint\",\"urlTemplate\":\"https:\\\/\\\/ahorn-camp.de\\\/?s={search_term_string}\"},\"query-input\":{\"@type\":\"PropertyValueSpecification\",\"valueRequired\":true,\"valueName\":\"search_term_string\"}}],\"inLanguage\":\"en-US\"},{\"@type\":\"Organization\",\"@id\":\"https:\\\/\\\/ahorn-camp.de\\\/#organization\",\"name\":\"Ahorn Camp GmbH & Co. KG\",\"url\":\"https:\\\/\\\/ahorn-camp.de\\\/\",\"logo\":{\"@type\":\"ImageObject\",\"inLanguage\":\"en-US\",\"@id\":\"https:\\\/\\\/ahorn-camp.de\\\/#\\\/schema\\\/logo\\\/image\\\/\",\"url\":\"https:\\\/\\\/ahorn-camp.de\\\/wp-content\\\/uploads\\\/2018\\\/12\\\/Ahorn_Logo.jpg\",\"contentUrl\":\"https:\\\/\\\/ahorn-camp.de\\\/wp-content\\\/uploads\\\/2018\\\/12\\\/Ahorn_Logo.jpg\",\"width\":1437,\"height\":1000,\"caption\":\"Ahorn Camp GmbH & Co. KG\"},\"image\":{\"@id\":\"https:\\\/\\\/ahorn-camp.de\\\/#\\\/schema\\\/logo\\\/image\\\/\"},\"sameAs\":[\"https:\\\/\\\/www.facebook.com\\\/ahorn.wohnmobile\\\/\",\"https:\\\/\\\/www.instagram.com\\\/ahorn.camp\\\/\",\"https:\\\/\\\/www.youtube.com\\\/channel\\\/UCPFbPCts1JJ_A1k9vyH0yOQ\"]}]}<\/script>\n<!-- \/ Yoast SEO plugin. -->","yoast_head_json":{"title":"Ahorn Camp Frankfurt - New and Used Cars On-Site","description":"Buy your motorhome in Frankfurt \u2013 large selection of new and used Ahorn models, expert advice, and on-site viewing","robots":{"index":"index","follow":"follow","max-snippet":"max-snippet:-1","max-image-preview":"max-image-preview:large","max-video-preview":"max-video-preview:-1"},"canonical":"https:\/\/ahorn-camp.de\/en\/frankfurt\/","og_locale":"en_US","og_type":"article","og_title":"Ahorn Camp Frankfurt - Neuwagen & Gebrauchte vor Ort","og_description":"Ihr Wohnmobil in Frankfurt kaufen \u2013 gro\u00dfe Auswahl an neuen und gebrauchten Ahorn Modellen, fachkundige Beratung und direkte Besichtigung vor Ort","og_url":"https:\/\/ahorn-camp.de\/en\/frankfurt\/","og_site_name":"Ahorn Camp | Reisemobile und Kastenwagen","article_publisher":"https:\/\/www.facebook.com\/ahorn.wohnmobile\/","article_modified_time":"2026-02-06T14:57:17+00:00","og_image":[{"url":"https:\/\/ahorn-camp.de\/wp-content\/uploads\/2025\/08\/360-Van-V630_00007-1-1024x576.webp","type":"","width":"","height":""}],"twitter_card":"summary_large_image","twitter_misc":{"Est. reading time":"8 minutes"},"schema":{"@context":"https:\/\/schema.org","@graph":[{"@type":"WebPage","@id":"https:\/\/ahorn-camp.de\/frankfurt\/","url":"https:\/\/ahorn-camp.de\/frankfurt\/","name":"Ahorn Camp Frankfurt - New and Used Cars On-Site","isPartOf":{"@id":"https:\/\/ahorn-camp.de\/#website"},"primaryImageOfPage":{"@id":"https:\/\/ahorn-camp.de\/frankfurt\/#primaryimage"},"image":{"@id":"https:\/\/ahorn-camp.de\/frankfurt\/#primaryimage"},"thumbnailUrl":"https:\/\/ahorn-camp.de\/wp-content\/uploads\/2025\/08\/360-Van-V630_00007-1-1024x576.webp","datePublished":"2025-10-15T14:11:27+00:00","dateModified":"2026-02-06T14:57:17+00:00","description":"Buy your motorhome in Frankfurt \u2013 large selection of new and used Ahorn models, expert advice, and on-site viewing","breadcrumb":{"@id":"https:\/\/ahorn-camp.de\/frankfurt\/#breadcrumb"},"inLanguage":"en-US","potentialAction":[{"@type":"ReadAction","target":["https:\/\/ahorn-camp.de\/frankfurt\/"]}]},{"@type":"ImageObject","inLanguage":"en-US","@id":"https:\/\/ahorn-camp.de\/frankfurt\/#primaryimage","url":"https:\/\/ahorn-camp.de\/wp-content\/uploads\/2025\/08\/360-Van-V630_00007-1-1024x576.webp","contentUrl":"https:\/\/ahorn-camp.de\/wp-content\/uploads\/2025\/08\/360-Van-V630_00007-1-1024x576.webp"},{"@type":"BreadcrumbList","@id":"https:\/\/ahorn-camp.de\/frankfurt\/#breadcrumb","itemListElement":[{"@type":"ListItem","position":1,"name":"Startseite","item":"https:\/\/ahorn-camp.de\/"},{"@type":"ListItem","position":2,"name":"Ahorn Camp Frankfurt"}]},{"@type":"WebSite","@id":"https:\/\/ahorn-camp.de\/#website","url":"https:\/\/ahorn-camp.de\/","name":"Ahorn Camp | Motorhomes and camper vans","description":"For over 30 years, the family business, Ahorn Camp in Speyer, has successfully marketed motorhomes and camper vans at the best price-performance ratio.","publisher":{"@id":"https:\/\/ahorn-camp.de\/#organization"},"potentialAction":[{"@type":"SearchAction","target":{"@type":"EntryPoint","urlTemplate":"https:\/\/ahorn-camp.de\/?s={search_term_string}"},"query-input":{"@type":"PropertyValueSpecification","valueRequired":true,"valueName":"search_term_string"}}],"inLanguage":"en-US"},{"@type":"Organization","@id":"https:\/\/ahorn-camp.de\/#organization","name":"Ahorn Camp GmbH &amp; Co. KG","url":"https:\/\/ahorn-camp.de\/","logo":{"@type":"ImageObject","inLanguage":"en-US","@id":"https:\/\/ahorn-camp.de\/#\/schema\/logo\/image\/","url":"https:\/\/ahorn-camp.de\/wp-content\/uploads\/2018\/12\/Ahorn_Logo.jpg","contentUrl":"https:\/\/ahorn-camp.de\/wp-content\/uploads\/2018\/12\/Ahorn_Logo.jpg","width":1437,"height":1000,"caption":"Ahorn Camp GmbH & Co. KG"},"image":{"@id":"https:\/\/ahorn-camp.de\/#\/schema\/logo\/image\/"},"sameAs":["https:\/\/www.facebook.com\/ahorn.wohnmobile\/","https:\/\/www.instagram.com\/ahorn.camp\/","https:\/\/www.youtube.com\/channel\/UCPFbPCts1JJ_A1k9vyH0yOQ"]}]}},"_links":{"self":[{"href":"https:\/\/ahorn-camp.de\/en\/wp-json\/wp\/v2\/pages\/35554","targetHints":{"allow":["GET"]}}],"collection":[{"href":"https:\/\/ahorn-camp.de\/en\/wp-json\/wp\/v2\/pages"}],"about":[{"href":"https:\/\/ahorn-camp.de\/en\/wp-json\/wp\/v2\/types\/page"}],"author":[{"embeddable":true,"href":"https:\/\/ahorn-camp.de\/en\/wp-json\/wp\/v2\/users\/2"}],"replies":[{"embeddable":true,"href":"https:\/\/ahorn-camp.de\/en\/wp-json\/wp\/v2\/comments?post=35554"}],"version-history":[{"count":3,"href":"https:\/\/ahorn-camp.de\/en\/wp-json\/wp\/v2\/pages\/35554\/revisions"}],"predecessor-version":[{"id":37781,"href":"https:\/\/ahorn-camp.de\/en\/wp-json\/wp\/v2\/pages\/35554\/revisions\/37781"}],"wp:attachment":[{"href":"https:\/\/ahorn-camp.de\/en\/wp-json\/wp\/v2\/media?parent=35554"}],"curies":[{"name":"wp","href":"https:\/\/api.w.org\/{rel}","templated":true}]}}