{"id":20099,"date":"2023-09-22T11:27:14","date_gmt":"2023-09-22T09:27:14","guid":{"rendered":"https:\/\/ahorn-camp.de\/?page_id=20099"},"modified":"2025-09-01T10:48:11","modified_gmt":"2025-09-01T08:48:11","slug":"maple-eco-683","status":"publish","type":"page","link":"https:\/\/ahorn-camp.de\/en\/ahorn-reisemobile\/alkoven-wohnmobile\/alkoven-modelle-2024\/ahorn-eco-683\/","title":{"rendered":"AHORN ECO 683"},"content":{"rendered":"<div class=\"wpb-content-wrapper\" id=\"wpb-content-root\"><div class=\"vc_row wpb_row vc_row-fluid vc_custom_1588609946651\"><div class=\"wpb_column vc_column_container vc_col-sm-12\"><div class=\"vc_column-inner\"><div class=\"wpb_wrapper\">[heading heading=&#8220;h2&#8243;]AHORN ECO 683[\/heading]<div class=\"vc_row wpb_row vc_inner vc_row-fluid\"><div class=\"wpb_column vc_column_container vc_col-sm-6\"><div class=\"vc_column-inner\"><div class=\"wpb_wrapper\"><div class=\"wpb_gallery wpb_content_element vc_clearfix wpb_content_element\" ><div class=\"wpb_wrapper\"><div class=\"wpb_gallery_slides wpb_image_grid\" data-interval=\"3\"><ul class=\"wpb_image_grid_ul\"><li class=\"isotope-item\">\n<a\n\thref=\"https:\/\/ahorn-camp.de\/wp-content\/uploads\/2020\/11\/AHORN-ECO-683_vorne-1-1024x683.png\"\n\t>\n\t<img fetchpriority=\"high\" decoding=\"async\" width=\"1024\" height=\"683\" src=\"https:\/\/ahorn-camp.de\/wp-content\/uploads\/2020\/11\/AHORN-ECO-683_vorne-1-1024x683.png\" class=\"attachment-large\" alt=\"Alkoven Wohnmobil\" title=\"Eco 683\" srcset=\"https:\/\/ahorn-camp.de\/wp-content\/uploads\/2020\/11\/AHORN-ECO-683_vorne-1-1024x683.png 1024w, https:\/\/ahorn-camp.de\/wp-content\/uploads\/2020\/11\/AHORN-ECO-683_vorne-1-300x200.png 300w, https:\/\/ahorn-camp.de\/wp-content\/uploads\/2020\/11\/AHORN-ECO-683_vorne-1-768x512.png 768w, https:\/\/ahorn-camp.de\/wp-content\/uploads\/2020\/11\/AHORN-ECO-683_vorne-1-800x533.png 800w, https:\/\/ahorn-camp.de\/wp-content\/uploads\/2020\/11\/AHORN-ECO-683_vorne-1.png 1200w\" sizes=\"(max-width: 1024px) 100vw, 1024px\" \/><\/a>\n<\/li><\/ul><\/div><\/div><\/div><\/div><\/div><\/div><div class=\"wpb_column vc_column_container vc_col-sm-6\"><div class=\"vc_column-inner\"><div class=\"wpb_wrapper\"><div class=\"wpb_gallery wpb_content_element vc_clearfix wpb_content_element\" ><div class=\"wpb_wrapper\"><div class=\"wpb_gallery_slides wpb_flexslider flexslider_slide flexslider\" data-interval=\"5\" data-flex_fx=\"slide\"><ul class=\"slides\"><li>\n<a\n\thref=\"https:\/\/ahorn-camp.de\/wp-content\/uploads\/2021\/02\/ECO-683_NACHT-und-TAG-Icon.jpg\"\n\tdata-lightbox=\"lightbox[rel-20099-1973391192]\">\n\t<img decoding=\"async\" width=\"900\" height=\"636\" src=\"https:\/\/ahorn-camp.de\/wp-content\/uploads\/2021\/02\/ECO-683_NACHT-und-TAG-Icon.jpg\" class=\"attachment-full\" alt=\"Grundriss Tagansicht und Nachtansicht Eco 683\" title=\"Eco 683 Grundriss\" srcset=\"https:\/\/ahorn-camp.de\/wp-content\/uploads\/2021\/02\/ECO-683_NACHT-und-TAG-Icon.jpg 900w, https:\/\/ahorn-camp.de\/wp-content\/uploads\/2021\/02\/ECO-683_NACHT-und-TAG-Icon-300x212.jpg 300w, https:\/\/ahorn-camp.de\/wp-content\/uploads\/2021\/02\/ECO-683_NACHT-und-TAG-Icon-768x543.jpg 768w, https:\/\/ahorn-camp.de\/wp-content\/uploads\/2021\/02\/ECO-683_NACHT-und-TAG-Icon-800x565.jpg 800w, https:\/\/ahorn-camp.de\/wp-content\/uploads\/2021\/02\/ECO-683_NACHT-und-TAG-Icon-167x119.jpg 167w\" sizes=\"(max-width: 900px) 100vw, 900px\" \/><\/a>\n<\/li><li>\n<a\n\thref=\"https:\/\/ahorn-camp.de\/wp-content\/uploads\/2020\/11\/AHORN-ECO-683_seite-1024x683.png\"\n\tdata-lightbox=\"lightbox[rel-20099-1973391192]\">\n\t<img decoding=\"async\" width=\"1200\" height=\"800\" src=\"https:\/\/ahorn-camp.de\/wp-content\/uploads\/2020\/11\/AHORN-ECO-683_seite.png\" class=\"attachment-full\" alt=\"Alkoven Wohnmobil\" title=\"Eco 683\" srcset=\"https:\/\/ahorn-camp.de\/wp-content\/uploads\/2020\/11\/AHORN-ECO-683_seite.png 1200w, https:\/\/ahorn-camp.de\/wp-content\/uploads\/2020\/11\/AHORN-ECO-683_seite-300x200.png 300w, https:\/\/ahorn-camp.de\/wp-content\/uploads\/2020\/11\/AHORN-ECO-683_seite-1024x683.png 1024w, https:\/\/ahorn-camp.de\/wp-content\/uploads\/2020\/11\/AHORN-ECO-683_seite-768x512.png 768w, https:\/\/ahorn-camp.de\/wp-content\/uploads\/2020\/11\/AHORN-ECO-683_seite-800x533.png 800w\" sizes=\"(max-width: 1200px) 100vw, 1200px\" \/><\/a>\n<\/li><\/ul><\/div><\/div><\/div><\/div><\/div><\/div><\/div><\/div><\/div><\/div><\/div><div class=\"vc_row wpb_row vc_row-fluid\"><div class=\"wpb_column vc_column_container vc_col-sm-12\"><div class=\"vc_column-inner\"><div class=\"wpb_wrapper\"><div class=\"vc_row wpb_row vc_inner vc_row-fluid\"><div class=\"wpb_column vc_column_container vc_col-sm-6\"><div class=\"vc_column-inner\"><div class=\"wpb_wrapper\">\n\t<div class=\"wpb_text_column wpb_content_element\" >\n\t\t<div class=\"wpb_wrapper\">\n\t\t\t<p>Ein Alkovenmobil, das viel Platz f\u00fcr Familien bietet. Der Ahorn Camp Eco 683\u00a0 punktet mit einer jugendlichen und modernen Einrichtung, Etagenbetten im Heck und einer vollwertigen Viererdinette. Das untere Etagenbett l\u00e4sst sich bei Bedarf \u00a0aufstellen, was das Ladevolumen der Heckgarage erh\u00f6ht. Das Alkoven-Bett ist ebenfalls hydraulisch hochklappbar, um den Durchgang ins Cockpit zu erleichtern. Somit ist f\u00fcr jeglichen Komfort aller Familienmitglieder gesorgt: Sechs Sitzpl\u00e4tze und sechs Schlafpl\u00e4tze sind vorhanden. Diese ergeben sich durch das Etagenbett, das Alkovenbett und durch den Umbau der Dinette zum Bett. Dieses Modell geh\u00f6rt zur Eco-Serie, die f\u00fcr Sie als m\u00f6glichen \u201cNeueinsteiger\u201d und Ihren Reisemobilurlaub ideal ist. Alle Fahrzeuge dieser Fahrzeugserie sind einfach zu handhaben und \u00e4u\u00dferst robust. Vor allem die Kinder erfahren das Alkoven-Bett als besonderes Abenteuer. Durch das Fenster im Alkoven kann man am Morgen schon die Aussicht genie\u00dfen!<\/p>\n<p>Mieten Sie dieses oder ein anderes Modell der Serie, erleben Sie Fahrspa\u00df in einem technisch ausgereiften Fahrzeug!<\/p>\n\n\t\t<\/div>\n\t<\/div>\n<\/div><\/div><\/div><div class=\"wpb_column vc_column_container vc_col-sm-3\"><div class=\"vc_column-inner\"><div class=\"wpb_wrapper\">\n\t<div class=\"wpb_text_column wpb_content_element\" >\n\t\t<div class=\"wpb_wrapper\">\n\t\t\t<h5>6 \/ 6<\/h5>\n<p>Sitzpl\u00e4tze \/ Schlafpl\u00e4tze<\/p>\n\n\t\t<\/div>\n\t<\/div>\n\n\t<div class=\"wpb_text_column wpb_content_element\" >\n\t\t<div class=\"wpb_wrapper\">\n\t\t\t<h5>6,81 m x 2,34 m x 3,06 m<\/h5>\n<p>L\u00e4nge x Breite x H\u00f6he<\/p>\n\n\t\t<\/div>\n\t<\/div>\n\n\t<div class=\"wpb_text_column wpb_content_element\" >\n\t\t<div class=\"wpb_wrapper\">\n\t\t\t<div class=\"wpb_text_column wpb_content_element \">\n<div class=\"wpb_wrapper\">\n<h5>1,11 m x 0,7 m<\/h5>\n<p>Garagent\u00fcr<\/p>\n<\/div>\n<\/div>\n\n\t\t<\/div>\n\t<\/div>\n\n\t<div class=\"wpb_text_column wpb_content_element\" >\n\t\t<div class=\"wpb_wrapper\">\n\t\t\t<div class=\"wpb_text_column wpb_content_element \">\n<div class=\"wpb_wrapper\">\n<h5>Gebraucht ab 48.900 \u20ac<\/h5>\n<\/div>\n<\/div>\n\n\t\t<\/div>\n\t<\/div>\n<\/div><\/div><\/div><div class=\"wpb_column vc_column_container vc_col-sm-3\"><div class=\"vc_column-inner\"><div class=\"wpb_wrapper\">\n\t<div class=\"wpb_text_column wpb_content_element\" >\n\t\t<div class=\"wpb_wrapper\">\n\t\t\t<div class=\"wpb_text_column wpb_content_element \">\n<div class=\"wpb_wrapper\">\n<h5>N. 1: 1,04 x 2,20 m<\/h5>\n<h5>N. 2: 0,75 x 1,92 m<\/h5>\n<p>Bettma\u00dfe Heck Stockbett<\/p>\n<\/div>\n<\/div>\n\n\t\t<\/div>\n\t<\/div>\n\n\t<div class=\"wpb_text_column wpb_content_element\" >\n\t\t<div class=\"wpb_wrapper\">\n\t\t\t<div class=\"wpb_text_column wpb_content_element \">\n<div class=\"wpb_wrapper\">\n<div class=\"wpb_wrapper\">\n<h5>1,25 m x 1,88 m<\/h5>\n<p>Bettma\u00dfe Dinette<\/p>\n<\/div>\n<\/div>\n<\/div>\n\n\t\t<\/div>\n\t<\/div>\n\n\t<div class=\"wpb_text_column wpb_content_element\" >\n\t\t<div class=\"wpb_wrapper\">\n\t\t\t<div class=\"wpb_text_column wpb_content_element \">\n<div class=\"wpb_wrapper\">\n<h5 class=\"wpb_wrapper\"><span style=\"color: inherit; font-size: 20px;\">1,45 m x 2,20 m<\/span><\/h5>\n<div class=\"wpb_wrapper\">\n<p>Bettma\u00dfe Alkoven<\/p>\n<\/div>\n<\/div>\n<\/div>\n\n\t\t<\/div>\n\t<\/div>\n<\/div><\/div><\/div><\/div><div class=\"vc_separator wpb_content_element vc_separator_align_center vc_sep_border_width_1 vc_sep_pos_align_center vc_separator_no_text wpb_content_element  wpb_content_element\"   style=\"width: 100%;\"><span class=\"vc_sep_holder vc_sep_holder_l\"><span class=\"vc_sep_line\"><\/span><\/span><span class=\"vc_sep_holder vc_sep_holder_r\"><span class=\"vc_sep_line\"><\/span><\/span>\n<\/div><\/div><\/div><\/div><\/div><div class=\"vc_row wpb_row vc_row-fluid\"><div class=\"wpb_column vc_column_container vc_col-sm-12\"><div class=\"vc_column-inner\"><div class=\"wpb_wrapper\">\n\t<div class=\"wpb_text_column wpb_content_element\" >\n\t\t<div class=\"wpb_wrapper\">\n\t\t\t<h4>INNENANSICHT<\/h4>\n\n\t\t<\/div>\n\t<\/div>\n<div class=\"wpb_images_carousel wpb_content_element vc_clearfix wpb_content_element\"><div class=\"wpb_wrapper\"><div id=\"vc_images-carousel-1-1788561056\" data-ride=\"vc_carousel\" data-wrap=\"false\" style=\"width: 100%;\" data-interval=\"0\" data-auto-height=\"yes\" data-mode=\"horizontal\" data-partial=\"false\" data-per-view=\"2\" data-hide-on-end=\"true\" class=\"vc_slide vc_images_carousel\"><ol class=\"vc_carousel-indicators\"><li data-target=\"#vc_images-carousel-1-1788561056\" data-slide-to=\"0\"><\/li><li data-target=\"#vc_images-carousel-1-1788561056\" data-slide-to=\"1\"><\/li><li data-target=\"#vc_images-carousel-1-1788561056\" data-slide-to=\"2\"><\/li><li data-target=\"#vc_images-carousel-1-1788561056\" data-slide-to=\"3\"><\/li><li data-target=\"#vc_images-carousel-1-1788561056\" data-slide-to=\"4\"><\/li><\/ol><div class=\"vc_carousel-inner\"><div class=\"vc_carousel-slideline\"><div class=\"vc_carousel-slideline-inner\"><div class=\"vc_item\"><div class=\"vc_inner\"><a class=\"\" href=\"https:\/\/ahorn-camp.de\/wp-content\/uploads\/2019\/08\/ahorn-alkoven-eco-683-innen-2-1024x647.jpg\" data-lightbox=\"lightbox[rel-20099-3454004901]\"><img loading=\"lazy\" decoding=\"async\" width=\"1800\" height=\"1138\" src=\"https:\/\/ahorn-camp.de\/wp-content\/uploads\/2019\/08\/ahorn-alkoven-eco-683-innen-2.jpg\" class=\"attachment-full\" alt=\"\" title=\"Die K\u00fcchenzeile im Eco 683 bietet mit gen\u00fcgend Arbeitsfl\u00e4che, dank platzsparender Stockbetten, alles, was man f\u00fcr die K\u00fcche unterwegs braucht.\" srcset=\"https:\/\/ahorn-camp.de\/wp-content\/uploads\/2019\/08\/ahorn-alkoven-eco-683-innen-2.jpg 1800w, https:\/\/ahorn-camp.de\/wp-content\/uploads\/2019\/08\/ahorn-alkoven-eco-683-innen-2-800x506.jpg 800w, https:\/\/ahorn-camp.de\/wp-content\/uploads\/2019\/08\/ahorn-alkoven-eco-683-innen-2-300x190.jpg 300w, https:\/\/ahorn-camp.de\/wp-content\/uploads\/2019\/08\/ahorn-alkoven-eco-683-innen-2-768x486.jpg 768w, https:\/\/ahorn-camp.de\/wp-content\/uploads\/2019\/08\/ahorn-alkoven-eco-683-innen-2-1024x647.jpg 1024w\" sizes=\"(max-width: 1800px) 100vw, 1800px\" \/><\/a><\/div><\/div><div class=\"vc_item\"><div class=\"vc_inner\"><a class=\"\" href=\"https:\/\/ahorn-camp.de\/wp-content\/uploads\/2019\/08\/ahorn-alkoven-eco-683-innen-1-1024x647.jpg\" data-lightbox=\"lightbox[rel-20099-3454004901]\"><img loading=\"lazy\" decoding=\"async\" width=\"1800\" height=\"1138\" src=\"https:\/\/ahorn-camp.de\/wp-content\/uploads\/2019\/08\/ahorn-alkoven-eco-683-innen-1.jpg\" class=\"attachment-full\" alt=\"\" title=\"Die ger\u00e4umige Sitzgruppe im Eco 683 kann zu einem Doppelbett umgebaut werden.\" srcset=\"https:\/\/ahorn-camp.de\/wp-content\/uploads\/2019\/08\/ahorn-alkoven-eco-683-innen-1.jpg 1800w, https:\/\/ahorn-camp.de\/wp-content\/uploads\/2019\/08\/ahorn-alkoven-eco-683-innen-1-800x506.jpg 800w, https:\/\/ahorn-camp.de\/wp-content\/uploads\/2019\/08\/ahorn-alkoven-eco-683-innen-1-300x190.jpg 300w, https:\/\/ahorn-camp.de\/wp-content\/uploads\/2019\/08\/ahorn-alkoven-eco-683-innen-1-768x486.jpg 768w, https:\/\/ahorn-camp.de\/wp-content\/uploads\/2019\/08\/ahorn-alkoven-eco-683-innen-1-1024x647.jpg 1024w\" sizes=\"(max-width: 1800px) 100vw, 1800px\" \/><\/a><\/div><\/div><div class=\"vc_item\"><div class=\"vc_inner\"><a class=\"\" href=\"https:\/\/ahorn-camp.de\/wp-content\/uploads\/2019\/08\/ahorn-alkoven-eco-683-innen-5-1024x647.jpg\" data-lightbox=\"lightbox[rel-20099-3454004901]\"><img loading=\"lazy\" decoding=\"async\" width=\"1800\" height=\"1138\" src=\"https:\/\/ahorn-camp.de\/wp-content\/uploads\/2019\/08\/ahorn-alkoven-eco-683-innen-5.jpg\" class=\"attachment-full\" alt=\"\" title=\"Das Alkovenbett im Eco 683 kann f\u00fcr den besseren Durchstieg in den Fahrerbereich zusammengeschoben werden.\" srcset=\"https:\/\/ahorn-camp.de\/wp-content\/uploads\/2019\/08\/ahorn-alkoven-eco-683-innen-5.jpg 1800w, https:\/\/ahorn-camp.de\/wp-content\/uploads\/2019\/08\/ahorn-alkoven-eco-683-innen-5-800x506.jpg 800w, https:\/\/ahorn-camp.de\/wp-content\/uploads\/2019\/08\/ahorn-alkoven-eco-683-innen-5-300x190.jpg 300w, https:\/\/ahorn-camp.de\/wp-content\/uploads\/2019\/08\/ahorn-alkoven-eco-683-innen-5-768x486.jpg 768w, https:\/\/ahorn-camp.de\/wp-content\/uploads\/2019\/08\/ahorn-alkoven-eco-683-innen-5-1024x647.jpg 1024w\" sizes=\"(max-width: 1800px) 100vw, 1800px\" \/><\/a><\/div><\/div><div class=\"vc_item\"><div class=\"vc_inner\"><a class=\"\" href=\"https:\/\/ahorn-camp.de\/wp-content\/uploads\/2019\/08\/ahorn-alkoven-eco-683-innen-4-1024x647.jpg\" data-lightbox=\"lightbox[rel-20099-3454004901]\"><img loading=\"lazy\" decoding=\"async\" width=\"1800\" height=\"1138\" src=\"https:\/\/ahorn-camp.de\/wp-content\/uploads\/2019\/08\/ahorn-alkoven-eco-683-innen-4.jpg\" class=\"attachment-full\" alt=\"\" title=\"Das gro\u00dfe Alkovenbett im Eco 683 bietet ausgezogen gen\u00fcgend Platz f\u00fcr zwei Personen.\" srcset=\"https:\/\/ahorn-camp.de\/wp-content\/uploads\/2019\/08\/ahorn-alkoven-eco-683-innen-4.jpg 1800w, https:\/\/ahorn-camp.de\/wp-content\/uploads\/2019\/08\/ahorn-alkoven-eco-683-innen-4-800x506.jpg 800w, https:\/\/ahorn-camp.de\/wp-content\/uploads\/2019\/08\/ahorn-alkoven-eco-683-innen-4-300x190.jpg 300w, https:\/\/ahorn-camp.de\/wp-content\/uploads\/2019\/08\/ahorn-alkoven-eco-683-innen-4-768x486.jpg 768w, https:\/\/ahorn-camp.de\/wp-content\/uploads\/2019\/08\/ahorn-alkoven-eco-683-innen-4-1024x647.jpg 1024w\" sizes=\"(max-width: 1800px) 100vw, 1800px\" \/><\/a><\/div><\/div><div class=\"vc_item\"><div class=\"vc_inner\"><a class=\"\" href=\"https:\/\/ahorn-camp.de\/wp-content\/uploads\/2019\/08\/ahorn-alkoven-eco-683-innen-3-1024x647.jpg\" data-lightbox=\"lightbox[rel-20099-3454004901]\"><img loading=\"lazy\" decoding=\"async\" width=\"1800\" height=\"1138\" src=\"https:\/\/ahorn-camp.de\/wp-content\/uploads\/2019\/08\/ahorn-alkoven-eco-683-innen-3.jpg\" class=\"attachment-full\" alt=\"\" title=\"Das Badezimmer im Eco 683 bietet gen\u00fcgend Platz, um unterwegs immer frisch zu bleiben.\" srcset=\"https:\/\/ahorn-camp.de\/wp-content\/uploads\/2019\/08\/ahorn-alkoven-eco-683-innen-3.jpg 1800w, https:\/\/ahorn-camp.de\/wp-content\/uploads\/2019\/08\/ahorn-alkoven-eco-683-innen-3-800x506.jpg 800w, https:\/\/ahorn-camp.de\/wp-content\/uploads\/2019\/08\/ahorn-alkoven-eco-683-innen-3-300x190.jpg 300w, https:\/\/ahorn-camp.de\/wp-content\/uploads\/2019\/08\/ahorn-alkoven-eco-683-innen-3-768x486.jpg 768w, https:\/\/ahorn-camp.de\/wp-content\/uploads\/2019\/08\/ahorn-alkoven-eco-683-innen-3-1024x647.jpg 1024w\" sizes=\"(max-width: 1800px) 100vw, 1800px\" \/><\/a><\/div><\/div><\/div><\/div><\/div><a class=\"vc_left vc_carousel-control\" href=\"#vc_images-carousel-1-1788561056\" data-slide=\"prev\"><span class=\"icon-prev\"><\/span><\/a><a class=\"vc_right vc_carousel-control\" href=\"#vc_images-carousel-1-1788561056\" data-slide=\"next\"><span class=\"icon-next\"><\/span><\/a><\/div><\/div><\/div><\/div><\/div><\/div><\/div><div class=\"vc_row wpb_row vc_row-fluid\"><div class=\"wpb_column vc_column_container vc_col-sm-12\"><div class=\"vc_column-inner\"><div class=\"wpb_wrapper\"><div class=\"vc_empty_space\"   style=\"height: 32px\"><span class=\"vc_empty_space_inner\"><\/span><\/div><div class=\"vc_separator wpb_content_element vc_separator_align_center vc_sep_border_width_1 vc_sep_pos_align_center vc_separator_no_text wpb_content_element  wpb_content_element\"   style=\"width: 100%;\"><span class=\"vc_sep_holder vc_sep_holder_l\"><span class=\"vc_sep_line\"><\/span><\/span><span class=\"vc_sep_holder vc_sep_holder_r\"><span class=\"vc_sep_line\"><\/span><\/span>\n<\/div><\/div><\/div><\/div><\/div><div class=\"vc_row wpb_row vc_row-fluid\"><div class=\"wpb_column vc_column_container vc_col-sm-12\"><div class=\"vc_column-inner\"><div class=\"wpb_wrapper\"><div  class=\"vc_do_toggle vc_toggle vc_toggle_simple   vc_toggle_size_lg\"><div class=\"vc_toggle_title\"><h4>TECHNISCHE DATEN<\/h4><i class=\"vc_toggle_icon\"><\/i><\/div><div class=\"vc_toggle_content\"><p><strong>Chassis:<\/strong> Renault Master<\/p>\n<hr \/>\n<p><strong>Motorisierung:<\/strong> 2,3 dCi Bi-Turbo \u2013 Euro 6d Final inkl. Start &amp; Stopp<\/p>\n<hr \/>\n<p><strong>KW\/PS:<\/strong> 107 &#8211; 145<\/p>\n<hr \/>\n<p><strong>Getriebe:<\/strong> 6 + R<\/p>\n<hr \/>\n<p><strong>Antrieb:<\/strong> Frontantrieb<\/p>\n<hr \/>\n<p><strong>Radstand (mm):<\/strong> 4332<\/p>\n<hr \/>\n<p><strong>Kraftstofftank:<\/strong> 80 l Diesel<\/p>\n<hr \/>\n<p><strong>AdBlue Tank:<\/strong> 20 l AdBlue<\/p>\n<hr \/>\n<p><strong>Drehbare Sitze Fahrerkabine:<\/strong> Nein<\/p>\n<hr \/>\n<hr \/>\n<h5><strong>Ma\u00dfe und Gewichte<\/strong><\/h5>\n<hr \/>\n<hr \/>\n<p><strong>Gesamtl\u00e4nge (mm):<\/strong> 6812<\/p>\n<hr \/>\n<p><strong>Gesamtbreite (mm):<\/strong> 2340<\/p>\n<hr \/>\n<p><strong>Gesamth\u00f6he (mm):<\/strong> 3060<\/p>\n<hr \/>\n<p><strong>Masse in fahrbereitem Zustand (ca. kg):<\/strong> 3111<\/p>\n<hr \/>\n<p><strong>Zul\u00e4ssiges Gesamtgewicht (kg):<\/strong> 3500<\/p>\n<hr \/>\n<p><strong>Sitzpl\u00e4tze gesamt:<\/strong> 6<\/p>\n<hr \/>\n<p><strong>Garagent\u00fcre B x H (mm):<\/strong> 1110 x 700<\/p>\n<hr \/>\n<p><strong>Bettenma\u00df Heck Stockbett B x L (mm):<\/strong> 870 x 2200<\/p>\n<hr \/>\n<p><strong>Bettenma\u00df Dinette B x L (mm):<\/strong> 1250 x 1880<\/p>\n<hr \/>\n<p><strong>Bettenma\u00df Alkoven B x L (mm):<\/strong> 1450 x 2200<\/p>\n<hr \/>\n<p><strong>Schlafpl\u00e4tze:<\/strong> 6<\/p>\n<hr \/>\n<hr \/>\n<h5><strong>Tanks<\/strong><\/h5>\n<hr \/>\n<hr \/>\n<p><strong>Frischwassertank:<\/strong> 20 + 80 l<\/p>\n<hr \/>\n<p><strong>Abwassertank:<\/strong> 120 l<\/p>\n<hr \/>\n<hr \/>\n<h5><strong>Ausstattung<\/strong><\/h5>\n<hr \/>\n<hr \/>\n<p><strong>Gasflaschenfach:<\/strong> 2 x 11 kg<\/p>\n<hr \/>\n<p><strong>Anzahl Kochstellen:<\/strong> 2<\/p>\n<hr \/>\n<p><strong>K\u00fchlschrank inkl. Gefrierfach:<\/strong> 89l<\/p>\n<hr \/>\n<p><strong>K\u00fchlschrank Innenma\u00dfe B x L (cm):<\/strong> 45 x 68<\/p>\n<hr \/>\n<p><strong>Gefrierfach Innenma\u00dfe B x L (cm):<\/strong> 40 x 13<\/p>\n<hr \/>\n<p><strong>Steckdosen 12 V<\/strong>: 1<\/p>\n<hr \/>\n<p><strong>Steckdosen 230 V:<\/strong> 2<\/p>\n<hr \/>\n<p><strong>Duschvorhang:<\/strong> ja<\/p>\n<\/div><\/div><div class=\"vc_separator wpb_content_element vc_separator_align_center vc_sep_border_width_1 vc_sep_pos_align_center vc_separator_no_text wpb_content_element  wpb_content_element\"   style=\"width: 100%;\"><span class=\"vc_sep_holder vc_sep_holder_l\"><span class=\"vc_sep_line\"><\/span><\/span><span class=\"vc_sep_holder vc_sep_holder_r\"><span class=\"vc_sep_line\"><\/span><\/span>\n<\/div><div  class=\"vc_do_toggle vc_toggle vc_toggle_simple   vc_toggle_size_lg\"><div class=\"vc_toggle_title\"><h4>SERIENAUSSTATTUNG<\/h4><i class=\"vc_toggle_icon\"><\/i><\/div><div class=\"vc_toggle_content\"><h5><\/h5>\n<hr \/>\n<hr \/>\n<p>Renault Master 3,5 t \u2013 2,3dci \u2013 145 PS \u2013 Euro VI d WLTP inkl. Start &amp; Stopp<\/p>\n<hr \/>\n<p>Au\u00dfenfarbe Weiss, Fahrerhausfarbe Weiss<\/p>\n<hr \/>\n<p>Flachboden-Chassis<\/p>\n<hr \/>\n<p>6-Gang Schaltgetriebe<\/p>\n<hr \/>\n<p>Eco Modus &#8211; Kraftstoffsparmodus<\/p>\n<hr \/>\n<p>80 l Kraftstofftank<\/p>\n<hr \/>\n<p>20 l AdBlue Tank<\/p>\n<hr \/>\n<p>16 Zoll Original Radzierblenden<\/p>\n<hr \/>\n<p>LED Tagfahrlicht<\/p>\n<hr \/>\n<p>Licht &amp; Regensensor<\/p>\n<hr \/>\n<p>Fahrerairbag<\/p>\n<hr \/>\n<p>Getr\u00e4nkehalter Fahrer und Beifahrerplatz<\/p>\n<hr \/>\n<p>Sommerreifen Continental 225\/65 R16 CP<\/p>\n<hr \/>\n<p>Handschuhfach<\/p>\n<hr \/>\n<p>Gro\u00dfe Ablage \u00fcber Armaturenbrett<\/p>\n<hr \/>\n<p>Sonnenblenden<\/p>\n<hr \/>\n<p>zus\u00e4tzliche Stauf\u00e4cher \u00fcber Sonnenblenden<\/p>\n<hr \/>\n<p>2 x 12v (Zigarettenanz\u00fcnder) Steckdosen im Fahrerhaus<\/p>\n<hr \/>\n<p>R\u00fcckspiegel manuell abblendbar<\/p>\n<hr \/>\n<p>Abschlepphaken<\/p>\n<hr \/>\n<p>Wegfahrsperre<\/p>\n<hr \/>\n<p>Zentralverriegelung Fahrerhaus<\/p>\n<hr \/>\n<hr \/>\n<h5><strong>Aufbau<\/strong><\/h5>\n<hr \/>\n<hr \/>\n<p>Garagentraglast bis 200 kg (Achslasten bitte beachten)<\/p>\n<hr \/>\n<p>Unteres Stockbett in Fahrtrichtung klappbar =gr\u00f6\u00dfere Garagenzuladung + Ladungssicherung<\/p>\n<hr \/>\n<p>40 x 40 Dachluken mit Fliegenschutz<\/p>\n<hr \/>\n<p>Robuster M\u00f6belbau<\/p>\n<hr \/>\n<p>Schubladen und Schr\u00e4nke mit Sperrverriegelung<\/p>\n<hr \/>\n<p>Innenraum barrierefrei \/ stufenlos<\/p>\n<hr \/>\n<p>Schiebealkoven<\/p>\n<hr \/>\n<p>Eingelassenes Kochfeld mit \u00dcberlauf<\/p>\n<hr \/>\n<p>Thetford Automatikk\u00fchlschrank mit integriertem Gefrierfach<\/p>\n<hr \/>\n<p>Thetford Winterabdeckung f\u00fcr K\u00fchlschrankgitter<\/p>\n<hr \/>\n<p>Voll GFK Aufbau inkl. GFK Leichtbauboden<\/p>\n<hr \/>\n<p>Voll LED Beleuchtung inkl. Ambientebeleuchtung<\/p>\n<hr \/>\n<p>LED Beleuchtung auch einzeln per anw\u00e4hlbar<\/p>\n<hr \/>\n<p>Duschvorhang<\/p>\n<hr \/>\n<p>Schrank mit Kleiderstange<\/p>\n<hr \/>\n<p>Aufbaut\u00fcre mit 2-Fachschloss<\/p>\n<hr \/>\n<p>Thetford Toilette<\/p>\n<hr \/>\n<p>Truma 4c Combi-Gasheizung 4 kW Gas Heizung inkl. Warmwasserboiler<\/p>\n<hr \/>\n<p>Truma CP+ Digitalsteuerung inkl. Timer \/ Zeitschaltuhr iNet ready<\/p>\n<hr \/>\n<p>Garage \/ Kofferraum<\/p>\n<hr \/>\n<p>Bedienpanel f\u00fcr gesamte Bordelektronik mit Touchscreen<\/p>\n<hr \/>\n<p>Eingelassenes Sp\u00fclbecken<\/p>\n<hr \/>\n<p>Gasflaschenfach f\u00fcr 2 x 11 kg<\/p>\n<hr \/>\n<p>Fliegengitter in Dachluken, Aufbaut\u00fcre und allen Fenstern im Wohnbereich<\/p>\n<hr \/>\n<p>Elektr. Trittstufe<\/p>\n<hr \/>\n<p>Gas Crash Sensor inkl. Bruchsicherungsschlauch<\/p>\n<hr \/>\n<p>Frostw\u00e4chter<\/p>\n<hr \/>\n<p>Separates Batteriefach f\u00fcr Aufbaubatterie, Ladeger\u00e4t &amp; Sicherungskasten<\/p>\n<hr \/>\n<p>Vorhang im Fahrerhaus<\/p>\n<hr \/>\n<p>Stoff Sitzbez\u00fcge im Wohnraum<\/p>\n<hr \/>\n<p>Kaltschaummatratzen<\/p>\n<hr \/>\n<p>Dinetten Umbauset zu zus\u00e4tzlichem Bett<\/p>\n<hr \/>\n<p>85 l Frischwassertankvolumen<\/p>\n<hr \/>\n<p>120 l Abwassertank<\/p>\n<hr \/>\n<p>2 x 230 V Steckdosen im Wohnraum<\/p>\n<hr \/>\n<p>1 x 12 V Steckdose im Wohnraum<\/p>\n<\/div><\/div><div class=\"vc_separator wpb_content_element vc_separator_align_center vc_sep_border_width_1 vc_sep_pos_align_center vc_separator_no_text wpb_content_element  wpb_content_element\"   style=\"width: 100%;\"><span class=\"vc_sep_holder vc_sep_holder_l\"><span class=\"vc_sep_line\"><\/span><\/span><span class=\"vc_sep_holder vc_sep_holder_r\"><span class=\"vc_sep_line\"><\/span><\/span>\n<\/div>\n\t<div class=\"wpb_text_column wpb_content_element\" >\n\t\t<div class=\"wpb_wrapper\">\n\t\t\t<h5>F\u00fcr weitere Informationen und Details k\u00f6nnen Sie uns gerne jederzeit kontaktieren.<\/h5>\n\n\t\t<\/div>\n\t<\/div>\n<div class=\"wpforms-container wpforms-container-full\" id=\"wpforms-13064\"><form id=\"wpforms-form-13064\" class=\"wpforms-validate wpforms-form\" data-formid=\"13064\" method=\"post\" enctype=\"multipart\/form-data\" action=\"\/en\/wp-json\/wp\/v2\/pages\/20099\" data-token=\"5603aa3fdf1df8ecaf1b938cec252df9\" data-token-time=\"1788561056\"><noscript class=\"wpforms-error-noscript\">Please enable JavaScript in your browser to complete this form.<\/noscript><div class=\"wpforms-field-container\"><div id=\"wpforms-13064-field_0-container\" class=\"wpforms-field wpforms-field-name\" data-field-type=\"name\" data-field-id=\"0\"><label class=\"wpforms-field-label\">Name <span class=\"wpforms-required-label\">*<\/span><\/label><div class=\"wpforms-field-row wpforms-field-medium\"><div class=\"wpforms-field-row-block wpforms-first wpforms-one-half\"><input type=\"text\" id=\"wpforms-13064-field_0\" class=\"wpforms-field-name-first wpforms-field-required\" name=\"wpforms[fields][0][first]\" required><label for=\"wpforms-13064-field_0\" class=\"wpforms-field-sublabel after\">First<\/label><\/div><div class=\"wpforms-field-row-block wpforms-one-half\"><input type=\"text\" id=\"wpforms-13064-field_0-last\" class=\"wpforms-field-name-last wpforms-field-required\" name=\"wpforms[fields][0][last]\" required><label for=\"wpforms-13064-field_0-last\" class=\"wpforms-field-sublabel after\">Last<\/label><\/div><\/div><\/div><div id=\"wpforms-13064-field_1-container\" class=\"wpforms-field wpforms-field-email\" data-field-type=\"email\" data-field-id=\"1\"><label class=\"wpforms-field-label\" for=\"wpforms-13064-field_1\">E-Mail <span class=\"wpforms-required-label\">*<\/span><\/label><input type=\"email\" id=\"wpforms-13064-field_1\" class=\"wpforms-field-medium wpforms-field-required\" name=\"wpforms[fields][1]\" spellcheck=\"false\" required><\/div><div id=\"wpforms-13064-field_7-container\" class=\"wpforms-field wpforms-field-phone\" data-field-type=\"phone\" data-field-id=\"7\"><label class=\"wpforms-field-label\" for=\"wpforms-13064-field_7\">Telefon <span class=\"wpforms-required-label\">*<\/span><\/label><input type=\"tel\" id=\"wpforms-13064-field_7\" class=\"wpforms-field-medium wpforms-field-required wpforms-smart-phone-field\" data-rule-smart-phone-field=\"true\" name=\"wpforms[fields][7]\" aria-label=\"Telefon\" required><\/div><div id=\"wpforms-13064-field_10-container\" class=\"wpforms-field wpforms-field-text\" data-field-type=\"text\" data-field-id=\"10\"><label class=\"wpforms-field-label\" for=\"wpforms-13064-field_10\">Modell<\/label><input type=\"text\" id=\"wpforms-13064-field_10\" class=\"wpforms-field-medium\" name=\"wpforms[fields][10]\" ><\/div><div id=\"wpforms-13064-field_2-container\" class=\"wpforms-field wpforms-field-textarea\" data-field-type=\"textarea\" data-field-id=\"2\"><label class=\"wpforms-field-label\" for=\"wpforms-13064-field_2\">Ihre Nachricht <\/label><textarea id=\"wpforms-13064-field_2\" class=\"wpforms-field-medium\" name=\"wpforms[fields][2]\" ><\/textarea><\/div><div id=\"wpforms-13064-field_3-container\" class=\"wpforms-field wpforms-field-checkbox\" data-field-type=\"checkbox\" data-field-id=\"3\"><ul id=\"wpforms-13064-field_3\" class=\"wpforms-field-required\"><li class=\"choice-1 depth-1\"><input type=\"checkbox\" id=\"wpforms-13064-field_3_1\" name=\"wpforms[fields][3][]\" value=\" Ja, ich habe die Datenschutzbestimmungen der Webseite gelesen und bin damit einverstanden, dass meine \u00fcbermittelten Daten zum Zwecke der Beantwortung und Bearbeitung meiner Anfrage entsprechend der Datenschutzerkl\u00e4rung dieser Webseite gespeichert werden.\" required ><label class=\"wpforms-field-label-inline\" for=\"wpforms-13064-field_3_1\">Ja, ich habe die Datenschutzbestimmungen der Webseite gelesen und bin damit einverstanden, dass meine \u00fcbermittelten Daten zum Zwecke der Beantwortung und Bearbeitung meiner Anfrage entsprechend der Datenschutzerkl\u00e4rung dieser Webseite gespeichert werden.<\/label><\/li><\/ul><\/div><\/div><!-- .wpforms-field-container --><div class=\"wpforms-recaptcha-container wpforms-is-recaptcha wpforms-is-recaptcha-type-v3\" ><input type=\"hidden\" name=\"wpforms[recaptcha]\" value=\"\"><\/div><div class=\"wpforms-submit-container\" ><input type=\"hidden\" name=\"wpforms[id]\" value=\"13064\"><input type=\"hidden\" name=\"page_title\" value=\"\"><input type=\"hidden\" name=\"page_url\" value=\"https:\/\/ahorn-camp.de\/en\/wp-json\/wp\/v2\/pages\/20099\"><input type=\"hidden\" name=\"url_referer\" value=\"\"><button type=\"submit\" name=\"wpforms[submit]\" id=\"wpforms-submit-13064\" class=\"wpforms-submit\" aria-live=\"assertive\" value=\"wpforms-submit\">Absenden<\/button><\/div><\/form><\/div>  <!-- .wpforms-container --><\/div><\/div><\/div><\/div><div data-vc-full-width=\"true\" data-vc-full-width-temp=\"true\" data-vc-full-width-init=\"false\" class=\"vc_row wpb_row vc_row-fluid vc_custom_1588606691033 vc_row-has-fill\"><div class=\"wpb_column vc_column_container vc_col-sm-12\"><div class=\"vc_column-inner\"><div class=\"wpb_wrapper\"><div class=\"vc_row wpb_row vc_inner vc_row-fluid\"><div class=\"wpb_column vc_column_container vc_col-sm-4\"><div class=\"vc_column-inner\"><div class=\"wpb_wrapper\"><div class=\"vc_btn3-container vc_btn3-left vc_do_btn\" ><a onmouseenter=\"this.style.backgroundColor='#f0f0f0'; this.style.color='#5e5e5e'; this.style.borderColor='#f0f0f0';\" onmouseleave=\"this.style.backgroundColor='#FFFFFF'; this.style.color='#666'; this.style.borderColor='#FFFFFF';\" style=\"background-color:#FFFFFF; color:#666; border-color:#FFFFFF;\" class=\"vc_general vc_btn3 vc_btn3-size-md vc_btn3-shape-square vc_btn3-style-modern vc_btn3-icon-left\" href=\"https:\/\/www.ahorn-camp.de\/handelspartner\/\" title=\"Handelspartner\" target=\"_blank\"><i class=\"vc_btn3-icon fas fa-map-marker-alt\"><\/i> H\u00e4ndler finden<\/a><\/div><\/div><\/div><\/div><div class=\"wpb_column vc_column_container vc_col-sm-4\"><div class=\"vc_column-inner\"><div class=\"wpb_wrapper\"><div class=\"vc_btn3-container vc_btn3-left vc_do_btn\" ><a onmouseenter=\"this.style.backgroundColor='#f0f0f0'; this.style.color='#5e5e5e'; this.style.borderColor='#f0f0f0';\" onmouseleave=\"this.style.backgroundColor='#FFFFFF'; this.style.color='#666'; this.style.borderColor='#FFFFFF';\" style=\"background-color:#FFFFFF; color:#666; border-color:#FFFFFF;\" class=\"vc_general vc_btn3 vc_btn3-size-md vc_btn3-shape-square vc_btn3-style-modern vc_btn3-icon-left\" href=\"https:\/\/ahorn-camp.de\/preislisten-kataloge\/\" title=\"preis\" target=\"_blank\"><i class=\"vc_btn3-icon fas fa-file-pdf\"><\/i> Kataloge und Brosch\u00fcren<\/a><\/div><\/div><\/div><\/div><div class=\"wpb_column vc_column_container vc_col-sm-4\"><div class=\"vc_column-inner\"><div class=\"wpb_wrapper\"><div class=\"vc_btn3-container vc_btn3-left vc_do_btn\" ><a onmouseenter=\"this.style.backgroundColor='#f0f0f0'; this.style.color='#5e5e5e'; this.style.borderColor='#f0f0f0';\" onmouseleave=\"this.style.backgroundColor='#FFFFFF'; this.style.color='#666'; this.style.borderColor='#FFFFFF';\" style=\"background-color:#FFFFFF; color:#666; border-color:#FFFFFF;\" class=\"vc_general vc_btn3 vc_btn3-size-md vc_btn3-shape-square vc_btn3-style-modern vc_btn3-icon-left\" href=\"https:\/\/ahorn-camp.de\/newsletter\/\" title=\"Kontaktformular\" target=\"_blank\"><i class=\"vc_btn3-icon fas fa-newspaper\"><\/i> Newsletter abonnieren<\/a><\/div><\/div><\/div><\/div><\/div><\/div><\/div><\/div><\/div><div class=\"vc_row-full-width vc_clearfix\"><\/div>\n<\/div>","protected":false},"excerpt":{"rendered":"[heading heading=\"h2\"]AHORN ECO 683[\/heading] Ein Alkovenmobil, das viel Platz f\u00fcr Familien bietet. Der Ahorn Camp Eco 683\u00a0 punktet mit einer jugendlichen und modernen Einrichtung, Etagenbetten im Heck und einer vollwertigen Viererdinette. Das untere Etagenbett l\u00e4sst sich bei Bedarf \u00a0aufstellen, was das Ladevolumen der Heckgarage erh\u00f6ht. Das Alkoven-Bett ist ebenfalls hydraulisch hochklappbar, um den Durchgang ins [...]","protected":false},"author":26,"featured_media":9436,"parent":20095,"menu_order":83,"comment_status":"closed","ping_status":"closed","template":"","meta":{"content-type":"","footnotes":""},"class_list":["post-20099","page","type-page","status-publish","has-post-thumbnail","hentry"],"yoast_head":"<!-- This site is optimized with the Yoast SEO plugin v28.4 - https:\/\/yoast.com\/product\/yoast-seo-wordpress\/ -->\n<title>AHORN ECO 683 - Ahorn Camp | Reisemobile und Kastenwagen<\/title>\n<meta name=\"description\" content=\"Erfahren Sie mehr \u00fcber den Ahorn Camp ECO 683 mit Stockbetten im Heck und dennoch unter 7m ideal f\u00fcr Familien geeignet!\" \/>\n<meta name=\"robots\" content=\"noindex, nofollow\" \/>\n<meta property=\"og:locale\" content=\"en_US\" \/>\n<meta property=\"og:type\" content=\"article\" \/>\n<meta property=\"og:title\" content=\"AHORN ECO 683 - Ahorn Camp | Reisemobile und Kastenwagen\" \/>\n<meta property=\"og:description\" content=\"Erfahren Sie mehr \u00fcber den Ahorn Camp ECO 683 mit Stockbetten im Heck und dennoch unter 7m ideal f\u00fcr Familien geeignet!\" \/>\n<meta property=\"og:url\" content=\"https:\/\/ahorn-camp.de\/en\/ahorn-motorhomes\/alcove-motorhomes\/alcove-models-2024\/maple-eco-683\/\" \/>\n<meta property=\"og:site_name\" content=\"Ahorn Camp | Reisemobile und Kastenwagen\" \/>\n<meta property=\"article:publisher\" content=\"https:\/\/www.facebook.com\/ahorn.wohnmobile\/\" \/>\n<meta property=\"article:modified_time\" content=\"2025-09-01T08:48:11+00:00\" \/>\n<meta property=\"og:image\" content=\"https:\/\/ahorn-camp.de\/wp-content\/uploads\/2020\/11\/AHORN-ECO-683_vorne-1.png\" \/>\n\t<meta property=\"og:image:width\" content=\"1200\" \/>\n\t<meta property=\"og:image:height\" content=\"800\" \/>\n\t<meta property=\"og:image:type\" content=\"image\/png\" \/>\n<meta name=\"twitter:card\" content=\"summary_large_image\" \/>\n<meta name=\"twitter:label1\" content=\"Est. reading time\" \/>\n\t<meta name=\"twitter:data1\" content=\"5 minutes\" \/>\n<script type=\"application\/ld+json\" class=\"yoast-schema-graph\">{\"@context\":\"https:\\\/\\\/schema.org\",\"@graph\":[{\"@type\":\"WebPage\",\"@id\":\"https:\\\/\\\/ahorn-camp.de\\\/ahorn-reisemobile\\\/alkoven-wohnmobile\\\/alkoven-modelle-2024\\\/ahorn-eco-683\\\/\",\"url\":\"https:\\\/\\\/ahorn-camp.de\\\/ahorn-reisemobile\\\/alkoven-wohnmobile\\\/alkoven-modelle-2024\\\/ahorn-eco-683\\\/\",\"name\":\"AHORN ECO 683 - Ahorn Camp | Reisemobile und Kastenwagen\",\"isPartOf\":{\"@id\":\"https:\\\/\\\/ahorn-camp.de\\\/#website\"},\"primaryImageOfPage\":{\"@id\":\"https:\\\/\\\/ahorn-camp.de\\\/ahorn-reisemobile\\\/alkoven-wohnmobile\\\/alkoven-modelle-2024\\\/ahorn-eco-683\\\/#primaryimage\"},\"image\":{\"@id\":\"https:\\\/\\\/ahorn-camp.de\\\/ahorn-reisemobile\\\/alkoven-wohnmobile\\\/alkoven-modelle-2024\\\/ahorn-eco-683\\\/#primaryimage\"},\"thumbnailUrl\":\"https:\\\/\\\/ahorn-camp.de\\\/wp-content\\\/uploads\\\/2020\\\/11\\\/AHORN-ECO-683_vorne-1.png\",\"datePublished\":\"2023-09-22T09:27:14+00:00\",\"dateModified\":\"2025-09-01T08:48:11+00:00\",\"description\":\"Erfahren Sie mehr \u00fcber den Ahorn Camp ECO 683 mit Stockbetten im Heck und dennoch unter 7m ideal f\u00fcr Familien geeignet!\",\"breadcrumb\":{\"@id\":\"https:\\\/\\\/ahorn-camp.de\\\/ahorn-reisemobile\\\/alkoven-wohnmobile\\\/alkoven-modelle-2024\\\/ahorn-eco-683\\\/#breadcrumb\"},\"inLanguage\":\"en-US\",\"potentialAction\":[{\"@type\":\"ReadAction\",\"target\":[\"https:\\\/\\\/ahorn-camp.de\\\/ahorn-reisemobile\\\/alkoven-wohnmobile\\\/alkoven-modelle-2024\\\/ahorn-eco-683\\\/\"]}]},{\"@type\":\"ImageObject\",\"inLanguage\":\"en-US\",\"@id\":\"https:\\\/\\\/ahorn-camp.de\\\/ahorn-reisemobile\\\/alkoven-wohnmobile\\\/alkoven-modelle-2024\\\/ahorn-eco-683\\\/#primaryimage\",\"url\":\"https:\\\/\\\/ahorn-camp.de\\\/wp-content\\\/uploads\\\/2020\\\/11\\\/AHORN-ECO-683_vorne-1.png\",\"contentUrl\":\"https:\\\/\\\/ahorn-camp.de\\\/wp-content\\\/uploads\\\/2020\\\/11\\\/AHORN-ECO-683_vorne-1.png\",\"width\":1200,\"height\":800,\"caption\":\"Alkoven Wohnmobil\"},{\"@type\":\"BreadcrumbList\",\"@id\":\"https:\\\/\\\/ahorn-camp.de\\\/ahorn-reisemobile\\\/alkoven-wohnmobile\\\/alkoven-modelle-2024\\\/ahorn-eco-683\\\/#breadcrumb\",\"itemListElement\":[{\"@type\":\"ListItem\",\"position\":1,\"name\":\"Startseite\",\"item\":\"https:\\\/\\\/ahorn-camp.de\\\/\"},{\"@type\":\"ListItem\",\"position\":2,\"name\":\"Modell\u00fcbersicht\",\"item\":\"https:\\\/\\\/ahorn-camp.de\\\/ahorn-reisemobile\\\/\"},{\"@type\":\"ListItem\",\"position\":3,\"name\":\"Alkoven Wohnmobil kaufen bei Ahorn Camp | Wohnmobile\",\"item\":\"https:\\\/\\\/ahorn-camp.de\\\/ahorn-reisemobile\\\/alkoven-wohnmobile\\\/\"},{\"@type\":\"ListItem\",\"position\":4,\"name\":\"Alkoven Modelle 2024\",\"item\":\"https:\\\/\\\/ahorn-camp.de\\\/ahorn-reisemobile\\\/alkoven-wohnmobile\\\/alkoven-modelle-2024\\\/\"},{\"@type\":\"ListItem\",\"position\":5,\"name\":\"AHORN ECO 683\"}]},{\"@type\":\"WebSite\",\"@id\":\"https:\\\/\\\/ahorn-camp.de\\\/#website\",\"url\":\"https:\\\/\\\/ahorn-camp.de\\\/\",\"name\":\"Ahorn Camp | Reisemobile und Kastenwagen\",\"description\":\"Seit \u00fcber 30 Jahren vermarktet das Familienunternehmen, Ahorn Camp in Speyer, erfolgreich Wohnmobile und Kastenwagen zum besten Preis-Leistungsverh\u00e4ltnis.\",\"publisher\":{\"@id\":\"https:\\\/\\\/ahorn-camp.de\\\/#organization\"},\"potentialAction\":[{\"@type\":\"SearchAction\",\"target\":{\"@type\":\"EntryPoint\",\"urlTemplate\":\"https:\\\/\\\/ahorn-camp.de\\\/?s={search_term_string}\"},\"query-input\":{\"@type\":\"PropertyValueSpecification\",\"valueRequired\":true,\"valueName\":\"search_term_string\"}}],\"inLanguage\":\"en-US\"},{\"@type\":\"Organization\",\"@id\":\"https:\\\/\\\/ahorn-camp.de\\\/#organization\",\"name\":\"Ahorn Camp GmbH & Co. KG\",\"url\":\"https:\\\/\\\/ahorn-camp.de\\\/\",\"logo\":{\"@type\":\"ImageObject\",\"inLanguage\":\"en-US\",\"@id\":\"https:\\\/\\\/ahorn-camp.de\\\/#\\\/schema\\\/logo\\\/image\\\/\",\"url\":\"https:\\\/\\\/ahorn-camp.de\\\/wp-content\\\/uploads\\\/2018\\\/12\\\/Ahorn_Logo.jpg\",\"contentUrl\":\"https:\\\/\\\/ahorn-camp.de\\\/wp-content\\\/uploads\\\/2018\\\/12\\\/Ahorn_Logo.jpg\",\"width\":1437,\"height\":1000,\"caption\":\"Ahorn Camp GmbH & Co. KG\"},\"image\":{\"@id\":\"https:\\\/\\\/ahorn-camp.de\\\/#\\\/schema\\\/logo\\\/image\\\/\"},\"sameAs\":[\"https:\\\/\\\/www.facebook.com\\\/ahorn.wohnmobile\\\/\",\"https:\\\/\\\/www.instagram.com\\\/ahorn.camp\\\/\",\"https:\\\/\\\/www.youtube.com\\\/channel\\\/UCPFbPCts1JJ_A1k9vyH0yOQ\"]}]}<\/script>\n<!-- \/ Yoast SEO plugin. -->","yoast_head_json":{"title":"AHORN ECO 683 - Ahorn Camp | Motorhomes and camper vans","description":"Find out more about the Ahorn Camp ECO 683 with bunk beds in the rear and still under 7m ideal for families!","robots":{"index":"noindex","follow":"nofollow"},"og_locale":"en_US","og_type":"article","og_title":"AHORN ECO 683 - Ahorn Camp | Reisemobile und Kastenwagen","og_description":"Erfahren Sie mehr \u00fcber den Ahorn Camp ECO 683 mit Stockbetten im Heck und dennoch unter 7m ideal f\u00fcr Familien geeignet!","og_url":"https:\/\/ahorn-camp.de\/en\/ahorn-motorhomes\/alcove-motorhomes\/alcove-models-2024\/maple-eco-683\/","og_site_name":"Ahorn Camp | Reisemobile und Kastenwagen","article_publisher":"https:\/\/www.facebook.com\/ahorn.wohnmobile\/","article_modified_time":"2025-09-01T08:48:11+00:00","og_image":[{"width":1200,"height":800,"url":"https:\/\/ahorn-camp.de\/wp-content\/uploads\/2020\/11\/AHORN-ECO-683_vorne-1.png","type":"image\/png"}],"twitter_card":"summary_large_image","twitter_misc":{"Est. reading time":"5 minutes"},"schema":{"@context":"https:\/\/schema.org","@graph":[{"@type":"WebPage","@id":"https:\/\/ahorn-camp.de\/ahorn-reisemobile\/alkoven-wohnmobile\/alkoven-modelle-2024\/ahorn-eco-683\/","url":"https:\/\/ahorn-camp.de\/ahorn-reisemobile\/alkoven-wohnmobile\/alkoven-modelle-2024\/ahorn-eco-683\/","name":"AHORN ECO 683 - Ahorn Camp | Motorhomes and camper vans","isPartOf":{"@id":"https:\/\/ahorn-camp.de\/#website"},"primaryImageOfPage":{"@id":"https:\/\/ahorn-camp.de\/ahorn-reisemobile\/alkoven-wohnmobile\/alkoven-modelle-2024\/ahorn-eco-683\/#primaryimage"},"image":{"@id":"https:\/\/ahorn-camp.de\/ahorn-reisemobile\/alkoven-wohnmobile\/alkoven-modelle-2024\/ahorn-eco-683\/#primaryimage"},"thumbnailUrl":"https:\/\/ahorn-camp.de\/wp-content\/uploads\/2020\/11\/AHORN-ECO-683_vorne-1.png","datePublished":"2023-09-22T09:27:14+00:00","dateModified":"2025-09-01T08:48:11+00:00","description":"Find out more about the Ahorn Camp ECO 683 with bunk beds in the rear and still under 7m ideal for families!","breadcrumb":{"@id":"https:\/\/ahorn-camp.de\/ahorn-reisemobile\/alkoven-wohnmobile\/alkoven-modelle-2024\/ahorn-eco-683\/#breadcrumb"},"inLanguage":"en-US","potentialAction":[{"@type":"ReadAction","target":["https:\/\/ahorn-camp.de\/ahorn-reisemobile\/alkoven-wohnmobile\/alkoven-modelle-2024\/ahorn-eco-683\/"]}]},{"@type":"ImageObject","inLanguage":"en-US","@id":"https:\/\/ahorn-camp.de\/ahorn-reisemobile\/alkoven-wohnmobile\/alkoven-modelle-2024\/ahorn-eco-683\/#primaryimage","url":"https:\/\/ahorn-camp.de\/wp-content\/uploads\/2020\/11\/AHORN-ECO-683_vorne-1.png","contentUrl":"https:\/\/ahorn-camp.de\/wp-content\/uploads\/2020\/11\/AHORN-ECO-683_vorne-1.png","width":1200,"height":800,"caption":"Alkoven Wohnmobil"},{"@type":"BreadcrumbList","@id":"https:\/\/ahorn-camp.de\/ahorn-reisemobile\/alkoven-wohnmobile\/alkoven-modelle-2024\/ahorn-eco-683\/#breadcrumb","itemListElement":[{"@type":"ListItem","position":1,"name":"Startseite","item":"https:\/\/ahorn-camp.de\/"},{"@type":"ListItem","position":2,"name":"Modell\u00fcbersicht","item":"https:\/\/ahorn-camp.de\/ahorn-reisemobile\/"},{"@type":"ListItem","position":3,"name":"Alkoven Wohnmobil kaufen bei Ahorn Camp | Wohnmobile","item":"https:\/\/ahorn-camp.de\/ahorn-reisemobile\/alkoven-wohnmobile\/"},{"@type":"ListItem","position":4,"name":"Alkoven Modelle 2024","item":"https:\/\/ahorn-camp.de\/ahorn-reisemobile\/alkoven-wohnmobile\/alkoven-modelle-2024\/"},{"@type":"ListItem","position":5,"name":"AHORN ECO 683"}]},{"@type":"WebSite","@id":"https:\/\/ahorn-camp.de\/#website","url":"https:\/\/ahorn-camp.de\/","name":"Ahorn Camp | Motorhomes and camper vans","description":"For over 30 years, the family business, Ahorn Camp in Speyer, has successfully marketed motorhomes and camper vans at the best price-performance ratio.","publisher":{"@id":"https:\/\/ahorn-camp.de\/#organization"},"potentialAction":[{"@type":"SearchAction","target":{"@type":"EntryPoint","urlTemplate":"https:\/\/ahorn-camp.de\/?s={search_term_string}"},"query-input":{"@type":"PropertyValueSpecification","valueRequired":true,"valueName":"search_term_string"}}],"inLanguage":"en-US"},{"@type":"Organization","@id":"https:\/\/ahorn-camp.de\/#organization","name":"Ahorn Camp GmbH &amp; Co. KG","url":"https:\/\/ahorn-camp.de\/","logo":{"@type":"ImageObject","inLanguage":"en-US","@id":"https:\/\/ahorn-camp.de\/#\/schema\/logo\/image\/","url":"https:\/\/ahorn-camp.de\/wp-content\/uploads\/2018\/12\/Ahorn_Logo.jpg","contentUrl":"https:\/\/ahorn-camp.de\/wp-content\/uploads\/2018\/12\/Ahorn_Logo.jpg","width":1437,"height":1000,"caption":"Ahorn Camp GmbH & Co. KG"},"image":{"@id":"https:\/\/ahorn-camp.de\/#\/schema\/logo\/image\/"},"sameAs":["https:\/\/www.facebook.com\/ahorn.wohnmobile\/","https:\/\/www.instagram.com\/ahorn.camp\/","https:\/\/www.youtube.com\/channel\/UCPFbPCts1JJ_A1k9vyH0yOQ"]}]}},"_links":{"self":[{"href":"https:\/\/ahorn-camp.de\/en\/wp-json\/wp\/v2\/pages\/20099","targetHints":{"allow":["GET"]}}],"collection":[{"href":"https:\/\/ahorn-camp.de\/en\/wp-json\/wp\/v2\/pages"}],"about":[{"href":"https:\/\/ahorn-camp.de\/en\/wp-json\/wp\/v2\/types\/page"}],"author":[{"embeddable":true,"href":"https:\/\/ahorn-camp.de\/en\/wp-json\/wp\/v2\/users\/26"}],"replies":[{"embeddable":true,"href":"https:\/\/ahorn-camp.de\/en\/wp-json\/wp\/v2\/comments?post=20099"}],"version-history":[{"count":1,"href":"https:\/\/ahorn-camp.de\/en\/wp-json\/wp\/v2\/pages\/20099\/revisions"}],"predecessor-version":[{"id":34200,"href":"https:\/\/ahorn-camp.de\/en\/wp-json\/wp\/v2\/pages\/20099\/revisions\/34200"}],"up":[{"embeddable":true,"href":"https:\/\/ahorn-camp.de\/en\/wp-json\/wp\/v2\/pages\/20095"}],"wp:featuredmedia":[{"embeddable":true,"href":"https:\/\/ahorn-camp.de\/en\/wp-json\/wp\/v2\/media\/9436"}],"wp:attachment":[{"href":"https:\/\/ahorn-camp.de\/en\/wp-json\/wp\/v2\/media?parent=20099"}],"curies":[{"name":"wp","href":"https:\/\/api.w.org\/{rel}","templated":true}]}}