{"id":20083,"date":"2023-09-22T11:17:44","date_gmt":"2023-09-22T09:17:44","guid":{"rendered":"https:\/\/ahorn-camp.de\/?page_id=20083"},"modified":"2025-09-01T11:18:16","modified_gmt":"2025-09-01T09:18:16","slug":"canada-tu","status":"publish","type":"page","link":"https:\/\/ahorn-camp.de\/en\/ahorn-reisemobile\/teilintegrierte-wohnmobile\/teilintegrierte-modelle-2024\/canada-tu\/","title":{"rendered":"CANADA TU"},"content":{"rendered":"\t\t<div data-elementor-type=\"wp-page\" data-elementor-id=\"20083\" class=\"elementor elementor-20083\" data-elementor-post-type=\"page\">\n\t\t\t\t\t\t<section class=\"elementor-section elementor-top-section elementor-element elementor-element-168c8cf elementor-section-height-min-height elementor-section-items-bottom elementor-section-stretched elementor-section-boxed elementor-section-height-default\" data-id=\"168c8cf\" data-element_type=\"section\" data-e-type=\"section\" data-settings=\"{&quot;stretch_section&quot;:&quot;section-stretched&quot;,&quot;background_background&quot;:&quot;classic&quot;}\">\n\t\t\t\t\t\t\t<div class=\"elementor-background-overlay\"><\/div>\n\t\t\t\t\t\t\t<div class=\"elementor-container elementor-column-gap-default\">\n\t\t\t\t\t<div class=\"elementor-column elementor-col-100 elementor-top-column elementor-element elementor-element-1a629cae\" data-id=\"1a629cae\" data-element_type=\"column\" data-e-type=\"column\">\n\t\t\t<div class=\"elementor-widget-wrap elementor-element-populated\">\n\t\t\t\t\t\t<div class=\"elementor-element elementor-element-6e994592 elementor-widget elementor-widget-heading\" data-id=\"6e994592\" data-element_type=\"widget\" data-e-type=\"widget\" data-widget_type=\"heading.default\">\n\t\t\t\t<div class=\"elementor-widget-container\">\n\t\t\t\t\t<h1 class=\"elementor-heading-title elementor-size-default\">Ahorn Camp Canada TU<\/h1>\t\t\t\t<\/div>\n\t\t\t\t<\/div>\n\t\t\t\t\t<\/div>\n\t\t<\/div>\n\t\t\t\t\t<\/div>\n\t\t<\/section>\n\t\t\t\t<section class=\"elementor-section elementor-top-section elementor-element elementor-element-65b0cf6d elementor-section-stretched elementor-section-boxed elementor-section-height-default elementor-section-height-default\" data-id=\"65b0cf6d\" data-element_type=\"section\" data-e-type=\"section\" data-settings=\"{&quot;stretch_section&quot;:&quot;section-stretched&quot;}\">\n\t\t\t\t\t\t<div class=\"elementor-container elementor-column-gap-default\">\n\t\t\t\t\t<div class=\"elementor-column elementor-col-50 elementor-top-column elementor-element elementor-element-488f9176\" data-id=\"488f9176\" data-element_type=\"column\" data-e-type=\"column\">\n\t\t\t<div class=\"elementor-widget-wrap elementor-element-populated\">\n\t\t\t\t\t\t<div class=\"elementor-element elementor-element-3a8aa7d9 elementor-widget elementor-widget-ucaddon_uc_image_default_theme\" data-id=\"3a8aa7d9\" data-element_type=\"widget\" data-e-type=\"widget\" data-widget_type=\"ucaddon_uc_image_default_theme.default\">\n\t\t\t\t<div class=\"elementor-widget-container\">\n\t\t\t\t\t\n<!-- start Thumbnail Gallery -->\n\t\t<link id='unitegallery-css' href='https:\/\/ahorn-camp.de\/wp-content\/plugins\/unlimited-elements-for-elementor-premium\/assets_libraries\/unitegallery\/css\/unite-gallery.css' type='text\/css' rel='stylesheet' >\n\t\t<link id='uc_ac_assets_file_ug_theme_default_css_3038-css' href='https:\/\/ahorn-camp.de\/wp-content\/uploads\/ac_assets\/uc_image_default_theme\/ug-theme-default.css' type='text\/css' rel='stylesheet' >\n\n\n<div id=\"uc_uc_image_default_theme_elementor_3a8aa7d9\" class=\"uc-items-wrapper  \" style=\"display:none; margin:0 auto;\"  data-remote-type=\"gallery\" data-custom-sethtml=\"true\" >\n\n\n<img decoding=\"async\" alt=\"Ahorn Canada TU\"\n   src=\"https:\/\/ahorn-camp.de\/wp-content\/uploads\/2024\/02\/Canda-TU-768x512.png\"\n    data-image=\"https:\/\/ahorn-camp.de\/wp-content\/uploads\/2024\/02\/Canda-TU.png\"\n    data-title=\"Ahorn Canada TU\">\n\n<img decoding=\"async\" alt=\"Canada TU Grundriss mit optionalem Hubbett\"\n   src=\"https:\/\/ahorn-camp.de\/wp-content\/uploads\/2022\/06\/t8GKKDH0-768x543.png\"\n    data-image=\"https:\/\/ahorn-camp.de\/wp-content\/uploads\/2022\/06\/t8GKKDH0.png\"\n    data-title=\"Canada TU Grundriss mit optionalem Hubbett\"\n    data-description=\"Canada TU Grundriss mit optionalem Hubbett\">\n\n<img decoding=\"async\" alt=\"Ahorn Canada TU\"\n   src=\"https:\/\/ahorn-camp.de\/wp-content\/uploads\/2020\/11\/ahorn-Canada-TU-2021-Heck_small-768x512.png\"\n    data-image=\"https:\/\/ahorn-camp.de\/wp-content\/uploads\/2020\/11\/ahorn-Canada-TU-2021-Heck_small-1024x683.png\"\n    data-title=\"Ahorn Canada TU\">\n\n  \n<\/div>\n<!-- end Thumbnail Gallery -->\t\t\t\t<\/div>\n\t\t\t\t<\/div>\n\t\t\t\t\t<\/div>\n\t\t<\/div>\n\t\t\t\t<div class=\"elementor-column elementor-col-50 elementor-top-column elementor-element elementor-element-4e59f18d\" data-id=\"4e59f18d\" data-element_type=\"column\" data-e-type=\"column\" data-settings=\"{&quot;background_background&quot;:&quot;classic&quot;}\">\n\t\t\t<div class=\"elementor-widget-wrap elementor-element-populated\">\n\t\t\t\t\t\t<div class=\"elementor-element elementor-element-7ec49ecf elementor-widget elementor-widget-heading\" data-id=\"7ec49ecf\" data-element_type=\"widget\" data-e-type=\"widget\" data-widget_type=\"heading.default\">\n\t\t\t\t<div class=\"elementor-widget-container\">\n\t\t\t\t\t<h2 class=\"elementor-heading-title elementor-size-default\">Flexibel, ger\u00e4umig und mit Panoramablick f\u00fcr entspannte Momente unterwegs <\/h2>\t\t\t\t<\/div>\n\t\t\t\t<\/div>\n\t\t\t\t<div class=\"elementor-element elementor-element-43e73cea elementor-widget elementor-widget-text-editor\" data-id=\"43e73cea\" data-element_type=\"widget\" data-e-type=\"widget\" data-widget_type=\"text-editor.default\">\n\t\t\t\t<div class=\"elementor-widget-container\">\n\t\t\t\t\t\t\t\t\t<p class=\"\" data-start=\"189\" data-end=\"622\">Die gro\u00dfe U-Sitzgruppe im Heck l\u00e4dt mit ihrem optionalen weiten Panoramablick zum Verweilen ein und bietet reichlich Platz f\u00fcr gesellige Stunden. Erg\u00e4nzt wird sie durch eine zus\u00e4tzliche, flexible Sitzgruppe im vorderen Bereich. Zwei komfortable Hubbetten \u2013 jeweils vorne und hinten \u2013 schaffen bequeme Schlafpl\u00e4tze f\u00fcr mehrere Personen, ganz ohne Umbauaufwand. Ideal f\u00fcr alle, die unterwegs auf Raum, Aussicht und Komfort nicht verzichten m\u00f6chten.<\/p>\t\t\t\t\t\t\t\t<\/div>\n\t\t\t\t<\/div>\n\t\t\t\t<div class=\"elementor-element elementor-element-5985244f elementor-widget elementor-widget-heading\" data-id=\"5985244f\" data-element_type=\"widget\" data-e-type=\"widget\" data-widget_type=\"heading.default\">\n\t\t\t\t<div class=\"elementor-widget-container\">\n\t\t\t\t\t<h2 class=\"elementor-heading-title elementor-size-default\">Fahrzeugdaten<\/h2>\t\t\t\t<\/div>\n\t\t\t\t<\/div>\n\t\t\t\t<div class=\"elementor-element elementor-element-7cc5a156 elementor-widget-divider--view-line elementor-widget elementor-widget-divider\" data-id=\"7cc5a156\" data-element_type=\"widget\" data-e-type=\"widget\" data-widget_type=\"divider.default\">\n\t\t\t\t<div class=\"elementor-widget-container\">\n\t\t\t\t\t\t\t<div class=\"elementor-divider\">\n\t\t\t<span class=\"elementor-divider-separator\">\n\t\t\t\t\t\t<\/span>\n\t\t<\/div>\n\t\t\t\t\t\t<\/div>\n\t\t\t\t<\/div>\n\t\t\t\t<div class=\"elementor-element elementor-element-68fcf631 elementor-icon-list--layout-traditional elementor-list-item-link-full_width elementor-widget elementor-widget-icon-list\" data-id=\"68fcf631\" data-element_type=\"widget\" data-e-type=\"widget\" data-widget_type=\"icon-list.default\">\n\t\t\t\t<div class=\"elementor-widget-container\">\n\t\t\t\t\t\t\t<ul class=\"elementor-icon-list-items\">\n\t\t\t\t\t\t\t<li class=\"elementor-icon-list-item\">\n\t\t\t\t\t\t\t\t\t\t<span class=\"elementor-icon-list-text\"><i class=\"fa-solid fa-children\" style=\"color: #1b508c;margin-right: 8px\"><\/i>Sitzpl\u00e4tze \/ Schlafpl\u00e4tze: 4 \/ 2 (4)<\/span>\n\t\t\t\t\t\t\t\t\t<\/li>\n\t\t\t\t\t\t\t\t<li class=\"elementor-icon-list-item\">\n\t\t\t\t\t\t\t\t\t\t<span class=\"elementor-icon-list-text\"><i class=\"fa-solid fa-ruler-combined\" style=\"color: #1b508c;margin-right: 8px\"><\/i>L\u00e4nge x Breite x H\u00f6he (m): 6,97 x 2,34 x 2,96<\/span>\n\t\t\t\t\t\t\t\t\t<\/li>\n\t\t\t\t\t\t\t\t<li class=\"elementor-icon-list-item\">\n\t\t\t\t\t\t\t\t\t\t<span class=\"elementor-icon-list-text\"><i class=\"fa-solid fa-bed\" style=\"color: #1b508c;margin-right: 8px\"><\/i>Bettma\u00dfe Hubbett vorne optional* (m): 1,22 x 2<\/span>\n\t\t\t\t\t\t\t\t\t<\/li>\n\t\t\t\t\t\t\t\t<li class=\"elementor-icon-list-item\">\n\t\t\t\t\t\t\t\t\t\t<span class=\"elementor-icon-list-text\"><i class=\"fa-solid fa-bed\" style=\"color: #1b508c;margin-right: 8px\"><\/i>Bettma\u00dfe Hubbett hinten (m): 1,2 \u00d7 2<\/span>\n\t\t\t\t\t\t\t\t\t<\/li>\n\t\t\t\t\t\t<\/ul>\n\t\t\t\t\t\t<\/div>\n\t\t\t\t<\/div>\n\t\t\t\t<div class=\"elementor-element elementor-element-30fbec24 elementor-widget elementor-widget-text-editor\" data-id=\"30fbec24\" data-element_type=\"widget\" data-e-type=\"widget\" data-widget_type=\"text-editor.default\">\n\t\t\t\t<div class=\"elementor-widget-container\">\n\t\t\t\t\t\t\t\t\t<p><strong><span style=\"color: #1b508c;\">Grundpreis ab 60.900 \u20ac<\/span><\/strong><\/p>\t\t\t\t\t\t\t\t<\/div>\n\t\t\t\t<\/div>\n\t\t\t\t<div class=\"elementor-element elementor-element-36635817 elementor-widget elementor-widget-text-editor\" data-id=\"36635817\" data-element_type=\"widget\" data-e-type=\"widget\" data-widget_type=\"text-editor.default\">\n\t\t\t\t<div class=\"elementor-widget-container\">\n\t\t\t\t\t\t\t\t\t<p><span style=\"color: #003755;\">inkl. MwSt.<\/span><\/p>\t\t\t\t\t\t\t\t<\/div>\n\t\t\t\t<\/div>\n\t\t\t\t<section class=\"elementor-section elementor-inner-section elementor-element elementor-element-7aa4914e elementor-section-full_width elementor-section-height-default elementor-section-height-default\" data-id=\"7aa4914e\" data-element_type=\"section\" data-e-type=\"section\">\n\t\t\t\t\t\t<div class=\"elementor-container elementor-column-gap-default\">\n\t\t\t\t\t<div class=\"elementor-column elementor-col-100 elementor-inner-column elementor-element elementor-element-824d407\" data-id=\"824d407\" data-element_type=\"column\" data-e-type=\"column\">\n\t\t\t<div class=\"elementor-widget-wrap elementor-element-populated\">\n\t\t\t\t\t\t<div class=\"elementor-element elementor-element-5174e557 elementor-align-center elementor-widget__width-auto elementor-widget-mobile__width-auto elementor-widget elementor-widget-button\" data-id=\"5174e557\" data-element_type=\"widget\" data-e-type=\"widget\" data-widget_type=\"button.default\">\n\t\t\t\t<div class=\"elementor-widget-container\">\n\t\t\t\t\t\t\t\t\t<div class=\"elementor-button-wrapper\">\n\t\t\t\t\t<a class=\"elementor-button elementor-button-link elementor-size-sm\" href=\"#elementor-action%3Aaction%3Dpopup%3Aopen%26settings%3DeyJpZCI6IjMxNjk2IiwidG9nZ2xlIjpmYWxzZX0%3D\" target=\"_blank\">\n\t\t\t\t\t\t<span class=\"elementor-button-content-wrapper\">\n\t\t\t\t\t\t\t\t\t<span class=\"elementor-button-text\">Kontakt<\/span>\n\t\t\t\t\t<\/span>\n\t\t\t\t\t<\/a>\n\t\t\t\t<\/div>\n\t\t\t\t\t\t\t\t<\/div>\n\t\t\t\t<\/div>\n\t\t\t\t<div class=\"elementor-element elementor-element-3ce51e9 elementor-align-center elementor-widget__width-auto elementor-widget-mobile__width-auto elementor-widget elementor-widget-button\" data-id=\"3ce51e9\" data-element_type=\"widget\" data-e-type=\"widget\" data-widget_type=\"button.default\">\n\t\t\t\t<div class=\"elementor-widget-container\">\n\t\t\t\t\t\t\t\t\t<div class=\"elementor-button-wrapper\">\n\t\t\t\t\t<a class=\"elementor-button elementor-button-link elementor-size-sm\" href=\"https:\/\/ahorn-camp.de\/angebote\/\" target=\"_blank\">\n\t\t\t\t\t\t<span class=\"elementor-button-content-wrapper\">\n\t\t\t\t\t\t\t\t\t<span class=\"elementor-button-text\">Angebote<\/span>\n\t\t\t\t\t<\/span>\n\t\t\t\t\t<\/a>\n\t\t\t\t<\/div>\n\t\t\t\t\t\t\t\t<\/div>\n\t\t\t\t<\/div>\n\t\t\t\t<div class=\"elementor-element elementor-element-58f85c88 elementor-align-center elementor-widget__width-auto elementor-widget-mobile__width-auto elementor-widget elementor-widget-button\" data-id=\"58f85c88\" data-element_type=\"widget\" data-e-type=\"widget\" data-widget_type=\"button.default\">\n\t\t\t\t<div class=\"elementor-widget-container\">\n\t\t\t\t\t\t\t\t\t<div class=\"elementor-button-wrapper\">\n\t\t\t\t\t<a class=\"elementor-button elementor-button-link elementor-size-sm\" href=\"https:\/\/ahorn-camp.de\/wohnmobil-gebraucht-kaufen\/\" target=\"_blank\">\n\t\t\t\t\t\t<span class=\"elementor-button-content-wrapper\">\n\t\t\t\t\t\t\t\t\t<span class=\"elementor-button-text\">Gebrauchte<\/span>\n\t\t\t\t\t<\/span>\n\t\t\t\t\t<\/a>\n\t\t\t\t<\/div>\n\t\t\t\t\t\t\t\t<\/div>\n\t\t\t\t<\/div>\n\t\t\t\t\t<\/div>\n\t\t<\/div>\n\t\t\t\t\t<\/div>\n\t\t<\/section>\n\t\t\t\t\t<\/div>\n\t\t<\/div>\n\t\t\t\t\t<\/div>\n\t\t<\/section>\n\t\t\t\t<section class=\"elementor-section elementor-top-section elementor-element elementor-element-3122dcc1 elementor-section-stretched elementor-section-boxed elementor-section-height-default elementor-section-height-default\" data-id=\"3122dcc1\" data-element_type=\"section\" data-e-type=\"section\" data-settings=\"{&quot;stretch_section&quot;:&quot;section-stretched&quot;,&quot;background_background&quot;:&quot;classic&quot;}\">\n\t\t\t\t\t\t<div class=\"elementor-container elementor-column-gap-default\">\n\t\t\t\t\t<div class=\"elementor-column elementor-col-100 elementor-top-column elementor-element elementor-element-62951299\" data-id=\"62951299\" data-element_type=\"column\" data-e-type=\"column\">\n\t\t\t<div class=\"elementor-widget-wrap elementor-element-populated\">\n\t\t\t\t\t\t<div class=\"elementor-element elementor-element-5d13eaf2 elementor-skin-carousel elementor-arrows-yes elementor-pagination-type-bullets elementor-pagination-position-outside elementor-widget elementor-widget-media-carousel\" data-id=\"5d13eaf2\" data-element_type=\"widget\" data-e-type=\"widget\" data-settings=\"{&quot;slides_per_view&quot;:&quot;3&quot;,&quot;skin&quot;:&quot;carousel&quot;,&quot;effect&quot;:&quot;slide&quot;,&quot;show_arrows&quot;:&quot;yes&quot;,&quot;pagination&quot;:&quot;bullets&quot;,&quot;speed&quot;:500,&quot;autoplay&quot;:&quot;yes&quot;,&quot;autoplay_speed&quot;:5000,&quot;loop&quot;:&quot;yes&quot;,&quot;pause_on_hover&quot;:&quot;yes&quot;,&quot;pause_on_interaction&quot;:&quot;yes&quot;,&quot;space_between&quot;:{&quot;unit&quot;:&quot;px&quot;,&quot;size&quot;:10,&quot;sizes&quot;:[]},&quot;space_between_tablet&quot;:{&quot;unit&quot;:&quot;px&quot;,&quot;size&quot;:10,&quot;sizes&quot;:[]},&quot;space_between_mobile&quot;:{&quot;unit&quot;:&quot;px&quot;,&quot;size&quot;:10,&quot;sizes&quot;:[]}}\" data-widget_type=\"media-carousel.default\">\n\t\t\t\t<div class=\"elementor-widget-container\">\n\t\t\t\t\t\t\t\t\t<div class=\"elementor-swiper\">\n\t\t\t\t\t<div class=\"elementor-main-swiper swiper\" role=\"region\" aria-roledescription=\"carousel\" aria-label=\"Slider\">\n\t\t\t\t<div class=\"swiper-wrapper\">\n\t\t\t\t\t\t\t\t\t\t\t<div class=\"swiper-slide\" role=\"group\" aria-roledescription=\"slide\">\n\t\t\t\t\t\t\t<a href=\"https:\/\/ahorn-camp.de\/wp-content\/uploads\/2022\/01\/AC22-CANADA-TU-6792-Bearbeitet-NEU-22.jpg\" data-elementor-open-lightbox=\"yes\" data-elementor-lightbox-slideshow=\"5d13eaf2\" data-elementor-lightbox-title=\"Sitzgruppe\" data-e-action-hash=\"#elementor-action%3Aaction%3Dlightbox%26settings%3DeyJpZCI6MTQ4ODgsInVybCI6Imh0dHBzOlwvXC9haG9ybi1jYW1wLmRlXC93cC1jb250ZW50XC91cGxvYWRzXC8yMDIyXC8wMVwvQUMyMi1DQU5BREEtVFUtNjc5Mi1CZWFyYmVpdGV0LU5FVS0yMi5qcGciLCJzbGlkZXNob3ciOiI1ZDEzZWFmMiJ9\">\t\t<div class=\"elementor-carousel-image\" role=\"img\" aria-label=\"CANADA TU\" style=\"background-image: url(&#039;https:\/\/ahorn-camp.de\/wp-content\/uploads\/2022\/01\/AC22-CANADA-TU-6792-Bearbeitet-NEU-22.jpg&#039;)\">\n\n\t\t\t\n\t\t\t\t\t<\/div>\n\t\t\t\t\t<div class=\"elementor-carousel-image-overlay e-overlay-animation-fade\">\n\t\t\t\tSitzgruppe<br>Die gro\u00dfz\u00fcgige U-Sitzgruppe im Heck des Canada TU l\u00e4dt mit ihrem beeindruckenden Panoramablick durch Fenster auf jeder Fahrzeugseite zum Entspannen und Verweilen ein.\t\t\t<\/div>\n\t\t\t<\/a>\t\t\t\t\t\t<\/div>\n\t\t\t\t\t\t\t\t\t\t\t<div class=\"swiper-slide\" role=\"group\" aria-roledescription=\"slide\">\n\t\t\t\t\t\t\t<a href=\"https:\/\/ahorn-camp.de\/wp-content\/uploads\/2025\/03\/AC23-CTE-0246-L-Sitzgruppe-scaled.jpg\" data-elementor-open-lightbox=\"yes\" data-elementor-lightbox-slideshow=\"5d13eaf2\" data-elementor-lightbox-title=\"Sitzgruppe\" data-e-action-hash=\"#elementor-action%3Aaction%3Dlightbox%26settings%3DeyJpZCI6Mjk4NDUsInVybCI6Imh0dHBzOlwvXC9haG9ybi1jYW1wLmRlXC93cC1jb250ZW50XC91cGxvYWRzXC8yMDI1XC8wM1wvQUMyMy1DVEUtMDI0Ni1MLVNpdHpncnVwcGUtc2NhbGVkLmpwZyIsInNsaWRlc2hvdyI6IjVkMTNlYWYyIn0%3D\">\t\t<div class=\"elementor-carousel-image\" role=\"img\" aria-label=\"SitzgruppeEine zweite, clever platzierte Sitzgruppe im vorderen Bereich sorgt f\u00fcr noch mehr Flexibilit\u00e4t im Alltag: ideal f\u00fcr ein gem\u00fctliches Fr\u00fchst\u00fcck, eine kreative Pause oder als ruhige Leseecke.\" style=\"background-image: url(&#039;https:\/\/ahorn-camp.de\/wp-content\/uploads\/2025\/03\/AC23-CTE-0246-L-Sitzgruppe-scaled.jpg&#039;)\">\n\n\t\t\t\n\t\t\t\t\t<\/div>\n\t\t\t\t\t<div class=\"elementor-carousel-image-overlay e-overlay-animation-fade\">\n\t\t\t\tSitzgruppe<br>Eine zweite, clever platzierte Sitzgruppe im vorderen Bereich sorgt f\u00fcr noch mehr Flexibilit\u00e4t im Alltag: ideal f\u00fcr ein gem\u00fctliches Fr\u00fchst\u00fcck, eine kreative Pause oder als ruhige Leseecke.\t\t\t<\/div>\n\t\t\t<\/a>\t\t\t\t\t\t<\/div>\n\t\t\t\t\t\t\t\t\t\t\t<div class=\"swiper-slide\" role=\"group\" aria-roledescription=\"slide\">\n\t\t\t\t\t\t\t<a href=\"https:\/\/ahorn-camp.de\/wp-content\/uploads\/2025\/03\/AC23-CTE-0281.jpg\" data-elementor-open-lightbox=\"yes\" data-elementor-lightbox-slideshow=\"5d13eaf2\" data-elementor-lightbox-title=\"K\u00fcche\" data-e-action-hash=\"#elementor-action%3Aaction%3Dlightbox%26settings%3DeyJpZCI6Mjk3NTAsInVybCI6Imh0dHBzOlwvXC9haG9ybi1jYW1wLmRlXC93cC1jb250ZW50XC91cGxvYWRzXC8yMDI1XC8wM1wvQUMyMy1DVEUtMDI4MS5qcGciLCJzbGlkZXNob3ciOiI1ZDEzZWFmMiJ9\">\t\t<div class=\"elementor-carousel-image\" role=\"img\" aria-label=\"ACT 640\" style=\"background-image: url(&#039;https:\/\/ahorn-camp.de\/wp-content\/uploads\/2025\/03\/AC23-CTE-0281.jpg&#039;)\">\n\n\t\t\t\n\t\t\t\t\t<\/div>\n\t\t\t\t\t<div class=\"elementor-carousel-image-overlay e-overlay-animation-fade\">\n\t\t\t\tK\u00fcche<br>Praktische K\u00fcchenzeile mit dreiflammigen Gaskocher und Edelstahlsp\u00fclbecken.\t\t\t<\/div>\n\t\t\t<\/a>\t\t\t\t\t\t<\/div>\n\t\t\t\t\t\t\t\t\t\t\t<div class=\"swiper-slide\" role=\"group\" aria-roledescription=\"slide\">\n\t\t\t\t\t\t\t<a href=\"https:\/\/ahorn-camp.de\/wp-content\/uploads\/2025\/03\/AC23-ACT690-8201-HDR-scaled.jpg\" data-elementor-open-lightbox=\"yes\" data-elementor-lightbox-slideshow=\"5d13eaf2\" data-elementor-lightbox-title=\"Badezimmer\" data-e-action-hash=\"#elementor-action%3Aaction%3Dlightbox%26settings%3DeyJpZCI6Mjk4NDYsInVybCI6Imh0dHBzOlwvXC9haG9ybi1jYW1wLmRlXC93cC1jb250ZW50XC91cGxvYWRzXC8yMDI1XC8wM1wvQUMyMy1BQ1Q2OTAtODIwMS1IRFItc2NhbGVkLmpwZyIsInNsaWRlc2hvdyI6IjVkMTNlYWYyIn0%3D\">\t\t<div class=\"elementor-carousel-image\" role=\"img\" aria-label=\"Canada TU\" style=\"background-image: url(&#039;https:\/\/ahorn-camp.de\/wp-content\/uploads\/2025\/03\/AC23-ACT690-8201-HDR-scaled.jpg&#039;)\">\n\n\t\t\t\n\t\t\t\t\t<\/div>\n\t\t\t\t\t<div class=\"elementor-carousel-image-overlay e-overlay-animation-fade\">\n\t\t\t\tBadezimmer<br>Das ger\u00e4umige Badezimmer bietet eine extra Duschkabine mit Abtrennung f\u00fcr mehr Privatsph\u00e4re.\t\t\t<\/div>\n\t\t\t<\/a>\t\t\t\t\t\t<\/div>\n\t\t\t\t\t\t\t\t\t<\/div>\n\t\t\t\t\t\t\t\t\t\t\t\t\t\t\t<div class=\"elementor-swiper-button elementor-swiper-button-prev\" role=\"button\" tabindex=\"0\" aria-label=\"Previous\">\n\t\t\t\t\t\t\t<i aria-hidden=\"true\" class=\"eicon-chevron-left\"><\/i>\t\t\t\t\t\t<\/div>\n\t\t\t\t\t\t<div class=\"elementor-swiper-button elementor-swiper-button-next\" role=\"button\" tabindex=\"0\" aria-label=\"Next\">\n\t\t\t\t\t\t\t<i aria-hidden=\"true\" class=\"eicon-chevron-right\"><\/i>\t\t\t\t\t\t<\/div>\n\t\t\t\t\t\t\t\t\t\t\t\t\t\t\t\t<div class=\"swiper-pagination\"><\/div>\n\t\t\t\t\t\t\t\t\t\t\t\t<\/div>\n\t\t\t\t<\/div>\n\t\t\t\t\t\t\t\t<\/div>\n\t\t\t\t<\/div>\n\t\t\t\t\t<\/div>\n\t\t<\/div>\n\t\t\t\t\t<\/div>\n\t\t<\/section>\n\t\t\t\t<section class=\"elementor-section elementor-top-section elementor-element elementor-element-67f92d14 elementor-section-boxed elementor-section-height-default elementor-section-height-default\" data-id=\"67f92d14\" data-element_type=\"section\" data-e-type=\"section\">\n\t\t\t\t\t\t<div class=\"elementor-container elementor-column-gap-default\">\n\t\t\t\t\t<div class=\"elementor-column elementor-col-100 elementor-top-column elementor-element elementor-element-22cc160b\" data-id=\"22cc160b\" data-element_type=\"column\" data-e-type=\"column\">\n\t\t\t<div class=\"elementor-widget-wrap elementor-element-populated\">\n\t\t\t\t\t\t<div class=\"elementor-element elementor-element-35804ad4 elementor-widget elementor-widget-heading\" data-id=\"35804ad4\" data-element_type=\"widget\" data-e-type=\"widget\" data-widget_type=\"heading.default\">\n\t\t\t\t<div class=\"elementor-widget-container\">\n\t\t\t\t\t<h2 class=\"elementor-heading-title elementor-size-default\">Technische Daten<\/h2>\t\t\t\t<\/div>\n\t\t\t\t<\/div>\n\t\t\t\t<div class=\"elementor-element elementor-element-67ab9599 elementor-widget elementor-widget-jkit_tabs\" data-id=\"67ab9599\" data-element_type=\"widget\" data-e-type=\"widget\" data-widget_type=\"jkit_tabs.default\">\n\t\t\t\t<div class=\"elementor-widget-container\">\n\t\t\t\t\t<div  class=\"jeg-elementor-kit jkit-tabs layout-vertical jeg_module___69f537652183f\" ><div class=\"tab-navigation\"><ul class=\"tab-nav-list   \" data-toggle=\"\"><li class=\"tab-nav active \" data-tab=\"tab-fb4929e\"><span class=\"tab-title\">Chassis<\/span><div class=\"tab-content\"><div class=\"tab-description\"><\/div><\/div><\/li><li class=\"tab-nav  \" data-tab=\"tab-aed01dc\"><span class=\"tab-title\">Ma\u00dfe und Gewichte<\/span><div class=\"tab-content\"><div class=\"tab-description\"><\/div><\/div><\/li><li class=\"tab-nav  \" data-tab=\"tab-ed0b3bc\"><span class=\"tab-title\">Tanks<\/span><div class=\"tab-content\"><div class=\"tab-description\"><\/div><\/div><\/li><li class=\"tab-nav  \" data-tab=\"tab-dd82b3a\"><span class=\"tab-title\">Ausstattung<\/span><div class=\"tab-content\"><div class=\"tab-description\"><\/div><\/div><\/li><li class=\"tab-nav  \" data-tab=\"tab-1d5eca5\"><span class=\"tab-title\">Serienausstattung - Chassis<\/span><div class=\"tab-content\"><div class=\"tab-description\"><\/div><\/div><\/li><li class=\"tab-nav  \" data-tab=\"tab-b3e77e6\"><span class=\"tab-title\">Serienausstattung - Aufbau<\/span><div class=\"tab-content\"><div class=\"tab-description\"><\/div><\/div><\/li><\/ul><\/div><div class=\"tab-content-list\"><div class=\"tab-content tab-fb4929e active\"><p><strong>Chassis:<\/strong>\u00a0Renault Master<\/p><hr \/><p><strong>Motorisierung:<\/strong>\u00a02,3 dCi Bi-Turbo \u2013 Euro 6d-Final inkl. Start &amp; Stopp<\/p><hr \/><p><strong>KW\/PS:<\/strong>\u00a0107 \u2013 145<\/p><hr \/><p><strong>Getriebe:<\/strong>\u00a06 + R<\/p><hr \/><p><strong>Antrieb:<\/strong>\u00a0Frontantrieb<\/p><hr \/><p><strong>Radstand (mm):<\/strong> 4332<\/p><hr \/><p><strong>Kraftstofftank:<\/strong>\u00a080 l Diesel<\/p><hr \/><p><strong>AdBlue Tank:<\/strong>\u00a020 l AdBlue<\/p><hr \/><p><strong>Drehbare Sitze Fahrerkabine:<\/strong>\u00a0Ja<\/p><\/div><div class=\"tab-content tab-aed01dc \"><p><strong>Gesamtl\u00e4nge (mm):<\/strong> 6969<\/p><hr \/><p><strong>Gesamtbreite \u2013 Innenbreite (mm):<\/strong> 2340 - 2200<\/p><hr \/><p><strong>Gesamth\u00f6he \u2013 Innenh\u00f6he (mm):<\/strong> 2960 - 1995<\/p><hr \/><p><strong>Masse in fahrbereitem Zustand (ca. kg):<\/strong> 3002 (2852-3152)<\/p><hr \/><p><strong>Zul\u00e4ssiges Gesamtgewicht (kg): <\/strong>3500 \/ 4000\u00b9<\/p><hr \/><p><strong>Zul\u00e4ssige Anh\u00e4ngelast gebremst (kg):<\/strong>\u00a02000<\/p><hr \/><p><strong>St\u00e4rke Boden \/ Wand \/ Dach (mm):<\/strong>\u00a041 \/ 30 \/ 30<\/p><hr \/><p><strong>Sitzpl\u00e4tze gesamt:<\/strong>\u00a04<\/p><hr \/><p><strong>Garagent\u00fcre B x H (mm):<\/strong> 470 x 650<\/p><hr \/><p><strong>Bettenma\u00df Hubbett hinten B x L (mm):<\/strong>\u00a01215 x 2000<\/p><hr \/><p><strong>Bettenma\u00df Hubbett vorne optional B x L (mm):<\/strong>\u00a01215 x 2000<\/p><hr \/><p><strong>Schlafpl\u00e4tze:<\/strong> 2(4)*<\/p><div data-elementor-type=\"section\" data-elementor-id=\"29142\" class=\"elementor elementor-29142\" data-elementor-post-type=\"elementor_library\">\n\t\t\t\t\t<section class=\"elementor-section elementor-top-section elementor-element elementor-element-48fc65a elementor-section-boxed elementor-section-height-default elementor-section-height-default\" data-id=\"48fc65a\" data-element_type=\"section\" data-e-type=\"section\">\n\t\t\t\t\t\t<div class=\"elementor-container elementor-column-gap-default\">\n\t\t\t\t\t<div class=\"elementor-column elementor-col-100 elementor-top-column elementor-element elementor-element-62146e3\" data-id=\"62146e3\" data-element_type=\"column\" data-e-type=\"column\">\n\t\t\t<div class=\"elementor-widget-wrap elementor-element-populated\">\n\t\t\t\t\t\t<div class=\"elementor-element elementor-element-f57a6cf elementor-align-center elementor-widget__width-auto elementor-widget-mobile__width-auto elementor-widget elementor-widget-button\" data-id=\"f57a6cf\" data-element_type=\"widget\" data-e-type=\"widget\" data-widget_type=\"button.default\">\n\t\t\t\t<div class=\"elementor-widget-container\">\n\t\t\t\t\t\t\t\t\t<div class=\"elementor-button-wrapper\">\n\t\t\t\t\t<a class=\"elementor-button elementor-button-link elementor-size-sm\" href=\"https:\/\/ahorn-camp.de\/gewichtsinformationen\/\" target=\"_blank\">\n\t\t\t\t\t\t<span class=\"elementor-button-content-wrapper\">\n\t\t\t\t\t\t\t\t\t<span class=\"elementor-button-text\">Hinweise zu den Gewichten<\/span>\n\t\t\t\t\t<\/span>\n\t\t\t\t\t<\/a>\n\t\t\t\t<\/div>\n\t\t\t\t\t\t\t\t<\/div>\n\t\t\t\t<\/div>\n\t\t\t\t\t<\/div>\n\t\t<\/div>\n\t\t\t\t\t<\/div>\n\t\t<\/section>\n\t\t\t\t<\/div><p>\u00b9 Nur in Verbindung mit einer kostenpflichtigen Auflastung m\u00f6glich.<br \/>\u00b2 Auflastung gegen Aufpreis.<br \/>* mit optionalem Hubbett<\/p><\/div><div class=\"tab-content tab-ed0b3bc \"><p><strong>Frischwassertank:<\/strong>\u00a020 + 65 l<\/p><hr \/><p><strong>Abwassertank:<\/strong>\u00a0120 l<\/p><hr \/><p><strong>WC Tank:<\/strong>\u00a017 l<\/p><\/div><div class=\"tab-content tab-dd82b3a \"><div class=\"vc_do_toggle vc_toggle vc_toggle_simple vc_toggle_color_default vc_toggle_size_lg vc_toggle_active\"><div class=\"vc_toggle_content\"><p><strong>Gasflaschenbeh\u00e4lter:<\/strong>\u00a02 x 11 kg<\/p><hr \/><p><strong>K\u00fchlschrank:<\/strong>\u00a089 l<\/p><hr \/><p><strong>Anzahl Kochstellen:<\/strong>\u00a03<\/p><hr \/><p><strong>Aufbaubatterie:<\/strong>\u00a0Ah 80<\/p><hr \/><p><strong>Steckdosen 12 V:<\/strong>\u00a01<\/p><hr \/><p><strong>Steckdosen 230 V:<\/strong>\u00a02<\/p><hr \/><p><strong>Ladeanschl\u00fcsse USB:<\/strong>\u00a05<\/p><hr \/><p><strong>Lattenrost:<\/strong>\u00a0ja<\/p><hr \/><p><strong>Duscht\u00fcr:<\/strong>\u00a0ja<\/p><hr \/><p><strong>Heizung:<\/strong>\u00a0Truma Combi 4<\/p><hr \/><p><strong>Boiler:<\/strong>\u00a08 l \u2013 Truma Combi 4<\/p><\/div><\/div><div class=\"vc_separator wpb_content_element vc_separator_align_center vc_sep_width_100 vc_sep_pos_align_center vc_separator_no_text vc_sep_color_grey wpb_content_element wpb_content_element\">\u00a0<\/div><\/div><div class=\"tab-content tab-1d5eca5 \"><h5>\u00a0<\/h5><p>2,3 dCi Bi-Turbo\u2013\u00a0 107 kw \/145 PS \u2013 Euro VI-D WLTP inkl. Start &amp; Stopp<\/p><hr \/><p>Au\u00dfenfarbe Weiss, Fahrerhausfarbe Weiss<\/p><hr \/><p>Flachboden-Chassis<\/p><hr \/><p>6-Gang Schaltgetriebe<\/p><hr \/><p>Eco Modus \u2013 Kraftstoffsparmodus<\/p><hr \/><p>80 l Kraftstofftank<\/p><hr \/><p>20 l AdBlue Tank<\/p><hr \/><p>16 Zoll Original Radzierblenden<\/p><hr \/><p>LED Tagfahrlicht<\/p><hr \/><p>Licht &amp; Regensensor<\/p><hr \/><p>Fahrerairbag<\/p><hr \/><p>Getr\u00e4nkehalter Fahrer und Beifahrerplatz<\/p><hr \/><p>Sommerreifen<\/p><hr \/><p>Handschuhfach<\/p><hr \/><p>Gro\u00dfe Ablage \u00fcber Armaturenbrett<\/p><hr \/><p>Sonnenblenden<\/p><hr \/><p>Zus\u00e4tzliche Stauf\u00e4cher \u00fcber Sonnenblenden<\/p><hr \/><p>2 x 12v (Zigarettenanz\u00fcnder) Steckdosen im Fahrerhaus<\/p><hr \/><p>R\u00fcckspiegel manuell abblendbar<\/p><hr \/><p>Abschlepphaken<\/p><hr \/><p>Wegfahrsperre<\/p><hr \/><p>Zentralverriegelung Fahrerhaus<\/p><\/div><div class=\"tab-content tab-b3e77e6 \"><h5>\u00a0<\/h5><p>Modernste Au\u00dfenoptik mit LED R\u00fcckleuchten<\/p><hr \/><p>Garagentraglast bis 200 kg (Achslasten bitte beachten)<\/p><hr \/><p>40 x 40 Heki Klarsicht Dachluken von Dometic inkl. Verdunkelungsrollo und Fliegenschutz<\/p><hr \/><p>Schubladen mit Sperrverriegelung<\/p><hr \/><p>Rahmenfenster (kaum Windwiderstand, doppelt verglast)<\/p><hr \/><p>Einstiegsb\u00fcgel<\/p><hr \/><p>Can 3 Flammkocher mit Piezo Z\u00fcndung &amp; Glasabdeckung<\/p><hr \/><p>Eingelassenes Kochfeld mit \u00dcberlauf<\/p><hr \/><p>Thetford Automatikk\u00fchlschrank mit integriertem Gefrierfach<\/p><hr \/><p>Voll GFK Aufbau inkl. GFK Leichtbauboden EPS-Isolierung<\/p><hr \/><p>Voll LED Beleuchtung inkl. Ambientebeleuchtung<\/p><hr \/><p>LED Beleuchtung auch einzeln per Touchfunktion anw\u00e4hlbar<\/p><hr \/><p>Sicherheits-Schnellverschl\u00fcsse an Garagent\u00fcren<\/p><hr \/><p>Schrank mit Kleiderstange<\/p><hr \/><p>Thetford Toilette<\/p><hr \/><p>Truma 4c Combi-Gasheizung 4 kW Gas Heizung inkl. Warmwasserboiler<\/p><hr \/><p>Truma CP+ Digitalsteuerung inkl. Timer \/ Zeitschaltuhr iNet ready<\/p><hr \/><p>Garage \/ Kofferraum<\/p><hr \/><p>Zurr\u00f6sen in Garage \/ Kofferraum<\/p><hr \/><p>Bedienpanel f\u00fcr gesamte Bordelektronik mit Touchscreen<\/p><hr \/><p>Hochwertige Sp\u00fclarmatur von Argo<\/p><hr \/><p>Eingelassenes Sp\u00fclbecken<\/p><hr \/><p>Spiegelschrank in Badezimmer<\/p><hr \/><p>Gasflaschenfach f\u00fcr 2 x 11 kg<\/p><hr \/><p>Fliegengitter &amp; Verdunkelung an allen Fenstern<\/p><hr \/><p>Elektr. Trittstufe<\/p><hr \/><p>Gas Crash Sensor\u00a0<\/p><hr \/><p>Frostw\u00e4chter<\/p><hr \/><p>Separates Batteriefach f\u00fcr Aufbaubatterie, Ladeger\u00e4t &amp; Sicherungskasten<\/p><hr \/><p>Vorhang im Fahrerhaus<\/p><hr \/><p>Eco-Leder Sitzbez\u00fcge im Wohnraum<\/p><hr \/><p>Hochwertige Kaltschaummatratzen<\/p><hr \/><p>Lattenrost in Heck- &amp; Alkovenbett<\/p><hr \/><p>Jeweils 2 Leselampen in Schlafbereich Heckbett inkl. USB Ladefunktion<\/p><hr \/><p>Tisch frei verstell- &amp; absenkbar<\/p><hr \/><p>65 l Frischwassertank<\/p><hr \/><p>120 l Abwassertank<\/p><hr \/><p>2 x 230 V Steckdosen im Wohnraum<\/p><hr \/><p>5 x USB Ladebuchsen im Wohnraum<\/p><hr \/><p>1 x 12 V Steckdose im Wohnraum<\/p><\/div><\/div><\/div>\t\t\t\t<\/div>\n\t\t\t\t<\/div>\n\t\t\t\t\t<\/div>\n\t\t<\/div>\n\t\t\t\t\t<\/div>\n\t\t<\/section>\n\t\t\t\t<section class=\"elementor-section elementor-top-section elementor-element elementor-element-56f671d0 elementor-section-stretched elementor-section-height-min-height elementor-section-boxed elementor-section-height-default elementor-section-items-middle\" data-id=\"56f671d0\" data-element_type=\"section\" data-e-type=\"section\" data-settings=\"{&quot;stretch_section&quot;:&quot;section-stretched&quot;,&quot;background_background&quot;:&quot;classic&quot;,&quot;background_motion_fx_motion_fx_scrolling&quot;:&quot;yes&quot;,&quot;background_motion_fx_translateY_effect&quot;:&quot;yes&quot;,&quot;background_motion_fx_translateY_speed&quot;:{&quot;unit&quot;:&quot;px&quot;,&quot;size&quot;:4,&quot;sizes&quot;:[]},&quot;background_motion_fx_translateY_affectedRange&quot;:{&quot;unit&quot;:&quot;%&quot;,&quot;size&quot;:&quot;&quot;,&quot;sizes&quot;:{&quot;start&quot;:0,&quot;end&quot;:100}},&quot;background_motion_fx_devices&quot;:[&quot;desktop&quot;,&quot;tablet&quot;,&quot;mobile&quot;]}\">\n\t\t\t\t\t\t\t<div class=\"elementor-background-overlay\"><\/div>\n\t\t\t\t\t\t\t<div class=\"elementor-container elementor-column-gap-default\">\n\t\t\t\t\t<div class=\"elementor-column elementor-col-50 elementor-top-column elementor-element elementor-element-4dc9d797\" data-id=\"4dc9d797\" data-element_type=\"column\" data-e-type=\"column\" data-settings=\"{&quot;background_background&quot;:&quot;classic&quot;}\">\n\t\t\t<div class=\"elementor-widget-wrap elementor-element-populated\">\n\t\t\t\t\t\t<div class=\"elementor-element elementor-element-5026a3bb elementor-widget elementor-widget-heading\" data-id=\"5026a3bb\" data-element_type=\"widget\" data-e-type=\"widget\" data-widget_type=\"heading.default\">\n\t\t\t\t<div class=\"elementor-widget-container\">\n\t\t\t\t\t<h2 class=\"elementor-heading-title elementor-size-default\">Canada TU Roomtour<\/h2>\t\t\t\t<\/div>\n\t\t\t\t<\/div>\n\t\t\t\t<div class=\"elementor-element elementor-element-2c3ac414 elementor-widget elementor-widget-video\" data-id=\"2c3ac414\" data-element_type=\"widget\" data-e-type=\"widget\" data-settings=\"{&quot;youtube_url&quot;:&quot;https:\\\/\\\/youtu.be\\\/cXsz31v_DVg&quot;,&quot;video_type&quot;:&quot;youtube&quot;,&quot;controls&quot;:&quot;yes&quot;}\" data-widget_type=\"video.default\">\n\t\t\t\t<div class=\"elementor-widget-container\">\n\t\t\t\t\t\t\t<div class=\"elementor-wrapper elementor-open-inline\">\n\t\t\t<div class=\"elementor-video\"><\/div>\t\t<\/div>\n\t\t\t\t\t\t<\/div>\n\t\t\t\t<\/div>\n\t\t\t\t\t<\/div>\n\t\t<\/div>\n\t\t\t\t<div class=\"elementor-column elementor-col-50 elementor-top-column elementor-element elementor-element-4ff0a95d elementor-hidden-desktop elementor-hidden-tablet elementor-hidden-mobile\" data-id=\"4ff0a95d\" data-element_type=\"column\" data-e-type=\"column\" data-settings=\"{&quot;background_background&quot;:&quot;classic&quot;}\">\n\t\t\t<div class=\"elementor-widget-wrap elementor-element-populated\">\n\t\t\t\t\t\t<div class=\"elementor-element elementor-element-236cbb42 elementor-widget elementor-widget-heading\" data-id=\"236cbb42\" data-element_type=\"widget\" data-e-type=\"widget\" data-widget_type=\"heading.default\">\n\t\t\t\t<div class=\"elementor-widget-container\">\n\t\t\t\t\t<h2 class=\"elementor-heading-title elementor-size-default\">360-Grad-Ansicht von innen<\/h2>\t\t\t\t<\/div>\n\t\t\t\t<\/div>\n\t\t\t\t<div class=\"elementor-element elementor-element-4a89f980 elementor-widget elementor-widget-html\" data-id=\"4a89f980\" data-element_type=\"widget\" data-e-type=\"widget\" data-widget_type=\"html.default\">\n\t\t\t\t<div class=\"elementor-widget-container\">\n\t\t\t\t\t<iframe src=\"https:\/\/my.matterport.com\/show\/?m=kFG8HS7hZLd\" width=\"100%\" height=\"300px\" frameborder=\"0\" allowfullscreen><\/iframe>\t\t\t\t<\/div>\n\t\t\t\t<\/div>\n\t\t\t\t\t<\/div>\n\t\t<\/div>\n\t\t\t\t\t<\/div>\n\t\t<\/section>\n\t\t\t\t<section class=\"elementor-section elementor-top-section elementor-element elementor-element-11706323 elementor-section-stretched elementor-section-boxed elementor-section-height-default elementor-section-height-default\" data-id=\"11706323\" data-element_type=\"section\" data-e-type=\"section\" data-settings=\"{&quot;stretch_section&quot;:&quot;section-stretched&quot;,&quot;background_background&quot;:&quot;classic&quot;}\">\n\t\t\t\t\t\t<div class=\"elementor-container elementor-column-gap-default\">\n\t\t\t\t\t<div class=\"elementor-column elementor-col-100 elementor-top-column elementor-element elementor-element-4b699e00\" data-id=\"4b699e00\" data-element_type=\"column\" data-e-type=\"column\">\n\t\t\t<div class=\"elementor-widget-wrap elementor-element-populated\">\n\t\t\t\t\t\t<section class=\"elementor-section elementor-inner-section elementor-element elementor-element-39145c7 elementor-section-boxed elementor-section-height-default elementor-section-height-default\" data-id=\"39145c7\" data-element_type=\"section\" data-e-type=\"section\">\n\t\t\t\t\t\t<div class=\"elementor-container elementor-column-gap-default\">\n\t\t\t\t\t<div class=\"elementor-column elementor-col-100 elementor-inner-column elementor-element elementor-element-375152d1\" data-id=\"375152d1\" data-element_type=\"column\" data-e-type=\"column\">\n\t\t\t<div class=\"elementor-widget-wrap elementor-element-populated\">\n\t\t\t\t\t\t<div class=\"elementor-element elementor-element-913d06a elementor-widget elementor-widget-heading\" data-id=\"913d06a\" data-element_type=\"widget\" data-e-type=\"widget\" data-widget_type=\"heading.default\">\n\t\t\t\t<div class=\"elementor-widget-container\">\n\t\t\t\t\t<h2 class=\"elementor-heading-title elementor-size-default\">Highlights<\/h2>\t\t\t\t<\/div>\n\t\t\t\t<\/div>\n\t\t\t\t\t<\/div>\n\t\t<\/div>\n\t\t\t\t\t<\/div>\n\t\t<\/section>\n\t\t\t\t<section class=\"elementor-section elementor-inner-section elementor-element elementor-element-df84c30 elementor-section-boxed elementor-section-height-default elementor-section-height-default\" data-id=\"df84c30\" data-element_type=\"section\" data-e-type=\"section\">\n\t\t\t\t\t\t<div class=\"elementor-container elementor-column-gap-default\">\n\t\t\t\t\t<div class=\"elementor-column elementor-col-33 elementor-inner-column elementor-element elementor-element-3e6f08fb\" data-id=\"3e6f08fb\" data-element_type=\"column\" data-e-type=\"column\">\n\t\t\t<div class=\"elementor-widget-wrap elementor-element-populated\">\n\t\t\t\t\t\t<div class=\"elementor-element elementor-element-51c978ac elementor-widget elementor-widget-image\" data-id=\"51c978ac\" data-element_type=\"widget\" data-e-type=\"widget\" data-widget_type=\"image.default\">\n\t\t\t\t<div class=\"elementor-widget-container\">\n\t\t\t\t\t\t\t\t\t\t\t\t\t\t\t<img fetchpriority=\"high\" decoding=\"async\" width=\"1024\" height=\"683\" src=\"https:\/\/ahorn-camp.de\/wp-content\/uploads\/2021\/09\/AHORN-CANADA-TQ-20190080-Bearbeitet-1024x683.jpg\" class=\"attachment-large size-large wp-image-13168\" alt=\"Das optionale Panoramadach sorgt f\u00fcr viel direktes Licht und eignet sich abends perfekt um Sterne zu beobachten.\" srcset=\"https:\/\/ahorn-camp.de\/wp-content\/uploads\/2021\/09\/AHORN-CANADA-TQ-20190080-Bearbeitet-1024x683.jpg 1024w, https:\/\/ahorn-camp.de\/wp-content\/uploads\/2021\/09\/AHORN-CANADA-TQ-20190080-Bearbeitet-300x200.jpg 300w, https:\/\/ahorn-camp.de\/wp-content\/uploads\/2021\/09\/AHORN-CANADA-TQ-20190080-Bearbeitet-768x512.jpg 768w, https:\/\/ahorn-camp.de\/wp-content\/uploads\/2021\/09\/AHORN-CANADA-TQ-20190080-Bearbeitet-800x533.jpg 800w, https:\/\/ahorn-camp.de\/wp-content\/uploads\/2021\/09\/AHORN-CANADA-TQ-20190080-Bearbeitet-1536x1024.jpg 1536w, https:\/\/ahorn-camp.de\/wp-content\/uploads\/2021\/09\/AHORN-CANADA-TQ-20190080-Bearbeitet-2048x1365.jpg 2048w\" sizes=\"(max-width: 1024px) 100vw, 1024px\" \/>\t\t\t\t\t\t\t\t\t\t\t\t\t\t\t<\/div>\n\t\t\t\t<\/div>\n\t\t\t\t<div class=\"elementor-element elementor-element-4c1dc5d5 elementor-widget elementor-widget-text-editor\" data-id=\"4c1dc5d5\" data-element_type=\"widget\" data-e-type=\"widget\" data-widget_type=\"text-editor.default\">\n\t\t\t\t<div class=\"elementor-widget-container\">\n\t\t\t\t\t\t\t\t\t<p>Das optionale Panoramadach sorgt f\u00fcr viel direktes Licht und eignet sich abends perfekt um Sterne zu beobachten.<\/p>\t\t\t\t\t\t\t\t<\/div>\n\t\t\t\t<\/div>\n\t\t\t\t\t<\/div>\n\t\t<\/div>\n\t\t\t\t<div class=\"elementor-column elementor-col-33 elementor-inner-column elementor-element elementor-element-4b24d83e\" data-id=\"4b24d83e\" data-element_type=\"column\" data-e-type=\"column\">\n\t\t\t<div class=\"elementor-widget-wrap elementor-element-populated\">\n\t\t\t\t\t\t<div class=\"elementor-element elementor-element-622a334c elementor-widget elementor-widget-image\" data-id=\"622a334c\" data-element_type=\"widget\" data-e-type=\"widget\" data-widget_type=\"image.default\">\n\t\t\t\t<div class=\"elementor-widget-container\">\n\t\t\t\t\t\t\t\t\t\t\t\t\t\t\t<img decoding=\"async\" width=\"1024\" height=\"683\" src=\"https:\/\/ahorn-camp.de\/wp-content\/uploads\/2022\/01\/AC22-CANADA-TU-6757-Bearbeitet-NEU-22-1024x683.jpg\" class=\"attachment-large size-large wp-image-14887\" alt=\"\" srcset=\"https:\/\/ahorn-camp.de\/wp-content\/uploads\/2022\/01\/AC22-CANADA-TU-6757-Bearbeitet-NEU-22-1024x683.jpg 1024w, https:\/\/ahorn-camp.de\/wp-content\/uploads\/2022\/01\/AC22-CANADA-TU-6757-Bearbeitet-NEU-22-300x200.jpg 300w, https:\/\/ahorn-camp.de\/wp-content\/uploads\/2022\/01\/AC22-CANADA-TU-6757-Bearbeitet-NEU-22-768x512.jpg 768w, https:\/\/ahorn-camp.de\/wp-content\/uploads\/2022\/01\/AC22-CANADA-TU-6757-Bearbeitet-NEU-22-800x533.jpg 800w, https:\/\/ahorn-camp.de\/wp-content\/uploads\/2022\/01\/AC22-CANADA-TU-6757-Bearbeitet-NEU-22.jpg 1500w\" sizes=\"(max-width: 1024px) 100vw, 1024px\" \/>\t\t\t\t\t\t\t\t\t\t\t\t\t\t\t<\/div>\n\t\t\t\t<\/div>\n\t\t\t\t<div class=\"elementor-element elementor-element-5add71fb elementor-widget elementor-widget-text-editor\" data-id=\"5add71fb\" data-element_type=\"widget\" data-e-type=\"widget\" data-widget_type=\"text-editor.default\">\n\t\t\t\t<div class=\"elementor-widget-container\">\n\t\t\t\t\t\t\t\t\t<p>Die gro\u00dfz\u00fcgige U-Sitzgruppe im Heck des Canada TU l\u00e4dt auf jeder Fahrzeugseite zum Entspannen und Verweilen ein. Ob mit Familie oder Freunden \u2013 hier ist reichlich Platz f\u00fcr gemeinsame Momente.<\/p>\t\t\t\t\t\t\t\t<\/div>\n\t\t\t\t<\/div>\n\t\t\t\t\t<\/div>\n\t\t<\/div>\n\t\t\t\t<div class=\"elementor-column elementor-col-33 elementor-inner-column elementor-element elementor-element-65fe03bb\" data-id=\"65fe03bb\" data-element_type=\"column\" data-e-type=\"column\">\n\t\t\t<div class=\"elementor-widget-wrap elementor-element-populated\">\n\t\t\t\t\t\t<div class=\"elementor-element elementor-element-cb217b5 elementor-widget elementor-widget-image\" data-id=\"cb217b5\" data-element_type=\"widget\" data-e-type=\"widget\" data-widget_type=\"image.default\">\n\t\t\t\t<div class=\"elementor-widget-container\">\n\t\t\t\t\t\t\t\t\t\t\t\t\t\t\t<img decoding=\"async\" width=\"1024\" height=\"682\" src=\"https:\/\/ahorn-camp.de\/wp-content\/uploads\/2022\/01\/Canada-TU-2022-WC-1024x682.jpg\" class=\"attachment-large size-large wp-image-14889\" alt=\"\" srcset=\"https:\/\/ahorn-camp.de\/wp-content\/uploads\/2022\/01\/Canada-TU-2022-WC-1024x682.jpg 1024w, https:\/\/ahorn-camp.de\/wp-content\/uploads\/2022\/01\/Canada-TU-2022-WC-300x200.jpg 300w, https:\/\/ahorn-camp.de\/wp-content\/uploads\/2022\/01\/Canada-TU-2022-WC-768x512.jpg 768w, https:\/\/ahorn-camp.de\/wp-content\/uploads\/2022\/01\/Canada-TU-2022-WC-800x533.jpg 800w, https:\/\/ahorn-camp.de\/wp-content\/uploads\/2022\/01\/Canada-TU-2022-WC-1536x1024.jpg 1536w, https:\/\/ahorn-camp.de\/wp-content\/uploads\/2022\/01\/Canada-TU-2022-WC.jpg 2000w\" sizes=\"(max-width: 1024px) 100vw, 1024px\" \/>\t\t\t\t\t\t\t\t\t\t\t\t\t\t\t<\/div>\n\t\t\t\t<\/div>\n\t\t\t\t<div class=\"elementor-element elementor-element-3ce440a0 elementor-widget elementor-widget-text-editor\" data-id=\"3ce440a0\" data-element_type=\"widget\" data-e-type=\"widget\" data-widget_type=\"text-editor.default\">\n\t\t\t\t<div class=\"elementor-widget-container\">\n\t\t\t\t\t\t\t\t\t<p>Das ger\u00e4umige Badezimmer bietet eine extra Duschkabine mit Abtrennung f\u00fcr mehr Privatsph\u00e4re.<\/p>\t\t\t\t\t\t\t\t<\/div>\n\t\t\t\t<\/div>\n\t\t\t\t\t<\/div>\n\t\t<\/div>\n\t\t\t\t\t<\/div>\n\t\t<\/section>\n\t\t\t\t\t<\/div>\n\t\t<\/div>\n\t\t\t\t\t<\/div>\n\t\t<\/section>\n\t\t\t\t<section class=\"elementor-section elementor-top-section elementor-element elementor-element-656c59e1 elementor-reverse-tablet elementor-reverse-mobile elementor-section-boxed elementor-section-height-default elementor-section-height-default\" data-id=\"656c59e1\" data-element_type=\"section\" data-e-type=\"section\">\n\t\t\t\t\t\t<div class=\"elementor-container elementor-column-gap-default\">\n\t\t\t\t\t<div class=\"elementor-column elementor-col-100 elementor-top-column elementor-element elementor-element-6a5c0446\" data-id=\"6a5c0446\" data-element_type=\"column\" data-e-type=\"column\">\n\t\t\t<div class=\"elementor-widget-wrap elementor-element-populated\">\n\t\t\t\t\t\t<div class=\"elementor-element elementor-element-518ee2d8 elementor-widget elementor-widget-heading\" data-id=\"518ee2d8\" data-element_type=\"widget\" data-e-type=\"widget\" data-widget_type=\"heading.default\">\n\t\t\t\t<div class=\"elementor-widget-container\">\n\t\t\t\t\t<h2 class=\"elementor-heading-title elementor-size-default\">Canada TU \u2013 Panorama, Komfort und Flexibilit\u00e4t f\u00fcr entspannte Reisen<\/h2>\t\t\t\t<\/div>\n\t\t\t\t<\/div>\n\t\t\t\t<section class=\"elementor-section elementor-inner-section elementor-element elementor-element-85019a9 elementor-section-boxed elementor-section-height-default elementor-section-height-default\" data-id=\"85019a9\" data-element_type=\"section\" data-e-type=\"section\">\n\t\t\t\t\t\t<div class=\"elementor-container elementor-column-gap-default\">\n\t\t\t\t\t<div class=\"elementor-column elementor-col-100 elementor-inner-column elementor-element elementor-element-3fb44c6d\" data-id=\"3fb44c6d\" data-element_type=\"column\" data-e-type=\"column\">\n\t\t\t<div class=\"elementor-widget-wrap elementor-element-populated\">\n\t\t\t\t\t\t<div class=\"elementor-element elementor-element-4c3df42d elementor-widget elementor-widget-text-editor\" data-id=\"4c3df42d\" data-element_type=\"widget\" data-e-type=\"widget\" data-widget_type=\"text-editor.default\">\n\t\t\t\t<div class=\"elementor-widget-container\">\n\t\t\t\t\t\t\t\t\t<blockquote><p class=\"\" style=\"text-align: center;\" data-start=\"217\" data-end=\"727\">Die gro\u00dfz\u00fcgige U-Sitzgruppe im Heck des Canada TU l\u00e4dt mit ihrem beeindruckenden Panoramablick durch Fenster auf jeder Fahrzeugseite zum Entspannen und Verweilen ein. Ob mit Familie oder Freunden \u2013 hier ist reichlich Platz f\u00fcr gemeinsame Momente. Eine zweite, clever platzierte Sitzgruppe im vorderen Bereich sorgt f\u00fcr noch mehr Flexibilit\u00e4t im Alltag: ideal f\u00fcr ein gem\u00fctliches Fr\u00fchst\u00fcck, eine kreative Pause oder als ruhige Leseecke.<\/p><\/blockquote><p class=\"\" style=\"text-align: center;\" data-start=\"729\" data-end=\"1020\">Zwei komfortable Hubbetten \u2013 eines im Heck, ein optionales im Frontbereich \u2013 bieten jederzeit verf\u00fcgbare Schlafpl\u00e4tze, ganz ohne Umbauaufwand. So passt sich der Innenraum perfekt Ihren Bed\u00fcrfnissen an und macht den Canada TU zum idealen Begleiter f\u00fcr komfortable und erholsame Campingreisen.<\/p>\t\t\t\t\t\t\t\t<\/div>\n\t\t\t\t<\/div>\n\t\t\t\t\t<\/div>\n\t\t<\/div>\n\t\t\t\t\t<\/div>\n\t\t<\/section>\n\t\t\t\t\t<\/div>\n\t\t<\/div>\n\t\t\t\t\t<\/div>\n\t\t<\/section>\n\t\t\t\t<section class=\"elementor-section elementor-top-section elementor-element elementor-element-5bd9d142 elementor-section-height-min-height elementor-section-stretched elementor-section-boxed elementor-section-height-default elementor-section-items-middle\" data-id=\"5bd9d142\" data-element_type=\"section\" data-e-type=\"section\" data-settings=\"{&quot;stretch_section&quot;:&quot;section-stretched&quot;,&quot;background_background&quot;:&quot;video&quot;,&quot;background_video_link&quot;:&quot;https:\\\/\\\/ahorn-camp.de\\\/wp-content\\\/uploads\\\/2020\\\/07\\\/ahorn-camp-alaska-teilintegriert-klein.mp4&quot;,&quot;background_play_on_mobile&quot;:&quot;yes&quot;}\">\n\t\t\t\t\t\t\t\t<div class=\"elementor-background-video-container\">\n\t\t\t\t\t\t\t\t\t\t\t\t\t<video class=\"elementor-background-video-hosted\" role=\"presentation\" autoplay muted playsinline loop><\/video>\n\t\t\t\t\t\t\t\t\t\t\t<\/div>\n\t\t\t\t\t\t\t\t\t<div class=\"elementor-background-overlay\"><\/div>\n\t\t\t\t\t\t\t<div class=\"elementor-container elementor-column-gap-default\">\n\t\t\t\t\t<div class=\"elementor-column elementor-col-100 elementor-top-column elementor-element elementor-element-73f0dea0\" data-id=\"73f0dea0\" data-element_type=\"column\" data-e-type=\"column\">\n\t\t\t<div class=\"elementor-widget-wrap elementor-element-populated\">\n\t\t\t\t\t\t<div class=\"elementor-element elementor-element-76027edc elementor-widget-divider--view-line_text elementor-widget-divider--element-align-center elementor-widget elementor-widget-divider\" data-id=\"76027edc\" data-element_type=\"widget\" data-e-type=\"widget\" data-widget_type=\"divider.default\">\n\t\t\t\t<div class=\"elementor-widget-container\">\n\t\t\t\t\t\t\t<div class=\"elementor-divider\">\n\t\t\t<span class=\"elementor-divider-separator\">\n\t\t\t\t\t\t\t<span class=\"elementor-divider__text elementor-divider__element\">\n\t\t\t\tCanada TU\t\t\t\t<\/span>\n\t\t\t\t\t\t<\/span>\n\t\t<\/div>\n\t\t\t\t\t\t<\/div>\n\t\t\t\t<\/div>\n\t\t\t\t<div class=\"elementor-element elementor-element-8c383fc elementor-widget elementor-widget-heading\" data-id=\"8c383fc\" data-element_type=\"widget\" data-e-type=\"widget\" data-widget_type=\"heading.default\">\n\t\t\t\t<div class=\"elementor-widget-container\">\n\t\t\t\t\t<h2 class=\"elementor-heading-title elementor-size-default\">Erf\u00fcllen Sie sich einen Traum<\/h2>\t\t\t\t<\/div>\n\t\t\t\t<\/div>\n\t\t\t\t<div class=\"elementor-element elementor-element-612e8aea elementor-align-center elementor-widget__width-inherit elementor-widget elementor-widget-button\" data-id=\"612e8aea\" data-element_type=\"widget\" data-e-type=\"widget\" data-widget_type=\"button.default\">\n\t\t\t\t<div class=\"elementor-widget-container\">\n\t\t\t\t\t\t\t\t\t<div class=\"elementor-button-wrapper\">\n\t\t\t\t\t<a class=\"elementor-button elementor-button-link elementor-size-sm\" href=\"https:\/\/share-eu1.hsforms.com\/1yZnLsVssSzeYTBOcYkwIZAfr57v?model=Canada%20TU\" target=\"_blank\">\n\t\t\t\t\t\t<span class=\"elementor-button-content-wrapper\">\n\t\t\t\t\t\t\t\t\t<span class=\"elementor-button-text\">Unverbindlich anfragen<\/span>\n\t\t\t\t\t<\/span>\n\t\t\t\t\t<\/a>\n\t\t\t\t<\/div>\n\t\t\t\t\t\t\t\t<\/div>\n\t\t\t\t<\/div>\n\t\t\t\t\t<\/div>\n\t\t<\/div>\n\t\t\t\t\t<\/div>\n\t\t<\/section>\n\t\t\t\t<section class=\"elementor-section elementor-top-section elementor-element elementor-element-37cd4d34 elementor-section-stretched elementor-section-boxed elementor-section-height-default elementor-section-height-default\" data-id=\"37cd4d34\" data-element_type=\"section\" data-e-type=\"section\" data-settings=\"{&quot;stretch_section&quot;:&quot;section-stretched&quot;,&quot;background_background&quot;:&quot;classic&quot;}\">\n\t\t\t\t\t\t<div class=\"elementor-container elementor-column-gap-default\">\n\t\t\t\t\t<div class=\"elementor-column elementor-col-100 elementor-top-column elementor-element elementor-element-6d806421\" data-id=\"6d806421\" data-element_type=\"column\" data-e-type=\"column\">\n\t\t\t<div class=\"elementor-widget-wrap elementor-element-populated\">\n\t\t\t\t\t\t<div class=\"elementor-element elementor-element-46930aa3 elementor-widget elementor-widget-heading\" data-id=\"46930aa3\" data-element_type=\"widget\" data-e-type=\"widget\" data-widget_type=\"heading.default\">\n\t\t\t\t<div class=\"elementor-widget-container\">\n\t\t\t\t\t<h2 class=\"elementor-heading-title elementor-size-default\">Zu diesem Wohnmobil empfehlen wir<\/h2>\t\t\t\t<\/div>\n\t\t\t\t<\/div>\n\t\t\t\t<div class=\"elementor-element elementor-element-2b02949 elementor-widget elementor-widget-ucaddon_content_carousel_new\" data-id=\"2b02949\" data-element_type=\"widget\" data-e-type=\"widget\" data-widget_type=\"ucaddon_content_carousel_new.default\">\n\t\t\t\t<div class=\"elementor-widget-container\">\n\t\t\t\t\t\n<!-- start Content Carousel -->\n\t\t<link id='font-awesome-css' href='https:\/\/ahorn-camp.de\/wp-content\/plugins\/unlimited-elements-for-elementor-premium\/assets_libraries\/font-awesome6\/fontawesome-all.min.css' type='text\/css' rel='stylesheet' >\n\t\t<link id='font-awesome-4-shim-css' href='https:\/\/ahorn-camp.de\/wp-content\/plugins\/unlimited-elements-for-elementor-premium\/assets_libraries\/font-awesome6\/fontawesome-v4-shims.min.css' type='text\/css' rel='stylesheet' >\n\t\t<link id='owl-carousel-css' href='https:\/\/ahorn-camp.de\/wp-content\/plugins\/unlimited-elements-for-elementor-premium\/assets_libraries\/owl-carousel-new\/assets\/owl.carousel.css' type='text\/css' rel='stylesheet' >\n\n<style>\/* widget: Content Carousel *\/\n\n#uc_content_carousel_new_elementor_2b02949{\n  position:relative;\n  min-height:1px;\n}\n\n\n\n#uc_content_carousel_new_elementor_2b02949 .owl-nav .owl-prev{\n    position:absolute;\n    display:inline-block;\n    text-align:center;\n}\n#uc_content_carousel_new_elementor_2b02949 .owl-nav .owl-next{\n  position:absolute;\n  display:inline-block;\n  text-align:center;\n}\n\n\n#uc_content_carousel_new_elementor_2b02949 .owl-dots {\noverflow:hidden;\ntext-align:center;\n}\n\n#uc_content_carousel_new_elementor_2b02949 .owl-dot {\nborder-radius:50%;\ndisplay:inline-block;\n}\n\n.uc_post_title{\n  font-size:21px;\n}\n\n\n\n\n#uc_content_carousel_new_elementor_2b02949 .uc_image_carousel_container_holder{\n  overflow:hidden;\n}\n\n#uc_content_carousel_new_elementor_2b02949 .uc_more_btn{\n  \n    display:inline-block;\n  text-decoration:none;\n  text-align:center;\n  transition:0.3s;\n}\n\n\n\n#uc_content_carousel_new_elementor_2b02949 .uc_date{\n  color:gray;\n  padding-top:10px;\n  text-style:italic;\n}\n\n\n\n\n\n\n\n\n<\/style>\n\n<div class=\"uc_overlay_image_carousel\" >\n   <div class=\"uc_carousel owl-carousel owl-theme \" id=\"uc_content_carousel_new_elementor_2b02949\" >\n   \t\t<div class=\"uc_image_carousel_container_holder\">\n    <div class=\"uc_image_carousel_placeholder\">\n    <div style=\"background-image:url(https:\/\/ahorn-camp.de\/wp-content\/uploads\/2023\/11\/Lithiumbatterie.png);background-position:center; background-repeat:no-repeat;\" class=\"carousel-image\"><\/div>\n  <\/div>\n  \n    <div class=\"uc_image_carousel_content content-padding\">\n    \n            <div class=\"ue-title\">Flybat 100 Ah Lithium Batterie<\/div>        <div class=\"ue-text\" ><p>Mit der Lithiumbatterie von Flybat sparen Sie nicht nur Gewicht, sondern haben das doppelte an Energie dabei und eine smarte Steuerung \u00fcber das Smartphone!<\/p><\/div>        <a class=\"ue-btn uc_more_btn\"  href=\"https:\/\/ahorn-camp.de\/product\/lithiumbatterie-100ah\/\"  target='_blank'>Ansehen<\/a>        \n      <\/div>\n  <\/div>\n<div class=\"uc_image_carousel_container_holder\">\n    <div class=\"uc_image_carousel_placeholder\">\n    <div style=\"background-image:url(https:\/\/ahorn-camp.de\/wp-content\/uploads\/2022\/06\/AHORN-BlackEdition-12678-felge.jpg);background-position:center; background-repeat:no-repeat;\" class=\"carousel-image\"><\/div>\n  <\/div>\n  \n    <div class=\"uc_image_carousel_content content-padding\">\n    \n            <div class=\"ue-title\">Alufelgen Borbet 16\"<\/div>        <div class=\"ue-text\" ><p>Stilvoll im Design und augenschmeichelnd machen Sie mit den Ahorn Camp Alufelgen in schwarz matt nichts falsch. Auch f\u00fcr die Auflastung geeignet!<\/p><\/div>        <a class=\"ue-btn uc_more_btn\"  href=\"https:\/\/ahorn-camp.de\/product\/alufelgen-borbet-schwarz-matt\/\"  target='_blank'>Ansehen<\/a>        \n      <\/div>\n  <\/div>\n<div class=\"uc_image_carousel_container_holder\">\n    <div class=\"uc_image_carousel_placeholder\">\n    <div style=\"background-image:url(https:\/\/ahorn-camp.de\/wp-content\/uploads\/2023\/10\/Fahrerhausbett-1.jpg);background-position:center; background-repeat:no-repeat;\" class=\"carousel-image\"><\/div>\n  <\/div>\n  \n    <div class=\"uc_image_carousel_content content-padding\">\n    \n            <div class=\"ue-title\">Ahorn Camp Fahrerhausbett<\/div>        <div class=\"ue-text\" ><p>Das praktische Fahrerhausbett f\u00fcr den Renault Master mit den Ma\u00dfen 160 x 73 cm Liegefl\u00e4che f\u00fcr alle Wohnmobile und Vans von Ahorn.<\/p><\/div>        <a class=\"ue-btn uc_more_btn\"  href=\"https:\/\/ahorn-camp.de\/product\/ahorn-camp-fahrerhausbett\/\"  target='_blank'>Ansehen<\/a>        \n      <\/div>\n  <\/div>\n<div class=\"uc_image_carousel_container_holder\">\n    <div class=\"uc_image_carousel_placeholder\">\n    <div style=\"background-image:url(https:\/\/ahorn-camp.de\/wp-content\/uploads\/2025\/04\/Zubehoer-1.jpg);background-position:center; background-repeat:no-repeat;\" class=\"carousel-image\"><\/div>\n  <\/div>\n  \n    <div class=\"uc_image_carousel_content content-padding\">\n    \n            <div class=\"ue-title\">Zubeh\u00f6rshop<\/div>        <div class=\"ue-text\" ><p>Entdecke jetzt noch mehr praktisches Zubeh\u00f6r in unserem Shop! Finde alles, was du brauchst, um dein Campingerlebnis zu vervollst\u00e4ndigen.<\/p><\/div>        <a class=\"ue-btn uc_more_btn\"  href=\"https:\/\/ahorn-camp.de\/product-category\/zubehoer\/\" >Ansehen<\/a>        \n      <\/div>\n  <\/div>\n\n   <\/div>\t\n<\/div>\n<!-- end Content Carousel -->\t\t\t\t<\/div>\n\t\t\t\t<\/div>\n\t\t\t\t\t<\/div>\n\t\t<\/div>\n\t\t\t\t\t<\/div>\n\t\t<\/section>\n\t\t\t\t<section class=\"elementor-section elementor-top-section elementor-element elementor-element-ab7adcc elementor-section-stretched elementor-section-boxed elementor-section-height-default elementor-section-height-default\" data-id=\"ab7adcc\" data-element_type=\"section\" data-e-type=\"section\" data-settings=\"{&quot;stretch_section&quot;:&quot;section-stretched&quot;}\">\n\t\t\t\t\t\t<div class=\"elementor-container elementor-column-gap-default\">\n\t\t\t\t\t<div class=\"elementor-column elementor-col-100 elementor-top-column elementor-element elementor-element-4223662\" data-id=\"4223662\" data-element_type=\"column\" data-e-type=\"column\">\n\t\t\t<div class=\"elementor-widget-wrap elementor-element-populated\">\n\t\t\t\t\t\t<div class=\"elementor-element elementor-element-56679664 elementor-widget elementor-widget-heading\" data-id=\"56679664\" data-element_type=\"widget\" data-e-type=\"widget\" data-widget_type=\"heading.default\">\n\t\t\t\t<div class=\"elementor-widget-container\">\n\t\t\t\t\t<h2 class=\"elementor-heading-title elementor-size-default\">Diese Wohnmobile k\u00f6nnten Ihnen auch gefallen<\/h2>\t\t\t\t<\/div>\n\t\t\t\t<\/div>\n\t\t\t\t<div class=\"elementor-element elementor-element-43eccd63 elementor-widget elementor-widget-ucaddon_content_carousel_new\" data-id=\"43eccd63\" data-element_type=\"widget\" data-e-type=\"widget\" data-widget_type=\"ucaddon_content_carousel_new.default\">\n\t\t\t\t<div class=\"elementor-widget-container\">\n\t\t\t\t\t\n<!-- start Content Carousel -->\n\n<style>\/* widget: Content Carousel *\/\n\n#uc_content_carousel_new_elementor_43eccd63{\n  position:relative;\n  min-height:1px;\n}\n\n\n\n#uc_content_carousel_new_elementor_43eccd63 .owl-nav .owl-prev{\n    position:absolute;\n    display:inline-block;\n    text-align:center;\n}\n#uc_content_carousel_new_elementor_43eccd63 .owl-nav .owl-next{\n  position:absolute;\n  display:inline-block;\n  text-align:center;\n}\n\n\n#uc_content_carousel_new_elementor_43eccd63 .owl-dots {\noverflow:hidden;\ntext-align:center;\n}\n\n#uc_content_carousel_new_elementor_43eccd63 .owl-dot {\nborder-radius:50%;\ndisplay:inline-block;\n}\n\n.uc_post_title{\n  font-size:21px;\n}\n\n\n\n\n#uc_content_carousel_new_elementor_43eccd63 .uc_image_carousel_container_holder{\n  overflow:hidden;\n}\n\n#uc_content_carousel_new_elementor_43eccd63 .uc_more_btn{\n  \n    display:inline-block;\n  text-decoration:none;\n  text-align:center;\n  transition:0.3s;\n}\n\n\n\n#uc_content_carousel_new_elementor_43eccd63 .uc_date{\n  color:gray;\n  padding-top:10px;\n  text-style:italic;\n}\n\n\n\n\n\n\n\n\n<\/style>\n\n<div class=\"uc_overlay_image_carousel\" >\n   <div class=\"uc_carousel owl-carousel owl-theme \" id=\"uc_content_carousel_new_elementor_43eccd63\" >\n   \t\t<div class=\"uc_image_carousel_container_holder\">\n    <div class=\"uc_image_carousel_placeholder\">\n    <div style=\"background-image:url(https:\/\/ahorn-camp.de\/wp-content\/uploads\/2022\/06\/Canada-TQ_NACHT-und-TAG-Icon_mitStern.png);background-position:center; background-repeat:no-repeat;\" class=\"carousel-image\"><\/div>\n  <\/div>\n  \n    <div class=\"uc_image_carousel_content content-padding\">\n    \n            <div class=\"ue-title\">Canada TE<\/div>        <div class=\"ue-text\" ><div style=\"text-align: left; color: black; font-size: 16px;\"><p style=\"display: flex; align-items: center; margin: 0;\"><i class=\"fa-solid fa-children\" style=\"color: #1b508c; margin-right: 8px;\"><\/i> Sitzpl\u00e4tze: 4<\/p><p style=\"display: flex; align-items: center; margin: 0;\"><i class=\"fa-solid fa-bed\" style=\"color: #1b508c; margin-right: 8px;\"><\/i> Schlafpl\u00e4tze: 3 (5)<\/p><p style=\"display: flex; align-items: center; margin: 0;\"><i class=\"fa-solid fa-ruler-combined\" style=\"color: #1b508c; margin-right: 8px;\"><\/i> L\u00e4nge: 7,48 m<\/p><p style=\"display: flex; align-items: center; margin: 0;\"><i class=\"fa-solid fa-weight-hanging\" style=\"color: #1b508c; margin-right: 8px;\"><\/i> 3.500 \/ 4.000 kg* zul. Gesamtgewicht<\/p><p style=\"margin-top: 1em; font-weight: bold;\">Grundpreis ab 59.900 \u20ac<\/p><\/div><\/div>        <a class=\"ue-btn uc_more_btn\"  href=\"https:\/\/ahorn-camp.de\/ahorn-reisemobile\/teilintegrierte-wohnmobile\/teilintegrierte-modelle-2024\/canada-te\/\"  target='_blank'>Produktdetails<\/a>        \n      <\/div>\n  <\/div>\n<div class=\"uc_image_carousel_container_holder\">\n    <div class=\"uc_image_carousel_placeholder\">\n    <div style=\"background-image:url(https:\/\/ahorn-camp.de\/wp-content\/uploads\/2022\/06\/Canada-TQ_NACHT-und-TAG-Icon_mitStern.png);background-position:center; background-repeat:no-repeat;\" class=\"carousel-image\"><\/div>\n  <\/div>\n  \n    <div class=\"uc_image_carousel_content content-padding\">\n    \n            <div class=\"ue-title\">Canada TQ<\/div>        <div class=\"ue-text\" ><div style=\"text-align: left; color: black; font-size: 16px;\"><p style=\"display: flex; align-items: center; margin: 0;\"><i class=\"fa-solid fa-children\" style=\"color: #1b508c; margin-right: 8px;\"><\/i> Sitzpl\u00e4tze: 4<\/p><p style=\"display: flex; align-items: center; margin: 0;\"><i class=\"fa-solid fa-bed\" style=\"color: #1b508c; margin-right: 8px;\"><\/i> Schlafpl\u00e4tze: 3(5)<\/p><p style=\"display: flex; align-items: center; margin: 0;\"><i class=\"fa-solid fa-ruler-combined\" style=\"color: #1b508c; margin-right: 8px;\"><\/i> L\u00e4nge: 7,48 m<\/p><p style=\"display: flex; align-items: center; margin: 0;\"><i class=\"fa-solid fa-weight-hanging\" style=\"color: #1b508c; margin-right: 8px;\"><\/i> 3.500 \/ 4.000 kg* zul. Gesamtgewicht<\/p><p style=\"margin-top: 1em; font-weight: bold;\">Grundpreis ab 59.900 \u20ac<\/p><\/div><\/div>        <a class=\"ue-btn uc_more_btn\"  href=\"https:\/\/ahorn-camp.de\/ahorn-reisemobile\/teilintegrierte-wohnmobile\/teilintegrierte-modelle-2024\/canada-tq\/\"  target='_blank'>Produktdetails<\/a>        \n      <\/div>\n  <\/div>\n<div class=\"uc_image_carousel_container_holder\">\n    <div class=\"uc_image_carousel_placeholder\">\n    <div style=\"background-image:url(https:\/\/ahorn-camp.de\/wp-content\/uploads\/2022\/06\/Canada-TF_NACHT-und-TAG-Icon_mitStern.png);background-position:center; background-repeat:no-repeat;\" class=\"carousel-image\"><\/div>\n  <\/div>\n  \n    <div class=\"uc_image_carousel_content content-padding\">\n    \n            <div class=\"ue-title\">Canada TF<\/div>        <div class=\"ue-text\" ><div style=\"text-align: left; color: black; font-size: 16px;\"><p style=\"display: flex; align-items: center; margin: 0;\"><i class=\"fa-solid fa-children\" style=\"color: #1b508c; margin-right: 8px;\"><\/i> Sitzpl\u00e4tze: 4<\/p><p style=\"display: flex; align-items: center; margin: 0;\"><i class=\"fa-solid fa-bed\" style=\"color: #1b508c; margin-right: 8px;\"><\/i> Schlafpl\u00e4tze: 2(5)<\/p><p style=\"display: flex; align-items: center; margin: 0;\"><i class=\"fa-solid fa-ruler-combined\" style=\"color: #1b508c; margin-right: 8px;\"><\/i> L\u00e4nge: 7,48 m<\/p><p style=\"display: flex; align-items: center; margin: 0;\"><i class=\"fa-solid fa-weight-hanging\" style=\"color: #1b508c; margin-right: 8px;\"><\/i> 3.500 \/ 4.000 kg* zul. Gesamtgewicht<\/p><p style=\"margin-top: 1em; font-weight: bold;\">Grundpreis ab 59.900 \u20ac<\/p><\/div><\/div>        <a class=\"ue-btn uc_more_btn\"  href=\"https:\/\/ahorn-camp.de\/ahorn-reisemobile\/teilintegrierte-wohnmobile\/teilintegrierte-modelle-2024\/canada-tf\/\"  target='_blank'>Produktdetails<\/a>        \n      <\/div>\n  <\/div>\n\n   <\/div>\t\n<\/div>\n<!-- end Content Carousel -->\t\t\t\t<\/div>\n\t\t\t\t<\/div>\n\t\t\t\t<div class=\"elementor-element elementor-element-6f7950b0 elementor-hidden-desktop elementor-hidden-tablet elementor-hidden-mobile elementor-widget elementor-widget-ucaddon_logo_marquee\" data-id=\"6f7950b0\" data-element_type=\"widget\" data-e-type=\"widget\" data-widget_type=\"ucaddon_logo_marquee.default\">\n\t\t\t\t<div class=\"elementor-widget-container\">\n\t\t\t\t\t\n<!-- start Logo Marquee -->\n\n<style>\/* widget: Logo Marquee *\/\n\n#uc_logo_marquee_elementor_6f7950b0{\n  min-height:1px;\n  text-align: center;\n  position:relative;\n  opacity: 0;\n}\n\n#uc_logo_marquee_elementor_6f7950b0 *{\n  box-sizing:border-box;\n}\n#uc_logo_marquee_elementor_6f7950b0 .uc_marquee {\n\tdisplay: flex;\n\talign-items: center;\n\toverflow: hidden;\n    position: relative;\n}\n#uc_logo_marquee_elementor_6f7950b0 .uc_marquee > div {\n    position:relative;\n\tdisplay: inline-flex;\n\talign-items: center;\n\tflex: 0 0 auto;\n\twidth: auto;\n\toverflow: hidden;\n  \t\t\tanimation-name: marquee-to-left;\n    \tanimation-timing-function: linear;\n\tanimation-iteration-count: infinite;\n    }\n#uc_logo_marquee_elementor_6f7950b0 img{\n\n  \theight: 100%;\n  \tobject-fit: contain;\n}\n\n#uc_logo_marquee_elementor_6f7950b0 .ue_marquee_title\n{\n  position:absolute;\n  bottom:0px;\n  left: 0;\n  width:100%;\n}\n\n#uc_logo_marquee_elementor_6f7950b0 .uc_logo_marquee_holder{\n\tposition:relative;\n    text-align:center;\n    overflow:hidden;\n}\n\n\n#uc_logo_marquee_elementor_6f7950b0 .uc_logo_marquee_holder a{\n  height:100%;\n  width: 100%;\n  display:flex;\n  align-items: center;\n  justify-content:center;\n}\n\n\n\t@keyframes marquee-to-left {\n\tfrom {transform: translate(0,0)}\n\tto {transform: translate(-50%,0)}\n}\n\t\n\n\n\n\n\n#uc_logo_marquee_elementor_6f7950b0 .ue-item-badge\n{\n  position:absolute;\n  right:10px;\n  top:10px;\n}\n\n<\/style>\n\n<div class=\"uc_logo_marquee \" id=\"uc_logo_marquee_elementor_6f7950b0\" style=\"direction:ltr;\" >\n   <div class=\"uc_marquee uc-items-wrapper\" data-height=\"150px\" data-speed=\"20000\" data-mobile-items=\"1\" data-tablet-items=\"2\" data-desktop-items=\"5\" data-mobile-margin=\"30\" data-tablet-margin=\"30\" data-desktop-margin=\"30\" data-paused=\"true\" data-direction=\"left\">\n   \t\t<div class=\"uc_logo_marquee_holder elementor-repeater-item-ded3dda\">\n\t        <img decoding=\"async\" src=\"https:\/\/ahorn-camp.de\/wp-content\/uploads\/2024\/03\/Auszeichnungen-Website-Landingpage-768x512.png\" alt=\"Item 1\" class=\"ue_img_marquee\">\n      \t\n        \n      \t\n      <\/div>\n<div class=\"uc_logo_marquee_holder elementor-repeater-item-2b3e0dc\">\n\t        <img decoding=\"async\" src=\"https:\/\/ahorn-camp.de\/wp-content\/uploads\/2022\/09\/DGRM-2022-auszeichnung.png\" alt=\"Item 2\" class=\"ue_img_marquee\">\n      \t\n        \n      \t\n      <\/div>\n<div class=\"uc_logo_marquee_holder elementor-repeater-item-9fd91ad\">\n\t        <img decoding=\"async\" src=\"https:\/\/ahorn-camp.de\/wp-content\/uploads\/2022\/12\/AuBi_Caravan2022_Siegel_mitAusgabe.jpg\" alt=\"Item 3\" class=\"ue_img_marquee\">\n      \t\n        \n      \t\n      <\/div>\n\n   <\/div>\t\n<\/div>\n<!-- end Logo Marquee -->\t\t\t\t<\/div>\n\t\t\t\t<\/div>\n\t\t\t\t\t<\/div>\n\t\t<\/div>\n\t\t\t\t\t<\/div>\n\t\t<\/section>\n\t\t\t\t<section class=\"elementor-section elementor-top-section elementor-element elementor-element-3a515f3 elementor-section-boxed elementor-section-height-default elementor-section-height-default\" data-id=\"3a515f3\" data-element_type=\"section\" data-e-type=\"section\">\n\t\t\t\t\t\t<div class=\"elementor-container elementor-column-gap-default\">\n\t\t\t\t\t<div class=\"elementor-column elementor-col-100 elementor-top-column elementor-element elementor-element-501f118c\" data-id=\"501f118c\" data-element_type=\"column\" data-e-type=\"column\">\n\t\t\t<div class=\"elementor-widget-wrap elementor-element-populated\">\n\t\t\t\t\t\t<div class=\"elementor-element elementor-element-289cbad0 elementor-widget elementor-widget-text-editor\" data-id=\"289cbad0\" data-element_type=\"widget\" data-e-type=\"widget\" data-widget_type=\"text-editor.default\">\n\t\t\t\t<div class=\"elementor-widget-container\">\n\t\t\t\t\t\t\t\t\t<p>* Die technisch zul\u00e4ssige Gesamtmasse ist ein vom Hersteller festgelegter Wert, den das Fahrzeug auch im beladenen Zustand nicht \u00fcberschreiten darf. Sie hat daher Einfluss auf die zulassungsf\u00e4hige Anzahl von Sitzpl\u00e4tzen, die M\u00f6glichkeiten zur Auswahl von Sonderausstattung und die verbleibende Zuladungsm\u00f6glichkeit. <br \/>Ausf\u00fchrliche Informationen zu Gewichten und zur Konfiguration des Fahrzeugs finden Sie in unseren Technischen Daten, im Abschnitt Rechtliche und Technische Hinweise zu gewichtsbezogenen Angaben.<\/p><p>Au\u00dfen- und Innenansicht aller Modelle kann von der tats\u00e4chlichen Ansicht abweichen und unterliegt m\u00f6glichen \u00c4nderungen. Irrt\u00fcmer vorbehalten.<\/p>\t\t\t\t\t\t\t\t<\/div>\n\t\t\t\t<\/div>\n\t\t\t\t\t<\/div>\n\t\t<\/div>\n\t\t\t\t\t<\/div>\n\t\t<\/section>\n\t\t\t\t<section class=\"elementor-section elementor-top-section elementor-element elementor-element-c0a8487 elementor-section-stretched elementor-hidden-mobile elementor-hidden-tablet elementor-section-boxed elementor-section-height-default elementor-section-height-default\" data-id=\"c0a8487\" data-element_type=\"section\" data-e-type=\"section\" data-settings=\"{&quot;stretch_section&quot;:&quot;section-stretched&quot;,&quot;background_background&quot;:&quot;classic&quot;,&quot;sticky&quot;:&quot;bottom&quot;,&quot;sticky_on&quot;:[&quot;desktop&quot;,&quot;tablet&quot;,&quot;mobile&quot;],&quot;sticky_offset&quot;:0,&quot;sticky_effects_offset&quot;:0,&quot;sticky_anchor_link_offset&quot;:0}\">\n\t\t\t\t\t\t<div class=\"elementor-container elementor-column-gap-default\">\n\t\t\t\t\t<div class=\"elementor-column elementor-col-100 elementor-top-column elementor-element elementor-element-4d818df8\" data-id=\"4d818df8\" data-element_type=\"column\" data-e-type=\"column\">\n\t\t\t<div class=\"elementor-widget-wrap elementor-element-populated\">\n\t\t\t\t\t\t<div class=\"elementor-element elementor-element-eee1ab1 elementor-align-center elementor-widget__width-auto elementor-widget elementor-widget-button\" data-id=\"eee1ab1\" data-element_type=\"widget\" data-e-type=\"widget\" data-widget_type=\"button.default\">\n\t\t\t\t<div class=\"elementor-widget-container\">\n\t\t\t\t\t\t\t\t\t<div class=\"elementor-button-wrapper\">\n\t\t\t\t\t<a class=\"elementor-button elementor-button-link elementor-size-sm\" href=\"#elementor-action%3Aaction%3Dpopup%3Aopen%26settings%3DeyJpZCI6IjMxNjk2IiwidG9nZ2xlIjpmYWxzZX0%3D\" target=\"_blank\">\n\t\t\t\t\t\t<span class=\"elementor-button-content-wrapper\">\n\t\t\t\t\t\t<span class=\"elementor-button-icon\">\n\t\t\t\t<i aria-hidden=\"true\" class=\"jki jki-calendar-page-empty-light\"><\/i>\t\t\t<\/span>\n\t\t\t\t\t\t\t\t\t<span class=\"elementor-button-text\">Angebot anfragen<\/span>\n\t\t\t\t\t<\/span>\n\t\t\t\t\t<\/a>\n\t\t\t\t<\/div>\n\t\t\t\t\t\t\t\t<\/div>\n\t\t\t\t<\/div>\n\t\t\t\t<div class=\"elementor-element elementor-element-43f9ebda elementor-align-center elementor-widget__width-auto elementor-widget elementor-widget-button\" data-id=\"43f9ebda\" data-element_type=\"widget\" data-e-type=\"widget\" data-widget_type=\"button.default\">\n\t\t\t\t<div class=\"elementor-widget-container\">\n\t\t\t\t\t\t\t\t\t<div class=\"elementor-button-wrapper\">\n\t\t\t\t\t<a class=\"elementor-button elementor-button-link elementor-size-sm\" href=\"https:\/\/ahorn-camp.de\/handelspartner\/\" target=\"_blank\">\n\t\t\t\t\t\t<span class=\"elementor-button-content-wrapper\">\n\t\t\t\t\t\t<span class=\"elementor-button-icon\">\n\t\t\t\t<i aria-hidden=\"true\" class=\"icon icon-location\"><\/i>\t\t\t<\/span>\n\t\t\t\t\t\t\t\t\t<span class=\"elementor-button-text\">H\u00e4ndler finden<\/span>\n\t\t\t\t\t<\/span>\n\t\t\t\t\t<\/a>\n\t\t\t\t<\/div>\n\t\t\t\t\t\t\t\t<\/div>\n\t\t\t\t<\/div>\n\t\t\t\t<div class=\"elementor-element elementor-element-3de709c0 elementor-align-center elementor-widget__width-auto elementor-widget elementor-widget-button\" data-id=\"3de709c0\" data-element_type=\"widget\" data-e-type=\"widget\" data-widget_type=\"button.default\">\n\t\t\t\t<div class=\"elementor-widget-container\">\n\t\t\t\t\t\t\t\t\t<div class=\"elementor-button-wrapper\">\n\t\t\t\t\t<a class=\"elementor-button elementor-button-link elementor-size-sm\" href=\"https:\/\/ahorn-camp.de\/angebote\/\" target=\"_blank\">\n\t\t\t\t\t\t<span class=\"elementor-button-content-wrapper\">\n\t\t\t\t\t\t<span class=\"elementor-button-icon\">\n\t\t\t\t<i aria-hidden=\"true\" class=\"fas fa-percent\"><\/i>\t\t\t<\/span>\n\t\t\t\t\t\t\t\t\t<span class=\"elementor-button-text\">Aktuelle Angebote<\/span>\n\t\t\t\t\t<\/span>\n\t\t\t\t\t<\/a>\n\t\t\t\t<\/div>\n\t\t\t\t\t\t\t\t<\/div>\n\t\t\t\t<\/div>\n\t\t\t\t<div class=\"elementor-element elementor-element-62c1b5b6 elementor-align-center elementor-widget__width-auto elementor-widget elementor-widget-button\" data-id=\"62c1b5b6\" data-element_type=\"widget\" data-e-type=\"widget\" data-widget_type=\"button.default\">\n\t\t\t\t<div class=\"elementor-widget-container\">\n\t\t\t\t\t\t\t\t\t<div class=\"elementor-button-wrapper\">\n\t\t\t\t\t<a class=\"elementor-button elementor-button-link elementor-size-sm\" href=\"https:\/\/ahorn-camp.de\/preislisten-kataloge\/\" target=\"_blank\">\n\t\t\t\t\t\t<span class=\"elementor-button-content-wrapper\">\n\t\t\t\t\t\t<span class=\"elementor-button-icon\">\n\t\t\t\t<i aria-hidden=\"true\" class=\"fas fa-euro-sign\"><\/i>\t\t\t<\/span>\n\t\t\t\t\t\t\t\t\t<span class=\"elementor-button-text\">Kataloge &amp; Preislisten<\/span>\n\t\t\t\t\t<\/span>\n\t\t\t\t\t<\/a>\n\t\t\t\t<\/div>\n\t\t\t\t\t\t\t\t<\/div>\n\t\t\t\t<\/div>\n\t\t\t\t\t<\/div>\n\t\t<\/div>\n\t\t\t\t\t<\/div>\n\t\t<\/section>\n\t\t\t\t<section class=\"elementor-section elementor-top-section elementor-element elementor-element-48f0937e elementor-section-stretched elementor-hidden-desktop elementor-section-boxed elementor-section-height-default elementor-section-height-default\" data-id=\"48f0937e\" data-element_type=\"section\" data-e-type=\"section\" data-settings=\"{&quot;stretch_section&quot;:&quot;section-stretched&quot;,&quot;background_background&quot;:&quot;classic&quot;,&quot;sticky&quot;:&quot;bottom&quot;,&quot;sticky_on&quot;:[&quot;desktop&quot;,&quot;tablet&quot;,&quot;mobile&quot;],&quot;sticky_offset&quot;:0,&quot;sticky_effects_offset&quot;:0,&quot;sticky_anchor_link_offset&quot;:0}\">\n\t\t\t\t\t\t<div class=\"elementor-container elementor-column-gap-default\">\n\t\t\t\t\t<div class=\"elementor-column elementor-col-100 elementor-top-column elementor-element elementor-element-4d6ee6dc\" data-id=\"4d6ee6dc\" data-element_type=\"column\" data-e-type=\"column\">\n\t\t\t<div class=\"elementor-widget-wrap elementor-element-populated\">\n\t\t\t\t\t\t<div class=\"elementor-element elementor-element-5413ced9 elementor-align-center elementor-widget__width-auto elementor-widget elementor-widget-button\" data-id=\"5413ced9\" data-element_type=\"widget\" data-e-type=\"widget\" data-widget_type=\"button.default\">\n\t\t\t\t<div class=\"elementor-widget-container\">\n\t\t\t\t\t\t\t\t\t<div class=\"elementor-button-wrapper\">\n\t\t\t\t\t<a class=\"elementor-button elementor-button-link elementor-size-sm\" href=\"#elementor-action%3Aaction%3Dpopup%3Aopen%26settings%3DeyJpZCI6IjMxNjk2IiwidG9nZ2xlIjpmYWxzZX0%3D\" target=\"_blank\">\n\t\t\t\t\t\t<span class=\"elementor-button-content-wrapper\">\n\t\t\t\t\t\t<span class=\"elementor-button-icon\">\n\t\t\t\t<i aria-hidden=\"true\" class=\"jki jki-calendar-page-empty-light\"><\/i>\t\t\t<\/span>\n\t\t\t\t\t\t\t\t<\/span>\n\t\t\t\t\t<\/a>\n\t\t\t\t<\/div>\n\t\t\t\t\t\t\t\t<\/div>\n\t\t\t\t<\/div>\n\t\t\t\t<div class=\"elementor-element elementor-element-52fceb14 elementor-align-center elementor-widget__width-auto elementor-widget elementor-widget-button\" data-id=\"52fceb14\" data-element_type=\"widget\" data-e-type=\"widget\" data-widget_type=\"button.default\">\n\t\t\t\t<div class=\"elementor-widget-container\">\n\t\t\t\t\t\t\t\t\t<div class=\"elementor-button-wrapper\">\n\t\t\t\t\t<a class=\"elementor-button elementor-button-link elementor-size-sm\" href=\"https:\/\/ahorn-camp.de\/handelspartner\/\" target=\"_blank\">\n\t\t\t\t\t\t<span class=\"elementor-button-content-wrapper\">\n\t\t\t\t\t\t<span class=\"elementor-button-icon\">\n\t\t\t\t<i aria-hidden=\"true\" class=\"icon icon-location\"><\/i>\t\t\t<\/span>\n\t\t\t\t\t\t\t\t<\/span>\n\t\t\t\t\t<\/a>\n\t\t\t\t<\/div>\n\t\t\t\t\t\t\t\t<\/div>\n\t\t\t\t<\/div>\n\t\t\t\t<div class=\"elementor-element elementor-element-31f6a27c elementor-align-center elementor-widget__width-auto elementor-widget elementor-widget-button\" data-id=\"31f6a27c\" data-element_type=\"widget\" data-e-type=\"widget\" data-widget_type=\"button.default\">\n\t\t\t\t<div class=\"elementor-widget-container\">\n\t\t\t\t\t\t\t\t\t<div class=\"elementor-button-wrapper\">\n\t\t\t\t\t<a class=\"elementor-button elementor-button-link elementor-size-sm\" href=\"https:\/\/ahorn-camp.de\/angebote\/\" target=\"_blank\">\n\t\t\t\t\t\t<span class=\"elementor-button-content-wrapper\">\n\t\t\t\t\t\t<span class=\"elementor-button-icon\">\n\t\t\t\t<i aria-hidden=\"true\" class=\"fas fa-percent\"><\/i>\t\t\t<\/span>\n\t\t\t\t\t\t\t\t<\/span>\n\t\t\t\t\t<\/a>\n\t\t\t\t<\/div>\n\t\t\t\t\t\t\t\t<\/div>\n\t\t\t\t<\/div>\n\t\t\t\t<div class=\"elementor-element elementor-element-567509ec elementor-align-center elementor-widget__width-auto elementor-widget elementor-widget-button\" data-id=\"567509ec\" data-element_type=\"widget\" data-e-type=\"widget\" data-widget_type=\"button.default\">\n\t\t\t\t<div class=\"elementor-widget-container\">\n\t\t\t\t\t\t\t\t\t<div class=\"elementor-button-wrapper\">\n\t\t\t\t\t<a class=\"elementor-button elementor-button-link elementor-size-sm\" href=\"https:\/\/ahorn-camp.de\/preislisten-kataloge\/\" target=\"_blank\">\n\t\t\t\t\t\t<span class=\"elementor-button-content-wrapper\">\n\t\t\t\t\t\t<span class=\"elementor-button-icon\">\n\t\t\t\t<i aria-hidden=\"true\" class=\"fas fa-euro-sign\"><\/i>\t\t\t<\/span>\n\t\t\t\t\t\t\t\t<\/span>\n\t\t\t\t\t<\/a>\n\t\t\t\t<\/div>\n\t\t\t\t\t\t\t\t<\/div>\n\t\t\t\t<\/div>\n\t\t\t\t\t<\/div>\n\t\t<\/div>\n\t\t\t\t\t<\/div>\n\t\t<\/section>\n\t\t\t\t<\/div>\n\t\t","protected":false},"excerpt":{"rendered":"<p>Ahorn Camp Canada TU <\/p>\n<p> <img decoding=\"async\" src=\"https:\/\/ahorn-camp.de\/wp-content\/uploads\/2024\/02\/Canda-TU-768x512.png\" alt=\"Ahorn Canada TU\" data-image=\"https:\/\/ahorn-camp.de\/wp-content\/uploads\/2024\/02\/Canda-TU.png\" data-title=\"Ahorn Canada TU\" \/><br \/> <img decoding=\"async\" src=\"https:\/\/ahorn-camp.de\/wp-content\/uploads\/2022\/06\/t8GKKDH0-768x543.png\" alt=\"Canada TU Grundriss mit optionalem Hubbett\" data-image=\"https:\/\/ahorn-camp.de\/wp-content\/uploads\/2022\/06\/t8GKKDH0.png\" data-title=\"Canada TU Grundriss mit optionalem Hubbett\" data-description=\"Canada TU Grundriss mit optionalem Hubbett\" \/><br \/> <img decoding=\"async\" src=\"https:\/\/ahorn-camp.de\/wp-content\/uploads\/2020\/11\/ahorn-Canada-TU-2021-Heck_small-768x512.png\" alt=\"Ahorn Canada TU\" data-image=\"https:\/\/ahorn-camp.de\/wp-content\/uploads\/2020\/11\/ahorn-Canada-TU-2021-Heck_small-1024x683.png\" data-title=\"Ahorn Canada TU\" \/> <\/p>\n<p> Flexibel, ger\u00e4umig und mit Panoramablick f\u00fcr entspannte Momente unterwegs <\/p>\n<p data-start=\"189\" data-end=\"622\">Die gro\u00dfe U-Sitzgruppe im Heck l\u00e4dt mit ihrem optionalen weiten Panoramablick zum Verweilen ein und bietet reichlich Platz f\u00fcr gesellige Stunden. Erg\u00e4nzt wird sie durch eine zus\u00e4tzliche, flexible Sitzgruppe im vorderen Bereich. Zwei komfortable Hubbetten \u2013 jeweils vorne und hinten \u2013 schaffen bequeme Schlafpl\u00e4tze f\u00fcr mehrere Personen, ganz ohne Umbauaufwand. Ideal f\u00fcr alle, die unterwegs auf Raum, Aussicht und Komfort nicht verzichten m\u00f6chten.<\/p>\n<p> Fahrzeugdaten <\/p>\n<ul>\n<li>Sitzpl\u00e4tze \/ Schlafpl\u00e4tze: 4 \/ 2 (4)<\/li>\n<li>L\u00e4nge x Breite x H\u00f6he (m): 6,97 x 2,34 x 2,96<\/li>\n<li>Bettma\u00dfe Hubbett vorne optional* (m): 1,22 [&#8230;]<\/li>\n<\/ul>\n","protected":false},"author":26,"featured_media":8468,"parent":20056,"menu_order":106,"comment_status":"closed","ping_status":"closed","template":"","meta":{"content-type":"","footnotes":""},"class_list":["post-20083","page","type-page","status-publish","has-post-thumbnail","hentry"],"yoast_head":"<!-- This site is optimized with the Yoast SEO plugin v27.4 - https:\/\/yoast.com\/product\/yoast-seo-wordpress\/ -->\n<title>CANADA TU - Ahorn Camp | Reisemobile und Kastenwagen<\/title>\n<meta name=\"robots\" content=\"noindex, nofollow\" \/>\n<meta property=\"og:locale\" content=\"en_US\" \/>\n<meta property=\"og:type\" content=\"article\" \/>\n<meta property=\"og:title\" content=\"CANADA TU - Ahorn Camp | Reisemobile und Kastenwagen\" \/>\n<meta property=\"og:description\" content=\"Ahorn Camp Canada TU   Flexibel, ger\u00e4umig und mit Panoramablick f\u00fcr entspannte Momente unterwegs Die gro\u00dfe U-Sitzgruppe im Heck l\u00e4dt mit ihrem optionalen weiten Panoramablick zum Verweilen ein und bietet reichlich Platz f\u00fcr gesellige Stunden. Erg\u00e4nzt wird sie durch eine zus\u00e4tzliche, flexible Sitzgruppe im vorderen Bereich. Zwei komfortable Hubbetten \u2013 jeweils vorne und hinten \u2013 schaffen bequeme Schlafpl\u00e4tze f\u00fcr mehrere Personen, ganz ohne Umbauaufwand. Ideal f\u00fcr alle, die unterwegs auf Raum, Aussicht und Komfort nicht verzichten m\u00f6chten. Fahrzeugdaten Sitzpl\u00e4tze \/ Schlafpl\u00e4tze: 4 \/ 2 (4) L\u00e4nge x Breite x H\u00f6he (m): 6,97 x 2,34 x 2,96 Bettma\u00dfe Hubbett vorne optional* (m): 1,22 [...]\" \/>\n<meta property=\"og:url\" content=\"https:\/\/ahorn-camp.de\/en\/ahorn-motorhomes\/semi-integrated-motorhomes\/semi-integrated-models-2024\/canada-tu\/\" \/>\n<meta property=\"og:site_name\" content=\"Ahorn Camp | Reisemobile und Kastenwagen\" \/>\n<meta property=\"article:publisher\" content=\"https:\/\/www.facebook.com\/ahorn.wohnmobile\/\" \/>\n<meta property=\"article:modified_time\" content=\"2025-09-01T09:18:16+00:00\" \/>\n<meta property=\"og:image\" content=\"https:\/\/ahorn-camp.de\/wp-content\/uploads\/2020\/09\/ahorn-Canada-TU-2021-vorne_small.png\" \/>\n\t<meta property=\"og:image:width\" content=\"1200\" \/>\n\t<meta property=\"og:image:height\" content=\"800\" \/>\n\t<meta property=\"og:image:type\" content=\"image\/png\" \/>\n<meta name=\"twitter:card\" content=\"summary_large_image\" \/>\n<meta name=\"twitter:label1\" content=\"Est. reading time\" \/>\n\t<meta name=\"twitter:data1\" content=\"8 minutes\" \/>\n<script type=\"application\/ld+json\" class=\"yoast-schema-graph\">{\"@context\":\"https:\\\/\\\/schema.org\",\"@graph\":[{\"@type\":\"WebPage\",\"@id\":\"https:\\\/\\\/ahorn-camp.de\\\/ahorn-reisemobile\\\/teilintegrierte-wohnmobile\\\/teilintegrierte-modelle-2024\\\/canada-tu\\\/\",\"url\":\"https:\\\/\\\/ahorn-camp.de\\\/ahorn-reisemobile\\\/teilintegrierte-wohnmobile\\\/teilintegrierte-modelle-2024\\\/canada-tu\\\/\",\"name\":\"CANADA TU - Ahorn Camp | Reisemobile und Kastenwagen\",\"isPartOf\":{\"@id\":\"https:\\\/\\\/ahorn-camp.de\\\/#website\"},\"primaryImageOfPage\":{\"@id\":\"https:\\\/\\\/ahorn-camp.de\\\/ahorn-reisemobile\\\/teilintegrierte-wohnmobile\\\/teilintegrierte-modelle-2024\\\/canada-tu\\\/#primaryimage\"},\"image\":{\"@id\":\"https:\\\/\\\/ahorn-camp.de\\\/ahorn-reisemobile\\\/teilintegrierte-wohnmobile\\\/teilintegrierte-modelle-2024\\\/canada-tu\\\/#primaryimage\"},\"thumbnailUrl\":\"https:\\\/\\\/ahorn-camp.de\\\/wp-content\\\/uploads\\\/2020\\\/09\\\/ahorn-Canada-TU-2021-vorne_small.png\",\"datePublished\":\"2023-09-22T09:17:44+00:00\",\"dateModified\":\"2025-09-01T09:18:16+00:00\",\"breadcrumb\":{\"@id\":\"https:\\\/\\\/ahorn-camp.de\\\/ahorn-reisemobile\\\/teilintegrierte-wohnmobile\\\/teilintegrierte-modelle-2024\\\/canada-tu\\\/#breadcrumb\"},\"inLanguage\":\"en-US\",\"potentialAction\":[{\"@type\":\"ReadAction\",\"target\":[\"https:\\\/\\\/ahorn-camp.de\\\/ahorn-reisemobile\\\/teilintegrierte-wohnmobile\\\/teilintegrierte-modelle-2024\\\/canada-tu\\\/\"]}]},{\"@type\":\"ImageObject\",\"inLanguage\":\"en-US\",\"@id\":\"https:\\\/\\\/ahorn-camp.de\\\/ahorn-reisemobile\\\/teilintegrierte-wohnmobile\\\/teilintegrierte-modelle-2024\\\/canada-tu\\\/#primaryimage\",\"url\":\"https:\\\/\\\/ahorn-camp.de\\\/wp-content\\\/uploads\\\/2020\\\/09\\\/ahorn-Canada-TU-2021-vorne_small.png\",\"contentUrl\":\"https:\\\/\\\/ahorn-camp.de\\\/wp-content\\\/uploads\\\/2020\\\/09\\\/ahorn-Canada-TU-2021-vorne_small.png\",\"width\":1200,\"height\":800,\"caption\":\"Canada TU teilintegriertes Wohnmobil von vorne\"},{\"@type\":\"BreadcrumbList\",\"@id\":\"https:\\\/\\\/ahorn-camp.de\\\/ahorn-reisemobile\\\/teilintegrierte-wohnmobile\\\/teilintegrierte-modelle-2024\\\/canada-tu\\\/#breadcrumb\",\"itemListElement\":[{\"@type\":\"ListItem\",\"position\":1,\"name\":\"Startseite\",\"item\":\"https:\\\/\\\/ahorn-camp.de\\\/\"},{\"@type\":\"ListItem\",\"position\":2,\"name\":\"Modell\u00fcbersicht\",\"item\":\"https:\\\/\\\/ahorn-camp.de\\\/ahorn-reisemobile\\\/\"},{\"@type\":\"ListItem\",\"position\":3,\"name\":\"Teilintegriertes Wohnmobil kaufen bei Ahorn Camp\",\"item\":\"https:\\\/\\\/ahorn-camp.de\\\/ahorn-reisemobile\\\/teilintegrierte-wohnmobile\\\/\"},{\"@type\":\"ListItem\",\"position\":4,\"name\":\"Teilintegrierte Modelle 2024\",\"item\":\"https:\\\/\\\/ahorn-camp.de\\\/ahorn-reisemobile\\\/teilintegrierte-wohnmobile\\\/teilintegrierte-modelle-2024\\\/\"},{\"@type\":\"ListItem\",\"position\":5,\"name\":\"CANADA TU\"}]},{\"@type\":\"WebSite\",\"@id\":\"https:\\\/\\\/ahorn-camp.de\\\/#website\",\"url\":\"https:\\\/\\\/ahorn-camp.de\\\/\",\"name\":\"Ahorn Camp | Reisemobile und Kastenwagen\",\"description\":\"Seit \u00fcber 30 Jahren vermarktet das Familienunternehmen, Ahorn Camp in Speyer, erfolgreich Wohnmobile und Kastenwagen zum besten Preis-Leistungsverh\u00e4ltnis.\",\"publisher\":{\"@id\":\"https:\\\/\\\/ahorn-camp.de\\\/#organization\"},\"potentialAction\":[{\"@type\":\"SearchAction\",\"target\":{\"@type\":\"EntryPoint\",\"urlTemplate\":\"https:\\\/\\\/ahorn-camp.de\\\/?s={search_term_string}\"},\"query-input\":{\"@type\":\"PropertyValueSpecification\",\"valueRequired\":true,\"valueName\":\"search_term_string\"}}],\"inLanguage\":\"en-US\"},{\"@type\":\"Organization\",\"@id\":\"https:\\\/\\\/ahorn-camp.de\\\/#organization\",\"name\":\"Ahorn Camp GmbH & Co. KG\",\"url\":\"https:\\\/\\\/ahorn-camp.de\\\/\",\"logo\":{\"@type\":\"ImageObject\",\"inLanguage\":\"en-US\",\"@id\":\"https:\\\/\\\/ahorn-camp.de\\\/#\\\/schema\\\/logo\\\/image\\\/\",\"url\":\"https:\\\/\\\/ahorn-camp.de\\\/wp-content\\\/uploads\\\/2018\\\/12\\\/Ahorn_Logo.jpg\",\"contentUrl\":\"https:\\\/\\\/ahorn-camp.de\\\/wp-content\\\/uploads\\\/2018\\\/12\\\/Ahorn_Logo.jpg\",\"width\":1437,\"height\":1000,\"caption\":\"Ahorn Camp GmbH & Co. KG\"},\"image\":{\"@id\":\"https:\\\/\\\/ahorn-camp.de\\\/#\\\/schema\\\/logo\\\/image\\\/\"},\"sameAs\":[\"https:\\\/\\\/www.facebook.com\\\/ahorn.wohnmobile\\\/\",\"https:\\\/\\\/www.instagram.com\\\/ahorn.camp\\\/\",\"https:\\\/\\\/www.youtube.com\\\/channel\\\/UCPFbPCts1JJ_A1k9vyH0yOQ\"]}]}<\/script>\n<!-- \/ Yoast SEO plugin. -->","yoast_head_json":{"title":"CANADA TU - Ahorn Camp | Motorhomes and camper vans","robots":{"index":"noindex","follow":"nofollow"},"og_locale":"en_US","og_type":"article","og_title":"CANADA TU - Ahorn Camp | Reisemobile und Kastenwagen","og_description":"Ahorn Camp Canada TU   Flexibel, ger\u00e4umig und mit Panoramablick f\u00fcr entspannte Momente unterwegs Die gro\u00dfe U-Sitzgruppe im Heck l\u00e4dt mit ihrem optionalen weiten Panoramablick zum Verweilen ein und bietet reichlich Platz f\u00fcr gesellige Stunden. Erg\u00e4nzt wird sie durch eine zus\u00e4tzliche, flexible Sitzgruppe im vorderen Bereich. Zwei komfortable Hubbetten \u2013 jeweils vorne und hinten \u2013 schaffen bequeme Schlafpl\u00e4tze f\u00fcr mehrere Personen, ganz ohne Umbauaufwand. Ideal f\u00fcr alle, die unterwegs auf Raum, Aussicht und Komfort nicht verzichten m\u00f6chten. Fahrzeugdaten Sitzpl\u00e4tze \/ Schlafpl\u00e4tze: 4 \/ 2 (4) L\u00e4nge x Breite x H\u00f6he (m): 6,97 x 2,34 x 2,96 Bettma\u00dfe Hubbett vorne optional* (m): 1,22 [...]","og_url":"https:\/\/ahorn-camp.de\/en\/ahorn-motorhomes\/semi-integrated-motorhomes\/semi-integrated-models-2024\/canada-tu\/","og_site_name":"Ahorn Camp | Reisemobile und Kastenwagen","article_publisher":"https:\/\/www.facebook.com\/ahorn.wohnmobile\/","article_modified_time":"2025-09-01T09:18:16+00:00","og_image":[{"width":1200,"height":800,"url":"https:\/\/ahorn-camp.de\/wp-content\/uploads\/2020\/09\/ahorn-Canada-TU-2021-vorne_small.png","type":"image\/png"}],"twitter_card":"summary_large_image","twitter_misc":{"Est. reading time":"8 minutes"},"schema":{"@context":"https:\/\/schema.org","@graph":[{"@type":"WebPage","@id":"https:\/\/ahorn-camp.de\/ahorn-reisemobile\/teilintegrierte-wohnmobile\/teilintegrierte-modelle-2024\/canada-tu\/","url":"https:\/\/ahorn-camp.de\/ahorn-reisemobile\/teilintegrierte-wohnmobile\/teilintegrierte-modelle-2024\/canada-tu\/","name":"CANADA TU - Ahorn Camp | Motorhomes and camper vans","isPartOf":{"@id":"https:\/\/ahorn-camp.de\/#website"},"primaryImageOfPage":{"@id":"https:\/\/ahorn-camp.de\/ahorn-reisemobile\/teilintegrierte-wohnmobile\/teilintegrierte-modelle-2024\/canada-tu\/#primaryimage"},"image":{"@id":"https:\/\/ahorn-camp.de\/ahorn-reisemobile\/teilintegrierte-wohnmobile\/teilintegrierte-modelle-2024\/canada-tu\/#primaryimage"},"thumbnailUrl":"https:\/\/ahorn-camp.de\/wp-content\/uploads\/2020\/09\/ahorn-Canada-TU-2021-vorne_small.png","datePublished":"2023-09-22T09:17:44+00:00","dateModified":"2025-09-01T09:18:16+00:00","breadcrumb":{"@id":"https:\/\/ahorn-camp.de\/ahorn-reisemobile\/teilintegrierte-wohnmobile\/teilintegrierte-modelle-2024\/canada-tu\/#breadcrumb"},"inLanguage":"en-US","potentialAction":[{"@type":"ReadAction","target":["https:\/\/ahorn-camp.de\/ahorn-reisemobile\/teilintegrierte-wohnmobile\/teilintegrierte-modelle-2024\/canada-tu\/"]}]},{"@type":"ImageObject","inLanguage":"en-US","@id":"https:\/\/ahorn-camp.de\/ahorn-reisemobile\/teilintegrierte-wohnmobile\/teilintegrierte-modelle-2024\/canada-tu\/#primaryimage","url":"https:\/\/ahorn-camp.de\/wp-content\/uploads\/2020\/09\/ahorn-Canada-TU-2021-vorne_small.png","contentUrl":"https:\/\/ahorn-camp.de\/wp-content\/uploads\/2020\/09\/ahorn-Canada-TU-2021-vorne_small.png","width":1200,"height":800,"caption":"Canada TU teilintegriertes Wohnmobil von vorne"},{"@type":"BreadcrumbList","@id":"https:\/\/ahorn-camp.de\/ahorn-reisemobile\/teilintegrierte-wohnmobile\/teilintegrierte-modelle-2024\/canada-tu\/#breadcrumb","itemListElement":[{"@type":"ListItem","position":1,"name":"Startseite","item":"https:\/\/ahorn-camp.de\/"},{"@type":"ListItem","position":2,"name":"Modell\u00fcbersicht","item":"https:\/\/ahorn-camp.de\/ahorn-reisemobile\/"},{"@type":"ListItem","position":3,"name":"Teilintegriertes Wohnmobil kaufen bei Ahorn Camp","item":"https:\/\/ahorn-camp.de\/ahorn-reisemobile\/teilintegrierte-wohnmobile\/"},{"@type":"ListItem","position":4,"name":"Teilintegrierte Modelle 2024","item":"https:\/\/ahorn-camp.de\/ahorn-reisemobile\/teilintegrierte-wohnmobile\/teilintegrierte-modelle-2024\/"},{"@type":"ListItem","position":5,"name":"CANADA TU"}]},{"@type":"WebSite","@id":"https:\/\/ahorn-camp.de\/#website","url":"https:\/\/ahorn-camp.de\/","name":"Ahorn Camp | Motorhomes and camper vans","description":"For over 30 years, the family business, Ahorn Camp in Speyer, has successfully marketed motorhomes and camper vans at the best price-performance ratio.","publisher":{"@id":"https:\/\/ahorn-camp.de\/#organization"},"potentialAction":[{"@type":"SearchAction","target":{"@type":"EntryPoint","urlTemplate":"https:\/\/ahorn-camp.de\/?s={search_term_string}"},"query-input":{"@type":"PropertyValueSpecification","valueRequired":true,"valueName":"search_term_string"}}],"inLanguage":"en-US"},{"@type":"Organization","@id":"https:\/\/ahorn-camp.de\/#organization","name":"Ahorn Camp GmbH &amp; Co. KG","url":"https:\/\/ahorn-camp.de\/","logo":{"@type":"ImageObject","inLanguage":"en-US","@id":"https:\/\/ahorn-camp.de\/#\/schema\/logo\/image\/","url":"https:\/\/ahorn-camp.de\/wp-content\/uploads\/2018\/12\/Ahorn_Logo.jpg","contentUrl":"https:\/\/ahorn-camp.de\/wp-content\/uploads\/2018\/12\/Ahorn_Logo.jpg","width":1437,"height":1000,"caption":"Ahorn Camp GmbH & Co. KG"},"image":{"@id":"https:\/\/ahorn-camp.de\/#\/schema\/logo\/image\/"},"sameAs":["https:\/\/www.facebook.com\/ahorn.wohnmobile\/","https:\/\/www.instagram.com\/ahorn.camp\/","https:\/\/www.youtube.com\/channel\/UCPFbPCts1JJ_A1k9vyH0yOQ"]}]}},"_links":{"self":[{"href":"https:\/\/ahorn-camp.de\/en\/wp-json\/wp\/v2\/pages\/20083","targetHints":{"allow":["GET"]}}],"collection":[{"href":"https:\/\/ahorn-camp.de\/en\/wp-json\/wp\/v2\/pages"}],"about":[{"href":"https:\/\/ahorn-camp.de\/en\/wp-json\/wp\/v2\/types\/page"}],"author":[{"embeddable":true,"href":"https:\/\/ahorn-camp.de\/en\/wp-json\/wp\/v2\/users\/26"}],"replies":[{"embeddable":true,"href":"https:\/\/ahorn-camp.de\/en\/wp-json\/wp\/v2\/comments?post=20083"}],"version-history":[{"count":10,"href":"https:\/\/ahorn-camp.de\/en\/wp-json\/wp\/v2\/pages\/20083\/revisions"}],"predecessor-version":[{"id":34228,"href":"https:\/\/ahorn-camp.de\/en\/wp-json\/wp\/v2\/pages\/20083\/revisions\/34228"}],"up":[{"embeddable":true,"href":"https:\/\/ahorn-camp.de\/en\/wp-json\/wp\/v2\/pages\/20056"}],"wp:featuredmedia":[{"embeddable":true,"href":"https:\/\/ahorn-camp.de\/en\/wp-json\/wp\/v2\/media\/8468"}],"wp:attachment":[{"href":"https:\/\/ahorn-camp.de\/en\/wp-json\/wp\/v2\/media?parent=20083"}],"curies":[{"name":"wp","href":"https:\/\/api.w.org\/{rel}","templated":true}]}}