{"id":20081,"date":"2023-09-22T11:17:43","date_gmt":"2023-09-22T09:17:43","guid":{"rendered":"https:\/\/ahorn-camp.de\/?page_id=20081"},"modified":"2025-09-01T11:12:33","modified_gmt":"2025-09-01T09:12:33","slug":"canada-tf","status":"publish","type":"page","link":"https:\/\/ahorn-camp.de\/en\/ahorn-reisemobile\/teilintegrierte-wohnmobile\/teilintegrierte-modelle-2024\/canada-tf\/","title":{"rendered":"CANADA TF"},"content":{"rendered":"\t\t<div data-elementor-type=\"wp-page\" data-elementor-id=\"20081\" class=\"elementor elementor-20081\" data-elementor-post-type=\"page\">\n\t\t\t\t\t\t<section class=\"elementor-section elementor-top-section elementor-element elementor-element-1e5f870f elementor-section-height-min-height elementor-section-items-bottom elementor-section-stretched elementor-section-boxed elementor-section-height-default\" data-id=\"1e5f870f\" data-element_type=\"section\" data-e-type=\"section\" data-settings=\"{&quot;stretch_section&quot;:&quot;section-stretched&quot;,&quot;background_background&quot;:&quot;classic&quot;}\">\n\t\t\t\t\t\t\t<div class=\"elementor-background-overlay\"><\/div>\n\t\t\t\t\t\t\t<div class=\"elementor-container elementor-column-gap-default\">\n\t\t\t\t\t<div class=\"elementor-column elementor-col-100 elementor-top-column elementor-element elementor-element-1de08818\" data-id=\"1de08818\" data-element_type=\"column\" data-e-type=\"column\">\n\t\t\t<div class=\"elementor-widget-wrap elementor-element-populated\">\n\t\t\t\t\t\t<div class=\"elementor-element elementor-element-7d9079ff elementor-widget elementor-widget-heading\" data-id=\"7d9079ff\" data-element_type=\"widget\" data-e-type=\"widget\" data-widget_type=\"heading.default\">\n\t\t\t\t<div class=\"elementor-widget-container\">\n\t\t\t\t\t<h1 class=\"elementor-heading-title elementor-size-default\">Ahorn Camp Canada TF<\/h1>\t\t\t\t<\/div>\n\t\t\t\t<\/div>\n\t\t\t\t\t<\/div>\n\t\t<\/div>\n\t\t\t\t\t<\/div>\n\t\t<\/section>\n\t\t\t\t<section class=\"elementor-section elementor-top-section elementor-element elementor-element-2cddff37 elementor-section-stretched elementor-section-boxed elementor-section-height-default elementor-section-height-default\" data-id=\"2cddff37\" data-element_type=\"section\" data-e-type=\"section\" data-settings=\"{&quot;stretch_section&quot;:&quot;section-stretched&quot;}\">\n\t\t\t\t\t\t<div class=\"elementor-container elementor-column-gap-default\">\n\t\t\t\t\t<div class=\"elementor-column elementor-col-50 elementor-top-column elementor-element elementor-element-6e1f2fb4\" data-id=\"6e1f2fb4\" data-element_type=\"column\" data-e-type=\"column\">\n\t\t\t<div class=\"elementor-widget-wrap elementor-element-populated\">\n\t\t\t\t\t\t<div class=\"elementor-element elementor-element-57aff544 elementor-widget elementor-widget-ucaddon_uc_image_default_theme\" data-id=\"57aff544\" data-element_type=\"widget\" data-e-type=\"widget\" data-widget_type=\"ucaddon_uc_image_default_theme.default\">\n\t\t\t\t<div class=\"elementor-widget-container\">\n\t\t\t\t\t\n<!-- start Thumbnail Gallery -->\n\t\t<link id='unitegallery-css' href='https:\/\/ahorn-camp.de\/wp-content\/plugins\/unlimited-elements-for-elementor-premium\/assets_libraries\/unitegallery\/css\/unite-gallery.css' type='text\/css' rel='stylesheet' >\n\t\t<link id='uc_ac_assets_file_ug_theme_default_css_3038-css' href='https:\/\/ahorn-camp.de\/wp-content\/uploads\/ac_assets\/uc_image_default_theme\/ug-theme-default.css' type='text\/css' rel='stylesheet' >\n\n\n<div id=\"uc_uc_image_default_theme_elementor_57aff544\" class=\"uc-items-wrapper  \" style=\"display:none; margin:0 auto;\"  data-remote-type=\"gallery\" data-custom-sethtml=\"true\" >\n\n\n<img decoding=\"async\" alt=\"Ahorn Canada TF\"\n   src=\"https:\/\/ahorn-camp.de\/wp-content\/uploads\/2024\/02\/2024-02-WebIcons-_0001s_0002_Canada-TF-768x512.png\"\n    data-image=\"https:\/\/ahorn-camp.de\/wp-content\/uploads\/2024\/02\/2024-02-WebIcons-_0001s_0002_Canada-TF.png\"\n    data-title=\"Ahorn Canada TF\">\n\n<img decoding=\"async\" alt=\"Ahorn Canada TF Grundriss\"\n   src=\"https:\/\/ahorn-camp.de\/wp-content\/uploads\/2022\/06\/Canada-TF_NACHT-und-TAG-Icon_mitStern-768x543.png\"\n    data-image=\"https:\/\/ahorn-camp.de\/wp-content\/uploads\/2022\/06\/Canada-TF_NACHT-und-TAG-Icon_mitStern.png\"\n    data-title=\"Ahorn Canada TF Grundriss\">\n\n<img decoding=\"async\" alt=\"Ahorn Camp Canada TF\"\n   src=\"https:\/\/ahorn-camp.de\/wp-content\/uploads\/2020\/09\/AHORN-CANADA-TF-AUSSEN-RECHTS-2000-768x512.png\"\n    data-image=\"https:\/\/ahorn-camp.de\/wp-content\/uploads\/2020\/09\/AHORN-CANADA-TF-AUSSEN-RECHTS-2000-1024x683.png\"\n    data-title=\"Ahorn Camp Canada TF\">\n\n<img decoding=\"async\" alt=\"Ahorn Camp Canada TF\"\n   src=\"https:\/\/ahorn-camp.de\/wp-content\/uploads\/2020\/09\/AHORN-CANADA-TF-AUSSEN-LINKS-2000-768x512.png\"\n    data-image=\"https:\/\/ahorn-camp.de\/wp-content\/uploads\/2020\/09\/AHORN-CANADA-TF-AUSSEN-LINKS-2000-1024x682.png\"\n    data-title=\"Ahorn Camp Canada TF\">\n\n<img decoding=\"async\" alt=\"Ahorn Camp Canada TF\"\n   src=\"https:\/\/ahorn-camp.de\/wp-content\/uploads\/2020\/09\/AHORN-CANADA-TF-AUSSEN-HECK-2000-768x512.png\"\n    data-image=\"https:\/\/ahorn-camp.de\/wp-content\/uploads\/2020\/09\/AHORN-CANADA-TF-AUSSEN-HECK-2000-1024x682.png\"\n    data-title=\"Ahorn Camp Canada TF\">\n\n  \n<\/div>\n<!-- end Thumbnail Gallery -->\t\t\t\t<\/div>\n\t\t\t\t<\/div>\n\t\t\t\t\t<\/div>\n\t\t<\/div>\n\t\t\t\t<div class=\"elementor-column elementor-col-50 elementor-top-column elementor-element elementor-element-6b693ad5\" data-id=\"6b693ad5\" data-element_type=\"column\" data-e-type=\"column\" data-settings=\"{&quot;background_background&quot;:&quot;classic&quot;}\">\n\t\t\t<div class=\"elementor-widget-wrap elementor-element-populated\">\n\t\t\t\t\t\t<div class=\"elementor-element elementor-element-48823217 elementor-widget elementor-widget-heading\" data-id=\"48823217\" data-element_type=\"widget\" data-e-type=\"widget\" data-widget_type=\"heading.default\">\n\t\t\t\t<div class=\"elementor-widget-container\">\n\t\t\t\t\t<h2 class=\"elementor-heading-title elementor-size-default\">Gesellig und komfortabel \u2013 Dein perfekter Reisebegleiter f\u00fcr Touren mit Freunden<\/h2>\t\t\t\t<\/div>\n\t\t\t\t<\/div>\n\t\t\t\t<div class=\"elementor-element elementor-element-55f3624c elementor-widget elementor-widget-text-editor\" data-id=\"55f3624c\" data-element_type=\"widget\" data-e-type=\"widget\" data-widget_type=\"text-editor.default\">\n\t\t\t\t<div class=\"elementor-widget-container\">\n\t\t\t\t\t\t\t\t\t<p class=\"\" data-start=\"214\" data-end=\"650\">Der Canada TF vereint Komfort und Gemeinschaftsgef\u00fchl in einem durchdachten Raumkonzept. Zwei bequeme Einzelbetten im Heck sorgen f\u00fcr erholsamen Schlaf, w\u00e4hrend die gro\u00dfz\u00fcgige Face-to-Face-Sitzgruppe im vorderen Bereich Platz f\u00fcr bis zu sechs Personen bietet \u2013 ideal f\u00fcr gesellige Abende, gemeinsame Mahlzeiten oder entspannte Gespr\u00e4che unterwegs. Ob zu zweit oder mit Freunden: Der Canada TF ist der ideale Begleiter f\u00fcr unvergessliche Reisen mit maximalem Komfort auf kompaktem Raum.<\/p>\t\t\t\t\t\t\t\t<\/div>\n\t\t\t\t<\/div>\n\t\t\t\t<div class=\"elementor-element elementor-element-305bdb44 elementor-widget elementor-widget-heading\" data-id=\"305bdb44\" data-element_type=\"widget\" data-e-type=\"widget\" data-widget_type=\"heading.default\">\n\t\t\t\t<div class=\"elementor-widget-container\">\n\t\t\t\t\t<h2 class=\"elementor-heading-title elementor-size-default\">Fahrzeugdaten<\/h2>\t\t\t\t<\/div>\n\t\t\t\t<\/div>\n\t\t\t\t<div class=\"elementor-element elementor-element-5a74b2c5 elementor-widget-divider--view-line elementor-widget elementor-widget-divider\" data-id=\"5a74b2c5\" data-element_type=\"widget\" data-e-type=\"widget\" data-widget_type=\"divider.default\">\n\t\t\t\t<div class=\"elementor-widget-container\">\n\t\t\t\t\t\t\t<div class=\"elementor-divider\">\n\t\t\t<span class=\"elementor-divider-separator\">\n\t\t\t\t\t\t<\/span>\n\t\t<\/div>\n\t\t\t\t\t\t<\/div>\n\t\t\t\t<\/div>\n\t\t\t\t<div class=\"elementor-element elementor-element-5875ea5f elementor-icon-list--layout-traditional elementor-list-item-link-full_width elementor-widget elementor-widget-icon-list\" data-id=\"5875ea5f\" data-element_type=\"widget\" data-e-type=\"widget\" data-widget_type=\"icon-list.default\">\n\t\t\t\t<div class=\"elementor-widget-container\">\n\t\t\t\t\t\t\t<ul class=\"elementor-icon-list-items\">\n\t\t\t\t\t\t\t<li class=\"elementor-icon-list-item\">\n\t\t\t\t\t\t\t\t\t\t<span class=\"elementor-icon-list-text\"><i class=\"fa-solid fa-children\" style=\"color: #1b508c;margin-right: 8px\"><\/i>Sitzpl\u00e4tze \/ Schlafpl\u00e4tze: 4 \/ 2 (4)<\/span>\n\t\t\t\t\t\t\t\t\t<\/li>\n\t\t\t\t\t\t\t\t<li class=\"elementor-icon-list-item\">\n\t\t\t\t\t\t\t\t\t\t<span class=\"elementor-icon-list-text\"><i class=\"fa-solid fa-ruler-combined\" style=\"color: #1b508c;margin-right: 8px\"><\/i>L\u00e4nge x Breite x H\u00f6he (m): 7,48 x 2,34 x 2,96<\/span>\n\t\t\t\t\t\t\t\t\t<\/li>\n\t\t\t\t\t\t\t\t<li class=\"elementor-icon-list-item\">\n\t\t\t\t\t\t\t\t\t\t<span class=\"elementor-icon-list-text\"><i class=\"fa-solid fa-bed\" style=\"color: #1b508c;margin-right: 8px\"><\/i>Bettma\u00dfe Einzelbetten* (m): nr. 1: 0,8 \u00d7 1,95 nr. 2: 0,8 \u00d7 2<\/span>\n\t\t\t\t\t\t\t\t\t<\/li>\n\t\t\t\t\t\t\t\t<li class=\"elementor-icon-list-item\">\n\t\t\t\t\t\t\t\t\t\t<span class=\"elementor-icon-list-text\"><i class=\"fa-solid fa-bed\" style=\"color: #1b508c;margin-right: 8px\"><\/i>Bettma\u00dfe Hubbett* (m): 1,20 x 2<\/span>\n\t\t\t\t\t\t\t\t\t<\/li>\n\t\t\t\t\t\t<\/ul>\n\t\t\t\t\t\t<\/div>\n\t\t\t\t<\/div>\n\t\t\t\t<div class=\"elementor-element elementor-element-7d8b6deb elementor-widget elementor-widget-text-editor\" data-id=\"7d8b6deb\" data-element_type=\"widget\" data-e-type=\"widget\" data-widget_type=\"text-editor.default\">\n\t\t\t\t<div class=\"elementor-widget-container\">\n\t\t\t\t\t\t\t\t\t<p><strong><span style=\"color: #1b508c;\">Grundpreis ab 59.900,00 \u20ac<\/span><\/strong><\/p>\t\t\t\t\t\t\t\t<\/div>\n\t\t\t\t<\/div>\n\t\t\t\t<div class=\"elementor-element elementor-element-2ad25cde elementor-widget elementor-widget-text-editor\" data-id=\"2ad25cde\" data-element_type=\"widget\" data-e-type=\"widget\" data-widget_type=\"text-editor.default\">\n\t\t\t\t<div class=\"elementor-widget-container\">\n\t\t\t\t\t\t\t\t\t<p><span style=\"color: #003755;\">inkl. MwSt.<\/span><\/p>\t\t\t\t\t\t\t\t<\/div>\n\t\t\t\t<\/div>\n\t\t\t\t<section class=\"elementor-section elementor-inner-section elementor-element elementor-element-7a3564c7 elementor-section-full_width elementor-section-height-default elementor-section-height-default\" data-id=\"7a3564c7\" data-element_type=\"section\" data-e-type=\"section\">\n\t\t\t\t\t\t<div class=\"elementor-container elementor-column-gap-default\">\n\t\t\t\t\t<div class=\"elementor-column elementor-col-100 elementor-inner-column elementor-element elementor-element-44246de3\" data-id=\"44246de3\" data-element_type=\"column\" data-e-type=\"column\">\n\t\t\t<div class=\"elementor-widget-wrap elementor-element-populated\">\n\t\t\t\t\t\t<div class=\"elementor-element elementor-element-1ce0664a elementor-align-center elementor-widget__width-auto elementor-widget-mobile__width-auto elementor-widget elementor-widget-button\" data-id=\"1ce0664a\" data-element_type=\"widget\" data-e-type=\"widget\" data-widget_type=\"button.default\">\n\t\t\t\t<div class=\"elementor-widget-container\">\n\t\t\t\t\t\t\t\t\t<div class=\"elementor-button-wrapper\">\n\t\t\t\t\t<a class=\"elementor-button elementor-button-link elementor-size-sm\" href=\"#elementor-action%3Aaction%3Dpopup%3Aopen%26settings%3DeyJpZCI6IjMxNzAwIiwidG9nZ2xlIjpmYWxzZX0%3D\" target=\"_blank\">\n\t\t\t\t\t\t<span class=\"elementor-button-content-wrapper\">\n\t\t\t\t\t\t\t\t\t<span class=\"elementor-button-text\">Kontakt<\/span>\n\t\t\t\t\t<\/span>\n\t\t\t\t\t<\/a>\n\t\t\t\t<\/div>\n\t\t\t\t\t\t\t\t<\/div>\n\t\t\t\t<\/div>\n\t\t\t\t<div class=\"elementor-element elementor-element-bccd849 elementor-align-center elementor-widget__width-auto elementor-widget-mobile__width-auto elementor-widget elementor-widget-button\" data-id=\"bccd849\" data-element_type=\"widget\" data-e-type=\"widget\" data-widget_type=\"button.default\">\n\t\t\t\t<div class=\"elementor-widget-container\">\n\t\t\t\t\t\t\t\t\t<div class=\"elementor-button-wrapper\">\n\t\t\t\t\t<a class=\"elementor-button elementor-button-link elementor-size-sm\" href=\"https:\/\/ahorn-camp.de\/angebote\/\" target=\"_blank\">\n\t\t\t\t\t\t<span class=\"elementor-button-content-wrapper\">\n\t\t\t\t\t\t\t\t\t<span class=\"elementor-button-text\">Angebote<\/span>\n\t\t\t\t\t<\/span>\n\t\t\t\t\t<\/a>\n\t\t\t\t<\/div>\n\t\t\t\t\t\t\t\t<\/div>\n\t\t\t\t<\/div>\n\t\t\t\t<div class=\"elementor-element elementor-element-929785 elementor-align-center elementor-widget__width-auto elementor-widget-mobile__width-auto elementor-widget elementor-widget-button\" data-id=\"929785\" data-element_type=\"widget\" data-e-type=\"widget\" data-widget_type=\"button.default\">\n\t\t\t\t<div class=\"elementor-widget-container\">\n\t\t\t\t\t\t\t\t\t<div class=\"elementor-button-wrapper\">\n\t\t\t\t\t<a class=\"elementor-button elementor-button-link elementor-size-sm\" href=\"https:\/\/ahorn-camp.de\/wohnmobil-gebraucht-kaufen\/\" target=\"_blank\">\n\t\t\t\t\t\t<span class=\"elementor-button-content-wrapper\">\n\t\t\t\t\t\t\t\t\t<span class=\"elementor-button-text\">Gebrauchte<\/span>\n\t\t\t\t\t<\/span>\n\t\t\t\t\t<\/a>\n\t\t\t\t<\/div>\n\t\t\t\t\t\t\t\t<\/div>\n\t\t\t\t<\/div>\n\t\t\t\t\t<\/div>\n\t\t<\/div>\n\t\t\t\t\t<\/div>\n\t\t<\/section>\n\t\t\t\t\t<\/div>\n\t\t<\/div>\n\t\t\t\t\t<\/div>\n\t\t<\/section>\n\t\t\t\t<section class=\"elementor-section elementor-top-section elementor-element elementor-element-3abd658d elementor-section-stretched elementor-section-boxed elementor-section-height-default elementor-section-height-default\" data-id=\"3abd658d\" data-element_type=\"section\" data-e-type=\"section\" data-settings=\"{&quot;stretch_section&quot;:&quot;section-stretched&quot;,&quot;background_background&quot;:&quot;classic&quot;}\">\n\t\t\t\t\t\t<div class=\"elementor-container elementor-column-gap-default\">\n\t\t\t\t\t<div class=\"elementor-column elementor-col-100 elementor-top-column elementor-element elementor-element-12d1c546\" data-id=\"12d1c546\" data-element_type=\"column\" data-e-type=\"column\">\n\t\t\t<div class=\"elementor-widget-wrap elementor-element-populated\">\n\t\t\t\t\t\t<div class=\"elementor-element elementor-element-52fbe62a elementor-skin-carousel elementor-arrows-yes elementor-pagination-type-bullets elementor-pagination-position-outside elementor-widget elementor-widget-media-carousel\" data-id=\"52fbe62a\" data-element_type=\"widget\" data-e-type=\"widget\" data-settings=\"{&quot;slides_per_view&quot;:&quot;3&quot;,&quot;skin&quot;:&quot;carousel&quot;,&quot;effect&quot;:&quot;slide&quot;,&quot;show_arrows&quot;:&quot;yes&quot;,&quot;pagination&quot;:&quot;bullets&quot;,&quot;speed&quot;:500,&quot;autoplay&quot;:&quot;yes&quot;,&quot;autoplay_speed&quot;:5000,&quot;loop&quot;:&quot;yes&quot;,&quot;pause_on_hover&quot;:&quot;yes&quot;,&quot;pause_on_interaction&quot;:&quot;yes&quot;,&quot;space_between&quot;:{&quot;unit&quot;:&quot;px&quot;,&quot;size&quot;:10,&quot;sizes&quot;:[]},&quot;space_between_tablet&quot;:{&quot;unit&quot;:&quot;px&quot;,&quot;size&quot;:10,&quot;sizes&quot;:[]},&quot;space_between_mobile&quot;:{&quot;unit&quot;:&quot;px&quot;,&quot;size&quot;:10,&quot;sizes&quot;:[]}}\" data-widget_type=\"media-carousel.default\">\n\t\t\t\t<div class=\"elementor-widget-container\">\n\t\t\t\t\t\t\t\t\t<div class=\"elementor-swiper\">\n\t\t\t\t\t<div class=\"elementor-main-swiper swiper\" role=\"region\" aria-roledescription=\"carousel\" aria-label=\"Slider\">\n\t\t\t\t<div class=\"swiper-wrapper\">\n\t\t\t\t\t\t\t\t\t\t\t<div class=\"swiper-slide\" role=\"group\" aria-roledescription=\"slide\">\n\t\t\t\t\t\t\t<a href=\"https:\/\/ahorn-camp.de\/wp-content\/uploads\/2020\/12\/ahorn-Canada-TE-2021-Doppelbett-Heck.jpg\" data-elementor-open-lightbox=\"yes\" data-elementor-lightbox-slideshow=\"52fbe62a\" data-elementor-lightbox-title=\"Doppelbett im Heck des Canada TF\" data-elementor-lightbox-description=\"Das Doppelbett im Heck des Canada TF ist zusammengebaut so gro\u00df, dass Sie sogar quer schlafen k\u00f6nnen.\" data-e-action-hash=\"#elementor-action%3Aaction%3Dlightbox%26settings%3DeyJpZCI6MTAwMjMsInVybCI6Imh0dHBzOlwvXC9haG9ybi1jYW1wLmRlXC93cC1jb250ZW50XC91cGxvYWRzXC8yMDIwXC8xMlwvYWhvcm4tQ2FuYWRhLVRFLTIwMjEtRG9wcGVsYmV0dC1IZWNrLmpwZyIsInNsaWRlc2hvdyI6IjUyZmJlNjJhIn0%3D\">\t\t<div class=\"elementor-carousel-image\" role=\"img\" aria-label=\"Das Doppelbett im Heck des Canada TF\" style=\"background-image: url(&#039;https:\/\/ahorn-camp.de\/wp-content\/uploads\/2020\/12\/ahorn-Canada-TE-2021-Doppelbett-Heck.jpg&#039;)\">\n\n\t\t\t\n\t\t\t\t\t<\/div>\n\t\t\t\t\t<div class=\"elementor-carousel-image-overlay e-overlay-animation-fade\">\n\t\t\t\tDoppelbett im Heck <br>Das Doppelbett im Heck des Canada TF ist zusammengebaut so gro\u00df, dass Sie sogar quer schlafen k\u00f6nnen. Mit Erweiterung ist das Bett 1,90 \u00d7 2,20 m gro\u00df.\t\t\t<\/div>\n\t\t\t<\/a>\t\t\t\t\t\t<\/div>\n\t\t\t\t\t\t\t\t\t\t\t<div class=\"swiper-slide\" role=\"group\" aria-roledescription=\"slide\">\n\t\t\t\t\t\t\t<a href=\"https:\/\/ahorn-camp.de\/wp-content\/uploads\/2020\/12\/ahorn-Canada-TF-2021-WC.jpg\" data-elementor-open-lightbox=\"yes\" data-elementor-lightbox-slideshow=\"52fbe62a\" data-elementor-lightbox-title=\"WC im Canada TF\" data-elementor-lightbox-description=\"Das WC im Canada TF ist von der Dusche separiert und kann so unabh\u00e4ngig genutzt werden.\" data-e-action-hash=\"#elementor-action%3Aaction%3Dlightbox%26settings%3DeyJpZCI6MTAwMjYsInVybCI6Imh0dHBzOlwvXC9haG9ybi1jYW1wLmRlXC93cC1jb250ZW50XC91cGxvYWRzXC8yMDIwXC8xMlwvYWhvcm4tQ2FuYWRhLVRGLTIwMjEtV0MuanBnIiwic2xpZGVzaG93IjoiNTJmYmU2MmEifQ%3D%3D\">\t\t<div class=\"elementor-carousel-image\" role=\"img\" aria-label=\"Das WC im Canada TF ist von der Dusche separiert und kann so unabh\u00e4ngig genutzt werden.\" style=\"background-image: url(&#039;https:\/\/ahorn-camp.de\/wp-content\/uploads\/2020\/12\/ahorn-Canada-TF-2021-WC.jpg&#039;)\">\n\n\t\t\t\n\t\t\t\t\t<\/div>\n\t\t\t\t\t<div class=\"elementor-carousel-image-overlay e-overlay-animation-fade\">\n\t\t\t\tSeparates WC<br>Das WC im Canada TF ist von der Dusche separiert und kann so unabh\u00e4ngig genutzt werden.\t\t\t<\/div>\n\t\t\t<\/a>\t\t\t\t\t\t<\/div>\n\t\t\t\t\t\t\t\t\t\t\t<div class=\"swiper-slide\" role=\"group\" aria-roledescription=\"slide\">\n\t\t\t\t\t\t\t<a href=\"https:\/\/ahorn-camp.de\/wp-content\/uploads\/2020\/12\/Ahorn-Canada-TF-2021-Dusche.jpg\" data-elementor-open-lightbox=\"yes\" data-elementor-lightbox-slideshow=\"52fbe62a\" data-elementor-lightbox-title=\"Ger\u00e4umige Dusche im Canada TF.\" data-elementor-lightbox-description=\"Die ger\u00e4umige Dusche im Canada TF ist separiert von dem WC und kann unabh\u00e4ngig davon genutzt werden.\" data-e-action-hash=\"#elementor-action%3Aaction%3Dlightbox%26settings%3DeyJpZCI6MTAwMjcsInVybCI6Imh0dHBzOlwvXC9haG9ybi1jYW1wLmRlXC93cC1jb250ZW50XC91cGxvYWRzXC8yMDIwXC8xMlwvQWhvcm4tQ2FuYWRhLVRGLTIwMjEtRHVzY2hlLmpwZyIsInNsaWRlc2hvdyI6IjUyZmJlNjJhIn0%3D\">\t\t<div class=\"elementor-carousel-image\" role=\"img\" aria-label=\"Die ger\u00e4umige Dusche im Canada TF.\" style=\"background-image: url(&#039;https:\/\/ahorn-camp.de\/wp-content\/uploads\/2020\/12\/Ahorn-Canada-TF-2021-Dusche.jpg&#039;)\">\n\n\t\t\t\n\t\t\t\t\t<\/div>\n\t\t\t\t\t<div class=\"elementor-carousel-image-overlay e-overlay-animation-fade\">\n\t\t\t\tGer\u00e4umige Dusche <br>Die ger\u00e4umige Dusche im Canada TF ist separiert von dem WC und kann unabh\u00e4ngig davon genutzt werden. So st\u00f6rt man sich nicht bei paralleler Benutzung der Waschr\u00e4ume und WC.\t\t\t<\/div>\n\t\t\t<\/a>\t\t\t\t\t\t<\/div>\n\t\t\t\t\t\t\t\t\t\t\t<div class=\"swiper-slide\" role=\"group\" aria-roledescription=\"slide\">\n\t\t\t\t\t\t\t<a href=\"https:\/\/ahorn-camp.de\/wp-content\/uploads\/2025\/01\/AC24-CTF-1.jpg\" data-elementor-open-lightbox=\"yes\" data-elementor-lightbox-slideshow=\"52fbe62a\" data-elementor-lightbox-title=\"Innenraum&lt;br&gt; Wird der ausgekappte Tisch nicht ben\u00f6tigt, kann man in wenigen Handgriffen wieder viel Wohnraum schaffen\" data-elementor-lightbox-description=\"Canada TF Innenraum\" data-e-action-hash=\"#elementor-action%3Aaction%3Dlightbox%26settings%3DeyJpZCI6Mjc2MTEsInVybCI6Imh0dHBzOlwvXC9haG9ybi1jYW1wLmRlXC93cC1jb250ZW50XC91cGxvYWRzXC8yMDI1XC8wMVwvQUMyNC1DVEYtMS5qcGciLCJzbGlkZXNob3ciOiI1MmZiZTYyYSJ9\">\t\t<div class=\"elementor-carousel-image\" role=\"img\" aria-label=\"Canada TF Innenraum\" style=\"background-image: url(&#039;https:\/\/ahorn-camp.de\/wp-content\/uploads\/2025\/01\/AC24-CTF-1.jpg&#039;)\">\n\n\t\t\t\n\t\t\t\t\t<\/div>\n\t\t\t\t\t<div class=\"elementor-carousel-image-overlay e-overlay-animation-fade\">\n\t\t\t\tCanada TF Innenraum\t\t\t<\/div>\n\t\t\t<\/a>\t\t\t\t\t\t<\/div>\n\t\t\t\t\t\t\t\t\t\t\t<div class=\"swiper-slide\" role=\"group\" aria-roledescription=\"slide\">\n\t\t\t\t\t\t\t<a href=\"https:\/\/ahorn-camp.de\/wp-content\/uploads\/2025\/01\/AC24-CTF-1.jpg\" data-elementor-open-lightbox=\"yes\" data-elementor-lightbox-slideshow=\"52fbe62a\" data-elementor-lightbox-title=\"Innenraum&lt;br&gt; Wird der ausgekappte Tisch nicht ben\u00f6tigt, kann man in wenigen Handgriffen wieder viel Wohnraum schaffen\" data-elementor-lightbox-description=\"Canada TF Innenraum\" data-e-action-hash=\"#elementor-action%3Aaction%3Dlightbox%26settings%3DeyJpZCI6Mjc2MTEsInVybCI6Imh0dHBzOlwvXC9haG9ybi1jYW1wLmRlXC93cC1jb250ZW50XC91cGxvYWRzXC8yMDI1XC8wMVwvQUMyNC1DVEYtMS5qcGciLCJzbGlkZXNob3ciOiI1MmZiZTYyYSJ9\">\t\t<div class=\"elementor-carousel-image\" role=\"img\" aria-label=\"Canada TF Innenraum\" style=\"background-image: url(&#039;https:\/\/ahorn-camp.de\/wp-content\/uploads\/2025\/01\/AC24-CTF-1.jpg&#039;)\">\n\n\t\t\t\n\t\t\t\t\t<\/div>\n\t\t\t\t\t<div class=\"elementor-carousel-image-overlay e-overlay-animation-fade\">\n\t\t\t\tCanada TF Innenraum\t\t\t<\/div>\n\t\t\t<\/a>\t\t\t\t\t\t<\/div>\n\t\t\t\t\t\t\t\t\t<\/div>\n\t\t\t\t\t\t\t\t\t\t\t\t\t\t\t<div class=\"elementor-swiper-button elementor-swiper-button-prev\" role=\"button\" tabindex=\"0\" aria-label=\"Previous\">\n\t\t\t\t\t\t\t<i aria-hidden=\"true\" class=\"eicon-chevron-left\"><\/i>\t\t\t\t\t\t<\/div>\n\t\t\t\t\t\t<div class=\"elementor-swiper-button elementor-swiper-button-next\" role=\"button\" tabindex=\"0\" aria-label=\"Next\">\n\t\t\t\t\t\t\t<i aria-hidden=\"true\" class=\"eicon-chevron-right\"><\/i>\t\t\t\t\t\t<\/div>\n\t\t\t\t\t\t\t\t\t\t\t\t\t\t\t\t<div class=\"swiper-pagination\"><\/div>\n\t\t\t\t\t\t\t\t\t\t\t\t<\/div>\n\t\t\t\t<\/div>\n\t\t\t\t\t\t\t\t<\/div>\n\t\t\t\t<\/div>\n\t\t\t\t\t<\/div>\n\t\t<\/div>\n\t\t\t\t\t<\/div>\n\t\t<\/section>\n\t\t\t\t<section class=\"elementor-section elementor-top-section elementor-element elementor-element-5682d998 elementor-section-boxed elementor-section-height-default elementor-section-height-default\" data-id=\"5682d998\" data-element_type=\"section\" data-e-type=\"section\">\n\t\t\t\t\t\t<div class=\"elementor-container elementor-column-gap-default\">\n\t\t\t\t\t<div class=\"elementor-column elementor-col-100 elementor-top-column elementor-element elementor-element-70da40c5\" data-id=\"70da40c5\" data-element_type=\"column\" data-e-type=\"column\">\n\t\t\t<div class=\"elementor-widget-wrap elementor-element-populated\">\n\t\t\t\t\t\t<div class=\"elementor-element elementor-element-514c6047 elementor-widget elementor-widget-heading\" data-id=\"514c6047\" data-element_type=\"widget\" data-e-type=\"widget\" data-widget_type=\"heading.default\">\n\t\t\t\t<div class=\"elementor-widget-container\">\n\t\t\t\t\t<h2 class=\"elementor-heading-title elementor-size-default\">Technische Daten<\/h2>\t\t\t\t<\/div>\n\t\t\t\t<\/div>\n\t\t\t\t<div class=\"elementor-element elementor-element-3862ac1d elementor-widget elementor-widget-jkit_tabs\" data-id=\"3862ac1d\" data-element_type=\"widget\" data-e-type=\"widget\" data-widget_type=\"jkit_tabs.default\">\n\t\t\t\t<div class=\"elementor-widget-container\">\n\t\t\t\t\t<div  class=\"jeg-elementor-kit jkit-tabs layout-vertical jeg_module___69f5368987d1e\" ><div class=\"tab-navigation\"><ul class=\"tab-nav-list   \" data-toggle=\"\"><li class=\"tab-nav active \" data-tab=\"tab-fb4929e\"><span class=\"tab-title\">Chassis<\/span><div class=\"tab-content\"><div class=\"tab-description\"><\/div><\/div><\/li><li class=\"tab-nav  \" data-tab=\"tab-aed01dc\"><span class=\"tab-title\">Ma\u00dfe und Gewichte<\/span><div class=\"tab-content\"><div class=\"tab-description\"><\/div><\/div><\/li><li class=\"tab-nav  \" data-tab=\"tab-ed0b3bc\"><span class=\"tab-title\">Tanks<\/span><div class=\"tab-content\"><div class=\"tab-description\"><\/div><\/div><\/li><li class=\"tab-nav  \" data-tab=\"tab-dd82b3a\"><span class=\"tab-title\">Ausstattung<\/span><div class=\"tab-content\"><div class=\"tab-description\"><\/div><\/div><\/li><li class=\"tab-nav  \" data-tab=\"tab-1d5eca5\"><span class=\"tab-title\">Serienausstattung - Chassis<\/span><div class=\"tab-content\"><div class=\"tab-description\"><\/div><\/div><\/li><li class=\"tab-nav  \" data-tab=\"tab-b3e77e6\"><span class=\"tab-title\">Serienausstattung - Aufbau<\/span><div class=\"tab-content\"><div class=\"tab-description\"><\/div><\/div><\/li><\/ul><\/div><div class=\"tab-content-list\"><div class=\"tab-content tab-fb4929e active\"><p><strong>Chassis:<\/strong>\u00a0Renault Master<\/p><hr \/><p><strong>Motorisierung:<\/strong>\u00a02,3 dCi Bi-Turbo \u2013 Euro 6d-Final inkl. Start &amp; Stopp<\/p><hr \/><p><strong>KW\/PS:<\/strong>\u00a0107 \u2013 145<\/p><hr \/><p><strong>Getriebe:<\/strong>\u00a06 + R<\/p><hr \/><p><strong>Antrieb:<\/strong>\u00a0Frontantrieb<\/p><hr \/><p><strong>Radstand (mm):<\/strong> 4332<\/p><hr \/><p><strong>Kraftstofftank:<\/strong>\u00a080 l Diesel<\/p><hr \/><p><strong>AdBlue Tank:<\/strong>\u00a020 l AdBlue<\/p><hr \/><p><strong>Drehbare Sitze Fahrerkabine:<\/strong>\u00a0Ja<\/p><\/div><div class=\"tab-content tab-aed01dc \"><p><strong>Gesamtl\u00e4nge (mm):<\/strong> 7477<\/p><hr \/><p><strong>Gesamtbreite \u2013 Innenbreite (mm):<\/strong> 2340 -2200<\/p><hr \/><p><strong>Gesamth\u00f6he \u2013 Innenh\u00f6he (mm):<\/strong> 2960 - 1995<\/p><hr \/><p><strong>Masse in fahrbereitem Zustand (ca. kg):<\/strong> 3103 (2948-3258)<\/p><hr \/><p><strong>Zul\u00e4ssiges Gesamtgewicht (kg):<\/strong> 3500 \/ 4000\u00b2<\/p><hr \/><p><strong>Zul\u00e4ssige Anh\u00e4ngelast gebremst (kg):<\/strong>\u00a02000<\/p><hr \/><p><strong>St\u00e4rke Boden \/ Wand \/ Dach (mm):<\/strong>\u00a041 \/ 30 \/ 30<\/p><hr \/><p><strong>Sitzpl\u00e4tze gesamt:<\/strong> 2 (4)\u00b9<\/p><hr \/><p><strong>Garagent\u00fcre B x H (mm):<\/strong> 700 x 900<\/p><hr \/><p><strong>Bettenma\u00df Heck B x L (mm):<\/strong> nr. 1: 800 \u00d7 1935 nr. 2: 800 \u00d7 1980<\/p><hr \/><p><strong>Bettenma\u00df Hubbett B x L (mm):<\/strong> opt: 1215 \u00d7 2000<\/p><hr \/><p><strong>Schlafpl\u00e4tze:<\/strong> 2 (4)*<\/p><div data-elementor-type=\"section\" data-elementor-id=\"29142\" class=\"elementor elementor-29142\" data-elementor-post-type=\"elementor_library\">\n\t\t\t\t\t<section class=\"elementor-section elementor-top-section elementor-element elementor-element-48fc65a elementor-section-boxed elementor-section-height-default elementor-section-height-default\" data-id=\"48fc65a\" data-element_type=\"section\" data-e-type=\"section\">\n\t\t\t\t\t\t<div class=\"elementor-container elementor-column-gap-default\">\n\t\t\t\t\t<div class=\"elementor-column elementor-col-100 elementor-top-column elementor-element elementor-element-62146e3\" data-id=\"62146e3\" data-element_type=\"column\" data-e-type=\"column\">\n\t\t\t<div class=\"elementor-widget-wrap elementor-element-populated\">\n\t\t\t\t\t\t<div class=\"elementor-element elementor-element-f57a6cf elementor-align-center elementor-widget__width-auto elementor-widget-mobile__width-auto elementor-widget elementor-widget-button\" data-id=\"f57a6cf\" data-element_type=\"widget\" data-e-type=\"widget\" data-widget_type=\"button.default\">\n\t\t\t\t<div class=\"elementor-widget-container\">\n\t\t\t\t\t\t\t\t\t<div class=\"elementor-button-wrapper\">\n\t\t\t\t\t<a class=\"elementor-button elementor-button-link elementor-size-sm\" href=\"https:\/\/ahorn-camp.de\/gewichtsinformationen\/\" target=\"_blank\">\n\t\t\t\t\t\t<span class=\"elementor-button-content-wrapper\">\n\t\t\t\t\t\t\t\t\t<span class=\"elementor-button-text\">Hinweise zu den Gewichten<\/span>\n\t\t\t\t\t<\/span>\n\t\t\t\t\t<\/a>\n\t\t\t\t<\/div>\n\t\t\t\t\t\t\t\t<\/div>\n\t\t\t\t<\/div>\n\t\t\t\t\t<\/div>\n\t\t<\/div>\n\t\t\t\t\t<\/div>\n\t\t<\/section>\n\t\t\t\t<\/div><p>\u00b9 Nur in Verbindung mit einer kostenpflichtigen Auflastung m\u00f6glich.<br \/>\u00b2 Auflastung gegen Aufpreis.<br \/>* mit optionalem Hubbett<\/p><\/div><div class=\"tab-content tab-ed0b3bc \"><p><strong>Frischwassertank:<\/strong>\u00a020 + 65 l<\/p><hr \/><p><strong>Abwassertank:<\/strong>\u00a0120 l<\/p><hr \/><p><strong>WC Tank:<\/strong>\u00a017 l<\/p><\/div><div class=\"tab-content tab-dd82b3a \"><div class=\"vc_do_toggle vc_toggle vc_toggle_simple vc_toggle_color_default vc_toggle_size_lg vc_toggle_active\"><div class=\"vc_toggle_content\"><p><strong>Gasflaschenbeh\u00e4lter:<\/strong>\u00a02 x 11 kg<\/p><hr \/><p><strong>K\u00fchlschrank:<\/strong>\u00a089 l<\/p><hr \/><p><strong>Anzahl Kochstellen:<\/strong>\u00a03<\/p><hr \/><p><strong>Aufbaubatterie:<\/strong>\u00a0Ah 80<\/p><hr \/><p><strong>Steckdosen 12 V:<\/strong>\u00a01<\/p><hr \/><p><strong>Steckdosen 230 V:<\/strong>\u00a02<\/p><hr \/><p><strong>Ladeanschl\u00fcsse USB:<\/strong>\u00a05<\/p><hr \/><p><strong>Lattenrost:<\/strong>\u00a0ja<\/p><hr \/><p><strong>Duscht\u00fcr:<\/strong>\u00a0ja<\/p><hr \/><p><strong>Heizung:<\/strong>\u00a0Truma Combi 4<\/p><hr \/><p><strong>Boiler:<\/strong>\u00a08 l \u2013 Truma Combi 4<\/p><\/div><\/div><div class=\"vc_separator wpb_content_element vc_separator_align_center vc_sep_width_100 vc_sep_pos_align_center vc_separator_no_text vc_sep_color_grey wpb_content_element wpb_content_element\">\u00a0<\/div><\/div><div class=\"tab-content tab-1d5eca5 \"><h5>\u00a0<\/h5><p>2,3 dCi Bi-Turbo\u2013\u00a0 107 kw \/145 PS \u2013 Euro VI-D WLTP inkl. Start &amp; Stopp<\/p><hr \/><p>Au\u00dfenfarbe Weiss, Fahrerhausfarbe Weiss<\/p><hr \/><p>Flachboden-Chassis<\/p><hr \/><p>6-Gang Schaltgetriebe<\/p><hr \/><p>Eco Modus \u2013 Kraftstoffsparmodus<\/p><hr \/><p>80 l Kraftstofftank<\/p><hr \/><p>20 l AdBlue Tank<\/p><hr \/><p>16 Zoll Original Radzierblenden<\/p><hr \/><p>LED Tagfahrlicht<\/p><hr \/><p>Licht &amp; Regensensor<\/p><hr \/><p>Fahrerairbag<\/p><hr \/><p>Getr\u00e4nkehalter Fahrer und Beifahrerplatz<\/p><hr \/><p>Sommerreifen\u00a0<\/p><hr \/><p>Handschuhfach<\/p><hr \/><p>Gro\u00dfe Ablage \u00fcber Armaturenbrett<\/p><hr \/><p>Sonnenblenden<\/p><hr \/><p>Zus\u00e4tzliche Stauf\u00e4cher \u00fcber Sonnenblenden<\/p><hr \/><p>2 x 12v (Zigarettenanz\u00fcnder) Steckdosen im Fahrerhaus<\/p><hr \/><p>R\u00fcckspiegel manuell abblendbar<\/p><hr \/><p>Abschlepphaken<\/p><hr \/><p>Wegfahrsperre<\/p><hr \/><p>Zentralverriegelung Fahrerhaus<\/p><\/div><div class=\"tab-content tab-b3e77e6 \"><h5>\u00a0<\/h5><p>Modernste Au\u00dfenoptik mit LED R\u00fcckleuchten<\/p><hr \/><p>Garagentraglast bis 200 kg (Achslasten bitte beachten)<\/p><hr \/><p>40 x 40 Heki Klarsicht Dachluken von Dometic inkl. Verdunkelungsrollo und Fliegenschutz<\/p><hr \/><p>Schubladen mit Sperrverriegelung<\/p><hr \/><p><span data-teams=\"true\">Rahmenfenster (kaum Windwiderstand, doppelt verglast)<\/span><\/p><hr \/><p>Einstiegsb\u00fcgel<\/p><hr \/><p>Can 3 Flammkocher mit Piezo Z\u00fcndung &amp; Glasabdeckung<\/p><hr \/><p>Eingelassenes Kochfeld mit \u00dcberlauf<\/p><hr \/><p>Thetford Automatikk\u00fchlschrank mit integriertem Gefrierfach<\/p><hr \/><p>Voll GFK Aufbau inkl. GFK Leichtbauboden EPS-Isolierung<\/p><hr \/><p>Voll LED Beleuchtung inkl. Ambientebeleuchtung<\/p><hr \/><p>LED Beleuchtung auch einzeln per Touchfunktion anw\u00e4hlbar<\/p><hr \/><p>Sicherheits-Schnellverschl\u00fcsse an Garagent\u00fcren<\/p><hr \/><p>Schrank mit Kleiderstange<\/p><hr \/><p>Thetford Toilette<\/p><hr \/><p>Truma 4c Combi-Gasheizung 4 kW Gas Heizung inkl. Warmwasserboiler<\/p><hr \/><p>Truma CP+ Digitalsteuerung inkl. Timer \/ Zeitschaltuhr iNet ready<\/p><hr \/><p>Garage \/ Kofferraum<\/p><hr \/><p>Zurr\u00f6sen in Garage \/ Kofferraum<\/p><hr \/><p>Bedienpanel f\u00fcr gesamte Bordelektronik mit Touchscreen<\/p><hr \/><p>Hochwertige Sp\u00fclarmatur von Argo<\/p><hr \/><p>Eingelassenes Sp\u00fclbecken<\/p><hr \/><p>Spiegelschrank in Badezimmer<\/p><hr \/><p>Gasflaschenfach f\u00fcr 2 x 11 kg<\/p><hr \/><p>Fliegengitter &amp; Verdunkelung an allen Fenstern<\/p><hr \/><p>Elektr. Trittstufe<\/p><hr \/><p>Gas Crash Sensor\u00a0<\/p><hr \/><p>Frostw\u00e4chter<\/p><hr \/><p>Separates Batteriefach f\u00fcr Aufbaubatterie, Ladeger\u00e4t &amp; Sicherungskasten<\/p><hr \/><p>Vorhang im Fahrerhaus<\/p><hr \/><p>Eco-Leder Sitzbez\u00fcge im Wohnraum<\/p><hr \/><p>Hochwertige Kaltschaummatratzen<\/p><hr \/><p>Lattenrost in Heckbett<\/p><hr \/><p>Jeweils 2 Leselampen in Schlafbereich Heckbett inkl. USB Ladefunktion<\/p><hr \/><p>Tisch frei verstell- &amp; absenkbar<\/p><hr \/><p>Dinetten Umbauset zu zus\u00e4tzlichem Bett<\/p><hr \/><p>65 l Frischwassertank<\/p><hr \/><p>120 l Abwassertank<\/p><hr \/><p>2 x 230 V Steckdosen im Wohnraum<\/p><hr \/><p>5 x USB Ladebuchsen im Wohnraum<\/p><hr \/><p>1 x 12 V Steckdose im Wohnraum<\/p><\/div><\/div><\/div>\t\t\t\t<\/div>\n\t\t\t\t<\/div>\n\t\t\t\t\t<\/div>\n\t\t<\/div>\n\t\t\t\t\t<\/div>\n\t\t<\/section>\n\t\t\t\t<section class=\"elementor-section elementor-top-section elementor-element elementor-element-4382d17f elementor-section-stretched elementor-section-height-min-height elementor-section-boxed elementor-section-height-default elementor-section-items-middle\" data-id=\"4382d17f\" data-element_type=\"section\" data-e-type=\"section\" data-settings=\"{&quot;stretch_section&quot;:&quot;section-stretched&quot;,&quot;background_background&quot;:&quot;classic&quot;,&quot;background_motion_fx_motion_fx_scrolling&quot;:&quot;yes&quot;,&quot;background_motion_fx_translateY_effect&quot;:&quot;yes&quot;,&quot;background_motion_fx_translateY_speed&quot;:{&quot;unit&quot;:&quot;px&quot;,&quot;size&quot;:4,&quot;sizes&quot;:[]},&quot;background_motion_fx_translateY_affectedRange&quot;:{&quot;unit&quot;:&quot;%&quot;,&quot;size&quot;:&quot;&quot;,&quot;sizes&quot;:{&quot;start&quot;:0,&quot;end&quot;:100}},&quot;background_motion_fx_devices&quot;:[&quot;desktop&quot;,&quot;tablet&quot;,&quot;mobile&quot;]}\">\n\t\t\t\t\t\t\t<div class=\"elementor-background-overlay\"><\/div>\n\t\t\t\t\t\t\t<div class=\"elementor-container elementor-column-gap-default\">\n\t\t\t\t\t<div class=\"elementor-column elementor-col-50 elementor-top-column elementor-element elementor-element-5808ab9b\" data-id=\"5808ab9b\" data-element_type=\"column\" data-e-type=\"column\" data-settings=\"{&quot;background_background&quot;:&quot;classic&quot;}\">\n\t\t\t<div class=\"elementor-widget-wrap elementor-element-populated\">\n\t\t\t\t\t\t<div class=\"elementor-element elementor-element-429d3056 elementor-widget elementor-widget-heading\" data-id=\"429d3056\" data-element_type=\"widget\" data-e-type=\"widget\" data-widget_type=\"heading.default\">\n\t\t\t\t<div class=\"elementor-widget-container\">\n\t\t\t\t\t<h2 class=\"elementor-heading-title elementor-size-default\">Canada TF Roomtour<\/h2>\t\t\t\t<\/div>\n\t\t\t\t<\/div>\n\t\t\t\t<div class=\"elementor-element elementor-element-70a8bc18 elementor-widget elementor-widget-video\" data-id=\"70a8bc18\" data-element_type=\"widget\" data-e-type=\"widget\" data-settings=\"{&quot;youtube_url&quot;:&quot;https:\\\/\\\/youtu.be\\\/fDONaBb4zc0&quot;,&quot;video_type&quot;:&quot;youtube&quot;,&quot;controls&quot;:&quot;yes&quot;}\" data-widget_type=\"video.default\">\n\t\t\t\t<div class=\"elementor-widget-container\">\n\t\t\t\t\t\t\t<div class=\"elementor-wrapper elementor-open-inline\">\n\t\t\t<div class=\"elementor-video\"><\/div>\t\t<\/div>\n\t\t\t\t\t\t<\/div>\n\t\t\t\t<\/div>\n\t\t\t\t\t<\/div>\n\t\t<\/div>\n\t\t\t\t<div class=\"elementor-column elementor-col-50 elementor-top-column elementor-element elementor-element-7cb4e4a9 elementor-hidden-desktop elementor-hidden-tablet elementor-hidden-mobile\" data-id=\"7cb4e4a9\" data-element_type=\"column\" data-e-type=\"column\" data-settings=\"{&quot;background_background&quot;:&quot;classic&quot;}\">\n\t\t\t<div class=\"elementor-widget-wrap elementor-element-populated\">\n\t\t\t\t\t\t<div class=\"elementor-element elementor-element-6cd726ad elementor-widget elementor-widget-heading\" data-id=\"6cd726ad\" data-element_type=\"widget\" data-e-type=\"widget\" data-widget_type=\"heading.default\">\n\t\t\t\t<div class=\"elementor-widget-container\">\n\t\t\t\t\t<h2 class=\"elementor-heading-title elementor-size-default\">360-Grad-Ansicht von innen<\/h2>\t\t\t\t<\/div>\n\t\t\t\t<\/div>\n\t\t\t\t<div class=\"elementor-element elementor-element-13f5b3cc elementor-widget elementor-widget-html\" data-id=\"13f5b3cc\" data-element_type=\"widget\" data-e-type=\"widget\" data-widget_type=\"html.default\">\n\t\t\t\t<div class=\"elementor-widget-container\">\n\t\t\t\t\t<iframe src=\"https:\/\/my.matterport.com\/show\/?m=kFG8HS7hZLd\" width=\"100%\" height=\"300px\" frameborder=\"0\" allowfullscreen><\/iframe>\t\t\t\t<\/div>\n\t\t\t\t<\/div>\n\t\t\t\t\t<\/div>\n\t\t<\/div>\n\t\t\t\t\t<\/div>\n\t\t<\/section>\n\t\t\t\t<section class=\"elementor-section elementor-top-section elementor-element elementor-element-1accf444 elementor-section-stretched elementor-section-boxed elementor-section-height-default elementor-section-height-default\" data-id=\"1accf444\" data-element_type=\"section\" data-e-type=\"section\" data-settings=\"{&quot;stretch_section&quot;:&quot;section-stretched&quot;,&quot;background_background&quot;:&quot;classic&quot;}\">\n\t\t\t\t\t\t<div class=\"elementor-container elementor-column-gap-default\">\n\t\t\t\t\t<div class=\"elementor-column elementor-col-100 elementor-top-column elementor-element elementor-element-48cd7a2\" data-id=\"48cd7a2\" data-element_type=\"column\" data-e-type=\"column\">\n\t\t\t<div class=\"elementor-widget-wrap elementor-element-populated\">\n\t\t\t\t\t\t<section class=\"elementor-section elementor-inner-section elementor-element elementor-element-63e987b5 elementor-section-boxed elementor-section-height-default elementor-section-height-default\" data-id=\"63e987b5\" data-element_type=\"section\" data-e-type=\"section\">\n\t\t\t\t\t\t<div class=\"elementor-container elementor-column-gap-default\">\n\t\t\t\t\t<div class=\"elementor-column elementor-col-100 elementor-inner-column elementor-element elementor-element-4f8ae9a5\" data-id=\"4f8ae9a5\" data-element_type=\"column\" data-e-type=\"column\">\n\t\t\t<div class=\"elementor-widget-wrap elementor-element-populated\">\n\t\t\t\t\t\t<div class=\"elementor-element elementor-element-4cc950d6 elementor-widget elementor-widget-heading\" data-id=\"4cc950d6\" data-element_type=\"widget\" data-e-type=\"widget\" data-widget_type=\"heading.default\">\n\t\t\t\t<div class=\"elementor-widget-container\">\n\t\t\t\t\t<h2 class=\"elementor-heading-title elementor-size-default\">Highlights<\/h2>\t\t\t\t<\/div>\n\t\t\t\t<\/div>\n\t\t\t\t\t<\/div>\n\t\t<\/div>\n\t\t\t\t\t<\/div>\n\t\t<\/section>\n\t\t\t\t<section class=\"elementor-section elementor-inner-section elementor-element elementor-element-ba6e446 elementor-section-boxed elementor-section-height-default elementor-section-height-default\" data-id=\"ba6e446\" data-element_type=\"section\" data-e-type=\"section\">\n\t\t\t\t\t\t<div class=\"elementor-container elementor-column-gap-default\">\n\t\t\t\t\t<div class=\"elementor-column elementor-col-33 elementor-inner-column elementor-element elementor-element-5146086f\" data-id=\"5146086f\" data-element_type=\"column\" data-e-type=\"column\">\n\t\t\t<div class=\"elementor-widget-wrap elementor-element-populated\">\n\t\t\t\t\t\t<div class=\"elementor-element elementor-element-75cd4002 elementor-widget elementor-widget-image\" data-id=\"75cd4002\" data-element_type=\"widget\" data-e-type=\"widget\" data-widget_type=\"image.default\">\n\t\t\t\t<div class=\"elementor-widget-container\">\n\t\t\t\t\t\t\t\t\t\t\t\t\t\t\t<img fetchpriority=\"high\" decoding=\"async\" width=\"1024\" height=\"683\" src=\"https:\/\/ahorn-camp.de\/wp-content\/uploads\/2021\/09\/AHORN-CANADA-TQ-20190080-Bearbeitet-1024x683.jpg\" class=\"attachment-large size-large wp-image-13168\" alt=\"Das optionale Panoramadach sorgt f\u00fcr viel direktes Licht und eignet sich abends perfekt um Sterne zu beobachten.\" srcset=\"https:\/\/ahorn-camp.de\/wp-content\/uploads\/2021\/09\/AHORN-CANADA-TQ-20190080-Bearbeitet-1024x683.jpg 1024w, https:\/\/ahorn-camp.de\/wp-content\/uploads\/2021\/09\/AHORN-CANADA-TQ-20190080-Bearbeitet-300x200.jpg 300w, https:\/\/ahorn-camp.de\/wp-content\/uploads\/2021\/09\/AHORN-CANADA-TQ-20190080-Bearbeitet-768x512.jpg 768w, https:\/\/ahorn-camp.de\/wp-content\/uploads\/2021\/09\/AHORN-CANADA-TQ-20190080-Bearbeitet-800x533.jpg 800w, https:\/\/ahorn-camp.de\/wp-content\/uploads\/2021\/09\/AHORN-CANADA-TQ-20190080-Bearbeitet-1536x1024.jpg 1536w, https:\/\/ahorn-camp.de\/wp-content\/uploads\/2021\/09\/AHORN-CANADA-TQ-20190080-Bearbeitet-2048x1365.jpg 2048w\" sizes=\"(max-width: 1024px) 100vw, 1024px\" \/>\t\t\t\t\t\t\t\t\t\t\t\t\t\t\t<\/div>\n\t\t\t\t<\/div>\n\t\t\t\t<div class=\"elementor-element elementor-element-6d60fe7c elementor-widget elementor-widget-text-editor\" data-id=\"6d60fe7c\" data-element_type=\"widget\" data-e-type=\"widget\" data-widget_type=\"text-editor.default\">\n\t\t\t\t<div class=\"elementor-widget-container\">\n\t\t\t\t\t\t\t\t\t<p>Das optionale Panoramadach sorgt f\u00fcr viel direktes Licht und eignet sich abends perfekt um Sterne zu beobachten.<\/p>\t\t\t\t\t\t\t\t<\/div>\n\t\t\t\t<\/div>\n\t\t\t\t\t<\/div>\n\t\t<\/div>\n\t\t\t\t<div class=\"elementor-column elementor-col-33 elementor-inner-column elementor-element elementor-element-4e147461\" data-id=\"4e147461\" data-element_type=\"column\" data-e-type=\"column\">\n\t\t\t<div class=\"elementor-widget-wrap elementor-element-populated\">\n\t\t\t\t\t\t<div class=\"elementor-element elementor-element-84264c7 elementor-widget elementor-widget-image\" data-id=\"84264c7\" data-element_type=\"widget\" data-e-type=\"widget\" data-widget_type=\"image.default\">\n\t\t\t\t<div class=\"elementor-widget-container\">\n\t\t\t\t\t\t\t\t\t\t\t\t\t\t\t<img decoding=\"async\" width=\"1024\" height=\"682\" src=\"https:\/\/ahorn-camp.de\/wp-content\/uploads\/2020\/12\/ahorn-Canada-TF-2021-WC-1024x682.jpg\" class=\"attachment-large size-large wp-image-10026\" alt=\"Das WC im Canada TF ist von der Dusche separiert und kann so unabh\u00e4ngig genutzt werden.\" srcset=\"https:\/\/ahorn-camp.de\/wp-content\/uploads\/2020\/12\/ahorn-Canada-TF-2021-WC-1024x682.jpg 1024w, https:\/\/ahorn-camp.de\/wp-content\/uploads\/2020\/12\/ahorn-Canada-TF-2021-WC-300x200.jpg 300w, https:\/\/ahorn-camp.de\/wp-content\/uploads\/2020\/12\/ahorn-Canada-TF-2021-WC-768x512.jpg 768w, https:\/\/ahorn-camp.de\/wp-content\/uploads\/2020\/12\/ahorn-Canada-TF-2021-WC-800x533.jpg 800w, https:\/\/ahorn-camp.de\/wp-content\/uploads\/2020\/12\/ahorn-Canada-TF-2021-WC-1536x1024.jpg 1536w, https:\/\/ahorn-camp.de\/wp-content\/uploads\/2020\/12\/ahorn-Canada-TF-2021-WC.jpg 2000w\" sizes=\"(max-width: 1024px) 100vw, 1024px\" \/>\t\t\t\t\t\t\t\t\t\t\t\t\t\t\t<\/div>\n\t\t\t\t<\/div>\n\t\t\t\t<div class=\"elementor-element elementor-element-4e8a9fce elementor-widget elementor-widget-text-editor\" data-id=\"4e8a9fce\" data-element_type=\"widget\" data-e-type=\"widget\" data-widget_type=\"text-editor.default\">\n\t\t\t\t<div class=\"elementor-widget-container\">\n\t\t\t\t\t\t\t\t\t<p>Der getrennte Dusch- und WC-Bereich sorgt f\u00fcr ein angenehmes Duscherlebnis mit viel Privatsph\u00e4re.<\/p>\t\t\t\t\t\t\t\t<\/div>\n\t\t\t\t<\/div>\n\t\t\t\t\t<\/div>\n\t\t<\/div>\n\t\t\t\t<div class=\"elementor-column elementor-col-33 elementor-inner-column elementor-element elementor-element-3d65b2b1\" data-id=\"3d65b2b1\" data-element_type=\"column\" data-e-type=\"column\">\n\t\t\t<div class=\"elementor-widget-wrap elementor-element-populated\">\n\t\t\t\t\t\t<div class=\"elementor-element elementor-element-3b24986f elementor-widget elementor-widget-image\" data-id=\"3b24986f\" data-element_type=\"widget\" data-e-type=\"widget\" data-widget_type=\"image.default\">\n\t\t\t\t<div class=\"elementor-widget-container\">\n\t\t\t\t\t\t\t\t\t\t\t\t\t\t\t<img decoding=\"async\" width=\"1024\" height=\"683\" src=\"https:\/\/ahorn-camp.de\/wp-content\/uploads\/2022\/01\/AC22-CANADA-TF-6614-NEU-22-1024x683.jpg\" class=\"attachment-large size-large wp-image-14891\" alt=\"\" srcset=\"https:\/\/ahorn-camp.de\/wp-content\/uploads\/2022\/01\/AC22-CANADA-TF-6614-NEU-22-1024x683.jpg 1024w, https:\/\/ahorn-camp.de\/wp-content\/uploads\/2022\/01\/AC22-CANADA-TF-6614-NEU-22-300x200.jpg 300w, https:\/\/ahorn-camp.de\/wp-content\/uploads\/2022\/01\/AC22-CANADA-TF-6614-NEU-22-768x512.jpg 768w, https:\/\/ahorn-camp.de\/wp-content\/uploads\/2022\/01\/AC22-CANADA-TF-6614-NEU-22-800x533.jpg 800w, https:\/\/ahorn-camp.de\/wp-content\/uploads\/2022\/01\/AC22-CANADA-TF-6614-NEU-22.jpg 1500w\" sizes=\"(max-width: 1024px) 100vw, 1024px\" \/>\t\t\t\t\t\t\t\t\t\t\t\t\t\t\t<\/div>\n\t\t\t\t<\/div>\n\t\t\t\t<div class=\"elementor-element elementor-element-1fe9b255 elementor-widget elementor-widget-text-editor\" data-id=\"1fe9b255\" data-element_type=\"widget\" data-e-type=\"widget\" data-widget_type=\"text-editor.default\">\n\t\t\t\t<div class=\"elementor-widget-container\">\n\t\t\t\t\t\t\t\t\t<p>Innenbereich mit der einzigartigen Face-to-face Sitzgruppe im Teilintegierten Canada TF.<\/p>\t\t\t\t\t\t\t\t<\/div>\n\t\t\t\t<\/div>\n\t\t\t\t\t<\/div>\n\t\t<\/div>\n\t\t\t\t\t<\/div>\n\t\t<\/section>\n\t\t\t\t\t<\/div>\n\t\t<\/div>\n\t\t\t\t\t<\/div>\n\t\t<\/section>\n\t\t\t\t<section class=\"elementor-section elementor-top-section elementor-element elementor-element-3c81713e elementor-reverse-tablet elementor-reverse-mobile elementor-section-boxed elementor-section-height-default elementor-section-height-default\" data-id=\"3c81713e\" data-element_type=\"section\" data-e-type=\"section\">\n\t\t\t\t\t\t<div class=\"elementor-container elementor-column-gap-default\">\n\t\t\t\t\t<div class=\"elementor-column elementor-col-100 elementor-top-column elementor-element elementor-element-19fd9391\" data-id=\"19fd9391\" data-element_type=\"column\" data-e-type=\"column\">\n\t\t\t<div class=\"elementor-widget-wrap elementor-element-populated\">\n\t\t\t\t\t\t<div class=\"elementor-element elementor-element-31cda806 elementor-widget elementor-widget-heading\" data-id=\"31cda806\" data-element_type=\"widget\" data-e-type=\"widget\" data-widget_type=\"heading.default\">\n\t\t\t\t<div class=\"elementor-widget-container\">\n\t\t\t\t\t<h2 class=\"elementor-heading-title elementor-size-default\">Canada TF \u2013 Komfort trifft Geselligkeit auf kompaktem Raum<\/h2>\t\t\t\t<\/div>\n\t\t\t\t<\/div>\n\t\t\t\t<section class=\"elementor-section elementor-inner-section elementor-element elementor-element-3cf3b501 elementor-section-boxed elementor-section-height-default elementor-section-height-default\" data-id=\"3cf3b501\" data-element_type=\"section\" data-e-type=\"section\">\n\t\t\t\t\t\t<div class=\"elementor-container elementor-column-gap-default\">\n\t\t\t\t\t<div class=\"elementor-column elementor-col-100 elementor-inner-column elementor-element elementor-element-5813d2c0\" data-id=\"5813d2c0\" data-element_type=\"column\" data-e-type=\"column\">\n\t\t\t<div class=\"elementor-widget-wrap elementor-element-populated\">\n\t\t\t\t\t\t<div class=\"elementor-element elementor-element-57b9630 elementor-widget elementor-widget-text-editor\" data-id=\"57b9630\" data-element_type=\"widget\" data-e-type=\"widget\" data-widget_type=\"text-editor.default\">\n\t\t\t\t<div class=\"elementor-widget-container\">\n\t\t\t\t\t\t\t\t\t<p class=\"\" data-start=\"225\" data-end=\"636\">Der Canada TF vereint zwei komfortable Einzelbetten im Heck mit einer einladenden Face-to-Face-Sitzgruppe direkt hinter dem Fahrerhaus \u2013 ideal f\u00fcr gesellige Stunden unterwegs. Dank der drehbaren Fahrersitze bietet die gem\u00fctliche Dinette Platz f\u00fcr bis zu sechs Personen und l\u00e4dt zu gemeinsamen Mahlzeiten, Spielrunden oder entspannten Abenden ein.<\/p><p class=\"\" data-start=\"638\" data-end=\"943\">Die angrenzende K\u00fcche \u00fcberzeugt mit gro\u00dfem Sp\u00fclbecken, praktischem K\u00fchlschrank und ausreichend Arbeitsfl\u00e4che \u2013 perfekt f\u00fcr die Zubereitung und Nachbereitung von Mahlzeiten. Das optional erh\u00e4ltliche elektrische Hubbett \u00fcber der Dinette schafft zwei zus\u00e4tzliche Schlafpl\u00e4tze, ohne dabei Wohnraum einzub\u00fc\u00dfen.<\/p><p class=\"\" data-start=\"945\" data-end=\"1229\">Viel Stauraum bieten die umlaufenden H\u00e4ngeschr\u00e4nke sowie das gro\u00dfz\u00fcgige Fach unter den Einzelbetten im Heck \u2013 so findet das Gep\u00e4ck aller Mitreisenden bequem Platz. Der Canada TF ist damit die ideale Wahl f\u00fcr komfortable, flexible und gesellige Campingreisen mit Freunden oder Familie.<\/p>\t\t\t\t\t\t\t\t<\/div>\n\t\t\t\t<\/div>\n\t\t\t\t\t<\/div>\n\t\t<\/div>\n\t\t\t\t\t<\/div>\n\t\t<\/section>\n\t\t\t\t\t<\/div>\n\t\t<\/div>\n\t\t\t\t\t<\/div>\n\t\t<\/section>\n\t\t\t\t<section class=\"elementor-section elementor-top-section elementor-element elementor-element-33bb5c2d elementor-section-height-min-height elementor-section-stretched elementor-section-boxed elementor-section-height-default elementor-section-items-middle\" data-id=\"33bb5c2d\" data-element_type=\"section\" data-e-type=\"section\" data-settings=\"{&quot;stretch_section&quot;:&quot;section-stretched&quot;,&quot;background_background&quot;:&quot;video&quot;,&quot;background_video_link&quot;:&quot;https:\\\/\\\/ahorn-camp.de\\\/wp-content\\\/uploads\\\/2020\\\/07\\\/ahorn-camp-alaska-teilintegriert-klein.mp4&quot;,&quot;background_play_on_mobile&quot;:&quot;yes&quot;}\">\n\t\t\t\t\t\t\t\t<div class=\"elementor-background-video-container\">\n\t\t\t\t\t\t\t\t\t\t\t\t\t<video class=\"elementor-background-video-hosted\" role=\"presentation\" autoplay muted playsinline loop><\/video>\n\t\t\t\t\t\t\t\t\t\t\t<\/div>\n\t\t\t\t\t\t\t\t\t<div class=\"elementor-background-overlay\"><\/div>\n\t\t\t\t\t\t\t<div class=\"elementor-container elementor-column-gap-default\">\n\t\t\t\t\t<div class=\"elementor-column elementor-col-100 elementor-top-column elementor-element elementor-element-af48ada\" data-id=\"af48ada\" data-element_type=\"column\" data-e-type=\"column\">\n\t\t\t<div class=\"elementor-widget-wrap elementor-element-populated\">\n\t\t\t\t\t\t<div class=\"elementor-element elementor-element-29eb8665 elementor-widget-divider--view-line_text elementor-widget-divider--element-align-center elementor-widget elementor-widget-divider\" data-id=\"29eb8665\" data-element_type=\"widget\" data-e-type=\"widget\" data-widget_type=\"divider.default\">\n\t\t\t\t<div class=\"elementor-widget-container\">\n\t\t\t\t\t\t\t<div class=\"elementor-divider\">\n\t\t\t<span class=\"elementor-divider-separator\">\n\t\t\t\t\t\t\t<span class=\"elementor-divider__text elementor-divider__element\">\n\t\t\t\tCanda TF\t\t\t\t<\/span>\n\t\t\t\t\t\t<\/span>\n\t\t<\/div>\n\t\t\t\t\t\t<\/div>\n\t\t\t\t<\/div>\n\t\t\t\t<div class=\"elementor-element elementor-element-60bd9991 elementor-widget elementor-widget-heading\" data-id=\"60bd9991\" data-element_type=\"widget\" data-e-type=\"widget\" data-widget_type=\"heading.default\">\n\t\t\t\t<div class=\"elementor-widget-container\">\n\t\t\t\t\t<h2 class=\"elementor-heading-title elementor-size-default\">Erf\u00fcllen Sie sich einen Traum<\/h2>\t\t\t\t<\/div>\n\t\t\t\t<\/div>\n\t\t\t\t<div class=\"elementor-element elementor-element-563911eb elementor-align-center elementor-widget__width-inherit elementor-widget elementor-widget-button\" data-id=\"563911eb\" data-element_type=\"widget\" data-e-type=\"widget\" data-widget_type=\"button.default\">\n\t\t\t\t<div class=\"elementor-widget-container\">\n\t\t\t\t\t\t\t\t\t<div class=\"elementor-button-wrapper\">\n\t\t\t\t\t<a class=\"elementor-button elementor-button-link elementor-size-sm\" href=\"https:\/\/share-eu1.hsforms.com\/1yZnLsVssSzeYTBOcYkwIZAfr57v?model=Canada%20TF\" target=\"_blank\">\n\t\t\t\t\t\t<span class=\"elementor-button-content-wrapper\">\n\t\t\t\t\t\t\t\t\t<span class=\"elementor-button-text\">Unverbindlich anfragen<\/span>\n\t\t\t\t\t<\/span>\n\t\t\t\t\t<\/a>\n\t\t\t\t<\/div>\n\t\t\t\t\t\t\t\t<\/div>\n\t\t\t\t<\/div>\n\t\t\t\t\t<\/div>\n\t\t<\/div>\n\t\t\t\t\t<\/div>\n\t\t<\/section>\n\t\t\t\t<section class=\"elementor-section elementor-top-section elementor-element elementor-element-767e1456 elementor-section-stretched elementor-section-boxed elementor-section-height-default elementor-section-height-default\" data-id=\"767e1456\" data-element_type=\"section\" data-e-type=\"section\" data-settings=\"{&quot;stretch_section&quot;:&quot;section-stretched&quot;,&quot;background_background&quot;:&quot;classic&quot;}\">\n\t\t\t\t\t\t<div class=\"elementor-container elementor-column-gap-default\">\n\t\t\t\t\t<div class=\"elementor-column elementor-col-100 elementor-top-column elementor-element elementor-element-cfd2877\" data-id=\"cfd2877\" data-element_type=\"column\" data-e-type=\"column\">\n\t\t\t<div class=\"elementor-widget-wrap elementor-element-populated\">\n\t\t\t\t\t\t<div class=\"elementor-element elementor-element-4ae39b55 elementor-widget elementor-widget-heading\" data-id=\"4ae39b55\" data-element_type=\"widget\" data-e-type=\"widget\" data-widget_type=\"heading.default\">\n\t\t\t\t<div class=\"elementor-widget-container\">\n\t\t\t\t\t<h2 class=\"elementor-heading-title elementor-size-default\">Zu diesem Wohnmobil empfehlen wir<\/h2>\t\t\t\t<\/div>\n\t\t\t\t<\/div>\n\t\t\t\t<div class=\"elementor-element elementor-element-11d1129 elementor-widget elementor-widget-ucaddon_content_carousel_new\" data-id=\"11d1129\" data-element_type=\"widget\" data-e-type=\"widget\" data-widget_type=\"ucaddon_content_carousel_new.default\">\n\t\t\t\t<div class=\"elementor-widget-container\">\n\t\t\t\t\t\n<!-- start Content Carousel -->\n\t\t<link id='font-awesome-css' href='https:\/\/ahorn-camp.de\/wp-content\/plugins\/unlimited-elements-for-elementor-premium\/assets_libraries\/font-awesome6\/fontawesome-all.min.css' type='text\/css' rel='stylesheet' >\n\t\t<link id='font-awesome-4-shim-css' href='https:\/\/ahorn-camp.de\/wp-content\/plugins\/unlimited-elements-for-elementor-premium\/assets_libraries\/font-awesome6\/fontawesome-v4-shims.min.css' type='text\/css' rel='stylesheet' >\n\t\t<link id='owl-carousel-css' href='https:\/\/ahorn-camp.de\/wp-content\/plugins\/unlimited-elements-for-elementor-premium\/assets_libraries\/owl-carousel-new\/assets\/owl.carousel.css' type='text\/css' rel='stylesheet' >\n\n<style>\/* widget: Content Carousel *\/\n\n#uc_content_carousel_new_elementor_11d1129{\n  position:relative;\n  min-height:1px;\n}\n\n\n\n#uc_content_carousel_new_elementor_11d1129 .owl-nav .owl-prev{\n    position:absolute;\n    display:inline-block;\n    text-align:center;\n}\n#uc_content_carousel_new_elementor_11d1129 .owl-nav .owl-next{\n  position:absolute;\n  display:inline-block;\n  text-align:center;\n}\n\n\n#uc_content_carousel_new_elementor_11d1129 .owl-dots {\noverflow:hidden;\ntext-align:center;\n}\n\n#uc_content_carousel_new_elementor_11d1129 .owl-dot {\nborder-radius:50%;\ndisplay:inline-block;\n}\n\n.uc_post_title{\n  font-size:21px;\n}\n\n\n\n\n#uc_content_carousel_new_elementor_11d1129 .uc_image_carousel_container_holder{\n  overflow:hidden;\n}\n\n#uc_content_carousel_new_elementor_11d1129 .uc_more_btn{\n  \n    display:inline-block;\n  text-decoration:none;\n  text-align:center;\n  transition:0.3s;\n}\n\n\n\n#uc_content_carousel_new_elementor_11d1129 .uc_date{\n  color:gray;\n  padding-top:10px;\n  text-style:italic;\n}\n\n\n\n\n\n\n\n\n<\/style>\n\n<div class=\"uc_overlay_image_carousel\" >\n   <div class=\"uc_carousel owl-carousel owl-theme \" id=\"uc_content_carousel_new_elementor_11d1129\" >\n   \t\t<div class=\"uc_image_carousel_container_holder\">\n    <div class=\"uc_image_carousel_placeholder\">\n    <div style=\"background-image:url(https:\/\/ahorn-camp.de\/wp-content\/uploads\/2023\/11\/Lithiumbatterie.png);background-position:center; background-repeat:no-repeat;\" class=\"carousel-image\"><\/div>\n  <\/div>\n  \n    <div class=\"uc_image_carousel_content content-padding\">\n    \n            <div class=\"ue-title\">Flybat 100 Ah Lithium Batterie<\/div>        <div class=\"ue-text\" ><p>Mit der Lithiumbatterie von Flybat sparen Sie nicht nur Gewicht, sondern haben das doppelte an Energie dabei und eine smarte Steuerung \u00fcber das Smartphone!<\/p><\/div>        <a class=\"ue-btn uc_more_btn\"  href=\"https:\/\/ahorn-camp.de\/product\/lithiumbatterie-100ah\/\"  target='_blank'>Ansehen<\/a>        \n      <\/div>\n  <\/div>\n<div class=\"uc_image_carousel_container_holder\">\n    <div class=\"uc_image_carousel_placeholder\">\n    <div style=\"background-image:url(https:\/\/ahorn-camp.de\/wp-content\/uploads\/2022\/06\/AHORN-BlackEdition-12678-felge.jpg);background-position:center; background-repeat:no-repeat;\" class=\"carousel-image\"><\/div>\n  <\/div>\n  \n    <div class=\"uc_image_carousel_content content-padding\">\n    \n            <div class=\"ue-title\">Alufelgen Borbet 16\"<\/div>        <div class=\"ue-text\" ><p>Stilvoll im Design und augenschmeichelnd machen Sie mit den Ahorn Camp Alufelgen in schwarz matt nichts falsch. Auch f\u00fcr die Auflastung geeignet!<\/p><\/div>        <a class=\"ue-btn uc_more_btn\"  href=\"https:\/\/ahorn-camp.de\/product\/alufelgen-borbet-schwarz-matt\/\"  target='_blank'>Ansehen<\/a>        \n      <\/div>\n  <\/div>\n<div class=\"uc_image_carousel_container_holder\">\n    <div class=\"uc_image_carousel_placeholder\">\n    <div style=\"background-image:url(https:\/\/ahorn-camp.de\/wp-content\/uploads\/2023\/10\/Fahrerhausbett-1.jpg);background-position:center; background-repeat:no-repeat;\" class=\"carousel-image\"><\/div>\n  <\/div>\n  \n    <div class=\"uc_image_carousel_content content-padding\">\n    \n            <div class=\"ue-title\">Ahorn Camp Fahrerhausbett<\/div>        <div class=\"ue-text\" ><p>Das praktische Fahrerhausbett f\u00fcr den Renault Master mit den Ma\u00dfen 160 x 73 cm Liegefl\u00e4che f\u00fcr alle Wohnmobile und Vans von Ahorn.<\/p><\/div>        <a class=\"ue-btn uc_more_btn\"  href=\"https:\/\/ahorn-camp.de\/product\/ahorn-camp-fahrerhausbett\/\"  target='_blank'>Ansehen<\/a>        \n      <\/div>\n  <\/div>\n<div class=\"uc_image_carousel_container_holder\">\n    <div class=\"uc_image_carousel_placeholder\">\n    <div style=\"background-image:url(https:\/\/ahorn-camp.de\/wp-content\/uploads\/2025\/04\/Zubehoer-1.jpg);background-position:center; background-repeat:no-repeat;\" class=\"carousel-image\"><\/div>\n  <\/div>\n  \n    <div class=\"uc_image_carousel_content content-padding\">\n    \n            <div class=\"ue-title\">Zubeh\u00f6rshop<\/div>        <div class=\"ue-text\" ><p>Entdecke jetzt noch mehr praktisches Zubeh\u00f6r in unserem Shop! Finde alles, was du brauchst, um dein Campingerlebnis zu vervollst\u00e4ndigen.<\/p><\/div>        <a class=\"ue-btn uc_more_btn\"  href=\"https:\/\/ahorn-camp.de\/product-category\/zubehoer\/\" >Ansehen<\/a>        \n      <\/div>\n  <\/div>\n\n   <\/div>\t\n<\/div>\n<!-- end Content Carousel -->\t\t\t\t<\/div>\n\t\t\t\t<\/div>\n\t\t\t\t\t<\/div>\n\t\t<\/div>\n\t\t\t\t\t<\/div>\n\t\t<\/section>\n\t\t\t\t<section class=\"elementor-section elementor-top-section elementor-element elementor-element-fdb9ea4 elementor-section-stretched elementor-section-boxed elementor-section-height-default elementor-section-height-default\" data-id=\"fdb9ea4\" data-element_type=\"section\" data-e-type=\"section\" data-settings=\"{&quot;stretch_section&quot;:&quot;section-stretched&quot;}\">\n\t\t\t\t\t\t<div class=\"elementor-container elementor-column-gap-default\">\n\t\t\t\t\t<div class=\"elementor-column elementor-col-100 elementor-top-column elementor-element elementor-element-509b734a\" data-id=\"509b734a\" data-element_type=\"column\" data-e-type=\"column\">\n\t\t\t<div class=\"elementor-widget-wrap elementor-element-populated\">\n\t\t\t\t\t\t<div class=\"elementor-element elementor-element-2ef351d3 elementor-widget elementor-widget-heading\" data-id=\"2ef351d3\" data-element_type=\"widget\" data-e-type=\"widget\" data-widget_type=\"heading.default\">\n\t\t\t\t<div class=\"elementor-widget-container\">\n\t\t\t\t\t<h2 class=\"elementor-heading-title elementor-size-default\">Diese Wohnmobile k\u00f6nnten Ihnen auch gefallen<\/h2>\t\t\t\t<\/div>\n\t\t\t\t<\/div>\n\t\t\t\t<div class=\"elementor-element elementor-element-5ab107f5 elementor-widget elementor-widget-ucaddon_content_carousel_new\" data-id=\"5ab107f5\" data-element_type=\"widget\" data-e-type=\"widget\" data-widget_type=\"ucaddon_content_carousel_new.default\">\n\t\t\t\t<div class=\"elementor-widget-container\">\n\t\t\t\t\t\n<!-- start Content Carousel -->\n\n<style>\/* widget: Content Carousel *\/\n\n#uc_content_carousel_new_elementor_5ab107f5{\n  position:relative;\n  min-height:1px;\n}\n\n\n\n#uc_content_carousel_new_elementor_5ab107f5 .owl-nav .owl-prev{\n    position:absolute;\n    display:inline-block;\n    text-align:center;\n}\n#uc_content_carousel_new_elementor_5ab107f5 .owl-nav .owl-next{\n  position:absolute;\n  display:inline-block;\n  text-align:center;\n}\n\n\n#uc_content_carousel_new_elementor_5ab107f5 .owl-dots {\noverflow:hidden;\ntext-align:center;\n}\n\n#uc_content_carousel_new_elementor_5ab107f5 .owl-dot {\nborder-radius:50%;\ndisplay:inline-block;\n}\n\n.uc_post_title{\n  font-size:21px;\n}\n\n\n\n\n#uc_content_carousel_new_elementor_5ab107f5 .uc_image_carousel_container_holder{\n  overflow:hidden;\n}\n\n#uc_content_carousel_new_elementor_5ab107f5 .uc_more_btn{\n  \n    display:inline-block;\n  text-decoration:none;\n  text-align:center;\n  transition:0.3s;\n}\n\n\n\n#uc_content_carousel_new_elementor_5ab107f5 .uc_date{\n  color:gray;\n  padding-top:10px;\n  text-style:italic;\n}\n\n\n\n\n\n\n\n\n<\/style>\n\n<div class=\"uc_overlay_image_carousel\" >\n   <div class=\"uc_carousel owl-carousel owl-theme \" id=\"uc_content_carousel_new_elementor_5ab107f5\" >\n   \t\t<div class=\"uc_image_carousel_container_holder\">\n    <div class=\"uc_image_carousel_placeholder\">\n    <div style=\"background-image:url(https:\/\/ahorn-camp.de\/wp-content\/uploads\/2021\/02\/Ahorn-690_NACHT-und-TAG-Icon.jpg);background-position:center; background-repeat:no-repeat;\" class=\"carousel-image\"><\/div>\n  <\/div>\n  \n    <div class=\"uc_image_carousel_content content-padding\">\n    \n            <div class=\"ue-title\">ACT 690<\/div>        <div class=\"ue-text\" ><div style=\"text-align: left; color: black; font-size: 16px;\"><p style=\"display: flex; align-items: center; margin: 0;\"><i class=\"fa-solid fa-children\" style=\"color: #1b508c; margin-right: 8px;\"><\/i> Sitzpl\u00e4tze: 4<\/p><p style=\"display: flex; align-items: center; margin: 0;\"><i class=\"fa-solid fa-bed\" style=\"color: #1b508c; margin-right: 8px;\"><\/i> Schlafpl\u00e4tze: 3 \/ 4<\/p><p style=\"display: flex; align-items: center; margin: 0;\"><i class=\"fa-solid fa-ruler-combined\" style=\"color: #1b508c; margin-right: 8px;\"><\/i> L\u00e4nge: 6,99 m<\/p><p style=\"display: flex; align-items: center; margin: 0;\"><i class=\"fa-solid fa-weight-hanging\" style=\"color: #1b508c; margin-right: 8px;\"><\/i> 3.500 \/ 4.000 kg* zul. Gesamtgewicht<\/p><p style=\"margin-top: 1em; font-weight: bold;\">Grundpreis ab 58.600 \u20ac<\/p><\/div><\/div>        <a class=\"ue-btn uc_more_btn\"  href=\"https:\/\/ahorn-camp.de\/ahorn-reisemobile\/teilintegrierte-wohnmobile\/teilintegrierte-modelle-2024\/act-690\/\" >Produktdetails<\/a>        \n      <\/div>\n  <\/div>\n<div class=\"uc_image_carousel_container_holder\">\n    <div class=\"uc_image_carousel_placeholder\">\n    <div style=\"background-image:url(https:\/\/ahorn-camp.de\/wp-content\/uploads\/2021\/05\/Grundriss-ACT-640-Tag-Nacht.jpg);background-position:center; background-repeat:no-repeat;\" class=\"carousel-image\"><\/div>\n  <\/div>\n  \n    <div class=\"uc_image_carousel_content content-padding\">\n    \n            <div class=\"ue-title\">ACT 640<\/div>        <div class=\"ue-text\" ><div style=\"text-align: left; color: black; font-size: 16px;\"><p style=\"display: flex; align-items: center; margin: 0;\"><i class=\"fa-solid fa-children\" style=\"color: #1b508c; margin-right: 8px;\"><\/i> Sitzpl\u00e4tze: 4<\/p><p style=\"display: flex; align-items: center; margin: 0;\"><i class=\"fa-solid fa-bed\" style=\"color: #1b508c; margin-right: 8px;\"><\/i> Schlafpl\u00e4tze:\u00a02(4)<\/p><p style=\"display: flex; align-items: center; margin: 0;\"><i class=\"fa-solid fa-ruler-combined\" style=\"color: #1b508c; margin-right: 8px;\"><\/i> L\u00e4nge: 6,48 m<\/p><p style=\"display: flex; align-items: center; margin: 0;\"><i class=\"fa-solid fa-weight-hanging\" style=\"color: #1b508c; margin-right: 8px;\"><\/i> 3.500 \/ 4.000 kg* zul. Gesamtgewicht<\/p><p style=\"margin-top: 1em; font-weight: bold;\">Grundpreis ab 58.600 \u20ac<\/p><\/div><\/div>        <a class=\"ue-btn uc_more_btn\"  href=\"https:\/\/ahorn-camp.de\/ahorn-reisemobile\/teilintegrierte-wohnmobile\/teilintegrierte-modelle-2024\/act-640\/\" >Produktdetails<\/a>        \n      <\/div>\n  <\/div>\n<div class=\"uc_image_carousel_container_holder\">\n    <div class=\"uc_image_carousel_placeholder\">\n    <div style=\"background-image:url(https:\/\/ahorn-camp.de\/wp-content\/uploads\/2021\/08\/Camp-ACA690_NACHT-und-TAG-Icon-Kopie.jpg);background-position:center; background-repeat:no-repeat;\" class=\"carousel-image\"><\/div>\n  <\/div>\n  \n    <div class=\"uc_image_carousel_content content-padding\">\n    \n            <div class=\"ue-title\">Canada TE<\/div>        <div class=\"ue-text\" ><div style=\"text-align: left; color: black; font-size: 16px;\"><p style=\"display: flex; align-items: center; margin: 0;\"><i class=\"fa-solid fa-children\" style=\"color: #1b508c; margin-right: 8px;\"><\/i> Sitzpl\u00e4tze: 4<\/p><p style=\"display: flex; align-items: center; margin: 0;\"><i class=\"fa-solid fa-bed\" style=\"color: #1b508c; margin-right: 8px;\"><\/i> Schlafpl\u00e4tze:\u00a03(5)<\/p><p style=\"display: flex; align-items: center; margin: 0;\"><i class=\"fa-solid fa-ruler-combined\" style=\"color: #1b508c; margin-right: 8px;\"><\/i> L\u00e4nge: 7,48 m<\/p><p style=\"display: flex; align-items: center; margin: 0;\"><i class=\"fa-solid fa-weight-hanging\" style=\"color: #1b508c; margin-right: 8px;\"><\/i> 3.500 \/ 4.000 kg* zul. Gesamtgewicht<\/p><p style=\"margin-top: 1em; font-weight: bold;\">Grundpreis ab 59.900 \u20ac<\/p><\/div><\/div>        <a class=\"ue-btn uc_more_btn\"  href=\"https:\/\/ahorn-camp.de\/ahorn-reisemobile\/teilintegrierte-wohnmobile\/teilintegrierte-modelle-2024\/canada-te\/\" >Produktdetails<\/a>        \n      <\/div>\n  <\/div>\n\n   <\/div>\t\n<\/div>\n<!-- end Content Carousel -->\t\t\t\t<\/div>\n\t\t\t\t<\/div>\n\t\t\t\t<div class=\"elementor-element elementor-element-2e2f9212 elementor-hidden-desktop elementor-hidden-tablet elementor-hidden-mobile elementor-widget elementor-widget-ucaddon_logo_marquee\" data-id=\"2e2f9212\" data-element_type=\"widget\" data-e-type=\"widget\" data-widget_type=\"ucaddon_logo_marquee.default\">\n\t\t\t\t<div class=\"elementor-widget-container\">\n\t\t\t\t\t\n<!-- start Logo Marquee -->\n\n<style>\/* widget: Logo Marquee *\/\n\n#uc_logo_marquee_elementor_2e2f9212{\n  min-height:1px;\n  text-align: center;\n  position:relative;\n  opacity: 0;\n}\n\n#uc_logo_marquee_elementor_2e2f9212 *{\n  box-sizing:border-box;\n}\n#uc_logo_marquee_elementor_2e2f9212 .uc_marquee {\n\tdisplay: flex;\n\talign-items: center;\n\toverflow: hidden;\n    position: relative;\n}\n#uc_logo_marquee_elementor_2e2f9212 .uc_marquee > div {\n    position:relative;\n\tdisplay: inline-flex;\n\talign-items: center;\n\tflex: 0 0 auto;\n\twidth: auto;\n\toverflow: hidden;\n  \t\t\tanimation-name: marquee-to-left;\n    \tanimation-timing-function: linear;\n\tanimation-iteration-count: infinite;\n    }\n#uc_logo_marquee_elementor_2e2f9212 img{\n\n  \theight: 100%;\n  \tobject-fit: contain;\n}\n\n#uc_logo_marquee_elementor_2e2f9212 .ue_marquee_title\n{\n  position:absolute;\n  bottom:0px;\n  left: 0;\n  width:100%;\n}\n\n#uc_logo_marquee_elementor_2e2f9212 .uc_logo_marquee_holder{\n\tposition:relative;\n    text-align:center;\n    overflow:hidden;\n}\n\n\n#uc_logo_marquee_elementor_2e2f9212 .uc_logo_marquee_holder a{\n  height:100%;\n  width: 100%;\n  display:flex;\n  align-items: center;\n  justify-content:center;\n}\n\n\n\t@keyframes marquee-to-left {\n\tfrom {transform: translate(0,0)}\n\tto {transform: translate(-50%,0)}\n}\n\t\n\n\n\n\n\n#uc_logo_marquee_elementor_2e2f9212 .ue-item-badge\n{\n  position:absolute;\n  right:10px;\n  top:10px;\n}\n\n<\/style>\n\n<div class=\"uc_logo_marquee \" id=\"uc_logo_marquee_elementor_2e2f9212\" style=\"direction:ltr;\" >\n   <div class=\"uc_marquee uc-items-wrapper\" data-height=\"150px\" data-speed=\"20000\" data-mobile-items=\"1\" data-tablet-items=\"2\" data-desktop-items=\"5\" data-mobile-margin=\"30\" data-tablet-margin=\"30\" data-desktop-margin=\"30\" data-paused=\"true\" data-direction=\"left\">\n   \t\t<div class=\"uc_logo_marquee_holder elementor-repeater-item-ded3dda\">\n\t        <img decoding=\"async\" src=\"https:\/\/ahorn-camp.de\/wp-content\/uploads\/2024\/03\/Auszeichnungen-Website-Landingpage-768x512.png\" alt=\"Item 1\" class=\"ue_img_marquee\">\n      \t\n        \n      \t\n      <\/div>\n<div class=\"uc_logo_marquee_holder elementor-repeater-item-2b3e0dc\">\n\t        <img decoding=\"async\" src=\"https:\/\/ahorn-camp.de\/wp-content\/uploads\/2022\/09\/DGRM-2022-auszeichnung.png\" alt=\"Item 2\" class=\"ue_img_marquee\">\n      \t\n        \n      \t\n      <\/div>\n<div class=\"uc_logo_marquee_holder elementor-repeater-item-9fd91ad\">\n\t        <img decoding=\"async\" src=\"https:\/\/ahorn-camp.de\/wp-content\/uploads\/2022\/12\/AuBi_Caravan2022_Siegel_mitAusgabe.jpg\" alt=\"Item 3\" class=\"ue_img_marquee\">\n      \t\n        \n      \t\n      <\/div>\n\n   <\/div>\t\n<\/div>\n<!-- end Logo Marquee -->\t\t\t\t<\/div>\n\t\t\t\t<\/div>\n\t\t\t\t\t<\/div>\n\t\t<\/div>\n\t\t\t\t\t<\/div>\n\t\t<\/section>\n\t\t\t\t<section class=\"elementor-section elementor-top-section elementor-element elementor-element-54a8e17a elementor-section-boxed elementor-section-height-default elementor-section-height-default\" data-id=\"54a8e17a\" data-element_type=\"section\" data-e-type=\"section\">\n\t\t\t\t\t\t<div class=\"elementor-container elementor-column-gap-default\">\n\t\t\t\t\t<div class=\"elementor-column elementor-col-100 elementor-top-column elementor-element elementor-element-1e9f018b\" data-id=\"1e9f018b\" data-element_type=\"column\" data-e-type=\"column\">\n\t\t\t<div class=\"elementor-widget-wrap elementor-element-populated\">\n\t\t\t\t\t\t<div class=\"elementor-element elementor-element-6ed4d7aa elementor-widget elementor-widget-text-editor\" data-id=\"6ed4d7aa\" data-element_type=\"widget\" data-e-type=\"widget\" data-widget_type=\"text-editor.default\">\n\t\t\t\t<div class=\"elementor-widget-container\">\n\t\t\t\t\t\t\t\t\t<p>* Die technisch zul\u00e4ssige Gesamtmasse ist ein vom Hersteller festgelegter Wert, den das Fahrzeug auch im beladenen Zustand nicht \u00fcberschreiten darf. Sie hat daher Einfluss auf die zulassungsf\u00e4hige Anzahl von Sitzpl\u00e4tzen, die M\u00f6glichkeiten zur Auswahl von Sonderausstattung und die verbleibende Zuladungsm\u00f6glichkeit.\u00a0<br \/>Ausf\u00fchrliche Informationen zu Gewichten und zur Konfiguration des Fahrzeugs finden Sie in unseren Technischen Daten, im Abschnitt Rechtliche und Technische Hinweise zu gewichtsbezogenen Angaben.<\/p><p><span data-teams=\"true\">Au\u00dfen- und Innenansicht aller Modelle kann von der tats\u00e4chlichen Ansicht abweichen und unterliegt m\u00f6glichen \u00c4nderungen. Irrt\u00fcmer vorbehalten.<\/span><\/p>\t\t\t\t\t\t\t\t<\/div>\n\t\t\t\t<\/div>\n\t\t\t\t\t<\/div>\n\t\t<\/div>\n\t\t\t\t\t<\/div>\n\t\t<\/section>\n\t\t\t\t<section class=\"elementor-section elementor-top-section elementor-element elementor-element-569d268d elementor-section-stretched elementor-hidden-mobile elementor-hidden-tablet elementor-section-boxed elementor-section-height-default elementor-section-height-default\" data-id=\"569d268d\" data-element_type=\"section\" data-e-type=\"section\" data-settings=\"{&quot;stretch_section&quot;:&quot;section-stretched&quot;,&quot;background_background&quot;:&quot;classic&quot;,&quot;sticky&quot;:&quot;bottom&quot;,&quot;sticky_on&quot;:[&quot;desktop&quot;,&quot;tablet&quot;,&quot;mobile&quot;],&quot;sticky_offset&quot;:0,&quot;sticky_effects_offset&quot;:0,&quot;sticky_anchor_link_offset&quot;:0}\">\n\t\t\t\t\t\t<div class=\"elementor-container elementor-column-gap-default\">\n\t\t\t\t\t<div class=\"elementor-column elementor-col-100 elementor-top-column elementor-element elementor-element-19cc9b69\" data-id=\"19cc9b69\" data-element_type=\"column\" data-e-type=\"column\">\n\t\t\t<div class=\"elementor-widget-wrap elementor-element-populated\">\n\t\t\t\t\t\t<div class=\"elementor-element elementor-element-1dea92b0 elementor-align-center elementor-widget__width-auto elementor-widget elementor-widget-button\" data-id=\"1dea92b0\" data-element_type=\"widget\" data-e-type=\"widget\" data-widget_type=\"button.default\">\n\t\t\t\t<div class=\"elementor-widget-container\">\n\t\t\t\t\t\t\t\t\t<div class=\"elementor-button-wrapper\">\n\t\t\t\t\t<a class=\"elementor-button elementor-button-link elementor-size-sm\" href=\"#elementor-action%3Aaction%3Dpopup%3Aopen%26settings%3DeyJpZCI6IjMxNzAwIiwidG9nZ2xlIjpmYWxzZX0%3D\" target=\"_blank\">\n\t\t\t\t\t\t<span class=\"elementor-button-content-wrapper\">\n\t\t\t\t\t\t<span class=\"elementor-button-icon\">\n\t\t\t\t<i aria-hidden=\"true\" class=\"jki jki-calendar-page-empty-light\"><\/i>\t\t\t<\/span>\n\t\t\t\t\t\t\t\t\t<span class=\"elementor-button-text\">Angebot anfragen<\/span>\n\t\t\t\t\t<\/span>\n\t\t\t\t\t<\/a>\n\t\t\t\t<\/div>\n\t\t\t\t\t\t\t\t<\/div>\n\t\t\t\t<\/div>\n\t\t\t\t<div class=\"elementor-element elementor-element-435df40e elementor-align-center elementor-widget__width-auto elementor-widget elementor-widget-button\" data-id=\"435df40e\" data-element_type=\"widget\" data-e-type=\"widget\" data-widget_type=\"button.default\">\n\t\t\t\t<div class=\"elementor-widget-container\">\n\t\t\t\t\t\t\t\t\t<div class=\"elementor-button-wrapper\">\n\t\t\t\t\t<a class=\"elementor-button elementor-button-link elementor-size-sm\" href=\"https:\/\/ahorn-camp.de\/handelspartner\/\" target=\"_blank\">\n\t\t\t\t\t\t<span class=\"elementor-button-content-wrapper\">\n\t\t\t\t\t\t<span class=\"elementor-button-icon\">\n\t\t\t\t<i aria-hidden=\"true\" class=\"icon icon-location\"><\/i>\t\t\t<\/span>\n\t\t\t\t\t\t\t\t\t<span class=\"elementor-button-text\">H\u00e4ndler finden<\/span>\n\t\t\t\t\t<\/span>\n\t\t\t\t\t<\/a>\n\t\t\t\t<\/div>\n\t\t\t\t\t\t\t\t<\/div>\n\t\t\t\t<\/div>\n\t\t\t\t<div class=\"elementor-element elementor-element-38f2eda elementor-align-center elementor-widget__width-auto elementor-widget elementor-widget-button\" data-id=\"38f2eda\" data-element_type=\"widget\" data-e-type=\"widget\" data-widget_type=\"button.default\">\n\t\t\t\t<div class=\"elementor-widget-container\">\n\t\t\t\t\t\t\t\t\t<div class=\"elementor-button-wrapper\">\n\t\t\t\t\t<a class=\"elementor-button elementor-button-link elementor-size-sm\" href=\"https:\/\/ahorn-camp.de\/angebote\/\" target=\"_blank\">\n\t\t\t\t\t\t<span class=\"elementor-button-content-wrapper\">\n\t\t\t\t\t\t<span class=\"elementor-button-icon\">\n\t\t\t\t<i aria-hidden=\"true\" class=\"fas fa-percent\"><\/i>\t\t\t<\/span>\n\t\t\t\t\t\t\t\t\t<span class=\"elementor-button-text\">Aktuelle Angebote<\/span>\n\t\t\t\t\t<\/span>\n\t\t\t\t\t<\/a>\n\t\t\t\t<\/div>\n\t\t\t\t\t\t\t\t<\/div>\n\t\t\t\t<\/div>\n\t\t\t\t<div class=\"elementor-element elementor-element-568b1366 elementor-align-center elementor-widget__width-auto elementor-widget elementor-widget-button\" data-id=\"568b1366\" data-element_type=\"widget\" data-e-type=\"widget\" data-widget_type=\"button.default\">\n\t\t\t\t<div class=\"elementor-widget-container\">\n\t\t\t\t\t\t\t\t\t<div class=\"elementor-button-wrapper\">\n\t\t\t\t\t<a class=\"elementor-button elementor-button-link elementor-size-sm\" href=\"https:\/\/ahorn-camp.de\/preislisten-kataloge\/\" target=\"_blank\">\n\t\t\t\t\t\t<span class=\"elementor-button-content-wrapper\">\n\t\t\t\t\t\t<span class=\"elementor-button-icon\">\n\t\t\t\t<i aria-hidden=\"true\" class=\"fas fa-euro-sign\"><\/i>\t\t\t<\/span>\n\t\t\t\t\t\t\t\t\t<span class=\"elementor-button-text\">Kataloge &amp; Preislisten<\/span>\n\t\t\t\t\t<\/span>\n\t\t\t\t\t<\/a>\n\t\t\t\t<\/div>\n\t\t\t\t\t\t\t\t<\/div>\n\t\t\t\t<\/div>\n\t\t\t\t\t<\/div>\n\t\t<\/div>\n\t\t\t\t\t<\/div>\n\t\t<\/section>\n\t\t\t\t<section class=\"elementor-section elementor-top-section elementor-element elementor-element-2e553459 elementor-section-stretched elementor-hidden-desktop elementor-section-boxed elementor-section-height-default elementor-section-height-default\" data-id=\"2e553459\" data-element_type=\"section\" data-e-type=\"section\" data-settings=\"{&quot;stretch_section&quot;:&quot;section-stretched&quot;,&quot;background_background&quot;:&quot;classic&quot;,&quot;sticky&quot;:&quot;bottom&quot;,&quot;sticky_on&quot;:[&quot;desktop&quot;,&quot;tablet&quot;,&quot;mobile&quot;],&quot;sticky_offset&quot;:0,&quot;sticky_effects_offset&quot;:0,&quot;sticky_anchor_link_offset&quot;:0}\">\n\t\t\t\t\t\t<div class=\"elementor-container elementor-column-gap-default\">\n\t\t\t\t\t<div class=\"elementor-column elementor-col-100 elementor-top-column elementor-element elementor-element-68c11e9a\" data-id=\"68c11e9a\" data-element_type=\"column\" data-e-type=\"column\">\n\t\t\t<div class=\"elementor-widget-wrap elementor-element-populated\">\n\t\t\t\t\t\t<div class=\"elementor-element elementor-element-7bccf7af elementor-align-center elementor-widget__width-auto elementor-widget elementor-widget-button\" data-id=\"7bccf7af\" data-element_type=\"widget\" data-e-type=\"widget\" data-widget_type=\"button.default\">\n\t\t\t\t<div class=\"elementor-widget-container\">\n\t\t\t\t\t\t\t\t\t<div class=\"elementor-button-wrapper\">\n\t\t\t\t\t<a class=\"elementor-button elementor-button-link elementor-size-sm\" href=\"#elementor-action%3Aaction%3Dpopup%3Aopen%26settings%3DeyJpZCI6IjMxNzAwIiwidG9nZ2xlIjpmYWxzZX0%3D\" target=\"_blank\">\n\t\t\t\t\t\t<span class=\"elementor-button-content-wrapper\">\n\t\t\t\t\t\t<span class=\"elementor-button-icon\">\n\t\t\t\t<i aria-hidden=\"true\" class=\"jki jki-calendar-page-empty-light\"><\/i>\t\t\t<\/span>\n\t\t\t\t\t\t\t\t<\/span>\n\t\t\t\t\t<\/a>\n\t\t\t\t<\/div>\n\t\t\t\t\t\t\t\t<\/div>\n\t\t\t\t<\/div>\n\t\t\t\t<div class=\"elementor-element elementor-element-19447b4c elementor-align-center elementor-widget__width-auto elementor-widget elementor-widget-button\" data-id=\"19447b4c\" data-element_type=\"widget\" data-e-type=\"widget\" data-widget_type=\"button.default\">\n\t\t\t\t<div class=\"elementor-widget-container\">\n\t\t\t\t\t\t\t\t\t<div class=\"elementor-button-wrapper\">\n\t\t\t\t\t<a class=\"elementor-button elementor-button-link elementor-size-sm\" href=\"https:\/\/ahorn-camp.de\/handelspartner\/\" target=\"_blank\">\n\t\t\t\t\t\t<span class=\"elementor-button-content-wrapper\">\n\t\t\t\t\t\t<span class=\"elementor-button-icon\">\n\t\t\t\t<i aria-hidden=\"true\" class=\"icon icon-location\"><\/i>\t\t\t<\/span>\n\t\t\t\t\t\t\t\t<\/span>\n\t\t\t\t\t<\/a>\n\t\t\t\t<\/div>\n\t\t\t\t\t\t\t\t<\/div>\n\t\t\t\t<\/div>\n\t\t\t\t<div class=\"elementor-element elementor-element-4aa75bc0 elementor-align-center elementor-widget__width-auto elementor-widget elementor-widget-button\" data-id=\"4aa75bc0\" data-element_type=\"widget\" data-e-type=\"widget\" data-widget_type=\"button.default\">\n\t\t\t\t<div class=\"elementor-widget-container\">\n\t\t\t\t\t\t\t\t\t<div class=\"elementor-button-wrapper\">\n\t\t\t\t\t<a class=\"elementor-button elementor-button-link elementor-size-sm\" href=\"https:\/\/ahorn-camp.de\/angebote\/\" target=\"_blank\">\n\t\t\t\t\t\t<span class=\"elementor-button-content-wrapper\">\n\t\t\t\t\t\t<span class=\"elementor-button-icon\">\n\t\t\t\t<i aria-hidden=\"true\" class=\"fas fa-percent\"><\/i>\t\t\t<\/span>\n\t\t\t\t\t\t\t\t<\/span>\n\t\t\t\t\t<\/a>\n\t\t\t\t<\/div>\n\t\t\t\t\t\t\t\t<\/div>\n\t\t\t\t<\/div>\n\t\t\t\t<div class=\"elementor-element elementor-element-6150c714 elementor-align-center elementor-widget__width-auto elementor-widget elementor-widget-button\" data-id=\"6150c714\" data-element_type=\"widget\" data-e-type=\"widget\" data-widget_type=\"button.default\">\n\t\t\t\t<div class=\"elementor-widget-container\">\n\t\t\t\t\t\t\t\t\t<div class=\"elementor-button-wrapper\">\n\t\t\t\t\t<a class=\"elementor-button elementor-button-link elementor-size-sm\" href=\"https:\/\/ahorn-camp.de\/preislisten-kataloge\/\" target=\"_blank\">\n\t\t\t\t\t\t<span class=\"elementor-button-content-wrapper\">\n\t\t\t\t\t\t<span class=\"elementor-button-icon\">\n\t\t\t\t<i aria-hidden=\"true\" class=\"fas fa-euro-sign\"><\/i>\t\t\t<\/span>\n\t\t\t\t\t\t\t\t<\/span>\n\t\t\t\t\t<\/a>\n\t\t\t\t<\/div>\n\t\t\t\t\t\t\t\t<\/div>\n\t\t\t\t<\/div>\n\t\t\t\t\t<\/div>\n\t\t<\/div>\n\t\t\t\t\t<\/div>\n\t\t<\/section>\n\t\t\t\t<\/div>\n\t\t","protected":false},"excerpt":{"rendered":"<p>Ahorn Camp Canada TF <\/p>\n<p> <img decoding=\"async\" src=\"https:\/\/ahorn-camp.de\/wp-content\/uploads\/2024\/02\/2024-02-WebIcons-_0001s_0002_Canada-TF-768x512.png\" alt=\"Ahorn Canada TF\" data-image=\"https:\/\/ahorn-camp.de\/wp-content\/uploads\/2024\/02\/2024-02-WebIcons-_0001s_0002_Canada-TF.png\" data-title=\"Ahorn Canada TF\" \/><br \/> <img decoding=\"async\" src=\"https:\/\/ahorn-camp.de\/wp-content\/uploads\/2022\/06\/Canada-TF_NACHT-und-TAG-Icon_mitStern-768x543.png\" alt=\"Ahorn Canada TF Grundriss\" data-image=\"https:\/\/ahorn-camp.de\/wp-content\/uploads\/2022\/06\/Canada-TF_NACHT-und-TAG-Icon_mitStern.png\" data-title=\"Ahorn Canada TF Grundriss\" \/><br \/> <img decoding=\"async\" src=\"https:\/\/ahorn-camp.de\/wp-content\/uploads\/2020\/09\/AHORN-CANADA-TF-AUSSEN-RECHTS-2000-768x512.png\" alt=\"Ahorn Camp Canada TF\" data-image=\"https:\/\/ahorn-camp.de\/wp-content\/uploads\/2020\/09\/AHORN-CANADA-TF-AUSSEN-RECHTS-2000-1024x683.png\" data-title=\"Ahorn Camp Canada TF\" \/><br \/> <img decoding=\"async\" src=\"https:\/\/ahorn-camp.de\/wp-content\/uploads\/2020\/09\/AHORN-CANADA-TF-AUSSEN-LINKS-2000-768x512.png\" alt=\"Ahorn Camp Canada TF\" data-image=\"https:\/\/ahorn-camp.de\/wp-content\/uploads\/2020\/09\/AHORN-CANADA-TF-AUSSEN-LINKS-2000-1024x682.png\" data-title=\"Ahorn Camp Canada TF\" \/><br \/> <img decoding=\"async\" src=\"https:\/\/ahorn-camp.de\/wp-content\/uploads\/2020\/09\/AHORN-CANADA-TF-AUSSEN-HECK-2000-768x512.png\" alt=\"Ahorn Camp Canada TF\" data-image=\"https:\/\/ahorn-camp.de\/wp-content\/uploads\/2020\/09\/AHORN-CANADA-TF-AUSSEN-HECK-2000-1024x682.png\" data-title=\"Ahorn Camp Canada TF\" \/> <\/p>\n<p> Gesellig und komfortabel \u2013 Dein perfekter Reisebegleiter f\u00fcr Touren mit Freunden <\/p>\n<p data-start=\"214\" data-end=\"650\">Der Canada TF vereint Komfort und Gemeinschaftsgef\u00fchl in einem durchdachten Raumkonzept. Zwei bequeme Einzelbetten im Heck sorgen f\u00fcr erholsamen Schlaf, w\u00e4hrend die gro\u00dfz\u00fcgige Face-to-Face-Sitzgruppe im vorderen Bereich Platz f\u00fcr bis zu sechs Personen bietet \u2013 ideal f\u00fcr gesellige Abende, gemeinsame Mahlzeiten oder entspannte Gespr\u00e4che unterwegs. Ob zu zweit oder mit Freunden: Der Canada TF ist der ideale Begleiter f\u00fcr unvergessliche Reisen mit maximalem Komfort auf kompaktem Raum.<\/p>\n<p> [&#8230;]<\/p>\n","protected":false},"author":26,"featured_media":8520,"parent":20056,"menu_order":102,"comment_status":"closed","ping_status":"closed","template":"","meta":{"content-type":"","footnotes":""},"class_list":["post-20081","page","type-page","status-publish","has-post-thumbnail","hentry"],"yoast_head":"<!-- This site is optimized with the Yoast SEO plugin v27.4 - https:\/\/yoast.com\/product\/yoast-seo-wordpress\/ -->\n<title>CANADA TF - Ahorn Camp | Reisemobile und Kastenwagen<\/title>\n<meta name=\"robots\" content=\"noindex, nofollow\" \/>\n<meta property=\"og:locale\" content=\"en_US\" \/>\n<meta property=\"og:type\" content=\"article\" \/>\n<meta property=\"og:title\" content=\"CANADA TF - Ahorn Camp | Reisemobile und Kastenwagen\" \/>\n<meta property=\"og:description\" content=\"Ahorn Camp Canada TF    Gesellig und komfortabel \u2013 Dein perfekter Reisebegleiter f\u00fcr Touren mit Freunden Der Canada TF vereint Komfort und Gemeinschaftsgef\u00fchl in einem durchdachten Raumkonzept. Zwei bequeme Einzelbetten im Heck sorgen f\u00fcr erholsamen Schlaf, w\u00e4hrend die gro\u00dfz\u00fcgige Face-to-Face-Sitzgruppe im vorderen Bereich Platz f\u00fcr bis zu sechs Personen bietet \u2013 ideal f\u00fcr gesellige Abende, gemeinsame Mahlzeiten oder entspannte Gespr\u00e4che unterwegs. Ob zu zweit oder mit Freunden: Der Canada TF ist der ideale Begleiter f\u00fcr unvergessliche Reisen mit maximalem Komfort auf kompaktem Raum. [...]\" \/>\n<meta property=\"og:url\" content=\"https:\/\/ahorn-camp.de\/en\/ahorn-motorhomes\/semi-integrated-motorhomes\/semi-integrated-models-2024\/canada-tf\/\" \/>\n<meta property=\"og:site_name\" content=\"Ahorn Camp | Reisemobile und Kastenwagen\" \/>\n<meta property=\"article:publisher\" content=\"https:\/\/www.facebook.com\/ahorn.wohnmobile\/\" \/>\n<meta property=\"article:modified_time\" content=\"2025-09-01T09:12:33+00:00\" \/>\n<meta property=\"og:image\" content=\"https:\/\/ahorn-camp.de\/wp-content\/uploads\/2020\/09\/ahorn-Canada-TF-2021-vorne-schrae_small-1.png\" \/>\n\t<meta property=\"og:image:width\" content=\"1200\" \/>\n\t<meta property=\"og:image:height\" content=\"800\" \/>\n\t<meta property=\"og:image:type\" content=\"image\/png\" \/>\n<meta name=\"twitter:card\" content=\"summary_large_image\" \/>\n<meta name=\"twitter:label1\" content=\"Est. reading time\" \/>\n\t<meta name=\"twitter:data1\" content=\"9 minutes\" \/>\n<script type=\"application\/ld+json\" class=\"yoast-schema-graph\">{\"@context\":\"https:\\\/\\\/schema.org\",\"@graph\":[{\"@type\":\"WebPage\",\"@id\":\"https:\\\/\\\/ahorn-camp.de\\\/ahorn-reisemobile\\\/teilintegrierte-wohnmobile\\\/teilintegrierte-modelle-2024\\\/canada-tf\\\/\",\"url\":\"https:\\\/\\\/ahorn-camp.de\\\/ahorn-reisemobile\\\/teilintegrierte-wohnmobile\\\/teilintegrierte-modelle-2024\\\/canada-tf\\\/\",\"name\":\"CANADA TF - Ahorn Camp | Reisemobile und Kastenwagen\",\"isPartOf\":{\"@id\":\"https:\\\/\\\/ahorn-camp.de\\\/#website\"},\"primaryImageOfPage\":{\"@id\":\"https:\\\/\\\/ahorn-camp.de\\\/ahorn-reisemobile\\\/teilintegrierte-wohnmobile\\\/teilintegrierte-modelle-2024\\\/canada-tf\\\/#primaryimage\"},\"image\":{\"@id\":\"https:\\\/\\\/ahorn-camp.de\\\/ahorn-reisemobile\\\/teilintegrierte-wohnmobile\\\/teilintegrierte-modelle-2024\\\/canada-tf\\\/#primaryimage\"},\"thumbnailUrl\":\"https:\\\/\\\/ahorn-camp.de\\\/wp-content\\\/uploads\\\/2020\\\/09\\\/ahorn-Canada-TF-2021-vorne-schrae_small-1.png\",\"datePublished\":\"2023-09-22T09:17:43+00:00\",\"dateModified\":\"2025-09-01T09:12:33+00:00\",\"breadcrumb\":{\"@id\":\"https:\\\/\\\/ahorn-camp.de\\\/ahorn-reisemobile\\\/teilintegrierte-wohnmobile\\\/teilintegrierte-modelle-2024\\\/canada-tf\\\/#breadcrumb\"},\"inLanguage\":\"en-US\",\"potentialAction\":[{\"@type\":\"ReadAction\",\"target\":[\"https:\\\/\\\/ahorn-camp.de\\\/ahorn-reisemobile\\\/teilintegrierte-wohnmobile\\\/teilintegrierte-modelle-2024\\\/canada-tf\\\/\"]}]},{\"@type\":\"ImageObject\",\"inLanguage\":\"en-US\",\"@id\":\"https:\\\/\\\/ahorn-camp.de\\\/ahorn-reisemobile\\\/teilintegrierte-wohnmobile\\\/teilintegrierte-modelle-2024\\\/canada-tf\\\/#primaryimage\",\"url\":\"https:\\\/\\\/ahorn-camp.de\\\/wp-content\\\/uploads\\\/2020\\\/09\\\/ahorn-Canada-TF-2021-vorne-schrae_small-1.png\",\"contentUrl\":\"https:\\\/\\\/ahorn-camp.de\\\/wp-content\\\/uploads\\\/2020\\\/09\\\/ahorn-Canada-TF-2021-vorne-schrae_small-1.png\",\"width\":1200,\"height\":800,\"caption\":\"Ahorn Canada TF\"},{\"@type\":\"BreadcrumbList\",\"@id\":\"https:\\\/\\\/ahorn-camp.de\\\/ahorn-reisemobile\\\/teilintegrierte-wohnmobile\\\/teilintegrierte-modelle-2024\\\/canada-tf\\\/#breadcrumb\",\"itemListElement\":[{\"@type\":\"ListItem\",\"position\":1,\"name\":\"Startseite\",\"item\":\"https:\\\/\\\/ahorn-camp.de\\\/\"},{\"@type\":\"ListItem\",\"position\":2,\"name\":\"Modell\u00fcbersicht\",\"item\":\"https:\\\/\\\/ahorn-camp.de\\\/ahorn-reisemobile\\\/\"},{\"@type\":\"ListItem\",\"position\":3,\"name\":\"Teilintegriertes Wohnmobil kaufen bei Ahorn Camp\",\"item\":\"https:\\\/\\\/ahorn-camp.de\\\/ahorn-reisemobile\\\/teilintegrierte-wohnmobile\\\/\"},{\"@type\":\"ListItem\",\"position\":4,\"name\":\"Teilintegrierte Modelle 2024\",\"item\":\"https:\\\/\\\/ahorn-camp.de\\\/ahorn-reisemobile\\\/teilintegrierte-wohnmobile\\\/teilintegrierte-modelle-2024\\\/\"},{\"@type\":\"ListItem\",\"position\":5,\"name\":\"CANADA TF\"}]},{\"@type\":\"WebSite\",\"@id\":\"https:\\\/\\\/ahorn-camp.de\\\/#website\",\"url\":\"https:\\\/\\\/ahorn-camp.de\\\/\",\"name\":\"Ahorn Camp | Reisemobile und Kastenwagen\",\"description\":\"Seit \u00fcber 30 Jahren vermarktet das Familienunternehmen, Ahorn Camp in Speyer, erfolgreich Wohnmobile und Kastenwagen zum besten Preis-Leistungsverh\u00e4ltnis.\",\"publisher\":{\"@id\":\"https:\\\/\\\/ahorn-camp.de\\\/#organization\"},\"potentialAction\":[{\"@type\":\"SearchAction\",\"target\":{\"@type\":\"EntryPoint\",\"urlTemplate\":\"https:\\\/\\\/ahorn-camp.de\\\/?s={search_term_string}\"},\"query-input\":{\"@type\":\"PropertyValueSpecification\",\"valueRequired\":true,\"valueName\":\"search_term_string\"}}],\"inLanguage\":\"en-US\"},{\"@type\":\"Organization\",\"@id\":\"https:\\\/\\\/ahorn-camp.de\\\/#organization\",\"name\":\"Ahorn Camp GmbH & Co. KG\",\"url\":\"https:\\\/\\\/ahorn-camp.de\\\/\",\"logo\":{\"@type\":\"ImageObject\",\"inLanguage\":\"en-US\",\"@id\":\"https:\\\/\\\/ahorn-camp.de\\\/#\\\/schema\\\/logo\\\/image\\\/\",\"url\":\"https:\\\/\\\/ahorn-camp.de\\\/wp-content\\\/uploads\\\/2018\\\/12\\\/Ahorn_Logo.jpg\",\"contentUrl\":\"https:\\\/\\\/ahorn-camp.de\\\/wp-content\\\/uploads\\\/2018\\\/12\\\/Ahorn_Logo.jpg\",\"width\":1437,\"height\":1000,\"caption\":\"Ahorn Camp GmbH & Co. KG\"},\"image\":{\"@id\":\"https:\\\/\\\/ahorn-camp.de\\\/#\\\/schema\\\/logo\\\/image\\\/\"},\"sameAs\":[\"https:\\\/\\\/www.facebook.com\\\/ahorn.wohnmobile\\\/\",\"https:\\\/\\\/www.instagram.com\\\/ahorn.camp\\\/\",\"https:\\\/\\\/www.youtube.com\\\/channel\\\/UCPFbPCts1JJ_A1k9vyH0yOQ\"]}]}<\/script>\n<!-- \/ Yoast SEO plugin. -->","yoast_head_json":{"title":"CANADA TF - Ahorn Camp | Motorhomes and camper vans","robots":{"index":"noindex","follow":"nofollow"},"og_locale":"en_US","og_type":"article","og_title":"CANADA TF - Ahorn Camp | Reisemobile und Kastenwagen","og_description":"Ahorn Camp Canada TF    Gesellig und komfortabel \u2013 Dein perfekter Reisebegleiter f\u00fcr Touren mit Freunden Der Canada TF vereint Komfort und Gemeinschaftsgef\u00fchl in einem durchdachten Raumkonzept. Zwei bequeme Einzelbetten im Heck sorgen f\u00fcr erholsamen Schlaf, w\u00e4hrend die gro\u00dfz\u00fcgige Face-to-Face-Sitzgruppe im vorderen Bereich Platz f\u00fcr bis zu sechs Personen bietet \u2013 ideal f\u00fcr gesellige Abende, gemeinsame Mahlzeiten oder entspannte Gespr\u00e4che unterwegs. Ob zu zweit oder mit Freunden: Der Canada TF ist der ideale Begleiter f\u00fcr unvergessliche Reisen mit maximalem Komfort auf kompaktem Raum. [...]","og_url":"https:\/\/ahorn-camp.de\/en\/ahorn-motorhomes\/semi-integrated-motorhomes\/semi-integrated-models-2024\/canada-tf\/","og_site_name":"Ahorn Camp | Reisemobile und Kastenwagen","article_publisher":"https:\/\/www.facebook.com\/ahorn.wohnmobile\/","article_modified_time":"2025-09-01T09:12:33+00:00","og_image":[{"width":1200,"height":800,"url":"https:\/\/ahorn-camp.de\/wp-content\/uploads\/2020\/09\/ahorn-Canada-TF-2021-vorne-schrae_small-1.png","type":"image\/png"}],"twitter_card":"summary_large_image","twitter_misc":{"Est. reading time":"9 minutes"},"schema":{"@context":"https:\/\/schema.org","@graph":[{"@type":"WebPage","@id":"https:\/\/ahorn-camp.de\/ahorn-reisemobile\/teilintegrierte-wohnmobile\/teilintegrierte-modelle-2024\/canada-tf\/","url":"https:\/\/ahorn-camp.de\/ahorn-reisemobile\/teilintegrierte-wohnmobile\/teilintegrierte-modelle-2024\/canada-tf\/","name":"CANADA TF - Ahorn Camp | Motorhomes and camper vans","isPartOf":{"@id":"https:\/\/ahorn-camp.de\/#website"},"primaryImageOfPage":{"@id":"https:\/\/ahorn-camp.de\/ahorn-reisemobile\/teilintegrierte-wohnmobile\/teilintegrierte-modelle-2024\/canada-tf\/#primaryimage"},"image":{"@id":"https:\/\/ahorn-camp.de\/ahorn-reisemobile\/teilintegrierte-wohnmobile\/teilintegrierte-modelle-2024\/canada-tf\/#primaryimage"},"thumbnailUrl":"https:\/\/ahorn-camp.de\/wp-content\/uploads\/2020\/09\/ahorn-Canada-TF-2021-vorne-schrae_small-1.png","datePublished":"2023-09-22T09:17:43+00:00","dateModified":"2025-09-01T09:12:33+00:00","breadcrumb":{"@id":"https:\/\/ahorn-camp.de\/ahorn-reisemobile\/teilintegrierte-wohnmobile\/teilintegrierte-modelle-2024\/canada-tf\/#breadcrumb"},"inLanguage":"en-US","potentialAction":[{"@type":"ReadAction","target":["https:\/\/ahorn-camp.de\/ahorn-reisemobile\/teilintegrierte-wohnmobile\/teilintegrierte-modelle-2024\/canada-tf\/"]}]},{"@type":"ImageObject","inLanguage":"en-US","@id":"https:\/\/ahorn-camp.de\/ahorn-reisemobile\/teilintegrierte-wohnmobile\/teilintegrierte-modelle-2024\/canada-tf\/#primaryimage","url":"https:\/\/ahorn-camp.de\/wp-content\/uploads\/2020\/09\/ahorn-Canada-TF-2021-vorne-schrae_small-1.png","contentUrl":"https:\/\/ahorn-camp.de\/wp-content\/uploads\/2020\/09\/ahorn-Canada-TF-2021-vorne-schrae_small-1.png","width":1200,"height":800,"caption":"Ahorn Canada TF"},{"@type":"BreadcrumbList","@id":"https:\/\/ahorn-camp.de\/ahorn-reisemobile\/teilintegrierte-wohnmobile\/teilintegrierte-modelle-2024\/canada-tf\/#breadcrumb","itemListElement":[{"@type":"ListItem","position":1,"name":"Startseite","item":"https:\/\/ahorn-camp.de\/"},{"@type":"ListItem","position":2,"name":"Modell\u00fcbersicht","item":"https:\/\/ahorn-camp.de\/ahorn-reisemobile\/"},{"@type":"ListItem","position":3,"name":"Teilintegriertes Wohnmobil kaufen bei Ahorn Camp","item":"https:\/\/ahorn-camp.de\/ahorn-reisemobile\/teilintegrierte-wohnmobile\/"},{"@type":"ListItem","position":4,"name":"Teilintegrierte Modelle 2024","item":"https:\/\/ahorn-camp.de\/ahorn-reisemobile\/teilintegrierte-wohnmobile\/teilintegrierte-modelle-2024\/"},{"@type":"ListItem","position":5,"name":"CANADA TF"}]},{"@type":"WebSite","@id":"https:\/\/ahorn-camp.de\/#website","url":"https:\/\/ahorn-camp.de\/","name":"Ahorn Camp | Motorhomes and camper vans","description":"For over 30 years, the family business, Ahorn Camp in Speyer, has successfully marketed motorhomes and camper vans at the best price-performance ratio.","publisher":{"@id":"https:\/\/ahorn-camp.de\/#organization"},"potentialAction":[{"@type":"SearchAction","target":{"@type":"EntryPoint","urlTemplate":"https:\/\/ahorn-camp.de\/?s={search_term_string}"},"query-input":{"@type":"PropertyValueSpecification","valueRequired":true,"valueName":"search_term_string"}}],"inLanguage":"en-US"},{"@type":"Organization","@id":"https:\/\/ahorn-camp.de\/#organization","name":"Ahorn Camp GmbH &amp; Co. KG","url":"https:\/\/ahorn-camp.de\/","logo":{"@type":"ImageObject","inLanguage":"en-US","@id":"https:\/\/ahorn-camp.de\/#\/schema\/logo\/image\/","url":"https:\/\/ahorn-camp.de\/wp-content\/uploads\/2018\/12\/Ahorn_Logo.jpg","contentUrl":"https:\/\/ahorn-camp.de\/wp-content\/uploads\/2018\/12\/Ahorn_Logo.jpg","width":1437,"height":1000,"caption":"Ahorn Camp GmbH & Co. KG"},"image":{"@id":"https:\/\/ahorn-camp.de\/#\/schema\/logo\/image\/"},"sameAs":["https:\/\/www.facebook.com\/ahorn.wohnmobile\/","https:\/\/www.instagram.com\/ahorn.camp\/","https:\/\/www.youtube.com\/channel\/UCPFbPCts1JJ_A1k9vyH0yOQ"]}]}},"_links":{"self":[{"href":"https:\/\/ahorn-camp.de\/en\/wp-json\/wp\/v2\/pages\/20081","targetHints":{"allow":["GET"]}}],"collection":[{"href":"https:\/\/ahorn-camp.de\/en\/wp-json\/wp\/v2\/pages"}],"about":[{"href":"https:\/\/ahorn-camp.de\/en\/wp-json\/wp\/v2\/types\/page"}],"author":[{"embeddable":true,"href":"https:\/\/ahorn-camp.de\/en\/wp-json\/wp\/v2\/users\/26"}],"replies":[{"embeddable":true,"href":"https:\/\/ahorn-camp.de\/en\/wp-json\/wp\/v2\/comments?post=20081"}],"version-history":[{"count":13,"href":"https:\/\/ahorn-camp.de\/en\/wp-json\/wp\/v2\/pages\/20081\/revisions"}],"predecessor-version":[{"id":34222,"href":"https:\/\/ahorn-camp.de\/en\/wp-json\/wp\/v2\/pages\/20081\/revisions\/34222"}],"up":[{"embeddable":true,"href":"https:\/\/ahorn-camp.de\/en\/wp-json\/wp\/v2\/pages\/20056"}],"wp:featuredmedia":[{"embeddable":true,"href":"https:\/\/ahorn-camp.de\/en\/wp-json\/wp\/v2\/media\/8520"}],"wp:attachment":[{"href":"https:\/\/ahorn-camp.de\/en\/wp-json\/wp\/v2\/media?parent=20081"}],"curies":[{"name":"wp","href":"https:\/\/api.w.org\/{rel}","templated":true}]}}