{"id":177,"date":"2017-09-10T19:45:59","date_gmt":"2017-09-10T19:45:59","guid":{"rendered":"http:\/\/demo.themesuite.com\/automotive-wp\/?page_id=2"},"modified":"2022-07-26T19:18:25","modified_gmt":"2022-07-26T17:18:25","slug":"maple-camp","status":"publish","type":"page","link":"https:\/\/ahorn-camp.de\/en\/ahorn-camp\/","title":{"rendered":"Home"},"content":{"rendered":"<div class=\"wpb-content-wrapper\">\t\t<div data-elementor-type=\"wp-page\" data-elementor-id=\"177\" class=\"elementor elementor-177\" data-elementor-post-type=\"page\">\n\t\t\t\t\t\t<section class=\"elementor-section elementor-top-section elementor-element elementor-element-7a59755 elementor-section-boxed elementor-section-height-default elementor-section-height-default\" data-id=\"7a59755\" data-element_type=\"section\" data-e-type=\"section\">\n\t\t\t\t\t\t<div class=\"elementor-container elementor-column-gap-default\">\n\t\t\t\t\t<div class=\"elementor-column elementor-col-100 elementor-top-column elementor-element elementor-element-5a649374\" data-id=\"5a649374\" data-element_type=\"column\" data-e-type=\"column\">\n\t\t\t<div class=\"elementor-widget-wrap elementor-element-populated\">\n\t\t\t\t\t\t<div class=\"elementor-element elementor-element-62c58de3 elementor-widget elementor-widget-text-editor\" data-id=\"62c58de3\" data-element_type=\"widget\" data-e-type=\"widget\" data-widget_type=\"text-editor.default\">\n\t\t\t\t<div class=\"elementor-widget-container\">\n\t\t\t\t\t\t\t\t\t<div class=\"vc_row wpb_row vc_row-fluid vc_custom_1558439394966\"><div class=\"wpb_column vc_column_container vc_col-sm-4\"><div class=\"vc_column-inner\"><div class=\"wpb_wrapper\"><h2 style=\"font-size: 23px;text-align: center\" class=\"vc_custom_heading vc_do_custom_heading\" >ALKOVEN WOHNMOBILE<\/h2>\n\t<div  class=\"wpb_single_image wpb_content_element vc_align_center wpb_content_element\">\n\t\t\n\t\t<figure class=\"wpb_wrapper vc_figure\">\n\t\t\t<a href=\"https:\/\/ahorn-camp.de\/ahorn-reisemobile\/alkoven-wohnmobile\/\" target=\"_self\" class=\"vc_single_image-wrapper   vc_box_border_grey\"><img fetchpriority=\"high\" decoding=\"async\" width=\"2000\" height=\"1333\" src=\"https:\/\/ahorn-camp.de\/wp-content\/uploads\/2020\/09\/ahorn-Canada-AE-2021-vorne-schr\u00e4g.png\" class=\"vc_single_image-img attachment-full\" alt=\"Das Canada AE Alkoven Wohnmobil von vorne.\" title=\"Ahorn Canada AE\" srcset=\"https:\/\/ahorn-camp.de\/wp-content\/uploads\/2020\/09\/ahorn-Canada-AE-2021-vorne-schr\u00e4g.png 2000w, https:\/\/ahorn-camp.de\/wp-content\/uploads\/2020\/09\/ahorn-Canada-AE-2021-vorne-schr\u00e4g-300x200.png 300w, https:\/\/ahorn-camp.de\/wp-content\/uploads\/2020\/09\/ahorn-Canada-AE-2021-vorne-schr\u00e4g-1024x682.png 1024w, https:\/\/ahorn-camp.de\/wp-content\/uploads\/2020\/09\/ahorn-Canada-AE-2021-vorne-schr\u00e4g-768x512.png 768w, https:\/\/ahorn-camp.de\/wp-content\/uploads\/2020\/09\/ahorn-Canada-AE-2021-vorne-schr\u00e4g-800x533.png 800w, https:\/\/ahorn-camp.de\/wp-content\/uploads\/2020\/09\/ahorn-Canada-AE-2021-vorne-schr\u00e4g-1536x1024.png 1536w\" sizes=\"(max-width: 2000px) 100vw, 2000px\" \/><\/a>\n\t\t<\/figure>\n\t<\/div>\n[button size=&#8220;lg&#8220; align=&#8220;center&#8220; href=&#8220;url:https%3A%2F%2Fwww.ahorn-camp.de%2Fahorn-reisemobile%2Falkoven-wohnmobile%2F&#8220;]Alle Alkoven Modelle[\/button]<\/div><\/div><\/div><div class=\"wpb_column vc_column_container vc_col-sm-4\"><div class=\"vc_column-inner\"><div class=\"wpb_wrapper\"><h2 style=\"font-size: 23px;text-align: center\" class=\"vc_custom_heading vc_do_custom_heading\" >TEILINTEGRIERTE WOHNMOBILE<\/h2>\n\t<div  class=\"wpb_single_image wpb_content_element vc_align_center wpb_content_element\">\n\t\t\n\t\t<figure class=\"wpb_wrapper vc_figure\">\n\t\t\t<a href=\"https:\/\/ahorn-camp.de\/ahorn-reisemobile\/teilintegrierte-wohnmobile\/\" target=\"_self\" class=\"vc_single_image-wrapper   vc_box_border_grey\"><img decoding=\"async\" width=\"1200\" height=\"800\" src=\"https:\/\/ahorn-camp.de\/wp-content\/uploads\/2020\/09\/ahorn-Canada-TQ-2021-vorne-schraeg_small.png\" class=\"vc_single_image-img attachment-full\" alt=\"Ahorn Camp Canada TQ Teilintegrierte Wohnmobile von vorne\" title=\"Ahorn Camp Canada TQ\" srcset=\"https:\/\/ahorn-camp.de\/wp-content\/uploads\/2020\/09\/ahorn-Canada-TQ-2021-vorne-schraeg_small.png 1200w, https:\/\/ahorn-camp.de\/wp-content\/uploads\/2020\/09\/ahorn-Canada-TQ-2021-vorne-schraeg_small-300x200.png 300w, https:\/\/ahorn-camp.de\/wp-content\/uploads\/2020\/09\/ahorn-Canada-TQ-2021-vorne-schraeg_small-1024x683.png 1024w, https:\/\/ahorn-camp.de\/wp-content\/uploads\/2020\/09\/ahorn-Canada-TQ-2021-vorne-schraeg_small-768x512.png 768w, https:\/\/ahorn-camp.de\/wp-content\/uploads\/2020\/09\/ahorn-Canada-TQ-2021-vorne-schraeg_small-800x533.png 800w\" sizes=\"(max-width: 1200px) 100vw, 1200px\" \/><\/a>\n\t\t<\/figure>\n\t<\/div>\n[button size=&#8220;lg&#8220; align=&#8220;center&#8220; href=&#8220;url:https%3A%2F%2Fwww.ahorn-camp.de%2Fahorn-reisemobile%2Fteilintegrierte-wohnmobile|title:Teilintegrierte%20Modelle&#8220;]Alle Teilintegrierten Modelle[\/button]<\/div><\/div><\/div><div class=\"wpb_column vc_column_container vc_col-sm-4\"><div class=\"vc_column-inner\"><div class=\"wpb_wrapper\"><h2 style=\"font-size: 23px;text-align: center\" class=\"vc_custom_heading vc_do_custom_heading\" >CAMPERVANS<\/h2>\n\t<div  class=\"wpb_single_image wpb_content_element vc_align_center wpb_content_element\">\n\t\t\n\t\t<figure class=\"wpb_wrapper vc_figure\">\n\t\t\t<a href=\"https:\/\/ahorn-camp.de\/ahorn-reisemobile\/campervans\/\" target=\"_self\" class=\"vc_single_image-wrapper   vc_box_border_grey\"><img decoding=\"async\" width=\"2000\" height=\"1333\" src=\"https:\/\/ahorn-camp.de\/wp-content\/uploads\/2020\/09\/ahorn-Van-550-2021-vorne-schr\u00e4g-grau.png\" class=\"vc_single_image-img attachment-full\" alt=\"Das Reisemobil von Ahorn Camp\" title=\"Ahorn Camp Van\" srcset=\"https:\/\/ahorn-camp.de\/wp-content\/uploads\/2020\/09\/ahorn-Van-550-2021-vorne-schr\u00e4g-grau.png 2000w, https:\/\/ahorn-camp.de\/wp-content\/uploads\/2020\/09\/ahorn-Van-550-2021-vorne-schr\u00e4g-grau-300x200.png 300w, https:\/\/ahorn-camp.de\/wp-content\/uploads\/2020\/09\/ahorn-Van-550-2021-vorne-schr\u00e4g-grau-1024x682.png 1024w, https:\/\/ahorn-camp.de\/wp-content\/uploads\/2020\/09\/ahorn-Van-550-2021-vorne-schr\u00e4g-grau-768x512.png 768w, https:\/\/ahorn-camp.de\/wp-content\/uploads\/2020\/09\/ahorn-Van-550-2021-vorne-schr\u00e4g-grau-800x533.png 800w, https:\/\/ahorn-camp.de\/wp-content\/uploads\/2020\/09\/ahorn-Van-550-2021-vorne-schr\u00e4g-grau-1536x1024.png 1536w\" sizes=\"(max-width: 2000px) 100vw, 2000px\" \/><\/a>\n\t\t<\/figure>\n\t<\/div>\n[button size=&#8220;lg&#8220; align=&#8220;center&#8220; href=&#8220;url:%20https%3A%2F%2Fwww.ahorn-camp.de%2Fahorn-reisemobile%2Fcampervans%2F|title:Van%20Kastenwagen&#8220;]Alle Van Modelle[\/button]<\/div><\/div><\/div><\/div><div data-vc-full-width=\"true\" data-vc-full-width-temp=\"true\" data-vc-full-width-init=\"false\" class=\"vc_row wpb_row vc_row-fluid vc_custom_1647511991824 vc_row-has-fill vc_column-gap-30\"><div class=\"wpb_column vc_column_container vc_col-sm-12 vc_col-has-fill\"><div class=\"vc_column-inner vc_custom_1576655302272\"><div class=\"wpb_wrapper\"><h3 style=\"font-size: 23px;text-align: left\" class=\"vc_custom_heading vc_do_custom_heading\" >Aktuelles<\/h3>[tm_carousel_father speed=&#8220;6000&#8243; spaces=&#8220;8&#8243; slide_visible=&#8220;3&#8243; arrowclr=&#8220;#ffffff&#8220; arrowsize=&#8220;21&#8243; arrowposition=&#8220;-100&#8243; dot=&#8220;false&#8220; arrowbg=&#8220;#1b508e&#8220;][tm_carousel_son img_radius=&#8220;&#8220; btn_visibility=&#8220;show&#8220; contain_url=&#8220;url:https%3A%2F%2Fwww.ahorn-camp.de%2Fahorndays%2F&#8220; image_id=&#8220;15315&#8243; title=&#8220;Die Ahorn Days&#8220; btn_text=&#8220;MEHR ERFAHREN&#8220; btn_url=&#8220;url:https%3A%2F%2Fwww.ahorn-camp.de%2Fahorndays%2F&#8220; btn_bg=&#8220;#1b508e&#8220; titleclr=&#8220;#1b508e&#8220;]<\/p>\n<p><\/p>\n<p>Wir freuen uns Sie vom 07.04. bis 10.04.2022 auf unserer Hausmesse in unseren Niederlassung in Speyer, Frankfurt und M\u00fclheim a.d. Ruhr begr\u00fc\u00dfen zu d\u00fcrfen. An diesen Tagen k\u00f6nnen Sie nicht nur unsere vielseitige Fahrzeugpalette entdecken, sondern auch von Aktionen und Sonderrabatten profitieren.<\/p>\n<p><\/p>\n<p>[\/tm_carousel_son][tm_carousel_son img_radius=&#8220;&#8220; btn_visibility=&#8220;show&#8220; contain_url=&#8220;url:https%3A%2F%2Fwww.ahorn-camp.de%2Fwachstumschampion-2022%2F&#8220; image_id=&#8220;15316&#8243; title=&#8220;Wachstumschampion 2022&#8243; btn_text=&#8220;MEHR ERFAHREN&#8220; btn_url=&#8220;url:https%3A%2F%2Fwww.ahorn-camp.de%2Fwachstumschampion-2022%2F&#8220; btn_bg=&#8220;#1b508e&#8220; titleclr=&#8220;#1b508e&#8220;]<\/p>\n<p><\/p>\n<p>\u201eSie sind kreativ und agil und sie kreieren f\u00fcr jede Nische das ideale Gesch\u00e4ftsmodell\u201c so beschreibt Focus die diesj\u00e4hrigen Wachstumchampions. Wir sind stolz zu diesen Top 500 Unternehmen zu z\u00e4hlen und sind motiviert weiterhin die Bed\u00fcrfnisse unserer Kunden und Mitarbeiter zur vollsten Zufriedenheit zu erf\u00fcllen.<\/p>\n<p><\/p>\n<p>[\/tm_carousel_son][tm_carousel_son img_radius=&#8220;&#8220; btn_visibility=&#8220;show&#8220; contain_url=&#8220;url:https%3A%2F%2Fwww.ahorn-camp.de%2Fahorn-camp-wird-in-das-netzwerk-der-besten-aufgenommen%2F&#8220; image_id=&#8220;14327&#8243; title=&#8220;Preis des Mittelstandes&#8220; btn_text=&#8220;MEHR ERFAHREN&#8220; btn_url=&#8220;url:https%3A%2F%2Fwww.ahorn-camp.de%2Fahorn-camp-wird-in-das-netzwerk-der-besten-aufgenommen%2F&#8220; btn_bg=&#8220;#1b508e&#8220; titleclr=&#8220;#1b508e&#8220;]<\/p>\n<p><\/p>\n<p>Wir sind stolz unter den Finalisten des Gro\u00dfen Preises des Mittelstandes 2021 sein zu d\u00fcrfen und freuen uns Teil dieses engagierten Netzwerks zu sein. Gemeinsam wollen wir den Klein- und Mittelstand in Deutschland&nbsp; st\u00e4rken, weiter wachsen und neue Entwicklungen voran treiben.&nbsp;<\/p>\n<p><\/p>\n<p>[\/tm_carousel_son][tm_carousel_son img_radius=&#8220;&#8220; btn_visibility=&#8220;show&#8220; contain_url=&#8220;url:https%3A%2F%2Fwww.ahorn-camp.de%2Fahorn-goes-international%2F&#8220; image_id=&#8220;13409&#8243; title=&#8220;Ahorn Camp goes International&#8220; btn_text=&#8220;MEHR ERFAHREN&#8220; btn_url=&#8220;url:https%3A%2F%2Fwww.ahorn-camp.de%2Fahorn-goes-international%2F&#8220; btn_bg=&#8220;#1b508e&#8220; titleclr=&#8220;#1b508e&#8220;]<\/p>\n<p><\/p>\n<p>Unser Unternehmen w\u00e4chst stetig weiter und sind sehr stolz auf unser europ\u00e4isches Handelspartnernetzwerk mit \u00fcber 60 Partnerinnen und Partnern. Besonders freuen wir uns nun \u00fcber einen neuen Handelspartner aus S\u00fcdkorea. Zuk\u00fcnftig werden wir nun durch WINNERSTAR Corporation in Daejeon vertreten sein.<\/p>\n<p><\/p>\n<p>[\/tm_carousel_son][tm_carousel_son img_radius=&#8220;&#8220; btn_visibility=&#8220;show&#8220; contain_url=&#8220;url:https%3A%2F%2Fwww.ahorn-camp.de%2Fdgrm-2021%2F&#8220; image_id=&#8220;13342&#8243; title=&#8220;Das Goldene Reisemobil 2021&#8243; btn_text=&#8220;MEHR ERFAHREN&#8220; btn_url=&#8220;url:https%3A%2F%2Fwww.ahorn-camp.de%2Fdgrm-2021%2F&#8220; btn_bg=&#8220;#1b508e&#8220; titleclr=&#8220;#1b508e&#8220;]<\/p>\n<p><\/p>\n<p>Auch in diesem Jahr konnten wieder zwei unserer Fahrzeuge bei der Leserwahl zum goldenen Reisemobil der AUTO BILD REISEMOBIL \u00fcberzeugen. Neben dem Van City hat auch unser Alkovenmodell Canada AE die Silbermedaille erhalten. Vielen Dank an alle, die uns unterst\u00fctzt haben!<\/p>\n<p><\/p>\n<p>[\/tm_carousel_son][tm_carousel_son img_radius=&#8220;&#8220; btn_visibility=&#8220;show&#8220; contain_url=&#8220;url:https%3A%2F%2Fwww.unserebroschuere.de%2FAHORN_Camp%2FWebView%2F&#8220; image_id=&#8220;13352&#8243; title=&#8220;Digitale Brosch\u00fcre&#8220; btn_text=&#8220;MEHR ERFAHREN&#8220; btn_url=&#8220;url:https%3A%2F%2Fwww.unserebroschuere.de%2FAHORN_Camp%2FWebView%2F&#8220; btn_bg=&#8220;#1b508e&#8220; titleclr=&#8220;#1b508e&#8220;]<\/p>\n<p><\/p>\n<p>Wir freuen uns Ihnen unsere neue digitale Unternehmensbrosch\u00fcre zu pr\u00e4sentieren. Tradition trifft&nbsp; Moderne \u2013 und das mit Auszeichnung. Lernen Sie das Ahorn Camp Team, unsere 30 j\u00e4hrige Unternehmensgeschichte und unsere modernen Fahrzeuge besser kennen.<\/p>\n<p><\/p>\n<p>[\/tm_carousel_son][\/tm_carousel_father]<div class=\"vc_empty_space\"   style=\"height: 32px\"><span class=\"vc_empty_space_inner\"><\/span><\/div><\/div><\/div><\/div><\/div><div class=\"vc_row-full-width vc_clearfix\"><\/div><div class=\"vc_row wpb_row vc_row-fluid fullwidth_element vc_custom_1647534168567\"><div class=\"wpb_column vc_column_container vc_col-sm-12\"><div class=\"vc_column-inner\"><div class=\"wpb_wrapper\">[parallax_section offset=&#8220;-150&#8243; image=&#8220;4976&#8243; overlay_color=&#8220;rgba(240,240,240,0.75)&#8220; text_color=&#8220;#2d2d2d&#8220;]<div class=\"vc_row wpb_row vc_inner vc_row-fluid vc_custom_1647534229505\"><div class=\"wpb_column vc_column_container vc_col-sm-3\"><div class=\"vc_column-inner\"><div class=\"wpb_wrapper\">\n\t<div class=\"wpb_text_column wpb_content_element\" >\n\t\t<div class=\"wpb_wrapper\">\n\t\t\t<p style=\"text-align: center;\"><a href=\"https:\/\/ahorn-camp.de\/ahorn-reisemobile\/preislisten-kataloge\/\"><i style=\"color: #222222; font-size: 84px;\">&nbsp;<\/i><\/a><\/p>\n<h3 style=\"text-align: center;\"><span style=\"color: #333333;\">KATALOGE<\/span><\/h3>\n<h6 style=\"text-align: center;\"><span style=\"color: #333333;\"><a style=\"color: #333333;\" href=\"https:\/\/ahorn-camp.de\/ahorn-reisemobile\/preislisten-kataloge\/\">Ahorn Camp Kataloge, Preislisten<\/a><\/span><\/h6>\n\n\t\t<\/div>\n\t<\/div>\n<\/div><\/div><\/div><div class=\"wpb_column vc_column_container vc_col-sm-3\"><div class=\"vc_column-inner\"><div class=\"wpb_wrapper\">\n\t<div class=\"wpb_text_column wpb_content_element\" >\n\t\t<div class=\"wpb_wrapper\">\n\t\t\t<p style=\"text-align: center;\"><a href=\"https:\/\/ahorn-camp.de\/ahorn-news\/\"><i style=\"color: #222222; font-size: 84px;\">&nbsp;<\/i><\/a><\/p>\n<h3 style=\"text-align: center;\"><span style=\"color: #333333;\">AUSZEICHNUNGEN<\/span><\/h3>\n<h6 style=\"text-align: center;\"><span style=\"color: #333333;\"><a style=\"color: #333333;\" href=\"https:\/\/ahorn-camp.de\/ahorn-auszeichnungen\/\">Alle Pressemitteilungen zu unseren Auszeichnungen<\/a><\/span><\/h6>\n\n\t\t<\/div>\n\t<\/div>\n<\/div><\/div><\/div><div class=\"wpb_column vc_column_container vc_col-sm-3\"><div class=\"vc_column-inner\"><div class=\"wpb_wrapper\">\n\t<div class=\"wpb_text_column wpb_content_element\" >\n\t\t<div class=\"wpb_wrapper\">\n\t\t\t<p style=\"text-align: center;\"><a href=\"https:\/\/ahorn-camp.de\/ahorn-partner\/\"><i style=\"color: #222222; font-size: 84px;\">&nbsp;<\/i><\/a><\/p>\n<h3 style=\"text-align: center;\"><span style=\"color: #333333;\">PARTNER<\/span><\/h3>\n<h6 style=\"text-align: center;\"><span style=\"color: #333333;\"><a style=\"color: #333333;\" href=\"https:\/\/ahorn-camp.de\/ahorn-partner\/\">Finden Sie auch in Ihrer N\u00e4he unsere Ahorn Camp Partner<\/a><\/span><\/h6>\n\n\t\t<\/div>\n\t<\/div>\n<\/div><\/div><\/div><div class=\"wpb_column vc_column_container vc_col-sm-3\"><div class=\"vc_column-inner\"><div class=\"wpb_wrapper\">\n\t<div class=\"wpb_text_column wpb_content_element\" >\n\t\t<div class=\"wpb_wrapper\">\n\t\t\t<p style=\"text-align: center;\"><a href=\"https:\/\/ahorn-camp.de\/empfehlen\/\"><i style=\"color: #222222; font-size: 84px;\">&nbsp;<\/i><\/a><\/p>\n<h3 style=\"text-align: center;\"><span style=\"color: #333333;\">Freunde werben<\/span><\/h3>\n<h6 style=\"text-align: center;\"><span style=\"color: #333333;\"><a style=\"color: #333333;\" href=\"https:\/\/ahorn-camp.de\/ahorn-messetermine\/\">Empfehlen Sie uns weiter und profitieren Sie doppelt!&nbsp;<\/a><\/span><\/h6>\n\n\t\t<\/div>\n\t<\/div>\n<\/div><\/div><\/div><\/div>[\/parallax_section]<\/div><\/div><\/div><\/div>\t\t\t\t\t\t\t\t<\/div>\n\t\t\t\t<\/div>\n\t\t\t\t\t<\/div>\n\t\t<\/div>\n\t\t\t\t\t<\/div>\n\t\t<\/section>\n\t\t\t\t<section class=\"elementor-section elementor-top-section elementor-element elementor-element-ef8dffa elementor-section-boxed elementor-section-height-default elementor-section-height-default\" data-id=\"ef8dffa\" data-element_type=\"section\" data-e-type=\"section\">\n\t\t\t\t\t\t<div class=\"elementor-container elementor-column-gap-default\">\n\t\t\t\t\t<div class=\"elementor-column elementor-col-100 elementor-top-column elementor-element elementor-element-5faf1b3\" data-id=\"5faf1b3\" data-element_type=\"column\" data-e-type=\"column\">\n\t\t\t<div class=\"elementor-widget-wrap elementor-element-populated\">\n\t\t\t\t\t\t<div class=\"elementor-element elementor-element-8d4a2b9 elementor-widget elementor-widget-heading\" data-id=\"8d4a2b9\" data-element_type=\"widget\" data-e-type=\"widget\" data-widget_type=\"heading.default\">\n\t\t\t\t<div class=\"elementor-widget-container\">\n\t\t\t\t\t<h2 class=\"elementor-heading-title elementor-size-default\">Add Your Heading Text Here<\/h2>\t\t\t\t<\/div>\n\t\t\t\t<\/div>\n\t\t\t\t<div class=\"elementor-element elementor-element-d7998dd elementor-widget elementor-widget-shortcode\" data-id=\"d7998dd\" data-element_type=\"widget\" data-e-type=\"widget\" data-widget_type=\"shortcode.default\">\n\t\t\t\t<div class=\"elementor-widget-container\">\n\t\t\t\t\t\t\t<div class=\"elementor-shortcode\">\t\t<div data-elementor-type=\"section\" data-elementor-id=\"15353\" class=\"elementor elementor-15353\" data-elementor-post-type=\"elementor_library\">\n\t\t\t\t\t<section class=\"elementor-section elementor-top-section elementor-element elementor-element-85036fa elementor-section-boxed elementor-section-height-default elementor-section-height-default\" data-id=\"85036fa\" data-element_type=\"section\" data-e-type=\"section\">\n\t\t\t\t\t\t<div class=\"elementor-container elementor-column-gap-default\">\n\t\t\t\t\t<div class=\"elementor-column elementor-col-100 elementor-top-column elementor-element elementor-element-aac650b\" data-id=\"aac650b\" data-element_type=\"column\" data-e-type=\"column\">\n\t\t\t<div class=\"elementor-widget-wrap elementor-element-populated\">\n\t\t\t\t\t\t<div class=\"elementor-element elementor-element-528486c elementor-arrows-position-outside elementor-widget elementor-widget-image-carousel\" data-id=\"528486c\" data-element_type=\"widget\" data-e-type=\"widget\" data-settings=\"{&quot;slides_to_show&quot;:&quot;4&quot;,&quot;navigation&quot;:&quot;arrows&quot;,&quot;pause_on_interaction&quot;:&quot;no&quot;,&quot;autoplay_speed&quot;:3000,&quot;image_spacing_custom&quot;:{&quot;unit&quot;:&quot;px&quot;,&quot;size&quot;:65,&quot;sizes&quot;:[]},&quot;autoplay&quot;:&quot;yes&quot;,&quot;pause_on_hover&quot;:&quot;yes&quot;,&quot;infinite&quot;:&quot;yes&quot;,&quot;speed&quot;:500,&quot;image_spacing_custom_tablet&quot;:{&quot;unit&quot;:&quot;px&quot;,&quot;size&quot;:&quot;&quot;,&quot;sizes&quot;:[]},&quot;image_spacing_custom_mobile&quot;:{&quot;unit&quot;:&quot;px&quot;,&quot;size&quot;:&quot;&quot;,&quot;sizes&quot;:[]}}\" data-widget_type=\"image-carousel.default\">\n\t\t\t\t<div class=\"elementor-widget-container\">\n\t\t\t\t\t\t\t<div class=\"elementor-image-carousel-wrapper swiper\" role=\"region\" aria-roledescription=\"carousel\" aria-label=\"Image Carousel\" dir=\"ltr\">\n\t\t\t<div class=\"elementor-image-carousel swiper-wrapper swiper-image-stretch\" aria-live=\"off\">\n\t\t\t\t\t\t\t\t<div class=\"swiper-slide\" role=\"group\" aria-roledescription=\"slide\" aria-label=\"1 of 4\"><figure class=\"swiper-slide-inner\"><img decoding=\"async\" class=\"swiper-slide-image\" src=\"https:\/\/ahorn-camp.de\/wp-content\/uploads\/2022\/03\/Autobild-Reisemobil-1-800x250.png\" alt=\"Autobild Reisemobil\" \/><\/figure><\/div><div class=\"swiper-slide\" role=\"group\" aria-roledescription=\"slide\" aria-label=\"2 of 4\"><figure class=\"swiper-slide-inner\"><img decoding=\"async\" class=\"swiper-slide-image\" src=\"https:\/\/ahorn-camp.de\/wp-content\/uploads\/2022\/03\/AUTO-ZEITUNG-Camping-Life-1.png\" alt=\"AUTO ZEITUNG Camping Life\" \/><\/figure><\/div><div class=\"swiper-slide\" role=\"group\" aria-roledescription=\"slide\" aria-label=\"3 of 4\"><figure class=\"swiper-slide-inner\"><img decoding=\"async\" class=\"swiper-slide-image\" src=\"https:\/\/ahorn-camp.de\/wp-content\/uploads\/2022\/03\/Wir-leben-Pfalz-1-800x344.png\" alt=\"Wir leben Pfalz\" \/><\/figure><\/div><div class=\"swiper-slide\" role=\"group\" aria-roledescription=\"slide\" aria-label=\"4 of 4\"><figure class=\"swiper-slide-inner\"><img decoding=\"async\" class=\"swiper-slide-image\" src=\"https:\/\/ahorn-camp.de\/wp-content\/uploads\/2022\/03\/CamperVans-1.png\" alt=\"CamperVans\" \/><\/figure><\/div>\t\t\t<\/div>\n\t\t\t\t\t\t\t\t\t\t\t\t<div class=\"elementor-swiper-button elementor-swiper-button-prev\" role=\"button\" tabindex=\"0\">\n\t\t\t\t\t\t<i aria-hidden=\"true\" class=\"eicon-chevron-left\"><\/i>\t\t\t\t\t<\/div>\n\t\t\t\t\t<div class=\"elementor-swiper-button elementor-swiper-button-next\" role=\"button\" tabindex=\"0\">\n\t\t\t\t\t\t<i aria-hidden=\"true\" class=\"eicon-chevron-right\"><\/i>\t\t\t\t\t<\/div>\n\t\t\t\t\n\t\t\t\t\t\t\t\t\t<\/div>\n\t\t\t\t\t\t<\/div>\n\t\t\t\t<\/div>\n\t\t\t\t\t<\/div>\n\t\t<\/div>\n\t\t\t\t\t<\/div>\n\t\t<\/section>\n\t\t\t\t<\/div>\n\t\t<\/div>\n\t\t\t\t\t\t<\/div>\n\t\t\t\t<\/div>\n\t\t\t\t\t<\/div>\n\t\t<\/div>\n\t\t\t\t\t<\/div>\n\t\t<\/section>\n\t\t\t\t<section class=\"elementor-section elementor-top-section elementor-element elementor-element-d1db43e elementor-section-boxed elementor-section-height-default elementor-section-height-default\" data-id=\"d1db43e\" data-element_type=\"section\" data-e-type=\"section\">\n\t\t\t\t\t\t<div class=\"elementor-container elementor-column-gap-default\">\n\t\t\t\t\t<div class=\"elementor-column elementor-col-100 elementor-top-column elementor-element elementor-element-203487a\" data-id=\"203487a\" data-element_type=\"column\" data-e-type=\"column\">\n\t\t\t<div class=\"elementor-widget-wrap elementor-element-populated\">\n\t\t\t\t\t\t<section class=\"elementor-section elementor-inner-section elementor-element elementor-element-21a4ef4 elementor-section-boxed elementor-section-height-default elementor-section-height-default\" data-id=\"21a4ef4\" data-element_type=\"section\" data-e-type=\"section\">\n\t\t\t\t\t\t<div class=\"elementor-container elementor-column-gap-default\">\n\t\t\t\t\t<div class=\"elementor-column elementor-col-50 elementor-inner-column elementor-element elementor-element-c35b522\" data-id=\"c35b522\" data-element_type=\"column\" data-e-type=\"column\">\n\t\t\t<div class=\"elementor-widget-wrap elementor-element-populated\">\n\t\t\t\t\t\t<div class=\"elementor-element elementor-element-ef04f95 elementor-widget elementor-widget-image\" data-id=\"ef04f95\" data-element_type=\"widget\" data-e-type=\"widget\" data-widget_type=\"image.default\">\n\t\t\t\t<div class=\"elementor-widget-container\">\n\t\t\t\t\t\t\t\t\t\t\t\t\t\t\t<img loading=\"lazy\" decoding=\"async\" width=\"1024\" height=\"512\" src=\"https:\/\/ahorn-camp.de\/wp-content\/uploads\/2020\/11\/Focus-Business-2021-1024x512.jpg\" class=\"attachment-large size-large wp-image-9570\" alt=\"Ahorn Camp ist Wachstumschampion 2021\" srcset=\"https:\/\/ahorn-camp.de\/wp-content\/uploads\/2020\/11\/Focus-Business-2021-1024x512.jpg 1024w, https:\/\/ahorn-camp.de\/wp-content\/uploads\/2020\/11\/Focus-Business-2021-300x150.jpg 300w, https:\/\/ahorn-camp.de\/wp-content\/uploads\/2020\/11\/Focus-Business-2021-768x384.jpg 768w, https:\/\/ahorn-camp.de\/wp-content\/uploads\/2020\/11\/Focus-Business-2021-800x400.jpg 800w, https:\/\/ahorn-camp.de\/wp-content\/uploads\/2020\/11\/Focus-Business-2021-1536x768.jpg 1536w, https:\/\/ahorn-camp.de\/wp-content\/uploads\/2020\/11\/Focus-Business-2021.jpg 2000w\" sizes=\"(max-width: 1024px) 100vw, 1024px\" \/>\t\t\t\t\t\t\t\t\t\t\t\t\t\t\t<\/div>\n\t\t\t\t<\/div>\n\t\t\t\t\t<\/div>\n\t\t<\/div>\n\t\t\t\t<div class=\"elementor-column elementor-col-50 elementor-inner-column elementor-element elementor-element-ff543dd\" data-id=\"ff543dd\" data-element_type=\"column\" data-e-type=\"column\">\n\t\t\t<div class=\"elementor-widget-wrap elementor-element-populated\">\n\t\t\t\t\t\t<div class=\"elementor-element elementor-element-7615ccd elementor-widget elementor-widget-text-editor\" data-id=\"7615ccd\" data-element_type=\"widget\" data-e-type=\"widget\" data-widget_type=\"text-editor.default\">\n\t\t\t\t<div class=\"elementor-widget-container\">\n\t\t\t\t\t\t\t\t\t<h3>FOCUS Business &#8211; Wachstumschampions 2021<\/h3><p>Agil, kreativ und innovativ: Ahorn Camp wird zum f\u00fcnften Mal in Folge von Focus zu einem von den 500 wachstumsst\u00e4rksten Unternehmen ernannt und wird damit mit dem FOCUS-Business-Wachstumschampion 2021 ausgezeichnet.<\/p>\t\t\t\t\t\t\t\t<\/div>\n\t\t\t\t<\/div>\n\t\t\t\t<div class=\"elementor-element elementor-element-a9c34e1 elementor-widget elementor-widget-button\" data-id=\"a9c34e1\" data-element_type=\"widget\" data-e-type=\"widget\" data-widget_type=\"button.default\">\n\t\t\t\t<div class=\"elementor-widget-container\">\n\t\t\t\t\t\t\t\t\t<div class=\"elementor-button-wrapper\">\n\t\t\t\t\t<a class=\"elementor-button elementor-button-link elementor-size-md\" href=\"#\">\n\t\t\t\t\t\t<span class=\"elementor-button-content-wrapper\">\n\t\t\t\t\t\t\t\t\t<span class=\"elementor-button-text\">weiterlesen<\/span>\n\t\t\t\t\t<\/span>\n\t\t\t\t\t<\/a>\n\t\t\t\t<\/div>\n\t\t\t\t\t\t\t\t<\/div>\n\t\t\t\t<\/div>\n\t\t\t\t\t<\/div>\n\t\t<\/div>\n\t\t\t\t\t<\/div>\n\t\t<\/section>\n\t\t\t\t\t<\/div>\n\t\t<\/div>\n\t\t\t\t\t<\/div>\n\t\t<\/section>\n\t\t\t\t<section class=\"elementor-section elementor-top-section elementor-element elementor-element-4c5f1e5 elementor-section-boxed elementor-section-height-default elementor-section-height-default\" data-id=\"4c5f1e5\" data-element_type=\"section\" data-e-type=\"section\">\n\t\t\t\t\t\t<div class=\"elementor-container elementor-column-gap-default\">\n\t\t\t\t\t<div class=\"elementor-column elementor-col-100 elementor-top-column elementor-element elementor-element-f5b0773\" data-id=\"f5b0773\" data-element_type=\"column\" data-e-type=\"column\">\n\t\t\t<div class=\"elementor-widget-wrap elementor-element-populated\">\n\t\t\t\t\t\t<div class=\"elementor-element elementor-element-17a454a elementor-widget elementor-widget-shortcode\" data-id=\"17a454a\" data-element_type=\"widget\" data-e-type=\"widget\" data-widget_type=\"shortcode.default\">\n\t\t\t\t<div class=\"elementor-widget-container\">\n\t\t\t\t\t\t\t<div class=\"elementor-shortcode\">\t\t<div data-elementor-type=\"section\" data-elementor-id=\"16907\" class=\"elementor elementor-16907\" data-elementor-post-type=\"elementor_library\">\n\t\t\t\t\t<section class=\"elementor-section elementor-top-section elementor-element elementor-element-257025e elementor-section-stretched elementor-section-boxed elementor-section-height-default elementor-section-height-default\" data-id=\"257025e\" data-element_type=\"section\" data-e-type=\"section\" data-settings=\"{&quot;stretch_section&quot;:&quot;section-stretched&quot;,&quot;background_background&quot;:&quot;classic&quot;}\">\n\t\t\t\t\t\t<div class=\"elementor-container elementor-column-gap-default\">\n\t\t\t\t\t<div class=\"elementor-column elementor-col-100 elementor-top-column elementor-element elementor-element-b95a471\" data-id=\"b95a471\" data-element_type=\"column\" data-e-type=\"column\">\n\t\t\t<div class=\"elementor-widget-wrap elementor-element-populated\">\n\t\t\t\t\t\t<div class=\"elementor-element elementor-element-164a942 elementor-widget elementor-widget-ucaddon_content_carousel_new\" data-id=\"164a942\" data-element_type=\"widget\" data-e-type=\"widget\" data-widget_type=\"ucaddon_content_carousel_new.default\">\n\t\t\t\t<div class=\"elementor-widget-container\">\n\t\t\t\t\t\n<!-- start Content Carousel -->\n\t\t<link id='font-awesome-css' href='https:\/\/ahorn-camp.de\/wp-content\/plugins\/unlimited-elements-for-elementor-premium\/assets_libraries\/font-awesome6\/fontawesome-all.min.css' type='text\/css' rel='stylesheet' >\n\t\t<link id='font-awesome-4-shim-css' href='https:\/\/ahorn-camp.de\/wp-content\/plugins\/unlimited-elements-for-elementor-premium\/assets_libraries\/font-awesome6\/fontawesome-v4-shims.min.css' type='text\/css' rel='stylesheet' >\n\t\t<link id='owl-carousel-css' href='https:\/\/ahorn-camp.de\/wp-content\/plugins\/unlimited-elements-for-elementor-premium\/assets_libraries\/owl-carousel-new\/assets\/owl.carousel.css' type='text\/css' rel='stylesheet' >\n\n<style>\/* widget: Content Carousel *\/\n\n#uc_content_carousel_new_elementor_164a942{\n  position:relative;\n  min-height:1px;\n}\n\n\n\n#uc_content_carousel_new_elementor_164a942 .owl-nav .owl-prev{\n    position:absolute;\n    display:inline-block;\n    text-align:center;\n}\n#uc_content_carousel_new_elementor_164a942 .owl-nav .owl-next{\n  position:absolute;\n  display:inline-block;\n  text-align:center;\n}\n\n\n#uc_content_carousel_new_elementor_164a942 .owl-dots {\noverflow:hidden;\ntext-align:center;\n}\n\n#uc_content_carousel_new_elementor_164a942 .owl-dot {\nborder-radius:50%;\ndisplay:inline-block;\n}\n\n.uc_post_title{\n  font-size:21px;\n}\n\n\n\n\n#uc_content_carousel_new_elementor_164a942 .uc_image_carousel_container_holder{\n  overflow:hidden;\n}\n\n#uc_content_carousel_new_elementor_164a942 .uc_more_btn{\n  \n    display:inline-block;\n  text-decoration:none;\n  text-align:center;\n  transition:0.3s;\n}\n\n\n\n#uc_content_carousel_new_elementor_164a942 .uc_date{\n  color:gray;\n  padding-top:10px;\n  text-style:italic;\n}\n\n\n\n\n\n\n\n\n<\/style>\n\n<div class=\"uc_overlay_image_carousel\" >\n   <div class=\"uc_carousel owl-carousel owl-theme \" id=\"uc_content_carousel_new_elementor_164a942\" >\n   \t\t<div class=\"uc_image_carousel_container_holder\">\n    <div class=\"uc_image_carousel_placeholder\">\n    <div style=\"background-image:url(https:\/\/ahorn-camp.de\/wp-content\/uploads\/2023\/12\/Volles-Bild-3.png);background-position:center; background-repeat:no-repeat;\" class=\"carousel-image\"><\/div>\n  <\/div>\n  \n    <div class=\"uc_image_carousel_content content-padding\">\n    \n            <div class=\"ue-title\">Genie\u00dfen Sie bei Ahorn Camp als Eintracht-Fan Vorteile<\/div>        <div class=\"ue-text\" ><p>Genie\u00dfen Sie besondere Vorteile als Eintracht Frankfurt Fan und erhalten Sie wahlweise Sonderrabatt auf den Kauf eines Ahorn Camp Neufahrzeugs oder Rabatt auf das Mieten eines Ahorn Camp Reisemobils.\u00a0<\/p><\/div>        <a class=\"ue-btn uc_more_btn\"  href=\"https:\/\/ahorn-camp.de\/eintracht-frankfurt\/\" >mehr erfahren<\/a>        \n      <\/div>\n  <\/div>\n<div class=\"uc_image_carousel_container_holder\">\n    <div class=\"uc_image_carousel_placeholder\">\n    <div style=\"background-image:url(https:\/\/ahorn-camp.de\/wp-content\/uploads\/2022\/07\/Aktuelles_Zubehoerangebote.png);background-position:center; background-repeat:no-repeat;\" class=\"carousel-image\"><\/div>\n  <\/div>\n  \n    <div class=\"uc_image_carousel_content content-padding\">\n    \n            <div class=\"ue-title\">Ahorn Camp Zubeh\u00f6rangebote<\/div>        <div class=\"ue-text\" ><p>Um Ihr Fahrzeug m\u00f6glichst funktional auszustatten, haben Sie M\u00f6glichkeit aus unserem Zubeh\u00f6r im Angebot zu profitieren. Von zus\u00e4tzlichem Bett im Fahrerhaus bis zu Alufelgen und Lithiumbatterie finden Sie hier viele interessante Auswahlm\u00f6glichkeiten.<\/p><\/div>        <a class=\"ue-btn uc_more_btn\"  href=\"https:\/\/ahorn-camp.de\/zubehoerangebote\" >mehr erfahren<\/a>        \n      <\/div>\n  <\/div>\n<div class=\"uc_image_carousel_container_holder\">\n    <div class=\"uc_image_carousel_placeholder\">\n    <div style=\"background-image:url(https:\/\/ahorn-camp.de\/wp-content\/uploads\/2022\/07\/20231211_LR_Deal-des-Monats.png);background-position:center; background-repeat:no-repeat;\" class=\"carousel-image\"><\/div>\n  <\/div>\n  \n    <div class=\"uc_image_carousel_content content-padding\">\n    \n            <div class=\"ue-title\">Ahorn Camp Deal des Monats<\/div>        <div class=\"ue-text\" ><p>Profitieren Sie von unserem Ahorn Camp Deal des Monats und sichern Sie sich attraktive Vorteile beim Fahrzeugkauf! Genie\u00dfen Sie alle Vorz\u00fcge hinsichtlich Ausstattung und Komfort. Finden Sie Ihr Traum-Wohnmobil und sichern Sie sich exklusive Rabatte auf ausgew\u00e4hlte Modelle!<\/p><\/div>        <a class=\"ue-btn uc_more_btn\"  href=\"https:\/\/ahorn-camp.de\/angebote\/\" >mehr erfahren<\/a>        \n      <\/div>\n  <\/div>\n<div class=\"uc_image_carousel_container_holder\">\n    <div class=\"uc_image_carousel_placeholder\">\n    <div style=\"background-image:url(https:\/\/ahorn-camp.de\/wp-content\/uploads\/2022\/07\/DGRM-2023.jpg);background-position:center; background-repeat:no-repeat;\" class=\"carousel-image\"><\/div>\n  <\/div>\n  \n    <div class=\"uc_image_carousel_content content-padding\">\n    \n            <div class=\"ue-title\">Sie haben abgestimmt und wir haben gewonnen!<\/div>        <div class=\"ue-text\" >Auf dem Caravan Salon in D\u00fcsseldorf wurde erneut das Goldene Reisemobil der AUTO BILD verliehen. Auch in diesem Jahr konnten unsere Fahrzeuge bei der Leserwahl \u00fcberzeugen: Ahorn Camp gewinnt in drei von neun Kategorien! Entdecken Sie jetzt unsere Gewinner-Modelle.<\/div>        <a class=\"ue-btn uc_more_btn\"  href=\"https:\/\/ahorn-camp.de\/das-goldene-reisemobil-2023\/\" >mehr erfahren<\/a>        \n      <\/div>\n  <\/div>\n<div class=\"uc_image_carousel_container_holder\">\n    <div class=\"uc_image_carousel_placeholder\">\n    <div style=\"background-image:url(https:\/\/ahorn-camp.de\/wp-content\/uploads\/2023\/06\/Der-kleinste-Club-der-Welt1.jpg);background-position:center; background-repeat:no-repeat;\" class=\"carousel-image\"><\/div>\n  <\/div>\n  \n    <div class=\"uc_image_carousel_content content-padding\">\n    \n            <div class=\"ue-title\">Die kleinste Stage der Welt beim World Club Dome begeistert Festival-Besucher<\/div>        <div class=\"ue-text\" ><p>Als Sponsor und offizieller Crew-Sleeping-Partner der Veranstaltung World Club Dome lie\u00df Ahorn Camp talentierte Newcomer DJs im umgebauten Campervan auflegen. Diese sorgten f\u00fcr eine einzigartige Festival-Atmosph\u00e4re.<\/p><\/div>        <a class=\"ue-btn uc_more_btn\"  href=\"https:\/\/ahorn-camp.de\/world-club-dome\/\" >mehr erfahren<\/a>        \n      <\/div>\n  <\/div>\n<div class=\"uc_image_carousel_container_holder\">\n    <div class=\"uc_image_carousel_placeholder\">\n    <div style=\"background-image:url(https:\/\/ahorn-camp.de\/wp-content\/uploads\/2023\/01\/Ahorn-ACT-690-Van550.png);background-position:center; background-repeat:no-repeat;\" class=\"carousel-image\"><\/div>\n  <\/div>\n  \n    <div class=\"uc_image_carousel_content content-padding\">\n    \n            <div class=\"ue-title\">Entdecken Sie unsere Gebrauchten<\/div>        <div class=\"ue-text\" >Sie tr\u00e4umen vom eigenen Wohnmobil oder Campervan, brauchen aber kein nagelneues Modell? Dann kaufen Sie ihren zuk\u00fcnftigen Reisebegleiter doch einfach gebraucht.\nVorf\u00fchrwagen, junge Gebrauchte oder R\u00fcckl\u00e4ufer aus der Vermietung \u2013 auch bei gebrauchten Reisemobilen haben wir eine gro\u00dfe Auswahl<\/div>        <a class=\"ue-btn uc_more_btn\"  href=\"https:\/\/ahorn-camp.de\/gebrauchte\/\" >mehr erfahren<\/a>        \n      <\/div>\n  <\/div>\n<div class=\"uc_image_carousel_container_holder\">\n    <div class=\"uc_image_carousel_placeholder\">\n    <div style=\"background-image:url(https:\/\/ahorn-camp.de\/wp-content\/uploads\/2022\/09\/Aktuelles.png);background-position:center; background-repeat:no-repeat;\" class=\"carousel-image\"><\/div>\n  <\/div>\n  \n    <div class=\"uc_image_carousel_content content-padding\">\n    \n            <div class=\"ue-title\">Sonderedition des Ahorn Camp Van City by Irmscher<\/div>        <div class=\"ue-text\" ><p>Gemeinsam mit dem renommierten Partner Irmscher Automobilbau entwickelte Ahorn Camp ein dynamisches Renault Trafic Sondermodell. Seit mehr als 50 Jahren steht der Name Irmscher weltweit f\u00fcr Qualit\u00e4t, Innovation, technische Kompetenz und Erfahrung aus dem Motorsport.<\/p><\/div>        <a class=\"ue-btn uc_more_btn\"  href=\"https:\/\/ahorn-camp.de\/sonderedition_ahorncamp_irmscher\/\" >mehr erfahren<\/a>        \n      <\/div>\n  <\/div>\n<div class=\"uc_image_carousel_container_holder\">\n    <div class=\"uc_image_carousel_placeholder\">\n    <div style=\"background-image:url(https:\/\/ahorn-camp.de\/wp-content\/uploads\/2022\/06\/Aktuelles-Wir-kaufen-Ihr-Reisemobil.png);background-position:center; background-repeat:no-repeat;\" class=\"carousel-image\"><\/div>\n  <\/div>\n  \n    <div class=\"uc_image_carousel_content content-padding\">\n    \n            <div class=\"ue-title\">Wir kaufen Ihr gebrauchtes Reisemobil<\/div>        <div class=\"ue-text\" ><p>Wenn Sie Ihr Ahorn Wohnmobil oder Campervan verkaufen oder Inzahlung geben m\u00f6chten, sind wir f\u00fcr Sie der richtige Ansprechpartner. Gerne unterbreiten wir Ihnen f\u00fcr den Ankauf Ihres gebrauchten Reisemobils ein unverbindliches Angebot.<\/p><\/div>        <a class=\"ue-btn uc_more_btn\"  href=\"https:\/\/ahorn-camp.de\/inzahlungnahme\/\" >mehr erfahren<\/a>        \n      <\/div>\n  <\/div>\n<div class=\"uc_image_carousel_container_holder\">\n    <div class=\"uc_image_carousel_placeholder\">\n    <div style=\"background-image:url(https:\/\/ahorn-camp.de\/wp-content\/uploads\/2022\/06\/Aktuelles-Bester-Reisemobilhaendler-2022.png);background-position:center; background-repeat:no-repeat;\" class=\"carousel-image\"><\/div>\n  <\/div>\n  \n    <div class=\"uc_image_carousel_content content-padding\">\n    \n            <div class=\"ue-title\">Bester Caravan- und Reisemobilh\u00e4ndler 2022<\/div>        <div class=\"ue-text\" ><p>Ahorn Camp GmbH in Speyer wurde von der AUTO BILD in Kooperation mit Statista die Auszeichnung \u201eDeutschlands Beste Caravan- und Reisemobilh\u00e4ndler\u201c wiederholt f\u00fcr das Jahr 2022 verliehen. Wir sind stolz auf die erneute Auszeichnung.<\/p><\/div>        <a class=\"ue-btn uc_more_btn\"  href=\"https:\/\/ahorn-camp.de\/bester-caravan-und-reisemobilhaendler-2022\/\" >mehr erfahren<\/a>        \n      <\/div>\n  <\/div>\n<div class=\"uc_image_carousel_container_holder\">\n    <div class=\"uc_image_carousel_placeholder\">\n    <div style=\"background-image:url(https:\/\/ahorn-camp.de\/wp-content\/uploads\/2022\/05\/Ahorn-Camp-Service-Center.png);background-position:center; background-repeat:no-repeat;\" class=\"carousel-image\"><\/div>\n  <\/div>\n  \n    <div class=\"uc_image_carousel_content content-padding\">\n    \n            <div class=\"ue-title\">Neues Service Center in Speyer<\/div>        <div class=\"ue-text\" ><p>Feierlich er\u00f6ffneten wir im Beisein von Vertretern und Vertreterinnen der Wirtschaft, Presse und Politik die T\u00fcren zu unserem neuen Ahorn Camp Service Center und Ahorn Rent Vermietstation in der Franz-Kirrmeier-Stra\u00dfe 21a in Speyer. Kommen Sie gerne vorbei - Wir freuen uns \u00fcber Ihren Besuch!<\/p><\/div>        <a class=\"ue-btn uc_more_btn\"  href=\"https:\/\/ahorn-camp.de\/eroeffnung-service-center-speyer\/\" >mehr erfahren<\/a>        \n      <\/div>\n  <\/div>\n<div class=\"uc_image_carousel_container_holder\">\n    <div class=\"uc_image_carousel_placeholder\">\n    <div style=\"background-image:url(https:\/\/ahorn-camp.de\/wp-content\/uploads\/2022\/04\/AHORN-DAYS-D1-2733.jpg);background-position:center; background-repeat:no-repeat;\" class=\"carousel-image\"><\/div>\n  <\/div>\n  \n    <div class=\"uc_image_carousel_content content-padding\">\n    \n            <div class=\"ue-title\">Unser Ah\u00f6rnchen<\/div>        <div class=\"ue-text\" ><p>Kuschelweich, reiselustig und liebenswert! Wir freuen uns Ihnen unser Maskottchen vorzustellen, dass wir seit neustem in unserer Ahorn-Familie begr\u00fc\u00dfen d\u00fcrfen: das Ah\u00f6rnchen. Es ist mit Liebe von Hand gefertigt und wird nachhaltig produziert. Begleitet das Ah\u00f6rnchen auch Sie auf Ihrer n\u00e4chsten Reise?<\/p><\/div>        <a class=\"ue-btn uc_more_btn\"  href=\"https:\/\/ahorn-camp.de\/ahoernchen\/\" >mehr erfahren<\/a>        \n      <\/div>\n  <\/div>\n\n   <\/div>\t\n<\/div>\n<!-- end Content Carousel -->\t\t\t\t<\/div>\n\t\t\t\t<\/div>\n\t\t\t\t\t<\/div>\n\t\t<\/div>\n\t\t\t\t\t<\/div>\n\t\t<\/section>\n\t\t\t\t<\/div>\n\t\t<\/div>\n\t\t\t\t\t\t<\/div>\n\t\t\t\t<\/div>\n\t\t\t\t\t<\/div>\n\t\t<\/div>\n\t\t\t\t\t<\/div>\n\t\t<\/section>\n\t\t\t\t<\/div>\n\t\t<\/div>","protected":false},"excerpt":{"rendered":"ALKOVEN WOHNMOBILE [button size=\"lg\" align=\"center\" href=\"url:https%3A%2F%2Fwww.ahorn-camp.de%2Fahorn-reisemobile%2Falkoven-wohnmobile%2F\"]Alle Alkoven Modelle[\/button]TEILINTEGRIERTE WOHNMOBILE [button size=\"lg\" align=\"center\" href=\"url:https%3A%2F%2Fwww.ahorn-camp.de%2Fahorn-reisemobile%2Fteilintegrierte-wohnmobile|title:Teilintegrierte%20Modelle\"]Alle Teilintegrierten Modelle[\/button]CAMPERVANS [button size=\"lg\" align=\"center\" href=\"url:%20https%3A%2F%2Fwww.ahorn-camp.de%2Fahorn-reisemobile%2Fcampervans%2F|title:Van%20Kastenwagen\"]Alle Van Modelle[\/button] Aktuelles[tm_carousel_father speed=\"6000\" spaces=\"8\" slide_visible=\"3\" arrowclr=\"#ffffff\" arrowsize=\"21\" arrowposition=\"-100\" dot=\"false\" arrowbg=\"#1b508e\"][tm_carousel_son img_radius=\"\" btn_visibility=\"show\" contain_url=\"url:https%3A%2F%2Fwww.ahorn-camp.de%2Fahorndays%2F\" image_id=\"15315\" title=\"Die Ahorn Days\" btn_text=\"MEHR ERFAHREN\" btn_url=\"url:https%3A%2F%2Fwww.ahorn-camp.de%2Fahorndays%2F\" btn_bg=\"#1b508e\" titleclr=\"#1b508e\"] Wir freuen uns Sie vom 07.04. bis 10.04.2022 auf unserer Hausmesse in unseren [...]","protected":false},"author":2,"featured_media":11022,"parent":0,"menu_order":69,"comment_status":"closed","ping_status":"closed","template":"","meta":{"content-type":"","footnotes":""},"class_list":["post-177","page","type-page","status-publish","has-post-thumbnail","hentry"],"yoast_head":"<!-- This site is optimized with the Yoast SEO plugin v27.4 - https:\/\/yoast.com\/product\/yoast-seo-wordpress\/ -->\n<title>Wohnmobile und Campervans kaufen | Ahorn Camp<\/title>\n<meta name=\"description\" content=\"Ahorn Camp Wohnmobile f\u00fcr Ihre Traum-Urlaube! \u2b50 \u271330 Jahre Erfahrung \u2713Moderne Renault Camper \u27a1\ufe0f jetzt informieren!\" \/>\n<meta name=\"robots\" content=\"index, follow, max-snippet:-1, max-image-preview:large, max-video-preview:-1\" \/>\n<link rel=\"canonical\" href=\"https:\/\/ahorn-camp.de\/en\/maple-camp\/\" \/>\n<meta property=\"og:locale\" content=\"en_US\" \/>\n<meta property=\"og:type\" content=\"article\" \/>\n<meta property=\"og:title\" content=\"Wohnmobile und Campervans kaufen | Ahorn Camp\" \/>\n<meta property=\"og:description\" content=\"Ahorn Camp Wohnmobile f\u00fcr Ihre Traum-Urlaube! \u2b50 \u271330 Jahre Erfahrung \u2713Moderne Renault Camper \u27a1\ufe0f jetzt informieren!\" \/>\n<meta property=\"og:url\" content=\"https:\/\/ahorn-camp.de\/en\/maple-camp\/\" \/>\n<meta property=\"og:site_name\" content=\"Ahorn Camp | Reisemobile und Kastenwagen\" \/>\n<meta property=\"article:publisher\" content=\"https:\/\/www.facebook.com\/ahorn.wohnmobile\/\" \/>\n<meta property=\"article:modified_time\" content=\"2022-07-26T17:18:25+00:00\" \/>\n<meta property=\"og:image\" content=\"https:\/\/ahorn-camp.de\/wp-content\/uploads\/2021\/02\/Slider-online-beratung-ausstellung-speyer-scaled.jpg\" \/>\n\t<meta property=\"og:image:width\" content=\"2560\" \/>\n\t<meta property=\"og:image:height\" content=\"984\" \/>\n\t<meta property=\"og:image:type\" content=\"image\/jpeg\" \/>\n<meta name=\"twitter:card\" content=\"summary_large_image\" \/>\n<meta name=\"twitter:label1\" content=\"Est. reading time\" \/>\n\t<meta name=\"twitter:data1\" content=\"4 minutes\" \/>\n<script type=\"application\/ld+json\" class=\"yoast-schema-graph\">{\"@context\":\"https:\\\/\\\/schema.org\",\"@graph\":[{\"@type\":\"WebPage\",\"@id\":\"https:\\\/\\\/ahorn-camp.de\\\/ahorn-camp\\\/\",\"url\":\"https:\\\/\\\/ahorn-camp.de\\\/ahorn-camp\\\/\",\"name\":\"Wohnmobile und Campervans kaufen | Ahorn Camp\",\"isPartOf\":{\"@id\":\"https:\\\/\\\/ahorn-camp.de\\\/#website\"},\"primaryImageOfPage\":{\"@id\":\"https:\\\/\\\/ahorn-camp.de\\\/ahorn-camp\\\/#primaryimage\"},\"image\":{\"@id\":\"https:\\\/\\\/ahorn-camp.de\\\/ahorn-camp\\\/#primaryimage\"},\"thumbnailUrl\":\"https:\\\/\\\/ahorn-camp.de\\\/wp-content\\\/uploads\\\/2021\\\/02\\\/Slider-online-beratung-ausstellung-speyer-scaled.jpg\",\"datePublished\":\"2017-09-10T19:45:59+00:00\",\"dateModified\":\"2022-07-26T17:18:25+00:00\",\"description\":\"Ahorn Camp Wohnmobile f\u00fcr Ihre Traum-Urlaube! \u2b50 \u271330 Jahre Erfahrung \u2713Moderne Renault Camper \u27a1\ufe0f jetzt informieren!\",\"breadcrumb\":{\"@id\":\"https:\\\/\\\/ahorn-camp.de\\\/ahorn-camp\\\/#breadcrumb\"},\"inLanguage\":\"en-US\",\"potentialAction\":[{\"@type\":\"ReadAction\",\"target\":[\"https:\\\/\\\/ahorn-camp.de\\\/ahorn-camp\\\/\"]}]},{\"@type\":\"ImageObject\",\"inLanguage\":\"en-US\",\"@id\":\"https:\\\/\\\/ahorn-camp.de\\\/ahorn-camp\\\/#primaryimage\",\"url\":\"https:\\\/\\\/ahorn-camp.de\\\/wp-content\\\/uploads\\\/2021\\\/02\\\/Slider-online-beratung-ausstellung-speyer-scaled.jpg\",\"contentUrl\":\"https:\\\/\\\/ahorn-camp.de\\\/wp-content\\\/uploads\\\/2021\\\/02\\\/Slider-online-beratung-ausstellung-speyer-scaled.jpg\",\"width\":2560,\"height\":984,\"caption\":\"Wohnmobil Ausstellung\"},{\"@type\":\"BreadcrumbList\",\"@id\":\"https:\\\/\\\/ahorn-camp.de\\\/ahorn-camp\\\/#breadcrumb\",\"itemListElement\":[{\"@type\":\"ListItem\",\"position\":1,\"name\":\"Startseite\",\"item\":\"https:\\\/\\\/ahorn-camp.de\\\/\"},{\"@type\":\"ListItem\",\"position\":2,\"name\":\"Home\"}]},{\"@type\":\"WebSite\",\"@id\":\"https:\\\/\\\/ahorn-camp.de\\\/#website\",\"url\":\"https:\\\/\\\/ahorn-camp.de\\\/\",\"name\":\"Ahorn Camp | Reisemobile und Kastenwagen\",\"description\":\"Seit \u00fcber 30 Jahren vermarktet das Familienunternehmen, Ahorn Camp in Speyer, erfolgreich Wohnmobile und Kastenwagen zum besten Preis-Leistungsverh\u00e4ltnis.\",\"publisher\":{\"@id\":\"https:\\\/\\\/ahorn-camp.de\\\/#organization\"},\"potentialAction\":[{\"@type\":\"SearchAction\",\"target\":{\"@type\":\"EntryPoint\",\"urlTemplate\":\"https:\\\/\\\/ahorn-camp.de\\\/?s={search_term_string}\"},\"query-input\":{\"@type\":\"PropertyValueSpecification\",\"valueRequired\":true,\"valueName\":\"search_term_string\"}}],\"inLanguage\":\"en-US\"},{\"@type\":\"Organization\",\"@id\":\"https:\\\/\\\/ahorn-camp.de\\\/#organization\",\"name\":\"Ahorn Camp GmbH & Co. KG\",\"url\":\"https:\\\/\\\/ahorn-camp.de\\\/\",\"logo\":{\"@type\":\"ImageObject\",\"inLanguage\":\"en-US\",\"@id\":\"https:\\\/\\\/ahorn-camp.de\\\/#\\\/schema\\\/logo\\\/image\\\/\",\"url\":\"https:\\\/\\\/ahorn-camp.de\\\/wp-content\\\/uploads\\\/2018\\\/12\\\/Ahorn_Logo.jpg\",\"contentUrl\":\"https:\\\/\\\/ahorn-camp.de\\\/wp-content\\\/uploads\\\/2018\\\/12\\\/Ahorn_Logo.jpg\",\"width\":1437,\"height\":1000,\"caption\":\"Ahorn Camp GmbH & Co. KG\"},\"image\":{\"@id\":\"https:\\\/\\\/ahorn-camp.de\\\/#\\\/schema\\\/logo\\\/image\\\/\"},\"sameAs\":[\"https:\\\/\\\/www.facebook.com\\\/ahorn.wohnmobile\\\/\",\"https:\\\/\\\/www.instagram.com\\\/ahorn.camp\\\/\",\"https:\\\/\\\/www.youtube.com\\\/channel\\\/UCPFbPCts1JJ_A1k9vyH0yOQ\"]}]}<\/script>\n<!-- \/ Yoast SEO plugin. -->","yoast_head_json":{"title":"Buy motorhomes and campervans | Ahorn Camp","description":"Ahorn Camp motorhomes for your dream vacation! \u2b50 \u271330 years of experience \u2713Modern Renault campers \u27a1\ufe0f find out more now!","robots":{"index":"index","follow":"follow","max-snippet":"max-snippet:-1","max-image-preview":"max-image-preview:large","max-video-preview":"max-video-preview:-1"},"canonical":"https:\/\/ahorn-camp.de\/en\/maple-camp\/","og_locale":"en_US","og_type":"article","og_title":"Wohnmobile und Campervans kaufen | Ahorn Camp","og_description":"Ahorn Camp Wohnmobile f\u00fcr Ihre Traum-Urlaube! \u2b50 \u271330 Jahre Erfahrung \u2713Moderne Renault Camper \u27a1\ufe0f jetzt informieren!","og_url":"https:\/\/ahorn-camp.de\/en\/maple-camp\/","og_site_name":"Ahorn Camp | Reisemobile und Kastenwagen","article_publisher":"https:\/\/www.facebook.com\/ahorn.wohnmobile\/","article_modified_time":"2022-07-26T17:18:25+00:00","og_image":[{"width":2560,"height":984,"url":"https:\/\/ahorn-camp.de\/wp-content\/uploads\/2021\/02\/Slider-online-beratung-ausstellung-speyer-scaled.jpg","type":"image\/jpeg"}],"twitter_card":"summary_large_image","twitter_misc":{"Est. reading time":"4 minutes"},"schema":{"@context":"https:\/\/schema.org","@graph":[{"@type":"WebPage","@id":"https:\/\/ahorn-camp.de\/ahorn-camp\/","url":"https:\/\/ahorn-camp.de\/ahorn-camp\/","name":"Buy motorhomes and campervans | Ahorn Camp","isPartOf":{"@id":"https:\/\/ahorn-camp.de\/#website"},"primaryImageOfPage":{"@id":"https:\/\/ahorn-camp.de\/ahorn-camp\/#primaryimage"},"image":{"@id":"https:\/\/ahorn-camp.de\/ahorn-camp\/#primaryimage"},"thumbnailUrl":"https:\/\/ahorn-camp.de\/wp-content\/uploads\/2021\/02\/Slider-online-beratung-ausstellung-speyer-scaled.jpg","datePublished":"2017-09-10T19:45:59+00:00","dateModified":"2022-07-26T17:18:25+00:00","description":"Ahorn Camp motorhomes for your dream vacation! \u2b50 \u271330 years of experience \u2713Modern Renault campers \u27a1\ufe0f find out more now!","breadcrumb":{"@id":"https:\/\/ahorn-camp.de\/ahorn-camp\/#breadcrumb"},"inLanguage":"en-US","potentialAction":[{"@type":"ReadAction","target":["https:\/\/ahorn-camp.de\/ahorn-camp\/"]}]},{"@type":"ImageObject","inLanguage":"en-US","@id":"https:\/\/ahorn-camp.de\/ahorn-camp\/#primaryimage","url":"https:\/\/ahorn-camp.de\/wp-content\/uploads\/2021\/02\/Slider-online-beratung-ausstellung-speyer-scaled.jpg","contentUrl":"https:\/\/ahorn-camp.de\/wp-content\/uploads\/2021\/02\/Slider-online-beratung-ausstellung-speyer-scaled.jpg","width":2560,"height":984,"caption":"Wohnmobil Ausstellung"},{"@type":"BreadcrumbList","@id":"https:\/\/ahorn-camp.de\/ahorn-camp\/#breadcrumb","itemListElement":[{"@type":"ListItem","position":1,"name":"Startseite","item":"https:\/\/ahorn-camp.de\/"},{"@type":"ListItem","position":2,"name":"Home"}]},{"@type":"WebSite","@id":"https:\/\/ahorn-camp.de\/#website","url":"https:\/\/ahorn-camp.de\/","name":"Ahorn Camp | Motorhomes and camper vans","description":"For over 30 years, the family business, Ahorn Camp in Speyer, has successfully marketed motorhomes and camper vans at the best price-performance ratio.","publisher":{"@id":"https:\/\/ahorn-camp.de\/#organization"},"potentialAction":[{"@type":"SearchAction","target":{"@type":"EntryPoint","urlTemplate":"https:\/\/ahorn-camp.de\/?s={search_term_string}"},"query-input":{"@type":"PropertyValueSpecification","valueRequired":true,"valueName":"search_term_string"}}],"inLanguage":"en-US"},{"@type":"Organization","@id":"https:\/\/ahorn-camp.de\/#organization","name":"Ahorn Camp GmbH &amp; Co. KG","url":"https:\/\/ahorn-camp.de\/","logo":{"@type":"ImageObject","inLanguage":"en-US","@id":"https:\/\/ahorn-camp.de\/#\/schema\/logo\/image\/","url":"https:\/\/ahorn-camp.de\/wp-content\/uploads\/2018\/12\/Ahorn_Logo.jpg","contentUrl":"https:\/\/ahorn-camp.de\/wp-content\/uploads\/2018\/12\/Ahorn_Logo.jpg","width":1437,"height":1000,"caption":"Ahorn Camp GmbH & Co. KG"},"image":{"@id":"https:\/\/ahorn-camp.de\/#\/schema\/logo\/image\/"},"sameAs":["https:\/\/www.facebook.com\/ahorn.wohnmobile\/","https:\/\/www.instagram.com\/ahorn.camp\/","https:\/\/www.youtube.com\/channel\/UCPFbPCts1JJ_A1k9vyH0yOQ"]}]}},"_links":{"self":[{"href":"https:\/\/ahorn-camp.de\/en\/wp-json\/wp\/v2\/pages\/177","targetHints":{"allow":["GET"]}}],"collection":[{"href":"https:\/\/ahorn-camp.de\/en\/wp-json\/wp\/v2\/pages"}],"about":[{"href":"https:\/\/ahorn-camp.de\/en\/wp-json\/wp\/v2\/types\/page"}],"author":[{"embeddable":true,"href":"https:\/\/ahorn-camp.de\/en\/wp-json\/wp\/v2\/users\/2"}],"replies":[{"embeddable":true,"href":"https:\/\/ahorn-camp.de\/en\/wp-json\/wp\/v2\/comments?post=177"}],"version-history":[{"count":0,"href":"https:\/\/ahorn-camp.de\/en\/wp-json\/wp\/v2\/pages\/177\/revisions"}],"wp:featuredmedia":[{"embeddable":true,"href":"https:\/\/ahorn-camp.de\/en\/wp-json\/wp\/v2\/media\/11022"}],"wp:attachment":[{"href":"https:\/\/ahorn-camp.de\/en\/wp-json\/wp\/v2\/media?parent=177"}],"curies":[{"name":"wp","href":"https:\/\/api.w.org\/{rel}","templated":true}]}}