{"id":13617,"date":"2021-10-19T10:11:56","date_gmt":"2021-10-19T08:11:56","guid":{"rendered":"https:\/\/ahorn-camp.de\/?page_id=13617"},"modified":"2024-10-10T13:00:23","modified_gmt":"2024-10-10T11:00:23","slug":"moon-lake","status":"publish","type":"page","link":"https:\/\/ahorn-camp.de\/en\/mondsee\/","title":{"rendered":"Ahorn Camp Mondsee"},"content":{"rendered":"<div class=\"wpb-content-wrapper\"><div class=\"vc_row wpb_row vc_row-fluid\"><div class=\"wpb_column vc_column_container vc_col-sm-12\"><div class=\"vc_column-inner\"><div class=\"wpb_wrapper\"><h2 style=\"text-align: left\" class=\"vc_custom_heading vc_do_custom_heading\" >Wilkommen bei Ahorn Camp am Mondsee<\/h2><div class=\"vc_empty_space\"   style=\"height: 10px\"><span class=\"vc_empty_space_inner\"><\/span><\/div><h3 style=\"color: #054f91;text-align: left\" class=\"vc_custom_heading vc_do_custom_heading\" >Wohnmobil kaufen<\/h3>\n\t<div class=\"wpb_text_column wpb_content_element\" >\n\t\t<div class=\"wpb_wrapper\">\n\t\t\t<p>Mit dem Wohnmobil oder Camper unterwegs zu sein bedeutet vor allem eines: Freiheit. Egal ob spontaner Kurzurlaub oder lang geplante Rundfahrt, egal ob Ihre n\u00e4chste Reise ans Ende der Welt f\u00fchrt oder zum Campingplatz um die Ecke \u2013 mit einem Wohnmobil oder Campingbus von AHORN sind Sie unabh\u00e4ngig und flexibel, immer und \u00fcberall. Neben unserer Wohnmobilverkauf sind wir mit unserer eigenen KFZ-Werkstatt auch exklusiver Ahorn Camp Servicepartner. Unser Standort: am sch\u00f6nen Mondsee in Ober\u00f6sterreich (Raum Salzburg).<\/p>\n\n\t\t<\/div>\n\t<\/div>\n<h3 style=\"color: #054f91;text-align: left\" class=\"vc_custom_heading vc_do_custom_heading\" >Wohnmobil mieten<\/h3>\n\t<div class=\"wpb_text_column wpb_content_element\" >\n\t\t<div class=\"wpb_wrapper\">\n\t\t\t<p>Sie wollen f\u00fcr Ihre n\u00e4chste Abenteuerreise, Ihren Familienurlaub oder Wochenendtrip ein Wohnmobil mieten? Oder Sie m\u00f6chten ein Wohnmobil \u201eProbe fahren\u201c bevor Sie sich zum Kauf entscheiden? Dann sind Sie bei VACAMO genau richtig! VACAMO ist offizieller \u00f6sterreichischer Vermietpartner von AHORN Rent und die erste Anlaufstelle f\u00fcr Wohnmobilvermietung in Salzburg und Ober\u00f6sterreich.<\/p>\n\n\t\t<\/div>\n\t<\/div>\n<style>.vc_btn3-style-gradient-custom.vc_btn-gradient-btn-69f117e0bf626:hover{color: #ffffff;background-color: #c6361b;border: none;background-position: 100% 0;}<\/style><style>.vc_btn3-style-gradient-custom.vc_btn-gradient-btn-69f117e0bf626{color: #ffffff;border: none;background-color: #c6361b;background-image: -webkit-linear-gradient(left, #c6361b 0%, #c6361b 50%,#c6361b 100%);background-image: linear-gradient(to right, #c6361b 0%, #c6361b 50%,#c6361b 100%);-webkit-transition: all .2s ease-in-out;transition: all .2s ease-in-out;background-size: 200% 100%;}<\/style><div class=\"vc_btn3-container vc_btn3-inline vc_do_btn\" ><a data-vc-gradient-1=\"#c6361b\" data-vc-gradient-2=\"#c6361b\" class=\"vc_general vc_btn3 vc_btn3-size-lg vc_btn3-shape-square vc_btn3-style-gradient-custom vc_btn-gradient-btn-69f117e0bf626\" href=\"https:\/\/www.ahorn-rent.de\/jetzt-buchen\/p\/1?location=Mondsee&#038;tag&#038;fulltext=&#038;seats&#038;berths&#038;length&#038;height&#038;width&#038;gvwr&#038;uvw&#038;bed_layout_top&#038;bed_layout_below&#038;berths_width_top&#038;berths_width_below&#038;manufacturer&#038;motor_chassis&#038;motor_type&#038;gearing&#038;ignore_avail=false&#038;geo&#038;geo_distance=50&#038;limit=20&#038;offset=0&#038;first_day&#038;last_day&#038;range&#038;month&#038;geoName&#038;availability&#038;order&#038;sale_category&#038;sale_location\" title=\"\">Jetzt buchen<\/a><\/div><\/div><\/div><\/div><\/div><div data-vc-full-width=\"true\" data-vc-full-width-temp=\"true\" data-vc-full-width-init=\"false\" class=\"vc_row wpb_row vc_row-fluid vc_custom_1631262686007\"><div class=\"wpb_column vc_column_container vc_col-sm-12\"><div class=\"vc_column-inner\"><div class=\"wpb_wrapper\"><div class=\"vc_empty_space\"   style=\"height: 10px\"><span class=\"vc_empty_space_inner\"><\/span><\/div><div class=\"vc_row wpb_row vc_inner vc_row-fluid vc_row-o-equal-height vc_row-flex\"><div class=\"class-home-box wpb_column vc_column_container vc_col-sm-4 vc_col-has-fill\"><div class=\"vc_column-inner vc_custom_1589467950846\"><div class=\"wpb_wrapper\">\n\t<div class=\"wpb_text_column wpb_content_element vc_custom_1615301531956\" >\n\t\t<div class=\"wpb_wrapper\">\n\t\t\t<h4 style=\"text-align: center;\">ALKOVEN WOHNMOBILE<\/h4>\n<h6 style=\"text-align: center;\">Sehr ger\u00e4umig f\u00fcr ein gro\u00dfartiges Raumgef\u00fchl<\/h6>\n\n\t\t<\/div>\n\t<\/div>\n\n\t<div  class=\"wpb_single_image wpb_content_element vc_align_center wpb_content_element\">\n\t\t\n\t\t<figure class=\"wpb_wrapper vc_figure\">\n\t\t\t<a href=\"https:\/\/ahorn-camp.de\/ahorn-reisemobile\/alkoven-wohnmobile\/\" target=\"_self\" class=\"vc_single_image-wrapper   vc_box_border_grey\"><img fetchpriority=\"high\" decoding=\"async\" width=\"2000\" height=\"1333\" src=\"https:\/\/ahorn-camp.de\/wp-content\/uploads\/2020\/09\/ahorn-Canada-AE-2021-vorne-schr\u00e4g.png\" class=\"vc_single_image-img attachment-full\" alt=\"Das Canada AE Alkoven Wohnmobil von vorne.\" title=\"Ahorn Canada AE\" srcset=\"https:\/\/ahorn-camp.de\/wp-content\/uploads\/2020\/09\/ahorn-Canada-AE-2021-vorne-schr\u00e4g.png 2000w, https:\/\/ahorn-camp.de\/wp-content\/uploads\/2020\/09\/ahorn-Canada-AE-2021-vorne-schr\u00e4g-300x200.png 300w, https:\/\/ahorn-camp.de\/wp-content\/uploads\/2020\/09\/ahorn-Canada-AE-2021-vorne-schr\u00e4g-1024x682.png 1024w, https:\/\/ahorn-camp.de\/wp-content\/uploads\/2020\/09\/ahorn-Canada-AE-2021-vorne-schr\u00e4g-768x512.png 768w, https:\/\/ahorn-camp.de\/wp-content\/uploads\/2020\/09\/ahorn-Canada-AE-2021-vorne-schr\u00e4g-800x533.png 800w, https:\/\/ahorn-camp.de\/wp-content\/uploads\/2020\/09\/ahorn-Canada-AE-2021-vorne-schr\u00e4g-1536x1024.png 1536w\" sizes=\"(max-width: 2000px) 100vw, 2000px\" \/><\/a>\n\t\t<\/figure>\n\t<\/div>\n[button size=&#8220;lg&#8220; align=&#8220;center&#8220; href=&#8220;url:https%3A%2F%2Fwww.ahorn-camp.de%2Fahorn-reisemobile%2Falkoven-wohnmobile%2F&#8220;]Alle Alkoven Modelle[\/button]<div class=\"vc_empty_space\"   style=\"height: 32px\"><span class=\"vc_empty_space_inner\"><\/span><\/div><\/div><\/div><\/div><div class=\"class-home-box wpb_column vc_column_container vc_col-sm-4 vc_col-has-fill\"><div class=\"vc_column-inner vc_custom_1589467953480\"><div class=\"wpb_wrapper\">\n\t<div class=\"wpb_text_column wpb_content_element vc_custom_1615301540190\" >\n\t\t<div class=\"wpb_wrapper\">\n\t\t\t<h4 style=\"text-align: center;\">TEILINTEGRIERTE WOHNMOBILE<\/h4>\n<h6 style=\"text-align: center;\">Reisen im mobilen Luxushotel<\/h6>\n\n\t\t<\/div>\n\t<\/div>\n\n\t<div  class=\"wpb_single_image wpb_content_element vc_align_center wpb_content_element\">\n\t\t\n\t\t<figure class=\"wpb_wrapper vc_figure\">\n\t\t\t<a href=\"https:\/\/ahorn-camp.de\/ahorn-reisemobile\/teilintegrierte-wohnmobile\/\" target=\"_self\" class=\"vc_single_image-wrapper   vc_box_border_grey\"><img decoding=\"async\" width=\"1200\" height=\"800\" src=\"https:\/\/ahorn-camp.de\/wp-content\/uploads\/2020\/09\/ahorn-Canada-TQ-2021-vorne-schraeg_small.png\" class=\"vc_single_image-img attachment-full\" alt=\"Ahorn Camp Canada TQ Teilintegrierte Wohnmobile von vorne\" title=\"Ahorn Camp Canada TQ\" srcset=\"https:\/\/ahorn-camp.de\/wp-content\/uploads\/2020\/09\/ahorn-Canada-TQ-2021-vorne-schraeg_small.png 1200w, https:\/\/ahorn-camp.de\/wp-content\/uploads\/2020\/09\/ahorn-Canada-TQ-2021-vorne-schraeg_small-300x200.png 300w, https:\/\/ahorn-camp.de\/wp-content\/uploads\/2020\/09\/ahorn-Canada-TQ-2021-vorne-schraeg_small-1024x683.png 1024w, https:\/\/ahorn-camp.de\/wp-content\/uploads\/2020\/09\/ahorn-Canada-TQ-2021-vorne-schraeg_small-768x512.png 768w, https:\/\/ahorn-camp.de\/wp-content\/uploads\/2020\/09\/ahorn-Canada-TQ-2021-vorne-schraeg_small-800x533.png 800w\" sizes=\"(max-width: 1200px) 100vw, 1200px\" \/><\/a>\n\t\t<\/figure>\n\t<\/div>\n[button size=&#8220;lg&#8220; align=&#8220;center&#8220; href=&#8220;url:https%3A%2F%2Fwww.ahorn-camp.de%2Fahorn-reisemobile%2Fteilintegrierte-wohnmobile|title:Teilintegrierte%20Modelle&#8220;]Alle Teilintegrierten Modelle[\/button]<div class=\"vc_empty_space\"   style=\"height: 32px\"><span class=\"vc_empty_space_inner\"><\/span><\/div><\/div><\/div><\/div><div class=\"class-home-box wpb_column vc_column_container vc_col-sm-4 vc_col-has-fill\"><div class=\"vc_column-inner vc_custom_1589467956640\"><div class=\"wpb_wrapper\">\n\t<div class=\"wpb_text_column wpb_content_element vc_custom_1621592900724\" >\n\t\t<div class=\"wpb_wrapper\">\n\t\t\t<h4 class=\"font_0\" style=\"text-align: center;\">CAMPERVANS<\/h4>\n<h6 class=\"font_0\" style=\"text-align: center;\">F\u00fcr spontane und unkomplizierte Trips<\/h6>\n\n\t\t<\/div>\n\t<\/div>\n\n\t<div  class=\"wpb_single_image wpb_content_element vc_align_center wpb_content_element\">\n\t\t\n\t\t<figure class=\"wpb_wrapper vc_figure\">\n\t\t\t<a href=\"https:\/\/ahorn-camp.de\/ahorn-reisemobile\/campervans\/\" target=\"_self\" class=\"vc_single_image-wrapper   vc_box_border_grey\"><img decoding=\"async\" width=\"2000\" height=\"1333\" src=\"https:\/\/ahorn-camp.de\/wp-content\/uploads\/2020\/09\/ahorn-Van-550-2021-vorne-schr\u00e4g-grau.png\" class=\"vc_single_image-img attachment-full\" alt=\"Das Reisemobil von Ahorn Camp\" title=\"Ahorn Camp Van\" srcset=\"https:\/\/ahorn-camp.de\/wp-content\/uploads\/2020\/09\/ahorn-Van-550-2021-vorne-schr\u00e4g-grau.png 2000w, https:\/\/ahorn-camp.de\/wp-content\/uploads\/2020\/09\/ahorn-Van-550-2021-vorne-schr\u00e4g-grau-300x200.png 300w, https:\/\/ahorn-camp.de\/wp-content\/uploads\/2020\/09\/ahorn-Van-550-2021-vorne-schr\u00e4g-grau-1024x682.png 1024w, https:\/\/ahorn-camp.de\/wp-content\/uploads\/2020\/09\/ahorn-Van-550-2021-vorne-schr\u00e4g-grau-768x512.png 768w, https:\/\/ahorn-camp.de\/wp-content\/uploads\/2020\/09\/ahorn-Van-550-2021-vorne-schr\u00e4g-grau-800x533.png 800w, https:\/\/ahorn-camp.de\/wp-content\/uploads\/2020\/09\/ahorn-Van-550-2021-vorne-schr\u00e4g-grau-1536x1024.png 1536w\" sizes=\"(max-width: 2000px) 100vw, 2000px\" \/><\/a>\n\t\t<\/figure>\n\t<\/div>\n[button size=&#8220;lg&#8220; align=&#8220;center&#8220; href=&#8220;url:%20https%3A%2F%2Fwww.ahorn-camp.de%2Fahorn-reisemobile%2Fcampervans%2F|title:Van%20Kastenwagen&#8220;]Alle Van Modelle[\/button]<div class=\"vc_empty_space\"   style=\"height: 32px\"><span class=\"vc_empty_space_inner\"><\/span><\/div><\/div><\/div><\/div><\/div><div class=\"vc_empty_space\"   style=\"height: 50px\"><span class=\"vc_empty_space_inner\"><\/span><\/div><div class=\"vc_empty_space\"   style=\"height: 50px\"><span class=\"vc_empty_space_inner\"><\/span><\/div><div class=\"vc_empty_space\"   style=\"height: 50px\"><span class=\"vc_empty_space_inner\"><\/span><\/div><div class=\"vc_empty_space\"   style=\"height: 50px\"><span class=\"vc_empty_space_inner\"><\/span><\/div><\/div><\/div><\/div><\/div><div class=\"vc_row-full-width vc_clearfix\"><\/div><div data-vc-full-width=\"true\" data-vc-full-width-temp=\"true\" data-vc-full-width-init=\"false\" class=\"vc_row wpb_row vc_row-fluid vc_custom_1587133495129 vc_row-has-fill\"><div class=\"wpb_column vc_column_container vc_col-sm-12\"><div class=\"vc_column-inner\"><div class=\"wpb_wrapper\"><div class=\"vc_row wpb_row vc_inner vc_row-fluid\"><div class=\"wpb_column vc_column_container vc_col-sm-12\"><div class=\"vc_column-inner\"><div class=\"wpb_wrapper\">\n\t<div class=\"wpb_text_column wpb_content_element\" >\n\t\t<div class=\"wpb_wrapper\">\n\t\t\t<h2 style=\"text-align: center;\"><span style=\"color: #ffffff;\">Kontaktieren Sie jetzt unsere Niederlassung in Mondsee!<\/span><\/h2>\n\n\t\t<\/div>\n\t<\/div>\n<\/div><\/div><\/div><\/div><div class=\"vc_row wpb_row vc_inner vc_row-fluid\"><div class=\"wpb_column vc_column_container vc_col-sm-3\"><div class=\"vc_column-inner\"><div class=\"wpb_wrapper\"><div class=\"vc_icon_element vc_icon_element-outer vc_do_icon vc_icon_element-align-center\"><div class=\"vc_icon_element-inner vc_icon_element-color-custom vc_icon_element-size-lg vc_icon_element-style- vc_icon_element-background-color-grey\" ><span class=\"vc_icon_element-icon fas fa-map-marker-alt\" style=\"color:#ffffff !important\"><\/span><a class=\"vc_icon_element-link\" href=\"https:\/\/g.page\/ahorn-camp?share\"  title=\"\" target=\"_self\"><\/a><\/div><\/div><h5 style=\"color: #ffffff;text-align: center\" class=\"vc_custom_heading vc_do_custom_heading\" >VACAMO GmbH<\/h5>\n\t<div class=\"wpb_text_column wpb_content_element\" >\n\t\t<div class=\"wpb_wrapper\">\n\t\t\t<p style=\"text-align: center;\"><span style=\"color: #ffffff;\">Mondseestra\u00dfe 53<\/span><br \/>\n<span style=\"color: #ffffff;\">5310 Mondsee \/ Austria<\/span><\/p>\n\n\t\t<\/div>\n\t<\/div>\n<\/div><\/div><\/div><div class=\"wpb_column vc_column_container vc_col-sm-3\"><div class=\"vc_column-inner\"><div class=\"wpb_wrapper\"><div class=\"vc_icon_element vc_icon_element-outer vc_do_icon vc_icon_element-align-center\"><div class=\"vc_icon_element-inner vc_icon_element-color-custom vc_icon_element-size-lg vc_icon_element-style- vc_icon_element-background-color-grey\" ><span class=\"vc_icon_element-icon fas fa-phone-alt\" style=\"color:#ffffff !important\"><\/span><a class=\"vc_icon_element-link\" href=\"tel:+43%206232\/32399\"  title=\"\" target=\"_self\"><\/a><\/div><\/div><h5 style=\"color: #ffffff;text-align: center\" class=\"vc_custom_heading vc_do_custom_heading\" ><a href=\"tel:0607486060\">Telefon<\/a><\/h5>\n\t<div class=\"wpb_text_column wpb_content_element\" >\n\t\t<div class=\"wpb_wrapper\">\n\t\t\t<p style=\"text-align: center;\"><span style=\"color: #ffffff;\"><a style=\"color: #ffffff;\" href=\"tel:+43623232399\">+43 6232\/32399<\/a><\/span><\/p>\n\n\t\t<\/div>\n\t<\/div>\n<\/div><\/div><\/div><div class=\"wpb_column vc_column_container vc_col-sm-3\"><div class=\"vc_column-inner\"><div class=\"wpb_wrapper\"><div class=\"vc_icon_element vc_icon_element-outer vc_do_icon vc_icon_element-align-center\"><div class=\"vc_icon_element-inner vc_icon_element-color-custom vc_icon_element-size-lg vc_icon_element-style- vc_icon_element-background-color-grey\" ><span class=\"vc_icon_element-icon fas fa-envelope\" style=\"color:#ffffff !important\"><\/span><a class=\"vc_icon_element-link\" href=\"mailto:office@vacamo.at\"  title=\"\" target=\"_self\"><\/a><\/div><\/div><h5 style=\"color: #ffffff;text-align: center\" class=\"vc_custom_heading vc_do_custom_heading\" >E-Mail<\/h5>\n\t<div class=\"wpb_text_column wpb_content_element\" >\n\t\t<div class=\"wpb_wrapper\">\n\t\t\t<p style=\"text-align: center;\"><span style=\"color: #ffffff;\"><a style=\"color: #ffffff;\" href=\"mailto:office@vacamo.at\">office@vacamo.at<\/a><\/span><\/p>\n\n\t\t<\/div>\n\t<\/div>\n<\/div><\/div><\/div><div class=\"wpb_column vc_column_container vc_col-sm-3\"><div class=\"vc_column-inner\"><div class=\"wpb_wrapper\"><div class=\"vc_icon_element vc_icon_element-outer vc_do_icon vc_icon_element-align-center\"><div class=\"vc_icon_element-inner vc_icon_element-color-custom vc_icon_element-size-lg vc_icon_element-style- vc_icon_element-background-color-grey\" ><span class=\"vc_icon_element-icon fas fa-clock\" style=\"color:#ffffff !important\"><\/span><\/div><\/div><h5 style=\"color: #ffffff;text-align: center\" class=\"vc_custom_heading vc_do_custom_heading\" >\u00d6ffnungszeiten<\/h5>\n\t<div class=\"wpb_text_column wpb_content_element\" >\n\t\t<div class=\"wpb_wrapper\">\n\t\t\t<p style=\"text-align: center;\"><span style=\"color: #ffffff;\"><em>Mo \u2013 Fr: 08:00-12:00 Uhr &amp; 13:00-17:00 Uhr<br \/>\nSa: 09:00-13:00 Uhr<\/em><\/span><\/p>\n\n\t\t<\/div>\n\t<\/div>\n<\/div><\/div><\/div><\/div><div class=\"vc_row wpb_row vc_inner vc_row-fluid rand-ahorn\"><div class=\"wpb_column vc_column_container vc_col-sm-12\"><div class=\"vc_column-inner\"><div class=\"wpb_wrapper\">[accordion_father icon=&#8220;fas fa-chevron-down&#8220; activeicon=&#8220;fas fa-chevron-up&#8220;][accordion_son borderwidth=&#8220;10px 10px 10px 10px&#8220; title=&#8220;Jetzt Kontakt aufnehmen&#8220;]<div class=\"wpforms-container wpforms-container-full\" id=\"wpforms-13619\"><form id=\"wpforms-form-13619\" class=\"wpforms-validate wpforms-form\" data-formid=\"13619\" method=\"post\" enctype=\"multipart\/form-data\" action=\"\/en\/wp-json\/wp\/v2\/pages\/13617\" data-token=\"793363243a397627a48495364d5c2e62\" data-token-time=\"1777407968\"><noscript class=\"wpforms-error-noscript\">Please enable JavaScript in your browser to complete this form.<\/noscript><div class=\"wpforms-field-container\"><div id=\"wpforms-13619-field_0-container\" class=\"wpforms-field wpforms-field-name\" data-field-id=\"0\"><label class=\"wpforms-field-label\">Name <span class=\"wpforms-required-label\">*<\/span><\/label><div class=\"wpforms-field-row wpforms-field-medium\"><div class=\"wpforms-field-row-block wpforms-first wpforms-one-half\"><input type=\"text\" id=\"wpforms-13619-field_0\" class=\"wpforms-field-name-first wpforms-field-required\" name=\"wpforms[fields][0][first]\" required><label for=\"wpforms-13619-field_0\" class=\"wpforms-field-sublabel after\">First<\/label><\/div><div class=\"wpforms-field-row-block wpforms-one-half\"><input type=\"text\" id=\"wpforms-13619-field_0-last\" class=\"wpforms-field-name-last wpforms-field-required\" name=\"wpforms[fields][0][last]\" required><label for=\"wpforms-13619-field_0-last\" class=\"wpforms-field-sublabel after\">Last<\/label><\/div><\/div><\/div><div id=\"wpforms-13619-field_1-container\" class=\"wpforms-field wpforms-field-email\" data-field-id=\"1\"><label class=\"wpforms-field-label\" for=\"wpforms-13619-field_1\">E-Mail <span class=\"wpforms-required-label\">*<\/span><\/label><input type=\"email\" id=\"wpforms-13619-field_1\" class=\"wpforms-field-medium wpforms-field-required\" name=\"wpforms[fields][1]\" spellcheck=\"false\" required><\/div><div id=\"wpforms-13619-field_7-container\" class=\"wpforms-field wpforms-field-phone\" data-field-id=\"7\"><label class=\"wpforms-field-label\" for=\"wpforms-13619-field_7\">Telefon <span class=\"wpforms-required-label\">*<\/span><\/label><input type=\"tel\" id=\"wpforms-13619-field_7\" class=\"wpforms-field-medium wpforms-field-required wpforms-smart-phone-field\" data-rule-smart-phone-field=\"true\" name=\"wpforms[fields][7]\" aria-label=\"Telefon\" required><\/div><div id=\"wpforms-13619-field_10-container\" class=\"wpforms-field wpforms-field-text\" data-field-id=\"10\"><label class=\"wpforms-field-label\" for=\"wpforms-13619-field_10\">Modell<\/label><input type=\"text\" id=\"wpforms-13619-field_10\" class=\"wpforms-field-medium\" name=\"wpforms[fields][10]\" ><\/div><div id=\"wpforms-13619-field_2-container\" class=\"wpforms-field wpforms-field-textarea\" data-field-id=\"2\"><label class=\"wpforms-field-label\" for=\"wpforms-13619-field_2\">Ihre Nachricht <\/label><textarea id=\"wpforms-13619-field_2\" class=\"wpforms-field-medium\" name=\"wpforms[fields][2]\" ><\/textarea><\/div><div id=\"wpforms-13619-field_3-container\" class=\"wpforms-field wpforms-field-checkbox\" data-field-id=\"3\"><ul id=\"wpforms-13619-field_3\" class=\"wpforms-field-required\"><li class=\"choice-1 depth-1\"><input type=\"checkbox\" id=\"wpforms-13619-field_3_1\" name=\"wpforms[fields][3][]\" value=\" Ja, ich habe die Datenschutzbestimmungen der Webseite gelesen und bin damit einverstanden, dass meine \u00fcbermittelten Daten zum Zwecke der Beantwortung und Bearbeitung meiner Anfrage entsprechend der Datenschutzerkl\u00e4rung dieser Webseite gespeichert werden.\" required ><label class=\"wpforms-field-label-inline\" for=\"wpforms-13619-field_3_1\">Ja, ich habe die Datenschutzbestimmungen der Webseite gelesen und bin damit einverstanden, dass meine \u00fcbermittelten Daten zum Zwecke der Beantwortung und Bearbeitung meiner Anfrage entsprechend der Datenschutzerkl\u00e4rung dieser Webseite gespeichert werden.<\/label><\/li><\/ul><\/div><\/div><!-- .wpforms-field-container --><div class=\"wpforms-submit-container\" ><input type=\"hidden\" name=\"wpforms[id]\" value=\"13619\"><input type=\"hidden\" name=\"page_title\" value=\"\"><input type=\"hidden\" name=\"page_url\" value=\"https:\/\/ahorn-camp.de\/en\/wp-json\/wp\/v2\/pages\/13617\"><input type=\"hidden\" name=\"url_referer\" value=\"\"><button type=\"submit\" name=\"wpforms[submit]\" id=\"wpforms-submit-13619\" class=\"wpforms-submit\" aria-live=\"assertive\" value=\"wpforms-submit\">Absenden<\/button><\/div><\/form><\/div>  <!-- .wpforms-container -->[\/accordion_son][\/accordion_father]<div class=\"vc_empty_space\"   style=\"height: 50px\"><span class=\"vc_empty_space_inner\"><\/span><\/div><\/div><\/div><\/div><\/div><\/div><\/div><\/div><\/div><div class=\"vc_row-full-width vc_clearfix\"><\/div><div class=\"vc_row wpb_row vc_row-fluid\"><div class=\"wpb_column vc_column_container vc_col-sm-12\"><div class=\"vc_column-inner\"><div class=\"wpb_wrapper\"><h3 style=\"color: #000000;text-align: left\" class=\"vc_custom_heading vc_do_custom_heading\" >Unser Team am Mondsee<\/h3><div class=\"vc_separator wpb_content_element vc_separator_align_center vc_sep_width_100 vc_sep_pos_align_center vc_sep_color_grey wpb_content_element vc_separator-has-text\" ><span class=\"vc_sep_holder vc_sep_holder_l\"><span class=\"vc_sep_line\"><\/span><\/span><h4>Verkaufsberatung<\/h4><span class=\"vc_sep_holder vc_sep_holder_r\"><span class=\"vc_sep_line\"><\/span><\/span>\n<\/div><\/div><\/div><\/div><\/div><div class=\"vc_row wpb_row vc_row-fluid\"><div class=\"wpb_column vc_column_container vc_col-sm-4\"><div class=\"vc_column-inner\"><div class=\"wpb_wrapper\">\n\t<div  class=\"wpb_single_image wpb_content_element vc_align_left wpb_content_element\">\n\t\t\n\t\t<figure class=\"wpb_wrapper vc_figure\">\n\t\t\t<div class=\"vc_single_image-wrapper   vc_box_border_grey\"><img loading=\"lazy\" decoding=\"async\" width=\"200\" height=\"300\" src=\"https:\/\/ahorn-camp.de\/wp-content\/uploads\/2021\/12\/Portrait-1-200x300.jpg\" class=\"vc_single_image-img attachment-medium\" alt=\"\" title=\"Portrait-1\" srcset=\"https:\/\/ahorn-camp.de\/wp-content\/uploads\/2021\/12\/Portrait-1-200x300.jpg 200w, https:\/\/ahorn-camp.de\/wp-content\/uploads\/2021\/12\/Portrait-1-683x1024.jpg 683w, https:\/\/ahorn-camp.de\/wp-content\/uploads\/2021\/12\/Portrait-1-768x1152.jpg 768w, https:\/\/ahorn-camp.de\/wp-content\/uploads\/2021\/12\/Portrait-1-400x600.jpg 400w, https:\/\/ahorn-camp.de\/wp-content\/uploads\/2021\/12\/Portrait-1-1024x1536.jpg 1024w, https:\/\/ahorn-camp.de\/wp-content\/uploads\/2021\/12\/Portrait-1-1365x2048.jpg 1365w, https:\/\/ahorn-camp.de\/wp-content\/uploads\/2021\/12\/Portrait-1-800x1200.jpg 800w, https:\/\/ahorn-camp.de\/wp-content\/uploads\/2021\/12\/Portrait-1-scaled.jpg 1707w\" sizes=\"(max-width: 200px) 100vw, 200px\" \/><\/div>\n\t\t<\/figure>\n\t<\/div>\n\n\t<div class=\"wpb_text_column wpb_content_element\" >\n\t\t<div class=\"wpb_wrapper\">\n\t\t\t<h3>Alexander Hofer<\/h3>\n<p><strong>Gesch\u00e4ftsleitung<\/strong><\/p>\n<p>Tel.: +49 (0) 6074 81 606-0<br \/>\nalexander@vacamo.at<\/p>\n\n\t\t<\/div>\n\t<\/div>\n<\/div><\/div><\/div><div class=\"wpb_column vc_column_container vc_col-sm-4\"><div class=\"vc_column-inner\"><div class=\"wpb_wrapper\">\n\t<div  class=\"wpb_single_image wpb_content_element vc_align_left wpb_content_element\">\n\t\t\n\t\t<figure class=\"wpb_wrapper vc_figure\">\n\t\t\t<div class=\"vc_single_image-wrapper   vc_box_border_grey\"><img loading=\"lazy\" decoding=\"async\" width=\"200\" height=\"300\" src=\"https:\/\/ahorn-camp.de\/wp-content\/uploads\/2021\/12\/Portrait-3-200x300.jpg\" class=\"vc_single_image-img attachment-medium\" alt=\"\" title=\"Portrait-3\" srcset=\"https:\/\/ahorn-camp.de\/wp-content\/uploads\/2021\/12\/Portrait-3-200x300.jpg 200w, https:\/\/ahorn-camp.de\/wp-content\/uploads\/2021\/12\/Portrait-3-683x1024.jpg 683w, https:\/\/ahorn-camp.de\/wp-content\/uploads\/2021\/12\/Portrait-3-768x1152.jpg 768w, https:\/\/ahorn-camp.de\/wp-content\/uploads\/2021\/12\/Portrait-3-400x600.jpg 400w, https:\/\/ahorn-camp.de\/wp-content\/uploads\/2021\/12\/Portrait-3-1024x1536.jpg 1024w, https:\/\/ahorn-camp.de\/wp-content\/uploads\/2021\/12\/Portrait-3-1365x2048.jpg 1365w, https:\/\/ahorn-camp.de\/wp-content\/uploads\/2021\/12\/Portrait-3-800x1200.jpg 800w, https:\/\/ahorn-camp.de\/wp-content\/uploads\/2021\/12\/Portrait-3-scaled.jpg 1707w\" sizes=\"(max-width: 200px) 100vw, 200px\" \/><\/div>\n\t\t<\/figure>\n\t<\/div>\n\n\t<div class=\"wpb_text_column wpb_content_element\" >\n\t\t<div class=\"wpb_wrapper\">\n\t\t\t<h3>Robert Schwaighofer<\/h3>\n<p><strong>Berater<\/strong><\/p>\n<p>Tel.: +49 (0) 6074 81 606-0<br \/>\ninfo@ahorn-camp-frankfurt.de<\/p>\n\n\t\t<\/div>\n\t<\/div>\n<\/div><\/div><\/div><div class=\"wpb_column vc_column_container vc_col-sm-4\"><div class=\"vc_column-inner\"><div class=\"wpb_wrapper\">\n\t<div  class=\"wpb_single_image wpb_content_element vc_align_left wpb_content_element\">\n\t\t\n\t\t<figure class=\"wpb_wrapper vc_figure\">\n\t\t\t<div class=\"vc_single_image-wrapper   vc_box_border_grey\"><img loading=\"lazy\" decoding=\"async\" width=\"200\" height=\"300\" src=\"https:\/\/ahorn-camp.de\/wp-content\/uploads\/2021\/12\/Portrait-2-200x300.jpg\" class=\"vc_single_image-img attachment-medium\" alt=\"\" title=\"Portrait-2\" srcset=\"https:\/\/ahorn-camp.de\/wp-content\/uploads\/2021\/12\/Portrait-2-200x300.jpg 200w, https:\/\/ahorn-camp.de\/wp-content\/uploads\/2021\/12\/Portrait-2-683x1024.jpg 683w, https:\/\/ahorn-camp.de\/wp-content\/uploads\/2021\/12\/Portrait-2-768x1152.jpg 768w, https:\/\/ahorn-camp.de\/wp-content\/uploads\/2021\/12\/Portrait-2-400x600.jpg 400w, https:\/\/ahorn-camp.de\/wp-content\/uploads\/2021\/12\/Portrait-2-1024x1536.jpg 1024w, https:\/\/ahorn-camp.de\/wp-content\/uploads\/2021\/12\/Portrait-2-1365x2048.jpg 1365w, https:\/\/ahorn-camp.de\/wp-content\/uploads\/2021\/12\/Portrait-2-800x1200.jpg 800w, https:\/\/ahorn-camp.de\/wp-content\/uploads\/2021\/12\/Portrait-2-scaled.jpg 1707w\" sizes=\"(max-width: 200px) 100vw, 200px\" \/><\/div>\n\t\t<\/figure>\n\t<\/div>\n\n\t<div class=\"wpb_text_column wpb_content_element\" >\n\t\t<div class=\"wpb_wrapper\">\n\t\t\t<h3>Elisabeth Schwaighofer<\/h3>\n<p><strong>Kundendienst &amp; Buchhaltung\u00a0<\/strong><\/p>\n<p>Tel.: +49 (0) 6074 81 606-0<br \/>\ninfo@ahorn-camp-frankfurt.de<\/p>\n\n\t\t<\/div>\n\t<\/div>\n<\/div><\/div><\/div><\/div><div data-vc-full-width=\"true\" data-vc-full-width-temp=\"true\" data-vc-full-width-init=\"false\" data-vc-stretch-content=\"true\" class=\"vc_row wpb_row vc_row-fluid vc_custom_1586095397033 vc_row-no-padding\"><div class=\"wpb_column vc_column_container vc_col-sm-12\"><div class=\"vc_column-inner\"><div class=\"wpb_wrapper\">\n\t<div class=\"wpb_raw_code wpb_raw_html wpb_content_element vc_custom_1633705196070\" >\n\t\t<div class=\"wpb_wrapper\">\n\t\t\t<div class=\"karte\"><iframe src=\"https:\/\/www.google.com\/maps\/embed?pb=!1m18!1m12!1m3!1d2677.647626183436!2d13.336396215638821!3d47.84641947920131!2m3!1f0!2f0!3f0!3m2!1i1024!2i768!4f13.1!3m3!1m2!1s0x4776a3041f5ca39b%3A0xd6a990a0235b46f3!2sVACAMO%20%7C%20Wohnmobil%20mieten%20%26%20kaufen!5e0!3m2!1sde!2sde!4v1633705166109!5m2!1sde!2sde\" width=\"100%\" height=\"300\" frameborder=\"0\" style=\"border:0;\" allowfullscreen=\"\" aria-hidden=\"false\" tabindex=\"0\"><\/iframe><\/div>\n\t\t<\/div>\n\t<\/div>\n<\/div><\/div><\/div><\/div><div class=\"vc_row-full-width vc_clearfix\"><\/div>\n<\/div>","protected":false},"excerpt":{"rendered":"Wilkommen bei Ahorn Camp am MondseeWohnmobil kaufen Mit dem Wohnmobil oder Camper unterwegs zu sein bedeutet vor allem eines: Freiheit. Egal ob spontaner Kurzurlaub oder lang geplante Rundfahrt, egal ob Ihre n\u00e4chste Reise ans Ende der Welt f\u00fchrt oder zum Campingplatz um die Ecke \u2013 mit einem Wohnmobil oder Campingbus von AHORN sind Sie unabh\u00e4ngig [...]","protected":false},"author":2,"featured_media":0,"parent":0,"menu_order":22,"comment_status":"closed","ping_status":"closed","template":"","meta":{"content-type":"","footnotes":""},"class_list":["post-13617","page","type-page","status-publish","hentry"],"yoast_head":"<!-- This site is optimized with the Yoast SEO plugin v27.4 - https:\/\/yoast.com\/product\/yoast-seo-wordpress\/ -->\n<title>Ahorn Camp Mondsee - Ahorn Camp | Reisemobile und Kastenwagen<\/title>\n<meta name=\"robots\" content=\"noindex, nofollow\" \/>\n<meta property=\"og:locale\" content=\"en_US\" \/>\n<meta property=\"og:type\" content=\"article\" \/>\n<meta property=\"og:title\" content=\"Ahorn Camp Mondsee - Ahorn Camp | Reisemobile und Kastenwagen\" \/>\n<meta property=\"og:url\" content=\"https:\/\/ahorn-camp.de\/en\/moon-lake\/\" \/>\n<meta property=\"og:site_name\" content=\"Ahorn Camp | Reisemobile und Kastenwagen\" \/>\n<meta property=\"article:publisher\" content=\"https:\/\/www.facebook.com\/ahorn.wohnmobile\/\" \/>\n<meta property=\"article:modified_time\" content=\"2024-10-10T11:00:23+00:00\" \/>\n<meta name=\"twitter:card\" content=\"summary_large_image\" \/>\n<meta name=\"twitter:label1\" content=\"Est. reading time\" \/>\n\t<meta name=\"twitter:data1\" content=\"3 minutes\" \/>\n<script type=\"application\/ld+json\" class=\"yoast-schema-graph\">{\"@context\":\"https:\\\/\\\/schema.org\",\"@graph\":[{\"@type\":\"WebPage\",\"@id\":\"https:\\\/\\\/ahorn-camp.de\\\/mondsee\\\/\",\"url\":\"https:\\\/\\\/ahorn-camp.de\\\/mondsee\\\/\",\"name\":\"Ahorn Camp Mondsee - Ahorn Camp | Reisemobile und Kastenwagen\",\"isPartOf\":{\"@id\":\"https:\\\/\\\/ahorn-camp.de\\\/#website\"},\"datePublished\":\"2021-10-19T08:11:56+00:00\",\"dateModified\":\"2024-10-10T11:00:23+00:00\",\"breadcrumb\":{\"@id\":\"https:\\\/\\\/ahorn-camp.de\\\/mondsee\\\/#breadcrumb\"},\"inLanguage\":\"en-US\",\"potentialAction\":[{\"@type\":\"ReadAction\",\"target\":[\"https:\\\/\\\/ahorn-camp.de\\\/mondsee\\\/\"]}]},{\"@type\":\"BreadcrumbList\",\"@id\":\"https:\\\/\\\/ahorn-camp.de\\\/mondsee\\\/#breadcrumb\",\"itemListElement\":[{\"@type\":\"ListItem\",\"position\":1,\"name\":\"Startseite\",\"item\":\"https:\\\/\\\/ahorn-camp.de\\\/\"},{\"@type\":\"ListItem\",\"position\":2,\"name\":\"Ahorn Camp Mondsee\"}]},{\"@type\":\"WebSite\",\"@id\":\"https:\\\/\\\/ahorn-camp.de\\\/#website\",\"url\":\"https:\\\/\\\/ahorn-camp.de\\\/\",\"name\":\"Ahorn Camp | Reisemobile und Kastenwagen\",\"description\":\"Seit \u00fcber 30 Jahren vermarktet das Familienunternehmen, Ahorn Camp in Speyer, erfolgreich Wohnmobile und Kastenwagen zum besten Preis-Leistungsverh\u00e4ltnis.\",\"publisher\":{\"@id\":\"https:\\\/\\\/ahorn-camp.de\\\/#organization\"},\"potentialAction\":[{\"@type\":\"SearchAction\",\"target\":{\"@type\":\"EntryPoint\",\"urlTemplate\":\"https:\\\/\\\/ahorn-camp.de\\\/?s={search_term_string}\"},\"query-input\":{\"@type\":\"PropertyValueSpecification\",\"valueRequired\":true,\"valueName\":\"search_term_string\"}}],\"inLanguage\":\"en-US\"},{\"@type\":\"Organization\",\"@id\":\"https:\\\/\\\/ahorn-camp.de\\\/#organization\",\"name\":\"Ahorn Camp GmbH & Co. KG\",\"url\":\"https:\\\/\\\/ahorn-camp.de\\\/\",\"logo\":{\"@type\":\"ImageObject\",\"inLanguage\":\"en-US\",\"@id\":\"https:\\\/\\\/ahorn-camp.de\\\/#\\\/schema\\\/logo\\\/image\\\/\",\"url\":\"https:\\\/\\\/ahorn-camp.de\\\/wp-content\\\/uploads\\\/2018\\\/12\\\/Ahorn_Logo.jpg\",\"contentUrl\":\"https:\\\/\\\/ahorn-camp.de\\\/wp-content\\\/uploads\\\/2018\\\/12\\\/Ahorn_Logo.jpg\",\"width\":1437,\"height\":1000,\"caption\":\"Ahorn Camp GmbH & Co. KG\"},\"image\":{\"@id\":\"https:\\\/\\\/ahorn-camp.de\\\/#\\\/schema\\\/logo\\\/image\\\/\"},\"sameAs\":[\"https:\\\/\\\/www.facebook.com\\\/ahorn.wohnmobile\\\/\",\"https:\\\/\\\/www.instagram.com\\\/ahorn.camp\\\/\",\"https:\\\/\\\/www.youtube.com\\\/channel\\\/UCPFbPCts1JJ_A1k9vyH0yOQ\"]}]}<\/script>\n<!-- \/ Yoast SEO plugin. -->","yoast_head_json":{"title":"Ahorn Camp Mondsee - Ahorn Camp | Motorhomes and camper vans","robots":{"index":"noindex","follow":"nofollow"},"og_locale":"en_US","og_type":"article","og_title":"Ahorn Camp Mondsee - Ahorn Camp | Reisemobile und Kastenwagen","og_url":"https:\/\/ahorn-camp.de\/en\/moon-lake\/","og_site_name":"Ahorn Camp | Reisemobile und Kastenwagen","article_publisher":"https:\/\/www.facebook.com\/ahorn.wohnmobile\/","article_modified_time":"2024-10-10T11:00:23+00:00","twitter_card":"summary_large_image","twitter_misc":{"Est. reading time":"3 minutes"},"schema":{"@context":"https:\/\/schema.org","@graph":[{"@type":"WebPage","@id":"https:\/\/ahorn-camp.de\/mondsee\/","url":"https:\/\/ahorn-camp.de\/mondsee\/","name":"Ahorn Camp Mondsee - Ahorn Camp | Motorhomes and camper vans","isPartOf":{"@id":"https:\/\/ahorn-camp.de\/#website"},"datePublished":"2021-10-19T08:11:56+00:00","dateModified":"2024-10-10T11:00:23+00:00","breadcrumb":{"@id":"https:\/\/ahorn-camp.de\/mondsee\/#breadcrumb"},"inLanguage":"en-US","potentialAction":[{"@type":"ReadAction","target":["https:\/\/ahorn-camp.de\/mondsee\/"]}]},{"@type":"BreadcrumbList","@id":"https:\/\/ahorn-camp.de\/mondsee\/#breadcrumb","itemListElement":[{"@type":"ListItem","position":1,"name":"Startseite","item":"https:\/\/ahorn-camp.de\/"},{"@type":"ListItem","position":2,"name":"Ahorn Camp Mondsee"}]},{"@type":"WebSite","@id":"https:\/\/ahorn-camp.de\/#website","url":"https:\/\/ahorn-camp.de\/","name":"Ahorn Camp | Motorhomes and camper vans","description":"For over 30 years, the family business, Ahorn Camp in Speyer, has successfully marketed motorhomes and camper vans at the best price-performance ratio.","publisher":{"@id":"https:\/\/ahorn-camp.de\/#organization"},"potentialAction":[{"@type":"SearchAction","target":{"@type":"EntryPoint","urlTemplate":"https:\/\/ahorn-camp.de\/?s={search_term_string}"},"query-input":{"@type":"PropertyValueSpecification","valueRequired":true,"valueName":"search_term_string"}}],"inLanguage":"en-US"},{"@type":"Organization","@id":"https:\/\/ahorn-camp.de\/#organization","name":"Ahorn Camp GmbH &amp; Co. KG","url":"https:\/\/ahorn-camp.de\/","logo":{"@type":"ImageObject","inLanguage":"en-US","@id":"https:\/\/ahorn-camp.de\/#\/schema\/logo\/image\/","url":"https:\/\/ahorn-camp.de\/wp-content\/uploads\/2018\/12\/Ahorn_Logo.jpg","contentUrl":"https:\/\/ahorn-camp.de\/wp-content\/uploads\/2018\/12\/Ahorn_Logo.jpg","width":1437,"height":1000,"caption":"Ahorn Camp GmbH & Co. KG"},"image":{"@id":"https:\/\/ahorn-camp.de\/#\/schema\/logo\/image\/"},"sameAs":["https:\/\/www.facebook.com\/ahorn.wohnmobile\/","https:\/\/www.instagram.com\/ahorn.camp\/","https:\/\/www.youtube.com\/channel\/UCPFbPCts1JJ_A1k9vyH0yOQ"]}]}},"_links":{"self":[{"href":"https:\/\/ahorn-camp.de\/en\/wp-json\/wp\/v2\/pages\/13617","targetHints":{"allow":["GET"]}}],"collection":[{"href":"https:\/\/ahorn-camp.de\/en\/wp-json\/wp\/v2\/pages"}],"about":[{"href":"https:\/\/ahorn-camp.de\/en\/wp-json\/wp\/v2\/types\/page"}],"author":[{"embeddable":true,"href":"https:\/\/ahorn-camp.de\/en\/wp-json\/wp\/v2\/users\/2"}],"replies":[{"embeddable":true,"href":"https:\/\/ahorn-camp.de\/en\/wp-json\/wp\/v2\/comments?post=13617"}],"version-history":[{"count":0,"href":"https:\/\/ahorn-camp.de\/en\/wp-json\/wp\/v2\/pages\/13617\/revisions"}],"wp:attachment":[{"href":"https:\/\/ahorn-camp.de\/en\/wp-json\/wp\/v2\/media?parent=13617"}],"curies":[{"name":"wp","href":"https:\/\/api.w.org\/{rel}","templated":true}]}}